{"id":7583,"date":"2025-09-17T13:39:06","date_gmt":"2025-09-17T16:39:06","guid":{"rendered":"https:\/\/www.legislapp.com.br\/index.php\/cam-legislativa-de-pe-pl-2994-2025-2\/"},"modified":"2025-09-17T13:39:06","modified_gmt":"2025-09-17T16:39:06","slug":"cam-legislativa-de-pe-pl-2994-2025-2","status":"publish","type":"page","link":"https:\/\/www.legislapp.com.br\/index.php\/cam-legislativa-de-pe-pl-2994-2025-2\/","title":{"rendered":"PL 2994\/2025 &#8211; RAQUEL TEIXEIRA LYRA LUCENA"},"content":{"rendered":"<h1 style='text-align: center;'>C\u00e2m. Legislativa de PE &#8211; Autoria de RAQUEL TEIXEIRA LYRA LUCENA<\/h3>\n<p><\/p>\n<article style='text-align: center'>MENSAGEM N\u00ba 16\/2025<\/p>\n<p>Recife, 30 de maio de 2025.<\/p>\n<p>Senhor Presidente,<\/p>\n<p>Valho-me do ensejo para remeter a essa Egr\u00e9gia Assembleia Projeto de Lei que abre cr\u00e9dito suplementar relativo ao exerc\u00edcio de 2025, em favor de diversos \u00f3rg\u00e3os, no valor de R$ 100.475.437,16 (cem milh\u00f5es, quatrocentos e setenta e cinco mil, quatrocentos e trinta e sete reais e dezesseis centavos), destinado ao refor\u00e7o de dota\u00e7\u00f5es de a\u00e7\u00f5es j\u00e1 em andamento.<\/p>\n<p>A suplementa\u00e7\u00e3o or\u00e7ament\u00e1ria visa refor\u00e7ar a capacidade da FUNDARPE em fomentar a atividade cultural do Estado atrav\u00e9s da valoriza\u00e7\u00e3o da cultura local e da descentraliza\u00e7\u00e3o das a\u00e7\u00f5es culturais, e tamb\u00e9m da EMPETUR na realiza\u00e7\u00e3o do fomento, qualifica\u00e7\u00e3o e amplia\u00e7\u00e3o da atividade tur\u00edstica como fator de desenvolvimento econ\u00f4mico e social do Estado, com impacto na gera\u00e7\u00e3o de novos investimentos, no aumento do consumo de produtos e servi\u00e7os, e na gera\u00e7\u00e3o de emprego e renda. Al\u00e9m disso, a presente proposi\u00e7\u00e3o visa atender a cobertura da insufici\u00eancia financeira previdenci\u00e1ria do Tribunal de Contas do Estado &#8211; TCE-PE prevista para o ano de 2025.<\/p>\n<p>A autoriza\u00e7\u00e3o legal ora solicitada decorre da exig\u00eancia do inciso V do art. 10 da Lei n\u00ba 18.780, de 12 de dezembro de 2024 &#8211; Lei Or\u00e7ament\u00e1ria Anual de 2025, dada a personalidade jur\u00eddica dos \u00f3rg\u00e3os relacionados. O valor ser\u00e1 oriundo de excesso de arrecada\u00e7\u00e3o de Recursos N\u00e3o Vinculados de Impostos.<\/p>\n<p>Certa da compreens\u00e3o dos membros que comp\u00f5em essa Casa, na aprecia\u00e7\u00e3o da mat\u00e9ria que ora submeto \u00e0 sua considera\u00e7\u00e3o, solicito a observ\u00e2ncia do regime de urg\u00eancia de que trata o artigo 21 da Constitui\u00e7\u00e3o Estadual, na tramita\u00e7\u00e3o do anexo Projeto de Lei.<\/p>\n<p>Na oportunidade, reitero a Vossa Excel\u00eancia e seus Ilustres Pares os meus protestos de alta estima e distinta considera\u00e7\u00e3o.<\/p>\n<p>RAQUEL TEIXEIRA LYRA LUCENA<br \/>\nGovernadora do Estado<\/p>\n<p>Excelent\u00edssimo Senhor<br \/>\nDeputado \u00c1LVARO PORTO DE BARROS<br \/>\nDD. Presidente da Assembleia Legislativa do Estado de Pernambuco<br \/>\nNESTA<\/article>\n<p><\/p>\n<p style='text-align: center'><a href='https:\/\/app.legislapp.com.br\/#\/busca?termo='><\/a><\/p>\n<p><\/p>\n<article>\u00a0\u00a0\u00a0\u00a0\u00a0Art. 1\u00ba Fica aberto ao Or\u00e7amento Fiscal do Estado, relativo ao presente exerc\u00edcio de 2025, em favor de diversos \u00f3rg\u00e3os, cr\u00e9dito suplementar no valor de R$ 100.475.437,16 (cem milh\u00f5es, quatrocentos e setenta e cinco mil, quatrocentos e trinta e sete reais e dezesseis centavos), destinado ao refor\u00e7o de dota\u00e7\u00f5es or\u00e7ament\u00e1rias especificadas no Anexo I.<\/p>\n<p>\u00a0\u00a0\u00a0\u00a0\u00a0Art. 2\u00ba Os recursos necess\u00e1rios ao atendimento das despesas de que trata o art. 1\u00ba, conforme inciso II do \u00a7 1\u00ba do art. 43 da Lei Federal n\u00ba 4.320, de 17 de mar\u00e7o de 1964, est\u00e3o previstos na fonte de recursos \u201c0500 &#8211; Recursos N\u00e3o Vinculados de Impostos\u201d, no valor de R$ 100.475.437,16 (cem milh\u00f5es, quatrocentos e setenta e cinco mil, quatrocentos e trinta e sete reais e dezesseis centavos), especificados no Anexo II.<\/p>\n<p>\u00a0\u00a0\u00a0\u00a0\u00a0Art. 3\u00ba A presente Lei entra em vigor na data de sua publica\u00e7\u00e3o.<\/p>\n<p>ANEXO I<\/p>\n<p>(CR\u00c9DITO SUPLEMENTAR)<\/p>\n<p>\u00a0<\/p>\n<p>\t\t\tPROGRAMA\u00c7\u00c3O ANUAL DE TRABALHO<\/p>\n<p>\t\t\tOR\u00c7AMENTO FISCAL 2025<\/p>\n<p>\t\t\t\u00a0<\/p>\n<p>\t\t\tEM R$<\/p>\n<p>\t\t\t\u00a0<\/p>\n<p>\t\t\tESPECIFICA\u00c7\u00c3O<\/p>\n<p>\t\t\t\u00a0<\/p>\n<p>\t\t\tRECURSOS DE TODAS AS FONTES<\/p>\n<p>\t\t\t\u00a0<\/p>\n<p>\t\t\t\u00a0<\/p>\n<p>\t\t\t\u00a0<\/p>\n<p>\t\t\t\u00a0<\/p>\n<p>\t\t\tFONTE<\/p>\n<p>\t\t\tVALOR<\/p>\n<p>\t\t\t02000<\/p>\n<p>\t\t\t&#8211; TRIBUNAL DE CONTAS DO ESTADO DE PERNAMBUCO<\/p>\n<p>\t\t\t\u00a0<\/p>\n<p>\t\t\t\u00a0<\/p>\n<p>\t\t\t\u00a0<\/p>\n<p>\t\t\t00002<\/p>\n<p>\t\t\tTribunal de Contas &#8211; Administra\u00e7\u00e3o Direta<\/p>\n<p>\t\t\t\u00a0<\/p>\n<p>\t\t\t\u00a0<\/p>\n<p>\t\t\t\u00a0<\/p>\n<p>\t\t\t\u00a0<\/p>\n<p>\t\t\tOp. Especial:\u00a0\u00a0 28.846.0991.4793 &#8211; Encargos Previdenci\u00e1rios com Inativos do Tribunal de Contas &#8211; TCE<\/p>\n<p>\t\t\t20.475.437,16<\/p>\n<p>\t\t\t\u00a0<\/p>\n<p>\t\t\t\u00a0<\/p>\n<p>\t\t\t\u00a0<\/p>\n<p>\t\t\t\u00a0ao FUNAFIN<\/p>\n<p>\t\t\t\u00a0<\/p>\n<p>\t\t\t\u00a0<\/p>\n<p>\t\t\t\u00a0<\/p>\n<p>\t\t\t\u00a0<\/p>\n<p>\t\t\t\u00a0<\/p>\n<p>\t\t\t\u00a0<\/p>\n<p>\t\t\t3.1.90.00 &#8211; Pessoal e Encargos Sociais<\/p>\n<p>\t\t\t\u00a0<\/p>\n<p>\t\t\t0500<\/p>\n<p>\t\t\t20.475.437,16<\/p>\n<p>\t\t\t\u00a0<\/p>\n<p>\t\t\t20000<\/p>\n<p>\t\t\t&#8211; SECRETARIA DE CULTURA<\/p>\n<p>\t\t\t\u00a0<\/p>\n<p>\t\t\t\u00a0<\/p>\n<p>\t\t\t\u00a0<\/p>\n<p>\t\t\t\u00a0<\/p>\n<p>\t\t\t00403<\/p>\n<p>\t\t\tFunda\u00e7\u00e3o do Patrim\u00f4nio Hist\u00f3rico e Art\u00edstico de Pernambuco &#8211; FUNDARPE<\/p>\n<p>\t\t\t\u00a0<\/p>\n<p>\t\t\t\u00a0<\/p>\n<p>\t\t\t\u00a0<\/p>\n<p>\t\t\tAtividade:<\/p>\n<p>\t\t\t13.392.1062.4413 &#8211; Valoriza\u00e7\u00e3o da Cultura Local e Descentraliza\u00e7\u00e3o das A\u00e7\u00f5es<\/p>\n<p>\t\t\t\u00a0<\/p>\n<p>\t\t\t30.000.000,00<\/p>\n<p>\t\t\t\u00a0<\/p>\n<p>\t\t\t\u00a0<\/p>\n<p>\t\t\t\u00a0<\/p>\n<p>\t\t\t\u00a0Culturais<\/p>\n<p>\t\t\t\u00a0<\/p>\n<p>\t\t\t\u00a0<\/p>\n<p>\t\t\t\u00a0<\/p>\n<p>\t\t\t\u00a0<\/p>\n<p>\t\t\t\u00a0<\/p>\n<p>\t\t\t\u00a0<\/p>\n<p>\t\t\t3.3.90.00 &#8211; Outras Despesas Correntes<\/p>\n<p>\t\t\t\u00a0<\/p>\n<p>\t\t\t0500<\/p>\n<p>\t\t\t30.000.000,00<\/p>\n<p>\t\t\t\u00a0<\/p>\n<p>\t\t\t21000<\/p>\n<p>\t\t\t&#8211; SECRETARIA DE TURISMO E LAZER<\/p>\n<p>\t\t\t\u00a0<\/p>\n<p>\t\t\t\u00a0<\/p>\n<p>\t\t\t\u00a0<\/p>\n<p>\t\t\t\u00a0<\/p>\n<p>\t\t\t00603<\/p>\n<p>\t\t\tEmpresa de Turismo de Pernambuco Governador Eduardo Campos &#8211; EMPETUR<\/p>\n<p>\t\t\t\u00a0<\/p>\n<p>\t\t\t\u00a0<\/p>\n<p>\t\t\t\u00a0<\/p>\n<p>\t\t\tAtividade:<\/p>\n<p>\t\t\t23.695.1004.4146 &#8211; Fomento \u00e0 Atividade Tur\u00edstica no Estado<\/p>\n<p>\t\t\t\u00a0<\/p>\n<p>\t\t\t50.000.000,00<\/p>\n<p>\t\t\t\u00a0<\/p>\n<p>\t\t\t\u00a0<\/p>\n<p>\t\t\t\u00a0<\/p>\n<p>\t\t\t3.3.90.00 &#8211; Outras Despesas Correntes<\/p>\n<p>\t\t\t\u00a0<\/p>\n<p>\t\t\t0500<\/p>\n<p>\t\t\t50.000.000,00<\/p>\n<p>\t\t\t\u00a0<\/p>\n<p>\t\t\t\u00a0<\/p>\n<p>\t\t\t\u00a0<\/p>\n<p>\t\t\t\u00a0<\/p>\n<p>\t\t\tTOTAL<\/p>\n<p>\t\t\t\u00a0<\/p>\n<p>\t\t\t100.475.437,16<\/p>\n<p>\t\t\t\u00a0<\/p>\n<p>\t\t\t\u00a0<br \/>\n\t\t\t\u00a0<br \/>\n\t\t\t\u00a0<br \/>\n\t\t\t\u00a0<br \/>\n\t\t\t\u00a0<br \/>\n\t\t\t\u00a0<br \/>\n\t\t\t\u00a0<br \/>\n\t\t\t\u00a0<br \/>\n\t\t\t\u00a0<br \/>\n\t\t\t\u00a0<\/p>\n<p>\u00a0<\/p>\n<p>ANEXO II<\/p>\n<p>(art. 43, \u00a7 1\u00b0, inciso II, da Lei Federal n\u00b0 4.320, de 1964)<\/p>\n<p>\u00a0<\/p>\n<p>\t\t\t\u00a0<\/p>\n<p>\t\t\tRECEITA DE TODAS AS FONTES EM R$<\/p>\n<p>\t\t\t\u00a0<\/p>\n<p>\t\t\tC\u00d3DIGO<\/p>\n<p>\t\t\tESPECIFICA\u00c7\u00c3O<\/p>\n<p>\t\t\tVALOR<\/p>\n<p>\t\t\t15000 &#8211; SECRETARIA DA FAZENDA<\/p>\n<p>\t\t\t\u00a0<\/p>\n<p>\t\t\t\u00a0<\/p>\n<p>\t\t\t00109 Secretaria da Fazenda &#8211; Administra\u00e7\u00e3o Direta<\/p>\n<p>\t\t\t\u00a0<\/p>\n<p>\t\t\t\u00a0<\/p>\n<p>\t\t\t\u00a0<\/p>\n<p>\t\t\t1.0.0.0.00.0.0 &#8211; Receitas Correntes<\/p>\n<p>\t\t\t100.475.437,16<\/p>\n<p>\t\t\t\u00a0<\/p>\n<p>\t\t\t\u00a0<\/p>\n<p>\t\t\t1.1.0.0.00.0.0 &#8211; Impostos, Taxas e Contribui\u00e7\u00f5es de Melhoria<\/p>\n<p>\t\t\t100.475.437,16<\/p>\n<p>\t\t\t\u00a0<\/p>\n<p>\t\t\t\u00a0<\/p>\n<p>\t\t\t1.1.1.0.00.0.0 &#8211; Impostos<\/p>\n<p>\t\t\t100.475.437,16<\/p>\n<p>\t\t\t\u00a0<\/p>\n<p>\t\t\t\u00a0<\/p>\n<p>\t\t\t1.1.1.3.00.0.0 &#8211; Impostos sobre a Renda e Proventos de Qualquer Natureza<\/p>\n<p>\t\t\t100.475.437,16<\/p>\n<p>\t\t\t\u00a0<\/p>\n<p>\t\t\t\u00a0<\/p>\n<p>\t\t\t1.1.1.3.03.0.0 &#8211; Imposto sobre a Renda &#8211; Retido na Fonte<\/p>\n<p>\t\t\t100.475.437,16<\/p>\n<p>\t\t\t\u00a0<\/p>\n<p>\t\t\t\u00a0<\/p>\n<p>\t\t\t1.1.1.3.03.1.1 &#8211; Imposto sobre a Renda &#8211; Retido na Fonte &#8211; Trabalho &#8211; Principal<\/p>\n<p>\t\t\t100.475.437,16<\/p>\n<p>\t\t\t\u00a0<\/p>\n<p>\t\t\t\u00a0<\/p>\n<p>\t\t\t1.1.1.3.03.1.1 &#8211; Imposto sobre a Renda &#8211; Retido na Fonte &#8211; Trabalho &#8211; Principal<\/p>\n<p>\t\t\t100.475.437,16<\/p>\n<p>\t\t\t\u00a0<\/p>\n<p>\u00a0<\/article>\n<div style=\"text-align: center\">\n<div style=\"margin-bottom: 20px;\" class=\"et_pb_button_module_wrapper et_pb_button_5_tb_body_wrapper et_pb_button_alignment_center et_pb_module \">\n         <a class=\"et_pb_button et_pb_button_5_tb_body et_hover_enabled et_pb_bg_layout_dark\" style=\"width: 50%;background-color: black;\" href=\"https:\/\/app.legislapp.com.br\" target=\"_blank\" rel=\"noopener\">Visualizar completo na nossa plataforma (30 dias gr\u00e1tis)<\/a><\/p><\/div>\n<p>      <a href=\"https:\/\/play.google.com\/store\/apps\/details?id=br.com.legislapp\"><img decoding=\"async\" style=\"width: 15%; min-width: 130px;\" src=\"https:\/\/www.legislapp.com.br\/wp-content\/uploads\/google-play.png\"><\/a><br \/>\n      <a href=\"https:\/\/apps.apple.com\/us\/app\/legislapp\/id1568929859\"><img decoding=\"async\" style=\"width: 15%; min-width: 130px\" src=\"https:\/\/www.legislapp.com.br\/wp-content\/uploads\/apple-store.png\"><\/a>\n   <\/div>\n","protected":false},"excerpt":{"rendered":"<p>C\u00e2m. Legislativa de PE &#8211; Autoria de RAQUEL TEIXEIRA LYRA LUCENA MENSAGEM N\u00ba 16\/2025 Recife, 30 de maio de 2025. Senhor Presidente, Valho-me do ensejo para remeter a essa Egr\u00e9gia Assembleia Projeto de Lei que abre cr\u00e9dito suplementar relativo ao exerc\u00edcio de 2025, em favor de diversos \u00f3rg\u00e3os, no valor de R$ 100.475.437,16 (cem milh\u00f5es, [&hellip;]<\/p>\n","protected":false},"author":1,"featured_media":0,"parent":0,"menu_order":0,"comment_status":"closed","ping_status":"closed","template":"page-template-blank.php","meta":{"_et_pb_use_builder":"","_et_pb_old_content":"","_et_gb_content_width":"1080","ngg_post_thumbnail":0,"footnotes":""},"class_list":["post-7583","page","type-page","status-publish","hentry"],"yoast_head":"<!-- This site is optimized with the Yoast SEO plugin v24.4 - https:\/\/yoast.com\/wordpress\/plugins\/seo\/ -->\n<title>PL 2994\/2025 - RAQUEL TEIXEIRA LYRA LUCENA - Legislapp<\/title>\n<meta name=\"robots\" content=\"index, follow, max-snippet:-1, max-image-preview:large, max-video-preview:-1\" \/>\n<link rel=\"canonical\" href=\"https:\/\/www.legislapp.com.br\/index.php\/cam-legislativa-de-pe-pl-2994-2025-2\/\" \/>\n<meta property=\"og:locale\" content=\"pt_BR\" \/>\n<meta property=\"og:type\" content=\"article\" \/>\n<meta property=\"og:title\" content=\"PL 2994\/2025 - RAQUEL TEIXEIRA LYRA LUCENA - Legislapp\" \/>\n<meta property=\"og:description\" content=\"C\u00e2m. Legislativa de PE &#8211; Autoria de RAQUEL TEIXEIRA LYRA LUCENA MENSAGEM N\u00ba 16\/2025 Recife, 30 de maio de 2025. Senhor Presidente, Valho-me do ensejo para remeter a essa Egr\u00e9gia Assembleia Projeto de Lei que abre cr\u00e9dito suplementar relativo ao exerc\u00edcio de 2025, em favor de diversos \u00f3rg\u00e3os, no valor de R$ 100.475.437,16 (cem milh\u00f5es, [&hellip;]\" \/>\n<meta property=\"og:url\" content=\"https:\/\/www.legislapp.com.br\/index.php\/cam-legislativa-de-pe-pl-2994-2025-2\/\" \/>\n<meta property=\"og:site_name\" content=\"Legislapp\" \/>\n<meta property=\"article:publisher\" content=\"https:\/\/www.instagram.com\/legislapp\/\" \/>\n<meta property=\"og:image\" content=\"https:\/\/www.legislapp.com.br\/wp-content\/uploads\/google-play.png\" \/>\n<meta name=\"twitter:card\" content=\"summary_large_image\" \/>\n<meta name=\"twitter:label1\" content=\"Est. tempo de leitura\" \/>\n\t<meta name=\"twitter:data1\" content=\"4 minutos\" \/>\n<script type=\"application\/ld+json\" class=\"yoast-schema-graph\">{\"@context\":\"https:\/\/schema.org\",\"@graph\":[{\"@type\":\"WebPage\",\"@id\":\"https:\/\/www.legislapp.com.br\/index.php\/cam-legislativa-de-pe-pl-2994-2025-2\/\",\"url\":\"https:\/\/www.legislapp.com.br\/index.php\/cam-legislativa-de-pe-pl-2994-2025-2\/\",\"name\":\"PL 2994\/2025 - RAQUEL TEIXEIRA LYRA LUCENA - Legislapp\",\"isPartOf\":{\"@id\":\"https:\/\/www.legislapp.com.br\/#website\"},\"primaryImageOfPage\":{\"@id\":\"https:\/\/www.legislapp.com.br\/index.php\/cam-legislativa-de-pe-pl-2994-2025-2\/#primaryimage\"},\"image\":{\"@id\":\"https:\/\/www.legislapp.com.br\/index.php\/cam-legislativa-de-pe-pl-2994-2025-2\/#primaryimage\"},\"thumbnailUrl\":\"https:\/\/www.legislapp.com.br\/wp-content\/uploads\/google-play.png\",\"datePublished\":\"2025-09-17T16:39:06+00:00\",\"breadcrumb\":{\"@id\":\"https:\/\/www.legislapp.com.br\/index.php\/cam-legislativa-de-pe-pl-2994-2025-2\/#breadcrumb\"},\"inLanguage\":\"pt-BR\",\"potentialAction\":[{\"@type\":\"ReadAction\",\"target\":[\"https:\/\/www.legislapp.com.br\/index.php\/cam-legislativa-de-pe-pl-2994-2025-2\/\"]}]},{\"@type\":\"ImageObject\",\"inLanguage\":\"pt-BR\",\"@id\":\"https:\/\/www.legislapp.com.br\/index.php\/cam-legislativa-de-pe-pl-2994-2025-2\/#primaryimage\",\"url\":\"https:\/\/www.legislapp.com.br\/wp-content\/uploads\/google-play.png\",\"contentUrl\":\"https:\/\/www.legislapp.com.br\/wp-content\/uploads\/google-play.png\",\"width\":564,\"height\":168},{\"@type\":\"BreadcrumbList\",\"@id\":\"https:\/\/www.legislapp.com.br\/index.php\/cam-legislativa-de-pe-pl-2994-2025-2\/#breadcrumb\",\"itemListElement\":[{\"@type\":\"ListItem\",\"position\":1,\"name\":\"In\u00edcio\",\"item\":\"https:\/\/www.legislapp.com.br\/\"},{\"@type\":\"ListItem\",\"position\":2,\"name\":\"PL 2994\/2025 &#8211; RAQUEL TEIXEIRA LYRA LUCENA\"}]},{\"@type\":\"WebSite\",\"@id\":\"https:\/\/www.legislapp.com.br\/#website\",\"url\":\"https:\/\/www.legislapp.com.br\/\",\"name\":\"Legislapp\",\"description\":\"Intelig\u00eancia governamental em tempo real\",\"publisher\":{\"@id\":\"https:\/\/www.legislapp.com.br\/#organization\"},\"potentialAction\":[{\"@type\":\"SearchAction\",\"target\":{\"@type\":\"EntryPoint\",\"urlTemplate\":\"https:\/\/www.legislapp.com.br\/?s={search_term_string}\"},\"query-input\":{\"@type\":\"PropertyValueSpecification\",\"valueRequired\":true,\"valueName\":\"search_term_string\"}}],\"inLanguage\":\"pt-BR\"},{\"@type\":\"Organization\",\"@id\":\"https:\/\/www.legislapp.com.br\/#organization\",\"name\":\"Legislapp Monitoramento e Intelig\u00eancia Governamental\",\"url\":\"https:\/\/www.legislapp.com.br\/\",\"logo\":{\"@type\":\"ImageObject\",\"inLanguage\":\"pt-BR\",\"@id\":\"https:\/\/www.legislapp.com.br\/#\/schema\/logo\/image\/\",\"url\":\"https:\/\/www.legislapp.com.br\/wp-content\/uploads\/icon.png\",\"contentUrl\":\"https:\/\/www.legislapp.com.br\/wp-content\/uploads\/icon.png\",\"width\":1024,\"height\":1024,\"caption\":\"Legislapp Monitoramento e Intelig\u00eancia Governamental\"},\"image\":{\"@id\":\"https:\/\/www.legislapp.com.br\/#\/schema\/logo\/image\/\"},\"sameAs\":[\"https:\/\/www.instagram.com\/legislapp\/\"]}]}<\/script>\n<!-- \/ Yoast SEO plugin. -->","yoast_head_json":{"title":"PL 2994\/2025 - RAQUEL TEIXEIRA LYRA LUCENA - Legislapp","robots":{"index":"index","follow":"follow","max-snippet":"max-snippet:-1","max-image-preview":"max-image-preview:large","max-video-preview":"max-video-preview:-1"},"canonical":"https:\/\/www.legislapp.com.br\/index.php\/cam-legislativa-de-pe-pl-2994-2025-2\/","og_locale":"pt_BR","og_type":"article","og_title":"PL 2994\/2025 - RAQUEL TEIXEIRA LYRA LUCENA - Legislapp","og_description":"C\u00e2m. Legislativa de PE &#8211; Autoria de RAQUEL TEIXEIRA LYRA LUCENA MENSAGEM N\u00ba 16\/2025 Recife, 30 de maio de 2025. Senhor Presidente, Valho-me do ensejo para remeter a essa Egr\u00e9gia Assembleia Projeto de Lei que abre cr\u00e9dito suplementar relativo ao exerc\u00edcio de 2025, em favor de diversos \u00f3rg\u00e3os, no valor de R$ 100.475.437,16 (cem milh\u00f5es, [&hellip;]","og_url":"https:\/\/www.legislapp.com.br\/index.php\/cam-legislativa-de-pe-pl-2994-2025-2\/","og_site_name":"Legislapp","article_publisher":"https:\/\/www.instagram.com\/legislapp\/","og_image":[{"url":"https:\/\/www.legislapp.com.br\/wp-content\/uploads\/google-play.png","type":"","width":"","height":""}],"twitter_card":"summary_large_image","twitter_misc":{"Est. tempo de leitura":"4 minutos"},"schema":{"@context":"https:\/\/schema.org","@graph":[{"@type":"WebPage","@id":"https:\/\/www.legislapp.com.br\/index.php\/cam-legislativa-de-pe-pl-2994-2025-2\/","url":"https:\/\/www.legislapp.com.br\/index.php\/cam-legislativa-de-pe-pl-2994-2025-2\/","name":"PL 2994\/2025 - RAQUEL TEIXEIRA LYRA LUCENA - Legislapp","isPartOf":{"@id":"https:\/\/www.legislapp.com.br\/#website"},"primaryImageOfPage":{"@id":"https:\/\/www.legislapp.com.br\/index.php\/cam-legislativa-de-pe-pl-2994-2025-2\/#primaryimage"},"image":{"@id":"https:\/\/www.legislapp.com.br\/index.php\/cam-legislativa-de-pe-pl-2994-2025-2\/#primaryimage"},"thumbnailUrl":"https:\/\/www.legislapp.com.br\/wp-content\/uploads\/google-play.png","datePublished":"2025-09-17T16:39:06+00:00","breadcrumb":{"@id":"https:\/\/www.legislapp.com.br\/index.php\/cam-legislativa-de-pe-pl-2994-2025-2\/#breadcrumb"},"inLanguage":"pt-BR","potentialAction":[{"@type":"ReadAction","target":["https:\/\/www.legislapp.com.br\/index.php\/cam-legislativa-de-pe-pl-2994-2025-2\/"]}]},{"@type":"ImageObject","inLanguage":"pt-BR","@id":"https:\/\/www.legislapp.com.br\/index.php\/cam-legislativa-de-pe-pl-2994-2025-2\/#primaryimage","url":"https:\/\/www.legislapp.com.br\/wp-content\/uploads\/google-play.png","contentUrl":"https:\/\/www.legislapp.com.br\/wp-content\/uploads\/google-play.png","width":564,"height":168},{"@type":"BreadcrumbList","@id":"https:\/\/www.legislapp.com.br\/index.php\/cam-legislativa-de-pe-pl-2994-2025-2\/#breadcrumb","itemListElement":[{"@type":"ListItem","position":1,"name":"In\u00edcio","item":"https:\/\/www.legislapp.com.br\/"},{"@type":"ListItem","position":2,"name":"PL 2994\/2025 &#8211; RAQUEL TEIXEIRA LYRA LUCENA"}]},{"@type":"WebSite","@id":"https:\/\/www.legislapp.com.br\/#website","url":"https:\/\/www.legislapp.com.br\/","name":"Legislapp","description":"Intelig\u00eancia governamental em tempo real","publisher":{"@id":"https:\/\/www.legislapp.com.br\/#organization"},"potentialAction":[{"@type":"SearchAction","target":{"@type":"EntryPoint","urlTemplate":"https:\/\/www.legislapp.com.br\/?s={search_term_string}"},"query-input":{"@type":"PropertyValueSpecification","valueRequired":true,"valueName":"search_term_string"}}],"inLanguage":"pt-BR"},{"@type":"Organization","@id":"https:\/\/www.legislapp.com.br\/#organization","name":"Legislapp Monitoramento e Intelig\u00eancia Governamental","url":"https:\/\/www.legislapp.com.br\/","logo":{"@type":"ImageObject","inLanguage":"pt-BR","@id":"https:\/\/www.legislapp.com.br\/#\/schema\/logo\/image\/","url":"https:\/\/www.legislapp.com.br\/wp-content\/uploads\/icon.png","contentUrl":"https:\/\/www.legislapp.com.br\/wp-content\/uploads\/icon.png","width":1024,"height":1024,"caption":"Legislapp Monitoramento e Intelig\u00eancia Governamental"},"image":{"@id":"https:\/\/www.legislapp.com.br\/#\/schema\/logo\/image\/"},"sameAs":["https:\/\/www.instagram.com\/legislapp\/"]}]}},"_links":{"self":[{"href":"https:\/\/www.legislapp.com.br\/index.php\/wp-json\/wp\/v2\/pages\/7583","targetHints":{"allow":["GET"]}}],"collection":[{"href":"https:\/\/www.legislapp.com.br\/index.php\/wp-json\/wp\/v2\/pages"}],"about":[{"href":"https:\/\/www.legislapp.com.br\/index.php\/wp-json\/wp\/v2\/types\/page"}],"author":[{"embeddable":true,"href":"https:\/\/www.legislapp.com.br\/index.php\/wp-json\/wp\/v2\/users\/1"}],"replies":[{"embeddable":true,"href":"https:\/\/www.legislapp.com.br\/index.php\/wp-json\/wp\/v2\/comments?post=7583"}],"version-history":[{"count":0,"href":"https:\/\/www.legislapp.com.br\/index.php\/wp-json\/wp\/v2\/pages\/7583\/revisions"}],"wp:attachment":[{"href":"https:\/\/www.legislapp.com.br\/index.php\/wp-json\/wp\/v2\/media?parent=7583"}],"curies":[{"name":"wp","href":"https:\/\/api.w.org\/{rel}","templated":true}]}}