{"id":7687,"date":"2025-09-17T13:44:51","date_gmt":"2025-09-17T16:44:51","guid":{"rendered":"https:\/\/www.legislapp.com.br\/index.php\/cam-legislativa-de-sc-pl-0299-2025-2\/"},"modified":"2025-09-17T13:44:51","modified_gmt":"2025-09-17T16:44:51","slug":"cam-legislativa-de-sc-pl-0299-2025-2","status":"publish","type":"page","link":"https:\/\/www.legislapp.com.br\/index.php\/cam-legislativa-de-sc-pl-0299-2025-2\/","title":{"rendered":"PL.\/0299\/2025 &#8211; Napole\u00e3o Bernardes"},"content":{"rendered":"<h1 style='text-align: center;'>C\u00e2m. Legislativa de SC &#8211; Autoria de Napole\u00e3o Bernardes<\/h3>\n<p><\/p>\n<article style='text-align: center'>Altera a Lei n. 17.565, de 2018, para declarar as festas Stammtisch integrante Patrim\u00f4nio Cultural Imaterial do Estado de Santa Catarina.<\/article>\n<p><\/p>\n<p style='text-align: center'><a href='https:\/\/app.legislapp.com.br\/#\/busca?termo='><\/a><\/p>\n<p><\/p>\n<article>\n<p>PROJETO DE LEI  <\/p>\n<p>Altera a Lei n. 17.565, de 2018, para declarar as<br \/>\nfestas Stammtisch integrante Patrim\u00f4nio Cultural<br \/>\nImaterial do Estado de Santa Catarina.  <\/p>\n<p>Art. 1\u00ba As festas Stammtisch passam a ser declaradas integrantes<br \/>\ndo Patrim\u00f4nio Cultural Imaterial do Estado de Santa Catarina. <\/p>\n<p>Art. 2\u00b0 O Estado poder\u00e1 apoiar a realiza\u00e7\u00e3o das festas municipais<br \/>\nque celebrem a Festa Stammtisch por meio de: <\/p>\n<p> I \u2013 incentivo \u00e0 divulga\u00e7\u00e3o e promo\u00e7\u00e3o tur\u00edstica e cultural dos<br \/>\neventos; <\/p>\n<p> II \u2013 coopera\u00e7\u00e3o t\u00e9cnica com os Munic\u00edpios para o fortalecimento<br \/>\ndas tradi\u00e7\u00f5es culturais associadas \u00e0 Festa Stammtisch; <\/p>\n<p> III \u2013 est\u00edmulo \u00e0 articula\u00e7\u00e3o entre munic\u00edpios, entidades culturais e<br \/>\niniciativa privada para o fortalecimento das festividades; <\/p>\n<p> IV \u2013 inclus\u00e3o das festas no calend\u00e1rio oficial de eventos do<br \/>\nEstado; <\/p>\n<p> V \u2013 inclus\u00e3o das manifesta\u00e7\u00f5es culturais associadas \u00e0 Festa<br \/>\nStammtisch em programas de educa\u00e7\u00e3o patrimonial, turismo cultural e valoriza\u00e7\u00e3o da<br \/>\ndiversidade \u00e9tnica e cultural. <\/p>\n<p>Art. 3\u00ba O anexo I \u201cDo Patrim\u00f4nio Cultural\u201d, da Lei n. 17.565, de<br \/>\n2018, passa a vigorar em conformidade com a reda\u00e7\u00e3o do anexo \u00fanico desta Lei.  <\/p>\n<p>Art. 4\u00ba Esta Lei entra em vigor na data de sua publica\u00e7\u00e3o. <\/p>\n<p>Sala das Sess\u00f5es,  <\/p>\n<p>NAPOLE\u00c3O Bernardes,<br \/>\nDeputado Estadual <\/p>\n<p>ANEXO \u00daNICO<br \/>\n1<br \/>\n(Altera o Anexo I da Lei n. 17.565, de 2018 )<br \/>\n\u201cANEXO I<br \/>\nDO PATRIM\u00d4NIO CULTURAL<br \/>\nPatrim\u00f4nio Cultural  Lei Original<br \/>\n&#8230;..  &#8230;&#8230;&#8230;&#8230;&#8230;&#8230;&#8230;&#8230;&#8230;&#8230;&#8230;&#8230;&#8230;&#8230;&#8230;&#8230;&#8230;&#8230;&#8230;&#8230;&#8230;&#8230;&#8230;&#8230;.. &#8230;&#8230;&#8230;&#8230;&#8230;&#8230;&#8230;&#8230;&#8230;&#8230;&#8230;&#8230;&#8230;&#8230;.<br \/>\n.<br \/>\nxx  Festas Stammtisch &#8230;&#8230;&#8230;&#8230;&#8230;&#8230;&#8230;&#8230;&#8230;&#8230;&#8230;&#8230;&#8230;&#8230;.<br \/>\n&#8230;..  &#8230;&#8230;&#8230;&#8230;&#8230;&#8230;&#8230;&#8230;&#8230;&#8230;&#8230;&#8230;&#8230;&#8230;&#8230;&#8230;&#8230;&#8230;&#8230;&#8230;&#8230;&#8230;&#8230;&#8230;.. &#8230;&#8230;&#8230;&#8230;&#8230;&#8230;&#8230;&#8230;&#8230;&#8230;&#8230;&#8230;&#8230;&#8230;.<br \/>\n.<br \/>\n                                                                                                                               \u201c(NR)  <\/p>\n<p>Sala das Sess\u00f5es,<br \/>\nNAPOLE\u00c3O Bernardes,<br \/>\nDeputado Estadual  <\/p>\n<p>JUSTIFICA\u00c7\u00c3O<br \/>\nO presente Projeto de Lei tem por objetivo reconhecer as festas<br \/>\nS t a mmt i sch como parte integrante do Patrim\u00f4nio Cultural Imaterial do Estado de Santa<br \/>\nCatarina.<br \/>\nOriginado na tradi\u00e7\u00e3o germ\u00e2nica, o termo S t a mmt i sch refere-se a<br \/>\num espa\u00e7o reservado para encontros peri\u00f3dicos de determinado grupo de amigos. Em<br \/>\nSanta Catarina, especialmente nos munic\u00edpios com forte influ\u00eancia da imigra\u00e7\u00e3o alem\u00e3,<br \/>\nesse costume consolidou-se como uma festividade popular, com expressiva participa\u00e7\u00e3o da<br \/>\ncomunidade e profundo valor cultural.<br \/>\nA Festa Stammtisch foi inserida na programa\u00e7\u00e3o de<br \/>\ncomemora\u00e7\u00e3o dos 150 anos da cidade de Blumenau, no ano de 2000, por sugest\u00e3o do<br \/>\npublicit\u00e1rio Hor\u00e1cio Braun, e  chamou-se de \u201cEncontro de Stammtisch\u201d, tendo evolu\u00eddo para<br \/>\nse tornar um grande evento p\u00fablico de celebra\u00e7\u00e3o da amizade, da cultura e da<br \/>\ngastronomia.<br \/>\nAs festas S t a mmt i sch v\u00e3o al\u00e9m do simples conv\u00edvio social, s\u00e3o<br \/>\neventos de celebra\u00e7\u00e3o da cultura local que promovem a valoriza\u00e7\u00e3o das tradi\u00e7\u00f5es, da<br \/>\nm\u00fasica, da gastronomia t\u00edpica e do esp\u00edrito de coletividade. Esses eventos, organizados em<br \/>\nespa\u00e7os p\u00fablicos, como ruas e pra\u00e7as, estimulam o sentimento de pertencimento,<br \/>\nincentivam o turismo e movimentam a economia local.<br \/>\nDentre os diversos munic\u00edpios catarinenses que realizam festas<br \/>\nS t a mmt i sch, destacam-se Blumenau, Joinville e Jaragu\u00e1 do Sul, tanto pela magnitude dos<br \/>\neventos quanto pelo envolvimento comunit\u00e1rio. Em 2023, Blumenau sediou a 30\u00aa edi\u00e7\u00e3o do<br \/>\nseu S t a mmt i sch, reunindo mais de 200 grupos de amigos na Rua XV de Novembro, no<br \/>\n1 2<br \/>\ncentro da cidade. Os munic\u00edpios de Joinville e Jaragu\u00e1 do Sul , nos anos de 2024 e 2023,<br \/>\nrespectivamente, promoveram edi\u00e7\u00f5es que atra\u00edram aproximadamente 25 mil pessoas.<br \/>\nEsses n\u00fameros evidenciam a for\u00e7a dessa manifesta\u00e7\u00e3o cultural no Estado e seu potencial<br \/>\nde mobiliza\u00e7\u00e3o social, tur\u00edstica e econ\u00f4mica.<br \/>\nAnte ao exposto, solicito aos pares apoio \u00e0 c\u00e9lere aprova\u00e7\u00e3o da<br \/>\nproposta. menta<br \/>\n1<br \/>\n https:\/\/ndmais.com.br\/cultura\/sol-calor-chopp-e-amigos-14a-stammtisch-de-joinville-recebe-25-mil-pessoas-veja-fotos\/<br \/>\n2<br \/>\n https:\/\/ocp.news\/entretenimento\/19a-edicao-da-stammtisch-de-jaragua-do-sul-acontece-amanha-<br \/>\n <\/article>\n<div style=\"text-align: center\">\n<div style=\"margin-bottom: 20px;\" class=\"et_pb_button_module_wrapper et_pb_button_5_tb_body_wrapper et_pb_button_alignment_center et_pb_module \">\n         <a class=\"et_pb_button et_pb_button_5_tb_body et_hover_enabled et_pb_bg_layout_dark\" style=\"width: 50%;background-color: black;\" href=\"https:\/\/app.legislapp.com.br\" target=\"_blank\" rel=\"noopener\">Visualizar completo na nossa plataforma (30 dias gr\u00e1tis)<\/a><\/p><\/div>\n<p>      <a href=\"https:\/\/play.google.com\/store\/apps\/details?id=br.com.legislapp\"><img decoding=\"async\" style=\"width: 15%; min-width: 130px;\" src=\"https:\/\/www.legislapp.com.br\/wp-content\/uploads\/google-play.png\"><\/a><br \/>\n      <a href=\"https:\/\/apps.apple.com\/us\/app\/legislapp\/id1568929859\"><img decoding=\"async\" style=\"width: 15%; min-width: 130px\" src=\"https:\/\/www.legislapp.com.br\/wp-content\/uploads\/apple-store.png\"><\/a>\n   <\/div>\n","protected":false},"excerpt":{"rendered":"<p>C\u00e2m. Legislativa de SC &#8211; Autoria de Napole\u00e3o Bernardes Altera a Lei n. 17.565, de 2018, para declarar as festas Stammtisch integrante Patrim\u00f4nio Cultural Imaterial do Estado de Santa Catarina. PROJETO DE LEI Altera a Lei n. 17.565, de 2018, para declarar as festas Stammtisch integrante Patrim\u00f4nio Cultural Imaterial do Estado de Santa Catarina. Art. [&hellip;]<\/p>\n","protected":false},"author":1,"featured_media":0,"parent":0,"menu_order":0,"comment_status":"closed","ping_status":"closed","template":"page-template-blank.php","meta":{"_et_pb_use_builder":"","_et_pb_old_content":"","_et_gb_content_width":"1080","ngg_post_thumbnail":0,"footnotes":""},"class_list":["post-7687","page","type-page","status-publish","hentry"],"yoast_head":"<!-- This site is optimized with the Yoast SEO plugin v24.4 - https:\/\/yoast.com\/wordpress\/plugins\/seo\/ -->\n<title>PL.\/0299\/2025 - Napole\u00e3o Bernardes - Legislapp<\/title>\n<meta name=\"robots\" content=\"index, follow, max-snippet:-1, max-image-preview:large, max-video-preview:-1\" \/>\n<link rel=\"canonical\" href=\"https:\/\/www.legislapp.com.br\/index.php\/cam-legislativa-de-sc-pl-0299-2025-2\/\" \/>\n<meta property=\"og:locale\" content=\"pt_BR\" \/>\n<meta property=\"og:type\" content=\"article\" \/>\n<meta property=\"og:title\" content=\"PL.\/0299\/2025 - Napole\u00e3o Bernardes - Legislapp\" \/>\n<meta property=\"og:description\" content=\"C\u00e2m. Legislativa de SC &#8211; Autoria de Napole\u00e3o Bernardes Altera a Lei n. 17.565, de 2018, para declarar as festas Stammtisch integrante Patrim\u00f4nio Cultural Imaterial do Estado de Santa Catarina. PROJETO DE LEI Altera a Lei n. 17.565, de 2018, para declarar as festas Stammtisch integrante Patrim\u00f4nio Cultural Imaterial do Estado de Santa Catarina. Art. [&hellip;]\" \/>\n<meta property=\"og:url\" content=\"https:\/\/www.legislapp.com.br\/index.php\/cam-legislativa-de-sc-pl-0299-2025-2\/\" \/>\n<meta property=\"og:site_name\" content=\"Legislapp\" \/>\n<meta property=\"article:publisher\" content=\"https:\/\/www.instagram.com\/legislapp\/\" \/>\n<meta property=\"og:image\" content=\"https:\/\/www.legislapp.com.br\/wp-content\/uploads\/google-play.png\" \/>\n<meta name=\"twitter:card\" content=\"summary_large_image\" \/>\n<meta name=\"twitter:label1\" content=\"Est. tempo de leitura\" \/>\n\t<meta name=\"twitter:data1\" content=\"3 minutos\" \/>\n<script type=\"application\/ld+json\" class=\"yoast-schema-graph\">{\"@context\":\"https:\/\/schema.org\",\"@graph\":[{\"@type\":\"WebPage\",\"@id\":\"https:\/\/www.legislapp.com.br\/index.php\/cam-legislativa-de-sc-pl-0299-2025-2\/\",\"url\":\"https:\/\/www.legislapp.com.br\/index.php\/cam-legislativa-de-sc-pl-0299-2025-2\/\",\"name\":\"PL.\/0299\/2025 - Napole\u00e3o Bernardes - Legislapp\",\"isPartOf\":{\"@id\":\"https:\/\/www.legislapp.com.br\/#website\"},\"primaryImageOfPage\":{\"@id\":\"https:\/\/www.legislapp.com.br\/index.php\/cam-legislativa-de-sc-pl-0299-2025-2\/#primaryimage\"},\"image\":{\"@id\":\"https:\/\/www.legislapp.com.br\/index.php\/cam-legislativa-de-sc-pl-0299-2025-2\/#primaryimage\"},\"thumbnailUrl\":\"https:\/\/www.legislapp.com.br\/wp-content\/uploads\/google-play.png\",\"datePublished\":\"2025-09-17T16:44:51+00:00\",\"breadcrumb\":{\"@id\":\"https:\/\/www.legislapp.com.br\/index.php\/cam-legislativa-de-sc-pl-0299-2025-2\/#breadcrumb\"},\"inLanguage\":\"pt-BR\",\"potentialAction\":[{\"@type\":\"ReadAction\",\"target\":[\"https:\/\/www.legislapp.com.br\/index.php\/cam-legislativa-de-sc-pl-0299-2025-2\/\"]}]},{\"@type\":\"ImageObject\",\"inLanguage\":\"pt-BR\",\"@id\":\"https:\/\/www.legislapp.com.br\/index.php\/cam-legislativa-de-sc-pl-0299-2025-2\/#primaryimage\",\"url\":\"https:\/\/www.legislapp.com.br\/wp-content\/uploads\/google-play.png\",\"contentUrl\":\"https:\/\/www.legislapp.com.br\/wp-content\/uploads\/google-play.png\",\"width\":564,\"height\":168},{\"@type\":\"BreadcrumbList\",\"@id\":\"https:\/\/www.legislapp.com.br\/index.php\/cam-legislativa-de-sc-pl-0299-2025-2\/#breadcrumb\",\"itemListElement\":[{\"@type\":\"ListItem\",\"position\":1,\"name\":\"In\u00edcio\",\"item\":\"https:\/\/www.legislapp.com.br\/\"},{\"@type\":\"ListItem\",\"position\":2,\"name\":\"PL.\/0299\/2025 &#8211; Napole\u00e3o Bernardes\"}]},{\"@type\":\"WebSite\",\"@id\":\"https:\/\/www.legislapp.com.br\/#website\",\"url\":\"https:\/\/www.legislapp.com.br\/\",\"name\":\"Legislapp\",\"description\":\"Intelig\u00eancia governamental em tempo real\",\"publisher\":{\"@id\":\"https:\/\/www.legislapp.com.br\/#organization\"},\"potentialAction\":[{\"@type\":\"SearchAction\",\"target\":{\"@type\":\"EntryPoint\",\"urlTemplate\":\"https:\/\/www.legislapp.com.br\/?s={search_term_string}\"},\"query-input\":{\"@type\":\"PropertyValueSpecification\",\"valueRequired\":true,\"valueName\":\"search_term_string\"}}],\"inLanguage\":\"pt-BR\"},{\"@type\":\"Organization\",\"@id\":\"https:\/\/www.legislapp.com.br\/#organization\",\"name\":\"Legislapp Monitoramento e Intelig\u00eancia Governamental\",\"url\":\"https:\/\/www.legislapp.com.br\/\",\"logo\":{\"@type\":\"ImageObject\",\"inLanguage\":\"pt-BR\",\"@id\":\"https:\/\/www.legislapp.com.br\/#\/schema\/logo\/image\/\",\"url\":\"https:\/\/www.legislapp.com.br\/wp-content\/uploads\/icon.png\",\"contentUrl\":\"https:\/\/www.legislapp.com.br\/wp-content\/uploads\/icon.png\",\"width\":1024,\"height\":1024,\"caption\":\"Legislapp Monitoramento e Intelig\u00eancia Governamental\"},\"image\":{\"@id\":\"https:\/\/www.legislapp.com.br\/#\/schema\/logo\/image\/\"},\"sameAs\":[\"https:\/\/www.instagram.com\/legislapp\/\"]}]}<\/script>\n<!-- \/ Yoast SEO plugin. -->","yoast_head_json":{"title":"PL.\/0299\/2025 - Napole\u00e3o Bernardes - Legislapp","robots":{"index":"index","follow":"follow","max-snippet":"max-snippet:-1","max-image-preview":"max-image-preview:large","max-video-preview":"max-video-preview:-1"},"canonical":"https:\/\/www.legislapp.com.br\/index.php\/cam-legislativa-de-sc-pl-0299-2025-2\/","og_locale":"pt_BR","og_type":"article","og_title":"PL.\/0299\/2025 - Napole\u00e3o Bernardes - Legislapp","og_description":"C\u00e2m. Legislativa de SC &#8211; Autoria de Napole\u00e3o Bernardes Altera a Lei n. 17.565, de 2018, para declarar as festas Stammtisch integrante Patrim\u00f4nio Cultural Imaterial do Estado de Santa Catarina. PROJETO DE LEI Altera a Lei n. 17.565, de 2018, para declarar as festas Stammtisch integrante Patrim\u00f4nio Cultural Imaterial do Estado de Santa Catarina. Art. [&hellip;]","og_url":"https:\/\/www.legislapp.com.br\/index.php\/cam-legislativa-de-sc-pl-0299-2025-2\/","og_site_name":"Legislapp","article_publisher":"https:\/\/www.instagram.com\/legislapp\/","og_image":[{"url":"https:\/\/www.legislapp.com.br\/wp-content\/uploads\/google-play.png","type":"","width":"","height":""}],"twitter_card":"summary_large_image","twitter_misc":{"Est. tempo de leitura":"3 minutos"},"schema":{"@context":"https:\/\/schema.org","@graph":[{"@type":"WebPage","@id":"https:\/\/www.legislapp.com.br\/index.php\/cam-legislativa-de-sc-pl-0299-2025-2\/","url":"https:\/\/www.legislapp.com.br\/index.php\/cam-legislativa-de-sc-pl-0299-2025-2\/","name":"PL.\/0299\/2025 - Napole\u00e3o Bernardes - Legislapp","isPartOf":{"@id":"https:\/\/www.legislapp.com.br\/#website"},"primaryImageOfPage":{"@id":"https:\/\/www.legislapp.com.br\/index.php\/cam-legislativa-de-sc-pl-0299-2025-2\/#primaryimage"},"image":{"@id":"https:\/\/www.legislapp.com.br\/index.php\/cam-legislativa-de-sc-pl-0299-2025-2\/#primaryimage"},"thumbnailUrl":"https:\/\/www.legislapp.com.br\/wp-content\/uploads\/google-play.png","datePublished":"2025-09-17T16:44:51+00:00","breadcrumb":{"@id":"https:\/\/www.legislapp.com.br\/index.php\/cam-legislativa-de-sc-pl-0299-2025-2\/#breadcrumb"},"inLanguage":"pt-BR","potentialAction":[{"@type":"ReadAction","target":["https:\/\/www.legislapp.com.br\/index.php\/cam-legislativa-de-sc-pl-0299-2025-2\/"]}]},{"@type":"ImageObject","inLanguage":"pt-BR","@id":"https:\/\/www.legislapp.com.br\/index.php\/cam-legislativa-de-sc-pl-0299-2025-2\/#primaryimage","url":"https:\/\/www.legislapp.com.br\/wp-content\/uploads\/google-play.png","contentUrl":"https:\/\/www.legislapp.com.br\/wp-content\/uploads\/google-play.png","width":564,"height":168},{"@type":"BreadcrumbList","@id":"https:\/\/www.legislapp.com.br\/index.php\/cam-legislativa-de-sc-pl-0299-2025-2\/#breadcrumb","itemListElement":[{"@type":"ListItem","position":1,"name":"In\u00edcio","item":"https:\/\/www.legislapp.com.br\/"},{"@type":"ListItem","position":2,"name":"PL.\/0299\/2025 &#8211; Napole\u00e3o Bernardes"}]},{"@type":"WebSite","@id":"https:\/\/www.legislapp.com.br\/#website","url":"https:\/\/www.legislapp.com.br\/","name":"Legislapp","description":"Intelig\u00eancia governamental em tempo real","publisher":{"@id":"https:\/\/www.legislapp.com.br\/#organization"},"potentialAction":[{"@type":"SearchAction","target":{"@type":"EntryPoint","urlTemplate":"https:\/\/www.legislapp.com.br\/?s={search_term_string}"},"query-input":{"@type":"PropertyValueSpecification","valueRequired":true,"valueName":"search_term_string"}}],"inLanguage":"pt-BR"},{"@type":"Organization","@id":"https:\/\/www.legislapp.com.br\/#organization","name":"Legislapp Monitoramento e Intelig\u00eancia Governamental","url":"https:\/\/www.legislapp.com.br\/","logo":{"@type":"ImageObject","inLanguage":"pt-BR","@id":"https:\/\/www.legislapp.com.br\/#\/schema\/logo\/image\/","url":"https:\/\/www.legislapp.com.br\/wp-content\/uploads\/icon.png","contentUrl":"https:\/\/www.legislapp.com.br\/wp-content\/uploads\/icon.png","width":1024,"height":1024,"caption":"Legislapp Monitoramento e Intelig\u00eancia Governamental"},"image":{"@id":"https:\/\/www.legislapp.com.br\/#\/schema\/logo\/image\/"},"sameAs":["https:\/\/www.instagram.com\/legislapp\/"]}]}},"_links":{"self":[{"href":"https:\/\/www.legislapp.com.br\/index.php\/wp-json\/wp\/v2\/pages\/7687","targetHints":{"allow":["GET"]}}],"collection":[{"href":"https:\/\/www.legislapp.com.br\/index.php\/wp-json\/wp\/v2\/pages"}],"about":[{"href":"https:\/\/www.legislapp.com.br\/index.php\/wp-json\/wp\/v2\/types\/page"}],"author":[{"embeddable":true,"href":"https:\/\/www.legislapp.com.br\/index.php\/wp-json\/wp\/v2\/users\/1"}],"replies":[{"embeddable":true,"href":"https:\/\/www.legislapp.com.br\/index.php\/wp-json\/wp\/v2\/comments?post=7687"}],"version-history":[{"count":0,"href":"https:\/\/www.legislapp.com.br\/index.php\/wp-json\/wp\/v2\/pages\/7687\/revisions"}],"wp:attachment":[{"href":"https:\/\/www.legislapp.com.br\/index.php\/wp-json\/wp\/v2\/media?parent=7687"}],"curies":[{"name":"wp","href":"https:\/\/api.w.org\/{rel}","templated":true}]}}