{"id":7721,"date":"2025-09-17T13:46:42","date_gmt":"2025-09-17T16:46:42","guid":{"rendered":"https:\/\/www.legislapp.com.br\/index.php\/cam-legislativa-de-mg-pl-3752-2025\/"},"modified":"2025-09-17T13:46:42","modified_gmt":"2025-09-17T16:46:42","slug":"cam-legislativa-de-mg-pl-3752-2025","status":"publish","type":"page","link":"https:\/\/www.legislapp.com.br\/index.php\/cam-legislativa-de-mg-pl-3752-2025\/","title":{"rendered":"PL 3752\/2025 &#8211; Deputados"},"content":{"rendered":"<h1 style='text-align: center;'>C\u00e2m. Legislativa de MG &#8211; Autoria de Deputados<\/h3>\n<p><\/p>\n<article style='text-align: center'>Institui o Programa de Doa\u00e7\u00e3o de Caixas d&#8217;\u00c1gua a Comunidades Carentes no<br \/>\nEstado.<\/article>\n<p><\/p>\n<p style='text-align: center'><a href='https:\/\/app.legislapp.com.br\/#\/busca?termo='><\/a><\/p>\n<p><\/p>\n<article>Institui o Programa de Doa\u00e7\u00e3o de Caixas d\u2019\u00c1gua a Comunidades Carentes no Estado de Minas Gerais e d\u00e1 outras provid\u00eancias.<br \/>\nA Assembleia Legislativa do Estado de Minas Gerais decreta:<br \/>\nArt. 1\u00ba \u2013 Fica institu\u00eddo o Programa de Doa\u00e7\u00e3o de Caixas d\u2019\u00c1gua a im\u00f3veis residenciais de Comunidades Carentes no Estado de Minas Gerais, com o objetivo de promover o acesso \u00e0 \u00e1gua pot\u00e1vel e melhorar as condi\u00e7\u00f5es de sa\u00fade e higiene das popula\u00e7\u00f5es em situa\u00e7\u00e3o de vulnerabilidade.<br \/>\nArt. 2\u00ba \u2013 Para os fins desta lei, considera-se:<br \/>\nI \u2013 comunidade carente: aquela que apresenta \u00edndices socioecon\u00f4micos abaixo da m\u00e9dia do Estado, conforme crit\u00e9rios estabelecidos por \u00f3rg\u00e3os competentes;<br \/>\nII \u2013 caixa d\u2019\u00c1gua: reservat\u00f3rio utilizado para armazenar \u00e1gua pot\u00e1vel, com capacidade m\u00ednima de 250 (duzentos e cinquenta) litros, a tampa da caixa, e o kit para sua instala\u00e7\u00e3o.<br \/>\nArt. 3\u00ba \u2013 O programa poder\u00e1 ser implementado em parceria com:<br \/>\nI \u2013 prefeituras municipais;<br \/>\nII \u2013 organiza\u00e7\u00f5es n\u00e3o governamentais (ONGs);<br \/>\nIII \u2013 setor privado.<br \/>\nIV \u2013 empresas de saneamento p\u00fablicas e privadas estabelecidas no Estado.<br \/>\nArt. 4\u00ba \u2013 O Programa dever\u00e1 incluir as seguintes a\u00e7\u00f5es:<br \/>\nI \u2013 identifica\u00e7\u00e3o das comunidades carentes que necessitam de caixas d&#8217;\u00e1gua;<br \/>\nII \u2013 campanhas de arrecada\u00e7\u00e3o e doa\u00e7\u00e3o de caixas d&#8217;\u00e1gua e kits de instala\u00e7\u00e3o;<br \/>\nIII \u2013 capacita\u00e7\u00e3o de volunt\u00e1rios para a instala\u00e7\u00e3o e manuten\u00e7\u00e3o das caixas d&#8217;\u00e1gua;<br \/>\nIV \u2013 monitoramento da qualidade da \u00e1gua armazenada.<br \/>\nArt. 5\u00ba \u2013 Os recursos necess\u00e1rios para a execu\u00e7\u00e3o do Programa poder\u00e3o ser provenientes de:<br \/>\nI \u2013 dota\u00e7\u00e3o or\u00e7ament\u00e1ria dos or\u00e7amentos federal, estadual e municipais;<br \/>\nII \u2013 doa\u00e7\u00f5es de pessoas f\u00edsicas e jur\u00eddicas;<br \/>\nIII \u2013 conv\u00eanios com entidades p\u00fablicas e privadas.<br \/>\nIV \u2013 fundos federais, estaduais e municipais.<br \/>\nArt. 6\u00ba \u2013 O Estado de Minas Gerais poder\u00e1, por interm\u00e9dio da Secretaria de Estado de Desenvolvimento Social estabelecer os crit\u00e9rios sociais e econ\u00f4micos para a defini\u00e7\u00e3o dos n\u00facleos familiares aptos a receber a doa\u00e7\u00e3o das caixas d\u2019\u00e1gua, definidos em regulamento.<br \/>\nArt. 7\u00ba \u2013 O Poder Executivo regulamentar\u00e1 esta lei no prazo de 180 (cento e oitenta) dias.<br \/>\nArt. 8\u00ba \u2013 Esta lei entra em vigor na data de sua publica\u00e7\u00e3o, revogadas as disposi\u00e7\u00f5es em contr\u00e1rio.<br \/>\nSala das Reuni\u00f5es, 13 de maio de 2025.<br \/>\nMarli Ribeiro (PL)<br \/>\nJustifica\u00e7\u00e3o: A falta de acesso \u00e0 \u00e1gua pot\u00e1vel \u00e9 um dos principais problemas enfrentados por comunidades carentes, afetando a sa\u00fade e a qualidade de vida de seus habitantes.<br \/>\nA \u00e1gua \u00e9 um recurso essencial para a vida e o desenvolvimento humano. No entanto, muitas comunidades carentes enfrentam s\u00e9rios desafios no acesso a esse recurso vital. A proposta de doa\u00e7\u00e3o de caixas d\u2019\u00e1gua visa atender a essa necessidade urgente, promovendo a sa\u00fade, a dignidade e a qualidade de vida dessas popula\u00e7\u00f5es.<br \/>\nNas diversas regi\u00f5es do Estado, especialmente em \u00e1reas vulner\u00e1veis, o acesso \u00e0 \u00e1gua pot\u00e1vel \u00e9 limitado. Muitas fam\u00edlias dependem de fontes inadequadas, o que pode resultar em doen\u00e7as e problemas de sa\u00fade.<br \/>\nEnfrentamos ainda, o problema da sazonalidade, pois, durante per\u00edodos de seca, a escassez de \u00e1gua se agrava, tornando ainda mais dif\u00edcil o abastecimento. As caixas d&#8217;\u00e1gua podem armazenar \u00e1gua durante per\u00edodos de chuva, garantindo um suprimento cont\u00ednuo.<br \/>\nE, claro, a desigualdade social, que ocasiona a falta de infraestrutura b\u00e1sica, como reservat\u00f3rios de \u00e1gua, se perpetua. A doa\u00e7\u00e3o de caixas d\u2019\u00e1gua pode representar um passo significativo para a equidade no acesso a recursos essenciais.<br \/>\nNecess\u00e1rio um programa de \u00e2mbito estadual, que abranja todas as regi\u00f5es de Minas Gerais, visando a vulnerabilidade da popula\u00e7\u00e3o, e n\u00e3o s\u00f3 o regionalismo.<br \/>\nOs objetivos do Projeto s\u00e3o a melhoria do Acesso \u00e0 \u00c1gua, facilitando o armazenamento de \u00e1gua pot\u00e1vel nas comunidades, garantindo que as fam\u00edlias tenham acesso a esse recurso diariamente, promovendo a Sa\u00fade P\u00fablica, e reduzindo a incid\u00eancia de doen\u00e7as transmitidas pela \u00e1gua contaminada, contribuindo para a sa\u00fade e bem-estar das popula\u00e7\u00f5es atendidas.<br \/>\nH\u00e1 que se ressaltar, ainda, que o projeto visa fomentar a autonomia das comunidades, capacitando-as comunidades a gerenciar seu pr\u00f3prio abastecimento de \u00e1gua, promovendo a autonomia e a responsabilidade coletiva.<br \/>\nA doa\u00e7\u00e3o de caixas d\u2019\u00e1gua a comunidades carentes \u00e9 uma medida que n\u00e3o apenas atende a uma necessidade imediata, mas tamb\u00e9m contribui para o desenvolvimento sustent\u00e1vel e a melhoria da qualidade de vida. Este projeto de lei se alinha aos princ\u00edpios de justi\u00e7a social e direito \u00e0 \u00e1gua, fundamentais para a constru\u00e7\u00e3o de uma sociedade mais justa e igualit\u00e1ria. Portanto, a sua elabora\u00e7\u00e3o e aprova\u00e7\u00e3o s\u00e3o essenciais e urgentes.<br \/>\n\u2013 Publicado, vai o projeto \u00e0s Comiss\u00f5es de Justi\u00e7a, do Trabalho e de Fiscaliza\u00e7\u00e3o Financeira para parecer, nos termos do art. 188, c\/c o art. 102, do Regimento Interno.<\/article>\n<div style=\"text-align: center\">\n<div style=\"margin-bottom: 20px;\" class=\"et_pb_button_module_wrapper et_pb_button_5_tb_body_wrapper et_pb_button_alignment_center et_pb_module \">\n         <a class=\"et_pb_button et_pb_button_5_tb_body et_hover_enabled et_pb_bg_layout_dark\" style=\"width: 50%;background-color: black;\" href=\"https:\/\/app.legislapp.com.br\" target=\"_blank\" rel=\"noopener\">Visualizar completo na nossa plataforma (30 dias gr\u00e1tis)<\/a><\/p><\/div>\n<p>      <a href=\"https:\/\/play.google.com\/store\/apps\/details?id=br.com.legislapp\"><img decoding=\"async\" style=\"width: 15%; min-width: 130px;\" src=\"https:\/\/www.legislapp.com.br\/wp-content\/uploads\/google-play.png\"><\/a><br \/>\n      <a href=\"https:\/\/apps.apple.com\/us\/app\/legislapp\/id1568929859\"><img decoding=\"async\" style=\"width: 15%; min-width: 130px\" src=\"https:\/\/www.legislapp.com.br\/wp-content\/uploads\/apple-store.png\"><\/a>\n   <\/div>\n","protected":false},"excerpt":{"rendered":"<p>C\u00e2m. Legislativa de MG &#8211; Autoria de Deputados Institui o Programa de Doa\u00e7\u00e3o de Caixas d&#8217;\u00c1gua a Comunidades Carentes no Estado. Institui o Programa de Doa\u00e7\u00e3o de Caixas d\u2019\u00c1gua a Comunidades Carentes no Estado de Minas Gerais e d\u00e1 outras provid\u00eancias. A Assembleia Legislativa do Estado de Minas Gerais decreta: Art. 1\u00ba \u2013 Fica institu\u00eddo [&hellip;]<\/p>\n","protected":false},"author":1,"featured_media":0,"parent":0,"menu_order":0,"comment_status":"closed","ping_status":"closed","template":"page-template-blank.php","meta":{"_et_pb_use_builder":"","_et_pb_old_content":"","_et_gb_content_width":"1080","ngg_post_thumbnail":0,"footnotes":""},"class_list":["post-7721","page","type-page","status-publish","hentry"],"yoast_head":"<!-- This site is optimized with the Yoast SEO plugin v24.4 - https:\/\/yoast.com\/wordpress\/plugins\/seo\/ -->\n<title>PL 3752\/2025 - Deputados - Legislapp<\/title>\n<meta name=\"robots\" content=\"index, follow, max-snippet:-1, max-image-preview:large, max-video-preview:-1\" \/>\n<link rel=\"canonical\" href=\"https:\/\/www.legislapp.com.br\/index.php\/cam-legislativa-de-mg-pl-3752-2025\/\" \/>\n<meta property=\"og:locale\" content=\"pt_BR\" \/>\n<meta property=\"og:type\" content=\"article\" \/>\n<meta property=\"og:title\" content=\"PL 3752\/2025 - Deputados - Legislapp\" \/>\n<meta property=\"og:description\" content=\"C\u00e2m. Legislativa de MG &#8211; Autoria de Deputados Institui o Programa de Doa\u00e7\u00e3o de Caixas d&#8217;\u00c1gua a Comunidades Carentes no Estado. Institui o Programa de Doa\u00e7\u00e3o de Caixas d\u2019\u00c1gua a Comunidades Carentes no Estado de Minas Gerais e d\u00e1 outras provid\u00eancias. A Assembleia Legislativa do Estado de Minas Gerais decreta: Art. 1\u00ba \u2013 Fica institu\u00eddo [&hellip;]\" \/>\n<meta property=\"og:url\" content=\"https:\/\/www.legislapp.com.br\/index.php\/cam-legislativa-de-mg-pl-3752-2025\/\" \/>\n<meta property=\"og:site_name\" content=\"Legislapp\" \/>\n<meta property=\"article:publisher\" content=\"https:\/\/www.instagram.com\/legislapp\/\" \/>\n<meta property=\"og:image\" content=\"https:\/\/www.legislapp.com.br\/wp-content\/uploads\/google-play.png\" \/>\n<meta name=\"twitter:card\" content=\"summary_large_image\" \/>\n<meta name=\"twitter:label1\" content=\"Est. tempo de leitura\" \/>\n\t<meta name=\"twitter:data1\" content=\"4 minutos\" \/>\n<script type=\"application\/ld+json\" class=\"yoast-schema-graph\">{\"@context\":\"https:\/\/schema.org\",\"@graph\":[{\"@type\":\"WebPage\",\"@id\":\"https:\/\/www.legislapp.com.br\/index.php\/cam-legislativa-de-mg-pl-3752-2025\/\",\"url\":\"https:\/\/www.legislapp.com.br\/index.php\/cam-legislativa-de-mg-pl-3752-2025\/\",\"name\":\"PL 3752\/2025 - Deputados - Legislapp\",\"isPartOf\":{\"@id\":\"https:\/\/www.legislapp.com.br\/#website\"},\"primaryImageOfPage\":{\"@id\":\"https:\/\/www.legislapp.com.br\/index.php\/cam-legislativa-de-mg-pl-3752-2025\/#primaryimage\"},\"image\":{\"@id\":\"https:\/\/www.legislapp.com.br\/index.php\/cam-legislativa-de-mg-pl-3752-2025\/#primaryimage\"},\"thumbnailUrl\":\"https:\/\/www.legislapp.com.br\/wp-content\/uploads\/google-play.png\",\"datePublished\":\"2025-09-17T16:46:42+00:00\",\"breadcrumb\":{\"@id\":\"https:\/\/www.legislapp.com.br\/index.php\/cam-legislativa-de-mg-pl-3752-2025\/#breadcrumb\"},\"inLanguage\":\"pt-BR\",\"potentialAction\":[{\"@type\":\"ReadAction\",\"target\":[\"https:\/\/www.legislapp.com.br\/index.php\/cam-legislativa-de-mg-pl-3752-2025\/\"]}]},{\"@type\":\"ImageObject\",\"inLanguage\":\"pt-BR\",\"@id\":\"https:\/\/www.legislapp.com.br\/index.php\/cam-legislativa-de-mg-pl-3752-2025\/#primaryimage\",\"url\":\"https:\/\/www.legislapp.com.br\/wp-content\/uploads\/google-play.png\",\"contentUrl\":\"https:\/\/www.legislapp.com.br\/wp-content\/uploads\/google-play.png\",\"width\":564,\"height\":168},{\"@type\":\"BreadcrumbList\",\"@id\":\"https:\/\/www.legislapp.com.br\/index.php\/cam-legislativa-de-mg-pl-3752-2025\/#breadcrumb\",\"itemListElement\":[{\"@type\":\"ListItem\",\"position\":1,\"name\":\"In\u00edcio\",\"item\":\"https:\/\/www.legislapp.com.br\/\"},{\"@type\":\"ListItem\",\"position\":2,\"name\":\"PL 3752\/2025 &#8211; Deputados\"}]},{\"@type\":\"WebSite\",\"@id\":\"https:\/\/www.legislapp.com.br\/#website\",\"url\":\"https:\/\/www.legislapp.com.br\/\",\"name\":\"Legislapp\",\"description\":\"Intelig\u00eancia governamental em tempo real\",\"publisher\":{\"@id\":\"https:\/\/www.legislapp.com.br\/#organization\"},\"potentialAction\":[{\"@type\":\"SearchAction\",\"target\":{\"@type\":\"EntryPoint\",\"urlTemplate\":\"https:\/\/www.legislapp.com.br\/?s={search_term_string}\"},\"query-input\":{\"@type\":\"PropertyValueSpecification\",\"valueRequired\":true,\"valueName\":\"search_term_string\"}}],\"inLanguage\":\"pt-BR\"},{\"@type\":\"Organization\",\"@id\":\"https:\/\/www.legislapp.com.br\/#organization\",\"name\":\"Legislapp Monitoramento e Intelig\u00eancia Governamental\",\"url\":\"https:\/\/www.legislapp.com.br\/\",\"logo\":{\"@type\":\"ImageObject\",\"inLanguage\":\"pt-BR\",\"@id\":\"https:\/\/www.legislapp.com.br\/#\/schema\/logo\/image\/\",\"url\":\"https:\/\/www.legislapp.com.br\/wp-content\/uploads\/icon.png\",\"contentUrl\":\"https:\/\/www.legislapp.com.br\/wp-content\/uploads\/icon.png\",\"width\":1024,\"height\":1024,\"caption\":\"Legislapp Monitoramento e Intelig\u00eancia Governamental\"},\"image\":{\"@id\":\"https:\/\/www.legislapp.com.br\/#\/schema\/logo\/image\/\"},\"sameAs\":[\"https:\/\/www.instagram.com\/legislapp\/\"]}]}<\/script>\n<!-- \/ Yoast SEO plugin. -->","yoast_head_json":{"title":"PL 3752\/2025 - Deputados - Legislapp","robots":{"index":"index","follow":"follow","max-snippet":"max-snippet:-1","max-image-preview":"max-image-preview:large","max-video-preview":"max-video-preview:-1"},"canonical":"https:\/\/www.legislapp.com.br\/index.php\/cam-legislativa-de-mg-pl-3752-2025\/","og_locale":"pt_BR","og_type":"article","og_title":"PL 3752\/2025 - Deputados - Legislapp","og_description":"C\u00e2m. Legislativa de MG &#8211; Autoria de Deputados Institui o Programa de Doa\u00e7\u00e3o de Caixas d&#8217;\u00c1gua a Comunidades Carentes no Estado. Institui o Programa de Doa\u00e7\u00e3o de Caixas d\u2019\u00c1gua a Comunidades Carentes no Estado de Minas Gerais e d\u00e1 outras provid\u00eancias. A Assembleia Legislativa do Estado de Minas Gerais decreta: Art. 1\u00ba \u2013 Fica institu\u00eddo [&hellip;]","og_url":"https:\/\/www.legislapp.com.br\/index.php\/cam-legislativa-de-mg-pl-3752-2025\/","og_site_name":"Legislapp","article_publisher":"https:\/\/www.instagram.com\/legislapp\/","og_image":[{"url":"https:\/\/www.legislapp.com.br\/wp-content\/uploads\/google-play.png","type":"","width":"","height":""}],"twitter_card":"summary_large_image","twitter_misc":{"Est. tempo de leitura":"4 minutos"},"schema":{"@context":"https:\/\/schema.org","@graph":[{"@type":"WebPage","@id":"https:\/\/www.legislapp.com.br\/index.php\/cam-legislativa-de-mg-pl-3752-2025\/","url":"https:\/\/www.legislapp.com.br\/index.php\/cam-legislativa-de-mg-pl-3752-2025\/","name":"PL 3752\/2025 - Deputados - Legislapp","isPartOf":{"@id":"https:\/\/www.legislapp.com.br\/#website"},"primaryImageOfPage":{"@id":"https:\/\/www.legislapp.com.br\/index.php\/cam-legislativa-de-mg-pl-3752-2025\/#primaryimage"},"image":{"@id":"https:\/\/www.legislapp.com.br\/index.php\/cam-legislativa-de-mg-pl-3752-2025\/#primaryimage"},"thumbnailUrl":"https:\/\/www.legislapp.com.br\/wp-content\/uploads\/google-play.png","datePublished":"2025-09-17T16:46:42+00:00","breadcrumb":{"@id":"https:\/\/www.legislapp.com.br\/index.php\/cam-legislativa-de-mg-pl-3752-2025\/#breadcrumb"},"inLanguage":"pt-BR","potentialAction":[{"@type":"ReadAction","target":["https:\/\/www.legislapp.com.br\/index.php\/cam-legislativa-de-mg-pl-3752-2025\/"]}]},{"@type":"ImageObject","inLanguage":"pt-BR","@id":"https:\/\/www.legislapp.com.br\/index.php\/cam-legislativa-de-mg-pl-3752-2025\/#primaryimage","url":"https:\/\/www.legislapp.com.br\/wp-content\/uploads\/google-play.png","contentUrl":"https:\/\/www.legislapp.com.br\/wp-content\/uploads\/google-play.png","width":564,"height":168},{"@type":"BreadcrumbList","@id":"https:\/\/www.legislapp.com.br\/index.php\/cam-legislativa-de-mg-pl-3752-2025\/#breadcrumb","itemListElement":[{"@type":"ListItem","position":1,"name":"In\u00edcio","item":"https:\/\/www.legislapp.com.br\/"},{"@type":"ListItem","position":2,"name":"PL 3752\/2025 &#8211; Deputados"}]},{"@type":"WebSite","@id":"https:\/\/www.legislapp.com.br\/#website","url":"https:\/\/www.legislapp.com.br\/","name":"Legislapp","description":"Intelig\u00eancia governamental em tempo real","publisher":{"@id":"https:\/\/www.legislapp.com.br\/#organization"},"potentialAction":[{"@type":"SearchAction","target":{"@type":"EntryPoint","urlTemplate":"https:\/\/www.legislapp.com.br\/?s={search_term_string}"},"query-input":{"@type":"PropertyValueSpecification","valueRequired":true,"valueName":"search_term_string"}}],"inLanguage":"pt-BR"},{"@type":"Organization","@id":"https:\/\/www.legislapp.com.br\/#organization","name":"Legislapp Monitoramento e Intelig\u00eancia Governamental","url":"https:\/\/www.legislapp.com.br\/","logo":{"@type":"ImageObject","inLanguage":"pt-BR","@id":"https:\/\/www.legislapp.com.br\/#\/schema\/logo\/image\/","url":"https:\/\/www.legislapp.com.br\/wp-content\/uploads\/icon.png","contentUrl":"https:\/\/www.legislapp.com.br\/wp-content\/uploads\/icon.png","width":1024,"height":1024,"caption":"Legislapp Monitoramento e Intelig\u00eancia Governamental"},"image":{"@id":"https:\/\/www.legislapp.com.br\/#\/schema\/logo\/image\/"},"sameAs":["https:\/\/www.instagram.com\/legislapp\/"]}]}},"_links":{"self":[{"href":"https:\/\/www.legislapp.com.br\/index.php\/wp-json\/wp\/v2\/pages\/7721","targetHints":{"allow":["GET"]}}],"collection":[{"href":"https:\/\/www.legislapp.com.br\/index.php\/wp-json\/wp\/v2\/pages"}],"about":[{"href":"https:\/\/www.legislapp.com.br\/index.php\/wp-json\/wp\/v2\/types\/page"}],"author":[{"embeddable":true,"href":"https:\/\/www.legislapp.com.br\/index.php\/wp-json\/wp\/v2\/users\/1"}],"replies":[{"embeddable":true,"href":"https:\/\/www.legislapp.com.br\/index.php\/wp-json\/wp\/v2\/comments?post=7721"}],"version-history":[{"count":0,"href":"https:\/\/www.legislapp.com.br\/index.php\/wp-json\/wp\/v2\/pages\/7721\/revisions"}],"wp:attachment":[{"href":"https:\/\/www.legislapp.com.br\/index.php\/wp-json\/wp\/v2\/media?parent=7721"}],"curies":[{"name":"wp","href":"https:\/\/api.w.org\/{rel}","templated":true}]}}