{"id":7735,"date":"2025-09-17T13:47:28","date_gmt":"2025-09-17T16:47:28","guid":{"rendered":"https:\/\/www.legislapp.com.br\/index.php\/cam-legislativa-de-mg-pl-3726-2025\/"},"modified":"2025-09-17T13:47:28","modified_gmt":"2025-09-17T16:47:28","slug":"cam-legislativa-de-mg-pl-3726-2025","status":"publish","type":"page","link":"https:\/\/www.legislapp.com.br\/index.php\/cam-legislativa-de-mg-pl-3726-2025\/","title":{"rendered":"PL 3726\/2025 &#8211; Deputados"},"content":{"rendered":"<h1 style='text-align: center;'>C\u00e2m. Legislativa de MG &#8211; Autoria de Deputados<\/h3>\n<p><\/p>\n<article style='text-align: center'>Declara de utilidade p\u00fablica a Associa\u00e7\u00e3o dos Volunt\u00e1rios do Hospital<br \/>\nImaculada Concei\u00e7\u00e3o &#8211; Avhic -, com sede no Munic\u00edpio de Guanh\u00e3es.<\/article>\n<p><\/p>\n<p style='text-align: center'><a href='https:\/\/app.legislapp.com.br\/#\/busca?termo='><\/a><\/p>\n<p><\/p>\n<article>Declara de utilidade p\u00fablica a Associa\u00e7\u00e3o dos Volunt\u00e1rios do Hospital Imaculada Concei\u00e7\u00e3o \u2013AVHIC \u2013 com sede no munic\u00edpio de Guanh\u00e3es.<br \/>\nA Assembleia Legislativa do Estado de Minas Gerais decreta:<br \/>\nArt. 1\u00ba \u2013 Fica declarado de utilidade p\u00fablica a Associa\u00e7\u00e3o dos Volunt\u00e1rios do Hospital Imaculada Concei\u00e7\u00e3o \u2013 AVHIC \u2013 com sede no munic\u00edpio de Guanh\u00e3es.<br \/>\nArt. 2\u00ba \u2013 Esta lei entra em vigor na data de sua publica\u00e7\u00e3o.<br \/>\nSala das Reuni\u00f5es, 30 de abril de 2025.<br \/>\nDelegado Christiano Xavier (PSD)<br \/>\nJustifica\u00e7\u00e3o: Prezados pares: A Associa\u00e7\u00e3o dos Volunt\u00e1rios do Hospital Imaculada Concei\u00e7\u00e3o \u2013 AVHIC \u2013 \u00e9 uma associa\u00e7\u00e3o filantr\u00f3pica (sem fins lucrativos), que tem por objetivo colaborar com o Hospital Imaculada Concei\u00e7\u00e3o de Guanh\u00e3es, visando o bem-estar f\u00edsico e emocional\u00a0 dos pacientes e seu acompanhantes. Por isso, tem tamanha import\u00e2ncia, pois ela ajuda a melhorar a vida dos pacientes e a qualidade do atendimento no hospital.\u00a0<br \/>\nOs volunt\u00e1rios oferecem apoio emocional, conforto e at\u00e9 ajuda pr\u00e1tica, tornando o ambiente mais acolhedor e humanizado. Al\u00e9m disso, eles podem colaborar com atividades que complementam os servi\u00e7os m\u00e9dicos, ajudando a criar um espa\u00e7o mais solid\u00e1rio e eficiente para todos. Em resumo, essa associa\u00e7\u00e3o \u00e9 fundamental para fortalecer o cuidado com os pacientes e promover uma rede de apoio que faz toda a diferen\u00e7a na recupera\u00e7\u00e3o e bem-estar de quem precisa.<br \/>\nA Associa\u00e7\u00e3o prioriza o apoio as pessoas idosas, crian\u00e7as e adolescentes. Conforme Estatuto Social anexo, a entidade tem por objetivo: I \u2013 Confec\u00e7\u00e3o de roupas de cama, jalecos para m\u00e9dicos e enfermeiros; II \u2013 Ofertar apoio e conforto moral aos pacientes internados, realizando visitas nas alas de enfermaria; III \u2013 Ajudar pacientes em situa\u00e7\u00e3o de vulnerabilidade socioecon\u00f4mica com doa\u00e7\u00e3o de medicamentos, objetos e higiene e uso pessoal, n\u00e3o listados como obriga\u00e7\u00f5es hospitalares; IV \u2013 Oferecer aux\u00edlio de transporte, hospedagem e alimenta\u00e7\u00e3o para doentes em tratamento e acompanhantes, quando necessitarem; V \u2013 Acompanhar pacientes na consulta em hospital fora da cidade de Ganh\u00e3es;\u00a0 VI \u2013 Oferecer atividades de laborterapia, como bordado, pintura, croch\u00ea, tric\u00f4, entre outras atividades; VII \u2013 Oferecer atividades de biblioterapia, hora do conto, para pacientes infantis; VIII \u2013 Oferecer atividades recreativas aos idosos em vulnerabilidade s\u00f3cio-econ\u00f4mico; IX \u2013 Oferecer apoio e conforto moral aos idosos em vulnerabilidade s\u00f3cio econ\u00f4mico; X \u2013 Orientar aos pacientes e acompanhantes como conseguir exames m\u00e9dicos pelo SUS; XI \u2013 Orientar como acessar a plataforma do INSS para solicitar aposentadoria; XII \u2013 Criar e manter uma biblioteca que possa atender aos funcion\u00e1rios, volunt\u00e1rios, pacientes ou acompanhantes; XIII \u2013 Receber e distribuir sobra de rem\u00e9dios, que ainda estejam dentro da validade; XIV \u2013 Manter bazar de roupas, cal\u00e7ados e outros artigos novos e seminovos; XV \u2013 Promover campanhas destinadas a angariar recursos financeiros e materiais necess\u00e1rios \u00e0 consecu\u00e7\u00e3o dos objetivos da AVHIC; XVI \u2013 Celebrar conv\u00eanios ou contratos com \u00d3rg\u00e3os P\u00fablicos ou privados com o intuito de atender aos objetivos da AVHIC; XVIII \u2013 Oferecer apoio e condi\u00e7\u00f5es para a forma\u00e7\u00e3o ou especializa\u00e7\u00e3o de volunt\u00e1rios e profissionais que integrem a associa\u00e7\u00e3o, al\u00e9m de a\u00e7\u00f5es correlatas, que poder\u00e3o ser acrescidas conforme o desenvolvimento dos trabalhos.<br \/>\nConforme declara\u00e7\u00e3o assinada pelo Exmo. prefeito municipal de Guanh\u00e3es a AVHIC est\u00e1 em pleno e cont\u00ednuo funcionamento h\u00e1 mais de tr\u00eas anos, j\u00e1 que funciona desde 30\/4\/2025, com sede e atua\u00e7\u00e3o no munic\u00edpio.<br \/>\nAdemais, os dirigentes da referida associa\u00e7\u00e3o, todos volunt\u00e1rios, s\u00e3o pessoas id\u00f4neas, reconhecidas por sua integridade moral e \u00e9tica.<br \/>\nA AVHIC presta relevantes servi\u00e7os para Guanh\u00e3es, por tal raz\u00e3o, tamb\u00e9m foi reconhecida de utilidade p\u00fablica pelo munic\u00edpio (Lei Municipal n\u00ba 3.146, de 21 de agosto de 2023), conforme lei anexa.<br \/>\nPelo exposto, solicito a aprova\u00e7\u00e3o pelos nobres pares.<br \/>\n\u2013 Publicado, vai o projeto \u00e0s Comiss\u00f5es de Justi\u00e7a, para exame preliminar, e de Sa\u00fade, para delibera\u00e7\u00e3o, nos termos do art. 188, c\/c o art. 103, inciso I, do Regimento Interno.<\/article>\n<div style=\"text-align: center\">\n<div style=\"margin-bottom: 20px;\" class=\"et_pb_button_module_wrapper et_pb_button_5_tb_body_wrapper et_pb_button_alignment_center et_pb_module \">\n         <a class=\"et_pb_button et_pb_button_5_tb_body et_hover_enabled et_pb_bg_layout_dark\" style=\"width: 50%;background-color: black;\" href=\"https:\/\/app.legislapp.com.br\" target=\"_blank\" rel=\"noopener\">Visualizar completo na nossa plataforma (30 dias gr\u00e1tis)<\/a><\/p><\/div>\n<p>      <a href=\"https:\/\/play.google.com\/store\/apps\/details?id=br.com.legislapp\"><img decoding=\"async\" style=\"width: 15%; min-width: 130px;\" src=\"https:\/\/www.legislapp.com.br\/wp-content\/uploads\/google-play.png\"><\/a><br \/>\n      <a href=\"https:\/\/apps.apple.com\/us\/app\/legislapp\/id1568929859\"><img decoding=\"async\" style=\"width: 15%; min-width: 130px\" src=\"https:\/\/www.legislapp.com.br\/wp-content\/uploads\/apple-store.png\"><\/a>\n   <\/div>\n","protected":false},"excerpt":{"rendered":"<p>C\u00e2m. Legislativa de MG &#8211; Autoria de Deputados Declara de utilidade p\u00fablica a Associa\u00e7\u00e3o dos Volunt\u00e1rios do Hospital Imaculada Concei\u00e7\u00e3o &#8211; Avhic -, com sede no Munic\u00edpio de Guanh\u00e3es. Declara de utilidade p\u00fablica a Associa\u00e7\u00e3o dos Volunt\u00e1rios do Hospital Imaculada Concei\u00e7\u00e3o \u2013AVHIC \u2013 com sede no munic\u00edpio de Guanh\u00e3es. A Assembleia Legislativa do Estado de [&hellip;]<\/p>\n","protected":false},"author":1,"featured_media":0,"parent":0,"menu_order":0,"comment_status":"closed","ping_status":"closed","template":"page-template-blank.php","meta":{"_et_pb_use_builder":"","_et_pb_old_content":"","_et_gb_content_width":"1080","ngg_post_thumbnail":0,"footnotes":""},"class_list":["post-7735","page","type-page","status-publish","hentry"],"yoast_head":"<!-- This site is optimized with the Yoast SEO plugin v24.4 - https:\/\/yoast.com\/wordpress\/plugins\/seo\/ -->\n<title>PL 3726\/2025 - Deputados - Legislapp<\/title>\n<meta name=\"robots\" content=\"index, follow, max-snippet:-1, max-image-preview:large, max-video-preview:-1\" \/>\n<link rel=\"canonical\" href=\"https:\/\/www.legislapp.com.br\/index.php\/cam-legislativa-de-mg-pl-3726-2025\/\" \/>\n<meta property=\"og:locale\" content=\"pt_BR\" \/>\n<meta property=\"og:type\" content=\"article\" \/>\n<meta property=\"og:title\" content=\"PL 3726\/2025 - Deputados - Legislapp\" \/>\n<meta property=\"og:description\" content=\"C\u00e2m. Legislativa de MG &#8211; Autoria de Deputados Declara de utilidade p\u00fablica a Associa\u00e7\u00e3o dos Volunt\u00e1rios do Hospital Imaculada Concei\u00e7\u00e3o &#8211; Avhic -, com sede no Munic\u00edpio de Guanh\u00e3es. Declara de utilidade p\u00fablica a Associa\u00e7\u00e3o dos Volunt\u00e1rios do Hospital Imaculada Concei\u00e7\u00e3o \u2013AVHIC \u2013 com sede no munic\u00edpio de Guanh\u00e3es. A Assembleia Legislativa do Estado de [&hellip;]\" \/>\n<meta property=\"og:url\" content=\"https:\/\/www.legislapp.com.br\/index.php\/cam-legislativa-de-mg-pl-3726-2025\/\" \/>\n<meta property=\"og:site_name\" content=\"Legislapp\" \/>\n<meta property=\"article:publisher\" content=\"https:\/\/www.instagram.com\/legislapp\/\" \/>\n<meta property=\"og:image\" content=\"https:\/\/www.legislapp.com.br\/wp-content\/uploads\/google-play.png\" \/>\n<meta name=\"twitter:card\" content=\"summary_large_image\" \/>\n<meta name=\"twitter:label1\" content=\"Est. tempo de leitura\" \/>\n\t<meta name=\"twitter:data1\" content=\"4 minutos\" \/>\n<script type=\"application\/ld+json\" class=\"yoast-schema-graph\">{\"@context\":\"https:\/\/schema.org\",\"@graph\":[{\"@type\":\"WebPage\",\"@id\":\"https:\/\/www.legislapp.com.br\/index.php\/cam-legislativa-de-mg-pl-3726-2025\/\",\"url\":\"https:\/\/www.legislapp.com.br\/index.php\/cam-legislativa-de-mg-pl-3726-2025\/\",\"name\":\"PL 3726\/2025 - Deputados - Legislapp\",\"isPartOf\":{\"@id\":\"https:\/\/www.legislapp.com.br\/#website\"},\"primaryImageOfPage\":{\"@id\":\"https:\/\/www.legislapp.com.br\/index.php\/cam-legislativa-de-mg-pl-3726-2025\/#primaryimage\"},\"image\":{\"@id\":\"https:\/\/www.legislapp.com.br\/index.php\/cam-legislativa-de-mg-pl-3726-2025\/#primaryimage\"},\"thumbnailUrl\":\"https:\/\/www.legislapp.com.br\/wp-content\/uploads\/google-play.png\",\"datePublished\":\"2025-09-17T16:47:28+00:00\",\"breadcrumb\":{\"@id\":\"https:\/\/www.legislapp.com.br\/index.php\/cam-legislativa-de-mg-pl-3726-2025\/#breadcrumb\"},\"inLanguage\":\"pt-BR\",\"potentialAction\":[{\"@type\":\"ReadAction\",\"target\":[\"https:\/\/www.legislapp.com.br\/index.php\/cam-legislativa-de-mg-pl-3726-2025\/\"]}]},{\"@type\":\"ImageObject\",\"inLanguage\":\"pt-BR\",\"@id\":\"https:\/\/www.legislapp.com.br\/index.php\/cam-legislativa-de-mg-pl-3726-2025\/#primaryimage\",\"url\":\"https:\/\/www.legislapp.com.br\/wp-content\/uploads\/google-play.png\",\"contentUrl\":\"https:\/\/www.legislapp.com.br\/wp-content\/uploads\/google-play.png\",\"width\":564,\"height\":168},{\"@type\":\"BreadcrumbList\",\"@id\":\"https:\/\/www.legislapp.com.br\/index.php\/cam-legislativa-de-mg-pl-3726-2025\/#breadcrumb\",\"itemListElement\":[{\"@type\":\"ListItem\",\"position\":1,\"name\":\"In\u00edcio\",\"item\":\"https:\/\/www.legislapp.com.br\/\"},{\"@type\":\"ListItem\",\"position\":2,\"name\":\"PL 3726\/2025 &#8211; Deputados\"}]},{\"@type\":\"WebSite\",\"@id\":\"https:\/\/www.legislapp.com.br\/#website\",\"url\":\"https:\/\/www.legislapp.com.br\/\",\"name\":\"Legislapp\",\"description\":\"Intelig\u00eancia governamental em tempo real\",\"publisher\":{\"@id\":\"https:\/\/www.legislapp.com.br\/#organization\"},\"potentialAction\":[{\"@type\":\"SearchAction\",\"target\":{\"@type\":\"EntryPoint\",\"urlTemplate\":\"https:\/\/www.legislapp.com.br\/?s={search_term_string}\"},\"query-input\":{\"@type\":\"PropertyValueSpecification\",\"valueRequired\":true,\"valueName\":\"search_term_string\"}}],\"inLanguage\":\"pt-BR\"},{\"@type\":\"Organization\",\"@id\":\"https:\/\/www.legislapp.com.br\/#organization\",\"name\":\"Legislapp Monitoramento e Intelig\u00eancia Governamental\",\"url\":\"https:\/\/www.legislapp.com.br\/\",\"logo\":{\"@type\":\"ImageObject\",\"inLanguage\":\"pt-BR\",\"@id\":\"https:\/\/www.legislapp.com.br\/#\/schema\/logo\/image\/\",\"url\":\"https:\/\/www.legislapp.com.br\/wp-content\/uploads\/icon.png\",\"contentUrl\":\"https:\/\/www.legislapp.com.br\/wp-content\/uploads\/icon.png\",\"width\":1024,\"height\":1024,\"caption\":\"Legislapp Monitoramento e Intelig\u00eancia Governamental\"},\"image\":{\"@id\":\"https:\/\/www.legislapp.com.br\/#\/schema\/logo\/image\/\"},\"sameAs\":[\"https:\/\/www.instagram.com\/legislapp\/\"]}]}<\/script>\n<!-- \/ Yoast SEO plugin. -->","yoast_head_json":{"title":"PL 3726\/2025 - Deputados - Legislapp","robots":{"index":"index","follow":"follow","max-snippet":"max-snippet:-1","max-image-preview":"max-image-preview:large","max-video-preview":"max-video-preview:-1"},"canonical":"https:\/\/www.legislapp.com.br\/index.php\/cam-legislativa-de-mg-pl-3726-2025\/","og_locale":"pt_BR","og_type":"article","og_title":"PL 3726\/2025 - Deputados - Legislapp","og_description":"C\u00e2m. Legislativa de MG &#8211; Autoria de Deputados Declara de utilidade p\u00fablica a Associa\u00e7\u00e3o dos Volunt\u00e1rios do Hospital Imaculada Concei\u00e7\u00e3o &#8211; Avhic -, com sede no Munic\u00edpio de Guanh\u00e3es. Declara de utilidade p\u00fablica a Associa\u00e7\u00e3o dos Volunt\u00e1rios do Hospital Imaculada Concei\u00e7\u00e3o \u2013AVHIC \u2013 com sede no munic\u00edpio de Guanh\u00e3es. A Assembleia Legislativa do Estado de [&hellip;]","og_url":"https:\/\/www.legislapp.com.br\/index.php\/cam-legislativa-de-mg-pl-3726-2025\/","og_site_name":"Legislapp","article_publisher":"https:\/\/www.instagram.com\/legislapp\/","og_image":[{"url":"https:\/\/www.legislapp.com.br\/wp-content\/uploads\/google-play.png","type":"","width":"","height":""}],"twitter_card":"summary_large_image","twitter_misc":{"Est. tempo de leitura":"4 minutos"},"schema":{"@context":"https:\/\/schema.org","@graph":[{"@type":"WebPage","@id":"https:\/\/www.legislapp.com.br\/index.php\/cam-legislativa-de-mg-pl-3726-2025\/","url":"https:\/\/www.legislapp.com.br\/index.php\/cam-legislativa-de-mg-pl-3726-2025\/","name":"PL 3726\/2025 - Deputados - Legislapp","isPartOf":{"@id":"https:\/\/www.legislapp.com.br\/#website"},"primaryImageOfPage":{"@id":"https:\/\/www.legislapp.com.br\/index.php\/cam-legislativa-de-mg-pl-3726-2025\/#primaryimage"},"image":{"@id":"https:\/\/www.legislapp.com.br\/index.php\/cam-legislativa-de-mg-pl-3726-2025\/#primaryimage"},"thumbnailUrl":"https:\/\/www.legislapp.com.br\/wp-content\/uploads\/google-play.png","datePublished":"2025-09-17T16:47:28+00:00","breadcrumb":{"@id":"https:\/\/www.legislapp.com.br\/index.php\/cam-legislativa-de-mg-pl-3726-2025\/#breadcrumb"},"inLanguage":"pt-BR","potentialAction":[{"@type":"ReadAction","target":["https:\/\/www.legislapp.com.br\/index.php\/cam-legislativa-de-mg-pl-3726-2025\/"]}]},{"@type":"ImageObject","inLanguage":"pt-BR","@id":"https:\/\/www.legislapp.com.br\/index.php\/cam-legislativa-de-mg-pl-3726-2025\/#primaryimage","url":"https:\/\/www.legislapp.com.br\/wp-content\/uploads\/google-play.png","contentUrl":"https:\/\/www.legislapp.com.br\/wp-content\/uploads\/google-play.png","width":564,"height":168},{"@type":"BreadcrumbList","@id":"https:\/\/www.legislapp.com.br\/index.php\/cam-legislativa-de-mg-pl-3726-2025\/#breadcrumb","itemListElement":[{"@type":"ListItem","position":1,"name":"In\u00edcio","item":"https:\/\/www.legislapp.com.br\/"},{"@type":"ListItem","position":2,"name":"PL 3726\/2025 &#8211; Deputados"}]},{"@type":"WebSite","@id":"https:\/\/www.legislapp.com.br\/#website","url":"https:\/\/www.legislapp.com.br\/","name":"Legislapp","description":"Intelig\u00eancia governamental em tempo real","publisher":{"@id":"https:\/\/www.legislapp.com.br\/#organization"},"potentialAction":[{"@type":"SearchAction","target":{"@type":"EntryPoint","urlTemplate":"https:\/\/www.legislapp.com.br\/?s={search_term_string}"},"query-input":{"@type":"PropertyValueSpecification","valueRequired":true,"valueName":"search_term_string"}}],"inLanguage":"pt-BR"},{"@type":"Organization","@id":"https:\/\/www.legislapp.com.br\/#organization","name":"Legislapp Monitoramento e Intelig\u00eancia Governamental","url":"https:\/\/www.legislapp.com.br\/","logo":{"@type":"ImageObject","inLanguage":"pt-BR","@id":"https:\/\/www.legislapp.com.br\/#\/schema\/logo\/image\/","url":"https:\/\/www.legislapp.com.br\/wp-content\/uploads\/icon.png","contentUrl":"https:\/\/www.legislapp.com.br\/wp-content\/uploads\/icon.png","width":1024,"height":1024,"caption":"Legislapp Monitoramento e Intelig\u00eancia Governamental"},"image":{"@id":"https:\/\/www.legislapp.com.br\/#\/schema\/logo\/image\/"},"sameAs":["https:\/\/www.instagram.com\/legislapp\/"]}]}},"_links":{"self":[{"href":"https:\/\/www.legislapp.com.br\/index.php\/wp-json\/wp\/v2\/pages\/7735","targetHints":{"allow":["GET"]}}],"collection":[{"href":"https:\/\/www.legislapp.com.br\/index.php\/wp-json\/wp\/v2\/pages"}],"about":[{"href":"https:\/\/www.legislapp.com.br\/index.php\/wp-json\/wp\/v2\/types\/page"}],"author":[{"embeddable":true,"href":"https:\/\/www.legislapp.com.br\/index.php\/wp-json\/wp\/v2\/users\/1"}],"replies":[{"embeddable":true,"href":"https:\/\/www.legislapp.com.br\/index.php\/wp-json\/wp\/v2\/comments?post=7735"}],"version-history":[{"count":0,"href":"https:\/\/www.legislapp.com.br\/index.php\/wp-json\/wp\/v2\/pages\/7735\/revisions"}],"wp:attachment":[{"href":"https:\/\/www.legislapp.com.br\/index.php\/wp-json\/wp\/v2\/media?parent=7735"}],"curies":[{"name":"wp","href":"https:\/\/api.w.org\/{rel}","templated":true}]}}