{"id":7745,"date":"2025-09-17T13:48:06","date_gmt":"2025-09-17T16:48:06","guid":{"rendered":"https:\/\/www.legislapp.com.br\/index.php\/cam-legislativa-de-mg-pl-3730-2025\/"},"modified":"2025-09-17T13:48:06","modified_gmt":"2025-09-17T16:48:06","slug":"cam-legislativa-de-mg-pl-3730-2025","status":"publish","type":"page","link":"https:\/\/www.legislapp.com.br\/index.php\/cam-legislativa-de-mg-pl-3730-2025\/","title":{"rendered":"PL 3730\/2025 &#8211; Deputados"},"content":{"rendered":"<h1 style='text-align: center;'>C\u00e2m. Legislativa de MG &#8211; Autoria de Deputados<\/h3>\n<p><\/p>\n<article style='text-align: center'>Declara de utilidade p\u00fablica a Associa\u00e7\u00e3o Ant\u00f4nio Ribeiro, com sede no<br \/>\nMunic\u00edpio de Ch\u00e1cara.<\/article>\n<p><\/p>\n<p style='text-align: center'><a href='https:\/\/app.legislapp.com.br\/#\/busca?termo='><\/a><\/p>\n<p><\/p>\n<article>Declara de utilidade p\u00fablica a Associa\u00e7\u00e3o Ant\u00f4nio Ribeiro, com sede no Munic\u00edpio de Ch\u00e1cara.<br \/>\nA Assembleia Legislativa do Estado de Minas Gerais decreta:<br \/>\nArt. 1\u00ba \u2013 Fica declarada de utilidade p\u00fablica a Associa\u00e7\u00e3o Ant\u00f4nio Ribeiro, com sede no Munic\u00edpio de Ch\u00e1cara.<br \/>\nArt. 2\u00ba \u2013 Esta lei entra em vigor na data de sua publica\u00e7\u00e3o.<br \/>\nSala das Reuni\u00f5es, 7 de maio de 2025.<br \/>\nChiara Biondini (PP), vice-l\u00edder do Bloco Minas em Frente.<br \/>\nJustifica\u00e7\u00e3o: A Associa\u00e7\u00e3o Ant\u00f4nio Ribeiro, fundada em 1\u00ba de mar\u00e7o de 2021, \u00e9 uma sociedade civil de direito privado, sem fins lucrativos, com dura\u00e7\u00e3o por tempo indeterminado, com sede na Rua Prefeito Francisco de Oliveira Leite, n\u00ba 224, Ch\u00e1cara-MG. Tem por finalidade atuar na preven\u00e7\u00e3o do uso e abuso de \u00e1lcool, tabaco e outras drogas, cuidado, acolhimento e reinser\u00e7\u00e3o social e econ\u00f4mica para pessoas adultas de ambos os sexos, que usam e abusam e\/ou com quadro de depend\u00eancia de \u00e1lcool, tabaco e outras drogas e seus familiares, e na aten\u00e7\u00e3o a crian\u00e7as e adolescentes, tendo, por fim, principal a aten\u00e7\u00e3o a pessoas em situa\u00e7\u00e3o de vulnerabilidade social com objetivos voltados \u00e0 promo\u00e7\u00e3o de atividades e finalidades de relev\u00e2ncia p\u00fablica e social.<br \/>\nReferida Associa\u00e7\u00e3o tem como objetivos voltados para a promo\u00e7\u00e3o de atividades e finalidades de relev\u00e2ncia p\u00fablica e social, buscando especialmente dar atendimento as pessoas adultas de ambos os sexos, voltados \u00e0 promo\u00e7\u00e3o de atividades e finalidades de relev\u00e2ncia p\u00fablica e social, visando:<br \/>\nI \u2013 Organizar, desenvolver e realizar projetos de gera\u00e7\u00e3o de renda e de inclus\u00e3o social;<br \/>\nII \u2013 Atuar no campo de combate a necessidades;<br \/>\nIII \u2013 Minimizar o sofrimento humanos, especialmente das pessoas carentes ou pobres, em raz\u00e3o de v\u00e1rias de suas necessidades b\u00e1sicas e promover o bem estar das pessoas;<br \/>\nIV \u2013 Trabalhar na promo\u00e7\u00e3o humana, tendo em vista a supera\u00e7\u00e3o da mis\u00e9ria, da pobreza e necessidades;<br \/>\nV \u2013 Atuar nas diversas \u00e1reas da vida humana, promovendo a inclus\u00e3o e a integra\u00e7\u00e3o do ser humano na sociedade;<br \/>\nVI \u2013 Celebrar conv\u00eanios com outras entidades, de direito privado ou p\u00fablico, nacionais ou internacionais, com vista ao cumprimento dos objetivos aqui propostos;<br \/>\nVII \u2013 Desenvolver trabalhos voltados para gratuidade e voluntariedade, nas diversas \u00e1reas da vida humana, tendo sempre como finalidade o combate \u00e0 pobreza e o alivio do sofrimento dos pobres e suas necessidades;<br \/>\nVIII \u2013 Atuar na pol\u00edtica de atendimento aos dependentes qu\u00edmicos estabelecendo parcerias e apoios m\u00fatuos para o devido acolhimento e outras a\u00e7\u00f5es visando o apoio \u00e0 pessoa humana;<br \/>\nIX \u2013 Empenhar junto aos servi\u00e7os p\u00fablicos no apoio aos dependentes qu\u00edmicos e outros necessitados no sentido de promover a devida identifica\u00e7\u00e3o e referencialmente dos mesmos;<br \/>\nX \u2013 Promover campanhas para arrecadar doa\u00e7\u00f5es de alimentos, roupas, brinquedos, material escolar, rem\u00e9dios, m\u00f3veis material de constru\u00e7\u00e3o, material el\u00e9trico, material hidr\u00e1ulico, recursos ou qualquer ajuda que as pessoas carentes, dependentes qu\u00edmicos ou outras entidades necessite.<br \/>\nXI \u2013 Desintoxica\u00e7\u00e3o dos excessos de drogas, atrav\u00e9s de terapia ocupacional, abstin\u00eancia e exerc\u00edcios f\u00edsicos;<br \/>\nXII \u2013 Ofertar regime residencial transit\u00f3rio;<br \/>\nXIII \u2013 Recuperar a autoestima;<br \/>\nXVI \u2013 Promover educa\u00e7\u00e3o de base, orienta\u00e7\u00e3o vocacional e forma\u00e7\u00e3o profissional, por sua conta ou em coopera\u00e7\u00e3o com entidades publicas e particulares;<br \/>\nXV \u2013 Promover palestras educativas e de preven\u00e7\u00e3o em escolas e empresas p\u00fablicas e privadas. Entre outras.<br \/>\nPelo exposto, cumpre destacar que a referida Associa\u00e7\u00e3o preenche os requisitos necess\u00e1rios \u00e0 declara\u00e7\u00e3o de utilidade p\u00fablica por estar em funcionamento h\u00e1 mais de um ano, os cargos de sua diretoria n\u00e3o serem remunerados e seus diretores\/dirigentes serem pessoas id\u00f4neas, conforme atestado apresentado, motivo pelo qual conto com o apoio dos meus nobres colegas para aprova\u00e7\u00e3o do projeto de lei.<br \/>\n\u2013 Publicado, vai o projeto \u00e0s Comiss\u00f5es de Justi\u00e7a, para exame preliminar, e de Preven\u00e7\u00e3o e Combate \u00e0s Drogas, para delibera\u00e7\u00e3o, nos termos do art. 188, c\/c o art. 103, inciso I, do Regimento Interno.<\/article>\n<div style=\"text-align: center\">\n<div style=\"margin-bottom: 20px;\" class=\"et_pb_button_module_wrapper et_pb_button_5_tb_body_wrapper et_pb_button_alignment_center et_pb_module \">\n         <a class=\"et_pb_button et_pb_button_5_tb_body et_hover_enabled et_pb_bg_layout_dark\" style=\"width: 50%;background-color: black;\" href=\"https:\/\/app.legislapp.com.br\" target=\"_blank\" rel=\"noopener\">Visualizar completo na nossa plataforma (30 dias gr\u00e1tis)<\/a><\/p><\/div>\n<p>      <a href=\"https:\/\/play.google.com\/store\/apps\/details?id=br.com.legislapp\"><img decoding=\"async\" style=\"width: 15%; min-width: 130px;\" src=\"https:\/\/www.legislapp.com.br\/wp-content\/uploads\/google-play.png\"><\/a><br \/>\n      <a href=\"https:\/\/apps.apple.com\/us\/app\/legislapp\/id1568929859\"><img decoding=\"async\" style=\"width: 15%; min-width: 130px\" src=\"https:\/\/www.legislapp.com.br\/wp-content\/uploads\/apple-store.png\"><\/a>\n   <\/div>\n","protected":false},"excerpt":{"rendered":"<p>C\u00e2m. Legislativa de MG &#8211; Autoria de Deputados Declara de utilidade p\u00fablica a Associa\u00e7\u00e3o Ant\u00f4nio Ribeiro, com sede no Munic\u00edpio de Ch\u00e1cara. Declara de utilidade p\u00fablica a Associa\u00e7\u00e3o Ant\u00f4nio Ribeiro, com sede no Munic\u00edpio de Ch\u00e1cara. A Assembleia Legislativa do Estado de Minas Gerais decreta: Art. 1\u00ba \u2013 Fica declarada de utilidade p\u00fablica a Associa\u00e7\u00e3o [&hellip;]<\/p>\n","protected":false},"author":1,"featured_media":0,"parent":0,"menu_order":0,"comment_status":"closed","ping_status":"closed","template":"page-template-blank.php","meta":{"_et_pb_use_builder":"","_et_pb_old_content":"","_et_gb_content_width":"1080","ngg_post_thumbnail":0,"footnotes":""},"class_list":["post-7745","page","type-page","status-publish","hentry"],"yoast_head":"<!-- This site is optimized with the Yoast SEO plugin v24.4 - https:\/\/yoast.com\/wordpress\/plugins\/seo\/ -->\n<title>PL 3730\/2025 - Deputados - Legislapp<\/title>\n<meta name=\"robots\" content=\"index, follow, max-snippet:-1, max-image-preview:large, max-video-preview:-1\" \/>\n<link rel=\"canonical\" href=\"https:\/\/www.legislapp.com.br\/index.php\/cam-legislativa-de-mg-pl-3730-2025\/\" \/>\n<meta property=\"og:locale\" content=\"pt_BR\" \/>\n<meta property=\"og:type\" content=\"article\" \/>\n<meta property=\"og:title\" content=\"PL 3730\/2025 - Deputados - Legislapp\" \/>\n<meta property=\"og:description\" content=\"C\u00e2m. Legislativa de MG &#8211; Autoria de Deputados Declara de utilidade p\u00fablica a Associa\u00e7\u00e3o Ant\u00f4nio Ribeiro, com sede no Munic\u00edpio de Ch\u00e1cara. Declara de utilidade p\u00fablica a Associa\u00e7\u00e3o Ant\u00f4nio Ribeiro, com sede no Munic\u00edpio de Ch\u00e1cara. A Assembleia Legislativa do Estado de Minas Gerais decreta: Art. 1\u00ba \u2013 Fica declarada de utilidade p\u00fablica a Associa\u00e7\u00e3o [&hellip;]\" \/>\n<meta property=\"og:url\" content=\"https:\/\/www.legislapp.com.br\/index.php\/cam-legislativa-de-mg-pl-3730-2025\/\" \/>\n<meta property=\"og:site_name\" content=\"Legislapp\" \/>\n<meta property=\"article:publisher\" content=\"https:\/\/www.instagram.com\/legislapp\/\" \/>\n<meta property=\"og:image\" content=\"https:\/\/www.legislapp.com.br\/wp-content\/uploads\/google-play.png\" \/>\n<meta name=\"twitter:card\" content=\"summary_large_image\" \/>\n<meta name=\"twitter:label1\" content=\"Est. tempo de leitura\" \/>\n\t<meta name=\"twitter:data1\" content=\"4 minutos\" \/>\n<script type=\"application\/ld+json\" class=\"yoast-schema-graph\">{\"@context\":\"https:\/\/schema.org\",\"@graph\":[{\"@type\":\"WebPage\",\"@id\":\"https:\/\/www.legislapp.com.br\/index.php\/cam-legislativa-de-mg-pl-3730-2025\/\",\"url\":\"https:\/\/www.legislapp.com.br\/index.php\/cam-legislativa-de-mg-pl-3730-2025\/\",\"name\":\"PL 3730\/2025 - Deputados - Legislapp\",\"isPartOf\":{\"@id\":\"https:\/\/www.legislapp.com.br\/#website\"},\"primaryImageOfPage\":{\"@id\":\"https:\/\/www.legislapp.com.br\/index.php\/cam-legislativa-de-mg-pl-3730-2025\/#primaryimage\"},\"image\":{\"@id\":\"https:\/\/www.legislapp.com.br\/index.php\/cam-legislativa-de-mg-pl-3730-2025\/#primaryimage\"},\"thumbnailUrl\":\"https:\/\/www.legislapp.com.br\/wp-content\/uploads\/google-play.png\",\"datePublished\":\"2025-09-17T16:48:06+00:00\",\"breadcrumb\":{\"@id\":\"https:\/\/www.legislapp.com.br\/index.php\/cam-legislativa-de-mg-pl-3730-2025\/#breadcrumb\"},\"inLanguage\":\"pt-BR\",\"potentialAction\":[{\"@type\":\"ReadAction\",\"target\":[\"https:\/\/www.legislapp.com.br\/index.php\/cam-legislativa-de-mg-pl-3730-2025\/\"]}]},{\"@type\":\"ImageObject\",\"inLanguage\":\"pt-BR\",\"@id\":\"https:\/\/www.legislapp.com.br\/index.php\/cam-legislativa-de-mg-pl-3730-2025\/#primaryimage\",\"url\":\"https:\/\/www.legislapp.com.br\/wp-content\/uploads\/google-play.png\",\"contentUrl\":\"https:\/\/www.legislapp.com.br\/wp-content\/uploads\/google-play.png\",\"width\":564,\"height\":168},{\"@type\":\"BreadcrumbList\",\"@id\":\"https:\/\/www.legislapp.com.br\/index.php\/cam-legislativa-de-mg-pl-3730-2025\/#breadcrumb\",\"itemListElement\":[{\"@type\":\"ListItem\",\"position\":1,\"name\":\"In\u00edcio\",\"item\":\"https:\/\/www.legislapp.com.br\/\"},{\"@type\":\"ListItem\",\"position\":2,\"name\":\"PL 3730\/2025 &#8211; Deputados\"}]},{\"@type\":\"WebSite\",\"@id\":\"https:\/\/www.legislapp.com.br\/#website\",\"url\":\"https:\/\/www.legislapp.com.br\/\",\"name\":\"Legislapp\",\"description\":\"Intelig\u00eancia governamental em tempo real\",\"publisher\":{\"@id\":\"https:\/\/www.legislapp.com.br\/#organization\"},\"potentialAction\":[{\"@type\":\"SearchAction\",\"target\":{\"@type\":\"EntryPoint\",\"urlTemplate\":\"https:\/\/www.legislapp.com.br\/?s={search_term_string}\"},\"query-input\":{\"@type\":\"PropertyValueSpecification\",\"valueRequired\":true,\"valueName\":\"search_term_string\"}}],\"inLanguage\":\"pt-BR\"},{\"@type\":\"Organization\",\"@id\":\"https:\/\/www.legislapp.com.br\/#organization\",\"name\":\"Legislapp Monitoramento e Intelig\u00eancia Governamental\",\"url\":\"https:\/\/www.legislapp.com.br\/\",\"logo\":{\"@type\":\"ImageObject\",\"inLanguage\":\"pt-BR\",\"@id\":\"https:\/\/www.legislapp.com.br\/#\/schema\/logo\/image\/\",\"url\":\"https:\/\/www.legislapp.com.br\/wp-content\/uploads\/icon.png\",\"contentUrl\":\"https:\/\/www.legislapp.com.br\/wp-content\/uploads\/icon.png\",\"width\":1024,\"height\":1024,\"caption\":\"Legislapp Monitoramento e Intelig\u00eancia Governamental\"},\"image\":{\"@id\":\"https:\/\/www.legislapp.com.br\/#\/schema\/logo\/image\/\"},\"sameAs\":[\"https:\/\/www.instagram.com\/legislapp\/\"]}]}<\/script>\n<!-- \/ Yoast SEO plugin. -->","yoast_head_json":{"title":"PL 3730\/2025 - Deputados - Legislapp","robots":{"index":"index","follow":"follow","max-snippet":"max-snippet:-1","max-image-preview":"max-image-preview:large","max-video-preview":"max-video-preview:-1"},"canonical":"https:\/\/www.legislapp.com.br\/index.php\/cam-legislativa-de-mg-pl-3730-2025\/","og_locale":"pt_BR","og_type":"article","og_title":"PL 3730\/2025 - Deputados - Legislapp","og_description":"C\u00e2m. Legislativa de MG &#8211; Autoria de Deputados Declara de utilidade p\u00fablica a Associa\u00e7\u00e3o Ant\u00f4nio Ribeiro, com sede no Munic\u00edpio de Ch\u00e1cara. Declara de utilidade p\u00fablica a Associa\u00e7\u00e3o Ant\u00f4nio Ribeiro, com sede no Munic\u00edpio de Ch\u00e1cara. A Assembleia Legislativa do Estado de Minas Gerais decreta: Art. 1\u00ba \u2013 Fica declarada de utilidade p\u00fablica a Associa\u00e7\u00e3o [&hellip;]","og_url":"https:\/\/www.legislapp.com.br\/index.php\/cam-legislativa-de-mg-pl-3730-2025\/","og_site_name":"Legislapp","article_publisher":"https:\/\/www.instagram.com\/legislapp\/","og_image":[{"url":"https:\/\/www.legislapp.com.br\/wp-content\/uploads\/google-play.png","type":"","width":"","height":""}],"twitter_card":"summary_large_image","twitter_misc":{"Est. tempo de leitura":"4 minutos"},"schema":{"@context":"https:\/\/schema.org","@graph":[{"@type":"WebPage","@id":"https:\/\/www.legislapp.com.br\/index.php\/cam-legislativa-de-mg-pl-3730-2025\/","url":"https:\/\/www.legislapp.com.br\/index.php\/cam-legislativa-de-mg-pl-3730-2025\/","name":"PL 3730\/2025 - Deputados - Legislapp","isPartOf":{"@id":"https:\/\/www.legislapp.com.br\/#website"},"primaryImageOfPage":{"@id":"https:\/\/www.legislapp.com.br\/index.php\/cam-legislativa-de-mg-pl-3730-2025\/#primaryimage"},"image":{"@id":"https:\/\/www.legislapp.com.br\/index.php\/cam-legislativa-de-mg-pl-3730-2025\/#primaryimage"},"thumbnailUrl":"https:\/\/www.legislapp.com.br\/wp-content\/uploads\/google-play.png","datePublished":"2025-09-17T16:48:06+00:00","breadcrumb":{"@id":"https:\/\/www.legislapp.com.br\/index.php\/cam-legislativa-de-mg-pl-3730-2025\/#breadcrumb"},"inLanguage":"pt-BR","potentialAction":[{"@type":"ReadAction","target":["https:\/\/www.legislapp.com.br\/index.php\/cam-legislativa-de-mg-pl-3730-2025\/"]}]},{"@type":"ImageObject","inLanguage":"pt-BR","@id":"https:\/\/www.legislapp.com.br\/index.php\/cam-legislativa-de-mg-pl-3730-2025\/#primaryimage","url":"https:\/\/www.legislapp.com.br\/wp-content\/uploads\/google-play.png","contentUrl":"https:\/\/www.legislapp.com.br\/wp-content\/uploads\/google-play.png","width":564,"height":168},{"@type":"BreadcrumbList","@id":"https:\/\/www.legislapp.com.br\/index.php\/cam-legislativa-de-mg-pl-3730-2025\/#breadcrumb","itemListElement":[{"@type":"ListItem","position":1,"name":"In\u00edcio","item":"https:\/\/www.legislapp.com.br\/"},{"@type":"ListItem","position":2,"name":"PL 3730\/2025 &#8211; Deputados"}]},{"@type":"WebSite","@id":"https:\/\/www.legislapp.com.br\/#website","url":"https:\/\/www.legislapp.com.br\/","name":"Legislapp","description":"Intelig\u00eancia governamental em tempo real","publisher":{"@id":"https:\/\/www.legislapp.com.br\/#organization"},"potentialAction":[{"@type":"SearchAction","target":{"@type":"EntryPoint","urlTemplate":"https:\/\/www.legislapp.com.br\/?s={search_term_string}"},"query-input":{"@type":"PropertyValueSpecification","valueRequired":true,"valueName":"search_term_string"}}],"inLanguage":"pt-BR"},{"@type":"Organization","@id":"https:\/\/www.legislapp.com.br\/#organization","name":"Legislapp Monitoramento e Intelig\u00eancia Governamental","url":"https:\/\/www.legislapp.com.br\/","logo":{"@type":"ImageObject","inLanguage":"pt-BR","@id":"https:\/\/www.legislapp.com.br\/#\/schema\/logo\/image\/","url":"https:\/\/www.legislapp.com.br\/wp-content\/uploads\/icon.png","contentUrl":"https:\/\/www.legislapp.com.br\/wp-content\/uploads\/icon.png","width":1024,"height":1024,"caption":"Legislapp Monitoramento e Intelig\u00eancia Governamental"},"image":{"@id":"https:\/\/www.legislapp.com.br\/#\/schema\/logo\/image\/"},"sameAs":["https:\/\/www.instagram.com\/legislapp\/"]}]}},"_links":{"self":[{"href":"https:\/\/www.legislapp.com.br\/index.php\/wp-json\/wp\/v2\/pages\/7745","targetHints":{"allow":["GET"]}}],"collection":[{"href":"https:\/\/www.legislapp.com.br\/index.php\/wp-json\/wp\/v2\/pages"}],"about":[{"href":"https:\/\/www.legislapp.com.br\/index.php\/wp-json\/wp\/v2\/types\/page"}],"author":[{"embeddable":true,"href":"https:\/\/www.legislapp.com.br\/index.php\/wp-json\/wp\/v2\/users\/1"}],"replies":[{"embeddable":true,"href":"https:\/\/www.legislapp.com.br\/index.php\/wp-json\/wp\/v2\/comments?post=7745"}],"version-history":[{"count":0,"href":"https:\/\/www.legislapp.com.br\/index.php\/wp-json\/wp\/v2\/pages\/7745\/revisions"}],"wp:attachment":[{"href":"https:\/\/www.legislapp.com.br\/index.php\/wp-json\/wp\/v2\/media?parent=7745"}],"curies":[{"name":"wp","href":"https:\/\/api.w.org\/{rel}","templated":true}]}}