{"id":7762,"date":"2025-09-17T13:49:02","date_gmt":"2025-09-17T16:49:02","guid":{"rendered":"https:\/\/www.legislapp.com.br\/index.php\/cam-legislativa-de-sc-pl-0274-2025\/"},"modified":"2025-09-17T13:49:02","modified_gmt":"2025-09-17T16:49:02","slug":"cam-legislativa-de-sc-pl-0274-2025","status":"publish","type":"page","link":"https:\/\/www.legislapp.com.br\/index.php\/cam-legislativa-de-sc-pl-0274-2025\/","title":{"rendered":"PL.\/0274\/2025 &#8211; Thiago Morastoni"},"content":{"rendered":"<h1 style='text-align: center;'>C\u00e2m. Legislativa de SC &#8211; Autoria de Thiago Morastoni<\/h3>\n<p><\/p>\n<article style='text-align: center'>Institui, no \u00e2mbito do Estado de Santa Catarina, o Programa Estadual de Simula\u00e7\u00e3o de Resposta a Desastres e Evacua\u00e7\u00e3o de \u00c1reas de Risco, e d\u00e1 outras provid\u00eancias.<\/article>\n<p><\/p>\n<p style='text-align: center'><a href='https:\/\/app.legislapp.com.br\/#\/busca?termo='><\/a><\/p>\n<p><\/p>\n<article>ASSEMBLEIA LEGISLATIVA GABINETE DEPUTADO<br \/>\nESTADO DE SANTA CATARINA THIAGO MORASTONI<\/p>\n<p>PROJETO DE LEI<\/p>\n<p>Institui, no \u00e2mbito do Estado de Santa Catarina, o Programa<br \/>\nEstadual de Simula\u00e7\u00e3o de Resposta a Desastres e<br \/>\nEvacua\u00e7\u00e3o de \u00c1reas de Risco, e d\u00e1 outras provid\u00eancias.<\/p>\n<p>Art. 1\u00ba Fica institu\u00eddo, no \u00e2mbito do Estado de Santa<br \/>\nCatarina, o Programa Estadual de Simula\u00e7\u00e3o de Resposta a Desastres e Evacua\u00e7\u00e3o de<br \/>\n\u00c1reas de Risco, com o objetivo de fortalecer a cultura de preven\u00e7\u00e3o, modernizar<br \/>\nprotocolos de atua\u00e7\u00e3o, testar sistemas de comunica\u00e7\u00e3o e ampliar a capacidade de<br \/>\nresposta a emerg\u00eancias decorrentes de eventos clim\u00e1ticos extremos.<\/p>\n<p>Art. 2\u00ba O Programa referido no art. 1\u00ba ser\u00e1 coordenado pela<br \/>\nSecretaria de Estado da Prote\u00e7\u00e3o e Defesa Civil (SDC), com participa\u00e7\u00e3o ativa da<br \/>\nestrutura do Sistema Estadual de Prote\u00e7\u00e3o e Defesa Civil (SIEPDEC), institu\u00eddo pela<br \/>\nLei n\u00ba 15.953, de 07 de janeiro de 2013, bem como de \u00f3rg\u00e3os e entidades da<br \/>\nadministra\u00e7\u00e3o p\u00fablica estadual e municipal, e de institui\u00e7\u00f5es federais, quando<br \/>\nnecess\u00e1rio.<\/p>\n<p>Art. 3\u00ba S\u00e3o diretrizes do Programa Estadual de Simula\u00e7\u00e3o de<br \/>\nResposta a Desastres e Evacua\u00e7\u00e3o de \u00c1reas de Risco:  <\/p>\n<p>I \u2013 a realiza\u00e7\u00e3o peri\u00f3dica de exerc\u00edcios simulados de<br \/>\nevacua\u00e7\u00e3o em \u00e1reas vulner\u00e1veis a enchentes, deslizamentos, tornados, entre outros<br \/>\neventos clim\u00e1ticos extremos;  <\/p>\n<p>II \u2013 a instala\u00e7\u00e3o tempor\u00e1ria de abrigos e estruturas de apoio<br \/>\nlog\u00edstico e humanit\u00e1rio durante os exerc\u00edcios simulados;  <\/p>\n<p>III \u2013 a capacita\u00e7\u00e3o e mobiliza\u00e7\u00e3o da popula\u00e7\u00e3o residente em<br \/>\n\u00e1reas de risco, especialmente quanto aos procedimentos de seguran\u00e7a e rotas de fuga;<\/p>\n<p>IV \u2013 a integra\u00e7\u00e3o entre os sistemas municipais, regionais e<br \/>\nestadual de Prote\u00e7\u00e3o e Defesa Civil, bem como com os demais \u00f3rg\u00e3os de resposta<br \/>\nemergencial;  <\/p>\n<p>V \u2013 a revis\u00e3o e atualiza\u00e7\u00e3o dos protocolos de emerg\u00eancia;  <\/p>\n<p>VI \u2013 a coleta de dados e a identifica\u00e7\u00e3o de lacunas<br \/>\noperacionais em tempo real;  <\/p>\n<p>VII \u2013 a produ\u00e7\u00e3o e distribui\u00e7\u00e3o de materiais educativos<br \/>\nvoltados \u00e0 preven\u00e7\u00e3o de desastres.<\/p>\n<p>Art. 4\u00ba Os simulados poder\u00e3o ser realizados sem aviso pr\u00e9vio<br \/>\n\u00e0 popula\u00e7\u00e3o residente nas \u00e1reas abrangidas, desde que garantidos os direitos<br \/>\nfundamentais e respeitadas as condi\u00e7\u00f5es m\u00ednimas de seguran\u00e7a dos participantes.<\/p>\n<p>Art. 5\u00ba A participa\u00e7\u00e3o de volunt\u00e1rios e da comunidade escolar<br \/>\nser\u00e1 incentivada como forma de fortalecer a consci\u00eancia coletiva e a prepara\u00e7\u00e3o da<br \/>\nsociedade para situa\u00e7\u00f5es de emerg\u00eancia.<br \/>\n Art. 6\u00ba As despesas decorrentes da execu\u00e7\u00e3o desta Lei<br \/>\ncorrer\u00e3o por conta das dota\u00e7\u00f5es or\u00e7ament\u00e1rias pr\u00f3prias, podendo ser suplementadas<br \/>\nse necess\u00e1rio.  <\/p>\n<p>Art. 7\u00ba Esta Lei entra em vigor na data de sua publica\u00e7\u00e3o.<\/p>\n<p>Sala da Sess\u00f5es,     <\/p>\n<p>Deputado THIAGO MORASTONI<br \/>\n JUSTIFICA\u00c7\u00c3O<\/p>\n<p>O presente Projeto de Lei visa instituir o Programa Estadual de Simula\u00e7\u00e3o de Resposta<br \/>\na Desastres e Evacua\u00e7\u00e3o de \u00c1reas de Risco, tendo como premissa a necessidade de<br \/>\nfortalecimento da cultura de preven\u00e7\u00e3o no Estado de Santa Catarina, historicamente<br \/>\nafetado por eventos clim\u00e1ticos extremos como enchentes, deslizamentos e tornados.<\/p>\n<p>A proposta encontra amparo no art. 71, inciso III, da Constitui\u00e7\u00e3o do Estado de Santa<br \/>\nCatarina, que autoriza os parlamentares a apresentar proposi\u00e7\u00f5es que versem sobre a<br \/>\norganiza\u00e7\u00e3o e o funcionamento dos servi\u00e7os p\u00fablicos, notadamente os voltados \u00e0<br \/>\nseguran\u00e7a da popula\u00e7\u00e3o.<\/p>\n<p>A iniciativa reflete pr\u00e1ticas j\u00e1 em desenvolvimento pela Secretaria de Estado da<br \/>\nProte\u00e7\u00e3o e Defesa Civil (SDC), especialmente diante da realiza\u00e7\u00e3o, no dia 18 de maio<br \/>\nde 2025, do maior exerc\u00edcio coordenado de evacua\u00e7\u00e3o e resposta a emerg\u00eancias j\u00e1<br \/>\nrealizado no pa\u00eds, envolvendo cerca de 240 mil pessoas em diversas regi\u00f5es<br \/>\ncatarinenses.<\/p>\n<p>Ao transformar essa pr\u00e1tica em pol\u00edtica p\u00fablica permanente, busca-se modernizar os<br \/>\nprotocolos de atua\u00e7\u00e3o, ampliar a capacidade de resposta do Estado e garantir que a<br \/>\npopula\u00e7\u00e3o, especialmente as comunidades em \u00e1reas de risco, esteja preparada para<br \/>\nlidar com situa\u00e7\u00f5es de emerg\u00eancia, reduzindo riscos e salvando vidas.<\/p>\n<p>Por tais raz\u00f5es, conto com o apoio dos nobres pares para a aprova\u00e7\u00e3o deste projeto.<br \/>\nELEGIS<br \/>\nDocumento assinado eletronicamente por Thiago da Silva<br \/>\nSistema de Processo<br \/>\nMorastoni, em 21\/05\/2025, \u00e0s 12:33.<br \/>\nLegislativo Eletr\u00f4nico<\/article>\n<div style=\"text-align: center\">\n<div style=\"margin-bottom: 20px;\" class=\"et_pb_button_module_wrapper et_pb_button_5_tb_body_wrapper et_pb_button_alignment_center et_pb_module \">\n         <a class=\"et_pb_button et_pb_button_5_tb_body et_hover_enabled et_pb_bg_layout_dark\" style=\"width: 50%;background-color: black;\" href=\"https:\/\/app.legislapp.com.br\" target=\"_blank\" rel=\"noopener\">Visualizar completo na nossa plataforma (30 dias gr\u00e1tis)<\/a><\/p><\/div>\n<p>      <a href=\"https:\/\/play.google.com\/store\/apps\/details?id=br.com.legislapp\"><img decoding=\"async\" style=\"width: 15%; min-width: 130px;\" src=\"https:\/\/www.legislapp.com.br\/wp-content\/uploads\/google-play.png\"><\/a><br \/>\n      <a href=\"https:\/\/apps.apple.com\/us\/app\/legislapp\/id1568929859\"><img decoding=\"async\" style=\"width: 15%; min-width: 130px\" src=\"https:\/\/www.legislapp.com.br\/wp-content\/uploads\/apple-store.png\"><\/a>\n   <\/div>\n","protected":false},"excerpt":{"rendered":"<p>C\u00e2m. Legislativa de SC &#8211; Autoria de Thiago Morastoni Institui, no \u00e2mbito do Estado de Santa Catarina, o Programa Estadual de Simula\u00e7\u00e3o de Resposta a Desastres e Evacua\u00e7\u00e3o de \u00c1reas de Risco, e d\u00e1 outras provid\u00eancias. ASSEMBLEIA LEGISLATIVA GABINETE DEPUTADO ESTADO DE SANTA CATARINA THIAGO MORASTONI PROJETO DE LEI Institui, no \u00e2mbito do Estado de [&hellip;]<\/p>\n","protected":false},"author":1,"featured_media":0,"parent":0,"menu_order":0,"comment_status":"closed","ping_status":"closed","template":"page-template-blank.php","meta":{"_et_pb_use_builder":"","_et_pb_old_content":"","_et_gb_content_width":"1080","ngg_post_thumbnail":0,"footnotes":""},"class_list":["post-7762","page","type-page","status-publish","hentry"],"yoast_head":"<!-- This site is optimized with the Yoast SEO plugin v24.4 - https:\/\/yoast.com\/wordpress\/plugins\/seo\/ -->\n<title>PL.\/0274\/2025 - Thiago Morastoni - Legislapp<\/title>\n<meta name=\"robots\" content=\"index, follow, max-snippet:-1, max-image-preview:large, max-video-preview:-1\" \/>\n<link rel=\"canonical\" href=\"https:\/\/www.legislapp.com.br\/index.php\/cam-legislativa-de-sc-pl-0274-2025\/\" \/>\n<meta property=\"og:locale\" content=\"pt_BR\" \/>\n<meta property=\"og:type\" content=\"article\" \/>\n<meta property=\"og:title\" content=\"PL.\/0274\/2025 - Thiago Morastoni - Legislapp\" \/>\n<meta property=\"og:description\" content=\"C\u00e2m. Legislativa de SC &#8211; Autoria de Thiago Morastoni Institui, no \u00e2mbito do Estado de Santa Catarina, o Programa Estadual de Simula\u00e7\u00e3o de Resposta a Desastres e Evacua\u00e7\u00e3o de \u00c1reas de Risco, e d\u00e1 outras provid\u00eancias. ASSEMBLEIA LEGISLATIVA GABINETE DEPUTADO ESTADO DE SANTA CATARINA THIAGO MORASTONI PROJETO DE LEI Institui, no \u00e2mbito do Estado de [&hellip;]\" \/>\n<meta property=\"og:url\" content=\"https:\/\/www.legislapp.com.br\/index.php\/cam-legislativa-de-sc-pl-0274-2025\/\" \/>\n<meta property=\"og:site_name\" content=\"Legislapp\" \/>\n<meta property=\"article:publisher\" content=\"https:\/\/www.instagram.com\/legislapp\/\" \/>\n<meta property=\"og:image\" content=\"https:\/\/www.legislapp.com.br\/wp-content\/uploads\/google-play.png\" \/>\n<meta name=\"twitter:card\" content=\"summary_large_image\" \/>\n<meta name=\"twitter:label1\" content=\"Est. tempo de leitura\" \/>\n\t<meta name=\"twitter:data1\" content=\"4 minutos\" \/>\n<script type=\"application\/ld+json\" class=\"yoast-schema-graph\">{\"@context\":\"https:\/\/schema.org\",\"@graph\":[{\"@type\":\"WebPage\",\"@id\":\"https:\/\/www.legislapp.com.br\/index.php\/cam-legislativa-de-sc-pl-0274-2025\/\",\"url\":\"https:\/\/www.legislapp.com.br\/index.php\/cam-legislativa-de-sc-pl-0274-2025\/\",\"name\":\"PL.\/0274\/2025 - Thiago Morastoni - Legislapp\",\"isPartOf\":{\"@id\":\"https:\/\/www.legislapp.com.br\/#website\"},\"primaryImageOfPage\":{\"@id\":\"https:\/\/www.legislapp.com.br\/index.php\/cam-legislativa-de-sc-pl-0274-2025\/#primaryimage\"},\"image\":{\"@id\":\"https:\/\/www.legislapp.com.br\/index.php\/cam-legislativa-de-sc-pl-0274-2025\/#primaryimage\"},\"thumbnailUrl\":\"https:\/\/www.legislapp.com.br\/wp-content\/uploads\/google-play.png\",\"datePublished\":\"2025-09-17T16:49:02+00:00\",\"breadcrumb\":{\"@id\":\"https:\/\/www.legislapp.com.br\/index.php\/cam-legislativa-de-sc-pl-0274-2025\/#breadcrumb\"},\"inLanguage\":\"pt-BR\",\"potentialAction\":[{\"@type\":\"ReadAction\",\"target\":[\"https:\/\/www.legislapp.com.br\/index.php\/cam-legislativa-de-sc-pl-0274-2025\/\"]}]},{\"@type\":\"ImageObject\",\"inLanguage\":\"pt-BR\",\"@id\":\"https:\/\/www.legislapp.com.br\/index.php\/cam-legislativa-de-sc-pl-0274-2025\/#primaryimage\",\"url\":\"https:\/\/www.legislapp.com.br\/wp-content\/uploads\/google-play.png\",\"contentUrl\":\"https:\/\/www.legislapp.com.br\/wp-content\/uploads\/google-play.png\",\"width\":564,\"height\":168},{\"@type\":\"BreadcrumbList\",\"@id\":\"https:\/\/www.legislapp.com.br\/index.php\/cam-legislativa-de-sc-pl-0274-2025\/#breadcrumb\",\"itemListElement\":[{\"@type\":\"ListItem\",\"position\":1,\"name\":\"In\u00edcio\",\"item\":\"https:\/\/www.legislapp.com.br\/\"},{\"@type\":\"ListItem\",\"position\":2,\"name\":\"PL.\/0274\/2025 &#8211; Thiago Morastoni\"}]},{\"@type\":\"WebSite\",\"@id\":\"https:\/\/www.legislapp.com.br\/#website\",\"url\":\"https:\/\/www.legislapp.com.br\/\",\"name\":\"Legislapp\",\"description\":\"Intelig\u00eancia governamental em tempo real\",\"publisher\":{\"@id\":\"https:\/\/www.legislapp.com.br\/#organization\"},\"potentialAction\":[{\"@type\":\"SearchAction\",\"target\":{\"@type\":\"EntryPoint\",\"urlTemplate\":\"https:\/\/www.legislapp.com.br\/?s={search_term_string}\"},\"query-input\":{\"@type\":\"PropertyValueSpecification\",\"valueRequired\":true,\"valueName\":\"search_term_string\"}}],\"inLanguage\":\"pt-BR\"},{\"@type\":\"Organization\",\"@id\":\"https:\/\/www.legislapp.com.br\/#organization\",\"name\":\"Legislapp Monitoramento e Intelig\u00eancia Governamental\",\"url\":\"https:\/\/www.legislapp.com.br\/\",\"logo\":{\"@type\":\"ImageObject\",\"inLanguage\":\"pt-BR\",\"@id\":\"https:\/\/www.legislapp.com.br\/#\/schema\/logo\/image\/\",\"url\":\"https:\/\/www.legislapp.com.br\/wp-content\/uploads\/icon.png\",\"contentUrl\":\"https:\/\/www.legislapp.com.br\/wp-content\/uploads\/icon.png\",\"width\":1024,\"height\":1024,\"caption\":\"Legislapp Monitoramento e Intelig\u00eancia Governamental\"},\"image\":{\"@id\":\"https:\/\/www.legislapp.com.br\/#\/schema\/logo\/image\/\"},\"sameAs\":[\"https:\/\/www.instagram.com\/legislapp\/\"]}]}<\/script>\n<!-- \/ Yoast SEO plugin. -->","yoast_head_json":{"title":"PL.\/0274\/2025 - Thiago Morastoni - Legislapp","robots":{"index":"index","follow":"follow","max-snippet":"max-snippet:-1","max-image-preview":"max-image-preview:large","max-video-preview":"max-video-preview:-1"},"canonical":"https:\/\/www.legislapp.com.br\/index.php\/cam-legislativa-de-sc-pl-0274-2025\/","og_locale":"pt_BR","og_type":"article","og_title":"PL.\/0274\/2025 - Thiago Morastoni - Legislapp","og_description":"C\u00e2m. Legislativa de SC &#8211; Autoria de Thiago Morastoni Institui, no \u00e2mbito do Estado de Santa Catarina, o Programa Estadual de Simula\u00e7\u00e3o de Resposta a Desastres e Evacua\u00e7\u00e3o de \u00c1reas de Risco, e d\u00e1 outras provid\u00eancias. ASSEMBLEIA LEGISLATIVA GABINETE DEPUTADO ESTADO DE SANTA CATARINA THIAGO MORASTONI PROJETO DE LEI Institui, no \u00e2mbito do Estado de [&hellip;]","og_url":"https:\/\/www.legislapp.com.br\/index.php\/cam-legislativa-de-sc-pl-0274-2025\/","og_site_name":"Legislapp","article_publisher":"https:\/\/www.instagram.com\/legislapp\/","og_image":[{"url":"https:\/\/www.legislapp.com.br\/wp-content\/uploads\/google-play.png","type":"","width":"","height":""}],"twitter_card":"summary_large_image","twitter_misc":{"Est. tempo de leitura":"4 minutos"},"schema":{"@context":"https:\/\/schema.org","@graph":[{"@type":"WebPage","@id":"https:\/\/www.legislapp.com.br\/index.php\/cam-legislativa-de-sc-pl-0274-2025\/","url":"https:\/\/www.legislapp.com.br\/index.php\/cam-legislativa-de-sc-pl-0274-2025\/","name":"PL.\/0274\/2025 - Thiago Morastoni - Legislapp","isPartOf":{"@id":"https:\/\/www.legislapp.com.br\/#website"},"primaryImageOfPage":{"@id":"https:\/\/www.legislapp.com.br\/index.php\/cam-legislativa-de-sc-pl-0274-2025\/#primaryimage"},"image":{"@id":"https:\/\/www.legislapp.com.br\/index.php\/cam-legislativa-de-sc-pl-0274-2025\/#primaryimage"},"thumbnailUrl":"https:\/\/www.legislapp.com.br\/wp-content\/uploads\/google-play.png","datePublished":"2025-09-17T16:49:02+00:00","breadcrumb":{"@id":"https:\/\/www.legislapp.com.br\/index.php\/cam-legislativa-de-sc-pl-0274-2025\/#breadcrumb"},"inLanguage":"pt-BR","potentialAction":[{"@type":"ReadAction","target":["https:\/\/www.legislapp.com.br\/index.php\/cam-legislativa-de-sc-pl-0274-2025\/"]}]},{"@type":"ImageObject","inLanguage":"pt-BR","@id":"https:\/\/www.legislapp.com.br\/index.php\/cam-legislativa-de-sc-pl-0274-2025\/#primaryimage","url":"https:\/\/www.legislapp.com.br\/wp-content\/uploads\/google-play.png","contentUrl":"https:\/\/www.legislapp.com.br\/wp-content\/uploads\/google-play.png","width":564,"height":168},{"@type":"BreadcrumbList","@id":"https:\/\/www.legislapp.com.br\/index.php\/cam-legislativa-de-sc-pl-0274-2025\/#breadcrumb","itemListElement":[{"@type":"ListItem","position":1,"name":"In\u00edcio","item":"https:\/\/www.legislapp.com.br\/"},{"@type":"ListItem","position":2,"name":"PL.\/0274\/2025 &#8211; Thiago Morastoni"}]},{"@type":"WebSite","@id":"https:\/\/www.legislapp.com.br\/#website","url":"https:\/\/www.legislapp.com.br\/","name":"Legislapp","description":"Intelig\u00eancia governamental em tempo real","publisher":{"@id":"https:\/\/www.legislapp.com.br\/#organization"},"potentialAction":[{"@type":"SearchAction","target":{"@type":"EntryPoint","urlTemplate":"https:\/\/www.legislapp.com.br\/?s={search_term_string}"},"query-input":{"@type":"PropertyValueSpecification","valueRequired":true,"valueName":"search_term_string"}}],"inLanguage":"pt-BR"},{"@type":"Organization","@id":"https:\/\/www.legislapp.com.br\/#organization","name":"Legislapp Monitoramento e Intelig\u00eancia Governamental","url":"https:\/\/www.legislapp.com.br\/","logo":{"@type":"ImageObject","inLanguage":"pt-BR","@id":"https:\/\/www.legislapp.com.br\/#\/schema\/logo\/image\/","url":"https:\/\/www.legislapp.com.br\/wp-content\/uploads\/icon.png","contentUrl":"https:\/\/www.legislapp.com.br\/wp-content\/uploads\/icon.png","width":1024,"height":1024,"caption":"Legislapp Monitoramento e Intelig\u00eancia Governamental"},"image":{"@id":"https:\/\/www.legislapp.com.br\/#\/schema\/logo\/image\/"},"sameAs":["https:\/\/www.instagram.com\/legislapp\/"]}]}},"_links":{"self":[{"href":"https:\/\/www.legislapp.com.br\/index.php\/wp-json\/wp\/v2\/pages\/7762","targetHints":{"allow":["GET"]}}],"collection":[{"href":"https:\/\/www.legislapp.com.br\/index.php\/wp-json\/wp\/v2\/pages"}],"about":[{"href":"https:\/\/www.legislapp.com.br\/index.php\/wp-json\/wp\/v2\/types\/page"}],"author":[{"embeddable":true,"href":"https:\/\/www.legislapp.com.br\/index.php\/wp-json\/wp\/v2\/users\/1"}],"replies":[{"embeddable":true,"href":"https:\/\/www.legislapp.com.br\/index.php\/wp-json\/wp\/v2\/comments?post=7762"}],"version-history":[{"count":0,"href":"https:\/\/www.legislapp.com.br\/index.php\/wp-json\/wp\/v2\/pages\/7762\/revisions"}],"wp:attachment":[{"href":"https:\/\/www.legislapp.com.br\/index.php\/wp-json\/wp\/v2\/media?parent=7762"}],"curies":[{"name":"wp","href":"https:\/\/api.w.org\/{rel}","templated":true}]}}