{"id":7768,"date":"2025-09-17T13:49:21","date_gmt":"2025-09-17T16:49:21","guid":{"rendered":"https:\/\/www.legislapp.com.br\/index.php\/cam-legislativa-de-sc-pl-0275-2025\/"},"modified":"2025-09-17T13:49:21","modified_gmt":"2025-09-17T16:49:21","slug":"cam-legislativa-de-sc-pl-0275-2025","status":"publish","type":"page","link":"https:\/\/www.legislapp.com.br\/index.php\/cam-legislativa-de-sc-pl-0275-2025\/","title":{"rendered":"PL.\/0275\/2025 &#8211; Thiago Morastoni"},"content":{"rendered":"<h1 style='text-align: center;'>C\u00e2m. Legislativa de SC &#8211; Autoria de Thiago Morastoni<\/h3>\n<p><\/p>\n<article style='text-align: center'>Inclui, no calend\u00e1rio oficial de eventos do Estado de Santa Catarina, o &#8220;Dia da Prote\u00e7\u00e3o e Defesa Civil&#8221;, e altera o Anexo \u00danico da Lei n\u00ba 18.531, de 2022, que consolida as leis que instituem datas e eventos alusivos no \u00e2mbito do Estado de Santa Catarina e estabelece o Calend\u00e1rio Oficial do Estado para incluir referida data no Calend\u00e1rio Oficial do Estado de Santa Catarina.<\/article>\n<p><\/p>\n<p style='text-align: center'><a href='https:\/\/app.legislapp.com.br\/#\/busca?termo='><\/a><\/p>\n<p><\/p>\n<article>ASSEMBLEIA LEGISLATIVA GABINETE DEPUTADO<br \/>\nESTADO DE SANTA CATARINA THIAGO MORASTONI<\/p>\n<p>PROJETO DE LEI<\/p>\n<p>Inclui, no calend\u00e1rio oficial de eventos do Estado de Santa<br \/>\nCatarina, o \u201cDia da Prote\u00e7\u00e3o e Defesa Civil\u201d, e altera o Anexo<br \/>\n\u00danico da Lei n\u00ba 18.531, de 2022, que consolida as leis que<br \/>\ninstituem datas e eventos alusivos no \u00e2mbito do Estado de<br \/>\nSanta Catarina e estabelece o Calend\u00e1rio Oficial do Estado<br \/>\npara incluir referida data no Calend\u00e1rio Oficial do Estado de<br \/>\nSanta Catarina.<\/p>\n<p>Art. 1\u00ba Fica inclu\u00eddo no calend\u00e1rio oficial de eventos do<br \/>\nEstado de Santa Catarina o \u201cDia da Prote\u00e7\u00e3o e Defesa Civil\u201d, a ser celebrado,<br \/>\nanualmente, no dia 18 de maio, durante o m\u00eas de conscientiza\u00e7\u00e3o denominado Maio<br \/>\nLaranja.<\/p>\n<p>Art. 2\u00ba O Anexo \u00danico da Lei n\u00ba 18.531, de 5 de dezembro de<br \/>\n2022, passa a vigorar com a altera\u00e7\u00e3o constante do Anexo \u00danico desta Lei.<\/p>\n<p>Art. 3\u00ba O \u201cDia da Prote\u00e7\u00e3o e Defesa Civil\u201d tem por objetivo:  <\/p>\n<p>I \u2013 homenagear a hist\u00f3ria e a atua\u00e7\u00e3o da Prote\u00e7\u00e3o e Defesa<br \/>\nCivil no Estado de Santa Catarina;<\/p>\n<p>II \u2013 promover a conscientiza\u00e7\u00e3o da popula\u00e7\u00e3o sobre a<br \/>\nimport\u00e2ncia da preven\u00e7\u00e3o e da gest\u00e3o de riscos e desastres;<\/p>\n<p>III \u2013 incentivar a\u00e7\u00f5es educativas e preventivas, especialmente<br \/>\nem comunidades situadas em \u00e1reas de risco;<\/p>\n<p>IV \u2013 fortalecer a cultura de prote\u00e7\u00e3o e resili\u00eancia junto \u00e0<br \/>\nsociedade catarinense;  <\/p>\n<p>V \u2013 possibilitar a entrega da Medalha de M\u00e9rito da Defesa<br \/>\nCivil do Estado de Santa Catarina, institu\u00edda pelo Decreto n\u00ba 1.365, de 16 de maio de<br \/>\n2008, em homenagem ao ex-governador Colombo Machado Salles, respons\u00e1vel pela<br \/>\norganiza\u00e7\u00e3o da Defesa Civil em Santa Catarina;  <\/p>\n<p>VI \u2013 permitir a entrega de certificados ou placas de<br \/>\nreconhecimento a entidades consideradas amigas da Secretaria de Estado da Prote\u00e7\u00e3o<br \/>\ne Defesa Civil.<\/p>\n<p>Art. 4\u00ba As comemora\u00e7\u00f5es alusivas \u00e0 data poder\u00e3o contar com<br \/>\na participa\u00e7\u00e3o de \u00f3rg\u00e3os e entidades da administra\u00e7\u00e3o p\u00fablica estadual e municipal,<br \/>\ninstitui\u00e7\u00f5es de ensino, organiza\u00e7\u00f5es da sociedade civil, bem como da popula\u00e7\u00e3o em<br \/>\ngeral.<\/p>\n<p>Art. 5\u00ba  As atividades realizadas no \u201cDia da Prote\u00e7\u00e3o e Defesa<br \/>\nCivil\u201d poder\u00e3o ser integradas \u00e0s a\u00e7\u00f5es da campanha Maio Laranja, voltada \u00e0 promo\u00e7\u00e3o<br \/>\nda cidadania, da preven\u00e7\u00e3o e do enfrentamento de situa\u00e7\u00f5es de risco social e<br \/>\nambiental.<br \/>\n Art. 6\u00ba  As despesas decorrentes da execu\u00e7\u00e3o desta Lei<br \/>\ncorrer\u00e3o por conta das dota\u00e7\u00f5es or\u00e7ament\u00e1rias da Secretaria de Estado da Prote\u00e7\u00e3o e<br \/>\nDefesa Civil (SDC).  <\/p>\n<p>Art. 7\u00ba Esta Lei entra em vigor na data de sua publica\u00e7\u00e3o.<\/p>\n<p>Sala da Sess\u00f5es,     <\/p>\n<p>Deputado THIAGO MORASTONI<\/p>\n<p>ANEXO \u00daNICO<br \/>\nCALEND\u00c1RIO OFICIAL DO ESTADO DE SANTA CATARINA<br \/>\n&#8230;&#8230;&#8230;&#8230;&#8230;&#8230;&#8230;&#8230;&#8230;&#8230;&#8230;&#8230;&#8230;&#8230;&#8230;&#8230;&#8230;&#8230;&#8230;&#8230;&#8230;&#8230;&#8230;&#8230;&#8230;&#8230;&#8230;&#8230;&#8230;&#8230;&#8230;&#8230;&#8230;&#8230;&#8230;&#8230;&#8230;&#8230;&#8230;&#8230;&#8230;&#8230;&#8230;&#8230;&#8230;&#8230;&#8230;..<br \/>\n18 DE MAIO &#8211; DIA DA PROTE\u00c7\u00c3O E DEFESA CIVIL<br \/>\n&#8230;&#8230;&#8230;&#8230;&#8230;&#8230;&#8230;&#8230;&#8230;&#8230;&#8230;&#8230;&#8230;&#8230;&#8230;&#8230;&#8230;&#8230;&#8230;&#8230;&#8230;&#8230;&#8230;&#8230;&#8230;&#8230;&#8230;&#8230;&#8230;&#8230;&#8230;&#8230;&#8230;&#8230;&#8230;&#8230;&#8230;&#8230;&#8230;&#8230;&#8230;&#8230;.&#8221; (NR)<\/p>\n<p>JUSTIFICA\u00c7\u00c3O<\/p>\n<p>A presente proposi\u00e7\u00e3o visa reconhecer e valorizar a trajet\u00f3ria hist\u00f3rica da Defesa Civil<br \/>\nem Santa Catarina, instituindo o \u201cDia da Prote\u00e7\u00e3o e Defesa Civil\u201d em 18 de maio, no<br \/>\ncontexto do Maio Laranja, m\u00eas dedicado \u00e0 promo\u00e7\u00e3o da preven\u00e7\u00e3o, prote\u00e7\u00e3o e<br \/>\ncidadania.<\/p>\n<p>Foi em 18 de maio de 1973 que, diante da recorr\u00eancia de desastres naturais como<br \/>\nenchentes, vendavais e deslizamentos, o ent\u00e3o Governador Colombo Machado Salles<br \/>\ninstituiu, por meio da Lei n\u00ba 4.841, a Coordenadoria Estadual de Defesa Civil (CEDEC),<br \/>\nmarco inaugural da atua\u00e7\u00e3o preventiva do Estado frente \u00e0s emerg\u00eancias e calamidades<br \/>\np\u00fablicas.<\/p>\n<p>Ao longo dos anos, a Defesa Civil catarinense consolidou-se como uma refer\u00eancia<br \/>\nnacional, passando por importantes avan\u00e7os institucionais, como a cria\u00e7\u00e3o do Fundo<br \/>\nEstadual de Defesa Civil (FUNDEC), a regulamenta\u00e7\u00e3o do Sistema Estadual de Defesa<br \/>\nCivil, e, mais recentemente, a eleva\u00e7\u00e3o \u00e0 condi\u00e7\u00e3o de Secretaria de Estado da<br \/>\nProte\u00e7\u00e3o e Defesa Civil, por meio da Medida Provis\u00f3ria n\u00ba 257\/2023.<\/p>\n<p>A data de 18 de maio j\u00e1 \u00e9 reconhecida como o \u201cDia Estadual de A\u00e7\u00f5es de Defesa Civil\u201d,<br \/>\nconforme a Lei n\u00ba 14.706\/2009, e sua consolida\u00e7\u00e3o nas campanhas do Maio Laranja<br \/>\nrefor\u00e7a a necessidade de integrar os temas de preven\u00e7\u00e3o de desastres, prote\u00e7\u00e3o social<br \/>\ne educa\u00e7\u00e3o comunit\u00e1ria.<\/p>\n<p>A inclus\u00e3o deste marco no calend\u00e1rio oficial visa dar ainda mais visibilidade \u00e0s a\u00e7\u00f5es<br \/>\nrealizadas, fortalecer o v\u00ednculo com a popula\u00e7\u00e3o e estimular pol\u00edticas p\u00fablicas voltadas<br \/>\n\u00e0 prote\u00e7\u00e3o da vida, do patrim\u00f4nio e do meio ambiente.<\/p>\n<p>Diante do exposto, conto com o apoio dos nobres parlamentares para a aprova\u00e7\u00e3o<br \/>\ndeste Projeto de Lei.<br \/>\nELEGIS<br \/>\nDocumento assinado eletronicamente por Thiago da Silva<br \/>\nSistema de Processo<br \/>\nMorastoni, em 21\/05\/2025, \u00e0s 12:33.<br \/>\nLegislativo Eletr\u00f4nico<\/article>\n<div style=\"text-align: center\">\n<div style=\"margin-bottom: 20px;\" class=\"et_pb_button_module_wrapper et_pb_button_5_tb_body_wrapper et_pb_button_alignment_center et_pb_module \">\n         <a class=\"et_pb_button et_pb_button_5_tb_body et_hover_enabled et_pb_bg_layout_dark\" style=\"width: 50%;background-color: black;\" href=\"https:\/\/app.legislapp.com.br\" target=\"_blank\" rel=\"noopener\">Visualizar completo na nossa plataforma (30 dias gr\u00e1tis)<\/a><\/p><\/div>\n<p>      <a href=\"https:\/\/play.google.com\/store\/apps\/details?id=br.com.legislapp\"><img decoding=\"async\" style=\"width: 15%; min-width: 130px;\" src=\"https:\/\/www.legislapp.com.br\/wp-content\/uploads\/google-play.png\"><\/a><br \/>\n      <a href=\"https:\/\/apps.apple.com\/us\/app\/legislapp\/id1568929859\"><img decoding=\"async\" style=\"width: 15%; min-width: 130px\" src=\"https:\/\/www.legislapp.com.br\/wp-content\/uploads\/apple-store.png\"><\/a>\n   <\/div>\n","protected":false},"excerpt":{"rendered":"<p>C\u00e2m. Legislativa de SC &#8211; Autoria de Thiago Morastoni Inclui, no calend\u00e1rio oficial de eventos do Estado de Santa Catarina, o &#8220;Dia da Prote\u00e7\u00e3o e Defesa Civil&#8221;, e altera o Anexo \u00danico da Lei n\u00ba 18.531, de 2022, que consolida as leis que instituem datas e eventos alusivos no \u00e2mbito do Estado de Santa Catarina [&hellip;]<\/p>\n","protected":false},"author":1,"featured_media":0,"parent":0,"menu_order":0,"comment_status":"closed","ping_status":"closed","template":"page-template-blank.php","meta":{"_et_pb_use_builder":"","_et_pb_old_content":"","_et_gb_content_width":"1080","ngg_post_thumbnail":0,"footnotes":""},"class_list":["post-7768","page","type-page","status-publish","hentry"],"yoast_head":"<!-- This site is optimized with the Yoast SEO plugin v24.4 - https:\/\/yoast.com\/wordpress\/plugins\/seo\/ -->\n<title>PL.\/0275\/2025 - Thiago Morastoni - Legislapp<\/title>\n<meta name=\"robots\" content=\"index, follow, max-snippet:-1, max-image-preview:large, max-video-preview:-1\" \/>\n<link rel=\"canonical\" href=\"https:\/\/www.legislapp.com.br\/index.php\/cam-legislativa-de-sc-pl-0275-2025\/\" \/>\n<meta property=\"og:locale\" content=\"pt_BR\" \/>\n<meta property=\"og:type\" content=\"article\" \/>\n<meta property=\"og:title\" content=\"PL.\/0275\/2025 - Thiago Morastoni - Legislapp\" \/>\n<meta property=\"og:description\" content=\"C\u00e2m. Legislativa de SC &#8211; Autoria de Thiago Morastoni Inclui, no calend\u00e1rio oficial de eventos do Estado de Santa Catarina, o &#8220;Dia da Prote\u00e7\u00e3o e Defesa Civil&#8221;, e altera o Anexo \u00danico da Lei n\u00ba 18.531, de 2022, que consolida as leis que instituem datas e eventos alusivos no \u00e2mbito do Estado de Santa Catarina [&hellip;]\" \/>\n<meta property=\"og:url\" content=\"https:\/\/www.legislapp.com.br\/index.php\/cam-legislativa-de-sc-pl-0275-2025\/\" \/>\n<meta property=\"og:site_name\" content=\"Legislapp\" \/>\n<meta property=\"article:publisher\" content=\"https:\/\/www.instagram.com\/legislapp\/\" \/>\n<meta property=\"og:image\" content=\"https:\/\/www.legislapp.com.br\/wp-content\/uploads\/google-play.png\" \/>\n<meta name=\"twitter:card\" content=\"summary_large_image\" \/>\n<meta name=\"twitter:label1\" content=\"Est. tempo de leitura\" \/>\n\t<meta name=\"twitter:data1\" content=\"4 minutos\" \/>\n<script type=\"application\/ld+json\" class=\"yoast-schema-graph\">{\"@context\":\"https:\/\/schema.org\",\"@graph\":[{\"@type\":\"WebPage\",\"@id\":\"https:\/\/www.legislapp.com.br\/index.php\/cam-legislativa-de-sc-pl-0275-2025\/\",\"url\":\"https:\/\/www.legislapp.com.br\/index.php\/cam-legislativa-de-sc-pl-0275-2025\/\",\"name\":\"PL.\/0275\/2025 - Thiago Morastoni - Legislapp\",\"isPartOf\":{\"@id\":\"https:\/\/www.legislapp.com.br\/#website\"},\"primaryImageOfPage\":{\"@id\":\"https:\/\/www.legislapp.com.br\/index.php\/cam-legislativa-de-sc-pl-0275-2025\/#primaryimage\"},\"image\":{\"@id\":\"https:\/\/www.legislapp.com.br\/index.php\/cam-legislativa-de-sc-pl-0275-2025\/#primaryimage\"},\"thumbnailUrl\":\"https:\/\/www.legislapp.com.br\/wp-content\/uploads\/google-play.png\",\"datePublished\":\"2025-09-17T16:49:21+00:00\",\"breadcrumb\":{\"@id\":\"https:\/\/www.legislapp.com.br\/index.php\/cam-legislativa-de-sc-pl-0275-2025\/#breadcrumb\"},\"inLanguage\":\"pt-BR\",\"potentialAction\":[{\"@type\":\"ReadAction\",\"target\":[\"https:\/\/www.legislapp.com.br\/index.php\/cam-legislativa-de-sc-pl-0275-2025\/\"]}]},{\"@type\":\"ImageObject\",\"inLanguage\":\"pt-BR\",\"@id\":\"https:\/\/www.legislapp.com.br\/index.php\/cam-legislativa-de-sc-pl-0275-2025\/#primaryimage\",\"url\":\"https:\/\/www.legislapp.com.br\/wp-content\/uploads\/google-play.png\",\"contentUrl\":\"https:\/\/www.legislapp.com.br\/wp-content\/uploads\/google-play.png\",\"width\":564,\"height\":168},{\"@type\":\"BreadcrumbList\",\"@id\":\"https:\/\/www.legislapp.com.br\/index.php\/cam-legislativa-de-sc-pl-0275-2025\/#breadcrumb\",\"itemListElement\":[{\"@type\":\"ListItem\",\"position\":1,\"name\":\"In\u00edcio\",\"item\":\"https:\/\/www.legislapp.com.br\/\"},{\"@type\":\"ListItem\",\"position\":2,\"name\":\"PL.\/0275\/2025 &#8211; Thiago Morastoni\"}]},{\"@type\":\"WebSite\",\"@id\":\"https:\/\/www.legislapp.com.br\/#website\",\"url\":\"https:\/\/www.legislapp.com.br\/\",\"name\":\"Legislapp\",\"description\":\"Intelig\u00eancia governamental em tempo real\",\"publisher\":{\"@id\":\"https:\/\/www.legislapp.com.br\/#organization\"},\"potentialAction\":[{\"@type\":\"SearchAction\",\"target\":{\"@type\":\"EntryPoint\",\"urlTemplate\":\"https:\/\/www.legislapp.com.br\/?s={search_term_string}\"},\"query-input\":{\"@type\":\"PropertyValueSpecification\",\"valueRequired\":true,\"valueName\":\"search_term_string\"}}],\"inLanguage\":\"pt-BR\"},{\"@type\":\"Organization\",\"@id\":\"https:\/\/www.legislapp.com.br\/#organization\",\"name\":\"Legislapp Monitoramento e Intelig\u00eancia Governamental\",\"url\":\"https:\/\/www.legislapp.com.br\/\",\"logo\":{\"@type\":\"ImageObject\",\"inLanguage\":\"pt-BR\",\"@id\":\"https:\/\/www.legislapp.com.br\/#\/schema\/logo\/image\/\",\"url\":\"https:\/\/www.legislapp.com.br\/wp-content\/uploads\/icon.png\",\"contentUrl\":\"https:\/\/www.legislapp.com.br\/wp-content\/uploads\/icon.png\",\"width\":1024,\"height\":1024,\"caption\":\"Legislapp Monitoramento e Intelig\u00eancia Governamental\"},\"image\":{\"@id\":\"https:\/\/www.legislapp.com.br\/#\/schema\/logo\/image\/\"},\"sameAs\":[\"https:\/\/www.instagram.com\/legislapp\/\"]}]}<\/script>\n<!-- \/ Yoast SEO plugin. -->","yoast_head_json":{"title":"PL.\/0275\/2025 - Thiago Morastoni - Legislapp","robots":{"index":"index","follow":"follow","max-snippet":"max-snippet:-1","max-image-preview":"max-image-preview:large","max-video-preview":"max-video-preview:-1"},"canonical":"https:\/\/www.legislapp.com.br\/index.php\/cam-legislativa-de-sc-pl-0275-2025\/","og_locale":"pt_BR","og_type":"article","og_title":"PL.\/0275\/2025 - Thiago Morastoni - Legislapp","og_description":"C\u00e2m. Legislativa de SC &#8211; Autoria de Thiago Morastoni Inclui, no calend\u00e1rio oficial de eventos do Estado de Santa Catarina, o &#8220;Dia da Prote\u00e7\u00e3o e Defesa Civil&#8221;, e altera o Anexo \u00danico da Lei n\u00ba 18.531, de 2022, que consolida as leis que instituem datas e eventos alusivos no \u00e2mbito do Estado de Santa Catarina [&hellip;]","og_url":"https:\/\/www.legislapp.com.br\/index.php\/cam-legislativa-de-sc-pl-0275-2025\/","og_site_name":"Legislapp","article_publisher":"https:\/\/www.instagram.com\/legislapp\/","og_image":[{"url":"https:\/\/www.legislapp.com.br\/wp-content\/uploads\/google-play.png","type":"","width":"","height":""}],"twitter_card":"summary_large_image","twitter_misc":{"Est. tempo de leitura":"4 minutos"},"schema":{"@context":"https:\/\/schema.org","@graph":[{"@type":"WebPage","@id":"https:\/\/www.legislapp.com.br\/index.php\/cam-legislativa-de-sc-pl-0275-2025\/","url":"https:\/\/www.legislapp.com.br\/index.php\/cam-legislativa-de-sc-pl-0275-2025\/","name":"PL.\/0275\/2025 - Thiago Morastoni - Legislapp","isPartOf":{"@id":"https:\/\/www.legislapp.com.br\/#website"},"primaryImageOfPage":{"@id":"https:\/\/www.legislapp.com.br\/index.php\/cam-legislativa-de-sc-pl-0275-2025\/#primaryimage"},"image":{"@id":"https:\/\/www.legislapp.com.br\/index.php\/cam-legislativa-de-sc-pl-0275-2025\/#primaryimage"},"thumbnailUrl":"https:\/\/www.legislapp.com.br\/wp-content\/uploads\/google-play.png","datePublished":"2025-09-17T16:49:21+00:00","breadcrumb":{"@id":"https:\/\/www.legislapp.com.br\/index.php\/cam-legislativa-de-sc-pl-0275-2025\/#breadcrumb"},"inLanguage":"pt-BR","potentialAction":[{"@type":"ReadAction","target":["https:\/\/www.legislapp.com.br\/index.php\/cam-legislativa-de-sc-pl-0275-2025\/"]}]},{"@type":"ImageObject","inLanguage":"pt-BR","@id":"https:\/\/www.legislapp.com.br\/index.php\/cam-legislativa-de-sc-pl-0275-2025\/#primaryimage","url":"https:\/\/www.legislapp.com.br\/wp-content\/uploads\/google-play.png","contentUrl":"https:\/\/www.legislapp.com.br\/wp-content\/uploads\/google-play.png","width":564,"height":168},{"@type":"BreadcrumbList","@id":"https:\/\/www.legislapp.com.br\/index.php\/cam-legislativa-de-sc-pl-0275-2025\/#breadcrumb","itemListElement":[{"@type":"ListItem","position":1,"name":"In\u00edcio","item":"https:\/\/www.legislapp.com.br\/"},{"@type":"ListItem","position":2,"name":"PL.\/0275\/2025 &#8211; Thiago Morastoni"}]},{"@type":"WebSite","@id":"https:\/\/www.legislapp.com.br\/#website","url":"https:\/\/www.legislapp.com.br\/","name":"Legislapp","description":"Intelig\u00eancia governamental em tempo real","publisher":{"@id":"https:\/\/www.legislapp.com.br\/#organization"},"potentialAction":[{"@type":"SearchAction","target":{"@type":"EntryPoint","urlTemplate":"https:\/\/www.legislapp.com.br\/?s={search_term_string}"},"query-input":{"@type":"PropertyValueSpecification","valueRequired":true,"valueName":"search_term_string"}}],"inLanguage":"pt-BR"},{"@type":"Organization","@id":"https:\/\/www.legislapp.com.br\/#organization","name":"Legislapp Monitoramento e Intelig\u00eancia Governamental","url":"https:\/\/www.legislapp.com.br\/","logo":{"@type":"ImageObject","inLanguage":"pt-BR","@id":"https:\/\/www.legislapp.com.br\/#\/schema\/logo\/image\/","url":"https:\/\/www.legislapp.com.br\/wp-content\/uploads\/icon.png","contentUrl":"https:\/\/www.legislapp.com.br\/wp-content\/uploads\/icon.png","width":1024,"height":1024,"caption":"Legislapp Monitoramento e Intelig\u00eancia Governamental"},"image":{"@id":"https:\/\/www.legislapp.com.br\/#\/schema\/logo\/image\/"},"sameAs":["https:\/\/www.instagram.com\/legislapp\/"]}]}},"_links":{"self":[{"href":"https:\/\/www.legislapp.com.br\/index.php\/wp-json\/wp\/v2\/pages\/7768","targetHints":{"allow":["GET"]}}],"collection":[{"href":"https:\/\/www.legislapp.com.br\/index.php\/wp-json\/wp\/v2\/pages"}],"about":[{"href":"https:\/\/www.legislapp.com.br\/index.php\/wp-json\/wp\/v2\/types\/page"}],"author":[{"embeddable":true,"href":"https:\/\/www.legislapp.com.br\/index.php\/wp-json\/wp\/v2\/users\/1"}],"replies":[{"embeddable":true,"href":"https:\/\/www.legislapp.com.br\/index.php\/wp-json\/wp\/v2\/comments?post=7768"}],"version-history":[{"count":0,"href":"https:\/\/www.legislapp.com.br\/index.php\/wp-json\/wp\/v2\/pages\/7768\/revisions"}],"wp:attachment":[{"href":"https:\/\/www.legislapp.com.br\/index.php\/wp-json\/wp\/v2\/media?parent=7768"}],"curies":[{"name":"wp","href":"https:\/\/api.w.org\/{rel}","templated":true}]}}