{"id":7769,"date":"2025-09-17T13:49:25","date_gmt":"2025-09-17T16:49:25","guid":{"rendered":"https:\/\/www.legislapp.com.br\/index.php\/cam-legislativa-de-sc-pl-0273-2025\/"},"modified":"2025-09-17T13:49:25","modified_gmt":"2025-09-17T16:49:25","slug":"cam-legislativa-de-sc-pl-0273-2025","status":"publish","type":"page","link":"https:\/\/www.legislapp.com.br\/index.php\/cam-legislativa-de-sc-pl-0273-2025\/","title":{"rendered":"PL.\/0273\/2025 &#8211; Thiago Morastoni"},"content":{"rendered":"<h1 style='text-align: center;'>C\u00e2m. Legislativa de SC &#8211; Autoria de Thiago Morastoni<\/h3>\n<p><\/p>\n<article style='text-align: center'>Disp\u00f5e sobre a responsabilidade da Secretaria de Estado da Prote\u00e7\u00e3o e Defesa Civil pela constru\u00e7\u00e3o, manuten\u00e7\u00e3o e gest\u00e3o de instala\u00e7\u00f5es p\u00fablicas tempor\u00e1rias no entorno de barragens em constru\u00e7\u00e3o no Estado de Santa Catarina, e d\u00e1 outras provid\u00eancias.<\/article>\n<p><\/p>\n<p style='text-align: center'><a href='https:\/\/app.legislapp.com.br\/#\/busca?termo='><\/a><\/p>\n<p><\/p>\n<article>ASSEMBLEIA LEGISLATIVA GABINETE DEPUTADO<br \/>\nESTADO DE SANTA CATARINA THIAGO MORASTONI<\/p>\n<p>PROJETO DE LEI<\/p>\n<p>Disp\u00f5e sobre a responsabilidade da Secretaria de Estado da<br \/>\nProte\u00e7\u00e3o e Defesa Civil pela constru\u00e7\u00e3o, manuten\u00e7\u00e3o e<br \/>\ngest\u00e3o de instala\u00e7\u00f5es p\u00fablicas tempor\u00e1rias no entorno de<br \/>\nbarragens em constru\u00e7\u00e3o no Estado de Santa Catarina, e d\u00e1<br \/>\noutras provid\u00eancias.<\/p>\n<p>Art. 1\u00ba A Secretaria de Estado da Prote\u00e7\u00e3o e Defesa Civil<br \/>\nser\u00e1 respons\u00e1vel por coordenar a constru\u00e7\u00e3o, manuten\u00e7\u00e3o e gest\u00e3o de instala\u00e7\u00f5es<br \/>\np\u00fablicas tempor\u00e1rias destinadas ao atendimento das necessidades sociais decorrentes<br \/>\nda instala\u00e7\u00e3o de canteiros de obras e da movimenta\u00e7\u00e3o populacional gerada pela<br \/>\nconstru\u00e7\u00e3o de barragens no Estado de Santa Catarina, nos termos da Lei Federal n\u00ba<br \/>\n14.755, de 12 de dezembro de 2023, especialmente o disposto no art. 5\u00ba, inciso IV.<\/p>\n<p>Art. 2\u00ba  As instala\u00e7\u00f5es p\u00fablicas tempor\u00e1rias previstas nesta<br \/>\nLei compreender\u00e3o, prioritariamente:  <\/p>\n<p>I \u2013 unidades escolares de educa\u00e7\u00e3o b\u00e1sica;  <\/p>\n<p>II \u2013 unidades b\u00e1sicas de sa\u00fade;  <\/p>\n<p>III \u2013 estruturas de atendimento socioassistencial;  <\/p>\n<p>IV \u2013 postos de apoio log\u00edstico para seguran\u00e7a p\u00fablica e<br \/>\nProte\u00e7\u00e3o e Defesa Civil;<\/p>\n<p>V \u2013 outras estruturas necess\u00e1rias \u00e0 prote\u00e7\u00e3o social da<br \/>\npopula\u00e7\u00e3o local e dos trabalhadores deslocados para a regi\u00e3o.<\/p>\n<p>Art. 3\u00ba As a\u00e7\u00f5es previstas nesta Lei dever\u00e3o ser realizadas<br \/>\nem articula\u00e7\u00e3o com os munic\u00edpios diretamente afetados, respeitando os princ\u00edpios da<br \/>\ndescentraliza\u00e7\u00e3o, da coopera\u00e7\u00e3o federativa e da prote\u00e7\u00e3o integral \u00e0 popula\u00e7\u00e3o.  <\/p>\n<p>Par\u00e1grafo \u00fanico. As a\u00e7\u00f5es necess\u00e1rias para a implanta\u00e7\u00e3o<br \/>\ndas instala\u00e7\u00f5es tempor\u00e1rias contar\u00e3o com o apoio de outros \u00f3rg\u00e3os e institui\u00e7\u00f5es da<br \/>\nadministra\u00e7\u00e3o estadual, com vistas \u00e0 adequa\u00e7\u00e3o das pol\u00edticas p\u00fablicas ao atendimento<br \/>\ndas demandas geradas pela popula\u00e7\u00e3o afetada.<\/p>\n<p>Art. 4\u00ba  A Secretaria de Estado da Prote\u00e7\u00e3o e Defesa Civil<br \/>\npoder\u00e1 firmar conv\u00eanios, termos de coopera\u00e7\u00e3o e outros instrumentos jur\u00eddicos com<br \/>\n\u00f3rg\u00e3os p\u00fablicos, entidades privadas e organiza\u00e7\u00f5es da sociedade civil para viabilizar a<br \/>\nimplanta\u00e7\u00e3o das instala\u00e7\u00f5es tempor\u00e1rias.<\/p>\n<p>Art. 5\u00ba As despesas decorrentes da execu\u00e7\u00e3o desta Lei ser\u00e3o<br \/>\ncusteadas, prioritariamente, pelos empreendedores respons\u00e1veis pela constru\u00e7\u00e3o das<br \/>\nbarragens, conforme previsto na Lei Federal n\u00ba 14.755, de 2023, podendo tamb\u00e9m<br \/>\nserem utilizadas dota\u00e7\u00f5es or\u00e7ament\u00e1rias pr\u00f3prias, recursos oriundos de conv\u00eanios,<br \/>\nfundos vinculados \u00e0 Prote\u00e7\u00e3o e Defesa Civil, e compensa\u00e7\u00f5es ambientais.  <\/p>\n<p>Par\u00e1grafo \u00fanico. Os processos administrativos e ambientais<br \/>\nrelacionados \u00e0s compensa\u00e7\u00f5es referidas no caput dever\u00e3o ser tratados com prioridadepelo Estado de Santa Catarina e pelos \u00f3rg\u00e3os ambientais competentes.<\/p>\n<p>Art. 6\u00ba  Esta Lei entra em vigor na data de sua publica\u00e7\u00e3o.<\/p>\n<p>Sala da Sess\u00f5es,     <\/p>\n<p>Deputado THIAGO MORASTONI<br \/>\n JUSTIFICA\u00c7\u00c3O<\/p>\n<p>A presente proposi\u00e7\u00e3o tem por finalidade assegurar a prote\u00e7\u00e3o social e estrutural das<br \/>\ncomunidades impactadas direta e indiretamente pela constru\u00e7\u00e3o da futura Barragem de<br \/>\nBotuver\u00e1, bem como da for\u00e7a de trabalho migrante que ser\u00e1 mobilizada para a<br \/>\nexecu\u00e7\u00e3o da obra.<\/p>\n<p>Trata-se de uma interven\u00e7\u00e3o de grande porte, com previs\u00e3o de longa dura\u00e7\u00e3o e<br \/>\nexpressiva movimenta\u00e7\u00e3o de trabalhadores e familiares, o que naturalmente<br \/>\ndemandar\u00e1 a amplia\u00e7\u00e3o tempor\u00e1ria da capacidade dos servi\u00e7os p\u00fablicos essenciais<br \/>\ncomo educa\u00e7\u00e3o, sa\u00fade, seguran\u00e7a e assist\u00eancia social.<\/p>\n<p>A centraliza\u00e7\u00e3o dessas responsabilidades na Secretaria de Estado da Prote\u00e7\u00e3o e<br \/>\nDefesa Civil se justifica pela pr\u00f3pria natureza preventiva da atua\u00e7\u00e3o do \u00f3rg\u00e3o, bem<br \/>\ncomo pela experi\u00eancia na gest\u00e3o de estruturas emergenciais e na articula\u00e7\u00e3o com<br \/>\ndiferentes esferas de governo.<\/p>\n<p>A proposta visa ainda minimizar os impactos socioambientais e garantir a dignidade<br \/>\ndas popula\u00e7\u00f5es envolvidas, tanto locais quanto migrantes, promovendo uma<br \/>\ncompensa\u00e7\u00e3o estrutural coerente com a dimens\u00e3o da obra e sua import\u00e2ncia<br \/>\nestrat\u00e9gica para a seguran\u00e7a h\u00eddrica da regi\u00e3o.<\/p>\n<p>Contando com a sensibilidade dos nobres parlamentares, submeto esta proposi\u00e7\u00e3o \u00e0<br \/>\naprecia\u00e7\u00e3o desta Casa Legislativa, confiando em sua aprova\u00e7\u00e3o.<br \/>\nELEGIS<br \/>\nDocumento assinado eletronicamente por Thiago da Silva<br \/>\nSistema de Processo<br \/>\nMorastoni, em 21\/05\/2025, \u00e0s 12:33.<br \/>\nLegislativo Eletr\u00f4nico<\/article>\n<div style=\"text-align: center\">\n<div style=\"margin-bottom: 20px;\" class=\"et_pb_button_module_wrapper et_pb_button_5_tb_body_wrapper et_pb_button_alignment_center et_pb_module \">\n         <a class=\"et_pb_button et_pb_button_5_tb_body et_hover_enabled et_pb_bg_layout_dark\" style=\"width: 50%;background-color: black;\" href=\"https:\/\/app.legislapp.com.br\" target=\"_blank\" rel=\"noopener\">Visualizar completo na nossa plataforma (30 dias gr\u00e1tis)<\/a><\/p><\/div>\n<p>      <a href=\"https:\/\/play.google.com\/store\/apps\/details?id=br.com.legislapp\"><img decoding=\"async\" style=\"width: 15%; min-width: 130px;\" src=\"https:\/\/www.legislapp.com.br\/wp-content\/uploads\/google-play.png\"><\/a><br \/>\n      <a href=\"https:\/\/apps.apple.com\/us\/app\/legislapp\/id1568929859\"><img decoding=\"async\" style=\"width: 15%; min-width: 130px\" src=\"https:\/\/www.legislapp.com.br\/wp-content\/uploads\/apple-store.png\"><\/a>\n   <\/div>\n","protected":false},"excerpt":{"rendered":"<p>C\u00e2m. Legislativa de SC &#8211; Autoria de Thiago Morastoni Disp\u00f5e sobre a responsabilidade da Secretaria de Estado da Prote\u00e7\u00e3o e Defesa Civil pela constru\u00e7\u00e3o, manuten\u00e7\u00e3o e gest\u00e3o de instala\u00e7\u00f5es p\u00fablicas tempor\u00e1rias no entorno de barragens em constru\u00e7\u00e3o no Estado de Santa Catarina, e d\u00e1 outras provid\u00eancias. ASSEMBLEIA LEGISLATIVA GABINETE DEPUTADO ESTADO DE SANTA CATARINA THIAGO [&hellip;]<\/p>\n","protected":false},"author":1,"featured_media":0,"parent":0,"menu_order":0,"comment_status":"closed","ping_status":"closed","template":"page-template-blank.php","meta":{"_et_pb_use_builder":"","_et_pb_old_content":"","_et_gb_content_width":"1080","ngg_post_thumbnail":0,"footnotes":""},"class_list":["post-7769","page","type-page","status-publish","hentry"],"yoast_head":"<!-- This site is optimized with the Yoast SEO plugin v24.4 - https:\/\/yoast.com\/wordpress\/plugins\/seo\/ -->\n<title>PL.\/0273\/2025 - Thiago Morastoni - Legislapp<\/title>\n<meta name=\"robots\" content=\"index, follow, max-snippet:-1, max-image-preview:large, max-video-preview:-1\" \/>\n<link rel=\"canonical\" href=\"https:\/\/www.legislapp.com.br\/index.php\/cam-legislativa-de-sc-pl-0273-2025\/\" \/>\n<meta property=\"og:locale\" content=\"pt_BR\" \/>\n<meta property=\"og:type\" content=\"article\" \/>\n<meta property=\"og:title\" content=\"PL.\/0273\/2025 - Thiago Morastoni - Legislapp\" \/>\n<meta property=\"og:description\" content=\"C\u00e2m. Legislativa de SC &#8211; Autoria de Thiago Morastoni Disp\u00f5e sobre a responsabilidade da Secretaria de Estado da Prote\u00e7\u00e3o e Defesa Civil pela constru\u00e7\u00e3o, manuten\u00e7\u00e3o e gest\u00e3o de instala\u00e7\u00f5es p\u00fablicas tempor\u00e1rias no entorno de barragens em constru\u00e7\u00e3o no Estado de Santa Catarina, e d\u00e1 outras provid\u00eancias. ASSEMBLEIA LEGISLATIVA GABINETE DEPUTADO ESTADO DE SANTA CATARINA THIAGO [&hellip;]\" \/>\n<meta property=\"og:url\" content=\"https:\/\/www.legislapp.com.br\/index.php\/cam-legislativa-de-sc-pl-0273-2025\/\" \/>\n<meta property=\"og:site_name\" content=\"Legislapp\" \/>\n<meta property=\"article:publisher\" content=\"https:\/\/www.instagram.com\/legislapp\/\" \/>\n<meta property=\"og:image\" content=\"https:\/\/www.legislapp.com.br\/wp-content\/uploads\/google-play.png\" \/>\n<meta name=\"twitter:card\" content=\"summary_large_image\" \/>\n<meta name=\"twitter:label1\" content=\"Est. tempo de leitura\" \/>\n\t<meta name=\"twitter:data1\" content=\"4 minutos\" \/>\n<script type=\"application\/ld+json\" class=\"yoast-schema-graph\">{\"@context\":\"https:\/\/schema.org\",\"@graph\":[{\"@type\":\"WebPage\",\"@id\":\"https:\/\/www.legislapp.com.br\/index.php\/cam-legislativa-de-sc-pl-0273-2025\/\",\"url\":\"https:\/\/www.legislapp.com.br\/index.php\/cam-legislativa-de-sc-pl-0273-2025\/\",\"name\":\"PL.\/0273\/2025 - Thiago Morastoni - Legislapp\",\"isPartOf\":{\"@id\":\"https:\/\/www.legislapp.com.br\/#website\"},\"primaryImageOfPage\":{\"@id\":\"https:\/\/www.legislapp.com.br\/index.php\/cam-legislativa-de-sc-pl-0273-2025\/#primaryimage\"},\"image\":{\"@id\":\"https:\/\/www.legislapp.com.br\/index.php\/cam-legislativa-de-sc-pl-0273-2025\/#primaryimage\"},\"thumbnailUrl\":\"https:\/\/www.legislapp.com.br\/wp-content\/uploads\/google-play.png\",\"datePublished\":\"2025-09-17T16:49:25+00:00\",\"breadcrumb\":{\"@id\":\"https:\/\/www.legislapp.com.br\/index.php\/cam-legislativa-de-sc-pl-0273-2025\/#breadcrumb\"},\"inLanguage\":\"pt-BR\",\"potentialAction\":[{\"@type\":\"ReadAction\",\"target\":[\"https:\/\/www.legislapp.com.br\/index.php\/cam-legislativa-de-sc-pl-0273-2025\/\"]}]},{\"@type\":\"ImageObject\",\"inLanguage\":\"pt-BR\",\"@id\":\"https:\/\/www.legislapp.com.br\/index.php\/cam-legislativa-de-sc-pl-0273-2025\/#primaryimage\",\"url\":\"https:\/\/www.legislapp.com.br\/wp-content\/uploads\/google-play.png\",\"contentUrl\":\"https:\/\/www.legislapp.com.br\/wp-content\/uploads\/google-play.png\",\"width\":564,\"height\":168},{\"@type\":\"BreadcrumbList\",\"@id\":\"https:\/\/www.legislapp.com.br\/index.php\/cam-legislativa-de-sc-pl-0273-2025\/#breadcrumb\",\"itemListElement\":[{\"@type\":\"ListItem\",\"position\":1,\"name\":\"In\u00edcio\",\"item\":\"https:\/\/www.legislapp.com.br\/\"},{\"@type\":\"ListItem\",\"position\":2,\"name\":\"PL.\/0273\/2025 &#8211; Thiago Morastoni\"}]},{\"@type\":\"WebSite\",\"@id\":\"https:\/\/www.legislapp.com.br\/#website\",\"url\":\"https:\/\/www.legislapp.com.br\/\",\"name\":\"Legislapp\",\"description\":\"Intelig\u00eancia governamental em tempo real\",\"publisher\":{\"@id\":\"https:\/\/www.legislapp.com.br\/#organization\"},\"potentialAction\":[{\"@type\":\"SearchAction\",\"target\":{\"@type\":\"EntryPoint\",\"urlTemplate\":\"https:\/\/www.legislapp.com.br\/?s={search_term_string}\"},\"query-input\":{\"@type\":\"PropertyValueSpecification\",\"valueRequired\":true,\"valueName\":\"search_term_string\"}}],\"inLanguage\":\"pt-BR\"},{\"@type\":\"Organization\",\"@id\":\"https:\/\/www.legislapp.com.br\/#organization\",\"name\":\"Legislapp Monitoramento e Intelig\u00eancia Governamental\",\"url\":\"https:\/\/www.legislapp.com.br\/\",\"logo\":{\"@type\":\"ImageObject\",\"inLanguage\":\"pt-BR\",\"@id\":\"https:\/\/www.legislapp.com.br\/#\/schema\/logo\/image\/\",\"url\":\"https:\/\/www.legislapp.com.br\/wp-content\/uploads\/icon.png\",\"contentUrl\":\"https:\/\/www.legislapp.com.br\/wp-content\/uploads\/icon.png\",\"width\":1024,\"height\":1024,\"caption\":\"Legislapp Monitoramento e Intelig\u00eancia Governamental\"},\"image\":{\"@id\":\"https:\/\/www.legislapp.com.br\/#\/schema\/logo\/image\/\"},\"sameAs\":[\"https:\/\/www.instagram.com\/legislapp\/\"]}]}<\/script>\n<!-- \/ Yoast SEO plugin. -->","yoast_head_json":{"title":"PL.\/0273\/2025 - Thiago Morastoni - Legislapp","robots":{"index":"index","follow":"follow","max-snippet":"max-snippet:-1","max-image-preview":"max-image-preview:large","max-video-preview":"max-video-preview:-1"},"canonical":"https:\/\/www.legislapp.com.br\/index.php\/cam-legislativa-de-sc-pl-0273-2025\/","og_locale":"pt_BR","og_type":"article","og_title":"PL.\/0273\/2025 - Thiago Morastoni - Legislapp","og_description":"C\u00e2m. Legislativa de SC &#8211; Autoria de Thiago Morastoni Disp\u00f5e sobre a responsabilidade da Secretaria de Estado da Prote\u00e7\u00e3o e Defesa Civil pela constru\u00e7\u00e3o, manuten\u00e7\u00e3o e gest\u00e3o de instala\u00e7\u00f5es p\u00fablicas tempor\u00e1rias no entorno de barragens em constru\u00e7\u00e3o no Estado de Santa Catarina, e d\u00e1 outras provid\u00eancias. ASSEMBLEIA LEGISLATIVA GABINETE DEPUTADO ESTADO DE SANTA CATARINA THIAGO [&hellip;]","og_url":"https:\/\/www.legislapp.com.br\/index.php\/cam-legislativa-de-sc-pl-0273-2025\/","og_site_name":"Legislapp","article_publisher":"https:\/\/www.instagram.com\/legislapp\/","og_image":[{"url":"https:\/\/www.legislapp.com.br\/wp-content\/uploads\/google-play.png","type":"","width":"","height":""}],"twitter_card":"summary_large_image","twitter_misc":{"Est. tempo de leitura":"4 minutos"},"schema":{"@context":"https:\/\/schema.org","@graph":[{"@type":"WebPage","@id":"https:\/\/www.legislapp.com.br\/index.php\/cam-legislativa-de-sc-pl-0273-2025\/","url":"https:\/\/www.legislapp.com.br\/index.php\/cam-legislativa-de-sc-pl-0273-2025\/","name":"PL.\/0273\/2025 - Thiago Morastoni - Legislapp","isPartOf":{"@id":"https:\/\/www.legislapp.com.br\/#website"},"primaryImageOfPage":{"@id":"https:\/\/www.legislapp.com.br\/index.php\/cam-legislativa-de-sc-pl-0273-2025\/#primaryimage"},"image":{"@id":"https:\/\/www.legislapp.com.br\/index.php\/cam-legislativa-de-sc-pl-0273-2025\/#primaryimage"},"thumbnailUrl":"https:\/\/www.legislapp.com.br\/wp-content\/uploads\/google-play.png","datePublished":"2025-09-17T16:49:25+00:00","breadcrumb":{"@id":"https:\/\/www.legislapp.com.br\/index.php\/cam-legislativa-de-sc-pl-0273-2025\/#breadcrumb"},"inLanguage":"pt-BR","potentialAction":[{"@type":"ReadAction","target":["https:\/\/www.legislapp.com.br\/index.php\/cam-legislativa-de-sc-pl-0273-2025\/"]}]},{"@type":"ImageObject","inLanguage":"pt-BR","@id":"https:\/\/www.legislapp.com.br\/index.php\/cam-legislativa-de-sc-pl-0273-2025\/#primaryimage","url":"https:\/\/www.legislapp.com.br\/wp-content\/uploads\/google-play.png","contentUrl":"https:\/\/www.legislapp.com.br\/wp-content\/uploads\/google-play.png","width":564,"height":168},{"@type":"BreadcrumbList","@id":"https:\/\/www.legislapp.com.br\/index.php\/cam-legislativa-de-sc-pl-0273-2025\/#breadcrumb","itemListElement":[{"@type":"ListItem","position":1,"name":"In\u00edcio","item":"https:\/\/www.legislapp.com.br\/"},{"@type":"ListItem","position":2,"name":"PL.\/0273\/2025 &#8211; Thiago Morastoni"}]},{"@type":"WebSite","@id":"https:\/\/www.legislapp.com.br\/#website","url":"https:\/\/www.legislapp.com.br\/","name":"Legislapp","description":"Intelig\u00eancia governamental em tempo real","publisher":{"@id":"https:\/\/www.legislapp.com.br\/#organization"},"potentialAction":[{"@type":"SearchAction","target":{"@type":"EntryPoint","urlTemplate":"https:\/\/www.legislapp.com.br\/?s={search_term_string}"},"query-input":{"@type":"PropertyValueSpecification","valueRequired":true,"valueName":"search_term_string"}}],"inLanguage":"pt-BR"},{"@type":"Organization","@id":"https:\/\/www.legislapp.com.br\/#organization","name":"Legislapp Monitoramento e Intelig\u00eancia Governamental","url":"https:\/\/www.legislapp.com.br\/","logo":{"@type":"ImageObject","inLanguage":"pt-BR","@id":"https:\/\/www.legislapp.com.br\/#\/schema\/logo\/image\/","url":"https:\/\/www.legislapp.com.br\/wp-content\/uploads\/icon.png","contentUrl":"https:\/\/www.legislapp.com.br\/wp-content\/uploads\/icon.png","width":1024,"height":1024,"caption":"Legislapp Monitoramento e Intelig\u00eancia Governamental"},"image":{"@id":"https:\/\/www.legislapp.com.br\/#\/schema\/logo\/image\/"},"sameAs":["https:\/\/www.instagram.com\/legislapp\/"]}]}},"_links":{"self":[{"href":"https:\/\/www.legislapp.com.br\/index.php\/wp-json\/wp\/v2\/pages\/7769","targetHints":{"allow":["GET"]}}],"collection":[{"href":"https:\/\/www.legislapp.com.br\/index.php\/wp-json\/wp\/v2\/pages"}],"about":[{"href":"https:\/\/www.legislapp.com.br\/index.php\/wp-json\/wp\/v2\/types\/page"}],"author":[{"embeddable":true,"href":"https:\/\/www.legislapp.com.br\/index.php\/wp-json\/wp\/v2\/users\/1"}],"replies":[{"embeddable":true,"href":"https:\/\/www.legislapp.com.br\/index.php\/wp-json\/wp\/v2\/comments?post=7769"}],"version-history":[{"count":0,"href":"https:\/\/www.legislapp.com.br\/index.php\/wp-json\/wp\/v2\/pages\/7769\/revisions"}],"wp:attachment":[{"href":"https:\/\/www.legislapp.com.br\/index.php\/wp-json\/wp\/v2\/media?parent=7769"}],"curies":[{"name":"wp","href":"https:\/\/api.w.org\/{rel}","templated":true}]}}