{"id":7811,"date":"2025-09-17T13:51:43","date_gmt":"2025-09-17T16:51:43","guid":{"rendered":"https:\/\/www.legislapp.com.br\/index.php\/cam-legislativa-de-sc-pl-0253-2025\/"},"modified":"2025-09-17T13:51:43","modified_gmt":"2025-09-17T16:51:43","slug":"cam-legislativa-de-sc-pl-0253-2025","status":"publish","type":"page","link":"https:\/\/www.legislapp.com.br\/index.php\/cam-legislativa-de-sc-pl-0253-2025\/","title":{"rendered":"PL.\/0253\/2025 &#8211; Jos\u00e9 Milton Scheffer"},"content":{"rendered":"<h1 style='text-align: center;'>C\u00e2m. Legislativa de SC &#8211; Autoria de Jos\u00e9 Milton Scheffer<\/h3>\n<p><\/p>\n<article style='text-align: center'>Disp\u00f5e sobre a dispensa de estagi\u00e1rios para participa\u00e7\u00e3o em competi\u00e7\u00f5es esportivas estudantis oficiais, sem preju\u00edzo da bolsa de est\u00e1gio ou de qualquer outra forma de contrapresta\u00e7\u00e3o e benef\u00edcio, no \u00e2mbito do Estado de Santa Catarina.<\/article>\n<p><\/p>\n<p style='text-align: center'><a href='https:\/\/app.legislapp.com.br\/#\/busca?termo='><\/a><\/p>\n<p><\/p>\n<article>ASSEMBLEIA LEGISLATIVA GABINETE DEPUTADO<br \/>\nESTADO DE SANTA CATARINA JOS\u00c9 MILTON SCHEFFER<\/p>\n<p>Disp\u00f5e sobre a dispensa de estagi\u00e1rios para participa\u00e7\u00e3o em<br \/>\ncompeti\u00e7\u00f5es esportivas estudantis oficiais, sem preju\u00edzo da<br \/>\nbolsa de est\u00e1gio ou de qualquer outra forma de<br \/>\ncontrapresta\u00e7\u00e3o e benef\u00edcio, no \u00e2mbito do Estado de Santa<br \/>\nCatarina.<\/p>\n<p>Art. 1\u00ba O estudante regularmente matriculado em institui\u00e7\u00e3o<br \/>\nde ensino e que atue em est\u00e1gio regular, no \u00e2mbito do Estado de Santa Catarina, nos<br \/>\ntermos da Lei federal n\u00ba 11.788, de 25 de setembro de 2008, ter\u00e1 direito \u00e0 dispensa das<br \/>\natividades de est\u00e1gio para participar de competi\u00e7\u00f5es esportivas estudantis oficiais, sem<br \/>\npreju\u00edzo da bolsa ou de qualquer outra forma de contrapresta\u00e7\u00e3o e benef\u00edcio.<\/p>\n<p>Par\u00e1grafo \u00fanico. As competi\u00e7\u00f5es de que trata o caput s\u00e3o<br \/>\naquelas previstas no calend\u00e1rio de eventos da Funda\u00e7\u00e3o Catarinense de Esporte de<br \/>\nSanta Catarina. <\/p>\n<p>Art. 2\u00ba A dispensa de que trata esta Lei ser\u00e1 concedida<br \/>\nmediante requerimento apresentado pelo estagi\u00e1rio \u00e0 parte concedente do est\u00e1gio com<br \/>\nanteced\u00eancia m\u00ednima de 5 (cinco) dias \u00fateis antes da data de in\u00edcio da competi\u00e7\u00e3o de<br \/>\nque participar\u00e1.<\/p>\n<p>\u00a7 1\u00ba Ao requerimento devem ser juntados os seguintes<br \/>\ndocumentos:<\/p>\n<p>I \u2013 declara\u00e7\u00e3o de convoca\u00e7\u00e3o ou inscri\u00e7\u00e3o expedida pela<br \/>\nentidade organizadora do evento esportivo oficial; e<\/p>\n<p>II \u2013 a programa\u00e7\u00e3o ou cronograma oficial da competi\u00e7\u00e3o,<br \/>\ncom a indica\u00e7\u00e3o das datas das atividades.<\/p>\n<p>\u00a7 2\u00ba A aus\u00eancia justificada nos termos desta Lei n\u00e3o poder\u00e1<br \/>\nser considerada falta, tampouco ensejar qualquer desconto na bolsa ou em outra forma<br \/>\nde contrapresta\u00e7\u00e3o e benef\u00edcio.<\/p>\n<p>Art. 3\u00ba Ap\u00f3s a realiza\u00e7\u00e3o do evento, o estagi\u00e1rio dever\u00e1<br \/>\napresentar \u00e0 parte concedente do est\u00e1gio comprovante de participa\u00e7\u00e3o expedido pela<br \/>\norganiza\u00e7\u00e3o da competi\u00e7\u00e3o esportiva.<\/p>\n<p>Art. 4\u00ba O descumprimento do disposto nesta Lei poder\u00e1 ser<br \/>\ncomunicado \u00e0 institui\u00e7\u00e3o de ensino conveniada para provid\u00eancias cab\u00edveis, inclusive<br \/>\nquanto \u00e0 regularidade do est\u00e1gio.<\/p>\n<p>Art. 5\u00ba Esta Lei entra em vigor na data de sua publica\u00e7\u00e3o.<\/p>\n<p>Sala das Sess\u00f5es,<\/p>\n<p>Deputado Jos\u00e9 Milton Scheffer<br \/>\n J US T I F I CA\u00c7\u00c3O<\/p>\n<p>O presente Projeto de Lei tem como objetivo assegurar aos<br \/>\nestudantes estagi\u00e1rios o direito de participarem de competi\u00e7\u00f5es esportivas estudantis<br \/>\noficiais, sem que isso acarrete preju\u00edzos financeiros ou repres\u00e1lias por parte das<br \/>\ninstitui\u00e7\u00f5es concedentes do est\u00e1gio.<\/p>\n<p>Em nosso Estado, tem-se verificado que pessoas jur\u00eddicas de<br \/>\ndireito privado liberam estudantes para jogos estudantis, mas aplicam descontos<br \/>\nindevidos na bolsa, em outras formas de contrapresta\u00e7\u00e3o e benef\u00edcio. Essa pr\u00e1tica,<br \/>\nal\u00e9m de desestimular a viv\u00eancia esportiva, contraria a natureza pedag\u00f3gica do est\u00e1gio.<\/p>\n<p>O art. 1\u00ba da Lei federal n\u00ba 11.788, de 25 de setembro de<br \/>\n2008, estabelece que o est\u00e1gio \u00e9 um ato educativo supervisionado, e, portanto, deve<br \/>\nser compat\u00edvel com as atividades escolares e formativas do educando. A participa\u00e7\u00e3o<br \/>\nem competi\u00e7\u00f5es esportivas oficiais, promovidas pela Fesporte como \u00e9 o caso dos<br \/>\nJogos Escolares de Santa Catarina &#8211; JESC, integra esse processo formativo,<br \/>\npromovendo valores como disciplina, coopera\u00e7\u00e3o, supera\u00e7\u00e3o e sa\u00fade f\u00edsica e mental.<\/p>\n<p>A proposta estabelece par\u00e2metros para a concess\u00e3o da<br \/>\ndispensa, garantindo equil\u00edbrio entre a rotina do est\u00e1gio e o direito do estudante \u00e0<br \/>\nparticipa\u00e7\u00e3o em eventos esportivos educacionais. Ao assegurar a libera\u00e7\u00e3o mediante<br \/>\ncomprova\u00e7\u00e3o documental, busca-se proteger o estagi\u00e1rio que seja atleta, promover a<br \/>\nvaloriza\u00e7\u00e3o do esporte como instrumento de forma\u00e7\u00e3o integral e coibir pr\u00e1ticas<br \/>\nindevidas das institui\u00e7\u00f5es concedentes.<\/p>\n<p>Importa ressaltar que a proposi\u00e7\u00e3o em apre\u00e7o n\u00e3o viola<br \/>\nprerrogativa privativa do Chefe do Poder Executivo quanto sua iniciativa, muito menos<br \/>\ncria novas atribui\u00e7\u00f5es no \u00e2mbito da administra\u00e7\u00e3o p\u00fablica estadual capaz de ensejar<br \/>\naumento de despesa p\u00fablica. Ademais, conforme se observa no comando legislativo da<br \/>\nLei de n\u00b0 9.394, de 20 de dezembro de 1996 (Estabelece as diretrizes e bases da<br \/>\neduca\u00e7\u00e3o nacional) em seu art. 82 disp\u00f5e que; \u2018\u2019Art. 82. Os sistemas de ensino<br \/>\nestabelecer\u00e3o as normas de realiza\u00e7\u00e3o de est\u00e1gio em sua jurisdi\u00e7\u00e3o, observada a lei<br \/>\nfederal sobre a mat\u00e9ria\u2019\u2019.<br \/>\nAnte o exposto, conto com o apoio dos demais Pares, para a<br \/>\naprova\u00e7\u00e3o do presente Projeto de Lei.<br \/>\nELEGIS<br \/>\nDocumento assinado eletronicamente por Jos\u00e9 Milton Scheffer,<br \/>\nSistema de Processo<br \/>\nem 15\/05\/2025, \u00e0s 11:26.<br \/>\nLegislativo Eletr\u00f4nico<\/article>\n<div style=\"text-align: center\">\n<div style=\"margin-bottom: 20px;\" class=\"et_pb_button_module_wrapper et_pb_button_5_tb_body_wrapper et_pb_button_alignment_center et_pb_module \">\n         <a class=\"et_pb_button et_pb_button_5_tb_body et_hover_enabled et_pb_bg_layout_dark\" style=\"width: 50%;background-color: black;\" href=\"https:\/\/app.legislapp.com.br\" target=\"_blank\" rel=\"noopener\">Visualizar completo na nossa plataforma (30 dias gr\u00e1tis)<\/a><\/p><\/div>\n<p>      <a href=\"https:\/\/play.google.com\/store\/apps\/details?id=br.com.legislapp\"><img decoding=\"async\" style=\"width: 15%; min-width: 130px;\" src=\"https:\/\/www.legislapp.com.br\/wp-content\/uploads\/google-play.png\"><\/a><br \/>\n      <a href=\"https:\/\/apps.apple.com\/us\/app\/legislapp\/id1568929859\"><img decoding=\"async\" style=\"width: 15%; min-width: 130px\" src=\"https:\/\/www.legislapp.com.br\/wp-content\/uploads\/apple-store.png\"><\/a>\n   <\/div>\n","protected":false},"excerpt":{"rendered":"<p>C\u00e2m. Legislativa de SC &#8211; Autoria de Jos\u00e9 Milton Scheffer Disp\u00f5e sobre a dispensa de estagi\u00e1rios para participa\u00e7\u00e3o em competi\u00e7\u00f5es esportivas estudantis oficiais, sem preju\u00edzo da bolsa de est\u00e1gio ou de qualquer outra forma de contrapresta\u00e7\u00e3o e benef\u00edcio, no \u00e2mbito do Estado de Santa Catarina. ASSEMBLEIA LEGISLATIVA GABINETE DEPUTADO ESTADO DE SANTA CATARINA JOS\u00c9 MILTON [&hellip;]<\/p>\n","protected":false},"author":1,"featured_media":0,"parent":0,"menu_order":0,"comment_status":"closed","ping_status":"closed","template":"page-template-blank.php","meta":{"_et_pb_use_builder":"","_et_pb_old_content":"","_et_gb_content_width":"1080","ngg_post_thumbnail":0,"footnotes":""},"class_list":["post-7811","page","type-page","status-publish","hentry"],"yoast_head":"<!-- This site is optimized with the Yoast SEO plugin v24.4 - https:\/\/yoast.com\/wordpress\/plugins\/seo\/ -->\n<title>PL.\/0253\/2025 - Jos\u00e9 Milton Scheffer - Legislapp<\/title>\n<meta name=\"robots\" content=\"index, follow, max-snippet:-1, max-image-preview:large, max-video-preview:-1\" \/>\n<link rel=\"canonical\" href=\"https:\/\/www.legislapp.com.br\/index.php\/cam-legislativa-de-sc-pl-0253-2025\/\" \/>\n<meta property=\"og:locale\" content=\"pt_BR\" \/>\n<meta property=\"og:type\" content=\"article\" \/>\n<meta property=\"og:title\" content=\"PL.\/0253\/2025 - Jos\u00e9 Milton Scheffer - Legislapp\" \/>\n<meta property=\"og:description\" content=\"C\u00e2m. Legislativa de SC &#8211; Autoria de Jos\u00e9 Milton Scheffer Disp\u00f5e sobre a dispensa de estagi\u00e1rios para participa\u00e7\u00e3o em competi\u00e7\u00f5es esportivas estudantis oficiais, sem preju\u00edzo da bolsa de est\u00e1gio ou de qualquer outra forma de contrapresta\u00e7\u00e3o e benef\u00edcio, no \u00e2mbito do Estado de Santa Catarina. ASSEMBLEIA LEGISLATIVA GABINETE DEPUTADO ESTADO DE SANTA CATARINA JOS\u00c9 MILTON [&hellip;]\" \/>\n<meta property=\"og:url\" content=\"https:\/\/www.legislapp.com.br\/index.php\/cam-legislativa-de-sc-pl-0253-2025\/\" \/>\n<meta property=\"og:site_name\" content=\"Legislapp\" \/>\n<meta property=\"article:publisher\" content=\"https:\/\/www.instagram.com\/legislapp\/\" \/>\n<meta property=\"og:image\" content=\"https:\/\/www.legislapp.com.br\/wp-content\/uploads\/google-play.png\" \/>\n<meta name=\"twitter:card\" content=\"summary_large_image\" \/>\n<meta name=\"twitter:label1\" content=\"Est. tempo de leitura\" \/>\n\t<meta name=\"twitter:data1\" content=\"4 minutos\" \/>\n<script type=\"application\/ld+json\" class=\"yoast-schema-graph\">{\"@context\":\"https:\/\/schema.org\",\"@graph\":[{\"@type\":\"WebPage\",\"@id\":\"https:\/\/www.legislapp.com.br\/index.php\/cam-legislativa-de-sc-pl-0253-2025\/\",\"url\":\"https:\/\/www.legislapp.com.br\/index.php\/cam-legislativa-de-sc-pl-0253-2025\/\",\"name\":\"PL.\/0253\/2025 - Jos\u00e9 Milton Scheffer - Legislapp\",\"isPartOf\":{\"@id\":\"https:\/\/www.legislapp.com.br\/#website\"},\"primaryImageOfPage\":{\"@id\":\"https:\/\/www.legislapp.com.br\/index.php\/cam-legislativa-de-sc-pl-0253-2025\/#primaryimage\"},\"image\":{\"@id\":\"https:\/\/www.legislapp.com.br\/index.php\/cam-legislativa-de-sc-pl-0253-2025\/#primaryimage\"},\"thumbnailUrl\":\"https:\/\/www.legislapp.com.br\/wp-content\/uploads\/google-play.png\",\"datePublished\":\"2025-09-17T16:51:43+00:00\",\"breadcrumb\":{\"@id\":\"https:\/\/www.legislapp.com.br\/index.php\/cam-legislativa-de-sc-pl-0253-2025\/#breadcrumb\"},\"inLanguage\":\"pt-BR\",\"potentialAction\":[{\"@type\":\"ReadAction\",\"target\":[\"https:\/\/www.legislapp.com.br\/index.php\/cam-legislativa-de-sc-pl-0253-2025\/\"]}]},{\"@type\":\"ImageObject\",\"inLanguage\":\"pt-BR\",\"@id\":\"https:\/\/www.legislapp.com.br\/index.php\/cam-legislativa-de-sc-pl-0253-2025\/#primaryimage\",\"url\":\"https:\/\/www.legislapp.com.br\/wp-content\/uploads\/google-play.png\",\"contentUrl\":\"https:\/\/www.legislapp.com.br\/wp-content\/uploads\/google-play.png\",\"width\":564,\"height\":168},{\"@type\":\"BreadcrumbList\",\"@id\":\"https:\/\/www.legislapp.com.br\/index.php\/cam-legislativa-de-sc-pl-0253-2025\/#breadcrumb\",\"itemListElement\":[{\"@type\":\"ListItem\",\"position\":1,\"name\":\"In\u00edcio\",\"item\":\"https:\/\/www.legislapp.com.br\/\"},{\"@type\":\"ListItem\",\"position\":2,\"name\":\"PL.\/0253\/2025 &#8211; Jos\u00e9 Milton Scheffer\"}]},{\"@type\":\"WebSite\",\"@id\":\"https:\/\/www.legislapp.com.br\/#website\",\"url\":\"https:\/\/www.legislapp.com.br\/\",\"name\":\"Legislapp\",\"description\":\"Intelig\u00eancia governamental em tempo real\",\"publisher\":{\"@id\":\"https:\/\/www.legislapp.com.br\/#organization\"},\"potentialAction\":[{\"@type\":\"SearchAction\",\"target\":{\"@type\":\"EntryPoint\",\"urlTemplate\":\"https:\/\/www.legislapp.com.br\/?s={search_term_string}\"},\"query-input\":{\"@type\":\"PropertyValueSpecification\",\"valueRequired\":true,\"valueName\":\"search_term_string\"}}],\"inLanguage\":\"pt-BR\"},{\"@type\":\"Organization\",\"@id\":\"https:\/\/www.legislapp.com.br\/#organization\",\"name\":\"Legislapp Monitoramento e Intelig\u00eancia Governamental\",\"url\":\"https:\/\/www.legislapp.com.br\/\",\"logo\":{\"@type\":\"ImageObject\",\"inLanguage\":\"pt-BR\",\"@id\":\"https:\/\/www.legislapp.com.br\/#\/schema\/logo\/image\/\",\"url\":\"https:\/\/www.legislapp.com.br\/wp-content\/uploads\/icon.png\",\"contentUrl\":\"https:\/\/www.legislapp.com.br\/wp-content\/uploads\/icon.png\",\"width\":1024,\"height\":1024,\"caption\":\"Legislapp Monitoramento e Intelig\u00eancia Governamental\"},\"image\":{\"@id\":\"https:\/\/www.legislapp.com.br\/#\/schema\/logo\/image\/\"},\"sameAs\":[\"https:\/\/www.instagram.com\/legislapp\/\"]}]}<\/script>\n<!-- \/ Yoast SEO plugin. -->","yoast_head_json":{"title":"PL.\/0253\/2025 - Jos\u00e9 Milton Scheffer - Legislapp","robots":{"index":"index","follow":"follow","max-snippet":"max-snippet:-1","max-image-preview":"max-image-preview:large","max-video-preview":"max-video-preview:-1"},"canonical":"https:\/\/www.legislapp.com.br\/index.php\/cam-legislativa-de-sc-pl-0253-2025\/","og_locale":"pt_BR","og_type":"article","og_title":"PL.\/0253\/2025 - Jos\u00e9 Milton Scheffer - Legislapp","og_description":"C\u00e2m. Legislativa de SC &#8211; Autoria de Jos\u00e9 Milton Scheffer Disp\u00f5e sobre a dispensa de estagi\u00e1rios para participa\u00e7\u00e3o em competi\u00e7\u00f5es esportivas estudantis oficiais, sem preju\u00edzo da bolsa de est\u00e1gio ou de qualquer outra forma de contrapresta\u00e7\u00e3o e benef\u00edcio, no \u00e2mbito do Estado de Santa Catarina. ASSEMBLEIA LEGISLATIVA GABINETE DEPUTADO ESTADO DE SANTA CATARINA JOS\u00c9 MILTON [&hellip;]","og_url":"https:\/\/www.legislapp.com.br\/index.php\/cam-legislativa-de-sc-pl-0253-2025\/","og_site_name":"Legislapp","article_publisher":"https:\/\/www.instagram.com\/legislapp\/","og_image":[{"url":"https:\/\/www.legislapp.com.br\/wp-content\/uploads\/google-play.png","type":"","width":"","height":""}],"twitter_card":"summary_large_image","twitter_misc":{"Est. tempo de leitura":"4 minutos"},"schema":{"@context":"https:\/\/schema.org","@graph":[{"@type":"WebPage","@id":"https:\/\/www.legislapp.com.br\/index.php\/cam-legislativa-de-sc-pl-0253-2025\/","url":"https:\/\/www.legislapp.com.br\/index.php\/cam-legislativa-de-sc-pl-0253-2025\/","name":"PL.\/0253\/2025 - Jos\u00e9 Milton Scheffer - Legislapp","isPartOf":{"@id":"https:\/\/www.legislapp.com.br\/#website"},"primaryImageOfPage":{"@id":"https:\/\/www.legislapp.com.br\/index.php\/cam-legislativa-de-sc-pl-0253-2025\/#primaryimage"},"image":{"@id":"https:\/\/www.legislapp.com.br\/index.php\/cam-legislativa-de-sc-pl-0253-2025\/#primaryimage"},"thumbnailUrl":"https:\/\/www.legislapp.com.br\/wp-content\/uploads\/google-play.png","datePublished":"2025-09-17T16:51:43+00:00","breadcrumb":{"@id":"https:\/\/www.legislapp.com.br\/index.php\/cam-legislativa-de-sc-pl-0253-2025\/#breadcrumb"},"inLanguage":"pt-BR","potentialAction":[{"@type":"ReadAction","target":["https:\/\/www.legislapp.com.br\/index.php\/cam-legislativa-de-sc-pl-0253-2025\/"]}]},{"@type":"ImageObject","inLanguage":"pt-BR","@id":"https:\/\/www.legislapp.com.br\/index.php\/cam-legislativa-de-sc-pl-0253-2025\/#primaryimage","url":"https:\/\/www.legislapp.com.br\/wp-content\/uploads\/google-play.png","contentUrl":"https:\/\/www.legislapp.com.br\/wp-content\/uploads\/google-play.png","width":564,"height":168},{"@type":"BreadcrumbList","@id":"https:\/\/www.legislapp.com.br\/index.php\/cam-legislativa-de-sc-pl-0253-2025\/#breadcrumb","itemListElement":[{"@type":"ListItem","position":1,"name":"In\u00edcio","item":"https:\/\/www.legislapp.com.br\/"},{"@type":"ListItem","position":2,"name":"PL.\/0253\/2025 &#8211; Jos\u00e9 Milton Scheffer"}]},{"@type":"WebSite","@id":"https:\/\/www.legislapp.com.br\/#website","url":"https:\/\/www.legislapp.com.br\/","name":"Legislapp","description":"Intelig\u00eancia governamental em tempo real","publisher":{"@id":"https:\/\/www.legislapp.com.br\/#organization"},"potentialAction":[{"@type":"SearchAction","target":{"@type":"EntryPoint","urlTemplate":"https:\/\/www.legislapp.com.br\/?s={search_term_string}"},"query-input":{"@type":"PropertyValueSpecification","valueRequired":true,"valueName":"search_term_string"}}],"inLanguage":"pt-BR"},{"@type":"Organization","@id":"https:\/\/www.legislapp.com.br\/#organization","name":"Legislapp Monitoramento e Intelig\u00eancia Governamental","url":"https:\/\/www.legislapp.com.br\/","logo":{"@type":"ImageObject","inLanguage":"pt-BR","@id":"https:\/\/www.legislapp.com.br\/#\/schema\/logo\/image\/","url":"https:\/\/www.legislapp.com.br\/wp-content\/uploads\/icon.png","contentUrl":"https:\/\/www.legislapp.com.br\/wp-content\/uploads\/icon.png","width":1024,"height":1024,"caption":"Legislapp Monitoramento e Intelig\u00eancia Governamental"},"image":{"@id":"https:\/\/www.legislapp.com.br\/#\/schema\/logo\/image\/"},"sameAs":["https:\/\/www.instagram.com\/legislapp\/"]}]}},"_links":{"self":[{"href":"https:\/\/www.legislapp.com.br\/index.php\/wp-json\/wp\/v2\/pages\/7811","targetHints":{"allow":["GET"]}}],"collection":[{"href":"https:\/\/www.legislapp.com.br\/index.php\/wp-json\/wp\/v2\/pages"}],"about":[{"href":"https:\/\/www.legislapp.com.br\/index.php\/wp-json\/wp\/v2\/types\/page"}],"author":[{"embeddable":true,"href":"https:\/\/www.legislapp.com.br\/index.php\/wp-json\/wp\/v2\/users\/1"}],"replies":[{"embeddable":true,"href":"https:\/\/www.legislapp.com.br\/index.php\/wp-json\/wp\/v2\/comments?post=7811"}],"version-history":[{"count":0,"href":"https:\/\/www.legislapp.com.br\/index.php\/wp-json\/wp\/v2\/pages\/7811\/revisions"}],"wp:attachment":[{"href":"https:\/\/www.legislapp.com.br\/index.php\/wp-json\/wp\/v2\/media?parent=7811"}],"curies":[{"name":"wp","href":"https:\/\/api.w.org\/{rel}","templated":true}]}}