{"id":7881,"date":"2025-09-17T13:55:39","date_gmt":"2025-09-17T16:55:39","guid":{"rendered":"https:\/\/www.legislapp.com.br\/index.php\/cam-legislativa-de-pe-pl-2893-2025\/"},"modified":"2025-09-17T13:55:39","modified_gmt":"2025-09-17T16:55:39","slug":"cam-legislativa-de-pe-pl-2893-2025","status":"publish","type":"page","link":"https:\/\/www.legislapp.com.br\/index.php\/cam-legislativa-de-pe-pl-2893-2025\/","title":{"rendered":"PL 2893\/2025 &#8211; Rosa Amorim"},"content":{"rendered":"<h1 style='text-align: center;'>C\u00e2m. Legislativa de PE &#8211; Autoria de Rosa Amorim<br \/><img src='https:\/\/www.alepe.pe.gov.br\/\/wp-content\/uploads\/2023\/02\/ROSA-AMORIM-scaled-e1675862161271.jpg' alt='Rosa Amorim' \/><\/h3>\n<p><\/p>\n<article style='text-align: center'>O presente Projeto de Lei se insere no escopo de uma transforma\u00e7\u00e3o pol\u00edtica inadi\u00e1vel: reconhecer o cuidado como uma atividade essencial \u00e0 sustenta\u00e7\u00e3o da vida, e portanto como responsabilidade compartilhada entre o Estado, o setor privado e a sociedade. A proposta nasce da urg\u00eancia em construir uma nova cultura institucional e trabalhista, na qual cuidar n\u00e3o seja um fardo individual, mas um direito garantido e valorizado.<\/p>\n<p>Esse projeto \u00e9 fruto de uma ampla articula\u00e7\u00e3o nacional \u2014 composta por parlamentares em todas as esferas (municipal, estadual e federal), em diferentes regi\u00f5es do pa\u00eds \u2014 articuladas no movimento Mulheres em Lutas (MEL), que t\u00eam constru\u00eddo uma plataforma de enfrentamento \u00e0 l\u00f3gica produtivista e patriarcal que historicamente invisibiliza o cuidado e penaliza, sobretudo, as mulheres trabalhadoras que sustentam a vida com pouco ou nenhum apoio. Trata-se de um chamado coletivo a todos e todas que compreendem que uma sociedade justa come\u00e7a pelo reconhecimento de quem cuida.<\/p>\n<p>Hoje, a legisla\u00e7\u00e3o federal imp\u00f5e um limite extremamente restritivo: apenas um dia por ano \u00e9 permitido, sem preju\u00edzo salarial, para que respons\u00e1veis legais levem suas crian\u00e7as ou adolescentes a uma consulta m\u00e9dica. N\u00e3o h\u00e1 previs\u00e3o legal para abonar faltas em casos de interna\u00e7\u00f5es, tratamentos prolongados ou mesmo para participa\u00e7\u00e3o em reuni\u00f5es escolares \u2014 momentos fundamentais para o desenvolvimento das novas gera\u00e7\u00f5es. O projeto responde diretamente a essa lacuna legal e social, atualizando o arcabou\u00e7o jur\u00eddico \u00e0 luz da Constitui\u00e7\u00e3o Federal, que determina como dever da fam\u00edlia, da sociedade e do Estado garantir prote\u00e7\u00e3o integral \u00e0 inf\u00e2ncia e \u00e0 adolesc\u00eancia (art. 227).<\/p>\n<p>Mas n\u00e3o se trata apenas de um ajuste normativo: este projeto parte de uma realidade concreta e ineg\u00e1vel. Segundo pesquisa da Funda\u00e7\u00e3o Get\u00falio Vargas (2022), o Brasil conta com mais de 11 milh\u00f5es de m\u00e3es solo, sendo 90% delas mulheres negras. A maioria vive em domic\u00edlios monoparentais e \u00e9 a \u00fanica respons\u00e1vel pelo sustento e cuidado de seus filhos. S\u00e3o mulheres que enfrentam jornadas duplas, aus\u00eancia de rede de apoio e um mundo do trabalho que ainda as trata como \u201cdesviantes\u201d quando exercem o direito de cuidar.<\/p>\n<p>A situa\u00e7\u00e3o se agrava no caso das chamadas maternidades at\u00edpicas \u2014 mulheres que cuidam de crian\u00e7as com defici\u00eancia ou doen\u00e7as raras \u2014 que enfrentam abandono e sobrecarga emocional, f\u00edsica e financeira. Segundo levantamento da Coaliz\u00e3o Brasileira pela Educa\u00e7\u00e3o Inclusiva e dados da PNAD Cont\u00ednua\/IBGE (2022), cerca de 70% das cuidadoras de pessoas com defici\u00eancia s\u00e3o mulheres, e mais da metade delas n\u00e3o consegue manter v\u00ednculos formais de trabalho devido \u00e0 aus\u00eancia de pol\u00edticas de apoio ao cuidado. Cuidar, nesse contexto, \u00e9 tamb\u00e9m resistir ao abandono e sobreviver em meio \u00e0 neglig\u00eancia estrutural. A garantia de aus\u00eancias abonadas para consultas, interna\u00e7\u00f5es e reuni\u00f5es escolares \u00e9 um passo m\u00ednimo, mas poderoso, rumo a uma repara\u00e7\u00e3o hist\u00f3rica.<\/p>\n<p>Ao propor a\u00e7\u00e3o para os entes p\u00fablicos e mobilizar a ades\u00e3o das empresas a terem uma pol\u00edtica de abono de faltas para os casos de cuidado, o projeto institui um novo par\u00e2metro de responsabilidade social e compromisso com a equidade de g\u00eanero. Mais do que premiar boas pr\u00e1ticas, ele transforma a contrata\u00e7\u00e3o p\u00fablica em instrumento de indu\u00e7\u00e3o de pol\u00edticas justas &#8211;\u00a0colocando o Estado como protagonista na transi\u00e7\u00e3o para um modelo de sociedade que reconhe\u00e7a o valor do trabalho de cuidado como pilar da economia e da vida.<\/p>\n<p>A proposta tamb\u00e9m encontra respaldo na Pol\u00edtica Nacional de Cuidados (Lei n\u00ba 15.069\/2024), que determina que Uni\u00e3o, Estados e Munic\u00edpios devem promover a\u00e7\u00f5es que permitam a compatibiliza\u00e7\u00e3o entre o trabalho remunerado e as responsabilidades familiares de cuidado. O projeto, ao incluir cl\u00e1usulas nos contratos com a Administra\u00e7\u00e3o p\u00fablica e ao exigir a pol\u00edtica de abono como\u00a0crit\u00e9rio para participa\u00e7\u00e3o em licita\u00e7\u00f5es e conv\u00eanios com o poder p\u00fablico, torna efetiva essa diretriz, com foco na corresponsabilidade entre Estado, setor privado e fam\u00edlias.<\/p>\n<p>Importa lembrar que cuidar \u00e9 um ato pol\u00edtico. N\u00e3o se trata apenas de uma necessidade privada, mas de um bem p\u00fablico. Valorizar o cuidado \u00e9 transformar a estrutura do mundo do trabalho e reconhecer que o tempo de cuidar tamb\u00e9m \u00e9 tempo produtivo. A vida digna das mulheres &#8211;\u00a0especialmente das mulheres trabalhadoras &#8211;\u00a0depende de uma reorganiza\u00e7\u00e3o radical das prioridades sociais e institucionais. E isso come\u00e7a por legislar com base na realidade e nas urg\u00eancias do presente.<\/p>\n<p>O projeto dialoga com outras iniciativas que v\u00eam sendo debatidas nacionalmente, como a proposta de redu\u00e7\u00e3o da jornada de trabalho para quatro dias semanais e as campanhas pelo fim da escala 6&#215;1, articuladas por movimentos como o Vida Al\u00e9m do Trabalho (VAT). Todas essas frentes convergem para uma ideia comum: um novo pacto social que coloque a vida &#8211;\u00a0e quem a sustenta cotidianamente &#8211;\u00a0no centro.<\/p>\n<p>Por isso, este projeto \u00e9 mais do que uma proposta legislativa. \u00c9 um gesto coletivo de reconhecimento e transforma\u00e7\u00e3o. Um chamado pol\u00edtico a todos que acreditam que nenhuma pessoa deve escolher entre cuidar e trabalhar, entre sustentar sua fam\u00edlia e acompanhar a vida de quem depende de si. Porque cuidar \u00e9 um direito. E cuidar de quem cuida \u00e9 dever de todos n\u00f3s.<\/article>\n<p><\/p>\n<p style='text-align: center'><a href='https:\/\/app.legislapp.com.br\/#\/busca?termo='><\/a><\/p>\n<p><\/p>\n<article>\u00a0\u00a0\u00a0\u00a0\u00a0Art. 1\u00ba A\u00a0 Lei n\u00ba 12.525, de 30 de dezembro de 2003, passa a vigorar com a seguinte reda\u00e7\u00e3o:<\/p>\n<p>\u201cArt. 5\u00ba-F. Os contratos de presta\u00e7\u00e3o de servi\u00e7os continuados firmados pela Administra\u00e7\u00e3o P\u00fablica Municipal ou Estadual dever\u00e3o conter cl\u00e1usula que assegure o abono de faltas justificadas aos empregados(as) da contratada para o acompanhamento de: (AC)<\/p>\n<p>I &#8211;\u00a0filhos(as), tutelados(as) ou pessoas sob sua responsabilidade legal em consultas m\u00e9dicas, exames, interna\u00e7\u00f5es, tratamentos ou demais procedimentos de sa\u00fade que exijam sua presen\u00e7a, mediante comprova\u00e7\u00e3o documental; e (AC)<\/p>\n<p>II &#8211;\u00a0filhos(as), tutelados(as) ou pessoas sob sua responsabilidade legal em reuni\u00f5es escolares ou outras atividades relacionadas \u00e0 vida escolar. (AC)<\/p>\n<p>\u00a7 1\u00ba Esta obriga\u00e7\u00e3o se aplica a contratos firmados mediante licita\u00e7\u00e3o, dispensa ou inexigibilidade de licita\u00e7\u00e3o. (AC)<\/p>\n<p>\u00a7 2\u00ba O abono das faltas previsto no art. 1\u00ba n\u00e3o acarretar\u00e1 preju\u00edzo \u00e0 remunera\u00e7\u00e3o nem \u00e0 concess\u00e3o de benef\u00edcios como vale-refei\u00e7\u00e3o ou vale-alimenta\u00e7\u00e3o. (AC)<\/p>\n<p>\u00a7 3\u00ba Os contratos em vigor na data da publica\u00e7\u00e3o desta Lei dever\u00e3o ser repactuados para inclus\u00e3o das disposi\u00e7\u00f5es nela previstas.&#8221; (AC)<\/p>\n<p>\u00a0\u00a0\u00a0\u00a0\u00a0Art. 2\u00ba A Lei n\u00ba 13.462, de 9 de junho de 2008, passa a vigorar com a seguinte reda\u00e7\u00e3o:<\/p>\n<p>\u201cArt. 4\u00ba-C.\u00a0Nos processos de licita\u00e7\u00e3o e celebra\u00e7\u00e3o de conv\u00eanios destinados \u00e0 contrata\u00e7\u00e3o de bens e servi\u00e7os pela Administra\u00e7\u00e3o P\u00fablica Municipal ou Estadual, direta ou indireta, dever\u00e1 ser exigido, al\u00e9m dos requisitos previstos na legisla\u00e7\u00e3o aplic\u00e1vel, que as empresas\u00a0adotarem pol\u00edticas internas de abono de faltas justificadas de seus empregados e empregadas para o acompanhamento de: (AC)<\/p>\n<p>I &#8211; de\u00a0filhos(as), tutelados(as) ou pessoas sob sua responsabilidade legal em consultas m\u00e9dicas, exames, interna\u00e7\u00f5es, tratamentos ou demais procedimentos de sa\u00fade que requeiram acompanhamento, mediante apresenta\u00e7\u00e3o de documenta\u00e7\u00e3o comprobat\u00f3ria; (e AC)<\/p>\n<p>II &#8211; de\u00a0filhos(as), tutelados(as) ou pessoas sob sua responsabilidade legal em reuni\u00f5es escolares ou outras atividades relacionadas ao acompanhamento da vida escolar.&#8221; (AC)<\/p>\n<p>\u00a0\u00a0\u00a0\u00a0\u00a0Art. 3\u00ba Esta Lei entra em vigor na data de sua publica\u00e7\u00e3o.<\/article>\n<div style=\"text-align: center\">\n<div style=\"margin-bottom: 20px;\" class=\"et_pb_button_module_wrapper et_pb_button_5_tb_body_wrapper et_pb_button_alignment_center et_pb_module \">\n         <a class=\"et_pb_button et_pb_button_5_tb_body et_hover_enabled et_pb_bg_layout_dark\" style=\"width: 50%;background-color: black;\" href=\"https:\/\/app.legislapp.com.br\" target=\"_blank\" rel=\"noopener\">Visualizar completo na nossa plataforma (30 dias gr\u00e1tis)<\/a><\/p><\/div>\n<p>      <a href=\"https:\/\/play.google.com\/store\/apps\/details?id=br.com.legislapp\"><img decoding=\"async\" style=\"width: 15%; min-width: 130px;\" src=\"https:\/\/www.legislapp.com.br\/wp-content\/uploads\/google-play.png\"><\/a><br \/>\n      <a href=\"https:\/\/apps.apple.com\/us\/app\/legislapp\/id1568929859\"><img decoding=\"async\" style=\"width: 15%; min-width: 130px\" src=\"https:\/\/www.legislapp.com.br\/wp-content\/uploads\/apple-store.png\"><\/a>\n   <\/div>\n","protected":false},"excerpt":{"rendered":"<p>C\u00e2m. Legislativa de PE &#8211; Autoria de Rosa Amorim O presente Projeto de Lei se insere no escopo de uma transforma\u00e7\u00e3o pol\u00edtica inadi\u00e1vel: reconhecer o cuidado como uma atividade essencial \u00e0 sustenta\u00e7\u00e3o da vida, e portanto como responsabilidade compartilhada entre o Estado, o setor privado e a sociedade. A proposta nasce da urg\u00eancia em construir [&hellip;]<\/p>\n","protected":false},"author":1,"featured_media":0,"parent":0,"menu_order":0,"comment_status":"closed","ping_status":"closed","template":"page-template-blank.php","meta":{"_et_pb_use_builder":"","_et_pb_old_content":"","_et_gb_content_width":"1080","ngg_post_thumbnail":0,"footnotes":""},"class_list":["post-7881","page","type-page","status-publish","hentry"],"yoast_head":"<!-- This site is optimized with the Yoast SEO plugin v24.4 - https:\/\/yoast.com\/wordpress\/plugins\/seo\/ -->\n<title>PL 2893\/2025 - Rosa Amorim - Legislapp<\/title>\n<meta name=\"robots\" content=\"index, follow, max-snippet:-1, max-image-preview:large, max-video-preview:-1\" \/>\n<link rel=\"canonical\" href=\"https:\/\/www.legislapp.com.br\/index.php\/cam-legislativa-de-pe-pl-2893-2025\/\" \/>\n<meta property=\"og:locale\" content=\"pt_BR\" \/>\n<meta property=\"og:type\" content=\"article\" \/>\n<meta property=\"og:title\" content=\"PL 2893\/2025 - Rosa Amorim - Legislapp\" \/>\n<meta property=\"og:description\" content=\"C\u00e2m. Legislativa de PE &#8211; Autoria de Rosa Amorim O presente Projeto de Lei se insere no escopo de uma transforma\u00e7\u00e3o pol\u00edtica inadi\u00e1vel: reconhecer o cuidado como uma atividade essencial \u00e0 sustenta\u00e7\u00e3o da vida, e portanto como responsabilidade compartilhada entre o Estado, o setor privado e a sociedade. A proposta nasce da urg\u00eancia em construir [&hellip;]\" \/>\n<meta property=\"og:url\" content=\"https:\/\/www.legislapp.com.br\/index.php\/cam-legislativa-de-pe-pl-2893-2025\/\" \/>\n<meta property=\"og:site_name\" content=\"Legislapp\" \/>\n<meta property=\"article:publisher\" content=\"https:\/\/www.instagram.com\/legislapp\/\" \/>\n<meta property=\"og:image\" content=\"https:\/\/www.alepe.pe.gov.br\/\/wp-content\/uploads\/2023\/02\/ROSA-AMORIM-scaled-e1675862161271.jpg\" \/>\n<meta name=\"twitter:card\" content=\"summary_large_image\" \/>\n<meta name=\"twitter:label1\" content=\"Est. tempo de leitura\" \/>\n\t<meta name=\"twitter:data1\" content=\"6 minutos\" \/>\n<script type=\"application\/ld+json\" class=\"yoast-schema-graph\">{\"@context\":\"https:\/\/schema.org\",\"@graph\":[{\"@type\":\"WebPage\",\"@id\":\"https:\/\/www.legislapp.com.br\/index.php\/cam-legislativa-de-pe-pl-2893-2025\/\",\"url\":\"https:\/\/www.legislapp.com.br\/index.php\/cam-legislativa-de-pe-pl-2893-2025\/\",\"name\":\"PL 2893\/2025 - Rosa Amorim - Legislapp\",\"isPartOf\":{\"@id\":\"https:\/\/www.legislapp.com.br\/#website\"},\"primaryImageOfPage\":{\"@id\":\"https:\/\/www.legislapp.com.br\/index.php\/cam-legislativa-de-pe-pl-2893-2025\/#primaryimage\"},\"image\":{\"@id\":\"https:\/\/www.legislapp.com.br\/index.php\/cam-legislativa-de-pe-pl-2893-2025\/#primaryimage\"},\"thumbnailUrl\":\"https:\/\/www.alepe.pe.gov.br\/\/wp-content\/uploads\/2023\/02\/ROSA-AMORIM-scaled-e1675862161271.jpg\",\"datePublished\":\"2025-09-17T16:55:39+00:00\",\"breadcrumb\":{\"@id\":\"https:\/\/www.legislapp.com.br\/index.php\/cam-legislativa-de-pe-pl-2893-2025\/#breadcrumb\"},\"inLanguage\":\"pt-BR\",\"potentialAction\":[{\"@type\":\"ReadAction\",\"target\":[\"https:\/\/www.legislapp.com.br\/index.php\/cam-legislativa-de-pe-pl-2893-2025\/\"]}]},{\"@type\":\"ImageObject\",\"inLanguage\":\"pt-BR\",\"@id\":\"https:\/\/www.legislapp.com.br\/index.php\/cam-legislativa-de-pe-pl-2893-2025\/#primaryimage\",\"url\":\"https:\/\/www.alepe.pe.gov.br\/\/wp-content\/uploads\/2023\/02\/ROSA-AMORIM-scaled-e1675862161271.jpg\",\"contentUrl\":\"https:\/\/www.alepe.pe.gov.br\/\/wp-content\/uploads\/2023\/02\/ROSA-AMORIM-scaled-e1675862161271.jpg\"},{\"@type\":\"BreadcrumbList\",\"@id\":\"https:\/\/www.legislapp.com.br\/index.php\/cam-legislativa-de-pe-pl-2893-2025\/#breadcrumb\",\"itemListElement\":[{\"@type\":\"ListItem\",\"position\":1,\"name\":\"In\u00edcio\",\"item\":\"https:\/\/www.legislapp.com.br\/\"},{\"@type\":\"ListItem\",\"position\":2,\"name\":\"PL 2893\/2025 &#8211; Rosa Amorim\"}]},{\"@type\":\"WebSite\",\"@id\":\"https:\/\/www.legislapp.com.br\/#website\",\"url\":\"https:\/\/www.legislapp.com.br\/\",\"name\":\"Legislapp\",\"description\":\"Intelig\u00eancia governamental em tempo real\",\"publisher\":{\"@id\":\"https:\/\/www.legislapp.com.br\/#organization\"},\"potentialAction\":[{\"@type\":\"SearchAction\",\"target\":{\"@type\":\"EntryPoint\",\"urlTemplate\":\"https:\/\/www.legislapp.com.br\/?s={search_term_string}\"},\"query-input\":{\"@type\":\"PropertyValueSpecification\",\"valueRequired\":true,\"valueName\":\"search_term_string\"}}],\"inLanguage\":\"pt-BR\"},{\"@type\":\"Organization\",\"@id\":\"https:\/\/www.legislapp.com.br\/#organization\",\"name\":\"Legislapp Monitoramento e Intelig\u00eancia Governamental\",\"url\":\"https:\/\/www.legislapp.com.br\/\",\"logo\":{\"@type\":\"ImageObject\",\"inLanguage\":\"pt-BR\",\"@id\":\"https:\/\/www.legislapp.com.br\/#\/schema\/logo\/image\/\",\"url\":\"https:\/\/www.legislapp.com.br\/wp-content\/uploads\/icon.png\",\"contentUrl\":\"https:\/\/www.legislapp.com.br\/wp-content\/uploads\/icon.png\",\"width\":1024,\"height\":1024,\"caption\":\"Legislapp Monitoramento e Intelig\u00eancia Governamental\"},\"image\":{\"@id\":\"https:\/\/www.legislapp.com.br\/#\/schema\/logo\/image\/\"},\"sameAs\":[\"https:\/\/www.instagram.com\/legislapp\/\"]}]}<\/script>\n<!-- \/ Yoast SEO plugin. -->","yoast_head_json":{"title":"PL 2893\/2025 - Rosa Amorim - Legislapp","robots":{"index":"index","follow":"follow","max-snippet":"max-snippet:-1","max-image-preview":"max-image-preview:large","max-video-preview":"max-video-preview:-1"},"canonical":"https:\/\/www.legislapp.com.br\/index.php\/cam-legislativa-de-pe-pl-2893-2025\/","og_locale":"pt_BR","og_type":"article","og_title":"PL 2893\/2025 - Rosa Amorim - Legislapp","og_description":"C\u00e2m. Legislativa de PE &#8211; Autoria de Rosa Amorim O presente Projeto de Lei se insere no escopo de uma transforma\u00e7\u00e3o pol\u00edtica inadi\u00e1vel: reconhecer o cuidado como uma atividade essencial \u00e0 sustenta\u00e7\u00e3o da vida, e portanto como responsabilidade compartilhada entre o Estado, o setor privado e a sociedade. A proposta nasce da urg\u00eancia em construir [&hellip;]","og_url":"https:\/\/www.legislapp.com.br\/index.php\/cam-legislativa-de-pe-pl-2893-2025\/","og_site_name":"Legislapp","article_publisher":"https:\/\/www.instagram.com\/legislapp\/","og_image":[{"url":"https:\/\/www.alepe.pe.gov.br\/\/wp-content\/uploads\/2023\/02\/ROSA-AMORIM-scaled-e1675862161271.jpg","type":"","width":"","height":""}],"twitter_card":"summary_large_image","twitter_misc":{"Est. tempo de leitura":"6 minutos"},"schema":{"@context":"https:\/\/schema.org","@graph":[{"@type":"WebPage","@id":"https:\/\/www.legislapp.com.br\/index.php\/cam-legislativa-de-pe-pl-2893-2025\/","url":"https:\/\/www.legislapp.com.br\/index.php\/cam-legislativa-de-pe-pl-2893-2025\/","name":"PL 2893\/2025 - Rosa Amorim - Legislapp","isPartOf":{"@id":"https:\/\/www.legislapp.com.br\/#website"},"primaryImageOfPage":{"@id":"https:\/\/www.legislapp.com.br\/index.php\/cam-legislativa-de-pe-pl-2893-2025\/#primaryimage"},"image":{"@id":"https:\/\/www.legislapp.com.br\/index.php\/cam-legislativa-de-pe-pl-2893-2025\/#primaryimage"},"thumbnailUrl":"https:\/\/www.alepe.pe.gov.br\/\/wp-content\/uploads\/2023\/02\/ROSA-AMORIM-scaled-e1675862161271.jpg","datePublished":"2025-09-17T16:55:39+00:00","breadcrumb":{"@id":"https:\/\/www.legislapp.com.br\/index.php\/cam-legislativa-de-pe-pl-2893-2025\/#breadcrumb"},"inLanguage":"pt-BR","potentialAction":[{"@type":"ReadAction","target":["https:\/\/www.legislapp.com.br\/index.php\/cam-legislativa-de-pe-pl-2893-2025\/"]}]},{"@type":"ImageObject","inLanguage":"pt-BR","@id":"https:\/\/www.legislapp.com.br\/index.php\/cam-legislativa-de-pe-pl-2893-2025\/#primaryimage","url":"https:\/\/www.alepe.pe.gov.br\/\/wp-content\/uploads\/2023\/02\/ROSA-AMORIM-scaled-e1675862161271.jpg","contentUrl":"https:\/\/www.alepe.pe.gov.br\/\/wp-content\/uploads\/2023\/02\/ROSA-AMORIM-scaled-e1675862161271.jpg"},{"@type":"BreadcrumbList","@id":"https:\/\/www.legislapp.com.br\/index.php\/cam-legislativa-de-pe-pl-2893-2025\/#breadcrumb","itemListElement":[{"@type":"ListItem","position":1,"name":"In\u00edcio","item":"https:\/\/www.legislapp.com.br\/"},{"@type":"ListItem","position":2,"name":"PL 2893\/2025 &#8211; Rosa Amorim"}]},{"@type":"WebSite","@id":"https:\/\/www.legislapp.com.br\/#website","url":"https:\/\/www.legislapp.com.br\/","name":"Legislapp","description":"Intelig\u00eancia governamental em tempo real","publisher":{"@id":"https:\/\/www.legislapp.com.br\/#organization"},"potentialAction":[{"@type":"SearchAction","target":{"@type":"EntryPoint","urlTemplate":"https:\/\/www.legislapp.com.br\/?s={search_term_string}"},"query-input":{"@type":"PropertyValueSpecification","valueRequired":true,"valueName":"search_term_string"}}],"inLanguage":"pt-BR"},{"@type":"Organization","@id":"https:\/\/www.legislapp.com.br\/#organization","name":"Legislapp Monitoramento e Intelig\u00eancia Governamental","url":"https:\/\/www.legislapp.com.br\/","logo":{"@type":"ImageObject","inLanguage":"pt-BR","@id":"https:\/\/www.legislapp.com.br\/#\/schema\/logo\/image\/","url":"https:\/\/www.legislapp.com.br\/wp-content\/uploads\/icon.png","contentUrl":"https:\/\/www.legislapp.com.br\/wp-content\/uploads\/icon.png","width":1024,"height":1024,"caption":"Legislapp Monitoramento e Intelig\u00eancia Governamental"},"image":{"@id":"https:\/\/www.legislapp.com.br\/#\/schema\/logo\/image\/"},"sameAs":["https:\/\/www.instagram.com\/legislapp\/"]}]}},"_links":{"self":[{"href":"https:\/\/www.legislapp.com.br\/index.php\/wp-json\/wp\/v2\/pages\/7881","targetHints":{"allow":["GET"]}}],"collection":[{"href":"https:\/\/www.legislapp.com.br\/index.php\/wp-json\/wp\/v2\/pages"}],"about":[{"href":"https:\/\/www.legislapp.com.br\/index.php\/wp-json\/wp\/v2\/types\/page"}],"author":[{"embeddable":true,"href":"https:\/\/www.legislapp.com.br\/index.php\/wp-json\/wp\/v2\/users\/1"}],"replies":[{"embeddable":true,"href":"https:\/\/www.legislapp.com.br\/index.php\/wp-json\/wp\/v2\/comments?post=7881"}],"version-history":[{"count":0,"href":"https:\/\/www.legislapp.com.br\/index.php\/wp-json\/wp\/v2\/pages\/7881\/revisions"}],"wp:attachment":[{"href":"https:\/\/www.legislapp.com.br\/index.php\/wp-json\/wp\/v2\/media?parent=7881"}],"curies":[{"name":"wp","href":"https:\/\/api.w.org\/{rel}","templated":true}]}}