{"id":7920,"date":"2025-09-17T13:57:54","date_gmt":"2025-09-17T16:57:54","guid":{"rendered":"https:\/\/www.legislapp.com.br\/index.php\/cam-legislativa-de-sc-pl-0223-2025\/"},"modified":"2025-09-17T13:57:54","modified_gmt":"2025-09-17T16:57:54","slug":"cam-legislativa-de-sc-pl-0223-2025","status":"publish","type":"page","link":"https:\/\/www.legislapp.com.br\/index.php\/cam-legislativa-de-sc-pl-0223-2025\/","title":{"rendered":"PL.\/0223\/2025 &#8211; M\u00e1rio Motta"},"content":{"rendered":"<h1 style='text-align: center;'>C\u00e2m. Legislativa de SC &#8211; Autoria de M\u00e1rio Motta<\/h3>\n<p><\/p>\n<article style='text-align: center'>Institui o Programa Aluno Presente no \u00e2mbito do estado de Santa Catarina e d\u00e1 outras provid\u00eancias.<\/article>\n<p><\/p>\n<p style='text-align: center'><a href='https:\/\/app.legislapp.com.br\/#\/busca?termo='><\/a><\/p>\n<p><\/p>\n<article>\n<p>PROJETO DE LEI N\u00ba <\/p>\n<p>Institui o Programa Aluno Presente no \u00e2mbito do estado de<br \/>\nSanta Catarina e d\u00e1 outras provid\u00eancias.  <\/p>\n<p>Art. 1\u00ba  Fica institu\u00eddo o Programa Aluno Presente, com o<br \/>\nobjetivo de reduzir o abandono e a evas\u00e3o escolar na rede p\u00fablica estadual do Estado de<br \/>\nSanta Catarina por meio de est\u00edmulos comportamentais. <\/p>\n<p>\u00a7 1\u00ba A implementa\u00e7\u00e3o do programa ser\u00e1 conduzida,<br \/>\npreferencialmente, pela Secretaria de Estado da Educa\u00e7\u00e3o (SED). <\/p>\n<p>\u00a7 2\u00ba O programa ser\u00e1 implementado em todas as escolas da<br \/>\nrede p\u00fablica estadual do Estado de Santa Catarina. <\/p>\n<p>Art. 2\u00ba Para fins desta Lei, considera-se:  <\/p>\n<p>I \u2013 Abandono escolar: a situa\u00e7\u00e3o em que o aluno deixa de<br \/>\nfrequentar as aulas durante o ano letivo, sem justificativa formal. <\/p>\n<p>II \u2013 Taxa de evas\u00e3o escolar: a propor\u00e7\u00e3o de alunos que, em<br \/>\ndeterminado ano, estavam matriculados em uma s\u00e9rie ou etapa de ensino e, no ano<br \/>\nseguinte, n\u00e3o se encontravam matriculados em nenhuma s\u00e9rie ou etapa de ensino. <\/p>\n<p>III \u2013 Est\u00edmulos comportamentais (nudges): interven\u00e7\u00f5es leves e<br \/>\nindiretas que visam influenciar comportamentos de maneira previs\u00edvel, sem restringir<br \/>\nop\u00e7\u00f5es ou alterar significativamente incentivos econ\u00f4micos. <\/p>\n<p>Art. 3\u00ba O Programa Aluno Presente consiste nas seguintes<br \/>\ndiretrizes: <\/p>\n<p>I \u2013 Identifica\u00e7\u00e3o dos alunos e fam\u00edlias em situa\u00e7\u00e3o de<br \/>\nvulnerabilidade socioecon\u00f4mica; <\/p>\n<p>II \u2013 Utiliza\u00e7\u00e3o de mecanismos de est\u00edmulos comportamentais<br \/>\n(nudges) para prevenir o abandono e a evas\u00e3o escolar; e <\/p>\n<p>III \u2013 Envio de mensagens por SMS para pais e\/ou alunos com<br \/>\nperiodicidade semanal, contendo informa\u00e7\u00f5es sobre a import\u00e2ncia da frequ\u00eancia escolar,<br \/>\nmensagens motivacionais, lembretes de eventos escolares, e suporte em caso de<br \/>\ndificuldades acad\u00eamicas ou sociais. <\/p>\n<p>Pal\u00e1cio Barriga-Verde<br \/>\nRua Dr. Jorge Luz Fontes, 310 \u2013 Sala 110<br \/>\n88020-900 &#8211; Florian\u00f3polis &#8211; SC<br \/>\n(48) 3221.2839<br \/>\n1 <\/p>\n<p>Art. 4\u00ba Fica criado o Cadastro de Perman\u00eancia de Aluno, com a<br \/>\nfinalidade de acompanhamento estat\u00edstico de alunos que se enquadram nas situa\u00e7\u00f5es<br \/>\ndefinidas nos incisos I e II do art. 2\u00ba, para subsidiar a formula\u00e7\u00e3o de futuras pol\u00edticas<br \/>\np\u00fablicas relacionadas. <\/p>\n<p>Art. 5\u00ba As despesas decorrentes da execu\u00e7\u00e3o desta Lei<br \/>\nComplementar correr\u00e3o \u00e0 conta das dota\u00e7\u00f5es or\u00e7ament\u00e1rias pr\u00f3prias do Estado. <\/p>\n<p>Art. 6\u00ba Esta lei entra em vigor na data de sua publica\u00e7\u00e3o. <\/p>\n<p>Sala das sess\u00f5es, <\/p>\n<p>M\u00c1RIO MOTTA<br \/>\nDeputado Estadual <\/p>\n<p>Pal\u00e1cio Barriga-Verde<br \/>\nRua Dr. Jorge Luz Fontes, 310 \u2013 Sala 110<br \/>\n88020-900 &#8211; Florian\u00f3polis &#8211; SC<br \/>\n(48) 3221.2839<br \/>\n2 <\/p>\n<p>JUSTIFICA\u00c7\u00c3O <\/p>\n<p>Submeto \u00e0 delibera\u00e7\u00e3o dos nobres Pares, o presente projeto de<br \/>\nlei que tem como objetivo instituir o Programa Aluno Presente, voltado \u00e0 redu\u00e7\u00e3o<br \/>\nda evas\u00e3o escolar, especialmente no ensino m\u00e9dio, do Estado de Santa Catarina,<br \/>\ncuja taxa de evas\u00e3o foi de 6,8% entre 2020 e 2021, acima da m\u00e9dia nacional de<br \/>\n1<br \/>\n5,9% , impactando diretamente no desenvolvimento educacional, social e<br \/>\necon\u00f4mico. <\/p>\n<p>A teoria do \u201cnudge\u201d, desenvolvida a partir dos estudos de Daniel<br \/>\nKahneman e Amos Tversky e popularizada pelo livro Nudge: Improving Decisions<br \/>\nAbout Health, Wealth, and Happiness (2008), de Richard H. Thaler e Cass R.<br \/>\nSunstein, prop\u00f5e um modelo inovador e eficaz de gest\u00e3o de mudan\u00e7as. Sua<br \/>\naplica\u00e7\u00e3o busca compreender como as pessoas pensam, tomam decis\u00f5es e se<br \/>\ncomportam, com o objetivo de melhorar suas escolhas, promover transforma\u00e7\u00f5es<br \/>\n2<br \/>\nem diferentes contextos e corrigir influ\u00eancias prejudiciais presentes no ambiente . <\/p>\n<p>Neste sentido, trata-se de um m\u00e9todo baseado em evid\u00eancias<br \/>\ncient\u00edficas e j\u00e1 utilizado no contexto escolar, a exemplo do estado de Goi\u00e1s, onde<br \/>\na utiliza\u00e7\u00e3o demonstrou resultados eficientes para reduzir os riscos de evas\u00e3o<br \/>\nescolar durante a pandemia da Covid-19, quando ap\u00f3s o envio de duas<br \/>\nmensagens por semana em um per\u00edodo de 30 dias foi verificada redu\u00e7\u00e3o de<br \/>\n1<br \/>\n Instituto Nacional de Estudos e Pesquisas Educacionais An\u00edsio Teixeira. Taxas de Transi\u00e7\u00e3o.<br \/>\nDispon\u00edvel em:<br \/>\n< ht t ps: \/ \/ www. gov. br\/ i nep\/ pt -br\/ acesso-a-i nf ormacao\/ dados-abert os\/ i ndi cadores-educaci onai s\/ t axas\n-de-t ransi cao>. Acesso em: 17\/04\/2025.<br \/>\n2<br \/>\n BusinessBalls. Teoria do empurr\u00e3o. Dispon\u00edvel em:<br \/>\n< ht t ps: \/ \/ www. busi nessbal l s. com\/ i mprovi ng-workpl ace-perf ormance\/ nudge-t heory\/>. Acesso em:<br \/>\n17\/04\/2025. <\/p>\n<p>Pal\u00e1cio Barriga-Verde<br \/>\nRua Dr. Jorge Luz Fontes, 310 \u2013 Sala 110<br \/>\n88020-900 &#8211; Florian\u00f3polis &#8211; SC<br \/>\n(48) 3221.2839<br \/>\n3 <\/p>\n<p>77,3% na taxa de evas\u00e3o escolar, quando comparada \u00e0 dos estudantes que n\u00e3o<br \/>\n3<br \/>\nreceberam SMS nesse per\u00edodo . <\/p>\n<p>Al\u00e9m disso, a cria\u00e7\u00e3o do Cadastro de Perman\u00eancia de Aluno<br \/>\npermitir\u00e1 um acompanhamento mais preciso e cont\u00ednuo dos alunos em situa\u00e7\u00e3o<br \/>\nde vulnerabilidade, fornecendo dados essenciais para a formula\u00e7\u00e3o de pol\u00edticas<br \/>\np\u00fablicas mais eficazes e direcionadas. <\/p>\n<p>Diante do exposto, conto com o apoio dos nobres parlamentares<br \/>\npara a aprova\u00e7\u00e3o deste projeto de lei, que representa um avan\u00e7o significativo na<br \/>\nluta contra o abandono e a evas\u00e3o escolar em Santa Catarina, promovendo uma<br \/>\neduca\u00e7\u00e3o mais inclusiva e de qualidade. <\/p>\n<p>Sala das sess\u00f5es, <\/p>\n<p>M\u00c1RIO MOTTA<br \/>\nDeputado Estadual<br \/>\n3<br \/>\n Governo do Estado de Goi\u00e1s. Governo de Goi\u00e1s envia SMS para incentivar estudantes da<br \/>\nrede estadual. Dispon\u00edvel em:<br \/>\n< ht t ps: \/ \/ goi as. gov. br\/ para-combat er-evasao-escol ar-governo-de-goi as-envi a-mensagens-de-i ncent i\nvo-por-sms-a-est udant es-da-rede-est adual \/>. Acesso em: 29\/04\/2025. <\/p>\n<p>Pal\u00e1cio Barriga-Verde<br \/>\nRua Dr. Jorge Luz Fontes, 310 \u2013 Sala 110<br \/>\n88020-900 &#8211; Florian\u00f3polis &#8211; SC<br \/>\n(48) 3221.2839<br \/>\n4 <\/p>\n<\/article>\n<div style=\"text-align: center\">\n<div style=\"margin-bottom: 20px;\" class=\"et_pb_button_module_wrapper et_pb_button_5_tb_body_wrapper et_pb_button_alignment_center et_pb_module \">\n         <a class=\"et_pb_button et_pb_button_5_tb_body et_hover_enabled et_pb_bg_layout_dark\" style=\"width: 50%;background-color: black;\" href=\"https:\/\/app.legislapp.com.br\" target=\"_blank\" rel=\"noopener\">Visualizar completo na nossa plataforma (30 dias gr\u00e1tis)<\/a><\/p><\/div>\n<p>      <a href=\"https:\/\/play.google.com\/store\/apps\/details?id=br.com.legislapp\"><img decoding=\"async\" style=\"width: 15%; min-width: 130px;\" src=\"https:\/\/www.legislapp.com.br\/wp-content\/uploads\/google-play.png\"><\/a><br \/>\n      <a href=\"https:\/\/apps.apple.com\/us\/app\/legislapp\/id1568929859\"><img decoding=\"async\" style=\"width: 15%; min-width: 130px\" src=\"https:\/\/www.legislapp.com.br\/wp-content\/uploads\/apple-store.png\"><\/a>\n   <\/div>\n","protected":false},"excerpt":{"rendered":"<p>C\u00e2m. Legislativa de SC &#8211; Autoria de M\u00e1rio Motta Institui o Programa Aluno Presente no \u00e2mbito do estado de Santa Catarina e d\u00e1 outras provid\u00eancias. PROJETO DE LEI N\u00ba Institui o Programa Aluno Presente no \u00e2mbito do estado de Santa Catarina e d\u00e1 outras provid\u00eancias. Art. 1\u00ba Fica institu\u00eddo o Programa Aluno Presente, com o [&hellip;]<\/p>\n","protected":false},"author":1,"featured_media":0,"parent":0,"menu_order":0,"comment_status":"closed","ping_status":"closed","template":"page-template-blank.php","meta":{"_et_pb_use_builder":"","_et_pb_old_content":"","_et_gb_content_width":"1080","ngg_post_thumbnail":0,"footnotes":""},"class_list":["post-7920","page","type-page","status-publish","hentry"],"yoast_head":"<!-- This site is optimized with the Yoast SEO plugin v24.4 - https:\/\/yoast.com\/wordpress\/plugins\/seo\/ -->\n<title>PL.\/0223\/2025 - M\u00e1rio Motta - Legislapp<\/title>\n<meta name=\"robots\" content=\"index, follow, max-snippet:-1, max-image-preview:large, max-video-preview:-1\" \/>\n<link rel=\"canonical\" href=\"https:\/\/www.legislapp.com.br\/index.php\/cam-legislativa-de-sc-pl-0223-2025\/\" \/>\n<meta property=\"og:locale\" content=\"pt_BR\" \/>\n<meta property=\"og:type\" content=\"article\" \/>\n<meta property=\"og:title\" content=\"PL.\/0223\/2025 - M\u00e1rio Motta - Legislapp\" \/>\n<meta property=\"og:description\" content=\"C\u00e2m. Legislativa de SC &#8211; Autoria de M\u00e1rio Motta Institui o Programa Aluno Presente no \u00e2mbito do estado de Santa Catarina e d\u00e1 outras provid\u00eancias. PROJETO DE LEI N\u00ba Institui o Programa Aluno Presente no \u00e2mbito do estado de Santa Catarina e d\u00e1 outras provid\u00eancias. Art. 1\u00ba Fica institu\u00eddo o Programa Aluno Presente, com o [&hellip;]\" \/>\n<meta property=\"og:url\" content=\"https:\/\/www.legislapp.com.br\/index.php\/cam-legislativa-de-sc-pl-0223-2025\/\" \/>\n<meta property=\"og:site_name\" content=\"Legislapp\" \/>\n<meta property=\"article:publisher\" content=\"https:\/\/www.instagram.com\/legislapp\/\" \/>\n<meta property=\"og:image\" content=\"https:\/\/www.legislapp.com.br\/wp-content\/uploads\/google-play.png\" \/>\n<meta name=\"twitter:card\" content=\"summary_large_image\" \/>\n<meta name=\"twitter:label1\" content=\"Est. tempo de leitura\" \/>\n\t<meta name=\"twitter:data1\" content=\"5 minutos\" \/>\n<script type=\"application\/ld+json\" class=\"yoast-schema-graph\">{\"@context\":\"https:\/\/schema.org\",\"@graph\":[{\"@type\":\"WebPage\",\"@id\":\"https:\/\/www.legislapp.com.br\/index.php\/cam-legislativa-de-sc-pl-0223-2025\/\",\"url\":\"https:\/\/www.legislapp.com.br\/index.php\/cam-legislativa-de-sc-pl-0223-2025\/\",\"name\":\"PL.\/0223\/2025 - M\u00e1rio Motta - Legislapp\",\"isPartOf\":{\"@id\":\"https:\/\/www.legislapp.com.br\/#website\"},\"primaryImageOfPage\":{\"@id\":\"https:\/\/www.legislapp.com.br\/index.php\/cam-legislativa-de-sc-pl-0223-2025\/#primaryimage\"},\"image\":{\"@id\":\"https:\/\/www.legislapp.com.br\/index.php\/cam-legislativa-de-sc-pl-0223-2025\/#primaryimage\"},\"thumbnailUrl\":\"https:\/\/www.legislapp.com.br\/wp-content\/uploads\/google-play.png\",\"datePublished\":\"2025-09-17T16:57:54+00:00\",\"breadcrumb\":{\"@id\":\"https:\/\/www.legislapp.com.br\/index.php\/cam-legislativa-de-sc-pl-0223-2025\/#breadcrumb\"},\"inLanguage\":\"pt-BR\",\"potentialAction\":[{\"@type\":\"ReadAction\",\"target\":[\"https:\/\/www.legislapp.com.br\/index.php\/cam-legislativa-de-sc-pl-0223-2025\/\"]}]},{\"@type\":\"ImageObject\",\"inLanguage\":\"pt-BR\",\"@id\":\"https:\/\/www.legislapp.com.br\/index.php\/cam-legislativa-de-sc-pl-0223-2025\/#primaryimage\",\"url\":\"https:\/\/www.legislapp.com.br\/wp-content\/uploads\/google-play.png\",\"contentUrl\":\"https:\/\/www.legislapp.com.br\/wp-content\/uploads\/google-play.png\",\"width\":564,\"height\":168},{\"@type\":\"BreadcrumbList\",\"@id\":\"https:\/\/www.legislapp.com.br\/index.php\/cam-legislativa-de-sc-pl-0223-2025\/#breadcrumb\",\"itemListElement\":[{\"@type\":\"ListItem\",\"position\":1,\"name\":\"In\u00edcio\",\"item\":\"https:\/\/www.legislapp.com.br\/\"},{\"@type\":\"ListItem\",\"position\":2,\"name\":\"PL.\/0223\/2025 &#8211; M\u00e1rio Motta\"}]},{\"@type\":\"WebSite\",\"@id\":\"https:\/\/www.legislapp.com.br\/#website\",\"url\":\"https:\/\/www.legislapp.com.br\/\",\"name\":\"Legislapp\",\"description\":\"Intelig\u00eancia governamental em tempo real\",\"publisher\":{\"@id\":\"https:\/\/www.legislapp.com.br\/#organization\"},\"potentialAction\":[{\"@type\":\"SearchAction\",\"target\":{\"@type\":\"EntryPoint\",\"urlTemplate\":\"https:\/\/www.legislapp.com.br\/?s={search_term_string}\"},\"query-input\":{\"@type\":\"PropertyValueSpecification\",\"valueRequired\":true,\"valueName\":\"search_term_string\"}}],\"inLanguage\":\"pt-BR\"},{\"@type\":\"Organization\",\"@id\":\"https:\/\/www.legislapp.com.br\/#organization\",\"name\":\"Legislapp Monitoramento e Intelig\u00eancia Governamental\",\"url\":\"https:\/\/www.legislapp.com.br\/\",\"logo\":{\"@type\":\"ImageObject\",\"inLanguage\":\"pt-BR\",\"@id\":\"https:\/\/www.legislapp.com.br\/#\/schema\/logo\/image\/\",\"url\":\"https:\/\/www.legislapp.com.br\/wp-content\/uploads\/icon.png\",\"contentUrl\":\"https:\/\/www.legislapp.com.br\/wp-content\/uploads\/icon.png\",\"width\":1024,\"height\":1024,\"caption\":\"Legislapp Monitoramento e Intelig\u00eancia Governamental\"},\"image\":{\"@id\":\"https:\/\/www.legislapp.com.br\/#\/schema\/logo\/image\/\"},\"sameAs\":[\"https:\/\/www.instagram.com\/legislapp\/\"]}]}<\/script>\n<!-- \/ Yoast SEO plugin. -->","yoast_head_json":{"title":"PL.\/0223\/2025 - M\u00e1rio Motta - Legislapp","robots":{"index":"index","follow":"follow","max-snippet":"max-snippet:-1","max-image-preview":"max-image-preview:large","max-video-preview":"max-video-preview:-1"},"canonical":"https:\/\/www.legislapp.com.br\/index.php\/cam-legislativa-de-sc-pl-0223-2025\/","og_locale":"pt_BR","og_type":"article","og_title":"PL.\/0223\/2025 - M\u00e1rio Motta - Legislapp","og_description":"C\u00e2m. Legislativa de SC &#8211; Autoria de M\u00e1rio Motta Institui o Programa Aluno Presente no \u00e2mbito do estado de Santa Catarina e d\u00e1 outras provid\u00eancias. PROJETO DE LEI N\u00ba Institui o Programa Aluno Presente no \u00e2mbito do estado de Santa Catarina e d\u00e1 outras provid\u00eancias. Art. 1\u00ba Fica institu\u00eddo o Programa Aluno Presente, com o [&hellip;]","og_url":"https:\/\/www.legislapp.com.br\/index.php\/cam-legislativa-de-sc-pl-0223-2025\/","og_site_name":"Legislapp","article_publisher":"https:\/\/www.instagram.com\/legislapp\/","og_image":[{"url":"https:\/\/www.legislapp.com.br\/wp-content\/uploads\/google-play.png","type":"","width":"","height":""}],"twitter_card":"summary_large_image","twitter_misc":{"Est. tempo de leitura":"5 minutos"},"schema":{"@context":"https:\/\/schema.org","@graph":[{"@type":"WebPage","@id":"https:\/\/www.legislapp.com.br\/index.php\/cam-legislativa-de-sc-pl-0223-2025\/","url":"https:\/\/www.legislapp.com.br\/index.php\/cam-legislativa-de-sc-pl-0223-2025\/","name":"PL.\/0223\/2025 - M\u00e1rio Motta - Legislapp","isPartOf":{"@id":"https:\/\/www.legislapp.com.br\/#website"},"primaryImageOfPage":{"@id":"https:\/\/www.legislapp.com.br\/index.php\/cam-legislativa-de-sc-pl-0223-2025\/#primaryimage"},"image":{"@id":"https:\/\/www.legislapp.com.br\/index.php\/cam-legislativa-de-sc-pl-0223-2025\/#primaryimage"},"thumbnailUrl":"https:\/\/www.legislapp.com.br\/wp-content\/uploads\/google-play.png","datePublished":"2025-09-17T16:57:54+00:00","breadcrumb":{"@id":"https:\/\/www.legislapp.com.br\/index.php\/cam-legislativa-de-sc-pl-0223-2025\/#breadcrumb"},"inLanguage":"pt-BR","potentialAction":[{"@type":"ReadAction","target":["https:\/\/www.legislapp.com.br\/index.php\/cam-legislativa-de-sc-pl-0223-2025\/"]}]},{"@type":"ImageObject","inLanguage":"pt-BR","@id":"https:\/\/www.legislapp.com.br\/index.php\/cam-legislativa-de-sc-pl-0223-2025\/#primaryimage","url":"https:\/\/www.legislapp.com.br\/wp-content\/uploads\/google-play.png","contentUrl":"https:\/\/www.legislapp.com.br\/wp-content\/uploads\/google-play.png","width":564,"height":168},{"@type":"BreadcrumbList","@id":"https:\/\/www.legislapp.com.br\/index.php\/cam-legislativa-de-sc-pl-0223-2025\/#breadcrumb","itemListElement":[{"@type":"ListItem","position":1,"name":"In\u00edcio","item":"https:\/\/www.legislapp.com.br\/"},{"@type":"ListItem","position":2,"name":"PL.\/0223\/2025 &#8211; M\u00e1rio Motta"}]},{"@type":"WebSite","@id":"https:\/\/www.legislapp.com.br\/#website","url":"https:\/\/www.legislapp.com.br\/","name":"Legislapp","description":"Intelig\u00eancia governamental em tempo real","publisher":{"@id":"https:\/\/www.legislapp.com.br\/#organization"},"potentialAction":[{"@type":"SearchAction","target":{"@type":"EntryPoint","urlTemplate":"https:\/\/www.legislapp.com.br\/?s={search_term_string}"},"query-input":{"@type":"PropertyValueSpecification","valueRequired":true,"valueName":"search_term_string"}}],"inLanguage":"pt-BR"},{"@type":"Organization","@id":"https:\/\/www.legislapp.com.br\/#organization","name":"Legislapp Monitoramento e Intelig\u00eancia Governamental","url":"https:\/\/www.legislapp.com.br\/","logo":{"@type":"ImageObject","inLanguage":"pt-BR","@id":"https:\/\/www.legislapp.com.br\/#\/schema\/logo\/image\/","url":"https:\/\/www.legislapp.com.br\/wp-content\/uploads\/icon.png","contentUrl":"https:\/\/www.legislapp.com.br\/wp-content\/uploads\/icon.png","width":1024,"height":1024,"caption":"Legislapp Monitoramento e Intelig\u00eancia Governamental"},"image":{"@id":"https:\/\/www.legislapp.com.br\/#\/schema\/logo\/image\/"},"sameAs":["https:\/\/www.instagram.com\/legislapp\/"]}]}},"_links":{"self":[{"href":"https:\/\/www.legislapp.com.br\/index.php\/wp-json\/wp\/v2\/pages\/7920","targetHints":{"allow":["GET"]}}],"collection":[{"href":"https:\/\/www.legislapp.com.br\/index.php\/wp-json\/wp\/v2\/pages"}],"about":[{"href":"https:\/\/www.legislapp.com.br\/index.php\/wp-json\/wp\/v2\/types\/page"}],"author":[{"embeddable":true,"href":"https:\/\/www.legislapp.com.br\/index.php\/wp-json\/wp\/v2\/users\/1"}],"replies":[{"embeddable":true,"href":"https:\/\/www.legislapp.com.br\/index.php\/wp-json\/wp\/v2\/comments?post=7920"}],"version-history":[{"count":0,"href":"https:\/\/www.legislapp.com.br\/index.php\/wp-json\/wp\/v2\/pages\/7920\/revisions"}],"wp:attachment":[{"href":"https:\/\/www.legislapp.com.br\/index.php\/wp-json\/wp\/v2\/media?parent=7920"}],"curies":[{"name":"wp","href":"https:\/\/api.w.org\/{rel}","templated":true}]}}