{"id":7934,"date":"2025-09-17T13:58:39","date_gmt":"2025-09-17T16:58:39","guid":{"rendered":"https:\/\/www.legislapp.com.br\/index.php\/cam-legislativa-de-pe-pl-2881-2025\/"},"modified":"2025-09-17T13:58:39","modified_gmt":"2025-09-17T16:58:39","slug":"cam-legislativa-de-pe-pl-2881-2025","status":"publish","type":"page","link":"https:\/\/www.legislapp.com.br\/index.php\/cam-legislativa-de-pe-pl-2881-2025\/","title":{"rendered":"PL 2881\/2025 &#8211; Delegada Gleide Angelo"},"content":{"rendered":"<h1 style='text-align: center;'>C\u00e2m. Legislativa de PE &#8211; Autoria de Delegada Gleide Angelo<br \/><img src='https:\/\/www.alepe.pe.gov.br\/\/wp-content\/uploads\/2019\/02\/GLEIDE-ANGELO-scaled-e1675863599809.jpg' alt='Delegada Gleide Angelo' \/><\/h3>\n<p><\/p>\n<article style='text-align: center'>O presente projeto tem por intuito promover a atualiza\u00e7\u00e3o da Pol\u00edtica Estadual de Combate ao Abuso e \u00e0 Explora\u00e7\u00e3o Sexual da Crian\u00e7a e do Adolescente, de sorte a assegurar o atendimento completo e imediato de crian\u00e7as e adolescentes v\u00edtimas de viol\u00eancia sexual. A garantia de atendimento completo e imediato dessas crian\u00e7as e adolescentes \u00e9 um direito fundamental previsto na legisla\u00e7\u00e3o brasileira, que abrange o atendimento m\u00e9dico, psicol\u00f3gico e social, de forma r\u00e1pida e eficiente.<\/p>\n<p>\u00a0\u00a0\u00a0\u00a0\u00a0O objetivo \u00e9 minimizar os impactos do trauma, garantir a prote\u00e7\u00e3o da v\u00edtima, evitar que ela sofra novas viola\u00e7\u00f5es ou sequelas, e preservar provas. Para isso, \u00e9 preciso oferecer esse suporte de maneira humanizada e \u00e1gil.<\/p>\n<p>\u00a0\u00a0\u00a0\u00a0\u00a0No contexto legal, a ideia est\u00e1, assim, alinhada com o que prev\u00ea a Constitui\u00e7\u00e3o Federal, o Estatuto da Crian\u00e7a e do Adolescente, e as demais normas protetivas da inf\u00e2ncia e juventude. \u00a0<\/p>\n<p>\u00a0\u00a0\u00a0\u00a0\u00a0Diante do exposto, solicito o valoroso apoio dos Nobres Parlamentares da Assembleia Legislativa.<\/article>\n<p><\/p>\n<p style='text-align: center'><a href='https:\/\/app.legislapp.com.br\/#\/busca?termo='><\/a><\/p>\n<p><\/p>\n<article>\u00a0\u00a0\u00a0\u00a0\u00a0Art. 1\u00ba A Lei n\u00ba 18.813, de 8 de janeiro de 2025, passa a vigorar com as seguintes altera\u00e7\u00f5es:<\/p>\n<p>\u201cArt. 1\u00ba &#8230;&#8230;&#8230;&#8230;&#8230;&#8230;&#8230;&#8230;&#8230;&#8230;&#8230;&#8230;&#8230;&#8230;&#8230;&#8230;&#8230;&#8230;&#8230;&#8230;&#8230;&#8230;&#8230;&#8230;.<\/p>\n<p>Par\u00e1grafo \u00fanico. Para os efeitos desta Lei, considera-se: (AC)<\/p>\n<p>I &#8211; abuso sexual infantil o uso do corpo de uma crian\u00e7a e\/ou adolescente em pr\u00e1tica de qualquer ato de natureza sexual, por uma pessoa adulta ou adolescente; e (AC)<\/p>\n<p>II &#8211; explora\u00e7\u00e3o sexual: o envolvimento com a crian\u00e7a e\/ou adolescente com a finalidade de auferir algum tipo de lucro financeiro ou troca material.&#8221; (AC)<\/p>\n<p>\u201cArt. 4\u00ba-A. O atendimento \u00e0 sa\u00fade da crian\u00e7a ou adolescente v\u00edtima de viol\u00eancia sexual \u00e9 considerado situa\u00e7\u00e3o de emerg\u00eancia, com prioridade, necessitando de atendimento imediato pelas unidades de sa\u00fade. (AC)<\/p>\n<p>\u00a7 1\u00ba O atendimento previsto no caput deve ser integral e multidisciplinar, mediante acolhimento humanizado, visando ao controle e ao tratamento dos agravos f\u00edsicos e ps\u00edquicos decorrentes de viol\u00eancia sexual, e com o encaminhamento aos servi\u00e7os de assist\u00eancia social. (AC)<\/p>\n<p>\u00a7 2\u00ba O atendimento imediato compreender\u00e1: (AC)<\/p>\n<p>I &#8211; diagn\u00f3stico e tratamento das les\u00f5es f\u00edsicas no aparelho genital e nas \u00a0demais \u00e1reas afetadas; (AC)<\/p>\n<p>II &#8211; amparo m\u00e9dico, psicol\u00f3gico e social; (AC)<\/p>\n<p>III &#8211; facilita\u00e7\u00e3o do registro da ocorr\u00eancia e encaminhamento ao \u00f3rg\u00e3o de medicina legal e \u00e0s delegacias especializadas com informa\u00e7\u00f5es que possam ser \u00fateis \u00e0 identifica\u00e7\u00e3o do agressor e \u00e0 comprova\u00e7\u00e3o da viol\u00eancia sexual; (AC)<\/p>\n<p>IV &#8211; profilaxia da gravidez; (AC)<\/p>\n<p>V &#8211; profilaxia das Doen\u00e7as Sexualmente Transmiss\u00edveis &#8211;\u00a0DST; (AC)<\/p>\n<p>VI &#8211; coleta de material para realiza\u00e7\u00e3o do exame de HIV (V\u00edrus da Imunodefici\u00eancia Humana) para posterior acompanhamento e terapia; e (AC)<\/p>\n<p>VII &#8211; fornecimento de informa\u00e7\u00f5es \u00e0s v\u00edtimas sobre os direitos legais e sobre todos os servi\u00e7os sanit\u00e1rios dispon\u00edveis. (AC)<\/p>\n<p>Art. 4\u00ba-B. As unidades de sa\u00fade p\u00fablicas, de medicina legal e as delegacias especializadas no atendimento \u00e0 crian\u00e7a e ao adolescente ficam obrigadas a fixar, em local p\u00fablico de f\u00e1cil visualiza\u00e7\u00e3o, cartazes esclarecedores acerca da Lei Federal n\u00ba 12.845, de 1\u00ba de agosto de 2013 &#8211;\u00a0Lei do Minuto Seguinte. (AC)<\/p>\n<p>\u00a7 1\u00ba Os cartazes dever\u00e3o ser afixados em local de f\u00e1cil visualiza\u00e7\u00e3o, com o tamanho padr\u00e3o m\u00ednimo de 29,7 cm (vinte e nove cent\u00edmetros e sete mil\u00edmetros) de altura por 42,0 cm (quarenta e dois cent\u00edmetros) de largura (Folha A3), com caracteres em negrito. (AC)<\/p>\n<p>\u00a7 2\u00ba A crit\u00e9rio da administra\u00e7\u00e3o das unidades de sa\u00fade e dos \u00f3rg\u00e3os de que trata o caput, os cartazes podem ser substitu\u00eddos por tecnologias, m\u00eddias digitais ou aud\u00edveis, desde que assegurado, nos dispositivos utilizados para consulta, exibi\u00e7\u00e3o ou audi\u00e7\u00e3o, o mesmo teor do informativo. (AC)<\/p>\n<p>\u00a7 3\u00ba O descumprimento dos dispositivos desta Lei ensejar\u00e1 a responsabiliza\u00e7\u00e3o administrativa dos dirigentes, em conformidade com a legisla\u00e7\u00e3o aplic\u00e1vel. (AC)<\/p>\n<p>Art. 4\u00ba-C. Nos casos em que haja ferimentos ou outras consequ\u00eancias f\u00edsicas do abuso sexual, se dar\u00e1 prioridade ao atendimento m\u00e9dico da crian\u00e7a ou do adolescente, e posteriormente, se far\u00e1 o registro da ocorr\u00eancia.&#8221; (AC)<\/p>\n<p>\u00a0\u00a0\u00a0\u00a0\u00a0Art. 2\u00ba Esta Lei entra em vigor na data de sua publica\u00e7\u00e3o.<\/article>\n<div style=\"text-align: center\">\n<div style=\"margin-bottom: 20px;\" class=\"et_pb_button_module_wrapper et_pb_button_5_tb_body_wrapper et_pb_button_alignment_center et_pb_module \">\n         <a class=\"et_pb_button et_pb_button_5_tb_body et_hover_enabled et_pb_bg_layout_dark\" style=\"width: 50%;background-color: black;\" href=\"https:\/\/app.legislapp.com.br\" target=\"_blank\" rel=\"noopener\">Visualizar completo na nossa plataforma (30 dias gr\u00e1tis)<\/a><\/p><\/div>\n<p>      <a href=\"https:\/\/play.google.com\/store\/apps\/details?id=br.com.legislapp\"><img decoding=\"async\" style=\"width: 15%; min-width: 130px;\" src=\"https:\/\/www.legislapp.com.br\/wp-content\/uploads\/google-play.png\"><\/a><br \/>\n      <a href=\"https:\/\/apps.apple.com\/us\/app\/legislapp\/id1568929859\"><img decoding=\"async\" style=\"width: 15%; min-width: 130px\" src=\"https:\/\/www.legislapp.com.br\/wp-content\/uploads\/apple-store.png\"><\/a>\n   <\/div>\n","protected":false},"excerpt":{"rendered":"<p>C\u00e2m. Legislativa de PE &#8211; Autoria de Delegada Gleide Angelo O presente projeto tem por intuito promover a atualiza\u00e7\u00e3o da Pol\u00edtica Estadual de Combate ao Abuso e \u00e0 Explora\u00e7\u00e3o Sexual da Crian\u00e7a e do Adolescente, de sorte a assegurar o atendimento completo e imediato de crian\u00e7as e adolescentes v\u00edtimas de viol\u00eancia sexual. A garantia de [&hellip;]<\/p>\n","protected":false},"author":1,"featured_media":0,"parent":0,"menu_order":0,"comment_status":"closed","ping_status":"closed","template":"page-template-blank.php","meta":{"_et_pb_use_builder":"","_et_pb_old_content":"","_et_gb_content_width":"1080","ngg_post_thumbnail":0,"footnotes":""},"class_list":["post-7934","page","type-page","status-publish","hentry"],"yoast_head":"<!-- This site is optimized with the Yoast SEO plugin v24.4 - https:\/\/yoast.com\/wordpress\/plugins\/seo\/ -->\n<title>PL 2881\/2025 - Delegada Gleide Angelo - Legislapp<\/title>\n<meta name=\"robots\" content=\"index, follow, max-snippet:-1, max-image-preview:large, max-video-preview:-1\" \/>\n<link rel=\"canonical\" href=\"https:\/\/www.legislapp.com.br\/index.php\/cam-legislativa-de-pe-pl-2881-2025\/\" \/>\n<meta property=\"og:locale\" content=\"pt_BR\" \/>\n<meta property=\"og:type\" content=\"article\" \/>\n<meta property=\"og:title\" content=\"PL 2881\/2025 - Delegada Gleide Angelo - Legislapp\" \/>\n<meta property=\"og:description\" content=\"C\u00e2m. Legislativa de PE &#8211; Autoria de Delegada Gleide Angelo O presente projeto tem por intuito promover a atualiza\u00e7\u00e3o da Pol\u00edtica Estadual de Combate ao Abuso e \u00e0 Explora\u00e7\u00e3o Sexual da Crian\u00e7a e do Adolescente, de sorte a assegurar o atendimento completo e imediato de crian\u00e7as e adolescentes v\u00edtimas de viol\u00eancia sexual. A garantia de [&hellip;]\" \/>\n<meta property=\"og:url\" content=\"https:\/\/www.legislapp.com.br\/index.php\/cam-legislativa-de-pe-pl-2881-2025\/\" \/>\n<meta property=\"og:site_name\" content=\"Legislapp\" \/>\n<meta property=\"article:publisher\" content=\"https:\/\/www.instagram.com\/legislapp\/\" \/>\n<meta property=\"og:image\" content=\"https:\/\/www.alepe.pe.gov.br\/\/wp-content\/uploads\/2019\/02\/GLEIDE-ANGELO-scaled-e1675863599809.jpg\" \/>\n<meta name=\"twitter:card\" content=\"summary_large_image\" \/>\n<meta name=\"twitter:label1\" content=\"Est. tempo de leitura\" \/>\n\t<meta name=\"twitter:data1\" content=\"4 minutos\" \/>\n<script type=\"application\/ld+json\" class=\"yoast-schema-graph\">{\"@context\":\"https:\/\/schema.org\",\"@graph\":[{\"@type\":\"WebPage\",\"@id\":\"https:\/\/www.legislapp.com.br\/index.php\/cam-legislativa-de-pe-pl-2881-2025\/\",\"url\":\"https:\/\/www.legislapp.com.br\/index.php\/cam-legislativa-de-pe-pl-2881-2025\/\",\"name\":\"PL 2881\/2025 - Delegada Gleide Angelo - Legislapp\",\"isPartOf\":{\"@id\":\"https:\/\/www.legislapp.com.br\/#website\"},\"primaryImageOfPage\":{\"@id\":\"https:\/\/www.legislapp.com.br\/index.php\/cam-legislativa-de-pe-pl-2881-2025\/#primaryimage\"},\"image\":{\"@id\":\"https:\/\/www.legislapp.com.br\/index.php\/cam-legislativa-de-pe-pl-2881-2025\/#primaryimage\"},\"thumbnailUrl\":\"https:\/\/www.alepe.pe.gov.br\/\/wp-content\/uploads\/2019\/02\/GLEIDE-ANGELO-scaled-e1675863599809.jpg\",\"datePublished\":\"2025-09-17T16:58:39+00:00\",\"breadcrumb\":{\"@id\":\"https:\/\/www.legislapp.com.br\/index.php\/cam-legislativa-de-pe-pl-2881-2025\/#breadcrumb\"},\"inLanguage\":\"pt-BR\",\"potentialAction\":[{\"@type\":\"ReadAction\",\"target\":[\"https:\/\/www.legislapp.com.br\/index.php\/cam-legislativa-de-pe-pl-2881-2025\/\"]}]},{\"@type\":\"ImageObject\",\"inLanguage\":\"pt-BR\",\"@id\":\"https:\/\/www.legislapp.com.br\/index.php\/cam-legislativa-de-pe-pl-2881-2025\/#primaryimage\",\"url\":\"https:\/\/www.alepe.pe.gov.br\/\/wp-content\/uploads\/2019\/02\/GLEIDE-ANGELO-scaled-e1675863599809.jpg\",\"contentUrl\":\"https:\/\/www.alepe.pe.gov.br\/\/wp-content\/uploads\/2019\/02\/GLEIDE-ANGELO-scaled-e1675863599809.jpg\"},{\"@type\":\"BreadcrumbList\",\"@id\":\"https:\/\/www.legislapp.com.br\/index.php\/cam-legislativa-de-pe-pl-2881-2025\/#breadcrumb\",\"itemListElement\":[{\"@type\":\"ListItem\",\"position\":1,\"name\":\"In\u00edcio\",\"item\":\"https:\/\/www.legislapp.com.br\/\"},{\"@type\":\"ListItem\",\"position\":2,\"name\":\"PL 2881\/2025 &#8211; Delegada Gleide Angelo\"}]},{\"@type\":\"WebSite\",\"@id\":\"https:\/\/www.legislapp.com.br\/#website\",\"url\":\"https:\/\/www.legislapp.com.br\/\",\"name\":\"Legislapp\",\"description\":\"Intelig\u00eancia governamental em tempo real\",\"publisher\":{\"@id\":\"https:\/\/www.legislapp.com.br\/#organization\"},\"potentialAction\":[{\"@type\":\"SearchAction\",\"target\":{\"@type\":\"EntryPoint\",\"urlTemplate\":\"https:\/\/www.legislapp.com.br\/?s={search_term_string}\"},\"query-input\":{\"@type\":\"PropertyValueSpecification\",\"valueRequired\":true,\"valueName\":\"search_term_string\"}}],\"inLanguage\":\"pt-BR\"},{\"@type\":\"Organization\",\"@id\":\"https:\/\/www.legislapp.com.br\/#organization\",\"name\":\"Legislapp Monitoramento e Intelig\u00eancia Governamental\",\"url\":\"https:\/\/www.legislapp.com.br\/\",\"logo\":{\"@type\":\"ImageObject\",\"inLanguage\":\"pt-BR\",\"@id\":\"https:\/\/www.legislapp.com.br\/#\/schema\/logo\/image\/\",\"url\":\"https:\/\/www.legislapp.com.br\/wp-content\/uploads\/icon.png\",\"contentUrl\":\"https:\/\/www.legislapp.com.br\/wp-content\/uploads\/icon.png\",\"width\":1024,\"height\":1024,\"caption\":\"Legislapp Monitoramento e Intelig\u00eancia Governamental\"},\"image\":{\"@id\":\"https:\/\/www.legislapp.com.br\/#\/schema\/logo\/image\/\"},\"sameAs\":[\"https:\/\/www.instagram.com\/legislapp\/\"]}]}<\/script>\n<!-- \/ Yoast SEO plugin. -->","yoast_head_json":{"title":"PL 2881\/2025 - Delegada Gleide Angelo - Legislapp","robots":{"index":"index","follow":"follow","max-snippet":"max-snippet:-1","max-image-preview":"max-image-preview:large","max-video-preview":"max-video-preview:-1"},"canonical":"https:\/\/www.legislapp.com.br\/index.php\/cam-legislativa-de-pe-pl-2881-2025\/","og_locale":"pt_BR","og_type":"article","og_title":"PL 2881\/2025 - Delegada Gleide Angelo - Legislapp","og_description":"C\u00e2m. Legislativa de PE &#8211; Autoria de Delegada Gleide Angelo O presente projeto tem por intuito promover a atualiza\u00e7\u00e3o da Pol\u00edtica Estadual de Combate ao Abuso e \u00e0 Explora\u00e7\u00e3o Sexual da Crian\u00e7a e do Adolescente, de sorte a assegurar o atendimento completo e imediato de crian\u00e7as e adolescentes v\u00edtimas de viol\u00eancia sexual. A garantia de [&hellip;]","og_url":"https:\/\/www.legislapp.com.br\/index.php\/cam-legislativa-de-pe-pl-2881-2025\/","og_site_name":"Legislapp","article_publisher":"https:\/\/www.instagram.com\/legislapp\/","og_image":[{"url":"https:\/\/www.alepe.pe.gov.br\/\/wp-content\/uploads\/2019\/02\/GLEIDE-ANGELO-scaled-e1675863599809.jpg","type":"","width":"","height":""}],"twitter_card":"summary_large_image","twitter_misc":{"Est. tempo de leitura":"4 minutos"},"schema":{"@context":"https:\/\/schema.org","@graph":[{"@type":"WebPage","@id":"https:\/\/www.legislapp.com.br\/index.php\/cam-legislativa-de-pe-pl-2881-2025\/","url":"https:\/\/www.legislapp.com.br\/index.php\/cam-legislativa-de-pe-pl-2881-2025\/","name":"PL 2881\/2025 - Delegada Gleide Angelo - Legislapp","isPartOf":{"@id":"https:\/\/www.legislapp.com.br\/#website"},"primaryImageOfPage":{"@id":"https:\/\/www.legislapp.com.br\/index.php\/cam-legislativa-de-pe-pl-2881-2025\/#primaryimage"},"image":{"@id":"https:\/\/www.legislapp.com.br\/index.php\/cam-legislativa-de-pe-pl-2881-2025\/#primaryimage"},"thumbnailUrl":"https:\/\/www.alepe.pe.gov.br\/\/wp-content\/uploads\/2019\/02\/GLEIDE-ANGELO-scaled-e1675863599809.jpg","datePublished":"2025-09-17T16:58:39+00:00","breadcrumb":{"@id":"https:\/\/www.legislapp.com.br\/index.php\/cam-legislativa-de-pe-pl-2881-2025\/#breadcrumb"},"inLanguage":"pt-BR","potentialAction":[{"@type":"ReadAction","target":["https:\/\/www.legislapp.com.br\/index.php\/cam-legislativa-de-pe-pl-2881-2025\/"]}]},{"@type":"ImageObject","inLanguage":"pt-BR","@id":"https:\/\/www.legislapp.com.br\/index.php\/cam-legislativa-de-pe-pl-2881-2025\/#primaryimage","url":"https:\/\/www.alepe.pe.gov.br\/\/wp-content\/uploads\/2019\/02\/GLEIDE-ANGELO-scaled-e1675863599809.jpg","contentUrl":"https:\/\/www.alepe.pe.gov.br\/\/wp-content\/uploads\/2019\/02\/GLEIDE-ANGELO-scaled-e1675863599809.jpg"},{"@type":"BreadcrumbList","@id":"https:\/\/www.legislapp.com.br\/index.php\/cam-legislativa-de-pe-pl-2881-2025\/#breadcrumb","itemListElement":[{"@type":"ListItem","position":1,"name":"In\u00edcio","item":"https:\/\/www.legislapp.com.br\/"},{"@type":"ListItem","position":2,"name":"PL 2881\/2025 &#8211; Delegada Gleide Angelo"}]},{"@type":"WebSite","@id":"https:\/\/www.legislapp.com.br\/#website","url":"https:\/\/www.legislapp.com.br\/","name":"Legislapp","description":"Intelig\u00eancia governamental em tempo real","publisher":{"@id":"https:\/\/www.legislapp.com.br\/#organization"},"potentialAction":[{"@type":"SearchAction","target":{"@type":"EntryPoint","urlTemplate":"https:\/\/www.legislapp.com.br\/?s={search_term_string}"},"query-input":{"@type":"PropertyValueSpecification","valueRequired":true,"valueName":"search_term_string"}}],"inLanguage":"pt-BR"},{"@type":"Organization","@id":"https:\/\/www.legislapp.com.br\/#organization","name":"Legislapp Monitoramento e Intelig\u00eancia Governamental","url":"https:\/\/www.legislapp.com.br\/","logo":{"@type":"ImageObject","inLanguage":"pt-BR","@id":"https:\/\/www.legislapp.com.br\/#\/schema\/logo\/image\/","url":"https:\/\/www.legislapp.com.br\/wp-content\/uploads\/icon.png","contentUrl":"https:\/\/www.legislapp.com.br\/wp-content\/uploads\/icon.png","width":1024,"height":1024,"caption":"Legislapp Monitoramento e Intelig\u00eancia Governamental"},"image":{"@id":"https:\/\/www.legislapp.com.br\/#\/schema\/logo\/image\/"},"sameAs":["https:\/\/www.instagram.com\/legislapp\/"]}]}},"_links":{"self":[{"href":"https:\/\/www.legislapp.com.br\/index.php\/wp-json\/wp\/v2\/pages\/7934","targetHints":{"allow":["GET"]}}],"collection":[{"href":"https:\/\/www.legislapp.com.br\/index.php\/wp-json\/wp\/v2\/pages"}],"about":[{"href":"https:\/\/www.legislapp.com.br\/index.php\/wp-json\/wp\/v2\/types\/page"}],"author":[{"embeddable":true,"href":"https:\/\/www.legislapp.com.br\/index.php\/wp-json\/wp\/v2\/users\/1"}],"replies":[{"embeddable":true,"href":"https:\/\/www.legislapp.com.br\/index.php\/wp-json\/wp\/v2\/comments?post=7934"}],"version-history":[{"count":0,"href":"https:\/\/www.legislapp.com.br\/index.php\/wp-json\/wp\/v2\/pages\/7934\/revisions"}],"wp:attachment":[{"href":"https:\/\/www.legislapp.com.br\/index.php\/wp-json\/wp\/v2\/media?parent=7934"}],"curies":[{"name":"wp","href":"https:\/\/api.w.org\/{rel}","templated":true}]}}