{"id":8120,"date":"2025-09-17T14:07:44","date_gmt":"2025-09-17T17:07:44","guid":{"rendered":"https:\/\/www.legislapp.com.br\/index.php\/ordem-dia-senado-friday-august-8-2025-2\/"},"modified":"2025-09-17T14:07:44","modified_gmt":"2025-09-17T17:07:44","slug":"ordem-dia-senado-friday-august-8-2025-2","status":"publish","type":"page","link":"https:\/\/www.legislapp.com.br\/index.php\/ordem-dia-senado-friday-august-8-2025-2\/","title":{"rendered":""},"content":{"rendered":"<h1 style='text-align: center;'>Friday, August 8, 2025 &#8211; <\/h3>\n<p><\/p>\n<article>SENADO FEDERAL<br \/>SECRETARIA-GERAL DA MESA<br \/>3\u00aa SESS\u00c3O LEGISLATIVA ORDIN\u00c1RIA DA<br \/>57\u00aa LEGISLATURA<br \/>Em 8 de agosto de 2025<br \/>(sexta-feira)<br \/>https:\/\/legis.senado.leg.br\/ordiaportal\/casa\/SF Secretaria Legislativa do Senado Federal (55 61 3303-4554 \/ 3303-2059)<br \/>Atualizado em 07\/08\/2025 19:43ORDEM DO DIA<br \/>sexta-feira, 8 de agosto de 2025<br \/>2<br \/>\u00c0s 10 horas<br \/>Sess\u00e3o N\u00e3o Deliberativa<br \/>Oradores Inscritos<br \/>1. Senador Eduardo Gir\u00e3o 2. Senador Paulo PaimORDEM DO DIA<br \/>sexta-feira, 8 de agosto de 2025<br \/>3<br \/>AVISOS, NOTAS E INFORMA\u00c7\u00d5ES<br \/>RESULTADO DAS DELIBERA\u00c7\u00d5ES DA SESS\u00c3O<br \/>85\u00aa (Sess\u00e3o Deliberativa Extraordin\u00e1ria)<br \/>07 de agosto de 2025, \u00e0s 11:00 horas<br \/>Proposi\u00e7\u00e3o Ementa Resultado<br \/>(Autor\/N\u00ba Origem)<br \/>1 Discuss\u00e3o, em turno \u00fanico, do Projeto de Decreto <br \/>PROJETO DE DECRETO Legislativo n\u00ba 268, de 2024, da Comiss\u00e3o de Rela\u00e7\u00f5es  Resultado da mat\u00e9ria: <br \/>LEGISLATIVO N\u00ba 268, DE 2024 Exteriores e de Defesa Nacional da C\u00e2mara dos  Aprovado o projeto.<br \/>Deputados, que aprova o texto do Acordo sobre Servi\u00e7os <br \/>A mat\u00e9ria vai \u00e0 promulga\u00e7\u00e3o.<br \/>A\u00e9reos entre a Rep\u00fablica Federativa do Brasil e a <br \/>Rep\u00fablica da Finl\u00e2ndia, assinado em Bras\u00edlia, em 1\u00ba de <br \/>Ser\u00e1 feita a devida <br \/>junho de 2023.<br \/>comunica\u00e7\u00e3o \u00e0 C\u00e2mara dos <br \/>Parecer favor\u00e1vel n\u00ba 48, de 2025, da Comiss\u00e3o de <br \/>Deputados.<br \/>Rela\u00e7\u00f5es Exteriores e Defesa Nacional, Relator: Senador <br \/>Astronauta Marcos Pontes.<br \/>2 Discuss\u00e3o, em turno \u00fanico, do Projeto de Decreto <br \/>PROJETO DE DECRETO Legislativo n\u00ba 478, de 2023, da Comiss\u00e3o de Rela\u00e7\u00f5es  Resultado da mat\u00e9ria: <br \/>LEGISLATIVO N\u00ba 478, DE 2023 Exteriores e de Defesa Nacional da C\u00e2mara dos  Aprovado o projeto.<br \/>Deputados, que aprova o texto atualizado da Conven\u00e7\u00e3o <br \/>A mat\u00e9ria vai \u00e0 promulga\u00e7\u00e3o.<br \/>Internacional sobre Padr\u00f5es de Instru\u00e7\u00e3o, Certifica\u00e7\u00e3o <br \/>e Servi\u00e7o de Quarto para Mar\u00edtimos (STCW-1978), <br \/>Ser\u00e1 feita a devida <br \/>inclu\u00eddos o Anexo e a Parte A do respectivo C\u00f3digo, em <br \/>comunica\u00e7\u00e3o \u00e0 C\u00e2mara dos <br \/>conformidade com as Emendas de Manila, adotadas em <br \/>Deputados.<br \/>2010, no \u00e2mbito da Organiza\u00e7\u00e3o Mar\u00edtima Internacional <br \/>(OMI).<br \/>Parecer favor\u00e1vel n\u00ba 40, de 2025, da Comiss\u00e3o de <br \/>Rela\u00e7\u00f5es Exteriores e Defesa Nacional, Relator: Senador <br \/>Jorge Seif.<br \/>3 Discuss\u00e3o, em turno \u00fanico, do Projeto de Decreto <br \/>PROJETO DE DECRETO Legislativo n\u00ba 481, de 2023, da Comiss\u00e3o de Rela\u00e7\u00f5es  Resultado da mat\u00e9ria: <br \/>LEGISLATIVO N\u00ba 481, DE 2023 Exteriores e de Defesa Nacional da C\u00e2mara dos  Aprovado o projeto.<br \/>Deputados, que aprova o texto do Acordo-Quadro <br \/>A mat\u00e9ria vai \u00e0 promulga\u00e7\u00e3o.<br \/>sobre Coopera\u00e7\u00e3o Militar entre o Governo da Rep\u00fablica <br \/>Federativa do Brasil e o Governo do Reino do Bahrein, <br \/>Ser\u00e1 feita a devida <br \/>assinado em Manama, em 4 de setembro de 2022.<br \/>comunica\u00e7\u00e3o \u00e0 C\u00e2mara dos <br \/>Parecer favor\u00e1vel n\u00ba 28, de 2025, da Comiss\u00e3o de <br \/>Deputados.<br \/>Rela\u00e7\u00f5es Exteriores e Defesa Nacional, Relator: Senador <br \/>Hamilton Mour\u00e3o.<br \/>4 Projeto de Lei n\u00ba 2.692, de 2025, do Deputado Jos\u00e9 <br \/>PROJETO DE LEI N\u00ba 2.692, DE Guimar\u00e3es, que altera a Lei n\u00ba 11.482, de 31 de maio de  Objeto da delibera\u00e7\u00e3o: <br \/>2025 2007, a fim de modificar os valores da tabela progressiva  Requerimento n\u00ba 72, de 2025, <br \/>mensal do Imposto sobre a Renda da Pessoa F\u00edsica (IRPF);  da Comiss\u00e3o de Assuntos <br \/>e revoga a Medida Provis\u00f3ria n\u00ba 1.294, de 11 de abril de  Econ\u00f4micos, que solicita <br \/>2025. urg\u00eancia para a mat\u00e9ria.<br \/>Pareceres n\u00bas:ORDEM DO DIA<br \/>sexta-feira, 8 de agosto de 2025<br \/>4<br \/>Proposi\u00e7\u00e3o Ementa Resultado<br \/>(Autor\/N\u00ba Origem)<br \/>&#8211; 30, de 2025, da Comiss\u00e3o de Assuntos Econ\u00f4micos,  Resultado: Aprovado.<br \/>Relator: Senador Jaques Wagner, favor\u00e1vel ao projeto; e<br \/>Resultado da mat\u00e9ria: <br \/>&#8211; 106, de 2025, de Plen\u00e1rio, Relator: Senador Jaques <br \/>Aprovado o projeto.<br \/>Wagner, favor\u00e1vel ao projeto, e pela rejei\u00e7\u00e3o das <br \/>Emendas n\u00bas 1 a 13.<br \/>A mat\u00e9ria vai \u00e0 san\u00e7\u00e3o.<br \/>Ser\u00e1 feita a devida <br \/>comunica\u00e7\u00e3o \u00e0 C\u00e2mara dos <br \/>Deputados.ORDEM DO DIA<br \/>sexta-feira, 8 de agosto de 2025<br \/>5<br \/>PROPOSI\u00c7\u00d5ES QUE DEVER\u00c3O CONSTAR DA ORDEM DO <br \/>DIA NAS TR\u00caS SESS\u00d5ES DELIBERATIVAS ORDIN\u00c1RIAS<br \/>(Art. 170, \u00a7 2\u00b0, III, do RISF)<br \/>Dia 11\/08\/2025, segunda-feira, \u00e0s 10 horas Sess\u00e3o Especial<br \/>Data\/Hora Evento Origem<br \/>Comemorar o Dia do Produtor Rural.<br \/>Requerimento n\u00ba 1004, de 2024<br \/>Senador Izalci Lucas<br \/>Aprovado em 09\/07\/2025.<br \/>Dia 11\/08\/2025, segunda-feira, \u00e0s 14 horas Sess\u00e3o N\u00e3o Deliberativa<br \/>Oradores Inscritos 1. Senador Jorge Kajuru 3. Senador Eduardo Gir\u00e3o<br \/>2. Senador Paulo Paim<br \/>(continuam abertas as inscri\u00e7\u00f5es)<br \/>Dia 12\/08\/2025, ter\u00e7a-feira, \u00e0s 10 horas Sess\u00e3o de Premia\u00e7\u00f5es e Condecora\u00e7\u00f5es<br \/>Data\/Hora Evento Origem<br \/>Comenda Santa Dulce dos Pobres.<br \/>Dia 12\/08\/2025, ter\u00e7a-feira, \u00e0s 14 horas Sess\u00e3o Deliberativa Ordin\u00e1ria<br \/>Oradores Inscritos 1. Senador Jorge Kajuru 2. Senador Paulo Paim<br \/>(continuam abertas as inscri\u00e7\u00f5es)<br \/>Dia 13\/08\/2025, quarta-feira, \u00e0s 14 horas Sess\u00e3o Deliberativa Ordin\u00e1ria<br \/>Dia 14\/08\/2025, quinta-feira, \u00e0s 11 horas Sess\u00e3o Deliberativa Extraordin\u00e1riaORDEM DO DIA<br \/>sexta-feira, 8 de agosto de 2025<br \/>6<br \/>AGENDA PARA AGOSTO<br \/>(Poder\u00e3o ser aditadas mat\u00e9rias)<br \/>Dia 15\/08\/2025, sexta-feira, \u00e0s 10 horas Sess\u00e3o N\u00e3o Deliberativa<br \/>Dia 15\/08\/2025, sexta-feira, \u00e0s 14 horas Sess\u00e3o Especial<br \/>Evento Origem<br \/>Homenagear o Legado Humanit\u00e1rio e Espiritual de Divaldo Franco. Requerimento n\u00ba 371, de 2025<br \/>Senador Eduardo Gir\u00e3o<br \/>Aprovado em 20\/05\/2025.<br \/>Dia 18\/08\/2025, segunda-feira, \u00e0s 11 horas Programa Jovem Senador e Jovem Senadora <br \/>Brasileiros<br \/>Data\/Hora Evento Origem<br \/>Programa Jovem Programa Jovem Senador e Jovem Senadora Brasileiros 2025. <br \/>Senador e Jovem Destinada \u00e0 posse dos Jovens Senadoras e Senadores e \u00e0 <br \/>Senadora Brasileiros elei\u00e7\u00e3o da Mesa do Jovem Senador 2025.<br \/>Dia 18\/08\/2025, segunda-feira, \u00e0s 14 horas Sess\u00e3o N\u00e3o Deliberativa<br \/>Dia 19\/08\/2025, ter\u00e7a-feira, \u00e0s 10 horas Sess\u00e3o Especial<br \/>Evento Origem<br \/>Celebrar o Dia do M\u00e9dico de Tr\u00e1fego e os 45 anos da ABRAMET. Requerimento n\u00ba 192, de 2025<br \/>Senador Dr. Hiran<br \/>Aprovado em 18\/03\/2025.<br \/>Dia 19\/08\/2025, ter\u00e7a-feira, \u00e0s 14 horas Sess\u00e3o Deliberativa Ordin\u00e1ria<br \/>Dia 20\/08\/2025, quarta-feira, \u00e0s 10 horas Sess\u00e3o Especial<br \/>Evento Origem<br \/>Comemorar os 69 anos da Representa\u00e7\u00e3o do Estado de Goi\u00e1s na Capital  Requerimento n\u00ba 552, de 2025<br \/>Federal, marco que inaugura o ciclo de comemora\u00e7\u00f5es dos 70 anos da <br \/>Senador Pedro Chaves<br \/>atua\u00e7\u00e3o institucional de Goi\u00e1s em Bras\u00edlia.<br \/>Aprovado em 16\/07\/2025.<br \/>Dia 20\/08\/2025, quarta-feira, \u00e0s 14 horas Sess\u00e3o Deliberativa Ordin\u00e1ria<br \/>Dia 21\/08\/2025, quinta-feira, \u00e0s 11 horas Sess\u00e3o Deliberativa Extraordin\u00e1ria<br \/>Dia 22\/08\/2025, sexta-feira, \u00e0s 9 horas Programa Jovem Senador e Jovem Senadora <br \/>Brasileiros<br \/>Data\/Hora Evento Origem<br \/>Programa Jovem Programa Jovem Senador e Jovem Senadora Brasileiros 2025. <br \/>Senador e Jovem Destinada \u00e0 discuss\u00e3o e vota\u00e7\u00e3o de projetos apresentados <br \/>Senadora Brasileiros por Jovens Senadoras e Senadores &#8211; 2025.<br \/>Dia 25\/08\/2025, segunda-feira, \u00e0s 14 horas Sess\u00e3o N\u00e3o Deliberativa<br \/>Evento OrigemORDEM DO DIA<br \/>sexta-feira, 8 de agosto de 2025<br \/>7<br \/>Evento Origem<br \/>Comemorar os 40 anos do Programa Calha Norte. Requerimento n\u00ba 500, de 2025<br \/>Senador Eduardo Gomes<br \/>Aprovado em 16\/07\/2025.<br \/>Dia 26\/08\/2025, ter\u00e7a-feira, \u00e0s 10 horas Sess\u00e3o de Debates Tem\u00e1ticos<br \/>Evento Origem<br \/>Debater as causas do aumento dos casos de feminic\u00eddio e discutir  Requerimento n\u00ba 270, de 2025<br \/>solu\u00e7\u00f5es para enfrentar os problemas da viol\u00eancia dom\u00e9stica e familiar <br \/>Senadora Leila Barros<br \/>contra a mulher e do feminic\u00eddio.<br \/>Aprovado em 08\/04\/2025.<br \/>Dia 26\/08\/2025, ter\u00e7a-feira, \u00e0s 14 horas Sess\u00e3o Deliberativa Ordin\u00e1ria<br \/>Dia 27\/08\/2025, quarta-feira, \u00e0s 14 horas Sess\u00e3o Deliberativa Ordin\u00e1ria<br \/>Dia 28\/08\/2025, quinta-feira, \u00e0s 11 horas Sess\u00e3o Deliberativa Extraordin\u00e1ria<br \/>Dia 28\/08\/2025, quinta-feira, \u00e0s 15 horas e 30 minutos Sess\u00e3o Especial<br \/>Evento Origem<br \/>Comemorar o Dia do Ma\u00e7om. Requerimento n\u00ba 1007, de 2024<br \/>Senador Izalci Lucas<br \/>Aprovado em 09\/07\/2025.<br \/>Dia 29\/08\/2025, sexta-feira, \u00e0s 10 horas Sess\u00e3o N\u00e3o DeliberativaORDEM DO DIA<br \/>sexta-feira, 8 de agosto de 2025<br \/>8<br \/>AGENDA PARA SETEMBRO<br \/>(Poder\u00e3o ser aditadas mat\u00e9rias)<br \/>Dia 01\/09\/2025, segunda-feira, \u00e0s 14 horas Sess\u00e3o N\u00e3o Deliberativa<br \/>Dia 02\/09\/2025, ter\u00e7a-feira, \u00e0s 10 horas Sess\u00e3o Especial<br \/>Evento Origem<br \/>Celebrar o anivers\u00e1rio de 89 anos da Associa\u00e7\u00e3o Brasileira da Ind\u00fastria  Requerimento n\u00ba 547, de 2025<br \/>de Hot\u00e9is &#8211; ABIH.<br \/>Senador Veneziano Vital do R\u00eago<br \/>Aprovado em 15\/07\/2025.<br \/>Dia 02\/09\/2025, ter\u00e7a-feira, \u00e0s 14 horas Sess\u00e3o Deliberativa Ordin\u00e1ria<br \/>Dia 03\/09\/2025, quarta-feira, \u00e0s 14 horas Sess\u00e3o Deliberativa Ordin\u00e1ria<br \/>Dia 04\/09\/2025, quinta-feira, \u00e0s 11 horas Sess\u00e3o Deliberativa Extraordin\u00e1ria<br \/>Dia 05\/09\/2025, sexta-feira, \u00e0s 10 horas Sess\u00e3o N\u00e3o Deliberativa<br \/>Dia 08\/09\/2025, segunda-feira, \u00e0s 10 horas Sess\u00e3o Especial<br \/>Evento Origem<br \/>Homenagear o Senhor Assis Canuto. Requerimento n\u00ba 123, de 2025<br \/>Senador Jaime Bagattoli<br \/>Aprovado em 11\/03\/2025.<br \/>Dia 08\/09\/2025, segunda-feira, \u00e0s 14 horas Sess\u00e3o N\u00e3o Deliberativa<br \/>Dia 09\/09\/2025, ter\u00e7a-feira, \u00e0s 14 horas Sess\u00e3o Deliberativa Ordin\u00e1ria<br \/>Dia 10\/09\/2025, quarta-feira, \u00e0s 14 horas Sess\u00e3o Deliberativa Ordin\u00e1ria<br \/>Dia 11\/09\/2025, quinta-feira, \u00e0s 11 horas Sess\u00e3o Deliberativa Extraordin\u00e1ria<br \/>Dia 12\/09\/2025, sexta-feira, \u00e0s 10 horas Sess\u00e3o N\u00e3o Deliberativa<br \/>Dia 12\/09\/2025, sexta-feira, \u00e0s 14 horas Sess\u00e3o Especial<br \/>Evento Origem<br \/>Celebrar o pioneirismo da biof\u00edsica no Brasil e o legado de Carlos Chagas  Requerimento n\u00ba 297, de 2025<br \/>Filho.<br \/>Senador Astronauta Marcos Pontes<br \/>Aprovado em 20\/05\/2025.<br \/>Dia 15\/09\/2025, segunda-feira, \u00e0s 10 horas Sess\u00e3o Especial<br \/>Evento Origem<br \/>Celebrar os 50 anos da Secretaria de Articula\u00e7\u00e3o Nacional do Estado de  Requerimento n\u00ba 178, de 2025<br \/>Santa Catarina &#8211; SAN\/SC.<br \/>Senador Esperidi\u00e3o Amin<br \/>Aprovado em 25\/03\/2025.<br \/>Dia 15\/09\/2025, segunda-feira, \u00e0s 14 horas Sess\u00e3o N\u00e3o Deliberativa<br \/>Dia 16\/09\/2025, ter\u00e7a-feira, \u00e0s 14 horas Sess\u00e3o Deliberativa Ordin\u00e1ria<br \/>Dia 17\/09\/2025, quarta-feira, \u00e0s 14 horas Sess\u00e3o Deliberativa Ordin\u00e1riaORDEM DO DIA<br \/>sexta-feira, 8 de agosto de 2025<br \/>9<br \/>Dia 18\/09\/2025, quinta-feira, \u00e0s 11 horas Sess\u00e3o Deliberativa Extraordin\u00e1ria<br \/>Dia 19\/09\/2025, sexta-feira, \u00e0s 10 horas Sess\u00e3o N\u00e3o Deliberativa<br \/>Dia 22\/09\/2025, segunda-feira, \u00e0s 10 horas Sess\u00e3o Especial<br \/>Evento Origem<br \/>Comemorar o Dia Nacional de Luta da Pessoa com Defici\u00eancia. Requerimento n\u00ba 41, de 2025<br \/>Senador Paulo Paim<br \/>Aprovado em 26\/03\/2025.<br \/>Dia 22\/09\/2025, segunda-feira, \u00e0s 14 horas Sess\u00e3o N\u00e3o Deliberativa<br \/>Dia 23\/09\/2025, ter\u00e7a-feira, \u00e0s 10 horas Sess\u00e3o de Premia\u00e7\u00f5es e Condecora\u00e7\u00f5es<br \/>Data\/Hora Evento Origem<br \/>Sess\u00e3o de Premia\u00e7\u00f5es e Conselho do Pr\u00eamio Tr\u00e2nsito Seguro &#8211; Gesto Redobrado para <br \/>Condecora\u00e7\u00f5es o Futuro.<br \/>Dia 23\/09\/2025, ter\u00e7a-feira, \u00e0s 14 horas Sess\u00e3o Deliberativa Ordin\u00e1ria<br \/>Dia 24\/09\/2025, quarta-feira, \u00e0s 14 horas Sess\u00e3o Deliberativa Ordin\u00e1ria<br \/>Dia 25\/09\/2025, quinta-feira, \u00e0s 9 horas Evento<br \/>Data\/Hora Evento Origem<br \/>Evento Sess\u00e3o de Abertura da 17\u00aa Edi\u00e7\u00e3o do Encontro da Rede <br \/>Parlamentar para a Igualdade de G\u00eanero do ParlAmericas.<br \/>Dia 25\/09\/2025, quinta-feira, \u00e0s 11 horas Sess\u00e3o Deliberativa Extraordin\u00e1ria<br \/>Dia 26\/09\/2025, sexta-feira, \u00e0s 10 horas Sess\u00e3o N\u00e3o Deliberativa<br \/>Dia 29\/09\/2025, segunda-feira, \u00e0s 10 horas Sess\u00e3o de Debates Tem\u00e1ticos<br \/>Evento Origem<br \/>Debater a Precariza\u00e7\u00e3o das Rela\u00e7\u00f5es de Trabalho: Pejotiza\u00e7\u00e3o, R equerimento n\u00ba 457, de 2025<br \/>Terceiriza\u00e7\u00e3o e Intermedia\u00e7\u00e3o.<br \/>Senador Paulo Paim<br \/>Aprovado em 16\/07\/2025.<br \/>Dia 29\/09\/2025, segunda-feira, \u00e0s 14 horas Sess\u00e3o N\u00e3o Deliberativa<br \/>Dia 30\/09\/2025, ter\u00e7a-feira, \u00e0s 14 horas Sess\u00e3o Deliberativa Ordin\u00e1riaORDEM DO DIA<br \/>sexta-feira, 8 de agosto de 2025<br \/>10<br \/>AVISOS, NOTAS E INFORMA\u00c7\u00d5ES<br \/>CALEND\u00c1RIO DE SESS\u00d5ES PLEN\u00c1RIAS<br \/>Agosto de 2025<br \/>Segunda-feira Ter\u00e7a-feira Quarta-feira Quinta-feira Sexta-feira<br \/>1<br \/>4 5 6 7 8<br \/>10:00 horas<br \/>Sess\u00e3o N\u00e3o Deliberativa<br \/>11 12 13 14 15<br \/>10:00 horas 10:00 horas 14:00 horas 11:00 horas 10:00 horas<br \/>Sess\u00e3o Especial Sess\u00e3o de Premia\u00e7\u00f5es Sess\u00e3o Deliberativa Sess\u00e3o Deliberativa Sess\u00e3o N\u00e3o Deliberativa<br \/>Comemorar o Dia <br \/>e Condecora\u00e7\u00f5es Ordin\u00e1ria Extraordin\u00e1ria<br \/>14:00 horas<br \/>do Produtor Rural.<br \/>Comenda Santa Dulce dos Pobres.<br \/>Sess\u00e3o Especial<br \/>14:00 horas<br \/>14:00 horas<br \/>Homenagear o Legado <br \/>Sess\u00e3o N\u00e3o Deliberativa Humanit\u00e1rio e Espiritual <br \/>Sess\u00e3o Deliberativa <br \/>de Divaldo Franco.<br \/>Ordin\u00e1ria<br \/>18 19 20 21 22<br \/>11:00 horas 10:00 horas 10:00 horas 10:00 horas 09:00 horas<br \/>Programa Jovem Sess\u00e3o Especial Sess\u00e3o Especial Sess\u00e3o Solene (CN) Programa Jovem <br \/>Celebrar o Dia do M\u00e9dico de Comemorar os 69 anos da Sess\u00e3o Solene destinada a <br \/>Senador e Jovem Senador e Jovem <br \/>Tr\u00e1fego e os 45 anos da ABRAMET. Representa\u00e7\u00e3o do Estado homenagear os 100 anos do <br \/>Senadora Brasileiros Senadora Brasileiros<br \/>de Goi\u00e1s na Capital Federal, Grupo Globo e 60 anos da Rede <br \/>Programa Jovem Senador e Programa Jovem Senador e <br \/>14:00 horas<br \/>marco que inaugura o ciclo Globo. Requerentes: Senador <br \/>Jovem Senadora Brasileiros 2025. Jovem Senadora Brasileiros <br \/>Sess\u00e3o Deliberativa de comemora\u00e7\u00f5es dos 70 Rodrigo Pacheco, Senador <br \/>Destinada \u00e0 posse dos Jovens 2025. Destinada \u00e0 discuss\u00e3o <br \/>anos da atua\u00e7\u00e3o institucional Randolfe Rodrigues e Deputado <br \/>Ordin\u00e1ria<br \/>Senadoras e Senadores e \u00e0 elei\u00e7\u00e3o e vota\u00e7\u00e3o de projetos <br \/>de Goi\u00e1s em Bras\u00edlia. Luiz Fernando Faria. REQ 2\/&#8230;<br \/>da Mesa do Jovem Senador 2025. apresentados por Jovens <br \/>Senadoras e Senadores &#8211; 2025.<br \/>14:00 horas 11:00 horas<br \/>14:00 horas<br \/>Sess\u00e3o Deliberativa Sess\u00e3o Deliberativa <br \/>Sess\u00e3o N\u00e3o Deliberativa<br \/>Ordin\u00e1ria Extraordin\u00e1ria<br \/>25 26 27 28 29<br \/>10:00 horas 10:00 horas 14:00 horas 11:00 horas 10:00 horas<br \/>Sess\u00e3o Especial Sess\u00e3o de Debates Sess\u00e3o Deliberativa Sess\u00e3o Deliberativa Sess\u00e3o N\u00e3o Deliberativa<br \/>Tem\u00e1ticos Ordin\u00e1ria Extraordin\u00e1ria<br \/>14:00 horas<br \/>Debater as causas do aumento <br \/>Sess\u00e3o N\u00e3o Deliberativa 15:30 horas<br \/>dos casos de feminic\u00eddio e <br \/>Comemorar os 40 anos <br \/>discutir solu\u00e7\u00f5es para enfrentar Sess\u00e3o Especial<br \/>do Programa Calha Norte.<br \/>os problemas da viol\u00eancia Comemorar o Dia do Ma\u00e7om.<br \/>dom\u00e9stica e familiar contra <br \/>a mulher e do feminic\u00eddio.<br \/>14:00 horas<br \/>Sess\u00e3o Deliberativa <br \/>Ordin\u00e1riaORDEM DO DIA<br \/>sexta-feira, 8 de agosto de 2025<br \/>11<br \/>AVISOS, NOTAS E INFORMA\u00c7\u00d5ES<br \/>CALEND\u00c1RIO DE SESS\u00d5ES PLEN\u00c1RIAS<br \/>Setembro de 2025<br \/>Segunda-feira Ter\u00e7a-feira Quarta-feira Quinta-feira Sexta-feira<br \/>1 2 3 4 5<br \/>14:00 horas 10:00 horas 14:00 horas 11:00 horas 10:00 horas<br \/>Sess\u00e3o N\u00e3o Deliberativa Sess\u00e3o Especial Sess\u00e3o Deliberativa Sess\u00e3o Deliberativa Sess\u00e3o N\u00e3o Deliberativa<br \/>Celebrar o anivers\u00e1rio de 89 <br \/>Ordin\u00e1ria Extraordin\u00e1ria<br \/>anos da Associa\u00e7\u00e3o Brasileira <br \/>da Ind\u00fastria de Hot\u00e9is &#8211; ABIH.<br \/>14:00 horas<br \/>Sess\u00e3o Deliberativa <br \/>Ordin\u00e1ria<br \/>8 9 10 11 12<br \/>10:00 horas 14:00 horas 14:00 horas 11:00 horas 10:00 horas<br \/>Sess\u00e3o Especial Sess\u00e3o Deliberativa Sess\u00e3o Deliberativa Sess\u00e3o Deliberativa Sess\u00e3o N\u00e3o Deliberativa<br \/>Homenagear o <br \/>Ordin\u00e1ria Ordin\u00e1ria Extraordin\u00e1ria<br \/>14:00 horas<br \/>Senhor Assis Canuto.<br \/>Sess\u00e3o Especial<br \/>14:00 horas<br \/>Celebrar o pioneirismo da <br \/>Sess\u00e3o N\u00e3o Deliberativa<br \/>biof\u00edsica no Brasil e o legado <br \/>de Carlos Chagas Filho.<br \/>15 16 17 18 19<br \/>10:00 horas 14:00 horas 14:00 horas 11:00 horas 10:00 horas<br \/>Sess\u00e3o Especial Sess\u00e3o Deliberativa Sess\u00e3o Deliberativa Sess\u00e3o Deliberativa Sess\u00e3o N\u00e3o Deliberativa<br \/>Celebrar os 50 anos da Secretaria <br \/>Ordin\u00e1ria Ordin\u00e1ria Extraordin\u00e1ria<br \/>de Articula\u00e7\u00e3o Nacional do Estado <br \/>de Santa Catarina &#8211; SAN\/SC.<br \/>14:00 horas<br \/>Sess\u00e3o N\u00e3o Deliberativa<br \/>22 23 24 25 26<br \/>10:00 horas 10:00 horas 14:00 horas 09:00 horas 10:00 horas<br \/>Sess\u00e3o Especial Sess\u00e3o de Premia\u00e7\u00f5es Sess\u00e3o Deliberativa Evento Sess\u00e3o N\u00e3o Deliberativa<br \/>Comemorar o Dia Nacional de Sess\u00e3o de Abertura da 17\u00aa <br \/>e Condecora\u00e7\u00f5es Ordin\u00e1ria<br \/>Luta da Pessoa com Defici\u00eancia. Edi\u00e7\u00e3o do Encontro da Rede <br \/>Conselho do Pr\u00eamio <br \/>Parlamentar para a Igualdade <br \/>Tr\u00e2nsito Seguro &#8211; Gesto <br \/>14:00 horas<br \/>de G\u00eanero do ParlAmericas.<br \/>Redobrado para o Futuro.<br \/>Sess\u00e3o N\u00e3o Deliberativa<br \/>11:00 horas<br \/>14:00 horas<br \/>Sess\u00e3o Deliberativa <br \/>Sess\u00e3o Deliberativa <br \/>Extraordin\u00e1ria<br \/>Ordin\u00e1riaORDEM DO DIA<br \/>sexta-feira, 8 de agosto de 2025<br \/>12<br \/>29 30<br \/>10:00 horas 14:00 horas<br \/>Sess\u00e3o de Debates Sess\u00e3o Deliberativa <br \/>Tem\u00e1ticos Ordin\u00e1ria<br \/>Debater a Precariza\u00e7\u00e3o das <br \/>Rela\u00e7\u00f5es de Trabalho: Pejotiza\u00e7\u00e3o, <br \/>Terceiriza\u00e7\u00e3o e Intermedia\u00e7\u00e3o.<br \/>14:00 horas<br \/>Sess\u00e3o N\u00e3o DeliberativaORDEM DO DIA<br \/>sexta-feira, 8 de agosto de 2025<br \/>13<br \/>AVISOS, NOTAS E INFORMA\u00c7\u00d5ES<br \/>CALEND\u00c1RIO DE SESS\u00d5ES PLEN\u00c1RIAS<br \/>Outubro de 2025<br \/>Segunda-feira Ter\u00e7a-feira Quarta-feira Quinta-feira Sexta-feira<br \/>1 2 3<br \/>14:00 horas 11:00 horas 10:00 horas<br \/>Sess\u00e3o Deliberativa Sess\u00e3o Deliberativa Sess\u00e3o N\u00e3o Deliberativa<br \/>Ordin\u00e1ria Extraordin\u00e1ria<br \/>14:00 horas<br \/>Sess\u00e3o Especial<br \/>Comemorar o Dia Nacional da <br \/>Musicoterapia e os 30 anos da <br \/>Uni\u00e3o Brasileira das Associa\u00e7\u00f5es <br \/>de Musicoterapia &#8211; UBAM.<br \/>6 7 8 9 10<br \/>10:00 horas 14:00 horas 14:00 horas 11:00 horas 10:00 horas<br \/>Sess\u00e3o Especial Sess\u00e3o Deliberativa Sess\u00e3o Deliberativa Sess\u00e3o Deliberativa Sess\u00e3o N\u00e3o Deliberativa<br \/>Comemorar o Dia <br \/>Ordin\u00e1ria Ordin\u00e1ria Extraordin\u00e1ria<br \/>Nacional do Idoso.<br \/>14:00 horas<br \/>Sess\u00e3o N\u00e3o Deliberativa<br \/>13 14 15 16 17<br \/>10:00 horas 14:00 horas 10:00 horas 11:00 horas 10:00 horas<br \/>Sess\u00e3o Especial Sess\u00e3o Deliberativa Sess\u00e3o Especial Sess\u00e3o Deliberativa Sess\u00e3o N\u00e3o Deliberativa<br \/>Comemorar o Dia do Professor. Comemorar o Dia do M\u00e9dico.<br \/>Ordin\u00e1ria Extraordin\u00e1ria<br \/>14:00 horas 14:00 horas<br \/>Sess\u00e3o N\u00e3o Deliberativa Sess\u00e3o Deliberativa <br \/>Ordin\u00e1ria<br \/>20 21 22 23 24<br \/>14:00 horas 14:00 horas 14:00 horas 11:00 horas 10:00 horas<br \/>Sess\u00e3o N\u00e3o Deliberativa Sess\u00e3o Deliberativa Sess\u00e3o Deliberativa Sess\u00e3o Deliberativa Sess\u00e3o N\u00e3o Deliberativa<br \/>Ordin\u00e1ria Ordin\u00e1ria Extraordin\u00e1ria<br \/>27 28 29 30 31<br \/>Dia do Servidor P\u00fablico<br \/>14:00 horas 14:00 horas 11:00 horas 10:00 horas<br \/>Sess\u00e3o N\u00e3o Deliberativa Sess\u00e3o Deliberativa Sess\u00e3o Deliberativa Sess\u00e3o N\u00e3o Deliberativa<br \/>Ordin\u00e1ria Extraordin\u00e1riaORDEM DO DIA<br \/>sexta-feira, 8 de agosto de 2025<br \/>14<br \/>PROJETOS EM FASE DE INTERPOSI\u00c7\u00c3O DE RECURSO PERANTE A MESA<br \/>(Art. 91, \u00a7\u00a7 3\u00ba ao 5\u00ba, do RISF)<br \/>Proposi\u00e7\u00e3o Ementa Prazo<br \/>(Autor\/N\u00ba Origem)<br \/>PROJETO DE LEI N\u00ba 3868, DE Inscreve o nome de Manoel Mattos no Livro dos Her\u00f3is e  Quarto dia: 08.08.2025<br \/>2019 Hero\u00ednas da P\u00e1tria.<br \/>\u00daltimo dia: 11.08.2025<br \/>Deputado Frei Anastacio <br \/>Ribeiro<br \/>PROJETO DE LEI N\u00ba 170, DE Reconhece como manifesta\u00e7\u00e3o da cultura nacional a  Quarto dia: 08.08.2025<br \/>2023 Guitarrada.<br \/>\u00daltimo dia: 11.08.2025<br \/>Deputado Airton Faleiro<br \/>PROJETO DE LEI N\u00ba 5121, DE Confere o t\u00edtulo de Capital Nacional da Pa\u00e7oca de Carne  Quarto dia: 08.08.2025<br \/>2023 com Farinha ao Munic\u00edpio de Boa Vista, no Estado de <br \/>\u00daltimo dia: 11.08.2025<br \/>Roraima.<br \/>Deputado Defensor St\u00e9lio <br \/>Dener<br \/>PROJETO DE LEI N\u00ba 6139, DE Altera a Lei n\u00ba 12.712 de 30 de agosto de 2012, para  Quarto dia: 08.08.2025<br \/>2023 estabelecer o sistema brasileiro de cr\u00e9dito oficial \u00e0 <br \/>\u00daltimo dia: 11.08.2025<br \/>exporta\u00e7\u00e3o.<br \/>Senador Mecias de Jesus<br \/>PROJETO DE LEI N\u00ba 650, DE Confere o t\u00edtulo de Capital Nordestina do Cuscuz ao  Quarto dia: 08.08.2025<br \/>2024 Munic\u00edpio de Angelim, no Estado de Pernambuco.<br \/>\u00daltimo dia: 11.08.2025<br \/>Deputado Fernando Rodolfo<br \/>PROJETO DE LEI N\u00ba 2936, DE Reconhece a Dan\u00e7a de S\u00e3o Gon\u00e7alo como manifesta\u00e7\u00e3o  Quarto dia: 08.08.2025<br \/>2024 da cultura nacional.<br \/>\u00daltimo dia: 11.08.2025<br \/>Senador Rog\u00e9rio Carvalho<br \/>PROJETO DE LEI N\u00ba 3404, DE Concede ao munic\u00edpio de Fortaleza, no estado do Cear\u00e1,  Quarto dia: 08.08.2025<br \/>2024 o t\u00edtulo de Capital Nacional do P\u00e3o.<br \/>\u00daltimo dia: 11.08.2025<br \/>Senador Eduardo Gir\u00e3o<br \/>PROJETO DE LEI N\u00ba 3603, DE Institui o Dia Nacional do Cidad\u00e3o Solid\u00e1rio. Quarto dia: 08.08.2025<br \/>2024<br \/>\u00daltimo dia: 11.08.2025<br \/>Senador Bene Camacho<br \/>PROJETO DE LEI N\u00ba 2374, DE Declara como manifesta\u00e7\u00e3o da cultura nacional a Romaria  Terceiro dia: 08.08.2025<br \/>2022 do Senhor Bom Jesus da Lapa, no Estado da Bahia.<br \/>\u00daltimo dia: 12.08.2025<br \/>Deputado Arthur Oliveira Maia<br \/>PROJETO DE LEI N\u00ba 4191, DE Reconhece como manifesta\u00e7\u00e3o da cultura nacional o  Terceiro dia: 08.08.2025<br \/>2023 Carnaval de Salvador, no Estado da Bahia.<br \/>\u00daltimo dia: 12.08.2025<br \/>Deputada Alice PortugalORDEM DO DIA<br \/>sexta-feira, 8 de agosto de 2025<br \/>15<br \/>PROJETOS EM FASE DE RECEBIMENTO DE EMENDAS PERANTE A MESA<br \/>(Art. 235, II, &#8220;d&#8221;, do RISF)<br \/>Proposi\u00e7\u00e3o Ementa Prazo<br \/>(Autor\/N\u00ba Origem)<br \/>PROJETO DE LEI N\u00ba 5178, DE Altera a ementa da Lei n\u00ba 11.340, de 7 de agosto de 2006,  Quarto dia: 08.08.2025<br \/>2023 para denomin\u00e1-la oficialmente Lei Maria da Penha.<br \/>\u00daltimo dia: 11.08.2025<br \/>Deputada Laura Carneiro Parecer favor\u00e1vel n\u00ba 61, de 2025, da Comiss\u00e3o de Direitos <br \/>Textos:<br \/>Humanos e Legisla\u00e7\u00e3o Participativa, Relator: Senador <br \/>Avulso inicial da mat\u00e9ria &#8211; PL n\u00ba <br \/>Fl\u00e1vio Arns, Relatora &#8220;ad hoc&#8221;: Senadora Damares Alves.<br \/>5178\/2023<br \/>(Pendente de aprova\u00e7\u00e3o do Requerimento n\u00ba 71, de <br \/>Parecer &#8211; P.S 61\/2025 &#8211; CDH<br \/>2025, da Comiss\u00e3o de Direitos Humanos e Legisla\u00e7\u00e3o <br \/>Participativa, que solicita urg\u00eancia para a mat\u00e9ria, nos <br \/>termos do art. 336, II, combinado com o art. 338, IV, do <br \/>Regimento Interno).<br \/>PROJETO DE LEI Altera a Lei Complementar n\u00ba 172, de 15 de abril de 2020,  Terceiro dia: 08.08.2025<br \/>COMPLEMENTAR N\u00ba 58, DE a fim de prorrogar prazo para que os Estados, o Distrito <br \/>\u00daltimo dia: 12.08.2025<br \/>2025 Federal e os Munic\u00edpios executem atos de transposi\u00e7\u00e3o <br \/>e de transfer\u00eancia de saldos financeiros constantes dos <br \/>(n\u00ba 58 de 2025, na Casa de <br \/>seus Fundos de Sa\u00fade.<br \/>origem)<br \/>Deputado Mauro Benevides <br \/>Filho<br \/>(Art. 235, II, &#8220;f&#8221;, do RISF)<br \/>Proposi\u00e7\u00e3o Ementa Prazo<br \/>(Autor\/N\u00ba Origem)<br \/>PROJETO DE RESOLU\u00c7\u00c3O DO Autoriza a Ag\u00eancia de Fomento do Estado de S\u00e3o Paulo  Terceiro dia: 08.08.2025<br \/>SENADO N\u00ba 29, DE 2025 (Desenvolve SP) a contratar opera\u00e7\u00e3o de cr\u00e9dito externo, <br \/>\u00daltimo dia: 12.08.2025<br \/>com garantia da Rep\u00fablica Federativa do Brasil, no valor <br \/>Comiss\u00e3o de Assuntos <br \/>de at\u00e9 US$ 110.000.000,00 (cento e dez milh\u00f5es de <br \/>Econ\u00f4micos<br \/>d\u00f3lares dos Estados Unidos da Am\u00e9rica), de principal, <br \/>junto ao Banco Interamericano de Desenvolvimento <br \/>(BID), cujos recursos destinam-se ao financiamento <br \/>parcial do ?Programa Desenvolve SP ? Infraestruturas <br \/>Sustent\u00e1veis?.<br \/>PROJETO DE RESOLU\u00c7\u00c3O DO Autoriza o Banco Nacional de Desenvolvimento  Terceiro dia: 08.08.2025<br \/>SENADO N\u00ba 30, DE 2025 Econ\u00f4mico e Social (BNDES) a contratar opera\u00e7\u00e3o de <br \/>\u00daltimo dia: 12.08.2025<br \/>cr\u00e9dito externo com garantia da Rep\u00fablica Federativa <br \/>Comiss\u00e3o de Assuntos <br \/>do Brasil, no valor de at\u00e9 US$ 750.000.000,00 <br \/>Econ\u00f4micos<br \/>(setecentos e cinquenta milh\u00f5es de d\u00f3lares dos Estados <br \/>Unidos da Am\u00e9rica) junto ao Banco Interamericano de <br \/>Desenvolvimento (BID).ORDEM DO DIA<br \/>sexta-feira, 8 de agosto de 2025<br \/>16<br \/>PROJETOS EM FASE DE RECEBIMENTO DE EMENDAS PERANTE AS COMISS\u00d5ES<br \/>Art. 282 combinado com o art. 92 do RISF<br \/>Comiss\u00e3o de Assuntos Sociais<br \/>Proposi\u00e7\u00e3o Ementa Prazo<br \/>(Autor\/N\u00ba Origem)<br \/>PROJETO DE LEI N\u00ba 3021, DE Altera a Lei n\u00ba 11.664, de 29 de abril de 2008, que disp\u00f5e  Prazo aberto at\u00e9 o <br \/>2024 sobre a efetiva\u00e7\u00e3o de a\u00e7\u00f5es de sa\u00fade que assegurem  encerramento da discuss\u00e3o em <br \/>a preven\u00e7\u00e3o, a detec\u00e7\u00e3o, o tratamento e o seguimento  turno suplementar.<br \/>(n\u00ba 3021 de 2024, no Senado <br \/>dos c\u00e2nceres do colo uterino, de mama e colorretal no <br \/>Federal)<br \/>\u00e2mbito do Sistema \u00danico de Sa\u00fade (SUS), para garantir <br \/>Senador La\u00e9rcio Oliveira<br \/>\u00e0s mulheres com hist\u00f3rico familiar de c\u00e2ncer de mama o <br \/>rastreamento mamogr\u00e1fico a partir dos trinta anos.<br \/>Comiss\u00e3o de Educa\u00e7\u00e3o e Cultura<br \/>Proposi\u00e7\u00e3o Ementa Prazo<br \/>(Autor\/N\u00ba Origem)<br \/>PROJETO DE LEI N\u00ba 3611, DE Estabelece diretrizes para as institui\u00e7\u00f5es de ensino  Prazo aberto at\u00e9 o <br \/>2024 privadas na presta\u00e7\u00e3o de servi\u00e7os educacionais a  encerramento da discuss\u00e3o em <br \/>estudantes bolsistas. turno suplementar.<br \/>(n\u00ba 3611 de 2024, no Senado <br \/>Federal)<br \/>Senador Alessandro Vieira<br \/>Comiss\u00e3o de Servi\u00e7os de Infraestrutura<br \/>Proposi\u00e7\u00e3o Ementa Prazo<br \/>(Autor\/N\u00ba Origem)<br \/>PROJETO DE LEI N\u00ba 1086, DE Altera a Lei n\u00ba 14.133, de 1\u00ba de abril de 2021,  Prazo aberto at\u00e9 o <br \/>2024 a Lei de Licita\u00e7\u00f5es e Contratos Administrativos, para  encerramento da discuss\u00e3o em <br \/>estabelecer margem de prefer\u00eancia para os modelos  turno suplementar.<br \/>(n\u00ba 1086 de 2024, no Senado <br \/>movidos a biocombust\u00edveis ou a hidrog\u00eanio nas compras <br \/>Federal)<br \/>e loca\u00e7\u00f5es de ve\u00edculos automotores, bem como para <br \/>Senador Fernando Farias<br \/>os biocombust\u00edveis e o hidrog\u00eanio verde nas compras <br \/>de combust\u00edveis para o abastecimento de ve\u00edculos <br \/>automotores.<br \/> ORDEM DO DIA<br \/>sexta-feira, 8 de agosto de 2025<br \/>17<br \/>COMEMORA\u00c7\u00d5ES ESPECIAIS<br \/>Data\/Hora Evento Origem\/Autor<br \/>Sess\u00e3o Especial Comemorar o Dia do Produtor Rural. Requerimento n\u00ba 1004, de 2024<br \/>11 de agosto de Senador Izalci Lucas<br \/>2025, segunda-feira, <br \/>\u00e0s 10 horas.<br \/>Aprovado em 09\/07\/2025.<br \/>Sess\u00e3o de Comenda Santa Dulce dos Pobres.<br \/>Premia\u00e7\u00f5es e <br \/>Condecora\u00e7\u00f5es<br \/>12 de agosto de <br \/>2025, ter\u00e7a-feira, \u00e0s <br \/>10 horas.<br \/>Sess\u00e3o Especial Homenagear o Legado Humanit\u00e1rio e Espiritual de Divaldo Franco. Requerimento n\u00ba 371, de 2025<br \/>15 de agosto de Senador Eduardo Gir\u00e3o<br \/>2025, sexta-feira, \u00e0s <br \/>14 horas.<br \/>Aprovado em 20\/05\/2025.<br \/>Programa Jovem Programa Jovem Senador e Jovem Senadora Brasileiros 2025. <br \/>Senador e Jovem Destinada \u00e0 posse dos Jovens Senadoras e Senadores e \u00e0 elei\u00e7\u00e3o da <br \/>Senadora Brasileiros Mesa do Jovem Senador 2025.<br \/>18 de agosto de <br \/>2025, segunda-feira, <br \/>\u00e0s 11 horas.<br \/>Sess\u00e3o Especial Celebrar o Dia do M\u00e9dico de Tr\u00e1fego e os 45 anos da ABRAMET. Requerimento n\u00ba 192, de 2025<br \/>19 de agosto de Senador Dr. Hiran<br \/>2025, ter\u00e7a-feira, \u00e0s <br \/>10 horas.<br \/>Aprovado em 18\/03\/2025.<br \/>Sess\u00e3o Especial Comemorar os 69 anos da Representa\u00e7\u00e3o do Estado de Goi\u00e1s na  Requerimento n\u00ba 552, de 2025<br \/>Capital Federal, marco que inaugura o ciclo de comemora\u00e7\u00f5es dos <br \/>20 de agosto de Senador Pedro Chaves<br \/>70 anos da atua\u00e7\u00e3o institucional de Goi\u00e1s em Bras\u00edlia.<br \/>2025, quarta-feira, <br \/>\u00e0s 10 horas.<br \/>Aprovado em 16\/07\/2025.<br \/>Programa Jovem Programa Jovem Senador e Jovem Senadora Brasileiros 2025. <br \/>Senador e Jovem Destinada \u00e0 discuss\u00e3o e vota\u00e7\u00e3o de projetos apresentados por <br \/>Senadora Brasileiros Jovens Senadoras e Senadores &#8211; 2025.<br \/>22 de agosto de <br \/>2025, sexta-feira, \u00e0s <br \/>9 horas.<br \/>Sess\u00e3o Especial Comemorar os 40 anos do Programa Calha Norte. Requerimento n\u00ba 500, de 2025<br \/>25 de agosto de Senador Eduardo Gomes<br \/>2025, segunda-feira, <br \/>\u00e0s 14 horas.<br \/>Aprovado em 16\/07\/2025.<br \/>Sess\u00e3o Especial Comemorar o Dia do Ma\u00e7om. Requerimento n\u00ba 1007, de 2024<br \/>28 de agosto de Senador Izalci Lucas<br \/>2025, quinta-feira, <br \/>\u00e0s 15h30min.<br \/>Aprovado em 09\/07\/2025.ORDEM DO DIA<br \/>sexta-feira, 8 de agosto de 2025<br \/>18<br \/>Data\/Hora Evento Origem\/Autor<br \/>Sess\u00e3o Especial Celebrar o anivers\u00e1rio de 89 anos da Associa\u00e7\u00e3o Brasileira da Requerimento n\u00ba 547, de 2025<br \/>Ind\u00fastria de Hot\u00e9is &#8211; ABIH.<br \/>2 de setembro de Senador Veneziano Vital do R\u00eago<br \/>2025, ter\u00e7a-feira, \u00e0s <br \/>10 horas.<br \/>Aprovado em 15\/07\/2025.<br \/>Sess\u00e3o Especial Homenagear o Senhor Assis Canuto. Requerimento n\u00ba 123, de 2025<br \/>8 de setembro de Senador Jaime Bagattoli<br \/>2025, segunda-feira, <br \/>\u00e0s 10 horas.<br \/>Aprovado em 11\/03\/2025.<br \/>Sess\u00e3o Especial Celebrar o pioneirismo da biof\u00edsica no Brasil e o legado de Carlos  Requerimento n\u00ba 297, de 2025<br \/>Chagas Filho.<br \/>12 de setembro de Senador Astronauta Marcos <br \/>2025, sexta-feira, \u00e0s Pontes<br \/>14 horas.<br \/>Aprovado em 20\/05\/2025.<br \/>Sess\u00e3o Especial Celebrar os 50 anos da Secretaria de Articula\u00e7\u00e3o Nacional do Estado  Requerimento n\u00ba 178, de 2025<br \/>de Santa Catarina &#8211; SAN\/SC.<br \/>15 de setembro de Senador Esperidi\u00e3o Amin<br \/>2025, segunda-feira, <br \/>\u00e0s 10 horas.<br \/>Aprovado em 25\/03\/2025.<br \/>Sess\u00e3o Especial Comemorar o Dia Nacional de Luta da Pessoa com Defici\u00eancia. Requerimento n\u00ba 41, de 2025<br \/>22 de setembro de Senador Paulo Paim<br \/>2025, segunda-feira, <br \/>\u00e0s 10 horas.<br \/>Aprovado em 26\/03\/2025.<br \/>Sess\u00e3o de Conselho do Pr\u00eamio Tr\u00e2nsito Seguro &#8211; Gesto Redobrado para o <br \/>Premia\u00e7\u00f5es e Futuro.<br \/>Condecora\u00e7\u00f5es<br \/>23 de setembro de <br \/>2025, ter\u00e7a-feira, \u00e0s <br \/>10 horas.<br \/>Evento Sess\u00e3o de Abertura da 17\u00aa Edi\u00e7\u00e3o do Encontro da Rede Parlamentar <br \/>para a Igualdade de G\u00eanero do ParlAmericas.<br \/>25 de setembro de <br \/>2025, quinta-feira, <br \/>\u00e0s 9 horas.<br \/>Sess\u00e3o Especial Comemorar o Dia Nacional da Musicoterapia e os 30 anos da Uni\u00e3o  Requerimento n\u00ba 524, de 2025<br \/>Brasileira das Associa\u00e7\u00f5es de Musicoterapia &#8211; UBAM.<br \/>3 de outubro de Senadora Jussara Lima<br \/>2025, sexta-feira, \u00e0s <br \/>14 horas.<br \/>Aprovado em 08\/07\/2025.<br \/>Sess\u00e3o Especial Comemorar o Dia Nacional do Idoso. Requerimento n\u00ba 42, de 2025<br \/>6 de outubro de Senador Paulo Paim<br \/>2025, segunda-feira, <br \/>\u00e0s 10 horas.<br \/>Aprovado em 26\/03\/2025.<br \/>Sess\u00e3o Especial Comemorar o Dia do Professor. Requerimento n\u00ba 16, de 2025<br \/>13 de outubro de Senadora Professora Dorinha <br \/>2025, segunda-feira, Seabra<br \/>\u00e0s 10 horas.<br \/>Aprovado em 19\/02\/2025.ORDEM DO DIA<br \/>sexta-feira, 8 de agosto de 2025<br \/>19<br \/>Data\/Hora Evento Origem\/Autor<br \/>Sess\u00e3o Especial Comemorar o Dia do M\u00e9dico. Requerimento n\u00ba 1006, de 2024<br \/>15 de outubro de Senador Izalci Lucas<br \/>2025, quarta-feira, <br \/>\u00e0s 10 horas.<br \/>Aprovado em 26\/03\/2025.<br \/>Requerimento n\u00ba 29, de 2025<br \/>Senador Dr. Hiran<br \/>Aprovado em 26\/03\/2025.<br \/>Sess\u00e3o Especial Comemorar os 65 anos da Consultoria Legislativa do Senado Requerimento n\u00ba 441, de 2025<br \/>Federal.<br \/>3 de novembro de Senador Rodrigo Pacheco<br \/>2025, segunda-feira, <br \/>\u00e0s 10 horas.<br \/>Aprovado em 24\/06\/2025.<br \/>Sess\u00e3o Especial Celebrar os 53 anos de cria\u00e7\u00e3o da Telecomunica\u00e7\u00f5es Brasileiras S.A  Requerimento n\u00ba 139, de 2025<br \/>&#8211; Telebras.<br \/>10 de novembro de Senadora Professora Dorinha <br \/>2025, segunda-feira, Seabra<br \/>\u00e0s 10 horas.<br \/>Aprovado em 11\/03\/2025.<br \/>Sess\u00e3o de Entrega da Comenda Mission\u00e1rios Daniel Berg e Gunnar Vingren.<br \/>Premia\u00e7\u00f5es e <br \/>Condecora\u00e7\u00f5es<br \/>11 de novembro de <br \/>2025, ter\u00e7a-feira, \u00e0s <br \/>10 horas.<br \/>Sess\u00e3o Especial Comemorar o Dia Nacional de Zumbi e da Consci\u00eancia Negra, dia  Requerimento n\u00ba 43, de 2025<br \/>20 de novembro.<br \/>17 de novembro de Senador Paulo Paim<br \/>2025, segunda-feira, <br \/>\u00e0s 10 horas.<br \/>Aprovado em 26\/03\/2025.<br \/>Sess\u00e3o Especial Celebrar e homenagear o Ano Internacional das Cooperativas e  Requerimento n\u00ba 381, de 2025<br \/>os 20 anos de funda\u00e7\u00e3o da Uni\u00e3o Nacional das Cooperativas da <br \/>24 de novembro de Senadora Teresa Leit\u00e3o<br \/>Agricultura Familiar e Economia Solid\u00e1ria &#8211; UNICAFES.<br \/>2025, segunda-feira, <br \/>\u00e0s 10 horas.<br \/>Aprovado em 11\/06\/2025.<br \/>Sess\u00e3o Especial Comemorar os 45 anos do Hospital Universit\u00e1rio Lauro Wanderley  Requerimento n\u00ba 503, de 2025<br \/>&#8211; HULW.<br \/>27 de novembro de Senador Veneziano Vital do R\u00eago<br \/>2025, quinta-feira, <br \/>\u00e0s 14 horas.<br \/>Aprovado em 09\/07\/2025.<br \/>Sess\u00e3o Especial Lembrar os 6 meses de falecimento do Papa Francisco e dar Requerimento n\u00ba 464, de 2025<br \/>luz \u00e0 reflex\u00e3o sobre o Pacto Educativo Global proposto por Sua <br \/>28 de novembro de Senador Fl\u00e1vio Arns<br \/>Santidade para que todas as pessoas no mundo, institui\u00e7\u00f5es, igrejas <br \/>2025, sexta-feira, \u00e0s <br \/>e governos priorizem uma educa\u00e7\u00e3o humanista e solid\u00e1ria como <br \/>14 horas.<br \/>Aprovado em 09\/07\/2025.<br \/>modo de transformar a sociedade.<br \/>Sess\u00e3o Especial Comemorar os 10 anos de atua\u00e7\u00e3o da Liga do Bem. Requerimento n\u00ba 263, de 2025<br \/>1\u00ba de dezembro de Senadora Soraya Thronicke<br \/>2025, segunda-feira, <br \/>\u00e0s 10 horas.<br \/>Aprovado em 08\/04\/2025.ORDEM DO DIA<br \/>sexta-feira, 8 de agosto de 2025<br \/>20<br \/>Data\/Hora Evento Origem\/Autor<br \/>Sess\u00e3o Especial Celebrar o Dia Nacional do Delegado de Pol\u00edcia. Requerimento n\u00ba 259, de 2025<br \/>5 de dezembro de Senador Humberto Costa<br \/>2025, sexta-feira, \u00e0s <br \/>14 horas.<br \/>Aprovado em 20\/05\/2025.<br \/>Sess\u00e3o Especial Comemorar o Dia Internacional dos Direitos Humanos. Requerimento n\u00ba 44, de 2025<br \/>8 de dezembro de Senador Paulo Paim<br \/>2025, segunda-feira, <br \/>\u00e0s 10 horas.<br \/>Aprovado em 26\/03\/2025.<br \/>Sess\u00e3o Especial Celebrar o dia da B\u00edblia. Requerimento n\u00ba 138, de 2025<br \/>15 de dezembro de Senador Magno Malta<br \/>2025, segunda-feira, <br \/>\u00e0s 10 horas.<br \/>Aprovado em 19\/03\/2025.<br \/>EVENTOS A AGENDAR \/ PENDENTES DE DELIBERA\u00c7\u00c3O<br \/>Eventos aprovados a agendar<br \/>Sess\u00e3o Especial Comemorar o Dia do Nutricionista. Requerimento n\u00ba 1002, de 2024<br \/>Senador Izalci Lucas<br \/>Aprovado em 15\/07\/2025.<br \/>Sess\u00e3o Especial Comemorar o Dia do Administrador. Requerimento n\u00ba 1003, de 2024<br \/>Senador Izalci Lucas<br \/>Aprovado em 15\/07\/2025.<br \/>Sess\u00e3o Especial Comemorar o Dia do Advogado. Requerimento n\u00ba 50, de 2025<br \/>Senadora Soraya Thronicke<br \/>Aprovado em 16\/07\/2025.<br \/>Sess\u00e3o Especial Comemorar o Dia Nacional do L\u00edder Comunit\u00e1rio. Requerimento n\u00ba 996, de 2024<br \/>Senador Izalci Lucas<br \/>Aprovado em 26\/03\/2025.<br \/>Sess\u00e3o Especial Comemorar o Dia do Oftalmologista. Requerimento n\u00ba 27, de 2025<br \/>Senador Dr. Hiran<br \/>Aprovado em 26\/03\/2025.<br \/>Sess\u00e3o Especial Comemorar o anivers\u00e1rio do Estado de Roraima. Requerimento n\u00ba 28, de 2025<br \/>Senador Dr. Hiran<br \/>Aprovado em 26\/03\/2025.<br \/>Sess\u00e3o Especial Comemorar o Dia do M\u00e9dico. Requerimento n\u00ba 29, de 2025<br \/>Senador Dr. Hiran<br \/>Aprovado em 26\/03\/2025.<br \/>Sess\u00e3o Especial Homenagear a vida e luta de Eunice Paiva e sua fam\u00edlia, bem como  Requerimento n\u00ba 37, de 2025<br \/>homenagear o elenco e produ\u00e7\u00e3o do filme Ainda Estou Aqui.<br \/>Senador Randolfe Rodrigues<br \/>Aprovado em 19\/02\/2025.ORDEM DO DIA<br \/>sexta-feira, 8 de agosto de 2025<br \/>21<br \/>Data\/Hora Evento Origem\/Autor<br \/>Sess\u00e3o Especial Comemorar o Dia da Promulga\u00e7\u00e3o da Constitui\u00e7\u00e3o Cidad\u00e3, dia 5 de  Requerimento n\u00ba 40, de 2025<br \/>outubro.<br \/>Senador Paulo Paim<br \/>Aprovado em 26\/03\/2025.<br \/>Sess\u00e3o Especial Promover a conscientiza\u00e7\u00e3o e o reconhecimento da import\u00e2ncia do  Requerimento n\u00ba 56, de 2025<br \/>Dia Internacional da S\u00edndrome de Down.<br \/>Senador Nelsinho Trad<br \/>Aprovado em 19\/02\/2025.<br \/>Sess\u00e3o Especial Celebrar o Dia Mundial do Rock e a import\u00e2ncia de Bras\u00edlia como a  Requerimento n\u00ba 76, de 2025<br \/>Capital do Rock Brasileiro.<br \/>Senador Rog\u00e9rio Carvalho<br \/>Aprovado em 11\/03\/2025.<br \/>Sess\u00e3o Especial Comemorar os 111 anos da Confedera\u00e7\u00e3o Brasileira de Futebol  Requerimento n\u00ba 105, de 2025<br \/>(CBF).<br \/>Senador Randolfe Rodrigues<br \/>Aprovado em 19\/03\/2025.<br \/>Sess\u00e3o Especial Celebrar os 525 anos da Primeira missa no Brasil, Terra de Santa  Requerimento n\u00ba 107, de 2025<br \/>Cruz.<br \/>Senador Carlos Portinho<br \/>Aprovado em 18\/03\/2025.<br \/>Sess\u00e3o Especial Celebrar os 170 anos da cidade de Aracaju. Requerimento n\u00ba 117, de 2025<br \/>Senador La\u00e9rcio Oliveira<br \/>Aprovado em 11\/03\/2025.<br \/>Sess\u00e3o Especial Celebrar os 30 anos da Lideran\u00e7a do Partido dos Trabalhadores no  Requerimento n\u00ba 149, de 2025<br \/>Senado Federal.<br \/>Senador Rog\u00e9rio Carvalho<br \/>Aprovado em 11\/03\/2025.<br \/>Sess\u00e3o Especial Divulgar a Campanha da Fraternidade 2025, com o tema R equerimento n\u00ba 156, de 2025<br \/>&#8220;Fraternidade e Ecologia Integral&#8221;.<br \/>Senador Astronauta Marcos <br \/>Pontes<br \/>Aprovado em 11\/03\/2025.<br \/>Sess\u00e3o Especial Celebrar os 80 anos da Confedera\u00e7\u00e3o Nacional do Com\u00e9rcio de  Requerimento n\u00ba 174, de 2025<br \/>Bens, Servi\u00e7os e Turismo &#8211; CNC.<br \/>Senador Efraim Filho<br \/>Aprovado em 19\/03\/2025.<br \/>Sess\u00e3o Especial Comemorar os 100 anos da Academia de Ci\u00eancias Farmac\u00eauticas do  Requerimento n\u00ba 180, de 2025<br \/>Brasil.<br \/>Senador Eduardo Gomes<br \/>Aprovado em 25\/03\/2025.<br \/>Sess\u00e3o Especial Celebrar os 35 anos da Universidade Estadual do Tocantins &#8211; Unitins. Requerimento n\u00ba 183, de 2025<br \/>Senador Eduardo Gomes<br \/>Aprovado em 25\/03\/2025.ORDEM DO DIA<br \/>sexta-feira, 8 de agosto de 2025<br \/>22<br \/>Data\/Hora Evento Origem\/Autor<br \/>Sess\u00e3o Especial Comemorar os 80 anos do Conselho Federal de Medicina &#8211; CFM. Requerimento n\u00ba 240, de 2025<br \/>Senador Dr. Hiran<br \/>Aprovado em 02\/04\/2025.<br \/>Sess\u00e3o Especial Comemorar os 100 anos do Grupo Globo e os 60 anos da TV Globo. Requerimento n\u00ba 333, de 2025<br \/>Senador Randolfe Rodrigues<br \/>Aprovado em 29\/04\/2025.<br \/>Sess\u00e3o Especial Comemorar os 50 anos da TV Atalaia. Requerimento n\u00ba 359, de 2025<br \/>Senador La\u00e9rcio Oliveira<br \/>Aprovado em 07\/05\/2025.<br \/>Sess\u00e3o Especial Celebrar os 120 anos da funda\u00e7\u00e3o da empresa Light no Brasil Requerimento n\u00ba 395, de 2025<br \/>Senador Carlos Portinho<br \/>Aprovado em 27\/05\/2025.<br \/>Sess\u00e3o Especial Celebrar os 75 anos da Associa\u00e7\u00e3o Brasileira das Ind\u00fastrias de  Requerimento n\u00ba 396, de 2025<br \/>Refrigerante e de Bebidas N\u00e3o Alco\u00f3licas (ABIR).<br \/>Senador Vanderlan Cardoso<br \/>Aprovado em 27\/05\/2025.<br \/>Sess\u00e3o Especial Celebrar os 125 anos da Funda\u00e7\u00e3o Oswaldo Cruz &#8211; Fiocruz. Requerimento n\u00ba 523, de 2025<br \/>Senador Marcelo Castro<br \/>Aprovado em 02\/07\/2025.<br \/>Sess\u00e3o Especial Comemorar o Jubileu de Diamante (60 anos) da regulamenta\u00e7\u00e3o da  Requerimento n\u00ba 530, de 2025<br \/>profiss\u00e3o de administrador e da cria\u00e7\u00e3o do Conselho Federal e dos <br \/>Senador Alan Rick<br \/>Conselhos Regionais de Administra\u00e7\u00e3o.<br \/>Aprovado em 09\/07\/2025.<br \/>Sess\u00e3o Especial Comemorar os 20 anos da funda\u00e7\u00e3o do Col\u00e9gio Permanente de  Requerimento n\u00ba 562, de 2025<br \/>Diretores de Escolas Estaduais da Magistratura (COPEDEM).<br \/>Senador Eduardo Gomes<br \/>Aprovado em 16\/07\/2025.<br \/>Eventos pendentes de delibera\u00e7\u00e3o<br \/>Sess\u00e3o Especial Comemorar o Dia do Professor. Requerimento n\u00ba 990, de 2024<br \/>Senador Izalci Lucas<br \/>Sess\u00e3o Especial Comemorar o Dia Nacional da M\u00fasica e Viola Caipira. Requerimento n\u00ba 992, de 2024<br \/>Senador Izalci Lucas<br \/>Sess\u00e3o Especial Comemorar o Dia do Bombeiro Militar. Requerimento n\u00ba 993, de 2024<br \/>Senador Izalci Lucas<br \/>Sess\u00e3o Especial Comemorar o Dia Nacional dos Corretores de Im\u00f3veis. Requerimento n\u00ba 994, de 2024<br \/>Senador Izalci Lucas<br \/>Sess\u00e3o Especial Comemorar o Dia Internacional do Enfermeiro. Requerimento n\u00ba 995, de 2024<br \/>Senador Izalci LucasORDEM DO DIA<br \/>sexta-feira, 8 de agosto de 2025<br \/>23<br \/>Data\/Hora Evento Origem\/Autor<br \/>Sess\u00e3o Especial Comemorar o Dia do Contabilista. Requerimento n\u00ba 997, de 2024<br \/>Senador Izalci Lucas<br \/>Sess\u00e3o Especial Comemorar o Dia do Dentista. Requerimento n\u00ba 998, de 2024<br \/>Senador Izalci Lucas<br \/>Sess\u00e3o Especial Comemorar o Dia Nacional do Hematologista e do Hemoterapeuta. Requerimento n\u00ba 999, de 2024<br \/>Senador Izalci Lucas<br \/>Sess\u00e3o Especial Comemorar o Dia Mundial da Conscientiza\u00e7\u00e3o do Autismo. Requerimento n\u00ba 1000, de 2024<br \/>Senador Izalci Lucas<br \/>Sess\u00e3o Especial Comemorar o Dia do Quadrilheiro Junino. Requerimento n\u00ba 1001, de 2024<br \/>Senador Izalci Lucas<br \/>Sess\u00e3o Especial Comemorar o Dia da Pol\u00edcia Civil. Requerimento n\u00ba 1009, de 2024<br \/>Senador Izalci Lucas<br \/>Sess\u00e3o Especial Comemorar o Dia Mundial dos Catadores e Catadoras de Materiais  Requerimento n\u00ba 17, de 2025<br \/>Recicl\u00e1veis.<br \/>Senador Giordano<br \/>Sess\u00e3o Especial Celebrar o Dia do Cinema Brasileiro. Requerimento n\u00ba 18, de 2025<br \/>Senadora Leila Barros<br \/>Sess\u00e3o Especial Homenagear o Sistema S (Senai, Senac, Sesi, Sesc, Sebrae, Senar,  Requerimento n\u00ba 19, de 2025<br \/>Sest, Senat e Sescoop).<br \/>Senador Izalci Lucas<br \/>Sess\u00e3o Especial Celebrar o Dia Mundial das Doen\u00e7as Raras. Requerimento n\u00ba 22, de 2025<br \/>Senador Efraim Filho<br \/>Sess\u00e3o Especial Comemorar o Dia Internacional da Mulher. Requerimento n\u00ba 39, de 2025<br \/>Senador Paulo Paim<br \/>Sess\u00e3o Especial Comemorar os 48 anos do Estado de Mato Grosso do Sul &#8211; MS. Requerimento n\u00ba 48, de 2025<br \/>Senadora Soraya Thronicke<br \/>Sess\u00e3o Especial Comemorar o Dia Internacional das Mulheres e Meninas da Ci\u00eancia. Requerimento n\u00ba 51, de 2025<br \/>Senador Astronauta Marcos <br \/>Pontes<br \/>Sess\u00e3o Especial Alus\u00e3o ao Dia Nacional de Combate ao Abuso e \u00e0 Explora\u00e7\u00e3o Sexual  Requerimento n\u00ba 58, de 2025<br \/>de Crian\u00e7as e Adolescentes.<br \/>Senadora Damares Alves<br \/>Sess\u00e3o Especial Celebrar o Dia Internacional das Pessoas Idosas. Requerimento n\u00ba 59, de 2025<br \/>Senadora Damares Alves<br \/>Sess\u00e3o Especial Alus\u00e3o ao Setembro Amarelo. Requerimento n\u00ba 75, de 2025<br \/>Senadora Damares Alves<br \/>Sess\u00e3o Especial Celebrar os 24 anos da Associa\u00e7\u00e3o Brasileira de Institui\u00e7\u00f5es R equerimento n\u00ba 79, de 2025<br \/>Educacionais Evang\u00e9licas &#8211; ABIEE<br \/>Senador Izalci Lucas<br \/>Sess\u00e3o Especial Celebrar o Dia da Crian\u00e7a e o Dia Nacional de Valoriza\u00e7\u00e3o da Fam\u00edlia. Requerimento n\u00ba 94, de 2025<br \/>Senadora Damares Alves<br \/>Sess\u00e3o Especial Celebrar o Dia Nacional da Ado\u00e7\u00e3o. Requerimento n\u00ba 95, de 2025<br \/>Senadora Damares AlvesORDEM DO DIA<br \/>sexta-feira, 8 de agosto de 2025<br \/>24<br \/>Data\/Hora Evento Origem\/Autor<br \/>Sess\u00e3o Especial Celebrar o Dia Internacional da Pessoa com Defici\u00eancia e o Dia  Requerimento n\u00ba 96, de 2025<br \/>Nacional da Fam\u00edlia.<br \/>Senadora Damares Alves<br \/>Sess\u00e3o Especial Comemorar os 40 anos do Minist\u00e9rio da Cultura. Requerimento n\u00ba 148, de 2025<br \/>Senador Humberto Costa<br \/>Sess\u00e3o Especial Celebrar a campanha &#8220;Novembro Azul&#8221;. Requerimento n\u00ba 193, de 2025<br \/>Senador Nelsinho Trad<br \/>Sess\u00e3o Especial Celebrar a campanha Diretas J\u00e1! e sua import\u00e2ncia para a R equerimento n\u00ba 207, de 2025<br \/>redemocratiza\u00e7\u00e3o do Brasil.<br \/>Senador Randolfe Rodrigues<br \/>Sess\u00e3o Especial Celebrar os 10 anos de regulamenta\u00e7\u00e3o do portal e-Cidadania. Requerimento n\u00ba 231, de 2025<br \/>Senador Wellington Fagundes<br \/>Sess\u00e3o Especial Homenagear o ex-deputado e ex-ministro Eliseu Padilha. Requerimento n\u00ba 232, de 2025<br \/>Senador Wellington Fagundes<br \/>Sess\u00e3o Especial Celebrar o Dia de Nossa Senhora Aparecida &#8211; Padroeira do Brasil. Requerimento n\u00ba 295, de 2025<br \/>Senador Astronauta Marcos <br \/>Pontes<br \/>Sess\u00e3o Especial Homenagear o pontificado de Sua Santidade o Papa Francisco. Requerimento n\u00ba 316, de 2025<br \/>Senador Beto Faro<br \/>Sess\u00e3o Especial Comemorar os 24 anos da Lei n\u00ba 10.216, de 2001, que &#8220;disp\u00f5e sobre  Requerimento n\u00ba 334, de 2025<br \/>a prote\u00e7\u00e3o e os direitos das pessoas portadoras de transtornos <br \/>Senador Rog\u00e9rio Carvalho<br \/>mentais e redireciona o modelo assistencial em sa\u00fade mental&#8221;.<br \/>Sess\u00e3o Especial Celebrar os 55 anos do Instituto dos Advogados do Distrito Federal  Requerimento n\u00ba 343, de 2025<br \/>(IADF).<br \/>Senador Izalci Lucas<br \/>Sess\u00e3o Especial Comemorar o Dia Mundial do Meio Ambiente. Requerimento n\u00ba 350, de 2025<br \/>Senadora Leila Barros<br \/>Sess\u00e3o Especial Celebrar o Dia do Policial Penal. Requerimento n\u00ba 351, de 2025<br \/>Senadora Leila Barros<br \/>Sess\u00e3o Especial Comemorar o Dia do Profissional de Educa\u00e7\u00e3o F\u00edsica. Requerimento n\u00ba 355, de 2025<br \/>Senadora Leila Barros<br \/>Sess\u00e3o Especial Comemorar os 216 anos da Pol\u00edcia Militar do Distrito Federal. Requerimento n\u00ba 356, de 2025<br \/>Senadora Leila Barros<br \/>Sess\u00e3o Especial Celebrar o &#8220;Outubro Rosa &#8211; M\u00eas de Conscientiza\u00e7\u00e3o Sobre o C\u00e2ncer  Requerimento n\u00ba 357, de 2025<br \/>de Mama&#8221;.<br \/>Senadora Leila Barros<br \/>Sess\u00e3o Especial Comemorar o anivers\u00e1rio de 167 anos da Pol\u00edcia Militar de Goi\u00e1s. Requerimento n\u00ba 432, de 2025<br \/>Senador Wilder Morais<br \/>Sess\u00e3o Especial Celebrar os 60 anos da funda\u00e7\u00e3o da Rede Matogrossense de Requerimento n\u00ba 456, de 2025<br \/>Comunica\u00e7\u00e3o &#8211; RMC.<br \/>Senador Wellington Fagundes<br \/>Sess\u00e3o Especial Homenagear Rorion Gracie pelos 100 anos do Jiu-Jitsu no Brasil  Requerimento n\u00ba 465, de 2025<br \/>(1925-2025).<br \/>Senador Izalci Lucas<br \/>Sess\u00e3o Especial Celebrar o Dia do Aviador e da For\u00e7a A\u00e9rea Brasileira. Requerimento n\u00ba 467, de 2025<br \/>Senador Astronauta Marcos <br \/>PontesORDEM DO DIA<br \/>sexta-feira, 8 de agosto de 2025<br \/>25<br \/>Data\/Hora Evento Origem\/Autor<br \/>Sess\u00e3o Especial Celebrar o Dia do Dentista. Requerimento n\u00ba 468, de 2025<br \/>Senador Astronauta Marcos <br \/>Pontes<br \/>Sess\u00e3o Especial Comemorar o Dia da Educa\u00e7\u00e3o Profissional e Tecnol\u00f3gica. Requerimento n\u00ba 469, de 2025<br \/>Senador Astronauta Marcos <br \/>Pontes<br \/>Sess\u00e3o Especial Celebrar os 75 anos da AACD. Requerimento n\u00ba 533, de 2025<br \/>Senadora Mara Gabrilli<br \/>Sess\u00e3o Especial Celebrar os 119 anos da parceria entre Brasil e El Salvador. Requerimento n\u00ba 551, de 2025<br \/>Senador Astronauta Marcos <br \/>Pontes<br \/>Sess\u00e3o Especial Comemorar o centen\u00e1rio do Conselho Administrativo de Recursos  Requerimento n\u00ba 557, de 2025<br \/>Fiscais (CARF).<br \/>Senador Efraim Filho<br \/>Sess\u00e3o Especial Lembrar os 50 anos da morte do jornalista Vladimir Herzog. Requerimento n\u00ba 565, de 2025<br \/>Senador Randolfe Rodrigues<br \/>Sess\u00e3o Especial Celebrar os 75 anos de exist\u00eancia da Associa\u00e7\u00e3o Internacional Requerimento n\u00ba 581, de 2025<br \/>Privada de Fi\u00e9is Leigos.<br \/>Senador Astronauta Marcos <br \/>Pontes<br \/>Sess\u00e3o Especial Celebrar a Semana Nacional da Pessoa com Defici\u00eancia Intelectual  Requerimento n\u00ba 584, de 2025<br \/>e M\u00faltipla.<br \/>Senador Fl\u00e1vio ArnsORDEM DO DIA<br \/>sexta-feira, 8 de agosto de 2025<br \/>26<br \/>SESS\u00d5ES DE DEBATES TEM\u00c1TICOS<br \/>Data\/Hora Evento Origem\/Autor<br \/>Sess\u00e3o de Debates Debater as causas do aumento dos casos de feminic\u00eddio e discutir  Requerimento n\u00ba 270, de 2025<br \/>Tem\u00e1ticos solu\u00e7\u00f5es para enfrentar os problemas da viol\u00eancia dom\u00e9stica e <br \/>Senadora Leila Barros<br \/>familiar contra a mulher e do feminic\u00eddio.<br \/>26 de agosto de <br \/>2025, ter\u00e7a-feira, \u00e0s <br \/>Aprovado em 08\/04\/2025.<br \/>10 horas.<br \/>Sess\u00e3o de Debates Debater a Precariza\u00e7\u00e3o das Rela\u00e7\u00f5es de Trabalho: Pejotiza\u00e7\u00e3o, Requerimento n\u00ba 457, de 2025<br \/>Tem\u00e1ticos Terceiriza\u00e7\u00e3o e Intermedia\u00e7\u00e3o.<br \/>Senador Paulo Paim<br \/>29 de setembro de <br \/>2025, segunda-feira, <br \/>Aprovado em 16\/07\/2025.<br \/>\u00e0s 10 horas.<br \/>SESS\u00d5ES A AGENDAR \/ PENDENTES DE DELIBERA\u00c7\u00c3O<br \/>Sess\u00e3o de Debates Debater o PL n\u00ba 2.796, de 2021, que &#8220;cria o marco legal para a  Requerimento n\u00ba 757, de 2023<br \/>Tem\u00e1ticos ind\u00fastria de jogos eletr\u00f4nicos e para os jogos de fantasia&#8221;.<br \/>L\u00edder Governo: Leila Barros<br \/>Aprovado em 14\/09\/2023.<br \/>Sess\u00e3o de Debates Discutir a Proposta de Emenda \u00e0 Constitui\u00e7\u00e3o n\u00ba 42, de 2023, que  Requerimento n\u00ba 79, de 2024<br \/>Tem\u00e1ticos altera as condi\u00e7\u00f5es de elegibilidade por militares da ativa das For\u00e7as <br \/>L\u00edder Governo: Jaques Wagner<br \/>Armadas.<br \/>Aprovado em 20\/02\/2024.<br \/>Requerimento n\u00ba 66, de 2024<br \/>Senador Hamilton Mour\u00e3o<br \/>Aprovado em 20\/02\/2024.<br \/>Sess\u00e3o de Debates Debater o Projeto de Lei n\u00ba 5.008, de 2023, que disp\u00f5e sobre  Requerimento n\u00ba 165, de 2024<br \/>Tem\u00e1ticos a produ\u00e7\u00e3o, importa\u00e7\u00e3o, exporta\u00e7\u00e3o, comercializa\u00e7\u00e3o, controle, <br \/>L\u00edder Partido Novo: Eduardo Gir\u00e3o<br \/>fiscaliza\u00e7\u00e3o e propaganda dos cigarros eletr\u00f4nicos, e d\u00e1 outras <br \/>provid\u00eancias.<br \/>Aprovado em 13\/03\/2024.<br \/>Sess\u00e3o de Debates Discutir o anteprojeto elaborado pela Comiss\u00e3o de Juristas R equerimento n\u00ba 238, de 2024<br \/>Tem\u00e1ticos respons\u00e1vel pela revis\u00e3o e atualiza\u00e7\u00e3o do C\u00f3digo Civil.<br \/>Presidente do Senado Federal: <br \/>Rodrigo Pacheco<br \/>Aprovado em 10\/04\/2024.<br \/>Sess\u00e3o de Debates Debater a liberdade de express\u00e3o. Requerimento n\u00ba 265, de 2024<br \/>Tem\u00e1ticos<br \/>L\u00edder Partido Novo: Eduardo Gir\u00e3o<br \/>Sess\u00e3o de Debates Discutir a Proposta de Emenda \u00e0 Constitui\u00e7\u00e3o n\u00ba 12, de 2022,  Requerimento n\u00ba 320, de 2024<br \/>Tem\u00e1ticos que altera a Constitui\u00e7\u00e3o Federal para determinar a inelegibilidade <br \/>L\u00edder Partido Socialista Brasileiro: <br \/>para o mesmo cargo dos chefes do Poder Executivo no per\u00edodo <br \/>Jorge Kajuru<br \/>subsequente e definir seus mandatos em cinco anos.<br \/>Sess\u00e3o de Debates Debater a Proposta de Emenda \u00e0 Constitui\u00e7\u00e3o n\u00ba 3, de 2022, que  Requerimento n\u00ba 384, de 2024<br \/>Tem\u00e1ticos revoga o inciso VII do caput do art. 20 da Constitui\u00e7\u00e3o Federal e o <br \/>L\u00edder Partido Socialista Brasileiro: <br \/>\u00a7 3\u00ba do art. 49 do Ato das Disposi\u00e7\u00f5es Constitucionais Transit\u00f3rias; <br \/>Jorge Kajuru<br \/>e d\u00e1 outras provid\u00eancias.<br \/>Aprovado em 05\/06\/2024.ORDEM DO DIA<br \/>sexta-feira, 8 de agosto de 2025<br \/>27<br \/>Data\/Hora Evento Origem\/Autor<br \/>Sess\u00e3o de Debates Discutir a Proposta de Emenda \u00e0 Constitui\u00e7\u00e3o n\u00ba 3, de 2022, que  Requerimento n\u00ba 426, de 2024<br \/>Tem\u00e1ticos revoga o inciso VII do caput do art. 20 da Constitui\u00e7\u00e3o Federal e o <br \/>L\u00edder Partido Novo: Eduardo Gir\u00e3o<br \/>\u00a7 3\u00ba do art. 49 do Ato das Disposi\u00e7\u00f5es Constitucionais Transit\u00f3rias; <br \/>e d\u00e1 outras provid\u00eancias.<br \/>Aprovado em 05\/06\/2024.<br \/>Sess\u00e3o de Debates Discutir a participa\u00e7\u00e3o do Brasil como pa\u00eds sede da 30\u00aa Confer\u00eancia  Requerimento n\u00ba 431, de 2024<br \/>Tem\u00e1ticos das Partes (COP 30) da Conven\u00e7\u00e3o-Quadro das Na\u00e7\u00f5es Unidas sobre <br \/>Senador Wellington Fagundes<br \/>a Mudan\u00e7a do Clima, a ser realizada na cidade de Bel\u00e9m, no Par\u00e1, <br \/>em 2025.<br \/>Sess\u00e3o de Debates Debater e propor solu\u00e7\u00f5es para a regulamenta\u00e7\u00e3o dos cursos na  Requerimento n\u00ba 506, de 2024<br \/>Tem\u00e1ticos modalidade on-line de esteticista, cosmet\u00f3logo, t\u00e9cnico em est\u00e9tica <br \/>L\u00edder Partido Social Democr\u00e1tico: <br \/>e \u00e1reas afins.<br \/>Otto Alencar<br \/>Aprovado em 10\/07\/2024.<br \/>Sess\u00e3o de Debates Debater a liberdade de express\u00e3o, como tamb\u00e9m a PEC n\u00ba 67, de  Requerimento n\u00ba 641, de 2024<br \/>Tem\u00e1ticos 2023.<br \/>L\u00edder Partido Novo: Eduardo Gir\u00e3o<br \/>Sess\u00e3o de Debates Discutir o &#8220;Mercado de Criptomoedas: O Futuro das Finan\u00e7as e da  Requerimento n\u00ba 934, de 2024<br \/>Tem\u00e1ticos Economia Digital&#8221;.<br \/>L\u00edder Partido Liberal: Carlos <br \/>Portinho<br \/>Aprovado em 17\/12\/2024.<br \/>Sess\u00e3o de Debates Discutir as recentes medidas tomadas pelo Presidente dos EUA,  Requerimento n\u00ba 561, de 2025<br \/>Tem\u00e1ticos Donald Trump, contra o Brasil e sua democracia.<br \/>L\u00edder Bloco Parlamentar da <br \/>Resist\u00eancia Democr\u00e1tica: Eliziane <br \/>GamaORDEM DO DIA<br \/>sexta-feira, 8 de agosto de 2025<br \/>28<br \/>MAT\u00c9RIAS EM CONDI\u00c7\u00d5ES DE DELIBERA\u00c7\u00c3O PELO PLEN\u00c1RIO DO SENADO<br \/>PROPOSTAS DE EMENDA \u00c0 CONSTITUI\u00c7\u00c3O<br \/>(total: 18)<br \/>Proposi\u00e7\u00e3o Ementa Informa\u00e7\u00f5es<br \/>(Autor\/N\u00ba Origem)<br \/>1 Altera o inciso III da letra &#8220;d&#8221; do art. 159 da Constitui\u00e7\u00e3o  Primeira sess\u00e3o de discuss\u00e3o, <br \/>Federal e suprime o \u00a7 4\u00ba do mesmo artigo, para  em primeiro turno<br \/>PROPOSTA DE EMENDA \u00c0 <br \/>destinar, de forma mais coerente e equ\u00e2nime, recursos <br \/>CONSTITUI\u00c7\u00c3O N\u00ba 1, DE 2015 Textos:<br \/>oriundos do produto da arrecada\u00e7\u00e3o da contribui\u00e7\u00e3o de <br \/>Avulso inicial da mat\u00e9ria &#8211; PEC n\u00ba 1\/2015<br \/>Senador Wellington Fagundes interven\u00e7\u00e3o no dom\u00ednio econ\u00f4mico (CIDE) para estados <br \/>Avulso de parecer &#8211; PEC n\u00ba 1\/2015<br \/>e outros e munic\u00edpios.<br \/>Parecer n\u00ba 471, de 2016, da Comiss\u00e3o de Constitui\u00e7\u00e3o, <br \/>Justi\u00e7a e Cidadania, Relator: Senador Antonio Anastasia, <br \/>Relator &#8220;ad hoc&#8221;: Senador Acir Gurgacz, favor\u00e1vel \u00e0 <br \/>proposta, com as Emendas n\u00bas 1 a 3, de reda\u00e7\u00e3o, que <br \/>apresenta.<br \/>Mat\u00e9rias relacionadas: PEC 1\/2014, PEC 103\/2011, PEC 7\/2015 <br \/>(fase 2), RQS 214\/2023, RQS 48\/2023.<br \/>2 D\u00e1 nova reda\u00e7\u00e3o ao \u00a7 1\u00ba do art. 58 da Constitui\u00e7\u00e3o  Primeira sess\u00e3o de discuss\u00e3o, <br \/>Federal, para garantir a representa\u00e7\u00e3o proporcional de  em primeiro turno<br \/>PROPOSTA DE EMENDA \u00c0 <br \/>cada sexo na composi\u00e7\u00e3o das Mesas e Comiss\u00f5es do <br \/>CONSTITUI\u00c7\u00c3O N\u00ba 38, DE 2015 Textos:<br \/>Congresso Nacional, da C\u00e2mara dos Deputados e do <br \/>Avulso inicial da mat\u00e9ria &#8211; PEC n\u00ba <br \/>(n\u00ba 590 de 2006, na C\u00e2mara <br \/>Senado Federal.<br \/>38\/2015<br \/>dos Deputados)<br \/>Parecer favor\u00e1vel, n\u00ba 350, de 2016, da Comiss\u00e3o de  Avulso de parecer &#8211; PEC n\u00ba 38\/2015<br \/>Deputada Luiza Erundina e Constitui\u00e7\u00e3o, Justi\u00e7a e Cidadania, Relatora: Senadora <br \/>outros Vanessa Grazziotin.<br \/>Mat\u00e9rias relacionadas: RQS 133\/2023.<br \/>3 Altera o art. 175 da Constitui\u00e7\u00e3o Federal, para  Terceira sess\u00e3o de discuss\u00e3o, <br \/>determinar que as concess\u00f5es e permiss\u00f5es de servi\u00e7os  em primeiro turno<br \/>PROPOSTA DE EMENDA \u00c0 <br \/>p\u00fablicos sejam normatizados por lei complementar.<br \/>CONSTITUI\u00c7\u00c3O N\u00ba 39, DE 2015 Textos:<br \/>Parecer favor\u00e1vel n\u00ba 17, de 2016, da Comiss\u00e3o de  Avulso inicial da mat\u00e9ria &#8211; PEC n\u00ba <br \/>Senador Wellington Fagundes <br \/>Constitui\u00e7\u00e3o, Justi\u00e7a e Cidadania, Relator: Senador  39\/2015<br \/>e outros<br \/>Walter Pinheiro. Avulso de parecer &#8211; PEC n\u00ba 39\/2015<br \/>4 Acrescenta ao art. 57 o \u00a74\u00ba-A para dispor sobre o voto  Primeira sess\u00e3o de discuss\u00e3o, <br \/>aberto na elei\u00e7\u00e3o das mesas no congresso. em primeiro turno<br \/>PROPOSTA DE EMENDA \u00c0 <br \/>CONSTITUI\u00c7\u00c3O N\u00ba 1, DE 2019 Parecer n\u00ba 88, de 2019, da Comiss\u00e3o de Constitui\u00e7\u00e3o,  Textos:<br \/>Justi\u00e7a e Cidadania, Relatora: Senadora Ju\u00edza Selma,  Avulso inicial da mat\u00e9ria &#8211; PEC n\u00ba 1\/2019<br \/>Senadora Rose de Freitas<br \/>favor\u00e1vel \u00e0 proposta e \u00e0s emendas n\u00bas 1 a 4, e com a  Parecer &#8211; P.S 88\/2019 &#8211; CCJ<br \/>Emenda n\u00ba 5, de reda\u00e7\u00e3o, que apresenta.<br \/>5 Altera a Constitui\u00e7\u00e3o Federal para autorizar a Uni\u00e3o a  Primeira sess\u00e3o de discuss\u00e3o, <br \/>reter recursos do Fundo de Participa\u00e7\u00e3o dos Estados  em primeiro turno<br \/>PROPOSTA DE EMENDA \u00c0 <br \/>e do Distrito Federal e transferi-los aos Munic\u00edpios na <br \/>CONSTITUI\u00c7\u00c3O N\u00ba 10, DE 2019 Textos:<br \/>hip\u00f3tese de aus\u00eancia de repasse do Imposto sobre <br \/>Avulso inicial da mat\u00e9ria &#8211; PEC n\u00ba <br \/>Senador Antonio Anastasia<br \/>Opera\u00e7\u00f5es relativas \u00e0 Circula\u00e7\u00e3o de Mercadorias e sobre <br \/>10\/2019<br \/>Presta\u00e7\u00e3o de Servi\u00e7os de Transporte Interestadual e <br \/>Parecer &#8211; P.S 151\/2019 &#8211; CCJORDEM DO DIA<br \/>sexta-feira, 8 de agosto de 2025<br \/>29<br \/>Proposi\u00e7\u00e3o Ementa Informa\u00e7\u00f5es<br \/>(Autor\/N\u00ba Origem)<br \/>Intermunicipal e de Comunica\u00e7\u00e3o (ICMS) e do Imposto <br \/>sobre Propriedade de Ve\u00edculos Automotores (IPVA).<br \/>Parecer favor\u00e1vel n\u00ba 151, de 2019, da Comiss\u00e3o de <br \/>Constitui\u00e7\u00e3o, Justi\u00e7a e Cidadania, Relator: Senador Jos\u00e9 <br \/>Serra.<br \/>6 Altera o art. 37 da Constitui\u00e7\u00e3o Federal, para determinar  Primeira sess\u00e3o de discuss\u00e3o, <br \/>novo regramento ao provimento de cargos em comiss\u00e3o. em primeiro turno<br \/>PROPOSTA DE EMENDA \u00c0 <br \/>CONSTITUI\u00c7\u00c3O N\u00ba 46, DE 2019 Pareceres, Relator: Senador Antonio Anastasia: Textos:<br \/>Avulso inicial da mat\u00e9ria &#8211; PEC n\u00ba <br \/>&#8211; n\u00ba 87, de 2019, da Comiss\u00e3o de Constitui\u00e7\u00e3o, Justi\u00e7a e <br \/>Senador Arolde de Oliveira<br \/>46\/2019<br \/>Cidadania, favor\u00e1vel; e<br \/>Parecer &#8211; P.S 87\/2019 &#8211; CCJ<br \/>&#8211; n\u00ba 208, de 2021, de Plen\u00e1rio, favor\u00e1vel, com o ajuste <br \/>Parecer &#8211; P.S 208\/2021 &#8211; PLEN<br \/>redacional que apresenta.<br \/>7 Institui reserva de lei complementar para criar fundos  Primeira sess\u00e3o de discuss\u00e3o, <br \/>p\u00fablicos e extingue aqueles que n\u00e3o forem ratificados  em primeiro turno<br \/>PROPOSTA DE EMENDA \u00c0 <br \/>at\u00e9 o final do segundo exerc\u00edcio financeiro subsequente <br \/>CONSTITUI\u00c7\u00c3O N\u00ba 187, DE Textos:<br \/>\u00e0 promulga\u00e7\u00e3o desta Emenda Constitucional, e d\u00e1 outras <br \/>2019 Avulso inicial da mat\u00e9ria &#8211; PEC n\u00ba <br \/>provid\u00eancias.<br \/>187\/2019<br \/>Senador Fernando Bezerra <br \/>Parecer n\u00ba 33, de 2020, da Comiss\u00e3o de Constitui\u00e7\u00e3o,  Parecer &#8211; P.S 33\/2020 &#8211; CCJ<br \/>Coelho<br \/>Justi\u00e7a e Cidadania, Relator: Senador Otto Alencar, <br \/>favor\u00e1vel \u00e0 proposta e pelo acolhimento parcial das <br \/>Emendas n\u00bas 4, 7, 12, 17, 19, 20, 21, 32, 34, 36, 42, 48 <br \/>e 50, nos termos da Emenda n\u00ba 57 (Substitutivo), que <br \/>apresenta, e pela prejudicialidade das demais emendas <br \/>apresentadas.<br \/>Mat\u00e9rias relacionadas: REQ 19\/2020 &#8211; CCJ, REQ 20\/2020 &#8211; <br \/>CCJ, REQ 21\/2020 &#8211; CCJ, REQ 22\/2020 &#8211; CCJ, RQS 1676\/2020, RQS <br \/>1687\/2020, RQS 1688\/2020, RQS 1693\/2020, RQS 1694\/2020, RQS <br \/>1707\/2020, RQS 1717\/2020, RQS 1731\/2020, RQS 1734\/2020, RQS <br \/>1735\/2020, RQS 1737\/2020, RQS 1738\/2020, RQS 1764\/2020, RQS <br \/>1778\/2020, RQS 1797\/2020, RQS 1798\/2020, RQS 1887\/2020, RQS <br \/>1912\/2020, RQS 1922\/2020, RQS 1924\/2020, RQS 1982\/2020, RQS <br \/>1987\/2020, RQS 1989\/2020, RQS 1998\/2020, RQS 2057\/2020, RQS <br \/>2071\/2020, RQS 2073\/2020, RQS 2254\/2020, RQS 2366\/2020,<br \/>RQS 523\/2020, RQS 524\/2020, RQS 525\/2020, RQS 569\/2020, RQS <br \/>584\/2020, RQS 590\/2020, RQS 662\/2020.<br \/>8 Define como Institui\u00e7\u00f5es permanentes de Estado as  Primeira sess\u00e3o de discuss\u00e3o, <br \/>entidades respons\u00e1veis pela produ\u00e7\u00e3o das estat\u00edsticas  em primeiro turno<br \/>PROPOSTA DE EMENDA \u00c0 <br \/>nacionais, das avalia\u00e7\u00f5es nacionais da qualidade da <br \/>CONSTITUI\u00c7\u00c3O N\u00ba 27, DE 2021 Textos:<br \/>educa\u00e7\u00e3o e das avalia\u00e7\u00f5es das pol\u00edticas p\u00fablicas; e define <br \/>Avulso inicial da mat\u00e9ria &#8211; PEC n\u00ba <br \/>Senadora Leila Barros ritos para indica\u00e7\u00e3o de seus dirigentes.<br \/>27\/2021<br \/>Parecer n\u00ba 17, de 2022, da Comiss\u00e3o de Constitui\u00e7\u00e3o,  Parecer &#8211; P.S 17\/2022 &#8211; CCJ<br \/>Justi\u00e7a e Cidadania, Relator: Senador Jorge Kajuru, <br \/>favor\u00e1vel \u00e0 proposta e \u00e0 Emenda n\u00ba 2, pela <br \/>prejudicialidade da Emenda n\u00ba 1, e com a Emenda n\u00ba 3, <br \/>de reda\u00e7\u00e3o, que apresenta.<br \/>9 Altera o art. 199 da Constitui\u00e7\u00e3o Federal para dispor  Primeira sess\u00e3o de discuss\u00e3o, <br \/>sobre as condi\u00e7\u00f5es e os requisitos para a coleta e o  em primeiro turno<br \/>PROPOSTA DE EMENDA \u00c0 <br \/>processamento de plasma humano.<br \/>CONSTITUI\u00c7\u00c3O N\u00ba 10, DE 2022 Textos:<br \/>Parecer n\u00ba 73, de 2023, da Comiss\u00e3o de Constitui\u00e7\u00e3o,  Avulso inicial da mat\u00e9ria &#8211; PEC n\u00ba <br \/>Senador Nelsinho Trad<br \/>Justi\u00e7a e Cidadania, Relatora: Senadora Daniella Ribeiro,  10\/2022<br \/>favor\u00e1vel \u00e0 proposta, com o acatamento parcial da  Parecer &#8211; P.S 73\/2023 &#8211; CCJ<br \/>Emenda n\u00ba 1, acatamento integral da Emenda n\u00ba 4 com ORDEM DO DIA<br \/>sexta-feira, 8 de agosto de 2025<br \/>30<br \/>Proposi\u00e7\u00e3o Ementa Informa\u00e7\u00f5es<br \/>(Autor\/N\u00ba Origem)<br \/>ajustes redacionais, e pela rejei\u00e7\u00e3o das Emendas n\u00bas <br \/>2 e 3, na forma da Emenda n\u00ba 5 (Substitutivo), que <br \/>apresenta.<br \/>Mat\u00e9rias relacionadas: REQ 3\/2023 &#8211; CCJ.<br \/>10 Altera a Constitui\u00e7\u00e3o Federal para determinar a  Primeira sess\u00e3o de discuss\u00e3o, <br \/>inelegibilidade para o mesmo cargo dos chefes do  em primeiro turno<br \/>PROPOSTA DE EMENDA \u00c0 <br \/>Poder Executivo no per\u00edodo subsequente e definir seus <br \/>CONSTITUI\u00c7\u00c3O N\u00ba 12, DE 2022 Textos:<br \/>mandatos em cinco anos.<br \/>Avulso inicial da mat\u00e9ria &#8211; PEC n\u00ba <br \/>Senador Jorge Kajuru<br \/>Parecer n\u00ba 12, de 2025, da Comiss\u00e3o de Constitui\u00e7\u00e3o,  12\/2022<br \/>Justi\u00e7a e Cidadania, Relator: Senador Marcelo Castro,  Parecer &#8211; P.S 12\/2025 &#8211; CCJ<br \/>favor\u00e1vel \u00e0 proposta, parcialmente favor\u00e1vel \u00e0s Emendas  Requerimento &#8211; REQ 11\/2025 &#8211; CCJ<br \/>n\u00bas 1, 2, 3, 4 e 9, nos termos da Emenda n\u00b0 12 <br \/>(Substitutivo), e contr\u00e1rio \u00e0s Emendas n\u00b0s 5, 6, 7, 8, 10 <br \/>e 11.<br \/>(Apresentado o Requerimento n\u00ba 11, de 2025, da <br \/>Comiss\u00e3o de Constitui\u00e7\u00e3o, Justi\u00e7a e Cidadania, que <br \/>solicita Calend\u00e1rio Especial para a mat\u00e9ria).<br \/>Mat\u00e9rias relacionadas: REQ 10\/2025 &#8211; CCJ, REQ 11\/2025 &#8211; CCJ,<br \/>REQ 9\/2025 &#8211; CCJ.<br \/>11 Altera o art. 14 da Constitui\u00e7\u00e3o Federal, para garantir a  Vota\u00e7\u00e3o, em primeiro turno<br \/>gratuidade dos transportes em dias de vota\u00e7\u00f5es.<br \/>PROPOSTA DE EMENDA \u00c0 Textos:<br \/>CONSTITUI\u00c7\u00c3O N\u00ba 38, DE 2022 Pareceres da Comiss\u00e3o de Constitui\u00e7\u00e3o, Justi\u00e7a e  Avulso inicial da mat\u00e9ria &#8211; PEC n\u00ba <br \/>Cidadania, Relator: Senador Jorge Kajuru: 38\/2022<br \/>Senador Rog\u00e9rio Carvalho<br \/>Parecer &#8211; P.S 52\/2023 &#8211; CCJ<br \/>&#8211; n\u00ba 52, de 2023, favor\u00e1vel \u00e0 Proposta, com a Emenda n\u00ba <br \/>Parecer &#8211; P.S 67\/2023 &#8211; CCJ<br \/>1, que apresenta; e<br \/>&#8211; n\u00ba 67, de 2023, sobre emenda de Plen\u00e1rio, pela rejei\u00e7\u00e3o <br \/>da Emenda n\u00ba 2.<br \/>12 Altera a Constitui\u00e7\u00e3o Federal para instituir a parcela  Quinta e \u00faltima sess\u00e3o de <br \/>mensal de valoriza\u00e7\u00e3o por tempo de exerc\u00edcio dos  discuss\u00e3o, em primeiro turno<br \/>PROPOSTA DE EMENDA \u00c0 <br \/>magistrados e membros do Minist\u00e9rio P\u00fablico.<br \/>CONSTITUI\u00c7\u00c3O N\u00ba 10, DE 2023 Textos:<br \/>Parecer n\u00ba 12, de 2024, da Comiss\u00e3o de Constitui\u00e7\u00e3o,  Avulso inicial da mat\u00e9ria &#8211; PEC n\u00ba <br \/>Senador Rodrigo Pacheco<br \/>Justi\u00e7a e Cidadania, Relator: Senador Eduardo Gomes,  10\/2023<br \/>favor\u00e1vel \u00e0 proposta e \u00e0s Emendas n\u00bas 2, 3, 8, 16, 19  Parecer &#8211; P.S 12\/2024 &#8211; CCJ<br \/>e 21, pela rejei\u00e7\u00e3o das Emendas n\u00bas 7, 36 e 38, e pelo <br \/>acolhimento parcial das demais emendas, na forma da <br \/>Emenda n\u00ba 40 (Substitutivo), que apresenta.<br \/>13 Altera o art. 6\u00ba da Constitui\u00e7\u00e3o Federal para dispor  Quarta sess\u00e3o de discuss\u00e3o, <br \/>sobre o direito \u00e0 seguran\u00e7a alimentar como direito  em primeiro turno<br \/>PROPOSTA DE EMENDA \u00c0 <br \/>fundamental.<br \/>CONSTITUI\u00c7\u00c3O N\u00ba 17, DE 2023 Textos:<br \/>Parecer n\u00ba 98, de 2023, da Comiss\u00e3o de Constitui\u00e7\u00e3o,  Avulso inicial da mat\u00e9ria &#8211; PEC n\u00ba <br \/>Senador Alan Rick<br \/>Justi\u00e7a e Cidadania, Relatora: Senadora Professora  17\/2023<br \/>Dorinha Seabra, favor\u00e1vel \u00e0 proposta, com a Emenda n\u00ba  Parecer &#8211; P.S 98\/2023 &#8211; CCJ<br \/>1, que apresenta.<br \/>14 Altera o art. 132 da Constitui\u00e7\u00e3o Federal para incluir os  Primeira sess\u00e3o de discuss\u00e3o, <br \/>Procuradores dos Munic\u00edpios entre os que comp\u00f5em a  em primeiro turno<br \/>PROPOSTA DE EMENDA \u00c0 <br \/>advocacia p\u00fablica e d\u00e1 outras provid\u00eancias.<br \/>CONSTITUI\u00c7\u00c3O N\u00ba 28, DE 2023 Textos:<br \/>Parecer n\u00ba 69, de 2024, da Comiss\u00e3o de Constitui\u00e7\u00e3o,  Avulso inicial da mat\u00e9ria &#8211; PEC n\u00ba <br \/>Senador Veneziano Vital do <br \/>Justi\u00e7a e Cidadania, Relator: Senador Weverton,  28\/2023<br \/>R\u00eago<br \/>Parecer &#8211; P.S 69\/2024 &#8211; CCJORDEM DO DIA<br \/>sexta-feira, 8 de agosto de 2025<br \/>31<br \/>Proposi\u00e7\u00e3o Ementa Informa\u00e7\u00f5es<br \/>(Autor\/N\u00ba Origem)<br \/>favor\u00e1vel \u00e0 proposta e \u00e0 Emenda n\u00ba 2, na forma da <br \/>Emenda n\u00ba 3 (Substituitivo), que apresenta.<br \/>Mat\u00e9rias relacionadas: REQ 12\/2024 &#8211; CCJ.<br \/>15 Altera as condi\u00e7\u00f5es de elegibilidade por militares da ativa  Terceira sess\u00e3o de discuss\u00e3o, <br \/>das For\u00e7as Armadas. em primeiro turno<br \/>PROPOSTA DE EMENDA \u00c0 <br \/>CONSTITUI\u00c7\u00c3O N\u00ba 42, DE 2023 Parecer favor\u00e1vel, n\u00ba 113, de 2023, da Comiss\u00e3o de  Textos:<br \/>Constitui\u00e7\u00e3o, Justi\u00e7a e Cidadania, Relator: Senador Jorge  Avulso inicial da mat\u00e9ria &#8211; PEC n\u00ba <br \/>Senador Jaques Wagner<br \/>Kajuru. 42\/2023<br \/>Parecer &#8211; P.S 113\/2023 &#8211; CCJ<br \/>(Apresentado o Requerimento n\u00ba 76, de 2024, do <br \/>Requerimento &#8211; RQS 76\/2024<br \/>Senador Hamilton Mour\u00e3o, que solicita o adiamento da <br \/>discuss\u00e3o, para reexame pela Comiss\u00e3o de Constitui\u00e7\u00e3o, <br \/>Justi\u00e7a e Cidadania)<br \/>Mat\u00e9rias relacionadas: RQS 76\/2024.<br \/>16 Altera o art. 206 da Constitui\u00e7\u00e3o Federal para incluir  Quarta sess\u00e3o de discuss\u00e3o, <br \/>como princ\u00edpio do ensino a garantia de educa\u00e7\u00e3o  em primeiro turno<br \/>PROPOSTA DE EMENDA \u00c0 <br \/>inclusiva em todos os n\u00edveis.<br \/>CONSTITUI\u00c7\u00c3O N\u00ba 52, DE 2023 Textos:<br \/>Parecer n\u00ba 85, de 2024, da Comiss\u00e3o de Constitui\u00e7\u00e3o,  Avulso inicial da mat\u00e9ria &#8211; PEC n\u00ba <br \/>Senador Marcelo Castro<br \/>Justi\u00e7a e Cidadania, Relatora: Senadora Mara Gabrilli,  52\/2023<br \/>favor\u00e1vel \u00e0 proposta, na forma da Emenda n\u00ba 1  Parecer &#8211; P.S 85\/2024 &#8211; CCJ<br \/>(Substitutivo), que apresenta.<br \/>Mat\u00e9rias relacionadas: RQS 405\/2025.<br \/>17 Acrescenta o inciso LXXX ao art. 5\u00ba da Constitui\u00e7\u00e3o  Primeira sess\u00e3o de discuss\u00e3o, <br \/>Federal para tornar imprescrit\u00edvel o crime de tr\u00e1fico de  em primeiro turno<br \/>PROPOSTA DE EMENDA \u00c0 <br \/>crian\u00e7as e adolescentes.<br \/>CONSTITUI\u00c7\u00c3O N\u00ba 54, DE 2023 Textos:<br \/>Parecer n\u00ba 20, de 2024, da Comiss\u00e3o de Constitui\u00e7\u00e3o,  Avulso inicial da mat\u00e9ria &#8211; PEC n\u00ba <br \/>Senador Marcos do Val<br \/>Justi\u00e7a e Cidadania, Relator: Senador Alan Rick, favor\u00e1vel  54\/2023<br \/>\u00e0 proposta, com a Emenda n\u00ba 2 e parcialmente favor\u00e1vel  Parecer &#8211; P.S 20\/2024 &#8211; CCJ<br \/>\u00e0 Emenda n\u00ba 1, na forma da Subemenda n\u00ba 1.<br \/>18 Altera a Constitui\u00e7\u00e3o Federal, o Ato das Disposi\u00e7\u00f5es  Primeira sess\u00e3o de discuss\u00e3o, <br \/>Constitucionais Transit\u00f3rias e a Emenda Constitucional  em segundo turno<br \/>PROPOSTA DE EMENDA \u00c0 <br \/>n\u00ba 113, de 8 de dezembro de 2021, a fim de instituir <br \/>CONSTITUI\u00c7\u00c3O N\u00ba 66, DE 2023 Textos:<br \/>limite para o pagamento de precat\u00f3rios pelos Estados, <br \/>Avulso inicial da mat\u00e9ria &#8211; PEC n\u00ba <br \/>(n\u00ba 66 de 2023, na C\u00e2mara dos pelo Distrito Federal e pelos Munic\u00edpios e de estipular <br \/>66\/2023<br \/>Deputados) novo prazo de parcelamento especial de d\u00e9bitos dos <br \/>Parecer &#8211; P.S 105\/2025 &#8211; PLEN<br \/>Estados, dos Munic\u00edpios e do Distrito Federal com seus <br \/>Senador Jader Barbalho<br \/>regimes pr\u00f3prios de previd\u00eancia social e dos Munic\u00edpios <br \/>com o Regime Geral de Previd\u00eancia Social; e d\u00e1 outras <br \/>provid\u00eancias.<br \/>Parecer n\u00ba 105, de 2025, de Plen\u00e1rio, Relator: Senador <br \/>Jaques Wagner, favor\u00e1vel \u00e0 proposta.<br \/>(Aprovado calend\u00e1rio especial para a mat\u00e9ria na Sess\u00e3o <br \/>Plen\u00e1ria de 16\/07\/2025).<br \/>Mat\u00e9rias relacionadas: RQS 564\/2025, RQS 569\/2025, RQS <br \/>571\/2025.<br \/>PROJETOS DE LEIORDEM DO DIA<br \/>sexta-feira, 8 de agosto de 2025<br \/>32<br \/>(total: 53)<br \/>Proposi\u00e7\u00e3o Ementa Informa\u00e7\u00f5es<br \/>(Autor\/N\u00ba Origem)<br \/>1 Disp\u00f5e sobre a obrigatoriedade de pet shops, cl\u00ednicas  Discuss\u00e3o, em turno \u00fanico<br \/>veterin\u00e1rias e estabelecimentos cong\u00eaneres fixar cartaz <br \/>PROJETO DE LEI N\u00ba 50, DE 2019 Textos:<br \/>que facilite e incentive a ado\u00e7\u00e3o de animais; e d\u00e1 outras <br \/>Avulso inicial da mat\u00e9ria &#8211; PL n\u00ba 50\/2019<br \/>Deputado Fred Costa provid\u00eancias.<br \/>Parecer &#8211; P.S 6\/2023 &#8211; CMA<br \/>Parecer favor\u00e1vel n\u00ba 6, de 2023, da Comiss\u00e3o de Meio <br \/>Ambiente, Relatora: Senadora Damares Alves.<br \/>2 Altera a Lei n\u00ba 10.741, de 2003 (Estatuto do Idoso),  Discuss\u00e3o, em turno \u00fanico<br \/>para estabelecer que a pessoa com defici\u00eancia seja <br \/>PROJETO DE LEI N\u00ba 401, DE Textos:<br \/>considerada idosa com idade igual ou superior a <br \/>2019 Avulso inicial da mat\u00e9ria &#8211; PL n\u00ba <br \/>50 (cinquenta anos), limite que poder\u00e1 ser reduzido <br \/>401\/2019<br \/>Deputado Eduardo Barbosa mediante avalia\u00e7\u00e3o biopsicossocial multidisciplinar da <br \/>Parecer &#8211; P.S 80\/2019 &#8211; CAS<br \/>defici\u00eancia.<br \/>Parecer &#8211; P.S 13\/2021 &#8211; CDH<br \/>Pareceres favor\u00e1veis:<br \/>&#8211; n\u00ba 80, de 2019, da Comiss\u00e3o de Assuntos Econ\u00f4micos, <br \/>Relator: Senador Fl\u00e1vio Arns; e<br \/>&#8211; n\u00ba 13, de 2021, da Comiss\u00e3o de Direitos Humanos, <br \/>Relator: Senador Paulo Paim.<br \/>3 Eleva o Rodeio Crioulo, bem como suas express\u00f5es  Discuss\u00e3o, em turno \u00fanico<br \/>art\u00edstico-culturais e campeiras, \u00e0 condi\u00e7\u00e3o de <br \/>PROJETO DE LEI N\u00ba 406, DE Textos:<br \/>manifesta\u00e7\u00e3o da cultura nacional.<br \/>2019 Avulso inicial da mat\u00e9ria &#8211; PL n\u00ba <br \/>Parecer favor\u00e1vel n\u00ba 109, de 2019, da Comiss\u00e3o de  406\/2019<br \/>Deputado Pompeo de Mattos<br \/>Educa\u00e7\u00e3o, Cultura e Esporte, Relatora: Senadora K\u00e1tia  Parecer &#8211; P.S 109\/2019 &#8211; CE<br \/>Abreu.<br \/>4 Acrescenta inciso VII ao art. 15 e art. 120-A \u00e0 Lei n\u00ba 8.213,  Discuss\u00e3o, em turno \u00fanico<br \/>de 24 de julho de 1991, para dispor sobre a manuten\u00e7\u00e3o <br \/>PROJETO DE LEI N\u00ba 746, DE Textos:<br \/>da qualidade de segurado das v\u00edtimas, diretas ou <br \/>2019 Avulso inicial da mat\u00e9ria &#8211; PL n\u00ba <br \/>indiretas, de desastres ambientais e cat\u00e1strofes naturais <br \/>746\/2019<br \/>Senador Paulo Paim e o ressarcimento dos benef\u00edcios concedidos e das <br \/>Parecer &#8211; P.S 2\/2023 &#8211; CAS<br \/>contribui\u00e7\u00f5es inviabilizadas em decorr\u00eancia dos eventos <br \/>Recurso &#8211; R.S 1\/2023<br \/>citados e d\u00e1 outras provid\u00eancias.<br \/>Parecer n\u00ba 2, de 2023, da Comiss\u00e3o de Assuntos <br \/>Sociais, Relator: Senador Alessandro Vieira, Relatora &#8220;ad <br \/>hoc&#8221;: Senadora Jussara Lima, favor\u00e1vel ao projeto e \u00e0s <br \/>Emendas n\u00bas 1 a 3.<br \/>5 Altera a Lei n\u00ba 8.666, de 21 de junho de 1993, que  Discuss\u00e3o, em turno \u00fanico<br \/>regulamenta o art. 37, inciso XXI, da Constitui\u00e7\u00e3o <br \/>PROJETO DE LEI N\u00ba 1.899, DE (Inclu\u00eddo em Ordem do Dia nos <br \/>Federal, institui normas para licita\u00e7\u00f5es e contratos da <br \/>2019 termos do Recurso n\u00ba 4, de <br \/>Administra\u00e7\u00e3o P\u00fablica e d\u00e1 outras provid\u00eancias, para <br \/>2023)<br \/>Senador Marcos do Val<br \/>vedar a contrata\u00e7\u00e3o de pessoa f\u00edsica condenada pelos <br \/>Textos:<br \/>crimes que especifica.<br \/>Avulso inicial da mat\u00e9ria &#8211; PL n\u00ba <br \/>Parecer n\u00ba 9, de 2023, da Comiss\u00e3o de Constitui\u00e7\u00e3o, <br \/>1899\/2019<br \/>Justi\u00e7a e Cidadania, Relator: Senador Esperidi\u00e3o Amin, <br \/>Parecer &#8211; P.S 9\/2023 &#8211; CCJ<br \/>favor\u00e1vel ao projeto, \u00e0 Emenda n\u00ba 1, e parcialmente \u00e0 <br \/>Recurso &#8211; R.S 4\/2023<br \/>Emenda n\u00ba 2, na forma da Emenda n\u00ba 4 (Substitutivo), <br \/>que apresenta.ORDEM DO DIA<br \/>sexta-feira, 8 de agosto de 2025<br \/>33<br \/>Proposi\u00e7\u00e3o Ementa Informa\u00e7\u00f5es<br \/>(Autor\/N\u00ba Origem)<br \/>6 Confere ao Munic\u00edpio de Bragan\u00e7a Paulista, no Estado  Discuss\u00e3o, em turno \u00fanico<br \/>de S\u00e3o Paulo, o t\u00edtulo de Capital Nacional da Lingui\u00e7a <br \/>PROJETO DE LEI N\u00ba 2.120, DE Textos:<br \/>Artesanal.<br \/>2019 Avulso inicial da mat\u00e9ria &#8211; PL n\u00ba <br \/>Parecer favor\u00e1vel n\u00ba 115, de 2019, da Comiss\u00e3o de  2120\/2019<br \/>Deputado Herculano Passos<br \/>Educa\u00e7\u00e3o, Cultura e Esporte, Relator: Senador Veneziano  Parecer &#8211; P.S 115\/2019 &#8211; CE<br \/>Vital do R\u00eago.<br \/>7 Altera anexo do Plano Nacional de Via\u00e7\u00e3o para nele  Discuss\u00e3o, em turno \u00fanico<br \/>incluir os trechos de rodovias que especifica.<br \/>PROJETO DE LEI N\u00ba 2.124, DE Textos:<br \/>2019 Parecer favor\u00e1vel n\u00ba 5, de 2020, da Comiss\u00e3o de Servi\u00e7os  Avulso inicial da mat\u00e9ria &#8211; PL n\u00ba <br \/>de Infraestrutura, Relator: Senador Weverton. 2124\/2019<br \/>Deputado Hildo Rocha<br \/>Parecer &#8211; P.S 5\/2020 &#8211; CI<br \/>8 Confere o t\u00edtulo de Capital Nacional do Surfe ao  Discuss\u00e3o, em turno \u00fanico<br \/>Munic\u00edpio de Saquarema, no Estado do Rio de Janeiro.<br \/>PROJETO DE LEI N\u00ba 2.173, DE Textos:<br \/>2019 Parecer favor\u00e1vel n\u00ba 5, de 2020, da Comiss\u00e3o de  Avulso inicial da mat\u00e9ria &#8211; PL n\u00ba <br \/>Educa\u00e7\u00e3o, Cultura e Esporte, Relator: Senador Zequinha  2173\/2019<br \/>Deputado Lourival Gomes<br \/>Marinho. Parecer &#8211; P.S 5\/2020 &#8211; CE<br \/>9 Torna obrigat\u00f3ria a produ\u00e7\u00e3o impressa de propaganda  Discuss\u00e3o, em turno \u00fanico<br \/>eleitoral a partir de material biodegrad\u00e1vel.<br \/>PROJETO DE LEI N\u00ba 2.276, DE Textos:<br \/>2019 Parecer n\u00ba 3, de 2022, da Comiss\u00e3o de Meio Ambiente,  Avulso inicial da mat\u00e9ria &#8211; PL n\u00ba <br \/>Relatora: Senadora Rose de Freitas, Relator &#8220;ad hoc&#8221;:  2276\/2019<br \/>Comiss\u00e3o de Direitos Humanos <br \/>Senador Conf\u00facio Moura, favor\u00e1vel ao projeto e \u00e0  Parecer &#8211; P.S 3\/2022 &#8211; CMA<br \/>e Legisla\u00e7\u00e3o Participativa<br \/>Emenda n\u00ba 1, na forma da Emenda n\u00ba 2 (Substitutivo).<br \/>Mat\u00e9rias relacionadas: SUG 6\/2019.<br \/>10 Altera a Lei n\u00ba 7.853, de 24 de outubro Discuss\u00e3o, em turno \u00fanico<br \/>de 1989, a fim de dispor sobre a realiza\u00e7\u00e3o <br \/>PROJETO DE LEI N\u00ba 2.868, DE Textos:<br \/>de mutir\u00f5es peri\u00f3dicos, em espa\u00e7os p\u00fablicos, <br \/>2019 Avulso inicial da mat\u00e9ria &#8211; PL n\u00ba <br \/>para atendimentos terap\u00eauticos multidisciplinares, <br \/>2868\/2019<br \/>Deputado F\u00e1bio Faria<br \/>com a\u00e7\u00f5es multiprofissionais, interdisciplinares e <br \/>Parecer &#8211; P.S 43\/2021 &#8211; CAS<br \/>intersetoriais, a pessoas com defici\u00eancia.<br \/>Parecer favor\u00e1vel n\u00ba 43, de 2021, da Comiss\u00e3o de <br \/>Assuntos Sociais, Relator: Senador Lucas Barreto.<br \/>Pendente de leitura de Parecer de Plen\u00e1rio sobre a <br \/>Emenda n\u00ba 1, de reda\u00e7\u00e3o.<br \/>11 Altera a Lei n\u00ba 13.830, de 13 de maio de 2019, para  Discuss\u00e3o, em turno \u00fanico<br \/>autorizar a inclus\u00e3o da equoterapia entre as pr\u00e1ticas <br \/>PROJETO DE LEI N\u00ba 3.446, DE Textos:<br \/>previstas na Pol\u00edtica Nacional de Pr\u00e1ticas Integrativas e <br \/>2019 Avulso inicial da mat\u00e9ria &#8211; PL n\u00ba <br \/>Complementares (PNPIC), no \u00e2mbito do Sistema \u00danico <br \/>3446\/2019<br \/>Deputado Andr\u00e9 Ferreira de Sa\u00fade (SUS).<br \/>Parecer &#8211; P.S 35\/2025 &#8211; CAS<br \/>Parecer favor\u00e1vel n\u00ba 35, de 2025, da Comiss\u00e3o de <br \/>Assuntos Sociais, Relator: Senador Nelsinho Trad.<br \/>12 Institui o Dia Nacional da Ovinocultura. Discuss\u00e3o, em turno \u00fanico<br \/>PROJETO DE LEI N\u00ba 3.527, DE Parecer favor\u00e1vel n\u00b0 59, de 2019, da Comiss\u00e3o de  Textos:<br \/>2019 Educa\u00e7\u00e3o, Cultura e Esporte, Relator: Senador Lasier  Avulso inicial da mat\u00e9ria &#8211; PL n\u00ba <br \/>Martins. 3527\/2019<br \/>Deputado Afonso Hamm<br \/>Parecer &#8211; P.S 59\/2019 &#8211; CEORDEM DO DIA<br \/>sexta-feira, 8 de agosto de 2025<br \/>34<br \/>Proposi\u00e7\u00e3o Ementa Informa\u00e7\u00f5es<br \/>(Autor\/N\u00ba Origem)<br \/>13 Altera a Lei de Crimes Ambientais, para tipificar o  Discuss\u00e3o, em turno \u00fanico<br \/>crime de desastre ecol\u00f3gico de grande propor\u00e7\u00e3o ou <br \/>PROJETO DE LEI N\u00ba 3.915, DE Textos:<br \/>que produza estado de calamidade p\u00fablica, bem como <br \/>2019 Avulso inicial da mat\u00e9ria &#8211; PL n\u00ba <br \/>a conduta do respons\u00e1vel por desastre relativo a <br \/>3915\/2019<br \/>CPI de Brumadinho rompimento de barragem.<br \/>Parecer &#8211; P.S 146\/2019 &#8211; CCJ<br \/>Parecer n\u00ba 146, de 2019, da Comiss\u00e3o de Constitui\u00e7\u00e3o, <br \/>Justi\u00e7a e Cidadania, Relator: Senador Otto Alencar, <br \/>favor\u00e1vel ao projeto, com as Emendas n\u00bas 1 a 3.<br \/>Mat\u00e9rias relacionadas: RQS 21\/2019.<br \/>14 Altera a Lei n\u00ba 9.973, de 29 de maio de 2000, para  Discuss\u00e3o, em turno \u00fanico<br \/>conferir car\u00e1ter volunt\u00e1rio \u00e0 ades\u00e3o ao sistema de <br \/>PROJETO DE LEI N\u00ba 4.676, DE Textos:<br \/>certifica\u00e7\u00e3o que especifica.<br \/>2019 Avulso inicial da mat\u00e9ria &#8211; PL n\u00ba <br \/>Parecer favor\u00e1vel n\u00ba 2, de 2021, da Comiss\u00e3o de  4676\/2019<br \/>Deputado Covatti Filho<br \/>Agricultura e Reforma Agr\u00e1ria, Relator: Senador Lasier  Parecer &#8211; P.S 2\/2021 &#8211; CRA<br \/>Martins.<br \/>15 Altera a Lei n\u00ba 14.543, de 3 de abril de 2023, para criar o  Discuss\u00e3o, em turno \u00fanico<br \/>Programa Nacional de Preven\u00e7\u00e3o \u00e0 Depress\u00e3o.<br \/>PROJETO DE LEI N\u00ba 4.712, DE Textos:<br \/>2019 Parecer n\u00ba 36, de 2025, da Comiss\u00e3o de Assuntos  Avulso inicial da mat\u00e9ria &#8211; PL n\u00ba <br \/>Sociais, Relatora: Senadora Leila Barros, Relatora &#8220;ad  4712\/2019<br \/>Deputado Gil Cutrim<br \/>hoc&#8221;: Senadora Dra. Eud\u00f3cia, favor\u00e1vel ao projeto, na  Parecer &#8211; P.S 36\/2025 &#8211; CAS<br \/>forma da Emenda n\u00ba 1 (Substitutivo), que apresenta.<br \/>16 Acrescenta dispositivo \u00e0 Lei n\u00ba 13.439, de 27 de abril  Discuss\u00e3o, em turno \u00fanico<br \/>de 2017, para estabelecer prioridade no atendimento \u00e0s <br \/>PROJETO DE LEI N\u00ba 5.022, DE Textos:<br \/>fam\u00edlias v\u00edtimas de desastres naturais.<br \/>2019 Avulso inicial da mat\u00e9ria &#8211; PL n\u00ba <br \/>Pareceres favor\u00e1veis: 5022\/2019<br \/>Deputado Danilo Cabral<br \/>Parecer &#8211; P.S 31\/2019 &#8211; CDR<br \/>&#8211; n\u00ba 31, de 2019, da Comiss\u00e3o de Desenvolvimento <br \/>Parecer &#8211; P.S 9\/2020 &#8211; CAE<br \/>Regional e Turismo, Relator: Senador Styvenson <br \/>Valentim; e<br \/>&#8211; n\u00ba 9, de 2020, da Comiss\u00e3o de Assuntos Econ\u00f4micos, <br \/>Relator: Senador Veneziano Vital do R\u00eago.<br \/>17 Altera a Lei n\u00ba 8.242, de 12 de outubro de 1991, para  Discuss\u00e3o, em turno \u00fanico<br \/>destinar recursos do Fundo Nacional para a Crian\u00e7a e <br \/>PROJETO DE LEI N\u00ba 5.148, DE Textos:<br \/>o Adolescente \u00e0s pol\u00edticas p\u00fablicas, aos projetos e aos <br \/>2019 Avulso inicial da mat\u00e9ria &#8211; PL n\u00ba <br \/>programas direcionados \u00e0 primeira inf\u00e2ncia.<br \/>5148\/2019<br \/>Deputada Paula Belmonte<br \/>Pareceres favor\u00e1veis: Parecer &#8211; P.S 109\/2024 &#8211; CAE<br \/>Parecer &#8211; P.S 52\/2025 &#8211; CDH<br \/>&#8211; n\u00ba 109, de 2024, da Comiss\u00e3o de Assuntos Econ\u00f4micos, <br \/>Relatora: Senadora Professora Dorinha Seabra; e<br \/>&#8211; n\u00ba 52, de 2025, da Comiss\u00e3o de Direitos Humanos e <br \/>Legisla\u00e7\u00e3o Participativa, Relatora: Senadora Professora <br \/>Dorinha Seabra.<br \/>18 Institui o Dia Nacional de Combate ao Estupro. Discuss\u00e3o, em turno \u00fanico<br \/>PROJETO DE LEI N\u00ba 5.708, DE Parecer n\u00ba 17, de 2024, da Comiss\u00e3o de Educa\u00e7\u00e3o e  Textos:<br \/>2019 Cultura, Relatora: Senadora Damares Alves, favor\u00e1vel ao  Avulso inicial da mat\u00e9ria &#8211; PL n\u00ba <br \/>projeto, com a Emenda n\u00ba 1. 5708\/2019<br \/>Deputada Margarida Salom\u00e3o<br \/>Parecer &#8211; P.S 17\/2024 &#8211; CE<br \/>Mat\u00e9rias relacionadas: REQ 67\/2023 &#8211; CE.ORDEM DO DIA<br \/>sexta-feira, 8 de agosto de 2025<br \/>35<br \/>Proposi\u00e7\u00e3o Ementa Informa\u00e7\u00f5es<br \/>(Autor\/N\u00ba Origem)<br \/>19 Disp\u00f5e sobre o servi\u00e7o de retransmiss\u00e3o de televis\u00e3o  Discuss\u00e3o, em turno \u00fanico<br \/>e altera a Lei n\u00ba 4.117, de 27 de agosto de 1962, que <br \/>PROJETO DE LEI N\u00ba 5.833, DE (Inclu\u00eddo em Ordem do Dia, <br \/>institui o C\u00f3digo Brasileiro de Telecomunica\u00e7\u00f5es, para <br \/>2019 nos termos do Recurso n\u00ba 5, de <br \/>estabelecer a obrigatoriedade da retransmiss\u00e3o di\u00e1ria <br \/>2020)<br \/>Senadora Soraya Thronicke de informa\u00e7\u00f5es oficiais dos Poderes da Rep\u00fablica pelos <br \/>canais de televis\u00e3o aberta. Textos:<br \/>Avulso inicial da mat\u00e9ria &#8211; PL n\u00ba <br \/>Parecer pela rejei\u00e7\u00e3o n\u00ba 2, de 2020, da Comiss\u00e3o <br \/>5833\/2019<br \/>de Ci\u00eancia, Tecnologia, Inova\u00e7\u00e3o, Comunica\u00e7\u00e3o e <br \/>Parecer &#8211; P.S 2\/2020 &#8211; CCT<br \/>Inform\u00e1tica.<br \/>Recurso &#8211; R.S 5\/2020<br \/>20 Confere ao Munic\u00edpio de Soledade, no Estado do Rio  Discuss\u00e3o, em turno \u00fanico<br \/>Grande do Sul, o t\u00edtulo de Capital Nacional das Pedras <br \/>PROJETO DE LEI N\u00ba 5.978, DE Textos:<br \/>Preciosas.<br \/>2019 Avulso inicial da mat\u00e9ria &#8211; PL n\u00ba <br \/>Parecer favor\u00e1vel n\u00ba 10, de 2020, da Comiss\u00e3o de  5978\/2019<br \/>Deputado Giovani Cherini<br \/>Educa\u00e7\u00e3o, Cultura e Esporte, Relator: Senador Lasier  Parecer &#8211; P.S 10\/2020 &#8211; CE<br \/>Martins.<br \/>21 Institui o dia 19 de dezembro como o Dia Nacional da  Discuss\u00e3o, em turno \u00fanico<br \/>Aromatologia e da Aromaterapia.<br \/>PROJETO DE LEI N\u00ba 5.982, DE Textos:<br \/>2019 Parecer favor\u00e1vel n\u00ba 62, de 2024, da Comiss\u00e3o de  Avulso inicial da mat\u00e9ria &#8211; PL n\u00ba <br \/>Educa\u00e7\u00e3o e Cultura, Relatora: Senadora Zenaide Maia. 5982\/2019<br \/>Deputado Giovani Cherini<br \/>Parecer &#8211; P.S 62\/2024 &#8211; CE<br \/>22 Altera a Lei n\u00ba 10.098, de 19 de dezembro de 2000,  Discuss\u00e3o, em turno \u00fanico<br \/>para definir a destina\u00e7\u00e3o dos recursos arrecadados com <br \/>PROJETO DE LEI N\u00ba 6.562, DE Textos:<br \/>a aplica\u00e7\u00e3o de multas pelo descumprimento das normas <br \/>2019 Avulso inicial da mat\u00e9ria &#8211; PL n\u00ba <br \/>para a promo\u00e7\u00e3o da acessibilidade das pessoas com <br \/>6562\/2019<br \/>Deputada Erika Kokay<br \/>defici\u00eancia ou com mobilidade reduzida.<br \/>Parecer &#8211; P.S 33\/2025 &#8211; CDH<br \/>Parecer favor\u00e1vel n\u00ba 33, de 2025, da Comiss\u00e3o de Direitos <br \/>Humanos e Legisla\u00e7\u00e3o Participativa, Relator: Senador <br \/>Paulo Paim.<br \/>23 Denomina Ag\u00eancia Benjamin Manoel a ag\u00eancia do  Discuss\u00e3o, em turno \u00fanico<br \/>Instituto Nacional do Seguro Social (INSS) no Munic\u00edpio <br \/>PROJETO DE LEI N\u00ba 6.563, DE Textos:<br \/>de Aruj\u00e1, Estado de S\u00e3o Paulo.<br \/>2019 Avulso inicial da mat\u00e9ria &#8211; PL n\u00ba <br \/>Parecer favor\u00e1vel n\u00ba 5, de 2024, da Comiss\u00e3o de  6563\/2019<br \/>Deputado Marcio Alvino<br \/>Educa\u00e7\u00e3o e Cultura, Relator: Senador Astronauta Marcos  Parecer &#8211; P.S 5\/2024 &#8211; CE<br \/>Pontes.<br \/>24 Denomina Ag\u00eancia Prefeito Nen\u00ea Sim\u00e3o a ag\u00eancia do  Discuss\u00e3o, em turno \u00fanico<br \/>Instituto Nacional do Seguro Social (INSS) no Munic\u00edpio <br \/>PROJETO DE LEI N\u00ba 6.564, DE Textos:<br \/>de Santa Isabel, Estado de S\u00e3o Paulo.<br \/>2019 Avulso inicial da mat\u00e9ria &#8211; PL n\u00ba <br \/>Parecer favor\u00e1vel n\u00ba 16, de 2023, da Comiss\u00e3o  6564\/2019<br \/>Deputado Marcio Alvino<br \/>de Educa\u00e7\u00e3o, Cultura e Esporte, Relator: Senador  Parecer &#8211; P.S 16\/2023 &#8211; CE<br \/>Astronauta Marcos Pontes.<br \/>25 Confere ao Munic\u00edpio de Almirante Tamandar\u00e9 do Sul, no  Discuss\u00e3o, em turno \u00fanico<br \/>Estado do Rio Grande do Sul, o t\u00edtulo de Terra do Gaita\u00e7o.<br \/>PROJETO DE LEI N\u00ba 1, DE 2020 Textos:<br \/>Parecer favor\u00e1vel n\u00ba 17, de 2021, da Comiss\u00e3o de  Avulso inicial da mat\u00e9ria &#8211; PL n\u00ba 1\/2020<br \/>Deputado Giovani Cherini<br \/>Educa\u00e7\u00e3o, Cultura e Esporte, Relator: Senador Lasier  Parecer &#8211; P.S 17\/2021 &#8211; CE<br \/>Martins.ORDEM DO DIA<br \/>sexta-feira, 8 de agosto de 2025<br \/>36<br \/>Proposi\u00e7\u00e3o Ementa Informa\u00e7\u00f5es<br \/>(Autor\/N\u00ba Origem)<br \/>26 Denomina Ag\u00eancia Luiz Antonio Serrano a ag\u00eancia do  Discuss\u00e3o, em turno \u00fanico<br \/>Instituto Nacional do Seguro Social (INSS) no Munic\u00edpio <br \/>PROJETO DE LEI N\u00ba 3, DE 2020 Textos:<br \/>de Guararema, Estado de S\u00e3o Paulo.<br \/>Avulso inicial da mat\u00e9ria &#8211; PL n\u00ba 3\/2020<br \/>Deputado Marcio Alvino<br \/>Parecer favor\u00e1vel n\u00ba 18, de 2023, da Comiss\u00e3o  Parecer &#8211; P.S 18\/2023 &#8211; CE<br \/>de Educa\u00e7\u00e3o, Cultura e Esporte, Relator: Senador <br \/>Astronauta Marcos Pontes.<br \/>27 Disp\u00f5e sobre cess\u00e3o de cr\u00e9ditos obtidos em sistema de  Discuss\u00e3o, em turno \u00fanico<br \/>compensa\u00e7\u00e3o de energia el\u00e9trica durante o per\u00edodo de <br \/>PROJETO DE LEI N\u00ba 2.474, DE Textos:<br \/>emerg\u00eancia de sa\u00fade p\u00fablica decorrente da pandemia <br \/>2020 Avulso inicial da mat\u00e9ria &#8211; PL n\u00ba <br \/>da Covid-19.<br \/>2474\/2020<br \/>Deputado Franco Cartafina<br \/>Pareceres da Comiss\u00e3o de Servi\u00e7os de Infraestrutura: Parecer &#8211; P.S 14\/2023 &#8211; CI<br \/>Parecer &#8211; P.S 17\/2024 &#8211; CI<br \/>&#8211; n\u00ba 14, de 2023, Relator: Senador Luis Carlos Heinze, <br \/>favor\u00e1vel ao projeto, nos termos da Emenda n\u00ba 1 <br \/>(Substitutivo); e<br \/>&#8211; n\u00ba 17, de 2024, Relator: Senador Ireneu Orth, contr\u00e1rio <br \/>\u00e0 Emenda n\u00ba 2, de Plen\u00e1rio.<br \/>28 Disp\u00f5e sobre a obrigatoriedade da aferi\u00e7\u00e3o da press\u00e3o  Discuss\u00e3o, em turno \u00fanico<br \/>arterial (teste do bracinho) em crian\u00e7as a partir de tr\u00eas <br \/>PROJETO DE LEI N\u00ba 4.274, DE Textos:<br \/>anos de idade.<br \/>2020 Avulso inicial da mat\u00e9ria &#8211; PL n\u00ba <br \/>Parecer n\u00ba 18, de 2025, da Comiss\u00e3o de Assuntos  4274\/2020<br \/>Deputado Ney Leprevost<br \/>Sociais, Relatora: Senadora Zenaide Maia, favor\u00e1vel ao  Parecer &#8211; P.S 18\/2025 &#8211; CAS<br \/>projeto, nos termos da Emenda n\u00ba 1 (substitutivo), que <br \/>apresenta.<br \/>29 Estabelece diretrizes para a Pol\u00edtica de Aten\u00e7\u00e3o Integral  Discuss\u00e3o, em turno \u00fanico<br \/>\u00e0 Sa\u00fade das Pessoas com Diagn\u00f3stico de Doen\u00e7a Renal.<br \/>PROJETO DE LEI N\u00ba 4.590, DE Textos:<br \/>2020 Parecer n\u00ba 31, de 2025, da Comiss\u00e3o de Assuntos  Avulso inicial da mat\u00e9ria &#8211; PL n\u00ba <br \/>Sociais, Relatora: Senadora Damares Alves, favor\u00e1vel ao  4590\/2020<br \/>Deputado Ney Leprevost<br \/>projeto, nos termos da Emenda n\u00ba 1 (Substitutivo), que  Parecer &#8211; P.S 31\/2025 &#8211; CAS<br \/>apresenta.<br \/>30 Altera a Lei n\u00ba 9.503, de 23 de setembro de 1997 (C\u00f3digo  Discuss\u00e3o, em turno \u00fanico<br \/>de Tr\u00e2nsito Brasileiro), para dispor sobre a sinaliza\u00e7\u00e3o <br \/>PROJETO DE LEI N\u00ba 4.838, DE Textos:<br \/>das vagas de estacionamento reservadas \u00e0s pessoas com <br \/>2020 Avulso inicial da mat\u00e9ria &#8211; PL n\u00ba <br \/>defici\u00eancia ou \u00e0s pessoas idosas.<br \/>4838\/2020<br \/>Deputada Rejane Dias<br \/>Parecer n\u00ba 115, de 2023, da Comiss\u00e3o de Direitos  Parecer &#8211; P.S 115\/2023 &#8211; CDH<br \/>Humanos e Legisla\u00e7\u00e3o Participativa, Relatora: Senadora <br \/>Damares Alves, favor\u00e1vel ao projeto, com as Emendas <br \/>n\u00bas 1 e 2.<br \/>31 Altera a Consolida\u00e7\u00e3o das Leis do Trabalho (CLT),  Discuss\u00e3o, em turno \u00fanico<br \/>aprovada pelo Decreto-Lei n\u00ba 5.452, de 1\u00ba de maio de <br \/>SUBSTITUTIVO DA C\u00c2MARA Textos:<br \/>1943, para determinar que as empresas disponibilizem a <br \/>DOS DEPUTADOS DO PROJETO Avulso inicial da mat\u00e9ria &#8211; PL n\u00ba <br \/>seus empregados informa\u00e7\u00f5es sobre campanhas oficiais <br \/>DE LEI N\u00ba 4.968, DE 2020 4968\/2020<br \/>de vacina\u00e7\u00e3o, sobre o papilomav\u00edrus humano (HPV) e <br \/>Parecer &#8211; P.S 56\/2024 &#8211; CAS<br \/>Senadora Rose de Freitas<br \/>sobre os c\u00e2nceres de mama, de colo do \u00fatero e de <br \/>pr\u00f3stata.<br \/>Parecer n\u00ba 56, de 2024, da Comiss\u00e3o de Assuntos Sociais, <br \/>Relatora: Senadora Leila Barros, favor\u00e1vel aos arts. 2\u00ba e <br \/>3\u00ba do Substitutivo, com o reestabelecimento do art. 1\u00ba <br \/>do Projeto de Lei n\u00ba 4.968, de 2020, e contr\u00e1rio ao art. <br \/>1\u00ba do Substitutivo.ORDEM DO DIA<br \/>sexta-feira, 8 de agosto de 2025<br \/>37<br \/>Proposi\u00e7\u00e3o Ementa Informa\u00e7\u00f5es<br \/>(Autor\/N\u00ba Origem)<br \/>32 Institui o Programa de Regulariza\u00e7\u00e3o de D\u00e9bitos n\u00e3o  Discuss\u00e3o, em turno \u00fanico<br \/>Tribut\u00e1rios (PRD) junto \u00e0s autarquias e funda\u00e7\u00f5es <br \/>PROJETO DE LEI N\u00ba 953, DE (Inclu\u00eddo em Ordem do Dia, <br \/>p\u00fablicas federais e \u00e0 Procuradoria-Geral Federal e d\u00e1 <br \/>2021 nos termos do Recurso n\u00ba 15, <br \/>outras provid\u00eancias.<br \/>de 2024)<br \/>Senador Iraj\u00e1<br \/>Pareceres:<br \/>Textos:<br \/>&#8211; n\u00ba 90, de 2024, da Comiss\u00e3o de Assuntos Econ\u00f4micos, <br \/>Avulso inicial da mat\u00e9ria &#8211; PL n\u00ba <br \/>Relator: Senador Nelsinho Trad, favor\u00e1vel ao projeto, nos <br \/>953\/2021<br \/>termos da Emenda n\u00ba 1 (Substitutivo); e<br \/>Parecer &#8211; P.S 90\/2024 &#8211; CAE<br \/>&#8211; n\u00ba 94, de 2024, da Comiss\u00e3o de Constitui\u00e7\u00e3o, Justi\u00e7a <br \/>Parecer &#8211; P.S 94\/2024 &#8211; CCJ<br \/>e Cidadania, Relator: Senador Nelsinho Trad, favor\u00e1vel \u00e0 <br \/>Recurso &#8211; R.S 15\/2024<br \/>Emenda n\u00ba 1 (Substitutivo).<br \/>Mat\u00e9rias relacionadas: R.S 15\/2024.<br \/>33 Denomina Passarela do Parque Jane &#8211; Embu das Artes  Discuss\u00e3o, em turno \u00fanico<br \/>a passarela localizada no Km 277 da Rodovia R\u00e9gis <br \/>PROJETO DE LEI N\u00ba 1.851, DE Textos:<br \/>Bittencourt, BR-116\/SP\/PR, no Munic\u00edpio de Embu das <br \/>2021 Avulso inicial da mat\u00e9ria &#8211; PL n\u00ba <br \/>Artes, Estado de S\u00e3o Paulo.<br \/>1851\/2021<br \/>Deputado Carlos Zarattini<br \/>Parecer n\u00b0 1, de 2024, da Comiss\u00e3o de Servi\u00e7os  Parecer &#8211; P.S 1\/2024 &#8211; CI<br \/>de Infraestrutura, Relator: Senador Astronauta Marcos <br \/>Pontes, favor\u00e1vel ao projeto, com a Emenda n\u00b0 1.<br \/>34 Declara o Munic\u00edpio do Recife, no Estado de  Discuss\u00e3o, em turno \u00fanico<br \/>Pernambuco, como Capital Nacional do Brega.<br \/>PROJETO DE LEI N\u00ba 2.521, DE Inclu\u00eddo em Ordem do Dia nos <br \/>2021 Parecer favor\u00e1vel n\u00ba 16, de 2025, da Comiss\u00e3o de  termos do Recurso n\u00ba 2, de <br \/>Educa\u00e7\u00e3o e Cultura, Relator: Senador Humberto Costa. 2025.<br \/>Deputado Felipe Carreras<br \/>Textos:<br \/>Avulso inicial da mat\u00e9ria &#8211; PL n\u00ba <br \/>2521\/2021<br \/>Parecer &#8211; P.S 16\/2025 &#8211; CE<br \/>Recurso &#8211; R.S 2\/2025<br \/>35 Institui, em \u00e2mbito nacional, o Agosto Azul e Vermelho  Discuss\u00e3o, em turno \u00fanico<br \/>como m\u00eas dedicado a informar a popula\u00e7\u00e3o sobre os <br \/>PROJETO DE LEI N\u00ba 3.060, DE Textos:<br \/>cuidados com a sa\u00fade vascular e a incentivar a preven\u00e7\u00e3o <br \/>2021 Avulso inicial da mat\u00e9ria &#8211; PL n\u00ba <br \/>e o tratamento de doen\u00e7as vasculares.<br \/>3060\/2021<br \/>Deputado Dr. Hiran<br \/>Parecer n\u00ba 33, de 2025, da Comiss\u00e3o de Assuntos Sociais,  Parecer &#8211; P.S 33\/2025 &#8211; CAS<br \/>Relatora: Senadora Zenaide Maia, favor\u00e1vel ao projeto, <br \/>com a Emenda n\u00ba 1.<br \/>36 Acrescenta os \u00a7\u00a7 4\u00ba e 5\u00ba ao art. 22 da Lei n\u00ba 8.742, de 7 de  Discuss\u00e3o, em turno \u00fanico<br \/>dezembro de 1993 (Lei Org\u00e2nica da Assist\u00eancia Social), <br \/>PROJETO DE LEI N\u00ba 2.240, Textos:<br \/>para definir situa\u00e7\u00f5es de vulnerabilidade tempor\u00e1ria de <br \/>DE 2022 (SUBSTITUTIVO DA Avulso inicial da mat\u00e9ria &#8211; PL n\u00ba <br \/>que trata o caput do referido artigo.<br \/>C\u00c2MARA DOS DEPUTADOS AO 2240\/2022<br \/>PROJETO DE LEI DO SENADO Pareceres favor\u00e1veis: Parecer &#8211; P.S 48\/2023 &#8211; CDH<br \/>N\u00ba 436, DE 2011) Parecer &#8211; P.S 59\/2023 &#8211; CAS<br \/>&#8211; n\u00ba 48, de 2023, da Comiss\u00e3o de Direitos Humanos e <br \/>Legisla\u00e7\u00e3o Participativa, Relatora: Senadora Leila Barros, <br \/>Senador Humberto Costa<br \/>Relator &#8220;ad hoc&#8221;: Senador Fl\u00e1vio Arns; e<br \/>&#8211; n\u00ba 59, de 2023, da Comiss\u00e3o de Assuntos Sociais, <br \/>Relator: Senador Fl\u00e1vio Arns.<br \/>37 Inclui no calend\u00e1rio tur\u00edstico oficial do Pa\u00eds a Feira  Discuss\u00e3o, em turno \u00fanico<br \/>Internacional do Cooperativismo (Feicoop), realizada no <br \/>PROJETO DE LEI N\u00ba 2.249, DE <br \/>Munic\u00edpio de Santa Maria, Estado do Rio Grande do Sul.<br \/>2022<br \/>Pareceres favor\u00e1veis, Relator: Senador Paulo Paim:<br \/>Deputado Paulo PimentaORDEM DO DIA<br \/>sexta-feira, 8 de agosto de 2025<br \/>38<br \/>Proposi\u00e7\u00e3o Ementa Informa\u00e7\u00f5es<br \/>(Autor\/N\u00ba Origem)<br \/>&#8211; n\u00ba 14, de 2024, da Comiss\u00e3o de Desenvolvimento <br \/>Textos:<br \/>Regional e Turismo; e<br \/>Avulso inicial da mat\u00e9ria &#8211; PL n\u00ba <br \/>&#8211; n\u00ba 117, de 2024, da Comiss\u00e3o de Educa\u00e7\u00e3o e Cultura.<br \/>2249\/2022<br \/>Parecer &#8211; P.S 14\/2024 &#8211; CDR<br \/>Parecer &#8211; P.S 117\/2024 &#8211; CE<br \/>38 Declara como de especial interesse para a gera\u00e7\u00e3o  Discuss\u00e3o, em turno \u00fanico<br \/>de conhecimento, de tecnologia e de inova\u00e7\u00e3o, bem <br \/>PROJETO DE LEI N\u00ba 2.252, DE Textos:<br \/>como para o desenvolvimento brasileiro, nos termos do <br \/>2022 Avulso inicial da mat\u00e9ria &#8211; PL n\u00ba <br \/>par\u00e1grafo \u00fanico do art. 219 da Constitui\u00e7\u00e3o Federal, os <br \/>2252\/2022<br \/>Deputado Otavio Leite<br \/>Centros de Pesquisa e de Inova\u00e7\u00e3o de Empresas (CPIEs).<br \/>Parecer &#8211; P.S 11\/2023 &#8211; CAE<br \/>Pareceres: Parecer &#8211; P.S 16\/2024 &#8211; CCT<br \/>&#8211; n\u00ba 11, de 2023, da Comiss\u00e3o de Assuntos Econ\u00f4micos, <br \/>Relator: Senador Angelo Coronel, favor\u00e1vel ao projeto, <br \/>com a Emenda n\u00ba 1; e<br \/>&#8211; n\u00ba 16, de 2024, da Comiss\u00e3o de Ci\u00eancia, Tecnologia, <br \/>Inova\u00e7\u00e3o e Inform\u00e1tica, Relator: Senador Astronauta <br \/>Marcos Pontes, favor\u00e1vel ao projeto e pela rejei\u00e7\u00e3o da <br \/>Emenda n\u00ba 1.<br \/>39 Altera o Decreto-Lei n\u00ba 2.848, de 7 de dezembro de 1940  Discuss\u00e3o, em turno \u00fanico<br \/>(C\u00f3digo Penal), para recrudescer o tratamento penal <br \/>PROJETO DE LEI N\u00ba 2.254, DE Textos:<br \/>dispensado aos crimes de extors\u00e3o, de estelionato e de <br \/>2022 Avulso inicial da mat\u00e9ria &#8211; PL n\u00ba <br \/>fraude no com\u00e9rcio, e a Lei n\u00ba 8.072, de 25 de julho de <br \/>2254\/2022<br \/>Deputado Marcelo Belinati<br \/>1990 (Lei dos Crimes Hediondos), para incluir o crime de <br \/>Parecer &#8211; P.S 65\/2023 &#8211; CCJ<br \/>estelionato contra idoso ou vulner\u00e1vel no rol dos crimes <br \/>hediondos.<br \/>Parecer n\u00ba 65, de 2023, da Comiss\u00e3o de Constitui\u00e7\u00e3o, <br \/>Justi\u00e7a e Cidadania, Relator: Senador Pl\u00ednio Val\u00e9rio, <br \/>favor\u00e1vel ao projeto, com as Emendas n\u00bas 2 e 5; com a <br \/>Subemenda n\u00ba 1 \u00e0 Emenda n\u00ba 3 e a Subemenda n\u00ba 1 \u00e0 <br \/>Emenda n\u00ba 4; e contr\u00e1rio \u00e0 Emenda n\u00ba 1.<br \/>Mat\u00e9rias relacionadas: REQ 26\/2023 &#8211; CCJ.<br \/>40 Reforma da Lei n\u00ba 9.784\/99 (Lei de Processo  Discuss\u00e3o, em turno \u00fanico<br \/>Administrativo).<br \/>PROJETO DE LEI N\u00ba 2.481, DE (Inclu\u00eddo em Ordem do Dia, <br \/>2022 Parecer n\u00ba 12, de 2024, da Comiss\u00e3o Tempor\u00e1ria  nos termos do Recurso n\u00ba 11, <br \/>para Exame de Projetos de Reforma dos Processos  de 2024).<br \/>Senador Rodrigo Pacheco<br \/>Administrativo e Tribut\u00e1rio Nacional, Relator: Senador <br \/>Textos:<br \/>Efraim Filho, favor\u00e1vel ao projeto, na forma da Emenda <br \/>Avulso inicial da mat\u00e9ria &#8211; PL n\u00ba <br \/>n\u00ba 33 (Substitutivo), que apresenta.<br \/>2481\/2022<br \/>Parecer &#8211; P.S 12\/2024 &#8211; CTIADMTR<br \/>Recurso &#8211; R.S 11\/2024<br \/>41 Disp\u00f5e sobre o processo administrativo tribut\u00e1rio federal  Discuss\u00e3o, em turno \u00fanico<br \/>e d\u00e1 outras provid\u00eancias.<br \/>PROJETO DE LEI N\u00ba 2.483, DE (Inclu\u00eddo em Ordem do Dia, <br \/>2022 Parecer n\u00ba 13, de 2024, da Comiss\u00e3o Tempor\u00e1ria  nos termos do Recurso n\u00ba 10, <br \/>para Exame de Projetos de Reforma dos Processos  de 2024).<br \/>Senador Rodrigo Pacheco<br \/>Administrativo e Tribut\u00e1rio Nacional, Relator: Senador <br \/>Textos:<br \/>Efraim Filho, favor\u00e1vel ao projeto, na forma da Emenda <br \/>Avulso inicial da mat\u00e9ria &#8211; PL n\u00ba <br \/>n\u00ba 51 (Substitutivo), que apresenta.<br \/>2483\/2022<br \/>Parecer &#8211; P.S 13\/2024 &#8211; CTIADMTR<br \/>Recurso &#8211; R.S 10\/2024ORDEM DO DIA<br \/>sexta-feira, 8 de agosto de 2025<br \/>39<br \/>Proposi\u00e7\u00e3o Ementa Informa\u00e7\u00f5es<br \/>(Autor\/N\u00ba Origem)<br \/>42 Disp\u00f5e sobre a cobran\u00e7a da d\u00edvida ativa da Uni\u00e3o,  Discuss\u00e3o, em turno \u00fanico<br \/>dos Estados, do Distrito Federal, dos Munic\u00edpios e das <br \/>PROJETO DE LEI N\u00ba 2.488, DE (Inclu\u00eddo em Ordem do Dia, <br \/>respectivas autarquias e funda\u00e7\u00f5es de direito p\u00fablico, e <br \/>2022 nos termos do Recurso n\u00ba 9, de <br \/>d\u00e1 outras provid\u00eancias.<br \/>2024).<br \/>Senador Rodrigo Pacheco<br \/>Pareceres da Comiss\u00e3o Tempor\u00e1ria para Exame de <br \/>Textos:<br \/>Projetos de Reforma dos Processos Administrativo e <br \/>Avulso inicial da mat\u00e9ria &#8211; PL n\u00ba <br \/>Tribut\u00e1rio Nacional, Relator: Senador Efraim Filho:<br \/>2488\/2022<br \/>&#8211; n\u00ba 8, de 2024, favor\u00e1vel ao projeto, parcialmente <br \/>Parecer &#8211; P.S 8\/2024 &#8211; CTIADMTR<br \/>favor\u00e1vel \u00e0s Emendas n\u00bas 3 e 4, na forma da Emenda n\u00ba <br \/>Recurso &#8211; R.S 9\/2024<br \/>8 (Substitutivo), e pela prejudicialidade das Emendas n\u00bas <br \/>Parecer &#8211; P.S 11\/2024 &#8211; CTIADMTR<br \/>1, 2 e 5 a 7; e<br \/>&#8211; n\u00ba 11, de 2024, favor\u00e1vel ao projeto, parcialmente ou <br \/>totalmente favor\u00e1vel \u00e0s Emendas n\u00bas 9, 10, 12, 13, 15, <br \/>21 e 22, na forma da Emenda n\u00ba 23 (Substitutivo), e pela <br \/>rejei\u00e7\u00e3o das demais emendas.<br \/>43 Altera o art. 98 da Lei n\u00ba 8.171, de 17 de janeiro de 1991,  Discuss\u00e3o, em turno \u00fanico<br \/>para dispor sobre o uso das faixas de dom\u00ednio ao longo <br \/>PROJETO DE LEI N\u00ba 1.533, DE Textos:<br \/>das rodovias.<br \/>2023 Avulso inicial da mat\u00e9ria &#8211; PL n\u00ba <br \/>Pareceres do Relator: Senador Wilder Morais: 1533\/2023<br \/>Deputado Misael Varella<br \/>Parecer &#8211; P.S 21\/2023 &#8211; CRA<br \/>&#8211; n\u00ba 21, de 2023, da Comiss\u00e3o de Agricultura e Reforma <br \/>Parecer &#8211; P.S 29\/2024 &#8211; CI<br \/>Agr\u00e1ria, favor\u00e1vel ao Projeto, com a Emenda n\u00ba 1, que <br \/>apresenta; e<br \/>&#8211; n\u00ba 29, de 2024, da Comiss\u00e3o de Servi\u00e7os de <br \/>Infraestrutura, favor\u00e1vel ao projeto e \u00e0 Emenda n\u00ba 1, com <br \/>a Emenda n\u00ba 2, que apresenta.<br \/>44 Disp\u00f5e sobre a estadualiza\u00e7\u00e3o do Parque Nacional da  Discuss\u00e3o, em turno \u00fanico<br \/>Chapada dos Guimar\u00e3es.<br \/>PROJETO DE LEI N\u00ba 3.649, DE (Inclu\u00eddo em Ordem do Dia nos <br \/>2023 Parecer n\u00ba 22, de 2023, da Comiss\u00e3o de Meio Ambiente,  termos do Recurso n\u00b0 12, de <br \/>Relator: Senador Mauro Carvalho Junior, favor\u00e1vel ao  2023)<br \/>Senadora Margareth Buzetti<br \/>projeto, com a Emenda n\u00ba 1, que apresenta.<br \/>Textos:<br \/>(Apresentado o Requerimento n\u00ba 881, de 2023, do <br \/>Avulso inicial da mat\u00e9ria &#8211; PL n\u00ba <br \/>Senador Fabiano Contarato e outros Senadores, que <br \/>3649\/2023<br \/>solicita oitiva da Comiss\u00e3o de Desenvolvimento Regional <br \/>Parecer &#8211; P.S 22\/2023 &#8211; CMA<br \/>e Turismo).<br \/>Recurso &#8211; R.S 12\/2023<br \/>Requerimento &#8211; RQS 881\/2023<br \/>Mat\u00e9rias relacionadas: REQ 54\/2023 &#8211; CMA, RQS 881\/2023.<br \/>45 Altera a Lei n\u00ba 8.036, de 11 de maio de 1990 e a  Discuss\u00e3o, em turno \u00fanico<br \/>Lei n\u00ba 8.212, de 24 de julho de 1991, para retirar a <br \/>PROJETO DE LEI N\u00ba 3.670, DE (Inclu\u00eddo em Ordem do Dia, <br \/>obrigatoriedade de cobran\u00e7a de FGTS e Contribui\u00e7\u00e3o <br \/>2023 nos termos do Recurso n\u00ba 15, <br \/>Previdenci\u00e1ria sobre a remunera\u00e7\u00e3o recebida por <br \/>de 2023)<br \/>Senador Mauro Carvalho empregados que j\u00e1 sejam aposentados, bem como altera <br \/>Junior a Lei n\u00ba 13.667, de 17 de maio de 2018 para criar cadastro  Textos:<br \/>espec\u00edfico de vagas de trabalho para aposentados junto  Avulso inicial da mat\u00e9ria &#8211; PL n\u00ba <br \/>ao Sistema Nacional de Emprego (Sine). 3670\/2023<br \/>Recurso &#8211; R.S 15\/2023<br \/>Pareceres:<br \/>Parecer &#8211; P.S 54\/2023 &#8211; CAS<br \/>&#8211; n\u00b0 54, de 2023, da Comiss\u00e3o de Assuntos Sociais, <br \/>Parecer &#8211; P.S 76\/2024 &#8211; CAE<br \/>Relator: Senador Jayme Campos, favor\u00e1vel ao projeto; e<br \/>Requerimento &#8211; RQS 433\/2024<br \/>&#8211; n\u00ba 76, de 2024, da Comiss\u00e3o de Assuntos Econ\u00f4micos, <br \/>Requerimento &#8211; RQS 572\/2024<br \/>Relatora: Senadora Margareth Buzetti, favor\u00e1vel ao <br \/>projeto, com as Emendas n\u00bas 3 e 4, e pela rejei\u00e7\u00e3o das <br \/>Emendas n\u00bas 1 e 2.ORDEM DO DIA<br \/>sexta-feira, 8 de agosto de 2025<br \/>40<br \/>Proposi\u00e7\u00e3o Ementa Informa\u00e7\u00f5es<br \/>(Autor\/N\u00ba Origem)<br \/>(Apresentados os Requerimentos n\u00bas 433, de 2024, do <br \/>Senador Jaques Wagner, que solicita tramita\u00e7\u00e3o conjunta <br \/>com o PL 3.394\/2023; e 572, de 2024, do Senador Beto <br \/>Faro, que solicita oitiva da Comiss\u00e3o de Constitui\u00e7\u00e3o, <br \/>Justi\u00e7a e Cidadania).<br \/>Mat\u00e9rias relacionadas: RQS 323\/2024, RQS 433\/2024, RQS <br \/>572\/2024.<br \/>46 Altera o Decreto-Lei n\u00ba 2.848, de 7 de dezembro de  Discuss\u00e3o, em turno \u00fanico<br \/>1940 (C\u00f3digo Penal), a fim de majorar as penas previstas <br \/>PROJETO DE LEI N\u00ba 3.780, DE Textos:<br \/>para os crimes de furto, roubo, recepta\u00e7\u00e3o, recepta\u00e7\u00e3o <br \/>2023 Avulso inicial da mat\u00e9ria &#8211; PL n\u00ba <br \/>de animal e interrup\u00e7\u00e3o ou perturba\u00e7\u00e3o de servi\u00e7o <br \/>3780\/2023<br \/>Deputado Kim Kataguiri<br \/>telegr\u00e1fico, telef\u00f4nico, inform\u00e1tico, telem\u00e1tico ou de <br \/>Parecer &#8211; P.S 99\/2024 &#8211; CCJ<br \/>informa\u00e7\u00e3o de utilidade p\u00fablica, bem como para tipificar <br \/>os crimes de recep\u00e7\u00e3o de animal dom\u00e9stico e de fraude <br \/>banc\u00e1ria.<br \/>Parecer n\u00ba 99, de 2024, da Comiss\u00e3o de Constitui\u00e7\u00e3o, <br \/>Justi\u00e7a e Cidadania, Relator: Senador Efraim Filho, <br \/>favor\u00e1vel ao projeto e \u00e0 Emenda n\u00ba 1, nos termos da <br \/>Emenda n\u00ba 2 (Substitutivo).<br \/>Mat\u00e9rias relacionadas: REQ 25\/2024 &#8211; CCJ.<br \/>47 Acrescenta \u00a7 5\u00ba ao art. 88 da Lei n\u00ba 8.213, de 24 de julho  Discuss\u00e3o, em turno \u00fanico<br \/>de 1991, para prever a atua\u00e7\u00e3o do Servi\u00e7o Social nos <br \/>PROJETO DE LEI N\u00ba 3.898, DE Textos:<br \/>hospitais p\u00fablicos.<br \/>2023 Avulso inicial da mat\u00e9ria &#8211; PL n\u00ba <br \/>Parecer n\u00ba 26, de 2025, da Comiss\u00e3o de Assuntos Sociais,  3898\/2023<br \/>Deputado Aguinaldo Ribeiro<br \/>Relator: Senador Dr. Hiran, Relator &#8220;ad hoc&#8221; Senador  Parecer &#8211; P.S 26\/2025 &#8211; CAS<br \/>Jayme Campos, favor\u00e1vel ao projeto, com a Emenda n\u00ba <br \/>1, de reda\u00e7\u00e3o.<br \/>48 Altera o art. 26 da Lei n\u00ba 9.394, de 20 de dezembro de  Discuss\u00e3o, em turno \u00fanico<br \/>1996 (Lei de Diretrizes e Bases da Educa\u00e7\u00e3o Nacional), <br \/>PROJETO DE LEI N\u00ba 4.088, DE Textos:<br \/>para incluir educa\u00e7\u00e3o pol\u00edtica e direitos da cidadania <br \/>2023 Avulso inicial da mat\u00e9ria &#8211; PL n\u00ba <br \/>como componente curricular obrigat\u00f3rio da educa\u00e7\u00e3o <br \/>4088\/2023<br \/>Deputada Renata Abreu<br \/>b\u00e1sica.<br \/>Parecer &#8211; P.S 4\/2024 &#8211; CDD<br \/>Pareceres favor\u00e1veis: Parecer &#8211; P.S 31\/2024 &#8211; CE<br \/>Requerimento &#8211; REQ 33\/2024 &#8211; CE<br \/>&#8211; n\u00ba 4, de 2024, da Comiss\u00e3o de Defesa da Democracia, <br \/>Relatora: Senadora Teresa Leit\u00e3o; e<br \/>&#8211; n\u00ba 31, de 2024, da Comiss\u00e3o de Educa\u00e7\u00e3o e Cultura, <br \/>Relator: Senador Styvenson Valentim.<br \/>(Apresentado o Requerimento n\u00ba 33, de 2024, da <br \/>Comiss\u00e3o de Educa\u00e7\u00e3o e Cultura, que solicita urg\u00eancia <br \/>para a mat\u00e9ria, nos termos dos arts. 336, II, e 338, IV, do <br \/>RISF)<br \/>Mat\u00e9rias relacionadas: REQ 33\/2024 &#8211; CE.<br \/>49 Altera a Lei n\u00ba 13.153, de 30 de julho de 2015, que  Discuss\u00e3o, em turno \u00fanico<br \/>institui a Pol\u00edtica Nacional de Combate \u00e0 Desertifica\u00e7\u00e3o <br \/>PROJETO DE LEI N\u00ba 5.350, DE Textos:<br \/>e Mitiga\u00e7\u00e3o dos Efeitos da Seca, para garantir seguran\u00e7a <br \/>2023 Avulso inicial da mat\u00e9ria &#8211; PL n\u00ba <br \/>h\u00eddrica e alimentar \u00e0s regi\u00f5es do semi\u00e1rido brasileiro <br \/>5350\/2023<br \/>Deputado Murilo Galdino<br \/>e o uso de programas emergenciais de combate \u00e0 <br \/>Parecer &#8211; P.S 12\/2025 &#8211; CRA<br \/>seca nas \u00e1reas que especifica e para prever linhas ORDEM DO DIA<br \/>sexta-feira, 8 de agosto de 2025<br \/>41<br \/>Proposi\u00e7\u00e3o Ementa Informa\u00e7\u00f5es<br \/>(Autor\/N\u00ba Origem)<br \/>de financiamento espec\u00edficas para recomposi\u00e7\u00e3o da <br \/>pequena produ\u00e7\u00e3o familiar e comunit\u00e1ria.<br \/>Parecer n\u00ba 12, de 2025, da Comiss\u00e3o de Agricultura <br \/>e Reforma Agr\u00e1ria, Relator: Senador Rogerio Marinho, <br \/>Relator &#8220;ad hoc&#8221;: Senador Marcos Rog\u00e9rio, favor\u00e1vel com <br \/>a Emenda n\u00ba 1.<br \/>50 Torna obrigat\u00f3ria a disponibiliza\u00e7\u00e3o de exemplar do  Discuss\u00e3o, em turno \u00fanico<br \/>Estatuto da Advocacia e da Ordem dos Advogados do <br \/>PROJETO DE LEI N\u00ba 5.664, DE Textos:<br \/>Brasil nas recep\u00e7\u00f5es dos pr\u00e9dios dos \u00f3rg\u00e3os de seguran\u00e7a <br \/>2023 Avulso inicial da mat\u00e9ria &#8211; PL n\u00ba <br \/>p\u00fablica previstos no caput do art. 144 da Constitui\u00e7\u00e3o <br \/>5664\/2023<br \/>Deputado Pr. Marco Feliciano Federal e nos estabelecimentos prisionais estaduais e <br \/>Parecer &#8211; P.S 4\/2025 &#8211; CSP<br \/>federais.<br \/>Parecer favor\u00e1vel n\u00ba 4, de 2025, da Comiss\u00e3o de <br \/>Seguran\u00e7a P\u00fablica, Relator: Senador Alessandro Vieira.<br \/>51 Acrescenta o par\u00e1grafo \u00fanico ao art. 3\u00ba da Lei n\u00ba 8.394,  Discuss\u00e3o, em primeiro turno<br \/>de 30 de dezembro de 1991, para excluir determinados <br \/>PROJETO DE LEI N\u00ba 5.928, DE Textos:<br \/>documentos dos acervos descritos no caput do referido <br \/>2023 Avulso inicial da mat\u00e9ria &#8211; PL n\u00ba <br \/>artigo, independentemente do valor.<br \/>5928\/2023<br \/>Comiss\u00e3o Parlamentar Mista <br \/>Mat\u00e9rias relacionadas: RQN 1\/2023.<br \/>de Inqu\u00e9rito dos Atos de 8 de <br \/>Janeiro de 2023<br \/>52 Altera a Lei n\u00ba 11.473, de 10 de maio de 2007, para  Primeira sess\u00e3o de discuss\u00e3o, <br \/>prever que a For\u00e7a Nacional de Seguran\u00e7a P\u00fablica (FNSP)  em primeiro turno<br \/>PROJETO DE LEI N\u00ba 5.930, DE <br \/>poder\u00e1 atuar de of\u00edcio, por determina\u00e7\u00e3o do Ministro de <br \/>2023 Textos:<br \/>Estado da Justi\u00e7a, dentro do per\u00edmetro situado a 33 m <br \/>Avulso inicial da mat\u00e9ria &#8211; PL n\u00ba <br \/>Comiss\u00e3o Parlamentar Mista <br \/>(trinta e tr\u00eas metros) da delimita\u00e7\u00e3o externa dos edif\u00edcios <br \/>5930\/2023<br \/>de Inqu\u00e9rito dos Atos de 8 de <br \/>p\u00fablicos federais, exclusivamente para prote\u00e7\u00e3o de bens <br \/>Janeiro de 2023<br \/>e de pessoas dentro dessa regi\u00e3o.<br \/>Mat\u00e9rias relacionadas: RQN 1\/2023.<br \/>53 Disp\u00f5e sobre o direito de ingresso e perman\u00eancia de  Discuss\u00e3o, em turno \u00fanico<br \/>pessoa com defici\u00eancia ou condi\u00e7\u00e3o de sa\u00fade grave <br \/>PROJETO DE LEI N\u00ba 4.489, Textos:<br \/>que exija assist\u00eancia espec\u00edfica, acompanhada de c\u00e3o de <br \/>DE 2024 (SUBSTITUTIVO DA Avulso inicial da mat\u00e9ria &#8211; PL n\u00ba <br \/>assist\u00eancia, em meios de transporte e em ambientes de <br \/>C\u00c2MARA DOS DEPUTADOS AO 4489\/2024<br \/>uso coletivo, p\u00fablicos ou privados.<br \/>PROJETO DE LEI DO SENADO Parecer &#8211; P.S 32\/2025 &#8211; CDH<br \/>N\u00ba 411, DE 2015) Parecer n\u00ba 32, de 2025, da Comiss\u00e3o de Direitos <br \/>Humanos e Legisla\u00e7\u00e3o Participativa, Relator: Senador <br \/>Senador Ciro Nogueira<br \/>Rom\u00e1rio, favor\u00e1vel ao projeto, com as Emendas n\u00bas 1 e <br \/>2, de reda\u00e7\u00e3o.<br \/>Mat\u00e9rias relacionadas: RQS 590\/2025.<br \/>PROJETOS DE LEI COMPLEMENTARORDEM DO DIA<br \/>sexta-feira, 8 de agosto de 2025<br \/>42<br \/>(total: 19)<br \/>Proposi\u00e7\u00e3o Ementa Informa\u00e7\u00f5es<br \/>(Autor\/N\u00ba Origem)<br \/>1 Exclui os espet\u00e1culos circenses da incid\u00eancia do Imposto  Discuss\u00e3o, em turno \u00fanico<br \/>Sobre Servi\u00e7os de Qualquer Natureza.<br \/>PROJETO DE LEI Textos:<br \/>COMPLEMENTAR N\u00ba 17, DE Pareceres: Avulso inicial da mat\u00e9ria &#8211; PLP n\u00ba <br \/>2019 17\/2019<br \/>&#8211; n\u00ba 25, de 2019, da Comiss\u00e3o de Educa\u00e7\u00e3o, Cultura e <br \/>Parecer &#8211; P.S 25\/2019 &#8211; CE<br \/>Esporte, Relator: Senador Izalci Lucas, favor\u00e1vel, com a <br \/>(n\u00ba 17 de 2019, no Senado <br \/>Parecer &#8211; P.S 39\/2023 &#8211; CAE<br \/>Emenda n\u00ba 1, de reda\u00e7\u00e3o; e<br \/>Federal)<br \/>&#8211; n\u00ba 39, de 2023, da Comiss\u00e3o de Assuntos Econ\u00f4micos, <br \/>Senador Alvaro Dias<br \/>Relator: Senador Esperidi\u00e3o Amin, Relator &#8220;ad hoc&#8221;: <br \/>Senador Efraim Filho, favor\u00e1vel ao Projeto e a Emenda 1-<br \/>CE, com a Emenda n\u00ba 2, que apresenta.<br \/>2 Regulamenta o par\u00e1grafo \u00fanico do art. 79 da  Discuss\u00e3o, em turno \u00fanico<br \/>Constitui\u00e7\u00e3o Federal, para dispor sobre as compet\u00eancias <br \/>PROJETO DE LEI Textos:<br \/>e atribui\u00e7\u00f5es do Vice-Presidente da Rep\u00fablica.<br \/>COMPLEMENTAR N\u00ba 21, DE Avulso inicial da mat\u00e9ria &#8211; PLP n\u00ba <br \/>2019 Pareceres da Comiss\u00e3o de Constitui\u00e7\u00e3o, Justi\u00e7a e  21\/2019<br \/>Cidadania, Relator: Senador Jorge Kajuru: Parecer &#8211; P.S 64\/2019 &#8211; CCJ<br \/>(n\u00ba 21 de 2019, no Senado <br \/>Parecer &#8211; P.S 63\/2023 &#8211; CCJ<br \/>&#8211; n\u00ba 64, de 2019, favor\u00e1vel ao projeto, \u00e0 Emenda n\u00ba 1 e <br \/>Federal)<br \/>com a Emenda n\u00ba 2, de reda\u00e7\u00e3o; e<br \/>Senador Veneziano Vital do <br \/>&#8211; n\u00ba 63, de 2023, pela rejei\u00e7\u00e3o da Emeda n\u00ba 3, de <br \/>R\u00eago<br \/>Plen\u00e1rio.<br \/>3 Altera a Lei Complementar n\u00ba 123, de 14 de dezembro de  Discuss\u00e3o, em turno \u00fanico<br \/>2006 a fim de incentivar a pesquisa e desenvolvimento <br \/>PROJETO DE LEI Textos:<br \/>da Nanotecnologia no Brasil.<br \/>COMPLEMENTAR N\u00ba 23, DE Avulso inicial da mat\u00e9ria &#8211; PLP n\u00ba <br \/>2019 Pareceres favor\u00e1veis, Relator: Senador Fernando Dueire: 23\/2019<br \/>Parecer &#8211; P.S 63\/2023 &#8211; CCT<br \/>&#8211; n\u00ba 63, de 2023, da Comiss\u00e3o de Ci\u00eancia, Tecnologia, <br \/>(n\u00ba 23 de 2019, no Senado <br \/>Parecer &#8211; P.S 77\/2024 &#8211; CAE<br \/>Inova\u00e7\u00e3o e Inform\u00e1tica; e<br \/>Federal)<br \/>Requerimento &#8211; REQ 109\/2024 &#8211; CAE<br \/>&#8211; n\u00ba 77, de 2024, da Comiss\u00e3o de Assuntos Econ\u00f4micos.<br \/>Senador Jorginho Mello<br \/>(Apresentado o Requerimento n\u00ba 109, de 2024, da <br \/>Comiss\u00e3o de Assuntos Econ\u00f4micos, que solicita urg\u00eancia <br \/>para a mat\u00e9ria, nos termos dos arts. 336, II, e 338, IV, do <br \/>RISF)<br \/>Mat\u00e9rias relacionadas: REQ 109\/2024 &#8211; CAE, RQS 852\/2023.<br \/>4 Altera a Lei Complementar n\u00ba 125, de 3 de janeiro de  Discuss\u00e3o, em turno \u00fanico<br \/>2007, e a Lei n\u00ba 7.827, de 27 de setembro de 1989, <br \/>PROJETO DE LEI Textos:<br \/>para incluir Munic\u00edpios do Estado de Tocantins na \u00e1rea <br \/>COMPLEMENTAR N\u00ba 61, DE Avulso inicial da mat\u00e9ria &#8211; PLP n\u00ba <br \/>de atua\u00e7\u00e3o da Superintend\u00eancia do Desenvolvimento do <br \/>2019 61\/2019<br \/>Nordeste (SUDENE) e na regi\u00e3o do Semi\u00e1rido.<br \/>Parecer &#8211; P.S 29\/2019 &#8211; CAE<br \/>(n\u00ba 61 de 2019, no Senado <br \/>Parecer favor\u00e1vel n\u00ba 29, de 2019, da Comiss\u00e3o de <br \/>Federal)<br \/>Assuntos Econ\u00f4micos, Relatora: Senadora K\u00e1tia Abreu.<br \/>Senador Eduardo Gomes<br \/>Mat\u00e9rias relacionadas: REQ 63\/2019 &#8211; CAE.<br \/>5 Altera a Lei Complementar n\u00ba 116, de 31 de julho de  Discuss\u00e3o, em turno \u00fanico<br \/>2003, para reconhecer a n\u00e3o incid\u00eancia do Imposto <br \/>PROJETO DE LEI Textos:<br \/>Sobre Servi\u00e7os de Qualquer Natureza sobre valores <br \/>COMPLEMENTAR N\u00ba 142, DE Avulso inicial da mat\u00e9ria &#8211; PLP n\u00ba <br \/>que as sociedades cooperativas de motoristas de taxi <br \/>2019 142\/2019<br \/>recebem dos passageiros e repassam aos taxistas, <br \/>Parecer &#8211; P.S 3\/2020 &#8211; CAE<br \/>(n\u00ba 142 de 2019, no Senado <br \/>autoriza aos Munic\u00edpios a concess\u00e3o de isen\u00e7\u00f5es, <br \/>Federal)<br \/>incentivos ou benef\u00edcios tribut\u00e1rios ou financeiros, <br \/>inclusive de redu\u00e7\u00e3o de base de c\u00e1lculo isen\u00e7\u00e3o <br \/>Senador Major OlimpioORDEM DO DIA<br \/>sexta-feira, 8 de agosto de 2025<br \/>43<br \/>Proposi\u00e7\u00e3o Ementa Informa\u00e7\u00f5es<br \/>(Autor\/N\u00ba Origem)<br \/>do Imposto Sobre Servi\u00e7os de Qualquer Natureza \u00e0s <br \/>cooperativas de motoristas de taxi.<br \/>Parecer n\u00ba 3, de 2020, da Comiss\u00e3o de Assuntos <br \/>Econ\u00f4micos, Relator: Senador Esperidi\u00e3o Amin, Relator <br \/>&#8220;ad hoc&#8221;: Senador Pl\u00ednio Val\u00e9rio, favor\u00e1vel ao projeto, <br \/>com as Emendas n\u00b0s 1 a 3.<br \/>Mat\u00e9rias relacionadas: REQ 3\/2020 &#8211; CAE.<br \/>6 Altera a Lei Complementar n\u00ba 116, de 31 de julho de  Discuss\u00e3o, em turno \u00fanico<br \/>2003, que disp\u00f5e sobre o Imposto Sobre Servi\u00e7os de <br \/>PROJETO DE LEI Textos:<br \/>Qualquer Natureza, de compet\u00eancia dos Munic\u00edpios e do <br \/>COMPLEMENTAR N\u00ba 155, DE Avulso inicial da mat\u00e9ria &#8211; PLP n\u00ba <br \/>Distrito Federal, e d\u00e1 outras provid\u00eancias, para permitir <br \/>2019 155\/2019<br \/>a incid\u00eancia do imposto nas situa\u00e7\u00f5es em que especifica.<br \/>Parecer &#8211; P.S 87\/2019 &#8211; CAE<br \/>(n\u00ba 155 de 2019, no Senado <br \/>Parecer favor\u00e1vel n\u00ba 87, de 2019, da Comiss\u00e3o de <br \/>Federal)<br \/>Assuntos Econ\u00f4micos, Relator: Senador Esperidi\u00e3o Amin.<br \/>Senador Eduardo Gomes<br \/>7 Altera a Lei Complementar n\u00ba 123, de 14 de dezembro de  Discuss\u00e3o, em turno \u00fanico<br \/>2006, para permitir a op\u00e7\u00e3o pelo Simples Nacional por <br \/>PROJETO DE LEI Textos:<br \/>pessoas jur\u00eddicas que realizem atividade de loca\u00e7\u00e3o de <br \/>COMPLEMENTAR N\u00ba 188, DE Avulso inicial da mat\u00e9ria &#8211; PLP n\u00ba <br \/>im\u00f3veis pr\u00f3prios.<br \/>2019 188\/2019<br \/>Parecer n\u00ba 76, de 2023, da Comiss\u00e3o de Assuntos  Parecer &#8211; P.S 76\/2023 &#8211; CAE<br \/>(n\u00ba 188 de 2019, no Senado <br \/>Econ\u00f4micos, Relator: Senador Wilder Morais, Relator &#8220;ad  Requerimento &#8211; RQS 819\/2023<br \/>Federal)<br \/>hoc&#8221;: Senador Izalci Lucas, favor\u00e1vel ao projeto, com as <br \/>Senador Iraj\u00e1<br \/>Emendas n\u00bas 1 e 2, que apresenta.<br \/>(Apresentado o Requerimento n\u00ba 819, de 2023, da <br \/>Senadora Zenaide Maia, que solicita o adiamento da <br \/>discuss\u00e3o para audi\u00eancia da Comiss\u00e3o de Constitui\u00e7\u00e3o, <br \/>Justi\u00e7a e Cidadania).<br \/>8 Altera a Lei Complementar n\u00ba 116, de 31 de julho  Discuss\u00e3o, em turno \u00fanico<br \/>de 2003, para permitir a incid\u00eancia do Imposto sobre <br \/>PROJETO DE LEI Textos:<br \/>Servi\u00e7os de Qualquer Natureza sobre a organiza\u00e7\u00e3o, <br \/>COMPLEMENTAR N\u00ba 202, DE Avulso inicial da mat\u00e9ria &#8211; PLP n\u00ba <br \/>administra\u00e7\u00e3o ou explora\u00e7\u00e3o de jogos eletr\u00f4nicos em <br \/>2019 202\/2019<br \/>qualquer modalidade, ainda que por meio da internet.<br \/>Parecer &#8211; P.S 5\/2022 &#8211; CAE<br \/>(n\u00ba 202 de 2019, no Senado <br \/>Parecer n\u00ba 5, de 2022, da Comiss\u00e3o de Assuntos <br \/>Federal)<br \/>Econ\u00f4micos, Relator: Senador Jaques Wagner, favor\u00e1vel <br \/>Senador Fl\u00e1vio Arns ao Projeto, com a Emenda n\u00ba 1, de reda\u00e7\u00e3o.<br \/>Mat\u00e9rias relacionadas: RQS 231\/2022.<br \/>9 Estabelece normas de finan\u00e7as p\u00fablicas voltadas para  Discuss\u00e3o, em turno \u00fanico<br \/>a responsabilidade na gest\u00e3o fiscal e d\u00e1 outras <br \/>PROJETO DE LEI Textos:<br \/>provid\u00eancias, para vedar o contingenciamento de <br \/>COMPLEMENTAR N\u00ba 212, DE Avulso inicial da mat\u00e9ria &#8211; PLP n\u00ba <br \/>recursos da seguridade social.<br \/>2019 212\/2019<br \/>Parecer favor\u00e1vel n\u00ba 1, de 2020, da Comiss\u00e3o de Assuntos  Parecer &#8211; P.S 1\/2020 &#8211; CAE<br \/>(n\u00ba 212 de 2019, no Senado <br \/>Econ\u00f4micos, Relator: Senador Wellington Fagundes.<br \/>Federal)<br \/>Senador Paulo PaimORDEM DO DIA<br \/>sexta-feira, 8 de agosto de 2025<br \/>44<br \/>Proposi\u00e7\u00e3o Ementa Informa\u00e7\u00f5es<br \/>(Autor\/N\u00ba Origem)<br \/>10 Altera o art. 61-A da Lei Complementar n\u00b0 123,  Discuss\u00e3o, em turno \u00fanico<br \/>de 14 de dezembro de 2006, para regular a <br \/>PROJETO DE LEI Textos:<br \/>remunera\u00e7\u00e3o do investidor-anjo e excetuar as hip\u00f3teses <br \/>COMPLEMENTAR N\u00ba 214, DE Avulso inicial da mat\u00e9ria &#8211; PLP n\u00ba <br \/>de responsabilidade solid\u00e1ria.<br \/>2019 214\/2019<br \/>Parecer favor\u00e1vel n\u00ba 2, de 2020, da Comiss\u00e3o de Assuntos  Parecer &#8211; P.S 2\/2020 &#8211; CAE<br \/>(n\u00ba 214 de 2019, no Senado <br \/>Econ\u00f4micos, Relator: Senador Marcos Rog\u00e9rio.<br \/>Federal)<br \/>Senador Fl\u00e1vio Bolsonaro<br \/>11 Altera a Lei Complementar n\u00ba 129, de 8 de janeiro  Discuss\u00e3o, em turno \u00fanico<br \/>de 2009, para ampliar a representa\u00e7\u00e3o empresarial no <br \/>PROJETO DE LEI Textos:<br \/>Conselho Deliberativo do Desenvolvimento do Centro-<br \/>COMPLEMENTAR N\u00ba 257, DE Avulso inicial da mat\u00e9ria &#8211; PLP n\u00ba <br \/>Oeste ? CONDEL\/SUDECO.<br \/>2020 257\/2020<br \/>Parecer favor\u00e1vel n\u00ba 17, de 2024, da Comiss\u00e3o de  Parecer &#8211; P.S 17\/2024 &#8211; CDR<br \/>(n\u00ba 257 de 2020, no Senado <br \/>Desenvolvimento Regional e Turismo, Relator: Senador <br \/>Federal)<br \/>Wilder Morais.<br \/>Senador Izalci Lucas<br \/>12 Altera a Lei Complementar n\u00b0 167, de 24 de abril de 2019  Discuss\u00e3o, em turno \u00fanico<br \/>que instituiu a Empresa Simples de Cr\u00e9dito.<br \/>PROJETO DE LEI Textos:<br \/>COMPLEMENTAR N\u00ba 202, DE Parecer n\u00ba 60, de 2024, da Comiss\u00e3o de Assuntos  Avulso inicial da mat\u00e9ria &#8211; PLP n\u00ba <br \/>2021 Econ\u00f4micos, Relator: Senador La\u00e9rcio Oliveira, favor\u00e1vel  202\/2021<br \/>ao projeto, com a Emenda n\u00ba 1 (Substitutivo), que  Parecer &#8211; P.S 60\/2024 &#8211; CAE<br \/>(n\u00ba 202 de 2021, no Senado <br \/>apresenta.<br \/>Federal)<br \/>Senador Jorginho Mello<br \/>13 Altera a Lei Complementar n\u00ba 101, de 4 de maio de  Discuss\u00e3o, em turno \u00fanico<br \/>2000, a Lei n\u00ba 8.727, de 5 de novembro de 1993, a <br \/>PROJETO DE LEI Textos:<br \/>Lei n\u00ba 9.496, de 11 de setembro de 1997, e a Medida <br \/>COMPLEMENTAR N\u00ba 35, DE Avulso inicial da mat\u00e9ria &#8211; PLP n\u00ba <br \/>Provis\u00f3ria n\u00ba 2.185-35, de 24 de agosto de 2001, para <br \/>2022 35\/2022<br \/>estabelecer a compensa\u00e7\u00e3o entre valores empregados <br \/>Parecer &#8211; P.S 21\/2023 &#8211; CAE<br \/>(n\u00ba 35 de 2022, no Senado na manuten\u00e7\u00e3o de bens de uso comum da Uni\u00e3o e as <br \/>Parecer &#8211; P.S 25\/2024 &#8211; CAE<br \/>Federal) d\u00edvidas refinanciadas dos entes subnacionais.<br \/>Requerimento &#8211; REQ 47\/2024 &#8211; CAE<br \/>Senador Esperidi\u00e3o Amin<br \/>Pareceres da Comiss\u00e3o de Assuntos Econ\u00f4micos:<br \/>&#8211; n\u00ba 21, de 2023, Relator: Senador Luis Carlos Heinze, <br \/>favor\u00e1vel ao projeto, na forma da Emenda n\u00ba 1 <br \/>(Substitutivo); e<br \/>&#8211; n\u00ba 25, de 2024, Relatora: Senadora Tereza Cristina, <br \/>favor\u00e1vel ao projeto e \u00e0s Emendas n\u00ba 1 (Substitutivo) e <br \/>n\u00ba 2, na forma da Subemenda.<br \/>(Apresentado Requerimento n\u00b0 47, de 2024, da Comiss\u00e3o <br \/>de Assuntos Econ\u00f4micos, que solicita urg\u00eancia para a <br \/>mat\u00e9ria, nos termos do art. 336, II, do Regimento Interno <br \/>do Senado Federal).<br \/>Mat\u00e9rias relacionadas: REQ 47\/2024 &#8211; CAE.<br \/>14 Define novos c\u00f3digos da Classifica\u00e7\u00e3o Nacional de  Discuss\u00e3o, em turno \u00fanico<br \/>Atividades Econ\u00f4micas (CNAE) para os servi\u00e7os que <br \/>PROJETO DE LEI Textos:<br \/>especifica; e altera a Lei Complementar n\u00ba 123, de 14 de <br \/>COMPLEMENTAR N\u00ba 49, DE Avulso inicial da mat\u00e9ria &#8211; PLP n\u00ba <br \/>dezembro de 2006.<br \/>2022 49\/2022<br \/>Parecer favor\u00e1vel n\u00ba 12, de 2024, da Comiss\u00e3o de  Parecer &#8211; P.S 12\/2024 &#8211; CAE<br \/>(n\u00ba 49 de 2022, na Casa de <br \/>Assuntos Econ\u00f4micos, Relatora: Senadora Damares  Requerimento &#8211; REQ 27\/2024 &#8211; CAE<br \/>origem)<br \/>Alves.<br \/>Deputada Celina Le\u00e3oORDEM DO DIA<br \/>sexta-feira, 8 de agosto de 2025<br \/>45<br \/>Proposi\u00e7\u00e3o Ementa Informa\u00e7\u00f5es<br \/>(Autor\/N\u00ba Origem)<br \/>(Apresentado o Requerimento n\u00ba 27, de 2024, da <br \/>Comiss\u00e3o de Assuntos Econ\u00f4micos, que solicita urg\u00eancia <br \/>para a mat\u00e9ria)<br \/>Mat\u00e9rias relacionadas: REQ 27\/2024 &#8211; CAE.<br \/>15 Altera a Lei Complementar n\u00ba 101, de 4 de maio de 2000,  Discuss\u00e3o, em turno \u00fanico<br \/>que estabelece normas de finan\u00e7as p\u00fablicas voltadas <br \/>PROJETO DE LEI Textos:<br \/>para a responsabilidade na gest\u00e3o fiscal e d\u00e1 outras <br \/>COMPLEMENTAR N\u00ba 77, DE Avulso inicial da mat\u00e9ria &#8211; PLP n\u00ba <br \/>provid\u00eancias; e a Lei n\u00ba 9.998, de 17 de agosto de 2000, <br \/>2022 77\/2022<br \/>que institui o Fundo de Universaliza\u00e7\u00e3o dos Servi\u00e7os de <br \/>Parecer &#8211; P.S 34\/2023 &#8211; CAE<br \/>(n\u00ba 77 de 2022, no Senado <br \/>Telecomunica\u00e7\u00f5es, para vedar o contingenciamento de <br \/>Parecer &#8211; P.S 73\/2023 &#8211; CCDD<br \/>Federal)<br \/>recursos destinados \u00e0 execu\u00e7\u00e3o de programas, projetos, <br \/>Requerimento &#8211; REQ 51\/2023 &#8211; CAE<br \/>planos, atividades, iniciativas e a\u00e7\u00f5es aprovados por seu <br \/>Senadora Daniella Ribeiro<br \/>Requerimento &#8211; REQ 24\/2023 &#8211; CCDD<br \/>Conselho Gestor.<br \/>Pareceres:<br \/>&#8211; n\u00ba 34, de 2023, da Comiss\u00e3o de Assuntos Econ\u00f4micos, <br \/>Relator: Senador Eduardo Gomes, favor\u00e1vel ao projeto <br \/>com a Emenda n\u00ba 1, de reda\u00e7\u00e3o; e<br \/>&#8211; n\u00ba 73, de 2023, da Comiss\u00e3o de Comunica\u00e7\u00e3o e Direito <br \/>Digital, Relator: Senador Astronauta Marcos Pontes, <br \/>Relator &#8220;ad hoc&#8221;: Senador Hamilton Mour\u00e3o, favor\u00e1vel <br \/>ao projeto e \u00e0 Emenda n\u00ba 1, de reda\u00e7\u00e3o.<br \/>(Apresentados os Requerimentos n\u00bas 24, de 2023, <br \/>da Comiss\u00e3o de Comunica\u00e7\u00e3o e Direito Digital; e 51, <br \/>de 2023, da Comiss\u00e3o de Assuntos Econ\u00f4micos; que <br \/>solicitam urg\u00eancia para a mat\u00e9ria, nos termos dos arts. <br \/>336, II, e 338, IV, do RISF)<br \/>Mat\u00e9rias relacionadas: REQ 24\/2023 &#8211; CCDD, REQ 51\/2023 &#8211; CAE.<br \/>16 Estabelece normas gerais relativas a direitos, garantias e  Discuss\u00e3o, em turno \u00fanico<br \/>deveres dos contribuintes.<br \/>PROJETO DE LEI Textos:<br \/>COMPLEMENTAR N\u00ba 125, DE Pareceres do Relator Senador Efraim Filho: Avulso inicial da mat\u00e9ria &#8211; PLP n\u00ba <br \/>2022 125\/2022<br \/>&#8211; n\u00ba 5, de 2024, da Comiss\u00e3o Tempor\u00e1ria para exame <br \/>Parecer &#8211; P.S 5\/2024 &#8211; CTIADMTR<br \/>de projetos de reforma dos Processos Administrativo e <br \/>(n\u00ba 125 de 2022, no Senado <br \/>Relat\u00f3rio Legislativo &#8211; PLP n\u00ba 125\/2022<br \/>Tribut\u00e1rio Nacional, favor\u00e1vel ao projeto e parcialmente <br \/>Federal)<br \/>favor\u00e1vel \u00e0 Emenda n\u00ba 2, na forma da Emenda n\u00ba 6 <br \/>Senador Rodrigo Pacheco<br \/>(Substitutivo), e contr\u00e1rio \u00e0s demais emendas; e<br \/>&#8211; n\u00ba 246, de 2024, de Plen\u00e1rio, pelo acolhimento <br \/>das Emendas n\u00bas 18, 20, 31 e 34, pelo acolhimento <br \/>parcial das Emendas n\u00bas 23 e 33 e pela rejei\u00e7\u00e3o das <br \/>demais emendas de plen\u00e1rio, na forma da Subemenda <br \/>Substitutiva que apresenta.<br \/>Mat\u00e9rias relacionadas: RQS 459\/2024, RQS 463\/2024, RQS <br \/>467\/2024, RQS 862\/2024.<br \/>17 Altera a Lei Complementar n\u00ba 101, de 4 de maio de  Discuss\u00e3o, em turno \u00fanico<br \/>2000 (Lei de Responsabilidade Fiscal &#8211; LRF), para vedar <br \/>PROJETO DE LEI Textos:<br \/>a limita\u00e7\u00e3o de empenho e movimenta\u00e7\u00e3o financeira <br \/>COMPLEMENTAR N\u00ba 91, DE Avulso inicial da mat\u00e9ria &#8211; PLP n\u00ba <br \/>das despesas relativas a a\u00e7\u00f5es relacionadas \u00e0 defesa <br \/>2023 91\/2023<br \/>agropecu\u00e1ria.<br \/>Parecer &#8211; P.S 7\/2023 &#8211; CRA<br \/>(n\u00ba 91 de 2023, no Senado <br \/>Pareceres favor\u00e1veis: Parecer &#8211; P.S 137\/2023 &#8211; CAE<br \/>Federal)<br \/>&#8211; n\u00ba 7, de 2023, da Comiss\u00e3o de Agricultura e Reforma <br \/>Senadora Tereza Cristina<br \/>Agr\u00e1ria, Relator: Senador Izalci Lucas; eORDEM DO DIA<br \/>sexta-feira, 8 de agosto de 2025<br \/>46<br \/>Proposi\u00e7\u00e3o Ementa Informa\u00e7\u00f5es<br \/>(Autor\/N\u00ba Origem)<br \/>&#8211; n\u00ba 137, de 2023, da Comiss\u00e3o de Assuntos Econ\u00f4micos, <br \/>Relator: Senador Ciro Nogueira.<br \/>18 Altera a Lei Complementar n\u00ba 64, de 18 de maio de 1990,  Vota\u00e7\u00e3o, em turno \u00fanico<br \/>e a Lei n\u00ba 9.504, de 30 de setembro de 1997 (Lei das <br \/>PROJETO DE LEI Textos:<br \/>Elei\u00e7\u00f5es).<br \/>COMPLEMENTAR N\u00ba 192, DE Avulso inicial da mat\u00e9ria &#8211; PLP n\u00ba <br \/>2023 Pareceres do Relator Senador Weverton: 192\/2023<br \/>Parecer &#8211; P.S 76\/2024 &#8211; CCJ<br \/>&#8211; n\u00b0 76, de 2024, da Comiss\u00e3o de Constitui\u00e7\u00e3o, Justi\u00e7a e <br \/>(n\u00ba 192 de 2023, na Casa de <br \/>Parecer &#8211; P.S 147\/2024 &#8211; PLEN<br \/>Cidadania, favor\u00e1vel ao projeto, com as Emendas n\u00bas 13 <br \/>origem)<br \/>e 14, de reda\u00e7\u00e3o, e pela rejei\u00e7\u00e3o das Emendas n\u00bas 1 a 12.<br \/>Deputada Dani Cunha<br \/>&#8211; n\u00ba 147, de 2024, de Plen\u00e1rio, contr\u00e1rio \u00e0s Emendas n\u00bas <br \/>15 a 22.<br \/>Mat\u00e9rias relacionadas: REQ 18\/2024 &#8211; CCJ, RQS 182\/2025, RQS <br \/>184\/2025, RQS 186\/2025, RQS 187\/2025, RQS 189\/2025, RQS <br \/>619\/2024, RQS 620\/2024.<br \/>19 Veda a concess\u00e3o de cr\u00e9dito, por institui\u00e7\u00e3o financeira  Primeira sess\u00e3o de discuss\u00e3o, <br \/>p\u00fablica, a pessoa jur\u00eddica cujo s\u00f3cio administrador, s\u00f3cio  em primeiro turno<br \/>PROJETO DE LEI <br \/>majorit\u00e1rio ou s\u00f3cio controlador tenha sido condenado, <br \/>COMPLEMENTAR N\u00ba 258, DE Textos:<br \/>em decis\u00e3o transitada em julgado ou proferida por \u00f3rg\u00e3o <br \/>2023 Avulso inicial da mat\u00e9ria &#8211; PLP n\u00ba <br \/>judicial colegiado, por ato antidemocr\u00e1tico, e veda a sua <br \/>258\/2023<br \/>(n\u00ba 258 de 2023, no Senado <br \/>participa\u00e7\u00e3o em licita\u00e7\u00f5es ou de execu\u00e7\u00e3o de contratos.<br \/>Federal)<br \/>Mat\u00e9rias relacionadas: RQN 1\/2023.<br \/>Comiss\u00e3o Parlamentar Mista <br \/>de Inqu\u00e9rito dos Atos de 8 de <br \/>Janeiro de 2023<br \/>PROJETOS DE LEI DA C\u00c2MARA<br \/>(total: 6)<br \/>Proposi\u00e7\u00e3o Ementa Informa\u00e7\u00f5es<br \/>(Autor\/N\u00ba Origem)<br \/>1 Altera a Lei n\u00ba 11.105, de 24 de mar\u00e7o de 2005. Discuss\u00e3o, em turno \u00fanico<br \/>PROJETO DE LEI DA C\u00c2MARA Pareceres: Textos:<br \/>N\u00ba 34, DE 2015 Avulso inicial da mat\u00e9ria &#8211; PLC n\u00ba <br \/>&#8211; n\u00ba 212, de 2023, da Comiss\u00e3o de Ci\u00eancia, Tecnologia, <br \/>34\/2015<br \/>Inova\u00e7\u00e3o e Inform\u00e1tica &#8211; PLEN (republica\u00e7\u00e3o), Relator: <br \/>(n\u00ba 4148 de 2008, na Casa de <br \/>Parecer &#8211; P.S 4\/2017 &#8211; CRA<br \/>Senador Randolfe Rodrigues, pela rejei\u00e7\u00e3o do projeto;<br \/>origem)<br \/>Parecer &#8211; P.S 4\/2018 &#8211; CMA<br \/>&#8211; n\u00ba 4, de 2017, da Comiss\u00e3o de Agricultura e Reforma <br \/>Deputado Luis Carlos Heinze Parecer &#8211; P.S 15\/2018 &#8211; CAS<br \/>Agr\u00e1ria, Relator: Senador Cidinho Santos, favor\u00e1vel ao <br \/>Parecer &#8211; P.S 212\/2023 &#8211; CCT\/PLEN-SF<br \/>projeto, com a Emenda n\u00ba 1, de reda\u00e7\u00e3o;<br \/>Parecer &#8211; P.S 16\/2019 &#8211; CTFC<br \/>&#8211; n\u00ba 15, de 2018, da Comiss\u00e3o de Assuntos Sociais, <br \/>Relatora: Senadora Vanessa Grazziotin, pela rejei\u00e7\u00e3o do <br \/>projeto;<br \/>&#8211; n\u00ba 4, de 2018, da Comiss\u00e3o de Meio Ambiente, Relator: <br \/>Senador Cidinho Santos, favor\u00e1vel ao projeto, com a <br \/>Emenda n\u00ba 1, de reda\u00e7\u00e3o; e<br \/>&#8211; n\u00ba 16, de 2019, da Comiss\u00e3o de Transpar\u00eancia, <br \/>Governan\u00e7a, Fiscaliza\u00e7\u00e3o e Controle, Relator: Senador <br \/>Randolfe Rodrigues, pela rejei\u00e7\u00e3o do projeto.ORDEM DO DIA<br \/>sexta-feira, 8 de agosto de 2025<br \/>47<br \/>Proposi\u00e7\u00e3o Ementa Informa\u00e7\u00f5es<br \/>(Autor\/N\u00ba Origem)<br \/>(Apresentado o Requerimento n\u00ba 719, de 2024, da <br \/>Senadora Rosana Martinelli, que solicita oitiva da <br \/>Comiss\u00e3o de Assuntos Econ\u00f4micos)<br \/>Mat\u00e9rias relacionadas: RCT 27\/2015, RMA 56\/2015, RMA <br \/>60\/2015, RQS 1033\/2019, RQS 1174\/2015, RQS 224\/2018, RQS <br \/>225\/2018, RQS 226\/2018, RQS 264\/2023, RQS 548\/2015, RQS <br \/>719\/2024, RRA 51\/2016, RRA 56\/2016.<br \/>2 Altera a Lei n\u00ba 9.503, de 23 de setembro de 1997,  Discuss\u00e3o, em turno \u00fanico<br \/>que institui o C\u00f3digo de Tr\u00e2nsito Brasileiro, para tornar <br \/>PROJETO DE LEI DA C\u00c2MARA Textos:<br \/>obrigat\u00f3rio o teste de impacto nos dispositivos de <br \/>N\u00ba 46, DE 2017 Avulso inicial da mat\u00e9ria &#8211; PLC n\u00ba <br \/>reten\u00e7\u00e3o para o transporte de crian\u00e7as em ve\u00edculos.<br \/>46\/2017<br \/>(n\u00ba 1729 de 2015, na Casa de <br \/>Pareceres favor\u00e1veis: Parecer &#8211; P.S 47\/2018 &#8211; CCJ<br \/>origem)<br \/>Parecer &#8211; P.S 67\/2019 &#8211; CAS<br \/>&#8211; n\u00ba 47, de 2018, da Comiss\u00e3o de Constitui\u00e7\u00e3o, Justi\u00e7a e <br \/>Deputado S\u00f3stenes Cavalcante<br \/>Cidadania, Relatora: Senadora Simone Tebet; e<br \/>&#8211; n\u00ba 67, de 2019, da Comiss\u00e3o de Assuntos Sociais, <br \/>Relator: Senador Mecias de Jesus (em audi\u00eancia, nos <br \/>termos do Requerimento n\u00ba 367, de 2018).<br \/>Mat\u00e9rias relacionadas: RQS 273\/2023, RQS 367\/2018.<br \/>3 Altera a Lei n\u00ba 9.503, de 23 de setembro de 1997  Discuss\u00e3o, em turno \u00fanico<br \/>(C\u00f3digo de Tr\u00e2nsito Brasileiro), para incluir entre os <br \/>PROJETO DE LEI DA C\u00c2MARA Textos:<br \/>equipamentos obrigat\u00f3rios dos ve\u00edculos extintor de <br \/>N\u00ba 159, DE 2017 Avulso inicial da mat\u00e9ria &#8211; PLC n\u00ba <br \/>inc\u00eandio com carga de p\u00f3 ABC.<br \/>159\/2017<br \/>(n\u00ba 3404 de 2015, na Casa de <br \/>Pareceres: Parecer &#8211; P.S 28\/2019 &#8211; CAE<br \/>origem)<br \/>Parecer &#8211; P.S 5\/2024 &#8211; CTFC<br \/>&#8211; n\u00ba 28, de 2019, da Comiss\u00e3o de Assuntos Econ\u00f4micos, <br \/>Deputado Moses Rodrigues<br \/>Relator: Senador Styvenson Valentim, contr\u00e1rio ao <br \/>projeto; e<br \/>&#8211; n\u00ba 5, de 2024, da Comiss\u00e3o de Transpar\u00eancia, <br \/>Governan\u00e7a, Fiscaliza\u00e7\u00e3o e Controle e Defesa do <br \/>Consumidor, Relator: Senador Eduardo Braga, favor\u00e1vel <br \/>ao projeto, com a Emenda n\u00ba 1, de reda\u00e7\u00e3o.<br \/>(Apresentados os Requerimentos n\u00bas 33, de 2023, da <br \/>Comiss\u00e3o de Transpar\u00eancia, Governan\u00e7a, Fiscaliza\u00e7\u00e3o <br \/>e Controle e Defesa do Consumidor, que solicita <br \/>urg\u00eancia para a mat\u00e9ria, nos termos dos arts. 336, <br \/>II, e 338, IV, do RISF; e 80 de 2025, do Senador <br \/>Cleitinho e outros senadores, que solicita o adiamento <br \/>da vota\u00e7\u00e3o da mat\u00e9ria para reexame pela Comiss\u00e3o <br \/>de Transpar\u00eancia, Governan\u00e7a, Fiscaliza\u00e7\u00e3o e Controle e <br \/>Defesa do Consumidor).<br \/>Mat\u00e9rias relacionadas: REQ 33\/2024 &#8211; CTFC, RQS 1050\/2017, RQS <br \/>24\/2018, RQS 267\/2023, RQS 80\/2025.<br \/>4 Disp\u00f5e sobre a regulamenta\u00e7\u00e3o da profiss\u00e3o de  Discuss\u00e3o, em turno \u00fanico<br \/>marinheiro profissional de esporte e recreio.<br \/>PROJETO DE LEI DA C\u00c2MARA Textos:<br \/>N\u00ba 25, DE 2018 Parecer favor\u00e1vel n\u00ba 73, de 2019, da Comiss\u00e3o de  Avulso inicial da mat\u00e9ria &#8211; PLC n\u00ba <br \/>Assuntos Sociais, Relatora: Senadora Leila Barros. 25\/2018<br \/>(n\u00ba 5812 de 2013, na Casa de <br \/>Parecer &#8211; P.S 73\/2019 &#8211; CAS<br \/>origem) Mat\u00e9rias relacionadas: RQS 287\/2023.<br \/>Deputado Fernando Jord\u00e3oORDEM DO DIA<br \/>sexta-feira, 8 de agosto de 2025<br \/>48<br \/>Proposi\u00e7\u00e3o Ementa Informa\u00e7\u00f5es<br \/>(Autor\/N\u00ba Origem)<br \/>5 Disp\u00f5e sobre a pr\u00e1tica do naturismo. Discuss\u00e3o, em turno \u00fanico<br \/>PROJETO DE LEI DA C\u00c2MARA Pareceres: Textos:<br \/>N\u00ba 64, DE 2018 Avulso inicial da mat\u00e9ria &#8211; PLC n\u00ba <br \/>&#8211; n\u00ba 17, de 2019, da Comiss\u00e3o de Desenvolvimento <br \/>64\/2018<br \/>Regional e Turismo, Relator: Senador Veneziano Vital do <br \/>(n\u00ba 7204 de 2017, na Casa de <br \/>Parecer &#8211; P.S 17\/2019 &#8211; CDR<br \/>R\u00eago, favor\u00e1vel ao projeto, com as Emendas n\u00bas 1 a 3, <br \/>origem)<br \/>Parecer &#8211; P.S 120\/2019 &#8211; CCJ<br \/>que apresenta; e<br \/>Deputada Laura Carneiro<br \/>&#8211; n\u00ba 120, de 2019, da Constitui\u00e7\u00e3o, Justi\u00e7a e Cidadania, <br \/>Relator: Senador Veneziano Vital do R\u00eago, favor\u00e1vel ao <br \/>projeto e \u00e0s Emendas n\u00bas 1 a 3.<br \/>6 Institui o Dia Nacional do Movimento de Vida  Discuss\u00e3o, em turno \u00fanico<br \/>Independente.<br \/>PROJETO DE LEI DA C\u00c2MARA Textos:<br \/>N\u00ba 82, DE 2018 Pareceres favor\u00e1veis: Avulso inicial da mat\u00e9ria &#8211; PLC n\u00ba <br \/>82\/2018<br \/>&#8211; n\u00ba 50, de 2019, da Comiss\u00e3o de Direitos Humanos <br \/>(n\u00ba 4527 de 2008, na Casa de <br \/>Parecer &#8211; P.S 50\/2019 &#8211; CDH<br \/>e Legisla\u00e7\u00e3o Participativa, Relatora: Senadora Mara <br \/>origem)<br \/>Parecer &#8211; P.S 9\/2024 &#8211; CE<br \/>Gabrilli; e<br \/>Deputado Otavio Leite<br \/>&#8211; n\u00ba 9, de 2024, da Comiss\u00e3o de Educa\u00e7\u00e3o e Cultura, <br \/>Relator: Senador Izalci Lucas.<br \/>PROJETOS DE LEI DO SENADO<br \/>(total: 12)<br \/>Proposi\u00e7\u00e3o Ementa Informa\u00e7\u00f5es<br \/>(Autor\/N\u00ba Origem)<br \/>1 Institui a Pol\u00edtica Nacional do Livro e regula\u00e7\u00e3o de pre\u00e7os. Discuss\u00e3o, em turno \u00fanico<br \/>PROJETO DE LEI DO SENADO Pareceres: (Inclu\u00eddo em Ordem do Dia, <br \/>N\u00ba 49, DE 2015 nos termos do Recurso n\u00ba 14, <br \/>&#8211; n\u00ba 90, de 2017, da Comiss\u00e3o de Constitui\u00e7\u00e3o, Justi\u00e7a e <br \/>de 2024).<br \/>Cidadania, Relator: Senador Lindbergh Farias, favor\u00e1vel <br \/>Senadora F\u00e1tima Bezerra<br \/>ao projeto com as Emendas n\u00bas 1 a 16;<br \/>Textos:<br \/>&#8211; n\u00ba 63, de 2022, da Comiss\u00e3o de Assuntos Econ\u00f4micos, <br \/>Avulso inicial da mat\u00e9ria &#8211; PLS n\u00ba <br \/>Relator: Senador Jean Paul Prates, favor\u00e1vel ao projeto <br \/>49\/2015<br \/>e \u00e0s Emendas n\u00bas 1 a 8, 10, 11, 13, 15 e 16, com a <br \/>Parecer &#8211; P.S 90\/2017 &#8211; CCJ<br \/>apresenta\u00e7\u00e3o das Emendas n\u00bas 17 a 21, e pela rejei\u00e7\u00e3o <br \/>Parecer &#8211; P.S 63\/2022 &#8211; CAE<br \/>das Emendas n\u00bas 9, 12 e 14; e<br \/>Parecer &#8211; P.S 120\/2024 &#8211; CE<br \/>&#8211; n\u00ba 120, de 2024, da Comiss\u00e3o de Educa\u00e7\u00e3o e Cultura, <br \/>Recurso &#8211; R.S 14\/2024<br \/>Relatora: Senadora Teresa Leit\u00e3o, favor\u00e1vel ao projeto e <br \/>\u00e0s Emendas n\u00bas 1 a 8, 10, 11, 13, 15 e 16-CCJ, \u00e0s Emendas <br \/>n\u00bas 17 a 20-CAE, pela rejei\u00e7\u00e3o das Emendas n\u00bas 9, 12 e <br \/>14-CCJ, 21-CAE e 23-CE, nos termos da Emenda n\u00ba 24-CE <br \/>(Substitutivo), que apresenta.<br \/>Mat\u00e9rias relacionadas: R.S 13\/2024, R.S 14\/2024, RCE 41\/2015,<br \/>REQ 91\/2024 &#8211; CE, RQS 274\/2023.<br \/>2 Altera os incisos V, VI e VII do art. 20 da Lei  Discuss\u00e3o, em turno \u00fanico<br \/>n\u00ba 8.036, de 11 de maio de 1990, para reduzir o <br \/>PROJETO DE LEI DO SENADO (Inclu\u00eddo em Ordem do Dia, <br \/>prazo de car\u00eancia para utiliza\u00e7\u00e3o da conta vinculada <br \/>N\u00ba 359, DE 2015 nos termos do Recurso n\u00ba 4, de <br \/>do FGTS para fins de aquisi\u00e7\u00e3o de moradia pr\u00f3pria <br \/>2019)<br \/>Senador Paulo Paim e amortiza\u00e7\u00e3o e pagamento de presta\u00e7\u00f5es de <br \/>financiamentos habitacionais.<br \/>Pareceres favor\u00e1veis:ORDEM DO DIA<br \/>sexta-feira, 8 de agosto de 2025<br \/>49<br \/>Proposi\u00e7\u00e3o Ementa Informa\u00e7\u00f5es<br \/>(Autor\/N\u00ba Origem)<br \/>&#8211; n\u00ba 206, de 2018, da Comiss\u00e3o de Assuntos Econ\u00f4mico, <br \/>Textos:<br \/>Relatora: Senadora Marta Suplicy, favor\u00e1vel ao projeto <br \/>Avulso inicial da mat\u00e9ria &#8211; PLS n\u00ba <br \/>com a Emenda n\u00ba 1, que apresenta; e<br \/>359\/2015<br \/>&#8211; n\u00ba 11, de 2019, da Comiss\u00e3o de Assuntos Sociais, <br \/>Parecer &#8211; P.S 206\/2018 &#8211; CAE\/PLEN-SF<br \/>Relator: Senador Jayme Campos, favor\u00e1vel ao projeto e <br \/>Parecer &#8211; P.S 11\/2019 &#8211; CAS<br \/>contr\u00e1rio \u00e0 Emenda n\u00ba 1.<br \/>Recurso &#8211; R.S 4\/2019<br \/>Mat\u00e9rias relacionadas: RQS 549\/2019, RQS 764\/2016, RQS <br \/>98\/2023.<br \/>3 Altera a Lei Complementar n\u00ba 129, de 8 de janeiro  Discuss\u00e3o, em turno \u00fanico<br \/>de 2009, para mudar a destina\u00e7\u00e3o de recursos \u00e0 <br \/>PROJETO DE LEI DO Textos:<br \/>Superintend\u00eancia do Desenvolvimento do Centro-Oeste <br \/>SENADO N\u00ba 668, DE 2015 &#8211; Avulso inicial da mat\u00e9ria &#8211; PLS n\u00ba <br \/>(SUDECO) e as fontes de recursos do Fundo de <br \/>COMPLEMENTAR 668\/2015<br \/>Desenvolvimento do Centro-Oeste (FDCO).<br \/>Parecer &#8211; P.S 95\/2018 &#8211; CDR\/PLEN-SF<br \/>Senador Wellington Fagundes<br \/>Pareceres: Parecer &#8211; P.S 33\/2018 &#8211; CAE<br \/>&#8211; n\u00ba 95, de 2018 da Comiss\u00e3o de Desenvolvimento <br \/>Regional e Turismo-PLEN (republica\u00e7\u00e3o), Relator: <br \/>Senador Jos\u00e9 Medeiros, favor\u00e1vel ao projeto; e<br \/>&#8211; n\u00ba 33, de 2018, da Comiss\u00e3o de Assuntos Econ\u00f4micos, <br \/>Relator: Senador Pedro Chaves, Relator &#8220;ad hoc&#8221;: <br \/>Senador Dalirio Beber, pela rejei\u00e7\u00e3o do projeto.<br \/>4 Altera a destina\u00e7\u00e3o dos royalties do petr\u00f3leo de forma  Discuss\u00e3o, em turno \u00fanico<br \/>a privilegiar a educa\u00e7\u00e3o p\u00fablica b\u00e1sica e o ensino <br \/>PROJETO DE LEI DO SENADO Textos:<br \/>profissional.<br \/>N\u00ba 747, DE 2015 Avulso inicial da mat\u00e9ria &#8211; PLS n\u00ba <br \/>Pareceres: 747\/2015<br \/>Comiss\u00e3o de Direitos Humanos <br \/>Avulso de parecer &#8211; PLS n\u00ba 747\/2015<br \/>&#8211; n\u00ba 203, de 2017, da Comiss\u00e3o de Educa\u00e7\u00e3o, Cultura e <br \/>e Legisla\u00e7\u00e3o Participativa<br \/>Parecer &#8211; P.S 114\/2017 &#8211; CAE<br \/>Esporte-PLEN (republica\u00e7\u00e3o), Relator: Senador Rom\u00e1rio, <br \/>favor\u00e1vel ao projeto, com a Emenda n\u00ba 2; e<br \/>&#8211; n\u00ba 114, de 2017, da Comiss\u00e3o de Assuntos Econ\u00f4micos, <br \/>Relator: Senador Cristovam Buarque, favor\u00e1vel ao <br \/>projeto, nos termos da Emenda n\u00ba 3 (Substitutivo), que <br \/>apresenta.<br \/>Mat\u00e9rias relacionadas: RQE 151\/2017, RQS 254\/2023, SUG <br \/>5\/2013.<br \/>5 Altera a Lei n\u00ba 9.394, de 20 de dezembro de 1996, que  Discuss\u00e3o, em turno \u00fanico<br \/>estabelece as diretrizes e bases da educa\u00e7\u00e3o nacional, <br \/>PROJETO DE LEI DO SENADO Textos:<br \/>para prever provas pr\u00e1ticas nos processos seletivos de <br \/>N\u00ba 76, DE 2016 Avulso inicial da mat\u00e9ria &#8211; PLS n\u00ba <br \/>professores da educa\u00e7\u00e3o b\u00e1sica p\u00fablica e promover a <br \/>76\/2016<br \/>Comiss\u00e3o de Direitos Humanos cria\u00e7\u00e3o de incentivos \u00e0 perman\u00eancia dos professores na <br \/>Parecer &#8211; P.S 53\/2017 &#8211; CE<br \/>e Legisla\u00e7\u00e3o Participativa mesma escola ao longo da carreira.<br \/>Parecer n\u00ba 53, de 2017, da Comiss\u00e3o de Educa\u00e7\u00e3o, <br \/>Cultura e Esporte, Relator: Senador Pedro Chaves, <br \/>favor\u00e1vel, nos termos da Emenda n\u00ba 1 (Substitutivo), que <br \/>apresenta.<br \/>Mat\u00e9rias relacionadas: RQS 254\/2023, SUG 4\/2013.ORDEM DO DIA<br \/>sexta-feira, 8 de agosto de 2025<br \/>50<br \/>Proposi\u00e7\u00e3o Ementa Informa\u00e7\u00f5es<br \/>(Autor\/N\u00ba Origem)<br \/>6 Disp\u00f5e sobre a aposentadoria especial dos guardas  Discuss\u00e3o, em turno \u00fanico<br \/>municipais e dos agentes das autoridades de tr\u00e2nsito <br \/>PROJETO DE LEI DO Textos:<br \/>segurados do regime geral de previd\u00eancia social.<br \/>SENADO N\u00ba 214, DE 2016 &#8211; Avulso inicial da mat\u00e9ria &#8211; PLS n\u00ba <br \/>COMPLEMENTAR Parecer n\u00ba 40, de 2022, da Comiss\u00e3o de Assuntos Sociais,  214\/2016<br \/>Relator: Senador Alessandro Vieira, Relator &#8220;ad hoc&#8221;:  Parecer &#8211; P.S 40\/2022 &#8211; CAS<br \/>Senador Paulo Paim<br \/>Senador Veneziano Vital do R\u00eago, favor\u00e1vel ao projeto.<br \/>Mat\u00e9rias relacionadas: RQS 98\/2023.<br \/>7 Institui o C\u00f3digo Brasileiro de Aeron\u00e1utica. Discuss\u00e3o, em turno \u00fanico<br \/>PROJETO DE LEI DO SENADO Parecer n\u00ba 1, de 2018, da Comiss\u00e3o Especial destinada  Textos:<br \/>N\u00ba 258, DE 2016 a examinar a mat\u00e9ria, Relator-Geral: Senador Jos\u00e9  Avulso inicial da mat\u00e9ria &#8211; PLS n\u00ba <br \/>Maranh\u00e3o, favor\u00e1vel ao Projeto, pelo acolhimento total  258\/2016<br \/>Comiss\u00e3o Diretora do Senado <br \/>ou parcial de algumas emendas nos termos da Emenda  Parecer &#8211; P.S 1\/2018 &#8211; CEAERO<br \/>Federal<br \/>n\u00ba 351-CEAERO (Substitutivo), que oferece, e pela  Requerimento &#8211; RQS 898\/2023<br \/>prejudicialidade ou rejei\u00e7\u00e3o das demais emendas.<br \/>(Apresentado o Requerimento n\u00ba 898, de 2023, do <br \/>Senador \u00c2ngelo Coronel, que solicita a tramita\u00e7\u00e3o <br \/>conjunta do PLS n\u00ba 258\/2016 com o PL n\u00ba 4.567\/2023).<br \/>Mat\u00e9rias relacionadas: RQS 1254\/2021, RQS 180\/2017, RQS <br \/>1947\/2021, RQS 633\/2016, RQS 731A\/2016, RQS 823\/2016, RQS <br \/>824\/2016, RQS 898\/2023.<br \/>8 Altera a Lei n\u00ba 13.146, de 6 de julho de 2015, que institui  Discuss\u00e3o, em turno \u00fanico<br \/>a Lei Brasileira de Inclus\u00e3o da Pessoa com Defici\u00eancia <br \/>PROJETO DE LEI DO SENADO (Inclu\u00eddo em Ordem do Dia, <br \/>(Estatuto da Pessoa com Defici\u00eancia), para determinar <br \/>N\u00ba 279, DE 2016 nos termos do Recurso n\u00ba 4, de <br \/>que projetos e tipologias construtivas adotados em <br \/>2021)<br \/>Senador Rom\u00e1rio<br \/>programas habitacionais p\u00fablicos ou subsidiados com <br \/>Textos:<br \/>recursos p\u00fablicos considerem os princ\u00edpios do desenho <br \/>Avulso inicial da mat\u00e9ria &#8211; PLS n\u00ba <br \/>universal.<br \/>279\/2016<br \/>Pareceres favor\u00e1veis:<br \/>Parecer &#8211; P.S 74\/2018 &#8211; CDH<br \/>&#8211; n\u00ba 74, de 2018, da Comiss\u00e3o de Direitos Humanos <br \/>Parecer &#8211; P.S 11\/2021 &#8211; CI<br \/>e Legisla\u00e7\u00e3o Participativa, Relator: Senador H\u00e9lio Jos\u00e9, <br \/>Recurso &#8211; R.S 4\/2021<br \/>Relator &#8220;ad hoc&#8221;: Senador Paulo Paim; e<br \/>&#8211; n\u00ba 11, de 2021, da Comiss\u00e3o de Servi\u00e7os de <br \/>Infraestrutura, Relator: Senador Weverton.<br \/>9 Altera a Lei n\u00ba 9.096, de 19 de setembro de 1995, que  Discuss\u00e3o, em turno \u00fanico<br \/>disp\u00f5e sobre partidos pol\u00edticos, regulamenta os arts. 14, <br \/>PROJETO DE LEI DO SENADO (Inclu\u00eddo em Ordem do Dia, <br \/>\u00a7 3\u00ba, inciso V e 17, da Constitui\u00e7\u00e3o Federal, a fim de <br \/>N\u00ba 429, DE 2017 nos termos do Recurso n\u00ba 2, de <br \/>aplicar aos partidos pol\u00edticos as normas sobre programa <br \/>2019)<br \/>Senador Antonio Anastasia<br \/>de integridade.<br \/>Textos:<br \/>Pareceres da Comiss\u00e3o de Constitui\u00e7\u00e3o, Justi\u00e7a e <br \/>Avulso inicial da mat\u00e9ria &#8211; PLS n\u00ba <br \/>Cidadania, Relator: Senador Randolfe Rodrigues:<br \/>429\/2017<br \/>&#8211; n\u00ba 14, de 2019, favor\u00e1vel ao projeto; e<br \/>Parecer &#8211; P.S 14\/2019 &#8211; CCJ<br \/>&#8211; n\u00ba 86, de 2019, pela rejei\u00e7\u00e3o da Emenda n\u00ba 1, de <br \/>Recurso &#8211; R.S 2\/2019<br \/>Plen\u00e1rio.<br \/>Parecer &#8211; P.S 86\/2019 &#8211; CCJ<br \/>Mat\u00e9rias relacionadas: RQS 286\/2023.<br \/>10 Acrescenta o art. 14-A \u00e0 Lei n\u00ba 4.119, de 27 de agosto  Discuss\u00e3o, em turno \u00fanico<br \/>de 1962, para dispor sobre dura\u00e7\u00e3o da jornada normal <br \/>PROJETO DE LEI DO SENADO Textos:<br \/>semanal de trabalho do Psic\u00f3logo.<br \/>N\u00ba 511, DE 2017 Projeto de Lei Ordin\u00e1ria &#8211; PLS 511\/2017<br \/>Pareceres favor\u00e1veis: Parecer &#8211; P.S 35\/2018 &#8211; CAS<br \/>Comiss\u00e3o de Direitos Humanos <br \/>Parecer &#8211; P.S 110\/2023 &#8211; CAE<br \/>e Legisla\u00e7\u00e3o ParticipativaORDEM DO DIA<br \/>sexta-feira, 8 de agosto de 2025<br \/>51<br \/>Proposi\u00e7\u00e3o Ementa Informa\u00e7\u00f5es<br \/>(Autor\/N\u00ba Origem)<br \/>&#8211; n\u00ba 35, de 2018, da Comiss\u00e3o de Assuntos Sociais, <br \/>Relatora: Senadora \u00c2ngela Portela; e<br \/>&#8211; n\u00ba 110, de 2023, da Comiss\u00e3o de Assuntos Econ\u00f4micos, <br \/>Relator: Senador Rog\u00e9rio Carvalho.<br \/>Mat\u00e9rias relacionadas: RQS 226\/2023, RQS 347\/2018, RQS <br \/>636\/2018, RQS 989\/2023, SUG 6\/2017.<br \/>11 Altera o C\u00f3digo de Processo Penal para disciplinar a  Discuss\u00e3o, em turno \u00fanico<br \/>pris\u00e3o ap\u00f3s a condena\u00e7\u00e3o em segunda inst\u00e2ncia.<br \/>PROJETO DE LEI DO SENADO (Inclu\u00eddo em Ordem do Dia, <br \/>N\u00ba 166, DE 2018 Parecer n\u00ba 162, de 2019, da Comiss\u00e3o de Constitui\u00e7\u00e3o,  nos termos dos Recursos n\u00bas <br \/>Justi\u00e7a e Cidadania, Relatora: Senadora Ju\u00edza Selma, pela  18 e 19, de 2019)<br \/>Senador Lasier Martins<br \/>aprova\u00e7\u00e3o do Projeto, nos termos da Emenda n\u00ba 3 <br \/>Textos:<br \/>(Substitutivo), que apresenta.<br \/>Avulso inicial da mat\u00e9ria &#8211; PLS n\u00ba <br \/>166\/2018<br \/>Mat\u00e9rias relacionadas: RQS 1027\/2019, RQS 65\/2023.<br \/>Parecer &#8211; P.S 162\/2019 &#8211; CCJ<br \/>Recurso &#8211; R.S 18\/2019<br \/>Recurso &#8211; R.S 19\/2019<br \/>12 Altera a Lei n\u00ba 8.080, de 19 de setembro de 1990,  Discuss\u00e3o, em turno \u00fanico<br \/>que disp\u00f5e sobre as condi\u00e7\u00f5es para a promo\u00e7\u00e3o, <br \/>PROJETO DE LEI DO SENADO (Inclu\u00eddo em Ordem do Dia, <br \/>prote\u00e7\u00e3o e recupera\u00e7\u00e3o da sa\u00fade, a organiza\u00e7\u00e3o e <br \/>N\u00ba 235, DE 2018 nos termos do Recurso n\u00ba 5, de <br \/>o funcionamento dos servi\u00e7os correspondentes e d\u00e1 <br \/>2019)<br \/>Senador Paulo Paim<br \/>outras provid\u00eancias, para incluir nos programas p\u00fablicos <br \/>Textos:<br \/>de assist\u00eancia farmac\u00eautica modalidade de subs\u00eddio para <br \/>Avulso inicial da mat\u00e9ria &#8211; PLS n\u00ba <br \/>possibilitar que todo aposentado ou pensionista adquira <br \/>235\/2018<br \/>os medicamentos a ele prescritos com o desconto que <br \/>Parecer &#8211; P.S 12\/2019 &#8211; CAS<br \/>especifica.<br \/>Recurso &#8211; R.S 5\/2019<br \/>Parecer n\u00ba 12, de 2019, da Comiss\u00e3o de Assuntos Sociais, <br \/>Requerimento &#8211; RQS 804\/2023<br \/>Relatora: Senadora Mailza Gomes, favor\u00e1vel ao projeto, <br \/>com a Emenda n\u00ba 1.<br \/>(Apresentado o Requerimento n\u00ba 804, de 2023, do <br \/>Senador Jaques Wagner, que solicita adiamento da <br \/>vota\u00e7\u00e3o para reexame da Comiss\u00e3o de Assuntos Sociais)<br \/>Mat\u00e9rias relacionadas: RQS 804\/2023, RQS 98\/2023.<br \/>PROJETOS DE DECRETO LEGISLATIVO<br \/>(total: 22)<br \/>Proposi\u00e7\u00e3o Ementa Informa\u00e7\u00f5es<br \/>(Autor\/N\u00ba Origem)<br \/>1 Aprova o ato que outorga permiss\u00e3o \u00e0 Sudoeste  Discuss\u00e3o, em turno \u00fanico<br \/>Comunica\u00e7\u00f5es Sociedade Limitada para explorar servi\u00e7o <br \/>PROJETO DE DECRETO (Inclu\u00eddo em Ordem do Dia nos <br \/>de radiodifus\u00e3o sonora em freq\u00fc\u00eancia modulada na <br \/>LEGISLATIVO N\u00ba 445, DE 2004 termos do Recurso n\u00ba 12, de <br \/>cidade de S\u00e3o Tom\u00e1s de Aquino, Estado de Minas Gerais.<br \/>2004)<br \/>(n\u00ba 333 de 2003, na C\u00e2mara <br \/>Pareceres favor\u00e1veis:<br \/>dos Deputados) Textos:<br \/>&#8211; n\u00ba 1.197, de 2004, da Comiss\u00e3o de Educa\u00e7\u00e3o, Relator: <br \/>Avulso inicial da mat\u00e9ria &#8211; PDS n\u00ba <br \/>Comiss\u00e3o de Ci\u00eancia e <br \/>Senador Aelton Freitas; e<br \/>445\/2004<br \/>Tecnologia, Comunica\u00e7\u00e3o e <br \/>-n\u00ba 91, de 2019, da Comiss\u00e3o de Ci\u00eancia, Tecnologia, <br \/>Avulso de parecer &#8211; P.S 01197\/2004<br \/>Inform\u00e1tica<br \/>Inova\u00e7\u00e3o e Inform\u00e1tica, Relator: Senador Paulo Rocha.<br \/>Parecer &#8211; P.S 91\/2019 &#8211; CCTORDEM DO DIA<br \/>sexta-feira, 8 de agosto de 2025<br \/>52<br \/>Proposi\u00e7\u00e3o Ementa Informa\u00e7\u00f5es<br \/>(Autor\/N\u00ba Origem)<br \/>2 Aprova as contas do Tribunal de Contas da Uni\u00e3o &#8211; TCU  Discuss\u00e3o, em primeiro turno<br \/>relativas ao exerc\u00edcio de 2000.<br \/>PROJETO DE DECRETO Textos:<br \/>LEGISLATIVO N\u00ba 76, DE 2007 (Apresentado pela Comiss\u00e3o Mista de Planos, Avulso de parecer &#8211; P.S 00001\/2007<br \/>Or\u00e7amentos P\u00fablicos e Fiscaliza\u00e7\u00e3o como conclus\u00e3o de <br \/>Comiss\u00e3o Mista de Planos, <br \/>seu Parecer favor\u00e1vel sob n\u00ba 1, de 2007-CN, Relator: <br \/>Or\u00e7amentos P\u00fablicos e <br \/>Senador Jo\u00e3o Ribeiro)<br \/>Fiscaliza\u00e7\u00e3o<br \/>Mat\u00e9rias relacionadas: OFN 3\/2001.<br \/>3 Aprova as Contas do Governo Federal, do Senado  Segunda sess\u00e3o de discuss\u00e3o, <br \/>Federal, da C\u00e2mara dos Deputados, do Supremo Tribunal  em primeiro turno<br \/>PROJETO DE DECRETO <br \/>Federal, do Superior Tribunal de Justi\u00e7a, da Justi\u00e7a do <br \/>LEGISLATIVO N\u00ba 77, DE 2007 Textos:<br \/>Trabalho, do Conselho da Justi\u00e7a Federal e da Justi\u00e7a <br \/>Avulso inicial da mat\u00e9ria &#8211; PDS n\u00ba <br \/>Comiss\u00e3o Mista de Planos, <br \/>Federal de 1\u00ba e 2\u00ba Graus, da Justi\u00e7a Eleitoral, da Justi\u00e7a <br \/>77\/2007<br \/>Or\u00e7amentos P\u00fablicos e <br \/>Militar, da Justi\u00e7a do Distrito Federal e Territ\u00f3rios e do <br \/>Fiscaliza\u00e7\u00e3o<br \/>Minist\u00e9rio P\u00fablico da Uni\u00e3o, relativas ao exerc\u00edcio de <br \/>2003. (MCN n\u00ba 48\/2004, OFNs n\u00bas 5, 6, 7 e 9 a 15\/2004)<br \/>(Apresentado pela Comiss\u00e3o Mista de Planos, <br \/>Or\u00e7amentos P\u00fablicos e Fiscaliza\u00e7\u00e3o como conclus\u00e3o de <br \/>seu Parecer favor\u00e1vel sob n\u00ba 3, de 2007-CN, Relator &#8220;ad <br \/>hoc&#8221;: Deputado Geraldo Resende)<br \/>Mat\u00e9rias relacionadas: AVN 19\/2004, MCN 48\/2004, OFN <br \/>10\/2004, OFN 11\/2004, OFN 12\/2004, OFN 13\/2004, OFN 14\/2004,<br \/>OFN 5\/2004, OFN 6\/2004, OFN 7\/2004, OFN 9\/2004.<br \/>4 Aprova o Relat\u00f3rio e as Contas do Tribunal de Contas da  Primeira sess\u00e3o de discuss\u00e3o, <br \/>Uni\u00e3o, relativas ao Exerc\u00edcio de 2004. em primeiro turno<br \/>PROJETO DE DECRETO <br \/>LEGISLATIVO N\u00ba 247, DE 2008 (Apresentado como conclus\u00e3o do Parecer n\u00ba 60, de  Textos:<br \/>2008-CN, da Comiss\u00e3o Mista de Planos, Or\u00e7amentos  Projeto de Decreto Legislativo &#8211; PDS <br \/>Comiss\u00e3o Mista de Planos, <br \/>P\u00fablicos e Fiscaliza\u00e7\u00e3o, Relator: Senador Gim Argello) 247\/2008<br \/>Or\u00e7amentos P\u00fablicos e <br \/>Fiscaliza\u00e7\u00e3o Mat\u00e9rias relacionadas: AVN 11\/2005, PDN 3\/2008.<br \/>5 Aprova as Contas do Governo Federal relativas ao  Segunda sess\u00e3o de discuss\u00e3o, <br \/>Exerc\u00edcio de 2004. em primeiro turno<br \/>PROJETO DE DECRETO <br \/>LEGISLATIVO N\u00ba 60, DE 2009 (Apresentado como conclus\u00e3o do Parecer n\u00ba 1, de 2009- Textos:<br \/>CMO\/CN, da Comiss\u00e3o Mista de Planos, Or\u00e7amentos  Avulso inicial da mat\u00e9ria &#8211; PDS n\u00ba <br \/>(n\u00ba 33 de 2005, na Casa de <br \/>P\u00fablicos e Fiscaliza\u00e7\u00e3o, Relator: Senador Gim Argello) 60\/2009<br \/>origem)<br \/>Mat\u00e9rias relacionadas: AVN 20\/2005, MCN 33\/2005.<br \/>Comiss\u00e3o Mista de Planos, <br \/>Or\u00e7amentos P\u00fablicos e <br \/>Fiscaliza\u00e7\u00e3o<br \/>6 Sobresta a aprecia\u00e7\u00e3o das contas dos dirigentes da  Primeira sess\u00e3o de discuss\u00e3o, <br \/>C\u00e2mara dos Deputados, Senado Federal, Supremo  em primeiro turno<br \/>PROJETO DE DECRETO <br \/>Tribunal Federal, Superior Tribunal de Justi\u00e7a, Justi\u00e7a <br \/>LEGISLATIVO N\u00ba 61, DE 2009 Textos:<br \/>Federal de primeiro e segundo graus, Conselho da Justi\u00e7a <br \/>Projeto de Decreto Legislativo &#8211; PDS <br \/>Comiss\u00e3o Mista de Planos, <br \/>do Trabalho, Justi\u00e7a Eleitoral, Justi\u00e7a Militar, Justi\u00e7a do <br \/>61\/2009<br \/>Or\u00e7amentos P\u00fablicos e <br \/>Distrito Federal e Territ\u00f3rios e Minist\u00e9rio P\u00fablico da <br \/>Fiscaliza\u00e7\u00e3o<br \/>Uni\u00e3o, relativos ao Exerc\u00edcio de 2004, em virtude da ORDEM DO DIA<br \/>sexta-feira, 8 de agosto de 2025<br \/>53<br \/>Proposi\u00e7\u00e3o Ementa Informa\u00e7\u00f5es<br \/>(Autor\/N\u00ba Origem)<br \/>medida cautelar do Supremo Tribunal Federal concedida <br \/>na sede da A\u00e7\u00e3o Direta de Inconstitucionalidade n\u00ba 2238.<br \/>(Apresentado como conclus\u00e3o do Parecer n\u00ba 1, de 2009-<br \/>CN, da Comiss\u00e3o Mista de Planos, Or\u00e7amentos P\u00fablicos <br \/>e Fiscaliza\u00e7\u00e3o, Relator: Senador Gim Argello)<br \/>Mat\u00e9rias relacionadas: AVN 20\/2005, OFN 10\/2005, OFN <br \/>11\/2005, OFN 12\/2005, OFN 13\/2005, OFN 14\/2005, OFN 15\/2005,<br \/>OFN 6\/2005, OFN 7\/2005, OFN 8\/2005, OFN 9\/2005.<br \/>7 Aprova o Relat\u00f3rio e as Contas do Tribunal de Contas da  Primeira sess\u00e3o de discuss\u00e3o, <br \/>Uni\u00e3o, relativas ao Exerc\u00edcio de 2008. em primeiro turno<br \/>PROJETO DE DECRETO <br \/>LEGISLATIVO N\u00ba 81, DE 2011 (Apresentado como conclus\u00e3o do Parecer n\u00ba 71, de  Textos:<br \/>2009-CN, da Comiss\u00e3o Mista de Planos, Or\u00e7amentos  Avulso inicial da mat\u00e9ria &#8211; PDS n\u00ba <br \/>(n\u00ba 11 de 2009, na Casa de <br \/>P\u00fablicos e Fiscaliza\u00e7\u00e3o, Relator: Senador Francisco  81\/2011<br \/>origem)<br \/>Dornelles)<br \/>Comiss\u00e3o Mista de Planos, <br \/>Mat\u00e9rias relacionadas: AVN 11\/2009.<br \/>Or\u00e7amentos P\u00fablicos e <br \/>Fiscaliza\u00e7\u00e3o<br \/>8 Aprova as Contas do Governo Federal no Exerc\u00edcio de  Primeira sess\u00e3o de discuss\u00e3o, <br \/>2005. em primeiro turno<br \/>PROJETO DE DECRETO <br \/>LEGISLATIVO N\u00ba 91, DE 2011 (Apresentado como conclus\u00e3o do Parecer n\u00ba 47, de  Textos:<br \/>2010-CN, da Comiss\u00e3o Mista de Planos, Or\u00e7amentos  Avulso inicial da mat\u00e9ria &#8211; PDS n\u00ba <br \/>(n\u00ba 21 de 2006, na Casa de <br \/>P\u00fablicos e Fiscaliza\u00e7\u00e3o, Relator: Deputado Geraldo  91\/2011<br \/>origem)<br \/>Sim\u00f5es)<br \/>Comiss\u00e3o Mista de Planos, <br \/>Mat\u00e9rias relacionadas: AVN 21\/2006, MCN 33\/2006.<br \/>Or\u00e7amentos P\u00fablicos e <br \/>Fiscaliza\u00e7\u00e3o<br \/>9 Sobresta a aprecia\u00e7\u00e3o das Contas dos dirigentes da  Primeira sess\u00e3o de discuss\u00e3o, <br \/>C\u00e2mara dos Deputados, Senado Federal, Supremo  em primeiro turno<br \/>PROJETO DE DECRETO <br \/>Tribunal Federal, Superior Tribunal de Justi\u00e7a, Justi\u00e7a <br \/>LEGISLATIVO N\u00ba 92, DE 2011 Textos:<br \/>Federal, Justi\u00e7a Trabalhista, Justi\u00e7a Eleitoral, Justi\u00e7a <br \/>Avulso inicial da mat\u00e9ria &#8211; PDS n\u00ba <br \/>(n\u00ba 21 de 2006, na Casa de Militar, Tribunal de Justi\u00e7a do Distrito Federal e <br \/>92\/2011<br \/>origem) Territ\u00f3rios e Minist\u00e9rio P\u00fablico da Uni\u00e3o, relativas ao <br \/>Exerc\u00edcio de 2005, em virtude de medida cautelar do <br \/>Comiss\u00e3o Mista de Planos, <br \/>Supremo Tribunal Federal concedida na sede da A\u00e7\u00e3o <br \/>Or\u00e7amentos P\u00fablicos e <br \/>Direta de Inconstitucionalidade n\u00ba 2.238.<br \/>Fiscaliza\u00e7\u00e3o<br \/>(Apresentado como conclus\u00e3o do Parecer n\u00ba 47, de <br \/>2010-CN, da Comiss\u00e3o Mista de Planos, Or\u00e7amentos <br \/>P\u00fablicos e Fiscaliza\u00e7\u00e3o, Relator: Deputado Geraldo <br \/>Sim\u00f5es)<br \/>Mat\u00e9rias relacionadas: AVN 21\/2006, MCN 33\/2006, OFN <br \/>10\/2006, OFN 11\/2006, OFN 12\/2006, OFN 13\/2006, OFN 14\/2006,<br \/>OFN 15\/2006, OFN 16\/2006, OFN 17\/2006, OFN 18\/2006, OFN <br \/>24\/2006.ORDEM DO DIA<br \/>sexta-feira, 8 de agosto de 2025<br \/>54<br \/>Proposi\u00e7\u00e3o Ementa Informa\u00e7\u00f5es<br \/>(Autor\/N\u00ba Origem)<br \/>10 Declara a regularidade e adequa\u00e7\u00e3o das Contas do  Primeira sess\u00e3o de discuss\u00e3o, <br \/>Tribunal de Contas da Uni\u00e3o referentes ao exerc\u00edcio de  em primeiro turno<br \/>PROJETO DE DECRETO <br \/>2005.<br \/>LEGISLATIVO N\u00ba 93, DE 2011 Textos:<br \/>(Apresentado como conclus\u00e3o do Parecer n\u00ba 1, de 2011- Avulso inicial da mat\u00e9ria &#8211; PDS n\u00ba <br \/>(n\u00ba 10 de 2006, na Casa de <br \/>CN, da Comiss\u00e3o Mista de Planos, Or\u00e7amentos P\u00fablicos  93\/2011<br \/>origem)<br \/>e Fiscaliza\u00e7\u00e3o, Relator: Deputado Geraldo Sim\u00f5es)<br \/>Comiss\u00e3o Mista de Planos, <br \/>Mat\u00e9rias relacionadas: AVN 10\/2006.<br \/>Or\u00e7amentos P\u00fablicos e <br \/>Fiscaliza\u00e7\u00e3o<br \/>11 Aprova as Contas do Governo Federal no Exerc\u00edcio de  Primeira sess\u00e3o de discuss\u00e3o, <br \/>2007. em primeiro turno<br \/>PROJETO DE DECRETO <br \/>LEGISLATIVO N\u00ba 189, DE 2011 (Apresentado como conclus\u00e3o do Parecer n\u00ba 12, de  Textos:<br \/>2011-CN, da Comiss\u00e3o Mista de Planos, Or\u00e7amentos  Avulso inicial da mat\u00e9ria &#8211; PDS n\u00ba <br \/>(n\u00ba 18 de 2008, na Casa de <br \/>P\u00fablicos e Fiscaliza\u00e7\u00e3o, Relator: Deputado Benjamin  189\/2011<br \/>origem)<br \/>Maranh\u00e3o, Relator &#8220;ad hoc&#8221;: Deputado Gilmar Machado)<br \/>Comiss\u00e3o Mista de Planos, <br \/>Mat\u00e9rias relacionadas: AVN 18\/2008, MCN 24\/2008.<br \/>Or\u00e7amentos P\u00fablicos e <br \/>Fiscaliza\u00e7\u00e3o<br \/>12 Arquiva, sem julgamento de m\u00e9rito, as contas dos  Primeira sess\u00e3o de discuss\u00e3o, <br \/>dirigentes da C\u00e2mara dos Deputados, Senado Federal,  em primeiro turno<br \/>PROJETO DE DECRETO <br \/>Tribunal Superior Eleitoral, Superior Tribunal de Justi\u00e7a, <br \/>LEGISLATIVO N\u00ba 190, DE 2011 Textos:<br \/>Tribunal de Justi\u00e7a do Distrito Federal e dos Territ\u00f3rios, <br \/>Avulso inicial da mat\u00e9ria &#8211; PDS n\u00ba <br \/>Comiss\u00e3o Mista de Planos, Justi\u00e7a do Trabalho, Conselho Nacional de Justi\u00e7a, <br \/>190\/2011<br \/>Or\u00e7amentos P\u00fablicos e Conselho da Justi\u00e7a Federal e Justi\u00e7a Federal de 1\u00ba e <br \/>Fiscaliza\u00e7\u00e3o 2\u00ba graus, Supremo Tribunal Federal e Minist\u00e9rio P\u00fablico <br \/>da Uni\u00e3o, relativas ao Exerc\u00edcio de 2007, em virtude da <br \/>medida cautelar do Supremo Tribunal Federal concedida <br \/>na sede da A\u00e7\u00e3o Direta de Inconstitucionalidade n\u00ba <br \/>2.238.<br \/>(Apresentado como conclus\u00e3o do Parecer n\u00ba 12, de <br \/>2009-CN, da Comiss\u00e3o Mista de Planos, Or\u00e7amentos <br \/>P\u00fablicos e Fiscaliza\u00e7\u00e3o, Relator: Deputado Benjamin <br \/>Maranh\u00e3o, Relator &#8220;ad hoc&#8221;: Deputado Gilmar Machado)<br \/>Mat\u00e9rias relacionadas: OFN 10\/2008, OFN 11\/2008, OFN <br \/>12\/2008, OFN 3\/2008, OFN 4\/2008, OFN 5\/2008, OFN 6\/2008, OFN <br \/>7\/2008, OFN 8\/2008, OFN 9\/2008.<br \/>13 Aprova as Contas do Governo Federal no Exerc\u00edcio de  Primeira sess\u00e3o de discuss\u00e3o, <br \/>2006. em primeiro turno<br \/>PROJETO DE DECRETO <br \/>LEGISLATIVO N\u00ba 4, DE 2017 (Apresentado como conclus\u00e3o do Parecer n\u00ba 2, de 2009- Textos:<br \/>CN, da Comiss\u00e3o Mista de Planos, Or\u00e7amentos P\u00fablicos  Avulso inicial da mat\u00e9ria &#8211; PDS n\u00ba <br \/>(n\u00ba 1376 de 2009, na C\u00e2mara <br \/>e Fiscaliza\u00e7\u00e3o, Relator: Senador C\u00e9sar Borges) 4\/2017<br \/>dos Deputados)<br \/>Mat\u00e9rias relacionadas: MCN 40\/2007.<br \/>Comiss\u00e3o Mista de Planos, <br \/>Or\u00e7amentos P\u00fablicos e <br \/>Fiscaliza\u00e7\u00e3oORDEM DO DIA<br \/>sexta-feira, 8 de agosto de 2025<br \/>55<br \/>Proposi\u00e7\u00e3o Ementa Informa\u00e7\u00f5es<br \/>(Autor\/N\u00ba Origem)<br \/>14 Aprova as Contas do Governo Federal no Exerc\u00edcio de  Primeira sess\u00e3o de discuss\u00e3o, <br \/>2002. em primeiro turno<br \/>PROJETO DE DECRETO <br \/>LEGISLATIVO N\u00ba 5, DE 2017 Textos:<br \/>Avulso inicial da mat\u00e9ria &#8211; PDS n\u00ba <br \/>(n\u00ba 40 de 2011, na C\u00e2mara dos <br \/>5\/2017<br \/>Deputados)<br \/>Comiss\u00e3o Mista de Planos, <br \/>Or\u00e7amentos P\u00fablicos e <br \/>Fiscaliza\u00e7\u00e3o<br \/>15 Aprova as Contas do Governo Federal no Exerc\u00edcio do  Primeira sess\u00e3o de discuss\u00e3o, <br \/>2008. em primeiro turno<br \/>PROJETO DE DECRETO <br \/>Mat\u00e9rias relacionadas: MCN 28\/2009.<br \/>LEGISLATIVO N\u00ba 6, DE 2017 Textos:<br \/>Avulso inicial da mat\u00e9ria &#8211; PDS n\u00ba <br \/>(n\u00ba 42 de 2011, na C\u00e2mara dos <br \/>6\/2017<br \/>Deputados)<br \/>Comiss\u00e3o Mista de Planos, <br \/>Or\u00e7amentos P\u00fablicos e <br \/>Fiscaliza\u00e7\u00e3o<br \/>16 Concede o t\u00edtulo de Patrim\u00f4nio Nacional da Sa\u00fade  Discuss\u00e3o, em turno \u00fanico<br \/>P\u00fablica \u00e0 Associa\u00e7\u00e3o Santa Casa de Ibipor\u00e3 &#8211; Hospital <br \/>PROJETO DE DECRETO Textos:<br \/>Cristo Rei.<br \/>LEGISLATIVO N\u00ba 339, DE 2022 Avulso inicial da mat\u00e9ria &#8211; PDL n\u00ba <br \/>Parecer favor\u00e1vel n\u00ba 13, de 2022, da Comiss\u00e3o de  339\/2022<br \/>(n\u00ba 339 de 2022, no Senado <br \/>Assuntos Sociais, Relator: Senador Fl\u00e1vio Arns. Parecer &#8211; PDL n\u00ba 339\/2022<br \/>Federal)<br \/>Mat\u00e9rias relacionadas: PRN 1\/2022.<br \/>Senador Alvaro Dias<br \/>17 Concede o t\u00edtulo de Patrim\u00f4nio Nacional da Sa\u00fade  Discuss\u00e3o, em turno \u00fanico<br \/>P\u00fablica \u00e0 Santa Casa de Miseric\u00f3rdia de Camb\u00e9, no <br \/>PROJETO DE DECRETO Textos:<br \/>Estado do Paran\u00e1.<br \/>LEGISLATIVO N\u00ba 355, DE 2022 Avulso inicial da mat\u00e9ria &#8211; PDL n\u00ba <br \/>Parecer favor\u00e1vel n\u00ba 31, de 2023, da Comiss\u00e3o de  355\/2022<br \/>(n\u00ba 355 de 2022, no Senado <br \/>Assuntos Sociais, Relator: Senador Fl\u00e1vio Arns, Relator  Parecer &#8211; P.S 31\/2023 &#8211; CAS<br \/>Federal)<br \/>&#8220;ad hoc&#8221;: Senador Paulo Paim.<br \/>Senador Alvaro Dias<br \/>18 Concede o t\u00edtulo de Patrim\u00f4nio Nacional da Sa\u00fade  Discuss\u00e3o, em turno \u00fanico<br \/>P\u00fablica \u00e0 Irmandade da Santa Casa de Londrina, no <br \/>PROJETO DE DECRETO Textos:<br \/>Estado do Paran\u00e1.<br \/>LEGISLATIVO N\u00ba 356, DE 2022 Avulso inicial da mat\u00e9ria &#8211; PDL n\u00ba <br \/>Parecer favor\u00e1vel n\u00ba 32, de 2023, da Comiss\u00e3o de  356\/2022<br \/>(n\u00ba 356 de 2022, no Senado <br \/>Assuntos Sociais, Relator: Senador Fl\u00e1vio Arns, Relator  Parecer &#8211; P.S 32\/2023 &#8211; CAS<br \/>Federal)<br \/>&#8220;ad hoc&#8221;: Senador Paulo Paim.<br \/>Senador Alvaro Dias<br \/>19 Susta parcialmente o Decreto n\u00ba 11.615, de 21 de julho  Discuss\u00e3o, em turno \u00fanico<br \/>de 2023, que regulamenta a Lei n\u00ba 10.826, de 22 de <br \/>PROJETO DE DECRETO Textos:<br \/>dezembro de 2003, a qual disp\u00f5e sobre registro, posse e <br \/>LEGISLATIVO N\u00ba 206, DE 2024 Avulso inicial da mat\u00e9ria &#8211; PDL n\u00ba <br \/>comercializa\u00e7\u00e3o de armas de fogo e muni\u00e7\u00e3o.<br \/>206\/2024<br \/>(n\u00ba 206 de 2024, na Casa de <br \/>Parecer favor\u00e1vel n\u00ba 71, de 2024, da Comiss\u00e3o de  Parecer &#8211; P.S 71\/2024 &#8211; CCJ<br \/>origem)<br \/>Constitui\u00e7\u00e3o, Justi\u00e7a e Cidadania, Relator: Senador  Requerimento &#8211; REQ 16\/2024 &#8211; CCJ<br \/>Deputado Dr. Ismael <br \/>Vanderlan Cardoso.<br \/>Alexandrino<br \/>(Mat\u00e9ria em regime de urg\u00eancia, nos termos do <br \/>Requerimento n\u00ba 16, de 2024, da Comiss\u00e3o de ORDEM DO DIA<br \/>sexta-feira, 8 de agosto de 2025<br \/>56<br \/>Proposi\u00e7\u00e3o Ementa Informa\u00e7\u00f5es<br \/>(Autor\/N\u00ba Origem)<br \/>Constitui\u00e7\u00e3o, Justi\u00e7a e Cidadania, aprovado em <br \/>20\/08\/2024).<br \/>Mat\u00e9rias relacionadas: REQ 16\/2024 &#8211; CCJ, RQS 575\/2024, RQS <br \/>587\/2024, RQS 588\/2024, RQS 606\/2024, RQS 611\/2024.<br \/>20 Aprova o texto do Acordo sobre Coopera\u00e7\u00e3o em Ind\u00fastria  Discuss\u00e3o, em turno \u00fanico<br \/>de Defesa entre o Governo da Rep\u00fablica Federativa do <br \/>PROJETO DE DECRETO Textos:<br \/>Brasil e o Governo da Rep\u00fablica da Turquia, assinado em <br \/>LEGISLATIVO N\u00ba 262, DE 2024 Avulso inicial da mat\u00e9ria &#8211; PDL n\u00ba <br \/>Bras\u00edlia e Ankara, em 25 de mar\u00e7o de 2022.<br \/>262\/2024<br \/>(n\u00ba 262 de 2024, na Casa de <br \/>Parecer favor\u00e1vel n\u00ba 25, de 2025, da Comiss\u00e3o de  Parecer &#8211; P.S 25\/2025 &#8211; CRE<br \/>origem)<br \/>Rela\u00e7\u00f5es Exteriores e Defesa Nacional, Relator: Senador <br \/>Comiss\u00e3o de Rela\u00e7\u00f5es <br \/>Hamilton Mour\u00e3o.<br \/>Exteriores e de Defesa <br \/>Nacional<br \/>21 Aprova o texto do Acordo sobre Transporte A\u00e9reo entre  Discuss\u00e3o, em turno \u00fanico<br \/>o Governo da Rep\u00fablica Federativa do Brasil e o Governo <br \/>PROJETO DE DECRETO Textos:<br \/>da Rep\u00fablica de El Salvador, firmado em Nova York, em <br \/>LEGISLATIVO N\u00ba 319, DE 2024 Avulso inicial da mat\u00e9ria &#8211; PDL n\u00ba <br \/>21 de setembro de 2022.<br \/>319\/2024<br \/>(n\u00ba 319 de 2024, na Casa de <br \/>Parecer favor\u00e1vel n\u00ba 49, de 2025, da Comiss\u00e3o de  Parecer &#8211; P.S 49\/2025 &#8211; CRE<br \/>origem)<br \/>Rela\u00e7\u00f5es Exteriores e Defesa Nacional, Relator Senador <br \/>Comiss\u00e3o de Rela\u00e7\u00f5es <br \/>Astronauta Marcos Pontes.<br \/>Exteriores e de Defesa <br \/>Nacional<br \/>22 Aprova o texto do Protocolo alterando a Conven\u00e7\u00e3o  Discuss\u00e3o, em turno \u00fanico<br \/>entre a Rep\u00fablica Federativa do Brasil e a Rep\u00fablica do <br \/>PROJETO DE DECRETO Textos:<br \/>Chile Destinada a Evitar a Dupla Tributa\u00e7\u00e3o e Prevenir a <br \/>LEGISLATIVO N\u00ba 722, DE 2024 Avulso inicial da mat\u00e9ria &#8211; PDL n\u00ba <br \/>Evas\u00e3o Fiscal em rela\u00e7\u00e3o ao Imposto sobre a Renda e o <br \/>722\/2024<br \/>(n\u00ba 722 de 2024, na Casa de <br \/>seu Protocolo, celebrados em Santiago, em 3 de abril de <br \/>Parecer &#8211; P.S 27\/2025 &#8211; CRE<br \/>origem)<br \/>2001, assinado em Santiago, em 3 de mar\u00e7o de 2022.<br \/>Comiss\u00e3o de Rela\u00e7\u00f5es <br \/>Parecer favor\u00e1vel n\u00ba 27, de 2025, da Comiss\u00e3o <br \/>Exteriores e de Defesa <br \/>de Rela\u00e7\u00f5es Exteriores e Defesa Nacional, Relatora: <br \/>Nacional<br \/>Senadora Tereza Cristina, Relator &#8220;ad hoc&#8221;: Senador <br \/>Astronauta Marcos Pontes.<br \/>PARECERES<br \/>(total: 1)<br \/>Proposi\u00e7\u00e3o Ementa Informa\u00e7\u00f5es<br \/>(Autor\/N\u00ba Origem)<br \/>1 Constitucionalidade das proposi\u00e7\u00f5es de iniciativa  Discuss\u00e3o, em turno \u00fanico<br \/>legislativa que tenham como objeto a cria\u00e7\u00e3o ou <br \/>PARECER N\u00ba 2, DE 2019 Textos:<br \/>institui\u00e7\u00e3o de fundos.<br \/>Avulso inicial da mat\u00e9ria &#8211; CON n\u00ba <br \/>Comiss\u00e3o de Assuntos <br \/>1\/2017<br \/>Econ\u00f4micos<br \/>Parecer &#8211; P.S 2\/2019 &#8211; CCJ<br \/>REQUERIMENTOSORDEM DO DIA<br \/>sexta-feira, 8 de agosto de 2025<br \/>57<br \/>(total: 103)<br \/>Proposi\u00e7\u00e3o Ementa Informa\u00e7\u00f5es<br \/>(Autor\/N\u00ba Origem)<br \/>1 Solicita, nos termos do art. 336, inciso II, do Regimento  Vota\u00e7\u00e3o, em turno \u00fanico<br \/>Interno do Senado Federal, urg\u00eancia na tramita\u00e7\u00e3o do <br \/>REQUERIMENTO N\u00ba 54, DE Textos:<br \/>Projeto de Resolu\u00e7\u00e3o do Senado n\u00ba 9, de 2019, que &#8220;Cria <br \/>2019 &#8211; CRE Requerimento &#8211; REQ 54\/2019 &#8211; CRE<br \/>a Frente Parlamentar de Apoio \u00e0 Fam\u00edlia Militar&#8221;, para <br \/>Senador Marcos do Val que se proceda \u00e0 delibera\u00e7\u00e3o da mat\u00e9ria pelo Plen\u00e1rio <br \/>desta Casa.<br \/>Mat\u00e9rias relacionadas: PRS 9\/2019.<br \/>2 Solicita a oitiva da Comiss\u00e3o de Transpar\u00eancia,  Vota\u00e7\u00e3o, em turno \u00fanico<br \/>Governan\u00e7a, Fiscaliza\u00e7\u00e3o e Controle e Defesa do <br \/>REQUERIMENTO N\u00ba 289, DE Textos:<br \/>Consumidor sobre o Projeto de Resolu\u00e7\u00e3o do Senado n\u00ba <br \/>2019 Avulso inicial da mat\u00e9ria &#8211; RQS n\u00ba <br \/>31, de 2019.<br \/>289\/2019<br \/>Senador Eduardo Braga<br \/>Mat\u00e9rias relacionadas: PRS 31\/2019.<br \/>3 Solicita a oitiva da Comiss\u00e3o de Direitos Humanos e  Vota\u00e7\u00e3o, em turno \u00fanico<br \/>Legisla\u00e7\u00e3o Participativa sobre o Projeto de Lei n\u00ba 578, <br \/>REQUERIMENTO N\u00ba 522, DE Textos:<br \/>de 2019 (dedu\u00e7\u00e3o da contribui\u00e7\u00e3o patronal do valor do <br \/>2019 Requerimento &#8211; RQS 522\/2019<br \/>Bolsa Fam\u00edlia).<br \/>Senador Paulo Paim<br \/>Mat\u00e9rias relacionadas: PL 578\/2019.<br \/>4 Solicita a oitiva da Comiss\u00e3o de Meio Ambiente sobre  Vota\u00e7\u00e3o, em turno \u00fanico<br \/>o Projeto de Lei n\u00ba 3.615, de 2019 (cria o Estatuto dos <br \/>REQUERIMENTO N\u00ba 563, DE Textos:<br \/>Colecionadores, Atiradores e Ca\u00e7adores).<br \/>2019 Requerimento &#8211; RQS 563\/2019<br \/>Mat\u00e9rias relacionadas: PL 3615\/2019.<br \/>Senador Fabiano Contarato<br \/>5 Solicita a oitiva da Comiss\u00e3o de Assuntos Econ\u00f4micos  Vota\u00e7\u00e3o, em turno \u00fanico<br \/>sobre o Projeto de Lei n\u00ba 2.130, de 2019 (estabece limites <br \/>REQUERIMENTO N\u00ba 724, DE Textos:<br \/>de emiss\u00e3o sonora para os fogos de artif\u00edcio).<br \/>2019 Avulso inicial da mat\u00e9ria &#8211; RQS n\u00ba <br \/>Mat\u00e9rias relacionadas: PL 2130\/2019.<br \/>724\/2019<br \/>Senador Rodrigo Pacheco<br \/>6 Solicita a oitiva da Comiss\u00e3o de Assuntos Sociais sobre o  Vota\u00e7\u00e3o, em turno \u00fanico<br \/>Projeto de Lei n\u00ba 2.709, de 2019 (institui a Lei Brasileira <br \/>REQUERIMENTO N\u00ba 815, DE Textos:<br \/>de Inclus\u00e3o da Pessoa com Defici\u00eancia, Estatuto da <br \/>2019 Avulso inicial da mat\u00e9ria &#8211; RQS n\u00ba <br \/>Pessoa com Defici\u00eancia).<br \/>815\/2019<br \/>Senadora Soraya Thronicke<br \/>Mat\u00e9rias relacionadas: PL 2709\/2019.<br \/>7 Solicita a oitiva da Comiss\u00e3o de Constitui\u00e7\u00e3o, Justi\u00e7a  Vota\u00e7\u00e3o, em turno \u00fanico<br \/>e Cidadania sobre o Projeto de Lei n\u00ba 3.832, de <br \/>REQUERIMENTO N\u00ba 920, DE Textos:<br \/>2019 (elimina restri\u00e7\u00f5es \u00e0 concentra\u00e7\u00e3o da propriedade <br \/>2019 Avulso inicial da mat\u00e9ria &#8211; RQS n\u00ba <br \/>entre prestadoras de servi\u00e7os de telecomunica\u00e7\u00f5es de <br \/>920\/2019<br \/>Senador Nelsinho Trad<br \/>interesse coletivo).<br \/>Mat\u00e9rias relacionadas: PL 3832\/2019.<br \/>8 Solicita a oitiva da Comiss\u00e3o de Educa\u00e7\u00e3o, Cultura e  Vota\u00e7\u00e3o, em turno \u00fanico<br \/>Esporte sobre o Projeto de Lei n\u00ba 3.832, de 2019 <br \/>REQUERIMENTO N\u00ba 922, DE Textos:<br \/>(elimina restri\u00e7\u00f5es \u00e0 concentra\u00e7\u00e3o da propriedade <br \/>2019 Avulso inicial da mat\u00e9ria &#8211; RQS n\u00ba <br \/>entre prestadoras de servi\u00e7os de telecomunica\u00e7\u00f5es de <br \/>922\/2019<br \/>Senador Humberto Costa interesse coletivo).<br \/>Mat\u00e9rias relacionadas: PL 3832\/2019.<br \/>9 Solicita a oitiva da Comiss\u00e3o de Assuntos Econ\u00f4micos  Vota\u00e7\u00e3o, em turno \u00fanico<br \/>sobre o Projeto de Lei n\u00ba 1.274, de 2019 (isenta da <br \/>REQUERIMENTO N\u00ba 934, DE Textos:<br \/>taxa de inscri\u00e7\u00e3o em concurso p\u00fablico os candidatos que <br \/>2019 Avulso inicial da mat\u00e9ria &#8211; RQS n\u00ba <br \/>sejam Comiss\u00e1rio ou Agente de Prote\u00e7\u00e3o da Inf\u00e2ncia e da <br \/>934\/2019<br \/>Senador Styvenson Valentim<br \/>Juventude).<br \/>Mat\u00e9rias relacionadas: PL 1274\/2019.ORDEM DO DIA<br \/>sexta-feira, 8 de agosto de 2025<br \/>58<br \/>Proposi\u00e7\u00e3o Ementa Informa\u00e7\u00f5es<br \/>(Autor\/N\u00ba Origem)<br \/>10 Solicita a oitiva da Comiss\u00e3o de Meio Ambiente sobre o  Vota\u00e7\u00e3o, em turno \u00fanico<br \/>Projeto de Lei n\u00ba 5.294, de 2019.<br \/>REQUERIMENTO N\u00ba 979, DE Textos:<br \/>Mat\u00e9rias relacionadas: PL 5294\/2019.<br \/>2019 Avulso inicial da mat\u00e9ria &#8211; RQS n\u00ba <br \/>979\/2019<br \/>Senador Fabiano Contarato<br \/>11 Solicita a tramita\u00e7\u00e3o conjunta dos Projetos de Lei n\u00bas 585  Vota\u00e7\u00e3o, em turno \u00fanico<br \/>e 1.853, de 2019 (inclus\u00e3o de doen\u00e7as para isen\u00e7\u00e3o de <br \/>REQUERIMENTO N\u00ba 1.054, DE Textos:<br \/>imposto de renda sobre aposentadoria ou reforma).<br \/>2019 Avulso inicial da mat\u00e9ria &#8211; RQS n\u00ba <br \/>Mat\u00e9rias relacionadas: PL 1853\/2019, PL 585\/2019.<br \/>1054\/2019<br \/>Senador Mecias de Jesus<br \/>12 Solicita o sobrestamento do Projeto de Decreto  Vota\u00e7\u00e3o, em turno \u00fanico<br \/>Legislativo n\u00ba 240, de 2011.<br \/>REQUERIMENTO N\u00ba 4, DE 2020 Textos:<br \/>Mat\u00e9rias relacionadas: PDS 240\/2011.<br \/>&#8211; CRE Avulso inicial da mat\u00e9ria &#8211; REQ n\u00ba <br \/>4\/2020<br \/>Comiss\u00e3o de Rela\u00e7\u00f5es <br \/>Exteriores e Defesa Nacional<br \/>13 Solicita a oitiva da Comiss\u00e3o de Meio Ambiente sobre o  Vota\u00e7\u00e3o, em turno \u00fanico<br \/>Projeto de Lei n\u00ba 6.195, de 2019 (estabelece condi\u00e7\u00f5es <br \/>REQUERIMENTO N\u00ba 6, DE 2020 Textos:<br \/>de instala\u00e7\u00e3o e utiliza\u00e7\u00e3o da infraestrutura de transporte <br \/>Avulso inicial da mat\u00e9ria &#8211; RQS n\u00ba <br \/>Senador Fabiano Contarato em terras ind\u00edgenas).<br \/>6\/2020<br \/>Mat\u00e9rias relacionadas: PL 6195\/2019.<br \/>14 Solicita a tramita\u00e7\u00e3o conjunta dos Projetos de Lei n\u00bas  Vota\u00e7\u00e3o, em turno \u00fanico<br \/>1.950 e 2.027, de 2019 (proibi\u00e7\u00e3o da nomea\u00e7\u00e3o de <br \/>REQUERIMENTO N\u00ba 92, DE Textos:<br \/>condenados por crime de viol\u00eancia contra a mulher).<br \/>2020 Avulso inicial da mat\u00e9ria &#8211; RQS n\u00ba <br \/>Mat\u00e9rias relacionadas: PL 1950\/2019, PL 2027\/2019. 92\/2020<br \/>Senadora Eliziane Gama<br \/>15 Solicita a oitiva da Comiss\u00e3o de Meio Ambiente sobre  Vota\u00e7\u00e3o, em turno \u00fanico<br \/>o Projeto de Lei n\u00ba 2.506, de 2019 (concede benef\u00edcios <br \/>REQUERIMENTO N\u00ba 120, DE Textos:<br \/>fiscais referentes ao IPI para defensivos agr\u00edcolas e <br \/>2020 Avulso inicial da mat\u00e9ria &#8211; RQS n\u00ba <br \/>pesticidas).<br \/>120\/2020<br \/>Senadora Zenaide Maia<br \/>Mat\u00e9rias relacionadas: PL 2506\/2019.<br \/>16 Solicita a oitiva da Comiss\u00e3o de Educa\u00e7\u00e3o e Cultura sobre  Vota\u00e7\u00e3o, em turno \u00fanico<br \/>o Projeto de Lei n\u00ba 70, de 2020 (altera a Lei de Direitos <br \/>REQUERIMENTO N\u00ba 1.900, DE Textos:<br \/>Autorais).<br \/>2021 Avulso inicial da mat\u00e9ria &#8211; RQS n\u00ba <br \/>Mat\u00e9rias relacionadas: PL 70\/2020.<br \/>1900\/2021<br \/>Senador Humberto Costa<br \/>17 Solicita a oitiva da Comiss\u00e3o de Agricultura e Reforma  Vota\u00e7\u00e3o, em turno \u00fanico<br \/>Agr\u00e1ria sobre o Projeto de Lei n\u00ba 3.962, de 2019.<br \/>REQUERIMENTO N\u00ba 1.954, DE Textos:<br \/>Mat\u00e9rias relacionadas: PL 3962\/2019.<br \/>2021 Avulso inicial da mat\u00e9ria &#8211; RQS n\u00ba <br \/>1954\/2021<br \/>Senadora Soraya Thronicke<br \/>18 Solicita a oitiva da Comiss\u00e3o de Direitos Humanos e  Vota\u00e7\u00e3o, em turno \u00fanico<br \/>Legisla\u00e7\u00e3o Participativa sobre o Projeto de Lei n\u00ba 3.914, <br \/>REQUERIMENTO N\u00ba 2.020, DE Textos:<br \/>de 2020.<br \/>2021 Avulso inicial da mat\u00e9ria &#8211; RQS n\u00ba <br \/>Mat\u00e9rias relacionadas: PL 3914\/2020.<br \/>2020\/2021<br \/>Senador Paulo Paim<br \/>19 Solicita a oitiva da Comiss\u00e3o de Constitui\u00e7\u00e3o, Justi\u00e7a e  Vota\u00e7\u00e3o, em turno \u00fanico<br \/>Cidadania sobre o Projeto de Lei n\u00ba 3.914, de 2020.<br \/>REQUERIMENTO N\u00ba 2.021, DE Textos:<br \/>Mat\u00e9rias relacionadas: PL 3914\/2020.<br \/>2021 Avulso inicial da mat\u00e9ria &#8211; RQS n\u00ba <br \/>2021\/2021<br \/>Senador Paulo PaimORDEM DO DIA<br \/>sexta-feira, 8 de agosto de 2025<br \/>59<br \/>Proposi\u00e7\u00e3o Ementa Informa\u00e7\u00f5es<br \/>(Autor\/N\u00ba Origem)<br \/>20 Solicita a oitiva da Comiss\u00e3o de Assuntos Sociais sobre o  Vota\u00e7\u00e3o, em turno \u00fanico<br \/>PL n\u00ba 3.914\/2020.<br \/>REQUERIMENTO N\u00ba 2.022, DE Textos:<br \/>Mat\u00e9rias relacionadas: PL 3914\/2020.<br \/>2021 Avulso inicial da mat\u00e9ria &#8211; RQS n\u00ba <br \/>2022\/2021<br \/>Senador Paulo Paim<br \/>21 Solicita a oitiva da Comiss\u00e3o de Assuntos Econ\u00f4micos e  Vota\u00e7\u00e3o, em turno \u00fanico<br \/>da Comiss\u00e3o de Agricultura e Reforma Agr\u00e1ria sobre o <br \/>REQUERIMENTO N\u00ba 2.028, DE Textos:<br \/>Projeto de Lei n\u00ba 3.093, de 2021.<br \/>2021 Avulso inicial da mat\u00e9ria &#8211; RQS n\u00ba <br \/>Mat\u00e9rias relacionadas: PL 3093\/2021.<br \/>2028\/2021<br \/>Senador Zequinha Marinho<br \/>22 Solicita a oitiva da Comiss\u00e3o de Direitos Humanos e  Vota\u00e7\u00e3o, em turno \u00fanico<br \/>Legisla\u00e7\u00e3o Participativa para o Projeto de Lei n\u00ba 3.914, de <br \/>REQUERIMENTO N\u00ba 2.060, DE Textos:<br \/>2020.<br \/>2021 Avulso inicial da mat\u00e9ria &#8211; RQS n\u00ba <br \/>Mat\u00e9rias relacionadas: PL 3914\/2020.<br \/>2060\/2021<br \/>Senador Jader Barbalho<br \/>23 Solicita a oitiva da Comiss\u00e3o de Assuntos Sociais para o  Vota\u00e7\u00e3o, em turno \u00fanico<br \/>Projeto de Lei n\u00ba 3.914, de 2020.<br \/>REQUERIMENTO N\u00ba 2.061, DE Textos:<br \/>Mat\u00e9rias relacionadas: PL 3914\/2020.<br \/>2021 Avulso inicial da mat\u00e9ria &#8211; RQS n\u00ba <br \/>2061\/2021<br \/>Senador Jader Barbalho<br \/>24 Solicita a oitiva da Comiss\u00e3o de Ci\u00eancia, Tecnologia,  Vota\u00e7\u00e3o, em turno \u00fanico<br \/>Inova\u00e7\u00e3o, Comunica\u00e7\u00e3o e Inform\u00e1tica sobre o Projeto de <br \/>REQUERIMENTO N\u00ba 2.229, DE Textos:<br \/>Lei n\u00ba 4.848, de 2019.<br \/>2021 Avulso inicial da mat\u00e9ria &#8211; RQS n\u00ba <br \/>Mat\u00e9rias relacionadas: PL 4848\/2019.<br \/>2229\/2021<br \/>Senador Rodrigo Cunha<br \/>25 Solicita a oitiva da Comiss\u00e3o de Assuntos Econ\u00f4micos  Vota\u00e7\u00e3o, em turno \u00fanico<br \/>sobre o Projeto de Lei n\u00ba 3.828, de 2019.<br \/>REQUERIMENTO N\u00ba 2.279, DE Textos:<br \/>Mat\u00e9rias relacionadas: PL 3828\/2019.<br \/>2021 Avulso inicial da mat\u00e9ria &#8211; RQS n\u00ba <br \/>2279\/2021<br \/>Senador Izalci Lucas<br \/>26 Solicita a oitiva da Comiss\u00e3o de Meio Ambiente sobre o  Vota\u00e7\u00e3o, em turno \u00fanico<br \/>Projeto de Lei n\u00ba 3.093, de 2021.<br \/>REQUERIMENTO N\u00ba 713, DE Textos:<br \/>Mat\u00e9rias relacionadas: PL 3093\/2021.<br \/>2022 Avulso inicial da mat\u00e9ria &#8211; RQS n\u00ba <br \/>713\/2022<br \/>Senador Jaques Wagner<br \/>27 Solicita a oitiva da Comiss\u00e3o de Constitui\u00e7\u00e3o, Justi\u00e7a e  Vota\u00e7\u00e3o, em turno \u00fanico<br \/>Cidadania sobre o Projeto de Lei n\u00ba 2.896, de 2022.<br \/>REQUERIMENTO N\u00ba 805, DE Textos:<br \/>Mat\u00e9rias relacionadas: PL 2896\/2022.<br \/>2022 Avulso inicial da mat\u00e9ria &#8211; RQS n\u00ba <br \/>805\/2022<br \/>Senador Alessandro Vieira<br \/>28 Solicita a oitiva da Comiss\u00e3o de Assuntos Econ\u00f4micos  Vota\u00e7\u00e3o, em turno \u00fanico<br \/>sobre o Projeto de Lei n\u00ba 2.896, de 2022.<br \/>REQUERIMENTO N\u00ba 806, DE Textos:<br \/>Mat\u00e9rias relacionadas: PL 2896\/2022.<br \/>2022 Avulso inicial da mat\u00e9ria &#8211; RQS n\u00ba <br \/>806\/2022<br \/>Senador Alessandro Vieira<br \/>29 Solicita a oitiva da Comiss\u00e3o de Constitui\u00e7\u00e3o, Justi\u00e7a e  Vota\u00e7\u00e3o, em turno \u00fanico<br \/>Cidadania, sobre o Projeto de Lei 2.896, de 2022.<br \/>REQUERIMENTO N\u00ba 807, DE Textos:<br \/>Mat\u00e9rias relacionadas: PL 2896\/2022.<br \/>2022 Avulso inicial da mat\u00e9ria &#8211; RQS n\u00ba <br \/>807\/2022<br \/>Senador Carlos PortinhoORDEM DO DIA<br \/>sexta-feira, 8 de agosto de 2025<br \/>60<br \/>Proposi\u00e7\u00e3o Ementa Informa\u00e7\u00f5es<br \/>(Autor\/N\u00ba Origem)<br \/>30 Solicita a oitiva da Comiss\u00e3o de Assuntos Econ\u00f4micos  Vota\u00e7\u00e3o, em turno \u00fanico<br \/>sobre o Projeto de Lei n\u00b0 2.896, de 2022.<br \/>REQUERIMENTO N\u00ba 810, DE Textos:<br \/>Mat\u00e9rias relacionadas: PL 2896\/2022.<br \/>2022 Avulso inicial da mat\u00e9ria &#8211; RQS n\u00ba <br \/>810\/2022<br \/>Senador Oriovisto Guimar\u00e3es<br \/>31 Solicita a oitiva da Comiss\u00e3o de Constitui\u00e7\u00e3o, Justi\u00e7a e  Vota\u00e7\u00e3o, em turno \u00fanico<br \/>Cidadania sobre o Projeto de Lei n\u00ba 2.896, de 2022.<br \/>REQUERIMENTO N\u00ba 811, DE Textos:<br \/>Mat\u00e9rias relacionadas: PL 2896\/2022.<br \/>2022 Avulso inicial da mat\u00e9ria &#8211; RQS n\u00ba <br \/>811\/2022<br \/>Senador Oriovisto Guimar\u00e3es<br \/>32 Solicita, nos termos dos arts. 336, II, e 338, IV, do  Vota\u00e7\u00e3o, em turno \u00fanico<br \/>Regimento Interno do Senado Federal, urg\u00eancia para o <br \/>REQUERIMENTO N\u00ba 24, DE Textos:<br \/>Projeto de Lei Complementar n\u00b0 77, de 2022.<br \/>2023 &#8211; CCDD Avulso inicial da mat\u00e9ria &#8211; REQ n\u00ba <br \/>Mat\u00e9rias relacionadas: PLP 77\/2022.<br \/>24\/2023<br \/>Senadora Daniella Ribeiro<br \/>33 Solicita, nos termos dos arts. 336, II, e 338, IV, do  Vota\u00e7\u00e3o, em turno \u00fanico<br \/>Regimento Interno do Senado Federal, urg\u00eancia para o <br \/>REQUERIMENTO N\u00ba 51, DE Textos:<br \/>Projeto de Lei Complementar n\u00ba 77, de 2022.<br \/>2023 &#8211; CAE Requerimento &#8211; REQ 51\/2023 &#8211; CAE<br \/>Mat\u00e9rias relacionadas: PLP 77\/2022.<br \/>Senadora Daniella Ribeiro<br \/>34 Solicita o desarquivamento do Projeto de Lei do Senado  Vota\u00e7\u00e3o, em turno \u00fanico<br \/>n\u00ba 208, de 2018.<br \/>REQUERIMENTO N\u00ba 79, DE Textos:<br \/>Mat\u00e9rias relacionadas: PLS 208\/2018.<br \/>2023 Avulso inicial da mat\u00e9ria &#8211; RQS n\u00ba <br \/>79\/2023<br \/>Senador Esperidi\u00e3o Amin<br \/>35 Solicita o desarquivamento das seguintes proposi\u00e7\u00f5es:  Vota\u00e7\u00e3o, em turno \u00fanico<br \/>PEC 19\/2018; PLS 433\/2018; PLS 315\/2017; PLS <br \/>REQUERIMENTO N\u00ba 135, DE Textos:<br \/>125\/2017; PLS 446\/2016; PLS 52\/2015; PLS 53\/2015; PLS <br \/>2023 Avulso inicial da mat\u00e9ria &#8211; RQS n\u00ba <br \/>54\/2015; PLS 148\/2015; PLS 151\/2015; PLS 150\/2015; <br \/>135\/2023<br \/>Senador Otto Alencar<br \/>PLS 250\/2015; PLS 424\/2015; PLS 425\/2015; PLS <br \/>705\/2015; PEC 145\/2015; PLS 15\/2016; PLS 344\/2016; e <br \/>PLS 365\/2016.<br \/>Mat\u00e9rias relacionadas: PEC 19\/2018.<br \/>36 Solicita urg\u00eancia para o Projeto de Lei n\u00ba 1.851, de 2022. Vota\u00e7\u00e3o, em turno \u00fanico<br \/>Mat\u00e9rias relacionadas: PL 1851\/2022.<br \/>REQUERIMENTO N\u00ba 207, DE Textos:<br \/>2023 Avulso inicial da mat\u00e9ria &#8211; RQS n\u00ba <br \/>207\/2023<br \/>Senadora Mara Gabrilli<br \/>37 Solicita o desarquivamento da Proposta de Emenda \u00e0  Vota\u00e7\u00e3o, em turno \u00fanico<br \/>Constitui\u00e7\u00e3o n\u00ba 8, de 2018.<br \/>REQUERIMENTO N\u00ba 213, DE Textos:<br \/>2023 Mat\u00e9rias relacionadas: PEC 8\/2018. Avulso inicial da mat\u00e9ria &#8211; RQS n\u00ba <br \/>213\/2023<br \/>Senador Davi Alcolumbre<br \/>38 Solicita a oitiva da Comiss\u00e3o de Assuntos Econ\u00f4micos  Vota\u00e7\u00e3o, em turno \u00fanico<br \/>sobre o Projeto de Lei n\u00ba 2.313, de 2019.<br \/>REQUERIMENTO N\u00ba 216, DE Textos:<br \/>Mat\u00e9rias relacionadas: PL 2313\/2019.<br \/>2023 Avulso inicial da mat\u00e9ria &#8211; RQS n\u00ba <br \/>216\/2023<br \/>Senador Vanderlan Cardoso<br \/>39 Solicita a oitiva da Comiss\u00e3o de Assuntos Econ\u00f4micos  Vota\u00e7\u00e3o, em turno \u00fanico<br \/>sobre o Projeto de Lei do Senado n\u00ba 357, de 2015.<br \/>REQUERIMENTO N\u00ba 218, DE Textos:<br \/>Mat\u00e9rias relacionadas: PLS 357\/2015.<br \/>2023 Avulso inicial da mat\u00e9ria &#8211; RQS n\u00ba <br \/>218\/2023<br \/>Senador Vanderlan CardosoORDEM DO DIA<br \/>sexta-feira, 8 de agosto de 2025<br \/>61<br \/>Proposi\u00e7\u00e3o Ementa Informa\u00e7\u00f5es<br \/>(Autor\/N\u00ba Origem)<br \/>40 Solicita o desarquivamento dos Projetos de Lei do  Vota\u00e7\u00e3o, em turno \u00fanico<br \/>Senado n\u00bas 226, de 2016; e 168, de 2018.<br \/>REQUERIMENTO N\u00ba 242, DE Textos:<br \/>Mat\u00e9rias relacionadas: PLS 168\/2018, PLS 226\/2016.<br \/>2023 Avulso inicial da mat\u00e9ria &#8211; RQS n\u00ba <br \/>242\/2023<br \/>Senador Luis Carlos Heinze<br \/>41 Solicita o desarquivamento das seguintes proposi\u00e7\u00f5es:  Vota\u00e7\u00e3o, em turno \u00fanico<br \/>PLS 225\/2015, PLS 227\/2015 e PLS 411\/2017.<br \/>REQUERIMENTO N\u00ba 250, DE Textos:<br \/>Mat\u00e9rias relacionadas: PLS 225\/2015, PLS 227\/2015, PLS <br \/>2023 Avulso inicial da mat\u00e9ria &#8211; RQS n\u00ba <br \/>411\/2017.<br \/>250\/2023<br \/>Senador Wilder Morais<br \/>42 Solicita a oitiva da Comiss\u00e3o de Assuntos Econ\u00f4micos  Vota\u00e7\u00e3o, em turno \u00fanico<br \/>sobre o Projeto de Lei n\u00ba 1.244, de 2021.<br \/>REQUERIMENTO N\u00ba 257, DE Textos:<br \/>Mat\u00e9rias relacionadas: PL 1244\/2021.<br \/>2023 Avulso inicial da mat\u00e9ria &#8211; RQS n\u00ba <br \/>257\/2023<br \/>Senador Chico Rodrigues<br \/>43 Solicita urg\u00eancia para o Projeto de Resolu\u00e7\u00e3o n\u00ba 9, de  Vota\u00e7\u00e3o, em turno \u00fanico<br \/>2023.<br \/>REQUERIMENTO N\u00ba 333, DE Textos:<br \/>Mat\u00e9rias relacionadas: PRS 9\/2023.<br \/>2023 Avulso inicial da mat\u00e9ria &#8211; RQS n\u00ba <br \/>333\/2023<br \/>L\u00edder Bloco Parlamentar da <br \/>Resist\u00eancia Democr\u00e1tica: <br \/>Eliziane Gama<br \/>44 Solicita a oitiva da Comiss\u00e3o de Agricultura e Reforma  Vota\u00e7\u00e3o, em turno \u00fanico<br \/>Agr\u00e1ria sobre o Projeto de Lei n\u00ba 2.898, de 2019.<br \/>REQUERIMENTO N\u00ba 488, DE Textos:<br \/>Mat\u00e9rias relacionadas: PL 2898\/2019.<br \/>2023 Avulso inicial da mat\u00e9ria &#8211; RQS n\u00ba <br \/>488\/2023<br \/>Senador Luis Carlos Heinze<br \/>45 Solicita a retirada, em car\u00e1ter definitivo, de tramita\u00e7\u00e3o  Vota\u00e7\u00e3o, em turno \u00fanico<br \/>do Projeto de Lei n\u00ba 4.203, de 2019.<br \/>REQUERIMENTO N\u00ba 679, DE Textos:<br \/>Mat\u00e9rias relacionadas: PL 4203\/2019.<br \/>2023 Requerimento &#8211; RQS 679\/2023<br \/>Senador Jorge Kajuru<br \/>46 Solicita, nos termos dos arts. 336, III, e 338, III, do  Vota\u00e7\u00e3o, em turno \u00fanico<br \/>Regimento Interno do Senado Federal, urg\u00eancia para o <br \/>REQUERIMENTO N\u00ba 737, DE Textos:<br \/>Projeto de Resolu\u00e7\u00e3o n\u00ba 80, de 2019.<br \/>2023 Avulso inicial da mat\u00e9ria &#8211; RQS n\u00ba <br \/>Mat\u00e9rias relacionadas: PRS 80\/2019.<br \/>737\/2023<br \/>L\u00edder Bloco Parlamentar da <br \/>Resist\u00eancia Democr\u00e1tica: <br \/>Eliziane Gama<br \/>47 Solicita, nos termos dos arts. 336, II, e 338, II, do  Vota\u00e7\u00e3o, em turno \u00fanico<br \/>Regimento Interno do Senado Federal, urg\u00eancia para o <br \/>REQUERIMENTO N\u00ba 738, DE Textos:<br \/>Projeto de Lei n\u00ba 2.801, de 2022.<br \/>2023 Avulso inicial da mat\u00e9ria &#8211; RQS n\u00ba <br \/>Mat\u00e9rias relacionadas: PL 2801\/2022.<br \/>738\/2023<br \/>Senadora Damares Alves<br \/>48 Solicita, nos termos dos arts. 336, III, e 338, III, do  Vota\u00e7\u00e3o, em turno \u00fanico<br \/>Regimento Interno do Senado Federal, urg\u00eancia para o <br \/>REQUERIMENTO N\u00ba 786, DE Textos:<br \/>Projeto de Resolu\u00e7\u00e3o n\u00ba 11, de 2019.<br \/>2023 Avulso inicial da mat\u00e9ria &#8211; RQS n\u00ba <br \/>Mat\u00e9rias relacionadas: PRS 11\/2019.<br \/>786\/2023<br \/>Senador Rogerio Marinho<br \/>49 Solicita o adiamento da vota\u00e7\u00e3o do Projeto de Lei do  Vota\u00e7\u00e3o, em turno \u00fanico<br \/>Senado n\u00ba 235, de 2018, para reexame pela Comiss\u00e3o de <br \/>REQUERIMENTO N\u00ba 804, DE Textos:<br \/>Assuntos Sociais do Projeto de Lei do Senado n\u00ba 235, de <br \/>2023 Avulso inicial da mat\u00e9ria &#8211; RQS n\u00ba <br \/>2018.<br \/>804\/2023<br \/>Senador Jaques Wagner<br \/>Mat\u00e9rias relacionadas: PLS 235\/2018.ORDEM DO DIA<br \/>sexta-feira, 8 de agosto de 2025<br \/>62<br \/>Proposi\u00e7\u00e3o Ementa Informa\u00e7\u00f5es<br \/>(Autor\/N\u00ba Origem)<br \/>50 Solicita o adiamento de discuss\u00e3o do Projeto de Lei  Vota\u00e7\u00e3o, em turno \u00fanico<br \/>Complementar n\u00ba 188, de 2019, para audi\u00eancia da <br \/>REQUERIMENTO N\u00ba 819, DE Textos:<br \/>Comiss\u00e3o de Constitui\u00e7\u00e3o, Justi\u00e7a e Cidadania sobre a <br \/>2023 Avulso inicial da mat\u00e9ria &#8211; RQS n\u00ba <br \/>mat\u00e9ria.<br \/>819\/2023<br \/>Senadora Zenaide Maia<br \/>51 Solicita a oitiva da Comiss\u00e3o de Desenvolvimento  Vota\u00e7\u00e3o, em turno \u00fanico<br \/>Regional e Turismo sobre o Projeto de Lei n\u00ba 3.649, de <br \/>REQUERIMENTO N\u00ba 881, DE Textos:<br \/>2023.<br \/>2023 Avulso inicial da mat\u00e9ria &#8211; RQS n\u00ba <br \/>Mat\u00e9rias relacionadas: PL 3649\/2023.<br \/>881\/2023<br \/>Senador Fabiano Contarato<br \/>52 Solicita, nos termos dos arts. 336, II, e 338, IV, do  Vota\u00e7\u00e3o, em turno \u00fanico<br \/>Regimento Interno do Senado Federal, urg\u00eancia para <br \/>REQUERIMENTO N\u00ba 3, DE 2024 Textos:<br \/>o Projeto de Resolu\u00e7\u00e3o n\u00ba 75, de 2023, que institui <br \/>&#8211; CCT Avulso inicial da mat\u00e9ria &#8211; REQ n\u00ba <br \/>a Comenda Carlos Chagas de Ci\u00eancia e Tecnologia, <br \/>3\/2024<br \/>Comiss\u00e3o de Ci\u00eancia, <br \/>destinada a agraciar personalidades com contribui\u00e7\u00e3o <br \/>Tecnologia, Inova\u00e7\u00e3o, <br \/>relevante na \u00e1rea de ci\u00eancia e tecnologia.<br \/>Comunica\u00e7\u00e3o e Inform\u00e1tica<br \/>Mat\u00e9rias relacionadas: PRS 75\/2023.<br \/>53 Solicita, nos termos dos arts. 336, II, e 338, IV, do  Vota\u00e7\u00e3o, em turno \u00fanico<br \/>Regimento Interno do Senado Federal, urg\u00eancia para <br \/>REQUERIMENTO N\u00ba 25, DE Textos:<br \/>o Projeto de Lei n\u00ba 3780, de 2023, que &#8220;altera o <br \/>2024 &#8211; CCJ Avulso inicial da mat\u00e9ria &#8211; REQ n\u00ba <br \/>Decreto-Lei n\u00ba 2.848, de 7 de dezembro de 1940 (C\u00f3digo <br \/>25\/2024<br \/>Comiss\u00e3o de Constitui\u00e7\u00e3o, Penal), a fim de majorar as penas previstas para os <br \/>Justi\u00e7a e Cidadania crimes de furto, roubo, recepta\u00e7\u00e3o, recepta\u00e7\u00e3o de animal <br \/>e interrup\u00e7\u00e3o ou perturba\u00e7\u00e3o de servi\u00e7o telegr\u00e1fico, <br \/>telef\u00f4nico, inform\u00e1tico, telem\u00e1tico ou de informa\u00e7\u00e3o de <br \/>utilidade p\u00fablica, bem como para tipificar os crimes de <br \/>recep\u00e7\u00e3o de animal dom\u00e9stico e de fraude banc\u00e1ria&#8221;.<br \/>Mat\u00e9rias relacionadas: PL 3780\/2023.<br \/>54 Solicita, nos termos dos arts. 336, II, e 338, IV, do  Vota\u00e7\u00e3o, em turno \u00fanico<br \/>Regimento Interno do Senado Federal, urg\u00eancia para o <br \/>REQUERIMENTO N\u00ba 27, DE Textos:<br \/>Projeto de Lei Complementar n\u00ba 49, de 2022.<br \/>2024 &#8211; CAE Avulso inicial da mat\u00e9ria &#8211; REQ n\u00ba <br \/>Mat\u00e9rias relacionadas: PLP 49\/2022.<br \/>27\/2024<br \/>Comiss\u00e3o de Assuntos <br \/>Econ\u00f4micos<br \/>55 Solicita, nos termos dos arts. 336, II, e 338, IV, do  Vota\u00e7\u00e3o, em turno \u00fanico<br \/>Regimento Interno do Senado Federal, urg\u00eancia para <br \/>REQUERIMENTO N\u00ba 33, DE Textos:<br \/>o Projeto de Lei da C\u00e2mara n\u00ba 159, de 2017, que <br \/>2024 &#8211; CTFC Avulso inicial da mat\u00e9ria &#8211; REQ n\u00ba <br \/>&#8220;altera a Lei n\u00ba 9.503, de 23 de 1997 (C\u00f3digo de <br \/>33\/2024<br \/>Comiss\u00e3o de Transpar\u00eancia, Tr\u00e2nsito Brasileiro), para incluir entre os equipamentos <br \/>Governan\u00e7a, Fiscaliza\u00e7\u00e3o obrigat\u00f3rios dos ve\u00edculos extintor de inc\u00eandio com carga <br \/>e Controle e Defesa do de p\u00f3 ABC&#8221;.<br \/>Consumidor<br \/>Mat\u00e9rias relacionadas: PLC 159\/2017.<br \/>56 Solicita, nos termos dos arts. 336, II, e 338, IV, do  Vota\u00e7\u00e3o, em turno \u00fanico<br \/>Regimento Interno do Senado Federal, urg\u00eancia para <br \/>REQUERIMENTO N\u00ba 33, DE Textos:<br \/>o Projeto de Lei n\u00ba 4.088, de 2023 (altera o art. 26 <br \/>2024 &#8211; CE Avulso inicial da mat\u00e9ria &#8211; REQ n\u00ba <br \/>da Lei n\u00ba 9.394, de 20 de dezembro de 1996 (Lei <br \/>33\/2024<br \/>Senador Styvenson Valentim<br \/>de Diretrizes e Bases da Educa\u00e7\u00e3o Nacional), para <br \/>incluir educa\u00e7\u00e3o pol\u00edtica e direito a cidadania como <br \/>componente curricular obrigat\u00f3rio da educa\u00e7\u00e3o b\u00e1sica).<br \/>Mat\u00e9rias relacionadas: PL 4088\/2023.ORDEM DO DIA<br \/>sexta-feira, 8 de agosto de 2025<br \/>63<br \/>Proposi\u00e7\u00e3o Ementa Informa\u00e7\u00f5es<br \/>(Autor\/N\u00ba Origem)<br \/>57 Solicita urg\u00eancia para o Projeto de Lei Complementar n\u00ba  Vota\u00e7\u00e3o, em turno \u00fanico<br \/>35, de 2022, nos termos do art. 336, II, do Regimento <br \/>REQUERIMENTO N\u00ba 47, DE Textos:<br \/>Interno do Senado Federal.<br \/>2024 &#8211; CAE Avulso inicial da mat\u00e9ria &#8211; REQ n\u00ba <br \/>Mat\u00e9rias relacionadas: PLP 35\/2022.<br \/>47\/2024<br \/>Comiss\u00e3o de Assuntos <br \/>Econ\u00f4micos<br \/>58 Solicita, nos termos dos arts. 336, II, e 338, IV, do  Vota\u00e7\u00e3o, em turno \u00fanico<br \/>Regimento Interno do Senado Federal, urg\u00eancia para o <br \/>REQUERIMENTO N\u00ba 53, DE Textos:<br \/>Projeto de Lei n\u00ba 5.002, de 2023.<br \/>2024 &#8211; CAE Avulso inicial da mat\u00e9ria &#8211; REQ n\u00ba <br \/>Mat\u00e9rias relacionadas: PL 5002\/2023.<br \/>53\/2024<br \/>Senador Esperidi\u00e3o Amin<br \/>59 Solicita, nos termos dos arts. 336, II, e 338, IV, do  Vota\u00e7\u00e3o, em turno \u00fanico<br \/>Regimento Interno do Senado Federal, urg\u00eancia para o <br \/>REQUERIMENTO N\u00ba 61, DE Textos:<br \/>Projeto de Lei n\u00ba 418, de 2024 (Substitutivo-CD), que <br \/>2024 &#8211; CAS Requerimento &#8211; REQ 61\/2024 &#8211; CAS<br \/>&#8220;altera a Lei n\u00ba 8.080, de 19 de setembro de 1990 (Lei <br \/>Senador Izalci Lucas<br \/>Org\u00e2nica da Sa\u00fade), para dispor sobre a obrigatoriedade <br \/>de publica\u00e7\u00e3o na internet de informa\u00e7\u00f5es aos usu\u00e1rios <br \/>do Sistema \u00danico de Sa\u00fade (SUS)&#8221;.<br \/>Mat\u00e9rias relacionadas: PL 418\/2024 (Substitutivo-CD).<br \/>60 Solicita, nos termos dos arts. 336, III, e 338, IV, do  Vota\u00e7\u00e3o, em turno \u00fanico<br \/>Regimento Interno do Senado Federal, urg\u00eancia para <br \/>REQUERIMENTO N\u00ba 66, DE Textos:<br \/>o Projeto de Resolu\u00e7\u00e3o n\u00ba 17, de 2024, que altera o <br \/>2024 &#8211; CCDD Avulso inicial da mat\u00e9ria &#8211; REQ n\u00ba <br \/>Regimento Interno do Senado Federal, para determinar <br \/>66\/2024<br \/>Comiss\u00e3o de Comunica\u00e7\u00e3o e o uso de sistema de vota\u00e7\u00e3o virtual no exerc\u00edcio da <br \/>Direito Digital compet\u00eancia de outorga e renova\u00e7\u00e3o de concess\u00e3o, <br \/>permiss\u00e3o e autoriza\u00e7\u00e3o para servi\u00e7os de radiodifus\u00e3o <br \/>sonora e de sons e imagens, no \u00e2mbito da Comiss\u00e3o <br \/>de Comunica\u00e7\u00e3o e Direito Digital, e modificar a sigla da <br \/>Comiss\u00e3o.<br \/>Mat\u00e9rias relacionadas: PRS 17\/2024.<br \/>61 Solicita o adiamento da discuss\u00e3o da Proposta de  Vota\u00e7\u00e3o, em turno \u00fanico<br \/>Emenda \u00e0 Constitui\u00e7\u00e3o n\u00ba 42, de 2023, para reexame <br \/>REQUERIMENTO N\u00ba 76, DE Textos:<br \/>pela Comiss\u00e3o de Constitui\u00e7\u00e3o, Justi\u00e7a e Cidadania.<br \/>2024 Avulso inicial da mat\u00e9ria &#8211; RQS n\u00ba <br \/>Mat\u00e9rias relacionadas: PEC 42\/2023.<br \/>76\/2024<br \/>Senador Hamilton Mour\u00e3o<br \/>62 Solicita, nos termos dos arts. 336, II, e 338, IV, do  Vota\u00e7\u00e3o, em turno \u00fanico<br \/>Regimento Interno do Senado Federal, urg\u00eancia para o <br \/>REQUERIMENTO N\u00ba 109, DE Textos:<br \/>Projeto de Lei Complementar n\u00ba 23, de 2019.<br \/>2024 &#8211; CAE Avulso inicial da mat\u00e9ria &#8211; REQ n\u00ba <br \/>Mat\u00e9rias relacionadas: PLP 23\/2019.<br \/>109\/2024<br \/>Comiss\u00e3o de Assuntos <br \/>Econ\u00f4micos<br \/>63 Solicita urg\u00eancia para o Projeto de Lei n\u00ba 537, de 2019,  Vota\u00e7\u00e3o, em turno \u00fanico<br \/>nos termos do art. 336, II, do Regimento Interno do <br \/>REQUERIMENTO N\u00ba 135, DE Textos:<br \/>Senado Federal.<br \/>2024 &#8211; CAE Avulso inicial da mat\u00e9ria &#8211; REQ n\u00ba <br \/>Mat\u00e9rias relacionadas: PL 537\/2019.<br \/>135\/2024<br \/>Comiss\u00e3o de Assuntos <br \/>Econ\u00f4micosORDEM DO DIA<br \/>sexta-feira, 8 de agosto de 2025<br \/>64<br \/>Proposi\u00e7\u00e3o Ementa Informa\u00e7\u00f5es<br \/>(Autor\/N\u00ba Origem)<br \/>64 Solicita urg\u00eancia para o Projeto de Lei Complementar n\u00ba  Vota\u00e7\u00e3o, em turno \u00fanico<br \/>167, de 2023, nos termos dos arts. 336, II, e 338, II, do <br \/>REQUERIMENTO N\u00ba 138, DE Textos:<br \/>Regimento Interno do Senado Federal.<br \/>2024 Avulso inicial da mat\u00e9ria &#8211; RQS n\u00ba <br \/>Mat\u00e9rias relacionadas: PLP 167\/2023.<br \/>138\/2024<br \/>L\u00edder Bloco Parlamentar da <br \/>Resist\u00eancia Democr\u00e1tica: <br \/>Eliziane Gama<br \/>65 Solicita urg\u00eancia para o Projeto de Lei n\u00ba 5.781 de 2023,  Vota\u00e7\u00e3o, em turno \u00fanico<br \/>nos termos dos arts. 336, II, e 338, II, do Regimento <br \/>REQUERIMENTO N\u00ba 170, DE Textos:<br \/>Interno do Senado Federal.<br \/>2024 Avulso inicial da mat\u00e9ria &#8211; RQS n\u00ba <br \/>Mat\u00e9rias relacionadas: PL 5781\/2023.<br \/>170\/2024<br \/>L\u00edder Bancada Feminina no <br \/>Senado Federal: Daniella <br \/>Ribeiro<br \/>66 Solicita urg\u00eancia para o Projeto de Lei n\u00ba 715, de 2019,  Vota\u00e7\u00e3o, em turno \u00fanico<br \/>nos termos dos arts. 336, II, e 338, II, do Regimento <br \/>REQUERIMENTO N\u00ba 171, DE Textos:<br \/>Interno do Senado Federal.<br \/>2024 Avulso inicial da mat\u00e9ria &#8211; RQS n\u00ba <br \/>Mat\u00e9rias relacionadas: PL 715\/2019.<br \/>171\/2024<br \/>L\u00edder Bancada Feminina no <br \/>Senado Federal: Daniella <br \/>Ribeiro<br \/>67 Solicita, nos termos dos arts. 336, II, e 338, IV, do  Vota\u00e7\u00e3o, em turno \u00fanico<br \/>Regimento Interno do Senado Federal, urg\u00eancia para o <br \/>REQUERIMENTO N\u00ba 175, DE Textos:<br \/>Projeto de Lei n\u00ba 537, de 2019.<br \/>2024 &#8211; CAE Avulso inicial da mat\u00e9ria &#8211; REQ n\u00ba <br \/>Mat\u00e9rias relacionadas: PL 537\/2019.<br \/>175\/2024<br \/>Comiss\u00e3o de Assuntos <br \/>Econ\u00f4micos<br \/>68 Solicita a oitiva da Comiss\u00e3o de Constitui\u00e7\u00e3o, Justi\u00e7a e  Vota\u00e7\u00e3o, em turno \u00fanico<br \/>Cidadania sobre o Projeto de Lei n\u00ba 1.838, de 2023.<br \/>REQUERIMENTO N\u00ba 189, DE Textos:<br \/>Mat\u00e9rias relacionadas: PL 1838\/2023.<br \/>2024 Avulso inicial da mat\u00e9ria &#8211; RQS n\u00ba <br \/>189\/2024<br \/>Senador Humberto Costa<br \/>69 Solicita a oitiva da Comiss\u00e3o de Assuntos Sociais sobre o  Vota\u00e7\u00e3o, em turno \u00fanico<br \/>Projeto de Lei n\u00ba 1.838, de 2023.<br \/>REQUERIMENTO N\u00ba 190, DE Textos:<br \/>Mat\u00e9rias relacionadas: PL 1838\/2023.<br \/>2024 Avulso inicial da mat\u00e9ria &#8211; RQS n\u00ba <br \/>190\/2024<br \/>Senador Humberto Costa<br \/>70 Solicita urg\u00eancia para o Projeto de Decreto Legislativo n\u00ba  Vota\u00e7\u00e3o, em turno \u00fanico<br \/>202, de 2024, nos termos dos arts. 336, III, e 338, III, do <br \/>REQUERIMENTO N\u00ba 270, DE Textos:<br \/>Regimento Interno do Senado Federal.<br \/>2024 Avulso inicial da mat\u00e9ria &#8211; RQS n\u00ba <br \/>Mat\u00e9rias relacionadas: PDL 202\/2024.<br \/>270\/2024<br \/>L\u00edder REPUBLICANOS: Mecias <br \/>de Jesus<br \/>71 Solicita urg\u00eancia para o Projeto de Lei Complementar n\u00ba  Vota\u00e7\u00e3o, em turno \u00fanico<br \/>146, de 2021, nos termos dos arts. 336, III, e 338, III, do <br \/>REQUERIMENTO N\u00ba 405, DE Textos:<br \/>Regimento Interno do Senado Federal.<br \/>2024 Avulso inicial da mat\u00e9ria &#8211; RQS n\u00ba <br \/>Mat\u00e9rias relacionadas: PLP 146\/2021.<br \/>405\/2024<br \/>L\u00edder Bloco Parlamentar <br \/>Democracia: Efraim Filho<br \/>72 Solicita a retirada de tramita\u00e7\u00e3o, em car\u00e1ter definitivo,  Vota\u00e7\u00e3o, em turno \u00fanico<br \/>do Projeto de Resolu\u00e7\u00e3o do Senado n\u00ba 13, de 2022.<br \/>REQUERIMENTO N\u00ba 505, DE Textos:<br \/>Mat\u00e9rias relacionadas: PRS 13\/2022.<br \/>2024 Avulso inicial da mat\u00e9ria &#8211; RQS n\u00ba <br \/>505\/2024<br \/>Senador Zequinha MarinhoORDEM DO DIA<br \/>sexta-feira, 8 de agosto de 2025<br \/>65<br \/>Proposi\u00e7\u00e3o Ementa Informa\u00e7\u00f5es<br \/>(Autor\/N\u00ba Origem)<br \/>73 Solicita urg\u00eancia para o Projeto de Lei n\u00ba 715, de 2023,  Vota\u00e7\u00e3o, em turno \u00fanico<br \/>nos termos dos arts. 336, III, e 338, III, do Regimento <br \/>REQUERIMENTO N\u00ba 516, DE Textos:<br \/>Interno do Senado Federal.<br \/>2024 Avulso inicial da mat\u00e9ria &#8211; RQS n\u00ba <br \/>Mat\u00e9rias relacionadas: PL 715\/2023.<br \/>516\/2024<br \/>Senadora Rosana Martinelli<br \/>74 Solicita urg\u00eancia para o Projeto de Lei n\u00ba 1.536, de 2024,  Vota\u00e7\u00e3o, em turno \u00fanico<br \/>nos termos dos arts. 336, III, e 338, III, do Regimento <br \/>REQUERIMENTO N\u00ba 532, DE Textos:<br \/>Interno do Senado Federal.<br \/>2024 Avulso inicial da mat\u00e9ria &#8211; RQS n\u00ba <br \/>Mat\u00e9rias relacionadas: PL 1536\/2024.<br \/>532\/2024<br \/>L\u00edder Bloco Parlamentar <br \/>Vanguarda: Astronauta Marcos <br \/>Pontes<br \/>75 Solicita a oitiva da Comiss\u00e3o de Constitui\u00e7\u00e3o, Justi\u00e7a e  Vota\u00e7\u00e3o, em turno \u00fanico<br \/>Cidadania sobre o Projeto de Lei n\u00ba 3.670, de 2023.<br \/>REQUERIMENTO N\u00ba 572, DE Textos:<br \/>Mat\u00e9rias relacionadas: PL 3670\/2023.<br \/>2024 Avulso inicial da mat\u00e9ria &#8211; RQS n\u00ba <br \/>572\/2024<br \/>Senador Beto Faro<br \/>76 Solicita urg\u00eancia para o Projeto de Resolu\u00e7\u00e3o n\u00b0 11,  Vota\u00e7\u00e3o, em turno \u00fanico<br \/>de 2019, nos termos dos arts. 336, III, e 338, III, do <br \/>REQUERIMENTO N\u00ba 643, DE Textos:<br \/>Regimento Interno do Senado Federal.<br \/>2024 Avulso inicial da mat\u00e9ria &#8211; RQS n\u00ba <br \/>Mat\u00e9rias relacionadas: PRS 11\/2019.<br \/>643\/2024<br \/>L\u00edder Partido Novo: Eduardo <br \/>Gir\u00e3o<br \/>77 Solicita calend\u00e1rio especial para a Proposta de Emenda \u00e0  Vota\u00e7\u00e3o, em turno \u00fanico<br \/>Constitui\u00e7\u00e3o n\u00ba 7, de 2021.<br \/>REQUERIMENTO N\u00ba 655, DE Textos:<br \/>Mat\u00e9rias relacionadas: PEC 7\/2021.<br \/>2024 Avulso inicial da mat\u00e9ria &#8211; RQS n\u00ba <br \/>655\/2024<br \/>L\u00edder Bloco Parlamentar da <br \/>Resist\u00eancia Democr\u00e1tica: Otto <br \/>Alencar<br \/>78 Solicita urg\u00eancia para o Projeto de Lei n\u00ba 565, de 2022,  Vota\u00e7\u00e3o, em turno \u00fanico<br \/>nos termos dos arts. 336, II, e 338, II, do Regimento <br \/>REQUERIMENTO N\u00ba 681, DE Textos:<br \/>Interno do Senado Federal.<br \/>2024 Avulso inicial da mat\u00e9ria &#8211; RQS n\u00ba <br \/>Mat\u00e9rias relacionadas: PL 565\/2022.<br \/>681\/2024<br \/>L\u00edder Bloco Parlamentar da <br \/>Resist\u00eancia Democr\u00e1tica: Otto <br \/>Alencar<br \/>79 Solicita a oitiva da Comiss\u00e3o de Desenvolvimento  Vota\u00e7\u00e3o, em turno \u00fanico<br \/>Regional e Turismo sobre o Projeto de Lei n\u00ba 1.649, de <br \/>REQUERIMENTO N\u00ba 683, DE Textos:<br \/>2024.<br \/>2024 Avulso inicial da mat\u00e9ria &#8211; RQS n\u00ba <br \/>Mat\u00e9rias relacionadas: PL 1649\/2024.<br \/>683\/2024<br \/>Senador Jorge Kajuru<br \/>80 Solicita a oitiva da Comiss\u00e3o de Assuntos Econ\u00f4micos  Vota\u00e7\u00e3o, em turno \u00fanico<br \/>sobre o Projeto de Lei da C\u00e2mara n\u00ba 34, de 2015.<br \/>REQUERIMENTO N\u00ba 719, DE Textos:<br \/>Mat\u00e9rias relacionadas: PLC 34\/2015.<br \/>2024 Avulso inicial da mat\u00e9ria &#8211; RQS n\u00ba <br \/>719\/2024<br \/>Senadora Rosana Martinelli<br \/>81 Solicita urg\u00eancia para o Projeto de Decreto Legislativo n\u00ba  Vota\u00e7\u00e3o, em turno \u00fanico<br \/>719, de 2024, nos termos dos arts. 336, III, e 338, III, do <br \/>REQUERIMENTO N\u00ba 951, DE Textos:<br \/>Regimento Interno do Senado Federal.<br \/>2024 Avulso inicial da mat\u00e9ria &#8211; RQS n\u00ba <br \/>Mat\u00e9rias relacionadas: PDL 719\/2024.<br \/>951\/2024<br \/>L\u00edder Partido Social <br \/>Democr\u00e1tico: Omar AzizORDEM DO DIA<br \/>sexta-feira, 8 de agosto de 2025<br \/>66<br \/>Proposi\u00e7\u00e3o Ementa Informa\u00e7\u00f5es<br \/>(Autor\/N\u00ba Origem)<br \/>82 Solicita, nos termos dos arts. 336, II, e 338, IV, do  Vota\u00e7\u00e3o, em turno \u00fanico<br \/>Regimento Interno do Senado Federal, urg\u00eancia para <br \/>REQUERIMENTO N\u00ba 10, DE Textos:<br \/>o PL 3346\/2019, que &#8220;altera a Consolida\u00e7\u00e3o das Leis <br \/>2025 &#8211; CAS Avulso inicial da mat\u00e9ria &#8211; REQ n\u00ba <br \/>do Trabalho (CLT), aprovada pelo Decreto-Lei n\u00ba 5.452, <br \/>10\/2025<br \/>Comiss\u00e3o de Assuntos Sociais de 1\u00ba de maio de 1943, e a Lei n\u00ba 8.112, de 11 de <br \/>dezembro de 1990, para assegurar adapta\u00e7\u00e3o razo\u00e1vel <br \/>do hor\u00e1rio de trabalho que permita presta\u00e7\u00e3o alternativa <br \/>ao empregado e ao servidor p\u00fablico, em virtude de <br \/>escusa de consci\u00eancia, quando o seu dia de guarda <br \/>religioso coincidir com os dias ou os turnos do exerc\u00edcio <br \/>de atividades laborais&#8221;.<br \/>Mat\u00e9rias relacionadas: PL 3346\/2019.<br \/>83 Requer calend\u00e1rio especial para a Proposta de Emenda \u00e0  Vota\u00e7\u00e3o, em turno \u00fanico<br \/>Constitui\u00e7\u00e3o n\u00ba 12, de 2022, a fim de que a mat\u00e9ria seja <br \/>REQUERIMENTO N\u00ba 11, DE Textos:<br \/>apreciada com urg\u00eancia.<br \/>2025 &#8211; CCJ Avulso inicial da mat\u00e9ria &#8211; REQ n\u00ba <br \/>Mat\u00e9rias relacionadas: PEC 12\/2022. 11\/2025<br \/>Comiss\u00e3o de Constitui\u00e7\u00e3o, <br \/>Justi\u00e7a e Cidadania<br \/>84 Solicita urg\u00eancia para o Projeto de Lei n\u00ba 1, de 2025, nos  Vota\u00e7\u00e3o, em turno \u00fanico<br \/>termos do art. 336, II, combinado com o art. 338, IV, do <br \/>REQUERIMENTO N\u00ba 16, DE Textos:<br \/>Regimento Interno.<br \/>2025 &#8211; CCJ Avulso inicial da mat\u00e9ria &#8211; REQ n\u00ba <br \/>Mat\u00e9rias relacionadas: PL 1\/2025.<br \/>16\/2025<br \/>Comiss\u00e3o de Constitui\u00e7\u00e3o, <br \/>Justi\u00e7a e Cidadania<br \/>85 Solicita, nos termos dos arts. 336, II, e 338, IV, do  Vota\u00e7\u00e3o, em turno \u00fanico<br \/>Regimento Interno do Senado Federal, urg\u00eancia para o <br \/>REQUERIMENTO N\u00ba 17, DE Textos:<br \/>PL 2, de 2025, que &#8220;reestrutura cargos da magistratura <br \/>2025 &#8211; CCJ Avulso inicial da mat\u00e9ria &#8211; REQ n\u00ba <br \/>no quadro permanente da Justi\u00e7a Federal da 1\u00aa Regi\u00e3o; e <br \/>17\/2025<br \/>Comiss\u00e3o de Constitui\u00e7\u00e3o, cria a 2\u00aa Turma Recursal dos Juizados Especiais Federais <br \/>Justi\u00e7a e Cidadania da Se\u00e7\u00e3o Judici\u00e1ria do Piau\u00ed&#8221;.<br \/>Mat\u00e9rias relacionadas: PL 2\/2025.<br \/>86 Solicita urg\u00eancia para o Projeto de Decreto Legislativo n\u00ba  Vota\u00e7\u00e3o, em turno \u00fanico<br \/>50, de 2025, nos termos dos arts. 336, III, e 338, III, do <br \/>REQUERIMENTO N\u00ba 38, DE Textos:<br \/>Regimento Interno do Senado Federal.<br \/>2025 Avulso inicial da mat\u00e9ria &#8211; RQS n\u00ba <br \/>Mat\u00e9rias relacionadas: PDL 50\/2025.<br \/>38\/2025<br \/>L\u00edder REPUBLICANOS: Mecias <br \/>de Jesus<br \/>87 Solicita, nos termos dos arts. 336, II, e 338, IV, do  Vota\u00e7\u00e3o, em turno \u00fanico<br \/>Regimento Interno do Senado Federal, urg\u00eancia para o PL <br \/>REQUERIMENTO N\u00ba 39, DE Textos:<br \/>2830\/2019, que ?modifica o art. 883-A da Consolida\u00e7\u00e3o <br \/>2025 &#8211; CAS Avulso inicial da mat\u00e9ria &#8211; REQ n\u00ba <br \/>das Leis do Trabalho (CLT), aprovada pelo Decreto-Lei n\u00ba <br \/>39\/2025<br \/>Comiss\u00e3o de Assuntos Sociais 5.452, de 1\u00ba de maio de 1943, para estabelecer que a <br \/>decis\u00e3o judicial transitada em julgado poder\u00e1 ser levada <br \/>a protesto, gerar inscri\u00e7\u00e3o do nome do executado em <br \/>\u00f3rg\u00e3os de prote\u00e7\u00e3o ao cr\u00e9dito ou no Banco Nacional de <br \/>Devedores Trabalhistas (BNDT) depois de transcorrido o <br \/>prazo de 15 (quinze) dias da cita\u00e7\u00e3o do executado, se n\u00e3o <br \/>houver garantia do ju\u00edzo?.<br \/>Mat\u00e9rias relacionadas: PL 2830\/2019.ORDEM DO DIA<br \/>sexta-feira, 8 de agosto de 2025<br \/>67<br \/>Proposi\u00e7\u00e3o Ementa Informa\u00e7\u00f5es<br \/>(Autor\/N\u00ba Origem)<br \/>88 Solicita urg\u00eancia para o Projeto de Decreto Legislativo  Vota\u00e7\u00e3o, em turno \u00fanico<br \/>n\u00ba 49\/2025, nos termos dos arts. 336, III, e 338, III, do <br \/>REQUERIMENTO N\u00ba 57, DE Textos:<br \/>Regimento Interno do Senado Federal.<br \/>2025 Avulso inicial da mat\u00e9ria &#8211; RQS n\u00ba <br \/>Mat\u00e9rias relacionadas: PDL 49\/2025.<br \/>57\/2025<br \/>L\u00edder REPUBLICANOS: Mecias <br \/>de Jesus<br \/>89 Solicita, nos termos dos arts. 336, II, e 338, IV, do  Vota\u00e7\u00e3o, em turno \u00fanico<br \/>Regimento Interno do Senado Federal, urg\u00eancia para o <br \/>REQUERIMENTO N\u00ba 62, DE Textos:<br \/>Projeto de Lei n\u00ba 2.549, de 2024.<br \/>2025 &#8211; CDH Avulso inicial da mat\u00e9ria &#8211; REQ n\u00ba <br \/>Mat\u00e9rias relacionadas: PL 2549\/2024.<br \/>62\/2025<br \/>Comiss\u00e3o de Direitos Humanos <br \/>e Legisla\u00e7\u00e3o Participativa<br \/>90 Solicita, nos termos dos arts. 336, II, e 338, IV, do  Vota\u00e7\u00e3o, em turno \u00fanico<br \/>Regimento Interno do Senado Federal, urg\u00eancia para <br \/>REQUERIMENTO N\u00ba 67, DE Textos:<br \/>o PL 1764\/2024, que &#8220;disp\u00f5e sobre a\u00e7\u00f5es relacionadas <br \/>2025 &#8211; CAS Avulso inicial da mat\u00e9ria &#8211; REQ n\u00ba <br \/>ao enfrentamento do parto prematuro e institui o <br \/>67\/2025<br \/>Comiss\u00e3o de Assuntos Sociais<br \/>Novembro Roxo, o Dia Nacional da Prematuridade e a <br \/>Semana da Prematuridade&#8221;.<br \/>Mat\u00e9rias relacionadas: PL 1764\/2024.<br \/>91 Solicita o adiamento da vota\u00e7\u00e3o do Projeto de Lei da  Vota\u00e7\u00e3o, em turno \u00fanico<br \/>C\u00e2mara n\u00ba 159\/2017, para reexame da Comiss\u00e3o de <br \/>REQUERIMENTO N\u00ba 80, DE Textos:<br \/>Transpar\u00eancia, Governan\u00e7a, Fiscaliza\u00e7\u00e3o e Controle e <br \/>2025 Avulso inicial da mat\u00e9ria &#8211; RQS n\u00ba <br \/>Defesa do Consumidor.<br \/>80\/2025<br \/>Senador Cleitinho<br \/>Mat\u00e9rias relacionadas: PLC 159\/2017, RQS 106\/2025, RQS <br \/>83\/2025, RQS 87\/2025, RQS 88\/2025, RQS 89\/2025, RQS 90\/2025,<br \/>RQS 91\/2025, RQS 93\/2025, RQS 97\/2025.<br \/>92 Solicita a oitiva da Comiss\u00e3o de Agricultura e Reforma  Vota\u00e7\u00e3o, em turno \u00fanico<br \/>Agr\u00e1ria sobre o Projeto de Lei n\u00ba 3011\/2021.<br \/>REQUERIMENTO N\u00ba 198, DE Textos:<br \/>Mat\u00e9rias relacionadas: PL 3011\/2021.<br \/>2025 Avulso inicial da mat\u00e9ria &#8211; RQS n\u00ba <br \/>198\/2025<br \/>Senador Zequinha Marinho<br \/>93 Solicita a dispensa do Parecer da Comiss\u00e3o de Assuntos  Vota\u00e7\u00e3o, em turno \u00fanico<br \/>Econ\u00f4micos sobre o Projeto de Lei n\u00ba 2841\/2023.<br \/>REQUERIMENTO N\u00ba 199, DE Textos:<br \/>2025 Mat\u00e9rias relacionadas: PL 2841\/2023. Avulso inicial da mat\u00e9ria &#8211; RQS n\u00ba <br \/>199\/2025<br \/>Senador Jorge Seif<br \/>94 Solicita urg\u00eancia para o Projeto de Decreto Legislativo n\u00ba  Vota\u00e7\u00e3o, em turno \u00fanico<br \/>134, de 2025, nos termos dos arts. 336, III, e 338, III, do <br \/>REQUERIMENTO N\u00ba 219, DE Textos:<br \/>Regimento Interno do Senado Federal.<br \/>2025 Avulso inicial da mat\u00e9ria &#8211; RQS n\u00ba <br \/>Mat\u00e9rias relacionadas: PDL 134\/2025.<br \/>219\/2025<br \/>L\u00edder Bloco Parlamentar <br \/>Alian\u00e7a: Dr. Hiran<br \/>95 Solicita urg\u00eancia para o Projeto de Lei n\u00ba 4.089, de 2023,  Vota\u00e7\u00e3o, em turno \u00fanico<br \/>nos termos dos arts. 336, III, e 338, III, do Regimento <br \/>REQUERIMENTO N\u00ba 277, DE Textos:<br \/>Interno do Senado Federal.<br \/>2025 Avulso inicial da mat\u00e9ria &#8211; RQS n\u00ba <br \/>Mat\u00e9rias relacionadas: PL 4089\/2023.<br \/>277\/2025<br \/>L\u00edder Bloco Parlamentar Pelo <br \/>Brasil: Weverton<br \/>96 Solicita urg\u00eancia para o Projeto de Lei n\u00ba 4.497, de 2024,  Vota\u00e7\u00e3o, em turno \u00fanico<br \/>nos termos dos arts. 336, III, e 338, III, do Regimento <br \/>REQUERIMENTO N\u00ba 459, DE Textos:<br \/>Interno do Senado Federal.<br \/>2025 Avulso inicial da mat\u00e9ria &#8211; RQS n\u00ba <br \/>Mat\u00e9rias relacionadas: PL 4497\/2024.<br \/>459\/2025<br \/>L\u00edder Bloco Parlamentar <br \/>Democracia: Efraim FilhoORDEM DO DIA<br \/>sexta-feira, 8 de agosto de 2025<br \/>68<br \/>Proposi\u00e7\u00e3o Ementa Informa\u00e7\u00f5es<br \/>(Autor\/N\u00ba Origem)<br \/>97 Solicita urg\u00eancia para o Projeto de Decreto Legislativo  Vota\u00e7\u00e3o, em turno \u00fanico<br \/>n\u00ba 335\/2025, nos termos dos arts. 336, III, e 338, III, do <br \/>REQUERIMENTO N\u00ba 473, DE Textos:<br \/>Regimento Interno do Senado Federal.<br \/>2025 Avulso inicial da mat\u00e9ria &#8211; RQS n\u00ba <br \/>Mat\u00e9rias relacionadas: PDL 335\/2025.<br \/>473\/2025<br \/>L\u00edder Partido Novo: Eduardo <br \/>Gir\u00e3o<br \/>98 Solicita urg\u00eancia para o Projeto de Lei n\u00ba 2674\/2025, nos  Vota\u00e7\u00e3o, em turno \u00fanico<br \/>termos do art. 336, II, e 338, II, do Regimento Interno do <br \/>REQUERIMENTO N\u00ba 477, DE Textos:<br \/>Senado Federal.<br \/>2025 Avulso inicial da mat\u00e9ria &#8211; RQS n\u00ba <br \/>Mat\u00e9rias relacionadas: PL 2674\/2025.<br \/>477\/2025<br \/>L\u00edder Bloco Parlamentar da <br \/>Resist\u00eancia Democr\u00e1tica: <br \/>Eliziane Gama<br \/>99 Solicita urg\u00eancia para o Projeto de Lei n\u00ba 4.809, de 2024,  Vota\u00e7\u00e3o, em turno \u00fanico<br \/>nos termos dos arts. 336, III, e 338, III, do Regimento <br \/>REQUERIMENTO N\u00ba 506, DE Textos:<br \/>Interno do Senado Federal.<br \/>2025 Avulso inicial da mat\u00e9ria &#8211; RQS n\u00ba <br \/>Mat\u00e9rias relacionadas: PL 4809\/2024.<br \/>506\/2025<br \/>L\u00edder Progressistas: Tereza <br \/>Cristina<br \/>100 Solicita a dispensa do parecer da Comiss\u00e3o de  Vota\u00e7\u00e3o, em turno \u00fanico<br \/>Comunica\u00e7\u00e3o e Direito Digital sobre o Projeto de Lei n\u00ba <br \/>REQUERIMENTO N\u00ba 517, DE Textos:<br \/>4.102\/2024.<br \/>2025 Avulso inicial da mat\u00e9ria &#8211; RQS n\u00ba <br \/>Mat\u00e9rias relacionadas: PL 4102\/2024.<br \/>517\/2025<br \/>Senador Weverton<br \/>101 Solicita a oitiva da Comiss\u00e3o de Assuntos Sociais sobre o  Vota\u00e7\u00e3o, em turno \u00fanico<br \/>Projeto de Lei n\u00ba 4816\/2023.<br \/>REQUERIMENTO N\u00ba 546, DE Textos:<br \/>Mat\u00e9rias relacionadas: PL 4816\/2023.<br \/>2025 Avulso inicial da mat\u00e9ria &#8211; RQS n\u00ba <br \/>546\/2025<br \/>Senador Conf\u00facio Moura<br \/>102 Solicita urg\u00eancia para o Projeto de Decreto Legislativo n\u00ba  Vota\u00e7\u00e3o, em turno \u00fanico<br \/>119, de 2025, nos termos dos arts. 336, III, e 338, III, do <br \/>REQUERIMENTO N\u00ba 560, DE Textos:<br \/>Regimento Interno do Senado Federal.<br \/>2025 Avulso inicial da mat\u00e9ria &#8211; RQS n\u00ba <br \/>Mat\u00e9rias relacionadas: PDL 119\/2025.<br \/>560\/2025<br \/>L\u00edder Bloco Parlamentar <br \/>Vanguarda: Wellington <br \/>Fagundes<br \/>103 Solicita a oitiva da Comiss\u00e3o de Servi\u00e7os de  Vota\u00e7\u00e3o, em turno \u00fanico<br \/>Infraestrutura sobre o Projeto de Lei n\u00ba 4.489, de 2024.<br \/>REQUERIMENTO N\u00ba 590, DE Textos:<br \/>Mat\u00e9rias relacionadas: PL 4489\/2024 (Substitutivo-CD).<br \/>2025 Avulso inicial da mat\u00e9ria &#8211; RQS n\u00ba <br \/>590\/2025<br \/>Senador Iraj\u00e1<br \/>REQUERIMENTOS DE SOLICITA\u00c7\u00c3O DE AUDITORIA DO TCU<br \/>(total: 3)<br \/>Proposi\u00e7\u00e3o Ementa Informa\u00e7\u00f5es<br \/>(Autor\/N\u00ba Origem)<br \/>1 Solicita a realiza\u00e7\u00e3o de auditoria pelo Tribunal de Contas  Vota\u00e7\u00e3o, em turno \u00fanico<br \/>da Uni\u00e3o sobre a negocia\u00e7\u00e3o do governo Lula com vista a <br \/>REQUERIMENTO N\u00ba 519, DE Textos:<br \/>prorrogar concess\u00f5es de aeroportos em troca de novos <br \/>2024 Avulso inicial da mat\u00e9ria &#8211; RQS n\u00ba <br \/>investimentos bilion\u00e1rios nos aeroportos regionais.<br \/>519\/2024<br \/>Senador Marcos Rog\u00e9rioORDEM DO DIA<br \/>sexta-feira, 8 de agosto de 2025<br \/>69<br \/>Proposi\u00e7\u00e3o Ementa Informa\u00e7\u00f5es<br \/>(Autor\/N\u00ba Origem)<br \/>2 Solicita a realiza\u00e7\u00e3o de auditoria pelo Tribunal de Contas  Vota\u00e7\u00e3o, em turno \u00fanico<br \/>da Uni\u00e3o na Ag\u00eancia Nacional do Petr\u00f3leo, G\u00e1s Natural <br \/>REQUERIMENTO N\u00ba 1.013, DE Textos:<br \/>e Biocombust\u00edveis (ANP) sobre a regulamenta\u00e7\u00e3o do <br \/>2024 Avulso inicial da mat\u00e9ria &#8211; RQS n\u00ba <br \/>art. 33 da Lei n\u00ba 14.134, de 8 de abril de 2021, <br \/>1013\/2024<br \/>Senador La\u00e9rcio Oliveira referente ao mecanismo denominado &#8220;gas release&#8221;, <br \/>e na Ag\u00eancia Nacional do Petr\u00f3leo, G\u00e1s Natural e <br \/>Biocombust\u00edveis (ANP) e no Conselho Administrativo de <br \/>Defesa Econ\u00f4mica (CADE) referente \u00e0 execu\u00e7\u00e3o do Termo <br \/>de Compromisso de Cessa\u00e7\u00e3o (TCC G\u00e1s).<br \/>3 Solicita a realiza\u00e7\u00e3o de auditoria pelo Tribunal de Contas  Vota\u00e7\u00e3o, em turno \u00fanico<br \/>da Uni\u00e3o no Instituto Nacional do Seguro Social (INSS) <br \/>REQUERIMENTO N\u00ba 341, DE Textos:<br \/>sobre os descontos n\u00e3o autorizados, incidentes sobre os <br \/>2025 Avulso inicial da mat\u00e9ria &#8211; RQS n\u00ba <br \/>benef\u00edcios percebidos pelos segurados e dependentes <br \/>341\/2025<br \/>Senador Marcio Bittar da Previd\u00eancia Social, noticiados pela Opera\u00e7\u00e3o &#8220;Sem <br \/>Desconto&#8221;, deflagrada pela Controladoria-Geral da <br \/>Uni\u00e3o (CGU) e pela Pol\u00edcia Federal.<br \/>REQUERIMENTOS DE HOMENAGENS<br \/>(total: 3)<br \/>Proposi\u00e7\u00e3o Ementa Informa\u00e7\u00f5es<br \/>(Autor\/N\u00ba Origem)<br \/>1 Solicita, nos termos do art. 222 do Regimento Interno  Vota\u00e7\u00e3o, em turno \u00fanico<br \/>do Senado Federal, inser\u00e7\u00e3o em ata de voto de <br \/>REQUERIMENTO DA Textos:<br \/>aplauso ao Presidente do Banco Central do Brasil, <br \/>COMISS\u00c3O DE ASSUNTOS Avulso inicial da mat\u00e9ria &#8211; REQ n\u00ba <br \/>Roberto Campos Neto, pelas premia\u00e7\u00f5es internacionais <br \/>ECON\u00d4MICOS N\u00ba 35, DE 2024 35\/2024<br \/>cumulativamente conquistadas entre 2020 e 2024, <br \/>Senador Rogerio Marinho reconhecendo as diferentes pol\u00edticas de inova\u00e7\u00e3o e <br \/>digitaliza\u00e7\u00e3o implementadas, bem como o desempenho <br \/>da institui\u00e7\u00e3o em assegurar a estabilidade de pre\u00e7os.<br \/>2 Solicita, nos termos do art. 222, \u00a7\u00a7 1\u00ba e 2\u00ba do Regimento  Vota\u00e7\u00e3o, em turno \u00fanico<br \/>Interno do Senado Federal, inser\u00e7\u00e3o em ata de voto de <br \/>REQUERIMENTO DA Textos:<br \/>rep\u00fadio ao Clube Cerro Porte\u00f1o do Paraguai, em rela\u00e7\u00e3o <br \/>COMISS\u00c3O DE DIREITOS Avulso inicial da mat\u00e9ria &#8211; REQ n\u00ba <br \/>do ato racista ocorrido na partida entre o Cerro Porte\u00f1o <br \/>HUMANOS E LEGISLA\u00c7\u00c3O 18\/2025<br \/>e Palmeiras pela Copa Libertadores Sub-20, bem como <br \/>PARTICIPATIVA N\u00ba 18, DE 2025<br \/>o envio de c\u00f3pia deste voto para o presidente do Club <br \/>Comiss\u00e3o de Direitos Humanos Cerro Porte\u00f1o, situado \u00e0 Avenida Quinta 284, Barrio <br \/>e Legisla\u00e7\u00e3o Participativa Obrero, Assun\u00e7\u00e3o, Paraguai.<br \/>3 Solicita voto de aplauso \u00e0 Pol\u00edcia Legislativa do Senado  Vota\u00e7\u00e3o, em turno \u00fanico<br \/>Federal, pela realiza\u00e7\u00e3o de opera\u00e7\u00e3o para desarticular <br \/>REQUERIMENTO N\u00ba 206, DE Textos:<br \/>quadrilha que se passava por Senadores para dar golpes.<br \/>2025 Avulso inicial da mat\u00e9ria &#8211; RQS n\u00ba <br \/>206\/2025<br \/>Senadora Daniella Ribeiro<br \/>REQUERIMENTOS DE CRIA\u00c7\u00c3O DE COMISS\u00d5ES TEMPOR\u00c1RIASORDEM DO DIA<br \/>sexta-feira, 8 de agosto de 2025<br \/>70<br \/>(total: 16)<br \/>Proposi\u00e7\u00e3o Ementa Informa\u00e7\u00f5es<br \/>(Autor\/N\u00ba Origem)<br \/>1 Solicita a constitui\u00e7\u00e3o de uma Comiss\u00e3o Tempor\u00e1ria  Vota\u00e7\u00e3o, em turno \u00fanico<br \/>Interna composta de 11 (onze) membros titulares com <br \/>REQUERIMENTO N\u00ba 24, DE Textos:<br \/>a mesma quantidade de membros suplentes para, no <br \/>2023 Avulso inicial da mat\u00e9ria &#8211; RQS n\u00ba <br \/>prazo de 120 (cento e vinte) dias, instruir o PLS n\u00ba 236, <br \/>24\/2023<br \/>Senadora Damares Alves de 2012, que trata da reforma do C\u00f3digo Penal.<br \/>2 Solicita a cria\u00e7\u00e3o de Comiss\u00e3o Externa composta  Vota\u00e7\u00e3o, em turno \u00fanico<br \/>por 03 (tr\u00eas) membros titulares e igual n\u00famero de <br \/>REQUERIMENTO N\u00ba 958, DE Textos:<br \/>suplentes, para acompanhar, fiscalizar, avaliar e sugerir <br \/>2023 Avulso inicial da mat\u00e9ria &#8211; RQS n\u00ba <br \/>provid\u00eancias necess\u00e1rias e urgentes para cessar os <br \/>958\/2023<br \/>Senador Zequinha Marinho conflitos ocorrentes quando das a\u00e7\u00f5es de desocupa\u00e7\u00e3o <br \/>de \u00e1reas interditadas no Estado do Par\u00e1 sujeitas \u00e0 cria\u00e7\u00e3o <br \/>de terras ind\u00edgenas e no processo de desintrus\u00e3o de <br \/>\u00e1reas j\u00e1 homologadas.<br \/>3 Solicita a constitui\u00e7\u00e3o de uma Comiss\u00e3o Tempor\u00e1ria  Vota\u00e7\u00e3o, em turno \u00fanico<br \/>Externa composta de 7 (sete) membros titulares, com <br \/>REQUERIMENTO N\u00ba 1.093, DE Textos:<br \/>a mesma quantidade de membros suplentes para, no <br \/>2023 Avulso inicial da mat\u00e9ria &#8211; RQS n\u00ba <br \/>prazo de 120 dias, acompanhar &#8220;in loco&#8221; as tratativas <br \/>1093\/2023<br \/>Senador Dr. Hiran para a resolu\u00e7\u00e3o pac\u00edfica e amig\u00e1vel, entre os pa\u00edses <br \/>Venezuela e Guiana, sobre a disputa da regi\u00e3o do <br \/>Essequibo.<br \/>4 Solicita a constitui\u00e7\u00e3o de uma Comiss\u00e3o Tempor\u00e1ria  Vota\u00e7\u00e3o, em turno \u00fanico<br \/>Externa composta de tr\u00eas membros titulares para, <br \/>REQUERIMENTO N\u00ba 93, DE Textos:<br \/>no prazo de 180 (cento e oitenta) dias, acompanhar <br \/>2024 Avulso inicial da mat\u00e9ria &#8211; RQS n\u00ba <br \/>as discuss\u00f5es, fiscalizar as a\u00e7\u00f5es e atuar nos <br \/>93\/2024<br \/>Senador Jaime Bagattoli desdobramentos dos processos para a execu\u00e7\u00e3o do <br \/>projeto da Ferrogr\u00e3o no \u00e2mbito dos Poderes Legislativos, <br \/>Executivo e Judici\u00e1rio.<br \/>5 Solicita a constitui\u00e7\u00e3o de uma Comiss\u00e3o Tempor\u00e1ria  Vota\u00e7\u00e3o, em turno \u00fanico<br \/>Externa composta de tr\u00eas membros titulares com a <br \/>REQUERIMENTO N\u00ba 94, DE Textos:<br \/>mesma quantidade de membros suplentes para, no <br \/>2024 Avulso inicial da mat\u00e9ria &#8211; RQS n\u00ba <br \/>prazo de 180 (cento e oitenta) dias, acompanhar <br \/>94\/2024<br \/>Senador Jaime Bagattoli as discuss\u00f5es, fiscalizar as a\u00e7\u00f5es e atuar nos <br \/>desdobramentos dos processos para a execu\u00e7\u00e3o do <br \/>projeto de melhoria da infraestrutura da BR-319.<br \/>6 Solicita a constitui\u00e7\u00e3o de uma Comiss\u00e3o Tempor\u00e1ria  Vota\u00e7\u00e3o, em turno \u00fanico<br \/>Externa composta de 11 (onze) membros titulares para, <br \/>REQUERIMENTO N\u00ba 268, DE Textos:<br \/>no prazo de 120 (cento e vinte) dias, acompanhar <br \/>2024 Avulso inicial da mat\u00e9ria &#8211; RQS n\u00ba <br \/>investiga\u00e7\u00e3o da C\u00e2mara dos Representantes dos <br \/>268\/2024<br \/>Senadora Damares Alves Estados Unidos da Am\u00e9rica (United States House <br \/>of Representatives) sobre den\u00fancias oferecidas pelo <br \/>empres\u00e1rio Elon Musk e a empresa X (antigo Twitter) <br \/>acerca de poss\u00edveis viola\u00e7\u00f5es de preceitos fundamentais <br \/>da Constitui\u00e7\u00e3o Federal e de amea\u00e7as a direitos e <br \/>garantias individuais que estariam tendo lugar em nosso <br \/>pa\u00eds.<br \/>7 Solicita a constitui\u00e7\u00e3o de uma Comiss\u00e3o Tempor\u00e1ria  Vota\u00e7\u00e3o, em turno \u00fanico<br \/>Interna composta de 7 (sete) membros titulares, com <br \/>REQUERIMENTO N\u00ba 336, DE Textos:<br \/>a mesma quantidade de membros suplentes para, <br \/>2024 Avulso inicial da mat\u00e9ria &#8211; RQS n\u00ba <br \/>no prazo de 120 (cento e vinte) dias, levantar a <br \/>336\/2024<br \/>Senadora Ivete da Silveira legisla\u00e7\u00e3o vigente, os acordos internacionais de que <br \/>o Brasil \u00e9 signat\u00e1rio e os projetos em tramita\u00e7\u00e3o no <br \/>Congresso Nacional, analisar o or\u00e7amento federal e ORDEM DO DIA<br \/>sexta-feira, 8 de agosto de 2025<br \/>71<br \/>Proposi\u00e7\u00e3o Ementa Informa\u00e7\u00f5es<br \/>(Autor\/N\u00ba Origem)<br \/>ouvir especialistas em Prote\u00e7\u00e3o e Defesa Civil, com <br \/>vistas a propor aprimoramentos na legisla\u00e7\u00e3o brasileira <br \/>pertinente, com foco principal, mas n\u00e3o exclusivo, na <br \/>mitiga\u00e7\u00e3o de riscos e na preven\u00e7\u00e3o de desastres.<br \/>8 Solicita a constitui\u00e7\u00e3o de uma Comiss\u00e3o Tempor\u00e1ria  Vota\u00e7\u00e3o, em turno \u00fanico<br \/>Externa composta de 7 (sete) membros titulares e igual <br \/>REQUERIMENTO N\u00ba 540, DE Textos:<br \/>n\u00famero de suplentes para, no prazo de 120 (cento e <br \/>2024 Avulso inicial da mat\u00e9ria &#8211; RQS n\u00ba <br \/>vinte) dias, acompanhar &#8220;in loco&#8221; o aumento do n\u00famero <br \/>540\/2024<br \/>Senadora Damares Alves de mortes, declaradas ou n\u00e3o, dos ind\u00edgenas Yanomamis <br \/>nos \u00faltimos seis meses.<br \/>9 Solicita a constitui\u00e7\u00e3o de uma Comiss\u00e3o Tempor\u00e1ria  Vota\u00e7\u00e3o, em turno \u00fanico<br \/>Externa composta de cinco membros titulares, com <br \/>REQUERIMENTO N\u00ba 738, DE Textos:<br \/>a mesma quantidade de membros suplentes para <br \/>2024 Avulso inicial da mat\u00e9ria &#8211; RQS n\u00ba <br \/>acompanhar in loco, no munic\u00edpio de Nova Friburgo\/<br \/>738\/2024<br \/>Senador Magno Malta RJ, as investiga\u00e7\u00f5es e procedimentos relativos \u00e0 pris\u00e3o <br \/>de um suspeito de guardar mais de 400 mil arquivos <br \/>contendo material de explora\u00e7\u00e3o sexual infantil.<br \/>10 Solicita a constitui\u00e7\u00e3o de uma Comiss\u00e3o Tempor\u00e1ria  Vota\u00e7\u00e3o, em turno \u00fanico<br \/>Externa composta de onze membros titulares para, no <br \/>REQUERIMENTO N\u00ba 1, DE 2025 Textos:<br \/>prazo de 120 dias, avaliar a situa\u00e7\u00e3o grave dos acidentes <br \/>Avulso inicial da mat\u00e9ria &#8211; RQS n\u00ba <br \/>Senador Nelsinho Trad que est\u00e3o ocorrendo na BR 163.<br \/>1\/2025<br \/>11 Solicita a constitui\u00e7\u00e3o de uma Comiss\u00e3o Tempor\u00e1ria  Vota\u00e7\u00e3o, em turno \u00fanico<br \/>Externa composta de 3 (tr\u00eas) a 6 (seis) membros <br \/>REQUERIMENTO N\u00ba 3, DE 2025 Textos:<br \/>titulares para, no prazo de 180 (cento e oitenta) dias, <br \/>&#8211; CRE Avulso inicial da mat\u00e9ria &#8211; REQ n\u00ba <br \/>verificar in loco a situa\u00e7\u00e3o pol\u00edtica e social do Estado <br \/>3\/2025<br \/>Senador Sergio Moro<br \/>Plurinacional da Bol\u00edvia, especialmente no que diz <br \/>respeito \u00e0 plena vig\u00eancia das institui\u00e7\u00f5es democr\u00e1ticas, <br \/>conforme previsto na cl\u00e1usula democr\u00e1tica do Mercosul, <br \/>estabelecida pelos Protocolos de Ushuaia.<br \/>12 Solicita a constitui\u00e7\u00e3o de uma Comiss\u00e3o Tempor\u00e1ria  Vota\u00e7\u00e3o, em turno \u00fanico<br \/>Interna composta de 5 membros titulares, com a mesma <br \/>REQUERIMENTO N\u00ba 31, DE Textos:<br \/>quantidade de membros suplentes para, no prazo de <br \/>2025 Avulso inicial da mat\u00e9ria &#8211; RQS n\u00ba <br \/>180 dias, debater e elaborar propostas para alavancar <br \/>31\/2025<br \/>Senadora Dra. Eud\u00f3cia<br \/>o desenvolvimento de vacinas e medicamentos de alto <br \/>custo para prevenir ou tratar os diferentes tipos de <br \/>c\u00e2ncer.<br \/>13 Solicita a constitui\u00e7\u00e3o de uma Comiss\u00e3o Tempor\u00e1ria  Vota\u00e7\u00e3o, em turno \u00fanico<br \/>Externa composta de 6 (seis) membros titulares para, <br \/>REQUERIMENTO N\u00ba 203, DE Textos:<br \/>no prazo de 245 (duzentos e quarenta e cinco) <br \/>2025 Avulso inicial da mat\u00e9ria &#8211; RQS n\u00ba <br \/>dias, acompanhar e participar de todo o processo de <br \/>203\/2025<br \/>Senador Beto Faro<br \/>organiza\u00e7\u00e3o e realiza\u00e7\u00e3o da 30\u00aa Confer\u00eancia das Na\u00e7\u00f5es <br \/>Unidas sobre Mudan\u00e7a do Clima &#8211; COP 30, a ser realizada <br \/>no m\u00eas de novembro na cidade de Bel\u00e9m, Par\u00e1.<br \/>14 Solicita a constitui\u00e7\u00e3o de uma Comiss\u00e3o Tempor\u00e1ria  Vota\u00e7\u00e3o, em turno \u00fanico<br \/>Externa composta de 10 membros titulares, com a <br \/>REQUERIMENTO N\u00ba 282, DE Textos:<br \/>mesma quantidade de membros suplentes para, no <br \/>2025 Avulso inicial da mat\u00e9ria &#8211; RQS n\u00ba <br \/>prazo de 120 dias, verificar &#8220;in loco&#8221; a explora\u00e7\u00e3o de <br \/>282\/2025<br \/>Senador Dr. Hiran<br \/>petr\u00f3leo na Rep\u00fablica Cooperativa da Guiana.<br \/>15 Solicita a constitui\u00e7\u00e3o de uma Comiss\u00e3o Tempor\u00e1ria  Vota\u00e7\u00e3o, em turno \u00fanico<br \/>Interna composta de 18 (dezoito) membros titulares, <br \/>REQUERIMENTO N\u00ba 434, DE Textos:<br \/>com a mesma quantidade de membros suplentes para, <br \/>2025 Avulso inicial da mat\u00e9ria &#8211; RQS n\u00ba <br \/>no prazo de 360 (trezentos e sessenta) dias, elaborar <br \/>434\/2025<br \/>Senador Jader BarbalhoORDEM DO DIA<br \/>sexta-feira, 8 de agosto de 2025<br \/>72<br \/>Proposi\u00e7\u00e3o Ementa Informa\u00e7\u00f5es<br \/>(Autor\/N\u00ba Origem)<br \/>um projeto de C\u00f3digo Nacional de Seguran\u00e7a contra <br \/>Inc\u00eandio e P\u00e2nico.<br \/>16 Solicita a constitui\u00e7\u00e3o de uma Comiss\u00e3o Tempor\u00e1ria  Vota\u00e7\u00e3o, em turno \u00fanico<br \/>Externa composta de 12 (doze) membros titulares para, <br \/>REQUERIMENTO N\u00ba 550, DE Textos:<br \/>no prazo de 120 (cento e vinte) dias, realizar miss\u00f5es <br \/>2025 Avulso inicial da mat\u00e9ria &#8211; RQS n\u00ba <br \/>oficiais junto a autoridades e parlamentares de pa\u00edses <br \/>550\/2025<br \/>Senador Magno Malta democr\u00e1ticos e parceiros comerciais do Brasil, como os <br \/>Estados Unidos e a Uni\u00e3o Europeia, e expressar, em <br \/>nome da maioria da popula\u00e7\u00e3o brasileira representada <br \/>no Senado Federal, o rep\u00fadio \u00e0 aproxima\u00e7\u00e3o do <br \/>Governo Brasileiro com regimes autorit\u00e1rios, a defesa <br \/>das liberdades de express\u00e3o, pol\u00edtica e econ\u00f4mica e o <br \/>compromisso com os princ\u00edpios constitucionais.<br \/>RECURSO<br \/>(total: 1)<br \/>Proposi\u00e7\u00e3o Ementa Informa\u00e7\u00f5es<br \/>(Autor\/N\u00ba Origem)<br \/>1 Recurso da decis\u00e3o do Presidente sobre a cria\u00e7\u00e3o da  Discuss\u00e3o, em turno \u00fanico<br \/>Comiss\u00e3o Parlamentar de Inqu\u00e9rito &#8211; CPI dos Tribunais <br \/>RECURSO N\u00ba 1, DE 2019 Textos:<br \/>Superiores.<br \/>Avulso inicial da mat\u00e9ria &#8211; R.S n\u00ba 1\/2019<br \/>Senador Davi Alcolumbre<br \/>Parecer n\u00ba 17, de 2019, da CCJ, Relator: Senador  Parecer &#8211; P.S 17\/2019 &#8211; CCJ<br \/>Rog\u00e9rio Carvalho, que conclui pelo conhecimento e <br \/>desprovimento do Recurso n\u00ba 1, de 2019.ORDEM DO DIA<br \/>sexta-feira, 8 de agosto de 2025<br \/>73<br \/>COMPOSI\u00c7\u00c3O DO SENADO FEDERAL NA 57\u00aa LEGISLATURA<br \/>(por Unidade da Federa\u00e7\u00e3o)<br \/>Bahia Rio Grande do Sul Amazonas<br \/>PSD &#8211; Angelo Coronel* PP &#8211; Luis Carlos Heinze* MDB &#8211; Eduardo Braga*<br \/>PT &#8211; Jaques Wagner* PT &#8211; Paulo Paim* PSDB &#8211; Pl\u00ednio Val\u00e9rio*<br \/>PSD &#8211; Otto Alencar** REPUBLICANOS &#8211; Hamilton Mour\u00e3o** PSD &#8211; Omar Aziz**<br \/>Rio de Janeiro Cear\u00e1 Paran\u00e1<br \/>(S)<br \/>PL &#8211; Carlos Portinho* PSB &#8211; Cid Gomes* PSB &#8211; Fl\u00e1vio Arns*<br \/>PL &#8211; Fl\u00e1vio Bolsonaro* NOVO &#8211; Eduardo Gir\u00e3o* PSDB &#8211; Oriovisto Guimar\u00e3es*<br \/>(S)<br \/>PL &#8211; Rom\u00e1rio** PT &#8211; Augusta Brito** UNI\u00c3O &#8211; Sergio Moro**<br \/>Maranh\u00e3o Para\u00edba Acre<br \/>PSD &#8211; Eliziane Gama* PP &#8211; Daniella Ribeiro* UNI\u00c3O &#8211; Marcio Bittar*<br \/>PDT &#8211; Weverton* MDB &#8211; Veneziano Vital do R\u00eago* PSD &#8211; S\u00e9rgio Petec\u00e3o*<br \/>(S)<br \/>PDT &#8211; Ana Paula Lobato** UNI\u00c3O &#8211; Efraim Filho** UNI\u00c3O &#8211; Alan Rick**<br \/>Par\u00e1 Esp\u00edrito Santo Mato Grosso do Sul<br \/>MDB &#8211; Jader Barbalho* PT &#8211; Fabiano Contarato* PSD &#8211; Nelsinho Trad*<br \/>PODEMOS &#8211; Zequinha Marinho* PODEMOS &#8211; Marcos do Val* PODEMOS &#8211; Soraya Thronicke*<br \/>PT &#8211; Beto Faro** PL &#8211; Magno Malta** PP &#8211; Tereza Cristina**<br \/>Pernambuco Piau\u00ed Distrito Federal<br \/>(S)<br \/>MDB &#8211; Fernando Dueire* PP &#8211; Ciro Nogueira* PL &#8211; Izalci Lucas*<br \/>PT &#8211; Humberto Costa* MDB &#8211; Marcelo Castro* PDT &#8211; Leila Barros*<br \/>(S)<br \/>PT &#8211; Teresa Leit\u00e3o** PSD &#8211; Jussara Lima** REPUBLICANOS &#8211; Damares Alves**<br \/>S\u00e3o Paulo Rio Grande do Norte Rond\u00f4nia<br \/>(S)<br \/>MDB &#8211; Giordano* PSDB &#8211; Styvenson Valentim* MDB &#8211; Conf\u00facio Moura*<br \/>PSD &#8211; Mara Gabrilli* PSD &#8211; Zenaide Maia* PL &#8211; Marcos Rog\u00e9rio*<br \/>PL &#8211; Astronauta Marcos Pontes** PL &#8211; Rogerio Marinho** PL &#8211; Jaime Bagattoli**<br \/>Minas Gerais Santa Catarina Tocantins<br \/>PODEMOS &#8211; Carlos Viana* PP &#8211; Esperidi\u00e3o Amin* PL &#8211; Eduardo Gomes*<br \/>(S)<br \/>PSD &#8211; Rodrigo Pacheco* MDB &#8211; Ivete da Silveira* PSD &#8211; Iraj\u00e1*<br \/>REPUBLICANOS &#8211; Cleitinho** PL &#8211; Jorge Seif** UNI\u00c3O &#8211; Professora Dorinha Seabra**<br \/>Goi\u00e1s Alagoas Amap\u00e1<br \/>(S)<br \/>PSB &#8211; Jorge Kajuru* PL &#8211; Dra. Eud\u00f3cia* PSD &#8211; Lucas Barreto*<br \/>(S)<br \/>MDB &#8211; Pedro Chaves* MDB &#8211; Renan Calheiros* PT &#8211; Randolfe Rodrigues*<br \/>(S)<br \/>PL &#8211; Wilder Morais** MDB &#8211; Fernando Farias** UNI\u00c3O &#8211; Davi Alcolumbre**<br \/>Mato Grosso Sergipe Roraima<br \/>UNI\u00c3O &#8211; Jayme Campos* MDB &#8211; Alessandro Vieira* PSB &#8211; Chico Rodrigues*<br \/>(S)<br \/>PSD &#8211; Margareth Buzetti* PT &#8211; Rog\u00e9rio Carvalho* REPUBLICANOS &#8211; Mecias de Jesus*<br \/>PL &#8211; Wellington Fagundes** PP &#8211; La\u00e9rcio Oliveira** PP &#8211; Dr. Hiran**<br \/>Mandatos<br \/>*: Per\u00edodo 2019\/2027    **: Per\u00edodo 2023\/2031    ORDEM DO DIA<br \/>sexta-feira, 8 de agosto de 2025<br \/>74<br \/>COMPOSI\u00c7\u00c3O DO SENADO FEDERAL NA 57\u00aa LEGISLATURA<br \/>(Bancadas dos Partidos no Senado Federal)<br \/>Bloco Parlamentar Democracia &#8211; 26 Jaime Bagattoli. . . . . . . . . . . . . . . . . . . . . . . . . . . . PL \/ RO<br \/>MDB-12 \/ UNI\u00c3O-7 \/ PODEMOS-4 \/ PSDB-3<br \/>Jorge Seif. . . . . . . . . . . . . . . . . . . . . . . . . . . . . . . . . PL \/ SC<br \/>Alan Rick. . . . . . . . . . . . . . . . . . . . . . . . . . . . . UNI\u00c3O \/ AC<br \/>Magno Malta. . . . . . . . . . . . . . . . . . . . . . . . . . . . . . PL \/ ES<br \/>Alessandro Vieira. . . . . . . . . . . . . . . . . . . . . . . . . MDB \/ SE<br \/>Marcos Rog\u00e9rio. . . . . . . . . . . . . . . . . . . . . . . . . . . . PL \/ RO<br \/>Carlos Viana. . . . . . . . . . . . . . . . . . . . . . . . PODEMOS \/ MG<br \/>Rogerio Marinho. . . . . . . . . . . . . . . . . . . . . . . . . . . PL \/ RN<br \/>Conf\u00facio Moura. . . . . . . . . . . . . . . . . . . . . . . . . . MDB \/ RO<br \/>Rom\u00e1rio. . . . . . . . . . . . . . . . . . . . . . . . . . . . . . . . . . PL \/ RJ<br \/>Davi Alcolumbre. . . . . . . . . . . . . . . . . . . . . . . . UNI\u00c3O \/ AP<br \/>Wellington Fagundes. . . . . . . . . . . . . . . . . . . . . . . . PL \/ MT<br \/>Eduardo Braga. . . . . . . . . . . . . . . . . . . . . . . . . . MDB \/ AM<br \/>Wilder Morais. . . . . . . . . . . . . . . . . . . . . . . . . . . . . PL \/ GO<br \/>Efraim Filho. . . . . . . . . . . . . . . . . . . . . . . . . . . . UNI\u00c3O \/ PB<br \/>Bloco Parlamentar Pelo Brasil &#8211; 12<br \/>Fernando Dueire. . . . . . . . . . . . . . . . . . . . . . . . . MDB \/ PE PT-9 \/ PDT-3<br \/>Fernando Farias. . . . . . . . . . . . . . . . . . . . . . . . . . MDB \/ AL Ana Paula Lobato. . . . . . . . . . . . . . . . . . . . . . . . . PDT \/ MA<br \/>Giordano. . . . . . . . . . . . . . . . . . . . . . . . . . . . . . . MDB \/ SP Augusta Brito. . . . . . . . . . . . . . . . . . . . . . . . . . . . . . PT \/ CE<br \/>Ivete da Silveira. . . . . . . . . . . . . . . . . . . . . . . . . . MDB \/ SC Beto Faro. . . . . . . . . . . . . . . . . . . . . . . . . . . . . . . . PT \/ PA<br \/>Jader Barbalho. . . . . . . . . . . . . . . . . . . . . . . . . . . MDB \/ PA Fabiano Contarato. . . . . . . . . . . . . . . . . . . . . . . . . . PT \/ ES<br \/>Jayme Campos. . . . . . . . . . . . . . . . . . . . . . . . . UNI\u00c3O \/ MT Humberto Costa. . . . . . . . . . . . . . . . . . . . . . . . . . . . PT \/ PE<br \/>Marcelo Castro. . . . . . . . . . . . . . . . . . . . . . . . . . . MDB \/ PI Jaques Wagner. . . . . . . . . . . . . . . . . . . . . . . . . . . . PT \/ BA<br \/>Marcio Bittar. . . . . . . . . . . . . . . . . . . . . . . . . . . UNI\u00c3O \/ AC Leila Barros. . . . . . . . . . . . . . . . . . . . . . . . . . . . . . PDT \/ DF<br \/>Marcos do Val. . . . . . . . . . . . . . . . . . . . . . . PODEMOS \/ ES Paulo Paim. . . . . . . . . . . . . . . . . . . . . . . . . . . . . . . PT \/ RS<br \/>Oriovisto Guimar\u00e3es. . . . . . . . . . . . . . . . . . . . . . . PSDB \/ PR Randolfe Rodrigues. . . . . . . . . . . . . . . . . . . . . . . . . PT \/ AP<br \/>Pedro Chaves. . . . . . . . . . . . . . . . . . . . . . . . . . . MDB \/ GO Rog\u00e9rio Carvalho. . . . . . . . . . . . . . . . . . . . . . . . . . . PT \/ SE<br \/>Pl\u00ednio Val\u00e9rio. . . . . . . . . . . . . . . . . . . . . . . . . . . PSDB \/ AM Teresa Leit\u00e3o. . . . . . . . . . . . . . . . . . . . . . . . . . . . . . PT \/ PE<br \/>Professora Dorinha Seabra. . . . . . . . . . . . . . . . . UNI\u00c3O \/ TO Weverton. . . . . . . . . . . . . . . . . . . . . . . . . . . . . . . PDT \/ MA<br \/>Renan Calheiros. . . . . . . . . . . . . . . . . . . . . . . . . . MDB \/ AL Bloco Parlamentar Alian\u00e7a &#8211; 11<br \/>PP-7 \/ REPUBLICANOS-4<br \/>Sergio Moro. . . . . . . . . . . . . . . . . . . . . . . . . . . UNI\u00c3O \/ PR<br \/>Ciro Nogueira. . . . . . . . . . . . . . . . . . . . . . . . . . . . . . PP \/ PI<br \/>Soraya Thronicke. . . . . . . . . . . . . . . . . . . . . PODEMOS \/ MS<br \/>Cleitinho. . . . . . . . . . . . . . . . . . . . . . . REPUBLICANOS \/ MG<br \/>Styvenson Valentim. . . . . . . . . . . . . . . . . . . . . . . PSDB \/ RN<br \/>Damares Alves. . . . . . . . . . . . . . . . . . . REPUBLICANOS \/ DF<br \/>Veneziano Vital do R\u00eago. . . . . . . . . . . . . . . . . . . . MDB \/ PB<br \/>Daniella Ribeiro. . . . . . . . . . . . . . . . . . . . . . . . . . . . PP \/ PB<br \/>Zequinha Marinho. . . . . . . . . . . . . . . . . . . . PODEMOS \/ PA<br \/>Dr. Hiran. . . . . . . . . . . . . . . . . . . . . . . . . . . . . . . . . PP \/ RR<br \/>Bloco Parlamentar da Resist\u00eancia Democr\u00e1tica &#8211; 17<br \/>PSD-13 \/ PSB-4 Esperidi\u00e3o Amin. . . . . . . . . . . . . . . . . . . . . . . . . . . . PP \/ SC<br \/>Angelo Coronel. . . . . . . . . . . . . . . . . . . . . . . . . . . PSD \/ BA Hamilton Mour\u00e3o. . . . . . . . . . . . . . . . . REPUBLICANOS \/ RS<br \/>Chico Rodrigues. . . . . . . . . . . . . . . . . . . . . . . . . . . PSB \/ RR La\u00e9rcio Oliveira. . . . . . . . . . . . . . . . . . . . . . . . . . . . PP \/ SE<br \/>Cid Gomes. . . . . . . . . . . . . . . . . . . . . . . . . . . . . . . PSB \/ CE Luis Carlos Heinze. . . . . . . . . . . . . . . . . . . . . . . . . . PP \/ RS<br \/>Eliziane Gama. . . . . . . . . . . . . . . . . . . . . . . . . . . PSD \/ MA Mecias de Jesus. . . . . . . . . . . . . . . . . . REPUBLICANOS \/ RR<br \/>Fl\u00e1vio Arns. . . . . . . . . . . . . . . . . . . . . . . . . . . . . . PSB \/ PR Tereza Cristina. . . . . . . . . . . . . . . . . . . . . . . . . . . . PP \/ MS<br \/>Iraj\u00e1. . . . . . . . . . . . . . . . . . . . . . . . . . . . . . . . . . . PSD \/ TO<br \/>Bloco Parlamentar Democracia. . . . . . . . . . . . . . . . . . 26<br \/>Jorge Kajuru. . . . . . . . . . . . . . . . . . . . . . . . . . . . . PSB \/ GO<br \/>Bloco Parlamentar da Resist\u00eancia Democr\u00e1tica. . . . . . . . 17<br \/>Jussara Lima. . . . . . . . . . . . . . . . . . . . . . . . . . . . . . PSD \/ PI<br \/>Bloco Parlamentar Vanguarda. . . . . . . . . . . . . . . . . . . 15<br \/>Lucas Barreto. . . . . . . . . . . . . . . . . . . . . . . . . . . . PSD \/ AP<br \/>Bloco Parlamentar Pelo Brasil. . . . . . . . . . . . . . . . . . . 12<br \/>Mara Gabrilli. . . . . . . . . . . . . . . . . . . . . . . . . . . . . PSD \/ SP Bloco Parlamentar Alian\u00e7a. . . . . . . . . . . . . . . . . . . . . 11<br \/>TOTAL . . . . . . . . . . . . . . . . . . . . . . . . . . . . . . . . . . 81<br \/>Margareth Buzetti. . . . . . . . . . . . . . . . . . . . . . . . . PSD \/ MT<br \/>Nelsinho Trad. . . . . . . . . . . . . . . . . . . . . . . . . . . . PSD \/ MS<br \/>Omar Aziz. . . . . . . . . . . . . . . . . . . . . . . . . . . . . . PSD \/ AM<br \/>Otto Alencar. . . . . . . . . . . . . . . . . . . . . . . . . . . . . PSD \/ BA<br \/>Rodrigo Pacheco. . . . . . . . . . . . . . . . . . . . . . . . . PSD \/ MG<br \/>S\u00e9rgio Petec\u00e3o. . . . . . . . . . . . . . . . . . . . . . . . . . . . PSD \/ AC<br \/>Zenaide Maia. . . . . . . . . . . . . . . . . . . . . . . . . . . . PSD \/ RN<br \/>Bloco Parlamentar Vanguarda &#8211; 15<br \/>PL-14 \/ NOVO-1<br \/>Astronauta Marcos Pontes. . . . . . . . . . . . . . . . . . . . PL \/ SP<br \/>Carlos Portinho. . . . . . . . . . . . . . . . . . . . . . . . . . . . . PL \/ RJ<br \/>Dra. Eud\u00f3cia. . . . . . . . . . . . . . . . . . . . . . . . . . . . . . PL \/ AL<br \/>Eduardo Gir\u00e3o. . . . . . . . . . . . . . . . . . . . . . . . . . NOVO \/ CE<br \/>Eduardo Gomes. . . . . . . . . . . . . . . . . . . . . . . . . . . . PL \/ TO<br \/>Fl\u00e1vio Bolsonaro. . . . . . . . . . . . . . . . . . . . . . . . . . . . PL \/ RJ<br \/>Izalci Lucas. . . . . . . . . . . . . . . . . . . . . . . . . . . . . . . PL \/ DFORDEM DO DIA<br \/>sexta-feira, 8 de agosto de 2025<br \/>75<br \/>COMPOSI\u00c7\u00c3O DO SENADO FEDERAL NA 57\u00aa LEGISLATURA<br \/>(Parlamentares por Partido no Senado Federal)<br \/>PL &#8211; 14 PP &#8211; 7<br \/>Astronauta Marcos Pontes. . . . . . . . . . . . . . . . . . . . . . . . SP Ciro Nogueira. . . . . . . . . . . . . . . . . . . . . . . . . . . . . . . . . PI<br \/>Carlos Portinho. . . . . . . . . . . . . . . . . . . . . . . . . . . . . . . . RJ Daniella Ribeiro. . . . . . . . . . . . . . . . . . . . . . . . . . . . . . . PB<br \/>Dra. Eud\u00f3cia. . . . . . . . . . . . . . . . . . . . . . . . . . . . . . . . . . AL Dr. Hiran. . . . . . . . . . . . . . . . . . . . . . . . . . . . . . . . . . . . . RR<br \/>Eduardo Gomes. . . . . . . . . . . . . . . . . . . . . . . . . . . . . . . TO Esperidi\u00e3o Amin. . . . . . . . . . . . . . . . . . . . . . . . . . . . . . . SC<br \/>Fl\u00e1vio Bolsonaro. . . . . . . . . . . . . . . . . . . . . . . . . . . . . . . RJ La\u00e9rcio Oliveira. . . . . . . . . . . . . . . . . . . . . . . . . . . . . . . . SE<br \/>Izalci Lucas. . . . . . . . . . . . . . . . . . . . . . . . . . . . . . . . . . . DF Luis Carlos Heinze. . . . . . . . . . . . . . . . . . . . . . . . . . . . . . RS<br \/>Jaime Bagattoli. . . . . . . . . . . . . . . . . . . . . . . . . . . . . . . . RO Tereza Cristina. . . . . . . . . . . . . . . . . . . . . . . . . . . . . . . . MS<br \/>Jorge Seif. . . . . . . . . . . . . . . . . . . . . . . . . . . . . . . . . . . . SC UNI\u00c3O &#8211; 7<br \/>Magno Malta. . . . . . . . . . . . . . . . . . . . . . . . . . . . . . . . . ES Alan Rick. . . . . . . . . . . . . . . . . . . . . . . . . . . . . . . . . . . . AC<br \/>Marcos Rog\u00e9rio. . . . . . . . . . . . . . . . . . . . . . . . . . . . . . . RO Davi Alcolumbre. . . . . . . . . . . . . . . . . . . . . . . . . . . . . . . AP<br \/>Rogerio Marinho. . . . . . . . . . . . . . . . . . . . . . . . . . . . . . RN Efraim Filho. . . . . . . . . . . . . . . . . . . . . . . . . . . . . . . . . . PB<br \/>Rom\u00e1rio. . . . . . . . . . . . . . . . . . . . . . . . . . . . . . . . . . . . . RJ Jayme Campos. . . . . . . . . . . . . . . . . . . . . . . . . . . . . . . . MT<br \/>Wellington Fagundes. . . . . . . . . . . . . . . . . . . . . . . . . . . MT Marcio Bittar. . . . . . . . . . . . . . . . . . . . . . . . . . . . . . . . . AC<br \/>Wilder Morais. . . . . . . . . . . . . . . . . . . . . . . . . . . . . . . . GO Professora Dorinha Seabra. . . . . . . . . . . . . . . . . . . . . . . . TO<br \/>PSD &#8211; 13 Sergio Moro. . . . . . . . . . . . . . . . . . . . . . . . . . . . . . . . . . PR<br \/>Angelo Coronel. . . . . . . . . . . . . . . . . . . . . . . . . . . . . . . . BA PSB &#8211; 4<br \/>Eliziane Gama. . . . . . . . . . . . . . . . . . . . . . . . . . . . . . . . MA Chico Rodrigues. . . . . . . . . . . . . . . . . . . . . . . . . . . . . . . RR<br \/>Iraj\u00e1. . . . . . . . . . . . . . . . . . . . . . . . . . . . . . . . . . . . . . . . TO Cid Gomes. . . . . . . . . . . . . . . . . . . . . . . . . . . . . . . . . . . CE<br \/>Jussara Lima. . . . . . . . . . . . . . . . . . . . . . . . . . . . . . . . . . PI Fl\u00e1vio Arns. . . . . . . . . . . . . . . . . . . . . . . . . . . . . . . . . . . PR<br \/>Lucas Barreto. . . . . . . . . . . . . . . . . . . . . . . . . . . . . . . . . AP Jorge Kajuru. . . . . . . . . . . . . . . . . . . . . . . . . . . . . . . . . . GO<br \/>Mara Gabrilli. . . . . . . . . . . . . . . . . . . . . . . . . . . . . . . . . . SP REPUBLICANOS &#8211; 4<br \/>Margareth Buzetti. . . . . . . . . . . . . . . . . . . . . . . . . . . . . MT Cleitinho. . . . . . . . . . . . . . . . . . . . . . . . . . . . . . . . . . . . MG<br \/>Nelsinho Trad. . . . . . . . . . . . . . . . . . . . . . . . . . . . . . . . MS Damares Alves. . . . . . . . . . . . . . . . . . . . . . . . . . . . . . . . DF<br \/>Omar Aziz. . . . . . . . . . . . . . . . . . . . . . . . . . . . . . . . . . . AM Hamilton Mour\u00e3o. . . . . . . . . . . . . . . . . . . . . . . . . . . . . . RS<br \/>Otto Alencar. . . . . . . . . . . . . . . . . . . . . . . . . . . . . . . . . . BA Mecias de Jesus. . . . . . . . . . . . . . . . . . . . . . . . . . . . . . . RR<br \/>Rodrigo Pacheco. . . . . . . . . . . . . . . . . . . . . . . . . . . . . . MG PODEMOS &#8211; 4<br \/>S\u00e9rgio Petec\u00e3o. . . . . . . . . . . . . . . . . . . . . . . . . . . . . . . . AC Carlos Viana. . . . . . . . . . . . . . . . . . . . . . . . . . . . . . . . . MG<br \/>Zenaide Maia. . . . . . . . . . . . . . . . . . . . . . . . . . . . . . . . . RN Marcos do Val. . . . . . . . . . . . . . . . . . . . . . . . . . . . . . . . . ES<br \/>MDB &#8211; 12 Soraya Thronicke. . . . . . . . . . . . . . . . . . . . . . . . . . . . . . MS<br \/>Alessandro Vieira. . . . . . . . . . . . . . . . . . . . . . . . . . . . . . SE Zequinha Marinho. . . . . . . . . . . . . . . . . . . . . . . . . . . . . . PA<br \/>Conf\u00facio Moura. . . . . . . . . . . . . . . . . . . . . . . . . . . . . . . RO PDT &#8211; 3<br \/>Eduardo Braga. . . . . . . . . . . . . . . . . . . . . . . . . . . . . . . . AM Ana Paula Lobato. . . . . . . . . . . . . . . . . . . . . . . . . . . . . . MA<br \/>Fernando Dueire. . . . . . . . . . . . . . . . . . . . . . . . . . . . . . . PE Leila Barros. . . . . . . . . . . . . . . . . . . . . . . . . . . . . . . . . . DF<br \/>Fernando Farias. . . . . . . . . . . . . . . . . . . . . . . . . . . . . . . AL Weverton. . . . . . . . . . . . . . . . . . . . . . . . . . . . . . . . . . . MA<br \/>Giordano. . . . . . . . . . . . . . . . . . . . . . . . . . . . . . . . . . . . SP PSDB &#8211; 3<br \/>Ivete da Silveira. . . . . . . . . . . . . . . . . . . . . . . . . . . . . . . . SC Oriovisto Guimar\u00e3es. . . . . . . . . . . . . . . . . . . . . . . . . . . . PR<br \/>Jader Barbalho. . . . . . . . . . . . . . . . . . . . . . . . . . . . . . . . PA Pl\u00ednio Val\u00e9rio. . . . . . . . . . . . . . . . . . . . . . . . . . . . . . . . . AM<br \/>Marcelo Castro. . . . . . . . . . . . . . . . . . . . . . . . . . . . . . . . PI Styvenson Valentim. . . . . . . . . . . . . . . . . . . . . . . . . . . . RN<br \/>Pedro Chaves. . . . . . . . . . . . . . . . . . . . . . . . . . . . . . . . . GO NOVO &#8211; 1<br \/>Renan Calheiros. . . . . . . . . . . . . . . . . . . . . . . . . . . . . . . AL Eduardo Gir\u00e3o. . . . . . . . . . . . . . . . . . . . . . . . . . . . . . . . . CE<br \/>Veneziano Vital do R\u00eago. . . . . . . . . . . . . . . . . . . . . . . . . PB<br \/>PT &#8211; 9<br \/>Augusta Brito. . . . . . . . . . . . . . . . . . . . . . . . . . . . . . . . . CE<br \/>Beto Faro. . . . . . . . . . . . . . . . . . . . . . . . . . . . . . . . . . . . PA<br \/>Fabiano Contarato. . . . . . . . . . . . . . . . . . . . . . . . . . . . . . ES<br \/>Humberto Costa. . . . . . . . . . . . . . . . . . . . . . . . . . . . . . . PE<br \/>Jaques Wagner. . . . . . . . . . . . . . . . . . . . . . . . . . . . . . . . BA<br \/>Paulo Paim. . . . . . . . . . . . . . . . . . . . . . . . . . . . . . . . . . . RS<br \/>Randolfe Rodrigues. . . . . . . . . . . . . . . . . . . . . . . . . . . . . AP<br \/>Rog\u00e9rio Carvalho. . . . . . . . . . . . . . . . . . . . . . . . . . . . . . . SE<br \/>Teresa Leit\u00e3o. . . . . . . . . . . . . . . . . . . . . . . . . . . . . . . . . . PEORDEM DO DIA<br \/>sexta-feira, 8 de agosto de 2025<br \/>76<br \/>COMPOSI\u00c7\u00c3O DO SENADO FEDERAL NA 57\u00aa LEGISLATURA<br \/>(por ordem alfab\u00e9tica)<br \/>Alan Rick** (UNI\u00c3O-AC) Fernando Farias** (MDB-AL) Mecias de Jesus* (REPUBLICANOS-RR)<br \/>Alessandro Vieira* (MDB-SE) Fl\u00e1vio Arns* (PSB-PR) Nelsinho Trad* (PSD-MS)<br \/>Ana Paula Lobato** (PDT-MA) Fl\u00e1vio Bolsonaro* (PL-RJ) Omar Aziz** (PSD-AM)<br \/>Angelo Coronel* (PSD-BA) Giordano* (MDB-SP) Oriovisto Guimar\u00e3es* (PSDB-PR)<br \/>Astronauta Marcos Pontes** (PL-SP) Hamilton Mour\u00e3o** (REPUBLICANOS-RS) Otto Alencar** (PSD-BA)<br \/>Augusta Brito** (PT-CE) Humberto Costa* (PT-PE) Paulo Paim* (PT-RS)<br \/>Beto Faro** (PT-PA) Iraj\u00e1* (PSD-TO) Pedro Chaves* (MDB-GO)<br \/>Carlos Portinho* (PL-RJ) Ivete da Silveira* (MDB-SC) Pl\u00ednio Val\u00e9rio* (PSDB-AM)<br \/>Carlos Viana* (PODEMOS-MG) Izalci Lucas* (PL-DF) Professora Dorinha Seabra** (UNI\u00c3O-TO)<br \/>Chico Rodrigues* (PSB-RR) Jader Barbalho* (MDB-PA) Randolfe Rodrigues* (PT-AP)<br \/>Cid Gomes* (PSB-CE) Jaime Bagattoli** (PL-RO) Renan Calheiros* (MDB-AL)<br \/>Ciro Nogueira* (PP-PI) Jaques Wagner* (PT-BA) Rodrigo Pacheco* (PSD-MG)<br \/>Cleitinho** (REPUBLICANOS-MG) Jayme Campos* (UNI\u00c3O-MT) Rog\u00e9rio Carvalho* (PT-SE)<br \/>Conf\u00facio Moura* (MDB-RO) Jorge Kajuru* (PSB-GO) Rogerio Marinho** (PL-RN)<br \/>Damares Alves** (REPUBLICANOS-DF) Jorge Seif** (PL-SC) Rom\u00e1rio** (PL-RJ)<br \/>Daniella Ribeiro* (PP-PB) Jussara Lima** (PSD-PI) Sergio Moro** (UNI\u00c3O-PR)<br \/>Davi Alcolumbre** (UNI\u00c3O-AP) La\u00e9rcio Oliveira** (PP-SE) S\u00e9rgio Petec\u00e3o* (PSD-AC)<br \/>Dr. Hiran** (PP-RR) Leila Barros* (PDT-DF) Soraya Thronicke* (PODEMOS-MS)<br \/>Dra. Eud\u00f3cia* (PL-AL) Lucas Barreto* (PSD-AP) Styvenson Valentim* (PSDB-RN)<br \/>Eduardo Braga* (MDB-AM) Luis Carlos Heinze* (PP-RS) Teresa Leit\u00e3o** (PT-PE)<br \/>Eduardo Gir\u00e3o* (NOVO-CE) Magno Malta** (PL-ES) Tereza Cristina** (PP-MS)<br \/>Eduardo Gomes* (PL-TO) Mara Gabrilli* (PSD-SP) Veneziano Vital do R\u00eago* (MDB-PB)<br \/>Efraim Filho** (UNI\u00c3O-PB) Marcelo Castro* (MDB-PI) Wellington Fagundes** (PL-MT)<br \/>Eliziane Gama* (PSD-MA) Marcio Bittar* (UNI\u00c3O-AC) Weverton* (PDT-MA)<br \/>Esperidi\u00e3o Amin* (PP-SC) Marcos Rog\u00e9rio* (PL-RO) Wilder Morais** (PL-GO)<br \/>Fabiano Contarato* (PT-ES) Marcos do Val* (PODEMOS-ES) Zenaide Maia* (PSD-RN)<br \/>Fernando Dueire* (MDB-PE) Margareth Buzetti* (PSD-MT) Zequinha Marinho* (PODEMOS-PA)<br \/>Mandatos<br \/>*: Per\u00edodo 2019\/2027    **: Per\u00edodo 2023\/2031    ORDEM DO DIA<br \/>sexta-feira, 8 de agosto de 2025<br \/>77<br \/>COMPOSI\u00c7\u00c3O<br \/>COMISS\u00c3O DIRETORA<br \/>PRESIDENTE<br \/>Davi Alcolumbre &#8211; (UNI\u00c3O-AP)   <br \/>1\u00ba VICE-PRESIDENTE<br \/>Eduardo Gomes &#8211; (PL-TO)   <br \/>2\u00ba VICE-PRESIDENTE<br \/>Humberto Costa &#8211; (PT-PE)   <br \/>1\u00aa SECRET\u00c1RIA<br \/>Daniella Ribeiro &#8211; (PP-PB)   <br \/>2\u00ba SECRET\u00c1RIO<br \/>Conf\u00facio Moura &#8211; (MDB-RO)   <br \/>3\u00aa SECRET\u00c1RIA<br \/>Ana Paula Lobato &#8211; (PDT-MA)   <br \/>4\u00ba SECRET\u00c1RIO<br \/>La\u00e9rcio Oliveira &#8211; (PP-SE)   <\/p>\n<p>SUPLENTES DE SECRET\u00c1RIO<br \/>1\u00ba  Chico Rodrigues &#8211; (PSB-RR)<br \/>2\u00ba  Mecias de Jesus &#8211; (REPUBLICANOS-RR)<br \/>3\u00ba  Styvenson Valentim &#8211; (PSDB-RN)<br \/>4\u00aa  Soraya Thronicke &#8211; (PODEMOS-MS)ORDEM DO DIA<br \/>sexta-feira, 8 de agosto de 2025<br \/>78<br \/>COMPOSI\u00c7\u00c3O<br \/>LIDERAN\u00c7AS<br \/>Bloco Parlamentar Democracia Bloco Parlamentar da Resist\u00eancia Democr\u00e1tica Bloco Parlamentar Vanguarda<br \/>(MDB\/UNI\u00c3O\/PODEMOS\/PSDB) &#8211; 26 (PSD\/PSB) &#8211; 17 (PL\/NOVO) &#8211; 15<br \/>L\u00edder L\u00edder L\u00edder<br \/> (4,10,42,43,49,63,75) (11,45,54) (24,37,69)<br \/>Efraim Filho &#8211; UNI\u00c3O   Eliziane Gama &#8211; PSD   Wellington Fagundes &#8211; PL   <br \/>Vice-L\u00edder<br \/>&#8230;&#8230;&#8230;&#8230;&#8230;&#8230;.. &#8230;&#8230;&#8230;&#8230;&#8230;&#8230;..<br \/> (77)<br \/>Astronauta Marcos Pontes   <br \/>L\u00edder do MDB &#8211; 12 L\u00edder do PSD &#8211; 13<br \/>&#8230;&#8230;&#8230;&#8230;&#8230;&#8230;..<br \/> (59) (13,53)<br \/>Eduardo Braga   Omar Aziz   <br \/>L\u00edder do PL &#8211; 14<br \/>Vice-L\u00edderes  do MDB Vice-L\u00edder  do PSD<br \/> (68)<br \/>Carlos Portinho   <br \/> (84) (67)<br \/>Marcelo Castro   Angelo Coronel   <br \/> (15,85)<br \/>Conf\u00facio Moura   Vice-L\u00edderes  do PL<br \/>L\u00edder do PSB &#8211; 4<br \/> (86) (80,89)<br \/>Giordano   Jorge Seif   <br \/> (73)<br \/>Cid Gomes    (82,90)<br \/>Jaime Bagattoli   <br \/>L\u00edder do UNI\u00c3O &#8211; 7<br \/>Vice-L\u00edder  do PSB<br \/>L\u00edder do NOVO &#8211; 1<br \/> (4,10,42,43,49,63,75)<br \/>Efraim Filho   <br \/> (5,17,74)<br \/>Jorge Kajuru   <br \/> (9,38)<br \/>Eduardo Gir\u00e3o   <br \/>Vice-L\u00edderes  do UNI\u00c3O<br \/> (18,41,92,95)<br \/>Professora Dorinha Seabra   <br \/> (93)<br \/>Jayme Campos   <br \/>L\u00edder do PODEMOS &#8211; 4<br \/> (57)<br \/>Carlos Viana   <br \/>Vice-L\u00edder  do PODEMOS<br \/> (30)<br \/>Marcos do Val   <br \/>L\u00edder do PSDB &#8211; 3<br \/> (33,61)<br \/>Pl\u00ednio Val\u00e9rio   <br \/>Vice-L\u00edder  do PSDB<br \/> (29,83)<br \/>Styvenson Valentim   <br \/>Bloco Parlamentar Pelo Brasil Bloco Parlamentar Alian\u00e7a Maioria<br \/>(PT\/PDT) &#8211; 12 (PP\/REPUBLICANOS) &#8211; 11<br \/>L\u00edder<br \/> (76)<br \/>L\u00edder L\u00edder Veneziano Vital do R\u00eago &#8211; MDB   <br \/> (20,62,72) (71)<br \/>Weverton &#8211; PDT   Dr. Hiran &#8211; PP   <br \/>&#8230;&#8230;&#8230;&#8230;&#8230;&#8230;.. &#8230;&#8230;&#8230;&#8230;&#8230;&#8230;..<br \/>L\u00edder do PT &#8211; 9 L\u00edder do PP &#8211; 7<br \/> (60) (7)<br \/>Rog\u00e9rio Carvalho   Tereza Cristina   <br \/>Vice-L\u00edder  do PT Vice-L\u00edder  do PP<br \/> (35,64) (87)<br \/>Teresa Leit\u00e3o   Esperidi\u00e3o Amin   <br \/>L\u00edder do PDT &#8211; 3 L\u00edder do REPUBLICANOS &#8211; 4<br \/> (20,62,72) (6,58)<br \/>Weverton   Mecias de Jesus   <br \/>Minoria Bancada Feminina Governo<br \/>L\u00edder L\u00edder L\u00edder<br \/> (1,8) (18,41,92,95) (2)<br \/>Ciro Nogueira &#8211; PP   Professora Dorinha Seabra &#8211; UNI\u00c3O   Jaques Wagner &#8211; PT   <br \/>Vice-L\u00edderes<br \/> (3,46,51,52)<br \/>Otto Alencar   <br \/> (15,85)<br \/>Conf\u00facio Moura   <br \/> (16)<br \/>Daniella Ribeiro   <br \/> (5,17,74)<br \/>Jorge Kajuru   <br \/> (18,41,92,95)<br \/>Professora Dorinha Seabra   <br \/> (19)<br \/>Randolfe Rodrigues   <br \/> (20,62,72)<br \/>Weverton   <br \/> (21)<br \/>Zenaide Maia   <br \/> (25,32,47,48,65,66,78)<br \/>Augusta Brito   <br \/> (79)<br \/>Leila Barros   <br \/>Oposi\u00e7\u00e3o<br \/>L\u00edder<br \/> (50,70)<br \/>Rogerio Marinho &#8211; PL   <br \/>Vice-L\u00edderORDEM DO DIA<br \/>sexta-feira, 8 de agosto de 2025<br \/>79<br \/> (44,94)<br \/>Marcos Rog\u00e9rio   <br \/>Notas:<br \/>1. Em 02.01.2023, o Senador Ciro Nogueira foi designado L\u00edder do Partido Progressista (Of. 36\/2022-GLDPP).<br \/>2. Em 06.01.2023, o Senador Jaques Wagner foi designado L\u00edder do Governo (Mensagem n\u00ba 7, de 2023, da Presid\u00eancia da Rep\u00fablica).<br \/>3. Em 01.02.2023, o Senador Otto Alencar foi designado L\u00edder do Partido Social Democr\u00e1tico (Of. 001\/2023-GLPSD).<br \/>4. Em 01.02.2023, o Senador Efraim Filho foi designado L\u00edder do Uni\u00e3o Brasil (Of. 02\/23-GLUNIAO).<br \/>5. Em 01.02.2023, o Senador Jorge Kajuru foi designado L\u00edder do Partido Socialista Brasileiro (Of. 6\/2023-GLPSB).<br \/>6. Em 01.02.2023, o Senador Mecias de Jesus foi designado L\u00edder do Republicanos (Of. 4\/2023-GSMJESUS).<br \/>7. Em 02.02.2023, a Senadora Tereza Cristina Corr\u00eaa foi designada L\u00edder do Partido Progressista (Of. 1\/2023-GLDPP).<br \/>8. Em 03.02.2023, o Senador Ciro Nogueira foi designado L\u00edder da Minoria (Of. 10\/2023-GSCNOG).<br \/>9. Em 08.02.2023, o Senador Eduardo Gir\u00e3o foi designado L\u00edder do NOVO (Of. n\u00ba 19\/2023-GSGIRAO).<br \/>10. Em 08.02.2023, o Senador Efraim Filho foi designado L\u00edder do Bloco Parlamentar Democracia (Of. n\u00ba 5\/2023-GLUNIAO).<br \/>11. Em 28.02.2023, a Senadora Eliziane Gama foi designada L\u00edder do Bloco Parlamentar da Resist\u00eancia Democr\u00e1tica (Of. 01\/2023-BLPRD).<br \/>12. Em 02.03.2023, o Senador Lu\u00eds Carlos Heinze foi designdo Vice-L\u00edder do Bloco Vanguarda (Of. 51\/2023-BLVANG) .<br \/>13. Em 08.03.2023, o Senador Omar Aziz foi designado 1\u00ba Vice-L\u00edder do Partido Social Democr\u00e1tico (Of. 007\/2023-GLPSD).<br \/>14. Em 09.03.2023, o Senador Hamilton Mour\u00e3o foi designado Vice-L\u00edder do Republicanos (Of. 17\/2023-GSMJESUS).<br \/>15. Em 23.03.2023, o Senador Conf\u00facio Moura foi designado 2\u00ba Vice-L\u00edder do Governo (Of. 21\/2023-GLDGOV).<br \/>16. Em 23.03.2023, a Senadora Daniella Ribeiro foi designada 3\u00aa Vice-L\u00edder do Governo (Of. 21\/2023-GLDGOV).<br \/>17. Em 23.03.2023, o Senador Jorge Kajuru foi designado 4\u00ba Vice-L\u00edder do Governo (Of. 21\/2023-GLDGOV).<br \/>18. Em 23.03.2023, a Senadora Professora Dorinha Seabra foi designada 5\u00aa Vice-L\u00edder do Governo (Of. 21\/2023-GLDGOV).<br \/>19. Em 23.03.2023, o Senador Randolfe Rodrigues foi designado 6\u00ba Vice-L\u00edder do Governo (Of. 21\/2023-GLDGOV).<br \/>20. Em 23.03.2023, o Senador Weverton Rocha foi designado 7\u00ba Vice-L\u00edder do Governo (Of. 21\/2023-GLDGOV).<br \/>21. Em 23.03.2023, a Senadora Zenaide Maia foi designada 8\u00aa Vice-L\u00edder do Governo (Of. 21\/2023-GLDGOV).<br \/>22. Em 17.05.2023, a Senadora Jussara Lima foi designada 2\u00aa Vice-L\u00edder da Bancada Feminina no Senado Federal (Of. 41\/2023).<br \/>23. Em 24.10.2023, a Senadora Augusta Brito foi designada 8\u00aa Vice-L\u00edder do Governo (Of. n\u00ba 104\/2023-GLDGOV).<br \/>24. Em 03.11.2023, o Senador Wellington Fagundes retorna ao exerc\u00edcio do mandato e d\u00e1 continuidade ao cargo de L\u00edder do Bloco Parlamentar Vanguarda <br \/>(Of. n\u00ba 11\/2023-GSWFAGUN).<br \/>25. Em 12\/12\/2023, a Senadora Augusta Brito deixa de exercer a fun\u00e7\u00e3o de vice-l\u00edder do Governo no Senado Federal pelo motivo de &#8220;Retorno do titular&#8221;.<br \/>26. Em 12\/12\/2023, a Senadora Jussara Lima deixa de exercer a fun\u00e7\u00e3o de vice-l\u00edder da Bancada Feminina no Senado Federal pelo motivo de &#8220;Retorno do <br \/>titular&#8221;.<br \/>27. Em 21.02.2024, o Senador Rodrigo Cunha foi designado L\u00edder do Podemos (Of. 004\/2024-GLPODEMOS).<br \/>28. Em 27.02.2024, o Senador Beto Faro foi designado L\u00edder do Partido dos Trabalhadores (Of. n\u00ba 005\/2024-GLDPT).<br \/>29. Em 28.02.2024, o Senador Styvenson Valentim foi designado 1\u00ba Vice-L\u00edder do PODEMOS (Of. n\u00ba 05\/2024-GLPODEMOS).<br \/>30. Em 28.02.2024, o Senador Marcos do Val foi designado 2\u00ba Vice-L\u00edder do PODEMOS (Of. n\u00ba 05\/2024-GLPODEMOS).<br \/>31. Em 06.03.2024, o Senador La\u00e9rcio Oliveira foi designado L\u00edder do Bloco Parlamentar Alian\u00e7a (Of. n\u00ba 10\/2024-GABLID\/BLALIAN).<br \/>32. Em 31.03.2024, a Senadora Augusta Brito deixa de exercer a fun\u00e7\u00e3o de Vice-L\u00edder do Partido dos Trabalhadores pelo motivo de &#8220;Licen\u00e7a com convoca\u00e7\u00e3o <br \/>de suplente (superior a 120 dias)&#8221;.<br \/>33. Em 09.04.2024, o Senador Pl\u00ednio Val\u00e9rio foi designado L\u00edder do PSDB (Of. n\u00ba 008\/2024-GSPVALER).<br \/>34. Em 03.05.2024, a Senadora Ana Paula Lobato foi designada L\u00edder do Partido Democr\u00e1tico Trabalhista (Of. n\u00ba 79\/2024-GSALOBAT).<br \/>35. Em 23.05.2024, a Senadora Teresa Leit\u00e3o foi designada 1\u00aa Vice-L\u00edder da Bancada Feminina do Senado Federal (Of. n\u00ba 8\/2024).<br \/>36. Em 23.05.2024, a Senadora Soraya Thronicke foi designada 2\u00aa Vice-L\u00edder da Bancada Feminina do Senado Federal (Of. n\u00ba 8\/2024).<br \/>37. Em 11\/06\/2024, o Senador Wellington Fagundes deixa de exercer a fun\u00e7\u00e3o de l\u00edder do Bloco Parlamentar Vanguarda pelo motivo de &#8220;Licen\u00e7a com <br \/>convoca\u00e7\u00e3o de suplente (superior a 120 dias)&#8221;.<br \/>38. Em 18.06.2024, o Senador Eduardo Gir\u00e3o foi designado 2\u00ba Vice-L\u00edder da Oposi\u00e7\u00e3o (Of. n\u00ba 536\/2024-GLDOP).<br \/>39. Em 18.06.2024, o Senador Magno Malta foi designado 3\u00ba Vice-L\u00edder da Oposi\u00e7\u00e3o (Of. n\u00ba 536\/2024-GLDOP).<br \/>40. Em 18.06.2024, o Senador Eduardo Gomes foi designado 4\u00ba Vice-L\u00edder da Oposi\u00e7\u00e3o (Of. n\u00ba 536\/2024-GLDOP).<br \/>41. Em 18.06.2024, a Senadora Professora Dorinha Seabra foi designada 2\u00aa Vice-L\u00edder do Bloco Parlamentar Democracia (Of. n\u00ba 64\/2024-BLDEM).<br \/>42. Em 19\/06\/2024, o Senador Efraim Filho deixa de exercer a fun\u00e7\u00e3o de l\u00edder do Uni\u00e3o Brasil pelo motivo de &#8220;Licen\u00e7a com convoca\u00e7\u00e3o de suplente <br \/>(superior a 120 dias)&#8221;.<br \/>43. Em 19\/06\/2024, o Senador Efraim Filho deixa de exercer a fun\u00e7\u00e3o de l\u00edder do Bloco Parlamentar Democracia pelo motivo de &#8220;Licen\u00e7a com convoca\u00e7\u00e3o <br \/>de suplente (superior a 120 dias)&#8221;.<br \/>44. Em 24.06.2024, o Senador Marcos Rog\u00e9rio foi designado L\u00edder da Oposi\u00e7\u00e3o (Of. n\u00ba 034\/2024-BLVANGUAR).<br \/>45. Em 16\/07\/2024, a Senadora Eliziane Gama deixa de exercer a fun\u00e7\u00e3o de l\u00edder do Bloco Parlamentar da Resist\u00eancia Democr\u00e1tica pelo motivo de <br \/>&#8220;Ocupa\u00e7\u00e3o de cargo de ministro\/secret\u00e1rio&#8221;.<br \/>46. Em 17.07.2024, o Senador Otto Alencar foi designado L\u00edder do Bloco Parlamentar da Resist\u00eancia Democr\u00e1tica (Of. n\u00ba 50\/2024-GLDPSB).<br \/>47. Em 31.07.2024, a Senadora Augusta Brito retorna ao exerc\u00edcio do mandato e d\u00e1 continuidade ao cargo de Vice-L\u00edder do Partido dos Trabalhadores (Of. <br \/>n\u00ba 27\/2024-GSABRITO).<br \/>48. Em 04.09.2024, a Senadora Augusta Brito foi designada 9\u00aa Vice-L\u00edder do Governo (Of. n\u00ba 27\/2024-GLDGOV).<br \/>49. Em 18.10.2024, o Senador Efraim Filho retorna ao exerc\u00edcio do mandato e d\u00e1 continuidade ao cargo de L\u00edder do Bloco Parlamentar Democracia (Of. n\u00ba <br \/>21\/2024-GSEFILHO).<br \/>50. Em 18.10.2024, o Senador Rogerio Marinho foi designado L\u00edder da Oposi\u00e7\u00e3o (Of. n\u00ba 50\/2024-BLVANG).<br \/>51. Em 22.10.2024, o Senador Otto Alencar foi designado 1\u00ba Vice-L\u00edder do Governo (Of. n\u00ba 7\/2024-GLDGOV).<br \/>52. Em 22.10.2024, o Senador Otto Alencar foi designado L\u00edder em exerc\u00edcio do Governo (Of. n\u00ba 7\/2024-GLDGOV).<br \/>53. Em 30.10.2024, o Senador Omar Aziz foi designado L\u00edder do Partido Social Democr\u00e1tico (Of. 016\/2024-GLPSD).<br \/>54. Em 11.11.2024, a Senadora Eliziane Gama foi designada L\u00edder do Bloco Parlamentar da Resist\u00eancia Democr\u00e1tica (Of. 57\/2024-GLDPSB).<br \/>55. Em 13.11.2024, o Senador Fl\u00e1vio Arns foi designado 1\u00ba Vice-l\u00edder do PSB (Of. 58\/2024-GLDPSB).<br \/>56. Em 29\/12\/2024, o Senador Rodrigo Cunha foi destitu\u00eddo da fun\u00e7\u00e3o de l\u00edder do Podemos pelo motivo de &#8220;Ren\u00fancia&#8221;.<br \/>57. Em 02.01.2025, o Senador Carlos Viana foi designado L\u00edder do Podemos (Of. n\u00ba 115\/2024-GLPODEMOS).<br \/>58. Em 14.01.2025, o Senador Mecias de Jesus foi designado L\u00edder do Republicanos (Of. 052\/2024-GABLID\/GLREPUBL)<br \/>59. Em 28.01.2025, o Senador Eduardo Braga foi designado L\u00edder do Movimento Democr\u00e1tico Brasileiro (Of. 039\/2024-GLMDB).<br \/>60. Em 01.02.2025, o Senador Rog\u00e9rio Carvalho foi designado L\u00edder do Partido dos Trabalhadores (Of. n\u00ba 001\/2025-GLDPT).ORDEM DO DIA<br \/>sexta-feira, 8 de agosto de 2025<br \/>80<br \/>61. Em 01.02.2025, o Senador Pl\u00ednio Val\u00e9rio foi designado L\u00edder do Partido da Social Democracia Brasileira (Of. n\u00ba 003\/2025-GSPVALER).<br \/>62. Em 01.02.2025, o Senador Weverton foi designado L\u00edder do Partido Democr\u00e1tico Trabalhista (Of. n\u00ba 18\/2025).<br \/>63. Em 01.02.2025, o Senador Efraim Filho foi designado L\u00edder do Uni\u00e3o Brasil (Of. n\u00ba 4\/2025-GLUNIAO).<br \/>64. Em 01.02.2025, a Senadora Teresa Leit\u00e3o foi designada 1\u00aa Vice-L\u00edder do Partido dos Trabalhadores (Of. 001\/2025-GLDPT).<br \/>65. Em 01\/02\/2025, a Senadora Augusta Brito deixa de exercer a fun\u00e7\u00e3o de vice-l\u00edder do Partido dos Trabalhadores pelo motivo de &#8220;Retorno do titular&#8221;.<br \/>66. Em 01\/02\/2025, a Senadora Augusta Brito deixa de exercer a fun\u00e7\u00e3o de vice-l\u00edder do Governo no Senado Federal pelo motivo de &#8220;Retorno do titular&#8221;.<br \/>67. Em 03.02.2025, o Senador Angelo Coronel foi designado 1\u00ba Vice-L\u00edder do PSD (Of. n\u00ba 5\/2025-GLPSD).<br \/>68. Em 03.02.2025, o Senador Carlos Portinho foi designado L\u00edder do Partido Liberal (Of. n\u00ba 5\/2025-GLPL).<br \/>69. Em 03.02.2025, o Senador Wellington Fagundes foi designado L\u00edder do Bloco Parlamentar Vanguarda (Of. 2\/2025-BLVANG).<br \/>70. Em 04.02.2025, o Senador Rogerio Marinho foi designado L\u00edder da Oposi\u00e7\u00e3o (Of. 03\/2025-BLVANG).<br \/>71. Em 17.02.2025, o Senador Dr. Hiran foi designado L\u00edder do Bloco Parlamentar Alian\u00e7a (Of. n\u00ba 001\/2025-GABLID\/BLALIAN).<br \/>72. Em 18.02.2025, o Senador Weverton foi designado L\u00edder do Bloco Parlamentar Pelo Brasil (Of. 25\/2025).<br \/>73. Em 18.02.2025, o Senador Cid Gomes foi designado L\u00edder do Partido Socialista Brasileiro (Of. n\u00ba 008\/2025-GLDPSB).<br \/>74. Em 18.02.2025, o Senador Jorge Kajuru foi designado Vice-L\u00edder do Partido Socialista Brasileiro (Of. n\u00ba 008\/2025-GLDPSB).<br \/>75. Em 19.02.2025, o Senador Efraim Filho foi designado L\u00edder do Bloco Parlamentar Democracia (Of. n\u00ba 24\/2025-GLMDB).<br \/>76. Em 19.02.2025, o Senador Veneziano Vital do R\u00eago foi designado L\u00edder da Maioria (Of. 24\/2025-GLMDB).<br \/>77. Em 27.02.2025, o Senador Astronauta Marcos Pontes foi designado 1\u00ba Vice-L\u00edder do Bloco Parlamentar Vanguarda (Of. 13\/2025-BLVANG).<br \/>78. Em 13.03.2025, a Senadora Augusta Brito foi designada 9\u00aa Vice-L\u00edder do Governo (Of. s\/n\/2025-GLDGOV).<br \/>79. Em 13.03.2025, a Senadora Leila Barros foi designada 10\u00aa Vice-L\u00edder do Governo (Of. s\/n\/2025-GLDGOV).<br \/>80. Em 21.03.2025, o Senador Jorge Seif foi designado 1\u00ba Vice-L\u00edder do Partido Liberal (Of. n\u00ba 012\/2025-GLPL).<br \/>81. Em 21.03.2025, o Senador Izalci Lucas foi designado 2\u00ba Vice-L\u00edder do Partido Liberal (Of. n\u00ba 012\/2025-GLPL).<br \/>82. Em 21.03.2025, o Senador Jaime Bagattoli foi designado 3\u00ba Vice-L\u00edder do Partido Liberal (Of. n\u00ba 012\/2025-GLPL).<br \/>83. Em 25.03.2025, o Senador Styvenson Valentim foi designado Vice-L\u00edder do PSDB (Of. n\u00ba 005\/2025-GSPVALER).<br \/>84. Em 02.04.2025, o Senador Marcelo Castro foi designado 1\u00ba Vice-L\u00edder do Movimento Democr\u00e1tico Brasileiro (Of. n\u00ba 039\/2025-GLMDB).<br \/>85. Em 02.04.2025, o Senador Conf\u00facio Moura foi designado 2\u00ba Vice-L\u00edder do Movimento Democr\u00e1tico Brasileiro (Of. n\u00ba 039\/2025-GLMDB).<br \/>86. Em 02.04.2025, o Senador Giordano foi designado 3\u00ba Vice-L\u00edder do Movimento Democr\u00e1tico Brasileiro (Of. n\u00ba 039\/2025-GLMDB).<br \/>87. Em 07.04.2025, o Senador Esperidi\u00e3o Amin foi designado Vice-L\u00edder do Partido Progressistas (Of. n\u00ba 19\/2025-GLPP).<br \/>88. Em 08.05.2025, o Senador Izalci Lucas foi designado 1\u00ba Vice-L\u00edder do Partido Liberal (Of. n\u00ba 18\/2025-GLPL).<br \/>89. Em 08.05.2025, o Senador Jorge Seif foi designado 2\u00ba Vice-L\u00edder do Partido Liberal (Of. n\u00ba 18\/2025-GLPL).<br \/>90. Em 08.05.2025, o Senador Jaime Bagattoli foi designado 3\u00ba Vice-L\u00edder do Partido Liberal (Of. n\u00ba 18\/2025-GLPL).<br \/>91. Em 27.05.2025, o Senador Carlos Portinho comunica o seu afastamento tempor\u00e1rio da Lideran\u00e7a do Partido Liberal, pelo per\u00edodo de 03\/06\/2025 a <br \/>17\/07\/2025. Durante seu afastamento, o Senador Izalci Lucas exercer\u00e1 a Lideran\u00e7a (Of. n\u00ba 019\/2025-GLPL).<br \/>92. Em 11.06.2025, a Senadora Professora Dorinha Seabra foi designada 1\u00aa Vice-L\u00edder do Uni\u00e3o Brasil (Of. n\u00ba 28\/2025-GLUNIAO).<br \/>93. Em 11.06.2025, o Senador Jayme Campos foi designado 2\u00ba Vice-L\u00edder do Uni\u00e3o Brasil (Of. n\u00ba 28\/2025-GLUNIAO).<br \/>94. Em 12.06.2025, o Senador Marcos Rog\u00e9rio foi designado 1\u00ba Vice-L\u00edder da Oposi\u00e7\u00e3o (Of. n\u00ba 181\/2025-GSRMARIN).<br \/>95. Em 09.07.2025, a Senadora Professora Dorinha Seabra foi designada L\u00edder da Bancada Feminina do Senado Federal (Of. n\u00ba 188\/2025-GSLB).ORDEM DO DIA<br \/>sexta-feira, 8 de agosto de 2025<br \/>81<br \/>COMPOSI\u00c7\u00c3O<br \/>COMISS\u00d5ES TEMPOR\u00c1RIAS<br \/>1) COMISS\u00c3O TEMPOR\u00c1RIA EXTERNA PARA VERIFICAR &#8220;IN LOCO&#8221; A <br \/>SITUA\u00c7\u00c3O POL\u00cdTICA E SOCIAL DO ESTADO PLURINACIONAL DA BOL\u00cdVIA<br \/>Finalidade: verificar &#8220;in loco&#8221;, no prazo de 180 dias, a situa\u00e7\u00e3o pol\u00edtica e social do Estado Plurinacional <br \/>da Bol\u00edvia, no que diz respeito \u00e0 cl\u00e1usula democr\u00e1tica do Mercosul, prevista nos Protocolos de Ushuaia, <br \/>cujo texto estabelece que a plena vig\u00eancia das institui\u00e7\u00f5es democr\u00e1ticas \u00e9 indispens\u00e1vel para o <br \/>desenvolvimento dos processos de integra\u00e7\u00e3o entre os signat\u00e1rios do referido Bloco.  <br \/>Requerimento n\u00ba 1.067, de 2023<br \/>N\u00famero de membros: 5  titulares e 5 suplentes<br \/>TITULARES SUPLENTES<br \/>(1)<br \/>Senador  Sergio Moro   (UNI\u00c3O-PR)     1.      <br \/>    2.      <\/p>\n<p>Notas:<br \/>1. Em 15.03.2024, o Senador Sergio Moro foi designado membro titular, pelo Bloco Parlamentar Democracia, para compor a comiss\u00e3o (Of. 18\/2024-<br \/>BLDEM).ORDEM DO DIA<br \/>sexta-feira, 8 de agosto de 2025<br \/>82<br \/>2) GRUPO DE TRABALHO SOBRE REGULAMENTA\u00c7\u00c3O <br \/>DA MINERA\u00c7\u00c3O EM TERRAS IND\u00cdGENAS.<br \/>Finalidade: elaborar, no prazo de 180 (cento e oitenta) dias, projeto de lei para regulamentar a atividade <br \/>de minera\u00e7\u00e3o em terras ind\u00edgenas.  <br \/>ATO DO PRESIDENTE DO SENADO FEDERAL N\u00b0 1, DE 2025<br \/>(1)<br \/>PRESIDENTE:   Senadora Tereza Cristina (PP-MS)   <br \/>Leitura: 22\/04\/2025<br \/>MEMBROS<br \/>(2)<br \/>Senadora Tereza Cristina   (PP-MS)    <br \/>(2)<br \/>Senador Pl\u00ednio Val\u00e9rio   (PSDB-AM)    <br \/>(2)<br \/>Senador Mecias de Jesus   (REPUBLICANOS-RR)    <br \/>(2)<br \/>Senador Eduardo Braga   (MDB-AM)    <br \/>(2)<br \/>Senador Zequinha Marinho   (PODEMOS-PA)    <br \/>(2)<br \/>Senador Marcos Rog\u00e9rio   (PL-RO)    <br \/>(2)<br \/>Senador Rog\u00e9rio Carvalho   (PT-SE)    <br \/>(2)<br \/>Senador Efraim Filho   (UNI\u00c3O-PB)    <br \/>(2)<br \/>Senador Weverton   (PDT-MA)    <br \/>(2)<br \/>Senador Rodrigo Pacheco   (PSD-MG)    <br \/>(2)<br \/>Senador Cid Gomes   (PSB-CE)    <\/p>\n<p>Notas:<br \/>1. Em 22.04.2025, a Presid\u00eancia designa a Senadora Tereza Cristina Presidente do Grupo de Trabalho (ATS n\u00b0 1\/2025).<br \/>2. Em 22.04.2025, a Presid\u00eancia designa os Senadores Tereza Cristina, Pl\u00ednio Val\u00e9rio, Mecias de Jesus, Eduardo Braga, Zequinha Marinho, Marcos <br \/>Rog\u00e9rio, Rog\u00e9rio Carvalho, Efraim Filho, Weverton, Rodrigo Pacheco e Cid Gomes membros para compor a comiss\u00e3o (ATS n\u00b01\/2025).<br \/>Secret\u00e1rio(a): Marcelo Assaife Lopes | Adjunto: Henrique C\u00e2ndido Evangelista<br \/>Telefone(s): 3303 3490<br \/>E-mail: gtmti@senado.leg.brORDEM DO DIA<br \/>sexta-feira, 8 de agosto de 2025<br \/>83<br \/>3) COMISS\u00c3O TEMPOR\u00c1RIA EXTERNA PARA <br \/>INVESTIGAR A SITUA\u00c7\u00c3O DOS BRASILEIROS NA BOL\u00cdVIA<br \/>Finalidade: Investigar, no prazo de 120 dias, a situa\u00e7\u00e3o dos brasileiros na Bol\u00edvia, principalmente os <br \/>estudantes, e o caso Jenife Silva, estudante de medicina amapaense recentemente assassinada naquele <br \/>pa\u00eds.  <br \/>Requerimento n\u00ba 268, de 2025<br \/>MEMBROS<br \/>Secret\u00e1rio(a): Renata Felix Perez | Adjunto: Antonio Silva Neto<br \/>Telefone(s): 3303 3490ORDEM DO DIA<br \/>sexta-feira, 8 de agosto de 2025<br \/>84<br \/>4) COMISS\u00c3O TEMPOR\u00c1RIA EXTERNA PARA INTERLOCU\u00c7\u00c3O <br \/>SOBRE AS RELA\u00c7\u00d5ES ECON\u00d4MICAS BILATERAIS COM OS EUA<br \/>Finalidade: Manter, no prazo de 60 dias, interlocu\u00e7\u00e3o &#8220;in loco&#8221; com parlamentares norte-americanos <br \/>em Washington, DC, sobre as rela\u00e7\u00f5es econ\u00f4micas bilaterais.  <br \/>Requerimento n\u00ba 556, de 2025<br \/>N\u00famero de membros: 4  titulares e 4 suplentes<br \/>(1)<br \/>PRESIDENTE:   Senador Nelsinho Trad (PSD-MS)   <br \/>(3)<br \/>RELATORA:   Senadora Tereza Cristina (PP-MS)   <br \/>Instala\u00e7\u00e3o: 07\/08\/2025<br \/>Prazo final: 06\/10\/2025<br \/>TITULARES SUPLENTES<br \/>(2) (2)<br \/>Senador Nelsinho Trad   (PSD-MS)     1.  Senador Astronauta Marcos Pontes   (PL-SP)    <br \/>(2) (2)<br \/>Senadora Tereza Cristina   (PP-MS)     2.  Senador Esperidi\u00e3o Amin   (PP-SC)    <br \/>(2) (2)<br \/>Senador Jaques Wagner   (PT-BA)     3.  Senador Rog\u00e9rio Carvalho   (PT-SE)    <br \/>(2) (2)<br \/>Senador Fernando Farias   (MDB-AL)     4.  Senador Carlos Viana   (PODEMOS-MG)    <\/p>\n<p>Notas:<br \/>1. Em 17.07.2025, a Presid\u00eancia designa o Senador Nelsinho Trad Presidente desta comiss\u00e3o.<br \/>2. Em 17.07.2025, a Presid\u00eancia designa os Senadores Nelsinho Trad, Tereza Cristina, Jaques Wagner e Fernando Farias membros titulares e os <br \/>Senadores Astronauta Marcos Pontes, Esperidi\u00e3o Amin, Rog\u00e9rio Carvalho e Carlos Viana, membros suplentes, para compor a comiss\u00e3o.<br \/>3. Em 07.08.2025, a Senadora Tereza Cristina foi designada Relatora desta comiss\u00e3o (Of. n\u00ba 3\/2025-CTEUA).ORDEM DO DIA<br \/>sexta-feira, 8 de agosto de 2025<br \/>85<br \/>COMPOSI\u00c7\u00c3O<br \/>COMISS\u00d5ES PARLAMENTARES DE INQU\u00c9RITO<br \/>1)CPI DA VIOL\u00caNCIA DOM\u00c9STICA<br \/>Finalidade: apurar, no prazo de 180 (cento e oitenta) dias, com limite de despesas de R$ 150.000,00 <br \/>(cento e cinquenta mil reais), crimes de viol\u00eancia dom\u00e9stica e familiar contra a mulher desde 2019 <br \/>at\u00e9 os dias atuais, com base em diferentes levantamentos e estudos, com a finalidade de investigar a <br \/>a\u00e7\u00e3o ou omiss\u00e3o do poder p\u00fablico com rela\u00e7\u00e3o \u00e0 aplica\u00e7\u00e3o dos instrumentos institu\u00eddos em lei para <br \/>proteger as mulheres da viol\u00eancia, bem como suas responsabilidades decorrentes do descumprimento <br \/>da legisla\u00e7\u00e3o criada para esse fim.  <br \/>Requerimento n\u00ba 157, de 2024<br \/>N\u00famero de membros: 11 titulares  e 7  suplentes<\/p>\n<p>Leitura: 13\/03\/2024ORDEM DO DIA<br \/>sexta-feira, 8 de agosto de 2025<br \/>86<br \/>2)CPI DO CRIME ORGANIZADO<br \/>Finalidade: apurar, no prazo de 120 (cento e vinte) dias, com limite de despesas de R$ 30.000,00 (trinta <br \/>mil reais), a atua\u00e7\u00e3o, a expans\u00e3o e o funcionamento de organiza\u00e7\u00f5es criminosas no territ\u00f3rio brasileiro, <br \/>em especial de fac\u00e7\u00f5es e mil\u00edcias, investigando-se o &#8220;modus operandi&#8221; de cada qual, as condi\u00e7\u00f5es <br \/>de instala\u00e7\u00e3o e desenvolvimento em cada regi\u00e3o, bem como as respectivas estruturas de tomada de <br \/>decis\u00e3o, de modo a permitir a identifica\u00e7\u00e3o de solu\u00e7\u00f5es adequadas para o seu combate, especialmente <br \/>por meio do aperfei\u00e7oamento da legisla\u00e7\u00e3o atualmente em vigor.  <br \/>Requerimento 470, de 2025<br \/>N\u00famero de membros: 11 titulares  e 7  suplentes<\/p>\n<p>Leitura: 17\/06\/2025ORDEM DO DIA<br \/>sexta-feira, 8 de agosto de 2025<br \/>87<br \/>COMPOSI\u00c7\u00c3O<br \/>COMISS\u00d5ES PERMANENTES E SUAS SUBCOMISS\u00d5ES<br \/>1) COMISS\u00c3O DE ASSUNTOS ECON\u00d4MICOS  &#8211; CAE<br \/>N\u00famero de membros: 27 titulares  e 27 suplentes<br \/>(6)<br \/>PRESIDENTE:  Senador Renan Calheiros (MDB-AL)   <br \/>VICE-PRESIDENTE:   <\/p>\n<p>TITULARES Suplentes<br \/>Bloco Parlamentar Democracia ( MDB, UNI\u00c3O, PODEMOS, PSDB )<br \/>(1,10) (1,10)<br \/>Senador  Eduardo Braga   (MDB-AM)     1.  Senador  Fernando Farias   (MDB-AL)    <br \/>(1,10) (1,10)<br \/>Senador  Renan Calheiros   (MDB-AL)     2.  Senador  Efraim Filho   (UNI\u00c3O-PB)    <br \/>(1,10) (1,10)<br \/>Senador  Fernando Dueire   (MDB-PE)     3.  Senador  Jader Barbalho   (MDB-PA)    <br \/>(1,10) (1,10)<br \/>Senador  Alessandro Vieira   (MDB-SE)     4.  Senadora  Soraya Thronicke   (PODEMOS-MS)    <br \/>(3,10) (3,10)<br \/>Senador  Alan Rick   (UNI\u00c3O-AC)     5.  Senador  Veneziano Vital do R\u00eago   (MDB-PB)    <br \/>(3,10) (3,10)<br \/>Senadora  Professora Dorinha Seabra   (UNI\u00c3O-TO)     6.  Senador  Marcio Bittar   (UNI\u00c3O-AC)    <br \/>(7,10) (7,10)<br \/>Senador  Carlos Viana   (PODEMOS-MG)     7.  Senador  Giordano   (MDB-SP)    <br \/>(8,10) (8,10)<br \/>Senador  Pl\u00ednio Val\u00e9rio   (PSDB-AM)     8.  Senador  Oriovisto Guimar\u00e3es   (PSDB-PR)    <br \/>Bloco Parlamentar da Resist\u00eancia Democr\u00e1tica ( PSD, PSB )<br \/>(4) (4)<br \/>Senador  Jorge Kajuru   (PSB-GO)     1.  Senador  Cid Gomes   (PSB-CE)    <br \/>(4) (4)<br \/>Senador  Iraj\u00e1   (PSD-TO)     2.  Senador  Otto Alencar   (PSD-BA)    <br \/>(4) (4)<br \/>Senador  Angelo Coronel   (PSD-BA)     3.  Senador  Omar Aziz   (PSD-AM)    <br \/>(4) (4)<br \/>Senador  Lucas Barreto   (PSD-AP)     4.  Senador  Nelsinho Trad   (PSD-MS)    <br \/>(4,14) (4)<br \/>Senador  Pedro Chaves   (MDB-GO)     5.  Senadora  Daniella Ribeiro   (PP-PB)    <br \/>(4) (4)<br \/>Senador  S\u00e9rgio Petec\u00e3o   (PSD-AC)     6.  Senadora  Eliziane Gama   (PSD-MA)    <br \/>Bloco Parlamentar Vanguarda ( PL, NOVO )<br \/>(2) (2)<br \/>Senador  Izalci Lucas   (PL-DF)     1.  Senador  Magno Malta   (PL-ES)    <br \/>(2) (2)<br \/>Senador  Rogerio Marinho   (PL-RN)     2.  Senador  Jaime Bagattoli   (PL-RO)    <br \/>(2) (2)<br \/>Senador  Jorge Seif   (PL-SC)     3.  Senadora  Dra. Eud\u00f3cia   (PL-AL)    <br \/>(2) (2)<br \/>Senador  Wilder Morais   (PL-GO)     4.  Senador  Eduardo Gir\u00e3o   (NOVO-CE)    <br \/>(2) (2,13)<br \/>Senador  Wellington Fagundes   (PL-MT)     5.  Senador  Eduardo Gomes   (PL-TO)    <br \/>Bloco Parlamentar Pelo Brasil ( PT, PDT )<br \/>(9) (9)<br \/>Senador  Randolfe Rodrigues   (PT-AP)     1.  Senadora  Teresa Leit\u00e3o   (PT-PE)    <br \/>(9) (9)<br \/>Senadora  Augusta Brito   (PT-CE)     2.  Senador  Paulo Paim   (PT-RS)    <br \/>(9) (9)<br \/>Senador  Rog\u00e9rio Carvalho   (PT-SE)     3.  Senador  Jaques Wagner   (PT-BA)    <br \/>(9) (9)<br \/>Senadora  Leila Barros   (PDT-DF)     4.  Senador  Weverton   (PDT-MA)    <br \/>Bloco Parlamentar Alian\u00e7a ( PP, REPUBLICANOS )<br \/>(5) (5)<br \/>Senador  Ciro Nogueira   (PP-PI)     1.  Senador  Esperidi\u00e3o Amin   (PP-SC)    <br \/>(5) (5)<br \/>Senador  Luis Carlos Heinze   (PP-RS)     2.  Senadora  Tereza Cristina   (PP-MS)    <br \/>(5,11) (11)<br \/>Senador  Mecias de Jesus   (REPUBLICANOS-RR)     3.  Senadora  Damares Alves   (REPUBLICANOS-DF)    <br \/>(5) (5,12)<br \/>Senador  Hamilton Mour\u00e3o   (REPUBLICANOS-RS)     4.  Senador  La\u00e9rcio Oliveira   (PP-SE)    <br \/>Notas:<br \/>*. 1 (uma) vaga compartilhada entre os Blocos Parlamentares Democracia, Pelo Brasil e Alian\u00e7a, de acordo com o c\u00e1lculo de proporcionalidade de <br \/>18\/02\/2025.ORDEM DO DIA<br \/>sexta-feira, 8 de agosto de 2025<br \/>88<br \/>1. Em 18.02.2025, os Senadores Eduardo Braga, Renan Calheiros, Fernando Dueire e Alessandro Vieira foram indicados membros titulares, e os <br \/>Senadores Fernando Farias, Jader Barbalho, Veneziano Vital do R\u00eago e Giordano membros suplentes, pelo Bloco Parlamentar Democracia, para <br \/>compor a comiss\u00e3o (Of. n\u00ba 4\/2025-GLMDB).<br \/>2. Em 18.02.2025, os Senadores Izalci Lucas, Rogerio Marinho, Jorge Seif, Wilder Morais e Wellington Fagundes foram designados membros titulares, <br \/>e os Senadores Magno Malta, Jaime Bagattoli, Dra. Eud\u00f3cia, Eduardo Gir\u00e3o e Rom\u00e1rio membros suplentes, pelo Bloco Parlamentar Vanguarda, para <br \/>compor a comiss\u00e3o (Of. n\u00ba 8\/2025-BLVANG).<br \/>3. Em 18.02.2025, os Senadores Alan Rick e Professora Dorinha Seabra foram designados membros titulares, e os Senadores Efraim Filho e Marcio <br \/>Bittar membros suplentes, pelo Bloco Parlamentar Democracia, para compor a comiss\u00e3o (Of. n\u00ba 12\/2025-GLUNIAO).<br \/>4. Em 18.02.2025, os Senadores Jorge Kajuru, Iraj\u00e1, Angelo Coronel, Lucas Barreto, Vanderlan Cardoso e S\u00e9rgio Petec\u00e3o foram designados membros <br \/>titulares, e os Senadores Cid Gomes, Otto Alencar, Omar Aziz, Nelsinho Trad, Daniella Ribeiro e Eliziane Gama membros suplentes, pelo Bloco <br \/>Parlamentar da Resist\u00eancia Democr\u00e1tica, para compor a comiss\u00e3o (Of. n\u00ba 4\/2025-GSEGAMA).<br \/>5. Em 18.02.2025, os Senadores Ciro Nogueira, Luis Carlos Heinze, La\u00e9rcio Oliveira e Hamilton Mour\u00e3o foram designados membros titulares, e os <br \/>Senadores Esperidi\u00e3o Amin, Tereza Cristina e Mecias de Jesus membros suplentes, pelo Bloco Parlamentar Alian\u00e7a, para compor a comiss\u00e3o (Of. n\u00ba <br \/>2\/2025-BLALIAN).<br \/>6. Em 19.02.2025, a comiss\u00e3o reunida elegeu o Senador Renan Calheiros Presidente deste colegiado.<br \/>7. Em 19.02.2025, o Senador Carlos Viana foi designado membro titular e a Senadora Soraya Thronicke, membro suplente, pelo Bloco Parlamentar <br \/>Democracia, para compor a comiss\u00e3o (Of. n\u00ba 010\/2025-GLPODEMOS).<br \/>8. Em 19.02.2025, o Senador Pl\u00ednio Val\u00e9rio foi designado membro titular e o Senador Oriovisto Guimar\u00e3es, membro suplente, pelo Bloco Parlamentar <br \/>Democracia, para compor a comiss\u00e3o (Of. n\u00ba 001\/2025-GLPSDB).<br \/>9. Em 18.02.2025, os Senadores Randolfe Rodrigues, Augusta Brito, Rog\u00e9rio Carvalho e Leila Barros foram designados membros titulares, e os <br \/>Senadores Teresa Leit\u00e3o, Paulo Paim, Jaques Wagner e Weverton membros suplentes, pelo Bloco Parlamentar pelo Brasil, para compor a comiss\u00e3o <br \/>(Of. n\u00ba 26\/2025-GLPDT).<br \/>10. Em 19.02.2025, os Senadores Eduardo Braga, Renan Calheiros, Fernando Dueire, Alessandro Vieira, Alan Rick, Professora Dorinha Seabra, <br \/>Carlos Viana e Pl\u00ednio Val\u00e9rio foram designados membros titulares, e os Senadores Fernando Farias, Efraim Filho, Jader Barbalho, Soraya Thronicke, <br \/>Veneziano Vital do R\u00eago, Marcio Bittar, Giordano e Oriovisto Guimar\u00e3es membros suplentes, pelo Bloco Parlamentar Democracia, para compor a <br \/>comiss\u00e3o (Of. n\u00ba 6\/2025-BLDEM).<br \/>11. Em 21.02.2025, o Senador Mecias de Jesus foi designado membro titular, em substitui\u00e7\u00e3o ao Senador La\u00e9rcio Oliveira, que deixa de compor a <br \/>comiss\u00e3o; e a Senadora Damares Alves designada terceira suplente, pelo Bloco Parlamentar Alian\u00e7a (Of. n\u00ba 005\/2025-GABLID\/BLALIAN).<br \/>12. Em 10.03.2025, o Senador La\u00e9rcio Oliveira foi designado membro suplente, pelo Bloco Parlamentar Alian\u00e7a, para compor a comiss\u00e3o (Of. n\u00ba <br \/>010\/2025-GABLID\/BLALIAN).<br \/>13. Em 12.03.2025, o Senador Eduardo Gomes foi designado membro suplente, em substitui\u00e7\u00e3o ao Senador Rom\u00e1rio, que deixa de compor a <br \/>comiss\u00e3o, pelo Bloco Parlamentar Vanguarda (Of. n\u00ba 019\/2025-BLVANG).<br \/>14. Em 03.07.2025, o Senador Pedro Chaves foi designado membro titular, em substitui\u00e7\u00e3o ao Senador Vanderlan Cardoso, que deixa de compor a <br \/>comiss\u00e3o, pelo Bloco Parlamentar da Resist\u00eancia Democr\u00e1tica (Of. n\u00ba 46\/2025-BLRESDEM).<br \/>Secret\u00e1rio(a): Jo\u00e3o Pedro de Souza Lobo Caetano<br \/>Reuni\u00f5es: Ter\u00e7as-Feiras 10 horas &#8211; Ala Alexandre Costa &#8211; Sala 19<br \/>Telefone(s): 6133033516<br \/>E-mail: cae@senado.leg.brORDEM DO DIA<br \/>sexta-feira, 8 de agosto de 2025<br \/>89<br \/>1.1) SUBCOMISS\u00c3O PERMANENTE MUNICIPALISTA<br \/>Finalidade: opinar sobre quest\u00f5es municipalistas, tais como: (a) desenvolvimento econ\u00f4mico-social; <br \/>(b) pol\u00edticas de financiamento das a\u00e7\u00f5es de compet\u00eancia municipal, inclusive mediante transfer\u00eancias <br \/>constitucionais; (c) endividamento p\u00fablico; (d) pol\u00edtica tribut\u00e1ria; (e) viabilidade econ\u00f4mica e fiscal para <br \/>cria\u00e7\u00e3o, incorpora\u00e7\u00e3o, fus\u00e3o e desmembramento de munic\u00edpios; (f) coopera\u00e7\u00e3o t\u00e9cnica e financeira com <br \/>a Uni\u00e3o; (g) pol\u00edticas de gera\u00e7\u00e3o de emprego e renda; e (h) pol\u00edticas de ordenamento territorial.  <br \/>(Requerimento 160, de 2023 &#8211; CAE)<br \/>N\u00famero de membros: 9 titulares  e 9 suplentes<\/p>\n<p>Secret\u00e1rio(a): Jo\u00e3o Pedro de Souza Lobo Caetano<br \/>Reuni\u00f5es: Ter\u00e7as-Feiras 10 horas &#8211; Ala Alexandre Costa &#8211; Sala 19<br \/>Telefone(s): 6133033516<br \/>E-mail: cae@senado.leg.brORDEM DO DIA<br \/>sexta-feira, 8 de agosto de 2025<br \/>90<br \/>2) COMISS\u00c3O DE ASSUNTOS SOCIAIS  &#8211; CAS<br \/>N\u00famero de membros: 21 titulares  e 21 suplentes<br \/>(7)<br \/>PRESIDENTE:  Senador Marcelo Castro (MDB-PI)   <br \/>(7)<br \/>VICE-PRESIDENTE:  Senadora Dra. Eud\u00f3cia (PL-AL)   <\/p>\n<p>TITULARES Suplentes<br \/>Bloco Parlamentar Democracia ( MDB, UNI\u00c3O, PODEMOS, PSDB )<br \/>(1,11) (1,11)<br \/>Senador  Marcelo Castro   (MDB-PI)     1.  Senador  Renan Calheiros   (MDB-AL)    <br \/>(1,11) (1,11)<br \/>Senador  Eduardo Braga   (MDB-AM)     2.  Senador  Alan Rick   (UNI\u00c3O-AC)    <br \/>(3,11) (3,11)<br \/>Senador  Efraim Filho   (UNI\u00c3O-PB)     3.  Senador  Veneziano Vital do R\u00eago   (MDB-PB)    <br \/>(3,11,14) (3,11)<br \/>Senador  Jayme Campos   (UNI\u00c3O-MT)     4.  Senadora  Soraya Thronicke   (PODEMOS-MS)    <br \/>(15,19) (8,11,13,19)<br \/>Senadora  Professora Dorinha Seabra   (UNI\u00c3O-TO)     5.  Senador  Styvenson Valentim   (PSDB-RN)    <br \/>(10,11) (12)<br \/>Senador  Pl\u00ednio Val\u00e9rio   (PSDB-AM)     6.  Senador  Fernando Dueire   (MDB-PE)    <br \/>Bloco Parlamentar da Resist\u00eancia Democr\u00e1tica ( PSD, PSB )<br \/>(4) (4)<br \/>Senadora  Jussara Lima   (PSD-PI)     1.  Senador  Otto Alencar   (PSD-BA)    <br \/>(4) (4)<br \/>Senadora  Mara Gabrilli   (PSD-SP)     2.  Senador  Angelo Coronel   (PSD-BA)    <br \/>(4) (4)<br \/>Senadora  Zenaide Maia   (PSD-RN)     3.  Senador  Lucas Barreto   (PSD-AP)    <br \/>(4) (4)<br \/>Senador  S\u00e9rgio Petec\u00e3o   (PSD-AC)     4.  Senador  Nelsinho Trad   (PSD-MS)    <br \/>(4) (9)<br \/>Senador  Fl\u00e1vio Arns   (PSB-PR)     5.  Senadora  Daniella Ribeiro   (PP-PB)    <br \/>Bloco Parlamentar Vanguarda ( PL, NOVO )<br \/>(2) (2)<br \/>Senadora  Dra. Eud\u00f3cia   (PL-AL)     1.  Senador  Astronauta Marcos Pontes   (PL-SP)    <br \/>(2,20,21) (2)<br \/>Senador  Eduardo Gir\u00e3o   (NOVO-CE)     2.  Senador  Rogerio Marinho   (PL-RN)    <br \/>(2) (2)<br \/>Senador  Rom\u00e1rio   (PL-RJ)     3.  Senador  Magno Malta   (PL-ES)    <br \/>(2) (17)<br \/>Senador  Wilder Morais   (PL-GO)     4.  Senador  Jaime Bagattoli   (PL-RO)    <br \/>Bloco Parlamentar Pelo Brasil ( PT, PDT )<br \/>(6) (6)<br \/>Senador  Paulo Paim   (PT-RS)     1.  Senador  Fabiano Contarato   (PT-ES)    <br \/>(6) (6)<br \/>Senador  Humberto Costa   (PT-PE)     2.  Senadora  Teresa Leit\u00e3o   (PT-PE)    <br \/>(6) (6)<br \/>Senadora  Ana Paula Lobato   (PDT-MA)     3.  Senadora  Leila Barros   (PDT-DF)    <br \/>Bloco Parlamentar Alian\u00e7a ( PP, REPUBLICANOS )<br \/>(5) (16)<br \/>Senador  La\u00e9rcio Oliveira   (PP-SE)     1.  Senador  Mecias de Jesus   (REPUBLICANOS-RR)    <br \/>(5) (18)<br \/>Senador  Dr. Hiran   (PP-RR)     2.  Senador  Esperidi\u00e3o Amin   (PP-SC)    <br \/>(5) (5)<br \/>Senadora  Damares Alves   (REPUBLICANOS-DF)     3.  Senador  Cleitinho   (REPUBLICANOS-MG)    <br \/>Notas:<br \/>1. Em 18.02.2025, os Senadores Marcelo Castro e Eduardo Braga foram designados membros titulares e os Senadores Renan Calheiros e Veneziano <br \/>Vital do R\u00eago, membros suplentes, pelo Bloco Parlamentar Democracia, para compor a comiss\u00e3o (Of. n\u00ba 020\/2025-GLMDB).<br \/>2. Em 18.02.2025, os Senadores Dra. Eud\u00f3cia, Eduardo Gir\u00e3o, Rom\u00e1rio e Wilder Morais foram designados membros titulares e os Senadores <br \/>Astronauta Marcos Pontes, Rogerio Marinho e Magno Malta, membros suplentes, pelo Bloco Parlamentar Vanguarda, para compor a comiss\u00e3o (Of. <br \/>n\u00ba 008\/2025-BLVANG).<br \/>3. Em 18.02.2025, os Senadores Efraim Filho e Professora Dorinha Seabra foram designados membros titulares e os Senadores Alan Rick e Marcio <br \/>Bittar, membros suplentes, pelo Bloco Parlamentar Democracia, para compor a comiss\u00e3o (Of. n\u00ba 12\/2025-GLUNIAO).<br \/>4. Em 18.02.2025, os Senadores Jussara Lima, Mara Gabrilli, Zenaide Maia, S\u00e9rgio Petec\u00e3o e Fl\u00e1vio Arns foram designados membros titulares e os <br \/>Senadores Otto Alencar, Angelo Coronel, Lucas Barreto e Nelsinho Trad, membros suplentes, pelo Bloco Parlamentar da Resist\u00eancia Democr\u00e1tica, <br \/>para compor a comiss\u00e3o (Of. n\u00ba 004\/2025-GSEGAMA).<br \/>5. Em 18.02.2025, os Senadores La\u00e9rcio Oliveira, Dr. Hiran e Damares Alves foram designados membros titulares e o Senador Cleitinho, membro <br \/>suplente, pelo Bloco Parlamentar Alian\u00e7a, para compor a comiss\u00e3o (Of. n\u00ba 002\/2025-GABLID\/BLALIAN).<br \/>6. Em 18.02.2025, os Senadores Paulo Paim, Humberto Costa e Ana Paula Lobato foram designados membros titulares e os Senadores Fabiano <br \/>Contarato, Teresa Leit\u00e3o e Leila Barros, membros suplentes, pelo Bloco Parlamentar Pelo Brasil, para compor a comiss\u00e3o (Of. n\u00ba 026\/2025-GLPDT).<br \/>7. Em 19.02.2025, a comiss\u00e3o reunida elegeu os Senadores Marcelo Castro e Dra. Eud\u00f3cia, Presidente e Vice-Presidente, respectivamente, deste <br \/>colegiado.<br \/>8. Em 19.02.2025, a Senadora Soraya Thronicke foi designada membro suplente, pelo Bloco Parlamentar Democracia, para compor a comiss\u00e3o (Of. n\u00ba <br \/>010\/2025-GLPODEMOS).<br \/>9. Em 19.02.2025, a Senadora Daniella Ribeiro foi designada membro suplente, pelo Bloco Parlamentar da Resist\u00eancia Democr\u00e1tica, para compor a <br \/>comiss\u00e3o (Of. n\u00ba 5\/2025-GSEGAMA).ORDEM DO DIA<br \/>sexta-feira, 8 de agosto de 2025<br \/>91<br \/>10. Em 19.02.2025, o Senador Pl\u00ednio Val\u00e9rio foi designado membro titular, pelo Bloco Parlamentar Democracia, para compor a comiss\u00e3o (Of. n\u00ba <br \/>001\/2025-GLPSDB).<br \/>11. Em 19.02.2025, os Senadores Marcelo Castro, Eduardo Braga, Efraim Filho, Professora Dorinha Seabra e Pl\u00ednio Val\u00e9rio foram designados membros <br \/>titulares e os Senadores Renan Calheiros, Alan Rick, Veneziano Vital do R\u00eago, Soraya Thronicke e Marcio Bittar, membros suplentes, pelo Bloco <br \/>Parlamentar Democracia, para compor a comiss\u00e3o (Of. n\u00ba 006\/2025-BLDEM).<br \/>12. Em 19.02.2025, o Senador Fernando Dueire foi designado membro suplente, pelo Bloco Parlamentar Democracia, para compor a comiss\u00e3o (Of. n\u00ba <br \/>007\/2025-BLDEM).<br \/>13. Em 20.02.2025, o Senador Marcio Bittar deixou de compor a comiss\u00e3o (Of. n\u00ba 009\/2025-BLDEM).<br \/>14. Em 20.02.2025, o Senador Jayme Campos foi designado membro titular, em substitui\u00e7\u00e3o \u00e0 Senadora Professora Dorinha Seabra, que deixa de <br \/>compor a comiss\u00e3o pelo Bloco Parlamentar Democracia (Of. n\u00ba 012\/2025-BLDEM).<br \/>15. Em 20.02.2025, a Senadora Professora Dorinha Seabra foi designada membro titular, pelo Bloco Parlamentar Democracia, para compor a <br \/>comiss\u00e3o (Of. n\u00ba 013\/2025-BLDEM).<br \/>16. Em 21.02.2025, o Senador Mecias de Jesus foi designado membro suplente, pelo Bloco Parlamentar Alian\u00e7a, para compor a comiss\u00e3o (Of. n\u00ba <br \/>007\/2025-GABLID\/BLALIAN).<br \/>17. Em 24.02.2025, o Senador Jaime Bagattoli foi designado membro suplente, pelo Bloco Parlamentar Vanguarda, para compor a comiss\u00e3o (Of. n\u00ba <br \/>011\/2025-BLVANG).<br \/>18. Em 25.03.2025, o Senador Esperidi\u00e3o Amin foi designado membro suplente, pelo Bloco Parlamentar Alian\u00e7a, para compor a comiss\u00e3o (Of. n\u00ba <br \/>013\/2025-GABLID\/BLALIAN).  (DSF de 26\/03\/2025, p. 121)<br \/>19. Em 07.04.2025, o Senador Styvenson Valentim foi designado membro suplente, pelo Bloco Parlamentar Democracia, para compor a comiss\u00e3o (Of. <br \/>n\u00ba 028\/2025-BLDEM).<br \/>20. Em 09.05.2025, o Senador Wellington Fagundes foi designado membro titular, em substitui\u00e7\u00e3o ao Senador Eduardo Gir\u00e3o, que deixa de compor a <br \/>comiss\u00e3o, pelo Bloco Parlamentar Vanguarda (Of. n\u00ba 045\/2025-BLVANG).<br \/>21. Em 28.05.2025, o Senador Eduardo Gir\u00e3o foi designado membro titular, em substitui\u00e7\u00e3o ao Senador Wellington Fagundes, que deixa de compor a <br \/>comiss\u00e3o, pelo Bloco Parlamentar Vanguarda (Of. n\u00ba 057\/2025-BLVANG).<br \/>Secret\u00e1rio(a): Saulo Kl\u00e9ber Rodrigues Ribeiro<br \/>Telefone(s): 3303-4608<br \/>E-mail: cas@senado.leg.brORDEM DO DIA<br \/>sexta-feira, 8 de agosto de 2025<br \/>92<br \/>2.1) SUBCOMISS\u00c3O PERMANENTE DE DIREITOS DAS PESSOAS COM DOEN\u00c7AS RARAS<br \/>Finalidade: acompanhar e aprimorar as pol\u00edticas p\u00fablicas direcionadas \u00e0s pessoas com doen\u00e7as raras.  <br \/>(Requerimento 53, de 2023 &#8211; CAS)<br \/>N\u00famero de membros: 5 titulares  e 5 suplentes<br \/>Instala\u00e7\u00e3o: 30\/08\/2023<\/p>\n<p>Secret\u00e1rio(a): Saulo Kl\u00e9ber Rodrigues Ribeiro<br \/>Telefone(s): 3303-4608<br \/>E-mail: cas@senado.leg.brORDEM DO DIA<br \/>sexta-feira, 8 de agosto de 2025<br \/>93<br \/>2.2) SUBCOMISS\u00c3O TEMPOR\u00c1RIA COM O OBJETIVO DE DEBATER PROPOSTAS <br \/>RELACIONADAS \u00c0 PREVEN\u00c7\u00c3O E AO TRATAMENTO DE C\u00c2NCER.<br \/>Finalidade: Debater, apreciar e elaborar, no prazo de 180 (cento e oitenta) dias, propostas relacionadas <br \/>\u00e0 regulamenta\u00e7\u00e3o, ao financiamento, ao desenvolvimento e \u00e0 incorpora\u00e7\u00e3o no sistema de sa\u00fade de <br \/>terapias, vacinas e medicamentos de alto custo, para preven\u00e7\u00e3o ou tratamento dos diferentes tipos de <br \/>c\u00e2ncer.  <br \/>(Requerimento 54, de 2025 &#8211; CAS)<br \/>N\u00famero de membros: 5 titulares  e 5 suplentes<\/p>\n<p>TITULARES SUPLENTES<br \/>Bloco Parlamentar Democracia ( MDB, UNI\u00c3O, PODEMOS, PSDB )<br \/>    1.      <br \/>Bloco Parlamentar da Resist\u00eancia Democr\u00e1tica ( PSD, PSB )<br \/>    1.      <br \/>Bloco Parlamentar Vanguarda ( PL, NOVO )<br \/>    1.      <br \/>Bloco Parlamentar Pelo Brasil ( PT, PDT )<br \/>    1.      <br \/>Bloco Parlamentar Alian\u00e7a ( PP, REPUBLICANOS )<br \/>    1.      <\/p>\n<p>Secret\u00e1rio(a): Saulo Kl\u00e9ber Rodrigues Ribeiro<br \/>Telefone(s): 3303-4608<br \/>E-mail: cas@senado.leg.brORDEM DO DIA<br \/>sexta-feira, 8 de agosto de 2025<br \/>94<br \/>3) COMISS\u00c3O DE CONSTITUI\u00c7\u00c3O, JUSTI\u00c7A E CIDADANIA  &#8211; CCJ<br \/>N\u00famero de membros: 27 titulares  e 27 suplentes<br \/>(7)<br \/>PRESIDENTE:  Senador Otto Alencar (PSD-BA)   <br \/>(14)<br \/>VICE-PRESIDENTE:  Senador Vanderlan Cardoso (PSD-GO)   <\/p>\n<p>TITULARES Suplentes<br \/>Bloco Parlamentar Democracia ( MDB, UNI\u00c3O, PODEMOS, PSDB )<br \/>(1,12) (1,12)<br \/>Senador  Eduardo Braga   (MDB-AM)     1.  Senador  Alessandro Vieira   (MDB-SE)    <br \/>(1,12) (1,12)<br \/>Senador  Renan Calheiros   (MDB-AL)     2.  Senadora  Professora Dorinha Seabra   (UNI\u00c3O-TO)    <br \/>(1,12,19,20) (1,12)<br \/>Senador  Jader Barbalho   (MDB-PA)     3.  Senador  Marcelo Castro   (MDB-PI)    <br \/>(1,12) (9,12)<br \/>Senador  Veneziano Vital do R\u00eago   (MDB-PB)     4.  Senador  Jayme Campos   (UNI\u00c3O-MT)    <br \/>(3,12) (3,12)<br \/>Senador  Sergio Moro   (UNI\u00c3O-PR)     5.  Senador  Giordano   (MDB-SP)    <br \/>(3,12) (3,11,12,16)<br \/>Senador  Alan Rick   (UNI\u00c3O-AC)     6.  Senador  Zequinha Marinho   (PODEMOS-PA)    <br \/>(8,12) (8,12)<br \/>Senadora  Soraya Thronicke   (PODEMOS-MS)     7.  Senador  Pl\u00ednio Val\u00e9rio   (PSDB-AM)    <br \/>(10,12) (10,12)<br \/>Senador  Oriovisto Guimar\u00e3es   (PSDB-PR)     8.  Senador  Fernando Farias   (MDB-AL)    <br \/>(11,12) (11,12)<br \/>Senador  Marcio Bittar   (UNI\u00c3O-AC)     9.  Senador  Efraim Filho   (UNI\u00c3O-PB)    <br \/>Bloco Parlamentar da Resist\u00eancia Democr\u00e1tica ( PSD, PSB )<br \/>(4) (4)<br \/>Senador  Otto Alencar   (PSD-BA)     1.  Senador  Angelo Coronel   (PSD-BA)    <br \/>(4) (4,13,15)<br \/>Senador  Omar Aziz   (PSD-AM)     2.  Senadora  Zenaide Maia   (PSD-RN)    <br \/>(4) (4,23)<br \/>Senadora  Eliziane Gama   (PSD-MA)     3.  Senador  Lucas Barreto   (PSD-AP)    <br \/>(4,15) (4)<br \/>Senador  Vanderlan Cardoso   (PSD-GO)     4.  Senador  S\u00e9rgio Petec\u00e3o   (PSD-AC)    <br \/>(4) (4)<br \/>Senador  Rodrigo Pacheco   (PSD-MG)     5.  Senadora  Margareth Buzetti   (PSD-MT)    <br \/>(4) (4)<br \/>Senador  Cid Gomes   (PSB-CE)     6.  Senador  Jorge Kajuru   (PSB-GO)    <br \/>Bloco Parlamentar Vanguarda ( PL, NOVO )<br \/>(2) (2)<br \/>Senador  Carlos Portinho   (PL-RJ)     1.  Senador  Jorge Seif   (PL-SC)    <br \/>(2) (2,21)<br \/>Senador  Eduardo Gir\u00e3o   (NOVO-CE)     2.  Senador  Wilder Morais   (PL-GO)    <br \/>(2) (2)<br \/>Senador  Magno Malta   (PL-ES)     3.  Senador  Eduardo Gomes   (PL-TO)    <br \/>(2) (2)<br \/>Senador  Marcos Rog\u00e9rio   (PL-RO)     4.  Senador  Fl\u00e1vio Bolsonaro   (PL-RJ)    <br \/>(2) (2,17,18)<br \/>Senador  Rogerio Marinho   (PL-RN)     5.  Senador  Jaime Bagattoli   (PL-RO)    <br \/>Bloco Parlamentar Pelo Brasil ( PT, PDT )<br \/>(5) (5)<br \/>Senador  Rog\u00e9rio Carvalho   (PT-SE)     1.  Senador  Randolfe Rodrigues   (PT-AP)    <br \/>(5) (5,22)<br \/>Senador  Fabiano Contarato   (PT-ES)     2.  Senador  Paulo Paim   (PT-RS)    <br \/>(5) (5)<br \/>Senadora  Augusta Brito   (PT-CE)     3.  Senador  Jaques Wagner   (PT-BA)    <br \/>(5) (5)<br \/>Senador  Weverton   (PDT-MA)     4.  Senadora  Ana Paula Lobato   (PDT-MA)    <br \/>Bloco Parlamentar Alian\u00e7a ( PP, REPUBLICANOS )<br \/>(6) (6)<br \/>Senador  Ciro Nogueira   (PP-PI)     1.  Senador  La\u00e9rcio Oliveira   (PP-SE)    <br \/>(6) (6)<br \/>Senador  Esperidi\u00e3o Amin   (PP-SC)     2.  Senador  Dr. Hiran   (PP-RR)    <br \/>(6,11) (6,11)<br \/>Senador  Mecias de Jesus   (REPUBLICANOS-RR)     3.  Senador  Hamilton Mour\u00e3o   (REPUBLICANOS-RS)    <br \/>Notas:<br \/>*. 1 (uma) vaga compartilhada entre os Blocos Parlamentares Democracia, Pelo Brasil e Alian\u00e7a, de acordo com o c\u00e1lculo de proporcionalidade de <br \/>18\/02\/2025.<br \/>1. Em 18.02.2025, os Senadores Eduardo Braga, Renan Calheiros, Jader Barbalho e Veneziano Vital do R\u00eago foram designados membros titulares, e <br \/>os Senadores Alessandro Vieira, Marcelo Castro e Giordano membros suplentes, pelo Bloco Parlamentar Democracia, para compor a Comiss\u00e3o (Of. <br \/>005\/2025-GLMDB).<br \/>2. Em 18.02.2025, os Senadores Carlos Portinho, Eduardo Gir\u00e3o, Magno Malta, Marcos Rog\u00e9rio e Rogerio Marinho foram designados membros <br \/>titulares, e os Senadores Jorge Seif, Izalci Lucas, Eduardo Gomes, Fl\u00e1vio Bolsonaro e Jaime Bagattoli membros suplentes, pelo Bloco Parlamentar <br \/>Vanguarda, para compor a Comiss\u00e3o (Of. 008\/2025-BLVANG).<br \/>3. Em 18.02.2025, os Senadores Sergio Moro e Alan Rick foram designados membros titulares, e os Senadores Professora Dorinha Seabra e Marcio <br \/>Bittar membros suplentes, pelo Bloco Parlamentar Democracia, para compor a Comiss\u00e3o (Of. 12\/2025-GLUNIAO).ORDEM DO DIA<br \/>sexta-feira, 8 de agosto de 2025<br \/>95<br \/>4. Em 18.02.2025, os Senadores Otto Alencar, Omar Aziz, Eliziane Gama, Zenaide Maia, Rodrigo Pacheco e Cid Gomes foram designados membros <br \/>titulares, e os Senadores Angelo Coronel, Lucas Barreto, Iraj\u00e1, S\u00e9rgio Petec\u00e3o, Margareth Buzetti e Jorge Kajuru membros suplentes, pelo Bloco <br \/>Parlamentar da Resist\u00eancia Democr\u00e1tica, para compor a Comiss\u00e3o (Of. 004\/2025-GSEGAMA).<br \/>5. Em 18.02.2025, os Senadores Rog\u00e9rio Carvalho, Fabiano Contarato, Augusta Brito e Weverton foram designados membros titulares, e os <br \/>Senadores Randolfe Rodrigues, Humberto Costa, Jaques Wagner e Ana Paula Lobato membros suplentes, pelo Bloco Parlamentar Pelo Brasil, para <br \/>compor a Comiss\u00e3o (Of. 026\/2025-GLPDT).<br \/>6. Em 18.02.2025, os Senadores Ciro Nogueira, Esperidi\u00e3o Amin, Tereza Cristina e Mecias de Jesus foram designados membros titulares, e os <br \/>Senadores La\u00e9rcio Oliveira, Dr. Hiran e Hamilton Mour\u00e3o membros suplentes, pelo Bloco Parlamentar Alian\u00e7a, para compor a Comiss\u00e3o (Of. n\u00ba <br \/>002\/2025-GABLID\/BLALIAN).<br \/>7. Em 19.02.2025, a comiss\u00e3o reunida elegeu o Senador Otto Alencar Presidente deste colegiado (Of. n\u00ba 001\/2025-PRESID\u00caNCIA\/CCJ).<br \/>8. Em 19.02.2025, a Senadora Soraya Thronicke foi designada membro titular e o Senador Marcos do Val, membro suplente, pelo Bloco Parlamentar <br \/>Democracia, para compor a comiss\u00e3o (Of. n\u00ba 010\/2025-GLPODEMOS).<br \/>9. Em 19.02.2025, o Senador Fernando Farias foi designado membro suplente, pelo Bloco Parlamentar Democracia, para compor a comiss\u00e3o (Of. n\u00ba <br \/>23\/2025-GLMDB)<br \/>10. Em 19.02.2025, o Senador Oriovisto Guimar\u00e3es foi designado membro titular, e o Senador Pl\u00ednio Val\u00e9rio membro suplente, pelo Bloco <br \/>Parlamentar Democracia, para compor a Comiss\u00e3o (Of. n\u00ba 001\/2025-GLPSDB).<br \/>11. Em 19.02.2025, o Senador Marcio Bittar foi designado membro titular e os Senadores Efraim Filho e Jayme Campos, membros suplentes, <br \/>pelo Bloco Parlamentar Democracia. Os Senadores Marcio Bittar e Jayme Campos foram indicados nas vagas compartilhadas entre os Blocos <br \/>Parlamentares Democracia, Pelo Brasil e Alian\u00e7a, que antes estavam ocupadas pelo Bloco Parlamentar Alian\u00e7a, assim a Senadora Tereza Cristina deixa <br \/>de compor a comiss\u00e3o e os Senadores Mecias de Jesus e Hamilton Mour\u00e3o passam a ocupar as vagas de 3\u00ba titular e 3\u00ba suplente, respectivamente <br \/>(Ofs. n\u00bas 003\/2025-GABLID\/BLALIAN e 004\/2025-BLDEM).<br \/>12. Em 19.02.2025, os Senadores Eduardo Braga, Renan Calheiros, Jader Barbalho e Veneziano Vital do R\u00eago, Sergio Moro, Alan Rick, Soraya <br \/>Thronicke, Oriovisto Guimar\u00e3es e Marcio Bittar foram designados membros titulares, e os Senadores Alessandro Vieira, Professora Dorinha Seabra, <br \/>Marcelo Castro, Jayme Campos, Giordano, Marcos Do Val, Pl\u00ednio Val\u00e9rio, Fernando Farias e Efraim Filho membros suplentes, pelo Bloco Parlamentar <br \/>Democracia, para compor a Comiss\u00e3o (Of. 006\/2025-BLDEM).<br \/>13. Em 20.03.2025, o Senador Vanderlan Cardoso foi designado membro suplente, em substitui\u00e7\u00e3o ao Senador Lucas Barreto, que deixa de compor a <br \/>comiss\u00e3o, pelo Bloco Parlamentar da Resist\u00eancia Democr\u00e1tica (Of. n\u00ba 16\/2025-GSEGAMA).<br \/>14. Em 02.04.2025, a comiss\u00e3o reunida elegeu o Senador Vanderlan Cardoso Vice-Presidente deste colegiado (Of. n\u00ba 013\/2025-PRESID\u00caNCIA\/CCJ).<br \/>15. Em 02.04.2025, o Senador Vanderlan Cardoso foi designado membro titular, em substitui\u00e7\u00e3o \u00e0 Senadora Zenaide Maia, que passa a compor a <br \/>comiss\u00e3o como membro suplente, pelo Bloco Parlamentar da Resist\u00eancia Democr\u00e1tica (Of. n\u00ba 18\/2025-GSEGAMA).<br \/>16. Em 24.04.2025, o Senador Zequinha Marinho foi designado membro suplente, em substitui\u00e7\u00e3o ao Senador Marcos do Val, que deixa de compor a <br \/>comiss\u00e3o, pelo Bloco Parlamentar Democracia (Of. n\u00ba 018\/2025-BLDEMO).<br \/>17. Em 21.05.2025, o Senador Wilder Morais foi designado membro suplente, em substitui\u00e7\u00e3o ao Senador Jaime Bagattoli, que deixa de compor a <br \/>comiss\u00e3o, pelo Bloco Parlamentar Vanguarda (Of. n\u00ba 49\/2025-BLVANG).<br \/>18. Em 28.05.2025, o Senador Jaime Bagattoli foi designado membro suplente, em substitui\u00e7\u00e3o ao Senador Wilder Morais, que deixa de compor a <br \/>comiss\u00e3o, pelo Bloco Parlamentar Vanguarda (Of. n\u00ba 056\/2025-BLVANG).<br \/>19. Em 10.06.2025, o Senador Conf\u00facio Moura foi designado membro titular, em substitui\u00e7\u00e3o ao Senador Jader Barbalho, que deixa de compor a <br \/>comiss\u00e3o, pelo Bloco Parlamentar Democracia (Of. n\u00ba 34\/2025-BLDEMO).<br \/>20. Em 10.06.2025, o Senador Jader Barbalho foi designado membro titular, em substitui\u00e7\u00e3o ao Senador Conf\u00facio Moura, que deixa de compor a <br \/>comiss\u00e3o, pelo Bloco Parlamentar Democracia (Of. n\u00ba 35\/2025-BLDEMO).<br \/>21. Em 16.07.2025, o Senador Wilder Morais foi designado membro suplente, em substitui\u00e7\u00e3o ao Senador Izalci Lucas, que deixa de compor a <br \/>comiss\u00e3o, pelo Bloco Parlamentar Vanguarda (Of. n\u00ba 71\/2025-BLVANG).<br \/>22. Em 16.07.2025, o Senador Paulo Paim foi designado membro suplente, em substitui\u00e7\u00e3o ao Senador Humberto Costa, que deixa de compor a <br \/>comiss\u00e3o, pelo Bloco Parlamentar Pelo Brasil (Of. n\u00ba 13\/2025-BLPBRA).<br \/>23. Em 06.08.2025, o Senador Lucas Barreto foi designado membro suplente, em substitui\u00e7\u00e3o ao Senador Iraj\u00e1, que deixa de compor a comiss\u00e3o, <br \/>pelo Bloco Parlamentar da Resist\u00eancia Democr\u00e1tica (Of. n\u00ba 52\/2025-GSEGAMA).<br \/>Secret\u00e1rio(a): Ednaldo Magalh\u00e3es Siqueira<br \/>Reuni\u00f5es: Quartas-Feiras 10:00 horas &#8211;<br \/>Telefone(s): 61 3303-3972<br \/>Fax: 3303-4315<br \/>E-mail: ccj@senado.gov.brORDEM DO DIA<br \/>sexta-feira, 8 de agosto de 2025<br \/>96<br \/>4) COMISS\u00c3O DE EDUCA\u00c7\u00c3O E CULTURA  &#8211; CE<br \/>N\u00famero de membros: 21 titulares  e 21 suplentes<br \/>(7)<br \/>PRESIDENTE:  Senadora Teresa Leit\u00e3o (PT-PE)   <br \/>VICE-PRESIDENTE:   <\/p>\n<p>TITULARES Suplentes<br \/>Bloco Parlamentar Democracia ( MDB, UNI\u00c3O, PODEMOS, PSDB )<br \/>(1,10) (1,10)<br \/>Senador  Conf\u00facio Moura   (MDB-RO)     1.  Senadora  Ivete da Silveira   (MDB-SC)    <br \/>(1,8,10) (1,8,10)<br \/>Senador  Veneziano Vital do R\u00eago   (MDB-PB)     2.  Senador  Alan Rick   (UNI\u00c3O-AC)    <br \/>(3,10) (3,10)<br \/>Senadora  Professora Dorinha Seabra   (UNI\u00c3O-TO)     3.  Senador  Marcelo Castro   (MDB-PI)    <br \/>(3,10,11,14) (3,10)<br \/>Senador  Alessandro Vieira   (MDB-SE)     4.    VAGO     <br \/>    5.      <br \/>(9,10)<br \/>Senador  Pl\u00ednio Val\u00e9rio   (PSDB-AM)     6.      <br \/>Bloco Parlamentar da Resist\u00eancia Democr\u00e1tica ( PSD, PSB )<br \/>(4)<br \/>Senador  Cid Gomes   (PSB-CE)     1.      <br \/>(4) (4)<br \/>Senadora  Jussara Lima   (PSD-PI)     2.  Senador  Nelsinho Trad   (PSD-MS)    <br \/>(4,16) (4)<br \/>Senador  Pedro Chaves   (MDB-GO)     3.  Senadora  Daniella Ribeiro   (PP-PB)    <br \/>(4) (4)<br \/>Senadora  Zenaide Maia   (PSD-RN)     4.  Senador  S\u00e9rgio Petec\u00e3o   (PSD-AC)    <br \/>(4)<br \/>Senador  Fl\u00e1vio Arns   (PSB-PR)     5.      <br \/>Bloco Parlamentar Vanguarda ( PL, NOVO )<br \/>(2) (2)<br \/>Senador  Astronauta Marcos Pontes   (PL-SP)     1.  Senador  Carlos Portinho   (PL-RJ)    <br \/>(2) (2)<br \/>Senador  Magno Malta   (PL-ES)     2.  Senadora  Dra. Eud\u00f3cia   (PL-AL)    <br \/>(2,13) (2,13)<br \/>Senador  Izalci Lucas   (PL-DF)     3.  Senador  Rom\u00e1rio   (PL-RJ)    <br \/>(2) (2)<br \/>Senador  Wellington Fagundes   (PL-MT)     4.  Senador  Rogerio Marinho   (PL-RN)    <br \/>Bloco Parlamentar Pelo Brasil ( PT, PDT )<br \/>(6) (6)<br \/>Senadora  Teresa Leit\u00e3o   (PT-PE)     1.  Senador  Humberto Costa   (PT-PE)    <br \/>(6) (6)<br \/>Senador  Paulo Paim   (PT-RS)     2.  Senadora  Augusta Brito   (PT-CE)    <br \/>(6,15) (6)<br \/>  VAGO      3.  Senadora  Ana Paula Lobato   (PDT-MA)    <br \/>Bloco Parlamentar Alian\u00e7a ( PP, REPUBLICANOS )<br \/>(5) (5)<br \/>Senador  La\u00e9rcio Oliveira   (PP-SE)     1.  Senador  Esperidi\u00e3o Amin   (PP-SC)    <br \/>(12) (5)<br \/>Senador  Hamilton Mour\u00e3o   (REPUBLICANOS-RS)     2.  Senador  Dr. Hiran   (PP-RR)    <br \/>(5) (5)<br \/>Senadora  Damares Alves   (REPUBLICANOS-DF)     3.  Senador  Mecias de Jesus   (REPUBLICANOS-RR)    <br \/>Notas:<br \/>1. Em 18.02.2025, os Senadores Conf\u00facio Moura e Ivete da Silveira foram designados membros titulares; e os Senadores Marcelo Castro e Veneziano <br \/>Vital do R\u00eago, membros suplentes, pelo Bloco Parlamentar Democracia, para compor a comiss\u00e3o (Of. 008\/2025-GLMDB).<br \/>2. Em 18.02.2025, os Senadores Astronauta Marcos Pontes, Magno Malta, Rom\u00e1rio e Wellington Fagundes foram designados membros titulares; e <br \/>os Senadores Carlos Portinho, Dra. Eud\u00f3cia, Izalci Lucas e Rogerio Marinho, membros suplentes, pelo Bloco Parlamentar Vanguarda, para compor a <br \/>comiss\u00e3o (Of. 008\/2025-BLVANG).<br \/>3. Em 18.02.2025, os Senadores Marcio Bittar e Professora Dorinha Seabra foram designados membros titulares; e os Senadores Jayme Campos e <br \/>Alan Rick, membros suplentes, pelo Bloco Parlamentar Democracia, para compor a comiss\u00e3o (Of. 012\/2025-GLUNIAO).<br \/>4. Em 18.02.2025, os Senadores Cid Gomes, Jussara Lima, Vanderlan Cardoso, Zenaide Maia e Fl\u00e1vio Arns foram designados membros titulares; e os <br \/>Senadores Nelsinho Trad, Daniella Ribeiro e S\u00e9rgio Petec\u00e3o, membros suplentes, pelo Bloco Parlamentar da Resist\u00eancia Democr\u00e1tica, para compor a <br \/>comiss\u00e3o (Of. 004\/2025-GSEGAMA).<br \/>5. Em 18.02.2025, os Senadores La\u00e9rcio Oliveira e Damares Alves foram designados membros titulares; e os Senadores Esperidi\u00e3o Amin, Dr. Hiran e <br \/>Mecias de Jesus, membros suplentes, pelo Bloco Parlamentar Alian\u00e7a, para compor a comiss\u00e3o (Of. 002\/2025-GABLID\/BLALIAN).<br \/>6. Em 18.02.2025, os Senadores Teresa Leit\u00e3o, Leila Barros e Paulo Paim foram designados membros titulares; e os Senadores Humberto Costa, <br \/>Augusta Brito e Ana Paula Lobato, membros suplentes, pelo Bloco Parlamentar Pelo Brasil, para compor a comiss\u00e3o (Of. 026\/2025-GLPDT).<br \/>7. Em 19.02.2025, a Comiss\u00e3o reunida elegeu a Senadora Teresa Leit\u00e3o Presidente deste colegiado (Of. 1\/2025-CE).<br \/>8. Em 19.02.2025, o Senador Veneziano Vital do R\u00eago foi designado membro titular, em substitui\u00e7\u00e3o \u00e0 Senadora Ivete da Silveira, que passa a <br \/>membro suplente, pelo Bloco Parlamentar Democracia, para compor a comiss\u00e3o (Of. n\u00ba 021\/2025-GLMDB).<br \/>9. Em 19.02.2025, o Senador Pl\u00ednio Val\u00e9rio foi designado membro titular, pelo Bloco Parlamentar Democracia, para compor a comiss\u00e3o (Of. n\u00ba <br \/>001\/2025-GLPSDB).ORDEM DO DIA<br \/>sexta-feira, 8 de agosto de 2025<br \/>97<br \/>10. Em 19.02.2025, os Senadores Conf\u00facio Moura, Veneziano Vital do R\u00eago, Professora Dorinha Seabra, M\u00e1rcio Bittar e Pl\u00ednio Val\u00e9rio foram <br \/>designados membros titulares, e os Senadores Ivete da Silveira, Alan Rick e Marcelo Castro, membros suplentes, para compor a comiss\u00e3o, e o <br \/>Senador Jayme Campos deixou de compor a comiss\u00e3o, pelo Bloco Parlamentar Democracia (Of. n\u00ba 006\/2025-BLDEM).<br \/>11. Em 20.02.2025, o Senador Marcio Bittar deixou de compor a Comiss\u00e3o (Of. n\u00ba 009\/2025-BLDEM).<br \/>12. Em 21.02.2025, o Senador Hamilton Mour\u00e3o foi designado membro titular, pelo Bloco Parlamentar Alian\u00e7a, para compor a comiss\u00e3o (Of. n\u00ba <br \/>008\/2025-GABLID\/BLALIAN).<br \/>13. Em 11.03.2025, o Senador Izalci Lucas foi designado membro titular, em permuta com o Senador Rom\u00e1rio, que passa a ocupar a comiss\u00e3o como <br \/>membro suplente, pelo Bloco Parlamentar Vanguarda (Of. n\u00ba 17\/2025-BLVANG).<br \/>14. Em 14.03.2025, o Senador Alessandro Vieira foi designado membro titular, pelo Bloco Parlamentar Democracia, para compor a comiss\u00e3o (Of. n\u00ba <br \/>20\/2025-BLDEM).<br \/>15. Em 03.04.2025, a Senadora Leila Barros deixa de compor a comiss\u00e3o, pelo Bloco Parlamentar Pelo Brasil (Of. n\u00ba 43\/2025-GLPDT).<br \/>16. Em 03.07.2025, o Senador Pedro Chaves foi designado membro titular, em substitui\u00e7\u00e3o ao Senador Vanderlan Cardoso, que deixa de compor a <br \/>comiss\u00e3o, pelo Bloco Parlamentar da Resist\u00eancia Democr\u00e1tica (Of. n\u00ba 46\/2025-BLRESDEM).<br \/>Secret\u00e1rio(a): Andr\u00e9ia Mano Da Silva Tavares<br \/>Telefone(s): 3303-3498<br \/>E-mail: ce@senado.leg.brORDEM DO DIA<br \/>sexta-feira, 8 de agosto de 2025<br \/>98<br \/>4.1) SUBCOMISS\u00c3O PERMANENTE DA ALFABETIZA\u00c7\u00c3O NA IDADE CERTA<br \/>Finalidade: acompanhar as pol\u00edticas de Alfabetiza\u00e7\u00e3o na Idade Certa, no \u00e2mbito da Comiss\u00e3o de <br \/>Educa\u00e7\u00e3o, Cultura e Esporte.  <br \/>(Requerimento 56, de 2023 &#8211; CE)<br \/>N\u00famero de membros: 5 titulares  e 5 suplentes<br \/>Instala\u00e7\u00e3o: 11\/06\/2024<\/p>\n<p>Secret\u00e1rio(a): Andr\u00e9ia Mano Da Silva Tavares<br \/>Telefone(s): 3303-3498<br \/>E-mail: ce@senado.leg.brORDEM DO DIA<br \/>sexta-feira, 8 de agosto de 2025<br \/>99<br \/>4.2) SUBCOMISS\u00c3O PERMANENTE PARA ACOMPANHAR AS POL\u00cdTICAS DE EDUCA\u00c7\u00c3O DE <br \/>JOVENS E ADULTOS<br \/>Finalidade: acompanhar as pol\u00edticas de Educa\u00e7\u00e3o de Jovens e Adultos, no \u00e2mbito da Comiss\u00e3o de <br \/>Educa\u00e7\u00e3o e Cultura.  <br \/>(Requerimento 50, de 2024 &#8211; CE)<br \/>N\u00famero de membros: 5 titulares  e 5 suplentes<br \/>Instala\u00e7\u00e3o: 03\/07\/2024<\/p>\n<p>Secret\u00e1rio(a): Andr\u00e9ia Mano Da Silva Tavares<br \/>Telefone(s): 3303-3498<br \/>E-mail: ce@senado.leg.brORDEM DO DIA<br \/>sexta-feira, 8 de agosto de 2025<br \/>100<br \/>5) COMISS\u00c3O DE TRANSPAR\u00caNCIA, GOVERNAN\u00c7A, <br \/>FISCALIZA\u00c7\u00c3O E CONTROLE E DEFESA DO CONSUMIDOR  &#8211; CTFC<br \/>N\u00famero de membros: 17 titulares  e 17 suplentes<br \/>(7)<br \/>PRESIDENTE:  Senador Dr. Hiran (PP-RR)   <br \/>VICE-PRESIDENTE:   <\/p>\n<p>TITULARES Suplentes<br \/>Bloco Parlamentar Democracia ( MDB, UNI\u00c3O, PODEMOS, PSDB )<br \/>(1,10) (10)<br \/>Senador  Alessandro Vieira   (MDB-SE)     1.  Senador  Oriovisto Guimar\u00e3es   (PSDB-PR)    <br \/>(1,10) (10)<br \/>Senador  Renan Calheiros   (MDB-AL)     2.  Senador  Efraim Filho   (UNI\u00c3O-PB)    <br \/>(3,10) (3,12)<br \/>Senador  Sergio Moro   (UNI\u00c3O-PR)     3.  Senador  Eduardo Braga   (MDB-AM)    <br \/>(8,10) (15)<br \/>Senadora  Soraya Thronicke   (PODEMOS-MS)     4.  Senador  Marcio Bittar   (UNI\u00c3O-AC)    <br \/>(9,10) (9)<br \/>Senador  Styvenson Valentim   (PSDB-RN)     5.    VAGO     <br \/>Bloco Parlamentar da Resist\u00eancia Democr\u00e1tica ( PSD, PSB )<br \/>(4,17)<br \/>Senador  Pedro Chaves   (MDB-GO)     1.      <br \/>(4)<br \/>Senadora  Mara Gabrilli   (PSD-SP)     2.      <br \/>    3.      <br \/>(4)<br \/>Senador  Cid Gomes   (PSB-CE)     4.      <br \/>Bloco Parlamentar Vanguarda ( PL, NOVO )<br \/>(2) (2)<br \/>Senador  Fl\u00e1vio Bolsonaro   (PL-RJ)     1.  Senador  Marcos Rog\u00e9rio   (PL-RO)    <br \/>(2) (11)<br \/>Senador  Jorge Seif   (PL-SC)     2.  Senador  Astronauta Marcos Pontes   (PL-SP)    <br \/>(2) (14)<br \/>Senador  Eduardo Gir\u00e3o   (NOVO-CE)     3.  Senador  Rogerio Marinho   (PL-RN)    <br \/>Bloco Parlamentar Pelo Brasil ( PT, PDT )<br \/>(5) (13)<br \/>Senador  Beto Faro   (PT-PA)     1.  Senador  Randolfe Rodrigues   (PT-AP)    <br \/>(5) (16)<br \/>Senador  Rog\u00e9rio Carvalho   (PT-SE)     2.  Senadora  Teresa Leit\u00e3o   (PT-PE)    <br \/>(5)<br \/>Senadora  Ana Paula Lobato   (PDT-MA)     3.      <br \/>Bloco Parlamentar Alian\u00e7a ( PP, REPUBLICANOS )<br \/>(6) (6)<br \/>Senador  Dr. Hiran   (PP-RR)     1.  Senador  La\u00e9rcio Oliveira   (PP-SE)    <br \/>(6) (6)<br \/>Senador  Cleitinho   (REPUBLICANOS-MG)     2.  Senadora  Damares Alves   (REPUBLICANOS-DF)    <br \/>Notas:<br \/>1. Em 18.02.2025, os Senadores Alessandro Vieira e Renan Calheiros foram indicados membros titulares, pelo Bloco Parlamentar Democracia, para <br \/>compor a comiss\u00e3o (Of. n\u00ba 12\/2025-GLMDB).<br \/>2. Em 18.02.2025, os Senadores Fl\u00e1vio Bolsonaro, Jorge Seif e Eduardo Gir\u00e3o foram designados membros titulares, e o Senador Marcos Rog\u00e9rio <br \/>membro suplente, pelo Bloco Parlamentar Vanguarda, para compor a comiss\u00e3o (Of. n\u00ba 8\/2025-BLVANG).<br \/>3. Em 18.02.2025, o Senador Sergio Moro foi designado membro titular, e o Senador Jayme Campos membro suplente, pelo Bloco Parlamentar <br \/>Democracia, para compor a comiss\u00e3o (Of. n\u00ba 12\/2025-GLUNIAO).<br \/>4. Em 18.02.2025, os Senadores Vanderlan Cardoso, Mara Gabrilli e Cid Gomes foram designados membros titulares, pelo Bloco Parlamentar da <br \/>Resist\u00eancia Democr\u00e1tica, para compor a comiss\u00e3o (Of. n\u00ba 4\/2025-GSEGAMA).<br \/>5. Em 18.02.2025, os Senadores Beto Faro, Rog\u00e9rio Carvalho e Ana Paula Lobato foram designados membros titulares, pelo Bloco Parlamentar pelo <br \/>Brasil, para compor a comiss\u00e3o (Of. n\u00ba 26\/2025-GLPDT).<br \/>6. Em 18.02.2025, os Senadores Dr. Hiran e Cleitinho foram designados membros titulares, e os Senadores La\u00e9rcio Oliveira e Damares Alves membros <br \/>suplentes, pelo Bloco Parlamentar Alian\u00e7a, para compor a comiss\u00e3o (Of. n\u00ba 2\/2025-BLALIAN).<br \/>7. Em 19.02.2025, a comiss\u00e3o reunida elegeu o Senador Dr. Hiran Presidente deste colegiado.<br \/>8. Em 19.02.2025, a Senadora Soraya Thronicke foi designada membro titular, pelo Bloco Parlamentar Democracia, para compor a comiss\u00e3o (Of. n\u00ba <br \/>010\/2025-GLPODEMOS).<br \/>9. Em 19.02.2025, o Senador Stivenson Valentim foi designado membro titular e o Senador Oriovisto Guimar\u00e3es, membro suplente, pelo Bloco <br \/>Parlamentar Democracia, para compor a comiss\u00e3o (Of. n\u00ba 001\/2025-GLPSDB).<br \/>10. Em 19.02.2025, os Senadores Alessandro Vieira, Renan Calheiros, Sergio Moro, Soraya Thronicke e Styvenson Valentim foram designados <br \/>membros titulares, e os Senadores Oriovisto Guimar\u00e3es e Efraim Filho membros suplentes, pelo Bloco Parlamentar Democracia, para compor a <br \/>comiss\u00e3o (Of. n\u00ba 6\/2025-BLDEM).<br \/>11. Em 28.02.2025, o Senador Astronauta Marcos Pontes foi designado membro suplente, pelo Bloco Parlamentar Vanguarda, para compor a <br \/>comiss\u00e3o (Of. n\u00ba 015\/2025-BLVANG).<br \/>12. Em 24.03.2025, o Senador Eduardo Braga foi designado membro suplente, pelo Bloco Parlamentar Democracia, para compor a comiss\u00e3o (Of. n\u00ba <br \/>026\/2025-BLDEM).ORDEM DO DIA<br \/>sexta-feira, 8 de agosto de 2025<br \/>101<br \/>13. Em 25.03.2025, o Senador Randolfe Rodrigues foi designado membro suplente, pelo Bloco Parlamentar Pelo Brasil, para compor a comiss\u00e3o (Of. <br \/>n\u00ba 32\/2025-GLPDT).<br \/>14. Em 04.04.2025, o Senador Rogerio Marinho foi designado membro suplente, pelo Bloco Parlamentar Vanguarda, para compor a comiss\u00e3o (Of. n\u00ba <br \/>29\/2025-BLVANG).<br \/>15. Em 13.05.2025, o Senador Marcio Bittar foi designado membro suplente, pelo Bloco Parlamentar Democracia, para compor a comiss\u00e3o (Of. n\u00ba <br \/>026\/2025-BLDEMO).<br \/>16. Em 17.06.2025, a Senadora Teresa Leit\u00e3o foi designada membro suplente, pelo Bloco Parlamentar Pelo Brasil, para compor a comiss\u00e3o (Of. n\u00ba <br \/>4\/2025-BLPBRA).<br \/>17. Em 03.07.2025, o Senador Pedro Chaves foi designado membro titular, em substitui\u00e7\u00e3o ao Senador Vanderlan Cardoso, que deixa de compor a <br \/>comiss\u00e3o, pelo Bloco Parlamentar da Resist\u00eancia Democr\u00e1tica (Of. n\u00ba 46\/2025-BLRESDEM).<br \/>Secret\u00e1rio(a): Oscar Pern\u00e9 do Carmo J\u00fanior<br \/>Reuni\u00f5es: Ter\u00e7as-feiras 11:30 horas &#8211;<br \/>Telefone(s): 61 33033519<br \/>E-mail: ctfc@senado.leg.brORDEM DO DIA<br \/>sexta-feira, 8 de agosto de 2025<br \/>102<br \/>6) COMISS\u00c3O DE DIREITOS HUMANOS E LEGISLA\u00c7\u00c3O PARTICIPATIVA  &#8211; CDH<br \/>N\u00famero de membros: 19 titulares  e 19 suplentes<br \/>(7)<br \/>PRESIDENTE:  Senadora Damares Alves (REPUBLICANOS-DF)   <br \/>(7)<br \/>VICE-PRESIDENTE:  Senadora Mara Gabrilli (PSD-SP)   <\/p>\n<p>TITULARES Suplentes<br \/>Bloco Parlamentar Democracia ( MDB, UNI\u00c3O, PODEMOS, PSDB )<br \/>(1,10) (1,10)<br \/>Senadora  Ivete da Silveira   (MDB-SC)     1.  Senador  Alessandro Vieira   (MDB-SE)    <br \/>(1,10) (10)<br \/>Senador  Giordano   (MDB-SP)     2.  Senadora  Professora Dorinha Seabra   (UNI\u00c3O-TO)    <br \/>(3,10) (3,10)<br \/>Senador  Sergio Moro   (UNI\u00c3O-PR)     3.  Senador  Zequinha Marinho   (PODEMOS-PA)    <br \/>(3,10,12) (3,10)<br \/>  VAGO      4.  Senador  Styvenson Valentim   (PSDB-RN)    <br \/>(8,10) (8,12)<br \/>Senador  Marcos do Val   (PODEMOS-ES)     5.  Senador  Marcio Bittar   (UNI\u00c3O-AC)    <br \/>(9,10) (9,19,23)<br \/>Senador  Pl\u00ednio Val\u00e9rio   (PSDB-AM)     6.    VAGO     <br \/>Bloco Parlamentar da Resist\u00eancia Democr\u00e1tica ( PSD, PSB )<br \/>(13) (4)<br \/>Senador  Cid Gomes   (PSB-CE)     1.  Senador  Fl\u00e1vio Arns   (PSB-PR)    <br \/>(4) (4,24)<br \/>Senadora  Jussara Lima   (PSD-PI)     2.  Senador  Pedro Chaves   (MDB-GO)    <br \/>(4)<br \/>Senadora  Mara Gabrilli   (PSD-SP)     3.      <br \/>(20,22)<br \/>  VAGO      4.      <br \/>Bloco Parlamentar Vanguarda ( PL, NOVO )<br \/>(2) (2)<br \/>Senador  Jaime Bagattoli   (PL-RO)     1.  Senador  Eduardo Gir\u00e3o   (NOVO-CE)    <br \/>(2) (2)<br \/>Senador  Magno Malta   (PL-ES)     2.  Senador  Rom\u00e1rio   (PL-RJ)    <br \/>(2) (15)<br \/>Senador  Marcos Rog\u00e9rio   (PL-RO)     3.  Senador  Jorge Seif   (PL-SC)    <br \/>(14) (16)<br \/>Senador  Astronauta Marcos Pontes   (PL-SP)     4.  Senador  Fl\u00e1vio Bolsonaro   (PL-RJ)    <br \/>Bloco Parlamentar Pelo Brasil ( PT, PDT )<br \/>(6,17,18,21) (6,17)<br \/>Senador  Fabiano Contarato   (PT-ES)     1.  Senador  Weverton   (PDT-MA)    <br \/>(6,17) (6,17)<br \/>Senador  Rog\u00e9rio Carvalho   (PT-SE)     2.  Senadora  Augusta Brito   (PT-CE)    <br \/>(17) (6,17)<br \/>Senador  Humberto Costa   (PT-PE)     3.  Senador  Paulo Paim   (PT-RS)    <br \/>Bloco Parlamentar Alian\u00e7a ( PP, REPUBLICANOS )<br \/>(5,11) (5)<br \/>Senadora  Tereza Cristina   (PP-MS)     1.  Senador  La\u00e9rcio Oliveira   (PP-SE)    <br \/>(5) (5)<br \/>Senadora  Damares Alves   (REPUBLICANOS-DF)     2.  Senador  Mecias de Jesus   (REPUBLICANOS-RR)    <br \/>Notas:<br \/>1. Em 18.02.2025, os Senadores Ivete da Silveira e Giordano foram designados membros titulares e o Senador Alessandro Vieira, membro suplente, <br \/>pelo Bloco Parlamentar Democracia, para compor a comiss\u00e3o (Of. n\u00ba 009\/2025-GLMDB).<br \/>2. Em 18.02.2025, os Senadores Jaime Bagattoli, Magno Malta e Marcos Rog\u00e9rio foram designados membros titulares e os Senadores Eduardo Gir\u00e3o <br \/>e Rom\u00e1rio, membros suplentes, pelo Bloco Parlamentar Vanguarda, para compor a comiss\u00e3o (Of. n\u00ba 008\/2025-BLVANG).<br \/>3. Em 18.02.2025, os Senadores Sergio Moro e Marcio Bittar foram designados membros titulares e os Senadores Jayme Campos e Professora <br \/>Dorinha Seabra, membros suplentes, pelo Bloco Parlamentar Democracia, para compor a comiss\u00e3o (Of. n\u00ba 12\/2025-GLUNIAO).<br \/>4. Em 18.02.2025, as Senadoras Jussara Lima e Mara Gabrilli foram designadas membros titulares e os Senadores Fl\u00e1vio Arns e Vanderlan Cardoso, <br \/>membros suplentes, pelo Bloco Parlamentar da Resist\u00eancia Democr\u00e1tica, para compor a comiss\u00e3o (Of. n\u00ba 004\/2025-GSEGAMA).<br \/>5. Em 18.02.2025, os Senadores Dr. Hiran e Damares Alves foram designados membros titulares e os Senadores La\u00e9rcio Oliveira e Mecias de Jesus, <br \/>membros suplentes, pelo Bloco Parlamentar Alian\u00e7a, para compor a comiss\u00e3o (Of. n\u00ba 002\/2025-GABLID\/BLALIAN).<br \/>6. Em 18.02.2025, os Senadores Paulo Paim e Fabiano Contarato foram designados membros titulares e os Senadores Augusta Brito, Rog\u00e9rio <br \/>Carvalho e Weverton, membros suplentes, pelo Bloco Parlamentar Pelo Brasil, para compor a comiss\u00e3o (Of. n\u00ba 026\/2025-GLPDT).<br \/>7. Em 19.02.2025, a Comiss\u00e3o reunida elegeu as Senadoras Damares Alves e Mara Gabrilli, respectivamente, Presidente e Vice-Presidente deste <br \/>colegiado (Of. n\u00ba 001\/2025-CDH).<br \/>8. Em 19.02.2025, o Senador Marcos do Val foi designado membro titular e o Senador Zequinha Marinho, membro suplente, pelo Bloco Parlamentar <br \/>Democracia, para compor a comiss\u00e3o (Of. n\u00ba 010\/2025-GLPODEMOS).<br \/>9. Em 19.02.2025, o Senador Pl\u00ednio Val\u00e9rio foi designado membro titular e o Senador Styvenson Valentim, membro suplente, pelo Bloco Parlamentar <br \/>Democracia, para compor a comiss\u00e3o (Of. n\u00ba 001\/2025-GLPSDB).<br \/>10. Em 19.02.2025, os Senadores Ivete da Silveira, Giordano, Sergio Moro, Marcio Bittar, Marcos do Val e Pl\u00ednio Val\u00e9rio foram designados membros <br \/>titulares e os Senadores Alessandro Vieira, Professora Dorinha Seabra, Zequinha Marinho (em substitui\u00e7\u00e3o ao Senador Jayme Campos) e Styvenson <br \/>Valentin, membros suplentes, pelo Bloco Parlamentar Democracia, para compor a comiss\u00e3o (Of. n\u00ba 006\/2025-BLDEM).<br \/>11. Em 19.02.2025, a Senadora Tereza Cristina foi designada membro titular, em substitui\u00e7\u00e3o ao Senador Dr. Hiran, pelo Bloco Parlamentar Alian\u00e7a, <br \/>para compor a comiss\u00e3o (Of. n\u00ba 004\/2025-GABLID\/BLALIAN).ORDEM DO DIA<br \/>sexta-feira, 8 de agosto de 2025<br \/>103<br \/>12. Em 20.02.2025, o Senador Marcio Bittar foi designado membro suplente, pelo Bloco Parlamentar Democracia, para compor a comiss\u00e3o (Of. n\u00ba <br \/>011\/2025-BLDEM).<br \/>13. Em 25.02.2025, o Senador Cid Gomes foi designado membro titular, pelo Bloco Parlamentar da Resist\u00eancia Democr\u00e1tica, para compor a comiss\u00e3o <br \/>(Of. n\u00ba 007\/2025-GSEGAMA).<br \/>14. Em 27.02.2025, o Senador Astronauta Marcos Pontes foi designado membro titular, pelo Bloco Parlamentar Vanguarda, para compor a comiss\u00e3o <br \/>(Of. n\u00ba 12\/2025-BLVANG).<br \/>15. Em 10.03.2025, o Senador Jorge Seif foi designado membro suplente, pelo Bloco Parlamentar Vanguarda, para compor a comiss\u00e3o (Of. n\u00ba <br \/>16\/2025-BLVANG).  (DSF de 11\/03\/2025, p. 23)<br \/>16. Em 12.03.2025, o Senador Fl\u00e1vio Bolsonaro foi designado membro suplente, pelo Bloco Parlamentar Vanguarda, para compor a comiss\u00e3o (Of. n\u00ba <br \/>020\/2025-BLVANG).  (DSF de 13\/03\/2025, p. 85)<br \/>17. Em 25.03.2025, os Senadores Fabiano Contarato, Rog\u00e9rio Carvalho e Humberto Costa foram designados membros titulares, e os Senadores <br \/>Weverton, Augusta Brito e Paulo Paim membros suplentes, pelo Bloco Parlamentar Pelo Brasil, para compor a comiss\u00e3o (Of. n\u00ba 32\/2025-GLPDT).  (DSF <br \/>de 26\/03\/2025, p. 122)<br \/>18. Em 29.04.2025, o Senador Jaques Wagner foi designado membro titular, em substitui\u00e7\u00e3o ao Senador Fabiano Contarato, que deixa de compor a <br \/>comiss\u00e3o, pelo Bloco Parlamentar Pelo Brasil (Of. n\u00ba 55\/2025-GLPDT).<br \/>19. Em 29.04.2025, o Senador Conf\u00facio Moura foi designado membro suplente, pelo Bloco Parlamentar Democracia, para compor a comiss\u00e3o (Of. n\u00ba <br \/>22\/2025-BLDEMO).<br \/>20. Em 30.04.2025, a Senadora Teresa Leit\u00e3o foi designada membro titular, pelo Bloco Parlamentar da Resist\u00eancia Democr\u00e1tica, para compor a <br \/>comiss\u00e3o (Of. n\u00ba 24\/2025-GSEGAMA).<br \/>21. Em 06.05.2025, o Senador Fabiano Contarato foi designado membro titular, em substitui\u00e7\u00e3o ao Senador Jaques Wagner, que deixa de compor a <br \/>comiss\u00e3o, pelo Bloco Parlamentar Pelo Brasil (Of. n\u00ba 01\/2025-BLPBRA).<br \/>22. Em 20.05.2025, a Senadora Teresa Leit\u00e3o deixa de compor a comiss\u00e3o, pelo Bloco Parlamentar da Resist\u00eancia Democr\u00e1tica (Of. n\u00ba 32\/2025-<br \/>GSEGAMA).<br \/>23. Em 25.06.2025, o Senador Conf\u00facio Moura deixa de compor a comiss\u00e3o, pelo Bloco Parlamentar Democracia (Of. n\u00ba 38\/2025-BLDEMO).<br \/>24. Em 03.07.2025, o Senador Pedro Chaves foi designado membro suplente, em substitui\u00e7\u00e3o ao Senador Vanderlan Cardoso, que deixa de compor a <br \/>comiss\u00e3o, pelo Bloco Parlamentar da Resist\u00eancia Democr\u00e1tica (Of. n\u00ba 46\/2025-BLRESDEM).<br \/>Secret\u00e1rio(a): Dimitri Martin Stepanenko<br \/>Reuni\u00f5es: Quartas-feiras 11:00 &#8211;<br \/>Telefone(s): 3303-2005<br \/>E-mail: cdh@senado.leg.brORDEM DO DIA<br \/>sexta-feira, 8 de agosto de 2025<br \/>104<br \/>6.1) SUBCOMISS\u00c3O TEMPOR\u00c1RIA PARA DEBATER A CONVEN\u00c7\u00c3O SOBRE OS ASPECTOS <br \/>CIVIS DO SEQUESTRO INTERNACIONAL DE CRIAN\u00c7AS<br \/>Finalidade: debater, no prazo de 180 dias, a aplica\u00e7\u00e3o da Conven\u00e7\u00e3o sobre os Aspectos Civis do <br \/>Sequestro Internacional de Crian\u00e7as, nos casos em que m\u00e3es brasileiras voltam para o pa\u00eds com seus <br \/>filhos em raz\u00e3o de viol\u00eancia dom\u00e9stica.  <br \/>(Requerimento 2, de 2025 &#8211; CDH)<br \/>N\u00famero de membros: 5 titulares  e 5 suplentes<br \/>(2)<br \/>PRESIDENTE:  Senadora Mara Gabrilli  (PSD-SP)   <br \/>(2)<br \/>VICE-PRESIDENTE:  Senador Fl\u00e1vio Arns  (PSB-PR)   <br \/>Instala\u00e7\u00e3o: 21\/05\/2025<br \/>Prazo final: 17\/11\/2025<\/p>\n<p>TITULARES SUPLENTES<br \/>(1) (1)<br \/>Senadora Damares Alves   (REPUBLICANOS-DF)     1.  Senadora Augusta Brito   (PT-CE)    <br \/>(1) (1)<br \/>Senador Fl\u00e1vio Arns   (PSB-PR)     2.  Senador Jaime Bagattoli   (PL-RO)    <br \/>(1) (1)<br \/>Senadora Ivete da Silveira   (MDB-SC)     3.  Senadora Jussara Lima   (PSD-PI)    <br \/>(1) (1)<br \/>Senadora Mara Gabrilli   (PSD-SP)     4.  Senador La\u00e9rcio Oliveira   (PP-SE)    <br \/>(1) (1)<br \/>Senador Paulo Paim   (PT-RS)     5.  Senadora Professora Dorinha Seabra   (UNI\u00c3O-TO)    <\/p>\n<p>Notas:<br \/>1. Em 05.05.2025, os Senadores Damares Alves, Fl\u00e1vio Arns, Ivete da Silveira, Mara Gabrilli e Paulo Paim foram designados membros titulares, e os <br \/>Senadores Augusta Brito, Jaime Bagattoli, Jussara Lima, La\u00e9rcio Oliveira e Professora Dorinha Seabra membros suplentes, para compor a subcomiss\u00e3o <br \/>(Of. n\u00ba 116\/2025-CDH).<br \/>2. Em 21.05.2025, a comiss\u00e3o reunida elegeu a Senadora Mara Gabrilli e o Senador Fl\u00e1vio Arns, Presidente e Vice-Presidente, respectivamente, deste <br \/>colegiado (Of. n\u00ba 153\/2025-CDH).<br \/>Secret\u00e1rio(a): Dimitri Martin Stepanenko<br \/>Telefone(s): 3303-2005<br \/>E-mail: cdh.haia@senado.leg.brORDEM DO DIA<br \/>sexta-feira, 8 de agosto de 2025<br \/>105<br \/>7) COMISS\u00c3O DE RELA\u00c7\u00d5ES EXTERIORES E DEFESA NACIONAL  &#8211; CRE<br \/>N\u00famero de membros: 19 titulares  e 19 suplentes<br \/>(7)<br \/>PRESIDENTE:  Senador Nelsinho Trad (PSD-MS)   <br \/>(12)<br \/>VICE-PRESIDENTE:  Senadora Tereza Cristina (PP-MS)   <\/p>\n<p>TITULARES Suplentes<br \/>Bloco Parlamentar Democracia ( MDB, UNI\u00c3O, PODEMOS, PSDB )<br \/>(1,10) (1,10)<br \/>Senador  Renan Calheiros   (MDB-AL)     1.  Senadora  Ivete da Silveira   (MDB-SC)    <br \/>(1,10) (1,10)<br \/>Senador  Fernando Dueire   (MDB-PE)     2.  Senadora  Professora Dorinha Seabra   (UNI\u00c3O-TO)    <br \/>(3,10) (3,10)<br \/>Senador  Sergio Moro   (UNI\u00c3O-PR)     3.  Senador  Veneziano Vital do R\u00eago   (MDB-PB)    <br \/>(3,10) (3,10)<br \/>Senador  Efraim Filho   (UNI\u00c3O-PB)     4.  Senador  Alan Rick   (UNI\u00c3O-AC)    <br \/>(8,9,10) (8,9,10)<br \/>Senador  Carlos Viana   (PODEMOS-MG)     5.  Senador  Marcos do Val   (PODEMOS-ES)    <br \/>(10) (10)<br \/>Senadora  Tereza Cristina   (PP-MS)     6.         <br \/>Bloco Parlamentar da Resist\u00eancia Democr\u00e1tica ( PSD, PSB )<br \/>(4) (4)<br \/>Senador  Nelsinho Trad   (PSD-MS)     1.  Senadora  Daniella Ribeiro   (PP-PB)    <br \/>(4) (4)<br \/>Senadora  Mara Gabrilli   (PSD-SP)     2.  Senador  S\u00e9rgio Petec\u00e3o   (PSD-AC)    <br \/>(4) (4)<br \/>Senador  Rodrigo Pacheco   (PSD-MG)     3.  Senador  Iraj\u00e1   (PSD-TO)    <br \/>(4) (4)<br \/>Senador  Chico Rodrigues   (PSB-RR)     4.  Senador  Cid Gomes   (PSB-CE)    <br \/>Bloco Parlamentar Vanguarda ( PL, NOVO )<br \/>(2) (2)<br \/>Senador  Astronauta Marcos Pontes   (PL-SP)     1.  Senador  Marcos Rog\u00e9rio   (PL-RO)    <br \/>(2,13,14) (2)<br \/>Senador  Wellington Fagundes   (PL-MT)     2.  Senador  Carlos Portinho   (PL-RJ)    <br \/>(2) (11)<br \/>Senador  Jorge Seif   (PL-SC)     3.  Senador  Dr. Hiran   (PP-RR)    <br \/>(2)<br \/>Senador  Magno Malta   (PL-ES)     4.      <br \/>Bloco Parlamentar Pelo Brasil ( PT, PDT )<br \/>(6) (6)<br \/>Senador  Randolfe Rodrigues   (PT-AP)     1.  Senador  Jaques Wagner   (PT-BA)    <br \/>(6) (6)<br \/>Senador  Humberto Costa   (PT-PE)     2.  Senador  Rog\u00e9rio Carvalho   (PT-SE)    <br \/>(6) (6)<br \/>Senador  Fabiano Contarato   (PT-ES)     3.  Senador  Beto Faro   (PT-PA)    <br \/>Bloco Parlamentar Alian\u00e7a ( PP, REPUBLICANOS )<br \/>(5) (5)<br \/>Senador  Esperidi\u00e3o Amin   (PP-SC)     1.  Senador  Luis Carlos Heinze   (PP-RS)    <br \/>(5) (5)<br \/>Senador  Hamilton Mour\u00e3o   (REPUBLICANOS-RS)     2.  Senador  Mecias de Jesus   (REPUBLICANOS-RR)    <br \/>Notas:<br \/>1. Em 18.02.2025, os Senadores Renan Calheiros e Fernando Dueire foram designados membros titulares, e os Senadores Ivete da Silveira e <br \/>Veneziano Vital do R\u00eago membros suplentes, pelo Bloco Parlamentar Democracia, para compor a Comiss\u00e3o (Of. 010\/2025-GLMDB).<br \/>2. Em 18.02.2025, os Senadores Astronauta Marcos Pontes, Wellington Fagundes, Jorge Seif e Magno Malta foram designados membros titulares, <br \/>e os Senadores Marcos Rog\u00e9rio e Carlos Portinho membros suplentes, pelo Bloco Parlamentar Vanguarda, para compor a Comiss\u00e3o (Of. 008\/2025-<br \/>BLVANG).<br \/>3. Em 18.02.2025, os Senadores Sergio Moro e Efraim Filho foram designados membros titulares, e os Senadores Professora Dorinha Seabra e Jayme <br \/>Campos membros suplentes, pelo Bloco Parlamentar Democracia, para compor a Comiss\u00e3o (Of. 12\/2025-GLUNIAO).<br \/>4. Em 18.02.2025, os Senadores Nelsinho Trad, Mara Gabrilli, Rodrigo Pacheco e Chico Rodrigues foram designados membros titulares, e os <br \/>Senadores Daniella Ribeiro, S\u00e9rgio Petec\u00e3o, Iraj\u00e1 e Cid Gomes membros suplentes, pelo Bloco Parlamentar da Resist\u00eancia Democr\u00e1tica, para compor <br \/>a Comiss\u00e3o (Of. 004\/2025-GSEGAMA).<br \/>5. Em 18.02.2025, os Senadores Esperidi\u00e3o Amin e Hamilton Mour\u00e3o foram designados membros titulares, e os Senadores Luis Carlos Heinze e <br \/>Mecias de Jesus membros suplentes, pelo Bloco Parlamentar Alian\u00e7a, para compor a Comiss\u00e3o (Of. 002\/2025-GABLID\/BLALIAN).<br \/>6. Em 18.02.2025, os Senadores Randolfe Rodrigues, Humberto Costa e Fabiano Contarato foram designados membros titulares, e os Senadores <br \/>Jaques Wagner, Rog\u00e9rio Carvalho e Beto Faro membros suplentes, pelo Bloco Parlamentar Pelo Brasil, para compor a Comiss\u00e3o (Of. 026\/2025-<br \/>GLPDT).<br \/>7. Em 19.02.2025, a Comiss\u00e3o reunida elegeu o Senador Nelsinho Trad Presidente deste colegiado (Of. n\u00ba 001\/2025-CRE).<br \/>8. Em 19.02.2025, o Senador Carlos Viana foi designado membro titular e o Senador Marcos do Val, membro suplente, pelo Bloco Parlamentar <br \/>Democracia, para compor a comiss\u00e3o (Of. n\u00ba 010\/2025-GLPODEMOS).<br \/>9. Em 19.02.2025, o Senador Marcos do Val foi designado membro titular e o Senador Carlos Viana, membro suplente, pelo Bloco Parlamentar <br \/>Democracia, para compor a comiss\u00e3o (Of. n\u00ba 011\/2025-GLPODEMOS).<br \/>10. Em 19.02.2025, os Senadores Renan Calheiros, Fernando Dueire, Sergio Moro, Efraim Filho, Carlos Viana e Tereza Cristina foram designados <br \/>membros titulares, e os Senadores Ivete da Silveira, Professora Dorinha Seabra, Veneziano Vital do R\u00eago, Alan Rick e Marcos Do Val membros <br \/>suplentes, pelo Bloco Parlamentar Democracia, para compor a Comiss\u00e3o (Of. 006\/2025-BLDEM).ORDEM DO DIA<br \/>sexta-feira, 8 de agosto de 2025<br \/>106<br \/>11. Em 20.02.2025, o Senador Dr. Hiran foi designado membro suplente, pelo Bloco Parlamentar Vanguarda, em vaga cedida ao Partido Progressistas <br \/>(Of. n\u00ba 9\/2025-BLVANG).<br \/>12. Em 13.03.2025, a Comiss\u00e3o reunida elegeu a Senadora Tereza Cristina Vice-Presidente deste colegiado (Of. n\u00ba 016\/2025-CRE).<br \/>13. Em 07.05.2025, o Senador Eduardo Gir\u00e3o foi designado membro titular, em substitui\u00e7\u00e3o ao Senador Wellington Fagundes, que deixa de compor a <br \/>comiss\u00e3o, pelo Bloco Parlamentar Vanguarda (Of. n\u00ba 040\/2025-BLVANG).<br \/>14. Em 08.05.2025, o Senador Wellington Fagundes foi designado membro titular, em substitui\u00e7\u00e3o ao Senador Eduardo Gir\u00e3o, que deixa de compor a <br \/>comiss\u00e3o, pelo Bloco Parlamentar Vanguarda (Of. n\u00ba 044\/2025-BLVANG).<br \/>Secret\u00e1rio(a): Marcos Aur\u00e9lio Pereira<br \/>Reuni\u00f5es: Quintas-feiras 10:00 &#8211; Ala Alexandre Costa, Sala 7<br \/>Telefone(s): 3303-5919<br \/>E-mail: cre@senado.leg.brORDEM DO DIA<br \/>sexta-feira, 8 de agosto de 2025<br \/>107<br \/>7.1) SUBCOMISS\u00c3O PERMANENTE DE DEFESA CIBERN\u00c9TICA<br \/>Finalidade: acompanhar a pol\u00edtica p\u00fablica relacionada \u00e0 defesa cibern\u00e9tica.  <br \/>(Requerimento 20, de 2023 &#8211; CRE)<br \/>N\u00famero de membros: 3 titulares  e 3 suplentes<br \/>Instala\u00e7\u00e3o: 14\/05\/2024<\/p>\n<p>TITULARES SUPLENTES<br \/>(1) (1)<br \/>Senador Esperidi\u00e3o Amin   (PP-SC)     1.  Senador Fernando Dueire   (MDB-PE)    <br \/>(1) (1)<br \/>Senador Hamilton Mour\u00e3o   (REPUBLICANOS-RS)     2.  Senador Sergio Moro   (UNI\u00c3O-PR)    <br \/>(1) (1)<br \/>Senador Chico Rodrigues   (PSB-RR)     3.  Senador Astronauta Marcos Pontes   (PL-SP)    <\/p>\n<p>Notas:<br \/>1. Em 27.03.2025, os Senadores Esperidi\u00e3o Amin, Hamilton Mour\u00e3o e Chico Rodrigues foram designados membros titulares, e os Senadores <br \/>Fernando Dueire, Sergio Moro e Astronauta Marcos Pontes membros suplentes, para compor a Subcomiss\u00e3o (Of. 018\/2025-CRE)<br \/>Secret\u00e1rio(a): Marcos Aur\u00e9lio Pereira<br \/>Reuni\u00f5es: Quintas-feiras 10:00 &#8211; Ala Alexandre Costa, Sala 7<br \/>Telefone(s): 3303-5919<br \/>E-mail: cre@senado.leg.brORDEM DO DIA<br \/>sexta-feira, 8 de agosto de 2025<br \/>108<br \/>8) COMISS\u00c3O DE SERVI\u00c7OS DE INFRAESTRUTURA  &#8211; CI<br \/>N\u00famero de membros: 23 titulares  e 23 suplentes<br \/>(7)<br \/>PRESIDENTE:  Senador Marcos Rog\u00e9rio (PL-RO)   <br \/>VICE-PRESIDENTE:   <\/p>\n<p>TITULARES Suplentes<br \/>Bloco Parlamentar Democracia ( MDB, UNI\u00c3O, PODEMOS, PSDB )<br \/>(1,11) (1,9,11,12)<br \/>Senador  Eduardo Braga   (MDB-AM)     1.  Senador  Conf\u00facio Moura   (MDB-RO)    <br \/>(1,9,11,12) (1,11)<br \/>Senador  Veneziano Vital do R\u00eago   (MDB-PB)     2.  Senador  Efraim Filho   (UNI\u00c3O-PB)    <br \/>(1,11) (1,11)<br \/>Senador  Fernando Farias   (MDB-AL)     3.  Senador  Fernando Dueire   (MDB-PE)    <br \/>(3,11) (3,11)<br \/>Senador  Jayme Campos   (UNI\u00c3O-MT)     4.  Senador  Zequinha Marinho   (PODEMOS-PA)    <br \/>(3,11) (3,11)<br \/>Senadora  Professora Dorinha Seabra   (UNI\u00c3O-TO)     5.  Senador  Marcelo Castro   (MDB-PI)    <br \/>(8,11) (8,11)<br \/>Senador  Carlos Viana   (PODEMOS-MG)     6.  Senador  Sergio Moro   (UNI\u00c3O-PR)    <br \/>(10,11) (15)<br \/>Senador  Pl\u00ednio Val\u00e9rio   (PSDB-AM)     7.  Senador  Jader Barbalho   (MDB-PA)    <br \/>Bloco Parlamentar da Resist\u00eancia Democr\u00e1tica ( PSD, PSB )<br \/>(4) (4,16)<br \/>Senador  Cid Gomes   (PSB-CE)     1.  Senador  Chico Rodrigues   (PSB-RR)    <br \/>(4) (4)<br \/>Senador  Otto Alencar   (PSD-BA)     2.  Senador  Angelo Coronel   (PSD-BA)    <br \/>(4) (4)<br \/>Senador  Iraj\u00e1   (PSD-TO)     3.  Senador  Nelsinho Trad   (PSD-MS)    <br \/>(4) (4,19)<br \/>Senadora  Daniella Ribeiro   (PP-PB)     4.  Senador  Pedro Chaves   (MDB-GO)    <br \/>(4) (4)<br \/>Senadora  Margareth Buzetti   (PSD-MT)     5.  Senador  Lucas Barreto   (PSD-AP)    <br \/>Bloco Parlamentar Vanguarda ( PL, NOVO )<br \/>(2) (2)<br \/>Senador  Jaime Bagattoli   (PL-RO)     1.  Senadora  Dra. Eud\u00f3cia   (PL-AL)    <br \/>(2) (2)<br \/>Senador  Marcos Rog\u00e9rio   (PL-RO)     2.  Senador  Rogerio Marinho   (PL-RN)    <br \/>(2) (2)<br \/>Senador  Wellington Fagundes   (PL-MT)     3.  Senador  Eduardo Gomes   (PL-TO)    <br \/>(2) (2)<br \/>Senador  Wilder Morais   (PL-GO)     4.  Senador  Astronauta Marcos Pontes   (PL-SP)    <br \/>Bloco Parlamentar Pelo Brasil ( PT, PDT )<br \/>(6) (6)<br \/>Senador  Beto Faro   (PT-PA)     1.  Senador  Fabiano Contarato   (PT-ES)    <br \/>(6) (6)<br \/>Senador  Rog\u00e9rio Carvalho   (PT-SE)     2.  Senador  Randolfe Rodrigues   (PT-AP)    <br \/>(6) (6,17)<br \/>Senador  Weverton   (PDT-MA)     3.    VAGO     <br \/>(18)<br \/>Senador  Jorge Kajuru   (PSB-GO)     4.    VAGO <br \/>Bloco Parlamentar Alian\u00e7a ( PP, REPUBLICANOS )<br \/>(5) (14)<br \/>Senador  Esperidi\u00e3o Amin   (PP-SC)     1.  Senadora  Tereza Cristina   (PP-MS)    <br \/>(5,13) (5,13)<br \/>Senador  La\u00e9rcio Oliveira   (PP-SE)     2.  Senador  Luis Carlos Heinze   (PP-RS)    <br \/>(5) (5)<br \/>Senador  Mecias de Jesus   (REPUBLICANOS-RR)     3.  Senador  Cleitinho   (REPUBLICANOS-MG)    <br \/>Notas:<br \/>1. Em 18.02.2025, os Senadores Eduardo Braga, Conf\u00facio Moura e Fernando Farias foram designados membros titulares; e os Senadores Veneziano <br \/>Vital do R\u00eago, Fernando Dueire e Marcelo Castro, membros suplentes, pelo Bloco Parlamentar Democracia, para compor a comiss\u00e3o (Of. 006\/2025-<br \/>GLMDB).<br \/>2. Em 18.02.2025, os Senadores Jaime Bagattoli, Marcos Rogerio, Wellington Fagundes e Wilder Morais foram designados membros titulares; e os <br \/>Senadores Dra. Eud\u00f3cia, Rogerio Marinho, Eduardo Gomes e Astronauta Marcos Pontes, membros suplentes, pelo Bloco Parlamentar Vanguarda, <br \/>para compor a comiss\u00e3o (Of. 008\/2025-BLVANG).<br \/>3. Em 18.02.2025, os Senadores Jayme Campos e Professora Dorinha Seabra foram designados membros titulares; e os Senadores Sergio Moro e <br \/>Efraim Filho, membros suplentes, pelo Bloco Parlamentar Democracia, para compor a comiss\u00e3o (Of. 012\/2025-GLUNIAO).<br \/>4. Em 18.02.2025, os Senadores Cid Gomes, Otto Alencar, Iraj\u00e1, Daniella Ribeiro e Margareth Buzetti foram designados membros titulares; e <br \/>os Senadores Jorge Kajuru, Angelo Coronel, Nelsinho Trad, Vanderlan Cardoso e Lucas Barreto, membros suplentes, pelo Bloco Parlamentar da <br \/>Resist\u00eancia Democr\u00e1tica, para compor a comiss\u00e3o (Of. 004\/2025-GSEGAMA).<br \/>5. Em 18.02.2025, os Senadores Esperidi\u00e3o Amin, Luis Carlos Heinze e Mecias de Jesus foram designados membros titulares; e os Senadores La\u00e9rcio <br \/>Oliveira e Cleitinho, membros suplentes, pelo Bloco Parlamentar Alian\u00e7a, para compor a comiss\u00e3o (Of. 002\/2025-GABLID\/BLALIAN).<br \/>6. Em 18.02.2025, os Senadores Beto Faro, Rog\u00e9rio Carvalho e Weverton foram foram designados membros titulares; e os Senadores Fabiano <br \/>Contarato, Randolfe Rodrigues e Leila Barros, membros suplentes, pelo Bloco Parlamentar Pelo Brasil, para compor a comiss\u00e3o (Of. 026\/2025-GLPDT).<br \/>7. Em 19.02.2025, a comiss\u00e3o reunida elegeu o Senador Marcos Rog\u00e9rio Presidente deste colegiado.ORDEM DO DIA<br \/>sexta-feira, 8 de agosto de 2025<br \/>109<br \/>8. Em 19.02.2025, o Senador Carlos Viana foi designado membro titular e o Senador Zequinha Marinho, membro suplente, pelo Bloco Parlamentar <br \/>Democracia, para compor a comiss\u00e3o (Of. n\u00ba 010\/2025-GLPODEMOS).<br \/>9. Em 19.02.2025, o Senador Veneziano Vital do R\u00eago foi designado membro titular, em substitui\u00e7\u00e3o ao Senador Conf\u00facio Moura, que passa a <br \/>membro suplente, pelo Bloco Parlamentar Democracia, para compor a comiss\u00e3o (Of. n\u00ba 026\/2025-GLMDB).<br \/>10. Em 19.02.2025, o Senador Pl\u00ednio Val\u00e9rio foi designado membro titular, pelo Bloco Parlamentar Democracia, para compor a comiss\u00e3o (Of. n\u00ba <br \/>001\/2025-GLPSDB).<br \/>11. Em 19.02.2025, os Senadores Eduardo Braga, Conf\u00facio Moura, Fernando Farias, Jayme Campos, Professora Dorinha Seabra, Carlos Viana e Pl\u00ednio <br \/>Val\u00e9rio foram designados membros titulares, e os Senadores Veneziano Vital do R\u00eago, Efraim Filho, Fernando Dueire, Zequinha Marinho, Marcelo <br \/>Castro e Sergio Moro, membros suplentes, pelo Bloco Parlamentar Democracia, para compor a comiss\u00e3o (Of. n\u00ba 006\/2025-BLDEM).<br \/>12. Em 20.02.2025, o Senador Veneziano Vital do R\u00eago foi designado membro titular, em substitui\u00e7\u00e3o ao Senador Conf\u00facio Moura, que passa a <br \/>membro suplente, pelo Bloco Parlamentar Democracia, para compor a comiss\u00e3o (Of. n\u00ba 010\/2025-BLDEM).<br \/>13. Em 21.02.2025, o Senador La\u00e9rcio Oliveira foi designado membro titular e o Senador Luis Carlos Heinze, membro suplente, pelo Bloco <br \/>Parlamentar Alian\u00e7a, para compor a comiss\u00e3o (Of. n\u00ba 006\/2025-GABLID\/BLALIAN).<br \/>14. Em 25.02.2025, a Senadora Tereza Cristina foi designada membro suplente, pelo Bloco Parlamentar Alian\u00e7a, para compor a comiss\u00e3o (Of. n\u00ba <br \/>009\/2025-BLALIAN).<br \/>15. Em 27.02.2025, o Senador Jader Barbalho foi designado membro suplente, pelo Bloco Parlamentar Democracia, para compor a comiss\u00e3o (Of. n\u00ba <br \/>017\/2025-BLDEM).<br \/>16. Em 11.03.2025, o Senador Chico Rodrigues foi designado membro suplente, em substitui\u00e7\u00e3o ao Senador Jorge Kajuru, que deixa de compor a <br \/>comiss\u00e3o, pelo Bloco Parlamentar da Resist\u00eancia Democr\u00e1tica (Of. n\u00ba 7\/2025-GSEGAMA).<br \/>17. Em 03.04.2025, a Senadora Leila Barros deixa de compor a comiss\u00e3o, pelo Bloco Parlamentar Pelo Brasil (Of. n\u00ba 43\/2025-GLPDT).<br \/>18. Em 01.07.2025, o Senador Jorge Kajuru foi designado membro titular, pelo Bloco Parlamentar pelo Brasil, para compor a comiss\u00e3o (Of. n\u00ba <br \/>006\/2025-BLPBRA).<br \/>19. Em 03.07.2025, o Senador Pedro Chaves foi designado membro suplente, em substitui\u00e7\u00e3o ao Senador Vanderlan Cardoso, que deixa de compor a <br \/>comiss\u00e3o, pelo Bloco Parlamentar da Resist\u00eancia Democr\u00e1tica (Of. n\u00ba 46\/2025-BLRESDEM).<br \/>Secret\u00e1rio(a): Thales Roberto Furtado Morais<br \/>Reuni\u00f5es: Ter\u00e7as-Feiras 9:00 horas &#8211;<br \/>Telefone(s): 61 3303-4607<br \/>Fax: 61 3303-3286<br \/>E-mail: ci@senado.gov.brORDEM DO DIA<br \/>sexta-feira, 8 de agosto de 2025<br \/>110<br \/>8.1) SUBCOMISS\u00c3O TEMPOR\u00c1RIA PARA EXAMINAR A BR-319<br \/>Finalidade: Examinar, no prazo de 360 (trezentos e sessenta) dias, a grave situa\u00e7\u00e3o criada pela <br \/>deteriora\u00e7\u00e3o da BR-319.  <br \/>(Requerimento 9, de 2025 &#8211; CI)<br \/>N\u00famero de membros: 5 titulares  e 5 suplentes<\/p>\n<p>TITULARES SUPLENTES<br \/>Bloco Parlamentar Democracia ( MDB, UNI\u00c3O, PODEMOS, PSDB )<br \/>    1.      <br \/>Bloco Parlamentar da Resist\u00eancia Democr\u00e1tica ( PSD, PSB )<br \/>    1.      <br \/>Bloco Parlamentar Vanguarda ( PL, NOVO )<br \/>    1.      <br \/>Bloco Parlamentar Pelo Brasil ( PT, PDT )<br \/>    1.      <br \/>Bloco Parlamentar Alian\u00e7a ( PP, REPUBLICANOS )<br \/>    1.      <\/p>\n<p>Secret\u00e1rio(a): Thales Roberto Furtado Morais<br \/>Reuni\u00f5es: Ter\u00e7as-Feiras 9:00 horas &#8211;<br \/>Telefone(s): 61 3303-4607<br \/>Fax: 61 3303-3286<br \/>E-mail: ci@senado.gov.brORDEM DO DIA<br \/>sexta-feira, 8 de agosto de 2025<br \/>111<br \/>9) COMISS\u00c3O DE DESENVOLVIMENTO REGIONAL E TURISMO  &#8211; CDR<br \/>N\u00famero de membros: 17 titulares  e 17 suplentes<br \/>(3)<br \/>PRESIDENTE:  Senadora Professora Dorinha Seabra (UNI\u00c3O-TO)   <br \/>(3)<br \/>VICE-PRESIDENTE:  Senador Jorge Seif (PL-SC)   <\/p>\n<p>TITULARES Suplentes<br \/>Bloco Parlamentar Democracia ( MDB, UNI\u00c3O, PODEMOS, PSDB )<br \/>(1,9) (1,9)<br \/>Senador  Marcelo Castro   (MDB-PI)     1.  Senador  Alessandro Vieira   (MDB-SE)    <br \/>(1,9,11,12) (1,9)<br \/>Senadora  Ivete da Silveira   (MDB-SC)     2.  Senador  Alan Rick   (UNI\u00c3O-AC)    <br \/>(4,9) (4,9)<br \/>Senadora  Professora Dorinha Seabra   (UNI\u00c3O-TO)     3.  Senador  Fernando Farias   (MDB-AL)    <br \/>(9) (12)<br \/>Senador  Efraim Filho   (UNI\u00c3O-PB)     4.  Senador  Eduardo Braga   (MDB-AM)    <br \/>(8,9) (8)<br \/>Senador  Pl\u00ednio Val\u00e9rio   (PSDB-AM)     5.    VAGO     <br \/>Bloco Parlamentar da Resist\u00eancia Democr\u00e1tica ( PSD, PSB )<br \/>(5) (5)<br \/>Senadora  Eliziane Gama   (PSD-MA)     1.  Senadora  Jussara Lima   (PSD-PI)    <br \/>(5)<br \/>Senadora  Margareth Buzetti   (PSD-MT)     2.  Senadora  Zenaide Maia   (PSD-RN)<br \/>(5) (15)<br \/>Senador  Angelo Coronel   (PSD-BA)     3.  Senador  Nelsinho Trad   (PSD-MS)    <br \/>(5) (5)<br \/>Senador  Chico Rodrigues   (PSB-RR)     4.  Senador  Cid Gomes   (PSB-CE)    <br \/>Bloco Parlamentar Vanguarda ( PL, NOVO )<br \/>(2) (2,10,13)<br \/>Senador  Eduardo Gomes   (PL-TO)     1.  Senador  Wilder Morais   (PL-GO)    <br \/>(2) (2,14)<br \/>Senador  Fl\u00e1vio Bolsonaro   (PL-RJ)     2.  Senador  Rogerio Marinho   (PL-RN)    <br \/>(2) (2)<br \/>Senador  Jorge Seif   (PL-SC)     3.  Senador  Astronauta Marcos Pontes   (PL-SP)    <br \/>Bloco Parlamentar Pelo Brasil ( PT, PDT )<br \/>(6) (6)<br \/>Senadora  Augusta Brito   (PT-CE)     1.  Senador  Rog\u00e9rio Carvalho   (PT-SE)    <br \/>(6) (6)<br \/>Senador  Beto Faro   (PT-PA)     2.  Senadora  Ana Paula Lobato   (PDT-MA)    <br \/>    3.      <br \/>Bloco Parlamentar Alian\u00e7a ( PP, REPUBLICANOS )<br \/>(7) (7)<br \/>Senador  La\u00e9rcio Oliveira   (PP-SE)     1.  Senador  Dr. Hiran   (PP-RR)    <br \/>(7) (7)<br \/>Senador  Cleitinho   (REPUBLICANOS-MG)     2.  Senador  Mecias de Jesus   (REPUBLICANOS-RR)    <br \/>Notas:<br \/>1. Em 18.02.2025, os Senadores Marcelo Castro e Ivete da Silveira foram indicados membros titulares, e os Senadores Alessandro Vieira e Fernando <br \/>Farias membros suplentes, pelo Bloco Parlamentar Democracia, para compor a comiss\u00e3o (Of. n\u00ba 13\/2025-GLMDB).<br \/>2. Em 18.02.2025, os Senadores Eduardo Gomes, Fl\u00e1vio Bolsonaro e Jorge Seif foram designados membros titulares, e os Senadores Wilder Morais, <br \/>Rogerio Marinho e Astronauta Marcos Pontes membros suplentes, pelo Bloco Parlamentar Vanguarda, para compor a comiss\u00e3o (Of. n\u00ba 8\/2025-<br \/>BLVANG).<br \/>3. Em 19.02.2025, a Comiss\u00e3o reunida elegeu os Senadores Professora Dorinha Seabra e Jorge Seif, respectivamente, Presidente e Vice-Presidente <br \/>deste colegiado (Of. n\u00ba 001\/2025-CDR).<br \/>4. Em 18.02.2025, a Senadora Professora Dorinha Seabra foi designada membro titular, e o Senador Efraim Filho membro suplente, pelo Bloco <br \/>Parlamentar Democracia, para compor a comiss\u00e3o (Of. n\u00ba 12\/2025-GLUNIAO).<br \/>5. Em 18.02.2025, os Senadores Eliziane Gama, Margareth Buzetti, Angelo Coronel e Chico Rodrigues foram designados membros titulares, e os <br \/>Senadores Jussara Lima e Cid Gomes membros suplentes, pelo Bloco Parlamentar da Resist\u00eancia Democr\u00e1tica, para compor a comiss\u00e3o (Of. n\u00ba <br \/>4\/2025-GSEGAMA).<br \/>6. Em 18.02.2025, os Senadores Augusta Brito e Beto Faro foram designados membros titulares, e os Senadores Rog\u00e9rio Carvalho e Ana Paula Lobato <br \/>membros suplentes, pelo Bloco Parlamentar pelo Brasil, para compor a comiss\u00e3o (Of. n\u00ba 26\/2025-GLPDT).<br \/>7. Em 18.02.2025, os Senadores La\u00e9rcio Oliveira e Cleitinho foram designados membros titulares, e os Senadores Dr. Hiran e Mecias de Jesus <br \/>membros suplentes, pelo Bloco Parlamentar Alian\u00e7a, para compor a comiss\u00e3o (Of. n\u00ba 2\/2025-BLALIAN).<br \/>8. Em 19.02.2025, o Senador Pl\u00ednio Val\u00e9rio foi designado membro titular e o Senador Alan Rick, membro suplente, pelo Bloco Parlamentar <br \/>Democracia, para compor a comiss\u00e3o (Of. n\u00ba 001\/2025-GLPSDB).<br \/>9. Em 19.02.2025, os Senadores Marcelo Castro, Ivete da Silveira, Professora Dorinha Seabra, Efraim Filho e Pl\u00ednio Val\u00e9rio foram designados membros <br \/>titulares, e os Senadores Alessandro Vieira, Alan Rick e Fernando Farias membros suplentes, pelo Bloco Parlamentar Democracia, para compor a <br \/>comiss\u00e3o (Of. n\u00ba 6\/2025-BLDEM).<br \/>10. Em 20.03.2025, o Senador Eduardo Gir\u00e3o foi designado membro suplente, em substitui\u00e7\u00e3o ao Senador Wilder Morais, que deixa de compor a <br \/>comiss\u00e3o, pelo Bloco Vanguarda (Of. n\u00ba 021\/2025-BLVANG).<br \/>11. Em 24.03.2025, o Senador Eduardo Braga foi designado membro titular, em substitui\u00e7\u00e3o \u00e0 Senadora Ivete da Silveira, que deixa de compor a <br \/>comiss\u00e3o, pelo Bloco Parlamentar Democracia (Of. n\u00ba 025\/2025-BLDEM).ORDEM DO DIA<br \/>sexta-feira, 8 de agosto de 2025<br \/>112<br \/>12. Em 13.05.2025, a Senadora Ivete da Silveira foi designada membro titular, em substitui\u00e7\u00e3o ao Senador Eduardo Braga, que passa a membro <br \/>suplente, pelo Bloco Parlamentar Democracia (Of. n\u00ba 024\/2025-BLDEMO).<br \/>13. Em 16.05.2025, o Senador Wilder Morais foi designado membro suplente, em substitui\u00e7\u00e3o ao Senador Eduardo Gir\u00e3o, que deixa de compor a <br \/>comiss\u00e3o, pelo Bloco Vanguarda (Of. n\u00ba 048\/2025-BLVANG).<br \/>14. Em 16.05.2025, a Senadora Zenaide Maia foi designada membro suplente, pelo Bloco Parlamentar da Resist\u00eancia Democr\u00e1tica, para compor a <br \/>comiss\u00e3o (Of. n\u00ba 030\/2025-BLRESDEM).<br \/>15. Em 15.07.2025, o Senador Nelsinho Trad foi designado membro suplente, pelo Bloco Parlamentar da Resist\u00eancia Democr\u00e1tica, para compor a <br \/>comiss\u00e3o (Of. n\u00ba 050\/2025-BLRESDEM).<br \/>Secret\u00e1rio(a): Marcus Guevara Sousa de Carvalho<br \/>Reuni\u00f5es: Quartas-Feiras 14:00 horas &#8211;<br \/>Telefone(s): 61 3303-4282<br \/>Fax: 3303-1627<br \/>E-mail: cdr@senado.gov.brORDEM DO DIA<br \/>sexta-feira, 8 de agosto de 2025<br \/>113<br \/>10) COMISS\u00c3O DE AGRICULTURA E REFORMA AGR\u00c1RIA  &#8211; CRA<br \/>N\u00famero de membros: 17 titulares  e 17 suplentes<br \/>(7)<br \/>PRESIDENTE:  Senador Zequinha Marinho (PODEMOS-PA)   <br \/>VICE-PRESIDENTE:   <\/p>\n<p>TITULARES Suplentes<br \/>Bloco Parlamentar Democracia ( MDB, UNI\u00c3O, PODEMOS, PSDB )<br \/>(1,11,12) (1,11,12)<br \/>Senador  Jader Barbalho   (MDB-PA)     1.  Senador  Giordano   (MDB-SP)    <br \/>(1,11,12,18) (1,11,12)<br \/>  VAGO      2.  Senadora  Professora Dorinha Seabra   (UNI\u00c3O-TO)    <br \/>(3,11,12) (3,9,11,12)<br \/>Senador  Alan Rick   (UNI\u00c3O-AC)     3.  Senadora  Soraya Thronicke   (PODEMOS-MS)    <br \/>(8,11,12) (8,11,12)<br \/>Senador  Zequinha Marinho   (PODEMOS-PA)     4.  Senador  Fernando Farias   (MDB-AL)    <br \/>(9,11,12) (10,12,17)<br \/>Senador  Jayme Campos   (UNI\u00c3O-MT)     5.  Senador  Styvenson Valentim   (PSDB-RN)    <br \/>Bloco Parlamentar da Resist\u00eancia Democr\u00e1tica ( PSD, PSB )<br \/>(4) (4)<br \/>Senador  Fl\u00e1vio Arns   (PSB-PR)     1.  Senador  Chico Rodrigues   (PSB-RR)    <br \/>(4) (4)<br \/>Senadora  Margareth Buzetti   (PSD-MT)     2.  Senadora  Eliziane Gama   (PSD-MA)    <br \/>(4,20) (4)<br \/>Senador  Pedro Chaves   (MDB-GO)     3.  Senador  Angelo Coronel   (PSD-BA)    <br \/>(4) (4)<br \/>Senador  S\u00e9rgio Petec\u00e3o   (PSD-AC)     4.  Senadora  Jussara Lima   (PSD-PI)    <br \/>Bloco Parlamentar Vanguarda ( PL, NOVO )<br \/>(2) (2)<br \/>Senador  Jaime Bagattoli   (PL-RO)     1.  Senador  Wilder Morais   (PL-GO)    <br \/>(2) (2,15,19)<br \/>Senador  Wellington Fagundes   (PL-MT)     2.  Senador  Rogerio Marinho   (PL-RN)    <br \/>(2) (13)<br \/>Senador  Marcos Rog\u00e9rio   (PL-RO)     3.  Senador  Jorge Seif   (PL-SC)    <br \/>Bloco Parlamentar Pelo Brasil ( PT, PDT )<br \/>(6) (6,16)<br \/>Senador  Beto Faro   (PT-PA)     1.    VAGO     <br \/>(6,14,21)<br \/>Senadora  Augusta Brito   (PT-CE)     2.      <br \/>(6)<br \/>Senador  Weverton   (PDT-MA)     3.      <br \/>Bloco Parlamentar Alian\u00e7a ( PP, REPUBLICANOS )<br \/>(5) (5)<br \/>Senador  Luis Carlos Heinze   (PP-RS)     1.  Senadora  Tereza Cristina   (PP-MS)    <br \/>(5) (5)<br \/>Senador  Mecias de Jesus   (REPUBLICANOS-RR)     2.  Senador  Hamilton Mour\u00e3o   (REPUBLICANOS-RS)    <br \/>Notas:<br \/>1. Em 18.02.2025, os Senadores Jader Barbalho e Ivete da Silveira foram designados membros titulares e os Senadores Fernando Farias e Giordano, <br \/>membros suplentes, pelo Bloco Parlamentar Democracia, para compor a comiss\u00e3o (Of. n\u00ba 014\/2025-GLMDB).<br \/>2. Em 18.02.2025, os Senadores Jaime Bagattoli, Wellington Fagundes e Marcos Rog\u00e9rio foram designados membros titulares e os Senadores Wilder <br \/>Morais e Rogerio Marinho, membros suplentes, pelo Bloco Parlamentar Vanguarda, para compor a comiss\u00e3o (Of. n\u00ba 008\/2025-BLVANG).<br \/>3. Em 18.02.2025, o Senador Alan Rick foi designado membro titular e o Senador Jayme Campos, membro suplente, pelo Bloco Parlamentar <br \/>Democracia, para compor a comiss\u00e3o (Of. n\u00ba 12\/2025-GLUNIAO).<br \/>4. Em 18.02.2025, os Senadores Fl\u00e1vio Arns, Margareth Buzetti, Vanderlan Cardoso e S\u00e9rgio Petec\u00e3o foram designados membros titulares e os <br \/>Senadores Chico Rodrigues, Eliziane Gama, Angelo Coronel e Jussara Lima, membros suplentes, pelo Bloco Parlamentar da Resist\u00eancia Democr\u00e1tica, <br \/>para compor a comiss\u00e3o (Of. n\u00ba 004\/2025-GSEGAMA).<br \/>5. Em 18.02.2025, os Senadores Luis Carlos Heinze e Mecias de Jesus foram designados membros titulares e os Senadores Tereza Cristina e Hamilton <br \/>Mour\u00e3o, membros suplentes, pelo Bloco Parlamentar Alian\u00e7a, para compor a comiss\u00e3o (Of. n\u00ba 002\/2025-GABLID\/BLALIAN).<br \/>6. Em 18.02.2025, os Senadores Beto Faro, Paulo Paim e Weverton foram designados membros titulares e a Senadora Leila Barros, membro suplente, <br \/>pelo Bloco Parlamentar Pelo Brasil, para compor a comiss\u00e3o (Of. n\u00ba 026\/2025-GLPDT).<br \/>7. Em 19.02.2025, a Comiss\u00e3o reunida elegeu o Senador Zequinha Marinho Presidente deste colegiado (Of. n\u00ba 001\/2025-Presid\u00eancia\/CRA).<br \/>8. Em 19.02.2025, o Senador Zequinha Marinho foi designado membro titular e a Senadora Soraya Thronicke, membro suplente, pelo Bloco <br \/>Parlamentar Democracia, para compor a comiss\u00e3o (Of. n\u00ba 010\/2025-GLPODEMOS).<br \/>9. Em 19.02.2025, o Senador Jayme Campos foi designado membro titular em vaga destinada ao PSDB, deixando de ocupar a comiss\u00e3o como <br \/>membro suplente em vaga destinada ao Uni\u00e3o Brasil, pelo Bloco Parlamentar Democracia (Of. n\u00ba 1\/2025-GLPSDB).<br \/>10. Em 19.02.2025, o Senador Efraim Filho foi designado membro suplente em vaga destinada ao PSDB, pelo Bloco Democracia, para compor a <br \/>comiss\u00e3o (Of. n\u00ba 1\/2025-GLPSDB).<br \/>11. Em 19.02.2025, os Senadores Jader Barbalho, Ivete da Silveira, Alan Rick, Zequinha Marinho e Pl\u00ednio Val\u00e9rio (em substitui\u00e7\u00e3o ao Senador Jayme <br \/>Campos) foram designados membros titulares e os Senadores Giordano, Soraya Thronicke, Fernando Farias e Efraim Filho, membros suplentes, pelo <br \/>Bloco Parlamentar Democracia, para compor a comiss\u00e3o (Of. n\u00ba 006\/2025-BLDEM).<br \/>12. Em 20.02.2025, os Senadores Jader Barbalho, Ivete da Silveira, Alan Rick, Zequinha Marinho e Jayme Campos (em substitui\u00e7\u00e3o ao Senador Pl\u00ednio <br \/>Val\u00e9rio) foram designados membros titulares e os Senadores Giordano, Professora Dorinha Seabra, Soraya Thronicke, Fernando Farias e Efraim Filho, <br \/>membros suplentes, pelo Bloco Parlamentar Democracia, para compor a comiss\u00e3o (Of. n\u00ba 010\/2025-BLDEM).ORDEM DO DIA<br \/>sexta-feira, 8 de agosto de 2025<br \/>114<br \/>13. Em 21.03.2025, o Senador Jorge Seif foi designado membro suplente, pelo Bloco Parlamentar Vanguarda, para compor a comiss\u00e3o (Of. n\u00ba <br \/>22\/2025-BLVANG).  (DSF de 22\/03\/2025, p. 8)<br \/>14. Em 25.03.2025, o Senador Paulo Paim deixou de compor a comiss\u00e3o como membro titular, pelo Bloco Parlamentar Pelo Brasil (Of. n\u00ba <br \/>32\/2025GLPDT).  (DSF de 26\/03\/2025, p. 122)<br \/>15. Em 27.03.2025, o Senador Izalci Lucas foi designado membro suplente, em substitui\u00e7\u00e3o ao Senador Rogerio Marinho, que deixa de compor a <br \/>comiss\u00e3o, pelo Bloco Parlamentar Vanguarda (Of. n\u00ba 23\/2025-BLVANG).  (DSF de 28\/03\/2025, p. 43)<br \/>16. Em 03.04.2025, a Senadora Leila Barros deixa de compor a comiss\u00e3o, pelo Bloco Parlamentar Pelo Brasil (Of. n\u00ba 43\/2025-GLPDT).<br \/>17. Em 07.04.2025, o Senador Styvenson Valentim foi designado membro suplente, pelo Bloco Parlamentar Democracia, para compor a comiss\u00e3o (Of. <br \/>n\u00ba 027\/2025-BLDEM).<br \/>18. Em 13.05.2025, a Senadora Ivete da Silveira deixa de compor a comiss\u00e3o, pelo Bloco Parlamentar Democracia (Of. n\u00ba 025\/2025-BLDEMO).<br \/>19. Em 22.05.2025, o Senador Rogerio Marinho foi designado membro suplente, em substitui\u00e7\u00e3o ao Senador Izalci Lucas, que deixa de compor a <br \/>comiss\u00e3o, pelo Bloco Parlamentar Vanguarda (Of. n\u00ba 51\/2025-BLVANG).<br \/>20. Em 03.07.2025, o Senador Pedro Chaves foi designado membro titular, em substitui\u00e7\u00e3o ao Senador Vanderlan Cardoso, que deixa de compor a <br \/>comiss\u00e3o, pelo Bloco Parlamentar da Resist\u00eancia Democr\u00e1tica (Of. n\u00ba 46\/2025-BLRESDEM).<br \/>21. Em 15.07.2025, a Senadora Augusta Brito foi designada membro titular, pelo Bloco Parlamentar Pelo Brasil, para compor a comiss\u00e3o (Of. n\u00ba <br \/>10\/2025-BLPBRA).<br \/>Secret\u00e1rio(a): Pedro Glukhas Cassar Nunes<br \/>Reuni\u00f5es: Quartas-feiras 14h &#8211;<br \/>Telefone(s): 3303 3506<br \/>E-mail: cra@senado.gov.brORDEM DO DIA<br \/>sexta-feira, 8 de agosto de 2025<br \/>115<br \/>10.1) SUBCOMISS\u00c3O TEMPOR\u00c1RIA PARA ACOMPANHAR OS EMBARGOS DE TERRAS POR <br \/>PARTE DO IBAMA<br \/>Finalidade: Acompanhar, avaliar e fiscalizar, no prazo de 180 (cento e oitenta) dias, todas as a\u00e7\u00f5es <br \/>referentes aos embargos de terras por parte do Ibama.  <br \/>(Requerimento 24, de 2025 &#8211; CRATERRAS)<br \/>N\u00famero de membros: 3 titulares  e 3 suplentes<br \/>(2)<br \/>PRESIDENTE:  Senador Jaime Bagattoli  (PL-RO)   <br \/>(2)<br \/>RELATOR:  Senador Hamilton Mour\u00e3o  (REPUBLICANOS-RS)   <br \/>Instala\u00e7\u00e3o: 11\/06\/2025<br \/>Prazo final: 08\/12\/2025<\/p>\n<p>TITULARES SUPLENTES<br \/>(1) (1)<br \/>Senador Jaime Bagattoli   (PL-RO)     1.  Senador Mecias de Jesus   (REPUBLICANOS-RR)    <br \/>(1) (1)<br \/>Senador Alan Rick   (UNI\u00c3O-AC)     2.  Senador Zequinha Marinho   (PODEMOS-PA)    <br \/>(1)<br \/>Senador Hamilton Mour\u00e3o   (REPUBLICANOS-RS)     3.      <\/p>\n<p>Notas:<br \/>1. Em 26.05.2025, os Senadores Jaime Bagattoli, Alan Rick e Hamilton Mour\u00e3o foram designados membros titulares, e o Senadores Mecias de Jesus e <br \/>Zequinha Marinho, membros suplentes, para compor a subcomiss\u00e3o (Of. n\u00ba 80\/2025-PRESID\u00caNCIA\/CRA).<br \/>2. Em 11.06.2025, a comiss\u00e3o reunida elegeu os Senadores Jaime Bagattoli e Hamilton Mour\u00e3o, Presidente e Relator, respectivamente, deste <br \/>colegiado (Of. n\u00ba 001\/2025-Presid\u00eancia\/CRATERRAS).<br \/>Secret\u00e1rio(a): Pedro Glukhas Cassar Nunes<br \/>Reuni\u00f5es: Quartas-feiras 14h &#8211;<br \/>Telefone(s): 3303 3506<br \/>E-mail: cra@senado.gov.brORDEM DO DIA<br \/>sexta-feira, 8 de agosto de 2025<br \/>116<br \/>11) COMISS\u00c3O DE CI\u00caNCIA, TECNOLOGIA, INOVA\u00c7\u00c3O E INFORM\u00c1TICA  &#8211; CCT<br \/>N\u00famero de membros: 17 titulares  e 17 suplentes<br \/>(6)<br \/>PRESIDENTE:  Senador Fl\u00e1vio Arns (PSB-PR)   <br \/>(14)<br \/>VICE-PRESIDENTE:  Senador Hamilton Mour\u00e3o (REPUBLICANOS-RS)   <\/p>\n<p>TITULARES Suplentes<br \/>Bloco Parlamentar Democracia ( MDB, UNI\u00c3O, PODEMOS, PSDB )<br \/>(7,10) (7,10)<br \/>Senador  Conf\u00facio Moura   (MDB-RO)     1.  Senador  Alessandro Vieira   (MDB-SE)    <br \/>(10) (10,12)<br \/>Senador  Efraim Filho   (UNI\u00c3O-PB)     2.  Senador  Esperidi\u00e3o Amin   (PP-SC)    <br \/>(2,10,11,15) (2,10)<br \/>Senadora  Ivete da Silveira   (MDB-SC)     3.    VAGO     <br \/>(9,10) (10)<br \/>Senador  Marcos do Val   (PODEMOS-ES)     4.         <br \/>(8,10) (8,10)<br \/>Senador  Oriovisto Guimar\u00e3es   (PSDB-PR)     5.    VAGO     <br \/>Bloco Parlamentar da Resist\u00eancia Democr\u00e1tica ( PSD, PSB )<br \/>(3)<br \/>Senador  Fl\u00e1vio Arns   (PSB-PR)     1.      <br \/>(3) (3)<br \/>Senadora  Daniella Ribeiro   (PP-PB)     2.  Senador  S\u00e9rgio Petec\u00e3o   (PSD-AC)    <br \/>(3,16) (3)<br \/>Senador  Pedro Chaves   (MDB-GO)     3.  Senador  Lucas Barreto   (PSD-AP)    <br \/>(3)<br \/>Senador  Chico Rodrigues   (PSB-RR)     4.      <br \/>Bloco Parlamentar Vanguarda ( PL, NOVO )<br \/>(1) (1)<br \/>Senador  Astronauta Marcos Pontes   (PL-SP)     1.  Senador  Carlos Portinho   (PL-RJ)    <br \/>(1) (1)<br \/>Senadora  Dra. Eud\u00f3cia   (PL-AL)     2.  Senador  Wellington Fagundes   (PL-MT)    <br \/>(1)<br \/>Senador  Izalci Lucas   (PL-DF)     3.      <br \/>Bloco Parlamentar Pelo Brasil ( PT, PDT )<br \/>(5) (5)<br \/>Senadora  Teresa Leit\u00e3o   (PT-PE)     1.  Senador  Randolfe Rodrigues   (PT-AP)    <br \/>(5) (5)<br \/>Senador  Beto Faro   (PT-PA)     2.  Senador  Paulo Paim   (PT-RS)    <br \/>(5)<br \/>    3.  Senador  Weverton   (PDT-MA)    <br \/>Bloco Parlamentar Alian\u00e7a ( PP, REPUBLICANOS )<br \/>(4) (4)<br \/>Senador  Dr. Hiran   (PP-RR)     1.  Senador  Ciro Nogueira   (PP-PI)    <br \/>(4,13) (4,13)<br \/>Senador  Hamilton Mour\u00e3o   (REPUBLICANOS-RS)     2.  Senador  Cleitinho   (REPUBLICANOS-MG)    <br \/>Notas:<br \/>1. Em 18.02.2025, os Senadores Astronauta Marcos Pontes, Dra. Eud\u00f3cia e Izalci Lucas foram designados membros titulares, e os Senadores Carlos <br \/>Portinho e Wellington Fagundes membros suplentes, pelo Bloco Parlamentar Vanguarda, para compor a Comiss\u00e3o (Of. 008\/2025-BLVANG).<br \/>2. Em 18.02.2025, o Senador Marcio Bittar foi designado membro titular, e o Senador Jayme Campos membro suplente, pelo Bloco Parlamentar <br \/>Democracia, para compor a Comiss\u00e3o (Of. 12\/2025-GLUNIAO).<br \/>3. Em 18.02.2025, os Senadores Fl\u00e1vio Arns, Daniella Ribeiro, Vanderlan Cardoso e Chico Rodrigues foram designados membros titulares, e os <br \/>Senadores S\u00e9rgio Petec\u00e3o e Lucas Barreto membros suplentes, pelo Bloco Parlamentar da Resist\u00eancia Democr\u00e1tica, para compor a Comiss\u00e3o (Of. <br \/>004\/2025-GSEGAMA).<br \/>4. Em 18.02.2025, os Senadores Dr. Hiran e Cleitinho foram designados membros titulares, e os Senadores Ciro Nogueira e Hamilton Mour\u00e3o <br \/>membros suplentes, pelo Bloco Parlamentar Alian\u00e7a, para compor a Comiss\u00e3o (Of. 002\/2025-GABLID\/BLALIAN).<br \/>5. Em 18.02.2025, os Senadores Teresa Leit\u00e3o e Beto Faro foram designados membros titulares, e os Senadores Randolfe Rodrigues, Paulo Paim e <br \/>Weverton membros suplentes, pelo Bloco Parlamentar Pelo Brasil, para compor a Comiss\u00e3o (Of. 026\/2025-GLPDT).<br \/>6. Em 19.02.2025, a Comiss\u00e3o reunida elegeu o Senador Fl\u00e1vio Arns Presidente deste colegiado (Of. 1\/2025-SACCT).<br \/>7. Em 19.02.2025, o Senador Conf\u00facio Moura foi designado membro titular e o Senador Alessandro Vieira, membro suplente, pelo Bloco Parlamentar <br \/>Democracia, para compor a comiss\u00e3o (Of. 015\/2025-GLMDB).<br \/>8. Em 19.02.2025, o Senador Oriovisto Guimar\u00e3es foi designado membro titular e o Senador Pl\u00ednio Val\u00e9rio, membro suplente, pelo Bloco Parlamentar <br \/>Democracia, para compor a comiss\u00e3o (Of. n\u00ba 001\/2025-GLPSDB).<br \/>9. Em 19.02.2025, o Senador Marcos do Val foi designado membro titular, pelo Bloco Parlamentar Democracia, para compor a comiss\u00e3o (Of. n\u00ba <br \/>011\/2025-GLPODEMOS).<br \/>10. Em 19.02.2025, os Senadores Conf\u00facio Moura, Efraim Filho, Marcio Bittar, Marcos Do Val e Oriovisto Guimar\u00e3es foram designados membros <br \/>titulares, e os Senadores Alessandro Vieira e Pl\u00ednio Val\u00e9rio membros suplentes, pelo Bloco Parlamentar Democracia, para compor a Comiss\u00e3o (Of. <br \/>006\/2025-BLDEM).<br \/>11. Em 20.02.2025, o Senador Marcio Bittar deixou de compor a Comiss\u00e3o (Of. n\u00ba 009\/2025-BLDEM).<br \/>12. Em 19.03.2025, o Senador Esperidi\u00e3o Amin foi designado membro suplente, em substitui\u00e7\u00e3o ao Senador Pl\u00ednio Val\u00e9rio, que deixa de compor a <br \/>comiss\u00e3o, pelo Bloco Parlamentar Democracia (Of. n\u00ba 024\/2025-BLDEM).<br \/>13. Em 11.04.2025, o Senador Hamilton Mour\u00e3o passa a ocupar a vaga de titular, em substitui\u00e7\u00e3o ao Senador Cleitinho, que passa a membro <br \/>suplente, pelo Bloco Parlamentar Alian\u00e7a, para compor a comiss\u00e3o (Of. n\u00b0 17\/2025-GABLID\/BLALIAN).ORDEM DO DIA<br \/>sexta-feira, 8 de agosto de 2025<br \/>117<br \/>14. Em 29.04.2025, a comiss\u00e3o reunida elegeu o Senador Hamilton Mour\u00e3o Vice-Presidente deste colegiado.<br \/>15. Em 05.05.2025, a Senadora Ivete da Silveira foi designada membro titular, pelo Bloco Parlamentar Democracia, para compor a comiss\u00e3o (Of. n\u00ba <br \/>023\/2025-BLDEMO).<br \/>16. Em 03.07.2025, o Senador Pedro Chaves foi designado membro titular, em substitui\u00e7\u00e3o ao Senador Vanderlan Cardoso, que deixa de compor a <br \/>comiss\u00e3o, pelo Bloco Parlamentar da Resist\u00eancia Democr\u00e1tica (Of. n\u00ba 46\/2025-BLRESDEM).<br \/>Secret\u00e1rio(a): Leomar Diniz<br \/>Reuni\u00f5es: Quartas-feiras 11:00 &#8211;<br \/>Telefone(s): 3303-1120<br \/>E-mail: cct@senado.leg.brORDEM DO DIA<br \/>sexta-feira, 8 de agosto de 2025<br \/>118<br \/>11.1) SUBCOMISS\u00c3O PERMANENTE PARA O DESENVOLVIMENTO SUSTENT\u00c1VEL DO <br \/>PANTANAL<br \/>Finalidade: Propor, debater e acompanhar pol\u00edticas p\u00fablicas e iniciativas legislativas que promovam <br \/>a conserva\u00e7\u00e3o e o desenvolvimento sustent\u00e1vel do Pantanal, com \u00eanfase na aplica\u00e7\u00e3o de solu\u00e7\u00f5es <br \/>cient\u00edficas e tecnol\u00f3gicas voltadas \u00e0 preserva\u00e7\u00e3o ambiental, ao fortalecimento do agroneg\u00f3cio <br \/>sustent\u00e1vel e ao desenvolvimento da bioeconomia regional.  <br \/>(Requerimento 10, de 2025 &#8211; CCT)<br \/>N\u00famero de membros: 3 titulares  e 3 suplentes<\/p>\n<p>Secret\u00e1rio(a): Leomar Diniz<br \/>Reuni\u00f5es: Quartas-feiras 11:00 &#8211;<br \/>Telefone(s): 3303-1120<br \/>E-mail: cct@senado.leg.brORDEM DO DIA<br \/>sexta-feira, 8 de agosto de 2025<br \/>119<br \/>12) COMISS\u00c3O DE DEFESA DA DEMOCRACIA  &#8211; CDD<br \/>N\u00famero de membros: 11 titulares  e 11 suplentes<br \/>PRESIDENTE:   <br \/>VICE-PRESIDENTE:   <\/p>\n<p>TITULARES Suplentes<br \/>Bloco Parlamentar Democracia ( MDB, UNI\u00c3O, PODEMOS, PSDB )<br \/>(1)<br \/>Senador  Renan Calheiros   (MDB-AL)     1.      <br \/>    2.      <br \/>(7) (6,7)<br \/>Senador  Marcos do Val   (PODEMOS-ES)     3.    VAGO     <br \/>Bloco Parlamentar da Resist\u00eancia Democr\u00e1tica ( PSD, PSB )<br \/>(3)<br \/>Senador  Rodrigo Pacheco   (PSD-MG)     1.      <br \/>(3)<br \/>Senadora  Eliziane Gama   (PSD-MA)     2.      <br \/>    3.      <br \/>Bloco Parlamentar Vanguarda ( PL, NOVO )<br \/>(2)<br \/>Senador  Wellington Fagundes   (PL-MT)     1.      <br \/>    2.      <br \/>Bloco Parlamentar Pelo Brasil ( PT, PDT )<br \/>(5)<br \/>Senador  Humberto Costa   (PT-PE)     1.      <br \/>(5)<br \/>Senador  Fabiano Contarato   (PT-ES)     2.      <br \/>Bloco Parlamentar Alian\u00e7a ( PP, REPUBLICANOS )<br \/>(4) (4)<br \/>Senador  Luis Carlos Heinze   (PP-RS)     1.  Senador  Hamilton Mour\u00e3o   (REPUBLICANOS-RS)    <br \/>Notas:<br \/>1. Em 18.02.2025, o Senador Renan Calheiros foi designado membro titular pelo Bloco Parlamentar Democracia, para compor a comiss\u00e3o (Of. <br \/>018\/2025-GLMDB).<br \/>2. Em 18.02.2025, o Senador Wellington Fagundes foi designado membro titular pelo Bloco Parlamentar Vanguarda, para compor a comiss\u00e3o (Of. <br \/>008\/2025-BLVANG).<br \/>3. Em 18.02.2025, os Senadores Rodrigo Pacheco e Eliziane Gama foram designados membros titulares pelo Bloco Parlamentar da Resist\u00eancia <br \/>Democr\u00e1tica, para compor a Comiss\u00e3o (Of. 004\/2025-GSEGAMA).<br \/>4. Em 18.02.2025, o Senador Luis Carlos Heinze foi designado membro titular; e o Senador Hamilton Mour\u00e3o, membro suplente, pelo Bloco <br \/>Parlamentar Alian\u00e7a, para compor a comiss\u00e3o (Of. 002\/2025-GABLID\/BLALIAN).<br \/>5. Em 18.02.2025, os Senadores Humberto Costa e Fabiano Contarato foram designados membros titulares, pelo Bloco Parlamentar Pelo Brasil, para <br \/>compor a comiss\u00e3o (Of. 026\/2025-GLPDT).<br \/>6. Em 19.02.2025, o Senador Marcos do Val foi designado membro suplente, pelo Bloco Parlamentar Democracia, para compor a comiss\u00e3o (Of. n\u00ba <br \/>010\/2025-GLPODEMOS).<br \/>7. Em 19.02.2025, o Senador Marcos do Val foi designado membro titular, pelo Bloco Parlamentar Democracia, para compor a comiss\u00e3o (Of. n\u00ba <br \/>011\/2025-GLPODEMOS).<br \/>Secret\u00e1rio(a): Felipe Costa Geraldes<br \/>Telefone(s): 3303-3491<br \/>E-mail: cdd@senado.leg.brORDEM DO DIA<br \/>sexta-feira, 8 de agosto de 2025<br \/>120<br \/>13) COMISS\u00c3O DE MEIO AMBIENTE  &#8211; CMA<br \/>N\u00famero de membros: 17 titulares  e 17 suplentes<br \/>(7)<br \/>PRESIDENTE:  Senador Fabiano Contarato (PT-ES)   <br \/>(7)<br \/>VICE-PRESIDENTE:  Senadora Leila Barros (PDT-DF)   <\/p>\n<p>TITULARES Suplentes<br \/>Bloco Parlamentar Democracia ( MDB, UNI\u00c3O, PODEMOS, PSDB )<br \/>(1,11) (9,11)<br \/>Senador  Conf\u00facio Moura   (MDB-RO)     1.  Senador  Alessandro Vieira   (MDB-SE)    <br \/>(1,11) (11)<br \/>Senador  Giordano   (MDB-SP)     2.  Senador  Marcio Bittar   (UNI\u00c3O-AC)    <br \/>(3,11) (3,11)<br \/>Senador  Jayme Campos   (UNI\u00c3O-MT)     3.  Senador  Styvenson Valentim   (PSDB-RN)    <br \/>(8,11) (19)<br \/>Senador  Zequinha Marinho   (PODEMOS-PA)     4.  Senador  Efraim Filho   (UNI\u00c3O-PB)    <br \/>(10,11,12) (10)<br \/>Senador  Pl\u00ednio Val\u00e9rio   (PSDB-AM)     5.    VAGO     <br \/>Bloco Parlamentar da Resist\u00eancia Democr\u00e1tica ( PSD, PSB )<br \/>(4) (4)<br \/>Senadora  Eliziane Gama   (PSD-MA)     1.  Senador  Iraj\u00e1   (PSD-TO)    <br \/>(4) (4)<br \/>Senadora  Margareth Buzetti   (PSD-MT)     2.  Senadora  Mara Gabrilli   (PSD-SP)    <br \/>(4) (4,20)<br \/>Senador  Otto Alencar   (PSD-BA)     3.  Senador  Pedro Chaves   (MDB-GO)    <br \/>(4) (13,14,15)<br \/>Senador  Cid Gomes   (PSB-CE)     4.  Senador  Nelsinho Trad   (PSD-MS)    <br \/>Bloco Parlamentar Vanguarda ( PL, NOVO )<br \/>(2) (2)<br \/>Senador  Jaime Bagattoli   (PL-RO)     1.  Senador  Rogerio Marinho   (PL-RN)    <br \/>(2) (16)<br \/>Senador  Marcos Rog\u00e9rio   (PL-RO)     2.  Senador  Jorge Seif   (PL-SC)    <br \/>(2) (21)<br \/>Senador  Wellington Fagundes   (PL-MT)     3.  Senador  Eduardo Gomes   (PL-TO)    <br \/>Bloco Parlamentar Pelo Brasil ( PT, PDT )<br \/>(5,17) (5,17)<br \/>Senadora  Leila Barros   (PDT-DF)     1.  Senador  Paulo Paim   (PT-RS)    <br \/>(5,17) (5)<br \/>Senador  Fabiano Contarato   (PT-ES)     2.  Senador  Jaques Wagner   (PT-BA)    <br \/>(5,17) (18)<br \/>Senador  Beto Faro   (PT-PA)     3.  Senadora  Augusta Brito   (PT-CE)    <br \/>Bloco Parlamentar Alian\u00e7a ( PP, REPUBLICANOS )<br \/>(6) (6)<br \/>Senadora  Tereza Cristina   (PP-MS)     1.  Senador  Luis Carlos Heinze   (PP-RS)    <br \/>(6) (6)<br \/>Senador  Mecias de Jesus   (REPUBLICANOS-RR)     2.  Senador  Hamilton Mour\u00e3o   (REPUBLICANOS-RS)    <br \/>Notas:<br \/>1. Em 18.02.2025, os Senadores Conf\u00facio Moura e Giordano foram indicados membros titulares, pelo Bloco Parlamentar Democracia, para compor a <br \/>comiss\u00e3o (Of. n\u00ba 16\/2025-GLMDB).<br \/>2. Em 18.02.2025, os Senadores Jaime Bagattoli, Marcos Rogerio e Wellington Fagundes foram designados membros titulares, e o Senador Rogerio <br \/>Marinho membro suplente, pelo Bloco Parlamentar Vanguarda, para compor a comiss\u00e3o (Of. n\u00ba 8\/2025-BLVANG).<br \/>3. Em 18.02.2025, o Senador Jayme Campos foi designado membro titular, e o Senador Marcio Bittar membro suplente, pelo Bloco Parlamentar <br \/>Democracia, para compor a comiss\u00e3o (Of. n\u00ba 12\/2025-GLUNIAO).<br \/>4. Em 18.02.2025, os Senadores Eliziane Gama, Margareth Buzetti, Otto Alencar e Cid Gomes foram designados membros titulares, e os Senadores <br \/>Iraj\u00e1, Mara Gabrilli e Vanderlan Cardoso membros suplentes, pelo Bloco Parlamentar da Resist\u00eancia Democr\u00e1tica, para compor a comiss\u00e3o (Of. n\u00ba <br \/>4\/2025-GSEGAMA).<br \/>5. Em 18.02.2025, os Senadores Fabiano Contarato, Beto Faro e Leila Barros foram designados membros titulares, e os Senadores Augusta Brito e <br \/>Jaques Wagner membros suplentes, pelo Bloco Parlamentar pelo Brasil, para compor a comiss\u00e3o (Of. n\u00ba 26\/2025-GLPDT).<br \/>6. Em 18.02.2025, os Senadores Tereza Cristina e Mecias de Jesus foram designados membros titulares e os Senadores Luis Carlos Heize e Hamilton <br \/>Mour\u00e3o, membros suplentes, pelo Bloco Parlamentar Alian\u00e7a, para compor a comiss\u00e3o (Of. n\u00ba 2\/2025-BLALIAN).<br \/>7. Em 19.02.2025, a Comiss\u00e3o reunida elegeu os Senadores Fabiano Contarato e Leila Barros Presidente e Vice-Presidente, respectivamente, deste <br \/>colegiado (Of. n\u00ba 001\/2025-CMA).<br \/>8. Em 19.02.2025, o Senador Zequinha Marinho foi designado membro titular, pelo Bloco Parlamentar Democracia, para compor a comiss\u00e3o (Of. n\u00ba <br \/>010\/2025-GLPODEMOS).<br \/>9. Em 19.02.2025, o Senador Alessandro Vieira foi designado membro suplente, pelo Bloco Parlamentar Democracia, para compor a comiss\u00e3o (Of. n\u00ba <br \/>22\/2025-GLMDB).<br \/>10. Em 19.02.2025, o Senador Pl\u00ednio Val\u00e9rio foi designado membro titular e o Senador Styvenson Valentim, membro suplente, pelo Bloco <br \/>Parlamentar Democracia, para compor a comiss\u00e3o (Of. n\u00ba 001\/2025-GLPSDB).<br \/>11. Em 19.02.2025, os Senadores Conf\u00facio Moura, Giordano, Jayme Campos e Zequinha Marinho foram designados membros titulares, e os <br \/>Senadores Alessandro Vieira, Marcio Bittar e Styvenson Valentim membros suplentes, pelo Bloco Parlamentar Democracia, para compor a comiss\u00e3o <br \/>(Of. n\u00ba 6\/2025-BLDEM).<br \/>12. Em 11.03.2025, o Senador Pl\u00ednio Val\u00e9rio foi designado membro titular, pelo Bloco Parlamentar Democracia, para compor a comiss\u00e3o (Of. n\u00ba <br \/>17\/2025-BLDEM).ORDEM DO DIA<br \/>sexta-feira, 8 de agosto de 2025<br \/>121<br \/>13. Em 12.03.2025, a Senadora Zenaide Maia foi designada membro suplente, pelo Bloco Parlamentar da Resist\u00eancia Democr\u00e1tica, para compor a <br \/>comiss\u00e3o (Of. n\u00ba 8\/2025-GSEGAMA).<br \/>14. Em 12.03.2025, a Senadora Zenaide Maia deixa de compor a comiss\u00e3o, pelo Bloco Parlamentar da Resist\u00eancia Democr\u00e1tica (Of. n\u00ba 009\/2025-<br \/>GSEGAMA).<br \/>15. Em 18.03.2025, o Senador Nelsinho Trad foi designado membro suplente, pelo Bloco Parlamentar da Resist\u00eancia Democr\u00e1tica, para compor a <br \/>comiss\u00e3o (Of. n\u00ba 014\/2025-GSEGAMA).<br \/>16. Em 21.03.2025, o Senador Jorge Seif foi designado membro suplente, pelo Bloco Parlamentar Vanguarda, para compor a comiss\u00e3o (Of. n\u00ba <br \/>22\/2025-BLVANG).<br \/>17. Em 25.03.2025, os Senadores Leila Barros, Fabiano Contarato e Beto Faro foram designados membros titulares, e o Senador Paulo Paim membro <br \/>suplente, pelo Bloco Parlamentar Pelo Brasil, para compor a comiss\u00e3o (Of. n\u00ba 32\/2025-GLPDT).<br \/>18. Em 26.03.2025, a Senadora Augusta Brito foi designada membro suplente, pelo Bloco Pelo Brasil, para compor a comiss\u00e3o (of. n\u00ba 34\/2025-<br \/>GLPDT).<br \/>19. Em 24.04.2025, o Senador Efraim Filho foi designado membro suplente, pelo Bloco Parlamentar Democracia, para compor a comiss\u00e3o (Of. n\u00ba <br \/>19\/2025-BLDEMO).<br \/>20. Em 03.07.2025, o Senador Pedro Chaves foi designado membro suplente, em substitui\u00e7\u00e3o ao Senador Vanderlan Cardoso, que deixa de compor a <br \/>comiss\u00e3o, pelo Bloco Parlamentar da Resist\u00eancia Democr\u00e1tica (Of. n\u00ba 46\/2025-BLRESDEM).<br \/>21. Em 07.07.2025, o Senador Eduardo Gomes foi designado membro suplente, pelo Bloco Parlamentar Vanguarda, para compor a comiss\u00e3o (Of. n\u00ba <br \/>66\/2025-BLVANG).<br \/>Secret\u00e1rio(a): Airton Luciano Arag\u00e3o J\u00fanior<br \/>Reuni\u00f5es: Ter\u00e7as-feiras 09:00 &#8211;<br \/>Telefone(s): 61 33033284<br \/>E-mail: cma@senado.leg.brORDEM DO DIA<br \/>sexta-feira, 8 de agosto de 2025<br \/>122<br \/>13.1) SUBCOMISS\u00c3O PERMANENTE DO BIOMA CERRADO<br \/>Finalidade: acompanhar e estudar as quest\u00f5es referentes \u00e0 prote\u00e7\u00e3o ambiental e o desenvolvimento <br \/>sustent\u00e1vel do bioma Cerrado.  <br \/>(Requerimento 60, de 2024 &#8211; CMA)<br \/>N\u00famero de membros: 5 titulares  e 5 suplentes<\/p>\n<p>Secret\u00e1rio(a): Airton Luciano Arag\u00e3o J\u00fanior<br \/>Reuni\u00f5es: Ter\u00e7as-feiras 09:00 &#8211;<br \/>Telefone(s): 61 33033284<br \/>E-mail: cma@senado.leg.brORDEM DO DIA<br \/>sexta-feira, 8 de agosto de 2025<br \/>123<br \/>13.2) SUBCOMISS\u00c3O PERMANENTE DO BIOMA PANTANAL.<br \/>Finalidade: estudar os temas pertinentes \u00e0 prote\u00e7\u00e3o do bioma Pantanal, para propor o aprimoramento <br \/>da legisla\u00e7\u00e3o, pol\u00edticas p\u00fablicas e outras a\u00e7\u00f5es para prote\u00e7\u00e3o desse patrim\u00f4nio nacional.  <br \/>(Requerimento 13, de 2023 &#8211; CMA)<\/p>\n<p>Secret\u00e1rio(a): Airton Luciano Arag\u00e3o J\u00fanior<br \/>Reuni\u00f5es: Ter\u00e7as-feiras 09:00 &#8211;<br \/>Telefone(s): 61 33033284<br \/>E-mail: cma@senado.leg.brORDEM DO DIA<br \/>sexta-feira, 8 de agosto de 2025<br \/>124<br \/>13.3) SUBCOMISS\u00c3O TEMPOR\u00c1RIA PARA ACOMPANHAMENTO DOS PREPARATIVOS PARA <br \/>REALIZA\u00c7\u00c3O DA COP 30<br \/>Finalidade: acompanhar, no prazo de 300 (trezentos) dias, os preparativos para realiza\u00e7\u00e3o da COP 30, <br \/>na cidade de Bel\u00e9m do Par\u00e1.  <br \/>(Requerimento 61, de 2025 &#8211; CMA)<br \/>N\u00famero de membros: 7 titulares  e 7 suplentes<br \/>(4)<br \/>PRESIDENTE:  Senadora Leila Barros  (PDT-DF)   <br \/>(4)<br \/>VICE-PRESIDENTE:  Senadora Augusta Brito  (PT-CE)   <br \/>(4)<br \/>RELATOR:  Senador Beto Faro  (PT-PA)   <br \/>Instala\u00e7\u00e3o: 07\/05\/2025<br \/>Prazo final: 13\/04\/2026<\/p>\n<p>TITULARES SUPLENTES<br \/>(1)<br \/>Senadora Leila Barros   (PDT-DF)     1.      <br \/>(1)<br \/>Senador Beto Faro   (PT-PA)     2.      <br \/>(1)<br \/>Senadora Eliziane Gama   (PSD-MA)     3.      <br \/>(1)<br \/>Senador Zequinha Marinho   (PODEMOS-PA)     4.      <br \/>(1)<br \/>Senador Hamilton Mour\u00e3o   (REPUBLICANOS-RS)     5.      <br \/>(2)<br \/>Senador Wellington Fagundes   (PL-MT)     6.      <br \/>(3)<br \/>Senadora Augusta Brito   (PT-CE)     7.      <\/p>\n<p>Notas:<br \/>1. Em 28.04.2025, os Senadores Leila Barros, Beto Faro, Eliziane Gama, Zequinha Marinho e Hamilton Mour\u00e3o foram designados membros titulares, <br \/>para compor a subcomiss\u00e3o (Of. n\u00ba 16\/2025-CMA).<br \/>2. Em 05.05.2025, o Senador Wellington Fagundes foi designado membro titular, para compor a subcomiss\u00e3o (Of. n\u00ba 19\/2025-CMA).<br \/>3. Em 06.05.2025, a Senadora Augusta Brito foi designada membro titular, para compor a subcomiss\u00e3o (Of. n\u00ba 20\/2025-CMA).<br \/>4. Em 07.05.2025, a comiss\u00e3o reunida elegeu a Senadora Leila Barros como Presidente e a Senadora Augusta Brito como Vice-Presidente. Designado <br \/>o Senador Beto Faro como Relator (Of. 1\/2025-CMACOP30).<br \/>Secret\u00e1rio(a): Airton Luciano Arag\u00e3o J\u00fanior<br \/>Reuni\u00f5es: Ter\u00e7as-feiras 09:00 &#8211;<br \/>Telefone(s): 61 33033284<br \/>E-mail: cma@senado.leg.brORDEM DO DIA<br \/>sexta-feira, 8 de agosto de 2025<br \/>125<br \/>14) COMISS\u00c3O DE SEGURAN\u00c7A P\u00daBLICA  &#8211; CSP<br \/>N\u00famero de membros: 19 titulares  e 19 suplentes<br \/>(7)<br \/>PRESIDENTE:  Senador Fl\u00e1vio Bolsonaro (PL-RJ)   <br \/>(13)<br \/>VICE-PRESIDENTE:  Senador Sergio Moro (UNI\u00c3O-PR)   <\/p>\n<p>TITULARES Suplentes<br \/>Bloco Parlamentar Democracia ( MDB, UNI\u00c3O, PODEMOS, PSDB )<br \/>(1,11) (1,11)<br \/>Senador  Alessandro Vieira   (MDB-SE)     1.  Senador  Eduardo Braga   (MDB-AM)    <br \/>(1,11) (1,11)<br \/>Senadora  Ivete da Silveira   (MDB-SC)     2.  Senadora  Professora Dorinha Seabra   (UNI\u00c3O-TO)    <br \/>(3,11) (3,11)<br \/>Senador  Marcio Bittar   (UNI\u00c3O-AC)     3.  Senador  Renan Calheiros   (MDB-AL)    <br \/>(3,11) (3,11)<br \/>Senador  Sergio Moro   (UNI\u00c3O-PR)     4.  Senador  Pl\u00ednio Val\u00e9rio   (PSDB-AM)    <br \/>(8,11) (11)<br \/>Senador  Marcos do Val   (PODEMOS-ES)     5.  Senador  Efraim Filho   (UNI\u00c3O-PB)    <br \/>(10,11) (10)<br \/>Senador  Styvenson Valentim   (PSDB-RN)     6.    VAGO     <br \/>Bloco Parlamentar da Resist\u00eancia Democr\u00e1tica ( PSD, PSB )<br \/>(4) (4)<br \/>Senador  Jorge Kajuru   (PSB-GO)     1.  Senador  Chico Rodrigues   (PSB-RR)    <br \/>(4) (4,9)<br \/>Senadora  Margareth Buzetti   (PSD-MT)     2.    VAGO     <br \/>(4,9) (4)<br \/>Senador  Angelo Coronel   (PSD-BA)     3.  Senador  Omar Aziz   (PSD-AM)    <br \/>(4,20) (4)<br \/>Senador  Pedro Chaves   (MDB-GO)     4.  Senador  S\u00e9rgio Petec\u00e3o   (PSD-AC)    <br \/>Bloco Parlamentar Vanguarda ( PL, NOVO )<br \/>(2) (2)<br \/>Senador  Fl\u00e1vio Bolsonaro   (PL-RJ)     1.  Senador  Wilder Morais   (PL-GO)    <br \/>(2) (2,15,16,21,22)<br \/>Senador  Jorge Seif   (PL-SC)     2.  Senador  Carlos Portinho   (PL-RJ)    <br \/>(2,18,19) (2)<br \/>Senador  Magno Malta   (PL-ES)     3.  Senador  Marcos Rog\u00e9rio   (PL-RO)    <br \/>(2) (2)<br \/>Senador  Rogerio Marinho   (PL-RN)     4.  Senador  Astronauta Marcos Pontes   (PL-SP)    <br \/>Bloco Parlamentar Pelo Brasil ( PT, PDT )<br \/>(6) (14)<br \/>Senador  Fabiano Contarato   (PT-ES)     1.  Senador  Jaques Wagner   (PT-BA)    <br \/>(6,14,17) (14)<br \/>Senadora  Ana Paula Lobato   (PDT-MA)     2.  Senador  Rog\u00e9rio Carvalho   (PT-SE)    <br \/>(12)<br \/>  VAGO      3.      <br \/>Bloco Parlamentar Alian\u00e7a ( PP, REPUBLICANOS )<br \/>(5) (5)<br \/>Senador  Esperidi\u00e3o Amin   (PP-SC)     1.  Senador  Luis Carlos Heinze   (PP-RS)    <br \/>(5) (5)<br \/>Senador  Hamilton Mour\u00e3o   (REPUBLICANOS-RS)     2.  Senadora  Damares Alves   (REPUBLICANOS-DF)    <br \/>Notas:<br \/>1. Em 18.02.2025, os Senadores Alessandro Vieira e Ivete da Silveira foram designados membros titulares e os Senadores Eduardo Braga e Renan <br \/>Calheiros, membros suplentes, pelo Bloco Parlamentar Democracia, para compor a comiss\u00e3o (Of. n\u00ba 011\/2025-GLMDB).<br \/>2. Em 18.02.2025, os Senadores Fl\u00e1vio Bolsonaro, Jorge Seif, Magno Malta e Rogerio Marinho foram designados membros titulares e os Senadores <br \/>Wilder Morais, Carlos Portinho, Marcos Rog\u00e9rio e Astronauta Marcos Pontes, membros suplentes, pelo Bloco Parlamentar Vanguarda, para compor a <br \/>comiss\u00e3o (Of. n\u00ba 008\/2025-BLVANG).<br \/>3. Em 18.02.2025, os Senadores Marcio Bittar e Sergio Moro foram designados membros titulares e os Senadores Professora Dorinha Seabra e Efraim <br \/>Filho, membros suplentes, pelo Bloco Parlamentar Democracia, para compor a comiss\u00e3o (Of. n\u00ba 12\/2025-GLUNIAO).<br \/>4. Em 18.02.2025, os Senadores Jorge Kajuru, Margareth Buzetti, Lucas Barreto e Vanderlan Cardoso foram designados membros titulares e os <br \/>Senadores Chico Rodrigues, Angelo Coronel, Omar Aziz e S\u00e9rgio Petec\u00e3o, membros suplentes, pelo Bloco Parlamentar da Resist\u00eancia Democr\u00e1tica, <br \/>para compor a comiss\u00e3o (Of. n\u00ba 004\/2025-GSEGAMA).<br \/>5. Em 18.02.2025, os Senadores Esperidi\u00e3o Amin e Hamilton Mour\u00e3o foram designados membros titulares e os Senadores Luis Carlos Heinze e <br \/>Damares Alves, membros suplentes, pelo Bloco Parlamentar Alian\u00e7a, para compor a comiss\u00e3o (Of. n\u00ba 002\/2025-GABLID\/BLALIAN).<br \/>6. Em 18.02.2025, os Senadores Fabiano Contarato e Humberto Costa foram designados membros titulares, pelo Bloco Parlamentar Pelo Brasil, para <br \/>compor a comiss\u00e3o (Of. n\u00ba 026\/2025-GLPDT).<br \/>7. Em 19.02.2025, a Comiss\u00e3o reunida elegeu o Senador Fl\u00e1vio Bolsonaro Presidente deste colegiado (of. n\u00ba 1\/2025-CSP).<br \/>8. Em 19.02.2025, o Senador Marcos do Val foi designado membro titular, pelo Bloco Parlamentar Democracia, para compor a comiss\u00e3o (Of. n\u00ba <br \/>010\/2025-GLPODEMOS).<br \/>9. Em 19.02.2025, o Senador Angelo Coronel foi designado membro titular, em substitui\u00e7\u00e3o ao Senador Lucas Barreto, que deixa de ocupar a <br \/>comiss\u00e3o, pelo Bloco Parlamentar da Resist\u00eancia Democr\u00e1tica (Of. n\u00ba 006\/2025-GSEGAMA).<br \/>10. Em 19.02.2025, o Senador Styvenson Valentim foi designado membro titular e o Senador Pl\u00ednio Val\u00e9rio, membro suplente, pelo Bloco <br \/>Parlamentar Democracia, para compor a comiss\u00e3o (Of. n\u00ba 001\/2025-GLPSDB).ORDEM DO DIA<br \/>sexta-feira, 8 de agosto de 2025<br \/>126<br \/>11. Em 19.02.2025, os Senadores Alessandro Vieira, Ivete da Silveira, Marcio Bittar, Sergio Moro, Marcos do Val e Styvenson Valentim foram <br \/>designados membros titulares e os Senadores Eduardo Braga, Professora Dorinha Seabra, Renan Calheiros, Pl\u00ednio Val\u00e9rio e Efraim Filho, membros <br \/>suplentes, pelo Bloco Parlamentar Democracia, para compor a comiss\u00e3o (Of. n\u00ba 006\/2025-BLDEM).<br \/>12. Em 10.03.2025, o Senador Jaques Wagner foi designado membro titular, pelo Bloco Parlamentar Pelo Brasil, para compor a comiss\u00e3o (Of. n\u00ba <br \/>29\/2025).  (DSF de 11\/03\/2025, p. 24)<br \/>13. Em 18.03.2025, a Comiss\u00e3o reunida elegeu o Senador Sergio Moro Vice-Presidente deste colegiado (Of. n\u00ba 9\/2025-CSP).<br \/>14. Em 25.03.2025, os Senadores Jaques Wagner e Rog\u00e9rio Carvalho foram designados membros suplentes, pelo Bloco Parlamentar Pelo Brasil, para <br \/>compor a comiss\u00e3o, deixando o Senador Humberto Costa de ocupar a vaga de titular (Of. n\u00ba 32\/2025-GLPDT).  (DSF de 26\/03\/2025, p. 122)<br \/>15. Em 31.03.2025, o Senador Eduardo Gir\u00e3o foi designado membro suplente, em substitui\u00e7\u00e3o ao Senador Carlos Portinho, pelo Bloco Parlamentar <br \/>Vanguarda, para compor a comiss\u00e3o (Of. 024\/2025-BLVANG).  (DSF de 01\/04\/2025, p. 24)<br \/>16. Em 01.04.2025, o Senador Carlos Portinho foi designado membro suplente, em substitui\u00e7\u00e3o ao Senador Eduardo Gir\u00e3o, que deixa de compor a <br \/>comiss\u00e3o, pelo Bloco Parlamentar Vanguarda (Of. 025\/2025-BLVANG).<br \/>17. Em 02.04.2025, a Senadora Ana Paula Lobato foi designada membro titular, pelo Bloco Parlamentar Pelo Brasil, para compor a comiss\u00e3o (Of. n\u00ba <br \/>041\/2025-GLPDT).<br \/>18. Em 15.05.2025, o Senador Eduardo Gir\u00e3o foi designado membro titular, em substitui\u00e7\u00e3o ao Senador Magno Malta, que deixa de compor a <br \/>comiss\u00e3o, pelo Bloco Parlamentar Vanguarda (Of. 047\/2025-BLVANG).<br \/>19. Em 22.05.2025, o Senador Magno Malta foi designado membro titular, em substitui\u00e7\u00e3o ao Senador Eduardo Gir\u00e3o, que deixa de compor a <br \/>comiss\u00e3o, pelo Bloco Parlamentar Vanguarda (Of. n\u00b0 050\/2025-BLVANG).<br \/>20. Em 03.07.2025, o Senador Pedro Chaves foi designado membro titular, em substitui\u00e7\u00e3o ao Senador Vanderlan Cardoso, que deixa de compor a <br \/>comiss\u00e3o, pelo Bloco Parlamentar da Resist\u00eancia Democr\u00e1tica (Of. n\u00ba 46\/2025-BLRESDEM).<br \/>21. Em 15.07.2025, o Senador Izalci Lucas foi designado membro suplente, em substitui\u00e7\u00e3o ao Senador Carlos Portinho, que deixa de compor a <br \/>comiss\u00e3o, pelo Bloco Parlamentar Vanguarda (Of. 068\/2025-BLVANG).<br \/>22. Em 16.07.2025, o Senador Carlos Portinho foi designado membro suplente, em substitui\u00e7\u00e3o ao Senador Izalci Lucas, que deixa de compor a <br \/>comiss\u00e3o, pelo Bloco Parlamentar Vanguarda (Of. n\u00ba 069\/2025-BLVANG).<br \/>Secret\u00e1rio(a): Waldir Bezerra Miranda<br \/>Reuni\u00f5es: Quintas-Feiras 9:00 horas &#8211;<br \/>Telefone(s): (61) 3303-2315<br \/>E-mail: csp@senado.leg.brORDEM DO DIA<br \/>sexta-feira, 8 de agosto de 2025<br \/>127<br \/>15) COMISS\u00c3O DE COMUNICA\u00c7\u00c3O E DIREITO DIGITAL  &#8211; CCDD<br \/>N\u00famero de membros: 17 titulares  e 17 suplentes<br \/>PRESIDENTE:   <br \/>VICE-PRESIDENTE:   <\/p>\n<p>TITULARES Suplentes<br \/>Bloco Parlamentar Democracia ( MDB, UNI\u00c3O, PODEMOS, PSDB )<br \/>(1) (1)<br \/>Senador  Alessandro Vieira   (MDB-SE)     1.  Senador  Jader Barbalho   (MDB-PA)    <br \/>    2.      <br \/>(3) (3)<br \/>Senadora  Professora Dorinha Seabra   (UNI\u00c3O-TO)     3.  Senador  Efraim Filho   (UNI\u00c3O-PB)    <br \/>(7)<br \/>Senador  Marcos do Val   (PODEMOS-ES)     4.      <br \/>(8) (8)<br \/>Senador  Pl\u00ednio Val\u00e9rio   (PSDB-AM)     5.  Senador  Styvenson Valentim   (PSDB-RN)    <br \/>Bloco Parlamentar da Resist\u00eancia Democr\u00e1tica ( PSD, PSB )<br \/>(4) (4)<br \/>Senador  Cid Gomes   (PSB-CE)     1.  Senador  Fl\u00e1vio Arns   (PSB-PR)    <br \/>(4)<br \/>Senadora  Daniella Ribeiro   (PP-PB)     2.      <br \/>(4,9)<br \/>Senador  Pedro Chaves   (MDB-GO)     3.      <br \/>(4)<br \/>Senador  S\u00e9rgio Petec\u00e3o   (PSD-AC)     4.      <br \/>Bloco Parlamentar Vanguarda ( PL, NOVO )<br \/>(2) (2)<br \/>Senador  Astronauta Marcos Pontes   (PL-SP)     1.  Senador  Eduardo Gir\u00e3o   (NOVO-CE)    <br \/>(2) (2)<br \/>Senadora  Dra. Eud\u00f3cia   (PL-AL)     2.  Senador  Carlos Portinho   (PL-RJ)    <br \/>(2) (2)<br \/>Senador  Eduardo Gomes   (PL-TO)     3.  Senador  Rogerio Marinho   (PL-RN)    <br \/>Bloco Parlamentar Pelo Brasil ( PT, PDT )<br \/>(6)<br \/>Senador  Rog\u00e9rio Carvalho   (PT-SE)     1.      <br \/>(6)<br \/>Senador  Fabiano Contarato   (PT-ES)     2.      <br \/>    3.      <br \/>Bloco Parlamentar Alian\u00e7a ( PP, REPUBLICANOS )<br \/>(5) (5)<br \/>Senador  Esperidi\u00e3o Amin   (PP-SC)     1.  Senador  Dr. Hiran   (PP-RR)    <br \/>(5) (5)<br \/>Senador  Hamilton Mour\u00e3o   (REPUBLICANOS-RS)     2.  Senadora  Damares Alves   (REPUBLICANOS-DF)    <br \/>Notas:<br \/>1. Em 18.02.2025, o Senador Alessandro Vieira foi designado membro titular, e o Senador Jader Barbalho membro suplente, pelo Bloco Parlamentar <br \/>Democracia, para compor a Comiss\u00e3o (Of. 017\/2025-GLMDB).<br \/>2. Em 18.02.2025, os Senadores Astronauta Marcos Pontes, Dra. Eud\u00f3cia e Eduardo Gomes foram designados membros titulares, e os Senadores <br \/>Eduardo Gir\u00e3o, Carlos Portinho e Rogerio Marinho membros suplentes, pelo Bloco Parlamentar Vanguarda, para compor a Comiss\u00e3o (Of. 008\/2025-<br \/>BLVANG).<br \/>3. Em 18.02.2025, a Senadora Professora Dorinha Seabra foi designada membro titular, e o Senador Efraim Filho membro suplente, pelo Bloco <br \/>Parlamentar Democracia, para compor a Comiss\u00e3o (Of. 12\/2025-GLUNIAO).<br \/>4. Em 18.02.2025, os Senadores Cid Gomes, Daniella Ribeiro, Vanderlan Cardoso e S\u00e9rgio Petec\u00e3o foram designados membros titulares, e o Senador <br \/>Fl\u00e1vio Arns membro suplente, pelo Bloco Parlamentar da Resist\u00eancia Democr\u00e1tica, para compor a Comiss\u00e3o (Of. 004\/2025-GSEGAMA).<br \/>5. Em 18.02.2025, os Senadores Esperidi\u00e3o Amin e Hamilton Mour\u00e3o foram designados membros titulares, e os Senadores Dr. Hiran e Damares Alves <br \/>membros suplentes, pelo Bloco Parlamentar Alian\u00e7a, para compor a Comiss\u00e3o (Of. 002\/2025-GABLID\/BLALIAN).<br \/>6. Em 18.02.2025, os Senadores Rog\u00e9rio Carvalho e Fabiano Contarato foram designados membros titulares pelo Bloco Parlamentar Pelo Brasil, para <br \/>compor a Comiss\u00e3o (Of. 026\/2025-GLPDT).<br \/>7. Em 19.02.2025, o Senador Marcos do Val foi designado membro titular, pelo Bloco Parlamentar Democracia, para compor a Comiss\u00e3o (Of. n\u00ba <br \/>010\/2025-GLPODEMOS).<br \/>8. Em 19.02.2025, o Senador Pl\u00ednio Val\u00e9rio foi designado membro titular e o Senador Styvenson Valentim, membro suplente, pelo Bloco Parlamentar <br \/>Democracia, para compor a comiss\u00e3o (Of. n\u00ba 001\/2025-GLPSDB).<br \/>9. Em 03.07.2025, o Senador Pedro Chaves foi designado membro titular, em substitui\u00e7\u00e3o ao Senador Vanderlan Cardoso, que deixa de compor a <br \/>comiss\u00e3o, pelo Bloco Parlamentar da Resist\u00eancia Democr\u00e1tica (Of. n\u00ba 46\/2025-BLRESDEM).<br \/>Secret\u00e1rio(a): Matheus Soares Torres Costa<br \/>Telefone(s): 6133032230<br \/>E-mail: ccdd@senado.leg.brORDEM DO DIA<br \/>sexta-feira, 8 de agosto de 2025<br \/>128<br \/>15.1) SUBCOMISS\u00c3O PERMANENTE PARA DEBATER A DESIGUALDADE E A EXCLUS\u00c3O <br \/>DIGITAL NO BRASIL<br \/>Finalidade: Debater a tem\u00e1tica relacionada \u00e0 desigualdade e \u00e0 exclus\u00e3o digital no Brasil.  <br \/>(Requerimento 3, de 2024 &#8211; CCDD)<br \/>N\u00famero de membros: 8 titulares  e 8 suplentes<\/p>\n<p>Secret\u00e1rio(a): Matheus Soares Torres Costa<br \/>Telefone(s): 6133032230<br \/>E-mail: ccdd@senado.leg.brORDEM DO DIA<br \/>sexta-feira, 8 de agosto de 2025<br \/>129<br \/>15.2) SUBCOMISS\u00c3O TEMPOR\u00c1RIA PARA VIABILIZAR O SURGIMENTO DOS JUIZADOS <br \/>ESPECIAIS DE CRIMES CIBERN\u00c9TICOS<br \/>Finalidade: viabilizar, no prazo de 180 (cento e oitenta) dias, a cria\u00e7\u00e3o de proposta legislativa que instale, <br \/>em todo o Brasil, Juizados Especiais de Crimes Cibern\u00e9ticos.  <br \/>(Requerimento 9, de 2023 &#8211; CCDD)<br \/>N\u00famero de membros: 7 titulares  e 7 suplentes<\/p>\n<p>Secret\u00e1rio(a): Matheus Soares Torres Costa<br \/>Telefone(s): 6133032230<br \/>E-mail: ccdd@senado.leg.brORDEM DO DIA<br \/>sexta-feira, 8 de agosto de 2025<br \/>130<br \/>16) COMISS\u00c3O DE ESPORTE  &#8211; CEsp<br \/>N\u00famero de membros: 11 titulares  e 11 suplentes<br \/>(7)<br \/>PRESIDENTE:  Senadora Leila Barros (PDT-DF)   <br \/>(11)<br \/>VICE-PRESIDENTE:  Senador Chico Rodrigues (PSB-RR)   <\/p>\n<p>TITULARES Suplentes<br \/>Bloco Parlamentar Democracia ( MDB, UNI\u00c3O, PODEMOS, PSDB )<br \/>(1,9) (1,9,15)<br \/>Senador  Conf\u00facio Moura   (MDB-RO)     1.  Senador  Pedro Chaves   (MDB-GO)    <br \/>(3,9) (8,9,10)<br \/>Senador  Efraim Filho   (UNI\u00c3O-PB)     2.  Senador  Alan Rick   (UNI\u00c3O-AC)    <br \/>(9)<br \/>Senador  Pl\u00ednio Val\u00e9rio   (PSDB-AM)     3.      <br \/>Bloco Parlamentar da Resist\u00eancia Democr\u00e1tica ( PSD, PSB )<br \/>(4)<br \/>Senadora  Mara Gabrilli   (PSD-SP)     1.      <br \/>(4)<br \/>Senador  S\u00e9rgio Petec\u00e3o   (PSD-AC)     2.      <br \/>(4) (4)<br \/>Senador  Chico Rodrigues   (PSB-RR)     3.  Senador  Jorge Kajuru   (PSB-GO)    <br \/>Bloco Parlamentar Vanguarda ( PL, NOVO )<br \/>(2) (2)<br \/>Senador  Rom\u00e1rio   (PL-RJ)     1.  Senador  Carlos Portinho   (PL-RJ)    <br \/>(2) (2,13,14)<br \/>Senador  Eduardo Gir\u00e3o   (NOVO-CE)     2.  Senador  Wellington Fagundes   (PL-MT)    <br \/>Bloco Parlamentar Pelo Brasil ( PT, PDT )<br \/>(6) (12)<br \/>Senadora  Teresa Leit\u00e3o   (PT-PE)     1.  Senadora  Augusta Brito   (PT-CE)    <br \/>(6)<br \/>Senadora  Leila Barros   (PDT-DF)     2.      <br \/>Bloco Parlamentar Alian\u00e7a ( PP, REPUBLICANOS )<br \/>(5)<br \/>Senador  Cleitinho   (REPUBLICANOS-MG)     1.      <br \/>Notas:<br \/>1. Em 18.02.2025, o Senador Conf\u00facio Moura foi designado membro titular; e o Senador Giordano, membro suplente, pelo Bloco Parlamentar <br \/>Democracia, para compor a comiss\u00e3o (Of. n\u00ba 019\/2025-GLMDB).<br \/>2. Em 18.02.2025, os Senadores Rom\u00e1rio e Eduardo Gir\u00e3o foram designados membros titulares; e os Senadores Carlos Portinho e Wellington <br \/>Fagundes, membros suplentes, pelo Bloco Parlamentar Vanguarda, para compor a comiss\u00e3o (Of. 008\/2025-BLVANG).<br \/>3. Em 18.02.2025, o Senador Efraim Filho foi designado membro titular, pelo Bloco Parlamentar Democracia, para compor a comiss\u00e3o (Of. 012\/2025-<br \/>GLUNIAO).<br \/>4. Em 18.02.2025, os Senadores Mara Gabrilli, S\u00e9rgio Petec\u00e3o e Chico Rodrigues foram designados membros titulares; e o Senador Jorge Kajuru, <br \/>membro suplente, pelo Bloco Parlamentar da Resist\u00eancia Democr\u00e1tica, para compor a comiss\u00e3o (Of. 004\/2025-GSEGAMA).<br \/>5. Em 18.02.2025, o Senador Cleitinho foi designado membro titular, pelo Bloco Parlamentar Alian\u00e7a, para compor a comiss\u00e3o (Of. 002\/2025-GABLID\/<br \/>BLALIAN).<br \/>6. Em 18.02.2025, as Senadoras Teresa Leit\u00e3o e Leila Barros foram designadas membros titulares, pelo Bloco Parlamentar Pelo Brasil, para compor a <br \/>comiss\u00e3o (Of. 026\/2025-GLPDT).<br \/>7. Em 19.02.2025, a comiss\u00e3o reunida elegeu a Senadora Leila Barros Presidente deste colegiado.<br \/>8. Em 19.02.2025, o Senador Alan Rick foi designado membro suplente, pelo Bloco Parlamentar Democracia, para compor a comiss\u00e3o (Of. n\u00ba <br \/>014\/2025-GLUNIAO).<br \/>9. Em 19.02.2025, os Senadores Conf\u00facio Moura, Efraim Filho, e Pl\u00ednio Val\u00e9rio foram designados membros titulares, e o Senador Giordano, membro <br \/>suplente, para compor a comiss\u00e3o, e o Senador Alan Rick deixou de compor a comiss\u00e3o, pelo Bloco Parlamentar Democracia (Of. n\u00ba 006\/2025-<br \/>BLDEM).<br \/>10. Em 20.02.2025, o Senador Alan Rick foi designado membro suplente, pelo Bloco Parlamentar Democracia, para compor a comiss\u00e3o (Of.n\u00b0 <br \/>008\/2025-BLDEM).<br \/>11. Em 12.03.2025, a comiss\u00e3o reunida elegeu o Senador Chico Rodrigues Vice-Presidente deste colegiado.<br \/>12. Em 25.03.2025, a Senadora Augusta Brito foi designada membro suplente, pelo Bloco Parlamentar Pelo Brasil, para compor a comiss\u00e3o (Of.n\u00b0 <br \/>33\/2025-GLPDT).<br \/>13. Em 07.05.2025, o Senador Magno Malta foi designado membro suplente, em substitui\u00e7\u00e3o ao Senador Wellington Fagundes, que deixa de compor <br \/>a comiss\u00e3o, pelo Bloco Parlamentar Vanguarda (Of. n\u00b0 41\/2025-BLVANG).<br \/>14. Em 08.05.2025, o Senador Wellington Fagundes foi designado membro suplente, em substitui\u00e7\u00e3o ao Senador Magno Malta, que deixa de compor <br \/>a comiss\u00e3o, pelo Bloco Parlamentar Vanguarda (Of. n\u00b0 43\/2025-BLVANG).<br \/>15. Em 03.07.2025, o Senador Pedro Chaves foi designado membro suplente, em substitui\u00e7\u00e3o ao Senador Giordano, que deixa de compor a <br \/>comiss\u00e3o, pelo Bloco Parlamentar Democracia (Of. n\u00b0 43\/2025-BLDEMO).<br \/>Secret\u00e1rio(a): Fl\u00e1vio Eduardo De Oliveira Santos<br \/>Reuni\u00f5es: Quartas-feiras 10:30 &#8211;<br \/>Telefone(s): 3303-2540<br \/>E-mail: cesp@senado.leg.brORDEM DO DIA<br \/>sexta-feira, 8 de agosto de 2025<br \/>131<br \/>COMPOSI\u00c7\u00c3O<br \/>CONSELHOS e \u00d3RG\u00c3OS<br \/>1) CORREGEDORIA PARLAMENTAR<br \/>(Resolu\u00e7\u00e3o do Senado Federal n\u00ba 17, de 1993)<br \/>SENADOR CARGO<br \/>Senador Marcio Bittar  (UNI\u00c3O-AC) CORREGEDOR<br \/>Atualiza\u00e7\u00e3o:  27\/06\/2017<br \/>SECRETARIA-GERAL DA MESA<br \/>N\u00facleo de Apoio a \u00d3rg\u00e3os T\u00e9cnicos<br \/>Endere\u00e7o: Edif\u00edcio Principal &#8211; T\u00e9rreo<br \/>Telefone(s): 33035258<br \/>E-mail: naot@senado.leg.brORDEM DO DIA<br \/>sexta-feira, 8 de agosto de 2025<br \/>132<br \/>2) CONSELHO DE \u00c9TICA E DECORO PARLAMENTAR<br \/>(Resolu\u00e7\u00e3o do Senado Federal n\u00ba 20, de 1993)<br \/>N\u00famero de membros: 15 titulares  e 15 suplentes<br \/>PRESIDENTE: Senador Jayme Campos (UNI\u00c3O-MT) <br \/>VICE-PRESIDENTE: Senador Eduardo Braga (MDB-AM) <br \/>1\u00aa Elei\u00e7\u00e3o Geral:  19\/04\/1995 8\u00aa Elei\u00e7\u00e3o Geral:  26\/04\/2011<br \/>2\u00aa Elei\u00e7\u00e3o Geral:  30\/06\/1999 9\u00aa Elei\u00e7\u00e3o Geral:  06\/03\/2013<br \/>3\u00aa Elei\u00e7\u00e3o Geral:  27\/06\/2001 10\u00aa Elei\u00e7\u00e3o Geral:  02\/06\/2015<br \/>4\u00aa Elei\u00e7\u00e3o Geral:  13\/03\/2003 11\u00aa Elei\u00e7\u00e3o Geral:  30\/05\/2017<br \/>5\u00aa Elei\u00e7\u00e3o Geral:  23\/11\/2005 12\u00aa Elei\u00e7\u00e3o Geral:  18\/09\/2019<br \/>6\u00aa Elei\u00e7\u00e3o Geral:  06\/03\/2007 13\u00aa Elei\u00e7\u00e3o Geral:  21\/03\/2023<br \/>7\u00aa Elei\u00e7\u00e3o Geral:  14\/07\/2009<\/p>\n<p>TITULARES SUPLENTES<br \/>Bloco Parlamentar Democracia<br \/>Senador  Jayme Campos   (UNI\u00c3O-MT) 1.  Senador  Randolfe Rodrigues   (PT-AP)<br \/>Senador  Davi Alcolumbre   (UNI\u00c3O-AP) 2.  Senadora  Professora Dorinha Seabra   (UNI\u00c3O-TO)<br \/>Senador  Eduardo Braga   (MDB-AM) 3.  Senador  Jader Barbalho   (MDB-PA)<br \/>Senador  Renan Calheiros   (MDB-AL) 4.  Senador  Marcelo Castro   (MDB-PI)<br \/>Senador  Marcos do Val   (PODEMOS-ES) 5.  Senador  Carlos Viana   (PODEMOS-MG)<br \/>Senador  Weverton   (PDT-MA) 6.    VAGO <br \/>Bloco Parlamentar da Resist\u00eancia Democr\u00e1tica ( PSD, PSB )<br \/>Senador  Otto Alencar   (PSD-BA) 1.  Senador  S\u00e9rgio Petec\u00e3o   (PSD-AC)<br \/>Senador  Omar Aziz   (PSD-AM) 2.  Senador  Nelsinho Trad   (PSD-MS)<br \/>Senadora  Zenaide Maia   (PSD-RN) 3.  Senador  Lucas Barreto   (PSD-AP)<br \/>Senador  Fabiano Contarato   (PT-ES) 4.  Senador  Rog\u00e9rio Carvalho   (PT-SE)<br \/>Senador  Jorge Kajuru   (PSB-GO) 5.  Senadora  Ana Paula Lobato   (PDT-MA)<br \/>Bloco Parlamentar Vanguarda<br \/>Senador  Magno Malta   (PL-ES) 1.      <br \/>Senador  Jorge Seif   (PL-SC) 2.      <br \/>Bloco Parlamentar Alian\u00e7a ( PP, REPUBLICANOS )<br \/>Senador  Dr. Hiran   (PP-RR) 1.  Senador  Ciro Nogueira   (PP-PI)<br \/>Senador  Hamilton Mour\u00e3o   (REPUBLICANOS-RS) 2.  Senadora  Damares Alves   (REPUBLICANOS-DF)<br \/>Corregedor do Senado (art. 25 da Resolu\u00e7\u00e3o n\u00ba 20\/93)<br \/>Senador  Marcio Bittar   (UNI\u00c3O-AC)<br \/>Atualiza\u00e7\u00e3o:  21\/03\/2023<br \/>SECRETARIA-GERAL DA MESA<br \/>N\u00facleo de Apoio a \u00d3rg\u00e3os T\u00e9cnicos<br \/>Endere\u00e7o: Edif\u00edcio Principal &#8211; T\u00e9rreo<br \/>Telefone(s): 33035258<br \/>E-mail: naot@senado.leg.brORDEM DO DIA<br \/>sexta-feira, 8 de agosto de 2025<br \/>133<br \/>3) CONSELHO DO DIPLOMA BERTHA LUTZ<br \/>(Resolu\u00e7\u00e3o do Senado Federal n\u00ba 02, de 2001)<br \/>1\u00aa Designa\u00e7\u00e3o:  03\/12\/2001<br \/>2\u00aa Designa\u00e7\u00e3o:  26\/02\/2003<br \/>3\u00aa Designa\u00e7\u00e3o:  03\/04\/2007<br \/>4\u00aa Designa\u00e7\u00e3o:  12\/02\/2009<br \/>5\u00aa Designa\u00e7\u00e3o:  11\/02\/2011<br \/>6\u00aa Designa\u00e7\u00e3o:  11\/03\/2013<br \/>7\u00aa Designa\u00e7\u00e3o:  26\/11\/2015<\/p>\n<p>Atualiza\u00e7\u00e3o:  08\/02\/2017<br \/>Secretaria-Geral da Mesa<br \/>NPFG<br \/>Endere\u00e7o: Edif\u00edcio Principal &#8211; T\u00e9rreo<br \/>Telefone(s): 33035713<br \/>E-mail: npfg@senado.leg.brORDEM DO DIA<br \/>sexta-feira, 8 de agosto de 2025<br \/>134<br \/>4) CONSELHO DA COMENDA DE DIREITOS HUMANOS DOM H\u00c9LDER C\u00c2MARA<br \/>(Resolu\u00e7\u00e3o do Senado Federal n\u00ba 14, de 2010)<br \/>1\u00aa Designa\u00e7\u00e3o:  30\/11\/2010<br \/>2\u00aa Designa\u00e7\u00e3o:  14\/03\/2011<br \/>3\u00aa Designa\u00e7\u00e3o:  21\/03\/2012<br \/>4\u00aa Designa\u00e7\u00e3o:  11\/03\/2013<br \/>5\u00aa Designa\u00e7\u00e3o:  20\/05\/2014<br \/>6\u00aa Designa\u00e7\u00e3o:  04\/03\/2015<\/p>\n<p>Atualiza\u00e7\u00e3o:  11\/11\/2015<br \/>SECRETARIA-GERAL DA MESA<br \/>Secretaria de Apoio a \u00d3rg\u00e3os do Parlamento &#8211; SAOP<br \/>Endere\u00e7o: Senado Federal &#8211; Anexo Principal &#8211; T\u00e9rreo<br \/>Telefone(s): 3303-713<br \/>E-mail: saop@senado.leg.brORDEM DO DIA<br \/>sexta-feira, 8 de agosto de 2025<br \/>135<br \/>5) CONSELHO DO PR\u00caMIO M\u00c9RITO AMBIENTAL<br \/>(Resolu\u00e7\u00e3o do Senado Federal n\u00ba 15, de 2012)<br \/>1\u00aa Designa\u00e7\u00e3o:  12\/09\/2012<br \/>2\u00aa Designa\u00e7\u00e3o:  11\/03\/2013<\/p>\n<p>Atualiza\u00e7\u00e3o:  31\/01\/2015<br \/>Secretaria-Geral da Mesa<br \/>NPFG<br \/>Endere\u00e7o: Edif\u00edcio Principal &#8211; T\u00e9rreo<br \/>Telefone(s): 33035713<br \/>E-mail: npfg@senado.leg.brORDEM DO DIA<br \/>sexta-feira, 8 de agosto de 2025<br \/>136<br \/>6) CONSELHO DA COMENDA DORINA DE GOUV\u00caA NOWILL<br \/>(Resolu\u00e7\u00e3o do Senado Federal n\u00ba 34, de 2013)<br \/>1\u00aa Designa\u00e7\u00e3o:  22\/08\/2013<br \/>2\u00aa Designa\u00e7\u00e3o:  01\/07\/2015<\/p>\n<p>Atualiza\u00e7\u00e3o:  18\/10\/2016<br \/>Secretaria-Geral da Mesa<br \/>NPFG<br \/>Endere\u00e7o: Senado Federal &#8211; Ed. Principal &#8211; T\u00e9rreo<br \/>Telefone(s): 3303-5713<br \/>E-mail: npfg@senado.leg.brORDEM DO DIA<br \/>sexta-feira, 8 de agosto de 2025<br \/>137<br \/>7) CONSELHO DA COMENDA SENADOR ABDIAS NASCIMENTO<br \/>(Resolu\u00e7\u00e3o do Senado Federal n\u00ba 47, de 2013)<br \/>1\u00aa Designa\u00e7\u00e3o:  20\/12\/2013<br \/>2\u00aa Designa\u00e7\u00e3o:  16\/09\/2015<\/p>\n<p>Atualiza\u00e7\u00e3o:  11\/11\/2015<br \/>Secretaria-Geral da Mesa<br \/>NPFG<br \/>Endere\u00e7o: Edif\u00edcio Principal &#8211; T\u00e9rreo<br \/>Telefone(s): 33035713<br \/>E-mail: npfg@senado.leg.brORDEM DO DIA<br \/>sexta-feira, 8 de agosto de 2025<br \/>138<br \/>8) PROCURADORIA PARLAMENTAR<br \/>(Resolu\u00e7\u00e3o do Senado Federal n\u00ba 40, de 1995)<br \/>N\u00famero de membros: 5 titulares<br \/>PROCURADOR:Senador Alessandro Vieira  (MDB-SE)<br \/>COORDENADOR:  <br \/>1\u00aa Designa\u00e7\u00e3o:  16\/11\/1995<br \/>2\u00aa Designa\u00e7\u00e3o:  30\/06\/1999<br \/>3\u00aa Designa\u00e7\u00e3o:  27\/06\/2001<br \/>4\u00aa Designa\u00e7\u00e3o:  25\/09\/2003<br \/>5\u00aa Designa\u00e7\u00e3o:  26\/04\/2011<br \/>6\u00aa Designa\u00e7\u00e3o:  21\/02\/2013<br \/>7\u00aa Designa\u00e7\u00e3o:  06\/05\/2015<\/p>\n<p>SENADOR BLOCO \/ PARTIDO<br \/>  Senador  Alessandro Vieira   (MDB\/SE)  Procurador do Senado   <br \/>Atualiza\u00e7\u00e3o:  03\/02\/2017<br \/>Secretaria-Geral da Mesa<br \/>NAOT<br \/>Telefone(s): 33035714ORDEM DO DIA<br \/>sexta-feira, 8 de agosto de 2025<br \/>139<br \/>9) PROCURADORIA ESPECIAL DA MULHER<br \/>(Resolu\u00e7\u00e3o do Senado Federal n\u00ba 9, de 2013)<br \/>SENADOR CARGO<br \/>Senadora Zenaide Maia  (PSD-RN) PROCURADORA<br \/>Atualiza\u00e7\u00e3o:  30\/03\/2023ORDEM DO DIA<br \/>sexta-feira, 8 de agosto de 2025<br \/>140<br \/>10) OUVIDORIA DO SENADO FEDERAL<br \/>(Resolu\u00e7\u00e3o do Senado Federal n\u00ba 01, de 2005, regulamentada pelo Ato da Comiss\u00e3o Diretora n\u00ba 05, de <br \/>2005 )<br \/>SENADOR CARGO<br \/>(1)<br \/>Senador Pl\u00ednio Val\u00e9rio  (PSDB-AM)   OUVIDOR-GERAL<br \/>Atualiza\u00e7\u00e3o:  11\/02\/2023<br \/>Notas:<br \/>1. Portaria do Presidente n\u00ba 1, de 2023, designa o Senador PL\u00cdNIO VAL\u00c9RIO, como Ouvidor-Geral do Senado Federal.ORDEM DO DIA<br \/>sexta-feira, 8 de agosto de 2025<br \/>141<br \/>11) CONSELHO DO PROJETO JOVEM SENADOR<br \/>(Resolu\u00e7\u00e3o do Senado Federal n\u00ba 42, de 2010, regulamentada pelo Ato da Comiss\u00e3o Diretora n\u00ba 07, de <br \/>2011)<br \/>PRESIDENTE:Senador Paulo Paim  (PT-RS)<br \/>1\u00aa Designa\u00e7\u00e3o:  14\/03\/2011<br \/>2\u00aa Designa\u00e7\u00e3o:  21\/03\/2012<br \/>3\u00aa Designa\u00e7\u00e3o:  11\/03\/2013<br \/>4\u00aa Designa\u00e7\u00e3o:  26\/03\/2014<br \/>5\u00aa Designa\u00e7\u00e3o:  01\/07\/2015<\/p>\n<p>Atualiza\u00e7\u00e3o:  29\/11\/2016<br \/>Notas:<br \/>1. Ato do Presidente &#8211; n\u00ba 9, de 2023.<br \/>Secretaria-Geral da Mesa<br \/>NPFG<br \/>Endere\u00e7o: Edif\u00edcio Principal &#8211; T\u00e9rreo<br \/>Telefone(s): 33035713<br \/>E-mail: npfg@senado.leg.brORDEM DO DIA<br \/>sexta-feira, 8 de agosto de 2025<br \/>142<br \/>12) COMENDA REI PEL\u00c9<br \/>(Resolu\u00e7\u00e3o do Senado Federal n\u00ba 4, de 2023.)<br \/> ORDEM DO DIA<br \/>sexta-feira, 8 de agosto de 2025<br \/>143<br \/>13) CONSELHO DO SELO ZUMBI DOS PALMARES<br \/>(Resolu\u00e7\u00e3o do Senado Federal n\u00ba 35,2021)<br \/>PRESIDENTE:  <br \/> ORDEM DO DIA<br \/>sexta-feira, 8 de agosto de 2025<br \/>144<br \/>14) COMENDA NISE MAGALH\u00c3ES DA SILVEIRA<br \/>(Resolu\u00e7\u00e3o do Senado Federal n\u00ba 43, de 2016)<\/p>\n<p>SECRETARIA-GERAL DA MESA<br \/>NPFG<br \/>Endere\u00e7o: Edif\u00edcio Principal &#8211; T\u00e9rreo<br \/>Telefone(s): 3303-5713<br \/>E-mail: npfg@senado.leg.brORDEM DO DIA<br \/>sexta-feira, 8 de agosto de 2025<br \/>145<br \/>15) CONSELHO DO PR\u00caMIO ADO\u00c7\u00c3O TARDIA &#8211; GESTO REDOBRADO DE CIDADANIA<br \/>(Resolu\u00e7\u00e3o do Senado Federal n\u00b0 17, de 2021)<br \/>PRESIDENTE:Senador Fabiano Contarato  (PT-ES)<\/p>\n<p>Secretaria-Geral da Mesa<br \/>NPFG<br \/>Endere\u00e7o: Edif\u00edcio Principal &#8211; T\u00e9rreo<br \/>Telefone(s): 33035713<br \/>E-mail: npfg@senado.leg.brORDEM DO DIA<br \/>sexta-feira, 8 de agosto de 2025<br \/>146<br \/>16) COMENDA SANTA DULCE DOS POBRES<br \/>(Resolu\u00e7\u00e3o do Senado Federal n\u00ba 25, de 2020)<br \/>PRESIDENTE:Senador Eduardo Gir\u00e3o  (NOVO-CE)<\/p>\n<p>Secretaria Geral da Mesa<br \/>NPFG<br \/>Telefone(s): 33035713<br \/>E-mail: npfg@senado.leg.brORDEM DO DIA<br \/>sexta-feira, 8 de agosto de 2025<br \/>147<br \/>17) CONSELHO DO PR\u00caMIO JOVEM EMPREENDEDOR<br \/>(Resolu\u00e7\u00e3o do Senado Federal n\u00ba 31, de 2016)<\/p>\n<p>Secretaria-Geral da Mesa<br \/>NPFG<br \/>Endere\u00e7o: Edif\u00edcio Principal &#8211; T\u00e9rreo<br \/>Telefone(s): 33035713<br \/>E-mail: npfg@senado.leg.brORDEM DO DIA<br \/>sexta-feira, 8 de agosto de 2025<br \/>148<br \/>18) CONSELHO DO PR\u00caMIO TR\u00c2NSITO SEGURO &#8211; GESTO REDOBRADO PARA O FUTURO<br \/>(Resolu\u00e7\u00e3o do Senado Federal n\u00ba 29, de 2023.)<br \/>PRESIDENTE:Senador Fabiano Contarato  (PT-ES)<br \/> ORDEM DO DIA<br \/>sexta-feira, 8 de agosto de 2025<br \/>149<br \/>19) COMENDA DE INCENTIVO \u00c0 CULTURA LU\u00cdS DA C\u00c2MARA CASCUDO<br \/>(Resolu\u00e7\u00e3o do Senado Federal n\u00ba 7, de 2018)<\/p>\n<p>Secretaria-Geral da Mesa<br \/>NPFG<br \/>Endere\u00e7o: Edif\u00edcio Principal &#8211; T\u00e9rreo<br \/>Telefone(s): 33035713<br \/>E-mail: npfg@senado.leg.brORDEM DO DIA<br \/>sexta-feira, 8 de agosto de 2025<br \/>150<br \/>20) COMENDA MISSION\u00c1RIOS DANIEL BERG E GUNNAR VINGREN<br \/>(Resolu\u00e7\u00e3o do Senado Federal n\u00ba 3, de 2023.)<br \/>PRESIDENTE:Senador Zequinha Marinho  (PODEMOS-PA)<br \/> ORDEM DO DIA<br \/>sexta-feira, 8 de agosto de 2025<br \/>151<br \/>21) COMENDA DO M\u00c9RITO FUTEBOL\u00cdSTICO ASSOCIA\u00c7\u00c3O CHAPECOENSE DE FUTEBOL<br \/>(Resolu\u00e7\u00e3o do Senado Federal n\u00ba 27, de 2017)<\/p>\n<p>Secretaria-Geral da Mesa<br \/>NPFG<br \/>Endere\u00e7o: Edif\u00edcio Principal &#8211; T\u00e9rreo<br \/>Telefone(s): 33035713<br \/>E-mail: npfg@senado.leg.brORDEM DO DIA<br \/>sexta-feira, 8 de agosto de 2025<br \/>152<br \/>22) CONSELHO DO PR\u00caMIO CHICO MENDES<br \/>(Resolu\u00e7\u00e3o do Senado Federal n\u00ba 15, de 2020.)<\/p>\n<p>Secretaria-Geral da Mesa<br \/>NPFG<br \/>Endere\u00e7o: Edif\u00edcio Principal &#8211; T\u00e9rreo<br \/>Telefone(s): 33035713<br \/>E-mail: npfg@senado.leg.brORDEM DO DIA<br \/>sexta-feira, 8 de agosto de 2025<br \/>153<br \/>23) CONSELHO DA COMENDA DO M\u00c9RITO ESPORTIVO<br \/>(Resolu\u00e7\u00e3o do Senado Federal n\u00ba 8, de 2015)<\/p>\n<p>Secretaria-Geral da Mesa<br \/>NPFG<br \/>Endere\u00e7o: Edif\u00edcio Principal &#8211; T\u00e9rreo<br \/>Telefone(s): 33035713<br \/>E-mail: npfg@senado.leg.brORDEM DO DIA<br \/>sexta-feira, 8 de agosto de 2025<br \/>154<br \/>24) CONSELHO DO DIPLOMA PAUL SINGER<br \/>(Resolu\u00e7\u00e3o do Senado Federal n\u00ba 9, de 2022.)<\/p>\n<p>Secretaria-Geral da Mesa<br \/>NPFG<br \/>Endere\u00e7o: Edif\u00edcio Principal &#8211; T\u00e9rreo<br \/>Telefone(s): 33035713<br \/>E-mail: npfg@senado.leg.brORDEM DO DIA<br \/>sexta-feira, 8 de agosto de 2025<br \/>155<br \/>25) COMENDA DE INCENTIVO \u00c0 CARIDADE CHICO XAVIER<br \/>(Resolu\u00e7\u00e3o do Senado Federal n\u00ba19, de 2020.)<br \/>PRESIDENTE:Senador Eduardo Gir\u00e3o  (NOVO-CE)<\/p>\n<p>Secretaria Geral da Mesa<br \/>NPFG<br \/>Telefone(s): 33035713<br \/>E-mail: npfg@senado.leg.brORDEM DO DIA<br \/>sexta-feira, 8 de agosto de 2025<br \/>156<br \/>26) MEDALHA MARIA QUIT\u00c9RIA<br \/>(Resolu\u00e7\u00e3o do Senado Federal n\u00ba 40, de 2022.)<\/p>\n<p>Secretaria-Geral da Mesa<br \/>NPFG<br \/>Endere\u00e7o: Edif\u00edcio Principal &#8211; T\u00e9rreo<br \/>Telefone(s): 33035713<br \/>E-mail: npfg@senado.leg.brORDEM DO DIA<br \/>sexta-feira, 8 de agosto de 2025<br \/>157<br \/>27) PR\u00caMIO DE EFICI\u00caNCIA EDUCACIONAL FLORESTAN FERNANDES<br \/>(Resolu\u00e7\u00e3o do Senado Federal n\u00ba 14, de 2022.)<\/p>\n<p>Secretaria-Geral da Mesa<br \/>NPFG<br \/>Endere\u00e7o: Edif\u00edcio Principal &#8211; T\u00e9rreo<br \/>Telefone(s): 33035713<br \/>E-mail: npfg@senado.leg.brORDEM DO DIA<br \/>sexta-feira, 8 de agosto de 2025<br \/>158<br \/>28) COMENDA GOVERNADORES PELA ALFABETIZA\u00c7\u00c3O DAS CRIAN\u00c7AS NA IDADE CERTA<br \/>(Resolu\u00e7\u00e3o do Senado Federal n\u00ba 8, de 2025.)<br \/>PRESIDENTE:  <br \/> ORDEM DO DIA<br \/>sexta-feira, 8 de agosto de 2025<br \/>159<br \/>29) CONSELHO DO PR\u00caMIO SENADO FEDERAL DE HIST\u00d3RIA DO BRASIL<br \/>(Resolu\u00e7\u00e3o do Senado Federal n\u00ba 36, de 2008)<\/p>\n<p>Secretaria-Geral da Mesa<br \/>NPFG<br \/>Endere\u00e7o: Edif\u00edcio Principal &#8211; T\u00e9rreo<br \/>Telefone(s): 33035713<br \/>E-mail: npfg@senado.leg.brORDEM DO DIA<br \/>sexta-feira, 8 de agosto de 2025<br \/>160<br \/>30) MEDALHA DE M\u00c9RITO EDUCACIONAL DARCY RIBEIRO<br \/>(Resolu\u00e7\u00e3o do Senado Federal n\u00ba 14, de 2022.)<\/p>\n<p>Secretaria-Geral da Mesa<br \/>NPFG<br \/>Endere\u00e7o: Edif\u00edcio Principal &#8211; T\u00e9rreo<br \/>Telefone(s): 33035713<br \/>E-mail: npfg@senado.leg.brORDEM DO DIA<br \/>sexta-feira, 8 de agosto de 2025<br \/>161<br \/>31) CONSELHO DO PR\u00caMIO JORNALISTA ROBERTO MARINHO DE M\u00c9RITO JORNAL\u00cdSTICO<br \/>(Resolu\u00e7\u00e3o do Senado Federal n\u00ba 08, de 2009)<br \/>1\u00aa Designa\u00e7\u00e3o:  01\/07\/2015<\/p>\n<p>Atualiza\u00e7\u00e3o:  01\/06\/2016<br \/>Secretaria-Geral da Mesa<br \/>NPFG<br \/>Endere\u00e7o: Edif\u00edcio Principal &#8211; T\u00e9rreo<br \/>Telefone(s): 33035713<br \/>E-mail: npfg@senado.leg.brORDEM DO DIA<br \/>sexta-feira, 8 de agosto de 2025<br \/>162<br \/>32) COMENDA CECI CUNHA<br \/>(Resolu\u00e7\u00e3o do Senado Federal n\u00ba 49, de 2024.)<br \/> ORDEM DO DIA<br \/>sexta-feira, 8 de agosto de 2025<br \/>163<br \/>33) COMENDA ZILDA ARNS<br \/>(Resolu\u00e7\u00e3o do Senado Federal n\u00ba 21, de 2017)<br \/>N\u00famero de membros: 0 titulares<\/p>\n<p>Secretaria Geral da Mesa<br \/>NPFG<br \/>Telefone(s): 5713<br \/>E-mail: npfg@senado.leg.br\u00cdNDICE<br \/>SESS\u00d5ES. . . . . . . . . . . . . . . . . . . . . . . . . . . . . . . . . . . . . . . . . . . . . . . . . . . . . . . . . . . . . . . . . . . . . . . . . . . . . . . . . . . . . . . . 2<br \/>SESS\u00c3O N\u00c3O DELIBERATIVA as 10:00h.<br \/>AVISOS, NOTAS E INFORMA\u00c7\u00d5ES<br \/>RESULTADO DAS DELIBERA\u00c7\u00d5ES DA SESS\u00c3O. . . . . . . . . . . . . . . . . . . . . . . . . . . . . . . . . . . . . . . . . . . . . . . . . . . . . . . . . . 3<br \/>PROPOSI\u00c7\u00d5ES QUE DEVER\u00c3O CONSTAR DA ORDEM DO DIA NAS TR\u00caS SESS\u00d5ES DELIBERATIVAS ORDIN\u00c1RIAS. . . . . . . 5<br \/>AGENDA PARA O M\u00caS ATUAL. . . . . . . . . . . . . . . . . . . . . . . . . . . . . . . . . . . . . . . . . . . . . . . . . . . . . . . . . . . . . . . . . . . . . . 6<br \/>AGENDA PARA O M\u00caS SEGUINTE. . . . . . . . . . . . . . . . . . . . . . . . . . . . . . . . . . . . . . . . . . . . . . . . . . . . . . . . . . . . . . . . . . . 8<br \/>CALEND\u00c1RIO DE SESS\u00d5ES PLEN\u00c1RIAS. . . . . . . . . . . . . . . . . . . . . . . . . . . . . . . . . . . . . . . . . . . . . . . . . . . . . . . . . . . . . . . 10<br \/>PROJETOS EM FASE DE INTERPOSI\u00c7\u00c3O DE RECURSO PERANTE A MESA. . . . . . . . . . . . . . . . . . . . . . . . . . . . . . . . . . . . 14<br \/>PROJETOS EM FASE DE RECEBIMENTO DE EMENDAS PERANTE A MESA. . . . . . . . . . . . . . . . . . . . . . . . . . . . . . . . . . . . 15<br \/>PROJETOS EM FASE DE RECEBIMENTO DE EMENDAS PERANTE AS COMISS\u00d5ES. . . . . . . . . . . . . . . . . . . . . . . . . . . . . . 16<br \/>COMEMORA\u00c7\u00d5ES ESPECIAIS. . . . . . . . . . . . . . . . . . . . . . . . . . . . . . . . . . . . . . . . . . . . . . . . . . . . . . . . . . . . . . . . . . . . . . 17<br \/>SESS\u00d5ES DE DEBATES TEM\u00c1TICOS. . . . . . . . . . . . . . . . . . . . . . . . . . . . . . . . . . . . . . . . . . . . . . . . . . . . . . . . . . . . . . . . . . 26<br \/>MAT\u00c9RIAS EM CONDI\u00c7\u00d5ES DE DELIBERA\u00c7\u00c3O PELO PLEN\u00c1RIO DO SENADO. . . . . . . . . . . . . . . . . . . . . . . . . . . . . . . . . 28<br \/>COMPOSI\u00c7\u00c3O<br \/>POR ESTADO. . . . . . . . . . . . . . . . . . . . . . . . . . . . . . . . . . . . . . . . . . . . . . . . . . . . . . . . . . . . . . . . . . . . . . . . . . . . . . . . . . . 73<br \/>POR BLOCO\/PARTIDO. . . . . . . . . . . . . . . . . . . . . . . . . . . . . . . . . . . . . . . . . . . . . . . . . . . . . . . . . . . . . . . . . . . . . . . . . . . 74<br \/>DOS PARTIDOS. . . . . . . . . . . . . . . . . . . . . . . . . . . . . . . . . . . . . . . . . . . . . . . . . . . . . . . . . . . . . . . . . . . . . . . . . . . . . . . . . 75<br \/>POR NOME. . . . . . . . . . . . . . . . . . . . . . . . . . . . . . . . . . . . . . . . . . . . . . . . . . . . . . . . . . . . . . . . . . . . . . . . . . . . . . . . . . . . 76<br \/>COMISS\u00c3O DIRETORA. . . . . . . . . . . . . . . . . . . . . . . . . . . . . . . . . . . . . . . . . . . . . . . . . . . . . . . . . . . . . . . . . . . . . . . . . . . 77<br \/>LIDERAN\u00c7AS. . . . . . . . . . . . . . . . . . . . . . . . . . . . . . . . . . . . . . . . . . . . . . . . . . . . . . . . . . . . . . . . . . . . . . . . . . . . . . . . . . . 78<br \/>COMISS\u00d5ES TEMPOR\u00c1RIAS. . . . . . . . . . . . . . . . . . . . . . . . . . . . . . . . . . . . . . . . . . . . . . . . . . . . . . . . . . . . . . . . . . . . . . . 81<br \/>COMISS\u00d5ES PARLAMENTARES DE INQU\u00c9RITO. . . . . . . . . . . . . . . . . . . . . . . . . . . . . . . . . . . . . . . . . . . . . . . . . . . . . . . . 85<br \/>COMISS\u00d5ES PERMANENTES E SUAS SUBCOMISS\u00d5ES. . . . . . . . . . . . . . . . . . . . . . . . . . . . . . . . . . . . . . . . . . . . . . . . . . . 87<br \/>CAE &#8211; COMISS\u00c3O DE ASSUNTOS ECON\u00d4MICOS. . . . . . . . . . . . . . . . . . . . . . . . . . . . . . . . . . . . . . . . . . . . . . . . . . . . . . . . 87<br \/>CAS &#8211; COMISS\u00c3O DE ASSUNTOS SOCIAIS. . . . . . . . . . . . . . . . . . . . . . . . . . . . . . . . . . . . . . . . . . . . . . . . . . . . . . . . . . . . . 90<br \/>CCJ &#8211; COMISS\u00c3O DE CONSTITUI\u00c7\u00c3O, JUSTI\u00c7A E CIDADANIA. . . . . . . . . . . . . . . . . . . . . . . . . . . . . . . . . . . . . . . . . . . . . . . 94<br \/>CE &#8211; COMISS\u00c3O DE EDUCA\u00c7\u00c3O E CULTURA. . . . . . . . . . . . . . . . . . . . . . . . . . . . . . . . . . . . . . . . . . . . . . . . . . . . . . . . . . . 96<br \/>CTFC &#8211; COMISS\u00c3O DE TRANSPAR\u00caNCIA, GOVERNAN\u00c7A, FISCALIZA\u00c7\u00c3O E CONTROLE E DEFESA DO CONSUMIDOR. . . . . . . . 100<br \/>CDH &#8211; COMISS\u00c3O DE DIREITOS HUMANOS E LEGISLA\u00c7\u00c3O PARTICIPATIVA. . . . . . . . . . . . . . . . . . . . . . . . . . . . . . . . . . . . . 102<br \/>CRE &#8211; COMISS\u00c3O DE RELA\u00c7\u00d5ES EXTERIORES E DEFESA NACIONAL. . . . . . . . . . . . . . . . . . . . . . . . . . . . . . . . . . . . . . . . . . 105<br \/>CI &#8211; COMISS\u00c3O DE SERVI\u00c7OS DE INFRAESTRUTURA. . . . . . . . . . . . . . . . . . . . . . . . . . . . . . . . . . . . . . . . . . . . . . . . . . . . 108<br \/>CDR &#8211; COMISS\u00c3O DE DESENVOLVIMENTO REGIONAL E TURISMO. . . . . . . . . . . . . . . . . . . . . . . . . . . . . . . . . . . . . . . . . . 111<br \/>CRA &#8211; COMISS\u00c3O DE AGRICULTURA E REFORMA AGR\u00c1RIA. . . . . . . . . . . . . . . . . . . . . . . . . . . . . . . . . . . . . . . . . . . . . . . 113<br \/>CCT &#8211; COMISS\u00c3O DE CI\u00caNCIA, TECNOLOGIA, INOVA\u00c7\u00c3O E INFORM\u00c1TICA. . . . . . . . . . . . . . . . . . . . . . . . . . . . . . . . . . . . . 116<br \/>CDD &#8211; COMISS\u00c3O DE DEFESA DA DEMOCRACIA. . . . . . . . . . . . . . . . . . . . . . . . . . . . . . . . . . . . . . . . . . . . . . . . . . . . . . . 119<br \/>CMA &#8211; COMISS\u00c3O DE MEIO AMBIENTE. . . . . . . . . . . . . . . . . . . . . . . . . . . . . . . . . . . . . . . . . . . . . . . . . . . . . . . . . . . . . 120<br \/>CSP &#8211; COMISS\u00c3O DE SEGURAN\u00c7A P\u00daBLICA. . . . . . . . . . . . . . . . . . . . . . . . . . . . . . . . . . . . . . . . . . . . . . . . . . . . . . . . . . 125<br \/>CCDD &#8211; COMISS\u00c3O DE COMUNICA\u00c7\u00c3O E DIREITO DIGITAL. . . . . . . . . . . . . . . . . . . . . . . . . . . . . . . . . . . . . . . . . . . . . . . 127<br \/>CEsp &#8211; COMISS\u00c3O DE ESPORTE. . . . . . . . . . . . . . . . . . . . . . . . . . . . . . . . . . . . . . . . . . . . . . . . . . . . . . . . . . . . . . . . . . . 130<br \/>CONSELHOS e \u00d3RG\u00c3OS. . . . . . . . . . . . . . . . . . . . . . . . . . . . . . . . . . . . . . . . . . . . . . . . . . . . . . . . . . . . . . . . . . . . . . . . . 131<br \/>CORREGEDORIA PARLAMENTAR. . . . . . . . . . . . . . . . . . . . . . . . . . . . . . . . . . . . . . . . . . . . . . . . . . . . . . . . . . . . . . . . . . 131<br \/>CONSELHO DE \u00c9TICA E DECORO PARLAMENTAR. . . . . . . . . . . . . . . . . . . . . . . . . . . . . . . . . . . . . . . . . . . . . . . . . . . . . . . 132<br \/>CONSELHO DO DIPLOMA BERTHA LUTZ. . . . . . . . . . . . . . . . . . . . . . . . . . . . . . . . . . . . . . . . . . . . . . . . . . . . . . . . . . . . . 133<br \/>CONSELHO DA COMENDA DE DIREITOS HUMANOS DOM H\u00c9LDER C\u00c2MARA. . . . . . . . . . . . . . . . . . . . . . . . . . . . . . . . . . . 134<br \/>CONSELHO DO PR\u00caMIO M\u00c9RITO AMBIENTAL. . . . . . . . . . . . . . . . . . . . . . . . . . . . . . . . . . . . . . . . . . . . . . . . . . . . . . . . . 135<br \/>CONSELHO DA COMENDA DORINA DE GOUV\u00caA NOWILL. . . . . . . . . . . . . . . . . . . . . . . . . . . . . . . . . . . . . . . . . . . . . . . . 136<br \/>CONSELHO DA COMENDA SENADOR ABDIAS NASCIMENTO. . . . . . . . . . . . . . . . . . . . . . . . . . . . . . . . . . . . . . . . . . . . . . 137<br \/>PROCURADORIA PARLAMENTAR. . . . . . . . . . . . . . . . . . . . . . . . . . . . . . . . . . . . . . . . . . . . . . . . . . . . . . . . . . . . . . . . . . 138<br \/>PROCURADORIA ESPECIAL DA MULHER. . . . . . . . . . . . . . . . . . . . . . . . . . . . . . . . . . . . . . . . . . . . . . . . . . . . . . . . . . . . . 139<br \/>OUVIDORIA DO SENADO FEDERAL. . . . . . . . . . . . . . . . . . . . . . . . . . . . . . . . . . . . . . . . . . . . . . . . . . . . . . . . . . . . . . . . 140<br \/>CONSELHO DO PROJETO JOVEM SENADOR. . . . . . . . . . . . . . . . . . . . . . . . . . . . . . . . . . . . . . . . . . . . . . . . . . . . . . . . . . 141<br \/>COMENDA REI PEL\u00c9. . . . . . . . . . . . . . . . . . . . . . . . . . . . . . . . . . . . . . . . . . . . . . . . . . . . . . . . . . . . . . . . . . . . . . . . . . . 142<br \/>CONSELHO DO SELO ZUMBI DOS PALMARES. . . . . . . . . . . . . . . . . . . . . . . . . . . . . . . . . . . . . . . . . . . . . . . . . . . . . . . . . 143<br \/>COMENDA NISE MAGALH\u00c3ES DA SILVEIRA. . . . . . . . . . . . . . . . . . . . . . . . . . . . . . . . . . . . . . . . . . . . . . . . . . . . . . . . . . 144<br \/>CONSELHO DO PR\u00caMIO ADO\u00c7\u00c3O TARDIA &#8211; GESTO REDOBRADO DE CIDADANIA. . . . . . . . . . . . . . . . . . . . . . . . . . . . . . . . 145<br \/>COMENDA SANTA DULCE DOS POBRES. . . . . . . . . . . . . . . . . . . . . . . . . . . . . . . . . . . . . . . . . . . . . . . . . . . . . . . . . . . . . 146<br \/>CONSELHO DO PR\u00caMIO JOVEM EMPREENDEDOR. . . . . . . . . . . . . . . . . . . . . . . . . . . . . . . . . . . . . . . . . . . . . . . . . . . . . 147<br \/>CONSELHO DO PR\u00caMIO TR\u00c2NSITO SEGURO &#8211; GESTO REDOBRADO PARA O FUTURO. . . . . . . . . . . . . . . . . . . . . . . . . . . . . 148<br \/>COMENDA DE INCENTIVO \u00c0 CULTURA LU\u00cdS DA C\u00c2MARA CASCUDO. . . . . . . . . . . . . . . . . . . . . . . . . . . . . . . . . . . . . . . . . 149<br \/>COMENDA MISSION\u00c1RIOS DANIEL BERG E GUNNAR VINGREN. . . . . . . . . . . . . . . . . . . . . . . . . . . . . . . . . . . . . . . . . . . . 150<br \/>COMENDA DO M\u00c9RITO FUTEBOL\u00cdSTICO ASSOCIA\u00c7\u00c3O CHAPECOENSE DE FUTEBOL. . . . . . . . . . . . . . . . . . . . . . . . . . . . . . 151CONSELHO DO PR\u00caMIO CHICO MENDES. . . . . . . . . . . . . . . . . . . . . . . . . . . . . . . . . . . . . . . . . . . . . . . . . . . . . . . . . . . . 152<br \/>CONSELHO DA COMENDA DO M\u00c9RITO ESPORTIVO. . . . . . . . . . . . . . . . . . . . . . . . . . . . . . . . . . . . . . . . . . . . . . . . . . . . 153<br \/>CONSELHO DO DIPLOMA PAUL SINGER. . . . . . . . . . . . . . . . . . . . . . . . . . . . . . . . . . . . . . . . . . . . . . . . . . . . . . . . . . . . . 154<br \/>COMENDA DE INCENTIVO \u00c0 CARIDADE CHICO XAVIER. . . . . . . . . . . . . . . . . . . . . . . . . . . . . . . . . . . . . . . . . . . . . . . . . . 155<br \/>MEDALHA MARIA QUIT\u00c9RIA. . . . . . . . . . . . . . . . . . . . . . . . . . . . . . . . . . . . . . . . . . . . . . . . . . . . . . . . . . . . . . . . . . . . . 156<br \/>PR\u00caMIO DE EFICI\u00caNCIA EDUCACIONAL FLORESTAN FERNANDES. . . . . . . . . . . . . . . . . . . . . . . . . . . . . . . . . . . . . . . . . . . 157<br \/>COMENDA GOVERNADORES PELA ALFABETIZA\u00c7\u00c3O DAS CRIAN\u00c7AS NA IDADE CERTA. . . . . . . . . . . . . . . . . . . . . . . . . . . . . 158<br \/>CONSELHO DO PR\u00caMIO SENADO FEDERAL DE HIST\u00d3RIA DO BRASIL. . . . . . . . . . . . . . . . . . . . . . . . . . . . . . . . . . . . . . . . 159<br \/>MEDALHA DE M\u00c9RITO EDUCACIONAL DARCY RIBEIRO. . . . . . . . . . . . . . . . . . . . . . . . . . . . . . . . . . . . . . . . . . . . . . . . . . 160<br \/>CONSELHO DO PR\u00caMIO JORNALISTA ROBERTO MARINHO DE M\u00c9RITO JORNAL\u00cdSTICO. . . . . . . . . . . . . . . . . . . . . . . . . . . . 161<br \/>COMENDA CECI CUNHA. . . . . . . . . . . . . . . . . . . . . . . . . . . . . . . . . . . . . . . . . . . . . . . . . . . . . . . . . . . . . . . . . . . . . . . . 162<br \/>COMENDA ZILDA ARNS. . . . . . . . . . . . . . . . . . . . . . . . . . . . . . . . . . . . . . . . . . . . . . . . . . . . . . . . . . . . . . . . . . . . . . . . 163<br \/>RELAT\u00d3RIO MENSAL DA ATIVIDADE LEGISLATIVA. . . . . . . . http:\/\/www25.senado.leg.br\/web\/atividade\/relatorios-mensais<\/article>\n<p><\/p>\n<div style=\"text-align: center\">\n      <img decoding=\"async\" style=\"width: 14%;\" src=\"https:\/\/www.legislapp.com.br\/wp-content\/uploads\/2021\/07\/Logo-Legislapp-1-03-1.png\"><br \/>\n      <\/p>\n<div style=\"margin-bottom: 20px;\" class=\"et_pb_button_module_wrapper et_pb_button_5_tb_body_wrapper et_pb_button_alignment_center et_pb_module \">\n         <a class=\"et_pb_button et_pb_button_5_tb_body et_hover_enabled et_pb_bg_layout_dark\" style=\"width: 50%;background-color: black;\" href=\"https:\/\/app.legislapp.com.br\" target=\"_blank\" rel=\"noopener\">Visualizar completo na nossa plataforma (30 dias gr\u00e1tis)<\/a><\/p><\/div>\n<p>      <a href=\"https:\/\/play.google.com\/store\/apps\/details?id=br.com.legislapp\"><img decoding=\"async\" style=\"width: 15%; min-width: 130px;\" src=\"https:\/\/www.legislapp.com.br\/wp-content\/uploads\/google-play.png\"><\/a><br \/>\n      <a href=\"https:\/\/apps.apple.com\/us\/app\/legislapp\/id1568929859\"><img decoding=\"async\" style=\"width: 15%; min-width: 130px\" src=\"https:\/\/www.legislapp.com.br\/wp-content\/uploads\/apple-store.png\"><\/a>\n   <\/div>\n","protected":false},"excerpt":{"rendered":"<p>Friday, August 8, 2025 &#8211; SENADO FEDERALSECRETARIA-GERAL DA MESA3\u00aa SESS\u00c3O LEGISLATIVA ORDIN\u00c1RIA DA57\u00aa LEGISLATURAEm 8 de agosto de 2025(sexta-feira)https:\/\/legis.senado.leg.br\/ordiaportal\/casa\/SF Secretaria Legislativa do Senado Federal (55 61 3303-4554 \/ 3303-2059)Atualizado em 07\/08\/2025 19:43ORDEM DO DIAsexta-feira, 8 de agosto de 20252\u00c0s 10 horasSess\u00e3o N\u00e3o DeliberativaOradores Inscritos1. Senador Eduardo Gir\u00e3o 2. Senador Paulo PaimORDEM DO DIAsexta-feira, 8 de [&hellip;]<\/p>\n","protected":false},"author":1,"featured_media":0,"parent":0,"menu_order":0,"comment_status":"closed","ping_status":"closed","template":"page-template-blank.php","meta":{"_et_pb_use_builder":"","_et_pb_old_content":"","_et_gb_content_width":"1080","ngg_post_thumbnail":0,"footnotes":""},"class_list":["post-8120","page","type-page","status-publish","hentry"],"yoast_head":"<!-- This site is optimized with the Yoast SEO plugin v24.4 - https:\/\/yoast.com\/wordpress\/plugins\/seo\/ -->\n<title>- Legislapp<\/title>\n<meta name=\"robots\" content=\"index, follow, max-snippet:-1, max-image-preview:large, max-video-preview:-1\" \/>\n<link rel=\"canonical\" href=\"https:\/\/www.legislapp.com.br\/index.php\/ordem-dia-senado-friday-august-8-2025-2\/\" \/>\n<meta property=\"og:locale\" content=\"pt_BR\" \/>\n<meta property=\"og:type\" content=\"article\" \/>\n<meta property=\"og:title\" content=\"- Legislapp\" \/>\n<meta property=\"og:description\" content=\"Friday, August 8, 2025 &#8211; SENADO FEDERALSECRETARIA-GERAL DA MESA3\u00aa SESS\u00c3O LEGISLATIVA ORDIN\u00c1RIA DA57\u00aa LEGISLATURAEm 8 de agosto de 2025(sexta-feira)https:\/\/legis.senado.leg.br\/ordiaportal\/casa\/SF Secretaria Legislativa do Senado Federal (55 61 3303-4554 \/ 3303-2059)Atualizado em 07\/08\/2025 19:43ORDEM DO DIAsexta-feira, 8 de agosto de 20252\u00c0s 10 horasSess\u00e3o N\u00e3o DeliberativaOradores Inscritos1. Senador Eduardo Gir\u00e3o 2. Senador Paulo PaimORDEM DO DIAsexta-feira, 8 de [&hellip;]\" \/>\n<meta property=\"og:url\" content=\"https:\/\/www.legislapp.com.br\/index.php\/ordem-dia-senado-friday-august-8-2025-2\/\" \/>\n<meta property=\"og:site_name\" content=\"Legislapp\" \/>\n<meta property=\"article:publisher\" content=\"https:\/\/www.instagram.com\/legislapp\/\" \/>\n<meta property=\"og:image\" content=\"https:\/\/www.legislapp.com.br\/wp-content\/uploads\/2021\/07\/Logo-Legislapp-1-03-1.png\" \/>\n<meta name=\"twitter:card\" content=\"summary_large_image\" \/>\n<meta name=\"twitter:label1\" content=\"Est. tempo de leitura\" \/>\n\t<meta name=\"twitter:data1\" content=\"244 minutos\" \/>\n<script type=\"application\/ld+json\" class=\"yoast-schema-graph\">{\"@context\":\"https:\/\/schema.org\",\"@graph\":[{\"@type\":\"WebPage\",\"@id\":\"https:\/\/www.legislapp.com.br\/index.php\/ordem-dia-senado-friday-august-8-2025-2\/\",\"url\":\"https:\/\/www.legislapp.com.br\/index.php\/ordem-dia-senado-friday-august-8-2025-2\/\",\"name\":\"- Legislapp\",\"isPartOf\":{\"@id\":\"https:\/\/www.legislapp.com.br\/#website\"},\"primaryImageOfPage\":{\"@id\":\"https:\/\/www.legislapp.com.br\/index.php\/ordem-dia-senado-friday-august-8-2025-2\/#primaryimage\"},\"image\":{\"@id\":\"https:\/\/www.legislapp.com.br\/index.php\/ordem-dia-senado-friday-august-8-2025-2\/#primaryimage\"},\"thumbnailUrl\":\"https:\/\/www.legislapp.com.br\/wp-content\/uploads\/2021\/07\/Logo-Legislapp-1-03-1.png\",\"datePublished\":\"2025-09-17T17:07:44+00:00\",\"inLanguage\":\"pt-BR\",\"potentialAction\":[{\"@type\":\"ReadAction\",\"target\":[\"https:\/\/www.legislapp.com.br\/index.php\/ordem-dia-senado-friday-august-8-2025-2\/\"]}]},{\"@type\":\"ImageObject\",\"inLanguage\":\"pt-BR\",\"@id\":\"https:\/\/www.legislapp.com.br\/index.php\/ordem-dia-senado-friday-august-8-2025-2\/#primaryimage\",\"url\":\"https:\/\/www.legislapp.com.br\/wp-content\/uploads\/2021\/07\/Logo-Legislapp-1-03-1.png\",\"contentUrl\":\"https:\/\/www.legislapp.com.br\/wp-content\/uploads\/2021\/07\/Logo-Legislapp-1-03-1.png\",\"width\":2679,\"height\":2697},{\"@type\":\"WebSite\",\"@id\":\"https:\/\/www.legislapp.com.br\/#website\",\"url\":\"https:\/\/www.legislapp.com.br\/\",\"name\":\"Legislapp\",\"description\":\"Intelig\u00eancia governamental em tempo real\",\"publisher\":{\"@id\":\"https:\/\/www.legislapp.com.br\/#organization\"},\"potentialAction\":[{\"@type\":\"SearchAction\",\"target\":{\"@type\":\"EntryPoint\",\"urlTemplate\":\"https:\/\/www.legislapp.com.br\/?s={search_term_string}\"},\"query-input\":{\"@type\":\"PropertyValueSpecification\",\"valueRequired\":true,\"valueName\":\"search_term_string\"}}],\"inLanguage\":\"pt-BR\"},{\"@type\":\"Organization\",\"@id\":\"https:\/\/www.legislapp.com.br\/#organization\",\"name\":\"Legislapp Monitoramento e Intelig\u00eancia Governamental\",\"url\":\"https:\/\/www.legislapp.com.br\/\",\"logo\":{\"@type\":\"ImageObject\",\"inLanguage\":\"pt-BR\",\"@id\":\"https:\/\/www.legislapp.com.br\/#\/schema\/logo\/image\/\",\"url\":\"https:\/\/www.legislapp.com.br\/wp-content\/uploads\/icon.png\",\"contentUrl\":\"https:\/\/www.legislapp.com.br\/wp-content\/uploads\/icon.png\",\"width\":1024,\"height\":1024,\"caption\":\"Legislapp Monitoramento e Intelig\u00eancia Governamental\"},\"image\":{\"@id\":\"https:\/\/www.legislapp.com.br\/#\/schema\/logo\/image\/\"},\"sameAs\":[\"https:\/\/www.instagram.com\/legislapp\/\"]}]}<\/script>\n<!-- \/ Yoast SEO plugin. -->","yoast_head_json":{"title":"- Legislapp","robots":{"index":"index","follow":"follow","max-snippet":"max-snippet:-1","max-image-preview":"max-image-preview:large","max-video-preview":"max-video-preview:-1"},"canonical":"https:\/\/www.legislapp.com.br\/index.php\/ordem-dia-senado-friday-august-8-2025-2\/","og_locale":"pt_BR","og_type":"article","og_title":"- Legislapp","og_description":"Friday, August 8, 2025 &#8211; SENADO FEDERALSECRETARIA-GERAL DA MESA3\u00aa SESS\u00c3O LEGISLATIVA ORDIN\u00c1RIA DA57\u00aa LEGISLATURAEm 8 de agosto de 2025(sexta-feira)https:\/\/legis.senado.leg.br\/ordiaportal\/casa\/SF Secretaria Legislativa do Senado Federal (55 61 3303-4554 \/ 3303-2059)Atualizado em 07\/08\/2025 19:43ORDEM DO DIAsexta-feira, 8 de agosto de 20252\u00c0s 10 horasSess\u00e3o N\u00e3o DeliberativaOradores Inscritos1. Senador Eduardo Gir\u00e3o 2. Senador Paulo PaimORDEM DO DIAsexta-feira, 8 de [&hellip;]","og_url":"https:\/\/www.legislapp.com.br\/index.php\/ordem-dia-senado-friday-august-8-2025-2\/","og_site_name":"Legislapp","article_publisher":"https:\/\/www.instagram.com\/legislapp\/","og_image":[{"url":"https:\/\/www.legislapp.com.br\/wp-content\/uploads\/2021\/07\/Logo-Legislapp-1-03-1.png","type":"","width":"","height":""}],"twitter_card":"summary_large_image","twitter_misc":{"Est. tempo de leitura":"244 minutos"},"schema":{"@context":"https:\/\/schema.org","@graph":[{"@type":"WebPage","@id":"https:\/\/www.legislapp.com.br\/index.php\/ordem-dia-senado-friday-august-8-2025-2\/","url":"https:\/\/www.legislapp.com.br\/index.php\/ordem-dia-senado-friday-august-8-2025-2\/","name":"- Legislapp","isPartOf":{"@id":"https:\/\/www.legislapp.com.br\/#website"},"primaryImageOfPage":{"@id":"https:\/\/www.legislapp.com.br\/index.php\/ordem-dia-senado-friday-august-8-2025-2\/#primaryimage"},"image":{"@id":"https:\/\/www.legislapp.com.br\/index.php\/ordem-dia-senado-friday-august-8-2025-2\/#primaryimage"},"thumbnailUrl":"https:\/\/www.legislapp.com.br\/wp-content\/uploads\/2021\/07\/Logo-Legislapp-1-03-1.png","datePublished":"2025-09-17T17:07:44+00:00","inLanguage":"pt-BR","potentialAction":[{"@type":"ReadAction","target":["https:\/\/www.legislapp.com.br\/index.php\/ordem-dia-senado-friday-august-8-2025-2\/"]}]},{"@type":"ImageObject","inLanguage":"pt-BR","@id":"https:\/\/www.legislapp.com.br\/index.php\/ordem-dia-senado-friday-august-8-2025-2\/#primaryimage","url":"https:\/\/www.legislapp.com.br\/wp-content\/uploads\/2021\/07\/Logo-Legislapp-1-03-1.png","contentUrl":"https:\/\/www.legislapp.com.br\/wp-content\/uploads\/2021\/07\/Logo-Legislapp-1-03-1.png","width":2679,"height":2697},{"@type":"WebSite","@id":"https:\/\/www.legislapp.com.br\/#website","url":"https:\/\/www.legislapp.com.br\/","name":"Legislapp","description":"Intelig\u00eancia governamental em tempo real","publisher":{"@id":"https:\/\/www.legislapp.com.br\/#organization"},"potentialAction":[{"@type":"SearchAction","target":{"@type":"EntryPoint","urlTemplate":"https:\/\/www.legislapp.com.br\/?s={search_term_string}"},"query-input":{"@type":"PropertyValueSpecification","valueRequired":true,"valueName":"search_term_string"}}],"inLanguage":"pt-BR"},{"@type":"Organization","@id":"https:\/\/www.legislapp.com.br\/#organization","name":"Legislapp Monitoramento e Intelig\u00eancia Governamental","url":"https:\/\/www.legislapp.com.br\/","logo":{"@type":"ImageObject","inLanguage":"pt-BR","@id":"https:\/\/www.legislapp.com.br\/#\/schema\/logo\/image\/","url":"https:\/\/www.legislapp.com.br\/wp-content\/uploads\/icon.png","contentUrl":"https:\/\/www.legislapp.com.br\/wp-content\/uploads\/icon.png","width":1024,"height":1024,"caption":"Legislapp Monitoramento e Intelig\u00eancia Governamental"},"image":{"@id":"https:\/\/www.legislapp.com.br\/#\/schema\/logo\/image\/"},"sameAs":["https:\/\/www.instagram.com\/legislapp\/"]}]}},"_links":{"self":[{"href":"https:\/\/www.legislapp.com.br\/index.php\/wp-json\/wp\/v2\/pages\/8120","targetHints":{"allow":["GET"]}}],"collection":[{"href":"https:\/\/www.legislapp.com.br\/index.php\/wp-json\/wp\/v2\/pages"}],"about":[{"href":"https:\/\/www.legislapp.com.br\/index.php\/wp-json\/wp\/v2\/types\/page"}],"author":[{"embeddable":true,"href":"https:\/\/www.legislapp.com.br\/index.php\/wp-json\/wp\/v2\/users\/1"}],"replies":[{"embeddable":true,"href":"https:\/\/www.legislapp.com.br\/index.php\/wp-json\/wp\/v2\/comments?post=8120"}],"version-history":[{"count":0,"href":"https:\/\/www.legislapp.com.br\/index.php\/wp-json\/wp\/v2\/pages\/8120\/revisions"}],"wp:attachment":[{"href":"https:\/\/www.legislapp.com.br\/index.php\/wp-json\/wp\/v2\/media?parent=8120"}],"curies":[{"name":"wp","href":"https:\/\/api.w.org\/{rel}","templated":true}]}}