{"id":8245,"date":"2025-10-08T11:21:52","date_gmt":"2025-10-08T14:21:52","guid":{"rendered":"https:\/\/www.legislapp.com.br\/index.php\/cam-legislativa-de-mg-pl-4421-2025\/"},"modified":"2025-10-08T11:21:52","modified_gmt":"2025-10-08T14:21:52","slug":"cam-legislativa-de-mg-pl-4421-2025","status":"publish","type":"page","link":"https:\/\/www.legislapp.com.br\/index.php\/cam-legislativa-de-mg-pl-4421-2025\/","title":{"rendered":"PL 4421\/2025 &#8211; Deputados"},"content":{"rendered":"<h1 style='text-align: center;'>C\u00e2m. Legislativa de MG &#8211; Autoria de Deputados<\/h3>\n<p><\/p>\n<article style='text-align: center'>Declara de utilidade p\u00fablica a Associa\u00e7\u00e3o Protetores dos Animais<br \/>\nAbandonados do Munic\u00edpio de Ilic\u00ednea &#8211; S.O.S Amigos de 4 Patas, com sede<br \/>\nno Munic\u00edpio de Ilic\u00ednea.<\/article>\n<p><\/p>\n<p style='text-align: center'><a href='https:\/\/app.legislapp.com.br\/#\/busca?termo='><\/a><\/p>\n<p><\/p>\n<article>Declara de utilidade p\u00fablica a Associa\u00e7\u00e3o Protetores dos Animais Abandonados do munic\u00edpio de Ilic\u00ednea \u2013 S.O.S. Amigos de 4 Patas \u2013, com sede no Munic\u00edpio de Ilic\u00ednea.<br \/>\nA Assembleia Legislativa do Estado de Minas Gerais decreta:<br \/>\nArt. 1\u00ba \u2013 Fica declarada de utilidade p\u00fablica a Associa\u00e7\u00e3o Protetores dos Animais Abandonados do munic\u00edpio de Ilic\u00ednea \u2013 S.O.S. Amigos de 4 Patas \u2013, com sede no Munic\u00edpio de Ilic\u00ednea.<br \/>\nArt. 2\u00ba \u2013 Esta lei entra em vigor na data de sua publica\u00e7\u00e3o.<br \/>\nSala das Reuni\u00f5es, 5 de setembro de 2025.<br \/>\nAntonio Carlos Arantes (PL)<br \/>\nJustifica\u00e7\u00e3o: O presente Projeto de Lei tem por finalidade declarar a Associa\u00e7\u00e3o S.O.S. Amigos de 4 Patas, entidade protetora dos animais abandonados do munic\u00edpio de Ilic\u00ednea, como de utilidade p\u00fablica estadual, em reconhecimento \u00e0 relevante atua\u00e7\u00e3o que desenvolve na promo\u00e7\u00e3o do bem-estar animal e na conscientiza\u00e7\u00e3o social.<br \/>\nA Associa\u00e7\u00e3o se consolidou como refer\u00eancia no atendimento a animais v\u00edtimas de abandono, maus-tratos e acidentes, oferecendo assist\u00eancia veterin\u00e1ria, alimenta\u00e7\u00e3o, resgate e encaminhamento para ado\u00e7\u00e3o respons\u00e1vel.<br \/>\nSua atua\u00e7\u00e3o transcende a esfera animal, impactando tamb\u00e9m a vida de in\u00fameros cidad\u00e3os, na medida em que promove sa\u00fade p\u00fablica, qualidade de vida e fortalecimento dos valores de solidariedade e respeito \u00e0 vida. A entidade tem se colocado na linha de frente junto aos setores p\u00fablico e privado, na busca pelo reconhecimento e efetiva\u00e7\u00e3o dos direitos que tamb\u00e9m devem ser assegurados aos animais \u2013 trabalho esse que traduz o esfor\u00e7o constante em dar voz \u00e0queles que n\u00e3o conseguem se comunicar, demonstrando a import\u00e2ncia de preservar e valorizar a vida em todas as suas formas.<br \/>\nEntre suas atividades mais expressivas se destacam as campanhas educativas voltadas \u00e0 posse respons\u00e1vel, \u00e0 preven\u00e7\u00e3o da viol\u00eancia contra animais, \u00e0 esteriliza\u00e7\u00e3o e aos cuidados b\u00e1sicos; as ado\u00e7\u00f5es respons\u00e1veis, que j\u00e1 mudaram o destino de dezenas de animais ao promoverem lares seguros e afetivos; os tratamentos complexos, como quimioterapia, cuidados contra mi\u00edase, sarna e doen\u00e7a do carrapato, que garantem dignidade e recupera\u00e7\u00e3o a casos graves; a mobiliza\u00e7\u00e3o comunit\u00e1ria, realizada por meio de rifas, bazares solid\u00e1rios, sorteios, vaquinhas e eventos beneficentes, viabilizando recursos para custear resgates e tratamentos; e ainda a\u00e7\u00f5es inovadoras, como campanhas de hidrata\u00e7\u00e3o de animais de rua, doa\u00e7\u00e3o de vacinas V8, comemora\u00e7\u00e3o do Dia Mundial do Animal, entre outras que integram a comunidade ao cuidado coletivo.<br \/>\nConsiderando essa extensa lista de objetivos e realiza\u00e7\u00f5es, a declara\u00e7\u00e3o do S.O.S. Amigos de 4 Patas de Ilic\u00ednea como utilidade p\u00fablica do estado de Minas Gerais ser\u00e1 um marco importante para a consolida\u00e7\u00e3o do trabalho social da entidade. Esse reconhecimento proporcionar\u00e1 maior seguran\u00e7a jur\u00eddica para a celebra\u00e7\u00e3o de conv\u00eanios, acesso a benef\u00edcios fiscais que multiplicam o impacto das doa\u00e7\u00f5es, fortalecimento da rede de conselhos comunit\u00e1rios de seguran\u00e7a e est\u00edmulo \u00e0 participa\u00e7\u00e3o de novos volunt\u00e1rios e parceiros.<br \/>\nVale ressaltar que a entidade obteve o t\u00edtulo de utilidade p\u00fablica municipal em maio de 2025, reconhecimento que reflete sua seriedade, legitimidade e impacto positivo j\u00e1 consolidado. Dessa forma, o Estado reconhecer\u00e1 oficialmente um trabalho que j\u00e1 vem gerando resultados, n\u00e3o s\u00f3 em Ilic\u00ednea, mas tamb\u00e9m em seu entorno.<br \/>\nEm um cen\u00e1rio em que, muitas vezes, os animais s\u00e3o relegados a segundo plano, iniciativas como a da Associa\u00e7\u00e3o S.O.S. Amigos de 4 Patas tornam-se ainda mais relevantes, pois colocam os interesses e o bem-estar desses seres vivos \u00e0 frente, dedicando esfor\u00e7os, recursos e tempo \u00e0 melhoria de sua qualidade de vida. Essa dedica\u00e7\u00e3o, que alia compaix\u00e3o, responsabilidade social e consci\u00eancia ambiental, \u00e9 um exemplo de cidadania ativa e comprometida com a constru\u00e7\u00e3o de uma sociedade mais justa e solid\u00e1ria.<br \/>\nAssim, ao declarar a Associa\u00e7\u00e3o S.O.S. Amigos de 4 Patas de Ilic\u00ednea como de utilidade p\u00fablica estadual, esta Casa Legislativa reafirma seu compromisso com a prote\u00e7\u00e3o animal, a sa\u00fade p\u00fablica e o fortalecimento da cidadania. Mais do que um ato formal, trata-se do reconhecimento de uma hist\u00f3ria marcada por dedica\u00e7\u00e3o, amor, responsabilidade social e incont\u00e1veis vidas transformadas.<br \/>\n\u2013 Publicado, vai o projeto \u00e0s Comiss\u00f5es de Justi\u00e7a, para exame preliminar, e de Meio Ambiente, para delibera\u00e7\u00e3o, nos termos do art. 188, c\/c o art. 103, inciso I, do Regimento Interno.<\/article>\n<div style=\"text-align: center\">\n<div style=\"margin-bottom: 20px;\" class=\"et_pb_button_module_wrapper et_pb_button_5_tb_body_wrapper et_pb_button_alignment_center et_pb_module \">\n         <a class=\"et_pb_button et_pb_button_5_tb_body et_hover_enabled et_pb_bg_layout_dark\" style=\"width: 50%;background-color: black;\" href=\"https:\/\/app.legislapp.com.br\" target=\"_blank\" rel=\"noopener\">Visualizar completo na nossa plataforma (30 dias gr\u00e1tis)<\/a><\/p><\/div>\n<p>      <a href=\"https:\/\/play.google.com\/store\/apps\/details?id=br.com.legislapp\"><img decoding=\"async\" style=\"width: 15%; min-width: 130px;\" src=\"https:\/\/www.legislapp.com.br\/wp-content\/uploads\/google-play.png\"><\/a><br \/>\n      <a href=\"https:\/\/apps.apple.com\/us\/app\/legislapp\/id1568929859\"><img decoding=\"async\" style=\"width: 15%; min-width: 130px\" src=\"https:\/\/www.legislapp.com.br\/wp-content\/uploads\/apple-store.png\"><\/a>\n   <\/div>\n","protected":false},"excerpt":{"rendered":"<p>C\u00e2m. Legislativa de MG &#8211; Autoria de Deputados Declara de utilidade p\u00fablica a Associa\u00e7\u00e3o Protetores dos Animais Abandonados do Munic\u00edpio de Ilic\u00ednea &#8211; S.O.S Amigos de 4 Patas, com sede no Munic\u00edpio de Ilic\u00ednea. Declara de utilidade p\u00fablica a Associa\u00e7\u00e3o Protetores dos Animais Abandonados do munic\u00edpio de Ilic\u00ednea \u2013 S.O.S. Amigos de 4 Patas \u2013, [&hellip;]<\/p>\n","protected":false},"author":1,"featured_media":0,"parent":0,"menu_order":0,"comment_status":"closed","ping_status":"closed","template":"page-template-blank.php","meta":{"_et_pb_use_builder":"","_et_pb_old_content":"","_et_gb_content_width":"1080","ngg_post_thumbnail":0,"footnotes":""},"class_list":["post-8245","page","type-page","status-publish","hentry"],"yoast_head":"<!-- This site is optimized with the Yoast SEO plugin v24.4 - https:\/\/yoast.com\/wordpress\/plugins\/seo\/ -->\n<title>PL 4421\/2025 - Deputados - Legislapp<\/title>\n<meta name=\"robots\" content=\"index, follow, max-snippet:-1, max-image-preview:large, max-video-preview:-1\" \/>\n<link rel=\"canonical\" href=\"https:\/\/www.legislapp.com.br\/index.php\/cam-legislativa-de-mg-pl-4421-2025\/\" \/>\n<meta property=\"og:locale\" content=\"pt_BR\" \/>\n<meta property=\"og:type\" content=\"article\" \/>\n<meta property=\"og:title\" content=\"PL 4421\/2025 - Deputados - Legislapp\" \/>\n<meta property=\"og:description\" content=\"C\u00e2m. Legislativa de MG &#8211; Autoria de Deputados Declara de utilidade p\u00fablica a Associa\u00e7\u00e3o Protetores dos Animais Abandonados do Munic\u00edpio de Ilic\u00ednea &#8211; S.O.S Amigos de 4 Patas, com sede no Munic\u00edpio de Ilic\u00ednea. Declara de utilidade p\u00fablica a Associa\u00e7\u00e3o Protetores dos Animais Abandonados do munic\u00edpio de Ilic\u00ednea \u2013 S.O.S. Amigos de 4 Patas \u2013, [&hellip;]\" \/>\n<meta property=\"og:url\" content=\"https:\/\/www.legislapp.com.br\/index.php\/cam-legislativa-de-mg-pl-4421-2025\/\" \/>\n<meta property=\"og:site_name\" content=\"Legislapp\" \/>\n<meta property=\"article:publisher\" content=\"https:\/\/www.instagram.com\/legislapp\/\" \/>\n<meta property=\"og:image\" content=\"https:\/\/www.legislapp.com.br\/wp-content\/uploads\/google-play.png\" \/>\n<meta name=\"twitter:card\" content=\"summary_large_image\" \/>\n<meta name=\"twitter:label1\" content=\"Est. tempo de leitura\" \/>\n\t<meta name=\"twitter:data1\" content=\"4 minutos\" \/>\n<script type=\"application\/ld+json\" class=\"yoast-schema-graph\">{\"@context\":\"https:\/\/schema.org\",\"@graph\":[{\"@type\":\"WebPage\",\"@id\":\"https:\/\/www.legislapp.com.br\/index.php\/cam-legislativa-de-mg-pl-4421-2025\/\",\"url\":\"https:\/\/www.legislapp.com.br\/index.php\/cam-legislativa-de-mg-pl-4421-2025\/\",\"name\":\"PL 4421\/2025 - Deputados - Legislapp\",\"isPartOf\":{\"@id\":\"https:\/\/www.legislapp.com.br\/#website\"},\"primaryImageOfPage\":{\"@id\":\"https:\/\/www.legislapp.com.br\/index.php\/cam-legislativa-de-mg-pl-4421-2025\/#primaryimage\"},\"image\":{\"@id\":\"https:\/\/www.legislapp.com.br\/index.php\/cam-legislativa-de-mg-pl-4421-2025\/#primaryimage\"},\"thumbnailUrl\":\"https:\/\/www.legislapp.com.br\/wp-content\/uploads\/google-play.png\",\"datePublished\":\"2025-10-08T14:21:52+00:00\",\"breadcrumb\":{\"@id\":\"https:\/\/www.legislapp.com.br\/index.php\/cam-legislativa-de-mg-pl-4421-2025\/#breadcrumb\"},\"inLanguage\":\"pt-BR\",\"potentialAction\":[{\"@type\":\"ReadAction\",\"target\":[\"https:\/\/www.legislapp.com.br\/index.php\/cam-legislativa-de-mg-pl-4421-2025\/\"]}]},{\"@type\":\"ImageObject\",\"inLanguage\":\"pt-BR\",\"@id\":\"https:\/\/www.legislapp.com.br\/index.php\/cam-legislativa-de-mg-pl-4421-2025\/#primaryimage\",\"url\":\"https:\/\/www.legislapp.com.br\/wp-content\/uploads\/google-play.png\",\"contentUrl\":\"https:\/\/www.legislapp.com.br\/wp-content\/uploads\/google-play.png\",\"width\":564,\"height\":168},{\"@type\":\"BreadcrumbList\",\"@id\":\"https:\/\/www.legislapp.com.br\/index.php\/cam-legislativa-de-mg-pl-4421-2025\/#breadcrumb\",\"itemListElement\":[{\"@type\":\"ListItem\",\"position\":1,\"name\":\"In\u00edcio\",\"item\":\"https:\/\/www.legislapp.com.br\/\"},{\"@type\":\"ListItem\",\"position\":2,\"name\":\"PL 4421\/2025 &#8211; Deputados\"}]},{\"@type\":\"WebSite\",\"@id\":\"https:\/\/www.legislapp.com.br\/#website\",\"url\":\"https:\/\/www.legislapp.com.br\/\",\"name\":\"Legislapp\",\"description\":\"Intelig\u00eancia governamental em tempo real\",\"publisher\":{\"@id\":\"https:\/\/www.legislapp.com.br\/#organization\"},\"potentialAction\":[{\"@type\":\"SearchAction\",\"target\":{\"@type\":\"EntryPoint\",\"urlTemplate\":\"https:\/\/www.legislapp.com.br\/?s={search_term_string}\"},\"query-input\":{\"@type\":\"PropertyValueSpecification\",\"valueRequired\":true,\"valueName\":\"search_term_string\"}}],\"inLanguage\":\"pt-BR\"},{\"@type\":\"Organization\",\"@id\":\"https:\/\/www.legislapp.com.br\/#organization\",\"name\":\"Legislapp Monitoramento e Intelig\u00eancia Governamental\",\"url\":\"https:\/\/www.legislapp.com.br\/\",\"logo\":{\"@type\":\"ImageObject\",\"inLanguage\":\"pt-BR\",\"@id\":\"https:\/\/www.legislapp.com.br\/#\/schema\/logo\/image\/\",\"url\":\"https:\/\/www.legislapp.com.br\/wp-content\/uploads\/icon.png\",\"contentUrl\":\"https:\/\/www.legislapp.com.br\/wp-content\/uploads\/icon.png\",\"width\":1024,\"height\":1024,\"caption\":\"Legislapp Monitoramento e Intelig\u00eancia Governamental\"},\"image\":{\"@id\":\"https:\/\/www.legislapp.com.br\/#\/schema\/logo\/image\/\"},\"sameAs\":[\"https:\/\/www.instagram.com\/legislapp\/\"]}]}<\/script>\n<!-- \/ Yoast SEO plugin. -->","yoast_head_json":{"title":"PL 4421\/2025 - Deputados - Legislapp","robots":{"index":"index","follow":"follow","max-snippet":"max-snippet:-1","max-image-preview":"max-image-preview:large","max-video-preview":"max-video-preview:-1"},"canonical":"https:\/\/www.legislapp.com.br\/index.php\/cam-legislativa-de-mg-pl-4421-2025\/","og_locale":"pt_BR","og_type":"article","og_title":"PL 4421\/2025 - Deputados - Legislapp","og_description":"C\u00e2m. Legislativa de MG &#8211; Autoria de Deputados Declara de utilidade p\u00fablica a Associa\u00e7\u00e3o Protetores dos Animais Abandonados do Munic\u00edpio de Ilic\u00ednea &#8211; S.O.S Amigos de 4 Patas, com sede no Munic\u00edpio de Ilic\u00ednea. Declara de utilidade p\u00fablica a Associa\u00e7\u00e3o Protetores dos Animais Abandonados do munic\u00edpio de Ilic\u00ednea \u2013 S.O.S. Amigos de 4 Patas \u2013, [&hellip;]","og_url":"https:\/\/www.legislapp.com.br\/index.php\/cam-legislativa-de-mg-pl-4421-2025\/","og_site_name":"Legislapp","article_publisher":"https:\/\/www.instagram.com\/legislapp\/","og_image":[{"url":"https:\/\/www.legislapp.com.br\/wp-content\/uploads\/google-play.png","type":"","width":"","height":""}],"twitter_card":"summary_large_image","twitter_misc":{"Est. tempo de leitura":"4 minutos"},"schema":{"@context":"https:\/\/schema.org","@graph":[{"@type":"WebPage","@id":"https:\/\/www.legislapp.com.br\/index.php\/cam-legislativa-de-mg-pl-4421-2025\/","url":"https:\/\/www.legislapp.com.br\/index.php\/cam-legislativa-de-mg-pl-4421-2025\/","name":"PL 4421\/2025 - Deputados - Legislapp","isPartOf":{"@id":"https:\/\/www.legislapp.com.br\/#website"},"primaryImageOfPage":{"@id":"https:\/\/www.legislapp.com.br\/index.php\/cam-legislativa-de-mg-pl-4421-2025\/#primaryimage"},"image":{"@id":"https:\/\/www.legislapp.com.br\/index.php\/cam-legislativa-de-mg-pl-4421-2025\/#primaryimage"},"thumbnailUrl":"https:\/\/www.legislapp.com.br\/wp-content\/uploads\/google-play.png","datePublished":"2025-10-08T14:21:52+00:00","breadcrumb":{"@id":"https:\/\/www.legislapp.com.br\/index.php\/cam-legislativa-de-mg-pl-4421-2025\/#breadcrumb"},"inLanguage":"pt-BR","potentialAction":[{"@type":"ReadAction","target":["https:\/\/www.legislapp.com.br\/index.php\/cam-legislativa-de-mg-pl-4421-2025\/"]}]},{"@type":"ImageObject","inLanguage":"pt-BR","@id":"https:\/\/www.legislapp.com.br\/index.php\/cam-legislativa-de-mg-pl-4421-2025\/#primaryimage","url":"https:\/\/www.legislapp.com.br\/wp-content\/uploads\/google-play.png","contentUrl":"https:\/\/www.legislapp.com.br\/wp-content\/uploads\/google-play.png","width":564,"height":168},{"@type":"BreadcrumbList","@id":"https:\/\/www.legislapp.com.br\/index.php\/cam-legislativa-de-mg-pl-4421-2025\/#breadcrumb","itemListElement":[{"@type":"ListItem","position":1,"name":"In\u00edcio","item":"https:\/\/www.legislapp.com.br\/"},{"@type":"ListItem","position":2,"name":"PL 4421\/2025 &#8211; Deputados"}]},{"@type":"WebSite","@id":"https:\/\/www.legislapp.com.br\/#website","url":"https:\/\/www.legislapp.com.br\/","name":"Legislapp","description":"Intelig\u00eancia governamental em tempo real","publisher":{"@id":"https:\/\/www.legislapp.com.br\/#organization"},"potentialAction":[{"@type":"SearchAction","target":{"@type":"EntryPoint","urlTemplate":"https:\/\/www.legislapp.com.br\/?s={search_term_string}"},"query-input":{"@type":"PropertyValueSpecification","valueRequired":true,"valueName":"search_term_string"}}],"inLanguage":"pt-BR"},{"@type":"Organization","@id":"https:\/\/www.legislapp.com.br\/#organization","name":"Legislapp Monitoramento e Intelig\u00eancia Governamental","url":"https:\/\/www.legislapp.com.br\/","logo":{"@type":"ImageObject","inLanguage":"pt-BR","@id":"https:\/\/www.legislapp.com.br\/#\/schema\/logo\/image\/","url":"https:\/\/www.legislapp.com.br\/wp-content\/uploads\/icon.png","contentUrl":"https:\/\/www.legislapp.com.br\/wp-content\/uploads\/icon.png","width":1024,"height":1024,"caption":"Legislapp Monitoramento e Intelig\u00eancia Governamental"},"image":{"@id":"https:\/\/www.legislapp.com.br\/#\/schema\/logo\/image\/"},"sameAs":["https:\/\/www.instagram.com\/legislapp\/"]}]}},"_links":{"self":[{"href":"https:\/\/www.legislapp.com.br\/index.php\/wp-json\/wp\/v2\/pages\/8245","targetHints":{"allow":["GET"]}}],"collection":[{"href":"https:\/\/www.legislapp.com.br\/index.php\/wp-json\/wp\/v2\/pages"}],"about":[{"href":"https:\/\/www.legislapp.com.br\/index.php\/wp-json\/wp\/v2\/types\/page"}],"author":[{"embeddable":true,"href":"https:\/\/www.legislapp.com.br\/index.php\/wp-json\/wp\/v2\/users\/1"}],"replies":[{"embeddable":true,"href":"https:\/\/www.legislapp.com.br\/index.php\/wp-json\/wp\/v2\/comments?post=8245"}],"version-history":[{"count":0,"href":"https:\/\/www.legislapp.com.br\/index.php\/wp-json\/wp\/v2\/pages\/8245\/revisions"}],"wp:attachment":[{"href":"https:\/\/www.legislapp.com.br\/index.php\/wp-json\/wp\/v2\/media?parent=8245"}],"curies":[{"name":"wp","href":"https:\/\/api.w.org\/{rel}","templated":true}]}}