{"id":8280,"date":"2025-10-08T11:24:00","date_gmt":"2025-10-08T14:24:00","guid":{"rendered":"https:\/\/www.legislapp.com.br\/index.php\/cam-legislativa-de-mg-pl-4356-2025\/"},"modified":"2025-10-08T11:24:00","modified_gmt":"2025-10-08T14:24:00","slug":"cam-legislativa-de-mg-pl-4356-2025","status":"publish","type":"page","link":"https:\/\/www.legislapp.com.br\/index.php\/cam-legislativa-de-mg-pl-4356-2025\/","title":{"rendered":"PL 4356\/2025 &#8211; Deputados"},"content":{"rendered":"<h1 style='text-align: center;'>C\u00e2m. Legislativa de MG &#8211; Autoria de Deputados<\/h3>\n<p><\/p>\n<article style='text-align: center'>Disp\u00f5e sobre a proibi\u00e7\u00e3o da execu\u00e7\u00e3o de m\u00fasicas com conte\u00fado er\u00f3tico,<br \/>\nsexual ou inadequado \u00e0 inf\u00e2ncia e juventude em ve\u00edculos de transporte<br \/>\nrecreativo de car\u00e1ter coletivo, conhecidos como trenzinhos da alegria, no<br \/>\n\u00e2mbito do Estado.<\/article>\n<p><\/p>\n<p style='text-align: center'><a href='https:\/\/app.legislapp.com.br\/#\/busca?termo='><\/a><\/p>\n<p><\/p>\n<article>Disp\u00f5e sobre a proibi\u00e7\u00e3o da execu\u00e7\u00e3o de m\u00fasicas com conte\u00fado er\u00f3tico, sexual ou inadequado \u00e0 inf\u00e2ncia e juventude em ve\u00edculos de transporte recreativo de car\u00e1ter coletivo, conhecidos como \u201ctrenzinhos da alegria\u201d, no \u00e2mbito do Estado de Minas Gerais.<br \/>\nA Assembleia Legislativa do Estado de Minas Gerais decreta:<br \/>\nArt. 1\u00ba \u2013 Fica vedada, nos ve\u00edculos de transporte recreativo conhecidos como \u201ctrenzinhos da alegria\u201d, quando destinados ao transporte de crian\u00e7as e adolescentes, a reprodu\u00e7\u00e3o de m\u00fasicas ou conte\u00fados musicais com conota\u00e7\u00e3o er\u00f3tica, sexual expl\u00edcita ou que incentivem a erotiza\u00e7\u00e3o precoce, como medida de prote\u00e7\u00e3o integral prevista no art. 227 da Constitui\u00e7\u00e3o Federal e no Estatuto da Crian\u00e7a e do Adolescente \u2013 ECA.<br \/>\n\u00a7 1\u00ba \u2013 Ser\u00e1 permitida exclusivamente a reprodu\u00e7\u00e3o de m\u00fasicas de car\u00e1ter infantil, com trilha melodiosa adequada \u00e0 faixa et\u00e1ria do p\u00fablico.<br \/>\n\u00a7 2\u00ba \u2013 As m\u00fasicas veiculadas nos \u201ctrenzinhos da alegria\u201d precisam respeitar o decoro, especialmente quando as atividades forem voltadas para crian\u00e7as e adolescente.<br \/>\nArt. 2\u00ba \u2013 As infra\u00e7\u00f5es a que se refere o art. 1 ser\u00e3o punidas com as seguintes san\u00e7\u00f5es:<br \/>\nI \u2013 advert\u00eancia;<br \/>\nII \u2013 aplica\u00e7\u00e3o de multa;<br \/>\nIII \u2013 cassa\u00e7\u00e3o da autoriza\u00e7\u00e3o ou licenciamento para funcionamento do ve\u00edculo de transporte recreativo.<br \/>\nPar\u00e1grafo \u00fanico \u2013 As infra\u00e7\u00f5es de que trata o artigo anterior, ser\u00e1 aplicada conforme o disposto nos arts. 15 a 17 da Lei n\u00ba 7.772, de 8 de setembro de 1980, no que couber, sem preju\u00edzo de outras san\u00e7\u00f5es administrativas, civis e penais cab\u00edveis.<br \/>\nArt. 3\u00ba \u2013 A Pol\u00edcia Militar poder\u00e1 ser acionada para lavrar Boletim de Ocorr\u00eancia sempre que houver pedido dos denunciantes.<br \/>\nArt. 4\u00ba \u2013 Esta lei entra em vigor na data de sua publica\u00e7\u00e3o.<br \/>\nSala das Reuni\u00f5es, 4 de setembro de 2025.<br \/>\nLincoln Drumond (PL)<br \/>\nJustifica\u00e7\u00e3o: A Constitui\u00e7\u00e3o Federal, em seu art. 227, garante \u00e0 crian\u00e7a e ao adolescente, entre outros direitos, o direito \u00e0 vida, \u00e0 dignidade e ao respeito, al\u00e9m de coloc\u00e1-los a salvo de toda forma de neglig\u00eancia, discrimina\u00e7\u00e3o, explora\u00e7\u00e3o, viol\u00eancia, crueldade e opress\u00e3o.<br \/>\nJ\u00e1 o art. 24, XV, da Constitui\u00e7\u00e3o Federal, disp\u00f5e que compete concorrentemente \u00e0 Uni\u00e3o, aos Estados e ao Distrito Federal legislar sobre a prote\u00e7\u00e3o \u00e0 inf\u00e2ncia e \u00e0 juventude.<br \/>\nO tema da adultiza\u00e7\u00e3o precoce das crian\u00e7as tem sido objeto de relevantes projetos de lei em todo o territ\u00f3rio nacional, cujo objetivo \u00e9 assegurar um desenvolvimento saud\u00e1vel e seguro \u00e0s crian\u00e7as.<br \/>\nA adultiza\u00e7\u00e3o ocorre quando crian\u00e7as e adolescentes s\u00e3o expostos a conte\u00fados, comportamentos, responsabilidades ou padr\u00f5es t\u00edpicos da vida adulta.<br \/>\nNos chamados \u201ctrenzinhos da alegria\u201d, muito comuns entre o p\u00fablico infantil pela intera\u00e7\u00e3o com personagens, observa-se, em grande parte, a reprodu\u00e7\u00e3o de m\u00fasicas de cunho sexual e de apologia ao crime organizado, em total desconformidade com sua faixa et\u00e1ria. Tal pr\u00e1tica acaba colocando em risco os interesses e o desenvolvimento saud\u00e1vel das crian\u00e7as.<br \/>\nEssas m\u00fasicas de conota\u00e7\u00e3o sexual exp\u00f5em as crian\u00e7as, de maneira irregular e ilegal, a conte\u00fados t\u00edpicos da vida adulta, como \u00e9 o caso da apologia a pr\u00e1ticas sexuais.<br \/>\nAs medidas aqui propostas, n\u00e3o se volta contra a atividade de lazer em si, mas visa estabelecer par\u00e2metros que harmonizem a recrea\u00e7\u00e3o com a prote\u00e7\u00e3o dos valores sociais e familiares, preservando a inf\u00e2ncia e evitando a exposi\u00e7\u00e3o precoce a conte\u00fados que possam induzir \u00e0 erotiza\u00e7\u00e3o infantil.<br \/>\nDiante dos dispositivos legais que tratam da prote\u00e7\u00e3o da crian\u00e7a e do adolescente e da necessidade de garantir um desenvolvimento saud\u00e1vel, bem como em raz\u00e3o da compet\u00eancia concorrente dos Estados, prevista no art. 24 da Constitui\u00e7\u00e3o Federal, pe\u00e7o apoio aos Nobres Pares para aprova\u00e7\u00e3o do presente projeto de lei.<br \/>\n\u2013 Semelhante proposi\u00e7\u00e3o foi apresentada anteriormente pelo deputado Eduardo Azevedo. Anexe-se ao Projeto de Lei n\u00ba 3.252\/2025, nos termos do \u00a7 2\u00ba do art. 173 do Regimento Interno.<\/article>\n<div style=\"text-align: center\">\n<div style=\"margin-bottom: 20px;\" class=\"et_pb_button_module_wrapper et_pb_button_5_tb_body_wrapper et_pb_button_alignment_center et_pb_module \">\n         <a class=\"et_pb_button et_pb_button_5_tb_body et_hover_enabled et_pb_bg_layout_dark\" style=\"width: 50%;background-color: black;\" href=\"https:\/\/app.legislapp.com.br\" target=\"_blank\" rel=\"noopener\">Visualizar completo na nossa plataforma (30 dias gr\u00e1tis)<\/a><\/p><\/div>\n<p>      <a href=\"https:\/\/play.google.com\/store\/apps\/details?id=br.com.legislapp\"><img decoding=\"async\" style=\"width: 15%; min-width: 130px;\" src=\"https:\/\/www.legislapp.com.br\/wp-content\/uploads\/google-play.png\"><\/a><br \/>\n      <a href=\"https:\/\/apps.apple.com\/us\/app\/legislapp\/id1568929859\"><img decoding=\"async\" style=\"width: 15%; min-width: 130px\" src=\"https:\/\/www.legislapp.com.br\/wp-content\/uploads\/apple-store.png\"><\/a>\n   <\/div>\n","protected":false},"excerpt":{"rendered":"<p>C\u00e2m. Legislativa de MG &#8211; Autoria de Deputados Disp\u00f5e sobre a proibi\u00e7\u00e3o da execu\u00e7\u00e3o de m\u00fasicas com conte\u00fado er\u00f3tico, sexual ou inadequado \u00e0 inf\u00e2ncia e juventude em ve\u00edculos de transporte recreativo de car\u00e1ter coletivo, conhecidos como trenzinhos da alegria, no \u00e2mbito do Estado. Disp\u00f5e sobre a proibi\u00e7\u00e3o da execu\u00e7\u00e3o de m\u00fasicas com conte\u00fado er\u00f3tico, sexual [&hellip;]<\/p>\n","protected":false},"author":1,"featured_media":0,"parent":0,"menu_order":0,"comment_status":"closed","ping_status":"closed","template":"page-template-blank.php","meta":{"_et_pb_use_builder":"","_et_pb_old_content":"","_et_gb_content_width":"1080","ngg_post_thumbnail":0,"footnotes":""},"class_list":["post-8280","page","type-page","status-publish","hentry"],"yoast_head":"<!-- This site is optimized with the Yoast SEO plugin v24.4 - https:\/\/yoast.com\/wordpress\/plugins\/seo\/ -->\n<title>PL 4356\/2025 - Deputados - Legislapp<\/title>\n<meta name=\"robots\" content=\"index, follow, max-snippet:-1, max-image-preview:large, max-video-preview:-1\" \/>\n<link rel=\"canonical\" href=\"https:\/\/www.legislapp.com.br\/index.php\/cam-legislativa-de-mg-pl-4356-2025\/\" \/>\n<meta property=\"og:locale\" content=\"pt_BR\" \/>\n<meta property=\"og:type\" content=\"article\" \/>\n<meta property=\"og:title\" content=\"PL 4356\/2025 - Deputados - Legislapp\" \/>\n<meta property=\"og:description\" content=\"C\u00e2m. Legislativa de MG &#8211; Autoria de Deputados Disp\u00f5e sobre a proibi\u00e7\u00e3o da execu\u00e7\u00e3o de m\u00fasicas com conte\u00fado er\u00f3tico, sexual ou inadequado \u00e0 inf\u00e2ncia e juventude em ve\u00edculos de transporte recreativo de car\u00e1ter coletivo, conhecidos como trenzinhos da alegria, no \u00e2mbito do Estado. Disp\u00f5e sobre a proibi\u00e7\u00e3o da execu\u00e7\u00e3o de m\u00fasicas com conte\u00fado er\u00f3tico, sexual [&hellip;]\" \/>\n<meta property=\"og:url\" content=\"https:\/\/www.legislapp.com.br\/index.php\/cam-legislativa-de-mg-pl-4356-2025\/\" \/>\n<meta property=\"og:site_name\" content=\"Legislapp\" \/>\n<meta property=\"article:publisher\" content=\"https:\/\/www.instagram.com\/legislapp\/\" \/>\n<meta property=\"og:image\" content=\"https:\/\/www.legislapp.com.br\/wp-content\/uploads\/google-play.png\" \/>\n<meta name=\"twitter:card\" content=\"summary_large_image\" \/>\n<meta name=\"twitter:label1\" content=\"Est. tempo de leitura\" \/>\n\t<meta name=\"twitter:data1\" content=\"4 minutos\" \/>\n<script type=\"application\/ld+json\" class=\"yoast-schema-graph\">{\"@context\":\"https:\/\/schema.org\",\"@graph\":[{\"@type\":\"WebPage\",\"@id\":\"https:\/\/www.legislapp.com.br\/index.php\/cam-legislativa-de-mg-pl-4356-2025\/\",\"url\":\"https:\/\/www.legislapp.com.br\/index.php\/cam-legislativa-de-mg-pl-4356-2025\/\",\"name\":\"PL 4356\/2025 - Deputados - Legislapp\",\"isPartOf\":{\"@id\":\"https:\/\/www.legislapp.com.br\/#website\"},\"primaryImageOfPage\":{\"@id\":\"https:\/\/www.legislapp.com.br\/index.php\/cam-legislativa-de-mg-pl-4356-2025\/#primaryimage\"},\"image\":{\"@id\":\"https:\/\/www.legislapp.com.br\/index.php\/cam-legislativa-de-mg-pl-4356-2025\/#primaryimage\"},\"thumbnailUrl\":\"https:\/\/www.legislapp.com.br\/wp-content\/uploads\/google-play.png\",\"datePublished\":\"2025-10-08T14:24:00+00:00\",\"breadcrumb\":{\"@id\":\"https:\/\/www.legislapp.com.br\/index.php\/cam-legislativa-de-mg-pl-4356-2025\/#breadcrumb\"},\"inLanguage\":\"pt-BR\",\"potentialAction\":[{\"@type\":\"ReadAction\",\"target\":[\"https:\/\/www.legislapp.com.br\/index.php\/cam-legislativa-de-mg-pl-4356-2025\/\"]}]},{\"@type\":\"ImageObject\",\"inLanguage\":\"pt-BR\",\"@id\":\"https:\/\/www.legislapp.com.br\/index.php\/cam-legislativa-de-mg-pl-4356-2025\/#primaryimage\",\"url\":\"https:\/\/www.legislapp.com.br\/wp-content\/uploads\/google-play.png\",\"contentUrl\":\"https:\/\/www.legislapp.com.br\/wp-content\/uploads\/google-play.png\",\"width\":564,\"height\":168},{\"@type\":\"BreadcrumbList\",\"@id\":\"https:\/\/www.legislapp.com.br\/index.php\/cam-legislativa-de-mg-pl-4356-2025\/#breadcrumb\",\"itemListElement\":[{\"@type\":\"ListItem\",\"position\":1,\"name\":\"In\u00edcio\",\"item\":\"https:\/\/www.legislapp.com.br\/\"},{\"@type\":\"ListItem\",\"position\":2,\"name\":\"PL 4356\/2025 &#8211; Deputados\"}]},{\"@type\":\"WebSite\",\"@id\":\"https:\/\/www.legislapp.com.br\/#website\",\"url\":\"https:\/\/www.legislapp.com.br\/\",\"name\":\"Legislapp\",\"description\":\"Intelig\u00eancia governamental em tempo real\",\"publisher\":{\"@id\":\"https:\/\/www.legislapp.com.br\/#organization\"},\"potentialAction\":[{\"@type\":\"SearchAction\",\"target\":{\"@type\":\"EntryPoint\",\"urlTemplate\":\"https:\/\/www.legislapp.com.br\/?s={search_term_string}\"},\"query-input\":{\"@type\":\"PropertyValueSpecification\",\"valueRequired\":true,\"valueName\":\"search_term_string\"}}],\"inLanguage\":\"pt-BR\"},{\"@type\":\"Organization\",\"@id\":\"https:\/\/www.legislapp.com.br\/#organization\",\"name\":\"Legislapp Monitoramento e Intelig\u00eancia Governamental\",\"url\":\"https:\/\/www.legislapp.com.br\/\",\"logo\":{\"@type\":\"ImageObject\",\"inLanguage\":\"pt-BR\",\"@id\":\"https:\/\/www.legislapp.com.br\/#\/schema\/logo\/image\/\",\"url\":\"https:\/\/www.legislapp.com.br\/wp-content\/uploads\/icon.png\",\"contentUrl\":\"https:\/\/www.legislapp.com.br\/wp-content\/uploads\/icon.png\",\"width\":1024,\"height\":1024,\"caption\":\"Legislapp Monitoramento e Intelig\u00eancia Governamental\"},\"image\":{\"@id\":\"https:\/\/www.legislapp.com.br\/#\/schema\/logo\/image\/\"},\"sameAs\":[\"https:\/\/www.instagram.com\/legislapp\/\"]}]}<\/script>\n<!-- \/ Yoast SEO plugin. -->","yoast_head_json":{"title":"PL 4356\/2025 - Deputados - Legislapp","robots":{"index":"index","follow":"follow","max-snippet":"max-snippet:-1","max-image-preview":"max-image-preview:large","max-video-preview":"max-video-preview:-1"},"canonical":"https:\/\/www.legislapp.com.br\/index.php\/cam-legislativa-de-mg-pl-4356-2025\/","og_locale":"pt_BR","og_type":"article","og_title":"PL 4356\/2025 - Deputados - Legislapp","og_description":"C\u00e2m. Legislativa de MG &#8211; Autoria de Deputados Disp\u00f5e sobre a proibi\u00e7\u00e3o da execu\u00e7\u00e3o de m\u00fasicas com conte\u00fado er\u00f3tico, sexual ou inadequado \u00e0 inf\u00e2ncia e juventude em ve\u00edculos de transporte recreativo de car\u00e1ter coletivo, conhecidos como trenzinhos da alegria, no \u00e2mbito do Estado. Disp\u00f5e sobre a proibi\u00e7\u00e3o da execu\u00e7\u00e3o de m\u00fasicas com conte\u00fado er\u00f3tico, sexual [&hellip;]","og_url":"https:\/\/www.legislapp.com.br\/index.php\/cam-legislativa-de-mg-pl-4356-2025\/","og_site_name":"Legislapp","article_publisher":"https:\/\/www.instagram.com\/legislapp\/","og_image":[{"url":"https:\/\/www.legislapp.com.br\/wp-content\/uploads\/google-play.png","type":"","width":"","height":""}],"twitter_card":"summary_large_image","twitter_misc":{"Est. tempo de leitura":"4 minutos"},"schema":{"@context":"https:\/\/schema.org","@graph":[{"@type":"WebPage","@id":"https:\/\/www.legislapp.com.br\/index.php\/cam-legislativa-de-mg-pl-4356-2025\/","url":"https:\/\/www.legislapp.com.br\/index.php\/cam-legislativa-de-mg-pl-4356-2025\/","name":"PL 4356\/2025 - Deputados - Legislapp","isPartOf":{"@id":"https:\/\/www.legislapp.com.br\/#website"},"primaryImageOfPage":{"@id":"https:\/\/www.legislapp.com.br\/index.php\/cam-legislativa-de-mg-pl-4356-2025\/#primaryimage"},"image":{"@id":"https:\/\/www.legislapp.com.br\/index.php\/cam-legislativa-de-mg-pl-4356-2025\/#primaryimage"},"thumbnailUrl":"https:\/\/www.legislapp.com.br\/wp-content\/uploads\/google-play.png","datePublished":"2025-10-08T14:24:00+00:00","breadcrumb":{"@id":"https:\/\/www.legislapp.com.br\/index.php\/cam-legislativa-de-mg-pl-4356-2025\/#breadcrumb"},"inLanguage":"pt-BR","potentialAction":[{"@type":"ReadAction","target":["https:\/\/www.legislapp.com.br\/index.php\/cam-legislativa-de-mg-pl-4356-2025\/"]}]},{"@type":"ImageObject","inLanguage":"pt-BR","@id":"https:\/\/www.legislapp.com.br\/index.php\/cam-legislativa-de-mg-pl-4356-2025\/#primaryimage","url":"https:\/\/www.legislapp.com.br\/wp-content\/uploads\/google-play.png","contentUrl":"https:\/\/www.legislapp.com.br\/wp-content\/uploads\/google-play.png","width":564,"height":168},{"@type":"BreadcrumbList","@id":"https:\/\/www.legislapp.com.br\/index.php\/cam-legislativa-de-mg-pl-4356-2025\/#breadcrumb","itemListElement":[{"@type":"ListItem","position":1,"name":"In\u00edcio","item":"https:\/\/www.legislapp.com.br\/"},{"@type":"ListItem","position":2,"name":"PL 4356\/2025 &#8211; Deputados"}]},{"@type":"WebSite","@id":"https:\/\/www.legislapp.com.br\/#website","url":"https:\/\/www.legislapp.com.br\/","name":"Legislapp","description":"Intelig\u00eancia governamental em tempo real","publisher":{"@id":"https:\/\/www.legislapp.com.br\/#organization"},"potentialAction":[{"@type":"SearchAction","target":{"@type":"EntryPoint","urlTemplate":"https:\/\/www.legislapp.com.br\/?s={search_term_string}"},"query-input":{"@type":"PropertyValueSpecification","valueRequired":true,"valueName":"search_term_string"}}],"inLanguage":"pt-BR"},{"@type":"Organization","@id":"https:\/\/www.legislapp.com.br\/#organization","name":"Legislapp Monitoramento e Intelig\u00eancia Governamental","url":"https:\/\/www.legislapp.com.br\/","logo":{"@type":"ImageObject","inLanguage":"pt-BR","@id":"https:\/\/www.legislapp.com.br\/#\/schema\/logo\/image\/","url":"https:\/\/www.legislapp.com.br\/wp-content\/uploads\/icon.png","contentUrl":"https:\/\/www.legislapp.com.br\/wp-content\/uploads\/icon.png","width":1024,"height":1024,"caption":"Legislapp Monitoramento e Intelig\u00eancia Governamental"},"image":{"@id":"https:\/\/www.legislapp.com.br\/#\/schema\/logo\/image\/"},"sameAs":["https:\/\/www.instagram.com\/legislapp\/"]}]}},"_links":{"self":[{"href":"https:\/\/www.legislapp.com.br\/index.php\/wp-json\/wp\/v2\/pages\/8280","targetHints":{"allow":["GET"]}}],"collection":[{"href":"https:\/\/www.legislapp.com.br\/index.php\/wp-json\/wp\/v2\/pages"}],"about":[{"href":"https:\/\/www.legislapp.com.br\/index.php\/wp-json\/wp\/v2\/types\/page"}],"author":[{"embeddable":true,"href":"https:\/\/www.legislapp.com.br\/index.php\/wp-json\/wp\/v2\/users\/1"}],"replies":[{"embeddable":true,"href":"https:\/\/www.legislapp.com.br\/index.php\/wp-json\/wp\/v2\/comments?post=8280"}],"version-history":[{"count":0,"href":"https:\/\/www.legislapp.com.br\/index.php\/wp-json\/wp\/v2\/pages\/8280\/revisions"}],"wp:attachment":[{"href":"https:\/\/www.legislapp.com.br\/index.php\/wp-json\/wp\/v2\/media?parent=8280"}],"curies":[{"name":"wp","href":"https:\/\/api.w.org\/{rel}","templated":true}]}}