{"id":8332,"date":"2025-10-08T11:27:30","date_gmt":"2025-10-08T14:27:30","guid":{"rendered":"https:\/\/www.legislapp.com.br\/index.php\/cam-legislativa-de-sc-pl-0670-2025\/"},"modified":"2025-10-08T11:27:30","modified_gmt":"2025-10-08T14:27:30","slug":"cam-legislativa-de-sc-pl-0670-2025","status":"publish","type":"page","link":"https:\/\/www.legislapp.com.br\/index.php\/cam-legislativa-de-sc-pl-0670-2025\/","title":{"rendered":"PL.\/0670\/2025 &#8211; Dr. Vicente Caropreso"},"content":{"rendered":"<h1 style='text-align: center;'>C\u00e2m. Legislativa de SC &#8211; Autoria de Dr. Vicente Caropreso<\/h3>\n<p><\/p>\n<article style='text-align: center'>Declara de utilidade p\u00fablica Associa\u00e7\u00e3o Catarinense de Esportes Acess\u00edveis, de Florian\u00f3polis e Altera o Anexo \u00danico da Lei n\u00ba 18.278, de 2021, que &#8220;Consolida os atos normativos que concedem o T\u00edtulo de Utilidade P\u00fablica estadual no \u00e2mbito do Estado de Santa Catarina&#8221; para fazer constar nele o nome de tal entidade.<\/article>\n<p><\/p>\n<p style='text-align: center'><a href='https:\/\/app.legislapp.com.br\/#\/busca?termo='><\/a><\/p>\n<p><\/p>\n<article>ASSEMBLEIA LEGISLATIVA GABINETE DEPUTADO DR.<br \/>\nESTADO DE SANTA CATARINA VICENTE CAROPRESO<\/p>\n<p>PROJETO DE LEI <\/p>\n<p>Declara de utilidade p\u00fablica a Associa\u00e7\u00e3o Catarinense de Esportes<br \/>\nAcess\u00edveis, de Florian\u00f3polis e Altera o Anexo \u00danico da Lei n\u00ba 18.278, de<br \/>\n2021, que &#8220;Consolida os atos normativos que concedem o T\u00edtulo de<br \/>\nUtilidade P\u00fablica estadual no \u00e2mbito do Estado de Santa Catarina&#8221; para<br \/>\nfazer constar nele o nome de tal entidade.<\/p>\n<p>Art. 1\u00ba Fica declarada de utilidade p\u00fablica estadual a Associa\u00e7\u00e3o<br \/>\nCatarinense de Esportes Acess\u00edveis, com sede no Munic\u00edpio de Florian\u00f3polis.<\/p>\n<p>Art. 2\u00ba O Anexo \u00danico da Lei n\u00ba 18.278, de 20 de dezembro de 2021,<br \/>\npassa a vigorar com a altera\u00e7\u00e3o constante do Anexo \u00danico desta Lei.<\/p>\n<p>Art. 3\u00ba Esta Lei entra em vigor na data de sua publica\u00e7\u00e3o.<\/p>\n<p>Sala das Sess\u00f5es, <\/p>\n<p>Deputado Dr. Vicente Caropreso<\/p>\n<p>\u00daANEXO \u00daNICO<br \/>\n(ALTERA O ANEXO \u00daNICO DA LEI N\u00ba 18.278, DE 20 DE DEZEMBRO DE 2021)<\/p>\n<p>&#8220;ANEXO \u00daNICO<br \/>\nENTIDADES DECLARADAS DE UTILIDADE P\u00daBLICA<br \/>\n&#8230; &#8230;&#8230;&#8230;&#8230;&#8230;&#8230;&#8230;&#8230;&#8230;&#8230;&#8230;&#8230;&#8230;&#8230;&#8230;&#8230;&#8230;&#8230;&#8230;&#8230;&#8230;&#8230;&#8230;&#8230;&#8230;&#8230;&#8230;&#8230;&#8230;&#8230;&#8230;&#8230;&#8230;. &#8230;&#8230;&#8230;&#8230;&#8230;&#8230;&#8230;&#8230;&#8230;&#8230;&#8230;&#8230;&#8230;<br \/>\n F L O RI AN\u00d3 P O L I S L E I S<br \/>\n&#8230; &#8230;&#8230;&#8230;&#8230;&#8230;&#8230;&#8230;&#8230;&#8230;&#8230;&#8230;&#8230;&#8230;&#8230;&#8230;&#8230;&#8230;&#8230;&#8230;&#8230;&#8230;&#8230;&#8230;&#8230;&#8230;&#8230;&#8230;&#8230;&#8230;&#8230;&#8230;&#8230;&#8230;. &#8230;&#8230;&#8230;&#8230;&#8230;&#8230;&#8230;&#8230;&#8230;&#8230;&#8230;&#8230;&#8230;<br \/>\n Associa\u00e7\u00e3o Catarinense de Esportes Acess\u00edveis (ACESA)<br \/>\n&#8230; &#8230;&#8230;&#8230;&#8230;&#8230;&#8230;&#8230;&#8230;&#8230;&#8230;&#8230;&#8230;&#8230;&#8230;&#8230;&#8230;&#8230;&#8230;&#8230;&#8230;&#8230;&#8230;&#8230;&#8230;&#8230;&#8230;&#8230;&#8230;&#8230;&#8230;&#8230;&#8230;&#8230;.. &#8230;&#8230;&#8230;&#8230;&#8230;&#8230;&#8230;&#8230;&#8230;&#8230;&#8230;&#8230;..<\/p>\n<p>  (NR)&#8221;<\/p>\n<p>Sala das Sess\u00f5es,<\/p>\n<p>Deputado Dr. Vicente Caropreso<br \/>\n J US T I F I CA\u00c7\u00c3O<\/p>\n<p>O Projeto de Lei que ora apresento tem por objetivo declarar de utilidade<br \/>\np\u00fablica estadual a Associa\u00e7\u00e3o Catarinense de Esportes Acess\u00edveis &#8211; ACESA, tendo em vista que a<br \/>\nreferida entidade presta servi\u00e7os de relevante interesse social \u00e0 comunidade. <\/p>\n<p>Nesse contexto, de acordo com seu Estatuto Social, a Associa\u00e7\u00e3o<br \/>\nCatarinense de Esportes Acess\u00edveis, tem por finalidade facilitar o processo de inclus\u00e3o da pessoa<br \/>\ncom defici\u00eancia atrav\u00e9s da pr\u00e1tica paradesportiva e de express\u00f5es culturais, agregada a programas<br \/>\nde sa\u00fade integral, educa\u00e7\u00e3o, capacita\u00e7\u00e3o, assist\u00eancia social e difus\u00e3o art\u00edstica, bem como:<\/p>\n<p>I. Oportunizar a pr\u00e1tica paradesportiva para pessoas com defici\u00eancia em<br \/>\num local adequado e com acompanhamento de profissionais qualificados;<br \/>\nII. Estimular e desenvolver o pleno exerc\u00edcio da cidadania atrav\u00e9s do<br \/>\nparadesporto para melhorar a qualidade de vida e atuar como facilitador da inclus\u00e3o da pessoa com<br \/>\ndefici\u00eancia na sociedade;<br \/>\nIII. Desenvolver o paradesporto da base ao alto rendimento;<br \/>\nIV. Divulgar a pr\u00e1tica de modalidades paradesportivas para pessoas de<br \/>\ndiferentes idades, sexo, condi\u00e7\u00f5es socioecon\u00f4micas e capacidades f\u00edsica, mental e sensorial;<br \/>\nV. Promover o voluntariado;<br \/>\nVI. Buscar parcerias para participa\u00e7\u00e3o em eventos esportivos. Apoiar a<br \/>\nforma\u00e7\u00e3o de atletas para participa\u00e7\u00e3o de campeonatos em n\u00edvel municipal, inter-regional, estadual,<br \/>\nregional, nacional e internacional;<br \/>\nVII. Desenvolver atividades de car\u00e1ter social, recreativo, cultural, art\u00edstico<br \/>\ne educacional, inclusive com produ\u00e7\u00e3o e circula\u00e7\u00e3o de bens culturais, visando \u00c0 divulga\u00e7\u00e3o do<br \/>\nparadesporto e \u00e0 inclus\u00e3o sociocultural;<br \/>\nVIII. Promover a acessibilidade cultural para pessoas com defici\u00eancia,<br \/>\natrav\u00e9s de atividades art\u00edsticas, eventos multiculturais e produ\u00e7\u00e3o de conte\u00fados inclusivos<br \/>\n(audiovisual, teatro, paradan\u00e7a, m\u00fasica, artes visuais, etc.);<br \/>\nIX. Planejar, realizar e\/ou apoiar cursos e palestras evolvendo temas<br \/>\nrelacionados \u00e0 atividade f\u00edsica;<br \/>\nX. Difundir atividades educativas e esportivas, bem como materiais<br \/>\nmultim\u00eddia com informa\u00e7\u00f5es sobre as finalidades da ACESA, com fins exclusivamente de<br \/>\ndivulga\u00e7\u00e3o e promo\u00e7\u00e3o da Associa\u00e7\u00e3o;<br \/>\nXI. Buscar capacita\u00e7\u00e3o profissional para as pessoas\/entidades envolvidas<br \/>\ncom a causa c finalidades da ACESA;<br \/>\nXII. Estimular a parceria, o di\u00e1logo entre os diferentes segmentos sociais,<br \/>\nparticipando juntamente a outras entidades de atividades que visem interesses comuns;<br \/>\nXIII. Formar parcerias de \u00e2mbito nacional e internacional para atingir as<br \/>\nfinalidades da ACESA;<br \/>\nXIV. Celebrar termos de colabora\u00e7\u00e3o, fomento e parceria com \u00f3rg\u00e3os<br \/>\np\u00fablicos municipais, estaduais, federais e internacionais, conforme a legisla\u00e7\u00e3o vigente;<br \/>\nXV. Implementar sistemas de transpar\u00eancia ativa, incluindo divulga\u00e7\u00e3o de<br \/>\nrelat\u00f3rios financeiros e de atividades em plataformas digitais;<br \/>\nXVI. Adequar projetos \u00e0s prioridades de pol\u00edticas p\u00fablicas, especialmente<br \/>\nnas \u00e1reas de esporte, sa\u00fade, educa\u00e7\u00e3o, inclus\u00e3o e assist\u00eancia social;<br \/>\nXVII. Valorizar o patrim\u00f4nio cultural imaterial relacionado \u00e0s pr\u00e1ticas<br \/>\nesportivas e tradi\u00e7\u00f5es inclusivas, com registro e difus\u00e3o de hist\u00f3rias de vida de atletas e agentes do<br \/>\nparadesporto.<\/p>\n<p>Ante o exposto, conto com meus pares para a aprova\u00e7\u00e3o da mat\u00e9ria.<\/p>\n<p>Sala das Sess\u00f5es,<\/p>\n<p>Deputado Dr. Vicente Caropreso<\/p>\n<p> ELEGIS<br \/>\nDocumento assinado eletronicamente por Vicente Augusto Caropreso, em<br \/>\nSistema de Processo<br \/>\n16\/09\/2025, \u00e0s 18:00.<br \/>\nLegislativo Eletr\u00f4nico<\/article>\n<div style=\"text-align: center\">\n<div style=\"margin-bottom: 20px;\" class=\"et_pb_button_module_wrapper et_pb_button_5_tb_body_wrapper et_pb_button_alignment_center et_pb_module \">\n         <a class=\"et_pb_button et_pb_button_5_tb_body et_hover_enabled et_pb_bg_layout_dark\" style=\"width: 50%;background-color: black;\" href=\"https:\/\/app.legislapp.com.br\" target=\"_blank\" rel=\"noopener\">Visualizar completo na nossa plataforma (30 dias gr\u00e1tis)<\/a><\/p><\/div>\n<p>      <a href=\"https:\/\/play.google.com\/store\/apps\/details?id=br.com.legislapp\"><img decoding=\"async\" style=\"width: 15%; min-width: 130px;\" src=\"https:\/\/www.legislapp.com.br\/wp-content\/uploads\/google-play.png\"><\/a><br \/>\n      <a href=\"https:\/\/apps.apple.com\/us\/app\/legislapp\/id1568929859\"><img decoding=\"async\" style=\"width: 15%; min-width: 130px\" src=\"https:\/\/www.legislapp.com.br\/wp-content\/uploads\/apple-store.png\"><\/a>\n   <\/div>\n","protected":false},"excerpt":{"rendered":"<p>C\u00e2m. Legislativa de SC &#8211; Autoria de Dr. Vicente Caropreso Declara de utilidade p\u00fablica Associa\u00e7\u00e3o Catarinense de Esportes Acess\u00edveis, de Florian\u00f3polis e Altera o Anexo \u00danico da Lei n\u00ba 18.278, de 2021, que &#8220;Consolida os atos normativos que concedem o T\u00edtulo de Utilidade P\u00fablica estadual no \u00e2mbito do Estado de Santa Catarina&#8221; para fazer constar [&hellip;]<\/p>\n","protected":false},"author":1,"featured_media":0,"parent":0,"menu_order":0,"comment_status":"closed","ping_status":"closed","template":"page-template-blank.php","meta":{"_et_pb_use_builder":"","_et_pb_old_content":"","_et_gb_content_width":"1080","ngg_post_thumbnail":0,"footnotes":""},"class_list":["post-8332","page","type-page","status-publish","hentry"],"yoast_head":"<!-- This site is optimized with the Yoast SEO plugin v24.4 - https:\/\/yoast.com\/wordpress\/plugins\/seo\/ -->\n<title>PL.\/0670\/2025 - Dr. Vicente Caropreso - Legislapp<\/title>\n<meta name=\"robots\" content=\"index, follow, max-snippet:-1, max-image-preview:large, max-video-preview:-1\" \/>\n<link rel=\"canonical\" href=\"https:\/\/www.legislapp.com.br\/index.php\/cam-legislativa-de-sc-pl-0670-2025\/\" \/>\n<meta property=\"og:locale\" content=\"pt_BR\" \/>\n<meta property=\"og:type\" content=\"article\" \/>\n<meta property=\"og:title\" content=\"PL.\/0670\/2025 - Dr. Vicente Caropreso - Legislapp\" \/>\n<meta property=\"og:description\" content=\"C\u00e2m. Legislativa de SC &#8211; Autoria de Dr. Vicente Caropreso Declara de utilidade p\u00fablica Associa\u00e7\u00e3o Catarinense de Esportes Acess\u00edveis, de Florian\u00f3polis e Altera o Anexo \u00danico da Lei n\u00ba 18.278, de 2021, que &#8220;Consolida os atos normativos que concedem o T\u00edtulo de Utilidade P\u00fablica estadual no \u00e2mbito do Estado de Santa Catarina&#8221; para fazer constar [&hellip;]\" \/>\n<meta property=\"og:url\" content=\"https:\/\/www.legislapp.com.br\/index.php\/cam-legislativa-de-sc-pl-0670-2025\/\" \/>\n<meta property=\"og:site_name\" content=\"Legislapp\" \/>\n<meta property=\"article:publisher\" content=\"https:\/\/www.instagram.com\/legislapp\/\" \/>\n<meta property=\"og:image\" content=\"https:\/\/www.legislapp.com.br\/wp-content\/uploads\/google-play.png\" \/>\n<meta name=\"twitter:card\" content=\"summary_large_image\" \/>\n<meta name=\"twitter:label1\" content=\"Est. tempo de leitura\" \/>\n\t<meta name=\"twitter:data1\" content=\"4 minutos\" \/>\n<script type=\"application\/ld+json\" class=\"yoast-schema-graph\">{\"@context\":\"https:\/\/schema.org\",\"@graph\":[{\"@type\":\"WebPage\",\"@id\":\"https:\/\/www.legislapp.com.br\/index.php\/cam-legislativa-de-sc-pl-0670-2025\/\",\"url\":\"https:\/\/www.legislapp.com.br\/index.php\/cam-legislativa-de-sc-pl-0670-2025\/\",\"name\":\"PL.\/0670\/2025 - Dr. Vicente Caropreso - Legislapp\",\"isPartOf\":{\"@id\":\"https:\/\/www.legislapp.com.br\/#website\"},\"primaryImageOfPage\":{\"@id\":\"https:\/\/www.legislapp.com.br\/index.php\/cam-legislativa-de-sc-pl-0670-2025\/#primaryimage\"},\"image\":{\"@id\":\"https:\/\/www.legislapp.com.br\/index.php\/cam-legislativa-de-sc-pl-0670-2025\/#primaryimage\"},\"thumbnailUrl\":\"https:\/\/www.legislapp.com.br\/wp-content\/uploads\/google-play.png\",\"datePublished\":\"2025-10-08T14:27:30+00:00\",\"breadcrumb\":{\"@id\":\"https:\/\/www.legislapp.com.br\/index.php\/cam-legislativa-de-sc-pl-0670-2025\/#breadcrumb\"},\"inLanguage\":\"pt-BR\",\"potentialAction\":[{\"@type\":\"ReadAction\",\"target\":[\"https:\/\/www.legislapp.com.br\/index.php\/cam-legislativa-de-sc-pl-0670-2025\/\"]}]},{\"@type\":\"ImageObject\",\"inLanguage\":\"pt-BR\",\"@id\":\"https:\/\/www.legislapp.com.br\/index.php\/cam-legislativa-de-sc-pl-0670-2025\/#primaryimage\",\"url\":\"https:\/\/www.legislapp.com.br\/wp-content\/uploads\/google-play.png\",\"contentUrl\":\"https:\/\/www.legislapp.com.br\/wp-content\/uploads\/google-play.png\",\"width\":564,\"height\":168},{\"@type\":\"BreadcrumbList\",\"@id\":\"https:\/\/www.legislapp.com.br\/index.php\/cam-legislativa-de-sc-pl-0670-2025\/#breadcrumb\",\"itemListElement\":[{\"@type\":\"ListItem\",\"position\":1,\"name\":\"In\u00edcio\",\"item\":\"https:\/\/www.legislapp.com.br\/\"},{\"@type\":\"ListItem\",\"position\":2,\"name\":\"PL.\/0670\/2025 &#8211; Dr. Vicente Caropreso\"}]},{\"@type\":\"WebSite\",\"@id\":\"https:\/\/www.legislapp.com.br\/#website\",\"url\":\"https:\/\/www.legislapp.com.br\/\",\"name\":\"Legislapp\",\"description\":\"Intelig\u00eancia governamental em tempo real\",\"publisher\":{\"@id\":\"https:\/\/www.legislapp.com.br\/#organization\"},\"potentialAction\":[{\"@type\":\"SearchAction\",\"target\":{\"@type\":\"EntryPoint\",\"urlTemplate\":\"https:\/\/www.legislapp.com.br\/?s={search_term_string}\"},\"query-input\":{\"@type\":\"PropertyValueSpecification\",\"valueRequired\":true,\"valueName\":\"search_term_string\"}}],\"inLanguage\":\"pt-BR\"},{\"@type\":\"Organization\",\"@id\":\"https:\/\/www.legislapp.com.br\/#organization\",\"name\":\"Legislapp Monitoramento e Intelig\u00eancia Governamental\",\"url\":\"https:\/\/www.legislapp.com.br\/\",\"logo\":{\"@type\":\"ImageObject\",\"inLanguage\":\"pt-BR\",\"@id\":\"https:\/\/www.legislapp.com.br\/#\/schema\/logo\/image\/\",\"url\":\"https:\/\/www.legislapp.com.br\/wp-content\/uploads\/icon.png\",\"contentUrl\":\"https:\/\/www.legislapp.com.br\/wp-content\/uploads\/icon.png\",\"width\":1024,\"height\":1024,\"caption\":\"Legislapp Monitoramento e Intelig\u00eancia Governamental\"},\"image\":{\"@id\":\"https:\/\/www.legislapp.com.br\/#\/schema\/logo\/image\/\"},\"sameAs\":[\"https:\/\/www.instagram.com\/legislapp\/\"]}]}<\/script>\n<!-- \/ Yoast SEO plugin. -->","yoast_head_json":{"title":"PL.\/0670\/2025 - Dr. Vicente Caropreso - Legislapp","robots":{"index":"index","follow":"follow","max-snippet":"max-snippet:-1","max-image-preview":"max-image-preview:large","max-video-preview":"max-video-preview:-1"},"canonical":"https:\/\/www.legislapp.com.br\/index.php\/cam-legislativa-de-sc-pl-0670-2025\/","og_locale":"pt_BR","og_type":"article","og_title":"PL.\/0670\/2025 - Dr. Vicente Caropreso - Legislapp","og_description":"C\u00e2m. Legislativa de SC &#8211; Autoria de Dr. Vicente Caropreso Declara de utilidade p\u00fablica Associa\u00e7\u00e3o Catarinense de Esportes Acess\u00edveis, de Florian\u00f3polis e Altera o Anexo \u00danico da Lei n\u00ba 18.278, de 2021, que &#8220;Consolida os atos normativos que concedem o T\u00edtulo de Utilidade P\u00fablica estadual no \u00e2mbito do Estado de Santa Catarina&#8221; para fazer constar [&hellip;]","og_url":"https:\/\/www.legislapp.com.br\/index.php\/cam-legislativa-de-sc-pl-0670-2025\/","og_site_name":"Legislapp","article_publisher":"https:\/\/www.instagram.com\/legislapp\/","og_image":[{"url":"https:\/\/www.legislapp.com.br\/wp-content\/uploads\/google-play.png","type":"","width":"","height":""}],"twitter_card":"summary_large_image","twitter_misc":{"Est. tempo de leitura":"4 minutos"},"schema":{"@context":"https:\/\/schema.org","@graph":[{"@type":"WebPage","@id":"https:\/\/www.legislapp.com.br\/index.php\/cam-legislativa-de-sc-pl-0670-2025\/","url":"https:\/\/www.legislapp.com.br\/index.php\/cam-legislativa-de-sc-pl-0670-2025\/","name":"PL.\/0670\/2025 - Dr. Vicente Caropreso - Legislapp","isPartOf":{"@id":"https:\/\/www.legislapp.com.br\/#website"},"primaryImageOfPage":{"@id":"https:\/\/www.legislapp.com.br\/index.php\/cam-legislativa-de-sc-pl-0670-2025\/#primaryimage"},"image":{"@id":"https:\/\/www.legislapp.com.br\/index.php\/cam-legislativa-de-sc-pl-0670-2025\/#primaryimage"},"thumbnailUrl":"https:\/\/www.legislapp.com.br\/wp-content\/uploads\/google-play.png","datePublished":"2025-10-08T14:27:30+00:00","breadcrumb":{"@id":"https:\/\/www.legislapp.com.br\/index.php\/cam-legislativa-de-sc-pl-0670-2025\/#breadcrumb"},"inLanguage":"pt-BR","potentialAction":[{"@type":"ReadAction","target":["https:\/\/www.legislapp.com.br\/index.php\/cam-legislativa-de-sc-pl-0670-2025\/"]}]},{"@type":"ImageObject","inLanguage":"pt-BR","@id":"https:\/\/www.legislapp.com.br\/index.php\/cam-legislativa-de-sc-pl-0670-2025\/#primaryimage","url":"https:\/\/www.legislapp.com.br\/wp-content\/uploads\/google-play.png","contentUrl":"https:\/\/www.legislapp.com.br\/wp-content\/uploads\/google-play.png","width":564,"height":168},{"@type":"BreadcrumbList","@id":"https:\/\/www.legislapp.com.br\/index.php\/cam-legislativa-de-sc-pl-0670-2025\/#breadcrumb","itemListElement":[{"@type":"ListItem","position":1,"name":"In\u00edcio","item":"https:\/\/www.legislapp.com.br\/"},{"@type":"ListItem","position":2,"name":"PL.\/0670\/2025 &#8211; Dr. Vicente Caropreso"}]},{"@type":"WebSite","@id":"https:\/\/www.legislapp.com.br\/#website","url":"https:\/\/www.legislapp.com.br\/","name":"Legislapp","description":"Intelig\u00eancia governamental em tempo real","publisher":{"@id":"https:\/\/www.legislapp.com.br\/#organization"},"potentialAction":[{"@type":"SearchAction","target":{"@type":"EntryPoint","urlTemplate":"https:\/\/www.legislapp.com.br\/?s={search_term_string}"},"query-input":{"@type":"PropertyValueSpecification","valueRequired":true,"valueName":"search_term_string"}}],"inLanguage":"pt-BR"},{"@type":"Organization","@id":"https:\/\/www.legislapp.com.br\/#organization","name":"Legislapp Monitoramento e Intelig\u00eancia Governamental","url":"https:\/\/www.legislapp.com.br\/","logo":{"@type":"ImageObject","inLanguage":"pt-BR","@id":"https:\/\/www.legislapp.com.br\/#\/schema\/logo\/image\/","url":"https:\/\/www.legislapp.com.br\/wp-content\/uploads\/icon.png","contentUrl":"https:\/\/www.legislapp.com.br\/wp-content\/uploads\/icon.png","width":1024,"height":1024,"caption":"Legislapp Monitoramento e Intelig\u00eancia Governamental"},"image":{"@id":"https:\/\/www.legislapp.com.br\/#\/schema\/logo\/image\/"},"sameAs":["https:\/\/www.instagram.com\/legislapp\/"]}]}},"_links":{"self":[{"href":"https:\/\/www.legislapp.com.br\/index.php\/wp-json\/wp\/v2\/pages\/8332","targetHints":{"allow":["GET"]}}],"collection":[{"href":"https:\/\/www.legislapp.com.br\/index.php\/wp-json\/wp\/v2\/pages"}],"about":[{"href":"https:\/\/www.legislapp.com.br\/index.php\/wp-json\/wp\/v2\/types\/page"}],"author":[{"embeddable":true,"href":"https:\/\/www.legislapp.com.br\/index.php\/wp-json\/wp\/v2\/users\/1"}],"replies":[{"embeddable":true,"href":"https:\/\/www.legislapp.com.br\/index.php\/wp-json\/wp\/v2\/comments?post=8332"}],"version-history":[{"count":0,"href":"https:\/\/www.legislapp.com.br\/index.php\/wp-json\/wp\/v2\/pages\/8332\/revisions"}],"wp:attachment":[{"href":"https:\/\/www.legislapp.com.br\/index.php\/wp-json\/wp\/v2\/media?parent=8332"}],"curies":[{"name":"wp","href":"https:\/\/api.w.org\/{rel}","templated":true}]}}