{"id":8343,"date":"2025-10-08T11:28:13","date_gmt":"2025-10-08T14:28:13","guid":{"rendered":"https:\/\/www.legislapp.com.br\/index.php\/cam-legislativa-de-mg-pl-4298-2025\/"},"modified":"2025-10-08T11:28:13","modified_gmt":"2025-10-08T14:28:13","slug":"cam-legislativa-de-mg-pl-4298-2025","status":"publish","type":"page","link":"https:\/\/www.legislapp.com.br\/index.php\/cam-legislativa-de-mg-pl-4298-2025\/","title":{"rendered":"PL 4298\/2025 &#8211; Deputados"},"content":{"rendered":"<h1 style='text-align: center;'>C\u00e2m. Legislativa de MG &#8211; Autoria de Deputados<\/h3>\n<p><\/p>\n<article style='text-align: center'>Disp\u00f5e sobre a\u00a0proibi\u00e7\u00e3o de cobran\u00e7a de valores para utiliza\u00e7\u00e3o de<br \/>\nestacionamento de ve\u00edculos nos hospitais, cl\u00ednicas, ambulat\u00f3rios,<br \/>\nprontos-socorros, associa\u00e7\u00f5es e cooperativas m\u00e9dicas, p\u00fablicos ou<br \/>\nprivados, no \u00e2mbito do Estado.<\/article>\n<p><\/p>\n<p style='text-align: center'><a href='https:\/\/app.legislapp.com.br\/#\/busca?termo='><\/a><\/p>\n<p><\/p>\n<article>Disp\u00f5e sobre a\u00a0proibi\u00e7\u00e3o de cobran\u00e7a de valores para utiliza\u00e7\u00e3o de estacionamento de ve\u00edculos nos hospitais, cl\u00ednicas, ambulat\u00f3rios, prontos-socorros, associa\u00e7\u00f5es e cooperativas m\u00e9dicas, p\u00fablicos ou privados, ainda que prestados por pessoa jur\u00eddica terceirizada, no \u00e2mbito do Estado de Minas Gerais.<br \/>\nA Assembleia Legislativa do Estado de Minas Gerais decreta:<br \/>\nArt. 1\u00ba \u2013 \u00c9 proibida a cobran\u00e7a de valores para utiliza\u00e7\u00e3o de estacionamento de ve\u00edculos nos hospitais, cl\u00ednicas, ambulat\u00f3rios, prontos-socorros, associa\u00e7\u00f5es e cooperativas m\u00e9dicas, p\u00fablicos ou privados, ainda que prestados por pessoa jur\u00eddica terceirizada, no \u00e2mbito do Estado de Minas Gerais para ve\u00edculos de pacientes, acompanhantes e demais usu\u00e1rios diretos dos servi\u00e7os de sa\u00fade para realiza\u00e7\u00e3o de consultas, exames, e outros atendimentos e procedimentos pertencentes \u00e0 atividade principal de sa\u00fade do estabelecimento.<br \/>\nPar\u00e1grafo \u00fanico \u2013 Para comprova\u00e7\u00e3o de gratuidade, o motorista apresentar\u00e1 ao respons\u00e1vel pelo estacionamento a comprova\u00e7\u00e3o dos casos descritos no caput.<br \/>\nArt. 2\u00ba \u2013 Os estabelecimentos de sa\u00fade ainda dever\u00e3o expor, em local vis\u00edvel e de f\u00e1cil acesso, o conte\u00fado e o n\u00famero desta lei.<br \/>\nArt. 3\u00ba \u2013 O descumprimento desta lei acarretar\u00e1 ao infrator \u00e0:<br \/>\nI \u2013 multa no valor de R$1.500,00 (um mil e quinhentos reais), corrigido anualmente com base no \u00cdndice Nacional de Pre\u00e7o ao Consumidor Amplo \u2013 IPCA \u2013, acumulado no ano anterior;<br \/>\nII \u2013 multa em dobro, em caso reincid\u00eancia, sem preju\u00edzo n\u00e3o das demais comina\u00e7\u00f5es legais previstas no C\u00f3digo de Defesa do Consumidor.<br \/>\nArt. 4\u00ba \u2013 Esta lei entra em vigor na data de sua publica\u00e7\u00e3o.<br \/>\nSala das Reuni\u00f5es, 27 de agosto de 2025.<br \/>\nBet\u00e3o (PT)<br \/>\nJustifica\u00e7\u00e3o: V\u00e1rios estabelecimentos de sa\u00fade de Minas Gerais cobram pelo uso dos estacionamentos. Alguns, ainda estabelecem valores ostensivos, mesmo tendo ci\u00eancia de que o servi\u00e7o de estacionamento j\u00e1 se encontra embutido no pre\u00e7o final do servi\u00e7o de sa\u00fade.<br \/>\nOs consumidores s\u00e3o v\u00edtimas de verdadeiras vendas casadas, j\u00e1 que a pessoa\u00a0 se desloca at\u00e9 tais estabelecimentos para ser atendido e, muitas vezes, n\u00e3o tem sequer outra op\u00e7\u00e3o para estacionar o carro.<br \/>\nVale lembrar que \u00e0queles que se deslocam em dire\u00e7\u00e3o aos estabelecimentos de sa\u00fade, na maior parte das vezes, est\u00e3o com suas capacidades f\u00edsicas debilitadas. Isso sem contar que muitos desses locais est\u00e3o localizados distantes ou longe de locais em que os pacientes possam estacionar seus ve\u00edculos em locais seguros e de f\u00e1cil acesso.<br \/>\nDiante do exposto, esse projeto de lei visa garantir os direitos dos consumidores, coibindo o uso abusivo do direito \u00e0 propriedade privada.<br \/>\n\u2013 Publicado, vai o projeto \u00e0s Comiss\u00f5es de Justi\u00e7a, de Defesa do Consumidor, de Desenvolvimento Econ\u00f4mico e de Fiscaliza\u00e7\u00e3o Financeira para parecer, nos termos do art. 188, c\/c o art. 102, do Regimento Interno.<\/article>\n<div style=\"text-align: center\">\n<div style=\"margin-bottom: 20px;\" class=\"et_pb_button_module_wrapper et_pb_button_5_tb_body_wrapper et_pb_button_alignment_center et_pb_module \">\n         <a class=\"et_pb_button et_pb_button_5_tb_body et_hover_enabled et_pb_bg_layout_dark\" style=\"width: 50%;background-color: black;\" href=\"https:\/\/app.legislapp.com.br\" target=\"_blank\" rel=\"noopener\">Visualizar completo na nossa plataforma (30 dias gr\u00e1tis)<\/a><\/p><\/div>\n<p>      <a href=\"https:\/\/play.google.com\/store\/apps\/details?id=br.com.legislapp\"><img decoding=\"async\" style=\"width: 15%; min-width: 130px;\" src=\"https:\/\/www.legislapp.com.br\/wp-content\/uploads\/google-play.png\"><\/a><br \/>\n      <a href=\"https:\/\/apps.apple.com\/us\/app\/legislapp\/id1568929859\"><img decoding=\"async\" style=\"width: 15%; min-width: 130px\" src=\"https:\/\/www.legislapp.com.br\/wp-content\/uploads\/apple-store.png\"><\/a>\n   <\/div>\n","protected":false},"excerpt":{"rendered":"<p>C\u00e2m. Legislativa de MG &#8211; Autoria de Deputados Disp\u00f5e sobre a\u00a0proibi\u00e7\u00e3o de cobran\u00e7a de valores para utiliza\u00e7\u00e3o de estacionamento de ve\u00edculos nos hospitais, cl\u00ednicas, ambulat\u00f3rios, prontos-socorros, associa\u00e7\u00f5es e cooperativas m\u00e9dicas, p\u00fablicos ou privados, no \u00e2mbito do Estado. Disp\u00f5e sobre a\u00a0proibi\u00e7\u00e3o de cobran\u00e7a de valores para utiliza\u00e7\u00e3o de estacionamento de ve\u00edculos nos hospitais, cl\u00ednicas, ambulat\u00f3rios, prontos-socorros, [&hellip;]<\/p>\n","protected":false},"author":1,"featured_media":0,"parent":0,"menu_order":0,"comment_status":"closed","ping_status":"closed","template":"page-template-blank.php","meta":{"_et_pb_use_builder":"","_et_pb_old_content":"","_et_gb_content_width":"1080","ngg_post_thumbnail":0,"footnotes":""},"class_list":["post-8343","page","type-page","status-publish","hentry"],"yoast_head":"<!-- This site is optimized with the Yoast SEO plugin v24.4 - https:\/\/yoast.com\/wordpress\/plugins\/seo\/ -->\n<title>PL 4298\/2025 - Deputados - Legislapp<\/title>\n<meta name=\"robots\" content=\"index, follow, max-snippet:-1, max-image-preview:large, max-video-preview:-1\" \/>\n<link rel=\"canonical\" href=\"https:\/\/www.legislapp.com.br\/index.php\/cam-legislativa-de-mg-pl-4298-2025\/\" \/>\n<meta property=\"og:locale\" content=\"pt_BR\" \/>\n<meta property=\"og:type\" content=\"article\" \/>\n<meta property=\"og:title\" content=\"PL 4298\/2025 - Deputados - Legislapp\" \/>\n<meta property=\"og:description\" content=\"C\u00e2m. Legislativa de MG &#8211; Autoria de Deputados Disp\u00f5e sobre a\u00a0proibi\u00e7\u00e3o de cobran\u00e7a de valores para utiliza\u00e7\u00e3o de estacionamento de ve\u00edculos nos hospitais, cl\u00ednicas, ambulat\u00f3rios, prontos-socorros, associa\u00e7\u00f5es e cooperativas m\u00e9dicas, p\u00fablicos ou privados, no \u00e2mbito do Estado. Disp\u00f5e sobre a\u00a0proibi\u00e7\u00e3o de cobran\u00e7a de valores para utiliza\u00e7\u00e3o de estacionamento de ve\u00edculos nos hospitais, cl\u00ednicas, ambulat\u00f3rios, prontos-socorros, [&hellip;]\" \/>\n<meta property=\"og:url\" content=\"https:\/\/www.legislapp.com.br\/index.php\/cam-legislativa-de-mg-pl-4298-2025\/\" \/>\n<meta property=\"og:site_name\" content=\"Legislapp\" \/>\n<meta property=\"article:publisher\" content=\"https:\/\/www.instagram.com\/legislapp\/\" \/>\n<meta property=\"og:image\" content=\"https:\/\/www.legislapp.com.br\/wp-content\/uploads\/google-play.png\" \/>\n<meta name=\"twitter:card\" content=\"summary_large_image\" \/>\n<meta name=\"twitter:label1\" content=\"Est. tempo de leitura\" \/>\n\t<meta name=\"twitter:data1\" content=\"3 minutos\" \/>\n<script type=\"application\/ld+json\" class=\"yoast-schema-graph\">{\"@context\":\"https:\/\/schema.org\",\"@graph\":[{\"@type\":\"WebPage\",\"@id\":\"https:\/\/www.legislapp.com.br\/index.php\/cam-legislativa-de-mg-pl-4298-2025\/\",\"url\":\"https:\/\/www.legislapp.com.br\/index.php\/cam-legislativa-de-mg-pl-4298-2025\/\",\"name\":\"PL 4298\/2025 - Deputados - Legislapp\",\"isPartOf\":{\"@id\":\"https:\/\/www.legislapp.com.br\/#website\"},\"primaryImageOfPage\":{\"@id\":\"https:\/\/www.legislapp.com.br\/index.php\/cam-legislativa-de-mg-pl-4298-2025\/#primaryimage\"},\"image\":{\"@id\":\"https:\/\/www.legislapp.com.br\/index.php\/cam-legislativa-de-mg-pl-4298-2025\/#primaryimage\"},\"thumbnailUrl\":\"https:\/\/www.legislapp.com.br\/wp-content\/uploads\/google-play.png\",\"datePublished\":\"2025-10-08T14:28:13+00:00\",\"breadcrumb\":{\"@id\":\"https:\/\/www.legislapp.com.br\/index.php\/cam-legislativa-de-mg-pl-4298-2025\/#breadcrumb\"},\"inLanguage\":\"pt-BR\",\"potentialAction\":[{\"@type\":\"ReadAction\",\"target\":[\"https:\/\/www.legislapp.com.br\/index.php\/cam-legislativa-de-mg-pl-4298-2025\/\"]}]},{\"@type\":\"ImageObject\",\"inLanguage\":\"pt-BR\",\"@id\":\"https:\/\/www.legislapp.com.br\/index.php\/cam-legislativa-de-mg-pl-4298-2025\/#primaryimage\",\"url\":\"https:\/\/www.legislapp.com.br\/wp-content\/uploads\/google-play.png\",\"contentUrl\":\"https:\/\/www.legislapp.com.br\/wp-content\/uploads\/google-play.png\",\"width\":564,\"height\":168},{\"@type\":\"BreadcrumbList\",\"@id\":\"https:\/\/www.legislapp.com.br\/index.php\/cam-legislativa-de-mg-pl-4298-2025\/#breadcrumb\",\"itemListElement\":[{\"@type\":\"ListItem\",\"position\":1,\"name\":\"In\u00edcio\",\"item\":\"https:\/\/www.legislapp.com.br\/\"},{\"@type\":\"ListItem\",\"position\":2,\"name\":\"PL 4298\/2025 &#8211; Deputados\"}]},{\"@type\":\"WebSite\",\"@id\":\"https:\/\/www.legislapp.com.br\/#website\",\"url\":\"https:\/\/www.legislapp.com.br\/\",\"name\":\"Legislapp\",\"description\":\"Intelig\u00eancia governamental em tempo real\",\"publisher\":{\"@id\":\"https:\/\/www.legislapp.com.br\/#organization\"},\"potentialAction\":[{\"@type\":\"SearchAction\",\"target\":{\"@type\":\"EntryPoint\",\"urlTemplate\":\"https:\/\/www.legislapp.com.br\/?s={search_term_string}\"},\"query-input\":{\"@type\":\"PropertyValueSpecification\",\"valueRequired\":true,\"valueName\":\"search_term_string\"}}],\"inLanguage\":\"pt-BR\"},{\"@type\":\"Organization\",\"@id\":\"https:\/\/www.legislapp.com.br\/#organization\",\"name\":\"Legislapp Monitoramento e Intelig\u00eancia Governamental\",\"url\":\"https:\/\/www.legislapp.com.br\/\",\"logo\":{\"@type\":\"ImageObject\",\"inLanguage\":\"pt-BR\",\"@id\":\"https:\/\/www.legislapp.com.br\/#\/schema\/logo\/image\/\",\"url\":\"https:\/\/www.legislapp.com.br\/wp-content\/uploads\/icon.png\",\"contentUrl\":\"https:\/\/www.legislapp.com.br\/wp-content\/uploads\/icon.png\",\"width\":1024,\"height\":1024,\"caption\":\"Legislapp Monitoramento e Intelig\u00eancia Governamental\"},\"image\":{\"@id\":\"https:\/\/www.legislapp.com.br\/#\/schema\/logo\/image\/\"},\"sameAs\":[\"https:\/\/www.instagram.com\/legislapp\/\"]}]}<\/script>\n<!-- \/ Yoast SEO plugin. -->","yoast_head_json":{"title":"PL 4298\/2025 - Deputados - Legislapp","robots":{"index":"index","follow":"follow","max-snippet":"max-snippet:-1","max-image-preview":"max-image-preview:large","max-video-preview":"max-video-preview:-1"},"canonical":"https:\/\/www.legislapp.com.br\/index.php\/cam-legislativa-de-mg-pl-4298-2025\/","og_locale":"pt_BR","og_type":"article","og_title":"PL 4298\/2025 - Deputados - Legislapp","og_description":"C\u00e2m. Legislativa de MG &#8211; Autoria de Deputados Disp\u00f5e sobre a\u00a0proibi\u00e7\u00e3o de cobran\u00e7a de valores para utiliza\u00e7\u00e3o de estacionamento de ve\u00edculos nos hospitais, cl\u00ednicas, ambulat\u00f3rios, prontos-socorros, associa\u00e7\u00f5es e cooperativas m\u00e9dicas, p\u00fablicos ou privados, no \u00e2mbito do Estado. Disp\u00f5e sobre a\u00a0proibi\u00e7\u00e3o de cobran\u00e7a de valores para utiliza\u00e7\u00e3o de estacionamento de ve\u00edculos nos hospitais, cl\u00ednicas, ambulat\u00f3rios, prontos-socorros, [&hellip;]","og_url":"https:\/\/www.legislapp.com.br\/index.php\/cam-legislativa-de-mg-pl-4298-2025\/","og_site_name":"Legislapp","article_publisher":"https:\/\/www.instagram.com\/legislapp\/","og_image":[{"url":"https:\/\/www.legislapp.com.br\/wp-content\/uploads\/google-play.png","type":"","width":"","height":""}],"twitter_card":"summary_large_image","twitter_misc":{"Est. tempo de leitura":"3 minutos"},"schema":{"@context":"https:\/\/schema.org","@graph":[{"@type":"WebPage","@id":"https:\/\/www.legislapp.com.br\/index.php\/cam-legislativa-de-mg-pl-4298-2025\/","url":"https:\/\/www.legislapp.com.br\/index.php\/cam-legislativa-de-mg-pl-4298-2025\/","name":"PL 4298\/2025 - Deputados - Legislapp","isPartOf":{"@id":"https:\/\/www.legislapp.com.br\/#website"},"primaryImageOfPage":{"@id":"https:\/\/www.legislapp.com.br\/index.php\/cam-legislativa-de-mg-pl-4298-2025\/#primaryimage"},"image":{"@id":"https:\/\/www.legislapp.com.br\/index.php\/cam-legislativa-de-mg-pl-4298-2025\/#primaryimage"},"thumbnailUrl":"https:\/\/www.legislapp.com.br\/wp-content\/uploads\/google-play.png","datePublished":"2025-10-08T14:28:13+00:00","breadcrumb":{"@id":"https:\/\/www.legislapp.com.br\/index.php\/cam-legislativa-de-mg-pl-4298-2025\/#breadcrumb"},"inLanguage":"pt-BR","potentialAction":[{"@type":"ReadAction","target":["https:\/\/www.legislapp.com.br\/index.php\/cam-legislativa-de-mg-pl-4298-2025\/"]}]},{"@type":"ImageObject","inLanguage":"pt-BR","@id":"https:\/\/www.legislapp.com.br\/index.php\/cam-legislativa-de-mg-pl-4298-2025\/#primaryimage","url":"https:\/\/www.legislapp.com.br\/wp-content\/uploads\/google-play.png","contentUrl":"https:\/\/www.legislapp.com.br\/wp-content\/uploads\/google-play.png","width":564,"height":168},{"@type":"BreadcrumbList","@id":"https:\/\/www.legislapp.com.br\/index.php\/cam-legislativa-de-mg-pl-4298-2025\/#breadcrumb","itemListElement":[{"@type":"ListItem","position":1,"name":"In\u00edcio","item":"https:\/\/www.legislapp.com.br\/"},{"@type":"ListItem","position":2,"name":"PL 4298\/2025 &#8211; Deputados"}]},{"@type":"WebSite","@id":"https:\/\/www.legislapp.com.br\/#website","url":"https:\/\/www.legislapp.com.br\/","name":"Legislapp","description":"Intelig\u00eancia governamental em tempo real","publisher":{"@id":"https:\/\/www.legislapp.com.br\/#organization"},"potentialAction":[{"@type":"SearchAction","target":{"@type":"EntryPoint","urlTemplate":"https:\/\/www.legislapp.com.br\/?s={search_term_string}"},"query-input":{"@type":"PropertyValueSpecification","valueRequired":true,"valueName":"search_term_string"}}],"inLanguage":"pt-BR"},{"@type":"Organization","@id":"https:\/\/www.legislapp.com.br\/#organization","name":"Legislapp Monitoramento e Intelig\u00eancia Governamental","url":"https:\/\/www.legislapp.com.br\/","logo":{"@type":"ImageObject","inLanguage":"pt-BR","@id":"https:\/\/www.legislapp.com.br\/#\/schema\/logo\/image\/","url":"https:\/\/www.legislapp.com.br\/wp-content\/uploads\/icon.png","contentUrl":"https:\/\/www.legislapp.com.br\/wp-content\/uploads\/icon.png","width":1024,"height":1024,"caption":"Legislapp Monitoramento e Intelig\u00eancia Governamental"},"image":{"@id":"https:\/\/www.legislapp.com.br\/#\/schema\/logo\/image\/"},"sameAs":["https:\/\/www.instagram.com\/legislapp\/"]}]}},"_links":{"self":[{"href":"https:\/\/www.legislapp.com.br\/index.php\/wp-json\/wp\/v2\/pages\/8343","targetHints":{"allow":["GET"]}}],"collection":[{"href":"https:\/\/www.legislapp.com.br\/index.php\/wp-json\/wp\/v2\/pages"}],"about":[{"href":"https:\/\/www.legislapp.com.br\/index.php\/wp-json\/wp\/v2\/types\/page"}],"author":[{"embeddable":true,"href":"https:\/\/www.legislapp.com.br\/index.php\/wp-json\/wp\/v2\/users\/1"}],"replies":[{"embeddable":true,"href":"https:\/\/www.legislapp.com.br\/index.php\/wp-json\/wp\/v2\/comments?post=8343"}],"version-history":[{"count":0,"href":"https:\/\/www.legislapp.com.br\/index.php\/wp-json\/wp\/v2\/pages\/8343\/revisions"}],"wp:attachment":[{"href":"https:\/\/www.legislapp.com.br\/index.php\/wp-json\/wp\/v2\/media?parent=8343"}],"curies":[{"name":"wp","href":"https:\/\/api.w.org\/{rel}","templated":true}]}}