{"id":8377,"date":"2025-10-08T11:30:24","date_gmt":"2025-10-08T14:30:24","guid":{"rendered":"https:\/\/www.legislapp.com.br\/index.php\/cam-legislativa-de-sc-pl-0630-2025\/"},"modified":"2025-10-08T11:30:24","modified_gmt":"2025-10-08T14:30:24","slug":"cam-legislativa-de-sc-pl-0630-2025","status":"publish","type":"page","link":"https:\/\/www.legislapp.com.br\/index.php\/cam-legislativa-de-sc-pl-0630-2025\/","title":{"rendered":"PL.\/0630\/2025 &#8211; Marquito"},"content":{"rendered":"<h1 style='text-align: center;'>C\u00e2m. Legislativa de SC &#8211; Autoria de Marquito<\/h3>\n<p><\/p>\n<article style='text-align: center'>Pro\u00edbe a aquisi\u00e7\u00e3o de armamentos, artefatos, ve\u00edculos, dispositivos, equipamentos, sistemas e servi\u00e7os de seguran\u00e7a p\u00fablica, defesa ou intelig\u00eancia provenientes do Estado de Israel pelos \u00f3rg\u00e3os e institui\u00e7\u00f5es do Estado de Santa Catarina e d\u00e1 outras provid\u00eancias.<\/article>\n<p><\/p>\n<p style='text-align: center'><a href='https:\/\/app.legislapp.com.br\/#\/busca?termo='><\/a><\/p>\n<p><\/p>\n<article>ASSEMBLEIA LEGISLATIVA GABINETE DEPUTADO<br \/>\nESTADO DE SANTA CATARINA MARQUITO<\/p>\n<p>PROJETO DE LEI<\/p>\n<p>Pro\u00edbe a aquisi\u00e7\u00e3o de armamentos, artefatos, ve\u00edculos,<br \/>\ndispositivos, equipamentos, sistemas e servi\u00e7os de<br \/>\nseguran\u00e7a p\u00fablica, defesa ou intelig\u00eancia provenientes do<br \/>\nEstado de Israel pelos \u00f3rg\u00e3os e institui\u00e7\u00f5es do Estado de<br \/>\nSanta Catarina e d\u00e1 outras provid\u00eancias.<\/p>\n<p>Art. 1\u00ba Fica proibida a aquisi\u00e7\u00e3o de armamentos, artefatos,<br \/>\ndispositivos, equipamentos, sistemas e servi\u00e7os de seguran\u00e7a p\u00fablica, defesa ou<br \/>\nintelig\u00eancia de uso permitido provenientes do Estado de Israel pelos \u00f3rg\u00e3os e<br \/>\ninstitui\u00e7\u00f5es do Estado de Santa Catarina.<\/p>\n<p>Art. 2\u00ba A proibi\u00e7\u00e3o prevista no artigo 1\u00ba aplica-se, mas n\u00e3o se<br \/>\nrestringe, \u00e0 aquisi\u00e7\u00e3o de:<\/p>\n<p>I &#8211; Armamentos e muni\u00e7\u00f5es letais e menos-letais;<\/p>\n<p>II &#8211; Artefatos explosivos;<\/p>\n<p>III &#8211; Equipamentos de prote\u00e7\u00e3o de uso restrito;<\/p>\n<p>IV &#8211; Ve\u00edculos terrestres, Sistemas de Aeronaves<br \/>\nRemotamente Pilotadas (SARPs) e aeronaves de uso militar;<\/p>\n<p>V &#8211; Ha rd wa re s e demais sistemas de intelig\u00eancia,<br \/>\nmonitoramento digital, vigil\u00e2ncia, intelig\u00eancia artificial e reconhecimento facial;<\/p>\n<p>VI &#8211; Servi\u00e7os de treinamento e adestramento de efetivos civis<br \/>\ne militares de seguran\u00e7a p\u00fablica.<\/p>\n<p>Art. 3\u00ba A proibi\u00e7\u00e3o prevista nesta lei aplica-se \u00e0:<\/p>\n<p>I &#8211;  Pol\u00edcia Militar de Santa Catarina;<\/p>\n<p>II &#8211; Pol\u00edcia Civil de Santa Catarina;<\/p>\n<p>III &#8211; Corpo de Bombeiros Militar de Santa Catarina;<\/p>\n<p>IV &#8211;  Pol\u00edcia Cient\u00edfica de Santa Catarina;<\/p>\n<p>V &#8211;  Pol\u00edcia Penal de Santa Catarina;<\/p>\n<p>VI &#8211; Secretaria de Estado de Seguran\u00e7a P\u00fablica;<\/p>\n<p>VII &#8211; Secretaria de Estado da Prote\u00e7\u00e3o e Defesa Civil;<\/p>\n<p>VIII &#8211; Secretaria de Estado de Justi\u00e7a e Reintegra\u00e7\u00e3o Social<\/p>\n<p>IX &#8211; centros e ag\u00eancias de intelig\u00eancia dos poderes p\u00fablicos<br \/>\nestaduais.<\/p>\n<p>Art. 4\u00ba As aquisi\u00e7\u00f5es ainda n\u00e3o efetivadas que se enquadrem<br \/>\nna veda\u00e7\u00e3o desta lei dever\u00e3o ser interrompidas e extintas.<br \/>\nArt. 5\u00ba Esta lei entra em vigor na data de sua publica\u00e7\u00e3o.<\/p>\n<p>Sala da Sess\u00f5es,     <\/p>\n<p>Deputado Marcos Jos\u00e9 de Abreu &#8211; Marquito<br \/>\n JUSTIFICA\u00c7\u00c3O<\/p>\n<p>A presente propositura tem por finalidade vedar aos \u00f3rg\u00e3os e<br \/>\ninstitui\u00e7\u00f5es do Estado de Santa Catarina a aquisi\u00e7\u00e3o de armamentos, artefatos,<br \/>\nve\u00edculos, dispositivos, equipamentos, sistemas e servi\u00e7os de seguran\u00e7a p\u00fablica, defesa<br \/>\nou intelig\u00eancia de uso permitido provenientes do Estado de Israel. <\/p>\n<p>Tal medida, baseada no Projeto de Lei N\u00ba 587\/2025 do<br \/>\ndeputado estadual Guilherme Cortez de S\u00e3o Paulo, mostra-se necess\u00e1ria e urgente<br \/>\nfrente aos fatos vastamente documentados, por distintos organismos internacionais, de<br \/>\nviola\u00e7\u00f5es de direitos humanos, crimes de guerra e crimes contra a humanidade<br \/>\ncometidos pelo Estado de Israel no territ\u00f3rio da Palestina. Desde outubro de 2023,<br \/>\nregistram-se mais de 64 mil mortes na Faixa de Gaza, sendo majoritariamente<br \/>\ncrian\u00e7as, mulheres e idosos. Al\u00e9m disso, h\u00e1 centenas de milhares de palestinos<br \/>\nfor\u00e7osamente deslocados de suas casas, sobrevivendo entre escombros de guerra e<br \/>\ncampos de refugiados.<\/p>\n<p>Destarte, constata-se uma pol\u00edtica sistem\u00e1tica de ataques a<br \/>\nhospitais, escolas e outros alvos n\u00e3o-militares, representando o assassinato de civis de<br \/>\nforma indiscriminada e injustificada. \u00c0s a\u00e7\u00f5es militares, soma-se a imposi\u00e7\u00e3o de um<br \/>\nbloqueio quase total \u00e0 ajuda humanit\u00e1ria, negando o acesso a alimentos, \u00e1gua e<br \/>\nmedicamentos ao povo palestino e provocando um cen\u00e1rio de fome, desnutri\u00e7\u00e3o e<br \/>\nenfermidades. <\/p>\n<p>Estes fatos atestam uma pol\u00edtica sistem\u00e1tica de viola\u00e7\u00e3o de<br \/>\ndireitos humanos, que est\u00e1 plenamente vinculada ao complexo industrial-militar<br \/>\nisraelense e que foi caracterizada pela Observadora Especial das Na\u00e7\u00f5es Unidas<br \/>\nFrancesca Albanese como uma \u201ceconomia de ocupa\u00e7\u00e3o e genoc\u00eddio\u201d. Neste sentido, o<br \/>\ngoverno brasileiro tem denunciado em organismos internacionais os crimes do Estado<br \/>\nde Israel contra o povo palestino, passando a integrar a den\u00fancia feita pela \u00c1frica do<br \/>\nSul contra Israel junto \u00e0 Corte Internacional de Justi\u00e7a das Na\u00e7\u00f5es Unidas. Igualmente,<br \/>\no Ministro das Rela\u00e7\u00f5es Exteriores do Brasil, Mauro Vieira, anunciou no dia 28 de julho<br \/>\nque o governo brasileiro adotar\u00e1 medidas visando a restri\u00e7\u00e3o na rela\u00e7\u00e3o bilateral com<br \/>\nIsrael, incluindo a investiga\u00e7\u00e3o sobre produtos provenientes de regi\u00f5es ilegalmente<br \/>\nocupadas na Palestina e o bloqueio de exporta\u00e7\u00f5es de produtos de defesa fabricados<br \/>\nno Brasil para Israel.<\/p>\n<p>Nesse contexto, manter rela\u00e7\u00f5es com o Estado Israelense,<br \/>\nrevela-se incompat\u00edvel com os princ\u00edpios que regem as rela\u00e7\u00f5es internacionais da<br \/>\nRep\u00fablica Federativa do Brasil, conforme estabelecido no artigo 4\u00ba da Constitui\u00e7\u00e3o<br \/>\nFederal, que determina:<\/p>\n<p>&#8220;Art. 4\u00ba A Rep\u00fablica Federativa do Brasil rege-se nas suas<br \/>\nrela\u00e7\u00f5es internacionais pelos seguintes princ\u00edpios:<br \/>\n(&#8230;)<br \/>\nII &#8211; preval\u00eancia dos direitos humanos;<br \/>\nIII &#8211; autodetermina\u00e7\u00e3o dos povos;<br \/>\n(&#8230;)<br \/>\nVI &#8211; defesa da paz;<br \/>\nVII &#8211; solu\u00e7\u00e3o pac\u00edfica dos conflitos;<br \/>\nVIII &#8211; rep\u00fadio ao terrorismo e ao racismo;<br \/>\nIX &#8211; coopera\u00e7\u00e3o entre os povos para o progresso da<br \/>\nhumanidade;<br \/>\n(&#8230;)&#8221;<\/p>\n<p>Deste modo, a presente proposta mostra-se em<br \/>\nconcord\u00e2ncia com as medidas do governo federal de den\u00fancia dos crimes registrados<br \/>\nna Palestina e a redu\u00e7\u00e3o das rela\u00e7\u00f5es com o Estado de Israel. A eventual aquisi\u00e7\u00e3o de<br \/>\nequipamentos, sistemas e demais itens de defesa e intelig\u00eancia n\u00e3o pode ignorar a<br \/>\nexist\u00eancia e perman\u00eancia de uma pol\u00edtica de ocupa\u00e7\u00e3o, viol\u00eancia e morte<br \/>\nAssim, a implementa\u00e7\u00e3o desta veda\u00e7\u00e3o alinha-se aos<br \/>\nprinc\u00edpios constitucionais que regem a atua\u00e7\u00e3o internacional brasileira, bem como aos<br \/>\ncompromissos assumidos em tratados e conven\u00e7\u00f5es. Trata-se, efetivamente, de evitar<br \/>\nque o Governo de Santa Catarina seja c\u00famplice de um processo de viola\u00e7\u00f5es contra a<br \/>\nhumanidade.<\/p>\n<p>Ante o exposto, submeto a mat\u00e9ria \u00e0 aprecia\u00e7\u00e3o dos nobres<br \/>\ndeputados, contando com sua aprova\u00e7\u00e3o.<\/p>\n<p>Sala das Sess\u00f5es,<br \/>\nDeputado Marcos Jos\u00e9 de Abreu &#8211; Marquito<br \/>\nELEGIS<br \/>\nDocumento assinado eletronicamente por Marcos Jos\u00e9 de<br \/>\nSistema de Processo<br \/>\nAbreu, em 05\/09\/2025, \u00e0s 17:57.<br \/>\nLegislativo Eletr\u00f4nico<\/article>\n<div style=\"text-align: center\">\n<div style=\"margin-bottom: 20px;\" class=\"et_pb_button_module_wrapper et_pb_button_5_tb_body_wrapper et_pb_button_alignment_center et_pb_module \">\n         <a class=\"et_pb_button et_pb_button_5_tb_body et_hover_enabled et_pb_bg_layout_dark\" style=\"width: 50%;background-color: black;\" href=\"https:\/\/app.legislapp.com.br\" target=\"_blank\" rel=\"noopener\">Visualizar completo na nossa plataforma (30 dias gr\u00e1tis)<\/a><\/p><\/div>\n<p>      <a href=\"https:\/\/play.google.com\/store\/apps\/details?id=br.com.legislapp\"><img decoding=\"async\" style=\"width: 15%; min-width: 130px;\" src=\"https:\/\/www.legislapp.com.br\/wp-content\/uploads\/google-play.png\"><\/a><br \/>\n      <a href=\"https:\/\/apps.apple.com\/us\/app\/legislapp\/id1568929859\"><img decoding=\"async\" style=\"width: 15%; min-width: 130px\" src=\"https:\/\/www.legislapp.com.br\/wp-content\/uploads\/apple-store.png\"><\/a>\n   <\/div>\n","protected":false},"excerpt":{"rendered":"<p>C\u00e2m. Legislativa de SC &#8211; Autoria de Marquito Pro\u00edbe a aquisi\u00e7\u00e3o de armamentos, artefatos, ve\u00edculos, dispositivos, equipamentos, sistemas e servi\u00e7os de seguran\u00e7a p\u00fablica, defesa ou intelig\u00eancia provenientes do Estado de Israel pelos \u00f3rg\u00e3os e institui\u00e7\u00f5es do Estado de Santa Catarina e d\u00e1 outras provid\u00eancias. ASSEMBLEIA LEGISLATIVA GABINETE DEPUTADO ESTADO DE SANTA CATARINA MARQUITO PROJETO DE [&hellip;]<\/p>\n","protected":false},"author":1,"featured_media":0,"parent":0,"menu_order":0,"comment_status":"closed","ping_status":"closed","template":"page-template-blank.php","meta":{"_et_pb_use_builder":"","_et_pb_old_content":"","_et_gb_content_width":"1080","ngg_post_thumbnail":0,"footnotes":""},"class_list":["post-8377","page","type-page","status-publish","hentry"],"yoast_head":"<!-- This site is optimized with the Yoast SEO plugin v24.4 - https:\/\/yoast.com\/wordpress\/plugins\/seo\/ -->\n<title>PL.\/0630\/2025 - Marquito - Legislapp<\/title>\n<meta name=\"robots\" content=\"index, follow, max-snippet:-1, max-image-preview:large, max-video-preview:-1\" \/>\n<link rel=\"canonical\" href=\"https:\/\/www.legislapp.com.br\/index.php\/cam-legislativa-de-sc-pl-0630-2025\/\" \/>\n<meta property=\"og:locale\" content=\"pt_BR\" \/>\n<meta property=\"og:type\" content=\"article\" \/>\n<meta property=\"og:title\" content=\"PL.\/0630\/2025 - Marquito - Legislapp\" \/>\n<meta property=\"og:description\" content=\"C\u00e2m. Legislativa de SC &#8211; Autoria de Marquito Pro\u00edbe a aquisi\u00e7\u00e3o de armamentos, artefatos, ve\u00edculos, dispositivos, equipamentos, sistemas e servi\u00e7os de seguran\u00e7a p\u00fablica, defesa ou intelig\u00eancia provenientes do Estado de Israel pelos \u00f3rg\u00e3os e institui\u00e7\u00f5es do Estado de Santa Catarina e d\u00e1 outras provid\u00eancias. ASSEMBLEIA LEGISLATIVA GABINETE DEPUTADO ESTADO DE SANTA CATARINA MARQUITO PROJETO DE [&hellip;]\" \/>\n<meta property=\"og:url\" content=\"https:\/\/www.legislapp.com.br\/index.php\/cam-legislativa-de-sc-pl-0630-2025\/\" \/>\n<meta property=\"og:site_name\" content=\"Legislapp\" \/>\n<meta property=\"article:publisher\" content=\"https:\/\/www.instagram.com\/legislapp\/\" \/>\n<meta property=\"og:image\" content=\"https:\/\/www.legislapp.com.br\/wp-content\/uploads\/google-play.png\" \/>\n<meta name=\"twitter:card\" content=\"summary_large_image\" \/>\n<meta name=\"twitter:label1\" content=\"Est. tempo de leitura\" \/>\n\t<meta name=\"twitter:data1\" content=\"5 minutos\" \/>\n<script type=\"application\/ld+json\" class=\"yoast-schema-graph\">{\"@context\":\"https:\/\/schema.org\",\"@graph\":[{\"@type\":\"WebPage\",\"@id\":\"https:\/\/www.legislapp.com.br\/index.php\/cam-legislativa-de-sc-pl-0630-2025\/\",\"url\":\"https:\/\/www.legislapp.com.br\/index.php\/cam-legislativa-de-sc-pl-0630-2025\/\",\"name\":\"PL.\/0630\/2025 - Marquito - Legislapp\",\"isPartOf\":{\"@id\":\"https:\/\/www.legislapp.com.br\/#website\"},\"primaryImageOfPage\":{\"@id\":\"https:\/\/www.legislapp.com.br\/index.php\/cam-legislativa-de-sc-pl-0630-2025\/#primaryimage\"},\"image\":{\"@id\":\"https:\/\/www.legislapp.com.br\/index.php\/cam-legislativa-de-sc-pl-0630-2025\/#primaryimage\"},\"thumbnailUrl\":\"https:\/\/www.legislapp.com.br\/wp-content\/uploads\/google-play.png\",\"datePublished\":\"2025-10-08T14:30:24+00:00\",\"breadcrumb\":{\"@id\":\"https:\/\/www.legislapp.com.br\/index.php\/cam-legislativa-de-sc-pl-0630-2025\/#breadcrumb\"},\"inLanguage\":\"pt-BR\",\"potentialAction\":[{\"@type\":\"ReadAction\",\"target\":[\"https:\/\/www.legislapp.com.br\/index.php\/cam-legislativa-de-sc-pl-0630-2025\/\"]}]},{\"@type\":\"ImageObject\",\"inLanguage\":\"pt-BR\",\"@id\":\"https:\/\/www.legislapp.com.br\/index.php\/cam-legislativa-de-sc-pl-0630-2025\/#primaryimage\",\"url\":\"https:\/\/www.legislapp.com.br\/wp-content\/uploads\/google-play.png\",\"contentUrl\":\"https:\/\/www.legislapp.com.br\/wp-content\/uploads\/google-play.png\",\"width\":564,\"height\":168},{\"@type\":\"BreadcrumbList\",\"@id\":\"https:\/\/www.legislapp.com.br\/index.php\/cam-legislativa-de-sc-pl-0630-2025\/#breadcrumb\",\"itemListElement\":[{\"@type\":\"ListItem\",\"position\":1,\"name\":\"In\u00edcio\",\"item\":\"https:\/\/www.legislapp.com.br\/\"},{\"@type\":\"ListItem\",\"position\":2,\"name\":\"PL.\/0630\/2025 &#8211; Marquito\"}]},{\"@type\":\"WebSite\",\"@id\":\"https:\/\/www.legislapp.com.br\/#website\",\"url\":\"https:\/\/www.legislapp.com.br\/\",\"name\":\"Legislapp\",\"description\":\"Intelig\u00eancia governamental em tempo real\",\"publisher\":{\"@id\":\"https:\/\/www.legislapp.com.br\/#organization\"},\"potentialAction\":[{\"@type\":\"SearchAction\",\"target\":{\"@type\":\"EntryPoint\",\"urlTemplate\":\"https:\/\/www.legislapp.com.br\/?s={search_term_string}\"},\"query-input\":{\"@type\":\"PropertyValueSpecification\",\"valueRequired\":true,\"valueName\":\"search_term_string\"}}],\"inLanguage\":\"pt-BR\"},{\"@type\":\"Organization\",\"@id\":\"https:\/\/www.legislapp.com.br\/#organization\",\"name\":\"Legislapp Monitoramento e Intelig\u00eancia Governamental\",\"url\":\"https:\/\/www.legislapp.com.br\/\",\"logo\":{\"@type\":\"ImageObject\",\"inLanguage\":\"pt-BR\",\"@id\":\"https:\/\/www.legislapp.com.br\/#\/schema\/logo\/image\/\",\"url\":\"https:\/\/www.legislapp.com.br\/wp-content\/uploads\/icon.png\",\"contentUrl\":\"https:\/\/www.legislapp.com.br\/wp-content\/uploads\/icon.png\",\"width\":1024,\"height\":1024,\"caption\":\"Legislapp Monitoramento e Intelig\u00eancia Governamental\"},\"image\":{\"@id\":\"https:\/\/www.legislapp.com.br\/#\/schema\/logo\/image\/\"},\"sameAs\":[\"https:\/\/www.instagram.com\/legislapp\/\"]}]}<\/script>\n<!-- \/ Yoast SEO plugin. -->","yoast_head_json":{"title":"PL.\/0630\/2025 - Marquito - Legislapp","robots":{"index":"index","follow":"follow","max-snippet":"max-snippet:-1","max-image-preview":"max-image-preview:large","max-video-preview":"max-video-preview:-1"},"canonical":"https:\/\/www.legislapp.com.br\/index.php\/cam-legislativa-de-sc-pl-0630-2025\/","og_locale":"pt_BR","og_type":"article","og_title":"PL.\/0630\/2025 - Marquito - Legislapp","og_description":"C\u00e2m. Legislativa de SC &#8211; Autoria de Marquito Pro\u00edbe a aquisi\u00e7\u00e3o de armamentos, artefatos, ve\u00edculos, dispositivos, equipamentos, sistemas e servi\u00e7os de seguran\u00e7a p\u00fablica, defesa ou intelig\u00eancia provenientes do Estado de Israel pelos \u00f3rg\u00e3os e institui\u00e7\u00f5es do Estado de Santa Catarina e d\u00e1 outras provid\u00eancias. ASSEMBLEIA LEGISLATIVA GABINETE DEPUTADO ESTADO DE SANTA CATARINA MARQUITO PROJETO DE [&hellip;]","og_url":"https:\/\/www.legislapp.com.br\/index.php\/cam-legislativa-de-sc-pl-0630-2025\/","og_site_name":"Legislapp","article_publisher":"https:\/\/www.instagram.com\/legislapp\/","og_image":[{"url":"https:\/\/www.legislapp.com.br\/wp-content\/uploads\/google-play.png","type":"","width":"","height":""}],"twitter_card":"summary_large_image","twitter_misc":{"Est. tempo de leitura":"5 minutos"},"schema":{"@context":"https:\/\/schema.org","@graph":[{"@type":"WebPage","@id":"https:\/\/www.legislapp.com.br\/index.php\/cam-legislativa-de-sc-pl-0630-2025\/","url":"https:\/\/www.legislapp.com.br\/index.php\/cam-legislativa-de-sc-pl-0630-2025\/","name":"PL.\/0630\/2025 - Marquito - Legislapp","isPartOf":{"@id":"https:\/\/www.legislapp.com.br\/#website"},"primaryImageOfPage":{"@id":"https:\/\/www.legislapp.com.br\/index.php\/cam-legislativa-de-sc-pl-0630-2025\/#primaryimage"},"image":{"@id":"https:\/\/www.legislapp.com.br\/index.php\/cam-legislativa-de-sc-pl-0630-2025\/#primaryimage"},"thumbnailUrl":"https:\/\/www.legislapp.com.br\/wp-content\/uploads\/google-play.png","datePublished":"2025-10-08T14:30:24+00:00","breadcrumb":{"@id":"https:\/\/www.legislapp.com.br\/index.php\/cam-legislativa-de-sc-pl-0630-2025\/#breadcrumb"},"inLanguage":"pt-BR","potentialAction":[{"@type":"ReadAction","target":["https:\/\/www.legislapp.com.br\/index.php\/cam-legislativa-de-sc-pl-0630-2025\/"]}]},{"@type":"ImageObject","inLanguage":"pt-BR","@id":"https:\/\/www.legislapp.com.br\/index.php\/cam-legislativa-de-sc-pl-0630-2025\/#primaryimage","url":"https:\/\/www.legislapp.com.br\/wp-content\/uploads\/google-play.png","contentUrl":"https:\/\/www.legislapp.com.br\/wp-content\/uploads\/google-play.png","width":564,"height":168},{"@type":"BreadcrumbList","@id":"https:\/\/www.legislapp.com.br\/index.php\/cam-legislativa-de-sc-pl-0630-2025\/#breadcrumb","itemListElement":[{"@type":"ListItem","position":1,"name":"In\u00edcio","item":"https:\/\/www.legislapp.com.br\/"},{"@type":"ListItem","position":2,"name":"PL.\/0630\/2025 &#8211; Marquito"}]},{"@type":"WebSite","@id":"https:\/\/www.legislapp.com.br\/#website","url":"https:\/\/www.legislapp.com.br\/","name":"Legislapp","description":"Intelig\u00eancia governamental em tempo real","publisher":{"@id":"https:\/\/www.legislapp.com.br\/#organization"},"potentialAction":[{"@type":"SearchAction","target":{"@type":"EntryPoint","urlTemplate":"https:\/\/www.legislapp.com.br\/?s={search_term_string}"},"query-input":{"@type":"PropertyValueSpecification","valueRequired":true,"valueName":"search_term_string"}}],"inLanguage":"pt-BR"},{"@type":"Organization","@id":"https:\/\/www.legislapp.com.br\/#organization","name":"Legislapp Monitoramento e Intelig\u00eancia Governamental","url":"https:\/\/www.legislapp.com.br\/","logo":{"@type":"ImageObject","inLanguage":"pt-BR","@id":"https:\/\/www.legislapp.com.br\/#\/schema\/logo\/image\/","url":"https:\/\/www.legislapp.com.br\/wp-content\/uploads\/icon.png","contentUrl":"https:\/\/www.legislapp.com.br\/wp-content\/uploads\/icon.png","width":1024,"height":1024,"caption":"Legislapp Monitoramento e Intelig\u00eancia Governamental"},"image":{"@id":"https:\/\/www.legislapp.com.br\/#\/schema\/logo\/image\/"},"sameAs":["https:\/\/www.instagram.com\/legislapp\/"]}]}},"_links":{"self":[{"href":"https:\/\/www.legislapp.com.br\/index.php\/wp-json\/wp\/v2\/pages\/8377","targetHints":{"allow":["GET"]}}],"collection":[{"href":"https:\/\/www.legislapp.com.br\/index.php\/wp-json\/wp\/v2\/pages"}],"about":[{"href":"https:\/\/www.legislapp.com.br\/index.php\/wp-json\/wp\/v2\/types\/page"}],"author":[{"embeddable":true,"href":"https:\/\/www.legislapp.com.br\/index.php\/wp-json\/wp\/v2\/users\/1"}],"replies":[{"embeddable":true,"href":"https:\/\/www.legislapp.com.br\/index.php\/wp-json\/wp\/v2\/comments?post=8377"}],"version-history":[{"count":0,"href":"https:\/\/www.legislapp.com.br\/index.php\/wp-json\/wp\/v2\/pages\/8377\/revisions"}],"wp:attachment":[{"href":"https:\/\/www.legislapp.com.br\/index.php\/wp-json\/wp\/v2\/media?parent=8377"}],"curies":[{"name":"wp","href":"https:\/\/api.w.org\/{rel}","templated":true}]}}