{"id":8389,"date":"2025-10-08T11:31:07","date_gmt":"2025-10-08T14:31:07","guid":{"rendered":"https:\/\/www.legislapp.com.br\/index.php\/cam-legislativa-de-sc-pl-0628-2025\/"},"modified":"2025-10-08T11:31:07","modified_gmt":"2025-10-08T14:31:07","slug":"cam-legislativa-de-sc-pl-0628-2025","status":"publish","type":"page","link":"https:\/\/www.legislapp.com.br\/index.php\/cam-legislativa-de-sc-pl-0628-2025\/","title":{"rendered":"PL.\/0628\/2025 &#8211; Napole\u00e3o Bernardes"},"content":{"rendered":"<h1 style='text-align: center;'>C\u00e2m. Legislativa de SC &#8211; Autoria de Napole\u00e3o Bernardes<\/h3>\n<p><\/p>\n<article style='text-align: center'>Concede o t\u00edtulo de Cidad\u00e3o Catarinense a Juliano Custodio.<\/article>\n<p><\/p>\n<p style='text-align: center'><a href='https:\/\/app.legislapp.com.br\/#\/busca?termo='><\/a><\/p>\n<p><\/p>\n<article>ASSEMBLEIA LEGISLATIVA GABINETE DEPUTADO<br \/>\nESTADO DE SANTA CATARINA NAPOLE\u00c3O BERNARDES<\/p>\n<p>PROJETO DE LEI<\/p>\n<p>Concede o t\u00edtulo de Cidad\u00e3o Catarinense a Juliano<br \/>\nCustodio.<\/p>\n<p>Art. 1\u00ba Fica concedido o t\u00edtulo de Cidad\u00e3o Catarinense a Juliano<br \/>\nCustodio. <\/p>\n<p>Art. 2\u00ba O Anexo \u00danico da Lei n. 16.721, de 2015, passa a vigorar<br \/>\ncom a reda\u00e7\u00e3o constante no Anexo \u00danico desta Lei.<\/p>\n<p>Art. 3\u00ba Esta Lei entra em vigor na data de sua publica\u00e7\u00e3o.<\/p>\n<p>Sala das Sess\u00f5es,     <\/p>\n<p>Napole\u00e3o Bernardes,<br \/>\nDeputado Estadual<\/p>\n<p>ANEXO \u00daNICO<br \/>\n(Altera o Anexo \u00danico da Lei n. 16.721, de 2015)<\/p>\n<p>\u201cANEXO \u00daNICO<\/p>\n<p>T\u00cdTULO DE CIDAD\u00c3O CATARINENSE LEI ORDIN\u00c1RIA<br \/>\n\u2026\u2026\u2026\u2026\u2026\u2026\u2026\u2026\u2026\u2026\u2026\u2026\u2026\u2026\u2026\u2026\u2026\u2026\u2026\u2026\u2026 \u2026\u2026\u2026\u2026\u2026\u2026\u2026\u2026\u2026\u2026\u2026\u2026.<br \/>\nJuliano Custodio \u2026\u2026\u2026\u2026\u2026\u2026\u2026\u2026\u2026\u2026\u2026\u2026<br \/>\n\u2026\u2026\u2026\u2026\u2026\u2026\u2026\u2026\u2026\u2026\u2026\u2026\u2026\u2026\u2026\u2026\u2026\u2026\u2026\u2026\u2026 \u2026\u2026\u2026\u2026\u2026\u2026\u2026\u2026\u2026\u2026\u2026\u2026<\/p>\n<p>(NR)\u201d<\/p>\n<p>J US T I F I CA\u00c7\u00c3O<\/p>\n<p>O presente Projeto de Lei tem por objetivo conceder o t\u00edtulo de Cidad\u00e3o Catarinense ao<br \/>\nSenhor Juliano Custodio, reconhecendo a relev\u00e2ncia de sua trajet\u00f3ria profissional e de sua<br \/>\ncontribui\u00e7\u00e3o para o desenvolvimento econ\u00f4mico e social do Estado de Santa Catarina.<\/p>\n<p>Nascido em Porto Alegre\/RS , Juliano Custodio consolidou-se em Santa Catarina como<br \/>\nfundador e CEO da EQI Investimentos, institui\u00e7\u00e3o que, em poucos anos, transformou-se em<br \/>\numa das maiores assessorias de investimentos independentes do Brasil.<\/p>\n<p>Sob sua lideran\u00e7a, a empresa estabeleceu sede em Balne\u00e1rio Cambori\u00fa, contribuindo<br \/>\nconsideravelmente para torn\u00e1-la em polo de refer\u00eancia nacional no setor financeiro, com<br \/>\nimpacto direto na gera\u00e7\u00e3o de empregos, qualifica\u00e7\u00e3o profissional e fortalecimento do<br \/>\necossistema de inova\u00e7\u00e3o catarinense.<\/p>\n<p>Sua atua\u00e7\u00e3o extrapola os limites empresariais, e compatibilizam-se aos servi\u00e7os prestados<br \/>\n\u00e0 Santa Catarina, estendendo-se ao incentivo \u00e0 educa\u00e7\u00e3o financeira e ao fomento de<br \/>\niniciativas que aproximam a popula\u00e7\u00e3o do mercado de capitais, e mobilizam o mercado<br \/>\necon\u00f4mico Estadual.<\/p>\n<p>Nesse sentido, a Money Week, maior evento de educa\u00e7\u00e3o financeira da Am\u00e9rica Latina,<br \/>\npromovido em Balne\u00e1rio Cambori\u00fa, evidencia o compromisso do homenageado em<br \/>\ndemocratizar o conhecimento e estimular o empreendedorismo no Estado.<\/p>\n<p>Em aten\u00e7\u00e3o aos requisitos formais relacionados a lei n. 16.721, de 2015, destaco<br \/>\nreportagens publicadas nos meios de comunica\u00e7\u00e3o que refor\u00e7am a notoriedade p\u00fablica de<br \/>\nJuliano Custodio. O jornal NSC Total, em coluna assinada pela jornalista Estela Benetti<br \/>\n(2023), destacou a marca de R$ 45 bilh\u00f5es sob cust\u00f3dia da EQI Investimentos,<br \/>\nconsolidando a relev\u00e2ncia da institui\u00e7\u00e3o no cen\u00e1rio nacional. O portal Capital Aberto (2022)<br \/>\nnoticiou a estrat\u00e9gia de expans\u00e3o da empresa, com planos de se tornar banco e diversificar<br \/>\nsua atua\u00e7\u00e3o em \u00e1reas como seguros e cons\u00f3rcios. <\/p>\n<p>Ainda sobre os impactos econ\u00f4micos com a atua\u00e7\u00e3o do homenageado, para Santa<br \/>\nCatarina, destaco que o Sr. Juliano Custodio, por meio da sua empresa, impulsiona a<br \/>\neconomia catarinense, gera oportunidades profissionais qualificadas, contribui com a<br \/>\narrecada\u00e7\u00e3o tribut\u00e1ria estadual e fortalece a imagem de Santa Catarina como refer\u00eancia<br \/>\nnacional em inova\u00e7\u00e3o financeira. <\/p>\n<p>Al\u00e9m disso, suas a\u00e7\u00f5es em prol da educa\u00e7\u00e3o financeira impactam diretamente milhares de<br \/>\ncidad\u00e3os catarinenses, promovendo inclus\u00e3o, planejamento familiar e cidadania econ\u00f4mica.<\/p>\n<p>Diante do exposto, \u00e9 justa e oportuna a concess\u00e3o do t\u00edtulo de Cidad\u00e3o Catarinense a<br \/>\nJuliano Cust\u00f3dio, como reconhecimento da Assembleia Legislativa do Estado de Santa<br \/>\nCatarina a um l\u00edder empresarial que contribui de maneira significativa para o progresso<br \/>\necon\u00f4mico, social e cultural do Estado.<\/p>\n<p>Sala das Sess\u00f5es,     <\/p>\n<p>Napole\u00e3o Bernardes,<br \/>\nDeputado Estadual<br \/>\nELEGIS<br \/>\nDocumento assinado eletronicamente por Jair Ant\u00f4nio Miotto, em<br \/>\nSistema de Processo<br \/>\n03\/09\/2025, \u00e0s 11:45.<br \/>\nLegislativo Eletr\u00f4nicoELEGIS<br \/>\nDocumento assinado eletronicamente por Marcos Luiz Vieira, em<br \/>\nSistema de Processo<br \/>\n04\/09\/2025, \u00e0s 10:56.<br \/>\nLegislativo Eletr\u00f4nico<br \/>\nELEGIS<br \/>\nDocumento assinado eletronicamente por Maur\u00edcio Jos\u00e9 Eskudlark,<br \/>\nSistema de Processo<br \/>\nem 30\/09\/2025, \u00e0s 16:12.<br \/>\nLegislativo Eletr\u00f4nico<br \/>\nELEGIS<br \/>\nDocumento assinado eletronicamente por Ana Paula da Silva, em<br \/>\nSistema de Processo<br \/>\n19\/09\/2025, \u00e0s 19:44.<br \/>\nLegislativo Eletr\u00f4nico<br \/>\nELEGIS<br \/>\nDocumento assinado eletronicamente por Rodrigo Minotto, em<br \/>\nSistema de Processo<br \/>\n03\/09\/2025, \u00e0s 11:49.<br \/>\nLegislativo Eletr\u00f4nico<br \/>\nELEGIS<br \/>\nDocumento assinado eletronicamente por Volnei Weber, em<br \/>\nSistema de Processo<br \/>\n16\/09\/2025, \u00e0s 15:20.<br \/>\nLegislativo Eletr\u00f4nico<br \/>\nELEGIS<br \/>\nDocumento assinado eletronicamente por Altair Silva, em<br \/>\nSistema de Processo<br \/>\n03\/09\/2025, \u00e0s 15:37.<br \/>\nLegislativo Eletr\u00f4nico<br \/>\nELEGIS<br \/>\nDocumento assinado eletronicamente por Ant\u00eddio Aleixo Lunelli, em<br \/>\nSistema de Processo<br \/>\n03\/09\/2025, \u00e0s 10:41.<br \/>\nLegislativo Eletr\u00f4nico<br \/>\nELEGIS<br \/>\nDocumento assinado eletronicamente por Camilo Nazareno Pagani<br \/>\nSistema de Processo<br \/>\nMartins, em 04\/09\/2025, \u00e0s 11:28.<br \/>\nLegislativo Eletr\u00f4nico<br \/>\nELEGIS<br \/>\nDocumento assinado eletronicamente por Felippe Luiz Colla\u00e7o, em<br \/>\nSistema de Processo<br \/>\n03\/09\/2025, \u00e0s 15:06.<br \/>\nLegislativo Eletr\u00f4nico<br \/>\nELEGIS<br \/>\nDocumento assinado eletronicamente por Julio C\u00e9sar Garcia, em<br \/>\nSistema de Processo<br \/>\n03\/09\/2025, \u00e0s 10:46.<br \/>\nLegislativo Eletr\u00f4nico<br \/>\nELEGIS<br \/>\nDocumento assinado eletronicamente por Marcos da Rosa, em<br \/>\nSistema de Processo<br \/>\n03\/09\/2025, \u00e0s 16:19.<br \/>\nLegislativo Eletr\u00f4nico<br \/>\nELEGIS<br \/>\nDocumento assinado eletronicamente por Matheus Andreis Cadorin,<br \/>\nSistema de Processo<br \/>\nem 03\/09\/2025, \u00e0s 13:54.<br \/>\nLegislativo Eletr\u00f4nico<br \/>\nELEGIS<br \/>\nDocumento assinado eletronicamente por Napole\u00e3o Bernardes Neto,<br \/>\nSistema de Processo<br \/>\nem 01\/09\/2025, \u00e0s 17:21.<br \/>\nLegislativo Eletr\u00f4nico<br \/>\nELEGIS<br \/>\nDocumento assinado eletronicamente por Oscar Gutz, em<br \/>\nSistema de Processo<br \/>\n08\/09\/2025, \u00e0s 13:05.<br \/>\nLegislativo Eletr\u00f4nico<br \/>\nELEGIS<br \/>\nDocumento assinado eletronicamente por S\u00e9rgio da Rosa<br \/>\nSistema de Processo<br \/>\nGuimar\u00e3es, em 10\/09\/2025, \u00e0s 14:01.<br \/>\nLegislativo Eletr\u00f4nicoELEGIS<br \/>\nDocumento assinado eletronicamente por Silvio Cardoso Junior, em<br \/>\nSistema de Processo<br \/>\n03\/09\/2025, \u00e0s 15:46.<br \/>\nLegislativo Eletr\u00f4nico<br \/>\nELEGIS<br \/>\nDocumento assinado eletronicamente por Adilson Luiz Girardi, em<br \/>\nSistema de Processo<br \/>\n03\/09\/2025, \u00e0s 11:53.<br \/>\nLegislativo Eletr\u00f4nico<\/article>\n<div style=\"text-align: center\">\n<div style=\"margin-bottom: 20px;\" class=\"et_pb_button_module_wrapper et_pb_button_5_tb_body_wrapper et_pb_button_alignment_center et_pb_module \">\n         <a class=\"et_pb_button et_pb_button_5_tb_body et_hover_enabled et_pb_bg_layout_dark\" style=\"width: 50%;background-color: black;\" href=\"https:\/\/app.legislapp.com.br\" target=\"_blank\" rel=\"noopener\">Visualizar completo na nossa plataforma (30 dias gr\u00e1tis)<\/a><\/p><\/div>\n<p>      <a href=\"https:\/\/play.google.com\/store\/apps\/details?id=br.com.legislapp\"><img decoding=\"async\" style=\"width: 15%; min-width: 130px;\" src=\"https:\/\/www.legislapp.com.br\/wp-content\/uploads\/google-play.png\"><\/a><br \/>\n      <a href=\"https:\/\/apps.apple.com\/us\/app\/legislapp\/id1568929859\"><img decoding=\"async\" style=\"width: 15%; min-width: 130px\" src=\"https:\/\/www.legislapp.com.br\/wp-content\/uploads\/apple-store.png\"><\/a>\n   <\/div>\n","protected":false},"excerpt":{"rendered":"<p>C\u00e2m. Legislativa de SC &#8211; Autoria de Napole\u00e3o Bernardes Concede o t\u00edtulo de Cidad\u00e3o Catarinense a Juliano Custodio. ASSEMBLEIA LEGISLATIVA GABINETE DEPUTADO ESTADO DE SANTA CATARINA NAPOLE\u00c3O BERNARDES PROJETO DE LEI Concede o t\u00edtulo de Cidad\u00e3o Catarinense a Juliano Custodio. Art. 1\u00ba Fica concedido o t\u00edtulo de Cidad\u00e3o Catarinense a Juliano Custodio. Art. 2\u00ba O [&hellip;]<\/p>\n","protected":false},"author":1,"featured_media":0,"parent":0,"menu_order":0,"comment_status":"closed","ping_status":"closed","template":"page-template-blank.php","meta":{"_et_pb_use_builder":"","_et_pb_old_content":"","_et_gb_content_width":"1080","ngg_post_thumbnail":0,"footnotes":""},"class_list":["post-8389","page","type-page","status-publish","hentry"],"yoast_head":"<!-- This site is optimized with the Yoast SEO plugin v24.4 - https:\/\/yoast.com\/wordpress\/plugins\/seo\/ -->\n<title>PL.\/0628\/2025 - Napole\u00e3o Bernardes - Legislapp<\/title>\n<meta name=\"robots\" content=\"index, follow, max-snippet:-1, max-image-preview:large, max-video-preview:-1\" \/>\n<link rel=\"canonical\" href=\"https:\/\/www.legislapp.com.br\/index.php\/cam-legislativa-de-sc-pl-0628-2025\/\" \/>\n<meta property=\"og:locale\" content=\"pt_BR\" \/>\n<meta property=\"og:type\" content=\"article\" \/>\n<meta property=\"og:title\" content=\"PL.\/0628\/2025 - Napole\u00e3o Bernardes - Legislapp\" \/>\n<meta property=\"og:description\" content=\"C\u00e2m. Legislativa de SC &#8211; Autoria de Napole\u00e3o Bernardes Concede o t\u00edtulo de Cidad\u00e3o Catarinense a Juliano Custodio. ASSEMBLEIA LEGISLATIVA GABINETE DEPUTADO ESTADO DE SANTA CATARINA NAPOLE\u00c3O BERNARDES PROJETO DE LEI Concede o t\u00edtulo de Cidad\u00e3o Catarinense a Juliano Custodio. Art. 1\u00ba Fica concedido o t\u00edtulo de Cidad\u00e3o Catarinense a Juliano Custodio. Art. 2\u00ba O [&hellip;]\" \/>\n<meta property=\"og:url\" content=\"https:\/\/www.legislapp.com.br\/index.php\/cam-legislativa-de-sc-pl-0628-2025\/\" \/>\n<meta property=\"og:site_name\" content=\"Legislapp\" \/>\n<meta property=\"article:publisher\" content=\"https:\/\/www.instagram.com\/legislapp\/\" \/>\n<meta property=\"og:image\" content=\"https:\/\/www.legislapp.com.br\/wp-content\/uploads\/google-play.png\" \/>\n<meta name=\"twitter:card\" content=\"summary_large_image\" \/>\n<meta name=\"twitter:label1\" content=\"Est. tempo de leitura\" \/>\n\t<meta name=\"twitter:data1\" content=\"4 minutos\" \/>\n<script type=\"application\/ld+json\" class=\"yoast-schema-graph\">{\"@context\":\"https:\/\/schema.org\",\"@graph\":[{\"@type\":\"WebPage\",\"@id\":\"https:\/\/www.legislapp.com.br\/index.php\/cam-legislativa-de-sc-pl-0628-2025\/\",\"url\":\"https:\/\/www.legislapp.com.br\/index.php\/cam-legislativa-de-sc-pl-0628-2025\/\",\"name\":\"PL.\/0628\/2025 - Napole\u00e3o Bernardes - Legislapp\",\"isPartOf\":{\"@id\":\"https:\/\/www.legislapp.com.br\/#website\"},\"primaryImageOfPage\":{\"@id\":\"https:\/\/www.legislapp.com.br\/index.php\/cam-legislativa-de-sc-pl-0628-2025\/#primaryimage\"},\"image\":{\"@id\":\"https:\/\/www.legislapp.com.br\/index.php\/cam-legislativa-de-sc-pl-0628-2025\/#primaryimage\"},\"thumbnailUrl\":\"https:\/\/www.legislapp.com.br\/wp-content\/uploads\/google-play.png\",\"datePublished\":\"2025-10-08T14:31:07+00:00\",\"breadcrumb\":{\"@id\":\"https:\/\/www.legislapp.com.br\/index.php\/cam-legislativa-de-sc-pl-0628-2025\/#breadcrumb\"},\"inLanguage\":\"pt-BR\",\"potentialAction\":[{\"@type\":\"ReadAction\",\"target\":[\"https:\/\/www.legislapp.com.br\/index.php\/cam-legislativa-de-sc-pl-0628-2025\/\"]}]},{\"@type\":\"ImageObject\",\"inLanguage\":\"pt-BR\",\"@id\":\"https:\/\/www.legislapp.com.br\/index.php\/cam-legislativa-de-sc-pl-0628-2025\/#primaryimage\",\"url\":\"https:\/\/www.legislapp.com.br\/wp-content\/uploads\/google-play.png\",\"contentUrl\":\"https:\/\/www.legislapp.com.br\/wp-content\/uploads\/google-play.png\",\"width\":564,\"height\":168},{\"@type\":\"BreadcrumbList\",\"@id\":\"https:\/\/www.legislapp.com.br\/index.php\/cam-legislativa-de-sc-pl-0628-2025\/#breadcrumb\",\"itemListElement\":[{\"@type\":\"ListItem\",\"position\":1,\"name\":\"In\u00edcio\",\"item\":\"https:\/\/www.legislapp.com.br\/\"},{\"@type\":\"ListItem\",\"position\":2,\"name\":\"PL.\/0628\/2025 &#8211; Napole\u00e3o Bernardes\"}]},{\"@type\":\"WebSite\",\"@id\":\"https:\/\/www.legislapp.com.br\/#website\",\"url\":\"https:\/\/www.legislapp.com.br\/\",\"name\":\"Legislapp\",\"description\":\"Intelig\u00eancia governamental em tempo real\",\"publisher\":{\"@id\":\"https:\/\/www.legislapp.com.br\/#organization\"},\"potentialAction\":[{\"@type\":\"SearchAction\",\"target\":{\"@type\":\"EntryPoint\",\"urlTemplate\":\"https:\/\/www.legislapp.com.br\/?s={search_term_string}\"},\"query-input\":{\"@type\":\"PropertyValueSpecification\",\"valueRequired\":true,\"valueName\":\"search_term_string\"}}],\"inLanguage\":\"pt-BR\"},{\"@type\":\"Organization\",\"@id\":\"https:\/\/www.legislapp.com.br\/#organization\",\"name\":\"Legislapp Monitoramento e Intelig\u00eancia Governamental\",\"url\":\"https:\/\/www.legislapp.com.br\/\",\"logo\":{\"@type\":\"ImageObject\",\"inLanguage\":\"pt-BR\",\"@id\":\"https:\/\/www.legislapp.com.br\/#\/schema\/logo\/image\/\",\"url\":\"https:\/\/www.legislapp.com.br\/wp-content\/uploads\/icon.png\",\"contentUrl\":\"https:\/\/www.legislapp.com.br\/wp-content\/uploads\/icon.png\",\"width\":1024,\"height\":1024,\"caption\":\"Legislapp Monitoramento e Intelig\u00eancia Governamental\"},\"image\":{\"@id\":\"https:\/\/www.legislapp.com.br\/#\/schema\/logo\/image\/\"},\"sameAs\":[\"https:\/\/www.instagram.com\/legislapp\/\"]}]}<\/script>\n<!-- \/ Yoast SEO plugin. -->","yoast_head_json":{"title":"PL.\/0628\/2025 - Napole\u00e3o Bernardes - Legislapp","robots":{"index":"index","follow":"follow","max-snippet":"max-snippet:-1","max-image-preview":"max-image-preview:large","max-video-preview":"max-video-preview:-1"},"canonical":"https:\/\/www.legislapp.com.br\/index.php\/cam-legislativa-de-sc-pl-0628-2025\/","og_locale":"pt_BR","og_type":"article","og_title":"PL.\/0628\/2025 - Napole\u00e3o Bernardes - Legislapp","og_description":"C\u00e2m. Legislativa de SC &#8211; Autoria de Napole\u00e3o Bernardes Concede o t\u00edtulo de Cidad\u00e3o Catarinense a Juliano Custodio. ASSEMBLEIA LEGISLATIVA GABINETE DEPUTADO ESTADO DE SANTA CATARINA NAPOLE\u00c3O BERNARDES PROJETO DE LEI Concede o t\u00edtulo de Cidad\u00e3o Catarinense a Juliano Custodio. Art. 1\u00ba Fica concedido o t\u00edtulo de Cidad\u00e3o Catarinense a Juliano Custodio. Art. 2\u00ba O [&hellip;]","og_url":"https:\/\/www.legislapp.com.br\/index.php\/cam-legislativa-de-sc-pl-0628-2025\/","og_site_name":"Legislapp","article_publisher":"https:\/\/www.instagram.com\/legislapp\/","og_image":[{"url":"https:\/\/www.legislapp.com.br\/wp-content\/uploads\/google-play.png","type":"","width":"","height":""}],"twitter_card":"summary_large_image","twitter_misc":{"Est. tempo de leitura":"4 minutos"},"schema":{"@context":"https:\/\/schema.org","@graph":[{"@type":"WebPage","@id":"https:\/\/www.legislapp.com.br\/index.php\/cam-legislativa-de-sc-pl-0628-2025\/","url":"https:\/\/www.legislapp.com.br\/index.php\/cam-legislativa-de-sc-pl-0628-2025\/","name":"PL.\/0628\/2025 - Napole\u00e3o Bernardes - Legislapp","isPartOf":{"@id":"https:\/\/www.legislapp.com.br\/#website"},"primaryImageOfPage":{"@id":"https:\/\/www.legislapp.com.br\/index.php\/cam-legislativa-de-sc-pl-0628-2025\/#primaryimage"},"image":{"@id":"https:\/\/www.legislapp.com.br\/index.php\/cam-legislativa-de-sc-pl-0628-2025\/#primaryimage"},"thumbnailUrl":"https:\/\/www.legislapp.com.br\/wp-content\/uploads\/google-play.png","datePublished":"2025-10-08T14:31:07+00:00","breadcrumb":{"@id":"https:\/\/www.legislapp.com.br\/index.php\/cam-legislativa-de-sc-pl-0628-2025\/#breadcrumb"},"inLanguage":"pt-BR","potentialAction":[{"@type":"ReadAction","target":["https:\/\/www.legislapp.com.br\/index.php\/cam-legislativa-de-sc-pl-0628-2025\/"]}]},{"@type":"ImageObject","inLanguage":"pt-BR","@id":"https:\/\/www.legislapp.com.br\/index.php\/cam-legislativa-de-sc-pl-0628-2025\/#primaryimage","url":"https:\/\/www.legislapp.com.br\/wp-content\/uploads\/google-play.png","contentUrl":"https:\/\/www.legislapp.com.br\/wp-content\/uploads\/google-play.png","width":564,"height":168},{"@type":"BreadcrumbList","@id":"https:\/\/www.legislapp.com.br\/index.php\/cam-legislativa-de-sc-pl-0628-2025\/#breadcrumb","itemListElement":[{"@type":"ListItem","position":1,"name":"In\u00edcio","item":"https:\/\/www.legislapp.com.br\/"},{"@type":"ListItem","position":2,"name":"PL.\/0628\/2025 &#8211; Napole\u00e3o Bernardes"}]},{"@type":"WebSite","@id":"https:\/\/www.legislapp.com.br\/#website","url":"https:\/\/www.legislapp.com.br\/","name":"Legislapp","description":"Intelig\u00eancia governamental em tempo real","publisher":{"@id":"https:\/\/www.legislapp.com.br\/#organization"},"potentialAction":[{"@type":"SearchAction","target":{"@type":"EntryPoint","urlTemplate":"https:\/\/www.legislapp.com.br\/?s={search_term_string}"},"query-input":{"@type":"PropertyValueSpecification","valueRequired":true,"valueName":"search_term_string"}}],"inLanguage":"pt-BR"},{"@type":"Organization","@id":"https:\/\/www.legislapp.com.br\/#organization","name":"Legislapp Monitoramento e Intelig\u00eancia Governamental","url":"https:\/\/www.legislapp.com.br\/","logo":{"@type":"ImageObject","inLanguage":"pt-BR","@id":"https:\/\/www.legislapp.com.br\/#\/schema\/logo\/image\/","url":"https:\/\/www.legislapp.com.br\/wp-content\/uploads\/icon.png","contentUrl":"https:\/\/www.legislapp.com.br\/wp-content\/uploads\/icon.png","width":1024,"height":1024,"caption":"Legislapp Monitoramento e Intelig\u00eancia Governamental"},"image":{"@id":"https:\/\/www.legislapp.com.br\/#\/schema\/logo\/image\/"},"sameAs":["https:\/\/www.instagram.com\/legislapp\/"]}]}},"_links":{"self":[{"href":"https:\/\/www.legislapp.com.br\/index.php\/wp-json\/wp\/v2\/pages\/8389","targetHints":{"allow":["GET"]}}],"collection":[{"href":"https:\/\/www.legislapp.com.br\/index.php\/wp-json\/wp\/v2\/pages"}],"about":[{"href":"https:\/\/www.legislapp.com.br\/index.php\/wp-json\/wp\/v2\/types\/page"}],"author":[{"embeddable":true,"href":"https:\/\/www.legislapp.com.br\/index.php\/wp-json\/wp\/v2\/users\/1"}],"replies":[{"embeddable":true,"href":"https:\/\/www.legislapp.com.br\/index.php\/wp-json\/wp\/v2\/comments?post=8389"}],"version-history":[{"count":0,"href":"https:\/\/www.legislapp.com.br\/index.php\/wp-json\/wp\/v2\/pages\/8389\/revisions"}],"wp:attachment":[{"href":"https:\/\/www.legislapp.com.br\/index.php\/wp-json\/wp\/v2\/media?parent=8389"}],"curies":[{"name":"wp","href":"https:\/\/api.w.org\/{rel}","templated":true}]}}