{"id":8402,"date":"2025-10-08T11:31:53","date_gmt":"2025-10-08T14:31:53","guid":{"rendered":"https:\/\/www.legislapp.com.br\/index.php\/cam-legislativa-de-mg-pl-4235-2025\/"},"modified":"2025-10-08T11:31:53","modified_gmt":"2025-10-08T14:31:53","slug":"cam-legislativa-de-mg-pl-4235-2025","status":"publish","type":"page","link":"https:\/\/www.legislapp.com.br\/index.php\/cam-legislativa-de-mg-pl-4235-2025\/","title":{"rendered":"PL 4235\/2025 &#8211; Deputados"},"content":{"rendered":"<h1 style='text-align: center;'>C\u00e2m. Legislativa de MG &#8211; Autoria de Deputados<\/h3>\n<p><\/p>\n<article style='text-align: center'>Pro\u00edbe, no \u00e2mbito do Estado, a divulga\u00e7\u00e3o, em redes sociais\u00a0que n\u00e3o sejam<br \/>\nde \u00f3rg\u00e3o, entidade oficial ou ve\u00edculo de comunica\u00e7\u00e3o devidamente<br \/>\nautorizado, por pessoa f\u00edsica ou jur\u00eddica, de consumo de medicamentos.<\/article>\n<p><\/p>\n<p style='text-align: center'><a href='https:\/\/app.legislapp.com.br\/#\/busca?termo='><\/a><\/p>\n<p><\/p>\n<article>Pro\u00edbe, no Estado de Minas Gerais, a publica\u00e7\u00e3o de consumo de medicamentos em redes sociais, por pessoa f\u00edsica ou jur\u00eddica, em p\u00e1gina que n\u00e3o seja de \u00f3rg\u00e3o, entidade oficial ou ve\u00edculo de comunica\u00e7\u00e3o devidamente autorizado, e d\u00e1 outras provid\u00eancias.<br \/>\nA Assembleia Legislativa do Estado de Minas Gerais decreta:<br \/>\nArt. 1\u00ba \u2013 Fica proibido, no \u00e2mbito do Estado de Minas Gerais, o consumo, em redes sociais, de medicamentos, sob quaisquer formas, por pessoas f\u00edsicas ou jur\u00eddicas que n\u00e3o sejam \u00f3rg\u00e3os ou entidades p\u00fablicas oficiais, ve\u00edculos de comunica\u00e7\u00e3o autorizados, ou profissionais habilitados em seus canais institucionais, devidamente registrados em conselhos de classe.<br \/>\nPar\u00e1grafo \u00fanico \u2013 Consideram-se redes sociais, para os fins desta Lei, quaisquer plataformas digitais, aplicativos ou s\u00edtios eletr\u00f4nicos destinados \u00e0 intera\u00e7\u00e3o social, compartilhamento e dissemina\u00e7\u00e3o de informa\u00e7\u00f5es entre usu\u00e1rios, acess\u00edveis ao p\u00fablico em geral.<br \/>\nArt. 2\u00ba \u2013 Excetuam-se do disposto no art. 1\u00ba o consumo realizado por:<br \/>\nI \u2013 \u00f3rg\u00e3os e entidades p\u00fablicas federais, estaduais ou municipais, em perfis, p\u00e1ginas e s\u00edtios oficiais;<br \/>\nII \u2013 ve\u00edculos de comunica\u00e7\u00e3o social devidamente autorizados, no exerc\u00edcio regular de sua atividade jornal\u00edstica informativa, observadas as normas de regula\u00e7\u00e3o setorial;<br \/>\nIII \u2013 campanhas de utilidade p\u00fablica e a\u00e7\u00f5es educativas promovidas por \u00f3rg\u00e3os oficiais de sa\u00fade.<br \/>\nArt. 3\u00ba \u2013 O descumprimento do disposto nesta Lei sujeitar\u00e1 o infrator:<br \/>\nI \u2013 \u00e0 advert\u00eancia, na hip\u00f3tese de primeira infra\u00e7\u00e3o;<br \/>\nII \u2013 \u00e0 aplica\u00e7\u00e3o de multa, em caso de reincid\u00eancia, sem preju\u00edzo de outras san\u00e7\u00f5es administrativas e civis cab\u00edveis.<br \/>\nArt. 4\u00ba \u2013 O Poder Executivo regulamentar\u00e1 esta lei, no que couber, no prazo de sessenta dias contados da data de sua publica\u00e7\u00e3o.<br \/>\nSala das Reuni\u00f5es, 19 de agosto de 2025.<br \/>\nBim da Ambul\u00e2ncia (Avante), vice-l\u00edder do Bloco Avan\u00e7a Minas e vice-presidente da Comiss\u00e3o de Minas e Energia.<br \/>\nJustifica\u00e7\u00e3o: A crescente dissemina\u00e7\u00e3o de informa\u00e7\u00f5es acerca do consumo e uso de medicamentos, em p\u00e1ginas e perfis de redes sociais que n\u00e3o possuem responsabilidade t\u00e9cnica, tem provocado grave preocupa\u00e7\u00e3o nos setores da sa\u00fade p\u00fablica e da sociedade em geral. Em especial, o compartilhamento indiscriminado de experi\u00eancias pessoais sobre medicamentos, principalmente antidepressivos, medicamentos infantis e analg\u00e9sicos potentes, tem estimulado a pr\u00e1tica da automedica\u00e7\u00e3o e aumentado o risco de efeitos adversos graves, intoxica\u00e7\u00f5es, depend\u00eancias e \u00f3bitos.<br \/>\nInforma\u00e7\u00f5es colhidas a partir do Minist\u00e9rio da Sa\u00fade e da Ag\u00eancia Nacional de Vigil\u00e2ncia Sanit\u00e1ria \u2013 Anvisa \u2013 apontam aumento nas ocorr\u00eancias de intoxica\u00e7\u00e3o medicamentosa, frequentemente associadas \u00e0 automedica\u00e7\u00e3o motivada por informa\u00e7\u00f5es equivocadas ou n\u00e3o comprovadas veiculadas em meios digitais de f\u00e1cil acesso e ampla capilaridade social. Ressalta-se que este contexto compromete a seguran\u00e7a dos usu\u00e1rios, sobretudo crian\u00e7as e adolescentes, cuja vulnerabilidade \u00e9 potencializada pela influ\u00eancia de tais conte\u00fados.<br \/>\nA limita\u00e7\u00e3o da divulga\u00e7\u00e3o a \u00f3rg\u00e3os e ve\u00edculos oficiais, al\u00e9m de proteger o cidad\u00e3o mineiro de riscos \u00e0 sa\u00fade e \u00e0 vida, contribui para o combate \u00e0 desinforma\u00e7\u00e3o e favorece o direcionamento ao acesso seguro e respons\u00e1vel dos medicamentos. Ademais, fortalece o papel das autoridades sanit\u00e1rias e dos profissionais habilitados como fontes leg\u00edtimas de informa\u00e7\u00e3o, garantindo que campanhas e orienta\u00e7\u00f5es sejam baseadas em evid\u00eancias cient\u00edficas.<br \/>\nA presente medida atende n\u00e3o apenas ao interesse coletivo da sa\u00fade p\u00fablica, como tamb\u00e9m ao princ\u00edpio constitucional da dignidade da pessoa humana e \u00e0 prote\u00e7\u00e3o do consumidor. Por estas raz\u00f5es, solicito o apoio dos nobres pares a este projeto de lei, fundamental para a seguran\u00e7a e o bem-estar da popula\u00e7\u00e3o de Minas Gerais.<br \/>\n\u2013 Semelhante proposi\u00e7\u00e3o foi apresentada anteriormente pelo deputado Bim da Ambul\u00e2ncia. Anexe-se ao Projeto de Lei n\u00ba 4.234\/2025, nos termos do \u00a7 2\u00ba do art. 173 do Regimento Interno.<\/article>\n<div style=\"text-align: center\">\n<div style=\"margin-bottom: 20px;\" class=\"et_pb_button_module_wrapper et_pb_button_5_tb_body_wrapper et_pb_button_alignment_center et_pb_module \">\n         <a class=\"et_pb_button et_pb_button_5_tb_body et_hover_enabled et_pb_bg_layout_dark\" style=\"width: 50%;background-color: black;\" href=\"https:\/\/app.legislapp.com.br\" target=\"_blank\" rel=\"noopener\">Visualizar completo na nossa plataforma (30 dias gr\u00e1tis)<\/a><\/p><\/div>\n<p>      <a href=\"https:\/\/play.google.com\/store\/apps\/details?id=br.com.legislapp\"><img decoding=\"async\" style=\"width: 15%; min-width: 130px;\" src=\"https:\/\/www.legislapp.com.br\/wp-content\/uploads\/google-play.png\"><\/a><br \/>\n      <a href=\"https:\/\/apps.apple.com\/us\/app\/legislapp\/id1568929859\"><img decoding=\"async\" style=\"width: 15%; min-width: 130px\" src=\"https:\/\/www.legislapp.com.br\/wp-content\/uploads\/apple-store.png\"><\/a>\n   <\/div>\n","protected":false},"excerpt":{"rendered":"<p>C\u00e2m. Legislativa de MG &#8211; Autoria de Deputados Pro\u00edbe, no \u00e2mbito do Estado, a divulga\u00e7\u00e3o, em redes sociais\u00a0que n\u00e3o sejam de \u00f3rg\u00e3o, entidade oficial ou ve\u00edculo de comunica\u00e7\u00e3o devidamente autorizado, por pessoa f\u00edsica ou jur\u00eddica, de consumo de medicamentos. Pro\u00edbe, no Estado de Minas Gerais, a publica\u00e7\u00e3o de consumo de medicamentos em redes sociais, por [&hellip;]<\/p>\n","protected":false},"author":1,"featured_media":0,"parent":0,"menu_order":0,"comment_status":"closed","ping_status":"closed","template":"page-template-blank.php","meta":{"_et_pb_use_builder":"","_et_pb_old_content":"","_et_gb_content_width":"1080","ngg_post_thumbnail":0,"footnotes":""},"class_list":["post-8402","page","type-page","status-publish","hentry"],"yoast_head":"<!-- This site is optimized with the Yoast SEO plugin v24.4 - https:\/\/yoast.com\/wordpress\/plugins\/seo\/ -->\n<title>PL 4235\/2025 - Deputados - Legislapp<\/title>\n<meta name=\"robots\" content=\"index, follow, max-snippet:-1, max-image-preview:large, max-video-preview:-1\" \/>\n<link rel=\"canonical\" href=\"https:\/\/www.legislapp.com.br\/index.php\/cam-legislativa-de-mg-pl-4235-2025\/\" \/>\n<meta property=\"og:locale\" content=\"pt_BR\" \/>\n<meta property=\"og:type\" content=\"article\" \/>\n<meta property=\"og:title\" content=\"PL 4235\/2025 - Deputados - Legislapp\" \/>\n<meta property=\"og:description\" content=\"C\u00e2m. Legislativa de MG &#8211; Autoria de Deputados Pro\u00edbe, no \u00e2mbito do Estado, a divulga\u00e7\u00e3o, em redes sociais\u00a0que n\u00e3o sejam de \u00f3rg\u00e3o, entidade oficial ou ve\u00edculo de comunica\u00e7\u00e3o devidamente autorizado, por pessoa f\u00edsica ou jur\u00eddica, de consumo de medicamentos. Pro\u00edbe, no Estado de Minas Gerais, a publica\u00e7\u00e3o de consumo de medicamentos em redes sociais, por [&hellip;]\" \/>\n<meta property=\"og:url\" content=\"https:\/\/www.legislapp.com.br\/index.php\/cam-legislativa-de-mg-pl-4235-2025\/\" \/>\n<meta property=\"og:site_name\" content=\"Legislapp\" \/>\n<meta property=\"article:publisher\" content=\"https:\/\/www.instagram.com\/legislapp\/\" \/>\n<meta property=\"og:image\" content=\"https:\/\/www.legislapp.com.br\/wp-content\/uploads\/google-play.png\" \/>\n<meta name=\"twitter:card\" content=\"summary_large_image\" \/>\n<meta name=\"twitter:label1\" content=\"Est. tempo de leitura\" \/>\n\t<meta name=\"twitter:data1\" content=\"4 minutos\" \/>\n<script type=\"application\/ld+json\" class=\"yoast-schema-graph\">{\"@context\":\"https:\/\/schema.org\",\"@graph\":[{\"@type\":\"WebPage\",\"@id\":\"https:\/\/www.legislapp.com.br\/index.php\/cam-legislativa-de-mg-pl-4235-2025\/\",\"url\":\"https:\/\/www.legislapp.com.br\/index.php\/cam-legislativa-de-mg-pl-4235-2025\/\",\"name\":\"PL 4235\/2025 - Deputados - Legislapp\",\"isPartOf\":{\"@id\":\"https:\/\/www.legislapp.com.br\/#website\"},\"primaryImageOfPage\":{\"@id\":\"https:\/\/www.legislapp.com.br\/index.php\/cam-legislativa-de-mg-pl-4235-2025\/#primaryimage\"},\"image\":{\"@id\":\"https:\/\/www.legislapp.com.br\/index.php\/cam-legislativa-de-mg-pl-4235-2025\/#primaryimage\"},\"thumbnailUrl\":\"https:\/\/www.legislapp.com.br\/wp-content\/uploads\/google-play.png\",\"datePublished\":\"2025-10-08T14:31:53+00:00\",\"breadcrumb\":{\"@id\":\"https:\/\/www.legislapp.com.br\/index.php\/cam-legislativa-de-mg-pl-4235-2025\/#breadcrumb\"},\"inLanguage\":\"pt-BR\",\"potentialAction\":[{\"@type\":\"ReadAction\",\"target\":[\"https:\/\/www.legislapp.com.br\/index.php\/cam-legislativa-de-mg-pl-4235-2025\/\"]}]},{\"@type\":\"ImageObject\",\"inLanguage\":\"pt-BR\",\"@id\":\"https:\/\/www.legislapp.com.br\/index.php\/cam-legislativa-de-mg-pl-4235-2025\/#primaryimage\",\"url\":\"https:\/\/www.legislapp.com.br\/wp-content\/uploads\/google-play.png\",\"contentUrl\":\"https:\/\/www.legislapp.com.br\/wp-content\/uploads\/google-play.png\",\"width\":564,\"height\":168},{\"@type\":\"BreadcrumbList\",\"@id\":\"https:\/\/www.legislapp.com.br\/index.php\/cam-legislativa-de-mg-pl-4235-2025\/#breadcrumb\",\"itemListElement\":[{\"@type\":\"ListItem\",\"position\":1,\"name\":\"In\u00edcio\",\"item\":\"https:\/\/www.legislapp.com.br\/\"},{\"@type\":\"ListItem\",\"position\":2,\"name\":\"PL 4235\/2025 &#8211; Deputados\"}]},{\"@type\":\"WebSite\",\"@id\":\"https:\/\/www.legislapp.com.br\/#website\",\"url\":\"https:\/\/www.legislapp.com.br\/\",\"name\":\"Legislapp\",\"description\":\"Intelig\u00eancia governamental em tempo real\",\"publisher\":{\"@id\":\"https:\/\/www.legislapp.com.br\/#organization\"},\"potentialAction\":[{\"@type\":\"SearchAction\",\"target\":{\"@type\":\"EntryPoint\",\"urlTemplate\":\"https:\/\/www.legislapp.com.br\/?s={search_term_string}\"},\"query-input\":{\"@type\":\"PropertyValueSpecification\",\"valueRequired\":true,\"valueName\":\"search_term_string\"}}],\"inLanguage\":\"pt-BR\"},{\"@type\":\"Organization\",\"@id\":\"https:\/\/www.legislapp.com.br\/#organization\",\"name\":\"Legislapp Monitoramento e Intelig\u00eancia Governamental\",\"url\":\"https:\/\/www.legislapp.com.br\/\",\"logo\":{\"@type\":\"ImageObject\",\"inLanguage\":\"pt-BR\",\"@id\":\"https:\/\/www.legislapp.com.br\/#\/schema\/logo\/image\/\",\"url\":\"https:\/\/www.legislapp.com.br\/wp-content\/uploads\/icon.png\",\"contentUrl\":\"https:\/\/www.legislapp.com.br\/wp-content\/uploads\/icon.png\",\"width\":1024,\"height\":1024,\"caption\":\"Legislapp Monitoramento e Intelig\u00eancia Governamental\"},\"image\":{\"@id\":\"https:\/\/www.legislapp.com.br\/#\/schema\/logo\/image\/\"},\"sameAs\":[\"https:\/\/www.instagram.com\/legislapp\/\"]}]}<\/script>\n<!-- \/ Yoast SEO plugin. -->","yoast_head_json":{"title":"PL 4235\/2025 - Deputados - Legislapp","robots":{"index":"index","follow":"follow","max-snippet":"max-snippet:-1","max-image-preview":"max-image-preview:large","max-video-preview":"max-video-preview:-1"},"canonical":"https:\/\/www.legislapp.com.br\/index.php\/cam-legislativa-de-mg-pl-4235-2025\/","og_locale":"pt_BR","og_type":"article","og_title":"PL 4235\/2025 - Deputados - Legislapp","og_description":"C\u00e2m. Legislativa de MG &#8211; Autoria de Deputados Pro\u00edbe, no \u00e2mbito do Estado, a divulga\u00e7\u00e3o, em redes sociais\u00a0que n\u00e3o sejam de \u00f3rg\u00e3o, entidade oficial ou ve\u00edculo de comunica\u00e7\u00e3o devidamente autorizado, por pessoa f\u00edsica ou jur\u00eddica, de consumo de medicamentos. Pro\u00edbe, no Estado de Minas Gerais, a publica\u00e7\u00e3o de consumo de medicamentos em redes sociais, por [&hellip;]","og_url":"https:\/\/www.legislapp.com.br\/index.php\/cam-legislativa-de-mg-pl-4235-2025\/","og_site_name":"Legislapp","article_publisher":"https:\/\/www.instagram.com\/legislapp\/","og_image":[{"url":"https:\/\/www.legislapp.com.br\/wp-content\/uploads\/google-play.png","type":"","width":"","height":""}],"twitter_card":"summary_large_image","twitter_misc":{"Est. tempo de leitura":"4 minutos"},"schema":{"@context":"https:\/\/schema.org","@graph":[{"@type":"WebPage","@id":"https:\/\/www.legislapp.com.br\/index.php\/cam-legislativa-de-mg-pl-4235-2025\/","url":"https:\/\/www.legislapp.com.br\/index.php\/cam-legislativa-de-mg-pl-4235-2025\/","name":"PL 4235\/2025 - Deputados - Legislapp","isPartOf":{"@id":"https:\/\/www.legislapp.com.br\/#website"},"primaryImageOfPage":{"@id":"https:\/\/www.legislapp.com.br\/index.php\/cam-legislativa-de-mg-pl-4235-2025\/#primaryimage"},"image":{"@id":"https:\/\/www.legislapp.com.br\/index.php\/cam-legislativa-de-mg-pl-4235-2025\/#primaryimage"},"thumbnailUrl":"https:\/\/www.legislapp.com.br\/wp-content\/uploads\/google-play.png","datePublished":"2025-10-08T14:31:53+00:00","breadcrumb":{"@id":"https:\/\/www.legislapp.com.br\/index.php\/cam-legislativa-de-mg-pl-4235-2025\/#breadcrumb"},"inLanguage":"pt-BR","potentialAction":[{"@type":"ReadAction","target":["https:\/\/www.legislapp.com.br\/index.php\/cam-legislativa-de-mg-pl-4235-2025\/"]}]},{"@type":"ImageObject","inLanguage":"pt-BR","@id":"https:\/\/www.legislapp.com.br\/index.php\/cam-legislativa-de-mg-pl-4235-2025\/#primaryimage","url":"https:\/\/www.legislapp.com.br\/wp-content\/uploads\/google-play.png","contentUrl":"https:\/\/www.legislapp.com.br\/wp-content\/uploads\/google-play.png","width":564,"height":168},{"@type":"BreadcrumbList","@id":"https:\/\/www.legislapp.com.br\/index.php\/cam-legislativa-de-mg-pl-4235-2025\/#breadcrumb","itemListElement":[{"@type":"ListItem","position":1,"name":"In\u00edcio","item":"https:\/\/www.legislapp.com.br\/"},{"@type":"ListItem","position":2,"name":"PL 4235\/2025 &#8211; Deputados"}]},{"@type":"WebSite","@id":"https:\/\/www.legislapp.com.br\/#website","url":"https:\/\/www.legislapp.com.br\/","name":"Legislapp","description":"Intelig\u00eancia governamental em tempo real","publisher":{"@id":"https:\/\/www.legislapp.com.br\/#organization"},"potentialAction":[{"@type":"SearchAction","target":{"@type":"EntryPoint","urlTemplate":"https:\/\/www.legislapp.com.br\/?s={search_term_string}"},"query-input":{"@type":"PropertyValueSpecification","valueRequired":true,"valueName":"search_term_string"}}],"inLanguage":"pt-BR"},{"@type":"Organization","@id":"https:\/\/www.legislapp.com.br\/#organization","name":"Legislapp Monitoramento e Intelig\u00eancia Governamental","url":"https:\/\/www.legislapp.com.br\/","logo":{"@type":"ImageObject","inLanguage":"pt-BR","@id":"https:\/\/www.legislapp.com.br\/#\/schema\/logo\/image\/","url":"https:\/\/www.legislapp.com.br\/wp-content\/uploads\/icon.png","contentUrl":"https:\/\/www.legislapp.com.br\/wp-content\/uploads\/icon.png","width":1024,"height":1024,"caption":"Legislapp Monitoramento e Intelig\u00eancia Governamental"},"image":{"@id":"https:\/\/www.legislapp.com.br\/#\/schema\/logo\/image\/"},"sameAs":["https:\/\/www.instagram.com\/legislapp\/"]}]}},"_links":{"self":[{"href":"https:\/\/www.legislapp.com.br\/index.php\/wp-json\/wp\/v2\/pages\/8402","targetHints":{"allow":["GET"]}}],"collection":[{"href":"https:\/\/www.legislapp.com.br\/index.php\/wp-json\/wp\/v2\/pages"}],"about":[{"href":"https:\/\/www.legislapp.com.br\/index.php\/wp-json\/wp\/v2\/types\/page"}],"author":[{"embeddable":true,"href":"https:\/\/www.legislapp.com.br\/index.php\/wp-json\/wp\/v2\/users\/1"}],"replies":[{"embeddable":true,"href":"https:\/\/www.legislapp.com.br\/index.php\/wp-json\/wp\/v2\/comments?post=8402"}],"version-history":[{"count":0,"href":"https:\/\/www.legislapp.com.br\/index.php\/wp-json\/wp\/v2\/pages\/8402\/revisions"}],"wp:attachment":[{"href":"https:\/\/www.legislapp.com.br\/index.php\/wp-json\/wp\/v2\/media?parent=8402"}],"curies":[{"name":"wp","href":"https:\/\/api.w.org\/{rel}","templated":true}]}}