{"id":8412,"date":"2025-10-08T11:32:28","date_gmt":"2025-10-08T14:32:28","guid":{"rendered":"https:\/\/www.legislapp.com.br\/index.php\/cam-legislativa-de-mg-pl-4288-2025\/"},"modified":"2025-10-08T11:32:28","modified_gmt":"2025-10-08T14:32:28","slug":"cam-legislativa-de-mg-pl-4288-2025","status":"publish","type":"page","link":"https:\/\/www.legislapp.com.br\/index.php\/cam-legislativa-de-mg-pl-4288-2025\/","title":{"rendered":"PL 4288\/2025 &#8211; Deputados"},"content":{"rendered":"<h1 style='text-align: center;'>C\u00e2m. Legislativa de MG &#8211; Autoria de Deputados<\/h3>\n<p><\/p>\n<article style='text-align: center'>D\u00e1 denomina\u00e7\u00e3o \u00e0 Rodovia AMG-0445, que liga o Munic\u00edpio de Concei\u00e7\u00e3o da<br \/>\nBarra de Minas \u00e0 Rodovia BR-265.<\/article>\n<p><\/p>\n<p style='text-align: center'><a href='https:\/\/app.legislapp.com.br\/#\/busca?termo='><\/a><\/p>\n<p><\/p>\n<article>D\u00e1 denomina\u00e7\u00e3o \u00e0 Rodovia AMG-0445, que liga o Munic\u00edpio de Concei\u00e7\u00e3o da Barra de Minas \u00e0 Rodovia BR-265.<br \/>\nA Assembleia Legislativa do Estado de Minas Gerais decreta:<br \/>\nArt. 1\u00ba \u2013 Fica denominada Rodovia Prefeito Ataualpa de Oliveira a Rodovia AMG-0445, que liga o Munic\u00edpio de Concei\u00e7\u00e3o da Barra de Minas \u00e0 Rodovia BR-265.<br \/>\nArt. 2\u00ba \u2013 Esta lei entra em vigor na data de sua publica\u00e7\u00e3o.<br \/>\nSala das Reuni\u00f5es, 26 de agosto de 2025.<br \/>\nBetinho Pinto Coelho (PV), 3\u00ba-vice-presidente.<br \/>\nJustifica\u00e7\u00e3o: A proposi\u00e7\u00e3o ora apresentada tem por finalidade dar a denomina\u00e7\u00e3o de Prefeito Ataualpa de Oliveira \u00e0 Rodovia AMG-0445, que liga o Munic\u00edpio de Concei\u00e7\u00e3o da Barra de Minas \u00e0 Rodovia BR-265.<br \/>\nO Sr. Ataualpa de Oliveira, nascido no Munic\u00edpio de Concei\u00e7\u00e3o da Barra de Minas em 6 de outubro de 1914 e falecido em 12 de setembro de 2006, foi casado com a Sra. Maria de Lourdes Pinto Oliveira, com quem teve 12 filhos. Al\u00e9m de pai de fam\u00edlia exemplar, foi um dos fundadores, presidente e atleta do Santa Cruz Futebol Clube, clube local. Foi ainda inspetor escolar e juiz de paz, entre outras atribui\u00e7\u00f5es e contribui\u00e7\u00f5es para a sociedade local e regional. Na pol\u00edtica, al\u00e9m de exercer sua lideran\u00e7a, foi prefeito de Concei\u00e7\u00e3o da Barra de Minas por duas vezes.<br \/>\nAtuou de maneira significativa junto ao governador Magalh\u00e3es Pinto pela emancipa\u00e7\u00e3o do munic\u00edpio. Antigo distrito de S\u00e3o Jo\u00e3o del-Rei, Concei\u00e7\u00e3o da Barra de Minas foi elevada \u00e0 categoria de munic\u00edpio no ano de 1962 com o nome de Cassiterita e, em 1989, com o apoio do\u00a0Sr. Ataualpa de Oliveira e da c\u00e2mara municipal, adotou a atual nomenclatura.<br \/>\nComo prefeito foi respons\u00e1vel pela abertura de estradas, constru\u00e7\u00e3o de pontes, cal\u00e7amento, arboriza\u00e7\u00e3o e ajardinamento de ruas e pra\u00e7as, instala\u00e7\u00e3o e implanta\u00e7\u00e3o de servi\u00e7os telecomunica\u00e7\u00e3o, \u00e1gua tratada e saneamento b\u00e1sico, constru\u00e7\u00e3o e reforma de diversos \u00f3rg\u00e3os p\u00fablicos, escolas rurais e locais de atendimento m\u00e9dico, deixando um grande legado para o munic\u00edpio. Foi tamb\u00e9m idealizador e iniciador do processo da liga\u00e7\u00e3o asf\u00e1ltica de Cassiterita \u00e0 rodovia BR-265, que hoje \u00e9 a Rodovia AMG-0445.<br \/>\nAssim, ao dar a denomina\u00e7\u00e3o de Prefeito Ataualpa de Oliveira \u00e0 Rodovia AMG-0445, o Estado de Minas Gerais presta justa homenagem a esse ilustre cidad\u00e3o, perpetuando sua mem\u00f3ria e simbolizando o reconhecimento da popula\u00e7\u00e3o \u00e0 sua inestim\u00e1vel contribui\u00e7\u00e3o ao Munic\u00edpio de Concei\u00e7\u00e3o da Barra de Minas e ao Estado.<br \/>\nPelo exposto, conto com o apoio dos nobres pares para a aprova\u00e7\u00e3o deste projeto de lei.<br \/>\n\u2013 Publicado, vai o projeto \u00e0s Comiss\u00f5es de Justi\u00e7a, para exame preliminar, e de Transporte, para delibera\u00e7\u00e3o, nos termos do art. 188, c\/c o art. 103, inciso I, do Regimento Interno.<\/article>\n<div style=\"text-align: center\">\n<div style=\"margin-bottom: 20px;\" class=\"et_pb_button_module_wrapper et_pb_button_5_tb_body_wrapper et_pb_button_alignment_center et_pb_module \">\n         <a class=\"et_pb_button et_pb_button_5_tb_body et_hover_enabled et_pb_bg_layout_dark\" style=\"width: 50%;background-color: black;\" href=\"https:\/\/app.legislapp.com.br\" target=\"_blank\" rel=\"noopener\">Visualizar completo na nossa plataforma (30 dias gr\u00e1tis)<\/a><\/p><\/div>\n<p>      <a href=\"https:\/\/play.google.com\/store\/apps\/details?id=br.com.legislapp\"><img decoding=\"async\" style=\"width: 15%; min-width: 130px;\" src=\"https:\/\/www.legislapp.com.br\/wp-content\/uploads\/google-play.png\"><\/a><br \/>\n      <a href=\"https:\/\/apps.apple.com\/us\/app\/legislapp\/id1568929859\"><img decoding=\"async\" style=\"width: 15%; min-width: 130px\" src=\"https:\/\/www.legislapp.com.br\/wp-content\/uploads\/apple-store.png\"><\/a>\n   <\/div>\n","protected":false},"excerpt":{"rendered":"<p>C\u00e2m. Legislativa de MG &#8211; Autoria de Deputados D\u00e1 denomina\u00e7\u00e3o \u00e0 Rodovia AMG-0445, que liga o Munic\u00edpio de Concei\u00e7\u00e3o da Barra de Minas \u00e0 Rodovia BR-265. D\u00e1 denomina\u00e7\u00e3o \u00e0 Rodovia AMG-0445, que liga o Munic\u00edpio de Concei\u00e7\u00e3o da Barra de Minas \u00e0 Rodovia BR-265. A Assembleia Legislativa do Estado de Minas Gerais decreta: Art. 1\u00ba [&hellip;]<\/p>\n","protected":false},"author":1,"featured_media":0,"parent":0,"menu_order":0,"comment_status":"closed","ping_status":"closed","template":"page-template-blank.php","meta":{"_et_pb_use_builder":"","_et_pb_old_content":"","_et_gb_content_width":"1080","ngg_post_thumbnail":0,"footnotes":""},"class_list":["post-8412","page","type-page","status-publish","hentry"],"yoast_head":"<!-- This site is optimized with the Yoast SEO plugin v24.4 - https:\/\/yoast.com\/wordpress\/plugins\/seo\/ -->\n<title>PL 4288\/2025 - Deputados - Legislapp<\/title>\n<meta name=\"robots\" content=\"index, follow, max-snippet:-1, max-image-preview:large, max-video-preview:-1\" \/>\n<link rel=\"canonical\" href=\"https:\/\/www.legislapp.com.br\/index.php\/cam-legislativa-de-mg-pl-4288-2025\/\" \/>\n<meta property=\"og:locale\" content=\"pt_BR\" \/>\n<meta property=\"og:type\" content=\"article\" \/>\n<meta property=\"og:title\" content=\"PL 4288\/2025 - Deputados - Legislapp\" \/>\n<meta property=\"og:description\" content=\"C\u00e2m. Legislativa de MG &#8211; Autoria de Deputados D\u00e1 denomina\u00e7\u00e3o \u00e0 Rodovia AMG-0445, que liga o Munic\u00edpio de Concei\u00e7\u00e3o da Barra de Minas \u00e0 Rodovia BR-265. D\u00e1 denomina\u00e7\u00e3o \u00e0 Rodovia AMG-0445, que liga o Munic\u00edpio de Concei\u00e7\u00e3o da Barra de Minas \u00e0 Rodovia BR-265. A Assembleia Legislativa do Estado de Minas Gerais decreta: Art. 1\u00ba [&hellip;]\" \/>\n<meta property=\"og:url\" content=\"https:\/\/www.legislapp.com.br\/index.php\/cam-legislativa-de-mg-pl-4288-2025\/\" \/>\n<meta property=\"og:site_name\" content=\"Legislapp\" \/>\n<meta property=\"article:publisher\" content=\"https:\/\/www.instagram.com\/legislapp\/\" \/>\n<meta property=\"og:image\" content=\"https:\/\/www.legislapp.com.br\/wp-content\/uploads\/google-play.png\" \/>\n<meta name=\"twitter:card\" content=\"summary_large_image\" \/>\n<meta name=\"twitter:label1\" content=\"Est. tempo de leitura\" \/>\n\t<meta name=\"twitter:data1\" content=\"3 minutos\" \/>\n<script type=\"application\/ld+json\" class=\"yoast-schema-graph\">{\"@context\":\"https:\/\/schema.org\",\"@graph\":[{\"@type\":\"WebPage\",\"@id\":\"https:\/\/www.legislapp.com.br\/index.php\/cam-legislativa-de-mg-pl-4288-2025\/\",\"url\":\"https:\/\/www.legislapp.com.br\/index.php\/cam-legislativa-de-mg-pl-4288-2025\/\",\"name\":\"PL 4288\/2025 - Deputados - Legislapp\",\"isPartOf\":{\"@id\":\"https:\/\/www.legislapp.com.br\/#website\"},\"primaryImageOfPage\":{\"@id\":\"https:\/\/www.legislapp.com.br\/index.php\/cam-legislativa-de-mg-pl-4288-2025\/#primaryimage\"},\"image\":{\"@id\":\"https:\/\/www.legislapp.com.br\/index.php\/cam-legislativa-de-mg-pl-4288-2025\/#primaryimage\"},\"thumbnailUrl\":\"https:\/\/www.legislapp.com.br\/wp-content\/uploads\/google-play.png\",\"datePublished\":\"2025-10-08T14:32:28+00:00\",\"breadcrumb\":{\"@id\":\"https:\/\/www.legislapp.com.br\/index.php\/cam-legislativa-de-mg-pl-4288-2025\/#breadcrumb\"},\"inLanguage\":\"pt-BR\",\"potentialAction\":[{\"@type\":\"ReadAction\",\"target\":[\"https:\/\/www.legislapp.com.br\/index.php\/cam-legislativa-de-mg-pl-4288-2025\/\"]}]},{\"@type\":\"ImageObject\",\"inLanguage\":\"pt-BR\",\"@id\":\"https:\/\/www.legislapp.com.br\/index.php\/cam-legislativa-de-mg-pl-4288-2025\/#primaryimage\",\"url\":\"https:\/\/www.legislapp.com.br\/wp-content\/uploads\/google-play.png\",\"contentUrl\":\"https:\/\/www.legislapp.com.br\/wp-content\/uploads\/google-play.png\",\"width\":564,\"height\":168},{\"@type\":\"BreadcrumbList\",\"@id\":\"https:\/\/www.legislapp.com.br\/index.php\/cam-legislativa-de-mg-pl-4288-2025\/#breadcrumb\",\"itemListElement\":[{\"@type\":\"ListItem\",\"position\":1,\"name\":\"In\u00edcio\",\"item\":\"https:\/\/www.legislapp.com.br\/\"},{\"@type\":\"ListItem\",\"position\":2,\"name\":\"PL 4288\/2025 &#8211; Deputados\"}]},{\"@type\":\"WebSite\",\"@id\":\"https:\/\/www.legislapp.com.br\/#website\",\"url\":\"https:\/\/www.legislapp.com.br\/\",\"name\":\"Legislapp\",\"description\":\"Intelig\u00eancia governamental em tempo real\",\"publisher\":{\"@id\":\"https:\/\/www.legislapp.com.br\/#organization\"},\"potentialAction\":[{\"@type\":\"SearchAction\",\"target\":{\"@type\":\"EntryPoint\",\"urlTemplate\":\"https:\/\/www.legislapp.com.br\/?s={search_term_string}\"},\"query-input\":{\"@type\":\"PropertyValueSpecification\",\"valueRequired\":true,\"valueName\":\"search_term_string\"}}],\"inLanguage\":\"pt-BR\"},{\"@type\":\"Organization\",\"@id\":\"https:\/\/www.legislapp.com.br\/#organization\",\"name\":\"Legislapp Monitoramento e Intelig\u00eancia Governamental\",\"url\":\"https:\/\/www.legislapp.com.br\/\",\"logo\":{\"@type\":\"ImageObject\",\"inLanguage\":\"pt-BR\",\"@id\":\"https:\/\/www.legislapp.com.br\/#\/schema\/logo\/image\/\",\"url\":\"https:\/\/www.legislapp.com.br\/wp-content\/uploads\/icon.png\",\"contentUrl\":\"https:\/\/www.legislapp.com.br\/wp-content\/uploads\/icon.png\",\"width\":1024,\"height\":1024,\"caption\":\"Legislapp Monitoramento e Intelig\u00eancia Governamental\"},\"image\":{\"@id\":\"https:\/\/www.legislapp.com.br\/#\/schema\/logo\/image\/\"},\"sameAs\":[\"https:\/\/www.instagram.com\/legislapp\/\"]}]}<\/script>\n<!-- \/ Yoast SEO plugin. -->","yoast_head_json":{"title":"PL 4288\/2025 - Deputados - Legislapp","robots":{"index":"index","follow":"follow","max-snippet":"max-snippet:-1","max-image-preview":"max-image-preview:large","max-video-preview":"max-video-preview:-1"},"canonical":"https:\/\/www.legislapp.com.br\/index.php\/cam-legislativa-de-mg-pl-4288-2025\/","og_locale":"pt_BR","og_type":"article","og_title":"PL 4288\/2025 - Deputados - Legislapp","og_description":"C\u00e2m. Legislativa de MG &#8211; Autoria de Deputados D\u00e1 denomina\u00e7\u00e3o \u00e0 Rodovia AMG-0445, que liga o Munic\u00edpio de Concei\u00e7\u00e3o da Barra de Minas \u00e0 Rodovia BR-265. D\u00e1 denomina\u00e7\u00e3o \u00e0 Rodovia AMG-0445, que liga o Munic\u00edpio de Concei\u00e7\u00e3o da Barra de Minas \u00e0 Rodovia BR-265. A Assembleia Legislativa do Estado de Minas Gerais decreta: Art. 1\u00ba [&hellip;]","og_url":"https:\/\/www.legislapp.com.br\/index.php\/cam-legislativa-de-mg-pl-4288-2025\/","og_site_name":"Legislapp","article_publisher":"https:\/\/www.instagram.com\/legislapp\/","og_image":[{"url":"https:\/\/www.legislapp.com.br\/wp-content\/uploads\/google-play.png","type":"","width":"","height":""}],"twitter_card":"summary_large_image","twitter_misc":{"Est. tempo de leitura":"3 minutos"},"schema":{"@context":"https:\/\/schema.org","@graph":[{"@type":"WebPage","@id":"https:\/\/www.legislapp.com.br\/index.php\/cam-legislativa-de-mg-pl-4288-2025\/","url":"https:\/\/www.legislapp.com.br\/index.php\/cam-legislativa-de-mg-pl-4288-2025\/","name":"PL 4288\/2025 - Deputados - Legislapp","isPartOf":{"@id":"https:\/\/www.legislapp.com.br\/#website"},"primaryImageOfPage":{"@id":"https:\/\/www.legislapp.com.br\/index.php\/cam-legislativa-de-mg-pl-4288-2025\/#primaryimage"},"image":{"@id":"https:\/\/www.legislapp.com.br\/index.php\/cam-legislativa-de-mg-pl-4288-2025\/#primaryimage"},"thumbnailUrl":"https:\/\/www.legislapp.com.br\/wp-content\/uploads\/google-play.png","datePublished":"2025-10-08T14:32:28+00:00","breadcrumb":{"@id":"https:\/\/www.legislapp.com.br\/index.php\/cam-legislativa-de-mg-pl-4288-2025\/#breadcrumb"},"inLanguage":"pt-BR","potentialAction":[{"@type":"ReadAction","target":["https:\/\/www.legislapp.com.br\/index.php\/cam-legislativa-de-mg-pl-4288-2025\/"]}]},{"@type":"ImageObject","inLanguage":"pt-BR","@id":"https:\/\/www.legislapp.com.br\/index.php\/cam-legislativa-de-mg-pl-4288-2025\/#primaryimage","url":"https:\/\/www.legislapp.com.br\/wp-content\/uploads\/google-play.png","contentUrl":"https:\/\/www.legislapp.com.br\/wp-content\/uploads\/google-play.png","width":564,"height":168},{"@type":"BreadcrumbList","@id":"https:\/\/www.legislapp.com.br\/index.php\/cam-legislativa-de-mg-pl-4288-2025\/#breadcrumb","itemListElement":[{"@type":"ListItem","position":1,"name":"In\u00edcio","item":"https:\/\/www.legislapp.com.br\/"},{"@type":"ListItem","position":2,"name":"PL 4288\/2025 &#8211; Deputados"}]},{"@type":"WebSite","@id":"https:\/\/www.legislapp.com.br\/#website","url":"https:\/\/www.legislapp.com.br\/","name":"Legislapp","description":"Intelig\u00eancia governamental em tempo real","publisher":{"@id":"https:\/\/www.legislapp.com.br\/#organization"},"potentialAction":[{"@type":"SearchAction","target":{"@type":"EntryPoint","urlTemplate":"https:\/\/www.legislapp.com.br\/?s={search_term_string}"},"query-input":{"@type":"PropertyValueSpecification","valueRequired":true,"valueName":"search_term_string"}}],"inLanguage":"pt-BR"},{"@type":"Organization","@id":"https:\/\/www.legislapp.com.br\/#organization","name":"Legislapp Monitoramento e Intelig\u00eancia Governamental","url":"https:\/\/www.legislapp.com.br\/","logo":{"@type":"ImageObject","inLanguage":"pt-BR","@id":"https:\/\/www.legislapp.com.br\/#\/schema\/logo\/image\/","url":"https:\/\/www.legislapp.com.br\/wp-content\/uploads\/icon.png","contentUrl":"https:\/\/www.legislapp.com.br\/wp-content\/uploads\/icon.png","width":1024,"height":1024,"caption":"Legislapp Monitoramento e Intelig\u00eancia Governamental"},"image":{"@id":"https:\/\/www.legislapp.com.br\/#\/schema\/logo\/image\/"},"sameAs":["https:\/\/www.instagram.com\/legislapp\/"]}]}},"_links":{"self":[{"href":"https:\/\/www.legislapp.com.br\/index.php\/wp-json\/wp\/v2\/pages\/8412","targetHints":{"allow":["GET"]}}],"collection":[{"href":"https:\/\/www.legislapp.com.br\/index.php\/wp-json\/wp\/v2\/pages"}],"about":[{"href":"https:\/\/www.legislapp.com.br\/index.php\/wp-json\/wp\/v2\/types\/page"}],"author":[{"embeddable":true,"href":"https:\/\/www.legislapp.com.br\/index.php\/wp-json\/wp\/v2\/users\/1"}],"replies":[{"embeddable":true,"href":"https:\/\/www.legislapp.com.br\/index.php\/wp-json\/wp\/v2\/comments?post=8412"}],"version-history":[{"count":0,"href":"https:\/\/www.legislapp.com.br\/index.php\/wp-json\/wp\/v2\/pages\/8412\/revisions"}],"wp:attachment":[{"href":"https:\/\/www.legislapp.com.br\/index.php\/wp-json\/wp\/v2\/media?parent=8412"}],"curies":[{"name":"wp","href":"https:\/\/api.w.org\/{rel}","templated":true}]}}