{"id":8421,"date":"2025-10-08T11:33:00","date_gmt":"2025-10-08T14:33:00","guid":{"rendered":"https:\/\/www.legislapp.com.br\/index.php\/cam-legislativa-de-mg-pl-4231-2025\/"},"modified":"2025-10-08T11:33:00","modified_gmt":"2025-10-08T14:33:00","slug":"cam-legislativa-de-mg-pl-4231-2025","status":"publish","type":"page","link":"https:\/\/www.legislapp.com.br\/index.php\/cam-legislativa-de-mg-pl-4231-2025\/","title":{"rendered":"PL 4231\/2025 &#8211; Deputados"},"content":{"rendered":"<h1 style='text-align: center;'>C\u00e2m. Legislativa de MG &#8211; Autoria de Deputados<\/h3>\n<p><\/p>\n<article style='text-align: center'>Estabelece medidas de preven\u00e7\u00e3o e responsabiliza\u00e7\u00e3o por condutas<br \/>\nviolentas praticadas contra servidores p\u00fablicos estaduais e seus<br \/>\nfamiliares, e cria o Programa Servidor Seguro.<\/article>\n<p><\/p>\n<p style='text-align: center'><a href='https:\/\/app.legislapp.com.br\/#\/busca?termo='><\/a><\/p>\n<p><\/p>\n<article>Institui a Lei\u00a0Laudemir de Souza Fernandes, que prev\u00ea medidas de preven\u00e7\u00e3o e responsabiliza\u00e7\u00e3o de condutas violentas praticadas contra servidores p\u00fablicos estaduais e seus familiares, no \u00e2mbito do Estado de Minas Gerais, cria o Programa Servidor Seguro, e d\u00e1 outras provid\u00eancias.<br \/>\nA Assembleia Legislativa do Estado de Minas Gerais decreta:<br \/>\nArt. 1\u00ba \u2013 Esta Lei estabelece medidas de preven\u00e7\u00e3o, prote\u00e7\u00e3o e responsabiliza\u00e7\u00e3o de condutas violentas praticadas contra servidores p\u00fablicos estaduais e seus familiares, em raz\u00e3o ou em decorr\u00eancia da fun\u00e7\u00e3o p\u00fablica exercida.<br \/>\nArt. 2\u00ba \u2013 Para os efeitos desta lei, considera-se conduta violenta qualquer a\u00e7\u00e3o ou omiss\u00e3o que cause dano f\u00edsico, moral, psicol\u00f3gico ou patrimonial, motivada pela condi\u00e7\u00e3o da v\u00edtima como servidor p\u00fablico estadual.<br \/>\nArt. 3\u00ba \u2013 Fica institu\u00eddo, no \u00e2mbito do Estado de Minas Gerais, o Programa Servidor Seguro, com os seguintes objetivos:<br \/>\nI \u2013 prevenir e reduzir a incid\u00eancia de viol\u00eancia contra servidores p\u00fablicos e seus familiares;<br \/>\nII \u2013 atendimento psicol\u00f3gico e jur\u00eddico gratuito \u00e0s v\u00edtimas e familiares;<br \/>\nIII \u2013 articula\u00e7\u00e3o com as for\u00e7as de seguran\u00e7a estaduais para prioriza\u00e7\u00e3o da apura\u00e7\u00e3o de crimes;<br \/>\nIV \u2013 realiza\u00e7\u00e3o de campanhas educativas e de conscientiza\u00e7\u00e3o sobre o respeito ao servidor p\u00fablico e as institui\u00e7\u00f5es;<br \/>\nV \u2013 capacita\u00e7\u00e3o das pol\u00edcias civil e militar para atendimento\u00a0especializado;<br \/>\nVI \u2013 acompanhamento e monitoramento de casos com risco de reincid\u00eancia;<br \/>\nVII \u2013 inclus\u00e3o de medidas de prote\u00e7\u00e3o, como escolta, vigil\u00e2ncia tempor\u00e1ria e transporte seguro, quando necess\u00e1rio.<br \/>\nArt. 4\u00ba \u2013 Nos casos previstos nesta Lei, os inqu\u00e9ritos policiais ter\u00e3o tramita\u00e7\u00e3o priorit\u00e1ria e receber\u00e3o tratamento urgente, devendo a autoridade policial adotar todas as provid\u00eancias para a r\u00e1pida elucida\u00e7\u00e3o do crime.<br \/>\nArt. 5\u00ba \u2013 A Secretaria de Estado de Justi\u00e7a e Seguran\u00e7a P\u00fablica \u2013 Sejusp \u2013 instituir\u00e1 protocolo integrado entre \u00f3rg\u00e3os estaduais para garantir:<br \/>\nI \u2013 resposta r\u00e1pida a den\u00fancias e ocorr\u00eancias;<br \/>\nII \u2013 avalia\u00e7\u00e3o de risco e ado\u00e7\u00e3o de medidas protetivas;<br \/>\nIII \u2013 encaminhamento da v\u00edtima aos servi\u00e7os de assist\u00eancia previstos no programa.<br \/>\nArt. 6\u00ba \u2013 Sem preju\u00edzo das san\u00e7\u00f5es penais e civis cab\u00edveis, o Poder Executivo dever\u00e1 prestar assist\u00eancia emergencial aos familiares da v\u00edtima servidor p\u00fablico estadual, em caso de morte ou invalidez permanente decorrente de conduta violenta motivada pelo exerc\u00edcio da fun\u00e7\u00e3o.<br \/>\nArt. 7\u00ba \u2013 O Poder Executivo regulamentar\u00e1 esta lei no prazo de noventa dias contados da data de sua publica\u00e7\u00e3o.<br \/>\nArt. 8\u00ba \u2013 Esta lei entra em vigor na data de sua publica\u00e7\u00e3o.<br \/>\nSala das Reuni\u00f5es, 18 de agosto de 2025.<br \/>\nCharles Santos (Republicanos)<br \/>\nJustifica\u00e7\u00e3o: O presente Projeto de Lei nasce da necessidade urgente de garantir prote\u00e7\u00e3o efetiva aos servidores p\u00fablicos e familiares que sofrem viol\u00eancia motivada pela fun\u00e7\u00e3o que exercem, mesmo fora do hor\u00e1rio ou local de trabalho.<br \/>\nO tr\u00e1gico caso ocorrido recentemente em Belo Horizonte, que vitimou o Gari Laudemir de Souza Fernandes, de 44 anos, morto com um tiro durante uma discuss\u00e3o de tr\u00e2nsito em Belo Horizonte, em circunst\u00e2ncias brutais, evidencia a vulnerabilidade dos servidores e a aus\u00eancia de mecanismos claros de preven\u00e7\u00e3o e prote\u00e7\u00e3o nesses contextos.<br \/>\nO Programa Servidor Seguro, institu\u00eddo por esta lei, representa uma pol\u00edtica p\u00fablica integrada que une preven\u00e7\u00e3o, atendimento e responsabiliza\u00e7\u00e3o. Com ele, o Estado cria um canal exclusivo de den\u00fancias, protocolos r\u00e1pidos de prote\u00e7\u00e3o, apoio psicol\u00f3gico e jur\u00eddico, medidas emergenciais de seguran\u00e7a, bem como a prioridade na investiga\u00e7\u00e3o de crimes motivados pelo exerc\u00edcio da fun\u00e7\u00e3o.<br \/>\nAo estabelecer tramita\u00e7\u00e3o priorit\u00e1ria para esses inqu\u00e9ritos, garantimos que tais crimes n\u00e3o sejam tratados como ocorr\u00eancias comuns, mas como ataques que afetam n\u00e3o apenas a v\u00edtima, mas tamb\u00e9m a credibilidade do servi\u00e7o p\u00fablico e a estabilidade social.<br \/>\nAo aprovar esta Lei, Minas Gerais reafirma o compromisso com a seguran\u00e7a de quem serve \u00e0 sociedade, valorizando o servidor e demonstrando que o Estado n\u00e3o tolera intimida\u00e7\u00f5es, amea\u00e7as ou viol\u00eancias motivadas pelo exerc\u00edcio da fun\u00e7\u00e3o p\u00fablica.<br \/>\nAdemais, dar a esta lei o nome de Laudemir de Souza Fernandes \u00e9 perpetuar sua mem\u00f3ria e inscrever sua contribui\u00e7\u00e3o na hist\u00f3ria legislativa do Estado de Minas Gerais, garantindo que sua lembran\u00e7a permane\u00e7a como refer\u00eancia de retid\u00e3o, perseveran\u00e7a e compromisso com o bem comum. Assim, a homenagem n\u00e3o se limita a um ato simb\u00f3lico, mas representa o reconhecimento p\u00fablico de um percurso de vida exemplar, que merece ser celebrado e lembrado por todos os mineiros.<br \/>\nAssim, Minas Gerais assume uma postura firme contra a viol\u00eancia direcionado a quem serve a popula\u00e7\u00e3o, fortalecendo a confian\u00e7a nas institui\u00e7\u00f5es e reafirmando que o Estado n\u00e3o tolerar\u00e1 atos de intimida\u00e7\u00e3o ou retalia\u00e7\u00e3o contra seus servidores.<br \/>\nDiante do exposto, contamos com o apoio dos nobres pares para a aprova\u00e7\u00e3o desta proposi\u00e7\u00e3o, para que se eternize, no \u00e2mbito desta Casa Legislativa, a mem\u00f3ria de Laudemir de Souza Fernandes.<br \/>\n\u2013 Publicado, vai o projeto \u00e0s Comiss\u00f5es de Justi\u00e7a, de Seguran\u00e7a P\u00fablica, de Administra\u00e7\u00e3o P\u00fablica e de Fiscaliza\u00e7\u00e3o Financeira para parecer, nos termos do art. 188, c\/c o art. 102, do Regimento Interno.<\/article>\n<div style=\"text-align: center\">\n<div style=\"margin-bottom: 20px;\" class=\"et_pb_button_module_wrapper et_pb_button_5_tb_body_wrapper et_pb_button_alignment_center et_pb_module \">\n         <a class=\"et_pb_button et_pb_button_5_tb_body et_hover_enabled et_pb_bg_layout_dark\" style=\"width: 50%;background-color: black;\" href=\"https:\/\/app.legislapp.com.br\" target=\"_blank\" rel=\"noopener\">Visualizar completo na nossa plataforma (30 dias gr\u00e1tis)<\/a><\/p><\/div>\n<p>      <a href=\"https:\/\/play.google.com\/store\/apps\/details?id=br.com.legislapp\"><img decoding=\"async\" style=\"width: 15%; min-width: 130px;\" src=\"https:\/\/www.legislapp.com.br\/wp-content\/uploads\/google-play.png\"><\/a><br \/>\n      <a href=\"https:\/\/apps.apple.com\/us\/app\/legislapp\/id1568929859\"><img decoding=\"async\" style=\"width: 15%; min-width: 130px\" src=\"https:\/\/www.legislapp.com.br\/wp-content\/uploads\/apple-store.png\"><\/a>\n   <\/div>\n","protected":false},"excerpt":{"rendered":"<p>C\u00e2m. Legislativa de MG &#8211; Autoria de Deputados Estabelece medidas de preven\u00e7\u00e3o e responsabiliza\u00e7\u00e3o por condutas violentas praticadas contra servidores p\u00fablicos estaduais e seus familiares, e cria o Programa Servidor Seguro. Institui a Lei\u00a0Laudemir de Souza Fernandes, que prev\u00ea medidas de preven\u00e7\u00e3o e responsabiliza\u00e7\u00e3o de condutas violentas praticadas contra servidores p\u00fablicos estaduais e seus familiares, [&hellip;]<\/p>\n","protected":false},"author":1,"featured_media":0,"parent":0,"menu_order":0,"comment_status":"closed","ping_status":"closed","template":"page-template-blank.php","meta":{"_et_pb_use_builder":"","_et_pb_old_content":"","_et_gb_content_width":"1080","ngg_post_thumbnail":0,"footnotes":""},"class_list":["post-8421","page","type-page","status-publish","hentry"],"yoast_head":"<!-- This site is optimized with the Yoast SEO plugin v24.4 - https:\/\/yoast.com\/wordpress\/plugins\/seo\/ -->\n<title>PL 4231\/2025 - Deputados - Legislapp<\/title>\n<meta name=\"robots\" content=\"index, follow, max-snippet:-1, max-image-preview:large, max-video-preview:-1\" \/>\n<link rel=\"canonical\" href=\"https:\/\/www.legislapp.com.br\/index.php\/cam-legislativa-de-mg-pl-4231-2025\/\" \/>\n<meta property=\"og:locale\" content=\"pt_BR\" \/>\n<meta property=\"og:type\" content=\"article\" \/>\n<meta property=\"og:title\" content=\"PL 4231\/2025 - Deputados - Legislapp\" \/>\n<meta property=\"og:description\" content=\"C\u00e2m. Legislativa de MG &#8211; Autoria de Deputados Estabelece medidas de preven\u00e7\u00e3o e responsabiliza\u00e7\u00e3o por condutas violentas praticadas contra servidores p\u00fablicos estaduais e seus familiares, e cria o Programa Servidor Seguro. Institui a Lei\u00a0Laudemir de Souza Fernandes, que prev\u00ea medidas de preven\u00e7\u00e3o e responsabiliza\u00e7\u00e3o de condutas violentas praticadas contra servidores p\u00fablicos estaduais e seus familiares, [&hellip;]\" \/>\n<meta property=\"og:url\" content=\"https:\/\/www.legislapp.com.br\/index.php\/cam-legislativa-de-mg-pl-4231-2025\/\" \/>\n<meta property=\"og:site_name\" content=\"Legislapp\" \/>\n<meta property=\"article:publisher\" content=\"https:\/\/www.instagram.com\/legislapp\/\" \/>\n<meta property=\"og:image\" content=\"https:\/\/www.legislapp.com.br\/wp-content\/uploads\/google-play.png\" \/>\n<meta name=\"twitter:card\" content=\"summary_large_image\" \/>\n<meta name=\"twitter:label1\" content=\"Est. tempo de leitura\" \/>\n\t<meta name=\"twitter:data1\" content=\"5 minutos\" \/>\n<script type=\"application\/ld+json\" class=\"yoast-schema-graph\">{\"@context\":\"https:\/\/schema.org\",\"@graph\":[{\"@type\":\"WebPage\",\"@id\":\"https:\/\/www.legislapp.com.br\/index.php\/cam-legislativa-de-mg-pl-4231-2025\/\",\"url\":\"https:\/\/www.legislapp.com.br\/index.php\/cam-legislativa-de-mg-pl-4231-2025\/\",\"name\":\"PL 4231\/2025 - Deputados - Legislapp\",\"isPartOf\":{\"@id\":\"https:\/\/www.legislapp.com.br\/#website\"},\"primaryImageOfPage\":{\"@id\":\"https:\/\/www.legislapp.com.br\/index.php\/cam-legislativa-de-mg-pl-4231-2025\/#primaryimage\"},\"image\":{\"@id\":\"https:\/\/www.legislapp.com.br\/index.php\/cam-legislativa-de-mg-pl-4231-2025\/#primaryimage\"},\"thumbnailUrl\":\"https:\/\/www.legislapp.com.br\/wp-content\/uploads\/google-play.png\",\"datePublished\":\"2025-10-08T14:33:00+00:00\",\"breadcrumb\":{\"@id\":\"https:\/\/www.legislapp.com.br\/index.php\/cam-legislativa-de-mg-pl-4231-2025\/#breadcrumb\"},\"inLanguage\":\"pt-BR\",\"potentialAction\":[{\"@type\":\"ReadAction\",\"target\":[\"https:\/\/www.legislapp.com.br\/index.php\/cam-legislativa-de-mg-pl-4231-2025\/\"]}]},{\"@type\":\"ImageObject\",\"inLanguage\":\"pt-BR\",\"@id\":\"https:\/\/www.legislapp.com.br\/index.php\/cam-legislativa-de-mg-pl-4231-2025\/#primaryimage\",\"url\":\"https:\/\/www.legislapp.com.br\/wp-content\/uploads\/google-play.png\",\"contentUrl\":\"https:\/\/www.legislapp.com.br\/wp-content\/uploads\/google-play.png\",\"width\":564,\"height\":168},{\"@type\":\"BreadcrumbList\",\"@id\":\"https:\/\/www.legislapp.com.br\/index.php\/cam-legislativa-de-mg-pl-4231-2025\/#breadcrumb\",\"itemListElement\":[{\"@type\":\"ListItem\",\"position\":1,\"name\":\"In\u00edcio\",\"item\":\"https:\/\/www.legislapp.com.br\/\"},{\"@type\":\"ListItem\",\"position\":2,\"name\":\"PL 4231\/2025 &#8211; Deputados\"}]},{\"@type\":\"WebSite\",\"@id\":\"https:\/\/www.legislapp.com.br\/#website\",\"url\":\"https:\/\/www.legislapp.com.br\/\",\"name\":\"Legislapp\",\"description\":\"Intelig\u00eancia governamental em tempo real\",\"publisher\":{\"@id\":\"https:\/\/www.legislapp.com.br\/#organization\"},\"potentialAction\":[{\"@type\":\"SearchAction\",\"target\":{\"@type\":\"EntryPoint\",\"urlTemplate\":\"https:\/\/www.legislapp.com.br\/?s={search_term_string}\"},\"query-input\":{\"@type\":\"PropertyValueSpecification\",\"valueRequired\":true,\"valueName\":\"search_term_string\"}}],\"inLanguage\":\"pt-BR\"},{\"@type\":\"Organization\",\"@id\":\"https:\/\/www.legislapp.com.br\/#organization\",\"name\":\"Legislapp Monitoramento e Intelig\u00eancia Governamental\",\"url\":\"https:\/\/www.legislapp.com.br\/\",\"logo\":{\"@type\":\"ImageObject\",\"inLanguage\":\"pt-BR\",\"@id\":\"https:\/\/www.legislapp.com.br\/#\/schema\/logo\/image\/\",\"url\":\"https:\/\/www.legislapp.com.br\/wp-content\/uploads\/icon.png\",\"contentUrl\":\"https:\/\/www.legislapp.com.br\/wp-content\/uploads\/icon.png\",\"width\":1024,\"height\":1024,\"caption\":\"Legislapp Monitoramento e Intelig\u00eancia Governamental\"},\"image\":{\"@id\":\"https:\/\/www.legislapp.com.br\/#\/schema\/logo\/image\/\"},\"sameAs\":[\"https:\/\/www.instagram.com\/legislapp\/\"]}]}<\/script>\n<!-- \/ Yoast SEO plugin. -->","yoast_head_json":{"title":"PL 4231\/2025 - Deputados - Legislapp","robots":{"index":"index","follow":"follow","max-snippet":"max-snippet:-1","max-image-preview":"max-image-preview:large","max-video-preview":"max-video-preview:-1"},"canonical":"https:\/\/www.legislapp.com.br\/index.php\/cam-legislativa-de-mg-pl-4231-2025\/","og_locale":"pt_BR","og_type":"article","og_title":"PL 4231\/2025 - Deputados - Legislapp","og_description":"C\u00e2m. Legislativa de MG &#8211; Autoria de Deputados Estabelece medidas de preven\u00e7\u00e3o e responsabiliza\u00e7\u00e3o por condutas violentas praticadas contra servidores p\u00fablicos estaduais e seus familiares, e cria o Programa Servidor Seguro. Institui a Lei\u00a0Laudemir de Souza Fernandes, que prev\u00ea medidas de preven\u00e7\u00e3o e responsabiliza\u00e7\u00e3o de condutas violentas praticadas contra servidores p\u00fablicos estaduais e seus familiares, [&hellip;]","og_url":"https:\/\/www.legislapp.com.br\/index.php\/cam-legislativa-de-mg-pl-4231-2025\/","og_site_name":"Legislapp","article_publisher":"https:\/\/www.instagram.com\/legislapp\/","og_image":[{"url":"https:\/\/www.legislapp.com.br\/wp-content\/uploads\/google-play.png","type":"","width":"","height":""}],"twitter_card":"summary_large_image","twitter_misc":{"Est. tempo de leitura":"5 minutos"},"schema":{"@context":"https:\/\/schema.org","@graph":[{"@type":"WebPage","@id":"https:\/\/www.legislapp.com.br\/index.php\/cam-legislativa-de-mg-pl-4231-2025\/","url":"https:\/\/www.legislapp.com.br\/index.php\/cam-legislativa-de-mg-pl-4231-2025\/","name":"PL 4231\/2025 - Deputados - Legislapp","isPartOf":{"@id":"https:\/\/www.legislapp.com.br\/#website"},"primaryImageOfPage":{"@id":"https:\/\/www.legislapp.com.br\/index.php\/cam-legislativa-de-mg-pl-4231-2025\/#primaryimage"},"image":{"@id":"https:\/\/www.legislapp.com.br\/index.php\/cam-legislativa-de-mg-pl-4231-2025\/#primaryimage"},"thumbnailUrl":"https:\/\/www.legislapp.com.br\/wp-content\/uploads\/google-play.png","datePublished":"2025-10-08T14:33:00+00:00","breadcrumb":{"@id":"https:\/\/www.legislapp.com.br\/index.php\/cam-legislativa-de-mg-pl-4231-2025\/#breadcrumb"},"inLanguage":"pt-BR","potentialAction":[{"@type":"ReadAction","target":["https:\/\/www.legislapp.com.br\/index.php\/cam-legislativa-de-mg-pl-4231-2025\/"]}]},{"@type":"ImageObject","inLanguage":"pt-BR","@id":"https:\/\/www.legislapp.com.br\/index.php\/cam-legislativa-de-mg-pl-4231-2025\/#primaryimage","url":"https:\/\/www.legislapp.com.br\/wp-content\/uploads\/google-play.png","contentUrl":"https:\/\/www.legislapp.com.br\/wp-content\/uploads\/google-play.png","width":564,"height":168},{"@type":"BreadcrumbList","@id":"https:\/\/www.legislapp.com.br\/index.php\/cam-legislativa-de-mg-pl-4231-2025\/#breadcrumb","itemListElement":[{"@type":"ListItem","position":1,"name":"In\u00edcio","item":"https:\/\/www.legislapp.com.br\/"},{"@type":"ListItem","position":2,"name":"PL 4231\/2025 &#8211; Deputados"}]},{"@type":"WebSite","@id":"https:\/\/www.legislapp.com.br\/#website","url":"https:\/\/www.legislapp.com.br\/","name":"Legislapp","description":"Intelig\u00eancia governamental em tempo real","publisher":{"@id":"https:\/\/www.legislapp.com.br\/#organization"},"potentialAction":[{"@type":"SearchAction","target":{"@type":"EntryPoint","urlTemplate":"https:\/\/www.legislapp.com.br\/?s={search_term_string}"},"query-input":{"@type":"PropertyValueSpecification","valueRequired":true,"valueName":"search_term_string"}}],"inLanguage":"pt-BR"},{"@type":"Organization","@id":"https:\/\/www.legislapp.com.br\/#organization","name":"Legislapp Monitoramento e Intelig\u00eancia Governamental","url":"https:\/\/www.legislapp.com.br\/","logo":{"@type":"ImageObject","inLanguage":"pt-BR","@id":"https:\/\/www.legislapp.com.br\/#\/schema\/logo\/image\/","url":"https:\/\/www.legislapp.com.br\/wp-content\/uploads\/icon.png","contentUrl":"https:\/\/www.legislapp.com.br\/wp-content\/uploads\/icon.png","width":1024,"height":1024,"caption":"Legislapp Monitoramento e Intelig\u00eancia Governamental"},"image":{"@id":"https:\/\/www.legislapp.com.br\/#\/schema\/logo\/image\/"},"sameAs":["https:\/\/www.instagram.com\/legislapp\/"]}]}},"_links":{"self":[{"href":"https:\/\/www.legislapp.com.br\/index.php\/wp-json\/wp\/v2\/pages\/8421","targetHints":{"allow":["GET"]}}],"collection":[{"href":"https:\/\/www.legislapp.com.br\/index.php\/wp-json\/wp\/v2\/pages"}],"about":[{"href":"https:\/\/www.legislapp.com.br\/index.php\/wp-json\/wp\/v2\/types\/page"}],"author":[{"embeddable":true,"href":"https:\/\/www.legislapp.com.br\/index.php\/wp-json\/wp\/v2\/users\/1"}],"replies":[{"embeddable":true,"href":"https:\/\/www.legislapp.com.br\/index.php\/wp-json\/wp\/v2\/comments?post=8421"}],"version-history":[{"count":0,"href":"https:\/\/www.legislapp.com.br\/index.php\/wp-json\/wp\/v2\/pages\/8421\/revisions"}],"wp:attachment":[{"href":"https:\/\/www.legislapp.com.br\/index.php\/wp-json\/wp\/v2\/media?parent=8421"}],"curies":[{"name":"wp","href":"https:\/\/api.w.org\/{rel}","templated":true}]}}