{"id":8509,"date":"2025-10-08T11:38:03","date_gmt":"2025-10-08T14:38:03","guid":{"rendered":"https:\/\/www.legislapp.com.br\/index.php\/cam-legislativa-de-sc-pl-0583-2025\/"},"modified":"2025-10-08T11:38:03","modified_gmt":"2025-10-08T14:38:03","slug":"cam-legislativa-de-sc-pl-0583-2025","status":"publish","type":"page","link":"https:\/\/www.legislapp.com.br\/index.php\/cam-legislativa-de-sc-pl-0583-2025\/","title":{"rendered":"PL.\/0583\/2025 &#8211; Dr. Vicente Caropreso"},"content":{"rendered":"<h1 style='text-align: center;'>C\u00e2m. Legislativa de SC &#8211; Autoria de Dr. Vicente Caropreso<\/h3>\n<p><\/p>\n<article style='text-align: center'>Declara de utilidade p\u00fablica a Sociedade Cultural, Esportiva e Recreativa Alian\u00e7a, de Jaragu\u00e1 do Sul e Altera o Anexo \u00danico da Lei n\u00ba 18.278, de 2021, que &#8220;Consolida os atos normativos que concedem o T\u00edtulo de Utilidade P\u00fablica estadual no \u00e2mbito do Estado de Santa Catarina&#8221; para fazer constar nele o nome de tal entidade.<\/article>\n<p><\/p>\n<p style='text-align: center'><a href='https:\/\/app.legislapp.com.br\/#\/busca?termo='><\/a><\/p>\n<p><\/p>\n<article>ASSEMBLEIA LEGISLATIVA GABINETE DEPUTADO DR.<br \/>\nESTADO DE SANTA CATARINA VICENTE CAROPRESO<\/p>\n<p>PROJETO DE LEI <\/p>\n<p>Declara de utilidade p\u00fablica a Sociedade Cultural, Esportiva e Recreativa<br \/>\nAlian\u00e7a, de Jaragu\u00e1 do Sul e Altera o Anexo \u00danico da Lei n\u00ba 18.278, de<br \/>\n2021, que &#8220;Consolida os atos normativos que concedem o T\u00edtulo de<br \/>\nUtilidade P\u00fablica estadual no \u00e2mbito do Estado de Santa Catarina&#8221; para<br \/>\nfazer constar nele o nome de tal entidade.<\/p>\n<p>Art. 1\u00ba Fica declarada(o) de utilidade p\u00fablica estadual a Sociedade<br \/>\nCultural, Esportiva e Recreativa Alian\u00e7a, com sede no Munic\u00edpio Jaragu\u00e1 do Sul.<\/p>\n<p>Art. 2\u00ba O Anexo \u00danico da Lei n\u00ba 18.278, de 20 de dezembro de 2021,<br \/>\npassa a vigorar com a altera\u00e7\u00e3o constante do Anexo \u00danico desta Lei.<\/p>\n<p>Art. 3\u00ba Esta Lei entra em vigor na data de sua publica\u00e7\u00e3o.<\/p>\n<p>Sala das Sess\u00f5es, <\/p>\n<p>Deputado Dr. Vicente Caropreso<\/p>\n<p>\u00daANEXO \u00daNICO<br \/>\n(ALTERA O ANEXO \u00daNICO DA LEI N\u00ba 18.278, DE 20 DE DEZEMBRO DE 2021)<\/p>\n<p>&#8220;ANEXO \u00daNICO<br \/>\nENTIDADES DECLARADAS DE UTILIDADE P\u00daBLICA<br \/>\n&#8230; &#8230;&#8230;&#8230;&#8230;&#8230;&#8230;&#8230;&#8230;&#8230;&#8230;&#8230;&#8230;&#8230;&#8230;&#8230;&#8230;&#8230;&#8230;&#8230;&#8230;&#8230;&#8230;&#8230;&#8230;&#8230;&#8230;&#8230;&#8230;&#8230;&#8230;&#8230;&#8230;&#8230;. &#8230;&#8230;&#8230;&#8230;&#8230;&#8230;&#8230;&#8230;&#8230;&#8230;&#8230;&#8230;&#8230;<br \/>\n JARAGU\u00c1 DO SUL LEIS<br \/>\n&#8230; &#8230;&#8230;&#8230;&#8230;&#8230;&#8230;&#8230;&#8230;&#8230;&#8230;&#8230;&#8230;&#8230;&#8230;&#8230;&#8230;&#8230;&#8230;&#8230;&#8230;&#8230;&#8230;&#8230;&#8230;&#8230;&#8230;&#8230;&#8230;&#8230;&#8230;&#8230;&#8230;&#8230;. &#8230;&#8230;&#8230;&#8230;&#8230;&#8230;&#8230;&#8230;&#8230;&#8230;&#8230;&#8230;&#8230;<br \/>\n Sociedade Cultural, Esportiva e Recreativa Alian\u00e7a<br \/>\n&#8230; &#8230;&#8230;&#8230;&#8230;&#8230;&#8230;&#8230;&#8230;&#8230;&#8230;&#8230;&#8230;&#8230;&#8230;&#8230;&#8230;&#8230;&#8230;&#8230;&#8230;&#8230;&#8230;&#8230;&#8230;&#8230;&#8230;&#8230;&#8230;&#8230;&#8230;&#8230;&#8230;&#8230;.. &#8230;&#8230;&#8230;&#8230;&#8230;&#8230;&#8230;&#8230;&#8230;&#8230;&#8230;&#8230;..<\/p>\n<p>  (NR)&#8221;<\/p>\n<p>Sala das Sess\u00f5es,<\/p>\n<p>Deputado Dr. Vicente Caropreso<br \/>\n JUSTIFICA\u00c7\u00c3O<\/p>\n<p>O Projeto de Lei que ora apresento tem por objetivo declarar de utilidade<br \/>\np\u00fablica estadual a Sociedade Cultural, Esportiva e Recreativa Alian\u00e7a de Jaragu\u00e1 do Sul, tendo em<br \/>\nvista que a referida entidade presta servi\u00e7os de relevante interesse social \u00e0 comunidade. <\/p>\n<p>Nesse contexto, de acordo com seu Estatuto Social, a Sociedade<br \/>\nCultural, Esportiva e Recreativa Alian\u00e7a \u00e9 um associa\u00e7\u00e3o de direito privado, sem fins econ\u00f4micos,<br \/>\nconstitu\u00edda por tempo indeterminado, de car\u00e1ter organizacional, cultural, esportiva, art\u00edstica,<br \/>\nrecreativa, social, c\u00edvica, educacional, tur\u00edstica, ambiental e promocional sem cunho pol\u00edtico ou<br \/>\npartid\u00e1rio e tem por finalidade: <\/p>\n<p>1. Promover, resgatar e propugnar a valoriza\u00e7\u00e3o das tradi\u00e7\u00f5es t\u00edpicas,<br \/>\nprincipalmente as de origens germ\u00e2nicas;<br \/>\n2. Organizar, difundir e promover eventos como: bailes, shows, soir\u00e9e,<br \/>\nmatin\u00ea, festas, festas de rei e rainhas, feiras, exposi\u00e7\u00f5es, desfiles, carreatas, conven\u00e7\u00f5es, passeios,<br \/>\nconcursos, jogos, competi\u00e7\u00f5es, demonstra\u00e7\u00f5es, sal\u00f5es, comemora\u00e7\u00f5es de datas festivas e outras<br \/>\natividades pertinentes;<br \/>\n3. Realizar eventos de valoriza\u00e7\u00e3o da atividade agr\u00edcola, simbolizada pela<br \/>\nfigura do colono, em comemora\u00e7\u00e3o ao seu dia e da imigra\u00e7\u00e3o alem\u00e3 no Brasil, como a<br \/>\nKolonistenfest;<br \/>\n4. Incrementar a Kolonistenfest, com s\u00edmbolos culturais, como:<br \/>\nkolonistenbaum; Bier Garden; Exposi\u00e7\u00e3o agroindustrial; Exposi\u00e7\u00e3o de plantas ornamentais,<br \/>\nfrut\u00edferas e flores; Desfiles dos associados, grupos da melhor idade, sociedades convidadas,<br \/>\nve\u00edculos agr\u00edcolas e carros aleg\u00f3ricos coloniais; Culin\u00e1ria t\u00edpica; Disputa de rei e rainha e suas<br \/>\nmajestades; Competi\u00e7\u00f5es de tiro esportivo, serrador; bailes t\u00edpicos, entre outras atividades e<br \/>\nentretenimento cultural;<br \/>\n5. Incluir gastronomia t\u00edpica alem\u00e3, apresentada por card\u00e1pios<br \/>\ndiferenciados da culin\u00e1ria e tamb\u00e9m aqueles preparados pelas fam\u00edlias em suas resid\u00eancias,<br \/>\nvalorizando e resgatando o saber e fazer como patrim\u00f4nio imaterial;<br \/>\n6. Formar, incentivar e promover grupos de dan\u00e7as e m\u00fasicas folcl\u00f3ricas,<br \/>\ninclusive os infantis e da melhor idade;<br \/>\n7. Difundir entre os jovens a continuidade da mem\u00f3ria cultural dos<br \/>\nantepassados;<br \/>\n8. Organizar e promover competi\u00e7\u00f5es desportivas t\u00edpicas, como o bol\u00e3o e<br \/>\no tiro ao alvo (utilizando armas de press\u00e3o\/Ar: flecha\/seta, chumbinho, carabina);<br \/>\n9. Perpetuar o idioma alem\u00e3o atrav\u00e9s das atividades culturais da<br \/>\nAssocia\u00e7\u00e3o, incluindo programas de interc\u00e2mbio e literatura como Brasil-Alemanha;<br \/>\n10. Representar esta Associa\u00e7\u00e3o participando de eventos de interesse<br \/>\ncomunit\u00e1rio, tradicionais, c\u00edvicas e culturais;<br \/>\n11. Mobilizar a Associa\u00e7\u00e3o em prol da Sch\u00fctzenfest (Festa dos<br \/>\nAtiradores);<br \/>\n12. Defender os interesses sociais, pelo bem-estar c\u00edvico e moral da<br \/>\ncomunidade;<br \/>\n13. Integrar os moradores das cercanias, valorizando seus feitos, artes,<br \/>\nprofiss\u00f5es e voluntariado;<br \/>\n14. Pleitear junto aos \u00f3rg\u00e3os competentes, mobilizar a comunidade,<br \/>\nparticularmente os Associados, no sentido de apoiar as a\u00e7\u00f5es de conserva\u00e7\u00e3o, manuten\u00e7\u00e3o ou<br \/>\namplia\u00e7\u00e3o de suas instala\u00e7\u00f5es e seu entorno, que poder\u00e1 tamb\u00e9m ser realizada atrav\u00e9s da pr\u00f3pria<br \/>\nAssocia\u00e7\u00e3o ou atrav\u00e9s de parcerias;<br \/>\n15. Realizar atividades recreativas, entretenimento e desportivas, como<br \/>\npr\u00e1tica de Futebol de Campo e Sal\u00e3o, Gin\u00e1stica, V\u00f4lei, T\u00eanis de Mesa, Bochas, jogos de tabuleiro,<br \/>\npr\u00e1tica de educa\u00e7\u00e3o f\u00edsica, entre outros;<br \/>\n16. Proporcionar condi\u00e7\u00f5es para a pr\u00e1tica de esporte amador;<br \/>\n17. Promover e estimular a realiza\u00e7\u00e3o de programas de capacita\u00e7\u00e3o,<br \/>\ndebates, informa\u00e7\u00f5es, palestras, eventos, semin\u00e1rios, workshops, oficinas, cursos peri\u00f3dicos de<br \/>\nespecializa\u00e7\u00e3o e a\u00e7\u00f5es de gera\u00e7\u00e3o de emprego e renda;<br \/>\n18. Oportunizar informa\u00e7\u00f5es tur\u00edsticas do munic\u00edpio, como destino<br \/>\ntur\u00edstico, regi\u00e3o e Estado de Santa Catarina, atrav\u00e9s de estandes de informa\u00e7\u00f5es tur\u00edsticas ou<br \/>\ndistribui\u00e7\u00e3o de material de divulga\u00e7\u00e3o para os turistas visitantes, buscando o aumento de fluxo<br \/>\ntur\u00edstico e interc\u00e2mbio atrav\u00e9s dos participantes dos eventos promovidos ou organizados pela<br \/>\nAssocia\u00e7\u00e3o;<br \/>\n19. Proporcionar aos participantes dos eventos o acesso a a\u00e7\u00f5es<br \/>\ntur\u00edsticas, culturais, s\u00edmbolos e imagem do munic\u00edpio, atrav\u00e9s de incentivo a visita\u00e7\u00e3o dos espa\u00e7os<br \/>\nculturais e tur\u00edsticos;<br \/>\n20. Apoiar o desenvolvimento tur\u00edstico na regi\u00e3o, difundindo princ\u00edpios,<br \/>\nestrat\u00e9gias e medidas para a realiza\u00e7\u00f5es de eventos;21. Formar rotas de passeios tur\u00edsticos, incluindo gastronomia,<br \/>\nequipamentos culturais e patrim\u00f4nio edificado tombado;<br \/>\n22. Ser refer\u00eancia tur\u00edstica, atrav\u00e9s de seus eventos anuais, de acordo<br \/>\ncom o calend\u00e1rio cultural;<br \/>\n23. Promover a \u00e9tica, a paz, a cidadania, os direitos humanos, a<br \/>\ndemocracia e outros valores universais;<br \/>\n24. Elaborar pesquisas e projetos referentes ao patrim\u00f4nio hist\u00f3rico;<br \/>\n25. Viabilizar parcerias com organismos nacionais e internacionais, com<br \/>\norganiza\u00e7\u00f5es governamentais, n\u00e3o governamentais, funda\u00e7\u00f5es, pessoas f\u00edsicas e empresas do<br \/>\nsetor privado;<br \/>\n26. Facilitar a capacita\u00e7\u00e3o e aperfei\u00e7oamento te\u00f3rico e pr\u00e1tico dos<br \/>\nprofissionais que comp\u00f5em as equipes t\u00e9cnicas;<br \/>\n27. Valorizar os associados fundadores, personalidades e diretorias<br \/>\nanteriores atrav\u00e9s de Galeria de Ex-presidentes e hist\u00f3rico cultural da Associa\u00e7\u00e3o;<br \/>\n28. Estimular e defender a preserva\u00e7\u00e3o, conserva\u00e7\u00e3o do meio ambiente e<br \/>\no fortalecimento da agricultura familiar, como promo\u00e7\u00e3o do desenvolvimento sustent\u00e1vel;<br \/>\n29. Apoiar o desenvolvimento sustent\u00e1vel na regi\u00e3o, difundindo<br \/>\nprinc\u00edpios, estrat\u00e9gias e medidas para o desenvolvimento dos produtos e destinos tur\u00edsticos locais;<br \/>\ne<br \/>\n30. Destinar, quando poss\u00edvel, percentual de gratuidade, principalmente<br \/>\naqueles envolvendo parcerias em a\u00e7\u00f5es sociais, desde que n\u00e3o configurem em preju\u00edzo as<br \/>\natividades desta Associa\u00e7\u00e3o.<\/p>\n<p>Ante o exposto, conto com meus pares para a aprova\u00e7\u00e3o da mat\u00e9ria.<\/p>\n<p>Sala das Sess\u00f5es,<\/p>\n<p>Deputado Dr. Vicente Caropreso<\/p>\n<p>ELEGIS<br \/>\nDocumento assinado eletronicamente por Vicente Augusto Caropreso, em<br \/>\nSistema de Processo<br \/>\n19\/08\/2025, \u00e0s 15:13.<br \/>\nLegislativo Eletr\u00f4nico<\/article>\n<div style=\"text-align: center\">\n<div style=\"margin-bottom: 20px;\" class=\"et_pb_button_module_wrapper et_pb_button_5_tb_body_wrapper et_pb_button_alignment_center et_pb_module \">\n         <a class=\"et_pb_button et_pb_button_5_tb_body et_hover_enabled et_pb_bg_layout_dark\" style=\"width: 50%;background-color: black;\" href=\"https:\/\/app.legislapp.com.br\" target=\"_blank\" rel=\"noopener\">Visualizar completo na nossa plataforma (30 dias gr\u00e1tis)<\/a><\/p><\/div>\n<p>      <a href=\"https:\/\/play.google.com\/store\/apps\/details?id=br.com.legislapp\"><img decoding=\"async\" style=\"width: 15%; min-width: 130px;\" src=\"https:\/\/www.legislapp.com.br\/wp-content\/uploads\/google-play.png\"><\/a><br \/>\n      <a href=\"https:\/\/apps.apple.com\/us\/app\/legislapp\/id1568929859\"><img decoding=\"async\" style=\"width: 15%; min-width: 130px\" src=\"https:\/\/www.legislapp.com.br\/wp-content\/uploads\/apple-store.png\"><\/a>\n   <\/div>\n","protected":false},"excerpt":{"rendered":"<p>C\u00e2m. Legislativa de SC &#8211; Autoria de Dr. Vicente Caropreso Declara de utilidade p\u00fablica a Sociedade Cultural, Esportiva e Recreativa Alian\u00e7a, de Jaragu\u00e1 do Sul e Altera o Anexo \u00danico da Lei n\u00ba 18.278, de 2021, que &#8220;Consolida os atos normativos que concedem o T\u00edtulo de Utilidade P\u00fablica estadual no \u00e2mbito do Estado de Santa [&hellip;]<\/p>\n","protected":false},"author":1,"featured_media":0,"parent":0,"menu_order":0,"comment_status":"closed","ping_status":"closed","template":"page-template-blank.php","meta":{"_et_pb_use_builder":"","_et_pb_old_content":"","_et_gb_content_width":"1080","ngg_post_thumbnail":0,"footnotes":""},"class_list":["post-8509","page","type-page","status-publish","hentry"],"yoast_head":"<!-- This site is optimized with the Yoast SEO plugin v24.4 - https:\/\/yoast.com\/wordpress\/plugins\/seo\/ -->\n<title>PL.\/0583\/2025 - Dr. Vicente Caropreso - Legislapp<\/title>\n<meta name=\"robots\" content=\"index, follow, max-snippet:-1, max-image-preview:large, max-video-preview:-1\" \/>\n<link rel=\"canonical\" href=\"https:\/\/www.legislapp.com.br\/index.php\/cam-legislativa-de-sc-pl-0583-2025\/\" \/>\n<meta property=\"og:locale\" content=\"pt_BR\" \/>\n<meta property=\"og:type\" content=\"article\" \/>\n<meta property=\"og:title\" content=\"PL.\/0583\/2025 - Dr. Vicente Caropreso - Legislapp\" \/>\n<meta property=\"og:description\" content=\"C\u00e2m. Legislativa de SC &#8211; Autoria de Dr. Vicente Caropreso Declara de utilidade p\u00fablica a Sociedade Cultural, Esportiva e Recreativa Alian\u00e7a, de Jaragu\u00e1 do Sul e Altera o Anexo \u00danico da Lei n\u00ba 18.278, de 2021, que &#8220;Consolida os atos normativos que concedem o T\u00edtulo de Utilidade P\u00fablica estadual no \u00e2mbito do Estado de Santa [&hellip;]\" \/>\n<meta property=\"og:url\" content=\"https:\/\/www.legislapp.com.br\/index.php\/cam-legislativa-de-sc-pl-0583-2025\/\" \/>\n<meta property=\"og:site_name\" content=\"Legislapp\" \/>\n<meta property=\"article:publisher\" content=\"https:\/\/www.instagram.com\/legislapp\/\" \/>\n<meta property=\"og:image\" content=\"https:\/\/www.legislapp.com.br\/wp-content\/uploads\/google-play.png\" \/>\n<meta name=\"twitter:card\" content=\"summary_large_image\" \/>\n<meta name=\"twitter:label1\" content=\"Est. tempo de leitura\" \/>\n\t<meta name=\"twitter:data1\" content=\"6 minutos\" \/>\n<script type=\"application\/ld+json\" class=\"yoast-schema-graph\">{\"@context\":\"https:\/\/schema.org\",\"@graph\":[{\"@type\":\"WebPage\",\"@id\":\"https:\/\/www.legislapp.com.br\/index.php\/cam-legislativa-de-sc-pl-0583-2025\/\",\"url\":\"https:\/\/www.legislapp.com.br\/index.php\/cam-legislativa-de-sc-pl-0583-2025\/\",\"name\":\"PL.\/0583\/2025 - Dr. Vicente Caropreso - Legislapp\",\"isPartOf\":{\"@id\":\"https:\/\/www.legislapp.com.br\/#website\"},\"primaryImageOfPage\":{\"@id\":\"https:\/\/www.legislapp.com.br\/index.php\/cam-legislativa-de-sc-pl-0583-2025\/#primaryimage\"},\"image\":{\"@id\":\"https:\/\/www.legislapp.com.br\/index.php\/cam-legislativa-de-sc-pl-0583-2025\/#primaryimage\"},\"thumbnailUrl\":\"https:\/\/www.legislapp.com.br\/wp-content\/uploads\/google-play.png\",\"datePublished\":\"2025-10-08T14:38:03+00:00\",\"breadcrumb\":{\"@id\":\"https:\/\/www.legislapp.com.br\/index.php\/cam-legislativa-de-sc-pl-0583-2025\/#breadcrumb\"},\"inLanguage\":\"pt-BR\",\"potentialAction\":[{\"@type\":\"ReadAction\",\"target\":[\"https:\/\/www.legislapp.com.br\/index.php\/cam-legislativa-de-sc-pl-0583-2025\/\"]}]},{\"@type\":\"ImageObject\",\"inLanguage\":\"pt-BR\",\"@id\":\"https:\/\/www.legislapp.com.br\/index.php\/cam-legislativa-de-sc-pl-0583-2025\/#primaryimage\",\"url\":\"https:\/\/www.legislapp.com.br\/wp-content\/uploads\/google-play.png\",\"contentUrl\":\"https:\/\/www.legislapp.com.br\/wp-content\/uploads\/google-play.png\",\"width\":564,\"height\":168},{\"@type\":\"BreadcrumbList\",\"@id\":\"https:\/\/www.legislapp.com.br\/index.php\/cam-legislativa-de-sc-pl-0583-2025\/#breadcrumb\",\"itemListElement\":[{\"@type\":\"ListItem\",\"position\":1,\"name\":\"In\u00edcio\",\"item\":\"https:\/\/www.legislapp.com.br\/\"},{\"@type\":\"ListItem\",\"position\":2,\"name\":\"PL.\/0583\/2025 &#8211; Dr. Vicente Caropreso\"}]},{\"@type\":\"WebSite\",\"@id\":\"https:\/\/www.legislapp.com.br\/#website\",\"url\":\"https:\/\/www.legislapp.com.br\/\",\"name\":\"Legislapp\",\"description\":\"Intelig\u00eancia governamental em tempo real\",\"publisher\":{\"@id\":\"https:\/\/www.legislapp.com.br\/#organization\"},\"potentialAction\":[{\"@type\":\"SearchAction\",\"target\":{\"@type\":\"EntryPoint\",\"urlTemplate\":\"https:\/\/www.legislapp.com.br\/?s={search_term_string}\"},\"query-input\":{\"@type\":\"PropertyValueSpecification\",\"valueRequired\":true,\"valueName\":\"search_term_string\"}}],\"inLanguage\":\"pt-BR\"},{\"@type\":\"Organization\",\"@id\":\"https:\/\/www.legislapp.com.br\/#organization\",\"name\":\"Legislapp Monitoramento e Intelig\u00eancia Governamental\",\"url\":\"https:\/\/www.legislapp.com.br\/\",\"logo\":{\"@type\":\"ImageObject\",\"inLanguage\":\"pt-BR\",\"@id\":\"https:\/\/www.legislapp.com.br\/#\/schema\/logo\/image\/\",\"url\":\"https:\/\/www.legislapp.com.br\/wp-content\/uploads\/icon.png\",\"contentUrl\":\"https:\/\/www.legislapp.com.br\/wp-content\/uploads\/icon.png\",\"width\":1024,\"height\":1024,\"caption\":\"Legislapp Monitoramento e Intelig\u00eancia Governamental\"},\"image\":{\"@id\":\"https:\/\/www.legislapp.com.br\/#\/schema\/logo\/image\/\"},\"sameAs\":[\"https:\/\/www.instagram.com\/legislapp\/\"]}]}<\/script>\n<!-- \/ Yoast SEO plugin. -->","yoast_head_json":{"title":"PL.\/0583\/2025 - Dr. Vicente Caropreso - Legislapp","robots":{"index":"index","follow":"follow","max-snippet":"max-snippet:-1","max-image-preview":"max-image-preview:large","max-video-preview":"max-video-preview:-1"},"canonical":"https:\/\/www.legislapp.com.br\/index.php\/cam-legislativa-de-sc-pl-0583-2025\/","og_locale":"pt_BR","og_type":"article","og_title":"PL.\/0583\/2025 - Dr. Vicente Caropreso - Legislapp","og_description":"C\u00e2m. Legislativa de SC &#8211; Autoria de Dr. Vicente Caropreso Declara de utilidade p\u00fablica a Sociedade Cultural, Esportiva e Recreativa Alian\u00e7a, de Jaragu\u00e1 do Sul e Altera o Anexo \u00danico da Lei n\u00ba 18.278, de 2021, que &#8220;Consolida os atos normativos que concedem o T\u00edtulo de Utilidade P\u00fablica estadual no \u00e2mbito do Estado de Santa [&hellip;]","og_url":"https:\/\/www.legislapp.com.br\/index.php\/cam-legislativa-de-sc-pl-0583-2025\/","og_site_name":"Legislapp","article_publisher":"https:\/\/www.instagram.com\/legislapp\/","og_image":[{"url":"https:\/\/www.legislapp.com.br\/wp-content\/uploads\/google-play.png","type":"","width":"","height":""}],"twitter_card":"summary_large_image","twitter_misc":{"Est. tempo de leitura":"6 minutos"},"schema":{"@context":"https:\/\/schema.org","@graph":[{"@type":"WebPage","@id":"https:\/\/www.legislapp.com.br\/index.php\/cam-legislativa-de-sc-pl-0583-2025\/","url":"https:\/\/www.legislapp.com.br\/index.php\/cam-legislativa-de-sc-pl-0583-2025\/","name":"PL.\/0583\/2025 - Dr. Vicente Caropreso - Legislapp","isPartOf":{"@id":"https:\/\/www.legislapp.com.br\/#website"},"primaryImageOfPage":{"@id":"https:\/\/www.legislapp.com.br\/index.php\/cam-legislativa-de-sc-pl-0583-2025\/#primaryimage"},"image":{"@id":"https:\/\/www.legislapp.com.br\/index.php\/cam-legislativa-de-sc-pl-0583-2025\/#primaryimage"},"thumbnailUrl":"https:\/\/www.legislapp.com.br\/wp-content\/uploads\/google-play.png","datePublished":"2025-10-08T14:38:03+00:00","breadcrumb":{"@id":"https:\/\/www.legislapp.com.br\/index.php\/cam-legislativa-de-sc-pl-0583-2025\/#breadcrumb"},"inLanguage":"pt-BR","potentialAction":[{"@type":"ReadAction","target":["https:\/\/www.legislapp.com.br\/index.php\/cam-legislativa-de-sc-pl-0583-2025\/"]}]},{"@type":"ImageObject","inLanguage":"pt-BR","@id":"https:\/\/www.legislapp.com.br\/index.php\/cam-legislativa-de-sc-pl-0583-2025\/#primaryimage","url":"https:\/\/www.legislapp.com.br\/wp-content\/uploads\/google-play.png","contentUrl":"https:\/\/www.legislapp.com.br\/wp-content\/uploads\/google-play.png","width":564,"height":168},{"@type":"BreadcrumbList","@id":"https:\/\/www.legislapp.com.br\/index.php\/cam-legislativa-de-sc-pl-0583-2025\/#breadcrumb","itemListElement":[{"@type":"ListItem","position":1,"name":"In\u00edcio","item":"https:\/\/www.legislapp.com.br\/"},{"@type":"ListItem","position":2,"name":"PL.\/0583\/2025 &#8211; Dr. Vicente Caropreso"}]},{"@type":"WebSite","@id":"https:\/\/www.legislapp.com.br\/#website","url":"https:\/\/www.legislapp.com.br\/","name":"Legislapp","description":"Intelig\u00eancia governamental em tempo real","publisher":{"@id":"https:\/\/www.legislapp.com.br\/#organization"},"potentialAction":[{"@type":"SearchAction","target":{"@type":"EntryPoint","urlTemplate":"https:\/\/www.legislapp.com.br\/?s={search_term_string}"},"query-input":{"@type":"PropertyValueSpecification","valueRequired":true,"valueName":"search_term_string"}}],"inLanguage":"pt-BR"},{"@type":"Organization","@id":"https:\/\/www.legislapp.com.br\/#organization","name":"Legislapp Monitoramento e Intelig\u00eancia Governamental","url":"https:\/\/www.legislapp.com.br\/","logo":{"@type":"ImageObject","inLanguage":"pt-BR","@id":"https:\/\/www.legislapp.com.br\/#\/schema\/logo\/image\/","url":"https:\/\/www.legislapp.com.br\/wp-content\/uploads\/icon.png","contentUrl":"https:\/\/www.legislapp.com.br\/wp-content\/uploads\/icon.png","width":1024,"height":1024,"caption":"Legislapp Monitoramento e Intelig\u00eancia Governamental"},"image":{"@id":"https:\/\/www.legislapp.com.br\/#\/schema\/logo\/image\/"},"sameAs":["https:\/\/www.instagram.com\/legislapp\/"]}]}},"_links":{"self":[{"href":"https:\/\/www.legislapp.com.br\/index.php\/wp-json\/wp\/v2\/pages\/8509","targetHints":{"allow":["GET"]}}],"collection":[{"href":"https:\/\/www.legislapp.com.br\/index.php\/wp-json\/wp\/v2\/pages"}],"about":[{"href":"https:\/\/www.legislapp.com.br\/index.php\/wp-json\/wp\/v2\/types\/page"}],"author":[{"embeddable":true,"href":"https:\/\/www.legislapp.com.br\/index.php\/wp-json\/wp\/v2\/users\/1"}],"replies":[{"embeddable":true,"href":"https:\/\/www.legislapp.com.br\/index.php\/wp-json\/wp\/v2\/comments?post=8509"}],"version-history":[{"count":0,"href":"https:\/\/www.legislapp.com.br\/index.php\/wp-json\/wp\/v2\/pages\/8509\/revisions"}],"wp:attachment":[{"href":"https:\/\/www.legislapp.com.br\/index.php\/wp-json\/wp\/v2\/media?parent=8509"}],"curies":[{"name":"wp","href":"https:\/\/api.w.org\/{rel}","templated":true}]}}