{"id":8511,"date":"2025-10-08T11:38:10","date_gmt":"2025-10-08T14:38:10","guid":{"rendered":"https:\/\/www.legislapp.com.br\/index.php\/cam-legislativa-de-sc-pl-0577-2025-2\/"},"modified":"2025-10-08T11:38:10","modified_gmt":"2025-10-08T14:38:10","slug":"cam-legislativa-de-sc-pl-0577-2025-2","status":"publish","type":"page","link":"https:\/\/www.legislapp.com.br\/index.php\/cam-legislativa-de-sc-pl-0577-2025-2\/","title":{"rendered":"PL.\/0577\/2025 &#8211; Pep\u00ea Colla\u00e7o"},"content":{"rendered":"<h1 style='text-align: center;'>C\u00e2m. Legislativa de SC &#8211; Autoria de Pep\u00ea Colla\u00e7o<\/h3>\n<p><\/p>\n<article style='text-align: center'>Concede o T\u00edtulo de Cidad\u00e3o Catarinense a Rubens Renato Angelotti.<\/article>\n<p><\/p>\n<p style='text-align: center'><a href='https:\/\/app.legislapp.com.br\/#\/busca?termo='><\/a><\/p>\n<p><\/p>\n<article>ASSEMBLEIA LEGISLATIVA GABINETE DEPUTADO<br \/>\nESTADO DE SANTA CATARINA PEP\u00ca COLLA\u00c7O<\/p>\n<p>PROJETO DE LEI <\/p>\n<p>Concede o T\u00edtulo de Cidad\u00e3o Catarinense a Rubens Renato<br \/>\nAngelotti<\/p>\n<p>Art. 1\u00ba Fica concedido o t\u00edtulo de Cidad\u00e3o Catarinense a Rubens<br \/>\nRenato Angelotti.<\/p>\n<p>Art. 2\u00ba O Anexo \u00danico da Lei n\u00ba 16.721, 2015, passa a vigorar com<br \/>\na altera\u00e7\u00e3o constante do Anexo \u00danico desta Lei.<\/p>\n<p>Art. 3\u00ba Esta Lei entra em vigor na data de sua publica\u00e7\u00e3o.<\/p>\n<p>Sala das Sess\u00f5es, <\/p>\n<p>Deputado Pep\u00ea Colla\u00e7o e outros<\/p>\n<p>\u00daANEXO \u00daNICO<br \/>\n(ALTERA O ANEXO \u00daNICO DA LEI N\u00ba 16.721, 2015)<\/p>\n<p>&#8220;ANEXO \u00daNICO<\/p>\n<p>&#8230;&#8230;&#8230;&#8230;&#8230;&#8230;&#8230;&#8230;&#8230;&#8230;&#8230;&#8230;&#8230;&#8230;&#8230;&#8230;&#8230;&#8230;&#8230;&#8230;&#8230;&#8230;&#8230;&#8230;&#8230;&#8230;&#8230;&#8230;&#8230;&#8230;&#8230;&#8230;&#8230;. &#8230;&#8230;&#8230;&#8230;&#8230;&#8230;&#8230;&#8230;&#8230;&#8230;&#8230;&#8230;&#8230;<br \/>\nT\u00cdTULO DE CIDAD\u00c3O CATARINENSE LEI ORIGINAL N.<br \/>\n&#8230;&#8230;&#8230;&#8230;&#8230;&#8230;&#8230;&#8230;&#8230;&#8230;&#8230;&#8230;&#8230;&#8230;&#8230;&#8230;&#8230;&#8230;&#8230;&#8230;&#8230;&#8230;&#8230;&#8230;&#8230;&#8230;&#8230;&#8230;&#8230;&#8230;&#8230;&#8230;&#8230;. &#8230;&#8230;&#8230;&#8230;&#8230;&#8230;&#8230;&#8230;&#8230;&#8230;&#8230;&#8230;&#8230;<br \/>\n Rubens Renato Angelotti<br \/>\n&#8230;&#8230;&#8230;&#8230;&#8230;&#8230;&#8230;&#8230;&#8230;&#8230;&#8230;&#8230;&#8230;&#8230;&#8230;&#8230;&#8230;&#8230;&#8230;&#8230;&#8230;&#8230;&#8230;&#8230;&#8230;&#8230;&#8230;&#8230;&#8230;&#8230;&#8230;&#8230;&#8230;.. &#8230;&#8230;&#8230;&#8230;&#8230;&#8230;&#8230;&#8230;&#8230;&#8230;&#8230;&#8230;..<\/p>\n<p>  (NR)&#8221;<\/p>\n<p>Sala das Sess\u00f5es,<\/p>\n<p>Deputado Pep\u00ea Colla\u00e7o e outros<br \/>\n JUSTIFICA\u00c7\u00c3O<\/p>\n<p>A concess\u00e3o do t\u00edtulo de Cidad\u00e3o Catarinense ao senhor Rubens<br \/>\nRenato Angelotti \u00e9 um reconhecimento mais do que merecido, considerando sua trajet\u00f3ria<br \/>\nexemplar como empres\u00e1rio, desportista e gestor comprometido com o desenvolvimento de<br \/>\nSanta Catarina.<\/p>\n<p>Rubens Renato Angelotti, conhecido como Rubinho, nasceu em 14<br \/>\nde julho de 1953, na cidade de Curitiba (PR), filho de Rubval Angelotti e An\u00e9sia Maria<br \/>\nAngelotti. \u00c9 casado com Cec\u00edlia Dias Angelotti, com quem tem dois filhos \u2013 Rubens Renato<br \/>\nAngelotti J\u00fanior e Ricardo Luiz Angelotti \u2013 e tr\u00eas netas: Rafaela, Giovanna e Al\u00edcia.<\/p>\n<p>Formado em Administra\u00e7\u00e3o pela Escola T\u00e9cnica Tuiuti, iniciou sua<br \/>\ntrajet\u00f3ria profissional no Banco Nacional do Com\u00e9rcio em 1972, e em seguida atuou na VASP<br \/>\n(Via\u00e7\u00e3o A\u00e9rea S\u00e3o Paulo), em 1974. Logo depois, passou a empreender no ramo<br \/>\ngastron\u00f4mico, fundando uma churrascaria em S\u00e3o Jos\u00e9 dos Pinhais (PR).<\/p>\n<p>Com esp\u00edrito vision\u00e1rio, mudou-se com a fam\u00edlia para Santa<br \/>\nCatarina, estabelecendo-se na cidade de Crici\u00fama, onde abriu uma franquia de sucesso, que<br \/>\npor muitos anos foi refer\u00eancia regional. O local tornou-se conhecido como \u201cSenadinho\u201d, ponto<br \/>\nde encontro frequente de personalidades pol\u00edticas e empresariais do Sul do estado.<\/p>\n<p>Rubens se destacou tamb\u00e9m no setor esportivo. Sua trajet\u00f3ria no<br \/>\nfutebol catarinense come\u00e7ou em 1995, no Crici\u00fama Esporte Clube, onde exerceu diversas<br \/>\nfun\u00e7\u00f5es at\u00e9 ser diretor de futebol, cargo que ocupou at\u00e9 2012. Em 2016, assumiu como vice-<br \/>\npresidente da Federa\u00e7\u00e3o Catarinense de Futebol (FCF) e, ap\u00f3s o tr\u00e1gico acidente a\u00e9reo<br \/>\nenvolvendo a equipe da Chapecoense, assumiu interinamente a presid\u00eancia da FCF,<br \/>\nsubstituindo Delfim P\u00e1dua Peixoto Filho. No ano de 2018, foi eleito presidente da entidade<br \/>\npara o mandato de 2019 a 2023, sendo reeleito para nova gest\u00e3o iniciada em abril de 2024.<\/p>\n<p>Durante sua gest\u00e3o, Rubens Angelotti intermediou a instala\u00e7\u00e3o do<br \/>\nCentro de Desenvolvimento da Confedera\u00e7\u00e3o Brasileira de Futebol (CBF) em Balne\u00e1rio<br \/>\nCambori\u00fa \u2013 o primeiro de Santa Catarina \u2013 fruto de uma parceria entre a CBF, a FCF e o<br \/>\nmunic\u00edpio, com recursos do Fundo de Legado da Copa do Mundo FIFA 2014.<\/p>\n<p>Por sua dedica\u00e7\u00e3o e relevantes servi\u00e7os prestados ao estado,<br \/>\nRubens foi agraciado com o t\u00edtulo de Cidad\u00e3o Honor\u00e1rio dos munic\u00edpios de Crici\u00fama (em<br \/>\n2016) e de Balne\u00e1rio Cambori\u00fa (em 2024), honrarias que demonstram o carinho e o respeito<br \/>\ndas comunidades locais por sua contribui\u00e7\u00e3o ao desenvolvimento social, esportivo e<br \/>\necon\u00f4mico.<\/p>\n<p>Portanto, a concess\u00e3o do t\u00edtulo de Cidad\u00e3o Catarinense ao senhor<br \/>\nRubens Renato Angelotti \u00e9 uma justa homenagem, que reconhece publicamente sua<br \/>\ndedica\u00e7\u00e3o, lideran\u00e7a e compromisso com o progresso de Santa Catarina.<\/p>\n<p>Ante ao exposto, solicitamos aos nobres pares apoio, contribui\u00e7\u00e3o<br \/>\ne, se julgarem oportuna, a c\u00e9lere aprova\u00e7\u00e3o da presente proposta.<\/p>\n<p>Sala das Sess\u00f5es,<\/p>\n<p>Deputado Pep\u00ea Colla\u00e7o e outros<\/p>\n<p>ELEGIS<br \/>\nDocumento assinado eletronicamente por Fernando Krelling, em<br \/>\nSistema de Processo<br \/>\n14\/08\/2025, \u00e0s 10:43.<br \/>\nLegislativo Eletr\u00f4nico<br \/>\nELEGIS<br \/>\nDocumento assinado eletronicamente por Jos\u00e9 Milton Scheffer, em<br \/>\nSistema de Processo<br \/>\n23\/06\/2025, \u00e0s 18:45.<br \/>\nLegislativo Eletr\u00f4nicoELEGIS<br \/>\nDocumento assinado eletronicamente por Nilso Jos\u00e9 Berlanda, em<br \/>\nSistema de Processo<br \/>\n14\/08\/2025, \u00e0s 10:42.<br \/>\nLegislativo Eletr\u00f4nico<br \/>\nELEGIS<br \/>\nDocumento assinado eletronicamente por Volnei Weber, em<br \/>\nSistema de Processo<br \/>\n03\/07\/2025, \u00e0s 12:50.<br \/>\nLegislativo Eletr\u00f4nico<br \/>\nELEGIS<br \/>\nDocumento assinado eletronicamente por Altair Silva, em 14\/08\/2025,<br \/>\nSistema de Processo<br \/>\n\u00e0s 11:49.<br \/>\nLegislativo Eletr\u00f4nico<br \/>\nELEGIS<br \/>\nDocumento assinado eletronicamente por Camilo Nazareno Pagani<br \/>\nSistema de Processo<br \/>\nMartins, em 18\/06\/2025, \u00e0s 17:09.<br \/>\nLegislativo Eletr\u00f4nico<br \/>\nELEGIS<br \/>\nDocumento assinado eletronicamente por Felippe Luiz Colla\u00e7o, em<br \/>\nSistema de Processo<br \/>\n18\/06\/2025, \u00e0s 13:18.<br \/>\nLegislativo Eletr\u00f4nico<br \/>\nELEGIS<br \/>\nDocumento assinado eletronicamente por Matheus Andreis Cadorin,<br \/>\nSistema de Processo<br \/>\nem 14\/08\/2025, \u00e0s 11:05.<br \/>\nLegislativo Eletr\u00f4nico<br \/>\nELEGIS<br \/>\nDocumento assinado eletronicamente por Napole\u00e3o Bernardes Neto,<br \/>\nSistema de Processo<br \/>\nem 18\/06\/2025, \u00e0s 14:51.<br \/>\nLegislativo Eletr\u00f4nico<br \/>\nELEGIS<br \/>\nDocumento assinado eletronicamente por Silvio Cardoso Junior, em<br \/>\nSistema de Processo<br \/>\n14\/08\/2025, \u00e0s 13:13.<br \/>\nLegislativo Eletr\u00f4nico<\/article>\n<div style=\"text-align: center\">\n<div style=\"margin-bottom: 20px;\" class=\"et_pb_button_module_wrapper et_pb_button_5_tb_body_wrapper et_pb_button_alignment_center et_pb_module \">\n         <a class=\"et_pb_button et_pb_button_5_tb_body et_hover_enabled et_pb_bg_layout_dark\" style=\"width: 50%;background-color: black;\" href=\"https:\/\/app.legislapp.com.br\" target=\"_blank\" rel=\"noopener\">Visualizar completo na nossa plataforma (30 dias gr\u00e1tis)<\/a><\/p><\/div>\n<p>      <a href=\"https:\/\/play.google.com\/store\/apps\/details?id=br.com.legislapp\"><img decoding=\"async\" style=\"width: 15%; min-width: 130px;\" src=\"https:\/\/www.legislapp.com.br\/wp-content\/uploads\/google-play.png\"><\/a><br \/>\n      <a href=\"https:\/\/apps.apple.com\/us\/app\/legislapp\/id1568929859\"><img decoding=\"async\" style=\"width: 15%; min-width: 130px\" src=\"https:\/\/www.legislapp.com.br\/wp-content\/uploads\/apple-store.png\"><\/a>\n   <\/div>\n","protected":false},"excerpt":{"rendered":"<p>C\u00e2m. Legislativa de SC &#8211; Autoria de Pep\u00ea Colla\u00e7o Concede o T\u00edtulo de Cidad\u00e3o Catarinense a Rubens Renato Angelotti. ASSEMBLEIA LEGISLATIVA GABINETE DEPUTADO ESTADO DE SANTA CATARINA PEP\u00ca COLLA\u00c7O PROJETO DE LEI Concede o T\u00edtulo de Cidad\u00e3o Catarinense a Rubens Renato Angelotti Art. 1\u00ba Fica concedido o t\u00edtulo de Cidad\u00e3o Catarinense a Rubens Renato Angelotti. [&hellip;]<\/p>\n","protected":false},"author":1,"featured_media":0,"parent":0,"menu_order":0,"comment_status":"closed","ping_status":"closed","template":"page-template-blank.php","meta":{"_et_pb_use_builder":"","_et_pb_old_content":"","_et_gb_content_width":"1080","ngg_post_thumbnail":0,"footnotes":""},"class_list":["post-8511","page","type-page","status-publish","hentry"],"yoast_head":"<!-- This site is optimized with the Yoast SEO plugin v24.4 - https:\/\/yoast.com\/wordpress\/plugins\/seo\/ -->\n<title>PL.\/0577\/2025 - Pep\u00ea Colla\u00e7o - Legislapp<\/title>\n<meta name=\"robots\" content=\"index, follow, max-snippet:-1, max-image-preview:large, max-video-preview:-1\" \/>\n<link rel=\"canonical\" href=\"https:\/\/www.legislapp.com.br\/index.php\/cam-legislativa-de-sc-pl-0577-2025-2\/\" \/>\n<meta property=\"og:locale\" content=\"pt_BR\" \/>\n<meta property=\"og:type\" content=\"article\" \/>\n<meta property=\"og:title\" content=\"PL.\/0577\/2025 - Pep\u00ea Colla\u00e7o - Legislapp\" \/>\n<meta property=\"og:description\" content=\"C\u00e2m. Legislativa de SC &#8211; Autoria de Pep\u00ea Colla\u00e7o Concede o T\u00edtulo de Cidad\u00e3o Catarinense a Rubens Renato Angelotti. ASSEMBLEIA LEGISLATIVA GABINETE DEPUTADO ESTADO DE SANTA CATARINA PEP\u00ca COLLA\u00c7O PROJETO DE LEI Concede o T\u00edtulo de Cidad\u00e3o Catarinense a Rubens Renato Angelotti Art. 1\u00ba Fica concedido o t\u00edtulo de Cidad\u00e3o Catarinense a Rubens Renato Angelotti. [&hellip;]\" \/>\n<meta property=\"og:url\" content=\"https:\/\/www.legislapp.com.br\/index.php\/cam-legislativa-de-sc-pl-0577-2025-2\/\" \/>\n<meta property=\"og:site_name\" content=\"Legislapp\" \/>\n<meta property=\"article:publisher\" content=\"https:\/\/www.instagram.com\/legislapp\/\" \/>\n<meta property=\"og:image\" content=\"https:\/\/www.legislapp.com.br\/wp-content\/uploads\/google-play.png\" \/>\n<meta name=\"twitter:card\" content=\"summary_large_image\" \/>\n<meta name=\"twitter:label1\" content=\"Est. tempo de leitura\" \/>\n\t<meta name=\"twitter:data1\" content=\"4 minutos\" \/>\n<script type=\"application\/ld+json\" class=\"yoast-schema-graph\">{\"@context\":\"https:\/\/schema.org\",\"@graph\":[{\"@type\":\"WebPage\",\"@id\":\"https:\/\/www.legislapp.com.br\/index.php\/cam-legislativa-de-sc-pl-0577-2025-2\/\",\"url\":\"https:\/\/www.legislapp.com.br\/index.php\/cam-legislativa-de-sc-pl-0577-2025-2\/\",\"name\":\"PL.\/0577\/2025 - Pep\u00ea Colla\u00e7o - Legislapp\",\"isPartOf\":{\"@id\":\"https:\/\/www.legislapp.com.br\/#website\"},\"primaryImageOfPage\":{\"@id\":\"https:\/\/www.legislapp.com.br\/index.php\/cam-legislativa-de-sc-pl-0577-2025-2\/#primaryimage\"},\"image\":{\"@id\":\"https:\/\/www.legislapp.com.br\/index.php\/cam-legislativa-de-sc-pl-0577-2025-2\/#primaryimage\"},\"thumbnailUrl\":\"https:\/\/www.legislapp.com.br\/wp-content\/uploads\/google-play.png\",\"datePublished\":\"2025-10-08T14:38:10+00:00\",\"breadcrumb\":{\"@id\":\"https:\/\/www.legislapp.com.br\/index.php\/cam-legislativa-de-sc-pl-0577-2025-2\/#breadcrumb\"},\"inLanguage\":\"pt-BR\",\"potentialAction\":[{\"@type\":\"ReadAction\",\"target\":[\"https:\/\/www.legislapp.com.br\/index.php\/cam-legislativa-de-sc-pl-0577-2025-2\/\"]}]},{\"@type\":\"ImageObject\",\"inLanguage\":\"pt-BR\",\"@id\":\"https:\/\/www.legislapp.com.br\/index.php\/cam-legislativa-de-sc-pl-0577-2025-2\/#primaryimage\",\"url\":\"https:\/\/www.legislapp.com.br\/wp-content\/uploads\/google-play.png\",\"contentUrl\":\"https:\/\/www.legislapp.com.br\/wp-content\/uploads\/google-play.png\",\"width\":564,\"height\":168},{\"@type\":\"BreadcrumbList\",\"@id\":\"https:\/\/www.legislapp.com.br\/index.php\/cam-legislativa-de-sc-pl-0577-2025-2\/#breadcrumb\",\"itemListElement\":[{\"@type\":\"ListItem\",\"position\":1,\"name\":\"In\u00edcio\",\"item\":\"https:\/\/www.legislapp.com.br\/\"},{\"@type\":\"ListItem\",\"position\":2,\"name\":\"PL.\/0577\/2025 &#8211; Pep\u00ea Colla\u00e7o\"}]},{\"@type\":\"WebSite\",\"@id\":\"https:\/\/www.legislapp.com.br\/#website\",\"url\":\"https:\/\/www.legislapp.com.br\/\",\"name\":\"Legislapp\",\"description\":\"Intelig\u00eancia governamental em tempo real\",\"publisher\":{\"@id\":\"https:\/\/www.legislapp.com.br\/#organization\"},\"potentialAction\":[{\"@type\":\"SearchAction\",\"target\":{\"@type\":\"EntryPoint\",\"urlTemplate\":\"https:\/\/www.legislapp.com.br\/?s={search_term_string}\"},\"query-input\":{\"@type\":\"PropertyValueSpecification\",\"valueRequired\":true,\"valueName\":\"search_term_string\"}}],\"inLanguage\":\"pt-BR\"},{\"@type\":\"Organization\",\"@id\":\"https:\/\/www.legislapp.com.br\/#organization\",\"name\":\"Legislapp Monitoramento e Intelig\u00eancia Governamental\",\"url\":\"https:\/\/www.legislapp.com.br\/\",\"logo\":{\"@type\":\"ImageObject\",\"inLanguage\":\"pt-BR\",\"@id\":\"https:\/\/www.legislapp.com.br\/#\/schema\/logo\/image\/\",\"url\":\"https:\/\/www.legislapp.com.br\/wp-content\/uploads\/icon.png\",\"contentUrl\":\"https:\/\/www.legislapp.com.br\/wp-content\/uploads\/icon.png\",\"width\":1024,\"height\":1024,\"caption\":\"Legislapp Monitoramento e Intelig\u00eancia Governamental\"},\"image\":{\"@id\":\"https:\/\/www.legislapp.com.br\/#\/schema\/logo\/image\/\"},\"sameAs\":[\"https:\/\/www.instagram.com\/legislapp\/\"]}]}<\/script>\n<!-- \/ Yoast SEO plugin. -->","yoast_head_json":{"title":"PL.\/0577\/2025 - Pep\u00ea Colla\u00e7o - Legislapp","robots":{"index":"index","follow":"follow","max-snippet":"max-snippet:-1","max-image-preview":"max-image-preview:large","max-video-preview":"max-video-preview:-1"},"canonical":"https:\/\/www.legislapp.com.br\/index.php\/cam-legislativa-de-sc-pl-0577-2025-2\/","og_locale":"pt_BR","og_type":"article","og_title":"PL.\/0577\/2025 - Pep\u00ea Colla\u00e7o - Legislapp","og_description":"C\u00e2m. Legislativa de SC &#8211; Autoria de Pep\u00ea Colla\u00e7o Concede o T\u00edtulo de Cidad\u00e3o Catarinense a Rubens Renato Angelotti. ASSEMBLEIA LEGISLATIVA GABINETE DEPUTADO ESTADO DE SANTA CATARINA PEP\u00ca COLLA\u00c7O PROJETO DE LEI Concede o T\u00edtulo de Cidad\u00e3o Catarinense a Rubens Renato Angelotti Art. 1\u00ba Fica concedido o t\u00edtulo de Cidad\u00e3o Catarinense a Rubens Renato Angelotti. [&hellip;]","og_url":"https:\/\/www.legislapp.com.br\/index.php\/cam-legislativa-de-sc-pl-0577-2025-2\/","og_site_name":"Legislapp","article_publisher":"https:\/\/www.instagram.com\/legislapp\/","og_image":[{"url":"https:\/\/www.legislapp.com.br\/wp-content\/uploads\/google-play.png","type":"","width":"","height":""}],"twitter_card":"summary_large_image","twitter_misc":{"Est. tempo de leitura":"4 minutos"},"schema":{"@context":"https:\/\/schema.org","@graph":[{"@type":"WebPage","@id":"https:\/\/www.legislapp.com.br\/index.php\/cam-legislativa-de-sc-pl-0577-2025-2\/","url":"https:\/\/www.legislapp.com.br\/index.php\/cam-legislativa-de-sc-pl-0577-2025-2\/","name":"PL.\/0577\/2025 - Pep\u00ea Colla\u00e7o - Legislapp","isPartOf":{"@id":"https:\/\/www.legislapp.com.br\/#website"},"primaryImageOfPage":{"@id":"https:\/\/www.legislapp.com.br\/index.php\/cam-legislativa-de-sc-pl-0577-2025-2\/#primaryimage"},"image":{"@id":"https:\/\/www.legislapp.com.br\/index.php\/cam-legislativa-de-sc-pl-0577-2025-2\/#primaryimage"},"thumbnailUrl":"https:\/\/www.legislapp.com.br\/wp-content\/uploads\/google-play.png","datePublished":"2025-10-08T14:38:10+00:00","breadcrumb":{"@id":"https:\/\/www.legislapp.com.br\/index.php\/cam-legislativa-de-sc-pl-0577-2025-2\/#breadcrumb"},"inLanguage":"pt-BR","potentialAction":[{"@type":"ReadAction","target":["https:\/\/www.legislapp.com.br\/index.php\/cam-legislativa-de-sc-pl-0577-2025-2\/"]}]},{"@type":"ImageObject","inLanguage":"pt-BR","@id":"https:\/\/www.legislapp.com.br\/index.php\/cam-legislativa-de-sc-pl-0577-2025-2\/#primaryimage","url":"https:\/\/www.legislapp.com.br\/wp-content\/uploads\/google-play.png","contentUrl":"https:\/\/www.legislapp.com.br\/wp-content\/uploads\/google-play.png","width":564,"height":168},{"@type":"BreadcrumbList","@id":"https:\/\/www.legislapp.com.br\/index.php\/cam-legislativa-de-sc-pl-0577-2025-2\/#breadcrumb","itemListElement":[{"@type":"ListItem","position":1,"name":"In\u00edcio","item":"https:\/\/www.legislapp.com.br\/"},{"@type":"ListItem","position":2,"name":"PL.\/0577\/2025 &#8211; Pep\u00ea Colla\u00e7o"}]},{"@type":"WebSite","@id":"https:\/\/www.legislapp.com.br\/#website","url":"https:\/\/www.legislapp.com.br\/","name":"Legislapp","description":"Intelig\u00eancia governamental em tempo real","publisher":{"@id":"https:\/\/www.legislapp.com.br\/#organization"},"potentialAction":[{"@type":"SearchAction","target":{"@type":"EntryPoint","urlTemplate":"https:\/\/www.legislapp.com.br\/?s={search_term_string}"},"query-input":{"@type":"PropertyValueSpecification","valueRequired":true,"valueName":"search_term_string"}}],"inLanguage":"pt-BR"},{"@type":"Organization","@id":"https:\/\/www.legislapp.com.br\/#organization","name":"Legislapp Monitoramento e Intelig\u00eancia Governamental","url":"https:\/\/www.legislapp.com.br\/","logo":{"@type":"ImageObject","inLanguage":"pt-BR","@id":"https:\/\/www.legislapp.com.br\/#\/schema\/logo\/image\/","url":"https:\/\/www.legislapp.com.br\/wp-content\/uploads\/icon.png","contentUrl":"https:\/\/www.legislapp.com.br\/wp-content\/uploads\/icon.png","width":1024,"height":1024,"caption":"Legislapp Monitoramento e Intelig\u00eancia Governamental"},"image":{"@id":"https:\/\/www.legislapp.com.br\/#\/schema\/logo\/image\/"},"sameAs":["https:\/\/www.instagram.com\/legislapp\/"]}]}},"_links":{"self":[{"href":"https:\/\/www.legislapp.com.br\/index.php\/wp-json\/wp\/v2\/pages\/8511","targetHints":{"allow":["GET"]}}],"collection":[{"href":"https:\/\/www.legislapp.com.br\/index.php\/wp-json\/wp\/v2\/pages"}],"about":[{"href":"https:\/\/www.legislapp.com.br\/index.php\/wp-json\/wp\/v2\/types\/page"}],"author":[{"embeddable":true,"href":"https:\/\/www.legislapp.com.br\/index.php\/wp-json\/wp\/v2\/users\/1"}],"replies":[{"embeddable":true,"href":"https:\/\/www.legislapp.com.br\/index.php\/wp-json\/wp\/v2\/comments?post=8511"}],"version-history":[{"count":0,"href":"https:\/\/www.legislapp.com.br\/index.php\/wp-json\/wp\/v2\/pages\/8511\/revisions"}],"wp:attachment":[{"href":"https:\/\/www.legislapp.com.br\/index.php\/wp-json\/wp\/v2\/media?parent=8511"}],"curies":[{"name":"wp","href":"https:\/\/api.w.org\/{rel}","templated":true}]}}