{"id":8702,"date":"2025-10-08T11:49:33","date_gmt":"2025-10-08T14:49:33","guid":{"rendered":"https:\/\/www.legislapp.com.br\/index.php\/cam-legislativa-de-sc-pl-0438-2025-2\/"},"modified":"2025-10-08T11:49:33","modified_gmt":"2025-10-08T14:49:33","slug":"cam-legislativa-de-sc-pl-0438-2025-2","status":"publish","type":"page","link":"https:\/\/www.legislapp.com.br\/index.php\/cam-legislativa-de-sc-pl-0438-2025-2\/","title":{"rendered":"PL.\/0438\/2025 &#8211; Governador do Estado"},"content":{"rendered":"<h1 style='text-align: center;'>C\u00e2m. Legislativa de SC &#8211; Autoria de Governador do Estado<\/h3>\n<p><\/p>\n<article style='text-align: center'>Altera o art. 5\u00ba da Lei n\u00ba 16.418, de 2014, que disp\u00f5e sobre o Fundo Estadual de Prote\u00e7\u00e3o e Defesa Civil (FUNPDEC) e estabelece outras provid\u00eancias.<\/article>\n<p><\/p>\n<p style='text-align: center'><a href='https:\/\/app.legislapp.com.br\/#\/busca?termo='><\/a><\/p>\n<p><\/p>\n<article>ESTADO DE SANTA CATARINA<br \/>\nGABINETE DO GOVERNADOR  <\/p>\n<p>MENSAGEM N\u00ba 1097 <\/p>\n<p>EXCELENT\u00cdSSIMO SENHOR PRESIDENTE, SENHORAS<br \/>\nDEPUTADAS E SENHORES DEPUTADOS DA ASSEMBLEIA<br \/>\nLEGISLATIVA DO ESTADO <\/p>\n<p>Nos termos do art. 50 da Constitui\u00e7\u00e3o do Estado, submeto \u00e0<br \/>\nelevada delibera\u00e7\u00e3o dessa augusta Casa Legislativa, acompanhado de exposi\u00e7\u00e3o de<br \/>\nmotivos da Secretaria de Estado da Prote\u00e7\u00e3o e Defesa Civil, o projeto de lei que \u201cAltera o<br \/>\nart. 5\u00ba da Lei n\u00ba 16.418, de 2014, que disp\u00f5e sobre o Fundo Estadual de Prote\u00e7\u00e3o e Defesa<br \/>\nCivil (FUNPDEC) e estabelece outras provid\u00eancias\u201d. <\/p>\n<p>Devido \u00e0 relev\u00e2ncia e prem\u00eancia da mat\u00e9ria, solicito aos nobres<br \/>\nsenhores Parlamentares, amparado no art. 53 da Constitui\u00e7\u00e3o do Estado, regime de<br \/>\nurg\u00eancia na tramita\u00e7\u00e3o do presente projeto de lei. <\/p>\n<p>Florian\u00f3polis, 2 de julho de 2025. <\/p>\n<p>JORGINHO MELLO<br \/>\nGovernador do Estado<br \/>\nmsl_PJ_218_ru<br \/>\n34<br \/>\nP\u00e1g. 01 de 01 &#8211; Documento assinado digitalmente. Para confer\u00eancia, acesse o site https:\/\/portal.sgpe.sea.sc.gov.br\/portal-externo e informe o processo SDC 00000722\/2025 e o c\u00f3digo 291OHAH0.Assinaturas do documento<\/p>\n<p>C\u00f3digo para verifica\u00e7\u00e3o: 291OHAH0<\/p>\n<p>Este documento foi assinado digitalmente pelos seguintes signat\u00e1rios nas datas indicadas:<\/p>\n<p>JORGINHO DOS SANTOS MELLO (CPF: 250.XXX.199-XX) em 02\/07\/2025 \u00e0s 20:25:03<br \/>\nEmitido por: &#8220;SGP-e&#8221;, emitido em 14\/04\/2023 &#8211; 11:54:30 e v\u00e1lido at\u00e9 14\/04\/2123 &#8211; 11:54:30.<br \/>\n(Assinatura do sistema)<\/p>\n<p>Para verificar a autenticidade desta c\u00f3pia, acesse o link https:\/\/portal.sgpe.sea.sc.gov.br\/portal-externo\/conferencia-<br \/>\ndocumento\/U0RDXzk2NTBfMDAwMDA3MjJfNzI1XzIwMjVfMjkxT0hBSDA= ou o site<br \/>\nhttps:\/\/portal.sgpe.sea.sc.gov.br\/portal-externo e informe o processo SDC 00000722\/2025 e o c\u00f3digo 291OHAH0<br \/>\nou aponte a c\u00e2mera para o QR Code presente nesta p\u00e1gina para realizar a confer\u00eancia.<br \/>\nESTADO DE SANTA CATARINA<br \/>\nSECRETARIA DE ESTADO DA PROTE\u00c7\u00c3O E DEFESA CIVIL<br \/>\nGABINETE DO SECRET\u00c1RIO<br \/>\nExposi\u00e7\u00e3o de Motivos n\u00ba 09\/2025.           Florian\u00f3polis, data da assinatura digital. <\/p>\n<p>Senhor Governador, <\/p>\n<p>Apresentamos \u00e0 considera\u00e7\u00e3o de Vossa Excel\u00eancia a minuta de Projeto de Lei que<br \/>\nprop\u00f5e a inclus\u00e3o de um par\u00e1grafo \u00fanico ao artigo 5\u00ba da Lei n\u00ba 16.418, de 24 de junho de 2014,<br \/>\na qual regulamenta o Fundo Estadual de Prote\u00e7\u00e3o e Defesa Civil (FUNPDEC) e estabelece<br \/>\nprovid\u00eancias correlatas.<br \/>\nO FUNPDEC constitui um instrumento financeiro estadual voltado ao suporte das<br \/>\natividades de prote\u00e7\u00e3o e defesa civil, com a finalidade de assegurar recursos destinados a a\u00e7\u00f5es<br \/>\npreventivas, de mitiga\u00e7\u00e3o, prepara\u00e7\u00e3o, resposta e recupera\u00e7\u00e3o em cen\u00e1rios de desastre.<br \/>\nNeste contexto, destaca-se a import\u00e2ncia da Barragem Norte, situada no munic\u00edpio de<br \/>\nJos\u00e9 Boiteux, no Rio Herc\u00edlio (tamb\u00e9m conhecido como Rio Itaja\u00ed Norte), com capacidade de<br \/>\nreten\u00e7\u00e3o de at\u00e9 357 milh\u00f5es de metros c\u00fabicos de \u00e1gua. Esta barragem desempenha papel<br \/>\nestrat\u00e9gico no controle de inunda\u00e7\u00f5es no Vale do Itaja\u00ed, contribuindo significativamente para a<br \/>\nredu\u00e7\u00e3o dos preju\u00edzos causados por enchentes nas regi\u00f5es do M\u00e9dio e Baixo Vale.<br \/>\nA proposta legislativa ora apresentada visa assegurar a continuidade operacional da<br \/>\nBarragem de Jos\u00e9 Boiteux, com \u00eanfase na garantia de atendimento permanente \u00e0s comunidades<br \/>\nind\u00edgenas e demais popula\u00e7\u00f5es impactadas, eliminando a depend\u00eancia de decretos de<br \/>\nemerg\u00eancia para sua opera\u00e7\u00e3o e manuten\u00e7\u00e3o. A iniciativa busca proporcionar maior<br \/>\nprevisibilidade e efici\u00eancia \u00e0 gest\u00e3o da infraestrutura e das pol\u00edticas p\u00fablicas correlatas.<br \/>\nCom a altera\u00e7\u00e3o legal sugerida, ser\u00e1 poss\u00edvel realizar de forma cont\u00ednua as a\u00e7\u00f5es de<br \/>\nopera\u00e7\u00e3o, manuten\u00e7\u00e3o e suporte \u00e0 Barragem de Jos\u00e9 Boiteux, sem a obrigatoriedade de<br \/>\nreconhecimento formal de situa\u00e7\u00e3o de emerg\u00eancia. Ademais, o atendimento aos povos<br \/>\nind\u00edgenas e comunidades afetadas passar\u00e1 a ser tratado como parte de uma pol\u00edtica p\u00fablica<br \/>\npermanente, baseada na preven\u00e7\u00e3o e mitiga\u00e7\u00e3o de impactos, e n\u00e3o mais como medida<br \/>\nexcepcional.<br \/>\nOutro aspecto relevante da proposta \u00e9 a flexibiliza\u00e7\u00e3o de procedimentos<br \/>\nadministrativos, conferindo maior agilidade na resolu\u00e7\u00e3o de situa\u00e7\u00f5es adversas sem<br \/>\ncomprometer a legalidade e a seguran\u00e7a das a\u00e7\u00f5es. A proposta legislativa visa alcan\u00e7ar um<br \/>\nequil\u00edbrio entre a celeridade operacional e a prote\u00e7\u00e3o dos direitos ind\u00edgenas, ao mesmo tempo<br \/>\n31<br \/>\nP\u00e1g. 01 de 02 &#8211; Documento assinado digitalmente. Para confer\u00eancia, acesse o site https:\/\/portal.sgpe.sea.sc.gov.br\/portal-externo e informe o processo SDC 00000722\/2025 e o c\u00f3digo P918NG7B.ESTADO DE SANTA CATARINA<br \/>\nSECRETARIA DE ESTADO DA PROTE\u00c7\u00c3O E DEFESA CIVIL<br \/>\nGABINETE DO SECRET\u00c1RIO<br \/>\nem que elimina entraves burocr\u00e1ticos oriundos de decretos emergenciais.<br \/>\nA vincula\u00e7\u00e3o das a\u00e7\u00f5es aos protocolos t\u00e9cnicos e mecanismos consultivos garante que<br \/>\ntanto a integridade da infraestrutura quanto a autonomia dos povos ind\u00edgenas sejam<br \/>\npreservadas. A inten\u00e7\u00e3o \u00e9 assegurar que a gest\u00e3o da barragem e o atendimento \u00e0s<br \/>\ncomunidades afetadas ocorram de forma articulada, previs\u00edvel e eficaz.<br \/>\nPor fim, destaca-se que a presente proposta n\u00e3o implica aumento de receita ao<br \/>\nFUNPDEC, mas visa apenas ampliar os mecanismos legais dispon\u00edveis para a gest\u00e3o da<br \/>\nbarragem e o atendimento humanit\u00e1rio e t\u00e9cnico aos povos ind\u00edgenas, sem preju\u00edzo aos direitos<br \/>\nfundamentais nem aos padr\u00f5es t\u00e9cnicos exigidos, eliminando a exig\u00eancia de decretos<br \/>\nemergenciais em situa\u00e7\u00f5es que n\u00e3o representem risco iminente ou calamidade p\u00fablica.<br \/>\nEsses s\u00e3o os fundamentos, Excelent\u00edssimo Senhor Governador, que justificam o<br \/>\nencaminhamento do presente Projeto de Lei, que ora submetemos \u00e0 elevada considera\u00e7\u00e3o de<br \/>\nVossa Excel\u00eancia, e que possa ser encaminhado \u00e0 Assembleia Legislativa de Santa Catarina &#8211;<br \/>\nALESC, a fim de que seja apreciado em regime de urg\u00eancia, com a celeridade que o tema<br \/>\nrequer, considerando a necessidade de assegurar a continuidade, o fortalecimento e a<br \/>\nefetividade das a\u00e7\u00f5es de prote\u00e7\u00e3o e defesa civil no \u00e2mbito estadual. <\/p>\n<p>Respeitosamente, <\/p>\n<p>(assinado digitalmente)<br \/>\nM\u00c1RIO HILDEBRANDT<br \/>\nSecret\u00e1rio de Estado da Prote\u00e7\u00e3o e Defesa Civil<br \/>\n32<br \/>\nP\u00e1g. 02 de 02 &#8211; Documento assinado digitalmente. Para confer\u00eancia, acesse o site https:\/\/portal.sgpe.sea.sc.gov.br\/portal-externo e informe o processo SDC 00000722\/2025 e o c\u00f3digo P918NG7B.Assinaturas do documento<\/p>\n<p>C\u00f3digo para verifica\u00e7\u00e3o: P918NG7B<\/p>\n<p>Este documento foi assinado digitalmente pelos seguintes signat\u00e1rios nas datas indicadas:<\/p>\n<p>M\u00c1RIO HILDEBRANDT (CPF: 674.XXX.349-XX) em 29\/04\/2025 \u00e0s 12:16:09<br \/>\nEmitido por: &#8220;SGP-e&#8221;, emitido em 03\/02\/2025 &#8211; 12:12:10 e v\u00e1lido at\u00e9 03\/02\/2125 &#8211; 12:12:10.<br \/>\n(Assinatura do sistema)<\/p>\n<p>Para verificar a autenticidade desta c\u00f3pia, acesse o link https:\/\/portal.sgpe.sea.sc.gov.br\/portal-externo\/conferencia-<br \/>\ndocumento\/U0RDXzk2NTBfMDAwMDA3MjJfNzI1XzIwMjVfUDkxOE5HN0I= ou o site<br \/>\nhttps:\/\/portal.sgpe.sea.sc.gov.br\/portal-externo e informe o processo SDC 00000722\/2025 e o c\u00f3digo P918NG7B<br \/>\nou aponte a c\u00e2mera para o QR Code presente nesta p\u00e1gina para realizar a confer\u00eancia.<br \/>\nESTADO DE SANTA CATARINA <\/p>\n<p>PROJETO DE LEI N\u00ba <\/p>\n<p>Altera o art. 5\u00ba da Lei n\u00ba 16.418, de 2014, que disp\u00f5e sobre o<br \/>\nFundo Estadual de Prote\u00e7\u00e3o e Defesa Civil (FUNPDEC) e<br \/>\nestabelece outras provid\u00eancias. <\/p>\n<p>O GOVERNADOR DO ESTADO DE SANTA CATARINA<br \/>\nFa\u00e7o saber a todos os habitantes deste Estado que a<br \/>\nAssembleia Legislativa decreta e eu sanciono a seguinte Lei: <\/p>\n<p>Art. 1\u00ba O art. 5\u00ba da Lei n\u00ba 16.418, de 24 de junho de 2014, passa<br \/>\na vigorar com a seguinte reda\u00e7\u00e3o: <\/p>\n<p>\u201cArt. 5\u00ba &#8230;&#8230;&#8230;&#8230;&#8230;&#8230;&#8230;&#8230;&#8230;&#8230;&#8230;&#8230;&#8230;&#8230;&#8230;&#8230;&#8230;&#8230;&#8230;&#8230;&#8230;&#8230;&#8230;&#8230;&#8230;&#8230;&#8230;&#8230;&#8230;&#8230; <\/p>\n<p>Par\u00e1grafo \u00fanico. Fica dispensada a declara\u00e7\u00e3o de situa\u00e7\u00e3o de<br \/>\nemerg\u00eancia ou de estado de calamidade p\u00fablica pelo Munic\u00edpio nas a\u00e7\u00f5es de socorro e<br \/>\nassist\u00eancia emergencial voltadas ao atendimento de povos e comunidades tradicionais<br \/>\ncomprovadamente impactados por opera\u00e7\u00f5es de barragens ou eventos hidrol\u00f3gicos que<br \/>\nafetem as barragens.\u201d (NR) <\/p>\n<p>Art. 2\u00ba Esta Lei entra em vigor na data de sua publica\u00e7\u00e3o. <\/p>\n<p>Florian\u00f3polis, <\/p>\n<p>JORGINHO MELLO<br \/>\nGovernador do Estado<br \/>\nPJ_218  SDC 0722\/2025<br \/>\n33<br \/>\nP\u00e1g. 01 de 01 &#8211; Documento assinado digitalmente. Para confer\u00eancia, acesse o site https:\/\/portal.sgpe.sea.sc.gov.br\/portal-externo e informe o processo SDC 00000722\/2025 e o c\u00f3digo 6I3OP88T.Assinaturas do documento<\/p>\n<p>C\u00f3digo para verifica\u00e7\u00e3o: 6I3OP88T<\/p>\n<p>Este documento foi assinado digitalmente pelos seguintes signat\u00e1rios nas datas indicadas:<\/p>\n<p>JORGINHO DOS SANTOS MELLO (CPF: 250.XXX.199-XX) em 02\/07\/2025 \u00e0s 20:25:03<br \/>\nEmitido por: &#8220;SGP-e&#8221;, emitido em 14\/04\/2023 &#8211; 11:54:30 e v\u00e1lido at\u00e9 14\/04\/2123 &#8211; 11:54:30.<br \/>\n(Assinatura do sistema)<\/p>\n<p>Para verificar a autenticidade desta c\u00f3pia, acesse o link https:\/\/portal.sgpe.sea.sc.gov.br\/portal-externo\/conferencia-<br \/>\ndocumento\/U0RDXzk2NTBfMDAwMDA3MjJfNzI1XzIwMjVfNkkzT1A4OFQ= ou o site<br \/>\nhttps:\/\/portal.sgpe.sea.sc.gov.br\/portal-externo e informe o processo SDC 00000722\/2025 e o c\u00f3digo 6I3OP88T<br \/>\nou aponte a c\u00e2mera para o QR Code presente nesta p\u00e1gina para realizar a confer\u00eancia.<br \/>\n<\/article>\n<div style=\"text-align: center\">\n<div style=\"margin-bottom: 20px;\" class=\"et_pb_button_module_wrapper et_pb_button_5_tb_body_wrapper et_pb_button_alignment_center et_pb_module \">\n         <a class=\"et_pb_button et_pb_button_5_tb_body et_hover_enabled et_pb_bg_layout_dark\" style=\"width: 50%;background-color: black;\" href=\"https:\/\/app.legislapp.com.br\" target=\"_blank\" rel=\"noopener\">Visualizar completo na nossa plataforma (30 dias gr\u00e1tis)<\/a><\/p><\/div>\n<p>      <a href=\"https:\/\/play.google.com\/store\/apps\/details?id=br.com.legislapp\"><img decoding=\"async\" style=\"width: 15%; min-width: 130px;\" src=\"https:\/\/www.legislapp.com.br\/wp-content\/uploads\/google-play.png\"><\/a><br \/>\n      <a href=\"https:\/\/apps.apple.com\/us\/app\/legislapp\/id1568929859\"><img decoding=\"async\" style=\"width: 15%; min-width: 130px\" src=\"https:\/\/www.legislapp.com.br\/wp-content\/uploads\/apple-store.png\"><\/a>\n   <\/div>\n","protected":false},"excerpt":{"rendered":"<p>C\u00e2m. Legislativa de SC &#8211; Autoria de Governador do Estado Altera o art. 5\u00ba da Lei n\u00ba 16.418, de 2014, que disp\u00f5e sobre o Fundo Estadual de Prote\u00e7\u00e3o e Defesa Civil (FUNPDEC) e estabelece outras provid\u00eancias. ESTADO DE SANTA CATARINA GABINETE DO GOVERNADOR MENSAGEM N\u00ba 1097 EXCELENT\u00cdSSIMO SENHOR PRESIDENTE, SENHORAS DEPUTADAS E SENHORES DEPUTADOS DA [&hellip;]<\/p>\n","protected":false},"author":1,"featured_media":0,"parent":0,"menu_order":0,"comment_status":"closed","ping_status":"closed","template":"page-template-blank.php","meta":{"_et_pb_use_builder":"","_et_pb_old_content":"","_et_gb_content_width":"1080","ngg_post_thumbnail":0,"footnotes":""},"class_list":["post-8702","page","type-page","status-publish","hentry"],"yoast_head":"<!-- This site is optimized with the Yoast SEO plugin v24.4 - https:\/\/yoast.com\/wordpress\/plugins\/seo\/ -->\n<title>PL.\/0438\/2025 - Governador do Estado - Legislapp<\/title>\n<meta name=\"robots\" content=\"index, follow, max-snippet:-1, max-image-preview:large, max-video-preview:-1\" \/>\n<link rel=\"canonical\" href=\"https:\/\/www.legislapp.com.br\/index.php\/cam-legislativa-de-sc-pl-0438-2025-2\/\" \/>\n<meta property=\"og:locale\" content=\"pt_BR\" \/>\n<meta property=\"og:type\" content=\"article\" \/>\n<meta property=\"og:title\" content=\"PL.\/0438\/2025 - Governador do Estado - Legislapp\" \/>\n<meta property=\"og:description\" content=\"C\u00e2m. Legislativa de SC &#8211; Autoria de Governador do Estado Altera o art. 5\u00ba da Lei n\u00ba 16.418, de 2014, que disp\u00f5e sobre o Fundo Estadual de Prote\u00e7\u00e3o e Defesa Civil (FUNPDEC) e estabelece outras provid\u00eancias. ESTADO DE SANTA CATARINA GABINETE DO GOVERNADOR MENSAGEM N\u00ba 1097 EXCELENT\u00cdSSIMO SENHOR PRESIDENTE, SENHORAS DEPUTADAS E SENHORES DEPUTADOS DA [&hellip;]\" \/>\n<meta property=\"og:url\" content=\"https:\/\/www.legislapp.com.br\/index.php\/cam-legislativa-de-sc-pl-0438-2025-2\/\" \/>\n<meta property=\"og:site_name\" content=\"Legislapp\" \/>\n<meta property=\"article:publisher\" content=\"https:\/\/www.instagram.com\/legislapp\/\" \/>\n<meta property=\"og:image\" content=\"https:\/\/www.legislapp.com.br\/wp-content\/uploads\/google-play.png\" \/>\n<meta name=\"twitter:card\" content=\"summary_large_image\" \/>\n<meta name=\"twitter:label1\" content=\"Est. tempo de leitura\" \/>\n\t<meta name=\"twitter:data1\" content=\"7 minutos\" \/>\n<script type=\"application\/ld+json\" class=\"yoast-schema-graph\">{\"@context\":\"https:\/\/schema.org\",\"@graph\":[{\"@type\":\"WebPage\",\"@id\":\"https:\/\/www.legislapp.com.br\/index.php\/cam-legislativa-de-sc-pl-0438-2025-2\/\",\"url\":\"https:\/\/www.legislapp.com.br\/index.php\/cam-legislativa-de-sc-pl-0438-2025-2\/\",\"name\":\"PL.\/0438\/2025 - Governador do Estado - Legislapp\",\"isPartOf\":{\"@id\":\"https:\/\/www.legislapp.com.br\/#website\"},\"primaryImageOfPage\":{\"@id\":\"https:\/\/www.legislapp.com.br\/index.php\/cam-legislativa-de-sc-pl-0438-2025-2\/#primaryimage\"},\"image\":{\"@id\":\"https:\/\/www.legislapp.com.br\/index.php\/cam-legislativa-de-sc-pl-0438-2025-2\/#primaryimage\"},\"thumbnailUrl\":\"https:\/\/www.legislapp.com.br\/wp-content\/uploads\/google-play.png\",\"datePublished\":\"2025-10-08T14:49:33+00:00\",\"breadcrumb\":{\"@id\":\"https:\/\/www.legislapp.com.br\/index.php\/cam-legislativa-de-sc-pl-0438-2025-2\/#breadcrumb\"},\"inLanguage\":\"pt-BR\",\"potentialAction\":[{\"@type\":\"ReadAction\",\"target\":[\"https:\/\/www.legislapp.com.br\/index.php\/cam-legislativa-de-sc-pl-0438-2025-2\/\"]}]},{\"@type\":\"ImageObject\",\"inLanguage\":\"pt-BR\",\"@id\":\"https:\/\/www.legislapp.com.br\/index.php\/cam-legislativa-de-sc-pl-0438-2025-2\/#primaryimage\",\"url\":\"https:\/\/www.legislapp.com.br\/wp-content\/uploads\/google-play.png\",\"contentUrl\":\"https:\/\/www.legislapp.com.br\/wp-content\/uploads\/google-play.png\",\"width\":564,\"height\":168},{\"@type\":\"BreadcrumbList\",\"@id\":\"https:\/\/www.legislapp.com.br\/index.php\/cam-legislativa-de-sc-pl-0438-2025-2\/#breadcrumb\",\"itemListElement\":[{\"@type\":\"ListItem\",\"position\":1,\"name\":\"In\u00edcio\",\"item\":\"https:\/\/www.legislapp.com.br\/\"},{\"@type\":\"ListItem\",\"position\":2,\"name\":\"PL.\/0438\/2025 &#8211; Governador do Estado\"}]},{\"@type\":\"WebSite\",\"@id\":\"https:\/\/www.legislapp.com.br\/#website\",\"url\":\"https:\/\/www.legislapp.com.br\/\",\"name\":\"Legislapp\",\"description\":\"Intelig\u00eancia governamental em tempo real\",\"publisher\":{\"@id\":\"https:\/\/www.legislapp.com.br\/#organization\"},\"potentialAction\":[{\"@type\":\"SearchAction\",\"target\":{\"@type\":\"EntryPoint\",\"urlTemplate\":\"https:\/\/www.legislapp.com.br\/?s={search_term_string}\"},\"query-input\":{\"@type\":\"PropertyValueSpecification\",\"valueRequired\":true,\"valueName\":\"search_term_string\"}}],\"inLanguage\":\"pt-BR\"},{\"@type\":\"Organization\",\"@id\":\"https:\/\/www.legislapp.com.br\/#organization\",\"name\":\"Legislapp Monitoramento e Intelig\u00eancia Governamental\",\"url\":\"https:\/\/www.legislapp.com.br\/\",\"logo\":{\"@type\":\"ImageObject\",\"inLanguage\":\"pt-BR\",\"@id\":\"https:\/\/www.legislapp.com.br\/#\/schema\/logo\/image\/\",\"url\":\"https:\/\/www.legislapp.com.br\/wp-content\/uploads\/icon.png\",\"contentUrl\":\"https:\/\/www.legislapp.com.br\/wp-content\/uploads\/icon.png\",\"width\":1024,\"height\":1024,\"caption\":\"Legislapp Monitoramento e Intelig\u00eancia Governamental\"},\"image\":{\"@id\":\"https:\/\/www.legislapp.com.br\/#\/schema\/logo\/image\/\"},\"sameAs\":[\"https:\/\/www.instagram.com\/legislapp\/\"]}]}<\/script>\n<!-- \/ Yoast SEO plugin. -->","yoast_head_json":{"title":"PL.\/0438\/2025 - Governador do Estado - Legislapp","robots":{"index":"index","follow":"follow","max-snippet":"max-snippet:-1","max-image-preview":"max-image-preview:large","max-video-preview":"max-video-preview:-1"},"canonical":"https:\/\/www.legislapp.com.br\/index.php\/cam-legislativa-de-sc-pl-0438-2025-2\/","og_locale":"pt_BR","og_type":"article","og_title":"PL.\/0438\/2025 - Governador do Estado - Legislapp","og_description":"C\u00e2m. Legislativa de SC &#8211; Autoria de Governador do Estado Altera o art. 5\u00ba da Lei n\u00ba 16.418, de 2014, que disp\u00f5e sobre o Fundo Estadual de Prote\u00e7\u00e3o e Defesa Civil (FUNPDEC) e estabelece outras provid\u00eancias. ESTADO DE SANTA CATARINA GABINETE DO GOVERNADOR MENSAGEM N\u00ba 1097 EXCELENT\u00cdSSIMO SENHOR PRESIDENTE, SENHORAS DEPUTADAS E SENHORES DEPUTADOS DA [&hellip;]","og_url":"https:\/\/www.legislapp.com.br\/index.php\/cam-legislativa-de-sc-pl-0438-2025-2\/","og_site_name":"Legislapp","article_publisher":"https:\/\/www.instagram.com\/legislapp\/","og_image":[{"url":"https:\/\/www.legislapp.com.br\/wp-content\/uploads\/google-play.png","type":"","width":"","height":""}],"twitter_card":"summary_large_image","twitter_misc":{"Est. tempo de leitura":"7 minutos"},"schema":{"@context":"https:\/\/schema.org","@graph":[{"@type":"WebPage","@id":"https:\/\/www.legislapp.com.br\/index.php\/cam-legislativa-de-sc-pl-0438-2025-2\/","url":"https:\/\/www.legislapp.com.br\/index.php\/cam-legislativa-de-sc-pl-0438-2025-2\/","name":"PL.\/0438\/2025 - Governador do Estado - Legislapp","isPartOf":{"@id":"https:\/\/www.legislapp.com.br\/#website"},"primaryImageOfPage":{"@id":"https:\/\/www.legislapp.com.br\/index.php\/cam-legislativa-de-sc-pl-0438-2025-2\/#primaryimage"},"image":{"@id":"https:\/\/www.legislapp.com.br\/index.php\/cam-legislativa-de-sc-pl-0438-2025-2\/#primaryimage"},"thumbnailUrl":"https:\/\/www.legislapp.com.br\/wp-content\/uploads\/google-play.png","datePublished":"2025-10-08T14:49:33+00:00","breadcrumb":{"@id":"https:\/\/www.legislapp.com.br\/index.php\/cam-legislativa-de-sc-pl-0438-2025-2\/#breadcrumb"},"inLanguage":"pt-BR","potentialAction":[{"@type":"ReadAction","target":["https:\/\/www.legislapp.com.br\/index.php\/cam-legislativa-de-sc-pl-0438-2025-2\/"]}]},{"@type":"ImageObject","inLanguage":"pt-BR","@id":"https:\/\/www.legislapp.com.br\/index.php\/cam-legislativa-de-sc-pl-0438-2025-2\/#primaryimage","url":"https:\/\/www.legislapp.com.br\/wp-content\/uploads\/google-play.png","contentUrl":"https:\/\/www.legislapp.com.br\/wp-content\/uploads\/google-play.png","width":564,"height":168},{"@type":"BreadcrumbList","@id":"https:\/\/www.legislapp.com.br\/index.php\/cam-legislativa-de-sc-pl-0438-2025-2\/#breadcrumb","itemListElement":[{"@type":"ListItem","position":1,"name":"In\u00edcio","item":"https:\/\/www.legislapp.com.br\/"},{"@type":"ListItem","position":2,"name":"PL.\/0438\/2025 &#8211; Governador do Estado"}]},{"@type":"WebSite","@id":"https:\/\/www.legislapp.com.br\/#website","url":"https:\/\/www.legislapp.com.br\/","name":"Legislapp","description":"Intelig\u00eancia governamental em tempo real","publisher":{"@id":"https:\/\/www.legislapp.com.br\/#organization"},"potentialAction":[{"@type":"SearchAction","target":{"@type":"EntryPoint","urlTemplate":"https:\/\/www.legislapp.com.br\/?s={search_term_string}"},"query-input":{"@type":"PropertyValueSpecification","valueRequired":true,"valueName":"search_term_string"}}],"inLanguage":"pt-BR"},{"@type":"Organization","@id":"https:\/\/www.legislapp.com.br\/#organization","name":"Legislapp Monitoramento e Intelig\u00eancia Governamental","url":"https:\/\/www.legislapp.com.br\/","logo":{"@type":"ImageObject","inLanguage":"pt-BR","@id":"https:\/\/www.legislapp.com.br\/#\/schema\/logo\/image\/","url":"https:\/\/www.legislapp.com.br\/wp-content\/uploads\/icon.png","contentUrl":"https:\/\/www.legislapp.com.br\/wp-content\/uploads\/icon.png","width":1024,"height":1024,"caption":"Legislapp Monitoramento e Intelig\u00eancia Governamental"},"image":{"@id":"https:\/\/www.legislapp.com.br\/#\/schema\/logo\/image\/"},"sameAs":["https:\/\/www.instagram.com\/legislapp\/"]}]}},"_links":{"self":[{"href":"https:\/\/www.legislapp.com.br\/index.php\/wp-json\/wp\/v2\/pages\/8702","targetHints":{"allow":["GET"]}}],"collection":[{"href":"https:\/\/www.legislapp.com.br\/index.php\/wp-json\/wp\/v2\/pages"}],"about":[{"href":"https:\/\/www.legislapp.com.br\/index.php\/wp-json\/wp\/v2\/types\/page"}],"author":[{"embeddable":true,"href":"https:\/\/www.legislapp.com.br\/index.php\/wp-json\/wp\/v2\/users\/1"}],"replies":[{"embeddable":true,"href":"https:\/\/www.legislapp.com.br\/index.php\/wp-json\/wp\/v2\/comments?post=8702"}],"version-history":[{"count":0,"href":"https:\/\/www.legislapp.com.br\/index.php\/wp-json\/wp\/v2\/pages\/8702\/revisions"}],"wp:attachment":[{"href":"https:\/\/www.legislapp.com.br\/index.php\/wp-json\/wp\/v2\/media?parent=8702"}],"curies":[{"name":"wp","href":"https:\/\/api.w.org\/{rel}","templated":true}]}}