{"id":8851,"date":"2025-10-08T11:58:11","date_gmt":"2025-10-08T14:58:11","guid":{"rendered":"https:\/\/www.legislapp.com.br\/index.php\/cam-legislativa-de-pe-pl-3053-2025-3\/"},"modified":"2025-10-08T11:58:11","modified_gmt":"2025-10-08T14:58:11","slug":"cam-legislativa-de-pe-pl-3053-2025-3","status":"publish","type":"page","link":"https:\/\/www.legislapp.com.br\/index.php\/cam-legislativa-de-pe-pl-3053-2025-3\/","title":{"rendered":"PL 3053\/2025 &#8211; Waldemar Borges"},"content":{"rendered":"<h1 style='text-align: center;'>C\u00e2m. Legislativa de PE &#8211; Autoria de Waldemar Borges<br \/><img src='https:\/\/www.alepe.pe.gov.br\/\/wp-content\/uploads\/2015\/05\/WaldemarBorges_001-scaled-e1675862571749.jpg' alt='Waldemar Borges' \/><\/h3>\n<p><\/p>\n<article style='text-align: center'>A Presente Proposi\u00e7\u00e3o visa incentivar a implanta\u00e7\u00e3o da coleta seletiva com participa\u00e7\u00e3o de cooperativas ou outras formas de associa\u00e7\u00e3o de catadores de materiais recicl\u00e1veis, tendo em vista desempenharem papel fundamental na implementa\u00e7\u00e3o da Pol\u00edtica Nacional de Res\u00edduos S\u00f3lidos (PNRS).<\/p>\n<p>Realmente, tais cooperativas e associa\u00e7\u00e3o de catadores atuam nas atividades da coleta seletiva, triagem, classifica\u00e7\u00e3o, processamento e comercializa\u00e7\u00e3o dos res\u00edduos reutiliz\u00e1veis e recicl\u00e1veis, contribuindo de forma significativa para a cadeia produtiva da reciclagem, para o aumento da vida \u00fatil dos aterros sanit\u00e1rios e para a melhoria da qualidade de vida de todas as pessoas e das gera\u00e7\u00f5es futuras.<\/article>\n<p><\/p>\n<p style='text-align: center'><a href='https:\/\/app.legislapp.com.br\/#\/busca?termo='><\/a><\/p>\n<p><\/p>\n<article>\u00a0\u00a0\u00a0\u00a0\u00a0Art. 1\u00ba O art. 2\u00ba da Lei n\u00ba 10.489, de 2 de outubro de 1990, passa a vigorar com as seguintes altera\u00e7\u00f5es:<\/p>\n<p>&#8220;Art. 2\u00ba &#8230;&#8230;&#8230;&#8230;&#8230;&#8230;&#8230;&#8230;&#8230;&#8230;&#8230;&#8230;&#8230;&#8230;&#8230;&#8230;&#8230;&#8230;&#8230;&#8230;&#8230;&#8230;&#8230;&#8230;&#8230;<\/p>\n<p>&#8230;&#8230;&#8230;&#8230;&#8230;&#8230;&#8230;&#8230;&#8230;&#8230;&#8230;&#8230;&#8230;&#8230;&#8230;&#8230;&#8230;&#8230;&#8230;&#8230;&#8230;&#8230;&#8230;&#8230;&#8230;&#8230;&#8230;&#8230;&#8230;.<\/p>\n<p>II &#8211; &#8230;&#8230;&#8230;&#8230;&#8230;&#8230;&#8230;&#8230;&#8230;&#8230;&#8230;&#8230;&#8230;&#8230;&#8230;&#8230;&#8230;&#8230;&#8230;&#8230;&#8230;&#8230;&#8230;&#8230;&#8230;&#8230;&#8230;..<\/p>\n<p>&#8230;&#8230;&#8230;&#8230;&#8230;&#8230;&#8230;&#8230;&#8230;&#8230;&#8230;&#8230;&#8230;&#8230;&#8230;&#8230;&#8230;&#8230;&#8230;&#8230;&#8230;&#8230;&#8230;&#8230;&#8230;&#8230;&#8230;&#8230;&#8230;.<\/p>\n<p>h) &#8230;&#8230;&#8230;&#8230;&#8230;&#8230;&#8230;&#8230;&#8230;&#8230;&#8230;&#8230;&#8230;&#8230;&#8230;&#8230;&#8230;&#8230;&#8230;&#8230;&#8230;&#8230;&#8230;&#8230;&#8230;&#8230;&#8230;&#8230;<\/p>\n<p>&#8230;&#8230;&#8230;&#8230;&#8230;&#8230;&#8230;&#8230;&#8230;&#8230;&#8230;&#8230;&#8230;&#8230;&#8230;&#8230;&#8230;&#8230;&#8230;&#8230;&#8230;&#8230;&#8230;&#8230;&#8230;&#8230;&#8230;&#8230;&#8230;.<\/p>\n<p>7.3. 17% (dezessete por cento), a partir de 2026;\u00a0(NR)<\/p>\n<p>8. 1% (um por cento) segundo o crit\u00e9rio relativo aos Munic\u00edpios que implantarem a coleta seletiva com a participa\u00e7\u00e3o de cooperativas ou outras formas de associa\u00e7\u00e3o de catadores de materiais reutiliz\u00e1veis e recicl\u00e1veis formadas por pessoas f\u00edsicas de baixa renda, na forma do respectivo plano municipal de gest\u00e3o integrada de res\u00edduos s\u00f3lidos previsto na Lei Federal n\u00ba 12.305, de 2 de agosto de 2010. (AC)<\/p>\n<p>&#8230;&#8230;&#8230;&#8230;&#8230;&#8230;&#8230;&#8230;&#8230;&#8230;&#8230;&#8230;&#8230;&#8230;&#8230;&#8230;&#8230;&#8230;&#8230;&#8230;&#8230;&#8230;&#8230;&#8230;&#8230;&#8230;&#8230;&#8230;&#8230;&#8230;&#8230;&#8230;&#8230;&#8230;&#8230;<\/p>\n<p>\u00a7 17. O crit\u00e9rio previsto no item \u201c8\u201d da al\u00ednea \u201ch\u201d do inciso II ser\u00e1 apurado a partir do exerc\u00edcio de 2026 e os valores relativos a tal crit\u00e9rio ser\u00e3o distribu\u00eddos proporcionalmente \u00e0 popula\u00e7\u00e3o do Munic\u00edpio e ao est\u00e1gio de evolu\u00e7\u00e3o do processo de implanta\u00e7\u00e3o, de acordo com crit\u00e9rios estabelecidos em decreto do Poder Executivo. (AC)<\/p>\n<p>\u00a7 18. At\u00e9 a edi\u00e7\u00e3o do decreto de que trata o \u00a7 17, os valores relativos ao crit\u00e9rio disposto pelo item \u201c8\u201d da al\u00ednea \u201ch\u201d do inciso II ser\u00e3o distribu\u00eddos igualmente entre todos os Munic\u00edpios que atendam a tal crit\u00e9rio.&#8221; (AC)<\/p>\n<p>\u00a0\u00a0\u00a0\u00a0\u00a0Art. 2\u00ba Esta Lei entra em vigor na data de sua publica\u00e7\u00e3o.<\/article>\n<div style=\"text-align: center\">\n<div style=\"margin-bottom: 20px;\" class=\"et_pb_button_module_wrapper et_pb_button_5_tb_body_wrapper et_pb_button_alignment_center et_pb_module \">\n         <a class=\"et_pb_button et_pb_button_5_tb_body et_hover_enabled et_pb_bg_layout_dark\" style=\"width: 50%;background-color: black;\" href=\"https:\/\/app.legislapp.com.br\" target=\"_blank\" rel=\"noopener\">Visualizar completo na nossa plataforma (30 dias gr\u00e1tis)<\/a><\/p><\/div>\n<p>      <a href=\"https:\/\/play.google.com\/store\/apps\/details?id=br.com.legislapp\"><img decoding=\"async\" style=\"width: 15%; min-width: 130px;\" src=\"https:\/\/www.legislapp.com.br\/wp-content\/uploads\/google-play.png\"><\/a><br \/>\n      <a href=\"https:\/\/apps.apple.com\/us\/app\/legislapp\/id1568929859\"><img decoding=\"async\" style=\"width: 15%; min-width: 130px\" src=\"https:\/\/www.legislapp.com.br\/wp-content\/uploads\/apple-store.png\"><\/a>\n   <\/div>\n","protected":false},"excerpt":{"rendered":"<p>C\u00e2m. Legislativa de PE &#8211; Autoria de Waldemar Borges A Presente Proposi\u00e7\u00e3o visa incentivar a implanta\u00e7\u00e3o da coleta seletiva com participa\u00e7\u00e3o de cooperativas ou outras formas de associa\u00e7\u00e3o de catadores de materiais recicl\u00e1veis, tendo em vista desempenharem papel fundamental na implementa\u00e7\u00e3o da Pol\u00edtica Nacional de Res\u00edduos S\u00f3lidos (PNRS). Realmente, tais cooperativas e associa\u00e7\u00e3o de catadores [&hellip;]<\/p>\n","protected":false},"author":1,"featured_media":0,"parent":0,"menu_order":0,"comment_status":"closed","ping_status":"closed","template":"page-template-blank.php","meta":{"_et_pb_use_builder":"","_et_pb_old_content":"","_et_gb_content_width":"1080","ngg_post_thumbnail":0,"footnotes":""},"class_list":["post-8851","page","type-page","status-publish","hentry"],"yoast_head":"<!-- This site is optimized with the Yoast SEO plugin v24.4 - https:\/\/yoast.com\/wordpress\/plugins\/seo\/ -->\n<title>PL 3053\/2025 - Waldemar Borges - Legislapp<\/title>\n<meta name=\"robots\" content=\"index, follow, max-snippet:-1, max-image-preview:large, max-video-preview:-1\" \/>\n<link rel=\"canonical\" href=\"https:\/\/www.legislapp.com.br\/index.php\/cam-legislativa-de-pe-pl-3053-2025-3\/\" \/>\n<meta property=\"og:locale\" content=\"pt_BR\" \/>\n<meta property=\"og:type\" content=\"article\" \/>\n<meta property=\"og:title\" content=\"PL 3053\/2025 - Waldemar Borges - Legislapp\" \/>\n<meta property=\"og:description\" content=\"C\u00e2m. Legislativa de PE &#8211; Autoria de Waldemar Borges A Presente Proposi\u00e7\u00e3o visa incentivar a implanta\u00e7\u00e3o da coleta seletiva com participa\u00e7\u00e3o de cooperativas ou outras formas de associa\u00e7\u00e3o de catadores de materiais recicl\u00e1veis, tendo em vista desempenharem papel fundamental na implementa\u00e7\u00e3o da Pol\u00edtica Nacional de Res\u00edduos S\u00f3lidos (PNRS). Realmente, tais cooperativas e associa\u00e7\u00e3o de catadores [&hellip;]\" \/>\n<meta property=\"og:url\" content=\"https:\/\/www.legislapp.com.br\/index.php\/cam-legislativa-de-pe-pl-3053-2025-3\/\" \/>\n<meta property=\"og:site_name\" content=\"Legislapp\" \/>\n<meta property=\"article:publisher\" content=\"https:\/\/www.instagram.com\/legislapp\/\" \/>\n<meta property=\"og:image\" content=\"https:\/\/www.alepe.pe.gov.br\/\/wp-content\/uploads\/2015\/05\/WaldemarBorges_001-scaled-e1675862571749.jpg\" \/>\n<meta name=\"twitter:card\" content=\"summary_large_image\" \/>\n<meta name=\"twitter:label1\" content=\"Est. tempo de leitura\" \/>\n\t<meta name=\"twitter:data1\" content=\"2 minutos\" \/>\n<script type=\"application\/ld+json\" class=\"yoast-schema-graph\">{\"@context\":\"https:\/\/schema.org\",\"@graph\":[{\"@type\":\"WebPage\",\"@id\":\"https:\/\/www.legislapp.com.br\/index.php\/cam-legislativa-de-pe-pl-3053-2025-3\/\",\"url\":\"https:\/\/www.legislapp.com.br\/index.php\/cam-legislativa-de-pe-pl-3053-2025-3\/\",\"name\":\"PL 3053\/2025 - Waldemar Borges - Legislapp\",\"isPartOf\":{\"@id\":\"https:\/\/www.legislapp.com.br\/#website\"},\"primaryImageOfPage\":{\"@id\":\"https:\/\/www.legislapp.com.br\/index.php\/cam-legislativa-de-pe-pl-3053-2025-3\/#primaryimage\"},\"image\":{\"@id\":\"https:\/\/www.legislapp.com.br\/index.php\/cam-legislativa-de-pe-pl-3053-2025-3\/#primaryimage\"},\"thumbnailUrl\":\"https:\/\/www.alepe.pe.gov.br\/\/wp-content\/uploads\/2015\/05\/WaldemarBorges_001-scaled-e1675862571749.jpg\",\"datePublished\":\"2025-10-08T14:58:11+00:00\",\"breadcrumb\":{\"@id\":\"https:\/\/www.legislapp.com.br\/index.php\/cam-legislativa-de-pe-pl-3053-2025-3\/#breadcrumb\"},\"inLanguage\":\"pt-BR\",\"potentialAction\":[{\"@type\":\"ReadAction\",\"target\":[\"https:\/\/www.legislapp.com.br\/index.php\/cam-legislativa-de-pe-pl-3053-2025-3\/\"]}]},{\"@type\":\"ImageObject\",\"inLanguage\":\"pt-BR\",\"@id\":\"https:\/\/www.legislapp.com.br\/index.php\/cam-legislativa-de-pe-pl-3053-2025-3\/#primaryimage\",\"url\":\"https:\/\/www.alepe.pe.gov.br\/\/wp-content\/uploads\/2015\/05\/WaldemarBorges_001-scaled-e1675862571749.jpg\",\"contentUrl\":\"https:\/\/www.alepe.pe.gov.br\/\/wp-content\/uploads\/2015\/05\/WaldemarBorges_001-scaled-e1675862571749.jpg\"},{\"@type\":\"BreadcrumbList\",\"@id\":\"https:\/\/www.legislapp.com.br\/index.php\/cam-legislativa-de-pe-pl-3053-2025-3\/#breadcrumb\",\"itemListElement\":[{\"@type\":\"ListItem\",\"position\":1,\"name\":\"In\u00edcio\",\"item\":\"https:\/\/www.legislapp.com.br\/\"},{\"@type\":\"ListItem\",\"position\":2,\"name\":\"PL 3053\/2025 &#8211; Waldemar Borges\"}]},{\"@type\":\"WebSite\",\"@id\":\"https:\/\/www.legislapp.com.br\/#website\",\"url\":\"https:\/\/www.legislapp.com.br\/\",\"name\":\"Legislapp\",\"description\":\"Intelig\u00eancia governamental em tempo real\",\"publisher\":{\"@id\":\"https:\/\/www.legislapp.com.br\/#organization\"},\"potentialAction\":[{\"@type\":\"SearchAction\",\"target\":{\"@type\":\"EntryPoint\",\"urlTemplate\":\"https:\/\/www.legislapp.com.br\/?s={search_term_string}\"},\"query-input\":{\"@type\":\"PropertyValueSpecification\",\"valueRequired\":true,\"valueName\":\"search_term_string\"}}],\"inLanguage\":\"pt-BR\"},{\"@type\":\"Organization\",\"@id\":\"https:\/\/www.legislapp.com.br\/#organization\",\"name\":\"Legislapp Monitoramento e Intelig\u00eancia Governamental\",\"url\":\"https:\/\/www.legislapp.com.br\/\",\"logo\":{\"@type\":\"ImageObject\",\"inLanguage\":\"pt-BR\",\"@id\":\"https:\/\/www.legislapp.com.br\/#\/schema\/logo\/image\/\",\"url\":\"https:\/\/www.legislapp.com.br\/wp-content\/uploads\/icon.png\",\"contentUrl\":\"https:\/\/www.legislapp.com.br\/wp-content\/uploads\/icon.png\",\"width\":1024,\"height\":1024,\"caption\":\"Legislapp Monitoramento e Intelig\u00eancia Governamental\"},\"image\":{\"@id\":\"https:\/\/www.legislapp.com.br\/#\/schema\/logo\/image\/\"},\"sameAs\":[\"https:\/\/www.instagram.com\/legislapp\/\"]}]}<\/script>\n<!-- \/ Yoast SEO plugin. -->","yoast_head_json":{"title":"PL 3053\/2025 - Waldemar Borges - Legislapp","robots":{"index":"index","follow":"follow","max-snippet":"max-snippet:-1","max-image-preview":"max-image-preview:large","max-video-preview":"max-video-preview:-1"},"canonical":"https:\/\/www.legislapp.com.br\/index.php\/cam-legislativa-de-pe-pl-3053-2025-3\/","og_locale":"pt_BR","og_type":"article","og_title":"PL 3053\/2025 - Waldemar Borges - Legislapp","og_description":"C\u00e2m. Legislativa de PE &#8211; Autoria de Waldemar Borges A Presente Proposi\u00e7\u00e3o visa incentivar a implanta\u00e7\u00e3o da coleta seletiva com participa\u00e7\u00e3o de cooperativas ou outras formas de associa\u00e7\u00e3o de catadores de materiais recicl\u00e1veis, tendo em vista desempenharem papel fundamental na implementa\u00e7\u00e3o da Pol\u00edtica Nacional de Res\u00edduos S\u00f3lidos (PNRS). Realmente, tais cooperativas e associa\u00e7\u00e3o de catadores [&hellip;]","og_url":"https:\/\/www.legislapp.com.br\/index.php\/cam-legislativa-de-pe-pl-3053-2025-3\/","og_site_name":"Legislapp","article_publisher":"https:\/\/www.instagram.com\/legislapp\/","og_image":[{"url":"https:\/\/www.alepe.pe.gov.br\/\/wp-content\/uploads\/2015\/05\/WaldemarBorges_001-scaled-e1675862571749.jpg","type":"","width":"","height":""}],"twitter_card":"summary_large_image","twitter_misc":{"Est. tempo de leitura":"2 minutos"},"schema":{"@context":"https:\/\/schema.org","@graph":[{"@type":"WebPage","@id":"https:\/\/www.legislapp.com.br\/index.php\/cam-legislativa-de-pe-pl-3053-2025-3\/","url":"https:\/\/www.legislapp.com.br\/index.php\/cam-legislativa-de-pe-pl-3053-2025-3\/","name":"PL 3053\/2025 - Waldemar Borges - Legislapp","isPartOf":{"@id":"https:\/\/www.legislapp.com.br\/#website"},"primaryImageOfPage":{"@id":"https:\/\/www.legislapp.com.br\/index.php\/cam-legislativa-de-pe-pl-3053-2025-3\/#primaryimage"},"image":{"@id":"https:\/\/www.legislapp.com.br\/index.php\/cam-legislativa-de-pe-pl-3053-2025-3\/#primaryimage"},"thumbnailUrl":"https:\/\/www.alepe.pe.gov.br\/\/wp-content\/uploads\/2015\/05\/WaldemarBorges_001-scaled-e1675862571749.jpg","datePublished":"2025-10-08T14:58:11+00:00","breadcrumb":{"@id":"https:\/\/www.legislapp.com.br\/index.php\/cam-legislativa-de-pe-pl-3053-2025-3\/#breadcrumb"},"inLanguage":"pt-BR","potentialAction":[{"@type":"ReadAction","target":["https:\/\/www.legislapp.com.br\/index.php\/cam-legislativa-de-pe-pl-3053-2025-3\/"]}]},{"@type":"ImageObject","inLanguage":"pt-BR","@id":"https:\/\/www.legislapp.com.br\/index.php\/cam-legislativa-de-pe-pl-3053-2025-3\/#primaryimage","url":"https:\/\/www.alepe.pe.gov.br\/\/wp-content\/uploads\/2015\/05\/WaldemarBorges_001-scaled-e1675862571749.jpg","contentUrl":"https:\/\/www.alepe.pe.gov.br\/\/wp-content\/uploads\/2015\/05\/WaldemarBorges_001-scaled-e1675862571749.jpg"},{"@type":"BreadcrumbList","@id":"https:\/\/www.legislapp.com.br\/index.php\/cam-legislativa-de-pe-pl-3053-2025-3\/#breadcrumb","itemListElement":[{"@type":"ListItem","position":1,"name":"In\u00edcio","item":"https:\/\/www.legislapp.com.br\/"},{"@type":"ListItem","position":2,"name":"PL 3053\/2025 &#8211; Waldemar Borges"}]},{"@type":"WebSite","@id":"https:\/\/www.legislapp.com.br\/#website","url":"https:\/\/www.legislapp.com.br\/","name":"Legislapp","description":"Intelig\u00eancia governamental em tempo real","publisher":{"@id":"https:\/\/www.legislapp.com.br\/#organization"},"potentialAction":[{"@type":"SearchAction","target":{"@type":"EntryPoint","urlTemplate":"https:\/\/www.legislapp.com.br\/?s={search_term_string}"},"query-input":{"@type":"PropertyValueSpecification","valueRequired":true,"valueName":"search_term_string"}}],"inLanguage":"pt-BR"},{"@type":"Organization","@id":"https:\/\/www.legislapp.com.br\/#organization","name":"Legislapp Monitoramento e Intelig\u00eancia Governamental","url":"https:\/\/www.legislapp.com.br\/","logo":{"@type":"ImageObject","inLanguage":"pt-BR","@id":"https:\/\/www.legislapp.com.br\/#\/schema\/logo\/image\/","url":"https:\/\/www.legislapp.com.br\/wp-content\/uploads\/icon.png","contentUrl":"https:\/\/www.legislapp.com.br\/wp-content\/uploads\/icon.png","width":1024,"height":1024,"caption":"Legislapp Monitoramento e Intelig\u00eancia Governamental"},"image":{"@id":"https:\/\/www.legislapp.com.br\/#\/schema\/logo\/image\/"},"sameAs":["https:\/\/www.instagram.com\/legislapp\/"]}]}},"_links":{"self":[{"href":"https:\/\/www.legislapp.com.br\/index.php\/wp-json\/wp\/v2\/pages\/8851","targetHints":{"allow":["GET"]}}],"collection":[{"href":"https:\/\/www.legislapp.com.br\/index.php\/wp-json\/wp\/v2\/pages"}],"about":[{"href":"https:\/\/www.legislapp.com.br\/index.php\/wp-json\/wp\/v2\/types\/page"}],"author":[{"embeddable":true,"href":"https:\/\/www.legislapp.com.br\/index.php\/wp-json\/wp\/v2\/users\/1"}],"replies":[{"embeddable":true,"href":"https:\/\/www.legislapp.com.br\/index.php\/wp-json\/wp\/v2\/comments?post=8851"}],"version-history":[{"count":0,"href":"https:\/\/www.legislapp.com.br\/index.php\/wp-json\/wp\/v2\/pages\/8851\/revisions"}],"wp:attachment":[{"href":"https:\/\/www.legislapp.com.br\/index.php\/wp-json\/wp\/v2\/media?parent=8851"}],"curies":[{"name":"wp","href":"https:\/\/api.w.org\/{rel}","templated":true}]}}