{"id":9019,"date":"2025-10-08T12:08:16","date_gmt":"2025-10-08T15:08:16","guid":{"rendered":"https:\/\/www.legislapp.com.br\/index.php\/cam-legislativa-de-sc-pl-0338-2025-3\/"},"modified":"2025-10-08T12:08:16","modified_gmt":"2025-10-08T15:08:16","slug":"cam-legislativa-de-sc-pl-0338-2025-3","status":"publish","type":"page","link":"https:\/\/www.legislapp.com.br\/index.php\/cam-legislativa-de-sc-pl-0338-2025-3\/","title":{"rendered":"PL.\/0338\/2025 &#8211; Fernando Krelling"},"content":{"rendered":"<h1 style='text-align: center;'>C\u00e2m. Legislativa de SC &#8211; Autoria de Fernando Krelling<\/h3>\n<p><\/p>\n<article style='text-align: center'>Altera o Anexo \u00danico da Lei n\u00ba 18.531, de 5 de dezembro de 2022, que &#8220;Consolida as leis que instituem datas e eventos alusivos no \u00e2mbito do Estado de Santa Catarina e estabelece o Calend\u00e1rio Oficial do Estado&#8221;, para instituir a Semana Estadual de Conscientiza\u00e7\u00e3o para a Preven\u00e7\u00e3o das Consequ\u00eancias da Escoliose.<\/article>\n<p><\/p>\n<p style='text-align: center'><a href='https:\/\/app.legislapp.com.br\/#\/busca?termo='><\/a><\/p>\n<p><\/p>\n<article>\nPROJETO DE LEI <\/p>\n<p>Altera o Anexo \u00danico da Lei n\u00b0 18.531, de 5 de dezembro de<br \/>\n2022, que &#8220;Consolida as leis que instituem datas e eventos<br \/>\nalusivos no \u00e2mbito do Estado de Santa Catarina e estabelece o<br \/>\nCalend\u00e1rio Oficial do Estado&#8221;, para instituir a Semana Estadual<br \/>\nde Conscientiza\u00e7\u00e3o para a Preven\u00e7\u00e3o das Consequ\u00eancias da<br \/>\nEscoliose. <\/p>\n<p>Art. 1\u00ba Fica institu\u00edda a Semana Estadual de<br \/>\nConscientiza\u00e7\u00e3o para a Preven\u00e7\u00e3o das Consequ\u00eancias da Escoliose, no \u00e2mbito do<br \/>\nEstado de Santa Catarina. <\/p>\n<p>Par\u00e1grafo \u00fanico. A Semana a que se refere o caput ser\u00e1<br \/>\nanualmente reconhecida e celebrada na segunda semana do m\u00eas de junho. <\/p>\n<p>Art. 2\u00ba A Semana Estadual de Conscientiza\u00e7\u00e3o para a<br \/>\nPreven\u00e7\u00e3o das Consequ\u00eancias da Escoliose ter\u00e1 como objetivo: <\/p>\n<p>I &#8211; implementar iniciativas de sensibiliza\u00e7\u00e3o acerca da<br \/>\nrelev\u00e2ncia do diagn\u00f3stico precoce e tratamento adequado da escoliose, considerando<br \/>\nos impactos dessa condi\u00e7\u00e3o na qualidade de vida dos indiv\u00edduos e nos sistemas de<br \/>\nsa\u00fade; <\/p>\n<p>II &#8211; disseminar conhecimento \u00e0 sociedade e promover a<br \/>\nelabora\u00e7\u00e3o de pol\u00edticas p\u00fablicas destinadas a apoiar os indiv\u00edduos que convivem com<br \/>\nessa condi\u00e7\u00e3o; <\/p>\n<p>III &#8211; divulgar informa\u00e7\u00f5es precisas e atualizadas sobre a<br \/>\nescoliose, seus fatores de risco, sintomas, m\u00e9todos de diagn\u00f3stico e tratamentos<br \/>\ndispon\u00edveis; <\/p>\n<p>IV &#8211; incentivar a\u00e7\u00f5es educativas e de suporte aos pacientes<br \/>\nque sofrem com escoliose; e <\/p>\n<p>V &#8211; engajar a sociedade em a\u00e7\u00f5es que visem \u00e0 melhoria da<br \/>\nqualidade de vida das pessoas acometidas por escoliose. <\/p>\n<p>Art. 3\u00ba Para a implementa\u00e7\u00e3o da Semana Estadual de<br \/>\nConscientiza\u00e7\u00e3o para a Preven\u00e7\u00e3o das Consequ\u00eancias da Escoliose, as Secretarias<br \/>\nda Sa\u00fade e da Educa\u00e7\u00e3o poder\u00e3o: <\/p>\n<p>I &#8211; realizar a\u00e7\u00f5es educativas, campanhas de<br \/>\nconscientiza\u00e7\u00e3o, palestras, semin\u00e1rios, workshops e outras atividades que promovam<br \/>\na dissemina\u00e7\u00e3o de informa\u00e7\u00f5es sobre a escoliose e suas formas de preven\u00e7\u00e3o das<br \/>\nconsequ\u00eancias; e <\/p>\n<p>II &#8211; estabelecer parcerias com entidades de fisioterapia,<br \/>\nm\u00e9dicas, associa\u00e7\u00f5es de pacientes, escolas, institui\u00e7\u00f5es de ensino superior e outros<br \/>\n\u00f3rg\u00e3os relacionados \u00e0 sa\u00fade e \u00e0 educa\u00e7\u00e3o. <\/p>\n<p>Pal\u00e1cio Barriga-Verde<br \/>\nRua Dr. Jorge Luz Fontes, 310 &#8211; Gabinete 206<br \/>\n88020-900 &#8211; Florian\u00f3polis \u2013 SC<br \/>\n(48) 3221.2650<br \/>\nfernandokrelling@alesc.sc.gov.br <\/p>\n<p>1<br \/>\nArt. 4\u00ba O Anexo \u00danico da Lei n\u00b0 18.531, de 2022, passa a<br \/>\nvigorar com a altera\u00e7\u00e3o constante no Anexo \u00danico desta Lei. <\/p>\n<p>Art. 5\u00ba Esta Lei entra em vigor na data de sua publica\u00e7\u00e3o. <\/p>\n<p>Sala das Sess\u00f5es, <\/p>\n<p>Deputado Fernando Krelling <\/p>\n<p>Pal\u00e1cio Barriga-Verde<br \/>\nRua Dr. Jorge Luz Fontes, 310 &#8211; Gabinete 206<br \/>\n88020-900 &#8211; Florian\u00f3polis \u2013 SC<br \/>\n(48) 3221.2650<br \/>\nfernandokrelling@alesc.sc.gov.br <\/p>\n<p>2<br \/>\nANEXO \u00daNICO<br \/>\n(Altera o Anexo \u00danico da Lei n. 18.531, de 2022) <\/p>\n<p>&#8220;ANEXO \u00daNICO<br \/>\nCALEND\u00c1RIO OFICIAL DO ESTADO DE SANTA CATARINA<br \/>\n&#8230;&#8230;&#8230;&#8230;&#8230;&#8230;&#8230;&#8230;&#8230;&#8230;&#8230;&#8230;&#8230;&#8230;&#8230;&#8230;&#8230;&#8230;&#8230;&#8230;&#8230;&#8230;&#8230;&#8230;&#8230;&#8230;&#8230;&#8230;&#8230;&#8230;&#8230;&#8230;&#8230;&#8230;&#8230;&#8230;&#8230;&#8230;&#8230;&#8230;&#8230;&#8230;&#8230;&#8230;&#8230;&#8230;&#8230;..<br \/>\nJUNHO <\/p>\n<p>&#8230;&#8230;&#8230;&#8230;&#8230;&#8230;&#8230;&#8230;&#8230;&#8230;&#8230;&#8230;&#8230;&#8230;&#8230;&#8230;&#8230;&#8230;&#8230;&#8230;&#8230;&#8230;&#8230;&#8230;&#8230;&#8230;&#8230;&#8230;&#8230;&#8230;&#8230;&#8230;&#8230;&#8230;&#8230;&#8230;&#8230;&#8230;&#8230;&#8230;&#8230;&#8230;&#8230;&#8230;.<br \/>\n&#8230;<br \/>\nLEIORIGINAL<br \/>\nS N\u00ba<br \/>\nE<br \/>\nM<br \/>\nA<br \/>\nN<br \/>\nA<br \/>\nS<br \/>\n&#8230;&#8230;&#8230;&#8230;&#8230;&#8230;&#8230;&#8230; &#8230;&#8230;&#8230;&#8230;&#8230;&#8230;&#8230;&#8230;&#8230;&#8230;&#8230;&#8230;&#8230;&#8230;&#8230;&#8230;&#8230;&#8230;&#8230;&#8230;&#8230;&#8230;&#8230;&#8230; &#8230;&#8230;&#8230;&#8230;&#8230;&#8230;&#8230;&#8230;.<br \/>\n&#8230;. &#8230;. &#8230;..<br \/>\nSemana Estadual de Conscientiza\u00e7\u00e3o para a <\/p>\n<p>Preven\u00e7\u00e3o das Consequ\u00eancias da Escoliose <\/p>\n<p>Com o objetivo de promover a conscientiza\u00e7\u00e3o<br \/>\nsobre a import\u00e2ncia do diagnostico precoce e<br \/>\ndo tratamento adequado da escoliose, divulgar<br \/>\ninforma\u00e7\u00f5es sobre essa condi\u00e7\u00e3o, seus fatores<br \/>\nde risco e tratamentos dispon\u00edveis, realizar<br \/>\na\u00e7\u00f5es educativas, campanhas de<br \/>\nconscientiza\u00e7\u00e3o, palestras, semin\u00e1rios,<br \/>\nworkshops, incentivar a ado\u00e7\u00e3o de<br \/>\nestrat\u00e9gias de preven\u00e7\u00e3o das consequ\u00eancias<br \/>\nSegunda<br \/>\nda escoliose como a pr\u00e1tica regular de<br \/>\nsemana<br \/>\natividade f\u00edsica adaptada e o fortalecimento da<br \/>\nmusculatura postural, fomentar parcerias entre<br \/>\nSecretarias da Sa\u00fade e da Educa\u00e7\u00e3o com<br \/>\nentidades de fisioterapia, m\u00e9dicas,<br \/>\nassocia\u00e7\u00f5es de pacientes, escolas e<br \/>\ninstitui\u00e7\u00f5es de ensino superior, divulger<br \/>\niniciativas e programas voltados para o manejo<br \/>\ne a redu\u00e7\u00e3o do impacto da escoliose, e engajar<br \/>\na sociedade em a\u00e7\u00f5es educativas para<br \/>\nmelhorar a qualidade de vida das pessoas que<br \/>\nconvivem com essa condi\u00e7\u00e3o<br \/>\n&#8230;&#8230;&#8230;&#8230;&#8230;&#8230;&#8230;&#8230; &#8230;&#8230;&#8230;&#8230;&#8230;&#8230;&#8230;&#8230;&#8230;&#8230;&#8230;&#8230;&#8230;&#8230;&#8230;&#8230;&#8230;&#8230;&#8230;&#8230;&#8230;&#8230;&#8230;&#8230; &#8230;&#8230;&#8230;&#8230;&#8230;&#8230;&#8230;&#8230;.<br \/>\n&#8230;. &#8230;. &#8230;.. <\/p>\n<p> \u201d ( NR) <\/p>\n<p>Pal\u00e1cio Barriga-Verde<br \/>\nRua Dr. Jorge Luz Fontes, 310 &#8211; Gabinete 206<br \/>\n88020-900 &#8211; Florian\u00f3polis \u2013 SC<br \/>\n(48) 3221.2650<br \/>\nfernandokrelling@alesc.sc.gov.br <\/p>\n<p>3<br \/>\nJUSTIFICA\u00c7\u00c3O <\/p>\n<p>A presente proposta visa instituir a Semana Estadual de<br \/>\nConscientiza\u00e7\u00e3o para a Preven\u00e7\u00e3o das Consequ\u00eancias da Escoliose com o objetivo de<br \/>\nconscientizar, sensibilizar e engajar a popula\u00e7\u00e3o catarinense sobre a import\u00e2ncia do<br \/>\ndiagn\u00f3stico precoce e tratamento adequado da escoliose. <\/p>\n<p>A escoliose \u00e9 uma condi\u00e7\u00e3o que afeta significativamente a qualidade de<br \/>\nvida dos indiv\u00edduos, impactando suas atividades di\u00e1rias, relacionamentos sociais e sa\u00fade<br \/>\nf\u00edsica. Al\u00e9m disso, representa um desafio significativo para os sistemas de sa\u00fade,<br \/>\ndemandando recursos espec\u00edficos para seu tratamento adequado. <\/p>\n<p>Para a implementa\u00e7\u00e3o da Semana de Conscientiza\u00e7\u00e3o, as Secretarias<br \/>\nda Sa\u00fade e da Educa\u00e7\u00e3o poder\u00e3o realizar a\u00e7\u00f5es educativas, campanhas de<br \/>\nconscientiza\u00e7\u00e3o, palestras, semin\u00e1rios, workshops e outras atividades que promovam a<br \/>\ndissemina\u00e7\u00e3o de informa\u00e7\u00f5es sobre a escoliose e suas formas de preven\u00e7\u00e3o das<br \/>\nconsequ\u00eancias. A participa\u00e7\u00e3o desses \u00f3rg\u00e3os, estabelecendo parcerias com entidades<br \/>\nde fisioterapia, m\u00e9dicas, associa\u00e7\u00f5es de pacientes, escolas, institui\u00e7\u00f5es de ensino<br \/>\nsuperior e outros \u00f3rg\u00e3os relacionados ser\u00e1 fundamental para o sucesso das iniciativas. <\/p>\n<p>Ao estabelecer a segunda semana do m\u00eas de junho como a Semana<br \/>\nEstadual de Conscientiza\u00e7\u00e3o para a Preven\u00e7\u00e3o das Consequ\u00eancias da Escoliose,<br \/>\npretende-se criar um per\u00edodo espec\u00edfico para a promo\u00e7\u00e3o de campanhas e a\u00e7\u00f5es<br \/>\neducativas que aumentem a conscientiza\u00e7\u00e3o sobre essa condi\u00e7\u00e3o e suas implica\u00e7\u00f5es. <\/p>\n<p>Organiza\u00e7\u00f5es de sa\u00fade recomendam a promo\u00e7\u00e3o de pr\u00e1ticas de<br \/>\ndiagn\u00f3stico precoce e tratamento adequado como estrat\u00e9gias eficazes para melhorar a<br \/>\nqualidade de vida das pessoas que sofrem com escoliose. Al\u00e9m disso, a dissemina\u00e7\u00e3o<br \/>\nde informa\u00e7\u00f5es sobre o tema pode contribuir para reduzir o estigma associado a essa<br \/>\ncondi\u00e7\u00e3o e incentivar a busca por ajuda profissional. <\/p>\n<p>Nesse contexto, a institui\u00e7\u00e3o da Semana Estadual de Conscientiza\u00e7\u00e3o<br \/>\npara a Preven\u00e7\u00e3o das Consequ\u00eancias da Escoliose em Santa Catarina refor\u00e7a o<br \/>\ncompromisso do Estado com a promo\u00e7\u00e3o da sa\u00fade e o bem-estar da popula\u00e7\u00e3o. A<br \/>\ncria\u00e7\u00e3o deste projeto de lei visa fortalecer as a\u00e7\u00f5es de conscientiza\u00e7\u00e3o e preven\u00e7\u00e3o,<br \/>\ncontribuindo para a melhoria da sa\u00fade p\u00fablica e da qualidade de vida das pessoas que <\/p>\n<p>Pal\u00e1cio Barriga-Verde<br \/>\nRua Dr. Jorge Luz Fontes, 310 &#8211; Gabinete 206<br \/>\n88020-900 &#8211; Florian\u00f3polis \u2013 SC<br \/>\n(48) 3221.2650<br \/>\nfernandokrelling@alesc.sc.gov.br <\/p>\n<p>4<br \/>\nconvivem com escoliose em Santa Catarina. <\/p>\n<p>Ante ao exposto, solicito aos pares apoio, contribui\u00e7\u00f5es, se<br \/>\nnecess\u00e1rias, e a c\u00e9lere aprova\u00e7\u00e3o da proposta. <\/p>\n<p>Deputado Fernando Krelling <\/p>\n<p>Pal\u00e1cio Barriga-Verde<br \/>\nRua Dr. Jorge Luz Fontes, 310 &#8211; Gabinete 206<br \/>\n88020-900 &#8211; Florian\u00f3polis \u2013 SC<br \/>\n(48) 3221.2650<br \/>\nfernandokrelling@alesc.sc.gov.br <\/p>\n<p>5 <\/article>\n<div style=\"text-align: center\">\n<div style=\"margin-bottom: 20px;\" class=\"et_pb_button_module_wrapper et_pb_button_5_tb_body_wrapper et_pb_button_alignment_center et_pb_module \">\n         <a class=\"et_pb_button et_pb_button_5_tb_body et_hover_enabled et_pb_bg_layout_dark\" style=\"width: 50%;background-color: black;\" href=\"https:\/\/app.legislapp.com.br\" target=\"_blank\" rel=\"noopener\">Visualizar completo na nossa plataforma (30 dias gr\u00e1tis)<\/a><\/p><\/div>\n<p>      <a href=\"https:\/\/play.google.com\/store\/apps\/details?id=br.com.legislapp\"><img decoding=\"async\" style=\"width: 15%; min-width: 130px;\" src=\"https:\/\/www.legislapp.com.br\/wp-content\/uploads\/google-play.png\"><\/a><br \/>\n      <a href=\"https:\/\/apps.apple.com\/us\/app\/legislapp\/id1568929859\"><img decoding=\"async\" style=\"width: 15%; min-width: 130px\" src=\"https:\/\/www.legislapp.com.br\/wp-content\/uploads\/apple-store.png\"><\/a>\n   <\/div>\n","protected":false},"excerpt":{"rendered":"<p>C\u00e2m. Legislativa de SC &#8211; Autoria de Fernando Krelling Altera o Anexo \u00danico da Lei n\u00ba 18.531, de 5 de dezembro de 2022, que &#8220;Consolida as leis que instituem datas e eventos alusivos no \u00e2mbito do Estado de Santa Catarina e estabelece o Calend\u00e1rio Oficial do Estado&#8221;, para instituir a Semana Estadual de Conscientiza\u00e7\u00e3o para [&hellip;]<\/p>\n","protected":false},"author":1,"featured_media":0,"parent":0,"menu_order":0,"comment_status":"closed","ping_status":"closed","template":"page-template-blank.php","meta":{"_et_pb_use_builder":"","_et_pb_old_content":"","_et_gb_content_width":"1080","ngg_post_thumbnail":0,"footnotes":""},"class_list":["post-9019","page","type-page","status-publish","hentry"],"yoast_head":"<!-- This site is optimized with the Yoast SEO plugin v24.4 - https:\/\/yoast.com\/wordpress\/plugins\/seo\/ -->\n<title>PL.\/0338\/2025 - Fernando Krelling - Legislapp<\/title>\n<meta name=\"robots\" content=\"index, follow, max-snippet:-1, max-image-preview:large, max-video-preview:-1\" \/>\n<link rel=\"canonical\" href=\"https:\/\/www.legislapp.com.br\/index.php\/cam-legislativa-de-sc-pl-0338-2025-3\/\" \/>\n<meta property=\"og:locale\" content=\"pt_BR\" \/>\n<meta property=\"og:type\" content=\"article\" \/>\n<meta property=\"og:title\" content=\"PL.\/0338\/2025 - Fernando Krelling - Legislapp\" \/>\n<meta property=\"og:description\" content=\"C\u00e2m. Legislativa de SC &#8211; Autoria de Fernando Krelling Altera o Anexo \u00danico da Lei n\u00ba 18.531, de 5 de dezembro de 2022, que &#8220;Consolida as leis que instituem datas e eventos alusivos no \u00e2mbito do Estado de Santa Catarina e estabelece o Calend\u00e1rio Oficial do Estado&#8221;, para instituir a Semana Estadual de Conscientiza\u00e7\u00e3o para [&hellip;]\" \/>\n<meta property=\"og:url\" content=\"https:\/\/www.legislapp.com.br\/index.php\/cam-legislativa-de-sc-pl-0338-2025-3\/\" \/>\n<meta property=\"og:site_name\" content=\"Legislapp\" \/>\n<meta property=\"article:publisher\" content=\"https:\/\/www.instagram.com\/legislapp\/\" \/>\n<meta property=\"og:image\" content=\"https:\/\/www.legislapp.com.br\/wp-content\/uploads\/google-play.png\" \/>\n<meta name=\"twitter:card\" content=\"summary_large_image\" \/>\n<meta name=\"twitter:label1\" content=\"Est. tempo de leitura\" \/>\n\t<meta name=\"twitter:data1\" content=\"6 minutos\" \/>\n<script type=\"application\/ld+json\" class=\"yoast-schema-graph\">{\"@context\":\"https:\/\/schema.org\",\"@graph\":[{\"@type\":\"WebPage\",\"@id\":\"https:\/\/www.legislapp.com.br\/index.php\/cam-legislativa-de-sc-pl-0338-2025-3\/\",\"url\":\"https:\/\/www.legislapp.com.br\/index.php\/cam-legislativa-de-sc-pl-0338-2025-3\/\",\"name\":\"PL.\/0338\/2025 - Fernando Krelling - Legislapp\",\"isPartOf\":{\"@id\":\"https:\/\/www.legislapp.com.br\/#website\"},\"primaryImageOfPage\":{\"@id\":\"https:\/\/www.legislapp.com.br\/index.php\/cam-legislativa-de-sc-pl-0338-2025-3\/#primaryimage\"},\"image\":{\"@id\":\"https:\/\/www.legislapp.com.br\/index.php\/cam-legislativa-de-sc-pl-0338-2025-3\/#primaryimage\"},\"thumbnailUrl\":\"https:\/\/www.legislapp.com.br\/wp-content\/uploads\/google-play.png\",\"datePublished\":\"2025-10-08T15:08:16+00:00\",\"breadcrumb\":{\"@id\":\"https:\/\/www.legislapp.com.br\/index.php\/cam-legislativa-de-sc-pl-0338-2025-3\/#breadcrumb\"},\"inLanguage\":\"pt-BR\",\"potentialAction\":[{\"@type\":\"ReadAction\",\"target\":[\"https:\/\/www.legislapp.com.br\/index.php\/cam-legislativa-de-sc-pl-0338-2025-3\/\"]}]},{\"@type\":\"ImageObject\",\"inLanguage\":\"pt-BR\",\"@id\":\"https:\/\/www.legislapp.com.br\/index.php\/cam-legislativa-de-sc-pl-0338-2025-3\/#primaryimage\",\"url\":\"https:\/\/www.legislapp.com.br\/wp-content\/uploads\/google-play.png\",\"contentUrl\":\"https:\/\/www.legislapp.com.br\/wp-content\/uploads\/google-play.png\",\"width\":564,\"height\":168},{\"@type\":\"BreadcrumbList\",\"@id\":\"https:\/\/www.legislapp.com.br\/index.php\/cam-legislativa-de-sc-pl-0338-2025-3\/#breadcrumb\",\"itemListElement\":[{\"@type\":\"ListItem\",\"position\":1,\"name\":\"In\u00edcio\",\"item\":\"https:\/\/www.legislapp.com.br\/\"},{\"@type\":\"ListItem\",\"position\":2,\"name\":\"PL.\/0338\/2025 &#8211; Fernando Krelling\"}]},{\"@type\":\"WebSite\",\"@id\":\"https:\/\/www.legislapp.com.br\/#website\",\"url\":\"https:\/\/www.legislapp.com.br\/\",\"name\":\"Legislapp\",\"description\":\"Intelig\u00eancia governamental em tempo real\",\"publisher\":{\"@id\":\"https:\/\/www.legislapp.com.br\/#organization\"},\"potentialAction\":[{\"@type\":\"SearchAction\",\"target\":{\"@type\":\"EntryPoint\",\"urlTemplate\":\"https:\/\/www.legislapp.com.br\/?s={search_term_string}\"},\"query-input\":{\"@type\":\"PropertyValueSpecification\",\"valueRequired\":true,\"valueName\":\"search_term_string\"}}],\"inLanguage\":\"pt-BR\"},{\"@type\":\"Organization\",\"@id\":\"https:\/\/www.legislapp.com.br\/#organization\",\"name\":\"Legislapp Monitoramento e Intelig\u00eancia Governamental\",\"url\":\"https:\/\/www.legislapp.com.br\/\",\"logo\":{\"@type\":\"ImageObject\",\"inLanguage\":\"pt-BR\",\"@id\":\"https:\/\/www.legislapp.com.br\/#\/schema\/logo\/image\/\",\"url\":\"https:\/\/www.legislapp.com.br\/wp-content\/uploads\/icon.png\",\"contentUrl\":\"https:\/\/www.legislapp.com.br\/wp-content\/uploads\/icon.png\",\"width\":1024,\"height\":1024,\"caption\":\"Legislapp Monitoramento e Intelig\u00eancia Governamental\"},\"image\":{\"@id\":\"https:\/\/www.legislapp.com.br\/#\/schema\/logo\/image\/\"},\"sameAs\":[\"https:\/\/www.instagram.com\/legislapp\/\"]}]}<\/script>\n<!-- \/ Yoast SEO plugin. -->","yoast_head_json":{"title":"PL.\/0338\/2025 - Fernando Krelling - Legislapp","robots":{"index":"index","follow":"follow","max-snippet":"max-snippet:-1","max-image-preview":"max-image-preview:large","max-video-preview":"max-video-preview:-1"},"canonical":"https:\/\/www.legislapp.com.br\/index.php\/cam-legislativa-de-sc-pl-0338-2025-3\/","og_locale":"pt_BR","og_type":"article","og_title":"PL.\/0338\/2025 - Fernando Krelling - Legislapp","og_description":"C\u00e2m. Legislativa de SC &#8211; Autoria de Fernando Krelling Altera o Anexo \u00danico da Lei n\u00ba 18.531, de 5 de dezembro de 2022, que &#8220;Consolida as leis que instituem datas e eventos alusivos no \u00e2mbito do Estado de Santa Catarina e estabelece o Calend\u00e1rio Oficial do Estado&#8221;, para instituir a Semana Estadual de Conscientiza\u00e7\u00e3o para [&hellip;]","og_url":"https:\/\/www.legislapp.com.br\/index.php\/cam-legislativa-de-sc-pl-0338-2025-3\/","og_site_name":"Legislapp","article_publisher":"https:\/\/www.instagram.com\/legislapp\/","og_image":[{"url":"https:\/\/www.legislapp.com.br\/wp-content\/uploads\/google-play.png","type":"","width":"","height":""}],"twitter_card":"summary_large_image","twitter_misc":{"Est. tempo de leitura":"6 minutos"},"schema":{"@context":"https:\/\/schema.org","@graph":[{"@type":"WebPage","@id":"https:\/\/www.legislapp.com.br\/index.php\/cam-legislativa-de-sc-pl-0338-2025-3\/","url":"https:\/\/www.legislapp.com.br\/index.php\/cam-legislativa-de-sc-pl-0338-2025-3\/","name":"PL.\/0338\/2025 - Fernando Krelling - Legislapp","isPartOf":{"@id":"https:\/\/www.legislapp.com.br\/#website"},"primaryImageOfPage":{"@id":"https:\/\/www.legislapp.com.br\/index.php\/cam-legislativa-de-sc-pl-0338-2025-3\/#primaryimage"},"image":{"@id":"https:\/\/www.legislapp.com.br\/index.php\/cam-legislativa-de-sc-pl-0338-2025-3\/#primaryimage"},"thumbnailUrl":"https:\/\/www.legislapp.com.br\/wp-content\/uploads\/google-play.png","datePublished":"2025-10-08T15:08:16+00:00","breadcrumb":{"@id":"https:\/\/www.legislapp.com.br\/index.php\/cam-legislativa-de-sc-pl-0338-2025-3\/#breadcrumb"},"inLanguage":"pt-BR","potentialAction":[{"@type":"ReadAction","target":["https:\/\/www.legislapp.com.br\/index.php\/cam-legislativa-de-sc-pl-0338-2025-3\/"]}]},{"@type":"ImageObject","inLanguage":"pt-BR","@id":"https:\/\/www.legislapp.com.br\/index.php\/cam-legislativa-de-sc-pl-0338-2025-3\/#primaryimage","url":"https:\/\/www.legislapp.com.br\/wp-content\/uploads\/google-play.png","contentUrl":"https:\/\/www.legislapp.com.br\/wp-content\/uploads\/google-play.png","width":564,"height":168},{"@type":"BreadcrumbList","@id":"https:\/\/www.legislapp.com.br\/index.php\/cam-legislativa-de-sc-pl-0338-2025-3\/#breadcrumb","itemListElement":[{"@type":"ListItem","position":1,"name":"In\u00edcio","item":"https:\/\/www.legislapp.com.br\/"},{"@type":"ListItem","position":2,"name":"PL.\/0338\/2025 &#8211; Fernando Krelling"}]},{"@type":"WebSite","@id":"https:\/\/www.legislapp.com.br\/#website","url":"https:\/\/www.legislapp.com.br\/","name":"Legislapp","description":"Intelig\u00eancia governamental em tempo real","publisher":{"@id":"https:\/\/www.legislapp.com.br\/#organization"},"potentialAction":[{"@type":"SearchAction","target":{"@type":"EntryPoint","urlTemplate":"https:\/\/www.legislapp.com.br\/?s={search_term_string}"},"query-input":{"@type":"PropertyValueSpecification","valueRequired":true,"valueName":"search_term_string"}}],"inLanguage":"pt-BR"},{"@type":"Organization","@id":"https:\/\/www.legislapp.com.br\/#organization","name":"Legislapp Monitoramento e Intelig\u00eancia Governamental","url":"https:\/\/www.legislapp.com.br\/","logo":{"@type":"ImageObject","inLanguage":"pt-BR","@id":"https:\/\/www.legislapp.com.br\/#\/schema\/logo\/image\/","url":"https:\/\/www.legislapp.com.br\/wp-content\/uploads\/icon.png","contentUrl":"https:\/\/www.legislapp.com.br\/wp-content\/uploads\/icon.png","width":1024,"height":1024,"caption":"Legislapp Monitoramento e Intelig\u00eancia Governamental"},"image":{"@id":"https:\/\/www.legislapp.com.br\/#\/schema\/logo\/image\/"},"sameAs":["https:\/\/www.instagram.com\/legislapp\/"]}]}},"_links":{"self":[{"href":"https:\/\/www.legislapp.com.br\/index.php\/wp-json\/wp\/v2\/pages\/9019","targetHints":{"allow":["GET"]}}],"collection":[{"href":"https:\/\/www.legislapp.com.br\/index.php\/wp-json\/wp\/v2\/pages"}],"about":[{"href":"https:\/\/www.legislapp.com.br\/index.php\/wp-json\/wp\/v2\/types\/page"}],"author":[{"embeddable":true,"href":"https:\/\/www.legislapp.com.br\/index.php\/wp-json\/wp\/v2\/users\/1"}],"replies":[{"embeddable":true,"href":"https:\/\/www.legislapp.com.br\/index.php\/wp-json\/wp\/v2\/comments?post=9019"}],"version-history":[{"count":0,"href":"https:\/\/www.legislapp.com.br\/index.php\/wp-json\/wp\/v2\/pages\/9019\/revisions"}],"wp:attachment":[{"href":"https:\/\/www.legislapp.com.br\/index.php\/wp-json\/wp\/v2\/media?parent=9019"}],"curies":[{"name":"wp","href":"https:\/\/api.w.org\/{rel}","templated":true}]}}