{"id":9101,"date":"2025-10-08T12:13:03","date_gmt":"2025-10-08T15:13:03","guid":{"rendered":"https:\/\/www.legislapp.com.br\/index.php\/cam-legislativa-de-mg-pl-3779-2025-3\/"},"modified":"2025-10-08T12:13:03","modified_gmt":"2025-10-08T15:13:03","slug":"cam-legislativa-de-mg-pl-3779-2025-3","status":"publish","type":"page","link":"https:\/\/www.legislapp.com.br\/index.php\/cam-legislativa-de-mg-pl-3779-2025-3\/","title":{"rendered":"PL 3779\/2025 &#8211; Deputados"},"content":{"rendered":"<h1 style='text-align: center;'>C\u00e2m. Legislativa de MG &#8211; Autoria de Deputados<\/h3>\n<p><\/p>\n<article style='text-align: center'>Acrescenta par\u00e1grafos ao art 3\u00ba da Lei 11404, de 25 de janeiro de<br \/>\n1994, que cont\u00e9m normas de execu\u00e7\u00e3o penal. (Assegura \u00e0 pessoa privada de<br \/>\nliberdade no sistema prisional o direito \u00e0 documenta\u00e7\u00e3o civil b\u00e1sica.)<\/article>\n<p><\/p>\n<p style='text-align: center'><a href='https:\/\/app.legislapp.com.br\/#\/busca?termo='><\/a><\/p>\n<p><\/p>\n<article>Acrescenta par\u00e1grafos ao art. 3\u00ba da Lei n\u00ba 11.404, de 25 de janeiro de 1994, que cont\u00e9m normas de execu\u00e7\u00e3o penal.<br \/>\nA Assembleia Legislativa do Estado de Minas Gerais decreta:<br \/>\nArt. 1\u00ba \u2013 Fica acrescentado ao art. 3\u00ba da Lei n\u00ba 11.404, de 25 de janeiro de 1994, os seguintes par\u00e1grafos:<br \/>\n\u201cArt. 3\u00ba \u2013 (\u2026)<br \/>\n\u00a7 1\u00ba \u2013 O \u00f3rg\u00e3o respons\u00e1vel adotar\u00e1 procedimentos e diretrizes para assegurar \u00e0s pessoas privadas de liberdade a emiss\u00e3o de documentos necess\u00e1rios para o exerc\u00edcio da cidadania e ao acesso de pol\u00edticas p\u00fablicas.<br \/>\n\u00a7 2\u00ba \u2013 Dever\u00e1 ser assegurada documenta\u00e7\u00e3o civil b\u00e1sica \u00e0s pessoas privadas de liberdade no sistema prisional, compreendendo certid\u00e3o de nascimento ou casamento, certid\u00e3o de \u00f3bito, cadastro de pessoas f\u00edsicas \u2013 CPF \u2013, documento nacional de identifica\u00e7\u00e3o \u2013 DNI \u2013 ou carteira de identidade ou registro geral \u2013 RG \u2013, t\u00edtulo de eleitor, certificados de servi\u00e7o militar, cart\u00e3o do Sistema \u00danico de Sa\u00fade \u2013 SUS \u2013, carteira de trabalho e previd\u00eancia Social \u2013 CTPS \u2013, registro nacional migrat\u00f3rio \u2013 RNM \u2013 e protocolo de solicita\u00e7\u00e3o da condi\u00e7\u00e3o de pessoa refugiada.<br \/>\n\u00a7 3\u00ba \u2013 Os documentos dever\u00e3o ser entregues \u00e0 pessoa quando for colocada em liberdade, caso n\u00e3o tenha optado pela entrega a familiares enquanto custodiada.<br \/>\n\u00a7 4\u00ba \u2013 Quando se tratar de documentos digitais, lista com a respectiva numera\u00e7\u00e3o e instru\u00e7\u00e3o sobre como acess\u00e1-los ser\u00e1 entregue \u00e0 pessoa ou a seus familiares.<br \/>\n\u00a7 5\u00ba \u2013 A qualquer tempo, deve ser garantido o acesso da pessoa privada de liberdade aos seus documentos civis.\u201d.<br \/>\nArt. 2\u00ba \u2013 Para viabilizar a emiss\u00e3o dos documentos previstos nesta lei, o Poder Executivo estabelecer parecerias com os \u00f3rg\u00e3os respons\u00e1veis.<br \/>\nArt. 3\u00ba \u2013 Esta lei entra em vigor na data de sua publica\u00e7\u00e3o.<br \/>\nSala das Reuni\u00f5es, 15 de maio de 2025.<br \/>\nAndr\u00e9ia de Jesus (PT), vice-presidenta da Comiss\u00e3o de Direitos Humanos e vice-presidenta da Comiss\u00e3o de Cultura.<br \/>\nJustifica\u00e7\u00e3o: A falta de documenta\u00e7\u00e3o b\u00e1sica afeta cerca de 2,7 milh\u00f5es de brasileiros, de acordo com Estat\u00edsticas do Registro Civil do Censo de 2022 do Instituto Brasileiro de Geografia e Estat\u00edstica \u2013 IBGE. Esse n\u00famero representa aproximadamente 2,59% da popula\u00e7\u00e3o, o que compromete o acesso a pol\u00edticas p\u00fablicas essenciais.<br \/>\nA situa\u00e7\u00e3o \u00e9 ainda mais cr\u00edtica entre pessoas em priva\u00e7\u00e3o de liberdade, sendo que grande parte dos internos n\u00e3o possuem documentos em seus prontu\u00e1rios.<br \/>\nCom o objetivo de enfrentar essa realidade, o Conselho Nacional de Justi\u00e7a \u2013 CNJ \u2013 implementou a\u00e7\u00f5es permanentes de identifica\u00e7\u00e3o civil, no \u00e2mbito do programa Fazendo Justi\u00e7a, iniciado em 2019, com apoio do Pnud e do Minist\u00e9rio da Justi\u00e7a e Seguran\u00e7a P\u00fablica.<br \/>\nA Resolu\u00e7\u00e3o n\u00ba 306\/2019 do CNJ estabelece diretrizes e procedimentos para garantir a emiss\u00e3o de documenta\u00e7\u00e3o civil b\u00e1sica e a identifica\u00e7\u00e3o civil biom\u00e9trica de pessoas privadas de liberdade, como forma de assegurar o exerc\u00edcio da cidadania e o acesso a pol\u00edticas p\u00fablicas. Prev\u00ea que a coleta biom\u00e9trica seja realizada preferencialmente nas audi\u00eancias de cust\u00f3dia e que os dados sejam utilizados exclusivamente para fins civis, vedado seu compartilhamento com entidades privadas. A norma determina que sejam fornecidos, preferencialmente de forma gratuita, documentos como certid\u00f5es (nascimento, casamento, \u00f3bito), RG, CPF, CTPS, t\u00edtulo de eleitor, cart\u00e3o SUS, entre outros. Estabelece ainda que os documentos devem ser entregues \u00e0 pessoa no momento da soltura ou a seus familiares durante o cumprimento da pena, resguardando o sigilo e a finalidade legal do uso dos dados.<br \/>\n\u00c9 fundamental que as pessoas que est\u00e3o privadas de liberdade tenham acesso \u00e0 sua documenta\u00e7\u00e3o civil b\u00e1sica, cabendo ao Estado assegurar esse direito, conforme consta no art. 23, inciso VI, da Lei de Execu\u00e7\u00e3o Penal.<br \/>\nPortanto, pe\u00e7o apoio dos nobres pares na aprova\u00e7\u00e3o deste projeto de lei.<br \/>\n\u2013 Publicado, vai o projeto \u00e0s Comiss\u00f5es de Justi\u00e7a, de Direitos Humanos, de Administra\u00e7\u00e3o P\u00fablica e de Fiscaliza\u00e7\u00e3o Financeira para parecer, nos termos do art. 188, c\/c o art. 102, do Regimento Interno.<\/article>\n<div style=\"text-align: center\">\n<div style=\"margin-bottom: 20px;\" class=\"et_pb_button_module_wrapper et_pb_button_5_tb_body_wrapper et_pb_button_alignment_center et_pb_module \">\n         <a class=\"et_pb_button et_pb_button_5_tb_body et_hover_enabled et_pb_bg_layout_dark\" style=\"width: 50%;background-color: black;\" href=\"https:\/\/app.legislapp.com.br\" target=\"_blank\" rel=\"noopener\">Visualizar completo na nossa plataforma (30 dias gr\u00e1tis)<\/a><\/p><\/div>\n<p>      <a href=\"https:\/\/play.google.com\/store\/apps\/details?id=br.com.legislapp\"><img decoding=\"async\" style=\"width: 15%; min-width: 130px;\" src=\"https:\/\/www.legislapp.com.br\/wp-content\/uploads\/google-play.png\"><\/a><br \/>\n      <a href=\"https:\/\/apps.apple.com\/us\/app\/legislapp\/id1568929859\"><img decoding=\"async\" style=\"width: 15%; min-width: 130px\" src=\"https:\/\/www.legislapp.com.br\/wp-content\/uploads\/apple-store.png\"><\/a>\n   <\/div>\n","protected":false},"excerpt":{"rendered":"<p>C\u00e2m. Legislativa de MG &#8211; Autoria de Deputados Acrescenta par\u00e1grafos ao art 3\u00ba da Lei 11404, de 25 de janeiro de 1994, que cont\u00e9m normas de execu\u00e7\u00e3o penal. (Assegura \u00e0 pessoa privada de liberdade no sistema prisional o direito \u00e0 documenta\u00e7\u00e3o civil b\u00e1sica.) Acrescenta par\u00e1grafos ao art. 3\u00ba da Lei n\u00ba 11.404, de 25 de [&hellip;]<\/p>\n","protected":false},"author":1,"featured_media":0,"parent":0,"menu_order":0,"comment_status":"closed","ping_status":"closed","template":"page-template-blank.php","meta":{"_et_pb_use_builder":"","_et_pb_old_content":"","_et_gb_content_width":"1080","ngg_post_thumbnail":0,"footnotes":""},"class_list":["post-9101","page","type-page","status-publish","hentry"],"yoast_head":"<!-- This site is optimized with the Yoast SEO plugin v24.4 - https:\/\/yoast.com\/wordpress\/plugins\/seo\/ -->\n<title>PL 3779\/2025 - Deputados - Legislapp<\/title>\n<meta name=\"robots\" content=\"index, follow, max-snippet:-1, max-image-preview:large, max-video-preview:-1\" \/>\n<link rel=\"canonical\" href=\"https:\/\/www.legislapp.com.br\/index.php\/cam-legislativa-de-mg-pl-3779-2025-3\/\" \/>\n<meta property=\"og:locale\" content=\"pt_BR\" \/>\n<meta property=\"og:type\" content=\"article\" \/>\n<meta property=\"og:title\" content=\"PL 3779\/2025 - Deputados - Legislapp\" \/>\n<meta property=\"og:description\" content=\"C\u00e2m. Legislativa de MG &#8211; Autoria de Deputados Acrescenta par\u00e1grafos ao art 3\u00ba da Lei 11404, de 25 de janeiro de 1994, que cont\u00e9m normas de execu\u00e7\u00e3o penal. (Assegura \u00e0 pessoa privada de liberdade no sistema prisional o direito \u00e0 documenta\u00e7\u00e3o civil b\u00e1sica.) Acrescenta par\u00e1grafos ao art. 3\u00ba da Lei n\u00ba 11.404, de 25 de [&hellip;]\" \/>\n<meta property=\"og:url\" content=\"https:\/\/www.legislapp.com.br\/index.php\/cam-legislativa-de-mg-pl-3779-2025-3\/\" \/>\n<meta property=\"og:site_name\" content=\"Legislapp\" \/>\n<meta property=\"article:publisher\" content=\"https:\/\/www.instagram.com\/legislapp\/\" \/>\n<meta property=\"og:image\" content=\"https:\/\/www.legislapp.com.br\/wp-content\/uploads\/google-play.png\" \/>\n<meta name=\"twitter:card\" content=\"summary_large_image\" \/>\n<meta name=\"twitter:label1\" content=\"Est. tempo de leitura\" \/>\n\t<meta name=\"twitter:data1\" content=\"4 minutos\" \/>\n<script type=\"application\/ld+json\" class=\"yoast-schema-graph\">{\"@context\":\"https:\/\/schema.org\",\"@graph\":[{\"@type\":\"WebPage\",\"@id\":\"https:\/\/www.legislapp.com.br\/index.php\/cam-legislativa-de-mg-pl-3779-2025-3\/\",\"url\":\"https:\/\/www.legislapp.com.br\/index.php\/cam-legislativa-de-mg-pl-3779-2025-3\/\",\"name\":\"PL 3779\/2025 - Deputados - Legislapp\",\"isPartOf\":{\"@id\":\"https:\/\/www.legislapp.com.br\/#website\"},\"primaryImageOfPage\":{\"@id\":\"https:\/\/www.legislapp.com.br\/index.php\/cam-legislativa-de-mg-pl-3779-2025-3\/#primaryimage\"},\"image\":{\"@id\":\"https:\/\/www.legislapp.com.br\/index.php\/cam-legislativa-de-mg-pl-3779-2025-3\/#primaryimage\"},\"thumbnailUrl\":\"https:\/\/www.legislapp.com.br\/wp-content\/uploads\/google-play.png\",\"datePublished\":\"2025-10-08T15:13:03+00:00\",\"breadcrumb\":{\"@id\":\"https:\/\/www.legislapp.com.br\/index.php\/cam-legislativa-de-mg-pl-3779-2025-3\/#breadcrumb\"},\"inLanguage\":\"pt-BR\",\"potentialAction\":[{\"@type\":\"ReadAction\",\"target\":[\"https:\/\/www.legislapp.com.br\/index.php\/cam-legislativa-de-mg-pl-3779-2025-3\/\"]}]},{\"@type\":\"ImageObject\",\"inLanguage\":\"pt-BR\",\"@id\":\"https:\/\/www.legislapp.com.br\/index.php\/cam-legislativa-de-mg-pl-3779-2025-3\/#primaryimage\",\"url\":\"https:\/\/www.legislapp.com.br\/wp-content\/uploads\/google-play.png\",\"contentUrl\":\"https:\/\/www.legislapp.com.br\/wp-content\/uploads\/google-play.png\",\"width\":564,\"height\":168},{\"@type\":\"BreadcrumbList\",\"@id\":\"https:\/\/www.legislapp.com.br\/index.php\/cam-legislativa-de-mg-pl-3779-2025-3\/#breadcrumb\",\"itemListElement\":[{\"@type\":\"ListItem\",\"position\":1,\"name\":\"In\u00edcio\",\"item\":\"https:\/\/www.legislapp.com.br\/\"},{\"@type\":\"ListItem\",\"position\":2,\"name\":\"PL 3779\/2025 &#8211; Deputados\"}]},{\"@type\":\"WebSite\",\"@id\":\"https:\/\/www.legislapp.com.br\/#website\",\"url\":\"https:\/\/www.legislapp.com.br\/\",\"name\":\"Legislapp\",\"description\":\"Intelig\u00eancia governamental em tempo real\",\"publisher\":{\"@id\":\"https:\/\/www.legislapp.com.br\/#organization\"},\"potentialAction\":[{\"@type\":\"SearchAction\",\"target\":{\"@type\":\"EntryPoint\",\"urlTemplate\":\"https:\/\/www.legislapp.com.br\/?s={search_term_string}\"},\"query-input\":{\"@type\":\"PropertyValueSpecification\",\"valueRequired\":true,\"valueName\":\"search_term_string\"}}],\"inLanguage\":\"pt-BR\"},{\"@type\":\"Organization\",\"@id\":\"https:\/\/www.legislapp.com.br\/#organization\",\"name\":\"Legislapp Monitoramento e Intelig\u00eancia Governamental\",\"url\":\"https:\/\/www.legislapp.com.br\/\",\"logo\":{\"@type\":\"ImageObject\",\"inLanguage\":\"pt-BR\",\"@id\":\"https:\/\/www.legislapp.com.br\/#\/schema\/logo\/image\/\",\"url\":\"https:\/\/www.legislapp.com.br\/wp-content\/uploads\/icon.png\",\"contentUrl\":\"https:\/\/www.legislapp.com.br\/wp-content\/uploads\/icon.png\",\"width\":1024,\"height\":1024,\"caption\":\"Legislapp Monitoramento e Intelig\u00eancia Governamental\"},\"image\":{\"@id\":\"https:\/\/www.legislapp.com.br\/#\/schema\/logo\/image\/\"},\"sameAs\":[\"https:\/\/www.instagram.com\/legislapp\/\"]}]}<\/script>\n<!-- \/ Yoast SEO plugin. -->","yoast_head_json":{"title":"PL 3779\/2025 - Deputados - Legislapp","robots":{"index":"index","follow":"follow","max-snippet":"max-snippet:-1","max-image-preview":"max-image-preview:large","max-video-preview":"max-video-preview:-1"},"canonical":"https:\/\/www.legislapp.com.br\/index.php\/cam-legislativa-de-mg-pl-3779-2025-3\/","og_locale":"pt_BR","og_type":"article","og_title":"PL 3779\/2025 - Deputados - Legislapp","og_description":"C\u00e2m. Legislativa de MG &#8211; Autoria de Deputados Acrescenta par\u00e1grafos ao art 3\u00ba da Lei 11404, de 25 de janeiro de 1994, que cont\u00e9m normas de execu\u00e7\u00e3o penal. (Assegura \u00e0 pessoa privada de liberdade no sistema prisional o direito \u00e0 documenta\u00e7\u00e3o civil b\u00e1sica.) Acrescenta par\u00e1grafos ao art. 3\u00ba da Lei n\u00ba 11.404, de 25 de [&hellip;]","og_url":"https:\/\/www.legislapp.com.br\/index.php\/cam-legislativa-de-mg-pl-3779-2025-3\/","og_site_name":"Legislapp","article_publisher":"https:\/\/www.instagram.com\/legislapp\/","og_image":[{"url":"https:\/\/www.legislapp.com.br\/wp-content\/uploads\/google-play.png","type":"","width":"","height":""}],"twitter_card":"summary_large_image","twitter_misc":{"Est. tempo de leitura":"4 minutos"},"schema":{"@context":"https:\/\/schema.org","@graph":[{"@type":"WebPage","@id":"https:\/\/www.legislapp.com.br\/index.php\/cam-legislativa-de-mg-pl-3779-2025-3\/","url":"https:\/\/www.legislapp.com.br\/index.php\/cam-legislativa-de-mg-pl-3779-2025-3\/","name":"PL 3779\/2025 - Deputados - Legislapp","isPartOf":{"@id":"https:\/\/www.legislapp.com.br\/#website"},"primaryImageOfPage":{"@id":"https:\/\/www.legislapp.com.br\/index.php\/cam-legislativa-de-mg-pl-3779-2025-3\/#primaryimage"},"image":{"@id":"https:\/\/www.legislapp.com.br\/index.php\/cam-legislativa-de-mg-pl-3779-2025-3\/#primaryimage"},"thumbnailUrl":"https:\/\/www.legislapp.com.br\/wp-content\/uploads\/google-play.png","datePublished":"2025-10-08T15:13:03+00:00","breadcrumb":{"@id":"https:\/\/www.legislapp.com.br\/index.php\/cam-legislativa-de-mg-pl-3779-2025-3\/#breadcrumb"},"inLanguage":"pt-BR","potentialAction":[{"@type":"ReadAction","target":["https:\/\/www.legislapp.com.br\/index.php\/cam-legislativa-de-mg-pl-3779-2025-3\/"]}]},{"@type":"ImageObject","inLanguage":"pt-BR","@id":"https:\/\/www.legislapp.com.br\/index.php\/cam-legislativa-de-mg-pl-3779-2025-3\/#primaryimage","url":"https:\/\/www.legislapp.com.br\/wp-content\/uploads\/google-play.png","contentUrl":"https:\/\/www.legislapp.com.br\/wp-content\/uploads\/google-play.png","width":564,"height":168},{"@type":"BreadcrumbList","@id":"https:\/\/www.legislapp.com.br\/index.php\/cam-legislativa-de-mg-pl-3779-2025-3\/#breadcrumb","itemListElement":[{"@type":"ListItem","position":1,"name":"In\u00edcio","item":"https:\/\/www.legislapp.com.br\/"},{"@type":"ListItem","position":2,"name":"PL 3779\/2025 &#8211; Deputados"}]},{"@type":"WebSite","@id":"https:\/\/www.legislapp.com.br\/#website","url":"https:\/\/www.legislapp.com.br\/","name":"Legislapp","description":"Intelig\u00eancia governamental em tempo real","publisher":{"@id":"https:\/\/www.legislapp.com.br\/#organization"},"potentialAction":[{"@type":"SearchAction","target":{"@type":"EntryPoint","urlTemplate":"https:\/\/www.legislapp.com.br\/?s={search_term_string}"},"query-input":{"@type":"PropertyValueSpecification","valueRequired":true,"valueName":"search_term_string"}}],"inLanguage":"pt-BR"},{"@type":"Organization","@id":"https:\/\/www.legislapp.com.br\/#organization","name":"Legislapp Monitoramento e Intelig\u00eancia Governamental","url":"https:\/\/www.legislapp.com.br\/","logo":{"@type":"ImageObject","inLanguage":"pt-BR","@id":"https:\/\/www.legislapp.com.br\/#\/schema\/logo\/image\/","url":"https:\/\/www.legislapp.com.br\/wp-content\/uploads\/icon.png","contentUrl":"https:\/\/www.legislapp.com.br\/wp-content\/uploads\/icon.png","width":1024,"height":1024,"caption":"Legislapp Monitoramento e Intelig\u00eancia Governamental"},"image":{"@id":"https:\/\/www.legislapp.com.br\/#\/schema\/logo\/image\/"},"sameAs":["https:\/\/www.instagram.com\/legislapp\/"]}]}},"_links":{"self":[{"href":"https:\/\/www.legislapp.com.br\/index.php\/wp-json\/wp\/v2\/pages\/9101","targetHints":{"allow":["GET"]}}],"collection":[{"href":"https:\/\/www.legislapp.com.br\/index.php\/wp-json\/wp\/v2\/pages"}],"about":[{"href":"https:\/\/www.legislapp.com.br\/index.php\/wp-json\/wp\/v2\/types\/page"}],"author":[{"embeddable":true,"href":"https:\/\/www.legislapp.com.br\/index.php\/wp-json\/wp\/v2\/users\/1"}],"replies":[{"embeddable":true,"href":"https:\/\/www.legislapp.com.br\/index.php\/wp-json\/wp\/v2\/comments?post=9101"}],"version-history":[{"count":0,"href":"https:\/\/www.legislapp.com.br\/index.php\/wp-json\/wp\/v2\/pages\/9101\/revisions"}],"wp:attachment":[{"href":"https:\/\/www.legislapp.com.br\/index.php\/wp-json\/wp\/v2\/media?parent=9101"}],"curies":[{"name":"wp","href":"https:\/\/api.w.org\/{rel}","templated":true}]}}