{"id":9128,"date":"2025-10-08T12:14:36","date_gmt":"2025-10-08T15:14:36","guid":{"rendered":"https:\/\/www.legislapp.com.br\/index.php\/cam-legislativa-de-pe-pl-2985-2025-6\/"},"modified":"2025-10-08T12:14:36","modified_gmt":"2025-10-08T15:14:36","slug":"cam-legislativa-de-pe-pl-2985-2025-6","status":"publish","type":"page","link":"https:\/\/www.legislapp.com.br\/index.php\/cam-legislativa-de-pe-pl-2985-2025-6\/","title":{"rendered":"PL 2985\/2025 &#8211; Gilmar Junior"},"content":{"rendered":"<h1 style='text-align: center;'>C\u00e2m. Legislativa de PE &#8211; Autoria de Gilmar Junior<br \/><img src='https:\/\/www.alepe.pe.gov.br\/\/wp-content\/uploads\/2023\/02\/GILMAR-JUNIOR-scaled-e1675859139299.jpg' alt='Gilmar Junior' \/><\/h3>\n<p><\/p>\n<article style='text-align: center'>A presente propositura visa implementar a utiliza\u00e7\u00e3o de avisos e placas sobre o manejo e cuidado ao identificar situa\u00e7\u00f5es de traumas f\u00edsicos decorrentes de acidentes em locais p\u00fablicos com grande circula\u00e7\u00e3o de pessoas. Essa medida busca mitigar uma das principais causas de \u00f3bito e as sequelas poss\u00edveis dos sobreviventes.<\/p>\n<p>\u00a0\u00a0\u00a0\u00a0\u00a0Queremos que a preven\u00e7\u00e3o do trauma sirva efetivamente para o fortalecimento da cidadania atrav\u00e9s de informativos \u00e0 popula\u00e7\u00e3o sobre como agir em situa\u00e7\u00f5es emergenciais, incluindo o acionamento imediato do resgate e a execu\u00e7\u00e3o das manobras b\u00e1sicas de manuten\u00e7\u00e3o da vida.<\/p>\n<p>\u00a0\u00a0\u00a0\u00a0\u00a0Atrav\u00e9s de uma a\u00e7\u00e3o p\u00fablica preventiva e educativa, pretende-se ampliar o conhecimento e a capacita\u00e7\u00e3o da comunidade, promovendo a conscientiza\u00e7\u00e3o sobre a import\u00e2ncia do atendimento r\u00e1pido e correto nas primeiras etapas do trauma. Essa abordagem visa reduzir o tempo entre o acidente e o socorro qualificado, fator crucial para a sobreviv\u00eancia e para a diminui\u00e7\u00e3o das sequelas permanentes.<\/p>\n<p>\u00a0\u00a0\u00a0\u00a0\u00a0A dissemina\u00e7\u00e3o desse conhecimento nas \u00e1reas de maior circula\u00e7\u00e3o e risco contribuir\u00e1 para a constru\u00e7\u00e3o de uma cultura de preven\u00e7\u00e3o, incentivando a participa\u00e7\u00e3o ativa da popula\u00e7\u00e3o no sistema de emerg\u00eancia e refor\u00e7ando o papel da educa\u00e7\u00e3o em sa\u00fade como ferramenta essencial para a redu\u00e7\u00e3o da morbimortalidade por trauma.<\/p>\n<p>\u00a0\u00a0\u00a0\u00a0\u00a0Diante da relev\u00e2ncia do exposto, solicito aos Nobres Pares a aprova\u00e7\u00e3o desta mat\u00e9ria.<\/article>\n<p><\/p>\n<p style='text-align: center'><a href='https:\/\/app.legislapp.com.br\/#\/busca?termo='><\/a><\/p>\n<p><\/p>\n<article>\u00a0\u00a0\u00a0\u00a0\u00a0Art. 1\u00ba Fica determinada a implanta\u00e7\u00e3o de avisos ou placas informativas sobre medidas de manejo e cuidado ao identificar situa\u00e7\u00f5es de traumas f\u00edsicos por acidentes em locais p\u00fablicos com grande circula\u00e7\u00e3o de pessoas no Estado de Pernambuco.<\/p>\n<p>\u00a0\u00a0\u00a0\u00a0\u00a0Par\u00e1grafo \u00fanico. Esta Lei visa promover a divulga\u00e7\u00e3o de manobras b\u00e1sicas de manuten\u00e7\u00e3o a vida em locais p\u00fablicos de grande circula\u00e7\u00e3o de pessoas at\u00e9 a chegada de\u00a0atendimento especializado.<\/p>\n<p>\u00a0\u00a0\u00a0\u00a0\u00a0Art. 2\u00ba Consideram-se locais de grande circula\u00e7\u00e3o de pessoas, para efeitos desta Lei:<\/p>\n<p>\u00a0\u00a0\u00a0\u00a0\u00a0I &#8211; esta\u00e7\u00f5es e terminais de transporte coletivo;<\/p>\n<p>\u00a0\u00a0\u00a0\u00a0\u00a0II &#8211; escolas e institui\u00e7\u00f5es p\u00fablicas de ensino;<\/p>\n<p>\u00a0\u00a0\u00a0\u00a0\u00a0III &#8211; hospitais e cl\u00ednicas de sa\u00fade;<\/p>\n<p>\u00a0\u00a0\u00a0\u00a0\u00a0IV &#8211; edif\u00edcios p\u00fablicos e \u00f3rg\u00e3os governamentais;<\/p>\n<p>\u00a0\u00a0\u00a0\u00a0\u00a0V &#8211; parques, pra\u00e7as e espa\u00e7os de lazer com alta frequ\u00eancia de p\u00fablico.<\/p>\n<p>\u00a0\u00a0\u00a0\u00a0\u00a0Art. 3\u00ba Os avisos ou placas devem conter as seguintes informa\u00e7\u00f5es:<\/p>\n<p>\u00a0\u00a0\u00a0\u00a0\u00a0I &#8211; o que \u00e9 um trauma f\u00edsico;<\/p>\n<p>\u00a0\u00a0\u00a0\u00a0\u00a0II &#8211; principais sinais e sintomas de trauma grave, incluindo:<\/p>\n<p>\u00a0\u00a0\u00a0\u00a0\u00a0a) dificuldade ou parada respirat\u00f3ria;<\/p>\n<p>\u00a0\u00a0\u00a0\u00a0\u00a0b) perda da consci\u00eancia;<\/p>\n<p>\u00a0\u00a0\u00a0\u00a0\u00a0c) sangramento;<\/p>\n<p>\u00a0\u00a0\u00a0\u00a0\u00a0d) amputa\u00e7\u00f5es;<\/p>\n<p>\u00a0\u00a0\u00a0\u00a0\u00a0e) objetos encravados em algum lugar do corpo;<\/p>\n<p>\u00a0\u00a0\u00a0\u00a0\u00a0f) queimaduras.<\/p>\n<p>\u00a0\u00a0\u00a0\u00a0\u00a0III &#8211; a import\u00e2ncia de buscar atendimento m\u00e9dico imediato, sempre atrav\u00e9s do Servi\u00e7o de Atendimento M\u00f3vel de Urg\u00eancia &#8211;\u00a0SAMU;<\/p>\n<p>\u00a0\u00a0\u00a0\u00a0\u00a0IV &#8211; informa\u00e7\u00f5es de contato para servi\u00e7os de emerg\u00eancia.<\/p>\n<p>\u00a0\u00a0\u00a0\u00a0\u00a0Art. 4\u00ba Os avisos ou placas dever\u00e3o conter manobras b\u00e1sicas de manuten\u00e7\u00e3o a vida, sendo elas:<\/p>\n<p>\u00a0\u00a0\u00a0\u00a0\u00a0I &#8211;\u00a0desobstru\u00e7\u00e3o da via a\u00e9rea;<\/p>\n<p>\u00a0\u00a0\u00a0\u00a0\u00a0II &#8211;\u00a0controle do sangramento externo;<\/p>\n<p>\u00a0\u00a0\u00a0\u00a0\u00a0III &#8211; imobiliza\u00e7\u00e3o;<\/p>\n<p>\u00a0\u00a0\u00a0\u00a0\u00a0IV &#8211;\u00a0cinem\u00e1tica grave &#8211;\u00a0atropelamento, queda de altura, tiro, facada, acidente com ve\u00edculo auto motor, queimaduras,<\/p>\n<p>\u00a0\u00a0\u00a0\u00a0\u00a0V &#8211; urgente: \u201cSe identificar um ou mais desses, sempre ligue para o SAMU\u201d.<\/p>\n<p>\u00a0\u00a0\u00a0\u00a0\u00a0Art. 5\u00ba A fiscaliza\u00e7\u00e3o do cumprimento desta Lei competir\u00e1 aos \u00f3rg\u00e3os competentes do Poder Executivo, que definir\u00e3o as normas t\u00e9cnicas para a instala\u00e7\u00e3o e a manuten\u00e7\u00e3o dos avisos e das placas.<\/p>\n<p>\u00a0\u00a0\u00a0\u00a0\u00a0Art. 6\u00ba Esta Lei entra em vigor no prazo de 30 (trinta) dias a partir de sua publica\u00e7\u00e3o.<\/article>\n<div style=\"text-align: center\">\n<div style=\"margin-bottom: 20px;\" class=\"et_pb_button_module_wrapper et_pb_button_5_tb_body_wrapper et_pb_button_alignment_center et_pb_module \">\n         <a class=\"et_pb_button et_pb_button_5_tb_body et_hover_enabled et_pb_bg_layout_dark\" style=\"width: 50%;background-color: black;\" href=\"https:\/\/app.legislapp.com.br\" target=\"_blank\" rel=\"noopener\">Visualizar completo na nossa plataforma (30 dias gr\u00e1tis)<\/a><\/p><\/div>\n<p>      <a href=\"https:\/\/play.google.com\/store\/apps\/details?id=br.com.legislapp\"><img decoding=\"async\" style=\"width: 15%; min-width: 130px;\" src=\"https:\/\/www.legislapp.com.br\/wp-content\/uploads\/google-play.png\"><\/a><br \/>\n      <a href=\"https:\/\/apps.apple.com\/us\/app\/legislapp\/id1568929859\"><img decoding=\"async\" style=\"width: 15%; min-width: 130px\" src=\"https:\/\/www.legislapp.com.br\/wp-content\/uploads\/apple-store.png\"><\/a>\n   <\/div>\n","protected":false},"excerpt":{"rendered":"<p>C\u00e2m. Legislativa de PE &#8211; Autoria de Gilmar Junior A presente propositura visa implementar a utiliza\u00e7\u00e3o de avisos e placas sobre o manejo e cuidado ao identificar situa\u00e7\u00f5es de traumas f\u00edsicos decorrentes de acidentes em locais p\u00fablicos com grande circula\u00e7\u00e3o de pessoas. Essa medida busca mitigar uma das principais causas de \u00f3bito e as sequelas [&hellip;]<\/p>\n","protected":false},"author":1,"featured_media":0,"parent":0,"menu_order":0,"comment_status":"closed","ping_status":"closed","template":"page-template-blank.php","meta":{"_et_pb_use_builder":"","_et_pb_old_content":"","_et_gb_content_width":"1080","ngg_post_thumbnail":0,"footnotes":""},"class_list":["post-9128","page","type-page","status-publish","hentry"],"yoast_head":"<!-- This site is optimized with the Yoast SEO plugin v24.4 - https:\/\/yoast.com\/wordpress\/plugins\/seo\/ -->\n<title>PL 2985\/2025 - Gilmar Junior - Legislapp<\/title>\n<meta name=\"robots\" content=\"index, follow, max-snippet:-1, max-image-preview:large, max-video-preview:-1\" \/>\n<link rel=\"canonical\" href=\"https:\/\/www.legislapp.com.br\/index.php\/cam-legislativa-de-pe-pl-2985-2025-6\/\" \/>\n<meta property=\"og:locale\" content=\"pt_BR\" \/>\n<meta property=\"og:type\" content=\"article\" \/>\n<meta property=\"og:title\" content=\"PL 2985\/2025 - Gilmar Junior - Legislapp\" \/>\n<meta property=\"og:description\" content=\"C\u00e2m. Legislativa de PE &#8211; Autoria de Gilmar Junior A presente propositura visa implementar a utiliza\u00e7\u00e3o de avisos e placas sobre o manejo e cuidado ao identificar situa\u00e7\u00f5es de traumas f\u00edsicos decorrentes de acidentes em locais p\u00fablicos com grande circula\u00e7\u00e3o de pessoas. Essa medida busca mitigar uma das principais causas de \u00f3bito e as sequelas [&hellip;]\" \/>\n<meta property=\"og:url\" content=\"https:\/\/www.legislapp.com.br\/index.php\/cam-legislativa-de-pe-pl-2985-2025-6\/\" \/>\n<meta property=\"og:site_name\" content=\"Legislapp\" \/>\n<meta property=\"article:publisher\" content=\"https:\/\/www.instagram.com\/legislapp\/\" \/>\n<meta property=\"og:image\" content=\"https:\/\/www.alepe.pe.gov.br\/\/wp-content\/uploads\/2023\/02\/GILMAR-JUNIOR-scaled-e1675859139299.jpg\" \/>\n<meta name=\"twitter:card\" content=\"summary_large_image\" \/>\n<meta name=\"twitter:label1\" content=\"Est. tempo de leitura\" \/>\n\t<meta name=\"twitter:data1\" content=\"3 minutos\" \/>\n<script type=\"application\/ld+json\" class=\"yoast-schema-graph\">{\"@context\":\"https:\/\/schema.org\",\"@graph\":[{\"@type\":\"WebPage\",\"@id\":\"https:\/\/www.legislapp.com.br\/index.php\/cam-legislativa-de-pe-pl-2985-2025-6\/\",\"url\":\"https:\/\/www.legislapp.com.br\/index.php\/cam-legislativa-de-pe-pl-2985-2025-6\/\",\"name\":\"PL 2985\/2025 - Gilmar Junior - Legislapp\",\"isPartOf\":{\"@id\":\"https:\/\/www.legislapp.com.br\/#website\"},\"primaryImageOfPage\":{\"@id\":\"https:\/\/www.legislapp.com.br\/index.php\/cam-legislativa-de-pe-pl-2985-2025-6\/#primaryimage\"},\"image\":{\"@id\":\"https:\/\/www.legislapp.com.br\/index.php\/cam-legislativa-de-pe-pl-2985-2025-6\/#primaryimage\"},\"thumbnailUrl\":\"https:\/\/www.alepe.pe.gov.br\/\/wp-content\/uploads\/2023\/02\/GILMAR-JUNIOR-scaled-e1675859139299.jpg\",\"datePublished\":\"2025-10-08T15:14:36+00:00\",\"breadcrumb\":{\"@id\":\"https:\/\/www.legislapp.com.br\/index.php\/cam-legislativa-de-pe-pl-2985-2025-6\/#breadcrumb\"},\"inLanguage\":\"pt-BR\",\"potentialAction\":[{\"@type\":\"ReadAction\",\"target\":[\"https:\/\/www.legislapp.com.br\/index.php\/cam-legislativa-de-pe-pl-2985-2025-6\/\"]}]},{\"@type\":\"ImageObject\",\"inLanguage\":\"pt-BR\",\"@id\":\"https:\/\/www.legislapp.com.br\/index.php\/cam-legislativa-de-pe-pl-2985-2025-6\/#primaryimage\",\"url\":\"https:\/\/www.alepe.pe.gov.br\/\/wp-content\/uploads\/2023\/02\/GILMAR-JUNIOR-scaled-e1675859139299.jpg\",\"contentUrl\":\"https:\/\/www.alepe.pe.gov.br\/\/wp-content\/uploads\/2023\/02\/GILMAR-JUNIOR-scaled-e1675859139299.jpg\"},{\"@type\":\"BreadcrumbList\",\"@id\":\"https:\/\/www.legislapp.com.br\/index.php\/cam-legislativa-de-pe-pl-2985-2025-6\/#breadcrumb\",\"itemListElement\":[{\"@type\":\"ListItem\",\"position\":1,\"name\":\"In\u00edcio\",\"item\":\"https:\/\/www.legislapp.com.br\/\"},{\"@type\":\"ListItem\",\"position\":2,\"name\":\"PL 2985\/2025 &#8211; Gilmar Junior\"}]},{\"@type\":\"WebSite\",\"@id\":\"https:\/\/www.legislapp.com.br\/#website\",\"url\":\"https:\/\/www.legislapp.com.br\/\",\"name\":\"Legislapp\",\"description\":\"Intelig\u00eancia governamental em tempo real\",\"publisher\":{\"@id\":\"https:\/\/www.legislapp.com.br\/#organization\"},\"potentialAction\":[{\"@type\":\"SearchAction\",\"target\":{\"@type\":\"EntryPoint\",\"urlTemplate\":\"https:\/\/www.legislapp.com.br\/?s={search_term_string}\"},\"query-input\":{\"@type\":\"PropertyValueSpecification\",\"valueRequired\":true,\"valueName\":\"search_term_string\"}}],\"inLanguage\":\"pt-BR\"},{\"@type\":\"Organization\",\"@id\":\"https:\/\/www.legislapp.com.br\/#organization\",\"name\":\"Legislapp Monitoramento e Intelig\u00eancia Governamental\",\"url\":\"https:\/\/www.legislapp.com.br\/\",\"logo\":{\"@type\":\"ImageObject\",\"inLanguage\":\"pt-BR\",\"@id\":\"https:\/\/www.legislapp.com.br\/#\/schema\/logo\/image\/\",\"url\":\"https:\/\/www.legislapp.com.br\/wp-content\/uploads\/icon.png\",\"contentUrl\":\"https:\/\/www.legislapp.com.br\/wp-content\/uploads\/icon.png\",\"width\":1024,\"height\":1024,\"caption\":\"Legislapp Monitoramento e Intelig\u00eancia Governamental\"},\"image\":{\"@id\":\"https:\/\/www.legislapp.com.br\/#\/schema\/logo\/image\/\"},\"sameAs\":[\"https:\/\/www.instagram.com\/legislapp\/\"]}]}<\/script>\n<!-- \/ Yoast SEO plugin. -->","yoast_head_json":{"title":"PL 2985\/2025 - Gilmar Junior - Legislapp","robots":{"index":"index","follow":"follow","max-snippet":"max-snippet:-1","max-image-preview":"max-image-preview:large","max-video-preview":"max-video-preview:-1"},"canonical":"https:\/\/www.legislapp.com.br\/index.php\/cam-legislativa-de-pe-pl-2985-2025-6\/","og_locale":"pt_BR","og_type":"article","og_title":"PL 2985\/2025 - Gilmar Junior - Legislapp","og_description":"C\u00e2m. Legislativa de PE &#8211; Autoria de Gilmar Junior A presente propositura visa implementar a utiliza\u00e7\u00e3o de avisos e placas sobre o manejo e cuidado ao identificar situa\u00e7\u00f5es de traumas f\u00edsicos decorrentes de acidentes em locais p\u00fablicos com grande circula\u00e7\u00e3o de pessoas. Essa medida busca mitigar uma das principais causas de \u00f3bito e as sequelas [&hellip;]","og_url":"https:\/\/www.legislapp.com.br\/index.php\/cam-legislativa-de-pe-pl-2985-2025-6\/","og_site_name":"Legislapp","article_publisher":"https:\/\/www.instagram.com\/legislapp\/","og_image":[{"url":"https:\/\/www.alepe.pe.gov.br\/\/wp-content\/uploads\/2023\/02\/GILMAR-JUNIOR-scaled-e1675859139299.jpg","type":"","width":"","height":""}],"twitter_card":"summary_large_image","twitter_misc":{"Est. tempo de leitura":"3 minutos"},"schema":{"@context":"https:\/\/schema.org","@graph":[{"@type":"WebPage","@id":"https:\/\/www.legislapp.com.br\/index.php\/cam-legislativa-de-pe-pl-2985-2025-6\/","url":"https:\/\/www.legislapp.com.br\/index.php\/cam-legislativa-de-pe-pl-2985-2025-6\/","name":"PL 2985\/2025 - Gilmar Junior - Legislapp","isPartOf":{"@id":"https:\/\/www.legislapp.com.br\/#website"},"primaryImageOfPage":{"@id":"https:\/\/www.legislapp.com.br\/index.php\/cam-legislativa-de-pe-pl-2985-2025-6\/#primaryimage"},"image":{"@id":"https:\/\/www.legislapp.com.br\/index.php\/cam-legislativa-de-pe-pl-2985-2025-6\/#primaryimage"},"thumbnailUrl":"https:\/\/www.alepe.pe.gov.br\/\/wp-content\/uploads\/2023\/02\/GILMAR-JUNIOR-scaled-e1675859139299.jpg","datePublished":"2025-10-08T15:14:36+00:00","breadcrumb":{"@id":"https:\/\/www.legislapp.com.br\/index.php\/cam-legislativa-de-pe-pl-2985-2025-6\/#breadcrumb"},"inLanguage":"pt-BR","potentialAction":[{"@type":"ReadAction","target":["https:\/\/www.legislapp.com.br\/index.php\/cam-legislativa-de-pe-pl-2985-2025-6\/"]}]},{"@type":"ImageObject","inLanguage":"pt-BR","@id":"https:\/\/www.legislapp.com.br\/index.php\/cam-legislativa-de-pe-pl-2985-2025-6\/#primaryimage","url":"https:\/\/www.alepe.pe.gov.br\/\/wp-content\/uploads\/2023\/02\/GILMAR-JUNIOR-scaled-e1675859139299.jpg","contentUrl":"https:\/\/www.alepe.pe.gov.br\/\/wp-content\/uploads\/2023\/02\/GILMAR-JUNIOR-scaled-e1675859139299.jpg"},{"@type":"BreadcrumbList","@id":"https:\/\/www.legislapp.com.br\/index.php\/cam-legislativa-de-pe-pl-2985-2025-6\/#breadcrumb","itemListElement":[{"@type":"ListItem","position":1,"name":"In\u00edcio","item":"https:\/\/www.legislapp.com.br\/"},{"@type":"ListItem","position":2,"name":"PL 2985\/2025 &#8211; Gilmar Junior"}]},{"@type":"WebSite","@id":"https:\/\/www.legislapp.com.br\/#website","url":"https:\/\/www.legislapp.com.br\/","name":"Legislapp","description":"Intelig\u00eancia governamental em tempo real","publisher":{"@id":"https:\/\/www.legislapp.com.br\/#organization"},"potentialAction":[{"@type":"SearchAction","target":{"@type":"EntryPoint","urlTemplate":"https:\/\/www.legislapp.com.br\/?s={search_term_string}"},"query-input":{"@type":"PropertyValueSpecification","valueRequired":true,"valueName":"search_term_string"}}],"inLanguage":"pt-BR"},{"@type":"Organization","@id":"https:\/\/www.legislapp.com.br\/#organization","name":"Legislapp Monitoramento e Intelig\u00eancia Governamental","url":"https:\/\/www.legislapp.com.br\/","logo":{"@type":"ImageObject","inLanguage":"pt-BR","@id":"https:\/\/www.legislapp.com.br\/#\/schema\/logo\/image\/","url":"https:\/\/www.legislapp.com.br\/wp-content\/uploads\/icon.png","contentUrl":"https:\/\/www.legislapp.com.br\/wp-content\/uploads\/icon.png","width":1024,"height":1024,"caption":"Legislapp Monitoramento e Intelig\u00eancia Governamental"},"image":{"@id":"https:\/\/www.legislapp.com.br\/#\/schema\/logo\/image\/"},"sameAs":["https:\/\/www.instagram.com\/legislapp\/"]}]}},"_links":{"self":[{"href":"https:\/\/www.legislapp.com.br\/index.php\/wp-json\/wp\/v2\/pages\/9128","targetHints":{"allow":["GET"]}}],"collection":[{"href":"https:\/\/www.legislapp.com.br\/index.php\/wp-json\/wp\/v2\/pages"}],"about":[{"href":"https:\/\/www.legislapp.com.br\/index.php\/wp-json\/wp\/v2\/types\/page"}],"author":[{"embeddable":true,"href":"https:\/\/www.legislapp.com.br\/index.php\/wp-json\/wp\/v2\/users\/1"}],"replies":[{"embeddable":true,"href":"https:\/\/www.legislapp.com.br\/index.php\/wp-json\/wp\/v2\/comments?post=9128"}],"version-history":[{"count":0,"href":"https:\/\/www.legislapp.com.br\/index.php\/wp-json\/wp\/v2\/pages\/9128\/revisions"}],"wp:attachment":[{"href":"https:\/\/www.legislapp.com.br\/index.php\/wp-json\/wp\/v2\/media?parent=9128"}],"curies":[{"name":"wp","href":"https:\/\/api.w.org\/{rel}","templated":true}]}}