{"id":9172,"date":"2025-10-08T12:17:12","date_gmt":"2025-10-08T15:17:12","guid":{"rendered":"https:\/\/www.legislapp.com.br\/index.php\/cam-legislativa-de-sc-psa-0001-2025-2\/"},"modified":"2025-10-08T12:17:12","modified_gmt":"2025-10-08T15:17:12","slug":"cam-legislativa-de-sc-psa-0001-2025-2","status":"publish","type":"page","link":"https:\/\/www.legislapp.com.br\/index.php\/cam-legislativa-de-sc-psa-0001-2025-2\/","title":{"rendered":"PSA\/0001\/2025 &#8211; Padre Pedro Baldissera"},"content":{"rendered":"<h1 style='text-align: center;'>C\u00e2m. Legislativa de SC &#8211; Autoria de Padre Pedro Baldissera<\/h3>\n<p><\/p>\n<article style='text-align: center'>Susta o par\u00e1grafo \u00fanico do Art. 6\u00ba e o Art. 7\u00ba, do Decreto n\u00ba 988, de 15 de maio de 2025, que &#8220;Regulamenta a Lei Estadual n\u00ba 19.136, de 19 de dezembro de 2024&#8221;.<\/article>\n<p><\/p>\n<p style='text-align: center'><a href='https:\/\/app.legislapp.com.br\/#\/busca?termo='><\/a><\/p>\n<p><\/p>\n<article>GABINETE DEPUTADO<br \/>\nASSEMBLEIA LEGISLATIVA<br \/>\nPADRE PEDRO<br \/>\nESTADO DE SANTA CATARINA<br \/>\nBALDISSERA<\/p>\n<p>PROPOSTA DE SUSTA\u00c7\u00c3O DE ATO<\/p>\n<p>Susta o par\u00e1grafo \u00fanico do Art. 6\u00ba e o Art. 7\u00ba, do Decreto n\u00ba<br \/>\n988, de 15 de maio de 2025, que \u201cRegulamenta a Lei<br \/>\nEstadual n\u00ba 19.136, de 19 de dezembro de 2024.<\/p>\n<p>Art. 1\u00ba Ficam sustados o par\u00e1grafo \u00fanico do Art. 6\u00ba e o Art.<br \/>\n7\u00ba, do Decreto n\u00ba 988, de 15 de maio de 2025, que \u201cRegulamenta a Lei Estadual n\u00ba<br \/>\n19.136, de 19 de dezembro de 2024\u201d.<\/p>\n<p>Art. 2\u00ba Este Decreto Legislativo entra em vigor na data de sua<br \/>\npublica\u00e7\u00e3o.<\/p>\n<p>Sala da Sess\u00f5es,     <\/p>\n<p>Deputado Padre Pedro Baldissera<br \/>\n J US T I F I CA\u00c7\u00c3O<\/p>\n<p>A presente proposi\u00e7\u00e3o visa sustar parcialmente o Decreto n\u00ba 988, de 15 de maio de<br \/>\n2025, por este ultrapassar os limites do poder regulamentar e contrariar frontalmente o<br \/>\nconte\u00fado e a finalidade da Lei Estadual n\u00ba 19.136, de 19 de dezembro de 2024. A<br \/>\nnorma legal instituiu, de forma clara e objetiva, a Pol\u00edtica Estadual de Fornecimento<br \/>\nGratuito de Medicamentos \u00e0 base de Cannabis, para fins medicinais, prevendo a<br \/>\natua\u00e7\u00e3o t\u00e9cnica especializada como elemento estruturante da pol\u00edtica p\u00fablica.<\/p>\n<p>Ocorre que o Decreto regulamentador imp\u00f5e distor\u00e7\u00f5es graves \u00e0 aplica\u00e7\u00e3o da lei,<br \/>\nespecialmente no que diz respeito \u00e0 autonomia m\u00e9dica e \u00e0 autonomia t\u00e9cnica da<br \/>\nComiss\u00e3o institu\u00edda para revisar e aplicar os protocolos de uso do canabidiol. A seguir,<br \/>\ndestacam-se os dispositivos que devem ser objeto de susta\u00e7\u00e3o:<\/p>\n<p>Art. 6\u00ba: ao que a decis\u00e3o final sobre a implementa\u00e7\u00e3o das medidas caber\u00e1<br \/>\nexclusivamente ao titular da Secretaria de Estado da Sa\u00fade, o dispositivo retira da<br \/>\nComiss\u00e3o seu papel t\u00e9cnico deliberativo, comprometendo a credibilidade e a autonomia<br \/>\nda atua\u00e7\u00e3o profissional especializada. Essa substitui\u00e7\u00e3o da inst\u00e2ncia t\u00e9cnica por<br \/>\ndecis\u00e3o administrativa discricion\u00e1ria compromete o controle t\u00e9cnico-cient\u00edfico sobre a<br \/>\nprescri\u00e7\u00e3o e o fornecimento de medicamentos \u00e0 base de Cannabis, al\u00e9m de abrir<br \/>\nmargem para que fatores pol\u00edticos interfiram diretamente em decis\u00f5es de car\u00e1ter<br \/>\nm\u00e9dico e farmacol\u00f3gico.<\/p>\n<p>Art. 7\u00ba: ao condicionar o acesso aos medicamentos \u00e0 base de Cannabis \u00e0 publica\u00e7\u00e3o<br \/>\nfutura de normas por meio de portaria da Secretaria de Estado da Sa\u00fade, o dispositivo<br \/>\nesvazia o conte\u00fado da lei e compromete sua aplicabilidade imediata. A exig\u00eancia de<br \/>\nnova normatiza\u00e7\u00e3o secund\u00e1ria cria um entrave burocr\u00e1tico que pode atrasar por tempo<br \/>\nindeterminado o acesso da popula\u00e7\u00e3o a medicamentos essenciais, contrariando o<br \/>\nprinc\u00edpio da continuidade da aten\u00e7\u00e3o \u00e0 sa\u00fade e desrespeitando o direito dos pacientes<br \/>\ne dos profissionais de sa\u00fade ao exerc\u00edcio pleno de suas responsabilidades.<\/p>\n<p>Tais dispositivos, al\u00e9m de contrariar o texto da Lei n\u00ba 19.136\/2024, imp\u00f5em restri\u00e7\u00f5es<br \/>\nindevidas \u00e0 autonomia m\u00e9dica. A prescri\u00e7\u00e3o de medicamentos \u00e0 base de Cannabis,<br \/>\nrespaldada por evid\u00eancias cient\u00edficas e reconhecida por \u00f3rg\u00e3os de controle como a<br \/>\nAnvisa, deve ser pautada na avalia\u00e7\u00e3o individualizada do profissional m\u00e9dico, em<br \/>\ndi\u00e1logo com seu paciente, e n\u00e3o subordinada a decis\u00f5es pol\u00edtico-administrativas ou \u00e0<br \/>\nmorosidade da produ\u00e7\u00e3o normativa infralegal.<\/p>\n<p>A autonomia m\u00e9dica, assim como a autonomia das inst\u00e2ncias t\u00e9cnicas respons\u00e1veis<br \/>\npela formula\u00e7\u00e3o de protocolos cl\u00ednicos, \u00e9 princ\u00edpio basilar das pol\u00edticas p\u00fablicas de<br \/>\nsa\u00fade e da pr\u00f3pria estrutura do Sistema \u00danico de Sa\u00fade. Ao contrariar esses<br \/>\nfundamentos, o Decreto n\u00ba 988\/2025 extrapola sua fun\u00e7\u00e3o regulamentar e compromete<br \/>\na concretiza\u00e7\u00e3o da pol\u00edtica p\u00fablica aprovada por esta Casa Legislativa.<\/p>\n<p>Diante do exposto, a susta\u00e7\u00e3o dos artigos mencionados \u00e9 medida necess\u00e1ria e urgente<br \/>\npara restaurar a legalidade, proteger a autonomia profissional e garantir o acesso pleno<br \/>\naos tratamentos previstos na legisla\u00e7\u00e3o estadual.<br \/>\nELEGIS<br \/>\nDocumento assinado eletronicamente por Neodi Saretta, em<br \/>\nSistema de Processo<br \/>\n27\/05\/2025, \u00e0s 15:21.<br \/>\nLegislativo Eletr\u00f4nico<br \/>\nELEGIS<br \/>\nDocumento assinado eletronicamente por Padre Pedro<br \/>\nSistema de Processo<br \/>\nBaldissera, em 27\/05\/2025, \u00e0s 14:04.<br \/>\nLegislativo Eletr\u00f4nicoELEGIS<br \/>\nDocumento assinado eletronicamente por Volnei Weber, em<br \/>\nSistema de Processo<br \/>\n27\/05\/2025, \u00e0s 15:39.<br \/>\nLegislativo Eletr\u00f4nico<br \/>\nELEGIS<br \/>\nDocumento assinado eletronicamente por Marcos Jos\u00e9 de<br \/>\nSistema de Processo<br \/>\nAbreu, em 27\/05\/2025, \u00e0s 15:48.<br \/>\nLegislativo Eletr\u00f4nico<br \/>\nELEGIS<br \/>\nDocumento assinado eletronicamente por S\u00e9rgio da Rosa<br \/>\nSistema de Processo<br \/>\nGuimar\u00e3es, em 27\/05\/2025, \u00e0s 14:16.<br \/>\nLegislativo Eletr\u00f4nico<\/article>\n<div style=\"text-align: center\">\n<div style=\"margin-bottom: 20px;\" class=\"et_pb_button_module_wrapper et_pb_button_5_tb_body_wrapper et_pb_button_alignment_center et_pb_module \">\n         <a class=\"et_pb_button et_pb_button_5_tb_body et_hover_enabled et_pb_bg_layout_dark\" style=\"width: 50%;background-color: black;\" href=\"https:\/\/app.legislapp.com.br\" target=\"_blank\" rel=\"noopener\">Visualizar completo na nossa plataforma (30 dias gr\u00e1tis)<\/a><\/p><\/div>\n<p>      <a href=\"https:\/\/play.google.com\/store\/apps\/details?id=br.com.legislapp\"><img decoding=\"async\" style=\"width: 15%; min-width: 130px;\" src=\"https:\/\/www.legislapp.com.br\/wp-content\/uploads\/google-play.png\"><\/a><br \/>\n      <a href=\"https:\/\/apps.apple.com\/us\/app\/legislapp\/id1568929859\"><img decoding=\"async\" style=\"width: 15%; min-width: 130px\" src=\"https:\/\/www.legislapp.com.br\/wp-content\/uploads\/apple-store.png\"><\/a>\n   <\/div>\n","protected":false},"excerpt":{"rendered":"<p>C\u00e2m. Legislativa de SC &#8211; Autoria de Padre Pedro Baldissera Susta o par\u00e1grafo \u00fanico do Art. 6\u00ba e o Art. 7\u00ba, do Decreto n\u00ba 988, de 15 de maio de 2025, que &#8220;Regulamenta a Lei Estadual n\u00ba 19.136, de 19 de dezembro de 2024&#8221;. GABINETE DEPUTADO ASSEMBLEIA LEGISLATIVA PADRE PEDRO ESTADO DE SANTA CATARINA BALDISSERA [&hellip;]<\/p>\n","protected":false},"author":1,"featured_media":0,"parent":0,"menu_order":0,"comment_status":"closed","ping_status":"closed","template":"page-template-blank.php","meta":{"_et_pb_use_builder":"","_et_pb_old_content":"","_et_gb_content_width":"1080","ngg_post_thumbnail":0,"footnotes":""},"class_list":["post-9172","page","type-page","status-publish","hentry"],"yoast_head":"<!-- This site is optimized with the Yoast SEO plugin v24.4 - https:\/\/yoast.com\/wordpress\/plugins\/seo\/ -->\n<title>PSA\/0001\/2025 - Padre Pedro Baldissera - Legislapp<\/title>\n<meta name=\"robots\" content=\"index, follow, max-snippet:-1, max-image-preview:large, max-video-preview:-1\" \/>\n<link rel=\"canonical\" href=\"https:\/\/www.legislapp.com.br\/index.php\/cam-legislativa-de-sc-psa-0001-2025-2\/\" \/>\n<meta property=\"og:locale\" content=\"pt_BR\" \/>\n<meta property=\"og:type\" content=\"article\" \/>\n<meta property=\"og:title\" content=\"PSA\/0001\/2025 - Padre Pedro Baldissera - Legislapp\" \/>\n<meta property=\"og:description\" content=\"C\u00e2m. Legislativa de SC &#8211; Autoria de Padre Pedro Baldissera Susta o par\u00e1grafo \u00fanico do Art. 6\u00ba e o Art. 7\u00ba, do Decreto n\u00ba 988, de 15 de maio de 2025, que &#8220;Regulamenta a Lei Estadual n\u00ba 19.136, de 19 de dezembro de 2024&#8221;. GABINETE DEPUTADO ASSEMBLEIA LEGISLATIVA PADRE PEDRO ESTADO DE SANTA CATARINA BALDISSERA [&hellip;]\" \/>\n<meta property=\"og:url\" content=\"https:\/\/www.legislapp.com.br\/index.php\/cam-legislativa-de-sc-psa-0001-2025-2\/\" \/>\n<meta property=\"og:site_name\" content=\"Legislapp\" \/>\n<meta property=\"article:publisher\" content=\"https:\/\/www.instagram.com\/legislapp\/\" \/>\n<meta property=\"og:image\" content=\"https:\/\/www.legislapp.com.br\/wp-content\/uploads\/google-play.png\" \/>\n<meta name=\"twitter:card\" content=\"summary_large_image\" \/>\n<meta name=\"twitter:label1\" content=\"Est. tempo de leitura\" \/>\n\t<meta name=\"twitter:data1\" content=\"4 minutos\" \/>\n<script type=\"application\/ld+json\" class=\"yoast-schema-graph\">{\"@context\":\"https:\/\/schema.org\",\"@graph\":[{\"@type\":\"WebPage\",\"@id\":\"https:\/\/www.legislapp.com.br\/index.php\/cam-legislativa-de-sc-psa-0001-2025-2\/\",\"url\":\"https:\/\/www.legislapp.com.br\/index.php\/cam-legislativa-de-sc-psa-0001-2025-2\/\",\"name\":\"PSA\/0001\/2025 - Padre Pedro Baldissera - Legislapp\",\"isPartOf\":{\"@id\":\"https:\/\/www.legislapp.com.br\/#website\"},\"primaryImageOfPage\":{\"@id\":\"https:\/\/www.legislapp.com.br\/index.php\/cam-legislativa-de-sc-psa-0001-2025-2\/#primaryimage\"},\"image\":{\"@id\":\"https:\/\/www.legislapp.com.br\/index.php\/cam-legislativa-de-sc-psa-0001-2025-2\/#primaryimage\"},\"thumbnailUrl\":\"https:\/\/www.legislapp.com.br\/wp-content\/uploads\/google-play.png\",\"datePublished\":\"2025-10-08T15:17:12+00:00\",\"breadcrumb\":{\"@id\":\"https:\/\/www.legislapp.com.br\/index.php\/cam-legislativa-de-sc-psa-0001-2025-2\/#breadcrumb\"},\"inLanguage\":\"pt-BR\",\"potentialAction\":[{\"@type\":\"ReadAction\",\"target\":[\"https:\/\/www.legislapp.com.br\/index.php\/cam-legislativa-de-sc-psa-0001-2025-2\/\"]}]},{\"@type\":\"ImageObject\",\"inLanguage\":\"pt-BR\",\"@id\":\"https:\/\/www.legislapp.com.br\/index.php\/cam-legislativa-de-sc-psa-0001-2025-2\/#primaryimage\",\"url\":\"https:\/\/www.legislapp.com.br\/wp-content\/uploads\/google-play.png\",\"contentUrl\":\"https:\/\/www.legislapp.com.br\/wp-content\/uploads\/google-play.png\",\"width\":564,\"height\":168},{\"@type\":\"BreadcrumbList\",\"@id\":\"https:\/\/www.legislapp.com.br\/index.php\/cam-legislativa-de-sc-psa-0001-2025-2\/#breadcrumb\",\"itemListElement\":[{\"@type\":\"ListItem\",\"position\":1,\"name\":\"In\u00edcio\",\"item\":\"https:\/\/www.legislapp.com.br\/\"},{\"@type\":\"ListItem\",\"position\":2,\"name\":\"PSA\/0001\/2025 &#8211; Padre Pedro Baldissera\"}]},{\"@type\":\"WebSite\",\"@id\":\"https:\/\/www.legislapp.com.br\/#website\",\"url\":\"https:\/\/www.legislapp.com.br\/\",\"name\":\"Legislapp\",\"description\":\"Intelig\u00eancia governamental em tempo real\",\"publisher\":{\"@id\":\"https:\/\/www.legislapp.com.br\/#organization\"},\"potentialAction\":[{\"@type\":\"SearchAction\",\"target\":{\"@type\":\"EntryPoint\",\"urlTemplate\":\"https:\/\/www.legislapp.com.br\/?s={search_term_string}\"},\"query-input\":{\"@type\":\"PropertyValueSpecification\",\"valueRequired\":true,\"valueName\":\"search_term_string\"}}],\"inLanguage\":\"pt-BR\"},{\"@type\":\"Organization\",\"@id\":\"https:\/\/www.legislapp.com.br\/#organization\",\"name\":\"Legislapp Monitoramento e Intelig\u00eancia Governamental\",\"url\":\"https:\/\/www.legislapp.com.br\/\",\"logo\":{\"@type\":\"ImageObject\",\"inLanguage\":\"pt-BR\",\"@id\":\"https:\/\/www.legislapp.com.br\/#\/schema\/logo\/image\/\",\"url\":\"https:\/\/www.legislapp.com.br\/wp-content\/uploads\/icon.png\",\"contentUrl\":\"https:\/\/www.legislapp.com.br\/wp-content\/uploads\/icon.png\",\"width\":1024,\"height\":1024,\"caption\":\"Legislapp Monitoramento e Intelig\u00eancia Governamental\"},\"image\":{\"@id\":\"https:\/\/www.legislapp.com.br\/#\/schema\/logo\/image\/\"},\"sameAs\":[\"https:\/\/www.instagram.com\/legislapp\/\"]}]}<\/script>\n<!-- \/ Yoast SEO plugin. -->","yoast_head_json":{"title":"PSA\/0001\/2025 - Padre Pedro Baldissera - Legislapp","robots":{"index":"index","follow":"follow","max-snippet":"max-snippet:-1","max-image-preview":"max-image-preview:large","max-video-preview":"max-video-preview:-1"},"canonical":"https:\/\/www.legislapp.com.br\/index.php\/cam-legislativa-de-sc-psa-0001-2025-2\/","og_locale":"pt_BR","og_type":"article","og_title":"PSA\/0001\/2025 - Padre Pedro Baldissera - Legislapp","og_description":"C\u00e2m. Legislativa de SC &#8211; Autoria de Padre Pedro Baldissera Susta o par\u00e1grafo \u00fanico do Art. 6\u00ba e o Art. 7\u00ba, do Decreto n\u00ba 988, de 15 de maio de 2025, que &#8220;Regulamenta a Lei Estadual n\u00ba 19.136, de 19 de dezembro de 2024&#8221;. GABINETE DEPUTADO ASSEMBLEIA LEGISLATIVA PADRE PEDRO ESTADO DE SANTA CATARINA BALDISSERA [&hellip;]","og_url":"https:\/\/www.legislapp.com.br\/index.php\/cam-legislativa-de-sc-psa-0001-2025-2\/","og_site_name":"Legislapp","article_publisher":"https:\/\/www.instagram.com\/legislapp\/","og_image":[{"url":"https:\/\/www.legislapp.com.br\/wp-content\/uploads\/google-play.png","type":"","width":"","height":""}],"twitter_card":"summary_large_image","twitter_misc":{"Est. tempo de leitura":"4 minutos"},"schema":{"@context":"https:\/\/schema.org","@graph":[{"@type":"WebPage","@id":"https:\/\/www.legislapp.com.br\/index.php\/cam-legislativa-de-sc-psa-0001-2025-2\/","url":"https:\/\/www.legislapp.com.br\/index.php\/cam-legislativa-de-sc-psa-0001-2025-2\/","name":"PSA\/0001\/2025 - Padre Pedro Baldissera - Legislapp","isPartOf":{"@id":"https:\/\/www.legislapp.com.br\/#website"},"primaryImageOfPage":{"@id":"https:\/\/www.legislapp.com.br\/index.php\/cam-legislativa-de-sc-psa-0001-2025-2\/#primaryimage"},"image":{"@id":"https:\/\/www.legislapp.com.br\/index.php\/cam-legislativa-de-sc-psa-0001-2025-2\/#primaryimage"},"thumbnailUrl":"https:\/\/www.legislapp.com.br\/wp-content\/uploads\/google-play.png","datePublished":"2025-10-08T15:17:12+00:00","breadcrumb":{"@id":"https:\/\/www.legislapp.com.br\/index.php\/cam-legislativa-de-sc-psa-0001-2025-2\/#breadcrumb"},"inLanguage":"pt-BR","potentialAction":[{"@type":"ReadAction","target":["https:\/\/www.legislapp.com.br\/index.php\/cam-legislativa-de-sc-psa-0001-2025-2\/"]}]},{"@type":"ImageObject","inLanguage":"pt-BR","@id":"https:\/\/www.legislapp.com.br\/index.php\/cam-legislativa-de-sc-psa-0001-2025-2\/#primaryimage","url":"https:\/\/www.legislapp.com.br\/wp-content\/uploads\/google-play.png","contentUrl":"https:\/\/www.legislapp.com.br\/wp-content\/uploads\/google-play.png","width":564,"height":168},{"@type":"BreadcrumbList","@id":"https:\/\/www.legislapp.com.br\/index.php\/cam-legislativa-de-sc-psa-0001-2025-2\/#breadcrumb","itemListElement":[{"@type":"ListItem","position":1,"name":"In\u00edcio","item":"https:\/\/www.legislapp.com.br\/"},{"@type":"ListItem","position":2,"name":"PSA\/0001\/2025 &#8211; Padre Pedro Baldissera"}]},{"@type":"WebSite","@id":"https:\/\/www.legislapp.com.br\/#website","url":"https:\/\/www.legislapp.com.br\/","name":"Legislapp","description":"Intelig\u00eancia governamental em tempo real","publisher":{"@id":"https:\/\/www.legislapp.com.br\/#organization"},"potentialAction":[{"@type":"SearchAction","target":{"@type":"EntryPoint","urlTemplate":"https:\/\/www.legislapp.com.br\/?s={search_term_string}"},"query-input":{"@type":"PropertyValueSpecification","valueRequired":true,"valueName":"search_term_string"}}],"inLanguage":"pt-BR"},{"@type":"Organization","@id":"https:\/\/www.legislapp.com.br\/#organization","name":"Legislapp Monitoramento e Intelig\u00eancia Governamental","url":"https:\/\/www.legislapp.com.br\/","logo":{"@type":"ImageObject","inLanguage":"pt-BR","@id":"https:\/\/www.legislapp.com.br\/#\/schema\/logo\/image\/","url":"https:\/\/www.legislapp.com.br\/wp-content\/uploads\/icon.png","contentUrl":"https:\/\/www.legislapp.com.br\/wp-content\/uploads\/icon.png","width":1024,"height":1024,"caption":"Legislapp Monitoramento e Intelig\u00eancia Governamental"},"image":{"@id":"https:\/\/www.legislapp.com.br\/#\/schema\/logo\/image\/"},"sameAs":["https:\/\/www.instagram.com\/legislapp\/"]}]}},"_links":{"self":[{"href":"https:\/\/www.legislapp.com.br\/index.php\/wp-json\/wp\/v2\/pages\/9172","targetHints":{"allow":["GET"]}}],"collection":[{"href":"https:\/\/www.legislapp.com.br\/index.php\/wp-json\/wp\/v2\/pages"}],"about":[{"href":"https:\/\/www.legislapp.com.br\/index.php\/wp-json\/wp\/v2\/types\/page"}],"author":[{"embeddable":true,"href":"https:\/\/www.legislapp.com.br\/index.php\/wp-json\/wp\/v2\/users\/1"}],"replies":[{"embeddable":true,"href":"https:\/\/www.legislapp.com.br\/index.php\/wp-json\/wp\/v2\/comments?post=9172"}],"version-history":[{"count":0,"href":"https:\/\/www.legislapp.com.br\/index.php\/wp-json\/wp\/v2\/pages\/9172\/revisions"}],"wp:attachment":[{"href":"https:\/\/www.legislapp.com.br\/index.php\/wp-json\/wp\/v2\/media?parent=9172"}],"curies":[{"name":"wp","href":"https:\/\/api.w.org\/{rel}","templated":true}]}}