{"id":9498,"date":"2025-10-29T10:21:50","date_gmt":"2025-10-29T13:21:50","guid":{"rendered":"https:\/\/www.legislapp.com.br\/index.php\/cam-legislativa-de-mg-pl-3470-2025\/"},"modified":"2025-10-29T10:21:50","modified_gmt":"2025-10-29T13:21:50","slug":"cam-legislativa-de-mg-pl-3470-2025","status":"publish","type":"page","link":"https:\/\/www.legislapp.com.br\/index.php\/cam-legislativa-de-mg-pl-3470-2025\/","title":{"rendered":"PL 3470\/2025 &#8211; Deputados"},"content":{"rendered":"<h1 style='text-align: center;'>C\u00e2m. Legislativa de MG &#8211; Autoria de Deputados<\/h3>\n<p><\/p>\n<article style='text-align: center'>Disp\u00f5e sobre medidas de seguran\u00e7a para usu\u00e1rios e motoristas de<br \/>\naplicativos de transportes de passageiros no Estado.<\/article>\n<p><\/p>\n<p style='text-align: center'><a href='https:\/\/app.legislapp.com.br\/#\/busca?termo='><\/a><\/p>\n<p><\/p>\n<article>Disp\u00f5e sobre medidas de seguran\u00e7a para usu\u00e1rios e motoristas de aplicativos de transportes de passageiros no Estado de Minas Gerais.<br \/>\nA Assembleia Legislativa do Estado de Minas Gerais decreta:<br \/>\nArt. 1\u00ba \u2013 Para os fins desta lei, entende-se por transporte remunerado privado individual de passageiros o servi\u00e7o remunerado de transporte de passageiros, n\u00e3o aberto ao p\u00fablico, para a realiza\u00e7\u00e3o de viagens individualizadas ou compartilhadas solicitadas exclusivamente por usu\u00e1rios previamente cadastrados em aplicativos ou outras plataformas de comunica\u00e7\u00e3o em rede, nos termos do art. 4\u00ba, inciso X, da Lei Federal n\u00ba 12.587, de 3 de janeiro de 2012.<br \/>\nArt. 2\u00ba \u2013 As empresas de aplicativos de transporte de passageiros ficam obrigadas a realizar o cadastro de usu\u00e1rios e motoristas, exigindo os seguintes documentos e informa\u00e7\u00f5es:<br \/>\nI \u2013 dos usu\u00e1rios:<br \/>\na) documento de identifica\u00e7\u00e3o oficial com foto (RG, CNH ou outro) v\u00e1lido;<br \/>\nb) Cadastro de Pessoa F\u00edsica (CPF), dispens\u00e1vel para estrangeiros;<br \/>\nII \u2013 dos motoristas:<br \/>\na) documento de identifica\u00e7\u00e3o oficial com foto (RG, CNH ou outro) v\u00e1lido;<br \/>\nb) Cadastro de Pessoa F\u00edsica (CPF);<br \/>\nc) certid\u00e3o de antecedentes criminais.<br \/>\nArt. 3\u00ba \u2013 Os aplicativos poder\u00e3o realizar reconhecimento facial pr\u00e9vio dos usu\u00e1rios e motoristas, por meio dos dispositivos m\u00f3veis cadastrados, antes do in\u00edcio de cada viagem contratada, ou em momentos alternados.<br \/>\nArt. 4\u00ba \u2013 \u00c9 vedado aos usu\u00e1rios e motoristas utilizarem dados ou dispositivos de terceiros n\u00e3o cadastrados para acessar os aplicativos, sob pena de san\u00e7\u00f5es civis e penais cab\u00edveis.<br \/>\nArt. 5\u00ba \u2013 Os respons\u00e1veis pelas plataformas e\/ou as entidades associativas dos profissionais de transporte de passageiros por aplicativos poder\u00e3o disponibilizar dispositivos de seguran\u00e7a para motoristas e usu\u00e1rios, capazes de emitir alerta de amea\u00e7a em tempo e localiza\u00e7\u00e3o reais a uma unidade policial, tais como:<br \/>\nI \u2013 bot\u00e3o de p\u00e2nico, que emitir\u00e1 alerta \u00e0 central da Pol\u00edcia Militar do Estado de Minas Gerais, identificando o ve\u00edculo, condutor, placa e sua localiza\u00e7\u00e3o;<br \/>\nII \u2013 central de monitoramento interligado com \u00f3rg\u00e3o de Seguran\u00e7a P\u00fablica do Estado de Minas Gerais;<br \/>\nIII \u2013  equipamento rastreador.<br \/>\nArt. 6\u00ba \u2013 Ficam os respons\u00e1veis ou propriet\u00e1rios autorizados a instalar c\u00e2meras internas em seus ve\u00edculos particulares utilizados para transportes de passageiros via aplicativos, observando os seguintes procedimentos, caso optem pela instala\u00e7\u00e3o:<br \/>\nI \u2013 dever\u00e3o ser colocadas na parte frontal interna, possibilitando a captura de imagens e sons de todo o interior do ve\u00edculo;<br \/>\nII \u2013 ser\u00e3o acionadas do momento em que o motorista ligar o aplicativo iniciando o trabalho, at\u00e9 o momento em que finalizar a corrida;<br \/>\nIII \u2013 armazenar\u00e3o as imagens e sons pelo prazo de 30 dias, ap\u00f3s a grava\u00e7\u00e3o, para livre acesso dos \u00f3rg\u00e3os de seguran\u00e7a p\u00fablica do Estado;<br \/>\nIV \u2013 dever\u00e1 constar no ve\u00edculo, em local vis\u00edvel, adesivo com informa\u00e7\u00f5es que indiquem ao usu\u00e1rio que ele est\u00e1 sendo filmado e monitorado por \u00e1udio.<br \/>\nArt. 7\u00ba \u2013 Caber\u00e1 \u00e0s empresas respons\u00e1veis pelos aplicativos, no ato do cadastramento do ve\u00edculo, assegurar-se de que o cadastrado atende aos requisitos previstos nesta Lei, bem como nas normas brasileiras de tr\u00e2nsito.<br \/>\nArt. 8\u00ba \u2013 Os aplicativos de transporte conter\u00e3o o hist\u00f3rico de cada motorista e usu\u00e1rio, interligados \u00e0 Secretaria de Estado de Seguran\u00e7a P\u00fablica via sistema, de modo a dar publicidade \u00e0 vida pregressa destes, com exce\u00e7\u00e3o dos casos sob sigilo.<br \/>\nArt. 9\u00ba \u2013 A Administra\u00e7\u00e3o P\u00fablica Estadual poder\u00e1 adotar medidas de incentivo \u00e0 seguran\u00e7a para os motoristas de aplicativos, especialmente:<br \/>\nI \u2013 veiculando campanha educativa de preven\u00e7\u00e3o de acidentes de tr\u00e2nsito envolvendo motociclistas e demais condutores de ve\u00edculos de aplicativos;<br \/>\nII \u2013 desenvolvendo programa de acompanhamento e tratamento destes profissionais v\u00edtimas de acidentes de trabalho;<br \/>\nIII \u2013 instituindo o programa de aperfei\u00e7oamento para melhoria na presta\u00e7\u00e3o de servi\u00e7o destes profissionais;<br \/>\nIV \u2013 adotando medidas de incentivos fiscais e tribut\u00e1rios, bem como linhas de cr\u00e9dito, a fim de possibilitar a renova\u00e7\u00e3o da frota das motocicletas e demais ve\u00edculos de aplicativos.<br \/>\nArt. 10 \u2013 Compete aos motoristas de ve\u00edculos de aplicativos de transportes de passageiros:<br \/>\nI \u2013 aceitar e\/ou recusar a corrida, caso verifique que o passageiro apresente sinais de embriaguez e\/ou uso de subst\u00e2ncias psicoativas, que possam comprometer a sua livre manifesta\u00e7\u00e3o de vontade;<br \/>\nII \u2013 se no decorrer do percurso, o (a) passageiro (a) vier a apresentar problemas vis\u00edveis de sa\u00fade, tais como mal-estar, convuls\u00f5es, desmaio, entre outros, os respectivos condutores de aplicativos devem, de imediato, acionar uma unidade do SAMU, Corpo de Bombeiros ou encaminhar para uma unidade p\u00fablica de sa\u00fade ou da Pol\u00edcia mais pr\u00f3xima, sob pena de omiss\u00e3o de socorro.<br \/>\nArt. 11 \u2013 O descumprimento do disposto nesta lei sujeitar\u00e1 \u00e0s empresas envolvidas, san\u00e7\u00f5es de natureza administrativa, civil ou penal cab\u00edveis.<br \/>\nPar\u00e1grafo \u00fanico \u2013 Incumbir\u00e1 ao Poder Executivo Estadual definir, por meio de seus \u00f3rg\u00e3os competentes, como promover\u00e1 o registro da ocorr\u00eancia, apurar\u00e1 o fato e aplicar\u00e1 san\u00e7\u00f5es aos infratores.<br \/>\nArt. 12 \u2013 Fica criado o Programa Vigia Mais Motoristas por Aplicativos e seu cadastramento no \u00e2mbito do Estado de Minas Gerais, por meio de aplicativo de localiza\u00e7\u00e3o gerido e coordenado pelas for\u00e7as da seguran\u00e7a e\/ou Secretaria de Estado de Seguran\u00e7a P\u00fablica e suas subdivis\u00f5es, visando ao monitoramento eletr\u00f4nico de motoristas por aplicativos em todo o Estado de Minas Gerais.<br \/>\nArt. 13 \u2013 Caber\u00e1 ao Poder Executivo regulamentar a presente lei em todos os aspectos necess\u00e1rios para a sua efetiva aplica\u00e7\u00e3o, cabendo ainda fiscalizar o seu cumprimento.<br \/>\nArt. 14 \u2013 Esta lei entra em vigor ap\u00f3s 180 dias da data de sua publica\u00e7\u00e3o.<br \/>\nSala das Reuni\u00f5es, 13 de fevereiro de 2025.<br \/>\nCharles Santos (Republicanos)<br \/>\nJustifica\u00e7\u00e3o: O presente projeto de lei tem como objetivo estabelecer medidas de seguran\u00e7a para os usu\u00e1rios e motoristas de aplicativos de transporte de passageiros no Estado de Minas Gerais.  A crescente demanda por esse tipo de servi\u00e7o exige regulamenta\u00e7\u00e3o espec\u00edfica para garantir a seguran\u00e7a e o bem-estar dos envolvidos.<br \/>\nA proposta busca fortalecer os mecanismos de identifica\u00e7\u00e3o e controle, impondo \u00e0s empresas de aplicativos a obrigatoriedade de realizar o cadastro de motoristas e usu\u00e1rios, mediante apresenta\u00e7\u00e3o de documentos pessoais e certid\u00e3o de antecedentes criminais. Al\u00e9m disso, a utiliza\u00e7\u00e3o de reconhecimento facial em momentos estrat\u00e9gicos visa coibir fraudes e acessos indevidos aos aplicativos, promovendo um ambiente mais seguro para passageiros e condutores.<br \/>\nOutro ponto fundamental da legisla\u00e7\u00e3o proposta \u00e9 a implementa\u00e7\u00e3o de dispositivos de seguran\u00e7a, como bot\u00e3o de p\u00e2nico, monitoramento interligado com \u00f3rg\u00e3os de seguran\u00e7a p\u00fablica e rastreamento de ve\u00edculos. Essas medidas proporcionar\u00e3o respostas r\u00e1pidas a situa\u00e7\u00f5es de emerg\u00eancia, prevenindo crimes e reduzindo os riscos enfrentados pelos profissionais e passageiros do setor.<br \/>\nA permiss\u00e3o para instala\u00e7\u00e3o de c\u00e2meras internas nos ve\u00edculos tamb\u00e9m \u00e9 um avan\u00e7o significativo na seguran\u00e7a do servi\u00e7o. Com a capta\u00e7\u00e3o de imagens e \u00e1udios, a fiscaliza\u00e7\u00e3o dos \u00f3rg\u00e3os competentes ser\u00e1 facilitada, inibindo poss\u00edveis pr\u00e1ticas criminosas.<br \/>\nA interliga\u00e7\u00e3o dos aplicativos com a Secretaria de Estado de Seguran\u00e7a P\u00fablica permitir\u00e1 o armazenamento de hist\u00f3rico de motoristas e usu\u00e1rios, garantindo maior transpar\u00eancia e seguran\u00e7a no uso das plataformas. Ademais, o projeto prop\u00f5e incentivos para motoristas de aplicativos, incluindo campanhas educativas, acompanhamento de profissionais v\u00edtimas de acidentes e medidas de est\u00edmulo \u00e0 renova\u00e7\u00e3o da frota.<br \/>\nO projeto de lei tamb\u00e9m imp\u00f5e aos motoristas responsabilidades adicionais, como a possibilidade de recusa de passageiros em estado alterado por \u00e1lcool ou drogas e a obriga\u00e7\u00e3o de prestar socorro em casos de emerg\u00eancia m\u00e9dica durante a viagem.<br \/>\nDessa forma, a presente proposta visa garantir mais seguran\u00e7a e confiabilidade ao servi\u00e7o de transporte por aplicativos, beneficiando tanto os motoristas quanto os passageiros, e contribuindo para a redu\u00e7\u00e3o dos \u00edndices de viol\u00eancia e acidentes no setor.<br \/>\nDiante do exposto, contamos com o apoio dos nobres parlamentares para a aprova\u00e7\u00e3o desta importante iniciativa.<br \/>\n\u2013 Publicado, vai o projeto \u00e0s Comiss\u00f5es de Justi\u00e7a, de Transporte, de Seguran\u00e7a P\u00fablica e de Fiscaliza\u00e7\u00e3o Financeira para parecer, nos termos do art. 188, c\/c o art. 102, do Regimento Interno.<\/article>\n<div style=\"text-align: center\">\n<div style=\"margin-bottom: 20px;\" class=\"et_pb_button_module_wrapper et_pb_button_5_tb_body_wrapper et_pb_button_alignment_center et_pb_module \">\n         <a class=\"et_pb_button et_pb_button_5_tb_body et_hover_enabled et_pb_bg_layout_dark\" style=\"width: 50%;background-color: black;\" href=\"https:\/\/app.legislapp.com.br\" target=\"_blank\" rel=\"noopener\">Visualizar completo na nossa plataforma (30 dias gr\u00e1tis)<\/a><\/p><\/div>\n<p>      <a href=\"https:\/\/play.google.com\/store\/apps\/details?id=br.com.legislapp\"><img decoding=\"async\" style=\"width: 15%; min-width: 130px;\" src=\"https:\/\/www.legislapp.com.br\/wp-content\/uploads\/google-play.png\"><\/a><br \/>\n      <a href=\"https:\/\/apps.apple.com\/us\/app\/legislapp\/id1568929859\"><img decoding=\"async\" style=\"width: 15%; min-width: 130px\" src=\"https:\/\/www.legislapp.com.br\/wp-content\/uploads\/apple-store.png\"><\/a>\n   <\/div>\n","protected":false},"excerpt":{"rendered":"<p>C\u00e2m. Legislativa de MG &#8211; Autoria de Deputados Disp\u00f5e sobre medidas de seguran\u00e7a para usu\u00e1rios e motoristas de aplicativos de transportes de passageiros no Estado. Disp\u00f5e sobre medidas de seguran\u00e7a para usu\u00e1rios e motoristas de aplicativos de transportes de passageiros no Estado de Minas Gerais. A Assembleia Legislativa do Estado de Minas Gerais decreta: Art. [&hellip;]<\/p>\n","protected":false},"author":1,"featured_media":0,"parent":0,"menu_order":0,"comment_status":"closed","ping_status":"closed","template":"page-template-blank.php","meta":{"_et_pb_use_builder":"","_et_pb_old_content":"","_et_gb_content_width":"1080","ngg_post_thumbnail":0,"footnotes":""},"class_list":["post-9498","page","type-page","status-publish","hentry"],"yoast_head":"<!-- This site is optimized with the Yoast SEO plugin v24.4 - https:\/\/yoast.com\/wordpress\/plugins\/seo\/ -->\n<title>PL 3470\/2025 - Deputados - Legislapp<\/title>\n<meta name=\"robots\" content=\"index, follow, max-snippet:-1, max-image-preview:large, max-video-preview:-1\" \/>\n<link rel=\"canonical\" href=\"https:\/\/www.legislapp.com.br\/index.php\/cam-legislativa-de-mg-pl-3470-2025\/\" \/>\n<meta property=\"og:locale\" content=\"pt_BR\" \/>\n<meta property=\"og:type\" content=\"article\" \/>\n<meta property=\"og:title\" content=\"PL 3470\/2025 - Deputados - Legislapp\" \/>\n<meta property=\"og:description\" content=\"C\u00e2m. Legislativa de MG &#8211; Autoria de Deputados Disp\u00f5e sobre medidas de seguran\u00e7a para usu\u00e1rios e motoristas de aplicativos de transportes de passageiros no Estado. Disp\u00f5e sobre medidas de seguran\u00e7a para usu\u00e1rios e motoristas de aplicativos de transportes de passageiros no Estado de Minas Gerais. A Assembleia Legislativa do Estado de Minas Gerais decreta: Art. [&hellip;]\" \/>\n<meta property=\"og:url\" content=\"https:\/\/www.legislapp.com.br\/index.php\/cam-legislativa-de-mg-pl-3470-2025\/\" \/>\n<meta property=\"og:site_name\" content=\"Legislapp\" \/>\n<meta property=\"article:publisher\" content=\"https:\/\/www.instagram.com\/legislapp\/\" \/>\n<meta property=\"og:image\" content=\"https:\/\/www.legislapp.com.br\/wp-content\/uploads\/google-play.png\" \/>\n<meta name=\"twitter:card\" content=\"summary_large_image\" \/>\n<meta name=\"twitter:label1\" content=\"Est. tempo de leitura\" \/>\n\t<meta name=\"twitter:data1\" content=\"7 minutos\" \/>\n<script type=\"application\/ld+json\" class=\"yoast-schema-graph\">{\"@context\":\"https:\/\/schema.org\",\"@graph\":[{\"@type\":\"WebPage\",\"@id\":\"https:\/\/www.legislapp.com.br\/index.php\/cam-legislativa-de-mg-pl-3470-2025\/\",\"url\":\"https:\/\/www.legislapp.com.br\/index.php\/cam-legislativa-de-mg-pl-3470-2025\/\",\"name\":\"PL 3470\/2025 - Deputados - Legislapp\",\"isPartOf\":{\"@id\":\"https:\/\/www.legislapp.com.br\/#website\"},\"primaryImageOfPage\":{\"@id\":\"https:\/\/www.legislapp.com.br\/index.php\/cam-legislativa-de-mg-pl-3470-2025\/#primaryimage\"},\"image\":{\"@id\":\"https:\/\/www.legislapp.com.br\/index.php\/cam-legislativa-de-mg-pl-3470-2025\/#primaryimage\"},\"thumbnailUrl\":\"https:\/\/www.legislapp.com.br\/wp-content\/uploads\/google-play.png\",\"datePublished\":\"2025-10-29T13:21:50+00:00\",\"breadcrumb\":{\"@id\":\"https:\/\/www.legislapp.com.br\/index.php\/cam-legislativa-de-mg-pl-3470-2025\/#breadcrumb\"},\"inLanguage\":\"pt-BR\",\"potentialAction\":[{\"@type\":\"ReadAction\",\"target\":[\"https:\/\/www.legislapp.com.br\/index.php\/cam-legislativa-de-mg-pl-3470-2025\/\"]}]},{\"@type\":\"ImageObject\",\"inLanguage\":\"pt-BR\",\"@id\":\"https:\/\/www.legislapp.com.br\/index.php\/cam-legislativa-de-mg-pl-3470-2025\/#primaryimage\",\"url\":\"https:\/\/www.legislapp.com.br\/wp-content\/uploads\/google-play.png\",\"contentUrl\":\"https:\/\/www.legislapp.com.br\/wp-content\/uploads\/google-play.png\",\"width\":564,\"height\":168},{\"@type\":\"BreadcrumbList\",\"@id\":\"https:\/\/www.legislapp.com.br\/index.php\/cam-legislativa-de-mg-pl-3470-2025\/#breadcrumb\",\"itemListElement\":[{\"@type\":\"ListItem\",\"position\":1,\"name\":\"In\u00edcio\",\"item\":\"https:\/\/www.legislapp.com.br\/\"},{\"@type\":\"ListItem\",\"position\":2,\"name\":\"PL 3470\/2025 &#8211; Deputados\"}]},{\"@type\":\"WebSite\",\"@id\":\"https:\/\/www.legislapp.com.br\/#website\",\"url\":\"https:\/\/www.legislapp.com.br\/\",\"name\":\"Legislapp\",\"description\":\"Intelig\u00eancia governamental em tempo real\",\"publisher\":{\"@id\":\"https:\/\/www.legislapp.com.br\/#organization\"},\"potentialAction\":[{\"@type\":\"SearchAction\",\"target\":{\"@type\":\"EntryPoint\",\"urlTemplate\":\"https:\/\/www.legislapp.com.br\/?s={search_term_string}\"},\"query-input\":{\"@type\":\"PropertyValueSpecification\",\"valueRequired\":true,\"valueName\":\"search_term_string\"}}],\"inLanguage\":\"pt-BR\"},{\"@type\":\"Organization\",\"@id\":\"https:\/\/www.legislapp.com.br\/#organization\",\"name\":\"Legislapp Monitoramento e Intelig\u00eancia Governamental\",\"url\":\"https:\/\/www.legislapp.com.br\/\",\"logo\":{\"@type\":\"ImageObject\",\"inLanguage\":\"pt-BR\",\"@id\":\"https:\/\/www.legislapp.com.br\/#\/schema\/logo\/image\/\",\"url\":\"https:\/\/www.legislapp.com.br\/wp-content\/uploads\/icon.png\",\"contentUrl\":\"https:\/\/www.legislapp.com.br\/wp-content\/uploads\/icon.png\",\"width\":1024,\"height\":1024,\"caption\":\"Legislapp Monitoramento e Intelig\u00eancia Governamental\"},\"image\":{\"@id\":\"https:\/\/www.legislapp.com.br\/#\/schema\/logo\/image\/\"},\"sameAs\":[\"https:\/\/www.instagram.com\/legislapp\/\"]}]}<\/script>\n<!-- \/ Yoast SEO plugin. -->","yoast_head_json":{"title":"PL 3470\/2025 - Deputados - Legislapp","robots":{"index":"index","follow":"follow","max-snippet":"max-snippet:-1","max-image-preview":"max-image-preview:large","max-video-preview":"max-video-preview:-1"},"canonical":"https:\/\/www.legislapp.com.br\/index.php\/cam-legislativa-de-mg-pl-3470-2025\/","og_locale":"pt_BR","og_type":"article","og_title":"PL 3470\/2025 - Deputados - Legislapp","og_description":"C\u00e2m. Legislativa de MG &#8211; Autoria de Deputados Disp\u00f5e sobre medidas de seguran\u00e7a para usu\u00e1rios e motoristas de aplicativos de transportes de passageiros no Estado. Disp\u00f5e sobre medidas de seguran\u00e7a para usu\u00e1rios e motoristas de aplicativos de transportes de passageiros no Estado de Minas Gerais. A Assembleia Legislativa do Estado de Minas Gerais decreta: Art. [&hellip;]","og_url":"https:\/\/www.legislapp.com.br\/index.php\/cam-legislativa-de-mg-pl-3470-2025\/","og_site_name":"Legislapp","article_publisher":"https:\/\/www.instagram.com\/legislapp\/","og_image":[{"url":"https:\/\/www.legislapp.com.br\/wp-content\/uploads\/google-play.png","type":"","width":"","height":""}],"twitter_card":"summary_large_image","twitter_misc":{"Est. tempo de leitura":"7 minutos"},"schema":{"@context":"https:\/\/schema.org","@graph":[{"@type":"WebPage","@id":"https:\/\/www.legislapp.com.br\/index.php\/cam-legislativa-de-mg-pl-3470-2025\/","url":"https:\/\/www.legislapp.com.br\/index.php\/cam-legislativa-de-mg-pl-3470-2025\/","name":"PL 3470\/2025 - Deputados - Legislapp","isPartOf":{"@id":"https:\/\/www.legislapp.com.br\/#website"},"primaryImageOfPage":{"@id":"https:\/\/www.legislapp.com.br\/index.php\/cam-legislativa-de-mg-pl-3470-2025\/#primaryimage"},"image":{"@id":"https:\/\/www.legislapp.com.br\/index.php\/cam-legislativa-de-mg-pl-3470-2025\/#primaryimage"},"thumbnailUrl":"https:\/\/www.legislapp.com.br\/wp-content\/uploads\/google-play.png","datePublished":"2025-10-29T13:21:50+00:00","breadcrumb":{"@id":"https:\/\/www.legislapp.com.br\/index.php\/cam-legislativa-de-mg-pl-3470-2025\/#breadcrumb"},"inLanguage":"pt-BR","potentialAction":[{"@type":"ReadAction","target":["https:\/\/www.legislapp.com.br\/index.php\/cam-legislativa-de-mg-pl-3470-2025\/"]}]},{"@type":"ImageObject","inLanguage":"pt-BR","@id":"https:\/\/www.legislapp.com.br\/index.php\/cam-legislativa-de-mg-pl-3470-2025\/#primaryimage","url":"https:\/\/www.legislapp.com.br\/wp-content\/uploads\/google-play.png","contentUrl":"https:\/\/www.legislapp.com.br\/wp-content\/uploads\/google-play.png","width":564,"height":168},{"@type":"BreadcrumbList","@id":"https:\/\/www.legislapp.com.br\/index.php\/cam-legislativa-de-mg-pl-3470-2025\/#breadcrumb","itemListElement":[{"@type":"ListItem","position":1,"name":"In\u00edcio","item":"https:\/\/www.legislapp.com.br\/"},{"@type":"ListItem","position":2,"name":"PL 3470\/2025 &#8211; Deputados"}]},{"@type":"WebSite","@id":"https:\/\/www.legislapp.com.br\/#website","url":"https:\/\/www.legislapp.com.br\/","name":"Legislapp","description":"Intelig\u00eancia governamental em tempo real","publisher":{"@id":"https:\/\/www.legislapp.com.br\/#organization"},"potentialAction":[{"@type":"SearchAction","target":{"@type":"EntryPoint","urlTemplate":"https:\/\/www.legislapp.com.br\/?s={search_term_string}"},"query-input":{"@type":"PropertyValueSpecification","valueRequired":true,"valueName":"search_term_string"}}],"inLanguage":"pt-BR"},{"@type":"Organization","@id":"https:\/\/www.legislapp.com.br\/#organization","name":"Legislapp Monitoramento e Intelig\u00eancia Governamental","url":"https:\/\/www.legislapp.com.br\/","logo":{"@type":"ImageObject","inLanguage":"pt-BR","@id":"https:\/\/www.legislapp.com.br\/#\/schema\/logo\/image\/","url":"https:\/\/www.legislapp.com.br\/wp-content\/uploads\/icon.png","contentUrl":"https:\/\/www.legislapp.com.br\/wp-content\/uploads\/icon.png","width":1024,"height":1024,"caption":"Legislapp Monitoramento e Intelig\u00eancia Governamental"},"image":{"@id":"https:\/\/www.legislapp.com.br\/#\/schema\/logo\/image\/"},"sameAs":["https:\/\/www.instagram.com\/legislapp\/"]}]}},"_links":{"self":[{"href":"https:\/\/www.legislapp.com.br\/index.php\/wp-json\/wp\/v2\/pages\/9498","targetHints":{"allow":["GET"]}}],"collection":[{"href":"https:\/\/www.legislapp.com.br\/index.php\/wp-json\/wp\/v2\/pages"}],"about":[{"href":"https:\/\/www.legislapp.com.br\/index.php\/wp-json\/wp\/v2\/types\/page"}],"author":[{"embeddable":true,"href":"https:\/\/www.legislapp.com.br\/index.php\/wp-json\/wp\/v2\/users\/1"}],"replies":[{"embeddable":true,"href":"https:\/\/www.legislapp.com.br\/index.php\/wp-json\/wp\/v2\/comments?post=9498"}],"version-history":[{"count":0,"href":"https:\/\/www.legislapp.com.br\/index.php\/wp-json\/wp\/v2\/pages\/9498\/revisions"}],"wp:attachment":[{"href":"https:\/\/www.legislapp.com.br\/index.php\/wp-json\/wp\/v2\/media?parent=9498"}],"curies":[{"name":"wp","href":"https:\/\/api.w.org\/{rel}","templated":true}]}}