{"id":9618,"date":"2025-10-29T10:29:34","date_gmt":"2025-10-29T13:29:34","guid":{"rendered":"https:\/\/www.legislapp.com.br\/index.php\/cam-legislativa-de-mg-pl-4332-2025-2\/"},"modified":"2025-10-29T10:29:34","modified_gmt":"2025-10-29T13:29:34","slug":"cam-legislativa-de-mg-pl-4332-2025-2","status":"publish","type":"page","link":"https:\/\/www.legislapp.com.br\/index.php\/cam-legislativa-de-mg-pl-4332-2025-2\/","title":{"rendered":"PL 4332\/2025 &#8211; Deputados"},"content":{"rendered":"<h1 style='text-align: center;'>C\u00e2m. Legislativa de MG &#8211; Autoria de Deputados<\/h3>\n<p><\/p>\n<article style='text-align: center'>Reconhece como de relevante interesse cultural do Estado o Samba do Arco,<br \/>\nrealizado no Munic\u00edpio de Belo Horizonte.<\/article>\n<p><\/p>\n<p style='text-align: center'><a href='https:\/\/app.legislapp.com.br\/#\/busca?termo='><\/a><\/p>\n<p><\/p>\n<article>Reconhece como de relevante interesse cultural do Estado o Samba do Arco, do Munic\u00edpio de Belo Horizonte.<br \/>\nA Assembleia Legislativa do Estado de Minas Gerais decreta:<br \/>\nArt. 1\u00ba \u2013 Fica reconhecido como de relevante interesse cultural do Estado, nos termos da Lei n\u00ba 24.219, de 15 de julho de 2022, o Samba do Arco, do Munic\u00edpio de Belo Horizonte.<br \/>\nArt. 2\u00ba \u2013 O reconhecimento de que trata esta lei, conforme disp\u00f5e o art. 2\u00ba da Lei n\u00ba 24.219, de 2022, tem por objetivo valorizar bens, express\u00f5es e manifesta\u00e7\u00f5es culturais dos diferentes grupos formadores da sociedade mineira.<br \/>\nArt. 3\u00ba \u2013 Esta lei entra em vigor na data da sua publica\u00e7\u00e3o.<br \/>\nSala das Reuni\u00f5es, 2 de setembro de 2025.<br \/>\nBeatriz Cerqueira (PT), presidenta da Comiss\u00e3o de Educa\u00e7\u00e3o, Ci\u00eancia e Tecnologia.<br \/>\nJustifica\u00e7\u00e3o: Este projeto de lei tem como objetivo reconhecer o Samba do Arco como de relevante interesse cultural e significativa import\u00e2ncia social para o estado de Minas Gerais.<br \/>\nO Samba do Arco \u00e9 uma roda de samba realizada sob o Viaduto Santa Tereza, em Belo Horizonte, que ultrapassa o aspecto musical para se firmar como um movimento cultural representativo do samba mineiro. Re\u00fane artistas de diferentes gera\u00e7\u00f5es, promovendo um ambiente aberto e plural. Criado em setembro de 2024, o projeto utiliza um espa\u00e7o p\u00fablico hist\u00f3rico para fortalecer a cultura popular, valorizar a identidade local e promover a inclus\u00e3o social, conectando diversas hist\u00f3rias e vozes por meio da arte.<br \/>\nO Viaduto Santa Tereza, constru\u00eddo em 1929, \u00e9 um s\u00edmbolo importante da cidade, ligando bairros e representando a uni\u00e3o entre passado e presente. A ocupa\u00e7\u00e3o desse local pelo Samba do Arco \u00e9 uma forma de resist\u00eancia cultural, que reafirma a import\u00e2ncia da diversidade art\u00edstica e da preserva\u00e7\u00e3o dos espa\u00e7os p\u00fablicos como locais de conviv\u00eancia e express\u00e3o cultural.<br \/>\nAl\u00e9m de democratizar o acesso \u00e0 cultura, ao oferecer eventos gratuitos e abertos a todos, o projeto tamb\u00e9m cria oportunidades para artistas locais, incluindo tanto nomes consagrados quanto novos talentos. Isso contribui para o fortalecimento da cena cultural de Belo Horizonte, que enfrenta desafios para a circula\u00e7\u00e3o de projetos autorais.<br \/>\nO Samba do Arco tamb\u00e9m \u00e9 um espa\u00e7o para a reflex\u00e3o sobre temas sociais relevantes, como a diversidade, a justi\u00e7a social e a mem\u00f3ria cultural. Por meio da arte, o evento fomenta o di\u00e1logo e o engajamento comunit\u00e1rio.<br \/>\nAdemais, a iniciativa promove a revitaliza\u00e7\u00e3o urbana do Viaduto Santa Tereza, transformando-o em um ambiente acolhedor, preservado e prop\u00edcio \u00e0 celebra\u00e7\u00e3o da identidade coletiva.<br \/>\nPor fim, o projeto representa uma forma de resist\u00eancia cultural e pol\u00edtica, destacando o papel do samba como instrumento de transforma\u00e7\u00e3o social e reafirma\u00e7\u00e3o dos direitos culturais.<br \/>\nDiante do exposto, solicito o apoio desta Casa Legislativa para a aprova\u00e7\u00e3o do presente projeto de lei, que visa reconhecer e valorizar o Samba do Arco como de relevante interesse cultural do estado de Minas Gerais.<br \/>\n\u2013 Publicado, vai o projeto \u00e0s Comiss\u00f5es de Justi\u00e7a e de Cultura para parecer, nos termos do art. 188, c\/c o art. 102, do Regimento Interno.<\/article>\n<div style=\"text-align: center\">\n<div style=\"margin-bottom: 20px;\" class=\"et_pb_button_module_wrapper et_pb_button_5_tb_body_wrapper et_pb_button_alignment_center et_pb_module \">\n         <a class=\"et_pb_button et_pb_button_5_tb_body et_hover_enabled et_pb_bg_layout_dark\" style=\"width: 50%;background-color: black;\" href=\"https:\/\/app.legislapp.com.br\" target=\"_blank\" rel=\"noopener\">Visualizar completo na nossa plataforma (30 dias gr\u00e1tis)<\/a><\/p><\/div>\n<p>      <a href=\"https:\/\/play.google.com\/store\/apps\/details?id=br.com.legislapp\"><img decoding=\"async\" style=\"width: 15%; min-width: 130px;\" src=\"https:\/\/www.legislapp.com.br\/wp-content\/uploads\/google-play.png\"><\/a><br \/>\n      <a href=\"https:\/\/apps.apple.com\/us\/app\/legislapp\/id1568929859\"><img decoding=\"async\" style=\"width: 15%; min-width: 130px\" src=\"https:\/\/www.legislapp.com.br\/wp-content\/uploads\/apple-store.png\"><\/a>\n   <\/div>\n","protected":false},"excerpt":{"rendered":"<p>C\u00e2m. Legislativa de MG &#8211; Autoria de Deputados Reconhece como de relevante interesse cultural do Estado o Samba do Arco, realizado no Munic\u00edpio de Belo Horizonte. Reconhece como de relevante interesse cultural do Estado o Samba do Arco, do Munic\u00edpio de Belo Horizonte. A Assembleia Legislativa do Estado de Minas Gerais decreta: Art. 1\u00ba \u2013 [&hellip;]<\/p>\n","protected":false},"author":1,"featured_media":0,"parent":0,"menu_order":0,"comment_status":"closed","ping_status":"closed","template":"page-template-blank.php","meta":{"_et_pb_use_builder":"","_et_pb_old_content":"","_et_gb_content_width":"1080","ngg_post_thumbnail":0,"footnotes":""},"class_list":["post-9618","page","type-page","status-publish","hentry"],"yoast_head":"<!-- This site is optimized with the Yoast SEO plugin v24.4 - https:\/\/yoast.com\/wordpress\/plugins\/seo\/ -->\n<title>PL 4332\/2025 - Deputados - Legislapp<\/title>\n<meta name=\"robots\" content=\"index, follow, max-snippet:-1, max-image-preview:large, max-video-preview:-1\" \/>\n<link rel=\"canonical\" href=\"https:\/\/www.legislapp.com.br\/index.php\/cam-legislativa-de-mg-pl-4332-2025-2\/\" \/>\n<meta property=\"og:locale\" content=\"pt_BR\" \/>\n<meta property=\"og:type\" content=\"article\" \/>\n<meta property=\"og:title\" content=\"PL 4332\/2025 - Deputados - Legislapp\" \/>\n<meta property=\"og:description\" content=\"C\u00e2m. Legislativa de MG &#8211; Autoria de Deputados Reconhece como de relevante interesse cultural do Estado o Samba do Arco, realizado no Munic\u00edpio de Belo Horizonte. Reconhece como de relevante interesse cultural do Estado o Samba do Arco, do Munic\u00edpio de Belo Horizonte. A Assembleia Legislativa do Estado de Minas Gerais decreta: Art. 1\u00ba \u2013 [&hellip;]\" \/>\n<meta property=\"og:url\" content=\"https:\/\/www.legislapp.com.br\/index.php\/cam-legislativa-de-mg-pl-4332-2025-2\/\" \/>\n<meta property=\"og:site_name\" content=\"Legislapp\" \/>\n<meta property=\"article:publisher\" content=\"https:\/\/www.instagram.com\/legislapp\/\" \/>\n<meta property=\"og:image\" content=\"https:\/\/www.legislapp.com.br\/wp-content\/uploads\/google-play.png\" \/>\n<meta name=\"twitter:card\" content=\"summary_large_image\" \/>\n<meta name=\"twitter:label1\" content=\"Est. tempo de leitura\" \/>\n\t<meta name=\"twitter:data1\" content=\"3 minutos\" \/>\n<script type=\"application\/ld+json\" class=\"yoast-schema-graph\">{\"@context\":\"https:\/\/schema.org\",\"@graph\":[{\"@type\":\"WebPage\",\"@id\":\"https:\/\/www.legislapp.com.br\/index.php\/cam-legislativa-de-mg-pl-4332-2025-2\/\",\"url\":\"https:\/\/www.legislapp.com.br\/index.php\/cam-legislativa-de-mg-pl-4332-2025-2\/\",\"name\":\"PL 4332\/2025 - Deputados - Legislapp\",\"isPartOf\":{\"@id\":\"https:\/\/www.legislapp.com.br\/#website\"},\"primaryImageOfPage\":{\"@id\":\"https:\/\/www.legislapp.com.br\/index.php\/cam-legislativa-de-mg-pl-4332-2025-2\/#primaryimage\"},\"image\":{\"@id\":\"https:\/\/www.legislapp.com.br\/index.php\/cam-legislativa-de-mg-pl-4332-2025-2\/#primaryimage\"},\"thumbnailUrl\":\"https:\/\/www.legislapp.com.br\/wp-content\/uploads\/google-play.png\",\"datePublished\":\"2025-10-29T13:29:34+00:00\",\"breadcrumb\":{\"@id\":\"https:\/\/www.legislapp.com.br\/index.php\/cam-legislativa-de-mg-pl-4332-2025-2\/#breadcrumb\"},\"inLanguage\":\"pt-BR\",\"potentialAction\":[{\"@type\":\"ReadAction\",\"target\":[\"https:\/\/www.legislapp.com.br\/index.php\/cam-legislativa-de-mg-pl-4332-2025-2\/\"]}]},{\"@type\":\"ImageObject\",\"inLanguage\":\"pt-BR\",\"@id\":\"https:\/\/www.legislapp.com.br\/index.php\/cam-legislativa-de-mg-pl-4332-2025-2\/#primaryimage\",\"url\":\"https:\/\/www.legislapp.com.br\/wp-content\/uploads\/google-play.png\",\"contentUrl\":\"https:\/\/www.legislapp.com.br\/wp-content\/uploads\/google-play.png\",\"width\":564,\"height\":168},{\"@type\":\"BreadcrumbList\",\"@id\":\"https:\/\/www.legislapp.com.br\/index.php\/cam-legislativa-de-mg-pl-4332-2025-2\/#breadcrumb\",\"itemListElement\":[{\"@type\":\"ListItem\",\"position\":1,\"name\":\"In\u00edcio\",\"item\":\"https:\/\/www.legislapp.com.br\/\"},{\"@type\":\"ListItem\",\"position\":2,\"name\":\"PL 4332\/2025 &#8211; Deputados\"}]},{\"@type\":\"WebSite\",\"@id\":\"https:\/\/www.legislapp.com.br\/#website\",\"url\":\"https:\/\/www.legislapp.com.br\/\",\"name\":\"Legislapp\",\"description\":\"Intelig\u00eancia governamental em tempo real\",\"publisher\":{\"@id\":\"https:\/\/www.legislapp.com.br\/#organization\"},\"potentialAction\":[{\"@type\":\"SearchAction\",\"target\":{\"@type\":\"EntryPoint\",\"urlTemplate\":\"https:\/\/www.legislapp.com.br\/?s={search_term_string}\"},\"query-input\":{\"@type\":\"PropertyValueSpecification\",\"valueRequired\":true,\"valueName\":\"search_term_string\"}}],\"inLanguage\":\"pt-BR\"},{\"@type\":\"Organization\",\"@id\":\"https:\/\/www.legislapp.com.br\/#organization\",\"name\":\"Legislapp Monitoramento e Intelig\u00eancia Governamental\",\"url\":\"https:\/\/www.legislapp.com.br\/\",\"logo\":{\"@type\":\"ImageObject\",\"inLanguage\":\"pt-BR\",\"@id\":\"https:\/\/www.legislapp.com.br\/#\/schema\/logo\/image\/\",\"url\":\"https:\/\/www.legislapp.com.br\/wp-content\/uploads\/icon.png\",\"contentUrl\":\"https:\/\/www.legislapp.com.br\/wp-content\/uploads\/icon.png\",\"width\":1024,\"height\":1024,\"caption\":\"Legislapp Monitoramento e Intelig\u00eancia Governamental\"},\"image\":{\"@id\":\"https:\/\/www.legislapp.com.br\/#\/schema\/logo\/image\/\"},\"sameAs\":[\"https:\/\/www.instagram.com\/legislapp\/\"]}]}<\/script>\n<!-- \/ Yoast SEO plugin. -->","yoast_head_json":{"title":"PL 4332\/2025 - Deputados - Legislapp","robots":{"index":"index","follow":"follow","max-snippet":"max-snippet:-1","max-image-preview":"max-image-preview:large","max-video-preview":"max-video-preview:-1"},"canonical":"https:\/\/www.legislapp.com.br\/index.php\/cam-legislativa-de-mg-pl-4332-2025-2\/","og_locale":"pt_BR","og_type":"article","og_title":"PL 4332\/2025 - Deputados - Legislapp","og_description":"C\u00e2m. Legislativa de MG &#8211; Autoria de Deputados Reconhece como de relevante interesse cultural do Estado o Samba do Arco, realizado no Munic\u00edpio de Belo Horizonte. Reconhece como de relevante interesse cultural do Estado o Samba do Arco, do Munic\u00edpio de Belo Horizonte. A Assembleia Legislativa do Estado de Minas Gerais decreta: Art. 1\u00ba \u2013 [&hellip;]","og_url":"https:\/\/www.legislapp.com.br\/index.php\/cam-legislativa-de-mg-pl-4332-2025-2\/","og_site_name":"Legislapp","article_publisher":"https:\/\/www.instagram.com\/legislapp\/","og_image":[{"url":"https:\/\/www.legislapp.com.br\/wp-content\/uploads\/google-play.png","type":"","width":"","height":""}],"twitter_card":"summary_large_image","twitter_misc":{"Est. tempo de leitura":"3 minutos"},"schema":{"@context":"https:\/\/schema.org","@graph":[{"@type":"WebPage","@id":"https:\/\/www.legislapp.com.br\/index.php\/cam-legislativa-de-mg-pl-4332-2025-2\/","url":"https:\/\/www.legislapp.com.br\/index.php\/cam-legislativa-de-mg-pl-4332-2025-2\/","name":"PL 4332\/2025 - Deputados - Legislapp","isPartOf":{"@id":"https:\/\/www.legislapp.com.br\/#website"},"primaryImageOfPage":{"@id":"https:\/\/www.legislapp.com.br\/index.php\/cam-legislativa-de-mg-pl-4332-2025-2\/#primaryimage"},"image":{"@id":"https:\/\/www.legislapp.com.br\/index.php\/cam-legislativa-de-mg-pl-4332-2025-2\/#primaryimage"},"thumbnailUrl":"https:\/\/www.legislapp.com.br\/wp-content\/uploads\/google-play.png","datePublished":"2025-10-29T13:29:34+00:00","breadcrumb":{"@id":"https:\/\/www.legislapp.com.br\/index.php\/cam-legislativa-de-mg-pl-4332-2025-2\/#breadcrumb"},"inLanguage":"pt-BR","potentialAction":[{"@type":"ReadAction","target":["https:\/\/www.legislapp.com.br\/index.php\/cam-legislativa-de-mg-pl-4332-2025-2\/"]}]},{"@type":"ImageObject","inLanguage":"pt-BR","@id":"https:\/\/www.legislapp.com.br\/index.php\/cam-legislativa-de-mg-pl-4332-2025-2\/#primaryimage","url":"https:\/\/www.legislapp.com.br\/wp-content\/uploads\/google-play.png","contentUrl":"https:\/\/www.legislapp.com.br\/wp-content\/uploads\/google-play.png","width":564,"height":168},{"@type":"BreadcrumbList","@id":"https:\/\/www.legislapp.com.br\/index.php\/cam-legislativa-de-mg-pl-4332-2025-2\/#breadcrumb","itemListElement":[{"@type":"ListItem","position":1,"name":"In\u00edcio","item":"https:\/\/www.legislapp.com.br\/"},{"@type":"ListItem","position":2,"name":"PL 4332\/2025 &#8211; Deputados"}]},{"@type":"WebSite","@id":"https:\/\/www.legislapp.com.br\/#website","url":"https:\/\/www.legislapp.com.br\/","name":"Legislapp","description":"Intelig\u00eancia governamental em tempo real","publisher":{"@id":"https:\/\/www.legislapp.com.br\/#organization"},"potentialAction":[{"@type":"SearchAction","target":{"@type":"EntryPoint","urlTemplate":"https:\/\/www.legislapp.com.br\/?s={search_term_string}"},"query-input":{"@type":"PropertyValueSpecification","valueRequired":true,"valueName":"search_term_string"}}],"inLanguage":"pt-BR"},{"@type":"Organization","@id":"https:\/\/www.legislapp.com.br\/#organization","name":"Legislapp Monitoramento e Intelig\u00eancia Governamental","url":"https:\/\/www.legislapp.com.br\/","logo":{"@type":"ImageObject","inLanguage":"pt-BR","@id":"https:\/\/www.legislapp.com.br\/#\/schema\/logo\/image\/","url":"https:\/\/www.legislapp.com.br\/wp-content\/uploads\/icon.png","contentUrl":"https:\/\/www.legislapp.com.br\/wp-content\/uploads\/icon.png","width":1024,"height":1024,"caption":"Legislapp Monitoramento e Intelig\u00eancia Governamental"},"image":{"@id":"https:\/\/www.legislapp.com.br\/#\/schema\/logo\/image\/"},"sameAs":["https:\/\/www.instagram.com\/legislapp\/"]}]}},"_links":{"self":[{"href":"https:\/\/www.legislapp.com.br\/index.php\/wp-json\/wp\/v2\/pages\/9618","targetHints":{"allow":["GET"]}}],"collection":[{"href":"https:\/\/www.legislapp.com.br\/index.php\/wp-json\/wp\/v2\/pages"}],"about":[{"href":"https:\/\/www.legislapp.com.br\/index.php\/wp-json\/wp\/v2\/types\/page"}],"author":[{"embeddable":true,"href":"https:\/\/www.legislapp.com.br\/index.php\/wp-json\/wp\/v2\/users\/1"}],"replies":[{"embeddable":true,"href":"https:\/\/www.legislapp.com.br\/index.php\/wp-json\/wp\/v2\/comments?post=9618"}],"version-history":[{"count":0,"href":"https:\/\/www.legislapp.com.br\/index.php\/wp-json\/wp\/v2\/pages\/9618\/revisions"}],"wp:attachment":[{"href":"https:\/\/www.legislapp.com.br\/index.php\/wp-json\/wp\/v2\/media?parent=9618"}],"curies":[{"name":"wp","href":"https:\/\/api.w.org\/{rel}","templated":true}]}}