{"id":9842,"date":"2025-12-01T10:44:20","date_gmt":"2025-12-01T13:44:20","guid":{"rendered":"https:\/\/www.legislapp.com.br\/index.php\/avulso-inicial-pl-4605-2025-camara\/"},"modified":"2025-12-01T10:44:20","modified_gmt":"2025-12-01T13:44:20","slug":"avulso-inicial-pl-4605-2025-camara","status":"publish","type":"page","link":"https:\/\/www.legislapp.com.br\/index.php\/avulso-inicial-pl-4605-2025-camara\/","title":{"rendered":"Avulso Inicial &#8211; PL 4605\/2025 &#8211; C\u00e2mara"},"content":{"rendered":"<h1 style='text-align: center;'>Avulso Inicial &#8211; Autoria de Prof. Reginaldo Veras<\/h3>\n<p><\/p>\n<article>C\u00c2MARA DOS DEPUTADOS<br \/>\nGabinete do Deputado Federal PROF. REGINALDO VERAS<br \/>\nPROJETO DE LEI N\u00ba       , DE 2025.<br \/>\n(Do Senhor Deputado PROF. REGINALDO VERAS)<br \/>\nAltera o art. 311-A do Decreto-Lei n\u00ba<br \/>\n2.848, de 7 de dezembro de 1940 &#8211;<br \/>\nC\u00f3digo Penal, para instituir a<br \/>\npenalidade de inabilita\u00e7\u00e3o para<br \/>\nparticipa\u00e7\u00e3o em novos certames.<br \/>\nO CONGRESSO NACIONAL decreta:<br \/>\nArt. 1\u00ba O Decreto-Lei n\u00ba 2.848, de 7 de dezembro de 1940 (C\u00f3digo<br \/>\nPenal), passa a vigorar acrescido do \u00a7 4\u00ba ao art. 311-A, com a seguinte<br \/>\nreda\u00e7\u00e3o:<br \/>\n\u201cArt.311-A&#8230;&#8230;&#8230;&#8230;&#8230;&#8230;&#8230;&#8230;&#8230;&#8230;&#8230;&#8230;&#8230;&#8230;&#8230;&#8230;&#8230;&#8230;&#8230;&#8230;&#8230;&#8230;&#8230;&#8230;&#8230;&#8230;&#8230;&#8230;&#8230;&#8230;&#8230;.<br \/>\n\u00a71\u00ba\u2026\u2026\u2026\u2026\u2026\u2026\u2026\u2026\u2026\u2026\u2026\u2026\u2026\u2026\u2026\u2026\u2026\u2026\u2026\u2026\u2026\u2026\u2026\u2026\u2026\u2026\u2026\u2026\u2026\u2026\u2026\u2026\u2026<br \/>\n\u2026\u2026\u2026\u2026\u2026\u2026\u2026\u2026\u2026\u2026\u2026\u2026\u2026\u2026\u2026\u2026\u2026\u2026\u2026\u2026\u2026\u2026\u2026\u2026\u2026\u2026\u2026\u2026\u2026\u2026\u2026&#8230;.\u2026\u2026\u2026<br \/>\n\u00a7 4\u00ba &#8211; Sem preju\u00edzo das demais san\u00e7\u00f5es, o condenado por qualquer dos crimes<br \/>\nprevistos neste artigo ficar\u00e1 inabilitado para participar, pelo prazo de 1 (um) a 3<br \/>\n(tr\u00eas) anos, a ser fixado pelo juiz na senten\u00e7a, de concursos p\u00fablicos,<br \/>\navalia\u00e7\u00f5es ou exames p\u00fablicos, processos seletivos para ingresso no ensino<br \/>\nsuperior e exames ou processos seletivos referentes a certifica\u00e7\u00e3o<br \/>\nprofissional.\u201d (NR)<br \/>\nArt. 2\u00ba Esta Lei entra em vigor na data de sua publica\u00e7\u00e3o.<br \/>\nPara verificar a assinatura, acesse https:\/\/infoleg-autenticidade-assinatura.camara.leg.br\/CD256889202200<br \/>\nAssinado eletronicamente pelo(a) Dep. Prof. Reginaldo Veras<br \/>\nApresenta\u00e7\u00e3o: 16\/09\/2025 16:47:15.480 &#8211; Mesa<br \/>\n*CD256889202200* PL n.4605\/2025<br \/>C\u00c2MARA DOS DEPUTADOS<br \/>\nGabinete do Deputado Federal PROF. REGINALDO VERAS<br \/>\nJUSTIFICATIVA<br \/>\nO presente Projeto de Lei visa aperfei\u00e7oar o tratamento jur\u00eddico aplic\u00e1vel<br \/>\naos crimes de fraude em concursos p\u00fablicos, exames e processos seletivos de<br \/>\ninteresse p\u00fablico, tipificados no artigo 311-A do C\u00f3digo Penal.<br \/>\nAtualmente, a legisla\u00e7\u00e3o prev\u00ea penas de reclus\u00e3o e multa para aqueles<br \/>\nque divulgam, utilizam ou permitem o acesso indevido a conte\u00fado sigiloso de<br \/>\ncertames, mas n\u00e3o contempla uma consequ\u00eancia que afete diretamente a<br \/>\nrela\u00e7\u00e3o do condenado com futuros processos seletivos.<br \/>\nA credibilidade dos concursos p\u00fablicos e exames de avalia\u00e7\u00e3o \u00e9 um pilar<br \/>\nessencial para a manuten\u00e7\u00e3o da confian\u00e7a da sociedade na Administra\u00e7\u00e3o<br \/>\nP\u00fablica. A cada fraude identificada, n\u00e3o apenas o certame \u00e9 comprometido,<br \/>\nmas tamb\u00e9m a expectativa leg\u00edtima de milhares de candidatos que dedicaram<br \/>\ntempo e recursos na prepara\u00e7\u00e3o.<br \/>\nA medida proposta tem car\u00e1ter preventivo e pedag\u00f3gico, ao estabelecer<br \/>\nque o condenado por esse tipo de crime ficar\u00e1 inabilitado, pelo prazo de 1 (um)<br \/>\na 3 (tr\u00eas) anos, para inscrever-se ou participar de novos concursos p\u00fablicos,<br \/>\nexames ou processos seletivos. Essa san\u00e7\u00e3o adicional, a ser aplicada pelo juiz<br \/>\nno momento da senten\u00e7a, refor\u00e7a a gravidade da conduta e desestimula<br \/>\npr\u00e1ticas fraudulentas que corroem a isonomia e a justi\u00e7a nos certames.<br \/>\nVale ressaltar que a inabilita\u00e7\u00e3o tempor\u00e1ria n\u00e3o elimina nem restringe o<br \/>\ndireito de acesso universal a cargos p\u00fablicos, previsto na Constitui\u00e7\u00e3o Federal,<br \/>\nmas atua de forma proporcional e razo\u00e1vel como efeito de uma condena\u00e7\u00e3o<br \/>\npenal transitada em julgado, assim como j\u00e1 ocorre em outras hip\u00f3teses legais<br \/>\nde restri\u00e7\u00e3o de direitos.<br \/>\nDessa forma, a presente iniciativa busca fortalecer a prote\u00e7\u00e3o \u00e0<br \/>\nmoralidade administrativa, \u00e0 lisura dos concursos p\u00fablicos e ao princ\u00edpio<br \/>\nPara verificar a assinatura, acesse https:\/\/infoleg-autenticidade-assinatura.camara.leg.br\/CD256889202200<br \/>\nAssinado eletronicamente pelo(a) Dep. Prof. Reginaldo Veras<br \/>\nApresenta\u00e7\u00e3o: 16\/09\/2025 16:47:15.480 &#8211; Mesa<br \/>\n*CD256889202200* PL n.4605\/2025<br \/>C\u00c2MARA DOS DEPUTADOS<br \/>\nGabinete do Deputado Federal PROF. REGINALDO VERAS<br \/>\nconstitucional da impessoalidade, garantindo maior seguran\u00e7a jur\u00eddica e justi\u00e7a<br \/>\naos candidatos.<br \/>\nDiante da relev\u00e2ncia da mat\u00e9ria e da necessidade de aprimoramento do<br \/>\nordenamento jur\u00eddico, conclamo o apoio dos nobres Parlamentares para a<br \/>\naprova\u00e7\u00e3o deste Projeto de Lei.<br \/>\nSala das Sess\u00f5es, em       de              de 2025.<br \/>\nDeputado PROF. REGINALDO VERAS<br \/>\n(PV\/DF)<br \/>\nPara verificar a assinatura, acesse https:\/\/infoleg-autenticidade-assinatura.camara.leg.br\/CD256889202200<br \/>\nAssinado eletronicamente pelo(a) Dep. Prof. Reginaldo Veras<br \/>\nApresenta\u00e7\u00e3o: 16\/09\/2025 16:47:15.480 &#8211; Mesa<br \/>\n*CD256889202200* PL n.4605\/2025<\/article>\n<p><a href='https:\/\/app.legislapp.com.br\/#\/busca?termo=Altera\u00e7\u00e3o'>Altera\u00e7\u00e3o<\/a>, <a href='https:\/\/app.legislapp.com.br\/#\/busca?termo=C\u00f3digo Penal (1940)'>C\u00f3digo Penal (1940)<\/a>, <a href='https:\/\/app.legislapp.com.br\/#\/busca?termo=Crime contra a f\u00e9 p\u00fablica'>Crime contra a f\u00e9 p\u00fablica<\/a>, <a href='https:\/\/app.legislapp.com.br\/#\/busca?termo=prazo'>prazo<\/a>, <a href='https:\/\/app.legislapp.com.br\/#\/busca?termo=proibi\u00e7\u00e3o'>proibi\u00e7\u00e3o<\/a>, <a href='https:\/\/app.legislapp.com.br\/#\/busca?termo=condenado'>condenado<\/a>, <a href='https:\/\/app.legislapp.com.br\/#\/busca?termo=fraude'>fraude<\/a>, <a href='https:\/\/app.legislapp.com.br\/#\/busca?termo=concurso p\u00fablico'>concurso p\u00fablico<\/a>, <a href='https:\/\/app.legislapp.com.br\/#\/busca?termo=Exame vestibular'>Exame vestibular<\/a>, <a href='https:\/\/app.legislapp.com.br\/#\/busca?termo=processo seletivo.'>processo seletivo.<\/a><\/p>\n<div style=\"text-align: center\">\n      <img decoding=\"async\" style=\"width: 14%;\" src=\"https:\/\/www.legislapp.com.br\/wp-content\/uploads\/2021\/07\/Logo-Legislapp-1-03-1.png\"><br \/>\n      <\/p>\n<div style=\"margin-bottom: 20px;\" class=\"et_pb_button_module_wrapper et_pb_button_5_tb_body_wrapper et_pb_button_alignment_center et_pb_module \">\n         <a class=\"et_pb_button et_pb_button_5_tb_body et_hover_enabled et_pb_bg_layout_dark\" style=\"width: 50%;background-color: black;\" href=\"https:\/\/app.legislapp.com.br\" target=\"_blank\" rel=\"noopener\">Visualizar completo na nossa plataforma (30 dias gr\u00e1tis)<\/a><\/p><\/div>\n<p>      <a href=\"https:\/\/play.google.com\/store\/apps\/details?id=br.com.legislapp\"><img decoding=\"async\" style=\"width: 15%; min-width: 130px;\" src=\"https:\/\/www.legislapp.com.br\/wp-content\/uploads\/google-play.png\"><\/a><br \/>\n      <a href=\"https:\/\/apps.apple.com\/us\/app\/legislapp\/id1568929859\"><img decoding=\"async\" style=\"width: 15%; min-width: 130px\" src=\"https:\/\/www.legislapp.com.br\/wp-content\/uploads\/apple-store.png\"><\/a>\n   <\/div>\n","protected":false},"excerpt":{"rendered":"<p>Avulso Inicial &#8211; Autoria de Prof. Reginaldo Veras C\u00c2MARA DOS DEPUTADOS Gabinete do Deputado Federal PROF. REGINALDO VERAS PROJETO DE LEI N\u00ba , DE 2025. (Do Senhor Deputado PROF. REGINALDO VERAS) Altera o art. 311-A do Decreto-Lei n\u00ba 2.848, de 7 de dezembro de 1940 &#8211; C\u00f3digo Penal, para instituir a penalidade de inabilita\u00e7\u00e3o para [&hellip;]<\/p>\n","protected":false},"author":1,"featured_media":0,"parent":0,"menu_order":0,"comment_status":"closed","ping_status":"closed","template":"page-template-blank.php","meta":{"_et_pb_use_builder":"","_et_pb_old_content":"","_et_gb_content_width":"1080","ngg_post_thumbnail":0,"footnotes":""},"class_list":["post-9842","page","type-page","status-publish","hentry"],"yoast_head":"<!-- This site is optimized with the Yoast SEO plugin v24.4 - https:\/\/yoast.com\/wordpress\/plugins\/seo\/ -->\n<title>Avulso Inicial - PL 4605\/2025 - C\u00e2mara - Legislapp<\/title>\n<meta name=\"robots\" content=\"index, follow, max-snippet:-1, max-image-preview:large, max-video-preview:-1\" \/>\n<link rel=\"canonical\" href=\"https:\/\/www.legislapp.com.br\/index.php\/avulso-inicial-pl-4605-2025-camara\/\" \/>\n<meta property=\"og:locale\" content=\"pt_BR\" \/>\n<meta property=\"og:type\" content=\"article\" \/>\n<meta property=\"og:title\" content=\"Avulso Inicial - PL 4605\/2025 - C\u00e2mara - Legislapp\" \/>\n<meta property=\"og:description\" content=\"Avulso Inicial &#8211; Autoria de Prof. Reginaldo Veras C\u00c2MARA DOS DEPUTADOS Gabinete do Deputado Federal PROF. REGINALDO VERAS PROJETO DE LEI N\u00ba , DE 2025. (Do Senhor Deputado PROF. REGINALDO VERAS) Altera o art. 311-A do Decreto-Lei n\u00ba 2.848, de 7 de dezembro de 1940 &#8211; C\u00f3digo Penal, para instituir a penalidade de inabilita\u00e7\u00e3o para [&hellip;]\" \/>\n<meta property=\"og:url\" content=\"https:\/\/www.legislapp.com.br\/index.php\/avulso-inicial-pl-4605-2025-camara\/\" \/>\n<meta property=\"og:site_name\" content=\"Legislapp\" \/>\n<meta property=\"article:publisher\" content=\"https:\/\/www.instagram.com\/legislapp\/\" \/>\n<meta property=\"og:image\" content=\"https:\/\/www.legislapp.com.br\/wp-content\/uploads\/2021\/07\/Logo-Legislapp-1-03-1.png\" \/>\n<meta name=\"twitter:card\" content=\"summary_large_image\" \/>\n<meta name=\"twitter:label1\" content=\"Est. tempo de leitura\" \/>\n\t<meta name=\"twitter:data1\" content=\"3 minutos\" \/>\n<script type=\"application\/ld+json\" class=\"yoast-schema-graph\">{\"@context\":\"https:\/\/schema.org\",\"@graph\":[{\"@type\":\"WebPage\",\"@id\":\"https:\/\/www.legislapp.com.br\/index.php\/avulso-inicial-pl-4605-2025-camara\/\",\"url\":\"https:\/\/www.legislapp.com.br\/index.php\/avulso-inicial-pl-4605-2025-camara\/\",\"name\":\"Avulso Inicial - PL 4605\/2025 - C\u00e2mara - Legislapp\",\"isPartOf\":{\"@id\":\"https:\/\/www.legislapp.com.br\/#website\"},\"primaryImageOfPage\":{\"@id\":\"https:\/\/www.legislapp.com.br\/index.php\/avulso-inicial-pl-4605-2025-camara\/#primaryimage\"},\"image\":{\"@id\":\"https:\/\/www.legislapp.com.br\/index.php\/avulso-inicial-pl-4605-2025-camara\/#primaryimage\"},\"thumbnailUrl\":\"https:\/\/www.legislapp.com.br\/wp-content\/uploads\/2021\/07\/Logo-Legislapp-1-03-1.png\",\"datePublished\":\"2025-12-01T13:44:20+00:00\",\"breadcrumb\":{\"@id\":\"https:\/\/www.legislapp.com.br\/index.php\/avulso-inicial-pl-4605-2025-camara\/#breadcrumb\"},\"inLanguage\":\"pt-BR\",\"potentialAction\":[{\"@type\":\"ReadAction\",\"target\":[\"https:\/\/www.legislapp.com.br\/index.php\/avulso-inicial-pl-4605-2025-camara\/\"]}]},{\"@type\":\"ImageObject\",\"inLanguage\":\"pt-BR\",\"@id\":\"https:\/\/www.legislapp.com.br\/index.php\/avulso-inicial-pl-4605-2025-camara\/#primaryimage\",\"url\":\"https:\/\/www.legislapp.com.br\/wp-content\/uploads\/2021\/07\/Logo-Legislapp-1-03-1.png\",\"contentUrl\":\"https:\/\/www.legislapp.com.br\/wp-content\/uploads\/2021\/07\/Logo-Legislapp-1-03-1.png\",\"width\":2679,\"height\":2697},{\"@type\":\"BreadcrumbList\",\"@id\":\"https:\/\/www.legislapp.com.br\/index.php\/avulso-inicial-pl-4605-2025-camara\/#breadcrumb\",\"itemListElement\":[{\"@type\":\"ListItem\",\"position\":1,\"name\":\"In\u00edcio\",\"item\":\"https:\/\/www.legislapp.com.br\/\"},{\"@type\":\"ListItem\",\"position\":2,\"name\":\"Avulso Inicial &#8211; PL 4605\/2025 &#8211; C\u00e2mara\"}]},{\"@type\":\"WebSite\",\"@id\":\"https:\/\/www.legislapp.com.br\/#website\",\"url\":\"https:\/\/www.legislapp.com.br\/\",\"name\":\"Legislapp\",\"description\":\"Intelig\u00eancia governamental em tempo real\",\"publisher\":{\"@id\":\"https:\/\/www.legislapp.com.br\/#organization\"},\"potentialAction\":[{\"@type\":\"SearchAction\",\"target\":{\"@type\":\"EntryPoint\",\"urlTemplate\":\"https:\/\/www.legislapp.com.br\/?s={search_term_string}\"},\"query-input\":{\"@type\":\"PropertyValueSpecification\",\"valueRequired\":true,\"valueName\":\"search_term_string\"}}],\"inLanguage\":\"pt-BR\"},{\"@type\":\"Organization\",\"@id\":\"https:\/\/www.legislapp.com.br\/#organization\",\"name\":\"Legislapp Monitoramento e Intelig\u00eancia Governamental\",\"url\":\"https:\/\/www.legislapp.com.br\/\",\"logo\":{\"@type\":\"ImageObject\",\"inLanguage\":\"pt-BR\",\"@id\":\"https:\/\/www.legislapp.com.br\/#\/schema\/logo\/image\/\",\"url\":\"https:\/\/www.legislapp.com.br\/wp-content\/uploads\/icon.png\",\"contentUrl\":\"https:\/\/www.legislapp.com.br\/wp-content\/uploads\/icon.png\",\"width\":1024,\"height\":1024,\"caption\":\"Legislapp Monitoramento e Intelig\u00eancia Governamental\"},\"image\":{\"@id\":\"https:\/\/www.legislapp.com.br\/#\/schema\/logo\/image\/\"},\"sameAs\":[\"https:\/\/www.instagram.com\/legislapp\/\"]}]}<\/script>\n<!-- \/ Yoast SEO plugin. -->","yoast_head_json":{"title":"Avulso Inicial - PL 4605\/2025 - C\u00e2mara - Legislapp","robots":{"index":"index","follow":"follow","max-snippet":"max-snippet:-1","max-image-preview":"max-image-preview:large","max-video-preview":"max-video-preview:-1"},"canonical":"https:\/\/www.legislapp.com.br\/index.php\/avulso-inicial-pl-4605-2025-camara\/","og_locale":"pt_BR","og_type":"article","og_title":"Avulso Inicial - PL 4605\/2025 - C\u00e2mara - Legislapp","og_description":"Avulso Inicial &#8211; Autoria de Prof. Reginaldo Veras C\u00c2MARA DOS DEPUTADOS Gabinete do Deputado Federal PROF. REGINALDO VERAS PROJETO DE LEI N\u00ba , DE 2025. (Do Senhor Deputado PROF. REGINALDO VERAS) Altera o art. 311-A do Decreto-Lei n\u00ba 2.848, de 7 de dezembro de 1940 &#8211; C\u00f3digo Penal, para instituir a penalidade de inabilita\u00e7\u00e3o para [&hellip;]","og_url":"https:\/\/www.legislapp.com.br\/index.php\/avulso-inicial-pl-4605-2025-camara\/","og_site_name":"Legislapp","article_publisher":"https:\/\/www.instagram.com\/legislapp\/","og_image":[{"url":"https:\/\/www.legislapp.com.br\/wp-content\/uploads\/2021\/07\/Logo-Legislapp-1-03-1.png","type":"","width":"","height":""}],"twitter_card":"summary_large_image","twitter_misc":{"Est. tempo de leitura":"3 minutos"},"schema":{"@context":"https:\/\/schema.org","@graph":[{"@type":"WebPage","@id":"https:\/\/www.legislapp.com.br\/index.php\/avulso-inicial-pl-4605-2025-camara\/","url":"https:\/\/www.legislapp.com.br\/index.php\/avulso-inicial-pl-4605-2025-camara\/","name":"Avulso Inicial - PL 4605\/2025 - C\u00e2mara - Legislapp","isPartOf":{"@id":"https:\/\/www.legislapp.com.br\/#website"},"primaryImageOfPage":{"@id":"https:\/\/www.legislapp.com.br\/index.php\/avulso-inicial-pl-4605-2025-camara\/#primaryimage"},"image":{"@id":"https:\/\/www.legislapp.com.br\/index.php\/avulso-inicial-pl-4605-2025-camara\/#primaryimage"},"thumbnailUrl":"https:\/\/www.legislapp.com.br\/wp-content\/uploads\/2021\/07\/Logo-Legislapp-1-03-1.png","datePublished":"2025-12-01T13:44:20+00:00","breadcrumb":{"@id":"https:\/\/www.legislapp.com.br\/index.php\/avulso-inicial-pl-4605-2025-camara\/#breadcrumb"},"inLanguage":"pt-BR","potentialAction":[{"@type":"ReadAction","target":["https:\/\/www.legislapp.com.br\/index.php\/avulso-inicial-pl-4605-2025-camara\/"]}]},{"@type":"ImageObject","inLanguage":"pt-BR","@id":"https:\/\/www.legislapp.com.br\/index.php\/avulso-inicial-pl-4605-2025-camara\/#primaryimage","url":"https:\/\/www.legislapp.com.br\/wp-content\/uploads\/2021\/07\/Logo-Legislapp-1-03-1.png","contentUrl":"https:\/\/www.legislapp.com.br\/wp-content\/uploads\/2021\/07\/Logo-Legislapp-1-03-1.png","width":2679,"height":2697},{"@type":"BreadcrumbList","@id":"https:\/\/www.legislapp.com.br\/index.php\/avulso-inicial-pl-4605-2025-camara\/#breadcrumb","itemListElement":[{"@type":"ListItem","position":1,"name":"In\u00edcio","item":"https:\/\/www.legislapp.com.br\/"},{"@type":"ListItem","position":2,"name":"Avulso Inicial &#8211; PL 4605\/2025 &#8211; C\u00e2mara"}]},{"@type":"WebSite","@id":"https:\/\/www.legislapp.com.br\/#website","url":"https:\/\/www.legislapp.com.br\/","name":"Legislapp","description":"Intelig\u00eancia governamental em tempo real","publisher":{"@id":"https:\/\/www.legislapp.com.br\/#organization"},"potentialAction":[{"@type":"SearchAction","target":{"@type":"EntryPoint","urlTemplate":"https:\/\/www.legislapp.com.br\/?s={search_term_string}"},"query-input":{"@type":"PropertyValueSpecification","valueRequired":true,"valueName":"search_term_string"}}],"inLanguage":"pt-BR"},{"@type":"Organization","@id":"https:\/\/www.legislapp.com.br\/#organization","name":"Legislapp Monitoramento e Intelig\u00eancia Governamental","url":"https:\/\/www.legislapp.com.br\/","logo":{"@type":"ImageObject","inLanguage":"pt-BR","@id":"https:\/\/www.legislapp.com.br\/#\/schema\/logo\/image\/","url":"https:\/\/www.legislapp.com.br\/wp-content\/uploads\/icon.png","contentUrl":"https:\/\/www.legislapp.com.br\/wp-content\/uploads\/icon.png","width":1024,"height":1024,"caption":"Legislapp Monitoramento e Intelig\u00eancia Governamental"},"image":{"@id":"https:\/\/www.legislapp.com.br\/#\/schema\/logo\/image\/"},"sameAs":["https:\/\/www.instagram.com\/legislapp\/"]}]}},"_links":{"self":[{"href":"https:\/\/www.legislapp.com.br\/index.php\/wp-json\/wp\/v2\/pages\/9842","targetHints":{"allow":["GET"]}}],"collection":[{"href":"https:\/\/www.legislapp.com.br\/index.php\/wp-json\/wp\/v2\/pages"}],"about":[{"href":"https:\/\/www.legislapp.com.br\/index.php\/wp-json\/wp\/v2\/types\/page"}],"author":[{"embeddable":true,"href":"https:\/\/www.legislapp.com.br\/index.php\/wp-json\/wp\/v2\/users\/1"}],"replies":[{"embeddable":true,"href":"https:\/\/www.legislapp.com.br\/index.php\/wp-json\/wp\/v2\/comments?post=9842"}],"version-history":[{"count":0,"href":"https:\/\/www.legislapp.com.br\/index.php\/wp-json\/wp\/v2\/pages\/9842\/revisions"}],"wp:attachment":[{"href":"https:\/\/www.legislapp.com.br\/index.php\/wp-json\/wp\/v2\/media?parent=9842"}],"curies":[{"name":"wp","href":"https:\/\/api.w.org\/{rel}","templated":true}]}}