{"id":9872,"date":"2025-12-01T10:47:24","date_gmt":"2025-12-01T13:47:24","guid":{"rendered":"https:\/\/www.legislapp.com.br\/index.php\/avulso-inicial-pl-5045-2025-camara\/"},"modified":"2025-12-01T10:47:24","modified_gmt":"2025-12-01T13:47:24","slug":"avulso-inicial-pl-5045-2025-camara","status":"publish","type":"page","link":"https:\/\/www.legislapp.com.br\/index.php\/avulso-inicial-pl-5045-2025-camara\/","title":{"rendered":"Avulso Inicial &#8211; PL 5045\/2025 &#8211; C\u00e2mara"},"content":{"rendered":"<h1 style='text-align: center;'>Avulso Inicial &#8211; Autoria de F\u00e9lix Mendon\u00e7a J\u00fanior<\/h3>\n<p><\/p>\n<article>C\u00c2MARA DOS DEPUTADOS<br \/>\nGabinete do Deputado F\u00e9lix Mendon\u00e7a J\u00fanior \u2013 PDT\/BA<br \/>\nPROJETO DE LEI N\u00ba     , DE 2025<br \/>\n(Deputado F\u00e9lix Mendon\u00e7a J\u00fanior)<br \/>\nModerniza e amplia o regime jur\u00eddico da<br \/>\nprodu\u00e7\u00e3o antecipada de prova no processo<br \/>\ncivil brasileiro.<br \/>\nO Congresso Nacional decreta:<br \/>\ns<br \/>\nArt. 1\u00ba Esta lei altera as Leis n\u00ba 13.105, de 16 de mar\u00e7o de 2015 (C\u00f3digo<br \/>\nde Processo Civil) e a 9.307, de 23 de setembro de 1996, (Lei de Arbitragem) com o<br \/>\nprop\u00f3sito de modernizar e ampliar o regime jur\u00eddico da produ\u00e7\u00e3o antecipada de provas<br \/>\nno processo civil brasileiro.<br \/>\nArt. 2\u00ba A Lei n\u00ba 13.105, de 16 de mar\u00e7o de 2015 \u2013 C\u00f3digo de Processo<br \/>\nCivil, passa a vigorar com as seguintes modifica\u00e7\u00f5es:<br \/>\n\u201cArt. 320. &#8230;&#8230;&#8230;&#8230;&#8230;&#8230;&#8230;&#8230;&#8230;&#8230;&#8230;&#8230;&#8230;&#8230;&#8230;&#8230;&#8230;&#8230;&#8230;&#8230;&#8230;&#8230;&#8230;&#8230;&#8230;&#8230;&#8230;&#8230;&#8230;&#8230;&#8230;&#8230;<br \/>\nPar\u00e1grafo \u00fanico. A peti\u00e7\u00e3o inicial deve vir acompanhada da<br \/>\ndocumenta\u00e7\u00e3o de atividade probat\u00f3ria pr\u00e9via, como produ\u00e7\u00e3o antecipada<br \/>\nde prova, inqu\u00e9rito civil ou outros procedimentos administrativos<br \/>\ninvestigat\u00f3rios, se houver.<br \/>\n&#8230;&#8230;&#8230;&#8230;&#8230;&#8230;&#8230;&#8230;&#8230;&#8230;&#8230;&#8230;&#8230;&#8230;&#8230;&#8230;&#8230;&#8230;&#8230;&#8230;&#8230;&#8230;&#8230;&#8230;&#8230;&#8230;&#8230;&#8230;&#8230;&#8230;&#8230;&#8230;&#8230;&#8230;&#8230;&#8230;&#8230;&#8230;<br \/>\nArt. 381. &#8230;&#8230;&#8230;&#8230;&#8230;&#8230;&#8230;&#8230;&#8230;&#8230;&#8230;&#8230;&#8230;&#8230;&#8230;&#8230;&#8230;&#8230;&#8230;&#8230;&#8230;&#8230;&#8230;&#8230;&#8230;&#8230;&#8230;&#8230;&#8230;&#8230;&#8230;&#8230;&#8230;<br \/>\n&#8230;&#8230;&#8230;&#8230;&#8230;&#8230;&#8230;&#8230;&#8230;&#8230;&#8230;&#8230;&#8230;&#8230;&#8230;&#8230;&#8230;&#8230;&#8230;&#8230;&#8230;&#8230;&#8230;&#8230;&#8230;&#8230;&#8230;&#8230;&#8230;&#8230;&#8230;&#8230;&#8230;&#8230;&#8230;&#8230;&#8230;&#8230;<br \/>\n\u00a7 2\u00ba A produ\u00e7\u00e3o antecipada da prova \u00e9 da compet\u00eancia do foro onde deva<br \/>\nser produzida ou do foro de elei\u00e7\u00e3o. (NR)<br \/>\n&#8230;&#8230;&#8230;&#8230;&#8230;&#8230;&#8230;&#8230;&#8230;&#8230;&#8230;&#8230;&#8230;&#8230;&#8230;&#8230;&#8230;&#8230;&#8230;&#8230;&#8230;&#8230;&#8230;&#8230;&#8230;&#8230;&#8230;&#8230;&#8230;&#8230;&#8230;&#8230;&#8230;&#8230;&#8230;&#8230;&#8230;&#8230;<br \/>\n\u00a7 4\u00ba O ju\u00edzo estadual tem compet\u00eancia para produ\u00e7\u00e3o antecipada de<br \/>\nprova requerida em face da institui\u00e7\u00e3o de previd\u00eancia social se, na<br \/>\nlocalidade, n\u00e3o houver vara federal. (NR)<br \/>\n\u00a7 4\u00ba-A A produ\u00e7\u00e3o antecipada da prova nos tribunais \u00e9 cab\u00edvel nas<br \/>\nhip\u00f3teses de sua compet\u00eancia origin\u00e1ria, aplicando-se, no que couber, as<br \/>\ndisposi\u00e7\u00f5es desta Se\u00e7\u00e3o e do respectivo regimento interno, cabendo ao<br \/>\nrelator as atribui\u00e7\u00f5es do juiz.<br \/>\n&#8230;&#8230;&#8230;&#8230;&#8230;&#8230;&#8230;&#8230;&#8230;&#8230;&#8230;&#8230;&#8230;&#8230;&#8230;&#8230;&#8230;&#8230;&#8230;&#8230;&#8230;&#8230;&#8230;&#8230;&#8230;&#8230;&#8230;&#8230;&#8230;&#8230;&#8230;&#8230;&#8230;&#8230;&#8230;&#8230;&#8230;&#8230;<br \/>\n\u00a76\u00ba Admite-se a produ\u00e7\u00e3o antecipada de qualquer meio de prova.<br \/>\nPara verificar a assinatura, acesse https:\/\/infoleg-autenticidade-assinatura.camara.leg.br\/CD255881472100<br \/>\nAssinado eletronicamente pelo(a) Dep. F\u00e9lix Mendon\u00e7a J\u00fanior<br \/>\nApresenta\u00e7\u00e3o: 08\/10\/2025 16:34:56.367 &#8211; Mesa<br \/>\n*CD255881472100* PL n.5045\/2025<br \/>C\u00c2MARA DOS DEPUTADOS<br \/>\nGabinete do Deputado F\u00e9lix Mendon\u00e7a J\u00fanior \u2013 PDT\/BA<br \/>\nArt. 382. Na peti\u00e7\u00e3o inicial, incumbe ao autor explicitar as raz\u00f5es que<br \/>\njustificam a necessidade de antecipa\u00e7\u00e3o da prova e, com a precis\u00e3o<br \/>\nposs\u00edvel, os fatos sobre os quais a prova h\u00e1 de recair. (NR)<br \/>\n&#8230;&#8230;&#8230;&#8230;&#8230;&#8230;&#8230;&#8230;&#8230;&#8230;&#8230;&#8230;&#8230;&#8230;&#8230;&#8230;&#8230;&#8230;&#8230;&#8230;&#8230;&#8230;&#8230;&#8230;&#8230;&#8230;&#8230;&#8230;&#8230;&#8230;&#8230;&#8230;&#8230;&#8230;&#8230;&#8230;&#8230;&#8230;<br \/>\n\u00a7 1\u00ba-A \u00c9 permitido cumular o pedido de produ\u00e7\u00e3o antecipada da prova<br \/>\ncom o protesto judicial, desde que com indica\u00e7\u00e3o precisa da respectiva<br \/>\npretens\u00e3o, para efeito do disposto no art. 202 da Lei n. 10.406, de 10 de<br \/>\njaneiro de 2002 (C\u00f3digo Civil).<br \/>\n\u00a7 1\u00ba-B Na hip\u00f3tese do \u00a7 1\u00ba-A, o despacho que ordena a cita\u00e7\u00e3o<br \/>\ninterrompe a prescri\u00e7\u00e3o, nos termos do art. 240, \u00a71\u00ba.<br \/>\n&#8230;&#8230;&#8230;&#8230;&#8230;&#8230;&#8230;&#8230;&#8230;&#8230;&#8230;&#8230;&#8230;&#8230;&#8230;&#8230;&#8230;&#8230;&#8230;&#8230;&#8230;&#8230;&#8230;&#8230;&#8230;&#8230;&#8230;&#8230;&#8230;&#8230;&#8230;&#8230;&#8230;&#8230;&#8230;&#8230;&#8230;&#8230;<br \/>\n\u00a7 4\u00ba A contesta\u00e7\u00e3o e os recursos se limitar\u00e3o \u00e0 discuss\u00e3o sobre o direito \u00e0<br \/>\nprova, a validade da respectiva produ\u00e7\u00e3o e os limites da decis\u00e3o de<br \/>\nhomologa\u00e7\u00e3o. (NR)<br \/>\n\u00a7 5\u00ba Se a antecipa\u00e7\u00e3o da prova apresentar complexidade, dever\u00e1 o juiz<br \/>\ndesignar audi\u00eancia para que, em coopera\u00e7\u00e3o com as partes, se confirme o<br \/>\nobjeto da prova, assim como se estabele\u00e7am o modo e o tempo da<br \/>\nrespectiva produ\u00e7\u00e3o, preferencialmente com a fixa\u00e7\u00e3o de calend\u00e1rio.<br \/>\n\u00a7 6\u00ba Na decis\u00e3o homologat\u00f3ria da prova produzida, o juiz n\u00e3o se<br \/>\npronunciar\u00e1 sobre:<br \/>\nI &#8211; a ocorr\u00eancia ou a inocorr\u00eancia do fato probando,<br \/>\nII &#8211; as eventuais consequ\u00eancias jur\u00eddicas do fato probando;<br \/>\nIII \u2013 a presun\u00e7\u00e3o de veracidade pela n\u00e3o exibi\u00e7\u00e3o do documento ou da<br \/>\ncoisa ou pela n\u00e3o submiss\u00e3o ao exame de c\u00f3digo gen\u00e9tico \u2013 DNA.<br \/>\n\u00a7 7\u00ba N\u00e3o havendo resist\u00eancia do requerido \u00e0 produ\u00e7\u00e3o da prova, n\u00e3o<br \/>\nser\u00e3o devidos honor\u00e1rios advocat\u00edcios.<br \/>\n\u00a7 8\u00ba A requerimento de qualquer interessado, poder\u00e1 ser determinada a<br \/>\nantecipa\u00e7\u00e3o da prova para uso em processo perante tribunal estrangeiro<br \/>\nou internacional, inclusive arbitral, em um potencial ou atual processo,<br \/>\nobservando-se o seguinte:<br \/>\nI &#8211; n\u00e3o havendo disposi\u00e7\u00e3o em contr\u00e1rio, a prova ser\u00e1 produzida de<br \/>\nacordo com as regras probat\u00f3rias vigentes no Brasil;<br \/>\nII &#8211; o deferimento da produ\u00e7\u00e3o da prova dever\u00e1 considerar, dentre outros,<br \/>\na potencial receptividade do tribunal estrangeiro, se o pedido aparenta ser<br \/>\ntentativa de contornar restri\u00e7\u00f5es probat\u00f3rias no processo estrangeiro, a<br \/>\nrazoabilidade dos encargos decorrentes da medida para o demandado e<br \/>\npara terceiros;<br \/>\nIII &#8211; a utiliza\u00e7\u00e3o do procedimento previsto neste par\u00e1grafo ocorrer\u00e1 sem<br \/>\npreju\u00edzo do disposto nos arts. 26 a 41.<br \/>\nPara verificar a assinatura, acesse https:\/\/infoleg-autenticidade-assinatura.camara.leg.br\/CD255881472100<br \/>\nAssinado eletronicamente pelo(a) Dep. F\u00e9lix Mendon\u00e7a J\u00fanior<br \/>\nApresenta\u00e7\u00e3o: 08\/10\/2025 16:34:56.367 &#8211; Mesa<br \/>\n*CD255881472100* PL n.5045\/2025<br \/>C\u00c2MARA DOS DEPUTADOS<br \/>\nGabinete do Deputado F\u00e9lix Mendon\u00e7a J\u00fanior \u2013 PDT\/BA<br \/>\nArt. 382-A. O processo de produ\u00e7\u00e3o antecipada de prova ser\u00e1 extinto por<br \/>\ndecis\u00e3o que:<br \/>\nI &#8211; homologar a prova produzida;<br \/>\nII &#8211; indeferir a produ\u00e7\u00e3o da prova.<br \/>\n\u00a7 1\u00ba Ap\u00f3s o tr\u00e2nsito em julgado, a decis\u00e3o que homologar a prova<br \/>\nproduzida obsta a rediscuss\u00e3o, em processo futuro entre as mesmas<br \/>\npartes, das quest\u00f5es j\u00e1 decididas acerca do direito \u00e0 prova, da validade da<br \/>\nsua produ\u00e7\u00e3o e dos limites da decis\u00e3o de homologa\u00e7\u00e3o.<br \/>\n\u00a7 2\u00ba A decis\u00e3o que indefere a produ\u00e7\u00e3o antecipada da prova n\u00e3o obsta a<br \/>\nsua produ\u00e7\u00e3o em processo futuro, observado, no entanto, no que couber,<br \/>\no disposto no art. 486, \u00a7 1\u00ba.<br \/>\nArt. 383-A. A produ\u00e7\u00e3o antecipada da prova poder\u00e1 ser realizada<br \/>\nextrajudicialmente por meios consensuais, mediante conven\u00e7\u00e3o celebrada<br \/>\nentre as partes interessadas, representadas por advogado.<br \/>\n\u00a7 1\u00ba A conven\u00e7\u00e3o poder\u00e1, entre outros aspectos, dispor sobre:<br \/>\nI &#8211; a indica\u00e7\u00e3o da prova que ser\u00e1 produzida e, se aplic\u00e1vel, o local para<br \/>\nsua produ\u00e7\u00e3o;<br \/>\nII &#8211; a defini\u00e7\u00e3o do modo de comunica\u00e7\u00e3o sobre o in\u00edcio e o<br \/>\ndesenvolvimento do procedimento de produ\u00e7\u00e3o de prova;<br \/>\nIII &#8211; as regras para a troca de documentos entre partes e advogados;<br \/>\nIV &#8211; o prazo e as regras para colheita de prova oral, incluindo a forma de<br \/>\nregistro dos depoimentos;<br \/>\nV &#8211; a indica\u00e7\u00e3o ou o modo de escolha do perito e dos assistentes t\u00e9cnicos,<br \/>\nbem como as regras para a produ\u00e7\u00e3o da prova pericial, se houver;<br \/>\nVI &#8211; a previs\u00e3o de multas ou outras san\u00e7\u00f5es para o descumprimento da<br \/>\nconven\u00e7\u00e3o.<br \/>\n\u00a7 2\u00ba A produ\u00e7\u00e3o da prova extrajudicial ser\u00e1 conduzida sob a orienta\u00e7\u00e3o e<br \/>\nresponsabilidade dos advogados das partes, que dever\u00e3o zelar pela<br \/>\nintegridade e completude da coleta probat\u00f3ria, atuando cooperativamente<br \/>\ne em conformidade com a boa-f\u00e9.<br \/>\n\u00a7 3\u00ba Os atos de produ\u00e7\u00e3o de prova, como entrega de documentos, tomada<br \/>\nde depoimentos e exames periciais, dever\u00e3o ser registrados e<br \/>\ndocumentados pelas partes.<br \/>\n\u00a7 4\u00ba Os depoimentos orais, se realizados, ser\u00e3o gravados em \u00e1udio e<br \/>\nv\u00eddeo, de forma cont\u00ednua e sem edi\u00e7\u00f5es, contendo a identifica\u00e7\u00e3o e<br \/>\nqualifica\u00e7\u00e3o do depoente, a advert\u00eancia sobre o dever de dizer a verdade<br \/>\ne o registro de perguntas e respostas.<br \/>\n\u00a7 5\u00ba Aplica-se o disposto no \u00a7 4\u00ba, no que couber, \u00e0 inquiri\u00e7\u00e3o de<br \/>\nespecialista prevista nos \u00a7\u00a7 3\u00ba e 4\u00ba do art. 464.<br \/>\nPara verificar a assinatura, acesse https:\/\/infoleg-autenticidade-assinatura.camara.leg.br\/CD255881472100<br \/>\nAssinado eletronicamente pelo(a) Dep. F\u00e9lix Mendon\u00e7a J\u00fanior<br \/>\nApresenta\u00e7\u00e3o: 08\/10\/2025 16:34:56.367 &#8211; Mesa<br \/>\n*CD255881472100* PL n.5045\/2025<br \/>C\u00c2MARA DOS DEPUTADOS<br \/>\nGabinete do Deputado F\u00e9lix Mendon\u00e7a J\u00fanior \u2013 PDT\/BA<br \/>\nArt. 383-B. A prova produzida extrajudicialmente poder\u00e1 ser levada \u00e0<br \/>\nhomologa\u00e7\u00e3o judicial, nos termos do art. 725.<br \/>\n\u00a7 1\u00ba O pedido de homologa\u00e7\u00e3o ser\u00e1 autuado como produ\u00e7\u00e3o antecipada<br \/>\nda prova.<br \/>\n\u00a7 2\u00ba Ao homologar a prova produzida extrajudicialmente, o juiz n\u00e3o se<br \/>\npronunciar\u00e1 sobre a ocorr\u00eancia ou inocorr\u00eancia dos fatos, nem sobre as<br \/>\nrespectivas consequ\u00eancias jur\u00eddicas.<br \/>\n\u00a7 3\u00ba No ju\u00edzo de homologa\u00e7\u00e3o, o juiz analisar\u00e1 o preenchimento dos<br \/>\npressupostos de exist\u00eancia e dos requisitos de validade e efic\u00e1cia da<br \/>\nconven\u00e7\u00e3o sobre a produ\u00e7\u00e3o da prova, inclusive a legitimidade das partes<br \/>\npara celebrar o neg\u00f3cio jur\u00eddico, e basear\u00e1 sua atua\u00e7\u00e3o no princ\u00edpio da<br \/>\ninterven\u00e7\u00e3o m\u00ednima no autorregramento da vontade.<br \/>\n\u00a7 4\u00ba O juiz poder\u00e1 negar a homologa\u00e7\u00e3o das provas se n\u00e3o forem<br \/>\nobservadas as normas aplic\u00e1veis \u00e0 sua produ\u00e7\u00e3o.<br \/>\n&#8230;&#8230;&#8230;&#8230;&#8230;&#8230;&#8230;&#8230;&#8230;&#8230;&#8230;&#8230;&#8230;&#8230;&#8230;&#8230;&#8230;&#8230;&#8230;&#8230;&#8230;&#8230;&#8230;&#8230;&#8230;&#8230;&#8230;&#8230;&#8230;&#8230;&#8230;&#8230;&#8230;&#8230;&#8230;&#8230;&#8230;&#8230;<br \/>\nArt. 396. &#8230;&#8230;&#8230;&#8230;&#8230;&#8230;&#8230;&#8230;&#8230;&#8230;&#8230;&#8230;&#8230;&#8230;&#8230;&#8230;&#8230;&#8230;&#8230;&#8230;&#8230;&#8230;&#8230;&#8230;&#8230;&#8230;&#8230;&#8230;&#8230;&#8230;&#8230;&#8230;..<br \/>\n&#8230;&#8230;&#8230;&#8230;&#8230;&#8230;&#8230;&#8230;&#8230;&#8230;&#8230;&#8230;&#8230;&#8230;&#8230;&#8230;&#8230;&#8230;&#8230;&#8230;&#8230;&#8230;&#8230;&#8230;&#8230;&#8230;&#8230;&#8230;&#8230;&#8230;&#8230;&#8230;&#8230;&#8230;&#8230;&#8230;&#8230;&#8230;<br \/>\n\u00a71\u00ba O pedido de exibi\u00e7\u00e3o de documento e coisa pode ser formulado<br \/>\nantecipadamente, conjuntamente com outro pedido na peti\u00e7\u00e3o inicial ou<br \/>\nincidentalmente.<br \/>\n\u00a72\u00ba Se formulado antecipadamente, o pedido observar\u00e1 o disposto na<br \/>\nSe\u00e7\u00e3o II deste Cap\u00edtulo; se formulado conjuntamente com outro pedido, o<br \/>\nprocedimento comum; se formulado incidentalmente, esta Se\u00e7\u00e3o.<br \/>\n\u00a7 3\u00ba Em qualquer caso:<br \/>\nI &#8211; as t\u00e9cnicas processuais previstas nesta Se\u00e7\u00e3o s\u00e3o sempre aplic\u00e1veis;<br \/>\nII &#8211; o pedido ser\u00e1 instru\u00eddo com prova do pr\u00e9vio requerimento<br \/>\nextrajudicial para apresenta\u00e7\u00e3o do documento ou coisa em prazo<br \/>\nrazo\u00e1vel, n\u00e3o inferior a 15 (quinze) dias, e, sendo o caso, da sua recusa.<br \/>\n\u00a7 4\u00ba N\u00e3o apresentada a prova a que se refere o \u00a7 3\u00ba, II, o juiz suspender\u00e1<br \/>\no processo e designar\u00e1 prazo razo\u00e1vel para que seja sanado o v\u00edcio, sob<br \/>\npena de extin\u00e7\u00e3o do processo sem resolu\u00e7\u00e3o de m\u00e9rito.<br \/>\n&#8230;&#8230;&#8230;&#8230;&#8230;&#8230;&#8230;&#8230;&#8230;&#8230;&#8230;&#8230;&#8230;&#8230;&#8230;&#8230;&#8230;&#8230;&#8230;&#8230;&#8230;&#8230;&#8230;&#8230;&#8230;&#8230;&#8230;&#8230;&#8230;&#8230;&#8230;&#8230;&#8230;&#8230;&#8230;&#8230;&#8230;&#8230;<br \/>\nArt. 398. No pedido incidental, o requerido dar\u00e1 sua resposta nos 10<br \/>\n(dez) dias subsequentes \u00e0 sua intima\u00e7\u00e3o. (NR)<br \/>\n&#8230;&#8230;&#8230;&#8230;&#8230;&#8230;&#8230;&#8230;&#8230;&#8230;&#8230;&#8230;&#8230;&#8230;&#8230;&#8230;&#8230;&#8230;&#8230;&#8230;&#8230;&#8230;&#8230;&#8230;&#8230;&#8230;&#8230;&#8230;&#8230;&#8230;&#8230;&#8230;&#8230;&#8230;&#8230;&#8230;&#8230;&#8230;<br \/>\nArt. 400. Se acolher o pedido, o juiz determinar\u00e1 a exibi\u00e7\u00e3o do<br \/>\ndocumento ou da coisa, podendo adotar, se necess\u00e1rias e adequadas,<br \/>\nPara verificar a assinatura, acesse https:\/\/infoleg-autenticidade-assinatura.camara.leg.br\/CD255881472100<br \/>\nAssinado eletronicamente pelo(a) Dep. F\u00e9lix Mendon\u00e7a J\u00fanior<br \/>\nApresenta\u00e7\u00e3o: 08\/10\/2025 16:34:56.367 &#8211; Mesa<br \/>\n*CD255881472100* PL n.5045\/2025<br \/>C\u00c2MARA DOS DEPUTADOS<br \/>\nGabinete do Deputado F\u00e9lix Mendon\u00e7a J\u00fanior \u2013 PDT\/BA<br \/>\nmedidas indutivas, coercitivas, mandamentais ou sub-rogat\u00f3rias para a<br \/>\nefetiva\u00e7\u00e3o da sua decis\u00e3o. (NR)<br \/>\n\u00a7 1\u00ba Caso o documento ou a coisa n\u00e3o seja exibido, o juiz admitir\u00e1 como<br \/>\nocorridos os fatos que, por meio do documento ou da coisa, a parte<br \/>\npretendia provar. (NR)<br \/>\n\u00a7 2\u00ba O pedido de exibi\u00e7\u00e3o antecipada observar\u00e1 o disposto no art. 382, \u00a7<br \/>\n5\u00ba, e os efeitos previstos no \u00a7 1\u00ba ser\u00e3o produzidos em processo futuro<br \/>\ncujo pedido seja fundado no documento ou coisa injustificadamente n\u00e3o<br \/>\nexibido.<br \/>\n\u00a7 3\u00ba Se houver resist\u00eancia ao pedido, a decis\u00e3o sobre o pedido de<br \/>\nexibi\u00e7\u00e3o, qualquer que seja seu conte\u00fado, observar\u00e1 o art. 85\u201d.<br \/>\nArt. 3\u00ba A Lei n\u00ba 9.307, de 23 de setembro de 1996, Lei de Arbitragem,<br \/>\npassa a vigorar com as seguintes modifica\u00e7\u00f5es:<br \/>\n\u201cCap\u00edtulo IV-C<br \/>\nDa Produ\u00e7\u00e3o Antecipada da Prova<br \/>\nArt. 22-D. Na produ\u00e7\u00e3o antecipada de prova a ser utilizada em processo<br \/>\narbitral, a compet\u00eancia para a a\u00e7\u00e3o observar\u00e1:<br \/>\nI &#8211; a conven\u00e7\u00e3o das partes;<br \/>\nII &#8211; na aus\u00eancia de conven\u00e7\u00e3o sobre o tema, a compet\u00eancia ser\u00e1 do ju\u00edzo<br \/>\narbitral.<br \/>\nPar\u00e1grafo \u00fanico. Na hip\u00f3tese do inciso II, em caso de urg\u00eancia, a a\u00e7\u00e3o<br \/>\npoder\u00e1 ser proposta perante o ju\u00edzo estatal, caso em que a compet\u00eancia<br \/>\npara a produ\u00e7\u00e3o antecipada de prova ser\u00e1 do ju\u00edzo que seria competente<br \/>\npara julgar a causa na aus\u00eancia da conven\u00e7\u00e3o de arbitragem\u201d.<br \/>\nArt. 4\u00ba Revogam-se:<br \/>\nI &#8211; os incisos II e IV do art. 15 da Lei n\u00ba 5.010, de 30 de maio de 1966;<br \/>\nII \u2013 o \u00a72\u00ba do art. 382 da Lei n\u00ba 13.105, de 16 de mar\u00e7o de 2015 \u2013 C\u00f3digo<br \/>\nde Processo Civil.<br \/>\nArt. 5\u00ba Esta lei entra em vigor no ato de sua publica\u00e7\u00e3o.<br \/>\nJustificativa<br \/>\nA presente proposta legislativa tem por objetivo o aperfei\u00e7oamento do<br \/>\nregime jur\u00eddico da produ\u00e7\u00e3o antecipada de provas no processo civil brasileiro, mediante<br \/>\na atualiza\u00e7\u00e3o e amplia\u00e7\u00e3o dos dispositivos legais que regulam o instituto no C\u00f3digo de<br \/>\nPara verificar a assinatura, acesse https:\/\/infoleg-autenticidade-assinatura.camara.leg.br\/CD255881472100<br \/>\nAssinado eletronicamente pelo(a) Dep. F\u00e9lix Mendon\u00e7a J\u00fanior<br \/>\nApresenta\u00e7\u00e3o: 08\/10\/2025 16:34:56.367 &#8211; Mesa<br \/>\n*CD255881472100* PL n.5045\/2025<br \/>C\u00c2MARA DOS DEPUTADOS<br \/>\nGabinete do Deputado F\u00e9lix Mendon\u00e7a J\u00fanior \u2013 PDT\/BA<br \/>\nProcesso Civil (Lei n\u00ba 13.105\/2015) e em normas correlatas. Busca-se conferir maior<br \/>\nseguran\u00e7a jur\u00eddica, efetividade e racionalidade ao procedimento, promovendo sua<br \/>\nutiliza\u00e7\u00e3o como instrumento de esclarecimento de fatos, redu\u00e7\u00e3o de lit\u00edgios, incentivo \u00e0<br \/>\nsolu\u00e7\u00e3o consensual de controv\u00e9rsias e fortalecimento do acesso \u00e0 justi\u00e7a.<br \/>\nA jurisprud\u00eancia, especialmente a do Superior Tribunal de Justi\u00e7a (STJ),<br \/>\ntem desempenhado papel relevante na consolida\u00e7\u00e3o da produ\u00e7\u00e3o antecipada de provas,<br \/>\ncom destaque para sua aplica\u00e7\u00e3o em pedidos de exibi\u00e7\u00e3o de documentos. Apesar disso,<br \/>\no regramento atual ainda apresenta lacunas e omiss\u00f5es que comprometem a<br \/>\nprevisibilidade e a seguran\u00e7a jur\u00eddica do instituto.<br \/>\nEm diversos casos, a aus\u00eancia de disciplina expressa decorre da<br \/>\npresun\u00e7\u00e3o de que o procedimento seguir\u00e1 determinado fluxo ou produzir\u00e1 certos efeitos,<br \/>\no que nem sempre se verifica diante da complexidade da realidade pr\u00e1tica. Em outros,<br \/>\nh\u00e1 efetiva aus\u00eancia de regulamenta\u00e7\u00e3o sobre temas de grande relev\u00e2ncia. Tais lacunas<br \/>\ngeram inseguran\u00e7a jur\u00eddica e dificultam a plena utiliza\u00e7\u00e3o do instituto, que permanece<br \/>\nsubutilizado em rela\u00e7\u00e3o ao seu potencial.<br \/>\nA proposta busca corrigir essas omiss\u00f5es e promover o aprimoramento da<br \/>\ndisciplina legal, com vistas \u00e0 amplia\u00e7\u00e3o do uso da produ\u00e7\u00e3o antecipada de provas como<br \/>\nmecanismo de racionaliza\u00e7\u00e3o do processo, redu\u00e7\u00e3o de custos e tempo, e incentivo \u00e0<br \/>\nresolu\u00e7\u00e3o extrajudicial de controv\u00e9rsias.<br \/>\nEm conson\u00e2ncia com os princ\u00edpios da boa-f\u00e9 processual e da coopera\u00e7\u00e3o,<br \/>\nprop\u00f5e-se a inclus\u00e3o de par\u00e1grafo \u00fanico ao artigo 320 do CPC, exigindo que a peti\u00e7\u00e3o<br \/>\ninicial seja instru\u00edda com documenta\u00e7\u00e3o relativa \u00e0 atividade probat\u00f3ria pr\u00e9via, quando<br \/>\nexistente \u2014 como inqu\u00e9ritos civis ou procedimentos administrativos investigat\u00f3rios.<br \/>\nNo art. 381, prop\u00f5e-se a altera\u00e7\u00e3o dos \u00a7\u00a7 2\u00ba e 4\u00ba e a inclus\u00e3o dos \u00a7\u00a7 4\u00ba-A<br \/>\ne 6\u00ba:<br \/>\n\uf0b7 O \u00a7 2\u00ba admite a defini\u00e7\u00e3o da compet\u00eancia territorial por foro de<br \/>\nelei\u00e7\u00e3o, valorizando a autonomia das partes.<br \/>\nPara verificar a assinatura, acesse https:\/\/infoleg-autenticidade-assinatura.camara.leg.br\/CD255881472100<br \/>\nAssinado eletronicamente pelo(a) Dep. F\u00e9lix Mendon\u00e7a J\u00fanior<br \/>\nApresenta\u00e7\u00e3o: 08\/10\/2025 16:34:56.367 &#8211; Mesa<br \/>\n*CD255881472100* PL n.5045\/2025<br \/>C\u00c2MARA DOS DEPUTADOS<br \/>\nGabinete do Deputado F\u00e9lix Mendon\u00e7a J\u00fanior \u2013 PDT\/BA<br \/>\n\uf0b7 O \u00a7 4\u00ba adequa o CPC \u00e0 Emenda Constitucional n\u00ba 103\/2019, que<br \/>\nalterou o \u00a7 3\u00ba do art. 109 da Constitui\u00e7\u00e3o Federal, impactando<br \/>\ntamb\u00e9m a Lei n\u00ba 5.010\/1966 \u2014 raz\u00e3o pela qual se prop\u00f5e a<br \/>\nrevoga\u00e7\u00e3o dos incisos II e IV do art. 15 dessa norma.<br \/>\n\uf0b7 O \u00a7 4\u00ba-A explicita a possibilidade de produ\u00e7\u00e3o antecipada de provas<br \/>\nnos tribunais, nas hip\u00f3teses de compet\u00eancia origin\u00e1ria.<br \/>\n\uf0b7 O \u00a7 6\u00ba afirma que a produ\u00e7\u00e3o antecipada \u00e9 admitida para qualquer<br \/>\nmeio de prova.<br \/>\nNo artigo 382, prop\u00f5e-se nova reda\u00e7\u00e3o ao caput, refor\u00e7ando o \u00f4nus<br \/>\nargumentativo do autor quanto \u00e0 necessidade da antecipa\u00e7\u00e3o, como forma de evitar<br \/>\nabusos e conferir maior credibilidade ao instituto \u2014 alinhando-se, inclusive, a<br \/>\nexig\u00eancias de sistemas que adotam o modelo de discovery.<br \/>\nO \u00a7 1\u00ba-A resolve quest\u00e3o pr\u00e1tica sobre a interrup\u00e7\u00e3o da prescri\u00e7\u00e3o, ao<br \/>\npermitir a cumula\u00e7\u00e3o do pedido com protesto judicial, desde que haja indica\u00e7\u00e3o precisa<br \/>\nda pretens\u00e3o. O \u00a7 1\u00ba-B refor\u00e7a que, nesses casos, o despacho que ordena a cita\u00e7\u00e3o<br \/>\ninterrompe a prescri\u00e7\u00e3o, conforme o artigo 240, \u00a7 1\u00ba, do CPC.<br \/>\nO \u00a7 4\u00ba \u00e9 reformulado para assegurar o contradit\u00f3rio e a ampla defesa,<br \/>\npermitindo contesta\u00e7\u00e3o e recursos limitados \u00e0 discuss\u00e3o sobre o direito \u00e0 prova, sua<br \/>\nvalidade e os limites da decis\u00e3o homologat\u00f3ria.<br \/>\nO \u00a7 5\u00ba introduz a possibilidade de audi\u00eancia para gerenciamento da<br \/>\nprodu\u00e7\u00e3o probat\u00f3ria, especialmente em casos complexos, com defini\u00e7\u00e3o cooperativa<br \/>\nentre juiz e partes sobre objeto, modo e tempo da prova, preferencialmente com<br \/>\ncalend\u00e1rio.<br \/>\nO \u00a7 6\u00ba detalha o conte\u00fado da decis\u00e3o homologat\u00f3ria, vedando<br \/>\nmanifesta\u00e7\u00e3o sobre a ocorr\u00eancia do fato probando, suas consequ\u00eancias jur\u00eddicas e<br \/>\npresun\u00e7\u00f5es de veracidade.<br \/>\nPara verificar a assinatura, acesse https:\/\/infoleg-autenticidade-assinatura.camara.leg.br\/CD255881472100<br \/>\nAssinado eletronicamente pelo(a) Dep. F\u00e9lix Mendon\u00e7a J\u00fanior<br \/>\nApresenta\u00e7\u00e3o: 08\/10\/2025 16:34:56.367 &#8211; Mesa<br \/>\n*CD255881472100* PL n.5045\/2025<br \/>C\u00c2MARA DOS DEPUTADOS<br \/>\nGabinete do Deputado F\u00e9lix Mendon\u00e7a J\u00fanior \u2013 PDT\/BA<br \/>\nO \u00a7 7\u00ba estabelece que, na aus\u00eancia de resist\u00eancia do requerido, n\u00e3o ser\u00e3o<br \/>\ndevidos honor\u00e1rios advocat\u00edcios, incentivando o uso respons\u00e1vel e colaborativo do<br \/>\ninstituto.<br \/>\nO \u00a7 8\u00ba inova ao permitir a produ\u00e7\u00e3o antecipada de provas para uso em<br \/>\nprocessos perante tribunais estrangeiros ou internacionais, inclusive arbitrais,<br \/>\nobservando crit\u00e9rios de razoabilidade, receptividade e compatibilidade normativa.<br \/>\nO artigo 382-A disciplina o encerramento do processo de produ\u00e7\u00e3o<br \/>\nantecipada de prova, com decis\u00e3o que homologa ou indefere a produ\u00e7\u00e3o, e os efeitos de<br \/>\nestabilidade processual decorrentes.<br \/>\nNos artigos 383-A e 383-B, consagra-se a possibilidade de produ\u00e7\u00e3o<br \/>\nantecipada de provas por meios extrajudiciais, mediante conven\u00e7\u00e3o entre as partes<br \/>\nrepresentadas por advogados. A medida refor\u00e7a a autonomia privada e o<br \/>\nautorregramento da vontade, em conson\u00e2ncia com os princ\u00edpios da Constitui\u00e7\u00e3o Federal<br \/>\nde 1988 e do pr\u00f3prio CPC.<br \/>\nA prova extrajudicial poder\u00e1 ser levada \u00e0 homologa\u00e7\u00e3o judicial, com<br \/>\nan\u00e1lise dos pressupostos de exist\u00eancia, validade e efic\u00e1cia da conven\u00e7\u00e3o, observando-se<br \/>\no princ\u00edpio da interven\u00e7\u00e3o m\u00ednima.<br \/>\nProp\u00f5e-se o acr\u00e9scimo dos \u00a7\u00a7 1\u00ba a 4\u00ba ao artigo 396 e a altera\u00e7\u00e3o dos<br \/>\nartigos 398 e 400 do CPC, para explicitar, em conson\u00e2ncia com a jurisprud\u00eancia do STJ,<br \/>\na possibilidade de formula\u00e7\u00e3o aut\u00f4noma, conjunta ou incidental de pedido de exibi\u00e7\u00e3o<br \/>\nde documentos ou coisas.<br \/>\nO \u00a7 2\u00ba do artigo 396 esclarece os procedimentos aplic\u00e1veis em cada<br \/>\nhip\u00f3tese. O \u00a7 3\u00ba exige prova de requerimento extrajudicial pr\u00e9vio, com prazo m\u00ednimo de<br \/>\n15 dias e eventual recusa. O \u00a7 4\u00ba prev\u00ea suspens\u00e3o do processo e prazo para saneamento,<br \/>\nsob pena de extin\u00e7\u00e3o sem resolu\u00e7\u00e3o de m\u00e9rito.<br \/>\nO artigo 398 estabelece prazo de 10 dias para resposta do requerido em<br \/>\npedidos incidentais. O artigo 400 estrutura logicamente os atos processuais e suas<br \/>\nPara verificar a assinatura, acesse https:\/\/infoleg-autenticidade-assinatura.camara.leg.br\/CD255881472100<br \/>\nAssinado eletronicamente pelo(a) Dep. F\u00e9lix Mendon\u00e7a J\u00fanior<br \/>\nApresenta\u00e7\u00e3o: 08\/10\/2025 16:34:56.367 &#8211; Mesa<br \/>\n*CD255881472100* PL n.5045\/2025<br \/>C\u00c2MARA DOS DEPUTADOS<br \/>\nGabinete do Deputado F\u00e9lix Mendon\u00e7a J\u00fanior \u2013 PDT\/BA<br \/>\nconsequ\u00eancias, mantendo os poderes do juiz e os efeitos da recusa, al\u00e9m de prever<br \/>\nhonor\u00e1rios advocat\u00edcios em caso de resist\u00eancia.<br \/>\nProp\u00f5e-se a inclus\u00e3o do artigo 22-D na Lei n\u00ba 9.307\/1996, para<br \/>\ndisciplinar a compet\u00eancia na produ\u00e7\u00e3o antecipada de provas em processos arbitrais,<br \/>\nadmitindo conven\u00e7\u00e3o entre as partes ou, na aus\u00eancia desta, compet\u00eancia do ju\u00edzo<br \/>\narbitral, com possibilidade de atua\u00e7\u00e3o do ju\u00edzo estatal em casos de urg\u00eancia.<br \/>\nSugere-se a revoga\u00e7\u00e3o dos incisos II e IV do artigo 15 da Lei n\u00ba<br \/>\n5.010\/1966, em raz\u00e3o da adequa\u00e7\u00e3o ao novo texto constitucional. Os incisos II e IV do<br \/>\nart. 15 da Lei n\u00ba 5.010\/1966 tratam da compet\u00eancia delegada \u00e0 Justi\u00e7a Estadual para<br \/>\nprocessar e julgar determinadas mat\u00e9rias federais em comarcas do interior onde n\u00e3o h\u00e1<br \/>\nvara da Justi\u00e7a Federal instalada. O inciso II atribu\u00eda aos ju\u00edzes estaduais a compet\u00eancia<br \/>\npara conduzir vistorias e justifica\u00e7\u00f5es destinadas \u00e0 produ\u00e7\u00e3o de prova perante a<br \/>\nadministra\u00e7\u00e3o p\u00fablica federal, centralizada ou aut\u00e1rquica, desde que o requerente fosse<br \/>\ndomiciliado na comarca. J\u00e1 o inciso IV permitia que a\u00e7\u00f5es de qualquer natureza,<br \/>\ninclusive processos acess\u00f3rios e incidentes, propostas por sociedades de economia mista<br \/>\ncom participa\u00e7\u00e3o majorit\u00e1ria da Uni\u00e3o, fossem processadas e julgadas pela Justi\u00e7a<br \/>\nEstadual, desde que o r\u00e9u fosse domiciliado na comarca ou os bens objeto da a\u00e7\u00e3o<br \/>\nestivessem nela localizados. A proposta de revoga\u00e7\u00e3o desses dispositivos decorre da<br \/>\nnecessidade de adequa\u00e7\u00e3o ao novo regime constitucional de compet\u00eancia da Justi\u00e7a<br \/>\nFederal, especialmente ap\u00f3s a Emenda Constitucional n\u00ba 103\/2019, que restringiu a<br \/>\ndelega\u00e7\u00e3o de compet\u00eancia e refor\u00e7ou a centraliza\u00e7\u00e3o da jurisdi\u00e7\u00e3o federal em mat\u00e9rias<br \/>\nque envolvem a Uni\u00e3o e suas entidades.<br \/>\nPor essas raz\u00f5es, o projeto ora apresentado amplia o acesso \u00e0 justi\u00e7a e<br \/>\ncontribui de maneira importante para a seguran\u00e7a jur\u00eddica e a pacifica\u00e7\u00e3o das rela\u00e7\u00f5es<br \/>\nsociais.  Diante do exposto, apresento o presente projeto de lei para considera\u00e7\u00f5es a<br \/>\naprova\u00e7\u00e3o de meus pares.<br \/>\nBras\u00edlia,          de outubro de 2025.<br \/>\nPara verificar a assinatura, acesse https:\/\/infoleg-autenticidade-assinatura.camara.leg.br\/CD255881472100<br \/>\nAssinado eletronicamente pelo(a) Dep. F\u00e9lix Mendon\u00e7a J\u00fanior<br \/>\nApresenta\u00e7\u00e3o: 08\/10\/2025 16:34:56.367 &#8211; Mesa<br \/>\n*CD255881472100* PL n.5045\/2025<br \/>C\u00c2MARA DOS DEPUTADOS<br \/>\nGabinete do Deputado F\u00e9lix Mendon\u00e7a J\u00fanior \u2013 PDT\/BA<br \/>\nF\u00e9lix Mendon\u00e7a J\u00fanior<br \/>\nDeputado Federal (PDT\/BA)<br \/>\nPara verificar a assinatura, acesse https:\/\/infoleg-autenticidade-assinatura.camara.leg.br\/CD255881472100<br \/>\nAssinado eletronicamente pelo(a) Dep. F\u00e9lix Mendon\u00e7a J\u00fanior<br \/>\nApresenta\u00e7\u00e3o: 08\/10\/2025 16:34:56.367 &#8211; Mesa<br \/>\n*CD255881472100* PL n.5045\/2025<\/article>\n<p><a href='https:\/\/app.legislapp.com.br\/#\/busca?termo='><\/a><\/p>\n<div style=\"text-align: center\">\n      <img decoding=\"async\" style=\"width: 14%;\" src=\"https:\/\/www.legislapp.com.br\/wp-content\/uploads\/2021\/07\/Logo-Legislapp-1-03-1.png\"><br \/>\n      <\/p>\n<div style=\"margin-bottom: 20px;\" class=\"et_pb_button_module_wrapper et_pb_button_5_tb_body_wrapper et_pb_button_alignment_center et_pb_module \">\n         <a class=\"et_pb_button et_pb_button_5_tb_body et_hover_enabled et_pb_bg_layout_dark\" style=\"width: 50%;background-color: black;\" href=\"https:\/\/app.legislapp.com.br\" target=\"_blank\" rel=\"noopener\">Visualizar completo na nossa plataforma (30 dias gr\u00e1tis)<\/a><\/p><\/div>\n<p>      <a href=\"https:\/\/play.google.com\/store\/apps\/details?id=br.com.legislapp\"><img decoding=\"async\" style=\"width: 15%; min-width: 130px;\" src=\"https:\/\/www.legislapp.com.br\/wp-content\/uploads\/google-play.png\"><\/a><br \/>\n      <a href=\"https:\/\/apps.apple.com\/us\/app\/legislapp\/id1568929859\"><img decoding=\"async\" style=\"width: 15%; min-width: 130px\" src=\"https:\/\/www.legislapp.com.br\/wp-content\/uploads\/apple-store.png\"><\/a>\n   <\/div>\n","protected":false},"excerpt":{"rendered":"<p>Avulso Inicial &#8211; Autoria de F\u00e9lix Mendon\u00e7a J\u00fanior C\u00c2MARA DOS DEPUTADOS Gabinete do Deputado F\u00e9lix Mendon\u00e7a J\u00fanior \u2013 PDT\/BA PROJETO DE LEI N\u00ba , DE 2025 (Deputado F\u00e9lix Mendon\u00e7a J\u00fanior) Moderniza e amplia o regime jur\u00eddico da produ\u00e7\u00e3o antecipada de prova no processo civil brasileiro. O Congresso Nacional decreta: s Art. 1\u00ba Esta lei altera [&hellip;]<\/p>\n","protected":false},"author":1,"featured_media":0,"parent":0,"menu_order":0,"comment_status":"closed","ping_status":"closed","template":"page-template-blank.php","meta":{"_et_pb_use_builder":"","_et_pb_old_content":"","_et_gb_content_width":"1080","ngg_post_thumbnail":0,"footnotes":""},"class_list":["post-9872","page","type-page","status-publish","hentry"],"yoast_head":"<!-- This site is optimized with the Yoast SEO plugin v24.4 - https:\/\/yoast.com\/wordpress\/plugins\/seo\/ -->\n<title>Avulso Inicial - PL 5045\/2025 - C\u00e2mara - Legislapp<\/title>\n<meta name=\"robots\" content=\"index, follow, max-snippet:-1, max-image-preview:large, max-video-preview:-1\" \/>\n<link rel=\"canonical\" href=\"https:\/\/www.legislapp.com.br\/index.php\/avulso-inicial-pl-5045-2025-camara\/\" \/>\n<meta property=\"og:locale\" content=\"pt_BR\" \/>\n<meta property=\"og:type\" content=\"article\" \/>\n<meta property=\"og:title\" content=\"Avulso Inicial - PL 5045\/2025 - C\u00e2mara - Legislapp\" \/>\n<meta property=\"og:description\" content=\"Avulso Inicial &#8211; Autoria de F\u00e9lix Mendon\u00e7a J\u00fanior C\u00c2MARA DOS DEPUTADOS Gabinete do Deputado F\u00e9lix Mendon\u00e7a J\u00fanior \u2013 PDT\/BA PROJETO DE LEI N\u00ba , DE 2025 (Deputado F\u00e9lix Mendon\u00e7a J\u00fanior) Moderniza e amplia o regime jur\u00eddico da produ\u00e7\u00e3o antecipada de prova no processo civil brasileiro. O Congresso Nacional decreta: s Art. 1\u00ba Esta lei altera [&hellip;]\" \/>\n<meta property=\"og:url\" content=\"https:\/\/www.legislapp.com.br\/index.php\/avulso-inicial-pl-5045-2025-camara\/\" \/>\n<meta property=\"og:site_name\" content=\"Legislapp\" \/>\n<meta property=\"article:publisher\" content=\"https:\/\/www.instagram.com\/legislapp\/\" \/>\n<meta property=\"og:image\" content=\"https:\/\/www.legislapp.com.br\/wp-content\/uploads\/2021\/07\/Logo-Legislapp-1-03-1.png\" \/>\n<meta name=\"twitter:card\" content=\"summary_large_image\" \/>\n<meta name=\"twitter:label1\" content=\"Est. tempo de leitura\" \/>\n\t<meta name=\"twitter:data1\" content=\"17 minutos\" \/>\n<script type=\"application\/ld+json\" class=\"yoast-schema-graph\">{\"@context\":\"https:\/\/schema.org\",\"@graph\":[{\"@type\":\"WebPage\",\"@id\":\"https:\/\/www.legislapp.com.br\/index.php\/avulso-inicial-pl-5045-2025-camara\/\",\"url\":\"https:\/\/www.legislapp.com.br\/index.php\/avulso-inicial-pl-5045-2025-camara\/\",\"name\":\"Avulso Inicial - PL 5045\/2025 - C\u00e2mara - Legislapp\",\"isPartOf\":{\"@id\":\"https:\/\/www.legislapp.com.br\/#website\"},\"primaryImageOfPage\":{\"@id\":\"https:\/\/www.legislapp.com.br\/index.php\/avulso-inicial-pl-5045-2025-camara\/#primaryimage\"},\"image\":{\"@id\":\"https:\/\/www.legislapp.com.br\/index.php\/avulso-inicial-pl-5045-2025-camara\/#primaryimage\"},\"thumbnailUrl\":\"https:\/\/www.legislapp.com.br\/wp-content\/uploads\/2021\/07\/Logo-Legislapp-1-03-1.png\",\"datePublished\":\"2025-12-01T13:47:24+00:00\",\"breadcrumb\":{\"@id\":\"https:\/\/www.legislapp.com.br\/index.php\/avulso-inicial-pl-5045-2025-camara\/#breadcrumb\"},\"inLanguage\":\"pt-BR\",\"potentialAction\":[{\"@type\":\"ReadAction\",\"target\":[\"https:\/\/www.legislapp.com.br\/index.php\/avulso-inicial-pl-5045-2025-camara\/\"]}]},{\"@type\":\"ImageObject\",\"inLanguage\":\"pt-BR\",\"@id\":\"https:\/\/www.legislapp.com.br\/index.php\/avulso-inicial-pl-5045-2025-camara\/#primaryimage\",\"url\":\"https:\/\/www.legislapp.com.br\/wp-content\/uploads\/2021\/07\/Logo-Legislapp-1-03-1.png\",\"contentUrl\":\"https:\/\/www.legislapp.com.br\/wp-content\/uploads\/2021\/07\/Logo-Legislapp-1-03-1.png\",\"width\":2679,\"height\":2697},{\"@type\":\"BreadcrumbList\",\"@id\":\"https:\/\/www.legislapp.com.br\/index.php\/avulso-inicial-pl-5045-2025-camara\/#breadcrumb\",\"itemListElement\":[{\"@type\":\"ListItem\",\"position\":1,\"name\":\"In\u00edcio\",\"item\":\"https:\/\/www.legislapp.com.br\/\"},{\"@type\":\"ListItem\",\"position\":2,\"name\":\"Avulso Inicial &#8211; PL 5045\/2025 &#8211; C\u00e2mara\"}]},{\"@type\":\"WebSite\",\"@id\":\"https:\/\/www.legislapp.com.br\/#website\",\"url\":\"https:\/\/www.legislapp.com.br\/\",\"name\":\"Legislapp\",\"description\":\"Intelig\u00eancia governamental em tempo real\",\"publisher\":{\"@id\":\"https:\/\/www.legislapp.com.br\/#organization\"},\"potentialAction\":[{\"@type\":\"SearchAction\",\"target\":{\"@type\":\"EntryPoint\",\"urlTemplate\":\"https:\/\/www.legislapp.com.br\/?s={search_term_string}\"},\"query-input\":{\"@type\":\"PropertyValueSpecification\",\"valueRequired\":true,\"valueName\":\"search_term_string\"}}],\"inLanguage\":\"pt-BR\"},{\"@type\":\"Organization\",\"@id\":\"https:\/\/www.legislapp.com.br\/#organization\",\"name\":\"Legislapp Monitoramento e Intelig\u00eancia Governamental\",\"url\":\"https:\/\/www.legislapp.com.br\/\",\"logo\":{\"@type\":\"ImageObject\",\"inLanguage\":\"pt-BR\",\"@id\":\"https:\/\/www.legislapp.com.br\/#\/schema\/logo\/image\/\",\"url\":\"https:\/\/www.legislapp.com.br\/wp-content\/uploads\/icon.png\",\"contentUrl\":\"https:\/\/www.legislapp.com.br\/wp-content\/uploads\/icon.png\",\"width\":1024,\"height\":1024,\"caption\":\"Legislapp Monitoramento e Intelig\u00eancia Governamental\"},\"image\":{\"@id\":\"https:\/\/www.legislapp.com.br\/#\/schema\/logo\/image\/\"},\"sameAs\":[\"https:\/\/www.instagram.com\/legislapp\/\"]}]}<\/script>\n<!-- \/ Yoast SEO plugin. -->","yoast_head_json":{"title":"Avulso Inicial - PL 5045\/2025 - C\u00e2mara - Legislapp","robots":{"index":"index","follow":"follow","max-snippet":"max-snippet:-1","max-image-preview":"max-image-preview:large","max-video-preview":"max-video-preview:-1"},"canonical":"https:\/\/www.legislapp.com.br\/index.php\/avulso-inicial-pl-5045-2025-camara\/","og_locale":"pt_BR","og_type":"article","og_title":"Avulso Inicial - PL 5045\/2025 - C\u00e2mara - Legislapp","og_description":"Avulso Inicial &#8211; Autoria de F\u00e9lix Mendon\u00e7a J\u00fanior C\u00c2MARA DOS DEPUTADOS Gabinete do Deputado F\u00e9lix Mendon\u00e7a J\u00fanior \u2013 PDT\/BA PROJETO DE LEI N\u00ba , DE 2025 (Deputado F\u00e9lix Mendon\u00e7a J\u00fanior) Moderniza e amplia o regime jur\u00eddico da produ\u00e7\u00e3o antecipada de prova no processo civil brasileiro. O Congresso Nacional decreta: s Art. 1\u00ba Esta lei altera [&hellip;]","og_url":"https:\/\/www.legislapp.com.br\/index.php\/avulso-inicial-pl-5045-2025-camara\/","og_site_name":"Legislapp","article_publisher":"https:\/\/www.instagram.com\/legislapp\/","og_image":[{"url":"https:\/\/www.legislapp.com.br\/wp-content\/uploads\/2021\/07\/Logo-Legislapp-1-03-1.png","type":"","width":"","height":""}],"twitter_card":"summary_large_image","twitter_misc":{"Est. tempo de leitura":"17 minutos"},"schema":{"@context":"https:\/\/schema.org","@graph":[{"@type":"WebPage","@id":"https:\/\/www.legislapp.com.br\/index.php\/avulso-inicial-pl-5045-2025-camara\/","url":"https:\/\/www.legislapp.com.br\/index.php\/avulso-inicial-pl-5045-2025-camara\/","name":"Avulso Inicial - PL 5045\/2025 - C\u00e2mara - Legislapp","isPartOf":{"@id":"https:\/\/www.legislapp.com.br\/#website"},"primaryImageOfPage":{"@id":"https:\/\/www.legislapp.com.br\/index.php\/avulso-inicial-pl-5045-2025-camara\/#primaryimage"},"image":{"@id":"https:\/\/www.legislapp.com.br\/index.php\/avulso-inicial-pl-5045-2025-camara\/#primaryimage"},"thumbnailUrl":"https:\/\/www.legislapp.com.br\/wp-content\/uploads\/2021\/07\/Logo-Legislapp-1-03-1.png","datePublished":"2025-12-01T13:47:24+00:00","breadcrumb":{"@id":"https:\/\/www.legislapp.com.br\/index.php\/avulso-inicial-pl-5045-2025-camara\/#breadcrumb"},"inLanguage":"pt-BR","potentialAction":[{"@type":"ReadAction","target":["https:\/\/www.legislapp.com.br\/index.php\/avulso-inicial-pl-5045-2025-camara\/"]}]},{"@type":"ImageObject","inLanguage":"pt-BR","@id":"https:\/\/www.legislapp.com.br\/index.php\/avulso-inicial-pl-5045-2025-camara\/#primaryimage","url":"https:\/\/www.legislapp.com.br\/wp-content\/uploads\/2021\/07\/Logo-Legislapp-1-03-1.png","contentUrl":"https:\/\/www.legislapp.com.br\/wp-content\/uploads\/2021\/07\/Logo-Legislapp-1-03-1.png","width":2679,"height":2697},{"@type":"BreadcrumbList","@id":"https:\/\/www.legislapp.com.br\/index.php\/avulso-inicial-pl-5045-2025-camara\/#breadcrumb","itemListElement":[{"@type":"ListItem","position":1,"name":"In\u00edcio","item":"https:\/\/www.legislapp.com.br\/"},{"@type":"ListItem","position":2,"name":"Avulso Inicial &#8211; PL 5045\/2025 &#8211; C\u00e2mara"}]},{"@type":"WebSite","@id":"https:\/\/www.legislapp.com.br\/#website","url":"https:\/\/www.legislapp.com.br\/","name":"Legislapp","description":"Intelig\u00eancia governamental em tempo real","publisher":{"@id":"https:\/\/www.legislapp.com.br\/#organization"},"potentialAction":[{"@type":"SearchAction","target":{"@type":"EntryPoint","urlTemplate":"https:\/\/www.legislapp.com.br\/?s={search_term_string}"},"query-input":{"@type":"PropertyValueSpecification","valueRequired":true,"valueName":"search_term_string"}}],"inLanguage":"pt-BR"},{"@type":"Organization","@id":"https:\/\/www.legislapp.com.br\/#organization","name":"Legislapp Monitoramento e Intelig\u00eancia Governamental","url":"https:\/\/www.legislapp.com.br\/","logo":{"@type":"ImageObject","inLanguage":"pt-BR","@id":"https:\/\/www.legislapp.com.br\/#\/schema\/logo\/image\/","url":"https:\/\/www.legislapp.com.br\/wp-content\/uploads\/icon.png","contentUrl":"https:\/\/www.legislapp.com.br\/wp-content\/uploads\/icon.png","width":1024,"height":1024,"caption":"Legislapp Monitoramento e Intelig\u00eancia Governamental"},"image":{"@id":"https:\/\/www.legislapp.com.br\/#\/schema\/logo\/image\/"},"sameAs":["https:\/\/www.instagram.com\/legislapp\/"]}]}},"_links":{"self":[{"href":"https:\/\/www.legislapp.com.br\/index.php\/wp-json\/wp\/v2\/pages\/9872","targetHints":{"allow":["GET"]}}],"collection":[{"href":"https:\/\/www.legislapp.com.br\/index.php\/wp-json\/wp\/v2\/pages"}],"about":[{"href":"https:\/\/www.legislapp.com.br\/index.php\/wp-json\/wp\/v2\/types\/page"}],"author":[{"embeddable":true,"href":"https:\/\/www.legislapp.com.br\/index.php\/wp-json\/wp\/v2\/users\/1"}],"replies":[{"embeddable":true,"href":"https:\/\/www.legislapp.com.br\/index.php\/wp-json\/wp\/v2\/comments?post=9872"}],"version-history":[{"count":0,"href":"https:\/\/www.legislapp.com.br\/index.php\/wp-json\/wp\/v2\/pages\/9872\/revisions"}],"wp:attachment":[{"href":"https:\/\/www.legislapp.com.br\/index.php\/wp-json\/wp\/v2\/media?parent=9872"}],"curies":[{"name":"wp","href":"https:\/\/api.w.org\/{rel}","templated":true}]}}