{"id":9874,"date":"2025-12-01T10:47:29","date_gmt":"2025-12-01T13:47:29","guid":{"rendered":"https:\/\/www.legislapp.com.br\/index.php\/avulso-inicial-pl-2752-2025-camara\/"},"modified":"2025-12-01T10:47:29","modified_gmt":"2025-12-01T13:47:29","slug":"avulso-inicial-pl-2752-2025-camara","status":"publish","type":"page","link":"https:\/\/www.legislapp.com.br\/index.php\/avulso-inicial-pl-2752-2025-camara\/","title":{"rendered":"Avulso Inicial &#8211; PL 2752\/2025 &#8211; C\u00e2mara"},"content":{"rendered":"<h1 style='text-align: center;'>Avulso Inicial &#8211; Autoria de Luiz Carlos Hauly<\/h3>\n<p><\/p>\n<article>\n<p>C\u00c2MARA DOS DEPUTADOS <\/p>\n<p>PROJETO DE LEI N.\u00ba 2.752, DE 2025<br \/>\n(Do Sr. Luiz Carlos Hauly) <\/p>\n<p>Acresce o \u00a7 6\u00ba ao art. 2\u00ba da Lei n\u00ba 11.053, de 29 de dezembro de 2004,<br \/>\nque \u201cDisp\u00f5e sobre a tributa\u00e7\u00e3o dos planos de benef\u00edcios de car\u00e1ter<br \/>\nprevidenci\u00e1rio e d\u00e1 outras provid\u00eancias\u201d, para permitir aos participantes e<br \/>\nassistidos que aderiram antes de 2005 em plano de previd\u00eancia<br \/>\ncomplementar a op\u00e7\u00e3o pelo regime de tributa\u00e7\u00e3o de al\u00edquotas<br \/>\nregressivas. <\/p>\n<p>DESPACHO:<br \/>\n\u00c0S COMISS\u00d5ES DE<br \/>\nPREVID\u00caNCIA, ASSIST\u00caNCIA SOCIAL, INF\u00c2NCIA, ADOLESC\u00caNCIA E<br \/>\nFAM\u00cdLIA;<br \/>\nFINAN\u00c7AS E TRIBUTA\u00c7\u00c3O (M\u00c9RITO E ART. 54, RICD) E<br \/>\nCONSTITUI\u00c7\u00c3O E JUSTI\u00c7A E DE CIDADANIA (ART. 54 RICD) <\/p>\n<p>APRECIA\u00c7\u00c3O:<br \/>\nProposi\u00e7\u00e3o Sujeita \u00e0 Aprecia\u00e7\u00e3o Conclusiva pelas Comiss\u00f5es &#8211; Art. 24 II <\/p>\n<p>PUBLICA\u00c7\u00c3O INICIAL<br \/>\nArt. 137, caput &#8211; RICD <\/p>\n<p>Coordena\u00e7\u00e3o de Comiss\u00f5es Permanentes &#8211; DECOM &#8211; P_6599<br \/>\nCONFERE COM O ORIGINAL AUTENTICADO <br \/>2 <\/p>\n<p>PROJETO DE LEI N\u00ba         \/2025<br \/>\n( Do Sr. Luiz Carlos Hauly)<br \/>\nAcresce o \u00a7 6\u00ba ao art. 2\u00ba da Lei n\u00ba<br \/>\n11.053, de 29 de dezembro de<br \/>\n2004, que \u201cDisp\u00f5e sobre a<br \/>\ntributa\u00e7\u00e3o dos planos de<br \/>\nbenef\u00edcios de car\u00e1ter<br \/>\nprevidenci\u00e1rio e d\u00e1 outras<br \/>\nprovid\u00eancias\u201d, para permitir aos<br \/>\nparticipantes e assistidos que<br \/>\naderiram antes de 2005 em plano<br \/>\nde previd\u00eancia complementar a<br \/>\nop\u00e7\u00e3o pelo regime de tributa\u00e7\u00e3o<br \/>\nde al\u00edquotas regressivas.<br \/>\nO CONGRESSO NACIONAL decreta:<br \/>\nArt. 1\u00ba O art. 2\u00ba da Lei n\u00ba 11.053, de 29 de dezembro de 2004,<br \/>\npassa a vigorar acrescido do seguinte \u00a7 6\u00ba:<br \/>\n\u201cArt. 2\u00ba&#8230;.<br \/>\n&#8230;&#8230;&#8230;&#8230;&#8230;&#8230;&#8230;&#8230;&#8230;&#8230;&#8230;&#8230;&#8230;&#8230;&#8230;&#8230;&#8230;&#8230;&#8230;&#8230;&#8230;&#8230;&#8230;&#8230;&#8230;&#8230;&#8230;&#8230;&#8230;&#8230;&#8230;<br \/>\n\u00a7 6\u00ba Caso os participantes referidos no caput n\u00e3o tenham<br \/>\nexercido a op\u00e7\u00e3o pelo regime tribut\u00e1rio de que trata o art.<br \/>\n1\u00ba desta Lei, poder\u00e3o os assistidos, os benefici\u00e1rios ou<br \/>\nseus representantes legais exerc\u00ea-la, desde que<br \/>\natendidos os requisitos necess\u00e1rios para a obten\u00e7\u00e3o do<br \/>\nbenef\u00edcio ou do resgate.\u201d<br \/>\nJUSTIFICA\u00c7\u00c3O<br \/>\nO presente projeto de lei visa a promover isonomia de tratamento,<\/p>\n<p>a seguran\u00e7a jur\u00eddica e a equidade no tratamento tribut\u00e1rio dos assistidos de<br \/>\nplanos de previd\u00eancia complementar mediante a inclus\u00e3o de \u00a76\u00ba ao art. 2\u00ba da<br \/>\nLei n\u00ba 11.053, de 29 de dezembro de 2004.<br \/>\nCoordena\u00e7\u00e3o de Comiss\u00f5es Permanentes &#8211; DECOM &#8211; P_6599<br \/>\nCONFERE COM O ORIGINAL AUTENTICADO<br \/>\nPL 2752\/2025<br \/>\nPara verificar a assinatura, acesse https:\/\/infoleg-autenticidade-assinatura.camara.leg.br\/CD254119144500<br \/>\n2<br \/>\nAssinado eletronicamente pelo(a) Dep. Luiz Carlos Hauly<br \/>\nApresenta\u00e7\u00e3o: 09\/06\/2025 14:17:09.867 &#8211; Mesa<br \/>\n*CD254119144500* PL n.2752\/2025<br \/>3<br \/>\nEsta medida tem como objetivo garantir a correta aplica\u00e7\u00e3o do<br \/>\nregime regressivo de tributa\u00e7\u00e3o tamb\u00e9m aos assistidos vinculados a<br \/>\nparticipantes que tenham aderido ao plano antes de 1\u00ba de janeiro de 2005.<br \/>\nA altera\u00e7\u00e3o promovida pelo \u00a78\u00ba do art. 1\u00ba da Lei n\u00ba 11.053\/2004,<br \/>\ninclu\u00eddo recentemente pela Lei n\u00ba 14.803\/2024, trouxe relevante avan\u00e7o ao<br \/>\npermitir que os assistidos dos planos de contribui\u00e7\u00e3o definida-CD ou<br \/>\ncontribui\u00e7\u00e3o vari\u00e1vel-CV possam realizar a op\u00e7\u00e3o pelo regime de tributa\u00e7\u00e3o<br \/>\nregressiva, mesmo j\u00e1 na condi\u00e7\u00e3o de assistido.<br \/>\n No entanto, o referido dispositivo foi redigido sob o art. 1\u00ba da Lei,<br \/>\ncuja delimita\u00e7\u00e3o temporal restringe sua aplica\u00e7\u00e3o apenas aos participantes que<br \/>\naderiram ao plano a partir de 1\u00ba de janeiro de 2005, gerando d\u00favidas quanto \u00e0<br \/>\nextens\u00e3o da norma aos assistidos e pensionistas vinculados a participantes<br \/>\nque aderiram antes dessa data.<br \/>\nDiante da aus\u00eancia de previs\u00e3o expressa sobre a aplicabilidade<br \/>\ndo \u00a78\u00ba do art. 1\u00ba aos assistidos relacionados aos participantes com ades\u00e3o<br \/>\nanterior a 2005, instalou-se uma situa\u00e7\u00e3o de desigualdade entre contribuintes<br \/>\nna mesma situa\u00e7\u00e3o jur\u00eddica, uma vez que levou em considera\u00e7\u00e3o t\u00e3o somente<br \/>\na data de ingresso no plano de benef\u00edcios.<br \/>\nSob a \u00f3tica constitucional, o princ\u00edpio da isonomia tribut\u00e1ria,<br \/>\ncorol\u00e1rio da capacidade contributiva, n\u00e3o autoriza a diferen\u00e7a de tratamento<br \/>\npara efeitos de imposto de renda para esses aposentados e pensionistas de<br \/>\nplanos de previd\u00eancia complementar, cabendo \u00e0 lei expressamente assegurar<br \/>\naos assistidos que ingressam em tais planos antes de 2005 os mesmos direitos<br \/>\ngarantidos pela Lei n\u00ba 14.803\/2024 aos assistidos que ingressam a partir de<br \/>\n2005.<br \/>\nDesta forma, o projeto de lei ora proposto visa a promover a<br \/>\ndevida corre\u00e7\u00e3o na legisla\u00e7\u00e3o, em conson\u00e2ncia com os princ\u00edpios<br \/>\nconstitucionais e legais aplic\u00e1veis, garantindo o direito a tratamento igualit\u00e1rio e<br \/>\njuridicamente seguro aos membros de planos de previd\u00eancia complementar.<br \/>\nDiante do exposto, conto com o apoio dos nobres parlamentares a<br \/>\npresente proposi\u00e7\u00e3o.<br \/>\nSala das Sess\u00f5es,        junho de 2025.<br \/>\nLUIZ CARLOS HAULY<br \/>\nDEPUTADO FEDERAL <\/p>\n<p>PODEMOS-PR<\/p>\n<p>Coordena\u00e7\u00e3o de Comiss\u00f5es Permanentes &#8211; DECOM &#8211; P_6599<br \/>\nCONFERE COM O ORIGINAL AUTENTICADO<br \/>\nPL 2752\/2025<br \/>\nPara verificar a assinatura, acesse https:\/\/infoleg-autenticidade-assinatura.camara.leg.br\/CD254119144500<br \/>\n3<br \/>\nAssinado eletronicamente pelo(a) Dep. Luiz Carlos Hauly<br \/>\nApresenta\u00e7\u00e3o: 09\/06\/2025 14:17:09.867 &#8211; Mesa<br \/>\n*CD254119144500* PL n.2752\/2025<br \/>4 <\/p>\n<p>C\u00c2MARA DOS DEPUTADOS<br \/>\nCENTRO DE DOCUMENTA\u00c7\u00c3O E INFORMA\u00c7\u00c3O \u2013 CEDI<br \/>\nCoordena\u00e7\u00e3o de Organiza\u00e7\u00e3o da Informa\u00e7\u00e3o Legislativa \u2013 CELEG  <\/p>\n<p>https:\/\/www2.camara.leg.br\/legin\/fed\/lei\/2004\/lei-<br \/>\nLEI N\u00ba 11.053, DE 29 DE<br \/>\nDEZEMBRO DE 2004  11053-29-dezembro-2004-535263-norma-pl.html   <\/p>\n<p>FIM DO DOCUMENTO<br \/>\nCoordena\u00e7\u00e3o de Comiss\u00f5es Permanentes &#8211; DECOM &#8211; P_6599<br \/>\nCONFERE COM O ORIGINAL AUTENTICADO<br \/>\nPL 2752\/2025 <\/article>\n<p><a href='https:\/\/app.legislapp.com.br\/#\/busca?termo='><\/a><\/p>\n<div style=\"text-align: center\">\n      <img decoding=\"async\" style=\"width: 14%;\" src=\"https:\/\/www.legislapp.com.br\/wp-content\/uploads\/2021\/07\/Logo-Legislapp-1-03-1.png\"><br \/>\n      <\/p>\n<div style=\"margin-bottom: 20px;\" class=\"et_pb_button_module_wrapper et_pb_button_5_tb_body_wrapper et_pb_button_alignment_center et_pb_module \">\n         <a class=\"et_pb_button et_pb_button_5_tb_body et_hover_enabled et_pb_bg_layout_dark\" style=\"width: 50%;background-color: black;\" href=\"https:\/\/app.legislapp.com.br\" target=\"_blank\" rel=\"noopener\">Visualizar completo na nossa plataforma (30 dias gr\u00e1tis)<\/a><\/p><\/div>\n<p>      <a href=\"https:\/\/play.google.com\/store\/apps\/details?id=br.com.legislapp\"><img decoding=\"async\" style=\"width: 15%; min-width: 130px;\" src=\"https:\/\/www.legislapp.com.br\/wp-content\/uploads\/google-play.png\"><\/a><br \/>\n      <a href=\"https:\/\/apps.apple.com\/us\/app\/legislapp\/id1568929859\"><img decoding=\"async\" style=\"width: 15%; min-width: 130px\" src=\"https:\/\/www.legislapp.com.br\/wp-content\/uploads\/apple-store.png\"><\/a>\n   <\/div>\n","protected":false},"excerpt":{"rendered":"<p>Avulso Inicial &#8211; Autoria de Luiz Carlos Hauly C\u00c2MARA DOS DEPUTADOS PROJETO DE LEI N.\u00ba 2.752, DE 2025 (Do Sr. Luiz Carlos Hauly) Acresce o \u00a7 6\u00ba ao art. 2\u00ba da Lei n\u00ba 11.053, de 29 de dezembro de 2004, que \u201cDisp\u00f5e sobre a tributa\u00e7\u00e3o dos planos de benef\u00edcios de car\u00e1ter previdenci\u00e1rio e d\u00e1 outras [&hellip;]<\/p>\n","protected":false},"author":1,"featured_media":0,"parent":0,"menu_order":0,"comment_status":"closed","ping_status":"closed","template":"page-template-blank.php","meta":{"_et_pb_use_builder":"","_et_pb_old_content":"","_et_gb_content_width":"1080","ngg_post_thumbnail":0,"footnotes":""},"class_list":["post-9874","page","type-page","status-publish","hentry"],"yoast_head":"<!-- This site is optimized with the Yoast SEO plugin v24.4 - https:\/\/yoast.com\/wordpress\/plugins\/seo\/ -->\n<title>Avulso Inicial - PL 2752\/2025 - C\u00e2mara - Legislapp<\/title>\n<meta name=\"robots\" content=\"index, follow, max-snippet:-1, max-image-preview:large, max-video-preview:-1\" \/>\n<link rel=\"canonical\" href=\"https:\/\/www.legislapp.com.br\/index.php\/avulso-inicial-pl-2752-2025-camara\/\" \/>\n<meta property=\"og:locale\" content=\"pt_BR\" \/>\n<meta property=\"og:type\" content=\"article\" \/>\n<meta property=\"og:title\" content=\"Avulso Inicial - PL 2752\/2025 - C\u00e2mara - Legislapp\" \/>\n<meta property=\"og:description\" content=\"Avulso Inicial &#8211; Autoria de Luiz Carlos Hauly C\u00c2MARA DOS DEPUTADOS PROJETO DE LEI N.\u00ba 2.752, DE 2025 (Do Sr. Luiz Carlos Hauly) Acresce o \u00a7 6\u00ba ao art. 2\u00ba da Lei n\u00ba 11.053, de 29 de dezembro de 2004, que \u201cDisp\u00f5e sobre a tributa\u00e7\u00e3o dos planos de benef\u00edcios de car\u00e1ter previdenci\u00e1rio e d\u00e1 outras [&hellip;]\" \/>\n<meta property=\"og:url\" content=\"https:\/\/www.legislapp.com.br\/index.php\/avulso-inicial-pl-2752-2025-camara\/\" \/>\n<meta property=\"og:site_name\" content=\"Legislapp\" \/>\n<meta property=\"article:publisher\" content=\"https:\/\/www.instagram.com\/legislapp\/\" \/>\n<meta property=\"og:image\" content=\"https:\/\/www.legislapp.com.br\/wp-content\/uploads\/2021\/07\/Logo-Legislapp-1-03-1.png\" \/>\n<meta name=\"twitter:card\" content=\"summary_large_image\" \/>\n<meta name=\"twitter:label1\" content=\"Est. tempo de leitura\" \/>\n\t<meta name=\"twitter:data1\" content=\"4 minutos\" \/>\n<script type=\"application\/ld+json\" class=\"yoast-schema-graph\">{\"@context\":\"https:\/\/schema.org\",\"@graph\":[{\"@type\":\"WebPage\",\"@id\":\"https:\/\/www.legislapp.com.br\/index.php\/avulso-inicial-pl-2752-2025-camara\/\",\"url\":\"https:\/\/www.legislapp.com.br\/index.php\/avulso-inicial-pl-2752-2025-camara\/\",\"name\":\"Avulso Inicial - PL 2752\/2025 - C\u00e2mara - Legislapp\",\"isPartOf\":{\"@id\":\"https:\/\/www.legislapp.com.br\/#website\"},\"primaryImageOfPage\":{\"@id\":\"https:\/\/www.legislapp.com.br\/index.php\/avulso-inicial-pl-2752-2025-camara\/#primaryimage\"},\"image\":{\"@id\":\"https:\/\/www.legislapp.com.br\/index.php\/avulso-inicial-pl-2752-2025-camara\/#primaryimage\"},\"thumbnailUrl\":\"https:\/\/www.legislapp.com.br\/wp-content\/uploads\/2021\/07\/Logo-Legislapp-1-03-1.png\",\"datePublished\":\"2025-12-01T13:47:29+00:00\",\"breadcrumb\":{\"@id\":\"https:\/\/www.legislapp.com.br\/index.php\/avulso-inicial-pl-2752-2025-camara\/#breadcrumb\"},\"inLanguage\":\"pt-BR\",\"potentialAction\":[{\"@type\":\"ReadAction\",\"target\":[\"https:\/\/www.legislapp.com.br\/index.php\/avulso-inicial-pl-2752-2025-camara\/\"]}]},{\"@type\":\"ImageObject\",\"inLanguage\":\"pt-BR\",\"@id\":\"https:\/\/www.legislapp.com.br\/index.php\/avulso-inicial-pl-2752-2025-camara\/#primaryimage\",\"url\":\"https:\/\/www.legislapp.com.br\/wp-content\/uploads\/2021\/07\/Logo-Legislapp-1-03-1.png\",\"contentUrl\":\"https:\/\/www.legislapp.com.br\/wp-content\/uploads\/2021\/07\/Logo-Legislapp-1-03-1.png\",\"width\":2679,\"height\":2697},{\"@type\":\"BreadcrumbList\",\"@id\":\"https:\/\/www.legislapp.com.br\/index.php\/avulso-inicial-pl-2752-2025-camara\/#breadcrumb\",\"itemListElement\":[{\"@type\":\"ListItem\",\"position\":1,\"name\":\"In\u00edcio\",\"item\":\"https:\/\/www.legislapp.com.br\/\"},{\"@type\":\"ListItem\",\"position\":2,\"name\":\"Avulso Inicial &#8211; PL 2752\/2025 &#8211; C\u00e2mara\"}]},{\"@type\":\"WebSite\",\"@id\":\"https:\/\/www.legislapp.com.br\/#website\",\"url\":\"https:\/\/www.legislapp.com.br\/\",\"name\":\"Legislapp\",\"description\":\"Intelig\u00eancia governamental em tempo real\",\"publisher\":{\"@id\":\"https:\/\/www.legislapp.com.br\/#organization\"},\"potentialAction\":[{\"@type\":\"SearchAction\",\"target\":{\"@type\":\"EntryPoint\",\"urlTemplate\":\"https:\/\/www.legislapp.com.br\/?s={search_term_string}\"},\"query-input\":{\"@type\":\"PropertyValueSpecification\",\"valueRequired\":true,\"valueName\":\"search_term_string\"}}],\"inLanguage\":\"pt-BR\"},{\"@type\":\"Organization\",\"@id\":\"https:\/\/www.legislapp.com.br\/#organization\",\"name\":\"Legislapp Monitoramento e Intelig\u00eancia Governamental\",\"url\":\"https:\/\/www.legislapp.com.br\/\",\"logo\":{\"@type\":\"ImageObject\",\"inLanguage\":\"pt-BR\",\"@id\":\"https:\/\/www.legislapp.com.br\/#\/schema\/logo\/image\/\",\"url\":\"https:\/\/www.legislapp.com.br\/wp-content\/uploads\/icon.png\",\"contentUrl\":\"https:\/\/www.legislapp.com.br\/wp-content\/uploads\/icon.png\",\"width\":1024,\"height\":1024,\"caption\":\"Legislapp Monitoramento e Intelig\u00eancia Governamental\"},\"image\":{\"@id\":\"https:\/\/www.legislapp.com.br\/#\/schema\/logo\/image\/\"},\"sameAs\":[\"https:\/\/www.instagram.com\/legislapp\/\"]}]}<\/script>\n<!-- \/ Yoast SEO plugin. -->","yoast_head_json":{"title":"Avulso Inicial - PL 2752\/2025 - C\u00e2mara - Legislapp","robots":{"index":"index","follow":"follow","max-snippet":"max-snippet:-1","max-image-preview":"max-image-preview:large","max-video-preview":"max-video-preview:-1"},"canonical":"https:\/\/www.legislapp.com.br\/index.php\/avulso-inicial-pl-2752-2025-camara\/","og_locale":"pt_BR","og_type":"article","og_title":"Avulso Inicial - PL 2752\/2025 - C\u00e2mara - Legislapp","og_description":"Avulso Inicial &#8211; Autoria de Luiz Carlos Hauly C\u00c2MARA DOS DEPUTADOS PROJETO DE LEI N.\u00ba 2.752, DE 2025 (Do Sr. Luiz Carlos Hauly) Acresce o \u00a7 6\u00ba ao art. 2\u00ba da Lei n\u00ba 11.053, de 29 de dezembro de 2004, que \u201cDisp\u00f5e sobre a tributa\u00e7\u00e3o dos planos de benef\u00edcios de car\u00e1ter previdenci\u00e1rio e d\u00e1 outras [&hellip;]","og_url":"https:\/\/www.legislapp.com.br\/index.php\/avulso-inicial-pl-2752-2025-camara\/","og_site_name":"Legislapp","article_publisher":"https:\/\/www.instagram.com\/legislapp\/","og_image":[{"url":"https:\/\/www.legislapp.com.br\/wp-content\/uploads\/2021\/07\/Logo-Legislapp-1-03-1.png","type":"","width":"","height":""}],"twitter_card":"summary_large_image","twitter_misc":{"Est. tempo de leitura":"4 minutos"},"schema":{"@context":"https:\/\/schema.org","@graph":[{"@type":"WebPage","@id":"https:\/\/www.legislapp.com.br\/index.php\/avulso-inicial-pl-2752-2025-camara\/","url":"https:\/\/www.legislapp.com.br\/index.php\/avulso-inicial-pl-2752-2025-camara\/","name":"Avulso Inicial - PL 2752\/2025 - C\u00e2mara - Legislapp","isPartOf":{"@id":"https:\/\/www.legislapp.com.br\/#website"},"primaryImageOfPage":{"@id":"https:\/\/www.legislapp.com.br\/index.php\/avulso-inicial-pl-2752-2025-camara\/#primaryimage"},"image":{"@id":"https:\/\/www.legislapp.com.br\/index.php\/avulso-inicial-pl-2752-2025-camara\/#primaryimage"},"thumbnailUrl":"https:\/\/www.legislapp.com.br\/wp-content\/uploads\/2021\/07\/Logo-Legislapp-1-03-1.png","datePublished":"2025-12-01T13:47:29+00:00","breadcrumb":{"@id":"https:\/\/www.legislapp.com.br\/index.php\/avulso-inicial-pl-2752-2025-camara\/#breadcrumb"},"inLanguage":"pt-BR","potentialAction":[{"@type":"ReadAction","target":["https:\/\/www.legislapp.com.br\/index.php\/avulso-inicial-pl-2752-2025-camara\/"]}]},{"@type":"ImageObject","inLanguage":"pt-BR","@id":"https:\/\/www.legislapp.com.br\/index.php\/avulso-inicial-pl-2752-2025-camara\/#primaryimage","url":"https:\/\/www.legislapp.com.br\/wp-content\/uploads\/2021\/07\/Logo-Legislapp-1-03-1.png","contentUrl":"https:\/\/www.legislapp.com.br\/wp-content\/uploads\/2021\/07\/Logo-Legislapp-1-03-1.png","width":2679,"height":2697},{"@type":"BreadcrumbList","@id":"https:\/\/www.legislapp.com.br\/index.php\/avulso-inicial-pl-2752-2025-camara\/#breadcrumb","itemListElement":[{"@type":"ListItem","position":1,"name":"In\u00edcio","item":"https:\/\/www.legislapp.com.br\/"},{"@type":"ListItem","position":2,"name":"Avulso Inicial &#8211; PL 2752\/2025 &#8211; C\u00e2mara"}]},{"@type":"WebSite","@id":"https:\/\/www.legislapp.com.br\/#website","url":"https:\/\/www.legislapp.com.br\/","name":"Legislapp","description":"Intelig\u00eancia governamental em tempo real","publisher":{"@id":"https:\/\/www.legislapp.com.br\/#organization"},"potentialAction":[{"@type":"SearchAction","target":{"@type":"EntryPoint","urlTemplate":"https:\/\/www.legislapp.com.br\/?s={search_term_string}"},"query-input":{"@type":"PropertyValueSpecification","valueRequired":true,"valueName":"search_term_string"}}],"inLanguage":"pt-BR"},{"@type":"Organization","@id":"https:\/\/www.legislapp.com.br\/#organization","name":"Legislapp Monitoramento e Intelig\u00eancia Governamental","url":"https:\/\/www.legislapp.com.br\/","logo":{"@type":"ImageObject","inLanguage":"pt-BR","@id":"https:\/\/www.legislapp.com.br\/#\/schema\/logo\/image\/","url":"https:\/\/www.legislapp.com.br\/wp-content\/uploads\/icon.png","contentUrl":"https:\/\/www.legislapp.com.br\/wp-content\/uploads\/icon.png","width":1024,"height":1024,"caption":"Legislapp Monitoramento e Intelig\u00eancia Governamental"},"image":{"@id":"https:\/\/www.legislapp.com.br\/#\/schema\/logo\/image\/"},"sameAs":["https:\/\/www.instagram.com\/legislapp\/"]}]}},"_links":{"self":[{"href":"https:\/\/www.legislapp.com.br\/index.php\/wp-json\/wp\/v2\/pages\/9874","targetHints":{"allow":["GET"]}}],"collection":[{"href":"https:\/\/www.legislapp.com.br\/index.php\/wp-json\/wp\/v2\/pages"}],"about":[{"href":"https:\/\/www.legislapp.com.br\/index.php\/wp-json\/wp\/v2\/types\/page"}],"author":[{"embeddable":true,"href":"https:\/\/www.legislapp.com.br\/index.php\/wp-json\/wp\/v2\/users\/1"}],"replies":[{"embeddable":true,"href":"https:\/\/www.legislapp.com.br\/index.php\/wp-json\/wp\/v2\/comments?post=9874"}],"version-history":[{"count":0,"href":"https:\/\/www.legislapp.com.br\/index.php\/wp-json\/wp\/v2\/pages\/9874\/revisions"}],"wp:attachment":[{"href":"https:\/\/www.legislapp.com.br\/index.php\/wp-json\/wp\/v2\/media?parent=9874"}],"curies":[{"name":"wp","href":"https:\/\/api.w.org\/{rel}","templated":true}]}}