{"id":9905,"date":"2025-12-01T10:49:22","date_gmt":"2025-12-01T13:49:22","guid":{"rendered":"https:\/\/www.legislapp.com.br\/index.php\/avulso-inicial-pl-3434-2025-camara\/"},"modified":"2025-12-01T10:49:22","modified_gmt":"2025-12-01T13:49:22","slug":"avulso-inicial-pl-3434-2025-camara","status":"publish","type":"page","link":"https:\/\/www.legislapp.com.br\/index.php\/avulso-inicial-pl-3434-2025-camara\/","title":{"rendered":"Avulso Inicial &#8211; PL 3434\/2025 &#8211; C\u00e2mara"},"content":{"rendered":"<h1 style='text-align: center;'>Avulso Inicial &#8211; Autoria de Amom Mandel<\/h3>\n<p><\/p>\n<article>C\u00c2MARA DOS DEPUTADOS<br \/>\nGabinete do Deputado Federal AMOM MANDEL \u2013 CIDADANIA\/AM<br \/>\n   PROJETO DE LEI N\u00ba      , DE 2025<br \/>\n(Do Sr. AMOM MANDEL)<br \/>\nEstabelece medidas de prote\u00e7\u00e3o a<br \/>\ncrian\u00e7as e adolescentes no acesso e<br \/>\nuso dos meios digitais, mediante<br \/>\ninstrumentos de verifica\u00e7\u00e3o et\u00e1ria,<br \/>\ncontrole parental e classifica\u00e7\u00e3o de<br \/>\nconte\u00fados disponibilizados na internet.<br \/>\nO Congresso Nacional decreta:<br \/>\nArt. 1\u00ba Esta Lei estabelece medidas de prote\u00e7\u00e3o a crian\u00e7as e adolescentes<br \/>\nno acesso e uso dos meios digitais, mediante instrumentos de verifica\u00e7\u00e3o et\u00e1ria,<br \/>\ncontrole parental e classifica\u00e7\u00e3o de conte\u00fados disponibilizados na internet.<br \/>\n\u00a7 1\u00ba Esta Lei aplica-se \u00e0s aplica\u00e7\u00f5es de internet cujos servi\u00e7os sejam<br \/>\nofertados a usu\u00e1rios residentes no Brasil, independentemente da localiza\u00e7\u00e3o da<br \/>\nsede do seu provedor ou da infraestrutura utilizada para a presta\u00e7\u00e3o do servi\u00e7o.<br \/>\n\u00a7 2\u00ba Regulamenta\u00e7\u00e3o estabelecer\u00e1 as hip\u00f3teses de inexig\u00eancia, pelas<br \/>\naplica\u00e7\u00f5es de internet, do cumprimento das obriga\u00e7\u00f5es previstas nesta Lei, com<br \/>\nbase no n\u00famero de usu\u00e1rios da aplica\u00e7\u00e3o e na probabilidade de acesso da<br \/>\naplica\u00e7\u00e3o por crian\u00e7as e adolescentes, entre outros crit\u00e9rios.<br \/>\n\u00a7 3\u00ba Para efeito desta Lei, s\u00e3o consideradas as defini\u00e7\u00f5es de \u201cinternet\u201d,<br \/>\n\u201cterminal\u201d e \u201caplica\u00e7\u00f5es de internet\u201d estabelecidas pela Lei n\u00ba 12.965, de 23 de abril<br \/>\nde 2014 \u2013 Marco Civil da Internet.<br \/>\nArt. 2\u00ba As lojas de aplicativos de internet dever\u00e3o condicionar o<br \/>\ndescarregamento por crian\u00e7a ou adolescente das aplica\u00e7\u00f5es de internet<br \/>\n___________________________________________________________________________<br \/>\nC\u00e2mara dos Deputados | Anexo IV Gabinete 760 | \u2013 CEP: 70160-900 \u2013<br \/>\nBras\u00edlia-DF<br \/>\nTel (61) 3215-5760 | dep.amommandel@camara.leg.br<br \/>\nPara verificar a assinatura, acesse https:\/\/infoleg-autenticidade-assinatura.camara.leg.br\/CD253137669900<br \/>\nAssinado eletronicamente pelo(a) Dep. Amom Mandel<br \/>\nApresenta\u00e7\u00e3o: 15\/07\/2025 17:23:37.083 &#8211; Mesa<br \/>\n*CD253137669900* PL n.3434\/2025<br \/>C\u00c2MARA DOS DEPUTADOS<br \/>\nGabinete do Deputado Federal AMOM MANDEL \u2013 CIDADANIA\/AM<br \/>\ndisponibilizadas em suas plataformas \u00e0 autoriza\u00e7\u00e3o de um dos pais ou do<br \/>\nrespons\u00e1vel.<br \/>\n\u00a7 1\u00ba A loja de aplicativos de internet dever\u00e1 realizar a aferi\u00e7\u00e3o da idade do<br \/>\nusu\u00e1rio por meio de mecanismos com elevado grau de confiabilidade, na forma da<br \/>\nregulamenta\u00e7\u00e3o.<br \/>\n\u00a7 2\u00ba A loja de aplicativos de internet dever\u00e1 disponibilizar ferramenta que<br \/>\npermita aos provedores das aplica\u00e7\u00f5es de internet disponibilizadas em suas<br \/>\nplataformas acessar informa\u00e7\u00f5es sobre a idade do usu\u00e1rio que descarregar a<br \/>\naplica\u00e7\u00e3o de internet por meio da plataforma.<br \/>\n\u00a7 3\u00ba O tratamento dos dados pessoais coletados para a aferi\u00e7\u00e3o da idade do<br \/>\nusu\u00e1rio dever\u00e1 ser realizado exclusivamente para esta finalidade.<br \/>\n\u00a7 4\u00ba Considera-se loja de aplicativos de internet o provedor de aplica\u00e7\u00f5es de<br \/>\ninternet que disponibiliza e distribui por meio da sua plataforma aplica\u00e7\u00f5es de<br \/>\ninternet de sua propriedade ou desenvolvidas por terceiros para uso em terminais<br \/>\nde outros usu\u00e1rios.<br \/>\n\u00a7 5\u00ba Para efeito das obriga\u00e7\u00f5es de que trata este artigo, equiparam-se \u00e0s<br \/>\nlojas de aplicativos de internet os fornecedores dos sistemas operacionais de<br \/>\ndispositivos eletr\u00f4nicos comercializados no Brasil que permitam o descarregamento<br \/>\nde aplica\u00e7\u00f5es de internet para uso por meio do dispositivo.<br \/>\nArt. 3\u00ba As aplica\u00e7\u00f5es de internet dever\u00e3o classificar e sinalizar, com base em<br \/>\nfaixas et\u00e1rias, os conte\u00fados considerados inadequados para crian\u00e7as e<br \/>\nadolescentes que forem disponibilizados em suas plataformas, inclusive por<br \/>\nterceiros, na forma da regulamenta\u00e7\u00e3o.<br \/>\n\u00a7 1\u00ba A aplica\u00e7\u00e3o de internet dever\u00e1 vedar o acesso de crian\u00e7as e<br \/>\nadolescentes a conte\u00fados em desacordo com a sua faixa et\u00e1ria.<br \/>\n___________________________________________________________________________<br \/>\nC\u00e2mara dos Deputados | Anexo IV Gabinete 760 | \u2013 CEP: 70160-900 \u2013<br \/>\nBras\u00edlia-DF<br \/>\nTel (61) 3215-5760 | dep.amommandel@camara.leg.br<br \/>\nPara verificar a assinatura, acesse https:\/\/infoleg-autenticidade-assinatura.camara.leg.br\/CD253137669900<br \/>\nAssinado eletronicamente pelo(a) Dep. Amom Mandel<br \/>\nApresenta\u00e7\u00e3o: 15\/07\/2025 17:23:37.083 &#8211; Mesa<br \/>\n*CD253137669900* PL n.3434\/2025<br \/>C\u00c2MARA DOS DEPUTADOS<br \/>\nGabinete do Deputado Federal AMOM MANDEL \u2013 CIDADANIA\/AM<br \/>\n\u00a7 2\u00ba A classifica\u00e7\u00e3o et\u00e1ria dever\u00e1 considerar o desenvolvimento progressivo<br \/>\ndas capacidades das crian\u00e7as e adolescentes.<br \/>\n\u00a7 3\u00ba Para efeito do cumprimento do disposto neste artigo, a aferi\u00e7\u00e3o da idade<br \/>\ndo usu\u00e1rio pela aplica\u00e7\u00e3o de internet dever\u00e1 ser realizada por meio do acesso \u00e0<br \/>\nferramenta de que trata o \u00a7 2\u00ba do art. 2\u00ba disponibilizada pela loja de aplicativos de<br \/>\ninternet ou pelo fornecedor do sistema operacional do terminal utilizado pelo<br \/>\nusu\u00e1rio, sem preju\u00edzo da realiza\u00e7\u00e3o de verifica\u00e7\u00f5es complementares pela aplica\u00e7\u00e3o.<br \/>\nArt. 4\u00ba As aplica\u00e7\u00f5es de internet dever\u00e3o, na forma da regulamenta\u00e7\u00e3o,<br \/>\ndisponibilizar ferramentas de controle parental de f\u00e1cil acesso e usabilidade que<br \/>\nofere\u00e7am aos pais e respons\u00e1veis de crian\u00e7as e adolescentes que sejam usu\u00e1rios<br \/>\nda aplica\u00e7\u00e3o pelo menos as seguintes funcionalidades:<br \/>\nI \u2013 possibilidade de restri\u00e7\u00e3o e bloqueio, total ou parcial:<br \/>\na) do acesso e da visibilidade de conte\u00fados e perfis com base na<br \/>\nclassifica\u00e7\u00e3o et\u00e1ria;<br \/>\nb) \u00e0 realiza\u00e7\u00e3o de opera\u00e7\u00f5es financeiras e comerciais por crian\u00e7a ou<br \/>\nadolescente;<br \/>\nc) ao compartilhamento da geolocaliza\u00e7\u00e3o e de outros dados pessoais de<br \/>\ncrian\u00e7a ou adolescente com usu\u00e1rios n\u00e3o autorizados;<br \/>\nd) do uso de recursos utilizados pela aplica\u00e7\u00e3o para induzir a extens\u00e3o do<br \/>\nseu tempo de uso ou que possam estimular o seu uso compulsivo;<br \/>\ne) da possibilidade de comunica\u00e7\u00e3o entre a crian\u00e7a ou adolescente e outros<br \/>\nusu\u00e1rios por meio da aplica\u00e7\u00e3o;<br \/>\nf) a mudan\u00e7as n\u00e3o autorizadas nas configura\u00e7\u00f5es das ferramentas de<br \/>\ncontrole parental por crian\u00e7a ou adolescente;<br \/>\ng) o carregamento de conte\u00fados audiovisuais;<br \/>\nII \u2013 visualiza\u00e7\u00e3o e controle do tempo de uso da aplica\u00e7\u00e3o;<br \/>\n___________________________________________________________________________<br \/>\nC\u00e2mara dos Deputados | Anexo IV Gabinete 760 | \u2013 CEP: 70160-900 \u2013<br \/>\nBras\u00edlia-DF<br \/>\nTel (61) 3215-5760 | dep.amommandel@camara.leg.br<br \/>\nPara verificar a assinatura, acesse https:\/\/infoleg-autenticidade-assinatura.camara.leg.br\/CD253137669900<br \/>\nAssinado eletronicamente pelo(a) Dep. Amom Mandel<br \/>\nApresenta\u00e7\u00e3o: 15\/07\/2025 17:23:37.083 &#8211; Mesa<br \/>\n*CD253137669900* PL n.3434\/2025<br \/>C\u00c2MARA DOS DEPUTADOS<br \/>\nGabinete do Deputado Federal AMOM MANDEL \u2013 CIDADANIA\/AM<br \/>\nIII \u2013 visualiza\u00e7\u00e3o das contas e perfis dos usu\u00e1rios com os quais a crian\u00e7a ou<br \/>\no adolescente mant\u00e9m intera\u00e7\u00e3o;<br \/>\nIV \u2013 controle das configura\u00e7\u00f5es de privacidade e seguran\u00e7a da conta ou perfil<br \/>\nda crian\u00e7a ou adolescente; e<br \/>\nV \u2013 sinaliza\u00e7\u00e3o de forma destacada na plataforma de que as ferramentas de<br \/>\ncontrole parental est\u00e3o ativadas.<br \/>\n\u00a7 1\u00ba O provedor da aplica\u00e7\u00e3o dever\u00e1 dar ampla publicidade da exist\u00eancia das<br \/>\nferramentas de que trata o caput, inclusive durante a instala\u00e7\u00e3o e o uso da<br \/>\naplica\u00e7\u00e3o.<br \/>\n\u00a7 2\u00ba O tratamento dos dados pessoais de crian\u00e7as e adolescentes coletados<br \/>\npara garantir o funcionamento das ferramentas de controle parental dever\u00e1 ser<br \/>\nrealizado exclusivamente para essa finalidade.<br \/>\n\u00a7 3\u00ba Na instala\u00e7\u00e3o da aplica\u00e7\u00e3o, as ferramentas de controle parental dever\u00e3o<br \/>\nser pr\u00e9-configuradas de modo a oferecer o mais elevado n\u00edvel de privacidade e<br \/>\nseguran\u00e7a disponibilizado pela aplica\u00e7\u00e3o.<br \/>\nArt. 5\u00ba Esta Lei entra em vigor 180 (cento e oitenta) dias ap\u00f3s a sua<br \/>\npublica\u00e7\u00e3o.<br \/>\nJUSTIFICA\u00c7\u00c3O<br \/>\nA democratiza\u00e7\u00e3o do acesso \u00e0 internet, se por um lado oportuniza benef\u00edcios<br \/>\nnas mais diversas esferas da vida humana, pelo outro introduz riscos e amea\u00e7as<br \/>\npara os cidad\u00e3os. O uso inadequado dos meios digitais e a escalada de crimes<br \/>\ncometidos no mundo cibern\u00e9tico causam especial preocupa\u00e7\u00e3o em rela\u00e7\u00e3o aos<br \/>\nseus efeitos sobre crian\u00e7as e adolescentes, cujo n\u00edvel de amadurecimento e<br \/>\n___________________________________________________________________________<br \/>\nC\u00e2mara dos Deputados | Anexo IV Gabinete 760 | \u2013 CEP: 70160-900 \u2013<br \/>\nBras\u00edlia-DF<br \/>\nTel (61) 3215-5760 | dep.amommandel@camara.leg.br<br \/>\nPara verificar a assinatura, acesse https:\/\/infoleg-autenticidade-assinatura.camara.leg.br\/CD253137669900<br \/>\nAssinado eletronicamente pelo(a) Dep. Amom Mandel<br \/>\nApresenta\u00e7\u00e3o: 15\/07\/2025 17:23:37.083 &#8211; Mesa<br \/>\n*CD253137669900* PL n.3434\/2025<br \/>C\u00c2MARA DOS DEPUTADOS<br \/>\nGabinete do Deputado Federal AMOM MANDEL \u2013 CIDADANIA\/AM<br \/>\npercep\u00e7\u00e3o da realidade por vezes impede o correto discernimento sobre os reais<br \/>\nperigos advindos das redes virtuais.<br \/>\nA mat\u00e9ria tem sido objeto de grande discuss\u00e3o em n\u00edvel global, motivando<br \/>\ndiversos pa\u00edses a adotar pol\u00edticas que visam garantir maior seguran\u00e7a e privacidade<br \/>\nno acesso de menores \u00e0 internet. A t\u00edtulo de ilustra\u00e7\u00e3o, ao aprovar o Regulamento<br \/>\ndos Servi\u00e7os Digitais , em 2022, a Uni\u00e3o Europeia instituiu importantes medidas de<br \/>\nprote\u00e7\u00e3o a crian\u00e7as e adolescentes nos meios cibern\u00e9ticos, como a ado\u00e7\u00e3o de<br \/>\ninstrumentos de controle parental e de verifica\u00e7\u00e3o da idade dos usu\u00e1rios de<br \/>\naplicativos de internet.<br \/>\nNo Brasil, em alinhamento a essa tend\u00eancia, o Conselho Nacional dos<br \/>\nDireitos das Crian\u00e7as e dos Adolescentes \u2013 Conanda \u2013 expediu a Resolu\u00e7\u00e3o n\u00ba 245,<br \/>\nde 5 de abril de 2024, que \u201cDisp\u00f5e sobre os direitos das crian\u00e7as e adolescentes em<br \/>\nambiente digital\u201d. A norma representou importante avan\u00e7o sobre o tema no Pa\u00eds, ao<br \/>\nimpor responsabilidades e deveres de cuidado aos provedores de internet na oferta<br \/>\nde servi\u00e7os ao p\u00fablico jovem.<br \/>\nH\u00e1 opera\u00e7\u00f5es de combate ao armazenamento de conte\u00fado relacionado a<br \/>\nabuso sexual infantil na internet, como, por exemplo, a Opera\u00e7\u00e3o Coletores 3, que<br \/>\nrecentemente prendeu um idoso na Zona Leste de Manaus, Amazonas, por possuir<br \/>\ndois celulares, dois HDs externos e tr\u00eas pen-drives contendo pornografia infantil,<br \/>\ncontudo, essas opera\u00e7\u00f5es espor\u00e1dicas n\u00e3o s\u00e3o o suficiente para combater o<br \/>\nproblema.<br \/>\nApesar do ineg\u00e1vel m\u00e9rito da iniciativa promovida pelo Conanda, a aus\u00eancia<br \/>\nde legisla\u00e7\u00e3o federal espec\u00edfica sobre a mat\u00e9ria demanda a aprova\u00e7\u00e3o de<br \/>\ndispositivos legais que ofere\u00e7am o necess\u00e1rio suporte jur\u00eddico \u00e0 imposi\u00e7\u00e3o de<br \/>\nobriga\u00e7\u00f5es \u00e0s plataformas digitais quanto \u00e0 prote\u00e7\u00e3o de crian\u00e7as e adolescentes no<br \/>\nambiente virtual. O projeto de lei ora oferecido visa suprir essa lacuna do<br \/>\n___________________________________________________________________________<br \/>\nC\u00e2mara dos Deputados | Anexo IV Gabinete 760 | \u2013 CEP: 70160-900 \u2013<br \/>\nBras\u00edlia-DF<br \/>\nTel (61) 3215-5760 | dep.amommandel@camara.leg.br<br \/>\nPara verificar a assinatura, acesse https:\/\/infoleg-autenticidade-assinatura.camara.leg.br\/CD253137669900<br \/>\nAssinado eletronicamente pelo(a) Dep. Amom Mandel<br \/>\nApresenta\u00e7\u00e3o: 15\/07\/2025 17:23:37.083 &#8211; Mesa<br \/>\n*CD253137669900* PL n.3434\/2025<br \/>C\u00c2MARA DOS DEPUTADOS<br \/>\nGabinete do Deputado Federal AMOM MANDEL \u2013 CIDADANIA\/AM<br \/>\nordenamento legal brasileiro, ao propor medidas de prote\u00e7\u00e3o a menores no uso dos<br \/>\nmeios digitais. Nesse sentido, a iniciativa imp\u00f5e aos provedores de aplicativos de<br \/>\ninternet a obriga\u00e7\u00e3o da oferta de tr\u00eas instrumentos essenciais para aumentar a<br \/>\nprivacidade e seguran\u00e7a no acesso \u00e0 internet: verifica\u00e7\u00e3o et\u00e1ria, controle parental e<br \/>\nclassifica\u00e7\u00e3o de conte\u00fados.<br \/>\nDe acordo com o projeto, as lojas de aplicativos de internet s\u00f3 poder\u00e3o<br \/>\npermitir o download de aplica\u00e7\u00f5es disponibilizadas em suas plataformas por<br \/>\ncrian\u00e7as e adolescentes com a autoriza\u00e7\u00e3o de um dos pais ou do respons\u00e1vel. No<br \/>\nque diz respeito \u00e0 aferi\u00e7\u00e3o da idade dos usu\u00e1rios, o projeto concentra a<br \/>\nresponsabilidade pela verifica\u00e7\u00e3o et\u00e1ria nas lojas de aplicativos, desonerando as<br \/>\ndemais aplica\u00e7\u00f5es de internet dessa obriga\u00e7\u00e3o. A proposi\u00e7\u00e3o tamb\u00e9m determina<br \/>\nque a informa\u00e7\u00e3o sobre a idade do usu\u00e1rio obtida pela loja de aplicativos dever\u00e1 ser<br \/>\nrepassada para o provedor de cada aplica\u00e7\u00e3o baixada pelo menor, por meio de<br \/>\ninterface previamente definida. A inten\u00e7\u00e3o da medida \u00e9 permitir que as aplica\u00e7\u00f5es<br \/>\ndisponham dos dados necess\u00e1rios para aplicar as restri\u00e7\u00f5es de acesso a conte\u00fado<br \/>\ne demais controles estabelecidos pelo projeto.<br \/>\nA estrat\u00e9gia escolhida de centralizar os mecanismos de verifica\u00e7\u00e3o et\u00e1ria nas<br \/>\nlojas de aplicativos leva em considera\u00e7\u00e3o a gigantesca soma de aplica\u00e7\u00f5es<br \/>\nofertadas hoje no mercado, cujo download \u00e9 disponibilizado por interm\u00e9dio de<br \/>\nlimitado n\u00famero de lojas virtuais. O objetivo, portanto, \u00e9 mitigar o risco de<br \/>\ncomprometimento dos dados pessoais de crian\u00e7as e adolescentes, por meio da<br \/>\ncentraliza\u00e7\u00e3o da gest\u00e3o das informa\u00e7\u00f5es que comprovam a idade dos usu\u00e1rios nas<br \/>\nlojas de aplicativos. Al\u00e9m disso, a proposta evita que os pais e respons\u00e1veis sejam<br \/>\nobrigados a conhecer e gerenciar as ferramentas de verifica\u00e7\u00e3o et\u00e1ria<br \/>\ndisponibilizadas por todos os aplicativos utilizados pela crian\u00e7a ou adolescente, o<br \/>\nque poderia desestimular o uso de tais instrumentos.<br \/>\n___________________________________________________________________________<br \/>\nC\u00e2mara dos Deputados | Anexo IV Gabinete 760 | \u2013 CEP: 70160-900 \u2013<br \/>\nBras\u00edlia-DF<br \/>\nTel (61) 3215-5760 | dep.amommandel@camara.leg.br<br \/>\nPara verificar a assinatura, acesse https:\/\/infoleg-autenticidade-assinatura.camara.leg.br\/CD253137669900<br \/>\nAssinado eletronicamente pelo(a) Dep. Amom Mandel<br \/>\nApresenta\u00e7\u00e3o: 15\/07\/2025 17:23:37.083 &#8211; Mesa<br \/>\n*CD253137669900* PL n.3434\/2025<br \/>C\u00c2MARA DOS DEPUTADOS<br \/>\nGabinete do Deputado Federal AMOM MANDEL \u2013 CIDADANIA\/AM<br \/>\nO projeto tamb\u00e9m determina que as aplica\u00e7\u00f5es de internet dever\u00e3o classificar<br \/>\ne sinalizar, com base em faixas et\u00e1rias, os conte\u00fados considerados inadequados<br \/>\npara crian\u00e7as e adolescentes que forem disponibilizados em suas plataformas,<br \/>\ninclusive por terceiros. Estabelece ainda que as aplica\u00e7\u00f5es dever\u00e3o vedar o acesso<br \/>\nde menores a conte\u00fados em desacordo com a sua faixa et\u00e1ria, levando em<br \/>\nconsidera\u00e7\u00e3o a classifica\u00e7\u00e3o realizada pela plataforma e os dados sobre a idade do<br \/>\nusu\u00e1rio informados pela loja de aplicativos.<br \/>\nEm complemento, a proposi\u00e7\u00e3o torna obrigat\u00f3ria a oferta de ferramentas de<br \/>\ncontrole parental pelas aplica\u00e7\u00f5es de internet, que dever\u00e3o contar com um conjunto<br \/>\nm\u00ednimo de funcionalidades. Dentre essas funcionalidades, incluem-se instrumentos<br \/>\nque permitam aos pais e respons\u00e1veis limitar o acesso e a visibilidade de conte\u00fados<br \/>\ne perfis com base na classifica\u00e7\u00e3o et\u00e1ria, bloquear a realiza\u00e7\u00e3o de opera\u00e7\u00f5es<br \/>\nfinanceiras e comerciais e restringir o compartilhamento de dados pessoais.<br \/>\nTamb\u00e9m dever\u00e3o ser oferecidos mecanismos para desativar os recursos utilizados<br \/>\npela aplica\u00e7\u00e3o para induzir a extens\u00e3o do seu tempo de uso ou que possam<br \/>\nestimular o seu uso compulsivo, como barras de rolagem infinitas, reprodu\u00e7\u00e3o<br \/>\nautom\u00e1tica de v\u00eddeos, recompensas e notifica\u00e7\u00f5es persistentes. Tais ferramentas<br \/>\ndever\u00e3o ainda permitir o controle do tempo de uso da aplica\u00e7\u00e3o e a visualiza\u00e7\u00e3o dos<br \/>\nperfis dos usu\u00e1rios com os quais a crian\u00e7a ou o adolescente mant\u00e9m comunica\u00e7\u00e3o,<br \/>\nentre outros recursos.<br \/>\nPor fim, dada a imensa quantidade e diversidade de aplicativos dispon\u00edveis<br \/>\nno mercado, a iniciativa atribui \u00e0 regulamenta\u00e7\u00e3o a possibilidade de dispensar<br \/>\ncategorias de aplica\u00e7\u00f5es de internet do cumprimento das obriga\u00e7\u00f5es estabelecidas<br \/>\npelo projeto, com base em crit\u00e9rios como o n\u00famero de usu\u00e1rios e a probabilidade de<br \/>\nuso da aplica\u00e7\u00e3o por crian\u00e7as e adolescentes. Estabelece ainda vacatio legis de 180<br \/>\ndias, de forma a permitir que os provedores possam adaptar suas plataformas \u00e0s<br \/>\ndetermina\u00e7\u00f5es estabelecidas pela proposi\u00e7\u00e3o.<br \/>\n___________________________________________________________________________<br \/>\nC\u00e2mara dos Deputados | Anexo IV Gabinete 760 | \u2013 CEP: 70160-900 \u2013<br \/>\nBras\u00edlia-DF<br \/>\nTel (61) 3215-5760 | dep.amommandel@camara.leg.br<br \/>\nPara verificar a assinatura, acesse https:\/\/infoleg-autenticidade-assinatura.camara.leg.br\/CD253137669900<br \/>\nAssinado eletronicamente pelo(a) Dep. Amom Mandel<br \/>\nApresenta\u00e7\u00e3o: 15\/07\/2025 17:23:37.083 &#8211; Mesa<br \/>\n*CD253137669900* PL n.3434\/2025<br \/>C\u00c2MARA DOS DEPUTADOS<br \/>\nGabinete do Deputado Federal AMOM MANDEL \u2013 CIDADANIA\/AM<br \/>\nEntendemos que as medidas propostas representam uma importante e<br \/>\nnecess\u00e1ria contribui\u00e7\u00e3o desta Casa para oferecer maior seguran\u00e7a e privacidade no<br \/>\nacesso de crian\u00e7as e adolescentes aos meios digitais, motivo pelo qual clamamos<br \/>\npelo apoio dos nobres Pares para a sua aprova\u00e7\u00e3o.<br \/>\n                           Sala das Sess\u00f5es, em        de                     de 2025.<br \/>\nDeputado AMOM MANDEL<br \/>\n___________________________________________________________________________<br \/>\nC\u00e2mara dos Deputados | Anexo IV Gabinete 760 | \u2013 CEP: 70160-900 \u2013<br \/>\nBras\u00edlia-DF<br \/>\nTel (61) 3215-5760 | dep.amommandel@camara.leg.br<br \/>\nPara verificar a assinatura, acesse https:\/\/infoleg-autenticidade-assinatura.camara.leg.br\/CD253137669900<br \/>\nAssinado eletronicamente pelo(a) Dep. Amom Mandel<br \/>\nApresenta\u00e7\u00e3o: 15\/07\/2025 17:23:37.083 &#8211; Mesa<br \/>\n*CD253137669900* PL n.3434\/2025<\/article>\n<p><a href='https:\/\/app.legislapp.com.br\/#\/busca?termo='><\/a><\/p>\n<div style=\"text-align: center\">\n      <img decoding=\"async\" style=\"width: 14%;\" src=\"https:\/\/www.legislapp.com.br\/wp-content\/uploads\/2021\/07\/Logo-Legislapp-1-03-1.png\"><br \/>\n      <\/p>\n<div style=\"margin-bottom: 20px;\" class=\"et_pb_button_module_wrapper et_pb_button_5_tb_body_wrapper et_pb_button_alignment_center et_pb_module \">\n         <a class=\"et_pb_button et_pb_button_5_tb_body et_hover_enabled et_pb_bg_layout_dark\" style=\"width: 50%;background-color: black;\" href=\"https:\/\/app.legislapp.com.br\" target=\"_blank\" rel=\"noopener\">Visualizar completo na nossa plataforma (30 dias gr\u00e1tis)<\/a><\/p><\/div>\n<p>      <a href=\"https:\/\/play.google.com\/store\/apps\/details?id=br.com.legislapp\"><img decoding=\"async\" style=\"width: 15%; min-width: 130px;\" src=\"https:\/\/www.legislapp.com.br\/wp-content\/uploads\/google-play.png\"><\/a><br \/>\n      <a href=\"https:\/\/apps.apple.com\/us\/app\/legislapp\/id1568929859\"><img decoding=\"async\" style=\"width: 15%; min-width: 130px\" src=\"https:\/\/www.legislapp.com.br\/wp-content\/uploads\/apple-store.png\"><\/a>\n   <\/div>\n","protected":false},"excerpt":{"rendered":"<p>Avulso Inicial &#8211; Autoria de Amom Mandel C\u00c2MARA DOS DEPUTADOS Gabinete do Deputado Federal AMOM MANDEL \u2013 CIDADANIA\/AM PROJETO DE LEI N\u00ba , DE 2025 (Do Sr. AMOM MANDEL) Estabelece medidas de prote\u00e7\u00e3o a crian\u00e7as e adolescentes no acesso e uso dos meios digitais, mediante instrumentos de verifica\u00e7\u00e3o et\u00e1ria, controle parental e classifica\u00e7\u00e3o de conte\u00fados [&hellip;]<\/p>\n","protected":false},"author":1,"featured_media":0,"parent":0,"menu_order":0,"comment_status":"closed","ping_status":"closed","template":"page-template-blank.php","meta":{"_et_pb_use_builder":"","_et_pb_old_content":"","_et_gb_content_width":"1080","ngg_post_thumbnail":0,"footnotes":""},"class_list":["post-9905","page","type-page","status-publish","hentry"],"yoast_head":"<!-- This site is optimized with the Yoast SEO plugin v24.4 - https:\/\/yoast.com\/wordpress\/plugins\/seo\/ -->\n<title>Avulso Inicial - PL 3434\/2025 - C\u00e2mara - Legislapp<\/title>\n<meta name=\"robots\" content=\"index, follow, max-snippet:-1, max-image-preview:large, max-video-preview:-1\" \/>\n<link rel=\"canonical\" href=\"https:\/\/www.legislapp.com.br\/index.php\/avulso-inicial-pl-3434-2025-camara\/\" \/>\n<meta property=\"og:locale\" content=\"pt_BR\" \/>\n<meta property=\"og:type\" content=\"article\" \/>\n<meta property=\"og:title\" content=\"Avulso Inicial - PL 3434\/2025 - C\u00e2mara - Legislapp\" \/>\n<meta property=\"og:description\" content=\"Avulso Inicial &#8211; Autoria de Amom Mandel C\u00c2MARA DOS DEPUTADOS Gabinete do Deputado Federal AMOM MANDEL \u2013 CIDADANIA\/AM PROJETO DE LEI N\u00ba , DE 2025 (Do Sr. AMOM MANDEL) Estabelece medidas de prote\u00e7\u00e3o a crian\u00e7as e adolescentes no acesso e uso dos meios digitais, mediante instrumentos de verifica\u00e7\u00e3o et\u00e1ria, controle parental e classifica\u00e7\u00e3o de conte\u00fados [&hellip;]\" \/>\n<meta property=\"og:url\" content=\"https:\/\/www.legislapp.com.br\/index.php\/avulso-inicial-pl-3434-2025-camara\/\" \/>\n<meta property=\"og:site_name\" content=\"Legislapp\" \/>\n<meta property=\"article:publisher\" content=\"https:\/\/www.instagram.com\/legislapp\/\" \/>\n<meta property=\"og:image\" content=\"https:\/\/www.legislapp.com.br\/wp-content\/uploads\/2021\/07\/Logo-Legislapp-1-03-1.png\" \/>\n<meta name=\"twitter:card\" content=\"summary_large_image\" \/>\n<meta name=\"twitter:label1\" content=\"Est. tempo de leitura\" \/>\n\t<meta name=\"twitter:data1\" content=\"13 minutos\" \/>\n<script type=\"application\/ld+json\" class=\"yoast-schema-graph\">{\"@context\":\"https:\/\/schema.org\",\"@graph\":[{\"@type\":\"WebPage\",\"@id\":\"https:\/\/www.legislapp.com.br\/index.php\/avulso-inicial-pl-3434-2025-camara\/\",\"url\":\"https:\/\/www.legislapp.com.br\/index.php\/avulso-inicial-pl-3434-2025-camara\/\",\"name\":\"Avulso Inicial - PL 3434\/2025 - C\u00e2mara - Legislapp\",\"isPartOf\":{\"@id\":\"https:\/\/www.legislapp.com.br\/#website\"},\"primaryImageOfPage\":{\"@id\":\"https:\/\/www.legislapp.com.br\/index.php\/avulso-inicial-pl-3434-2025-camara\/#primaryimage\"},\"image\":{\"@id\":\"https:\/\/www.legislapp.com.br\/index.php\/avulso-inicial-pl-3434-2025-camara\/#primaryimage\"},\"thumbnailUrl\":\"https:\/\/www.legislapp.com.br\/wp-content\/uploads\/2021\/07\/Logo-Legislapp-1-03-1.png\",\"datePublished\":\"2025-12-01T13:49:22+00:00\",\"breadcrumb\":{\"@id\":\"https:\/\/www.legislapp.com.br\/index.php\/avulso-inicial-pl-3434-2025-camara\/#breadcrumb\"},\"inLanguage\":\"pt-BR\",\"potentialAction\":[{\"@type\":\"ReadAction\",\"target\":[\"https:\/\/www.legislapp.com.br\/index.php\/avulso-inicial-pl-3434-2025-camara\/\"]}]},{\"@type\":\"ImageObject\",\"inLanguage\":\"pt-BR\",\"@id\":\"https:\/\/www.legislapp.com.br\/index.php\/avulso-inicial-pl-3434-2025-camara\/#primaryimage\",\"url\":\"https:\/\/www.legislapp.com.br\/wp-content\/uploads\/2021\/07\/Logo-Legislapp-1-03-1.png\",\"contentUrl\":\"https:\/\/www.legislapp.com.br\/wp-content\/uploads\/2021\/07\/Logo-Legislapp-1-03-1.png\",\"width\":2679,\"height\":2697},{\"@type\":\"BreadcrumbList\",\"@id\":\"https:\/\/www.legislapp.com.br\/index.php\/avulso-inicial-pl-3434-2025-camara\/#breadcrumb\",\"itemListElement\":[{\"@type\":\"ListItem\",\"position\":1,\"name\":\"In\u00edcio\",\"item\":\"https:\/\/www.legislapp.com.br\/\"},{\"@type\":\"ListItem\",\"position\":2,\"name\":\"Avulso Inicial &#8211; PL 3434\/2025 &#8211; C\u00e2mara\"}]},{\"@type\":\"WebSite\",\"@id\":\"https:\/\/www.legislapp.com.br\/#website\",\"url\":\"https:\/\/www.legislapp.com.br\/\",\"name\":\"Legislapp\",\"description\":\"Intelig\u00eancia governamental em tempo real\",\"publisher\":{\"@id\":\"https:\/\/www.legislapp.com.br\/#organization\"},\"potentialAction\":[{\"@type\":\"SearchAction\",\"target\":{\"@type\":\"EntryPoint\",\"urlTemplate\":\"https:\/\/www.legislapp.com.br\/?s={search_term_string}\"},\"query-input\":{\"@type\":\"PropertyValueSpecification\",\"valueRequired\":true,\"valueName\":\"search_term_string\"}}],\"inLanguage\":\"pt-BR\"},{\"@type\":\"Organization\",\"@id\":\"https:\/\/www.legislapp.com.br\/#organization\",\"name\":\"Legislapp Monitoramento e Intelig\u00eancia Governamental\",\"url\":\"https:\/\/www.legislapp.com.br\/\",\"logo\":{\"@type\":\"ImageObject\",\"inLanguage\":\"pt-BR\",\"@id\":\"https:\/\/www.legislapp.com.br\/#\/schema\/logo\/image\/\",\"url\":\"https:\/\/www.legislapp.com.br\/wp-content\/uploads\/icon.png\",\"contentUrl\":\"https:\/\/www.legislapp.com.br\/wp-content\/uploads\/icon.png\",\"width\":1024,\"height\":1024,\"caption\":\"Legislapp Monitoramento e Intelig\u00eancia Governamental\"},\"image\":{\"@id\":\"https:\/\/www.legislapp.com.br\/#\/schema\/logo\/image\/\"},\"sameAs\":[\"https:\/\/www.instagram.com\/legislapp\/\"]}]}<\/script>\n<!-- \/ Yoast SEO plugin. -->","yoast_head_json":{"title":"Avulso Inicial - PL 3434\/2025 - C\u00e2mara - Legislapp","robots":{"index":"index","follow":"follow","max-snippet":"max-snippet:-1","max-image-preview":"max-image-preview:large","max-video-preview":"max-video-preview:-1"},"canonical":"https:\/\/www.legislapp.com.br\/index.php\/avulso-inicial-pl-3434-2025-camara\/","og_locale":"pt_BR","og_type":"article","og_title":"Avulso Inicial - PL 3434\/2025 - C\u00e2mara - Legislapp","og_description":"Avulso Inicial &#8211; Autoria de Amom Mandel C\u00c2MARA DOS DEPUTADOS Gabinete do Deputado Federal AMOM MANDEL \u2013 CIDADANIA\/AM PROJETO DE LEI N\u00ba , DE 2025 (Do Sr. AMOM MANDEL) Estabelece medidas de prote\u00e7\u00e3o a crian\u00e7as e adolescentes no acesso e uso dos meios digitais, mediante instrumentos de verifica\u00e7\u00e3o et\u00e1ria, controle parental e classifica\u00e7\u00e3o de conte\u00fados [&hellip;]","og_url":"https:\/\/www.legislapp.com.br\/index.php\/avulso-inicial-pl-3434-2025-camara\/","og_site_name":"Legislapp","article_publisher":"https:\/\/www.instagram.com\/legislapp\/","og_image":[{"url":"https:\/\/www.legislapp.com.br\/wp-content\/uploads\/2021\/07\/Logo-Legislapp-1-03-1.png","type":"","width":"","height":""}],"twitter_card":"summary_large_image","twitter_misc":{"Est. tempo de leitura":"13 minutos"},"schema":{"@context":"https:\/\/schema.org","@graph":[{"@type":"WebPage","@id":"https:\/\/www.legislapp.com.br\/index.php\/avulso-inicial-pl-3434-2025-camara\/","url":"https:\/\/www.legislapp.com.br\/index.php\/avulso-inicial-pl-3434-2025-camara\/","name":"Avulso Inicial - PL 3434\/2025 - C\u00e2mara - Legislapp","isPartOf":{"@id":"https:\/\/www.legislapp.com.br\/#website"},"primaryImageOfPage":{"@id":"https:\/\/www.legislapp.com.br\/index.php\/avulso-inicial-pl-3434-2025-camara\/#primaryimage"},"image":{"@id":"https:\/\/www.legislapp.com.br\/index.php\/avulso-inicial-pl-3434-2025-camara\/#primaryimage"},"thumbnailUrl":"https:\/\/www.legislapp.com.br\/wp-content\/uploads\/2021\/07\/Logo-Legislapp-1-03-1.png","datePublished":"2025-12-01T13:49:22+00:00","breadcrumb":{"@id":"https:\/\/www.legislapp.com.br\/index.php\/avulso-inicial-pl-3434-2025-camara\/#breadcrumb"},"inLanguage":"pt-BR","potentialAction":[{"@type":"ReadAction","target":["https:\/\/www.legislapp.com.br\/index.php\/avulso-inicial-pl-3434-2025-camara\/"]}]},{"@type":"ImageObject","inLanguage":"pt-BR","@id":"https:\/\/www.legislapp.com.br\/index.php\/avulso-inicial-pl-3434-2025-camara\/#primaryimage","url":"https:\/\/www.legislapp.com.br\/wp-content\/uploads\/2021\/07\/Logo-Legislapp-1-03-1.png","contentUrl":"https:\/\/www.legislapp.com.br\/wp-content\/uploads\/2021\/07\/Logo-Legislapp-1-03-1.png","width":2679,"height":2697},{"@type":"BreadcrumbList","@id":"https:\/\/www.legislapp.com.br\/index.php\/avulso-inicial-pl-3434-2025-camara\/#breadcrumb","itemListElement":[{"@type":"ListItem","position":1,"name":"In\u00edcio","item":"https:\/\/www.legislapp.com.br\/"},{"@type":"ListItem","position":2,"name":"Avulso Inicial &#8211; PL 3434\/2025 &#8211; C\u00e2mara"}]},{"@type":"WebSite","@id":"https:\/\/www.legislapp.com.br\/#website","url":"https:\/\/www.legislapp.com.br\/","name":"Legislapp","description":"Intelig\u00eancia governamental em tempo real","publisher":{"@id":"https:\/\/www.legislapp.com.br\/#organization"},"potentialAction":[{"@type":"SearchAction","target":{"@type":"EntryPoint","urlTemplate":"https:\/\/www.legislapp.com.br\/?s={search_term_string}"},"query-input":{"@type":"PropertyValueSpecification","valueRequired":true,"valueName":"search_term_string"}}],"inLanguage":"pt-BR"},{"@type":"Organization","@id":"https:\/\/www.legislapp.com.br\/#organization","name":"Legislapp Monitoramento e Intelig\u00eancia Governamental","url":"https:\/\/www.legislapp.com.br\/","logo":{"@type":"ImageObject","inLanguage":"pt-BR","@id":"https:\/\/www.legislapp.com.br\/#\/schema\/logo\/image\/","url":"https:\/\/www.legislapp.com.br\/wp-content\/uploads\/icon.png","contentUrl":"https:\/\/www.legislapp.com.br\/wp-content\/uploads\/icon.png","width":1024,"height":1024,"caption":"Legislapp Monitoramento e Intelig\u00eancia Governamental"},"image":{"@id":"https:\/\/www.legislapp.com.br\/#\/schema\/logo\/image\/"},"sameAs":["https:\/\/www.instagram.com\/legislapp\/"]}]}},"_links":{"self":[{"href":"https:\/\/www.legislapp.com.br\/index.php\/wp-json\/wp\/v2\/pages\/9905","targetHints":{"allow":["GET"]}}],"collection":[{"href":"https:\/\/www.legislapp.com.br\/index.php\/wp-json\/wp\/v2\/pages"}],"about":[{"href":"https:\/\/www.legislapp.com.br\/index.php\/wp-json\/wp\/v2\/types\/page"}],"author":[{"embeddable":true,"href":"https:\/\/www.legislapp.com.br\/index.php\/wp-json\/wp\/v2\/users\/1"}],"replies":[{"embeddable":true,"href":"https:\/\/www.legislapp.com.br\/index.php\/wp-json\/wp\/v2\/comments?post=9905"}],"version-history":[{"count":0,"href":"https:\/\/www.legislapp.com.br\/index.php\/wp-json\/wp\/v2\/pages\/9905\/revisions"}],"wp:attachment":[{"href":"https:\/\/www.legislapp.com.br\/index.php\/wp-json\/wp\/v2\/media?parent=9905"}],"curies":[{"name":"wp","href":"https:\/\/api.w.org\/{rel}","templated":true}]}}