{"id":9934,"date":"2025-12-01T10:51:24","date_gmt":"2025-12-01T13:51:24","guid":{"rendered":"https:\/\/www.legislapp.com.br\/index.php\/avulso-inicial-pl-4043-2025-camara\/"},"modified":"2025-12-01T10:51:24","modified_gmt":"2025-12-01T13:51:24","slug":"avulso-inicial-pl-4043-2025-camara","status":"publish","type":"page","link":"https:\/\/www.legislapp.com.br\/index.php\/avulso-inicial-pl-4043-2025-camara\/","title":{"rendered":"Avulso Inicial &#8211; PL 4043\/2025 &#8211; C\u00e2mara"},"content":{"rendered":"<h1 style='text-align: center;'>Avulso Inicial &#8211; Autoria de Ana Paula Le\u00e3o<\/h3>\n<p><\/p>\n<article>C\u00c2MARA DOS DEPUTADOS<br \/>\nGabinete da Deputada Ana Paula Le\u00e3o \u2013 PP\/MG<br \/>\nPROJETO DE LEI N\u00ba          , DE 2025<br \/>\n(da Sra. Ana Paula Le\u00e3o)<br \/>\nAltera a Lei n\u00ba 14.811, de 12 de<br \/>\njaneiro de 2024, para fixar<br \/>\ndiretrizes a serem observadas na<br \/>\nPol\u00edtica Nacional de Preven\u00e7\u00e3o e<br \/>\nCombate ao Abuso e Explora\u00e7\u00e3o<br \/>\nSexual da Crian\u00e7a e do<br \/>\nAdolescente e a\u00e7\u00f5es priorit\u00e1rias de<br \/>\nenfrentamento da viol\u00eancia sexual<br \/>\ncontra a crian\u00e7a e o adolescente.<br \/>\nO Congresso Nacional decreta:<br \/>\nArt. 1\u00ba  Esta Lei altera a Lei n\u00ba 14.811, de 12 de janeiro de 2024,<br \/>\npara fixar diretrizes a serem observadas na Pol\u00edtica Nacional de Preven\u00e7\u00e3o e<br \/>\nCombate ao Abuso e Explora\u00e7\u00e3o Sexual da Crian\u00e7a e do Adolescente e a\u00e7\u00f5es<br \/>\npriorit\u00e1rias de enfrentamento da viol\u00eancia sexual contra a crian\u00e7a e o<br \/>\nadolescente.<br \/>\nArt. 2\u00ba  A Lei n\u00ba 14.811, de 12 de janeiro de 2024, passa a vigorar<br \/>\nacrescida dos seguintes arts. 4\u00ba-A e 4\u00ba-B:<br \/>\n\u201cArt. 4\u00ba-A  A Pol\u00edtica de que trata o art. 4\u00ba desta Lei ser\u00e1<br \/>\nexecutada permanentemente, sem preju\u00edzo de sua revis\u00e3o<br \/>\nperi\u00f3dica, devendo observar as seguintes diretrizes:<br \/>\nI \u2013 articula\u00e7\u00e3o interministerial e interfederativa;<br \/>\nII \u2013 preven\u00e7\u00e3o como eixo estruturante das pol\u00edticas p\u00fablicas;<br \/>\nIII \u2013 mecanismos transparentes de governan\u00e7a, monitoramento e<br \/>\navalia\u00e7\u00e3o;<br \/>\nIV \u2013 enfrentamento \u00e0s normas sociais e culturais que toleram e<br \/>\ninvisibilizam a viol\u00eancia sexual contra crian\u00e7as, adolescentes e<br \/>\nmulheres;<br \/>\nV \u2013 articula\u00e7\u00e3o intersetorial entre as \u00e1reas de direitos humanos,<br \/>\nsa\u00fade, educa\u00e7\u00e3o, assist\u00eancia social, justi\u00e7a, seguran\u00e7a p\u00fablica,<br \/>\ndefesa do consumidor, dentre outras;<br \/>\nVI \u2013 fortalecimento e integra\u00e7\u00e3o de programas j\u00e1 existentes, bem<br \/>\ncomo a cria\u00e7\u00e3o de novos programas;<br \/>\nVII \u2013 apoio t\u00e9cnico e financeiro da Uni\u00e3o aos Estados, ao Distrito<br \/>\nFederal e aos Munic\u00edpios;<br \/>\nVIII \u2013 concretude dos deveres de seguran\u00e7a e de prote\u00e7\u00e3o<br \/>\nintegral da crian\u00e7a e do adolescente dirigidos ao Estado, \u00e0 fam\u00edlia<br \/>\ne \u00e0 sociedade; e<br \/>\nIX \u2013 garantia do desenvolvimento integral e do bem-estar<br \/>\nbiopsicossocial da crian\u00e7a e do adolescente.\u201d<br \/>\nRodap\u00e9<br \/>\nPara verificar a assinatura, acesse https:\/\/infoleg-autenticidade-assinatura.camara.leg.br\/CD256539873900<br \/>\nAssinado eletronicamente pelo(a) Dep. Ana Paula Le\u00e3o<br \/>\nApresenta\u00e7\u00e3o: 18\/08\/2025 08:27:21.930 &#8211; Mesa<br \/>\n*CD256539873900* PL n.4043\/2025<br \/>C\u00c2MARA DOS DEPUTADOS<br \/>\nGabinete da Deputada Ana Paula Le\u00e3o \u2013 PP\/MG<br \/>\n\u201cArt. 4\u00ba-B  Sem preju\u00edzo do disposto no art. 4\u00ba desta Lei, o Poder<br \/>\nExecutivo federal priorizar\u00e1, no enfrentamento da viol\u00eancia<br \/>\nsexual, em todas suas formas, contra a crian\u00e7a e o adolescente:<br \/>\nI \u2013 pol\u00edticas de preven\u00e7\u00e3o baseadas:<br \/>\na) na requalifica\u00e7\u00e3o de programas de aten\u00e7\u00e3o prim\u00e1ria em sa\u00fade<br \/>\ne de assist\u00eancia social que envolvam visitas familiares;<br \/>\nb) na oferta f\u00edsica e digital de conte\u00fados sobre v\u00ednculos afetivos<br \/>\nseguros e promo\u00e7\u00e3o de habilidades parentais;<br \/>\nc) na modifica\u00e7\u00e3o de normas sociais e culturais permissivas e<br \/>\ninvisibilizadoras da viol\u00eancia sexual contra crian\u00e7as, adolescentes<br \/>\ne mulheres;<br \/>\nd) no direito \u00e0 informa\u00e7\u00e3o segura, adequada \u00e0 idade, nos<br \/>\ncurr\u00edculos escolares e em meios publicit\u00e1rios;<br \/>\ne) na capacita\u00e7\u00e3o permanente de docentes e demais<br \/>\nprofissionais da escola em preven\u00e7\u00e3o e combate da viol\u00eancia<br \/>\nsexual, obrigatoriamente integrada \u00e0s pol\u00edticas de forma\u00e7\u00e3o<br \/>\ncontinuada; e<br \/>\nf) na divulga\u00e7\u00e3o obrigat\u00f3ria, no ato da matr\u00edcula de cada ano<br \/>\nletivo, de informa\u00e7\u00f5es acess\u00edveis sobre os canais internos e<br \/>\nexternos de den\u00fancia;<br \/>\nII \u2013 reorganiza\u00e7\u00e3o e articula\u00e7\u00e3o da rede de garantia de direitos,<br \/>\ncom pactua\u00e7\u00e3o clara de metas, responsabilidades e protocolos de<br \/>\natua\u00e7\u00e3o, bem como apoio t\u00e9cnico e financeiro aos Estados, ao<br \/>\nDistrito Federal e aos Munic\u00edpios;<br \/>\nIII \u2013 defini\u00e7\u00e3o de pactos e protocolos nacionais de a\u00e7\u00e3o<br \/>\nconcernentes ao enfrentamento ao abuso e \u00e0 explora\u00e7\u00e3o sexual<br \/>\nde crian\u00e7as e adolescentes;<br \/>\nIV \u2013 defini\u00e7\u00e3o de ofertas m\u00ednimas de servi\u00e7os e cuidados de<br \/>\ncurto, m\u00e9dio e longo prazos;<br \/>\nV \u2013 enfrentamento \u00e0 viol\u00eancia sexual digital; e<br \/>\nVI \u2013 enfrentamento \u00e0 viol\u00eancia sexual institucional.<br \/>\n\u00a7 1\u00ba  As a\u00e7\u00f5es priorit\u00e1rias deste artigo ser\u00e3o viabilizadas com<br \/>\nrecursos do Fundo Nacional de Seguran\u00e7a P\u00fablica (FNSP), de<br \/>\nque trata a Lei n\u00ba 13.756, de 12 de dezembro de 2018, do Fundo<br \/>\nNacional de Assist\u00eancia Social (FNAS), de que trata a Lei n\u00ba<br \/>\n8.742, de 7 de dezembro de 1993, do Fundo Nacional para a<br \/>\nCrian\u00e7a e o Adolescente, de que trata a Lei n\u00ba 8.242, de 12 de<br \/>\noutubro de 1991, e do fundo de que trata a Lei n\u00ba 7.347, de 24 de<br \/>\njulho de 1985, observada a legisla\u00e7\u00e3o pertinente e a<br \/>\ndisponibilidade or\u00e7ament\u00e1ria e financeira, sem preju\u00edzo de outras<br \/>\nfontes.<br \/>\n\u00a7 2\u00ba  O disposto no inciso V do caput deste artigo n\u00e3o resultar\u00e1<br \/>\nem instrumentos de censura, observadas a Constitui\u00e7\u00e3o Federal<br \/>\ne a Lei n\u00ba 12.965, de 23 de abril de 2014.\u201d<br \/>\nArt. 3\u00ba  Esta Lei entra em vigor na data de sua publica\u00e7\u00e3o.<br \/>\nJUSTIFICA\u00c7\u00c3O<br \/>\nA viol\u00eancia sexual contra crian\u00e7as e adolescentes \u00e9 uma das mais<br \/>\nRodap\u00e9<br \/>\nPara verificar a assinatura, acesse https:\/\/infoleg-autenticidade-assinatura.camara.leg.br\/CD256539873900<br \/>\nAssinado eletronicamente pelo(a) Dep. Ana Paula Le\u00e3o<br \/>\nApresenta\u00e7\u00e3o: 18\/08\/2025 08:27:21.930 &#8211; Mesa<br \/>\n*CD256539873900* PL n.4043\/2025<br \/>C\u00c2MARA DOS DEPUTADOS<br \/>\nGabinete da Deputada Ana Paula Le\u00e3o \u2013 PP\/MG<br \/>\ngraves viola\u00e7\u00f5es de direitos humanos em nossa sociedade. Trata-se de um<br \/>\nfen\u00f4meno estrutural, de elevada magnitude e profundo impacto individual e<br \/>\ncoletivo.<br \/>\nOs dados oficiais n\u00e3o apenas confirmam sua extens\u00e3o, como<br \/>\nevidenciam um padr\u00e3o recorrente e alarmante: em sua maioria, os casos ocorrem<br \/>\nno interior dos lares, tendo como autores pessoas do conv\u00edvio \u00edntimo das v\u00edtimas<br \/>\n\u2014 pais, padrastos, tios, irm\u00e3os e conhecidos. O Anu\u00e1rio Brasileiro de Seguran\u00e7a<br \/>\nP\u00fablica de 2025 aponta que, em 2024, 61,3% das v\u00edtimas de estupro tinham at\u00e9<br \/>\n13 anos de idade.<br \/>\nNesse sentido, inclusive, apresentei proposta (PL n\u00ba 2977\/2025)<br \/>\nque institui o Programa Casa Segura, a fim de estabelecer paradigma<br \/>\nnormativo capaz de coordenador, fortalecer e racionalizar as pol\u00edticas p\u00fablicas<br \/>\ndo Estado voltadas \u00e0 preven\u00e7\u00e3o e ao enfrentamento da viol\u00eancia dom\u00e9stica e<br \/>\nfamiliar. Apesar de o Estado brasileiro, em diversas dimens\u00f5es, j\u00e1 contar com<br \/>\narcabou\u00e7o institucional e algumas pol\u00edticas para combater pr\u00e1ticas criminosas de<br \/>\nviol\u00eancia, a realidade mostra que estamos muito aqu\u00e9m do necess\u00e1rio para<br \/>\ngarantir a seguran\u00e7a em e de cada lar.<br \/>\nDe igual modo, imp\u00f5e-se o aperfei\u00e7oamento normativo da<br \/>\nprote\u00e7\u00e3o integral das crian\u00e7as e dos adolescentes, v\u00edtimas de viol\u00eancia sexual em<br \/>\ntodos os espa\u00e7os, inclusive digital, tendo como resultado, por exemplo, a<br \/>\nadultiza\u00e7\u00e3o infantojuvenil, quase sempre ligada \u00e0 erotiza\u00e7\u00e3o<br \/>\n(hipersexualiza\u00e7\u00e3o) e \u00e0 exposi\u00e7\u00e3o inadequada \u2013 at\u00e9 assumindo papel de adulto \u2013<br \/>\nem ambiente online. Essas pr\u00e1ticas criminosas, que atacam o n\u00facleo da<br \/>\nsexualidade, desagregam a inf\u00e2ncia e a juventude, com efeitos incalcul\u00e1veis ao<br \/>\n(sagrado) processo de desenvolvimento.<br \/>\n\u00c9 nesse contexto que proponho o presente Projeto de Lei, que visa<br \/>\nmodificar a Lei n\u00ba 14.811, de 12 de janeiro de 2024, com o objetivo de fortalecer<br \/>\ne detalhar, com diretrizes de observ\u00e2ncia obrigat\u00f3ria, a Pol\u00edtica Nacional de<br \/>\nPreven\u00e7\u00e3o e Combate ao Abuso e \u00e0 Explora\u00e7\u00e3o Sexual de Crian\u00e7as e<br \/>\nAdolescentes \u2013 a ser elaborada \u2013  e, com prioridades e recursos, as a\u00e7\u00f5es do<br \/>\nPoder Executivo federal, com repercuss\u00e3o aos Estados, Distrito Federal e aos<br \/>\nMunic\u00edpios, de enfrentamento da viol\u00eancia sexual infantojuvenil.<br \/>\nO foco principal da proposi\u00e7\u00e3o \u00e9 o aprimoramento do eixo da<br \/>\npreven\u00e7\u00e3o, com base em evid\u00eancias cient\u00edficas, recomenda\u00e7\u00f5es de organismos<br \/>\nespecializados e boas pr\u00e1ticas j\u00e1 identificadas no campo da sa\u00fade, da<br \/>\nassist\u00eancia social, da educa\u00e7\u00e3o e da justi\u00e7a.<br \/>\nEntre as medidas propostas, destacam-se:<br \/>\ni) a reafirma\u00e7\u00e3o do car\u00e1ter permanente da pol\u00edtica p\u00fablica, para que<br \/>\nsua execu\u00e7\u00e3o n\u00e3o dependa de agendas governamentais pontuais, mas se<br \/>\nconsolide como uma responsabilidade continuada do Estado brasileiro;<br \/>\nii) a previs\u00e3o de diretrizes claras e intersetoriais, como a articula\u00e7\u00e3o<br \/>\nentre minist\u00e9rios e demais \u00f3rg\u00e3os (g\u00eanero) federais e interfederativa, a<br \/>\nRodap\u00e9<br \/>\nPara verificar a assinatura, acesse https:\/\/infoleg-autenticidade-assinatura.camara.leg.br\/CD256539873900<br \/>\nAssinado eletronicamente pelo(a) Dep. Ana Paula Le\u00e3o<br \/>\nApresenta\u00e7\u00e3o: 18\/08\/2025 08:27:21.930 &#8211; Mesa<br \/>\n*CD256539873900* PL n.4043\/2025<br \/>C\u00c2MARA DOS DEPUTADOS<br \/>\nGabinete da Deputada Ana Paula Le\u00e3o \u2013 PP\/MG<br \/>\nintegra\u00e7\u00e3o entre as \u00e1reas de direitos humanos, educa\u00e7\u00e3o, sa\u00fade, assist\u00eancia<br \/>\nsocial, seguran\u00e7a p\u00fablica, justi\u00e7a e defesa do consumidor, e o enfrentamento \u00e0s<br \/>\nnormas sociais e culturais que naturalizam e silenciam a viol\u00eancia sexual;<br \/>\niii) a qualifica\u00e7\u00e3o da atua\u00e7\u00e3o preventiva junto \u00e0s fam\u00edlias, com a<br \/>\nreestrutura\u00e7\u00e3o de programas de visitas domiciliares por agentes de sa\u00fade e da<br \/>\nassist\u00eancia social, e a difus\u00e3o de conte\u00fados que promovam v\u00ednculos afetivos<br \/>\nseguros e habilidades parentais positivas;<br \/>\niv) a valoriza\u00e7\u00e3o do ambiente escolar como espa\u00e7o estrat\u00e9gico de<br \/>\npreven\u00e7\u00e3o, por meio da inclus\u00e3o de conte\u00fados adequados \u00e0 idade nos curr\u00edculos,<br \/>\nda forma\u00e7\u00e3o continuada de educadores e da obrigatoriedade de informar<br \/>\nfam\u00edlias, a cada matr\u00edcula anual, sobre os canais de den\u00fancia dispon\u00edveis;<br \/>\nv) a reorganiza\u00e7\u00e3o e o fortalecimento da rede de prote\u00e7\u00e3o e<br \/>\nresponsabiliza\u00e7\u00e3o, com defini\u00e7\u00e3o de protocolos nacionais de a\u00e7\u00e3o, metas claras<br \/>\ne servi\u00e7os m\u00ednimos garantidos nos diferentes n\u00edveis de aten\u00e7\u00e3o;<br \/>\nvi) o reconhecimento da viol\u00eancia sexual digital como dimens\u00e3o<br \/>\ncrescente da explora\u00e7\u00e3o infantojuvenil, exigindo abordagem espec\u00edfica e<br \/>\nestrat\u00e9gias atualizadas de enfrentamento, resguardada a veda\u00e7\u00e3o \u00e0 censura;<br \/>\nvii) o destaque do apoio t\u00e9cnico e financeiro da Uni\u00e3o aos Estados,<br \/>\nao Distrito Federal e aos Munic\u00edpios, para que as a\u00e7\u00f5es cheguem, de fato, em<br \/>\ntodas as cidades brasileiras, a partir de manejo dos gestores locais, os quais<br \/>\nconhecem efetivamente as configura\u00e7\u00f5es (caracter\u00edsticas) de tempo e de espa\u00e7o;<br \/>\ne<br \/>\nviii) a garantia de recursos de fundos para que as a\u00e7\u00f5es n\u00e3o fiquem<br \/>\napenas no papel da lei.<br \/>\nTrata-se, portanto, de um conjunto de altera\u00e7\u00f5es que visa tornar a<br \/>\npol\u00edtica p\u00fablica mais coerente, aplic\u00e1vel e resolutiva. Mais do que reagir \u00e0<br \/>\nviol\u00eancia j\u00e1 consumada, \u00e9 preciso agir antes \u2014 nas ra\u00edzes da neglig\u00eancia, da<br \/>\nnaturaliza\u00e7\u00e3o e do abandono institucional.<br \/>\nAssim, diante da gravidade do problema, da urg\u00eancia das medidas<br \/>\npropostas e do compromisso que devemos ter com a prote\u00e7\u00e3o integral da<br \/>\ninf\u00e2ncia e da adolesc\u00eancia, submeto esta proposta \u00e0 aprecia\u00e7\u00e3o dos nobres<br \/>\nparlamentares, com a firme convic\u00e7\u00e3o de que sua aprova\u00e7\u00e3o representar\u00e1 um<br \/>\npasso decisivo para tornar a preven\u00e7\u00e3o da viol\u00eancia sexual, e o seu combate,<br \/>\numa prioridade real e efetiva no Brasil.<br \/>\nS\u00e3o essas as raz\u00f5es.<br \/>\nAssim, em sendo o conte\u00fado da proposi\u00e7\u00e3o mat\u00e9ria de expressiva<br \/>\nfundamentalidade, pedimos o apoio de nossos i. Pares para a sua aprova\u00e7\u00e3o.<br \/>\nSala das Sess\u00f5es, em          de                              de 2025.<br \/>\nDeputada ANA PAULA LE\u00c3O<br \/>\nPP\/MG<br \/>\nRodap\u00e9<br \/>\nPara verificar a assinatura, acesse https:\/\/infoleg-autenticidade-assinatura.camara.leg.br\/CD256539873900<br \/>\nAssinado eletronicamente pelo(a) Dep. Ana Paula Le\u00e3o<br \/>\nApresenta\u00e7\u00e3o: 18\/08\/2025 08:27:21.930 &#8211; Mesa<br \/>\n*CD256539873900* PL n.4043\/2025<br \/>C\u00c2MARA DOS DEPUTADOS<br \/>\nGabinete da Deputada Ana Paula Le\u00e3o \u2013 PP\/MG<br \/>\nRodap\u00e9<br \/>\nPara verificar a assinatura, acesse https:\/\/infoleg-autenticidade-assinatura.camara.leg.br\/CD256539873900<br \/>\nAssinado eletronicamente pelo(a) Dep. Ana Paula Le\u00e3o<br \/>\nApresenta\u00e7\u00e3o: 18\/08\/2025 08:27:21.930 &#8211; Mesa<br \/>\n*CD256539873900* PL n.4043\/2025<\/article>\n<p><a href='https:\/\/app.legislapp.com.br\/#\/busca?termo='><\/a><\/p>\n<div style=\"text-align: center\">\n      <img decoding=\"async\" style=\"width: 14%;\" src=\"https:\/\/www.legislapp.com.br\/wp-content\/uploads\/2021\/07\/Logo-Legislapp-1-03-1.png\"><br \/>\n      <\/p>\n<div style=\"margin-bottom: 20px;\" class=\"et_pb_button_module_wrapper et_pb_button_5_tb_body_wrapper et_pb_button_alignment_center et_pb_module \">\n         <a class=\"et_pb_button et_pb_button_5_tb_body et_hover_enabled et_pb_bg_layout_dark\" style=\"width: 50%;background-color: black;\" href=\"https:\/\/app.legislapp.com.br\" target=\"_blank\" rel=\"noopener\">Visualizar completo na nossa plataforma (30 dias gr\u00e1tis)<\/a><\/p><\/div>\n<p>      <a href=\"https:\/\/play.google.com\/store\/apps\/details?id=br.com.legislapp\"><img decoding=\"async\" style=\"width: 15%; min-width: 130px;\" src=\"https:\/\/www.legislapp.com.br\/wp-content\/uploads\/google-play.png\"><\/a><br \/>\n      <a href=\"https:\/\/apps.apple.com\/us\/app\/legislapp\/id1568929859\"><img decoding=\"async\" style=\"width: 15%; min-width: 130px\" src=\"https:\/\/www.legislapp.com.br\/wp-content\/uploads\/apple-store.png\"><\/a>\n   <\/div>\n","protected":false},"excerpt":{"rendered":"<p>Avulso Inicial &#8211; Autoria de Ana Paula Le\u00e3o C\u00c2MARA DOS DEPUTADOS Gabinete da Deputada Ana Paula Le\u00e3o \u2013 PP\/MG PROJETO DE LEI N\u00ba , DE 2025 (da Sra. Ana Paula Le\u00e3o) Altera a Lei n\u00ba 14.811, de 12 de janeiro de 2024, para fixar diretrizes a serem observadas na Pol\u00edtica Nacional de Preven\u00e7\u00e3o e Combate [&hellip;]<\/p>\n","protected":false},"author":1,"featured_media":0,"parent":0,"menu_order":0,"comment_status":"closed","ping_status":"closed","template":"page-template-blank.php","meta":{"_et_pb_use_builder":"","_et_pb_old_content":"","_et_gb_content_width":"1080","ngg_post_thumbnail":0,"footnotes":""},"class_list":["post-9934","page","type-page","status-publish","hentry"],"yoast_head":"<!-- This site is optimized with the Yoast SEO plugin v24.4 - https:\/\/yoast.com\/wordpress\/plugins\/seo\/ -->\n<title>Avulso Inicial - PL 4043\/2025 - C\u00e2mara - Legislapp<\/title>\n<meta name=\"robots\" content=\"index, follow, max-snippet:-1, max-image-preview:large, max-video-preview:-1\" \/>\n<link rel=\"canonical\" href=\"https:\/\/www.legislapp.com.br\/index.php\/avulso-inicial-pl-4043-2025-camara\/\" \/>\n<meta property=\"og:locale\" content=\"pt_BR\" \/>\n<meta property=\"og:type\" content=\"article\" \/>\n<meta property=\"og:title\" content=\"Avulso Inicial - PL 4043\/2025 - C\u00e2mara - Legislapp\" \/>\n<meta property=\"og:description\" content=\"Avulso Inicial &#8211; Autoria de Ana Paula Le\u00e3o C\u00c2MARA DOS DEPUTADOS Gabinete da Deputada Ana Paula Le\u00e3o \u2013 PP\/MG PROJETO DE LEI N\u00ba , DE 2025 (da Sra. Ana Paula Le\u00e3o) Altera a Lei n\u00ba 14.811, de 12 de janeiro de 2024, para fixar diretrizes a serem observadas na Pol\u00edtica Nacional de Preven\u00e7\u00e3o e Combate [&hellip;]\" \/>\n<meta property=\"og:url\" content=\"https:\/\/www.legislapp.com.br\/index.php\/avulso-inicial-pl-4043-2025-camara\/\" \/>\n<meta property=\"og:site_name\" content=\"Legislapp\" \/>\n<meta property=\"article:publisher\" content=\"https:\/\/www.instagram.com\/legislapp\/\" \/>\n<meta property=\"og:image\" content=\"https:\/\/www.legislapp.com.br\/wp-content\/uploads\/2021\/07\/Logo-Legislapp-1-03-1.png\" \/>\n<meta name=\"twitter:card\" content=\"summary_large_image\" \/>\n<meta name=\"twitter:label1\" content=\"Est. tempo de leitura\" \/>\n\t<meta name=\"twitter:data1\" content=\"10 minutos\" \/>\n<script type=\"application\/ld+json\" class=\"yoast-schema-graph\">{\"@context\":\"https:\/\/schema.org\",\"@graph\":[{\"@type\":\"WebPage\",\"@id\":\"https:\/\/www.legislapp.com.br\/index.php\/avulso-inicial-pl-4043-2025-camara\/\",\"url\":\"https:\/\/www.legislapp.com.br\/index.php\/avulso-inicial-pl-4043-2025-camara\/\",\"name\":\"Avulso Inicial - PL 4043\/2025 - C\u00e2mara - Legislapp\",\"isPartOf\":{\"@id\":\"https:\/\/www.legislapp.com.br\/#website\"},\"primaryImageOfPage\":{\"@id\":\"https:\/\/www.legislapp.com.br\/index.php\/avulso-inicial-pl-4043-2025-camara\/#primaryimage\"},\"image\":{\"@id\":\"https:\/\/www.legislapp.com.br\/index.php\/avulso-inicial-pl-4043-2025-camara\/#primaryimage\"},\"thumbnailUrl\":\"https:\/\/www.legislapp.com.br\/wp-content\/uploads\/2021\/07\/Logo-Legislapp-1-03-1.png\",\"datePublished\":\"2025-12-01T13:51:24+00:00\",\"breadcrumb\":{\"@id\":\"https:\/\/www.legislapp.com.br\/index.php\/avulso-inicial-pl-4043-2025-camara\/#breadcrumb\"},\"inLanguage\":\"pt-BR\",\"potentialAction\":[{\"@type\":\"ReadAction\",\"target\":[\"https:\/\/www.legislapp.com.br\/index.php\/avulso-inicial-pl-4043-2025-camara\/\"]}]},{\"@type\":\"ImageObject\",\"inLanguage\":\"pt-BR\",\"@id\":\"https:\/\/www.legislapp.com.br\/index.php\/avulso-inicial-pl-4043-2025-camara\/#primaryimage\",\"url\":\"https:\/\/www.legislapp.com.br\/wp-content\/uploads\/2021\/07\/Logo-Legislapp-1-03-1.png\",\"contentUrl\":\"https:\/\/www.legislapp.com.br\/wp-content\/uploads\/2021\/07\/Logo-Legislapp-1-03-1.png\",\"width\":2679,\"height\":2697},{\"@type\":\"BreadcrumbList\",\"@id\":\"https:\/\/www.legislapp.com.br\/index.php\/avulso-inicial-pl-4043-2025-camara\/#breadcrumb\",\"itemListElement\":[{\"@type\":\"ListItem\",\"position\":1,\"name\":\"In\u00edcio\",\"item\":\"https:\/\/www.legislapp.com.br\/\"},{\"@type\":\"ListItem\",\"position\":2,\"name\":\"Avulso Inicial &#8211; PL 4043\/2025 &#8211; C\u00e2mara\"}]},{\"@type\":\"WebSite\",\"@id\":\"https:\/\/www.legislapp.com.br\/#website\",\"url\":\"https:\/\/www.legislapp.com.br\/\",\"name\":\"Legislapp\",\"description\":\"Intelig\u00eancia governamental em tempo real\",\"publisher\":{\"@id\":\"https:\/\/www.legislapp.com.br\/#organization\"},\"potentialAction\":[{\"@type\":\"SearchAction\",\"target\":{\"@type\":\"EntryPoint\",\"urlTemplate\":\"https:\/\/www.legislapp.com.br\/?s={search_term_string}\"},\"query-input\":{\"@type\":\"PropertyValueSpecification\",\"valueRequired\":true,\"valueName\":\"search_term_string\"}}],\"inLanguage\":\"pt-BR\"},{\"@type\":\"Organization\",\"@id\":\"https:\/\/www.legislapp.com.br\/#organization\",\"name\":\"Legislapp Monitoramento e Intelig\u00eancia Governamental\",\"url\":\"https:\/\/www.legislapp.com.br\/\",\"logo\":{\"@type\":\"ImageObject\",\"inLanguage\":\"pt-BR\",\"@id\":\"https:\/\/www.legislapp.com.br\/#\/schema\/logo\/image\/\",\"url\":\"https:\/\/www.legislapp.com.br\/wp-content\/uploads\/icon.png\",\"contentUrl\":\"https:\/\/www.legislapp.com.br\/wp-content\/uploads\/icon.png\",\"width\":1024,\"height\":1024,\"caption\":\"Legislapp Monitoramento e Intelig\u00eancia Governamental\"},\"image\":{\"@id\":\"https:\/\/www.legislapp.com.br\/#\/schema\/logo\/image\/\"},\"sameAs\":[\"https:\/\/www.instagram.com\/legislapp\/\"]}]}<\/script>\n<!-- \/ Yoast SEO plugin. -->","yoast_head_json":{"title":"Avulso Inicial - PL 4043\/2025 - C\u00e2mara - Legislapp","robots":{"index":"index","follow":"follow","max-snippet":"max-snippet:-1","max-image-preview":"max-image-preview:large","max-video-preview":"max-video-preview:-1"},"canonical":"https:\/\/www.legislapp.com.br\/index.php\/avulso-inicial-pl-4043-2025-camara\/","og_locale":"pt_BR","og_type":"article","og_title":"Avulso Inicial - PL 4043\/2025 - C\u00e2mara - Legislapp","og_description":"Avulso Inicial &#8211; Autoria de Ana Paula Le\u00e3o C\u00c2MARA DOS DEPUTADOS Gabinete da Deputada Ana Paula Le\u00e3o \u2013 PP\/MG PROJETO DE LEI N\u00ba , DE 2025 (da Sra. Ana Paula Le\u00e3o) Altera a Lei n\u00ba 14.811, de 12 de janeiro de 2024, para fixar diretrizes a serem observadas na Pol\u00edtica Nacional de Preven\u00e7\u00e3o e Combate [&hellip;]","og_url":"https:\/\/www.legislapp.com.br\/index.php\/avulso-inicial-pl-4043-2025-camara\/","og_site_name":"Legislapp","article_publisher":"https:\/\/www.instagram.com\/legislapp\/","og_image":[{"url":"https:\/\/www.legislapp.com.br\/wp-content\/uploads\/2021\/07\/Logo-Legislapp-1-03-1.png","type":"","width":"","height":""}],"twitter_card":"summary_large_image","twitter_misc":{"Est. tempo de leitura":"10 minutos"},"schema":{"@context":"https:\/\/schema.org","@graph":[{"@type":"WebPage","@id":"https:\/\/www.legislapp.com.br\/index.php\/avulso-inicial-pl-4043-2025-camara\/","url":"https:\/\/www.legislapp.com.br\/index.php\/avulso-inicial-pl-4043-2025-camara\/","name":"Avulso Inicial - PL 4043\/2025 - C\u00e2mara - Legislapp","isPartOf":{"@id":"https:\/\/www.legislapp.com.br\/#website"},"primaryImageOfPage":{"@id":"https:\/\/www.legislapp.com.br\/index.php\/avulso-inicial-pl-4043-2025-camara\/#primaryimage"},"image":{"@id":"https:\/\/www.legislapp.com.br\/index.php\/avulso-inicial-pl-4043-2025-camara\/#primaryimage"},"thumbnailUrl":"https:\/\/www.legislapp.com.br\/wp-content\/uploads\/2021\/07\/Logo-Legislapp-1-03-1.png","datePublished":"2025-12-01T13:51:24+00:00","breadcrumb":{"@id":"https:\/\/www.legislapp.com.br\/index.php\/avulso-inicial-pl-4043-2025-camara\/#breadcrumb"},"inLanguage":"pt-BR","potentialAction":[{"@type":"ReadAction","target":["https:\/\/www.legislapp.com.br\/index.php\/avulso-inicial-pl-4043-2025-camara\/"]}]},{"@type":"ImageObject","inLanguage":"pt-BR","@id":"https:\/\/www.legislapp.com.br\/index.php\/avulso-inicial-pl-4043-2025-camara\/#primaryimage","url":"https:\/\/www.legislapp.com.br\/wp-content\/uploads\/2021\/07\/Logo-Legislapp-1-03-1.png","contentUrl":"https:\/\/www.legislapp.com.br\/wp-content\/uploads\/2021\/07\/Logo-Legislapp-1-03-1.png","width":2679,"height":2697},{"@type":"BreadcrumbList","@id":"https:\/\/www.legislapp.com.br\/index.php\/avulso-inicial-pl-4043-2025-camara\/#breadcrumb","itemListElement":[{"@type":"ListItem","position":1,"name":"In\u00edcio","item":"https:\/\/www.legislapp.com.br\/"},{"@type":"ListItem","position":2,"name":"Avulso Inicial &#8211; PL 4043\/2025 &#8211; C\u00e2mara"}]},{"@type":"WebSite","@id":"https:\/\/www.legislapp.com.br\/#website","url":"https:\/\/www.legislapp.com.br\/","name":"Legislapp","description":"Intelig\u00eancia governamental em tempo real","publisher":{"@id":"https:\/\/www.legislapp.com.br\/#organization"},"potentialAction":[{"@type":"SearchAction","target":{"@type":"EntryPoint","urlTemplate":"https:\/\/www.legislapp.com.br\/?s={search_term_string}"},"query-input":{"@type":"PropertyValueSpecification","valueRequired":true,"valueName":"search_term_string"}}],"inLanguage":"pt-BR"},{"@type":"Organization","@id":"https:\/\/www.legislapp.com.br\/#organization","name":"Legislapp Monitoramento e Intelig\u00eancia Governamental","url":"https:\/\/www.legislapp.com.br\/","logo":{"@type":"ImageObject","inLanguage":"pt-BR","@id":"https:\/\/www.legislapp.com.br\/#\/schema\/logo\/image\/","url":"https:\/\/www.legislapp.com.br\/wp-content\/uploads\/icon.png","contentUrl":"https:\/\/www.legislapp.com.br\/wp-content\/uploads\/icon.png","width":1024,"height":1024,"caption":"Legislapp Monitoramento e Intelig\u00eancia Governamental"},"image":{"@id":"https:\/\/www.legislapp.com.br\/#\/schema\/logo\/image\/"},"sameAs":["https:\/\/www.instagram.com\/legislapp\/"]}]}},"_links":{"self":[{"href":"https:\/\/www.legislapp.com.br\/index.php\/wp-json\/wp\/v2\/pages\/9934","targetHints":{"allow":["GET"]}}],"collection":[{"href":"https:\/\/www.legislapp.com.br\/index.php\/wp-json\/wp\/v2\/pages"}],"about":[{"href":"https:\/\/www.legislapp.com.br\/index.php\/wp-json\/wp\/v2\/types\/page"}],"author":[{"embeddable":true,"href":"https:\/\/www.legislapp.com.br\/index.php\/wp-json\/wp\/v2\/users\/1"}],"replies":[{"embeddable":true,"href":"https:\/\/www.legislapp.com.br\/index.php\/wp-json\/wp\/v2\/comments?post=9934"}],"version-history":[{"count":0,"href":"https:\/\/www.legislapp.com.br\/index.php\/wp-json\/wp\/v2\/pages\/9934\/revisions"}],"wp:attachment":[{"href":"https:\/\/www.legislapp.com.br\/index.php\/wp-json\/wp\/v2\/media?parent=9934"}],"curies":[{"name":"wp","href":"https:\/\/api.w.org\/{rel}","templated":true}]}}