{"id":9975,"date":"2025-12-01T10:54:36","date_gmt":"2025-12-01T13:54:36","guid":{"rendered":"https:\/\/www.legislapp.com.br\/index.php\/avulso-inicial-pl-5446-2025-camara\/"},"modified":"2025-12-01T10:54:36","modified_gmt":"2025-12-01T13:54:36","slug":"avulso-inicial-pl-5446-2025-camara","status":"publish","type":"page","link":"https:\/\/www.legislapp.com.br\/index.php\/avulso-inicial-pl-5446-2025-camara\/","title":{"rendered":"Avulso Inicial &#8211; PL 5446\/2025 &#8211; C\u00e2mara"},"content":{"rendered":"<h1 style='text-align: center;'>Avulso Inicial &#8211; Autoria de Roberto Duarte<\/h3>\n<p><\/p>\n<article>PROJETO DE LEI N\u00ba      DE 2025<br \/>\n(Do Sr. ROBERTO DUARTE)<br \/>\nAltera a Lei n\u00ba 8.069, de 13 de julho de 1990<br \/>\n(Estatuto da Crian\u00e7a e do Adolescente), para<br \/>\nampliar o per\u00edodo m\u00e1ximo da medida<br \/>\nsocioeducativa de interna\u00e7\u00e3o nos casos de atos<br \/>\ninfracionais an\u00e1logos a crimes hediondos ou<br \/>\nestupro.<br \/>\nO CONGRESSO NACIONAL decreta:<br \/>\nArt. 1\u00ba O \u00a7 3\u00ba do art. 121 da Lei n\u00ba 8.069, de 13 de julho de<br \/>\n1990 (Estatuto da Crian\u00e7a e do Adolescente), passa a vigorar com a seguinte<br \/>\nreda\u00e7\u00e3o:<br \/>\n&#8220;Art. 121. &#8230;&#8230;&#8230;&#8230;&#8230;&#8230;&#8230;&#8230;&#8230;&#8230;&#8230;&#8230;&#8230;&#8230;.<br \/>\n&#8230;&#8230;&#8230;&#8230;&#8230;&#8230;&#8230;&#8230;&#8230;&#8230;&#8230;&#8230;&#8230;&#8230;&#8230;&#8230;&#8230;&#8230;&#8230;&#8230;&#8230;&#8230;&#8230;&#8230;&#8230;&#8230;&#8230;&#8230;&#8230;&#8230;&#8230;&#8230;&#8230;&#8230;<br \/>\n\u00a7 3\u00ba Ressalvada a hip\u00f3tese prevista no \u00a7 3\u00ba-A, em nenhuma<br \/>\nhip\u00f3tese o per\u00edodo m\u00e1ximo de interna\u00e7\u00e3o exceder\u00e1 a 3 (tr\u00eas)<br \/>\nanos.<br \/>\n&#8230;&#8230;&#8230;&#8230;&#8230;&#8230;&#8230;&#8230;&#8230;&#8230;&#8230;&#8230;&#8230;&#8230;&#8230;&#8230;&#8230;&#8230;&#8230;&#8230;&#8230;&#8230;&#8230;&#8230;&#8230;&#8230;&#8230;&#8230;&#8230;&#8230;&#8230;&#8230;&#8230;&#8230;<br \/>\n(NR)<br \/>\nArt. 2\u00ba A Lei n\u00ba 8.069, de 13 de julho de 1990 (Estatuto da<br \/>\nCrian\u00e7a e do Adolescente), passa a vigorar acrescida do seguinte art. 121, \u00a7 3\u00ba-A:<br \/>\nPara verificar a assinatura, acesse https:\/\/infoleg-autenticidade-assinatura.camara.leg.br\/CD251872049200<br \/>\nAssinado eletronicamente pelo(a) Dep. Roberto Duarte<br \/>\nApresenta\u00e7\u00e3o: 28\/10\/2025 14:22:37.123 &#8211; Mesa<br \/>\n*CD251872049200* PL n.5446\/2025<br \/>&#8220;Art. 121. &#8230;&#8230;&#8230;&#8230;&#8230;&#8230;&#8230;&#8230;&#8230;&#8230;&#8230;&#8230;&#8230;&#8230;.<br \/>\n&#8230;&#8230;&#8230;&#8230;&#8230;&#8230;&#8230;&#8230;&#8230;&#8230;&#8230;&#8230;&#8230;&#8230;&#8230;&#8230;&#8230;&#8230;&#8230;&#8230;&#8230;&#8230;&#8230;&#8230;&#8230;&#8230;&#8230;&#8230;&#8230;&#8230;&#8230;&#8230;&#8230;&#8230;<br \/>\n\u00a7 3\u00ba-A. Nos casos de ato infracional an\u00e1logo aos crimes<br \/>\nprevistos na Lei n\u00ba 8.072, de 25 de julho de 1990 (Lei dos<br \/>\nCrimes Hediondos), ou ao crime de estupro, tipificado no art.<br \/>\n213 do Decreto-Lei n\u00ba 2.848, de 7 de dezembro de 1940<br \/>\n(C\u00f3digo Penal), o per\u00edodo m\u00e1ximo de interna\u00e7\u00e3o poder\u00e1 ser de<br \/>\nat\u00e9 10 (dez) anos.<br \/>\nI &#8211; A aplica\u00e7\u00e3o do prazo estendido previsto no caput depender\u00e1<br \/>\nde decis\u00e3o fundamentada da autoridade judici\u00e1ria, que<br \/>\nconsiderar\u00e1 a gravidade concreta do ato, a personalidade do<br \/>\nadolescente e sua resposta \u00e0 medida socioeducativa.<br \/>\nII &#8211; A manuten\u00e7\u00e3o da interna\u00e7\u00e3o por per\u00edodo superior a 3 (tr\u00eas)<br \/>\nanos ser\u00e1 reavaliada, no m\u00e1ximo, a cada 6 (seis) meses,<br \/>\nmediante laudo t\u00e9cnico e parecer do Minist\u00e9rio P\u00fablico, sendo<br \/>\nobrigat\u00f3ria a fundamenta\u00e7\u00e3o da decis\u00e3o judicial que<br \/>\ndeterminar a sua continuidade.<br \/>\n&#8230;&#8230;&#8230;&#8230;&#8230;&#8230;&#8230;&#8230;&#8230;&#8230;&#8230;&#8230;&#8230;&#8230;&#8230;&#8230;&#8230;&#8230;&#8230;&#8230;&#8230;&#8230;&#8230;&#8230;&#8230;&#8230;&#8230;&#8230;&#8230;&#8230;&#8230;&#8230;&#8230;&#8230;<br \/>\n\u201c<br \/>\nArt. 3\u00ba Esta Lei entra em vigor na data de sua publica\u00e7\u00e3o.<br \/>\nJUSTIFICATIVA<br \/>\nO presente Projeto de Lei visa adequar o Estatuto da Crian\u00e7a e<br \/>\ndo Adolescente (ECA) a uma realidade social que clama por respostas mais efetivas<br \/>\ndo Estado frente a atos infracionais de extrema gravidade, praticados por<br \/>\nadolescentes. O ECA, um marco legislativo na prote\u00e7\u00e3o dos direitos da inf\u00e2ncia e<br \/>\nPara verificar a assinatura, acesse https:\/\/infoleg-autenticidade-assinatura.camara.leg.br\/CD251872049200<br \/>\nAssinado eletronicamente pelo(a) Dep. Roberto Duarte<br \/>\nApresenta\u00e7\u00e3o: 28\/10\/2025 14:22:37.123 &#8211; Mesa<br \/>\n*CD251872049200* PL n.5446\/2025<br \/>juventude, fundamenta-se nos princ\u00edpios da prote\u00e7\u00e3o integral e da condi\u00e7\u00e3o peculiar<br \/>\nda pessoa em desenvolvimento. Contudo, a aplica\u00e7\u00e3o de seus dispositivos deve ser<br \/>\nponderada com outro dever fundamental do Estado: a garantia da seguran\u00e7a<br \/>\np\u00fablica e a prote\u00e7\u00e3o da sociedade.<br \/>\nO atual limite m\u00e1ximo de 3 (tr\u00eas) anos para a medida<br \/>\nsocioeducativa de interna\u00e7\u00e3o, estabelecido no art. 121, \u00a7 3\u00ba, do ECA, mostra-se<br \/>\nmanifestamente insuficiente e desproporcional quando aplicado a atos infracionais<br \/>\nan\u00e1logos a crimes de natureza hedionda ou ao crime de estupro. A brutalidade, a<br \/>\nviol\u00eancia e o profundo trauma gerados por tais condutas exigem uma resposta<br \/>\nestatal que n\u00e3o apenas vise \u00e0 ressocializa\u00e7\u00e3o do infrator, mas que tamb\u00e9m<br \/>\ntransmita \u00e0 sociedade e, principalmente, \u00e0s v\u00edtimas, a mensagem de que a justi\u00e7a<br \/>\nfoi efetivada.<br \/>\nN\u00e3o \u00e9 raro vermos casos em que um adolescente, aos 17<br \/>\nanos, comete um ato de extrema viol\u00eancia, como um latroc\u00ednio ou um estupro, e,<br \/>\ncompulsoriamente, \u00e9 colocado em liberdade ao completar 21 anos, ap\u00f3s apenas 3<br \/>\nanos de interna\u00e7\u00e3o. Este curto per\u00edodo muitas vezes n\u00e3o \u00e9 suficiente para um<br \/>\nprocesso socioeducativo completo e eficaz, especialmente em casos de perfis que<br \/>\ndemonstram maior resist\u00eancia \u00e0 interven\u00e7\u00e3o pedag\u00f3gica e maior risco de<br \/>\nreincid\u00eancia. O resultado \u00e9 uma perigosa sensa\u00e7\u00e3o de impunidade e a devolu\u00e7\u00e3o ao<br \/>\nconv\u00edvio social de um indiv\u00edduo que ainda pode representar um risco significativo.<br \/>\nEste projeto n\u00e3o prop\u00f5e uma altera\u00e7\u00e3o generalizada, mas sim<br \/>\numa exce\u00e7\u00e3o qualificada e criteriosa. A amplia\u00e7\u00e3o do prazo de interna\u00e7\u00e3o para<br \/>\nat\u00e9 10 (dez) anos n\u00e3o ser\u00e1 autom\u00e1tica. Ela se aplicar\u00e1 estritamente aos atos<br \/>\ninfracionais an\u00e1logos aos crimes mais repugnantes previstos em nosso<br \/>\nordenamento jur\u00eddico e depender\u00e1 de decis\u00e3o judicial fundamentada, que dever\u00e1<br \/>\nanalisar a gravidade concreta do fato e as condi\u00e7\u00f5es pessoais do adolescente.<br \/>\nAl\u00e9m disso, para garantir que a medida n\u00e3o se converta em<br \/>\numa mera puni\u00e7\u00e3o, o projeto estabelece a obrigatoriedade de reavalia\u00e7\u00f5es<br \/>\nsemestrais, com base em laudos t\u00e9cnicos, assegurando que a continuidade da<br \/>\nPara verificar a assinatura, acesse https:\/\/infoleg-autenticidade-assinatura.camara.leg.br\/CD251872049200<br \/>\nAssinado eletronicamente pelo(a) Dep. Roberto Duarte<br \/>\nApresenta\u00e7\u00e3o: 28\/10\/2025 14:22:37.123 &#8211; Mesa<br \/>\n*CD251872049200* PL n.5446\/2025<br \/>interna\u00e7\u00e3o seja sempre justificada pela necessidade de prosseguimento do<br \/>\nprocesso socioeducativo.<br \/>\nA proposta, portanto, busca o equil\u00edbrio entre a prote\u00e7\u00e3o do<br \/>\nadolescente e a defesa da sociedade. Ao mesmo tempo em que mant\u00e9m o car\u00e1ter<br \/>\npedag\u00f3gico da medida, reconhece que atos de gravidade excepcional demandam<br \/>\num tempo de interven\u00e7\u00e3o igualmente excepcional. Trata-se de uma moderniza\u00e7\u00e3o<br \/>\nnecess\u00e1ria do Estatuto da Crian\u00e7a e do Adolescente, para que ele continue a ser<br \/>\num instrumento de justi\u00e7a, prote\u00e7\u00e3o e, acima de tudo, de paz social.<br \/>\nDiante do exposto, contamos com o apoio dos nobres Pares<br \/>\npara a aprova\u00e7\u00e3o deste importante Projeto de Lei.<br \/>\nSala das Sess\u00f5es, em          de                    de 2025<br \/>\nROBERTO DUARTE<br \/>\nDeputado Federal \u2013 REPUBLICANOS\/AC<br \/>\nPara verificar a assinatura, acesse https:\/\/infoleg-autenticidade-assinatura.camara.leg.br\/CD251872049200<br \/>\nAssinado eletronicamente pelo(a) Dep. Roberto Duarte<br \/>\nApresenta\u00e7\u00e3o: 28\/10\/2025 14:22:37.123 &#8211; Mesa<br \/>\n*CD251872049200* PL n.5446\/2025<\/article>\n<p><a href='https:\/\/app.legislapp.com.br\/#\/busca?termo=Altera\u00e7\u00e3o'>Altera\u00e7\u00e3o<\/a>, <a href='https:\/\/app.legislapp.com.br\/#\/busca?termo=Estatuto da Crian\u00e7a e do Adolescente (ECA) (1990)'>Estatuto da Crian\u00e7a e do Adolescente (ECA) (1990)<\/a>, <a href='https:\/\/app.legislapp.com.br\/#\/busca?termo=interna\u00e7\u00e3o'>interna\u00e7\u00e3o<\/a>, <a href='https:\/\/app.legislapp.com.br\/#\/busca?termo=medida privativa de liberdade'>medida privativa de liberdade<\/a>, <a href='https:\/\/app.legislapp.com.br\/#\/busca?termo=medida socioeducativa'>medida socioeducativa<\/a>, <a href='https:\/\/app.legislapp.com.br\/#\/busca?termo=agressor'>agressor<\/a>, <a href='https:\/\/app.legislapp.com.br\/#\/busca?termo=exce\u00e7\u00e3o'>exce\u00e7\u00e3o<\/a>, <a href='https:\/\/app.legislapp.com.br\/#\/busca?termo=aumento'>aumento<\/a>, <a href='https:\/\/app.legislapp.com.br\/#\/busca?termo=prazo m\u00e1ximo'>prazo m\u00e1ximo<\/a>, <a href='https:\/\/app.legislapp.com.br\/#\/busca?termo=ato infracional'>ato infracional<\/a>, <a href='https:\/\/app.legislapp.com.br\/#\/busca?termo=equipara\u00e7\u00e3o'>equipara\u00e7\u00e3o<\/a>, <a href='https:\/\/app.legislapp.com.br\/#\/busca?termo=crime hediondo'>crime hediondo<\/a>, <a href='https:\/\/app.legislapp.com.br\/#\/busca?termo=estupro'>estupro<\/a>, <a href='https:\/\/app.legislapp.com.br\/#\/busca?termo=obrigatoriedade'>obrigatoriedade<\/a>, <a href='https:\/\/app.legislapp.com.br\/#\/busca?termo=fundamenta\u00e7\u00e3o'>fundamenta\u00e7\u00e3o<\/a>, <a href='https:\/\/app.legislapp.com.br\/#\/busca?termo=juiz'>juiz<\/a>, <a href='https:\/\/app.legislapp.com.br\/#\/busca?termo=reavalia\u00e7\u00e3o'>reavalia\u00e7\u00e3o<\/a>, <a href='https:\/\/app.legislapp.com.br\/#\/busca?termo=continuidade'>continuidade<\/a>, <a href='https:\/\/app.legislapp.com.br\/#\/busca?termo=enfrentamento'>enfrentamento<\/a>, <a href='https:\/\/app.legislapp.com.br\/#\/busca?termo=reincid\u00eancia'>reincid\u00eancia<\/a>, <a href='https:\/\/app.legislapp.com.br\/#\/busca?termo=viol\u00eancia'>viol\u00eancia<\/a>, <a href='https:\/\/app.legislapp.com.br\/#\/busca?termo=v\u00edtima.'>v\u00edtima.<\/a><\/p>\n<div style=\"text-align: center\">\n      <img decoding=\"async\" style=\"width: 14%;\" src=\"https:\/\/www.legislapp.com.br\/wp-content\/uploads\/2021\/07\/Logo-Legislapp-1-03-1.png\"><br \/>\n      <\/p>\n<div style=\"margin-bottom: 20px;\" class=\"et_pb_button_module_wrapper et_pb_button_5_tb_body_wrapper et_pb_button_alignment_center et_pb_module \">\n         <a class=\"et_pb_button et_pb_button_5_tb_body et_hover_enabled et_pb_bg_layout_dark\" style=\"width: 50%;background-color: black;\" href=\"https:\/\/app.legislapp.com.br\" target=\"_blank\" rel=\"noopener\">Visualizar completo na nossa plataforma (30 dias gr\u00e1tis)<\/a><\/p><\/div>\n<p>      <a href=\"https:\/\/play.google.com\/store\/apps\/details?id=br.com.legislapp\"><img decoding=\"async\" style=\"width: 15%; min-width: 130px;\" src=\"https:\/\/www.legislapp.com.br\/wp-content\/uploads\/google-play.png\"><\/a><br \/>\n      <a href=\"https:\/\/apps.apple.com\/us\/app\/legislapp\/id1568929859\"><img decoding=\"async\" style=\"width: 15%; min-width: 130px\" src=\"https:\/\/www.legislapp.com.br\/wp-content\/uploads\/apple-store.png\"><\/a>\n   <\/div>\n","protected":false},"excerpt":{"rendered":"<p>Avulso Inicial &#8211; Autoria de Roberto Duarte PROJETO DE LEI N\u00ba DE 2025 (Do Sr. ROBERTO DUARTE) Altera a Lei n\u00ba 8.069, de 13 de julho de 1990 (Estatuto da Crian\u00e7a e do Adolescente), para ampliar o per\u00edodo m\u00e1ximo da medida socioeducativa de interna\u00e7\u00e3o nos casos de atos infracionais an\u00e1logos a crimes hediondos ou estupro. [&hellip;]<\/p>\n","protected":false},"author":1,"featured_media":0,"parent":0,"menu_order":0,"comment_status":"closed","ping_status":"closed","template":"page-template-blank.php","meta":{"_et_pb_use_builder":"","_et_pb_old_content":"","_et_gb_content_width":"1080","ngg_post_thumbnail":0,"footnotes":""},"class_list":["post-9975","page","type-page","status-publish","hentry"],"yoast_head":"<!-- This site is optimized with the Yoast SEO plugin v24.4 - https:\/\/yoast.com\/wordpress\/plugins\/seo\/ -->\n<title>Avulso Inicial - PL 5446\/2025 - C\u00e2mara - Legislapp<\/title>\n<meta name=\"robots\" content=\"index, follow, max-snippet:-1, max-image-preview:large, max-video-preview:-1\" \/>\n<link rel=\"canonical\" href=\"https:\/\/www.legislapp.com.br\/index.php\/avulso-inicial-pl-5446-2025-camara\/\" \/>\n<meta property=\"og:locale\" content=\"pt_BR\" \/>\n<meta property=\"og:type\" content=\"article\" \/>\n<meta property=\"og:title\" content=\"Avulso Inicial - PL 5446\/2025 - C\u00e2mara - Legislapp\" \/>\n<meta property=\"og:description\" content=\"Avulso Inicial &#8211; Autoria de Roberto Duarte PROJETO DE LEI N\u00ba DE 2025 (Do Sr. ROBERTO DUARTE) Altera a Lei n\u00ba 8.069, de 13 de julho de 1990 (Estatuto da Crian\u00e7a e do Adolescente), para ampliar o per\u00edodo m\u00e1ximo da medida socioeducativa de interna\u00e7\u00e3o nos casos de atos infracionais an\u00e1logos a crimes hediondos ou estupro. [&hellip;]\" \/>\n<meta property=\"og:url\" content=\"https:\/\/www.legislapp.com.br\/index.php\/avulso-inicial-pl-5446-2025-camara\/\" \/>\n<meta property=\"og:site_name\" content=\"Legislapp\" \/>\n<meta property=\"article:publisher\" content=\"https:\/\/www.instagram.com\/legislapp\/\" \/>\n<meta property=\"og:image\" content=\"https:\/\/www.legislapp.com.br\/wp-content\/uploads\/2021\/07\/Logo-Legislapp-1-03-1.png\" \/>\n<meta name=\"twitter:card\" content=\"summary_large_image\" \/>\n<meta name=\"twitter:label1\" content=\"Est. tempo de leitura\" \/>\n\t<meta name=\"twitter:data1\" content=\"5 minutos\" \/>\n<script type=\"application\/ld+json\" class=\"yoast-schema-graph\">{\"@context\":\"https:\/\/schema.org\",\"@graph\":[{\"@type\":\"WebPage\",\"@id\":\"https:\/\/www.legislapp.com.br\/index.php\/avulso-inicial-pl-5446-2025-camara\/\",\"url\":\"https:\/\/www.legislapp.com.br\/index.php\/avulso-inicial-pl-5446-2025-camara\/\",\"name\":\"Avulso Inicial - PL 5446\/2025 - C\u00e2mara - Legislapp\",\"isPartOf\":{\"@id\":\"https:\/\/www.legislapp.com.br\/#website\"},\"primaryImageOfPage\":{\"@id\":\"https:\/\/www.legislapp.com.br\/index.php\/avulso-inicial-pl-5446-2025-camara\/#primaryimage\"},\"image\":{\"@id\":\"https:\/\/www.legislapp.com.br\/index.php\/avulso-inicial-pl-5446-2025-camara\/#primaryimage\"},\"thumbnailUrl\":\"https:\/\/www.legislapp.com.br\/wp-content\/uploads\/2021\/07\/Logo-Legislapp-1-03-1.png\",\"datePublished\":\"2025-12-01T13:54:36+00:00\",\"breadcrumb\":{\"@id\":\"https:\/\/www.legislapp.com.br\/index.php\/avulso-inicial-pl-5446-2025-camara\/#breadcrumb\"},\"inLanguage\":\"pt-BR\",\"potentialAction\":[{\"@type\":\"ReadAction\",\"target\":[\"https:\/\/www.legislapp.com.br\/index.php\/avulso-inicial-pl-5446-2025-camara\/\"]}]},{\"@type\":\"ImageObject\",\"inLanguage\":\"pt-BR\",\"@id\":\"https:\/\/www.legislapp.com.br\/index.php\/avulso-inicial-pl-5446-2025-camara\/#primaryimage\",\"url\":\"https:\/\/www.legislapp.com.br\/wp-content\/uploads\/2021\/07\/Logo-Legislapp-1-03-1.png\",\"contentUrl\":\"https:\/\/www.legislapp.com.br\/wp-content\/uploads\/2021\/07\/Logo-Legislapp-1-03-1.png\",\"width\":2679,\"height\":2697},{\"@type\":\"BreadcrumbList\",\"@id\":\"https:\/\/www.legislapp.com.br\/index.php\/avulso-inicial-pl-5446-2025-camara\/#breadcrumb\",\"itemListElement\":[{\"@type\":\"ListItem\",\"position\":1,\"name\":\"In\u00edcio\",\"item\":\"https:\/\/www.legislapp.com.br\/\"},{\"@type\":\"ListItem\",\"position\":2,\"name\":\"Avulso Inicial &#8211; PL 5446\/2025 &#8211; C\u00e2mara\"}]},{\"@type\":\"WebSite\",\"@id\":\"https:\/\/www.legislapp.com.br\/#website\",\"url\":\"https:\/\/www.legislapp.com.br\/\",\"name\":\"Legislapp\",\"description\":\"Intelig\u00eancia governamental em tempo real\",\"publisher\":{\"@id\":\"https:\/\/www.legislapp.com.br\/#organization\"},\"potentialAction\":[{\"@type\":\"SearchAction\",\"target\":{\"@type\":\"EntryPoint\",\"urlTemplate\":\"https:\/\/www.legislapp.com.br\/?s={search_term_string}\"},\"query-input\":{\"@type\":\"PropertyValueSpecification\",\"valueRequired\":true,\"valueName\":\"search_term_string\"}}],\"inLanguage\":\"pt-BR\"},{\"@type\":\"Organization\",\"@id\":\"https:\/\/www.legislapp.com.br\/#organization\",\"name\":\"Legislapp Monitoramento e Intelig\u00eancia Governamental\",\"url\":\"https:\/\/www.legislapp.com.br\/\",\"logo\":{\"@type\":\"ImageObject\",\"inLanguage\":\"pt-BR\",\"@id\":\"https:\/\/www.legislapp.com.br\/#\/schema\/logo\/image\/\",\"url\":\"https:\/\/www.legislapp.com.br\/wp-content\/uploads\/icon.png\",\"contentUrl\":\"https:\/\/www.legislapp.com.br\/wp-content\/uploads\/icon.png\",\"width\":1024,\"height\":1024,\"caption\":\"Legislapp Monitoramento e Intelig\u00eancia Governamental\"},\"image\":{\"@id\":\"https:\/\/www.legislapp.com.br\/#\/schema\/logo\/image\/\"},\"sameAs\":[\"https:\/\/www.instagram.com\/legislapp\/\"]}]}<\/script>\n<!-- \/ Yoast SEO plugin. -->","yoast_head_json":{"title":"Avulso Inicial - PL 5446\/2025 - C\u00e2mara - Legislapp","robots":{"index":"index","follow":"follow","max-snippet":"max-snippet:-1","max-image-preview":"max-image-preview:large","max-video-preview":"max-video-preview:-1"},"canonical":"https:\/\/www.legislapp.com.br\/index.php\/avulso-inicial-pl-5446-2025-camara\/","og_locale":"pt_BR","og_type":"article","og_title":"Avulso Inicial - PL 5446\/2025 - C\u00e2mara - Legislapp","og_description":"Avulso Inicial &#8211; Autoria de Roberto Duarte PROJETO DE LEI N\u00ba DE 2025 (Do Sr. ROBERTO DUARTE) Altera a Lei n\u00ba 8.069, de 13 de julho de 1990 (Estatuto da Crian\u00e7a e do Adolescente), para ampliar o per\u00edodo m\u00e1ximo da medida socioeducativa de interna\u00e7\u00e3o nos casos de atos infracionais an\u00e1logos a crimes hediondos ou estupro. [&hellip;]","og_url":"https:\/\/www.legislapp.com.br\/index.php\/avulso-inicial-pl-5446-2025-camara\/","og_site_name":"Legislapp","article_publisher":"https:\/\/www.instagram.com\/legislapp\/","og_image":[{"url":"https:\/\/www.legislapp.com.br\/wp-content\/uploads\/2021\/07\/Logo-Legislapp-1-03-1.png","type":"","width":"","height":""}],"twitter_card":"summary_large_image","twitter_misc":{"Est. tempo de leitura":"5 minutos"},"schema":{"@context":"https:\/\/schema.org","@graph":[{"@type":"WebPage","@id":"https:\/\/www.legislapp.com.br\/index.php\/avulso-inicial-pl-5446-2025-camara\/","url":"https:\/\/www.legislapp.com.br\/index.php\/avulso-inicial-pl-5446-2025-camara\/","name":"Avulso Inicial - PL 5446\/2025 - C\u00e2mara - Legislapp","isPartOf":{"@id":"https:\/\/www.legislapp.com.br\/#website"},"primaryImageOfPage":{"@id":"https:\/\/www.legislapp.com.br\/index.php\/avulso-inicial-pl-5446-2025-camara\/#primaryimage"},"image":{"@id":"https:\/\/www.legislapp.com.br\/index.php\/avulso-inicial-pl-5446-2025-camara\/#primaryimage"},"thumbnailUrl":"https:\/\/www.legislapp.com.br\/wp-content\/uploads\/2021\/07\/Logo-Legislapp-1-03-1.png","datePublished":"2025-12-01T13:54:36+00:00","breadcrumb":{"@id":"https:\/\/www.legislapp.com.br\/index.php\/avulso-inicial-pl-5446-2025-camara\/#breadcrumb"},"inLanguage":"pt-BR","potentialAction":[{"@type":"ReadAction","target":["https:\/\/www.legislapp.com.br\/index.php\/avulso-inicial-pl-5446-2025-camara\/"]}]},{"@type":"ImageObject","inLanguage":"pt-BR","@id":"https:\/\/www.legislapp.com.br\/index.php\/avulso-inicial-pl-5446-2025-camara\/#primaryimage","url":"https:\/\/www.legislapp.com.br\/wp-content\/uploads\/2021\/07\/Logo-Legislapp-1-03-1.png","contentUrl":"https:\/\/www.legislapp.com.br\/wp-content\/uploads\/2021\/07\/Logo-Legislapp-1-03-1.png","width":2679,"height":2697},{"@type":"BreadcrumbList","@id":"https:\/\/www.legislapp.com.br\/index.php\/avulso-inicial-pl-5446-2025-camara\/#breadcrumb","itemListElement":[{"@type":"ListItem","position":1,"name":"In\u00edcio","item":"https:\/\/www.legislapp.com.br\/"},{"@type":"ListItem","position":2,"name":"Avulso Inicial &#8211; PL 5446\/2025 &#8211; C\u00e2mara"}]},{"@type":"WebSite","@id":"https:\/\/www.legislapp.com.br\/#website","url":"https:\/\/www.legislapp.com.br\/","name":"Legislapp","description":"Intelig\u00eancia governamental em tempo real","publisher":{"@id":"https:\/\/www.legislapp.com.br\/#organization"},"potentialAction":[{"@type":"SearchAction","target":{"@type":"EntryPoint","urlTemplate":"https:\/\/www.legislapp.com.br\/?s={search_term_string}"},"query-input":{"@type":"PropertyValueSpecification","valueRequired":true,"valueName":"search_term_string"}}],"inLanguage":"pt-BR"},{"@type":"Organization","@id":"https:\/\/www.legislapp.com.br\/#organization","name":"Legislapp Monitoramento e Intelig\u00eancia Governamental","url":"https:\/\/www.legislapp.com.br\/","logo":{"@type":"ImageObject","inLanguage":"pt-BR","@id":"https:\/\/www.legislapp.com.br\/#\/schema\/logo\/image\/","url":"https:\/\/www.legislapp.com.br\/wp-content\/uploads\/icon.png","contentUrl":"https:\/\/www.legislapp.com.br\/wp-content\/uploads\/icon.png","width":1024,"height":1024,"caption":"Legislapp Monitoramento e Intelig\u00eancia Governamental"},"image":{"@id":"https:\/\/www.legislapp.com.br\/#\/schema\/logo\/image\/"},"sameAs":["https:\/\/www.instagram.com\/legislapp\/"]}]}},"_links":{"self":[{"href":"https:\/\/www.legislapp.com.br\/index.php\/wp-json\/wp\/v2\/pages\/9975","targetHints":{"allow":["GET"]}}],"collection":[{"href":"https:\/\/www.legislapp.com.br\/index.php\/wp-json\/wp\/v2\/pages"}],"about":[{"href":"https:\/\/www.legislapp.com.br\/index.php\/wp-json\/wp\/v2\/types\/page"}],"author":[{"embeddable":true,"href":"https:\/\/www.legislapp.com.br\/index.php\/wp-json\/wp\/v2\/users\/1"}],"replies":[{"embeddable":true,"href":"https:\/\/www.legislapp.com.br\/index.php\/wp-json\/wp\/v2\/comments?post=9975"}],"version-history":[{"count":0,"href":"https:\/\/www.legislapp.com.br\/index.php\/wp-json\/wp\/v2\/pages\/9975\/revisions"}],"wp:attachment":[{"href":"https:\/\/www.legislapp.com.br\/index.php\/wp-json\/wp\/v2\/media?parent=9975"}],"curies":[{"name":"wp","href":"https:\/\/api.w.org\/{rel}","templated":true}]}}