{"id":9988,"date":"2025-12-01T10:55:13","date_gmt":"2025-12-01T13:55:13","guid":{"rendered":"https:\/\/www.legislapp.com.br\/index.php\/avulso-inicial-pl-5469-2025-camara\/"},"modified":"2025-12-01T10:55:13","modified_gmt":"2025-12-01T13:55:13","slug":"avulso-inicial-pl-5469-2025-camara","status":"publish","type":"page","link":"https:\/\/www.legislapp.com.br\/index.php\/avulso-inicial-pl-5469-2025-camara\/","title":{"rendered":"Avulso Inicial &#8211; PL 5469\/2025 &#8211; C\u00e2mara"},"content":{"rendered":"<h1 style='text-align: center;'>Avulso Inicial &#8211; Autoria de Adilson Barroso<\/h3>\n<p><\/p>\n<article>PROJETO DE LEI N\u00ba                   , DE 2025<br \/>\n(Do Sr. Adilson Barroso)<br \/>\nDisp\u00f5e sobre o manejo e a conserva\u00e7\u00e3o de esp\u00e9cies da<br \/>\nfauna brasileira amea\u00e7adas de extin\u00e7\u00e3o em Terras<br \/>\nInd\u00edgenas e estabelece mecanismos de coopera\u00e7\u00e3o e<br \/>\ngest\u00e3o territorial e ambiental com as comunidades.<\/p>\n<p>O Congresso Nacional decreta:<br \/>\nCAP\u00cdTULO I \u2013 DAS DISPOSI\u00c7\u00d5ES PRELIMINARES<br \/>\nArt. 1\u00ba Esta Lei estabelece normas para a prote\u00e7\u00e3o e o manejo das esp\u00e9cies da<br \/>\nfauna brasileira amea\u00e7adas de extin\u00e7\u00e3o que ocorrem em Terras Ind\u00edgenas (TIs), visando<br \/>\nharmonizar o direito de subsist\u00eancia e o usufruto exclusivo dos recursos naturais pelos povos<br \/>\nind\u00edgenas com a necessidade de conserva\u00e7\u00e3o da biodiversidade nacional.<br \/>\nPar\u00e1grafo \u00fanico. O disposto nesta Lei ser\u00e1 aplicado em conson\u00e2ncia com o Art.<br \/>\n231 da Constitui\u00e7\u00e3o Federal e a Lei n\u00ba 6.001, de 19 de dezembro de 1973 (Estatuto do \u00cdndio),<br \/>\nrespeitando a organiza\u00e7\u00e3o social, os costumes, as l\u00ednguas, as cren\u00e7as e as tradi\u00e7\u00f5es dos povos<br \/>\nind\u00edgenas.<br \/>\nArt. 2\u00ba Para os efeitos desta Lei, considera-se:<br \/>\nI &#8211; Esp\u00e9cie Amea\u00e7ada de Extin\u00e7\u00e3o: Aquela legalmente reconhecida como tal por<br \/>\n\u00f3rg\u00e3o ambiental federal competente, com base em crit\u00e9rios cient\u00edficos e t\u00e9cnicos;<br \/>\nII &#8211; Ca\u00e7a de Subsist\u00eancia Ind\u00edgena: Atividade tradicional e culturalmente relevante,<br \/>\npraticada para alimenta\u00e7\u00e3o pr\u00f3pria e familiar, de acordo com os costumes e necessidades da<br \/>\ncomunidade, sem finalidade comercial.<br \/>\nPara verificar a assinatura, acesse https:\/\/infoleg-autenticidade-assinatura.camara.leg.br\/CD258375922300<br \/>\nAssinado eletronicamente pelo(a) Dep. Adilson Barroso<br \/>\nApresenta\u00e7\u00e3o: 29\/10\/2025 09:44:02.640 &#8211; Mesa<br \/>\n*CD258375922300* PL n.5469\/2025<br \/>CAP\u00cdTULO II DA GEST\u00c3O, MONITORAMENTO E MANEJO<br \/>\nArt. 3\u00ba Fica institu\u00eddo o Programa Nacional de Monitoramento e Manejo da Fauna<br \/>\nem Terras Ind\u00edgenas (PNM-TI), sob a coordena\u00e7\u00e3o da Funda\u00e7\u00e3o Nacional dos Povos<br \/>\nInd\u00edgenas (FUNAI) e do Instituto Chico Mendes de Conserva\u00e7\u00e3o da Biodiversidade<br \/>\n(ICMBio), com o objetivo de:<br \/>\nI &#8211; Realizar o monitoramento populacional e o mapeamento da distribui\u00e7\u00e3o das<br \/>\nesp\u00e9cies amea\u00e7adas nas TIs, utilizando o conhecimento tradicional ind\u00edgena;<br \/>\nII &#8211; Fomentar a elabora\u00e7\u00e3o e a implementa\u00e7\u00e3o de Planos de Manejo Etnoambiental<br \/>\n(PME), em coopera\u00e7\u00e3o e com o consentimento livre, pr\u00e9vio e informado das comunidades<br \/>\nind\u00edgenas;<br \/>\nIII &#8211; Promover a troca de informa\u00e7\u00f5es entre os \u00f3rg\u00e3os ambientais e as comunidades<br \/>\npara a tomada de decis\u00f5es sobre o uso sustent\u00e1vel dos recursos faun\u00edsticos.<br \/>\nArt. 4\u00ba Os Planos de Manejo Etnoambiental (PME) dever\u00e3o:<br \/>\nI &#8211; Identificar e listar, de forma transparente, as esp\u00e9cies da fauna amea\u00e7adas de<br \/>\nextin\u00e7\u00e3o presentes na Terra Ind\u00edgena;<br \/>\nII &#8211; Definir, em conjunto com a comunidade, zonas de exclus\u00e3o de ca\u00e7a<br \/>\n(santu\u00e1rios) ou per\u00edodos de defeso espec\u00edficos para as esp\u00e9cies mais vulner\u00e1veis, baseados no<br \/>\nciclo de vida dos animais e nos costumes tradicionais de manejo;<br \/>\nIII &#8211; Incorporar pr\u00e1ticas tradicionais de manejo e tabus de ca\u00e7a que j\u00e1 contribuam<br \/>\npara a conserva\u00e7\u00e3o das esp\u00e9cies.<br \/>\nArt. 5\u00ba O \u00f3rg\u00e3o ambiental federal, em articula\u00e7\u00e3o com a FUNAI, dever\u00e1 fornecer<br \/>\nsuporte t\u00e9cnico e financeiro para que as comunidades ind\u00edgenas possam:<br \/>\nI &#8211; Desenvolver e aplicar o monitoramento da fauna em suas TIs;<br \/>\nII &#8211; Buscar alternativas de subsist\u00eancia sustent\u00e1vel que reduzam a press\u00e3o sobre as<br \/>\nesp\u00e9cies amea\u00e7adas, como o manejo de fauna de esp\u00e9cies n\u00e3o amea\u00e7adas ou a cria\u00e7\u00e3o de<br \/>\npequenos animais.<br \/>\nCAP\u00cdTULO III DAS PROIBI\u00c7\u00d5ES E DAS SAN\u00c7\u00d5ES<br \/>\nArt. 6\u00ba \u00c9 vedada a ca\u00e7a de esp\u00e9cies da fauna amea\u00e7adas de extin\u00e7\u00e3o com finalidade<br \/>\ncomercial, industrial ou esportiva em Terras Ind\u00edgenas, aplicando-se integralmente a<br \/>\nlegisla\u00e7\u00e3o penal e ambiental comum para tais casos.<br \/>\nPara verificar a assinatura, acesse https:\/\/infoleg-autenticidade-assinatura.camara.leg.br\/CD258375922300<br \/>\nAssinado eletronicamente pelo(a) Dep. Adilson Barroso<br \/>\nApresenta\u00e7\u00e3o: 29\/10\/2025 09:44:02.640 &#8211; Mesa<br \/>\n*CD258375922300* PL n.5469\/2025<br \/>Art. 7\u00ba A ca\u00e7a de esp\u00e9cies amea\u00e7adas de extin\u00e7\u00e3o para consumo pr\u00f3prio por<br \/>\nmembro de comunidade ind\u00edgena, em terras tradicionalmente ocupadas, poder\u00e1 ser restrita<br \/>\nsomente:<br \/>\nI &#8211; Quando o PME, elaborado em conjunto e aprovado pela comunidade, assim o<br \/>\ndeterminar, por meio de consenso e baseando-se em dados que demonstrem o risco iminente<br \/>\nde colapso populacional da esp\u00e9cie na TI;<br \/>\nII &#8211; Em caso de ca\u00e7a praticada em desacordo com as regras do PME local, cabendo<br \/>\na fiscaliza\u00e7\u00e3o e as san\u00e7\u00f5es primeiramente aos mecanismos de justi\u00e7a e organiza\u00e7\u00e3o social da<br \/>\npr\u00f3pria comunidade.<br \/>\nPar\u00e1grafo \u00fanico. A fiscaliza\u00e7\u00e3o externa dos \u00f3rg\u00e3os ambientais sobre a ca\u00e7a de<br \/>\nsubsist\u00eancia dever\u00e1 ser a \u00faltima medida e ser\u00e1 sempre orientada pelos termos do PME de cada<br \/>\nTI, priorizando a orienta\u00e7\u00e3o, a educa\u00e7\u00e3o ambiental e o apoio ao manejo sustent\u00e1vel.<br \/>\nArt. 8\u00ba O Poder Executivo regulamentar\u00e1 esta Lei no prazo de 180 (cento e oitenta)<br \/>\ndias.<br \/>\nJUSTIFICATIVA<br \/>\nA O presente Projeto de Lei surge da imperativa necessidade de harmonizar dois<br \/>\npilares da ordem constitucional brasileira: o direito origin\u00e1rio dos povos ind\u00edgenas \u00e0<br \/>\nmanuten\u00e7\u00e3o de seus costumes e meios de subsist\u00eancia (Art. 231 da CF\/88) e o dever do<br \/>\nEstado e da coletividade de defender e preservar o meio ambiente ecologicamente<br \/>\nequilibrado, protegendo a fauna e vedando pr\u00e1ticas que provoquem a extin\u00e7\u00e3o de esp\u00e9cies<br \/>\n(Art. 225, VII, da CF\/88).<br \/>\nO dilema se manifesta na intersec\u00e7\u00e3o entre a ca\u00e7a de subsist\u00eancia ind\u00edgena \u2013<br \/>\nreconhecida como pr\u00e1tica tradicional e vital e a crescente amea\u00e7a de extin\u00e7\u00e3o que paira sobre<br \/>\ndiversas esp\u00e9cies da fauna brasileira. A legisla\u00e7\u00e3o ambiental atual, embora isente a ca\u00e7a de<br \/>\nsubsist\u00eancia de san\u00e7\u00f5es penais em regra, carece de mecanismos eficientes de gest\u00e3o e<br \/>\nmonitoramento cooperativo que abordem as esp\u00e9cies em risco cr\u00edtico dentro das Terras<br \/>\nInd\u00edgenas (TIs), onde a press\u00e3o antr\u00f3pica tem se intensificado.<br \/>\nA solu\u00e7\u00e3o para este desafio n\u00e3o reside na proibi\u00e7\u00e3o unilateral, que configuraria uma<br \/>\nviola\u00e7\u00e3o da autonomia e dos direitos culturais dos povos ind\u00edgenas, mas sim na gest\u00e3o<br \/>\nparticipativa e territorializada. Juridicamente, a proposta se ancora na Conven\u00e7\u00e3o n\u00ba 169 da<br \/>\nPara verificar a assinatura, acesse https:\/\/infoleg-autenticidade-assinatura.camara.leg.br\/CD258375922300<br \/>\nAssinado eletronicamente pelo(a) Dep. Adilson Barroso<br \/>\nApresenta\u00e7\u00e3o: 29\/10\/2025 09:44:02.640 &#8211; Mesa<br \/>\n*CD258375922300* PL n.5469\/2025<br \/>Organiza\u00e7\u00e3o Internacional do Trabalho (OIT), que tem status de norma supralegal no Brasil, e<br \/>\nque exige o consentimento livre, pr\u00e9vio e informado (CLPI) para medidas que afetem as<br \/>\ncomunidades.<br \/>\nO PL traduz o princ\u00edpio do CLPI para a \u00e1rea ambiental ao instituir o Plano de<br \/>\nManejo Etnoambiental (PME), um instrumento de gest\u00e3o que deve ser constru\u00eddo pela<br \/>\ncomunidade, assegurando que as restri\u00e7\u00f5es de ca\u00e7a de subsist\u00eancia em rela\u00e7\u00e3o a esp\u00e9cies<br \/>\namea\u00e7adas (Art. 7\u00ba) sejam fruto de uma decis\u00e3o end\u00f3gena e consensual, baseada em dados<br \/>\nmonitorados conjuntamente.<br \/>\nAdemais, o PL refor\u00e7a o Princ\u00edpio da Precau\u00e7\u00e3o ambiental ao priorizar o<br \/>\nmonitoramento conjunto e a ado\u00e7\u00e3o de medidas preventivas antes que uma popula\u00e7\u00e3o<br \/>\nfaun\u00edstica amea\u00e7ada chegue ao colapso nas TIs.<br \/>\n\u00c9 cientificamente reconhecido que os povos ind\u00edgenas s\u00e3o, historicamente, os<br \/>\nmaiores protetores da biodiversidade em seus territ\u00f3rios. Seus conhecimentos tradicionais e<br \/>\npr\u00e1ticas de manejo, incluindo tabus de ca\u00e7a e sistemas rotativos, j\u00e1 incorporam elementos de<br \/>\nconserva\u00e7\u00e3o. O argumento central deste PL \u00e9 que a conserva\u00e7\u00e3o efetiva e duradoura da fauna<br \/>\namea\u00e7ada em Terras Ind\u00edgenas deve ser feita com os povos ind\u00edgenas, e n\u00e3o contra eles.<br \/>\nAo instituir o Programa Nacional de Monitoramento e Manejo da Fauna em Terras<br \/>\nInd\u00edgenas (PNM-TI), o Projeto reconhece a capacidade de governan\u00e7a territorial ind\u00edgena.<br \/>\nTransfere-se o foco da puni\u00e7\u00e3o (ineficaz e inconstitucional para a subsist\u00eancia) para o<br \/>\ninvestimento em gest\u00e3o e apoio \u00e0 autonomia.<br \/>\nO objetivo n\u00e3o \u00e9 criminalizar o uso de subsist\u00eancia, mas sim fornecer o apoio<br \/>\nt\u00e9cnico e financeiro para que as comunidades possam monitorar as esp\u00e9cies mais sens\u00edveis e<br \/>\nimplementar, de forma aut\u00f4noma, as melhores pr\u00e1ticas para a sustentabilidade de seus<br \/>\nrecursos faun\u00edsticos e, por extens\u00e3o, de seu modo de vida.<br \/>\nA urg\u00eancia deste Projeto reside no fato de que o Brasil \u00e9 o pa\u00eds com a maior<br \/>\nbiodiversidade do planeta e detentor de mais de 13% do seu territ\u00f3rio coberto por Terras<br \/>\nInd\u00edgenas \u2013 \u00e1reas cruciais para a sobreviv\u00eancia de esp\u00e9cies amea\u00e7adas. A omiss\u00e3o em<br \/>\nfornecer um marco legal espec\u00edfico e cooperativo para o manejo dessas esp\u00e9cies nas TIs<br \/>\nrepresenta um risco ambiental e um descumprimento do dever de prote\u00e7\u00e3o da fauna.<br \/>\nDesta forma, o PL prop\u00f5e um avan\u00e7o legislativo moderno e justo: um modelo que,<br \/>\nao proibir expressamente a ca\u00e7a comercial de esp\u00e9cies amea\u00e7adas (Art. 6\u00ba) e condicionar<br \/>\nqualquer restri\u00e7\u00e3o \u00e0 subsist\u00eancia ao consentimento comunit\u00e1rio formalizado no PME,<br \/>\nestabelece um paradigma de cogest\u00e3o que respeita a soberania ind\u00edgena e, simultaneamente,<br \/>\ngarante o futuro da fauna brasileira em extin\u00e7\u00e3o.<br \/>\nPara verificar a assinatura, acesse https:\/\/infoleg-autenticidade-assinatura.camara.leg.br\/CD258375922300<br \/>\nAssinado eletronicamente pelo(a) Dep. Adilson Barroso<br \/>\nApresenta\u00e7\u00e3o: 29\/10\/2025 09:44:02.640 &#8211; Mesa<br \/>\n*CD258375922300* PL n.5469\/2025<br \/>A aprova\u00e7\u00e3o deste Projeto de Lei representa, portanto, um passo fundamental para a<br \/>\nefetiva\u00e7\u00e3o dos direitos ind\u00edgenas em conjunto com as metas de conserva\u00e7\u00e3o da biodiversidade<br \/>\nnacional e internacional.<br \/>\nSala das Sess\u00f5es, em   de outubro de 2025, na 57\u00aa legislatura.<br \/>\nADILSON BARROSO<br \/>\nDEPUTADO FEDERAL<br \/>\nPL-SP<br \/>\nPara verificar a assinatura, acesse https:\/\/infoleg-autenticidade-assinatura.camara.leg.br\/CD258375922300<br \/>\nAssinado eletronicamente pelo(a) Dep. Adilson Barroso<br \/>\nApresenta\u00e7\u00e3o: 29\/10\/2025 09:44:02.640 &#8211; Mesa<br \/>\n*CD258375922300* PL n.5469\/2025<\/article>\n<p><a href='https:\/\/app.legislapp.com.br\/#\/busca?termo=Cria\u00e7\u00e3o'>Cria\u00e7\u00e3o<\/a>, <a href='https:\/\/app.legislapp.com.br\/#\/busca?termo=Programa Nacional de Monitoramento e Manejo da Fauna em Terras Ind\u00edgenas (PNM-TI)'>Programa Nacional de Monitoramento e Manejo da Fauna em Terras Ind\u00edgenas (PNM-TI)<\/a>, <a href='https:\/\/app.legislapp.com.br\/#\/busca?termo=Plano de Manejo Etnoambiental (PME)'>Plano de Manejo Etnoambiental (PME)<\/a>, <a href='https:\/\/app.legislapp.com.br\/#\/busca?termo=gest\u00e3o territorial'>gest\u00e3o territorial<\/a>, <a href='https:\/\/app.legislapp.com.br\/#\/busca?termo=gest\u00e3o ambiental'>gest\u00e3o ambiental<\/a>, <a href='https:\/\/app.legislapp.com.br\/#\/busca?termo=manejo de fauna silvestre'>manejo de fauna silvestre<\/a>, <a href='https:\/\/app.legislapp.com.br\/#\/busca?termo=conserva\u00e7\u00e3o'>conserva\u00e7\u00e3o<\/a>, <a href='https:\/\/app.legislapp.com.br\/#\/busca?termo=esp\u00e9cie amea\u00e7ada de extin\u00e7\u00e3o'>esp\u00e9cie amea\u00e7ada de extin\u00e7\u00e3o<\/a>, <a href='https:\/\/app.legislapp.com.br\/#\/busca?termo=Terras ind\u00edgenas'>Terras ind\u00edgenas<\/a>, <a href='https:\/\/app.legislapp.com.br\/#\/busca?termo=diretrizes.'>diretrizes.<\/a><\/p>\n<div style=\"text-align: center\">\n      <img decoding=\"async\" style=\"width: 14%;\" src=\"https:\/\/www.legislapp.com.br\/wp-content\/uploads\/2021\/07\/Logo-Legislapp-1-03-1.png\"><br \/>\n      <\/p>\n<div style=\"margin-bottom: 20px;\" class=\"et_pb_button_module_wrapper et_pb_button_5_tb_body_wrapper et_pb_button_alignment_center et_pb_module \">\n         <a class=\"et_pb_button et_pb_button_5_tb_body et_hover_enabled et_pb_bg_layout_dark\" style=\"width: 50%;background-color: black;\" href=\"https:\/\/app.legislapp.com.br\" target=\"_blank\" rel=\"noopener\">Visualizar completo na nossa plataforma (30 dias gr\u00e1tis)<\/a><\/p><\/div>\n<p>      <a href=\"https:\/\/play.google.com\/store\/apps\/details?id=br.com.legislapp\"><img decoding=\"async\" style=\"width: 15%; min-width: 130px;\" src=\"https:\/\/www.legislapp.com.br\/wp-content\/uploads\/google-play.png\"><\/a><br \/>\n      <a href=\"https:\/\/apps.apple.com\/us\/app\/legislapp\/id1568929859\"><img decoding=\"async\" style=\"width: 15%; min-width: 130px\" src=\"https:\/\/www.legislapp.com.br\/wp-content\/uploads\/apple-store.png\"><\/a>\n   <\/div>\n","protected":false},"excerpt":{"rendered":"<p>Avulso Inicial &#8211; Autoria de Adilson Barroso PROJETO DE LEI N\u00ba , DE 2025 (Do Sr. Adilson Barroso) Disp\u00f5e sobre o manejo e a conserva\u00e7\u00e3o de esp\u00e9cies da fauna brasileira amea\u00e7adas de extin\u00e7\u00e3o em Terras Ind\u00edgenas e estabelece mecanismos de coopera\u00e7\u00e3o e gest\u00e3o territorial e ambiental com as comunidades. O Congresso Nacional decreta: CAP\u00cdTULO I [&hellip;]<\/p>\n","protected":false},"author":1,"featured_media":0,"parent":0,"menu_order":0,"comment_status":"closed","ping_status":"closed","template":"page-template-blank.php","meta":{"_et_pb_use_builder":"","_et_pb_old_content":"","_et_gb_content_width":"1080","ngg_post_thumbnail":0,"footnotes":""},"class_list":["post-9988","page","type-page","status-publish","hentry"],"yoast_head":"<!-- This site is optimized with the Yoast SEO plugin v24.4 - https:\/\/yoast.com\/wordpress\/plugins\/seo\/ -->\n<title>Avulso Inicial - PL 5469\/2025 - C\u00e2mara - Legislapp<\/title>\n<meta name=\"robots\" content=\"index, follow, max-snippet:-1, max-image-preview:large, max-video-preview:-1\" \/>\n<link rel=\"canonical\" href=\"https:\/\/www.legislapp.com.br\/index.php\/avulso-inicial-pl-5469-2025-camara\/\" \/>\n<meta property=\"og:locale\" content=\"pt_BR\" \/>\n<meta property=\"og:type\" content=\"article\" \/>\n<meta property=\"og:title\" content=\"Avulso Inicial - PL 5469\/2025 - C\u00e2mara - Legislapp\" \/>\n<meta property=\"og:description\" content=\"Avulso Inicial &#8211; Autoria de Adilson Barroso PROJETO DE LEI N\u00ba , DE 2025 (Do Sr. Adilson Barroso) Disp\u00f5e sobre o manejo e a conserva\u00e7\u00e3o de esp\u00e9cies da fauna brasileira amea\u00e7adas de extin\u00e7\u00e3o em Terras Ind\u00edgenas e estabelece mecanismos de coopera\u00e7\u00e3o e gest\u00e3o territorial e ambiental com as comunidades. O Congresso Nacional decreta: CAP\u00cdTULO I [&hellip;]\" \/>\n<meta property=\"og:url\" content=\"https:\/\/www.legislapp.com.br\/index.php\/avulso-inicial-pl-5469-2025-camara\/\" \/>\n<meta property=\"og:site_name\" content=\"Legislapp\" \/>\n<meta property=\"article:publisher\" content=\"https:\/\/www.instagram.com\/legislapp\/\" \/>\n<meta property=\"og:image\" content=\"https:\/\/www.legislapp.com.br\/wp-content\/uploads\/2021\/07\/Logo-Legislapp-1-03-1.png\" \/>\n<meta name=\"twitter:card\" content=\"summary_large_image\" \/>\n<meta name=\"twitter:label1\" content=\"Est. tempo de leitura\" \/>\n\t<meta name=\"twitter:data1\" content=\"8 minutos\" \/>\n<script type=\"application\/ld+json\" class=\"yoast-schema-graph\">{\"@context\":\"https:\/\/schema.org\",\"@graph\":[{\"@type\":\"WebPage\",\"@id\":\"https:\/\/www.legislapp.com.br\/index.php\/avulso-inicial-pl-5469-2025-camara\/\",\"url\":\"https:\/\/www.legislapp.com.br\/index.php\/avulso-inicial-pl-5469-2025-camara\/\",\"name\":\"Avulso Inicial - PL 5469\/2025 - C\u00e2mara - Legislapp\",\"isPartOf\":{\"@id\":\"https:\/\/www.legislapp.com.br\/#website\"},\"primaryImageOfPage\":{\"@id\":\"https:\/\/www.legislapp.com.br\/index.php\/avulso-inicial-pl-5469-2025-camara\/#primaryimage\"},\"image\":{\"@id\":\"https:\/\/www.legislapp.com.br\/index.php\/avulso-inicial-pl-5469-2025-camara\/#primaryimage\"},\"thumbnailUrl\":\"https:\/\/www.legislapp.com.br\/wp-content\/uploads\/2021\/07\/Logo-Legislapp-1-03-1.png\",\"datePublished\":\"2025-12-01T13:55:13+00:00\",\"breadcrumb\":{\"@id\":\"https:\/\/www.legislapp.com.br\/index.php\/avulso-inicial-pl-5469-2025-camara\/#breadcrumb\"},\"inLanguage\":\"pt-BR\",\"potentialAction\":[{\"@type\":\"ReadAction\",\"target\":[\"https:\/\/www.legislapp.com.br\/index.php\/avulso-inicial-pl-5469-2025-camara\/\"]}]},{\"@type\":\"ImageObject\",\"inLanguage\":\"pt-BR\",\"@id\":\"https:\/\/www.legislapp.com.br\/index.php\/avulso-inicial-pl-5469-2025-camara\/#primaryimage\",\"url\":\"https:\/\/www.legislapp.com.br\/wp-content\/uploads\/2021\/07\/Logo-Legislapp-1-03-1.png\",\"contentUrl\":\"https:\/\/www.legislapp.com.br\/wp-content\/uploads\/2021\/07\/Logo-Legislapp-1-03-1.png\",\"width\":2679,\"height\":2697},{\"@type\":\"BreadcrumbList\",\"@id\":\"https:\/\/www.legislapp.com.br\/index.php\/avulso-inicial-pl-5469-2025-camara\/#breadcrumb\",\"itemListElement\":[{\"@type\":\"ListItem\",\"position\":1,\"name\":\"In\u00edcio\",\"item\":\"https:\/\/www.legislapp.com.br\/\"},{\"@type\":\"ListItem\",\"position\":2,\"name\":\"Avulso Inicial &#8211; PL 5469\/2025 &#8211; C\u00e2mara\"}]},{\"@type\":\"WebSite\",\"@id\":\"https:\/\/www.legislapp.com.br\/#website\",\"url\":\"https:\/\/www.legislapp.com.br\/\",\"name\":\"Legislapp\",\"description\":\"Intelig\u00eancia governamental em tempo real\",\"publisher\":{\"@id\":\"https:\/\/www.legislapp.com.br\/#organization\"},\"potentialAction\":[{\"@type\":\"SearchAction\",\"target\":{\"@type\":\"EntryPoint\",\"urlTemplate\":\"https:\/\/www.legislapp.com.br\/?s={search_term_string}\"},\"query-input\":{\"@type\":\"PropertyValueSpecification\",\"valueRequired\":true,\"valueName\":\"search_term_string\"}}],\"inLanguage\":\"pt-BR\"},{\"@type\":\"Organization\",\"@id\":\"https:\/\/www.legislapp.com.br\/#organization\",\"name\":\"Legislapp Monitoramento e Intelig\u00eancia Governamental\",\"url\":\"https:\/\/www.legislapp.com.br\/\",\"logo\":{\"@type\":\"ImageObject\",\"inLanguage\":\"pt-BR\",\"@id\":\"https:\/\/www.legislapp.com.br\/#\/schema\/logo\/image\/\",\"url\":\"https:\/\/www.legislapp.com.br\/wp-content\/uploads\/icon.png\",\"contentUrl\":\"https:\/\/www.legislapp.com.br\/wp-content\/uploads\/icon.png\",\"width\":1024,\"height\":1024,\"caption\":\"Legislapp Monitoramento e Intelig\u00eancia Governamental\"},\"image\":{\"@id\":\"https:\/\/www.legislapp.com.br\/#\/schema\/logo\/image\/\"},\"sameAs\":[\"https:\/\/www.instagram.com\/legislapp\/\"]}]}<\/script>\n<!-- \/ Yoast SEO plugin. -->","yoast_head_json":{"title":"Avulso Inicial - PL 5469\/2025 - C\u00e2mara - Legislapp","robots":{"index":"index","follow":"follow","max-snippet":"max-snippet:-1","max-image-preview":"max-image-preview:large","max-video-preview":"max-video-preview:-1"},"canonical":"https:\/\/www.legislapp.com.br\/index.php\/avulso-inicial-pl-5469-2025-camara\/","og_locale":"pt_BR","og_type":"article","og_title":"Avulso Inicial - PL 5469\/2025 - C\u00e2mara - Legislapp","og_description":"Avulso Inicial &#8211; Autoria de Adilson Barroso PROJETO DE LEI N\u00ba , DE 2025 (Do Sr. Adilson Barroso) Disp\u00f5e sobre o manejo e a conserva\u00e7\u00e3o de esp\u00e9cies da fauna brasileira amea\u00e7adas de extin\u00e7\u00e3o em Terras Ind\u00edgenas e estabelece mecanismos de coopera\u00e7\u00e3o e gest\u00e3o territorial e ambiental com as comunidades. O Congresso Nacional decreta: CAP\u00cdTULO I [&hellip;]","og_url":"https:\/\/www.legislapp.com.br\/index.php\/avulso-inicial-pl-5469-2025-camara\/","og_site_name":"Legislapp","article_publisher":"https:\/\/www.instagram.com\/legislapp\/","og_image":[{"url":"https:\/\/www.legislapp.com.br\/wp-content\/uploads\/2021\/07\/Logo-Legislapp-1-03-1.png","type":"","width":"","height":""}],"twitter_card":"summary_large_image","twitter_misc":{"Est. tempo de leitura":"8 minutos"},"schema":{"@context":"https:\/\/schema.org","@graph":[{"@type":"WebPage","@id":"https:\/\/www.legislapp.com.br\/index.php\/avulso-inicial-pl-5469-2025-camara\/","url":"https:\/\/www.legislapp.com.br\/index.php\/avulso-inicial-pl-5469-2025-camara\/","name":"Avulso Inicial - PL 5469\/2025 - C\u00e2mara - Legislapp","isPartOf":{"@id":"https:\/\/www.legislapp.com.br\/#website"},"primaryImageOfPage":{"@id":"https:\/\/www.legislapp.com.br\/index.php\/avulso-inicial-pl-5469-2025-camara\/#primaryimage"},"image":{"@id":"https:\/\/www.legislapp.com.br\/index.php\/avulso-inicial-pl-5469-2025-camara\/#primaryimage"},"thumbnailUrl":"https:\/\/www.legislapp.com.br\/wp-content\/uploads\/2021\/07\/Logo-Legislapp-1-03-1.png","datePublished":"2025-12-01T13:55:13+00:00","breadcrumb":{"@id":"https:\/\/www.legislapp.com.br\/index.php\/avulso-inicial-pl-5469-2025-camara\/#breadcrumb"},"inLanguage":"pt-BR","potentialAction":[{"@type":"ReadAction","target":["https:\/\/www.legislapp.com.br\/index.php\/avulso-inicial-pl-5469-2025-camara\/"]}]},{"@type":"ImageObject","inLanguage":"pt-BR","@id":"https:\/\/www.legislapp.com.br\/index.php\/avulso-inicial-pl-5469-2025-camara\/#primaryimage","url":"https:\/\/www.legislapp.com.br\/wp-content\/uploads\/2021\/07\/Logo-Legislapp-1-03-1.png","contentUrl":"https:\/\/www.legislapp.com.br\/wp-content\/uploads\/2021\/07\/Logo-Legislapp-1-03-1.png","width":2679,"height":2697},{"@type":"BreadcrumbList","@id":"https:\/\/www.legislapp.com.br\/index.php\/avulso-inicial-pl-5469-2025-camara\/#breadcrumb","itemListElement":[{"@type":"ListItem","position":1,"name":"In\u00edcio","item":"https:\/\/www.legislapp.com.br\/"},{"@type":"ListItem","position":2,"name":"Avulso Inicial &#8211; PL 5469\/2025 &#8211; C\u00e2mara"}]},{"@type":"WebSite","@id":"https:\/\/www.legislapp.com.br\/#website","url":"https:\/\/www.legislapp.com.br\/","name":"Legislapp","description":"Intelig\u00eancia governamental em tempo real","publisher":{"@id":"https:\/\/www.legislapp.com.br\/#organization"},"potentialAction":[{"@type":"SearchAction","target":{"@type":"EntryPoint","urlTemplate":"https:\/\/www.legislapp.com.br\/?s={search_term_string}"},"query-input":{"@type":"PropertyValueSpecification","valueRequired":true,"valueName":"search_term_string"}}],"inLanguage":"pt-BR"},{"@type":"Organization","@id":"https:\/\/www.legislapp.com.br\/#organization","name":"Legislapp Monitoramento e Intelig\u00eancia Governamental","url":"https:\/\/www.legislapp.com.br\/","logo":{"@type":"ImageObject","inLanguage":"pt-BR","@id":"https:\/\/www.legislapp.com.br\/#\/schema\/logo\/image\/","url":"https:\/\/www.legislapp.com.br\/wp-content\/uploads\/icon.png","contentUrl":"https:\/\/www.legislapp.com.br\/wp-content\/uploads\/icon.png","width":1024,"height":1024,"caption":"Legislapp Monitoramento e Intelig\u00eancia Governamental"},"image":{"@id":"https:\/\/www.legislapp.com.br\/#\/schema\/logo\/image\/"},"sameAs":["https:\/\/www.instagram.com\/legislapp\/"]}]}},"_links":{"self":[{"href":"https:\/\/www.legislapp.com.br\/index.php\/wp-json\/wp\/v2\/pages\/9988","targetHints":{"allow":["GET"]}}],"collection":[{"href":"https:\/\/www.legislapp.com.br\/index.php\/wp-json\/wp\/v2\/pages"}],"about":[{"href":"https:\/\/www.legislapp.com.br\/index.php\/wp-json\/wp\/v2\/types\/page"}],"author":[{"embeddable":true,"href":"https:\/\/www.legislapp.com.br\/index.php\/wp-json\/wp\/v2\/users\/1"}],"replies":[{"embeddable":true,"href":"https:\/\/www.legislapp.com.br\/index.php\/wp-json\/wp\/v2\/comments?post=9988"}],"version-history":[{"count":0,"href":"https:\/\/www.legislapp.com.br\/index.php\/wp-json\/wp\/v2\/pages\/9988\/revisions"}],"wp:attachment":[{"href":"https:\/\/www.legislapp.com.br\/index.php\/wp-json\/wp\/v2\/media?parent=9988"}],"curies":[{"name":"wp","href":"https:\/\/api.w.org\/{rel}","templated":true}]}}